{"id":868,"date":"2018-09-11T08:58:53","date_gmt":"2018-09-11T06:58:53","guid":{"rendered":"http:\/\/pruebagelp.com.mialias.net\/?page_id=868"},"modified":"2019-03-14T12:55:13","modified_gmt":"2019-03-14T11:55:13","slug":"news","status":"publish","type":"page","link":"https:\/\/www.unioviedo.es\/gelp\/news\/","title":{"rendered":"News"},"content":{"rendered":"<section class=\"kc-elm kc-css-616714 kc_row\"><div class=\"kc-row-container  kc-container\"><div class=\"kc-wrap-columns\"><div class=\"kc-elm kc-css-133329 kc_col-sm-12 kc_column kc_col-sm-12\"><div class=\"kc-col-container\">\n<div class=\"kc-elm kc-css-395666 kc-blog-posts kc-blog-posts-2 kc-image-align-both\">\n\t\n\t\t\n\t\t\t\t<div class=\"kc-list-item-2\">\n\n\t\t\t\t\t\n\t\t\t\t\t\t<div class=\"post-item-left\">\n\t\t\t\t\t\t\t<div class=\"post_details\">\n\t\t\t\t\t\t\t\t<h2 class=\"post-title-alt\"><a\n\t\t\t\t\t\t\t\t\t\thref=\"https:\/\/www.unioviedo.es\/gelp\/adnan-parwez-new-member-of-gelp-group\/\"\n\t\t\t\t\t\t\t\t\t\ttitle=\"Adnan Parwez, new member of GELP Group\">Adnan Parwez, new member of GELP Group<\/a>\n\t\t\t\t\t\t\t\t<\/h2>\n\t\t\t\t\t\t\t\t\t\t\t\t\t\t\t\t\t<div class=\"post-meta\">\n\t\t\t\t\t\t\t\t\t\t\t\t\t\t\t\t\t\t\t\t\t<span class=\"kc-post-author\"><i class=\"fa fa-user\"><\/i>  <a\n\t\t\t\t\t\t\t\t\t\t\t\thref=\"https:\/\/www.unioviedo.es\/gelp\/author\/gelpadmin\/\"\n\t\t\t\t\t\t\t\t\t\t\t\ttitle=\"Posts by Gelp\"\n\t\t\t\t\t\t\t\t\t\t\t\trel=\"author\">Gelp<\/a><\/span>\n\t\t\t\t\t\t\t\t\t\t\t\t\t\t\t\t\t\t\t\t\t\t\t\t\t\t\t\t\t\t\t<span class=\"post-date\"><i class=\"fa fa-clock-o\"><\/i> <a\n\t\t\t\t\t\t\t\t\t\t\t\thref=\"https:\/\/www.unioviedo.es\/gelp\/2026\/04\/\">abril 14 2026<\/a> <\/span>\n\t\t\t\t\t\t\t\t\t\t\t\t\t\t\t\t\t\t\t\t\t\t\t\t\t\t\t\t\t\t\t\t\t\t\t\t\t\t\t\t\t\t\t<span class=\"post-cats\"><i class=\"fa fa-folder-o\"\n\t\t\t\t\t\t\t\t\t\t\t                           aria-hidden=\"true\"><\/i> <a href=\"https:\/\/www.unioviedo.es\/gelp\/category\/news\/\" rel=\"category tag\">News<\/a><\/span>\n\t\t\t\t\t\t\t\t\t\t\t\t\t\t\t\t\t\t\t\t\t\t\t\t\t\t\t\t\t\t<\/div>\n\t\t\t\t\t\t\t\t\t\t\t\t\t\t\t<\/div>\n\t\t\t\t\t\t\t\t\t\t\t\t\t\t\t<p>Adnan Parwez has joined our research group for the next year to work on LIBS-related projects!! Adnan Parwez completed his&hellip;<\/p>\n\t\t\t\t\t\t\t\t\t\t\t\t\t\t<a href=\"https:\/\/www.unioviedo.es\/gelp\/adnan-parwez-new-member-of-gelp-group\/\"\n\t\t\t\t\t\t\t   class=\"kc-post-2-button\">Read more <i\n\t\t\t\t\t\t\t\t\tclass=\"fa fa-angle-right\" aria-hidden=\"true\"><\/i><\/a>\n\t\t\t\t\t\t\t\t\t\t\t\t\t<\/div>\n\t\t\t\t\t\t<div class=\"post-item-right\">\n\t\t\t\t\t\t\t<figure>\n\t\t\t\t\t\t\t\t<img decoding=\"async\" src=\"https:\/\/www.unioviedo.es\/gelp\/wp-content\/uploads\/2026\/04\/Adnan-543x304xct.jpg\"\n\t\t\t\t\t\t\t\t     alt=\"Adnan Parwez, new member of GELP Group\">\n\t\t\t\t\t\t\t<\/figure>\n\t\t\t\t\t\t<\/div>\n\n\t\t\t\t\t\n\t\t\t\t<\/div>\n\n\t\t\t\t\n\t\t\t\t<div class=\"kc-list-item-2\">\n\n\t\t\t\t\t\t\t\t\t\t\t\t\t\t\t\t\t\t<div class=\"post-item-left\">\n\t\t\t\t\t\t\t\t<figure>\n\t\t\t\t\t\t\t\t\t<img decoding=\"async\" src=\"https:\/\/www.unioviedo.es\/gelp\/wp-content\/uploads\/2024\/12\/IMG_20241219_135728-543x304xct.jpg\"\n\t\t\t\t\t\t\t\t\t     alt=\"Premio Nacional (Mejor Tesis) de F\u00edsica de Plasmas para la Dra. Cristina M\u00e9ndez (GELP \u2013 Universidad de Oviedo)\">\n\t\t\t\t\t\t\t\t<\/figure>\n\t\t\t\t\t\t\t<\/div>\n\t\t\t\t\t\t\t\t\t\t\t\t<div class=\"post-item-right\">\n\t\t\t\t\t\t\t<div class=\"post_details\">\n\t\t\t\t\t\t\t\t<h2 class=\"post-title-alt\"><a\n\t\t\t\t\t\t\t\t\t\thref=\"https:\/\/www.unioviedo.es\/gelp\/premio-nacional-mejor-tesis-de-fisica-de-plasmas-para-la-dra-cristina-mendez-gelp-universidad-de-oviedo\/\"\n\t\t\t\t\t\t\t\t\t\ttitle=\"Premio Nacional (Mejor Tesis) de F\u00edsica de Plasmas para la Dra. Cristina M\u00e9ndez (GELP \u2013 Universidad de Oviedo)\">Premio Nacional (Mejor Tesis) de F\u00edsica de Plasmas para la Dra. Cristina M\u00e9ndez (GELP \u2013 Universidad de Oviedo)<\/a>\n\t\t\t\t\t\t\t\t<\/h2>\n\n\t\t\t\t\t\t\t\t\t\t\t\t\t\t\t\t\t<div class=\"post-meta\">\n\t\t\t\t\t\t\t\t\t\t\t\t\t\t\t\t\t\t\t\t\t<span class=\"kc-post-author\"><i class=\"fa fa-user\"><\/i>  <a\n\t\t\t\t\t\t\t\t\t\t\t\thref=\"https:\/\/www.unioviedo.es\/gelp\/author\/gelpadmin\/\"\n\t\t\t\t\t\t\t\t\t\t\t\ttitle=\"Posts by Gelp\"\n\t\t\t\t\t\t\t\t\t\t\t\trel=\"author\">Gelp<\/a><\/span>\n\t\t\t\t\t\t\t\t\t\t\t\t\t\t\t\t\t\t\t\t\t\t\t\t\t\t\t\t\t\t\t<span class=\"post-date\"><i class=\"fa fa-clock-o\"><\/i> <a\n\t\t\t\t\t\t\t\t\t\t\t\thref=\"https:\/\/www.unioviedo.es\/gelp\/2026\/03\/\">marzo 2 2026<\/a> <\/span>\n\t\t\t\t\t\t\t\t\t\t\t\t\t\t\t\t\t\t\t\t\t\t\t\t\t\t\t\t\t\t\t\t\t\t\t\t\t\t\t\t\t\t\t<span class=\"post-cats\"><i class=\"fa fa-folder-o\"\n\t\t\t\t\t\t\t\t\t\t\t\t                           aria-hidden=\"true\"><\/i> <a href=\"https:\/\/www.unioviedo.es\/gelp\/category\/news\/\" rel=\"category tag\">News<\/a><\/span>\n\t\t\t\t\t\t\t\t\t\t\t\t\t\t\t\t\t\t\t\t\t\t\t\t\t\t\t\t\t\t<\/div>\n\t\t\t\t\t\t\t\t\t\t\t\t\t\t\t<\/div>\n\t\t\t\t\t\t\t\t\t\t\t\t\t\t\t<p>Nos alegra enormemente compartir que la Dra. Cristina M\u00e9ndez L\u00f3pez, investigadora de nuestro Grupo de Espectroscop\u00eda, L\u00e1seres y Plasmas (GELP)&hellip;<\/p>\n\t\t\t\t\t\t\t\t\t\t\t\t\t\t<a href=\"https:\/\/www.unioviedo.es\/gelp\/premio-nacional-mejor-tesis-de-fisica-de-plasmas-para-la-dra-cristina-mendez-gelp-universidad-de-oviedo\/\"\n\t\t\t\t\t\t\t   class=\"kc-post-2-button\">Read more <i\n\t\t\t\t\t\t\t\t\tclass=\"fa fa-angle-right\" aria-hidden=\"true\"><\/i><\/a>\n\t\t\t\t\t\t\t\t\t\t\t\t\t<\/div>\n\n\t\t\t\t\t\n\t\t\t\t<\/div>\n\n\t\t\t\t\n\t\t\t\t<div class=\"kc-list-item-2\">\n\n\t\t\t\t\t\n\t\t\t\t\t\t<div class=\"post-item-left\">\n\t\t\t\t\t\t\t<div class=\"post_details\">\n\t\t\t\t\t\t\t\t<h2 class=\"post-title-alt\"><a\n\t\t\t\t\t\t\t\t\t\thref=\"https:\/\/www.unioviedo.es\/gelp\/gelps-researcher-dra-cristina-mendez-presented-an-invited-lecture-at-the-emslibs-2025-in-in-senlis-france\/\"\n\t\t\t\t\t\t\t\t\t\ttitle=\"GELP\u2019s researcher Dra. Cristina M\u00e9ndez presented an invited lecture at the EMSLIBS 2025 in in Senlis, France\">GELP\u2019s researcher Dra. Cristina M\u00e9ndez presented an invited lecture at the EMSLIBS 2025 in in Senlis, France<\/a>\n\t\t\t\t\t\t\t\t<\/h2>\n\t\t\t\t\t\t\t\t\t\t\t\t\t\t\t\t\t<div class=\"post-meta\">\n\t\t\t\t\t\t\t\t\t\t\t\t\t\t\t\t\t\t\t\t\t<span class=\"kc-post-author\"><i class=\"fa fa-user\"><\/i>  <a\n\t\t\t\t\t\t\t\t\t\t\t\thref=\"https:\/\/www.unioviedo.es\/gelp\/author\/gelpadmin\/\"\n\t\t\t\t\t\t\t\t\t\t\t\ttitle=\"Posts by Gelp\"\n\t\t\t\t\t\t\t\t\t\t\t\trel=\"author\">Gelp<\/a><\/span>\n\t\t\t\t\t\t\t\t\t\t\t\t\t\t\t\t\t\t\t\t\t\t\t\t\t\t\t\t\t\t\t<span class=\"post-date\"><i class=\"fa fa-clock-o\"><\/i> <a\n\t\t\t\t\t\t\t\t\t\t\t\thref=\"https:\/\/www.unioviedo.es\/gelp\/2026\/02\/\">febrero 26 2026<\/a> <\/span>\n\t\t\t\t\t\t\t\t\t\t\t\t\t\t\t\t\t\t\t\t\t\t\t\t\t\t\t\t\t\t\t\t\t\t\t\t\t\t\t\t\t\t\t<span class=\"post-cats\"><i class=\"fa fa-folder-o\"\n\t\t\t\t\t\t\t\t\t\t\t                           aria-hidden=\"true\"><\/i> <a href=\"https:\/\/www.unioviedo.es\/gelp\/category\/news\/\" rel=\"category tag\">News<\/a><\/span>\n\t\t\t\t\t\t\t\t\t\t\t\t\t\t\t\t\t\t\t\t\t\t\t\t\t\t\t\t\t\t<\/div>\n\t\t\t\t\t\t\t\t\t\t\t\t\t\t\t<\/div>\n\t\t\t\t\t\t\t\t\t\t\t\t\t\t\t<p>Dra. M\u00e9ndez has presented an Invited lecture at the 13th Edition of the Euro-Mediterranean Symposium on Laser-induced Breakdown Spectroscopy, EMSLIBS&hellip;<\/p>\n\t\t\t\t\t\t\t\t\t\t\t\t\t\t<a href=\"https:\/\/www.unioviedo.es\/gelp\/gelps-researcher-dra-cristina-mendez-presented-an-invited-lecture-at-the-emslibs-2025-in-in-senlis-france\/\"\n\t\t\t\t\t\t\t   class=\"kc-post-2-button\">Read more <i\n\t\t\t\t\t\t\t\t\tclass=\"fa fa-angle-right\" aria-hidden=\"true\"><\/i><\/a>\n\t\t\t\t\t\t\t\t\t\t\t\t\t<\/div>\n\t\t\t\t\t\t<div class=\"post-item-right\">\n\t\t\t\t\t\t\t<figure>\n\t\t\t\t\t\t\t\t<img decoding=\"async\" src=\"https:\/\/www.unioviedo.es\/gelp\/wp-content\/uploads\/2026\/02\/EMSLIBS_2025-543x304xct.jpg\"\n\t\t\t\t\t\t\t\t     alt=\"GELP\u2019s researcher Dra. Cristina M\u00e9ndez presented an invited lecture at the EMSLIBS 2025 in in Senlis, France\">\n\t\t\t\t\t\t\t<\/figure>\n\t\t\t\t\t\t<\/div>\n\n\t\t\t\t\t\n\t\t\t\t<\/div>\n\n\t\t\t\t\n\t\t\t\t<div class=\"kc-list-item-2\">\n\n\t\t\t\t\t\t\t\t\t\t\t\t\t\t\t\t\t\t<div class=\"post-item-left\">\n\t\t\t\t\t\t\t\t<figure>\n\t\t\t\t\t\t\t\t\t<img decoding=\"async\" src=\"https:\/\/www.unioviedo.es\/gelp\/wp-content\/uploads\/2026\/02\/WPC2026-543x304xct.jpg\"\n\t\t\t\t\t\t\t\t\t     alt=\"GELP\u2019s researcher Dr. Jaime Orejas presented an invited lecture at the WCPS 2026 in Tucson, Arizona.\">\n\t\t\t\t\t\t\t\t<\/figure>\n\t\t\t\t\t\t\t<\/div>\n\t\t\t\t\t\t\t\t\t\t\t\t<div class=\"post-item-right\">\n\t\t\t\t\t\t\t<div class=\"post_details\">\n\t\t\t\t\t\t\t\t<h2 class=\"post-title-alt\"><a\n\t\t\t\t\t\t\t\t\t\thref=\"https:\/\/www.unioviedo.es\/gelp\/gelps-researcher-dr-jaime-orejas-presented-an-invited-lecture-at-the-wcps-2026-in-tucson-arizona\/\"\n\t\t\t\t\t\t\t\t\t\ttitle=\"GELP\u2019s researcher Dr. Jaime Orejas presented an invited lecture at the WCPS 2026 in Tucson, Arizona.\">GELP\u2019s researcher Dr. Jaime Orejas presented an invited lecture at the WCPS 2026 in Tucson, Arizona.<\/a>\n\t\t\t\t\t\t\t\t<\/h2>\n\n\t\t\t\t\t\t\t\t\t\t\t\t\t\t\t\t\t<div class=\"post-meta\">\n\t\t\t\t\t\t\t\t\t\t\t\t\t\t\t\t\t\t\t\t\t<span class=\"kc-post-author\"><i class=\"fa fa-user\"><\/i>  <a\n\t\t\t\t\t\t\t\t\t\t\t\thref=\"https:\/\/www.unioviedo.es\/gelp\/author\/gelpadmin\/\"\n\t\t\t\t\t\t\t\t\t\t\t\ttitle=\"Posts by Gelp\"\n\t\t\t\t\t\t\t\t\t\t\t\trel=\"author\">Gelp<\/a><\/span>\n\t\t\t\t\t\t\t\t\t\t\t\t\t\t\t\t\t\t\t\t\t\t\t\t\t\t\t\t\t\t\t<span class=\"post-date\"><i class=\"fa fa-clock-o\"><\/i> <a\n\t\t\t\t\t\t\t\t\t\t\t\thref=\"https:\/\/www.unioviedo.es\/gelp\/2026\/02\/\">febrero 26 2026<\/a> <\/span>\n\t\t\t\t\t\t\t\t\t\t\t\t\t\t\t\t\t\t\t\t\t\t\t\t\t\t\t\t\t\t\t\t\t\t\t\t\t\t\t\t\t\t\t<span class=\"post-cats\"><i class=\"fa fa-folder-o\"\n\t\t\t\t\t\t\t\t\t\t\t\t                           aria-hidden=\"true\"><\/i> <a href=\"https:\/\/www.unioviedo.es\/gelp\/category\/news\/\" rel=\"category tag\">News<\/a><\/span>\n\t\t\t\t\t\t\t\t\t\t\t\t\t\t\t\t\t\t\t\t\t\t\t\t\t\t\t\t\t\t<\/div>\n\t\t\t\t\t\t\t\t\t\t\t\t\t\t\t<\/div>\n\t\t\t\t\t\t\t\t\t\t\t\t\t\t\t<p>Dr. Orejas has presented the lecture \u201cFundamental Insights on the Solution-Cathode Glow Discharge\u201d at the Glow Discharge Spectroscopy session of&hellip;<\/p>\n\t\t\t\t\t\t\t\t\t\t\t\t\t\t<a href=\"https:\/\/www.unioviedo.es\/gelp\/gelps-researcher-dr-jaime-orejas-presented-an-invited-lecture-at-the-wcps-2026-in-tucson-arizona\/\"\n\t\t\t\t\t\t\t   class=\"kc-post-2-button\">Read more <i\n\t\t\t\t\t\t\t\t\tclass=\"fa fa-angle-right\" aria-hidden=\"true\"><\/i><\/a>\n\t\t\t\t\t\t\t\t\t\t\t\t\t<\/div>\n\n\t\t\t\t\t\n\t\t\t\t<\/div>\n\n\t\t\t\t\n\t\t\t\t<div class=\"kc-list-item-2\">\n\n\t\t\t\t\t\n\t\t\t\t\t\t<div class=\"post-item-left\">\n\t\t\t\t\t\t\t<div class=\"post_details\">\n\t\t\t\t\t\t\t\t<h2 class=\"post-title-alt\"><a\n\t\t\t\t\t\t\t\t\t\thref=\"https:\/\/www.unioviedo.es\/gelp\/gelp-awarded-with-a-prestigious-la-caixa-health-project\/\"\n\t\t\t\t\t\t\t\t\t\ttitle=\"GELP awarded with a prestigious La Caixa Health Project\">GELP awarded with a prestigious La Caixa Health Project<\/a>\n\t\t\t\t\t\t\t\t<\/h2>\n\t\t\t\t\t\t\t\t\t\t\t\t\t\t\t\t\t<div class=\"post-meta\">\n\t\t\t\t\t\t\t\t\t\t\t\t\t\t\t\t\t\t\t\t\t<span class=\"kc-post-author\"><i class=\"fa fa-user\"><\/i>  <a\n\t\t\t\t\t\t\t\t\t\t\t\thref=\"https:\/\/www.unioviedo.es\/gelp\/author\/gelpadmin\/\"\n\t\t\t\t\t\t\t\t\t\t\t\ttitle=\"Posts by Gelp\"\n\t\t\t\t\t\t\t\t\t\t\t\trel=\"author\">Gelp<\/a><\/span>\n\t\t\t\t\t\t\t\t\t\t\t\t\t\t\t\t\t\t\t\t\t\t\t\t\t\t\t\t\t\t\t<span class=\"post-date\"><i class=\"fa fa-clock-o\"><\/i> <a\n\t\t\t\t\t\t\t\t\t\t\t\thref=\"https:\/\/www.unioviedo.es\/gelp\/2025\/12\/\">diciembre 1 2025<\/a> <\/span>\n\t\t\t\t\t\t\t\t\t\t\t\t\t\t\t\t\t\t\t\t\t\t\t\t\t\t\t\t\t\t\t\t\t\t\t\t\t\t\t\t\t\t\t<span class=\"post-cats\"><i class=\"fa fa-folder-o\"\n\t\t\t\t\t\t\t\t\t\t\t                           aria-hidden=\"true\"><\/i> <a href=\"https:\/\/www.unioviedo.es\/gelp\/category\/news\/\" rel=\"category tag\">News<\/a><\/span>\n\t\t\t\t\t\t\t\t\t\t\t\t\t\t\t\t\t\t\t\t\t\t\t\t\t\t\t\t\t\t<\/div>\n\t\t\t\t\t\t\t\t\t\t\t\t\t\t\t<\/div>\n\t\t\t\t\t\t\t\t\t\t\t\t\t\t\t<p>GELP has been awarded with a Project from the prestigious \u201dla Caixa\u201d Foundation Health Call. Within the Health Research Call,&hellip;<\/p>\n\t\t\t\t\t\t\t\t\t\t\t\t\t\t<a href=\"https:\/\/www.unioviedo.es\/gelp\/gelp-awarded-with-a-prestigious-la-caixa-health-project\/\"\n\t\t\t\t\t\t\t   class=\"kc-post-2-button\">Read more <i\n\t\t\t\t\t\t\t\t\tclass=\"fa fa-angle-right\" aria-hidden=\"true\"><\/i><\/a>\n\t\t\t\t\t\t\t\t\t\t\t\t\t<\/div>\n\t\t\t\t\t\t<div class=\"post-item-right\">\n\t\t\t\t\t\t\t<figure>\n\t\t\t\t\t\t\t\t<img decoding=\"async\" src=\"https:\/\/www.unioviedo.es\/gelp\/wp-content\/uploads\/2025\/12\/LaCaixa-543x304xct.jpg\"\n\t\t\t\t\t\t\t\t     alt=\"GELP awarded with a prestigious La Caixa Health Project\">\n\t\t\t\t\t\t\t<\/figure>\n\t\t\t\t\t\t<\/div>\n\n\t\t\t\t\t\n\t\t\t\t<\/div>\n\n\t\t\t\t\n\t\t\t\t<div class=\"kc-list-item-2\">\n\n\t\t\t\t\t\t\t\t\t\t\t\t\t\t\t\t\t\t<div class=\"post-item-left\">\n\t\t\t\t\t\t\t\t<figure>\n\t\t\t\t\t\t\t\t\t<img decoding=\"async\" src=\"https:\/\/www.unioviedo.es\/gelp\/wp-content\/uploads\/2025\/12\/Photo_Giulia_Terlecki-543x304xct.jpg\"\n\t\t\t\t\t\t\t\t\t     alt=\"Giulia Terlecki&#8217;s short-stay at GELP Group\">\n\t\t\t\t\t\t\t\t<\/figure>\n\t\t\t\t\t\t\t<\/div>\n\t\t\t\t\t\t\t\t\t\t\t\t<div class=\"post-item-right\">\n\t\t\t\t\t\t\t<div class=\"post_details\">\n\t\t\t\t\t\t\t\t<h2 class=\"post-title-alt\"><a\n\t\t\t\t\t\t\t\t\t\thref=\"https:\/\/www.unioviedo.es\/gelp\/giulia-terleckis-short-stay-at-gelp-group\/\"\n\t\t\t\t\t\t\t\t\t\ttitle=\"Giulia Terlecki&#8217;s short-stay at GELP Group\">Giulia Terlecki&#8217;s short-stay at GELP Group<\/a>\n\t\t\t\t\t\t\t\t<\/h2>\n\n\t\t\t\t\t\t\t\t\t\t\t\t\t\t\t\t\t<div class=\"post-meta\">\n\t\t\t\t\t\t\t\t\t\t\t\t\t\t\t\t\t\t\t\t\t<span class=\"kc-post-author\"><i class=\"fa fa-user\"><\/i>  <a\n\t\t\t\t\t\t\t\t\t\t\t\thref=\"https:\/\/www.unioviedo.es\/gelp\/author\/gelpadmin\/\"\n\t\t\t\t\t\t\t\t\t\t\t\ttitle=\"Posts by Gelp\"\n\t\t\t\t\t\t\t\t\t\t\t\trel=\"author\">Gelp<\/a><\/span>\n\t\t\t\t\t\t\t\t\t\t\t\t\t\t\t\t\t\t\t\t\t\t\t\t\t\t\t\t\t\t\t<span class=\"post-date\"><i class=\"fa fa-clock-o\"><\/i> <a\n\t\t\t\t\t\t\t\t\t\t\t\thref=\"https:\/\/www.unioviedo.es\/gelp\/2025\/12\/\">diciembre 1 2025<\/a> <\/span>\n\t\t\t\t\t\t\t\t\t\t\t\t\t\t\t\t\t\t\t\t\t\t\t\t\t\t\t\t\t\t\t\t\t\t\t\t\t\t\t\t\t\t\t<span class=\"post-cats\"><i class=\"fa fa-folder-o\"\n\t\t\t\t\t\t\t\t\t\t\t\t                           aria-hidden=\"true\"><\/i> <a href=\"https:\/\/www.unioviedo.es\/gelp\/category\/news\/\" rel=\"category tag\">News<\/a><\/span>\n\t\t\t\t\t\t\t\t\t\t\t\t\t\t\t\t\t\t\t\t\t\t\t\t\t\t\t\t\t\t<\/div>\n\t\t\t\t\t\t\t\t\t\t\t\t\t\t\t<\/div>\n\t\t\t\t\t\t\t\t\t\t\t\t\t\t\t<p>Giulia has joined our research group for three weeks to work on LA-ICP-MS!! Giulia Terlecki is a PhD candidate in&hellip;<\/p>\n\t\t\t\t\t\t\t\t\t\t\t\t\t\t<a href=\"https:\/\/www.unioviedo.es\/gelp\/giulia-terleckis-short-stay-at-gelp-group\/\"\n\t\t\t\t\t\t\t   class=\"kc-post-2-button\">Read more <i\n\t\t\t\t\t\t\t\t\tclass=\"fa fa-angle-right\" aria-hidden=\"true\"><\/i><\/a>\n\t\t\t\t\t\t\t\t\t\t\t\t\t<\/div>\n\n\t\t\t\t\t\n\t\t\t\t<\/div>\n\n\t\t\t\t\n\t\t\t\t<div class=\"kc-list-item-2\">\n\n\t\t\t\t\t\n\t\t\t\t\t\t<div class=\"post-item-left\">\n\t\t\t\t\t\t\t<div class=\"post_details\">\n\t\t\t\t\t\t\t\t<h2 class=\"post-title-alt\"><a\n\t\t\t\t\t\t\t\t\t\thref=\"https:\/\/www.unioviedo.es\/gelp\/dra-mafalda-costas-short-stay-at-gelp-group\/\"\n\t\t\t\t\t\t\t\t\t\ttitle=\"Dra. Mafalda Costa&#8217;s short-stay at GELP Group\">Dra. Mafalda Costa&#8217;s short-stay at GELP Group<\/a>\n\t\t\t\t\t\t\t\t<\/h2>\n\t\t\t\t\t\t\t\t\t\t\t\t\t\t\t\t\t<div class=\"post-meta\">\n\t\t\t\t\t\t\t\t\t\t\t\t\t\t\t\t\t\t\t\t\t<span class=\"kc-post-author\"><i class=\"fa fa-user\"><\/i>  <a\n\t\t\t\t\t\t\t\t\t\t\t\thref=\"https:\/\/www.unioviedo.es\/gelp\/author\/gelpadmin\/\"\n\t\t\t\t\t\t\t\t\t\t\t\ttitle=\"Posts by Gelp\"\n\t\t\t\t\t\t\t\t\t\t\t\trel=\"author\">Gelp<\/a><\/span>\n\t\t\t\t\t\t\t\t\t\t\t\t\t\t\t\t\t\t\t\t\t\t\t\t\t\t\t\t\t\t\t<span class=\"post-date\"><i class=\"fa fa-clock-o\"><\/i> <a\n\t\t\t\t\t\t\t\t\t\t\t\thref=\"https:\/\/www.unioviedo.es\/gelp\/2025\/11\/\">noviembre 4 2025<\/a> <\/span>\n\t\t\t\t\t\t\t\t\t\t\t\t\t\t\t\t\t\t\t\t\t\t\t\t\t\t\t\t\t\t\t\t\t\t\t\t\t\t\t\t\t\t\t<span class=\"post-cats\"><i class=\"fa fa-folder-o\"\n\t\t\t\t\t\t\t\t\t\t\t                           aria-hidden=\"true\"><\/i> <a href=\"https:\/\/www.unioviedo.es\/gelp\/category\/news\/\" rel=\"category tag\">News<\/a><\/span>\n\t\t\t\t\t\t\t\t\t\t\t\t\t\t\t\t\t\t\t\t\t\t\t\t\t\t\t\t\t\t<\/div>\n\t\t\t\t\t\t\t\t\t\t\t\t\t\t\t<\/div>\n\t\t\t\t\t\t\t\t\t\t\t\t\t\t\t<p>Mafalda will join our research group for the next month of November 2025 to work on LIBS and LA-ICP-MS!! Mafalda&hellip;<\/p>\n\t\t\t\t\t\t\t\t\t\t\t\t\t\t<a href=\"https:\/\/www.unioviedo.es\/gelp\/dra-mafalda-costas-short-stay-at-gelp-group\/\"\n\t\t\t\t\t\t\t   class=\"kc-post-2-button\">Read more <i\n\t\t\t\t\t\t\t\t\tclass=\"fa fa-angle-right\" aria-hidden=\"true\"><\/i><\/a>\n\t\t\t\t\t\t\t\t\t\t\t\t\t<\/div>\n\t\t\t\t\t\t<div class=\"post-item-right\">\n\t\t\t\t\t\t\t<figure>\n\t\t\t\t\t\t\t\t<img decoding=\"async\" src=\"https:\/\/www.unioviedo.es\/gelp\/wp-content\/uploads\/2025\/11\/Mafalda_Costa-543x304xct.jpg\"\n\t\t\t\t\t\t\t\t     alt=\"Dra. Mafalda Costa&#8217;s short-stay at GELP Group\">\n\t\t\t\t\t\t\t<\/figure>\n\t\t\t\t\t\t<\/div>\n\n\t\t\t\t\t\n\t\t\t\t<\/div>\n\n\t\t\t\t\n\t\t\t\t<div class=\"kc-list-item-2\">\n\n\t\t\t\t\t\t\t\t\t\t\t\t\t\t\t\t\t\t<div class=\"post-item-left\">\n\t\t\t\t\t\t\t\t<figure>\n\t\t\t\t\t\t\t\t\t<img decoding=\"async\" src=\"https:\/\/www.unioviedo.es\/gelp\/wp-content\/uploads\/2025\/06\/H2-543x304xct.jpg\"\n\t\t\t\t\t\t\t\t\t     alt=\"Learning about the engineering challenges of materials in contact with high-pressure hydrogen!\">\n\t\t\t\t\t\t\t\t<\/figure>\n\t\t\t\t\t\t\t<\/div>\n\t\t\t\t\t\t\t\t\t\t\t\t<div class=\"post-item-right\">\n\t\t\t\t\t\t\t<div class=\"post_details\">\n\t\t\t\t\t\t\t\t<h2 class=\"post-title-alt\"><a\n\t\t\t\t\t\t\t\t\t\thref=\"https:\/\/www.unioviedo.es\/gelp\/challenges-hydrogen\/\"\n\t\t\t\t\t\t\t\t\t\ttitle=\"Learning about the engineering challenges of materials in contact with high-pressure hydrogen!\">Learning about the engineering challenges of materials in contact with high-pressure hydrogen!<\/a>\n\t\t\t\t\t\t\t\t<\/h2>\n\n\t\t\t\t\t\t\t\t\t\t\t\t\t\t\t\t\t<div class=\"post-meta\">\n\t\t\t\t\t\t\t\t\t\t\t\t\t\t\t\t\t\t\t\t\t<span class=\"kc-post-author\"><i class=\"fa fa-user\"><\/i>  <a\n\t\t\t\t\t\t\t\t\t\t\t\thref=\"https:\/\/www.unioviedo.es\/gelp\/author\/gelpadmin\/\"\n\t\t\t\t\t\t\t\t\t\t\t\ttitle=\"Posts by Gelp\"\n\t\t\t\t\t\t\t\t\t\t\t\trel=\"author\">Gelp<\/a><\/span>\n\t\t\t\t\t\t\t\t\t\t\t\t\t\t\t\t\t\t\t\t\t\t\t\t\t\t\t\t\t\t\t<span class=\"post-date\"><i class=\"fa fa-clock-o\"><\/i> <a\n\t\t\t\t\t\t\t\t\t\t\t\thref=\"https:\/\/www.unioviedo.es\/gelp\/2025\/06\/\">junio 20 2025<\/a> <\/span>\n\t\t\t\t\t\t\t\t\t\t\t\t\t\t\t\t\t\t\t\t\t\t\t\t\t\t\t\t\t\t\t\t\t\t\t\t\t\t\t\t\t\t\t<span class=\"post-cats\"><i class=\"fa fa-folder-o\"\n\t\t\t\t\t\t\t\t\t\t\t\t                           aria-hidden=\"true\"><\/i> <a href=\"https:\/\/www.unioviedo.es\/gelp\/category\/news\/\" rel=\"category tag\">News<\/a><\/span>\n\t\t\t\t\t\t\t\t\t\t\t\t\t\t\t\t\t\t\t\t\t\t\t\t\t\t\t\t\t\t<\/div>\n\t\t\t\t\t\t\t\t\t\t\t\t\t\t\t<\/div>\n\t\t\t\t\t\t\t\t\t\t\t\t\t\t\t<p>GELP members have attended the I Encuentro Nacional de Materiales en Contacto con Hidr\u00f3geno, where academic and industry experts shared&hellip;<\/p>\n\t\t\t\t\t\t\t\t\t\t\t\t\t\t<a href=\"https:\/\/www.unioviedo.es\/gelp\/challenges-hydrogen\/\"\n\t\t\t\t\t\t\t   class=\"kc-post-2-button\">Read more <i\n\t\t\t\t\t\t\t\t\tclass=\"fa fa-angle-right\" aria-hidden=\"true\"><\/i><\/a>\n\t\t\t\t\t\t\t\t\t\t\t\t\t<\/div>\n\n\t\t\t\t\t\n\t\t\t\t<\/div>\n\n\t\t\t\t\n\t\t\t\t<div class=\"kc-list-item-2\">\n\n\t\t\t\t\t\n\t\t\t\t\t\t<div class=\"post-item-left\">\n\t\t\t\t\t\t\t<div class=\"post_details\">\n\t\t\t\t\t\t\t\t<h2 class=\"post-title-alt\"><a\n\t\t\t\t\t\t\t\t\t\thref=\"https:\/\/www.unioviedo.es\/gelp\/hana-koprivova-from-brno-czech-republic-is-doing-a-short-stay-in-our-group\/\"\n\t\t\t\t\t\t\t\t\t\ttitle=\"Hana Koprivov\u00e1 from Brno (Czech Republic) is doing a short stay in our Group\">Hana Koprivov\u00e1 from Brno (Czech Republic) is doing a short stay in our Group<\/a>\n\t\t\t\t\t\t\t\t<\/h2>\n\t\t\t\t\t\t\t\t\t\t\t\t\t\t\t\t\t<div class=\"post-meta\">\n\t\t\t\t\t\t\t\t\t\t\t\t\t\t\t\t\t\t\t\t\t<span class=\"kc-post-author\"><i class=\"fa fa-user\"><\/i>  <a\n\t\t\t\t\t\t\t\t\t\t\t\thref=\"https:\/\/www.unioviedo.es\/gelp\/author\/gelpadmin\/\"\n\t\t\t\t\t\t\t\t\t\t\t\ttitle=\"Posts by Gelp\"\n\t\t\t\t\t\t\t\t\t\t\t\trel=\"author\">Gelp<\/a><\/span>\n\t\t\t\t\t\t\t\t\t\t\t\t\t\t\t\t\t\t\t\t\t\t\t\t\t\t\t\t\t\t\t<span class=\"post-date\"><i class=\"fa fa-clock-o\"><\/i> <a\n\t\t\t\t\t\t\t\t\t\t\t\thref=\"https:\/\/www.unioviedo.es\/gelp\/2025\/03\/\">marzo 17 2025<\/a> <\/span>\n\t\t\t\t\t\t\t\t\t\t\t\t\t\t\t\t\t\t\t\t\t\t\t\t\t\t\t\t\t\t\t\t\t\t\t\t\t\t\t\t\t\t\t<span class=\"post-cats\"><i class=\"fa fa-folder-o\"\n\t\t\t\t\t\t\t\t\t\t\t                           aria-hidden=\"true\"><\/i> <a href=\"https:\/\/www.unioviedo.es\/gelp\/category\/news\/\" rel=\"category tag\">News<\/a><\/span>\n\t\t\t\t\t\t\t\t\t\t\t\t\t\t\t\t\t\t\t\t\t\t\t\t\t\t\t\t\t\t<\/div>\n\t\t\t\t\t\t\t\t\t\t\t\t\t\t\t<\/div>\n\t\t\t\t\t\t\t\t\t\t\t\t\t\t\t<p>Hana Koprivov\u00e1 from\u00a0CEITEC BUT,\u00a0Laboratory of Laser Spectroscopy (https:\/\/libs.ceitec.cz\/) in Brno (Czech Republic) will stay in our Research Group for 3&hellip;<\/p>\n\t\t\t\t\t\t\t\t\t\t\t\t\t\t<a href=\"https:\/\/www.unioviedo.es\/gelp\/hana-koprivova-from-brno-czech-republic-is-doing-a-short-stay-in-our-group\/\"\n\t\t\t\t\t\t\t   class=\"kc-post-2-button\">Read more <i\n\t\t\t\t\t\t\t\t\tclass=\"fa fa-angle-right\" aria-hidden=\"true\"><\/i><\/a>\n\t\t\t\t\t\t\t\t\t\t\t\t\t<\/div>\n\t\t\t\t\t\t<div class=\"post-item-right\">\n\t\t\t\t\t\t\t<figure>\n\t\t\t\t\t\t\t\t<img decoding=\"async\" src=\"https:\/\/www.unioviedo.es\/gelp\/wp-content\/uploads\/2025\/03\/Hana_Koprivova-543x304xct.jpg\"\n\t\t\t\t\t\t\t\t     alt=\"Hana Koprivov\u00e1 from Brno (Czech Republic) is doing a short stay in our Group\">\n\t\t\t\t\t\t\t<\/figure>\n\t\t\t\t\t\t<\/div>\n\n\t\t\t\t\t\n\t\t\t\t<\/div>\n\n\t\t\t\t\n\t\t\t\t<div class=\"kc-list-item-2\">\n\n\t\t\t\t\t\t\t\t\t\t\t\t\t\t\t\t\t\t<div class=\"post-item-left\">\n\t\t\t\t\t\t\t\t<figure>\n\t\t\t\t\t\t\t\t\t<img decoding=\"async\" src=\"https:\/\/www.unioviedo.es\/gelp\/wp-content\/uploads\/2025\/02\/directoras-e1738769824127-543x304xct.jpeg\"\n\t\t\t\t\t\t\t\t\t     alt=\"Congratulations to Dr. M\u00e9ndez-L\u00f3pez!\">\n\t\t\t\t\t\t\t\t<\/figure>\n\t\t\t\t\t\t\t<\/div>\n\t\t\t\t\t\t\t\t\t\t\t\t<div class=\"post-item-right\">\n\t\t\t\t\t\t\t<div class=\"post_details\">\n\t\t\t\t\t\t\t\t<h2 class=\"post-title-alt\"><a\n\t\t\t\t\t\t\t\t\t\thref=\"https:\/\/www.unioviedo.es\/gelp\/congratulations-to-dr-mendez-lopez\/\"\n\t\t\t\t\t\t\t\t\t\ttitle=\"Congratulations to Dr. M\u00e9ndez-L\u00f3pez!\">Congratulations to Dr. M\u00e9ndez-L\u00f3pez!<\/a>\n\t\t\t\t\t\t\t\t<\/h2>\n\n\t\t\t\t\t\t\t\t\t\t\t\t\t\t\t\t\t<div class=\"post-meta\">\n\t\t\t\t\t\t\t\t\t\t\t\t\t\t\t\t\t\t\t\t\t<span class=\"kc-post-author\"><i class=\"fa fa-user\"><\/i>  <a\n\t\t\t\t\t\t\t\t\t\t\t\thref=\"https:\/\/www.unioviedo.es\/gelp\/author\/gelpadmin\/\"\n\t\t\t\t\t\t\t\t\t\t\t\ttitle=\"Posts by Gelp\"\n\t\t\t\t\t\t\t\t\t\t\t\trel=\"author\">Gelp<\/a><\/span>\n\t\t\t\t\t\t\t\t\t\t\t\t\t\t\t\t\t\t\t\t\t\t\t\t\t\t\t\t\t\t\t<span class=\"post-date\"><i class=\"fa fa-clock-o\"><\/i> <a\n\t\t\t\t\t\t\t\t\t\t\t\thref=\"https:\/\/www.unioviedo.es\/gelp\/2025\/01\/\">enero 23 2025<\/a> <\/span>\n\t\t\t\t\t\t\t\t\t\t\t\t\t\t\t\t\t\t\t\t\t\t\t\t\t\t\t\t\t\t\t\t\t\t\t\t\t\t\t\t\t\t\t<span class=\"post-cats\"><i class=\"fa fa-folder-o\"\n\t\t\t\t\t\t\t\t\t\t\t\t                           aria-hidden=\"true\"><\/i> <a href=\"https:\/\/www.unioviedo.es\/gelp\/category\/news\/\" rel=\"category tag\">News<\/a>, <a href=\"https:\/\/www.unioviedo.es\/gelp\/category\/publicaciones-recientes\/\" rel=\"category tag\">Publicaciones recientes<\/a>, <a href=\"https:\/\/www.unioviedo.es\/gelp\/category\/publications\/\" rel=\"category tag\">Publications<\/a><\/span>\n\t\t\t\t\t\t\t\t\t\t\t\t\t\t\t\t\t\t\t\t\t\t\t\t\t\t\t\t\t\t<\/div>\n\t\t\t\t\t\t\t\t\t\t\t\t\t\t\t<\/div>\n\t\t\t\t\t\t\t\t\t\t\t\t\t\t\t<p>We are delighted to share that Cristina M\u00e9ndez has succesfully defended her Thesis and has earned the PhD title.\u00a0 [caption&hellip;<\/p>\n\t\t\t\t\t\t\t\t\t\t\t\t\t\t<a href=\"https:\/\/www.unioviedo.es\/gelp\/congratulations-to-dr-mendez-lopez\/\"\n\t\t\t\t\t\t\t   class=\"kc-post-2-button\">Read more <i\n\t\t\t\t\t\t\t\t\tclass=\"fa fa-angle-right\" aria-hidden=\"true\"><\/i><\/a>\n\t\t\t\t\t\t\t\t\t\t\t\t\t<\/div>\n\n\t\t\t\t\t\n\t\t\t\t<\/div>\n\n\t\t\t\t\n\t\t\t\t<div class=\"kc-list-item-2\">\n\n\t\t\t\t\t\n\t\t\t\t\t\t<div class=\"post-item-left\">\n\t\t\t\t\t\t\t<div class=\"post_details\">\n\t\t\t\t\t\t\t\t<h2 class=\"post-title-alt\"><a\n\t\t\t\t\t\t\t\t\t\thref=\"https:\/\/www.unioviedo.es\/gelp\/cristinaml-tesis\/\"\n\t\t\t\t\t\t\t\t\t\ttitle=\"Another GELP Thesis ready to go!\">Another GELP Thesis ready to go!<\/a>\n\t\t\t\t\t\t\t\t<\/h2>\n\t\t\t\t\t\t\t\t\t\t\t\t\t\t\t\t\t<div class=\"post-meta\">\n\t\t\t\t\t\t\t\t\t\t\t\t\t\t\t\t\t\t\t\t\t<span class=\"kc-post-author\"><i class=\"fa fa-user\"><\/i>  <a\n\t\t\t\t\t\t\t\t\t\t\t\thref=\"https:\/\/www.unioviedo.es\/gelp\/author\/gelpadmin\/\"\n\t\t\t\t\t\t\t\t\t\t\t\ttitle=\"Posts by Gelp\"\n\t\t\t\t\t\t\t\t\t\t\t\trel=\"author\">Gelp<\/a><\/span>\n\t\t\t\t\t\t\t\t\t\t\t\t\t\t\t\t\t\t\t\t\t\t\t\t\t\t\t\t\t\t\t<span class=\"post-date\"><i class=\"fa fa-clock-o\"><\/i> <a\n\t\t\t\t\t\t\t\t\t\t\t\thref=\"https:\/\/www.unioviedo.es\/gelp\/2024\/12\/\">diciembre 19 2024<\/a> <\/span>\n\t\t\t\t\t\t\t\t\t\t\t\t\t\t\t\t\t\t\t\t\t\t\t\t\t\t\t\t\t\t\t\t\t\t\t\t\t\t\t\t\t\t\t<span class=\"post-cats\"><i class=\"fa fa-folder-o\"\n\t\t\t\t\t\t\t\t\t\t\t                           aria-hidden=\"true\"><\/i> <a href=\"https:\/\/www.unioviedo.es\/gelp\/category\/news\/\" rel=\"category tag\">News<\/a>, <a href=\"https:\/\/www.unioviedo.es\/gelp\/category\/publicaciones-recientes\/\" rel=\"category tag\">Publicaciones recientes<\/a>, <a href=\"https:\/\/www.unioviedo.es\/gelp\/category\/publications\/\" rel=\"category tag\">Publications<\/a><\/span>\n\t\t\t\t\t\t\t\t\t\t\t\t\t\t\t\t\t\t\t\t\t\t\t\t\t\t\t\t\t\t<\/div>\n\t\t\t\t\t\t\t\t\t\t\t\t\t\t\t<\/div>\n\t\t\t\t\t\t\t\t\t\t\t\t\t\t\t<p>Cristina M\u00e9ndez has already printed her PhD Thesis entitled \u00abFundamental studies and evaluation of analytical potential of laser-induced breakdown spectroscopy&hellip;<\/p>\n\t\t\t\t\t\t\t\t\t\t\t\t\t\t<a href=\"https:\/\/www.unioviedo.es\/gelp\/cristinaml-tesis\/\"\n\t\t\t\t\t\t\t   class=\"kc-post-2-button\">Read more <i\n\t\t\t\t\t\t\t\t\tclass=\"fa fa-angle-right\" aria-hidden=\"true\"><\/i><\/a>\n\t\t\t\t\t\t\t\t\t\t\t\t\t<\/div>\n\t\t\t\t\t\t<div class=\"post-item-right\">\n\t\t\t\t\t\t\t<figure>\n\t\t\t\t\t\t\t\t<img decoding=\"async\" src=\"https:\/\/www.unioviedo.es\/gelp\/wp-content\/uploads\/2024\/12\/IMG_20241219_135728-543x304xct.jpg\"\n\t\t\t\t\t\t\t\t     alt=\"Another GELP Thesis ready to go!\">\n\t\t\t\t\t\t\t<\/figure>\n\t\t\t\t\t\t<\/div>\n\n\t\t\t\t\t\n\t\t\t\t<\/div>\n\n\t\t\t\t\n\t\t\t\t<div class=\"kc-list-item-2\">\n\n\t\t\t\t\t\t\t\t\t\t\t\t\t\t\t\t\t\t<div class=\"post-item-left\">\n\t\t\t\t\t\t\t\t<figure>\n\t\t\t\t\t\t\t\t\t<img decoding=\"async\" src=\"https:\/\/www.unioviedo.es\/gelp\/wp-content\/uploads\/2024\/11\/Screenshot-2024-11-20-155018-543x304xct.png\"\n\t\t\t\t\t\t\t\t\t     alt=\"GELP is looking for candidates to apply for a FPI contract!\">\n\t\t\t\t\t\t\t\t<\/figure>\n\t\t\t\t\t\t\t<\/div>\n\t\t\t\t\t\t\t\t\t\t\t\t<div class=\"post-item-right\">\n\t\t\t\t\t\t\t<div class=\"post_details\">\n\t\t\t\t\t\t\t\t<h2 class=\"post-title-alt\"><a\n\t\t\t\t\t\t\t\t\t\thref=\"https:\/\/www.unioviedo.es\/gelp\/fpi-contract\/\"\n\t\t\t\t\t\t\t\t\t\ttitle=\"GELP is looking for candidates to apply for a FPI contract!\">GELP is looking for candidates to apply for a FPI contract!<\/a>\n\t\t\t\t\t\t\t\t<\/h2>\n\n\t\t\t\t\t\t\t\t\t\t\t\t\t\t\t\t\t<div class=\"post-meta\">\n\t\t\t\t\t\t\t\t\t\t\t\t\t\t\t\t\t\t\t\t\t<span class=\"kc-post-author\"><i class=\"fa fa-user\"><\/i>  <a\n\t\t\t\t\t\t\t\t\t\t\t\thref=\"https:\/\/www.unioviedo.es\/gelp\/author\/gelpadmin\/\"\n\t\t\t\t\t\t\t\t\t\t\t\ttitle=\"Posts by Gelp\"\n\t\t\t\t\t\t\t\t\t\t\t\trel=\"author\">Gelp<\/a><\/span>\n\t\t\t\t\t\t\t\t\t\t\t\t\t\t\t\t\t\t\t\t\t\t\t\t\t\t\t\t\t\t\t<span class=\"post-date\"><i class=\"fa fa-clock-o\"><\/i> <a\n\t\t\t\t\t\t\t\t\t\t\t\thref=\"https:\/\/www.unioviedo.es\/gelp\/2024\/12\/\">diciembre 10 2024<\/a> <\/span>\n\t\t\t\t\t\t\t\t\t\t\t\t\t\t\t\t\t\t\t\t\t\t\t\t\t\t\t\t\t\t\t\t\t\t\t\t\t\t\t\t\t\t\t<span class=\"post-cats\"><i class=\"fa fa-folder-o\"\n\t\t\t\t\t\t\t\t\t\t\t\t                           aria-hidden=\"true\"><\/i> <a href=\"https:\/\/www.unioviedo.es\/gelp\/category\/news\/\" rel=\"category tag\">News<\/a>, <a href=\"https:\/\/www.unioviedo.es\/gelp\/category\/publicaciones-recientes\/\" rel=\"category tag\">Publicaciones recientes<\/a>, <a href=\"https:\/\/www.unioviedo.es\/gelp\/category\/publications\/\" rel=\"category tag\">Publications<\/a><\/span>\n\t\t\t\t\t\t\t\t\t\t\t\t\t\t\t\t\t\t\t\t\t\t\t\t\t\t\t\t\t\t<\/div>\n\t\t\t\t\t\t\t\t\t\t\t\t\t\t\t<\/div>\n\t\t\t\t\t\t\t\t\t\t\t\t\t\t\t<p>The Spectroscopy, Lasers and Plasmas GELP research group offers a \"FPI\" PhD contract within project #PlasmaSpectra4H for the development of&hellip;<\/p>\n\t\t\t\t\t\t\t\t\t\t\t\t\t\t<a href=\"https:\/\/www.unioviedo.es\/gelp\/fpi-contract\/\"\n\t\t\t\t\t\t\t   class=\"kc-post-2-button\">Read more <i\n\t\t\t\t\t\t\t\t\tclass=\"fa fa-angle-right\" aria-hidden=\"true\"><\/i><\/a>\n\t\t\t\t\t\t\t\t\t\t\t\t\t<\/div>\n\n\t\t\t\t\t\n\t\t\t\t<\/div>\n\n\t\t\t\t\n\t\t\t\t<div class=\"kc-list-item-2\">\n\n\t\t\t\t\t\n\t\t\t\t\t\t<div class=\"post-item-left\">\n\t\t\t\t\t\t\t<div class=\"post_details\">\n\t\t\t\t\t\t\t\t<h2 class=\"post-title-alt\"><a\n\t\t\t\t\t\t\t\t\t\thref=\"https:\/\/www.unioviedo.es\/gelp\/bye-yinchenxi-zhang-shanghai\/\"\n\t\t\t\t\t\t\t\t\t\ttitle=\"Farewell, Dr Min!!\">Farewell, Dr Min!!<\/a>\n\t\t\t\t\t\t\t\t<\/h2>\n\t\t\t\t\t\t\t\t\t\t\t\t\t\t\t\t\t<div class=\"post-meta\">\n\t\t\t\t\t\t\t\t\t\t\t\t\t\t\t\t\t\t\t\t\t<span class=\"kc-post-author\"><i class=\"fa fa-user\"><\/i>  <a\n\t\t\t\t\t\t\t\t\t\t\t\thref=\"https:\/\/www.unioviedo.es\/gelp\/author\/gelpadmin\/\"\n\t\t\t\t\t\t\t\t\t\t\t\ttitle=\"Posts by Gelp\"\n\t\t\t\t\t\t\t\t\t\t\t\trel=\"author\">Gelp<\/a><\/span>\n\t\t\t\t\t\t\t\t\t\t\t\t\t\t\t\t\t\t\t\t\t\t\t\t\t\t\t\t\t\t\t<span class=\"post-date\"><i class=\"fa fa-clock-o\"><\/i> <a\n\t\t\t\t\t\t\t\t\t\t\t\thref=\"https:\/\/www.unioviedo.es\/gelp\/2024\/11\/\">noviembre 26 2024<\/a> <\/span>\n\t\t\t\t\t\t\t\t\t\t\t\t\t\t\t\t\t\t\t\t\t\t\t\t\t\t\t\t\t\t\t\t\t\t\t\t\t\t\t\t\t\t\t<span class=\"post-cats\"><i class=\"fa fa-folder-o\"\n\t\t\t\t\t\t\t\t\t\t\t                           aria-hidden=\"true\"><\/i> <a href=\"https:\/\/www.unioviedo.es\/gelp\/category\/news\/\" rel=\"category tag\">News<\/a>, <a href=\"https:\/\/www.unioviedo.es\/gelp\/category\/publicaciones-recientes\/\" rel=\"category tag\">Publicaciones recientes<\/a>, <a href=\"https:\/\/www.unioviedo.es\/gelp\/category\/publications\/\" rel=\"category tag\">Publications<\/a><\/span>\n\t\t\t\t\t\t\t\t\t\t\t\t\t\t\t\t\t\t\t\t\t\t\t\t\t\t\t\t\t\t<\/div>\n\t\t\t\t\t\t\t\t\t\t\t\t\t\t\t<\/div>\n\t\t\t\t\t\t\t\t\t\t\t\t\t\t\t<p>After five years of hard work we say goodbye to Dr. Yinchenxi Zhang, who will fly to Shanghai tomorrow to&hellip;<\/p>\n\t\t\t\t\t\t\t\t\t\t\t\t\t\t<a href=\"https:\/\/www.unioviedo.es\/gelp\/bye-yinchenxi-zhang-shanghai\/\"\n\t\t\t\t\t\t\t   class=\"kc-post-2-button\">Read more <i\n\t\t\t\t\t\t\t\t\tclass=\"fa fa-angle-right\" aria-hidden=\"true\"><\/i><\/a>\n\t\t\t\t\t\t\t\t\t\t\t\t\t<\/div>\n\t\t\t\t\t\t<div class=\"post-item-right\">\n\t\t\t\t\t\t\t<figure>\n\t\t\t\t\t\t\t\t<img decoding=\"async\" src=\"https:\/\/www.unioviedo.es\/gelp\/wp-content\/uploads\/2024\/11\/IMG_20241126_155938_4-e1732634562123-543x304xct.png\"\n\t\t\t\t\t\t\t\t     alt=\"Farewell, Dr Min!!\">\n\t\t\t\t\t\t\t<\/figure>\n\t\t\t\t\t\t<\/div>\n\n\t\t\t\t\t\n\t\t\t\t<\/div>\n\n\t\t\t\t\n\t\t\t\t<div class=\"kc-list-item-2\">\n\n\t\t\t\t\t\t\t\t\t\t\t\t\t\t\t\t\t\t<div class=\"post-item-left\">\n\t\t\t\t\t\t\t\t<figure>\n\t\t\t\t\t\t\t\t\t<img decoding=\"async\" src=\"https:\/\/www.unioviedo.es\/gelp\/wp-content\/uploads\/2024\/11\/luisja_optica-543x304xct.png\"\n\t\t\t\t\t\t\t\t\t     alt=\"Brought to you by PhotOvis (OPTICA student chapter), join Luis Javier&#8217;s talk in the Faculty of Sciences!!\">\n\t\t\t\t\t\t\t\t<\/figure>\n\t\t\t\t\t\t\t<\/div>\n\t\t\t\t\t\t\t\t\t\t\t\t<div class=\"post-item-right\">\n\t\t\t\t\t\t\t<div class=\"post_details\">\n\t\t\t\t\t\t\t\t<h2 class=\"post-title-alt\"><a\n\t\t\t\t\t\t\t\t\t\thref=\"https:\/\/www.unioviedo.es\/gelp\/luis-javier-talk-optica\/\"\n\t\t\t\t\t\t\t\t\t\ttitle=\"Brought to you by PhotOvis (OPTICA student chapter), join Luis Javier&#8217;s talk in the Faculty of Sciences!!\">Brought to you by PhotOvis (OPTICA student chapter), join Luis Javier&#8217;s talk in the Faculty of Sciences!!<\/a>\n\t\t\t\t\t\t\t\t<\/h2>\n\n\t\t\t\t\t\t\t\t\t\t\t\t\t\t\t\t\t<div class=\"post-meta\">\n\t\t\t\t\t\t\t\t\t\t\t\t\t\t\t\t\t\t\t\t\t<span class=\"kc-post-author\"><i class=\"fa fa-user\"><\/i>  <a\n\t\t\t\t\t\t\t\t\t\t\t\thref=\"https:\/\/www.unioviedo.es\/gelp\/author\/gelpadmin\/\"\n\t\t\t\t\t\t\t\t\t\t\t\ttitle=\"Posts by Gelp\"\n\t\t\t\t\t\t\t\t\t\t\t\trel=\"author\">Gelp<\/a><\/span>\n\t\t\t\t\t\t\t\t\t\t\t\t\t\t\t\t\t\t\t\t\t\t\t\t\t\t\t\t\t\t\t<span class=\"post-date\"><i class=\"fa fa-clock-o\"><\/i> <a\n\t\t\t\t\t\t\t\t\t\t\t\thref=\"https:\/\/www.unioviedo.es\/gelp\/2024\/11\/\">noviembre 22 2024<\/a> <\/span>\n\t\t\t\t\t\t\t\t\t\t\t\t\t\t\t\t\t\t\t\t\t\t\t\t\t\t\t\t\t\t\t\t\t\t\t\t\t\t\t\t\t\t\t<span class=\"post-cats\"><i class=\"fa fa-folder-o\"\n\t\t\t\t\t\t\t\t\t\t\t\t                           aria-hidden=\"true\"><\/i> <a href=\"https:\/\/www.unioviedo.es\/gelp\/category\/news\/\" rel=\"category tag\">News<\/a>, <a href=\"https:\/\/www.unioviedo.es\/gelp\/category\/publicaciones-recientes\/\" rel=\"category tag\">Publicaciones recientes<\/a>, <a href=\"https:\/\/www.unioviedo.es\/gelp\/category\/publications\/\" rel=\"category tag\">Publications<\/a><\/span>\n\t\t\t\t\t\t\t\t\t\t\t\t\t\t\t\t\t\t\t\t\t\t\t\t\t\t\t\t\t\t<\/div>\n\t\t\t\t\t\t\t\t\t\t\t\t\t\t\t<\/div>\n\t\t\t\t\t\t\t\t\t\t\t\t\t\t\t<p>GELP member Dr. Luis Javier Fern\u00e1ndez-Men\u00e9ndez will be participating as speaker in an event organized by PhotOvis, a student chapter&hellip;<\/p>\n\t\t\t\t\t\t\t\t\t\t\t\t\t\t<a href=\"https:\/\/www.unioviedo.es\/gelp\/luis-javier-talk-optica\/\"\n\t\t\t\t\t\t\t   class=\"kc-post-2-button\">Read more <i\n\t\t\t\t\t\t\t\t\tclass=\"fa fa-angle-right\" aria-hidden=\"true\"><\/i><\/a>\n\t\t\t\t\t\t\t\t\t\t\t\t\t<\/div>\n\n\t\t\t\t\t\n\t\t\t\t<\/div>\n\n\t\t\t\t\n\t\t\t\t<div class=\"kc-list-item-2\">\n\n\t\t\t\t\t\n\t\t\t\t\t\t<div class=\"post-item-left\">\n\t\t\t\t\t\t\t<div class=\"post_details\">\n\t\t\t\t\t\t\t\t<h2 class=\"post-title-alt\"><a\n\t\t\t\t\t\t\t\t\t\thref=\"https:\/\/www.unioviedo.es\/gelp\/dr-yinchenxi-zhang\/\"\n\t\t\t\t\t\t\t\t\t\ttitle=\"Congratulations to Dr. Yinchenxi Zhang for her successful Thesis defence!\">Congratulations to Dr. Yinchenxi Zhang for her successful Thesis defence!<\/a>\n\t\t\t\t\t\t\t\t<\/h2>\n\t\t\t\t\t\t\t\t\t\t\t\t\t\t\t\t\t<div class=\"post-meta\">\n\t\t\t\t\t\t\t\t\t\t\t\t\t\t\t\t\t\t\t\t\t<span class=\"kc-post-author\"><i class=\"fa fa-user\"><\/i>  <a\n\t\t\t\t\t\t\t\t\t\t\t\thref=\"https:\/\/www.unioviedo.es\/gelp\/author\/gelpadmin\/\"\n\t\t\t\t\t\t\t\t\t\t\t\ttitle=\"Posts by Gelp\"\n\t\t\t\t\t\t\t\t\t\t\t\trel=\"author\">Gelp<\/a><\/span>\n\t\t\t\t\t\t\t\t\t\t\t\t\t\t\t\t\t\t\t\t\t\t\t\t\t\t\t\t\t\t\t<span class=\"post-date\"><i class=\"fa fa-clock-o\"><\/i> <a\n\t\t\t\t\t\t\t\t\t\t\t\thref=\"https:\/\/www.unioviedo.es\/gelp\/2024\/11\/\">noviembre 14 2024<\/a> <\/span>\n\t\t\t\t\t\t\t\t\t\t\t\t\t\t\t\t\t\t\t\t\t\t\t\t\t\t\t\t\t\t\t\t\t\t\t\t\t\t\t\t\t\t\t<span class=\"post-cats\"><i class=\"fa fa-folder-o\"\n\t\t\t\t\t\t\t\t\t\t\t                           aria-hidden=\"true\"><\/i> <a href=\"https:\/\/www.unioviedo.es\/gelp\/category\/news\/\" rel=\"category tag\">News<\/a>, <a href=\"https:\/\/www.unioviedo.es\/gelp\/category\/publicaciones-recientes\/\" rel=\"category tag\">Publicaciones recientes<\/a>, <a href=\"https:\/\/www.unioviedo.es\/gelp\/category\/publications\/\" rel=\"category tag\">Publications<\/a><\/span>\n\t\t\t\t\t\t\t\t\t\t\t\t\t\t\t\t\t\t\t\t\t\t\t\t\t\t\t\t\t\t<\/div>\n\t\t\t\t\t\t\t\t\t\t\t\t\t\t\t<\/div>\n\t\t\t\t\t\t\t\t\t\t\t\t\t\t\t<p>We are happy to announce that Yinchenxi Zhang defended her Thesis last Wednesday, finally becoming Dr. Zhang!! [gallery type=\"square\" size=\"medium\"&hellip;<\/p>\n\t\t\t\t\t\t\t\t\t\t\t\t\t\t<a href=\"https:\/\/www.unioviedo.es\/gelp\/dr-yinchenxi-zhang\/\"\n\t\t\t\t\t\t\t   class=\"kc-post-2-button\">Read more <i\n\t\t\t\t\t\t\t\t\tclass=\"fa fa-angle-right\" aria-hidden=\"true\"><\/i><\/a>\n\t\t\t\t\t\t\t\t\t\t\t\t\t<\/div>\n\t\t\t\t\t\t<div class=\"post-item-right\">\n\t\t\t\t\t\t\t<figure>\n\t\t\t\t\t\t\t\t<img decoding=\"async\" src=\"https:\/\/www.unioviedo.es\/gelp\/wp-content\/uploads\/2024\/11\/WhatsApp-Image-2024-11-13-at-15.24.33-543x304xct.jpeg\"\n\t\t\t\t\t\t\t\t     alt=\"Congratulations to Dr. Yinchenxi Zhang for her successful Thesis defence!\">\n\t\t\t\t\t\t\t<\/figure>\n\t\t\t\t\t\t<\/div>\n\n\t\t\t\t\t\n\t\t\t\t<\/div>\n\n\t\t\t\t\n\t\t\t\t<div class=\"kc-list-item-2\">\n\n\t\t\t\t\t\t\t\t\t\t\t\t\t\t\t\t\t\t<div class=\"post-item-left\">\n\t\t\t\t\t\t\t\t<figure>\n\t\t\t\t\t\t\t\t\t<img decoding=\"async\" src=\"https:\/\/www.unioviedo.es\/gelp\/wp-content\/uploads\/2024\/10\/IMG_20241025_132940-e1729888626670-543x304xct.jpg\"\n\t\t\t\t\t\t\t\t\t     alt=\"Yinchenxi Zhang is already wrapping up her Thesis!\">\n\t\t\t\t\t\t\t\t<\/figure>\n\t\t\t\t\t\t\t<\/div>\n\t\t\t\t\t\t\t\t\t\t\t\t<div class=\"post-item-right\">\n\t\t\t\t\t\t\t<div class=\"post_details\">\n\t\t\t\t\t\t\t\t<h2 class=\"post-title-alt\"><a\n\t\t\t\t\t\t\t\t\t\thref=\"https:\/\/www.unioviedo.es\/gelp\/yinchenxi-zhang-thesis\/\"\n\t\t\t\t\t\t\t\t\t\ttitle=\"Yinchenxi Zhang is already wrapping up her Thesis!\">Yinchenxi Zhang is already wrapping up her Thesis!<\/a>\n\t\t\t\t\t\t\t\t<\/h2>\n\n\t\t\t\t\t\t\t\t\t\t\t\t\t\t\t\t\t<div class=\"post-meta\">\n\t\t\t\t\t\t\t\t\t\t\t\t\t\t\t\t\t\t\t\t\t<span class=\"kc-post-author\"><i class=\"fa fa-user\"><\/i>  <a\n\t\t\t\t\t\t\t\t\t\t\t\thref=\"https:\/\/www.unioviedo.es\/gelp\/author\/gelpadmin\/\"\n\t\t\t\t\t\t\t\t\t\t\t\ttitle=\"Posts by Gelp\"\n\t\t\t\t\t\t\t\t\t\t\t\trel=\"author\">Gelp<\/a><\/span>\n\t\t\t\t\t\t\t\t\t\t\t\t\t\t\t\t\t\t\t\t\t\t\t\t\t\t\t\t\t\t\t<span class=\"post-date\"><i class=\"fa fa-clock-o\"><\/i> <a\n\t\t\t\t\t\t\t\t\t\t\t\thref=\"https:\/\/www.unioviedo.es\/gelp\/2024\/10\/\">octubre 25 2024<\/a> <\/span>\n\t\t\t\t\t\t\t\t\t\t\t\t\t\t\t\t\t\t\t\t\t\t\t\t\t\t\t\t\t\t\t\t\t\t\t\t\t\t\t\t\t\t\t<span class=\"post-cats\"><i class=\"fa fa-folder-o\"\n\t\t\t\t\t\t\t\t\t\t\t\t                           aria-hidden=\"true\"><\/i> <a href=\"https:\/\/www.unioviedo.es\/gelp\/category\/news\/\" rel=\"category tag\">News<\/a>, <a href=\"https:\/\/www.unioviedo.es\/gelp\/category\/publicaciones-recientes\/\" rel=\"category tag\">Publicaciones recientes<\/a>, <a href=\"https:\/\/www.unioviedo.es\/gelp\/category\/publications\/\" rel=\"category tag\">Publications<\/a><\/span>\n\t\t\t\t\t\t\t\t\t\t\t\t\t\t\t\t\t\t\t\t\t\t\t\t\t\t\t\t\t\t<\/div>\n\t\t\t\t\t\t\t\t\t\t\t\t\t\t\t<\/div>\n\t\t\t\t\t\t\t\t\t\t\t\t\t\t\t<p>GELP's most international PhD student, Min, is approaching the end of her Thesis, entitled \"Investigation of Matrix Effects in the&hellip;<\/p>\n\t\t\t\t\t\t\t\t\t\t\t\t\t\t<a href=\"https:\/\/www.unioviedo.es\/gelp\/yinchenxi-zhang-thesis\/\"\n\t\t\t\t\t\t\t   class=\"kc-post-2-button\">Read more <i\n\t\t\t\t\t\t\t\t\tclass=\"fa fa-angle-right\" aria-hidden=\"true\"><\/i><\/a>\n\t\t\t\t\t\t\t\t\t\t\t\t\t<\/div>\n\n\t\t\t\t\t\n\t\t\t\t<\/div>\n\n\t\t\t\t\n\t\t\t\t<div class=\"kc-list-item-2\">\n\n\t\t\t\t\t\n\t\t\t\t\t\t<div class=\"post-item-left\">\n\t\t\t\t\t\t\t<div class=\"post_details\">\n\t\t\t\t\t\t\t\t<h2 class=\"post-title-alt\"><a\n\t\t\t\t\t\t\t\t\t\thref=\"https:\/\/www.unioviedo.es\/gelp\/gelp-european-researchers-night\/\"\n\t\t\t\t\t\t\t\t\t\ttitle=\"GELP members have participated in the European Researchers\u2019 Night!\">GELP members have participated in the European Researchers\u2019 Night!<\/a>\n\t\t\t\t\t\t\t\t<\/h2>\n\t\t\t\t\t\t\t\t\t\t\t\t\t\t\t\t\t<div class=\"post-meta\">\n\t\t\t\t\t\t\t\t\t\t\t\t\t\t\t\t\t\t\t\t\t<span class=\"kc-post-author\"><i class=\"fa fa-user\"><\/i>  <a\n\t\t\t\t\t\t\t\t\t\t\t\thref=\"https:\/\/www.unioviedo.es\/gelp\/author\/gelpadmin\/\"\n\t\t\t\t\t\t\t\t\t\t\t\ttitle=\"Posts by Gelp\"\n\t\t\t\t\t\t\t\t\t\t\t\trel=\"author\">Gelp<\/a><\/span>\n\t\t\t\t\t\t\t\t\t\t\t\t\t\t\t\t\t\t\t\t\t\t\t\t\t\t\t\t\t\t\t<span class=\"post-date\"><i class=\"fa fa-clock-o\"><\/i> <a\n\t\t\t\t\t\t\t\t\t\t\t\thref=\"https:\/\/www.unioviedo.es\/gelp\/2024\/09\/\">septiembre 30 2024<\/a> <\/span>\n\t\t\t\t\t\t\t\t\t\t\t\t\t\t\t\t\t\t\t\t\t\t\t\t\t\t\t\t\t\t\t\t\t\t\t\t\t\t\t\t\t\t\t<span class=\"post-cats\"><i class=\"fa fa-folder-o\"\n\t\t\t\t\t\t\t\t\t\t\t                           aria-hidden=\"true\"><\/i> <a href=\"https:\/\/www.unioviedo.es\/gelp\/category\/news\/\" rel=\"category tag\">News<\/a>, <a href=\"https:\/\/www.unioviedo.es\/gelp\/category\/publicaciones-recientes\/\" rel=\"category tag\">Publicaciones recientes<\/a>, <a href=\"https:\/\/www.unioviedo.es\/gelp\/category\/publications\/\" rel=\"category tag\">Publications<\/a><\/span>\n\t\t\t\t\t\t\t\t\t\t\t\t\t\t\t\t\t\t\t\t\t\t\t\t\t\t\t\t\t\t<\/div>\n\t\t\t\t\t\t\t\t\t\t\t\t\t\t\t<\/div>\n\t\t\t\t\t\t\t\t\t\t\t\t\t\t\t<p>GELP has taken part in this year's European Researchers' Night with a stand entitled Los colores de la luz (The&hellip;<\/p>\n\t\t\t\t\t\t\t\t\t\t\t\t\t\t<a href=\"https:\/\/www.unioviedo.es\/gelp\/gelp-european-researchers-night\/\"\n\t\t\t\t\t\t\t   class=\"kc-post-2-button\">Read more <i\n\t\t\t\t\t\t\t\t\tclass=\"fa fa-angle-right\" aria-hidden=\"true\"><\/i><\/a>\n\t\t\t\t\t\t\t\t\t\t\t\t\t<\/div>\n\t\t\t\t\t\t<div class=\"post-item-right\">\n\t\t\t\t\t\t\t<figure>\n\t\t\t\t\t\t\t\t<img decoding=\"async\" src=\"https:\/\/www.unioviedo.es\/gelp\/wp-content\/uploads\/2024\/09\/WhatsApp-Image-2024-09-27-at-17.52.09-e1727686414634-543x304xct.jpeg\"\n\t\t\t\t\t\t\t\t     alt=\"GELP members have participated in the European Researchers\u2019 Night!\">\n\t\t\t\t\t\t\t<\/figure>\n\t\t\t\t\t\t<\/div>\n\n\t\t\t\t\t\n\t\t\t\t<\/div>\n\n\t\t\t\t\n\t\t\t\t<div class=\"kc-list-item-2\">\n\n\t\t\t\t\t\t\t\t\t\t\t\t\t\t\t\t\t\t<div class=\"post-item-left\">\n\t\t\t\t\t\t\t\t<figure>\n\t\t\t\t\t\t\t\t\t<img decoding=\"async\" src=\"https:\/\/www.unioviedo.es\/gelp\/wp-content\/uploads\/2024\/07\/propuesta_drawing4rainbow_sombra_corregida-543x304xct.png\"\n\t\t\t\t\t\t\t\t\t     alt=\"GELP researchers have been awarded a patent\">\n\t\t\t\t\t\t\t\t<\/figure>\n\t\t\t\t\t\t\t<\/div>\n\t\t\t\t\t\t\t\t\t\t\t\t<div class=\"post-item-right\">\n\t\t\t\t\t\t\t<div class=\"post_details\">\n\t\t\t\t\t\t\t\t<h2 class=\"post-title-alt\"><a\n\t\t\t\t\t\t\t\t\t\thref=\"https:\/\/www.unioviedo.es\/gelp\/gelp_patent_2024\/\"\n\t\t\t\t\t\t\t\t\t\ttitle=\"GELP researchers have been awarded a patent\">GELP researchers have been awarded a patent<\/a>\n\t\t\t\t\t\t\t\t<\/h2>\n\n\t\t\t\t\t\t\t\t\t\t\t\t\t\t\t\t\t<div class=\"post-meta\">\n\t\t\t\t\t\t\t\t\t\t\t\t\t\t\t\t\t\t\t\t\t<span class=\"kc-post-author\"><i class=\"fa fa-user\"><\/i>  <a\n\t\t\t\t\t\t\t\t\t\t\t\thref=\"https:\/\/www.unioviedo.es\/gelp\/author\/gelpadmin\/\"\n\t\t\t\t\t\t\t\t\t\t\t\ttitle=\"Posts by Gelp\"\n\t\t\t\t\t\t\t\t\t\t\t\trel=\"author\">Gelp<\/a><\/span>\n\t\t\t\t\t\t\t\t\t\t\t\t\t\t\t\t\t\t\t\t\t\t\t\t\t\t\t\t\t\t\t<span class=\"post-date\"><i class=\"fa fa-clock-o\"><\/i> <a\n\t\t\t\t\t\t\t\t\t\t\t\thref=\"https:\/\/www.unioviedo.es\/gelp\/2024\/07\/\">julio 10 2024<\/a> <\/span>\n\t\t\t\t\t\t\t\t\t\t\t\t\t\t\t\t\t\t\t\t\t\t\t\t\t\t\t\t\t\t\t\t\t\t\t\t\t\t\t\t\t\t\t<span class=\"post-cats\"><i class=\"fa fa-folder-o\"\n\t\t\t\t\t\t\t\t\t\t\t\t                           aria-hidden=\"true\"><\/i> <a href=\"https:\/\/www.unioviedo.es\/gelp\/category\/news\/\" rel=\"category tag\">News<\/a>, <a href=\"https:\/\/www.unioviedo.es\/gelp\/category\/publicaciones-recientes\/\" rel=\"category tag\">Publicaciones recientes<\/a>, <a href=\"https:\/\/www.unioviedo.es\/gelp\/category\/publications\/\" rel=\"category tag\">Publications<\/a><\/span>\n\t\t\t\t\t\t\t\t\t\t\t\t\t\t\t\t\t\t\t\t\t\t\t\t\t\t\t\t\t\t<\/div>\n\t\t\t\t\t\t\t\t\t\t\t\t\t\t\t<\/div>\n\t\t\t\t\t\t\t\t\t\t\t\t\t\t\t<p>GELP researchers in collaboration with former GELP member Dr. \u00c1lvarez-Llamas have been awarded a Spanish patent ES2958384 entitled M\u00e9todo para&hellip;<\/p>\n\t\t\t\t\t\t\t\t\t\t\t\t\t\t<a href=\"https:\/\/www.unioviedo.es\/gelp\/gelp_patent_2024\/\"\n\t\t\t\t\t\t\t   class=\"kc-post-2-button\">Read more <i\n\t\t\t\t\t\t\t\t\tclass=\"fa fa-angle-right\" aria-hidden=\"true\"><\/i><\/a>\n\t\t\t\t\t\t\t\t\t\t\t\t\t<\/div>\n\n\t\t\t\t\t\n\t\t\t\t<\/div>\n\n\t\t\t\t\n\t\t\t\t<div class=\"kc-list-item-2\">\n\n\t\t\t\t\t\n\t\t\t\t\t\t<div class=\"post-item-left\">\n\t\t\t\t\t\t\t<div class=\"post_details\">\n\t\t\t\t\t\t\t\t<h2 class=\"post-title-alt\"><a\n\t\t\t\t\t\t\t\t\t\thref=\"https:\/\/www.unioviedo.es\/gelp\/cristian-soto-sea-rne-xxviii\/\"\n\t\t\t\t\t\t\t\t\t\ttitle=\"Cristian has been awarded a SEA grant to participate in RNE XXVIII!\">Cristian has been awarded a SEA grant to participate in RNE XXVIII!<\/a>\n\t\t\t\t\t\t\t\t<\/h2>\n\t\t\t\t\t\t\t\t\t\t\t\t\t\t\t\t\t<div class=\"post-meta\">\n\t\t\t\t\t\t\t\t\t\t\t\t\t\t\t\t\t\t\t\t\t<span class=\"kc-post-author\"><i class=\"fa fa-user\"><\/i>  <a\n\t\t\t\t\t\t\t\t\t\t\t\thref=\"https:\/\/www.unioviedo.es\/gelp\/author\/gelpadmin\/\"\n\t\t\t\t\t\t\t\t\t\t\t\ttitle=\"Posts by Gelp\"\n\t\t\t\t\t\t\t\t\t\t\t\trel=\"author\">Gelp<\/a><\/span>\n\t\t\t\t\t\t\t\t\t\t\t\t\t\t\t\t\t\t\t\t\t\t\t\t\t\t\t\t\t\t\t<span class=\"post-date\"><i class=\"fa fa-clock-o\"><\/i> <a\n\t\t\t\t\t\t\t\t\t\t\t\thref=\"https:\/\/www.unioviedo.es\/gelp\/2024\/06\/\">junio 6 2024<\/a> <\/span>\n\t\t\t\t\t\t\t\t\t\t\t\t\t\t\t\t\t\t\t\t\t\t\t\t\t\t\t\t\t\t\t\t\t\t\t\t\t\t\t\t\t\t\t<span class=\"post-cats\"><i class=\"fa fa-folder-o\"\n\t\t\t\t\t\t\t\t\t\t\t                           aria-hidden=\"true\"><\/i> <a href=\"https:\/\/www.unioviedo.es\/gelp\/category\/news\/\" rel=\"category tag\">News<\/a>, <a href=\"https:\/\/www.unioviedo.es\/gelp\/category\/publicaciones-recientes\/\" rel=\"category tag\">Publicaciones recientes<\/a>, <a href=\"https:\/\/www.unioviedo.es\/gelp\/category\/publications\/\" rel=\"category tag\">Publications<\/a><\/span>\n\t\t\t\t\t\t\t\t\t\t\t\t\t\t\t\t\t\t\t\t\t\t\t\t\t\t\t\t\t\t<\/div>\n\t\t\t\t\t\t\t\t\t\t\t\t\t\t\t<\/div>\n\t\t\t\t\t\t\t\t\t\t\t\t\t\t\t<p>Cristian Soto is delighted to acknowledge financial support that he has been awarded by the Spanish Society of Applied Spectroscopy&hellip;<\/p>\n\t\t\t\t\t\t\t\t\t\t\t\t\t\t<a href=\"https:\/\/www.unioviedo.es\/gelp\/cristian-soto-sea-rne-xxviii\/\"\n\t\t\t\t\t\t\t   class=\"kc-post-2-button\">Read more <i\n\t\t\t\t\t\t\t\t\tclass=\"fa fa-angle-right\" aria-hidden=\"true\"><\/i><\/a>\n\t\t\t\t\t\t\t\t\t\t\t\t\t<\/div>\n\t\t\t\t\t\t<div class=\"post-item-right\">\n\t\t\t\t\t\t\t<figure>\n\t\t\t\t\t\t\t\t<img decoding=\"async\" src=\"https:\/\/www.unioviedo.es\/gelp\/wp-content\/uploads\/2024\/06\/cristianweb-543x304xct.jpg\"\n\t\t\t\t\t\t\t\t     alt=\"Cristian has been awarded a SEA grant to participate in RNE XXVIII!\">\n\t\t\t\t\t\t\t<\/figure>\n\t\t\t\t\t\t<\/div>\n\n\t\t\t\t\t\n\t\t\t\t<\/div>\n\n\t\t\t\t\n\t\t\t\t<div class=\"kc-list-item-2\">\n\n\t\t\t\t\t\t\t\t\t\t\t\t\t\t\t\t\t\t<div class=\"post-item-left\">\n\t\t\t\t\t\t\t\t<figure>\n\t\t\t\t\t\t\t\t\t<img decoding=\"async\" src=\"https:\/\/www.unioviedo.es\/gelp\/wp-content\/uploads\/2024\/05\/Screenshot-2024-05-20-111917-543x304xct.png\"\n\t\t\t\t\t\t\t\t\t     alt=\"Cristian Soto has published a first-author paper in Applied Surface Science!\">\n\t\t\t\t\t\t\t\t<\/figure>\n\t\t\t\t\t\t\t<\/div>\n\t\t\t\t\t\t\t\t\t\t\t\t<div class=\"post-item-right\">\n\t\t\t\t\t\t\t<div class=\"post_details\">\n\t\t\t\t\t\t\t\t<h2 class=\"post-title-alt\"><a\n\t\t\t\t\t\t\t\t\t\thref=\"https:\/\/www.unioviedo.es\/gelp\/cristian-soto-app-surf-sci\/\"\n\t\t\t\t\t\t\t\t\t\ttitle=\"Cristian Soto has published a first-author paper in Applied Surface Science!\">Cristian Soto has published a first-author paper in Applied Surface Science!<\/a>\n\t\t\t\t\t\t\t\t<\/h2>\n\n\t\t\t\t\t\t\t\t\t\t\t\t\t\t\t\t\t<div class=\"post-meta\">\n\t\t\t\t\t\t\t\t\t\t\t\t\t\t\t\t\t\t\t\t\t<span class=\"kc-post-author\"><i class=\"fa fa-user\"><\/i>  <a\n\t\t\t\t\t\t\t\t\t\t\t\thref=\"https:\/\/www.unioviedo.es\/gelp\/author\/gelpadmin\/\"\n\t\t\t\t\t\t\t\t\t\t\t\ttitle=\"Posts by Gelp\"\n\t\t\t\t\t\t\t\t\t\t\t\trel=\"author\">Gelp<\/a><\/span>\n\t\t\t\t\t\t\t\t\t\t\t\t\t\t\t\t\t\t\t\t\t\t\t\t\t\t\t\t\t\t\t<span class=\"post-date\"><i class=\"fa fa-clock-o\"><\/i> <a\n\t\t\t\t\t\t\t\t\t\t\t\thref=\"https:\/\/www.unioviedo.es\/gelp\/2024\/05\/\">mayo 20 2024<\/a> <\/span>\n\t\t\t\t\t\t\t\t\t\t\t\t\t\t\t\t\t\t\t\t\t\t\t\t\t\t\t\t\t\t\t\t\t\t\t\t\t\t\t\t\t\t\t<span class=\"post-cats\"><i class=\"fa fa-folder-o\"\n\t\t\t\t\t\t\t\t\t\t\t\t                           aria-hidden=\"true\"><\/i> <a href=\"https:\/\/www.unioviedo.es\/gelp\/category\/news\/\" rel=\"category tag\">News<\/a>, <a href=\"https:\/\/www.unioviedo.es\/gelp\/category\/publicaciones-recientes\/\" rel=\"category tag\">Publicaciones recientes<\/a>, <a href=\"https:\/\/www.unioviedo.es\/gelp\/category\/publications\/\" rel=\"category tag\">Publications<\/a><\/span>\n\t\t\t\t\t\t\t\t\t\t\t\t\t\t\t\t\t\t\t\t\t\t\t\t\t\t\t\t\t\t<\/div>\n\t\t\t\t\t\t\t\t\t\t\t\t\t\t\t<\/div>\n\t\t\t\t\t\t\t\t\t\t\t\t\t\t\t<p>Our PhD student Cristian Soto-Gancedo has published his first \"first-author\" paper entitled \"Evaluation of Ultraviolet-Femtosecond-Laser Ablation-ICP-TOFMS for fast, sensitive and&hellip;<\/p>\n\t\t\t\t\t\t\t\t\t\t\t\t\t\t<a href=\"https:\/\/www.unioviedo.es\/gelp\/cristian-soto-app-surf-sci\/\"\n\t\t\t\t\t\t\t   class=\"kc-post-2-button\">Read more <i\n\t\t\t\t\t\t\t\t\tclass=\"fa fa-angle-right\" aria-hidden=\"true\"><\/i><\/a>\n\t\t\t\t\t\t\t\t\t\t\t\t\t<\/div>\n\n\t\t\t\t\t\n\t\t\t\t<\/div>\n\n\t\t\t\t\n\t\t\t\t<div class=\"kc-list-item-2\">\n\n\t\t\t\t\t\n\t\t\t\t\t\t<div class=\"post-item-left\">\n\t\t\t\t\t\t\t<div class=\"post_details\">\n\t\t\t\t\t\t\t\t<h2 class=\"post-title-alt\"><a\n\t\t\t\t\t\t\t\t\t\thref=\"https:\/\/www.unioviedo.es\/gelp\/jaas-publication-on-sc-gd-oes-from-laser-and-plasma-spectroscopy-research-group\/\"\n\t\t\t\t\t\t\t\t\t\ttitle=\"JAAS publication on SC-GD-OES from Laser and Plasma Spectroscopy Research Group!\">JAAS publication on SC-GD-OES from Laser and Plasma Spectroscopy Research Group!<\/a>\n\t\t\t\t\t\t\t\t<\/h2>\n\t\t\t\t\t\t\t\t\t\t\t\t\t\t\t\t\t<div class=\"post-meta\">\n\t\t\t\t\t\t\t\t\t\t\t\t\t\t\t\t\t\t\t\t\t<span class=\"kc-post-author\"><i class=\"fa fa-user\"><\/i>  <a\n\t\t\t\t\t\t\t\t\t\t\t\thref=\"https:\/\/www.unioviedo.es\/gelp\/author\/gelpadmin\/\"\n\t\t\t\t\t\t\t\t\t\t\t\ttitle=\"Posts by Gelp\"\n\t\t\t\t\t\t\t\t\t\t\t\trel=\"author\">Gelp<\/a><\/span>\n\t\t\t\t\t\t\t\t\t\t\t\t\t\t\t\t\t\t\t\t\t\t\t\t\t\t\t\t\t\t\t<span class=\"post-date\"><i class=\"fa fa-clock-o\"><\/i> <a\n\t\t\t\t\t\t\t\t\t\t\t\thref=\"https:\/\/www.unioviedo.es\/gelp\/2024\/02\/\">febrero 28 2024<\/a> <\/span>\n\t\t\t\t\t\t\t\t\t\t\t\t\t\t\t\t\t\t\t\t\t\t\t\t\t\t\t\t\t\t\t\t\t\t\t\t\t\t\t\t\t\t\t<span class=\"post-cats\"><i class=\"fa fa-folder-o\"\n\t\t\t\t\t\t\t\t\t\t\t                           aria-hidden=\"true\"><\/i> <a href=\"https:\/\/www.unioviedo.es\/gelp\/category\/news\/\" rel=\"category tag\">News<\/a>, <a href=\"https:\/\/www.unioviedo.es\/gelp\/category\/publicaciones-recientes\/\" rel=\"category tag\">Publicaciones recientes<\/a>, <a href=\"https:\/\/www.unioviedo.es\/gelp\/category\/publications\/\" rel=\"category tag\">Publications<\/a><\/span>\n\t\t\t\t\t\t\t\t\t\t\t\t\t\t\t\t\t\t\t\t\t\t\t\t\t\t\t\t\t\t<\/div>\n\t\t\t\t\t\t\t\t\t\t\t\t\t\t\t<\/div>\n\t\t\t\t\t\t\t\t\t\t\t\t\t\t\t<p>This is our last publications from GELP \"Concomitant ion matrix effects in SCGD-OES enhanced with formic acid\" JAAS, 2024, DOI:&hellip;<\/p>\n\t\t\t\t\t\t\t\t\t\t\t\t\t\t<a href=\"https:\/\/www.unioviedo.es\/gelp\/jaas-publication-on-sc-gd-oes-from-laser-and-plasma-spectroscopy-research-group\/\"\n\t\t\t\t\t\t\t   class=\"kc-post-2-button\">Read more <i\n\t\t\t\t\t\t\t\t\tclass=\"fa fa-angle-right\" aria-hidden=\"true\"><\/i><\/a>\n\t\t\t\t\t\t\t\t\t\t\t\t\t<\/div>\n\t\t\t\t\t\t<div class=\"post-item-right\">\n\t\t\t\t\t\t\t<figure>\n\t\t\t\t\t\t\t\t<img decoding=\"async\" src=\"https:\/\/www.unioviedo.es\/gelp\/wp-content\/uploads\/2024\/02\/Captura-de-pantalla-2024-02-28-151846-543x304xct.png\"\n\t\t\t\t\t\t\t\t     alt=\"JAAS publication on SC-GD-OES from Laser and Plasma Spectroscopy Research Group!\">\n\t\t\t\t\t\t\t<\/figure>\n\t\t\t\t\t\t<\/div>\n\n\t\t\t\t\t\n\t\t\t\t<\/div>\n\n\t\t\t\t\n\t\t\t\t<div class=\"kc-list-item-2\">\n\n\t\t\t\t\t\t\t\t\t\t\t\t\t\t\t\t\t\t<div class=\"post-item-left\">\n\t\t\t\t\t\t\t\t<figure>\n\t\t\t\t\t\t\t\t\t<img decoding=\"async\" src=\"https:\/\/www.unioviedo.es\/gelp\/wp-content\/uploads\/2024\/02\/paper-JAAS-otoliths-e1708613804786-543x304xct.png\"\n\t\t\t\t\t\t\t\t\t     alt=\"JAAS publication from Laser and Plasma Spectroscopy Research Group!\">\n\t\t\t\t\t\t\t\t<\/figure>\n\t\t\t\t\t\t\t<\/div>\n\t\t\t\t\t\t\t\t\t\t\t\t<div class=\"post-item-right\">\n\t\t\t\t\t\t\t<div class=\"post_details\">\n\t\t\t\t\t\t\t\t<h2 class=\"post-title-alt\"><a\n\t\t\t\t\t\t\t\t\t\thref=\"https:\/\/www.unioviedo.es\/gelp\/jaas-publication-from-laser-and-plasma-spectroscopy-research-group\/\"\n\t\t\t\t\t\t\t\t\t\ttitle=\"JAAS publication from Laser and Plasma Spectroscopy Research Group!\">JAAS publication from Laser and Plasma Spectroscopy Research Group!<\/a>\n\t\t\t\t\t\t\t\t<\/h2>\n\n\t\t\t\t\t\t\t\t\t\t\t\t\t\t\t\t\t<div class=\"post-meta\">\n\t\t\t\t\t\t\t\t\t\t\t\t\t\t\t\t\t\t\t\t\t<span class=\"kc-post-author\"><i class=\"fa fa-user\"><\/i>  <a\n\t\t\t\t\t\t\t\t\t\t\t\thref=\"https:\/\/www.unioviedo.es\/gelp\/author\/gelpadmin\/\"\n\t\t\t\t\t\t\t\t\t\t\t\ttitle=\"Posts by Gelp\"\n\t\t\t\t\t\t\t\t\t\t\t\trel=\"author\">Gelp<\/a><\/span>\n\t\t\t\t\t\t\t\t\t\t\t\t\t\t\t\t\t\t\t\t\t\t\t\t\t\t\t\t\t\t\t<span class=\"post-date\"><i class=\"fa fa-clock-o\"><\/i> <a\n\t\t\t\t\t\t\t\t\t\t\t\thref=\"https:\/\/www.unioviedo.es\/gelp\/2024\/02\/\">febrero 1 2024<\/a> <\/span>\n\t\t\t\t\t\t\t\t\t\t\t\t\t\t\t\t\t\t\t\t\t\t\t\t\t\t\t\t\t\t\t\t\t\t\t\t\t\t\t\t\t\t\t<span class=\"post-cats\"><i class=\"fa fa-folder-o\"\n\t\t\t\t\t\t\t\t\t\t\t\t                           aria-hidden=\"true\"><\/i> <a href=\"https:\/\/www.unioviedo.es\/gelp\/category\/news\/\" rel=\"category tag\">News<\/a>, <a href=\"https:\/\/www.unioviedo.es\/gelp\/category\/publicaciones-recientes\/\" rel=\"category tag\">Publicaciones recientes<\/a>, <a href=\"https:\/\/www.unioviedo.es\/gelp\/category\/publications\/\" rel=\"category tag\">Publications<\/a><\/span>\n\t\t\t\t\t\t\t\t\t\t\t\t\t\t\t\t\t\t\t\t\t\t\t\t\t\t\t\t\t\t<\/div>\n\t\t\t\t\t\t\t\t\t\t\t\t\t\t\t<\/div>\n\t\t\t\t\t\t\t\t\t\t\t\t\t\t\t<p>This is one of our last publications in JAAS: \"Fast and high spatially resolved multielemental mapping of otoliths using IR&amp;UV-Femtosecond&hellip;<\/p>\n\t\t\t\t\t\t\t\t\t\t\t\t\t\t<a href=\"https:\/\/www.unioviedo.es\/gelp\/jaas-publication-from-laser-and-plasma-spectroscopy-research-group\/\"\n\t\t\t\t\t\t\t   class=\"kc-post-2-button\">Read more <i\n\t\t\t\t\t\t\t\t\tclass=\"fa fa-angle-right\" aria-hidden=\"true\"><\/i><\/a>\n\t\t\t\t\t\t\t\t\t\t\t\t\t<\/div>\n\n\t\t\t\t\t\n\t\t\t\t<\/div>\n\n\t\t\t\t\n\t\t\t\t<div class=\"kc-list-item-2\">\n\n\t\t\t\t\t\n\t\t\t\t\t\t<div class=\"post-item-left\">\n\t\t\t\t\t\t\t<div class=\"post_details\">\n\t\t\t\t\t\t\t\t<h2 class=\"post-title-alt\"><a\n\t\t\t\t\t\t\t\t\t\thref=\"https:\/\/www.unioviedo.es\/gelp\/professor-zofia-kowalewska-from-politechnika-warszawska-has-visited-us\/\"\n\t\t\t\t\t\t\t\t\t\ttitle=\"Professor Zofia Kowalewska from Politechnika Warszawska has visited us!\">Professor Zofia Kowalewska from Politechnika Warszawska has visited us!<\/a>\n\t\t\t\t\t\t\t\t<\/h2>\n\t\t\t\t\t\t\t\t\t\t\t\t\t\t\t\t\t<div class=\"post-meta\">\n\t\t\t\t\t\t\t\t\t\t\t\t\t\t\t\t\t\t\t\t\t<span class=\"kc-post-author\"><i class=\"fa fa-user\"><\/i>  <a\n\t\t\t\t\t\t\t\t\t\t\t\thref=\"https:\/\/www.unioviedo.es\/gelp\/author\/gelpadmin\/\"\n\t\t\t\t\t\t\t\t\t\t\t\ttitle=\"Posts by Gelp\"\n\t\t\t\t\t\t\t\t\t\t\t\trel=\"author\">Gelp<\/a><\/span>\n\t\t\t\t\t\t\t\t\t\t\t\t\t\t\t\t\t\t\t\t\t\t\t\t\t\t\t\t\t\t\t<span class=\"post-date\"><i class=\"fa fa-clock-o\"><\/i> <a\n\t\t\t\t\t\t\t\t\t\t\t\thref=\"https:\/\/www.unioviedo.es\/gelp\/2023\/11\/\">noviembre 20 2023<\/a> <\/span>\n\t\t\t\t\t\t\t\t\t\t\t\t\t\t\t\t\t\t\t\t\t\t\t\t\t\t\t\t\t\t\t\t\t\t\t\t\t\t\t\t\t\t\t<span class=\"post-cats\"><i class=\"fa fa-folder-o\"\n\t\t\t\t\t\t\t\t\t\t\t                           aria-hidden=\"true\"><\/i> <a href=\"https:\/\/www.unioviedo.es\/gelp\/category\/news\/\" rel=\"category tag\">News<\/a><\/span>\n\t\t\t\t\t\t\t\t\t\t\t\t\t\t\t\t\t\t\t\t\t\t\t\t\t\t\t\t\t\t<\/div>\n\t\t\t\t\t\t\t\t\t\t\t\t\t\t\t<\/div>\n\t\t\t\t\t\t\t\t\t\t\t\t\t\t\t<p>Professor Zofia Kowalewska has spent two weeks with GELP to carry out an enriching collaboration dedicated to the analysis of&hellip;<\/p>\n\t\t\t\t\t\t\t\t\t\t\t\t\t\t<a href=\"https:\/\/www.unioviedo.es\/gelp\/professor-zofia-kowalewska-from-politechnika-warszawska-has-visited-us\/\"\n\t\t\t\t\t\t\t   class=\"kc-post-2-button\">Read more <i\n\t\t\t\t\t\t\t\t\tclass=\"fa fa-angle-right\" aria-hidden=\"true\"><\/i><\/a>\n\t\t\t\t\t\t\t\t\t\t\t\t\t<\/div>\n\t\t\t\t\t\t<div class=\"post-item-right\">\n\t\t\t\t\t\t\t<figure>\n\t\t\t\t\t\t\t\t<img decoding=\"async\" src=\"https:\/\/www.unioviedo.es\/gelp\/wp-content\/uploads\/2023\/11\/logoEng-543x304xct.png\"\n\t\t\t\t\t\t\t\t     alt=\"Professor Zofia Kowalewska from Politechnika Warszawska has visited us!\">\n\t\t\t\t\t\t\t<\/figure>\n\t\t\t\t\t\t<\/div>\n\n\t\t\t\t\t\n\t\t\t\t<\/div>\n\n\t\t\t\t\n\t\t\t\t<div class=\"kc-list-item-2\">\n\n\t\t\t\t\t\t\t\t\t\t\t\t\t\t\t\t\t\t<div class=\"post-item-left\">\n\t\t\t\t\t\t\t\t<figure>\n\t\t\t\t\t\t\t\t\t<img decoding=\"async\" src=\"https:\/\/www.unioviedo.es\/gelp\/wp-content\/uploads\/2023\/11\/image_gallery-543x304xct.jpeg\"\n\t\t\t\t\t\t\t\t\t     alt=\"GELP participation in the XXIII Week of Science and Innovation at University of Oviedo\">\n\t\t\t\t\t\t\t\t<\/figure>\n\t\t\t\t\t\t\t<\/div>\n\t\t\t\t\t\t\t\t\t\t\t\t<div class=\"post-item-right\">\n\t\t\t\t\t\t\t<div class=\"post_details\">\n\t\t\t\t\t\t\t\t<h2 class=\"post-title-alt\"><a\n\t\t\t\t\t\t\t\t\t\thref=\"https:\/\/www.unioviedo.es\/gelp\/gelp-participation-in-the-xxiii-week-of-science-and-innovation-at-university-of-oviedo\/\"\n\t\t\t\t\t\t\t\t\t\ttitle=\"GELP participation in the XXIII Week of Science and Innovation at University of Oviedo\">GELP participation in the XXIII Week of Science and Innovation at University of Oviedo<\/a>\n\t\t\t\t\t\t\t\t<\/h2>\n\n\t\t\t\t\t\t\t\t\t\t\t\t\t\t\t\t\t<div class=\"post-meta\">\n\t\t\t\t\t\t\t\t\t\t\t\t\t\t\t\t\t\t\t\t\t<span class=\"kc-post-author\"><i class=\"fa fa-user\"><\/i>  <a\n\t\t\t\t\t\t\t\t\t\t\t\thref=\"https:\/\/www.unioviedo.es\/gelp\/author\/gelpadmin\/\"\n\t\t\t\t\t\t\t\t\t\t\t\ttitle=\"Posts by Gelp\"\n\t\t\t\t\t\t\t\t\t\t\t\trel=\"author\">Gelp<\/a><\/span>\n\t\t\t\t\t\t\t\t\t\t\t\t\t\t\t\t\t\t\t\t\t\t\t\t\t\t\t\t\t\t\t<span class=\"post-date\"><i class=\"fa fa-clock-o\"><\/i> <a\n\t\t\t\t\t\t\t\t\t\t\t\thref=\"https:\/\/www.unioviedo.es\/gelp\/2023\/11\/\">noviembre 11 2023<\/a> <\/span>\n\t\t\t\t\t\t\t\t\t\t\t\t\t\t\t\t\t\t\t\t\t\t\t\t\t\t\t\t\t\t\t\t\t\t\t\t\t\t\t\t\t\t\t<span class=\"post-cats\"><i class=\"fa fa-folder-o\"\n\t\t\t\t\t\t\t\t\t\t\t\t                           aria-hidden=\"true\"><\/i> <a href=\"https:\/\/www.unioviedo.es\/gelp\/category\/news\/\" rel=\"category tag\">News<\/a><\/span>\n\t\t\t\t\t\t\t\t\t\t\t\t\t\t\t\t\t\t\t\t\t\t\t\t\t\t\t\t\t\t<\/div>\n\t\t\t\t\t\t\t\t\t\t\t\t\t\t\t<\/div>\n\t\t\t\t\t\t\t\t\t\t\t\t\t\t\t<p>GELP is participating in the XXIII Week of Science and Innovation at University of Oviedo: Presentation about the use of&hellip;<\/p>\n\t\t\t\t\t\t\t\t\t\t\t\t\t\t<a href=\"https:\/\/www.unioviedo.es\/gelp\/gelp-participation-in-the-xxiii-week-of-science-and-innovation-at-university-of-oviedo\/\"\n\t\t\t\t\t\t\t   class=\"kc-post-2-button\">Read more <i\n\t\t\t\t\t\t\t\t\tclass=\"fa fa-angle-right\" aria-hidden=\"true\"><\/i><\/a>\n\t\t\t\t\t\t\t\t\t\t\t\t\t<\/div>\n\n\t\t\t\t\t\n\t\t\t\t<\/div>\n\n\t\t\t\t\n\t\t\t\t<div class=\"kc-list-item-2\">\n\n\t\t\t\t\t\n\t\t\t\t\t\t<div class=\"post-item-left\">\n\t\t\t\t\t\t\t<div class=\"post_details\">\n\t\t\t\t\t\t\t\t<h2 class=\"post-title-alt\"><a\n\t\t\t\t\t\t\t\t\t\thref=\"https:\/\/www.unioviedo.es\/gelp\/dra-maria-del-mar-gonzalez-has-joined-gelp-research-group\/\"\n\t\t\t\t\t\t\t\t\t\ttitle=\"Dra. Mar\u00eda del Mar Gonz\u00e1lez has joined GELP Research Group\">Dra. Mar\u00eda del Mar Gonz\u00e1lez has joined GELP Research Group<\/a>\n\t\t\t\t\t\t\t\t<\/h2>\n\t\t\t\t\t\t\t\t\t\t\t\t\t\t\t\t\t<div class=\"post-meta\">\n\t\t\t\t\t\t\t\t\t\t\t\t\t\t\t\t\t\t\t\t\t<span class=\"kc-post-author\"><i class=\"fa fa-user\"><\/i>  <a\n\t\t\t\t\t\t\t\t\t\t\t\thref=\"https:\/\/www.unioviedo.es\/gelp\/author\/gelpadmin\/\"\n\t\t\t\t\t\t\t\t\t\t\t\ttitle=\"Posts by Gelp\"\n\t\t\t\t\t\t\t\t\t\t\t\trel=\"author\">Gelp<\/a><\/span>\n\t\t\t\t\t\t\t\t\t\t\t\t\t\t\t\t\t\t\t\t\t\t\t\t\t\t\t\t\t\t\t<span class=\"post-date\"><i class=\"fa fa-clock-o\"><\/i> <a\n\t\t\t\t\t\t\t\t\t\t\t\thref=\"https:\/\/www.unioviedo.es\/gelp\/2023\/07\/\">julio 12 2023<\/a> <\/span>\n\t\t\t\t\t\t\t\t\t\t\t\t\t\t\t\t\t\t\t\t\t\t\t\t\t\t\t\t\t\t\t\t\t\t\t\t\t\t\t\t\t\t\t<span class=\"post-cats\"><i class=\"fa fa-folder-o\"\n\t\t\t\t\t\t\t\t\t\t\t                           aria-hidden=\"true\"><\/i> <a href=\"https:\/\/www.unioviedo.es\/gelp\/category\/news\/\" rel=\"category tag\">News<\/a>, <a href=\"https:\/\/www.unioviedo.es\/gelp\/category\/publicaciones-recientes\/\" rel=\"category tag\">Publicaciones recientes<\/a><\/span>\n\t\t\t\t\t\t\t\t\t\t\t\t\t\t\t\t\t\t\t\t\t\t\t\t\t\t\t\t\t\t<\/div>\n\t\t\t\t\t\t\t\t\t\t\t\t\t\t\t<\/div>\n\t\t\t\t\t\t\t\t\t\t\t\t\t\t\t<p>We are glad to let you know that we have a new member in our rearch team! Dra. Mar\u00eda del&hellip;<\/p>\n\t\t\t\t\t\t\t\t\t\t\t\t\t\t<a href=\"https:\/\/www.unioviedo.es\/gelp\/dra-maria-del-mar-gonzalez-has-joined-gelp-research-group\/\"\n\t\t\t\t\t\t\t   class=\"kc-post-2-button\">Read more <i\n\t\t\t\t\t\t\t\t\tclass=\"fa fa-angle-right\" aria-hidden=\"true\"><\/i><\/a>\n\t\t\t\t\t\t\t\t\t\t\t\t\t<\/div>\n\t\t\t\t\t\t<div class=\"post-item-right\">\n\t\t\t\t\t\t\t<figure>\n\t\t\t\t\t\t\t\t<img decoding=\"async\" src=\"https:\/\/www.unioviedo.es\/gelp\/wp-content\/uploads\/2019\/03\/Imagen1-543x304xct.jpg\"\n\t\t\t\t\t\t\t\t     alt=\"Dra. Mar\u00eda del Mar Gonz\u00e1lez has joined GELP Research Group\">\n\t\t\t\t\t\t\t<\/figure>\n\t\t\t\t\t\t<\/div>\n\n\t\t\t\t\t\n\t\t\t\t<\/div>\n\n\t\t\t\t\n\t\t\t\t<div class=\"kc-list-item-2\">\n\n\t\t\t\t\t\t\t\t\t\t\t\t\t\t\t\t\t\t<div class=\"post-item-left\">\n\t\t\t\t\t\t\t\t<figure>\n\t\t\t\t\t\t\t\t\t<img decoding=\"async\" src=\"https:\/\/www.unioviedo.es\/gelp\/wp-content\/uploads\/2023\/08\/DSC_0377-543x304xct.jpg\"\n\t\t\t\t\t\t\t\t\t     alt=\"Cristina M\u00e9ndez has joined BAM for a short stay\">\n\t\t\t\t\t\t\t\t<\/figure>\n\t\t\t\t\t\t\t<\/div>\n\t\t\t\t\t\t\t\t\t\t\t\t<div class=\"post-item-right\">\n\t\t\t\t\t\t\t<div class=\"post_details\">\n\t\t\t\t\t\t\t\t<h2 class=\"post-title-alt\"><a\n\t\t\t\t\t\t\t\t\t\thref=\"https:\/\/www.unioviedo.es\/gelp\/cristina-mendez-bam\/\"\n\t\t\t\t\t\t\t\t\t\ttitle=\"Cristina M\u00e9ndez has joined BAM for a short stay\">Cristina M\u00e9ndez has joined BAM for a short stay<\/a>\n\t\t\t\t\t\t\t\t<\/h2>\n\n\t\t\t\t\t\t\t\t\t\t\t\t\t\t\t\t\t<div class=\"post-meta\">\n\t\t\t\t\t\t\t\t\t\t\t\t\t\t\t\t\t\t\t\t\t<span class=\"kc-post-author\"><i class=\"fa fa-user\"><\/i>  <a\n\t\t\t\t\t\t\t\t\t\t\t\thref=\"https:\/\/www.unioviedo.es\/gelp\/author\/gelpadmin\/\"\n\t\t\t\t\t\t\t\t\t\t\t\ttitle=\"Posts by Gelp\"\n\t\t\t\t\t\t\t\t\t\t\t\trel=\"author\">Gelp<\/a><\/span>\n\t\t\t\t\t\t\t\t\t\t\t\t\t\t\t\t\t\t\t\t\t\t\t\t\t\t\t\t\t\t\t<span class=\"post-date\"><i class=\"fa fa-clock-o\"><\/i> <a\n\t\t\t\t\t\t\t\t\t\t\t\thref=\"https:\/\/www.unioviedo.es\/gelp\/2023\/06\/\">junio 1 2023<\/a> <\/span>\n\t\t\t\t\t\t\t\t\t\t\t\t\t\t\t\t\t\t\t\t\t\t\t\t\t\t\t\t\t\t\t\t\t\t\t\t\t\t\t\t\t\t\t<span class=\"post-cats\"><i class=\"fa fa-folder-o\"\n\t\t\t\t\t\t\t\t\t\t\t\t                           aria-hidden=\"true\"><\/i> <a href=\"https:\/\/www.unioviedo.es\/gelp\/category\/news\/\" rel=\"category tag\">News<\/a>, <a href=\"https:\/\/www.unioviedo.es\/gelp\/category\/publicaciones-recientes\/\" rel=\"category tag\">Publicaciones recientes<\/a><\/span>\n\t\t\t\t\t\t\t\t\t\t\t\t\t\t\t\t\t\t\t\t\t\t\t\t\t\t\t\t\t\t<\/div>\n\t\t\t\t\t\t\t\t\t\t\t\t\t\t\t<\/div>\n\t\t\t\t\t\t\t\t\t\t\t\t\t\t\t<p>Cristina M\u00e9ndez has joined Division 1.3 Instrumental Analytics, lead by Dr. Jens Riedel at BAM (Bundesanstalt f\u00fcr Materialforschung und -pr\u00fcfung),&hellip;<\/p>\n\t\t\t\t\t\t\t\t\t\t\t\t\t\t<a href=\"https:\/\/www.unioviedo.es\/gelp\/cristina-mendez-bam\/\"\n\t\t\t\t\t\t\t   class=\"kc-post-2-button\">Read more <i\n\t\t\t\t\t\t\t\t\tclass=\"fa fa-angle-right\" aria-hidden=\"true\"><\/i><\/a>\n\t\t\t\t\t\t\t\t\t\t\t\t\t<\/div>\n\n\t\t\t\t\t\n\t\t\t\t<\/div>\n\n\t\t\t\t\n\t\t\t\t<div class=\"kc-list-item-2\">\n\n\t\t\t\t\t\n\t\t\t\t\t\t<div class=\"post-item-left\">\n\t\t\t\t\t\t\t<div class=\"post_details\">\n\t\t\t\t\t\t\t\t<h2 class=\"post-title-alt\"><a\n\t\t\t\t\t\t\t\t\t\thref=\"https:\/\/www.unioviedo.es\/gelp\/postdoc-position-available-at-gelp-research-group\/\"\n\t\t\t\t\t\t\t\t\t\ttitle=\"Postdoc Position Available at GELP Research Group\">Postdoc Position Available at GELP Research Group<\/a>\n\t\t\t\t\t\t\t\t<\/h2>\n\t\t\t\t\t\t\t\t\t\t\t\t\t\t\t\t\t<div class=\"post-meta\">\n\t\t\t\t\t\t\t\t\t\t\t\t\t\t\t\t\t\t\t\t\t<span class=\"kc-post-author\"><i class=\"fa fa-user\"><\/i>  <a\n\t\t\t\t\t\t\t\t\t\t\t\thref=\"https:\/\/www.unioviedo.es\/gelp\/author\/gelpadmin\/\"\n\t\t\t\t\t\t\t\t\t\t\t\ttitle=\"Posts by Gelp\"\n\t\t\t\t\t\t\t\t\t\t\t\trel=\"author\">Gelp<\/a><\/span>\n\t\t\t\t\t\t\t\t\t\t\t\t\t\t\t\t\t\t\t\t\t\t\t\t\t\t\t\t\t\t\t<span class=\"post-date\"><i class=\"fa fa-clock-o\"><\/i> <a\n\t\t\t\t\t\t\t\t\t\t\t\thref=\"https:\/\/www.unioviedo.es\/gelp\/2023\/04\/\">abril 14 2023<\/a> <\/span>\n\t\t\t\t\t\t\t\t\t\t\t\t\t\t\t\t\t\t\t\t\t\t\t\t\t\t\t\t\t\t\t\t\t\t\t\t\t\t\t\t\t\t\t<span class=\"post-cats\"><i class=\"fa fa-folder-o\"\n\t\t\t\t\t\t\t\t\t\t\t                           aria-hidden=\"true\"><\/i> <a href=\"https:\/\/www.unioviedo.es\/gelp\/category\/news\/\" rel=\"category tag\">News<\/a>, <a href=\"https:\/\/www.unioviedo.es\/gelp\/category\/publicaciones-recientes\/\" rel=\"category tag\">Publicaciones recientes<\/a><\/span>\n\t\t\t\t\t\t\t\t\t\t\t\t\t\t\t\t\t\t\t\t\t\t\t\t\t\t\t\t\t\t<\/div>\n\t\t\t\t\t\t\t\t\t\t\t\t\t\t\t<\/div>\n\t\t\t\t\t\t\t\t\t\t\t\t\t\t\t<p>We are hiring! We offer a postdoc position to join our research project: \"Development of a spectroscopy-based portable and automatized&hellip;<\/p>\n\t\t\t\t\t\t\t\t\t\t\t\t\t\t<a href=\"https:\/\/www.unioviedo.es\/gelp\/postdoc-position-available-at-gelp-research-group\/\"\n\t\t\t\t\t\t\t   class=\"kc-post-2-button\">Read more <i\n\t\t\t\t\t\t\t\t\tclass=\"fa fa-angle-right\" aria-hidden=\"true\"><\/i><\/a>\n\t\t\t\t\t\t\t\t\t\t\t\t\t<\/div>\n\t\t\t\t\t\t<div class=\"post-item-right\">\n\t\t\t\t\t\t\t<figure>\n\t\t\t\t\t\t\t\t<img decoding=\"async\" src=\"\"\n\t\t\t\t\t\t\t\t     alt=\"Postdoc Position Available at GELP Research Group\">\n\t\t\t\t\t\t\t<\/figure>\n\t\t\t\t\t\t<\/div>\n\n\t\t\t\t\t\n\t\t\t\t<\/div>\n\n\t\t\t\t\n\t\t\t\t<div class=\"kc-list-item-2\">\n\n\t\t\t\t\t\t\t\t\t\t\t\t\t\t\t\t\t\t<div class=\"post-item-left\">\n\t\t\t\t\t\t\t\t<figure>\n\t\t\t\t\t\t\t\t\t<img decoding=\"async\" src=\"https:\/\/www.unioviedo.es\/gelp\/wp-content\/uploads\/2023\/03\/SAS-Student-Award-Winner-Letter_Cristina-M-Lopez_2023_2-543x304xct.jpg\"\n\t\t\t\t\t\t\t\t\t     alt=\"Cristina M\u00e9ndez has been awarded by the American Society for Applied Spectroscopy!\">\n\t\t\t\t\t\t\t\t<\/figure>\n\t\t\t\t\t\t\t<\/div>\n\t\t\t\t\t\t\t\t\t\t\t\t<div class=\"post-item-right\">\n\t\t\t\t\t\t\t<div class=\"post_details\">\n\t\t\t\t\t\t\t\t<h2 class=\"post-title-alt\"><a\n\t\t\t\t\t\t\t\t\t\thref=\"https:\/\/www.unioviedo.es\/gelp\/cristina-mendez-has-been-awarded-by-the-american-society-for-applied-spectroscopy\/\"\n\t\t\t\t\t\t\t\t\t\ttitle=\"Cristina M\u00e9ndez has been awarded by the American Society for Applied Spectroscopy!\">Cristina M\u00e9ndez has been awarded by the American Society for Applied Spectroscopy!<\/a>\n\t\t\t\t\t\t\t\t<\/h2>\n\n\t\t\t\t\t\t\t\t\t\t\t\t\t\t\t\t\t<div class=\"post-meta\">\n\t\t\t\t\t\t\t\t\t\t\t\t\t\t\t\t\t\t\t\t\t<span class=\"kc-post-author\"><i class=\"fa fa-user\"><\/i>  <a\n\t\t\t\t\t\t\t\t\t\t\t\thref=\"https:\/\/www.unioviedo.es\/gelp\/author\/gelpadmin\/\"\n\t\t\t\t\t\t\t\t\t\t\t\ttitle=\"Posts by Gelp\"\n\t\t\t\t\t\t\t\t\t\t\t\trel=\"author\">Gelp<\/a><\/span>\n\t\t\t\t\t\t\t\t\t\t\t\t\t\t\t\t\t\t\t\t\t\t\t\t\t\t\t\t\t\t\t<span class=\"post-date\"><i class=\"fa fa-clock-o\"><\/i> <a\n\t\t\t\t\t\t\t\t\t\t\t\thref=\"https:\/\/www.unioviedo.es\/gelp\/2023\/03\/\">marzo 31 2023<\/a> <\/span>\n\t\t\t\t\t\t\t\t\t\t\t\t\t\t\t\t\t\t\t\t\t\t\t\t\t\t\t\t\t\t\t\t\t\t\t\t\t\t\t\t\t\t\t<span class=\"post-cats\"><i class=\"fa fa-folder-o\"\n\t\t\t\t\t\t\t\t\t\t\t\t                           aria-hidden=\"true\"><\/i> <a href=\"https:\/\/www.unioviedo.es\/gelp\/category\/news\/\" rel=\"category tag\">News<\/a>, <a href=\"https:\/\/www.unioviedo.es\/gelp\/category\/publicaciones-recientes\/\" rel=\"category tag\">Publicaciones recientes<\/a><\/span>\n\t\t\t\t\t\t\t\t\t\t\t\t\t\t\t\t\t\t\t\t\t\t\t\t\t\t\t\t\t\t<\/div>\n\t\t\t\t\t\t\t\t\t\t\t\t\t\t\t<\/div>\n\t\t\t\t\t\t\t\t\t\t\t\t\t\t\t<p>2023 Society for Applied Spectroscopy- Atomic Section Student Award given to Cristina M\u00e9ndez from GELP Research Group. As part of&hellip;<\/p>\n\t\t\t\t\t\t\t\t\t\t\t\t\t\t<a href=\"https:\/\/www.unioviedo.es\/gelp\/cristina-mendez-has-been-awarded-by-the-american-society-for-applied-spectroscopy\/\"\n\t\t\t\t\t\t\t   class=\"kc-post-2-button\">Read more <i\n\t\t\t\t\t\t\t\t\tclass=\"fa fa-angle-right\" aria-hidden=\"true\"><\/i><\/a>\n\t\t\t\t\t\t\t\t\t\t\t\t\t<\/div>\n\n\t\t\t\t\t\n\t\t\t\t<\/div>\n\n\t\t\t\t\n\t\t\t\t<div class=\"kc-list-item-2\">\n\n\t\t\t\t\t\n\t\t\t\t\t\t<div class=\"post-item-left\">\n\t\t\t\t\t\t\t<div class=\"post_details\">\n\t\t\t\t\t\t\t\t<h2 class=\"post-title-alt\"><a\n\t\t\t\t\t\t\t\t\t\thref=\"https:\/\/www.unioviedo.es\/gelp\/dr-luis-javier-has-finished-phd\/\"\n\t\t\t\t\t\t\t\t\t\ttitle=\"Congratulations Dr. Fern\u00e1ndez-Men\u00e9ndez!!\">Congratulations Dr. Fern\u00e1ndez-Men\u00e9ndez!!<\/a>\n\t\t\t\t\t\t\t\t<\/h2>\n\t\t\t\t\t\t\t\t\t\t\t\t\t\t\t\t\t<div class=\"post-meta\">\n\t\t\t\t\t\t\t\t\t\t\t\t\t\t\t\t\t\t\t\t\t<span class=\"kc-post-author\"><i class=\"fa fa-user\"><\/i>  <a\n\t\t\t\t\t\t\t\t\t\t\t\thref=\"https:\/\/www.unioviedo.es\/gelp\/author\/gelpadmin\/\"\n\t\t\t\t\t\t\t\t\t\t\t\ttitle=\"Posts by Gelp\"\n\t\t\t\t\t\t\t\t\t\t\t\trel=\"author\">Gelp<\/a><\/span>\n\t\t\t\t\t\t\t\t\t\t\t\t\t\t\t\t\t\t\t\t\t\t\t\t\t\t\t\t\t\t\t<span class=\"post-date\"><i class=\"fa fa-clock-o\"><\/i> <a\n\t\t\t\t\t\t\t\t\t\t\t\thref=\"https:\/\/www.unioviedo.es\/gelp\/2023\/03\/\">marzo 6 2023<\/a> <\/span>\n\t\t\t\t\t\t\t\t\t\t\t\t\t\t\t\t\t\t\t\t\t\t\t\t\t\t\t\t\t\t\t\t\t\t\t\t\t\t\t\t\t\t\t<span class=\"post-cats\"><i class=\"fa fa-folder-o\"\n\t\t\t\t\t\t\t\t\t\t\t                           aria-hidden=\"true\"><\/i> <a href=\"https:\/\/www.unioviedo.es\/gelp\/category\/news\/\" rel=\"category tag\">News<\/a><\/span>\n\t\t\t\t\t\t\t\t\t\t\t\t\t\t\t\t\t\t\t\t\t\t\t\t\t\t\t\t\t\t<\/div>\n\t\t\t\t\t\t\t\t\t\t\t\t\t\t\t<\/div>\n\t\t\t\t\t\t\t\t\t\t\t\t\t\t\t<p>Luis J. Fern\u00e1ndez-Men\u00e9ndez has succesfully defended his thesis Laser-Induced Breakdown Spectrosocpy (LIBS) for halogen detection using molecular emission\u00a0(Espectroscop\u00eda de plasmas&hellip;<\/p>\n\t\t\t\t\t\t\t\t\t\t\t\t\t\t<a href=\"https:\/\/www.unioviedo.es\/gelp\/dr-luis-javier-has-finished-phd\/\"\n\t\t\t\t\t\t\t   class=\"kc-post-2-button\">Read more <i\n\t\t\t\t\t\t\t\t\tclass=\"fa fa-angle-right\" aria-hidden=\"true\"><\/i><\/a>\n\t\t\t\t\t\t\t\t\t\t\t\t\t<\/div>\n\t\t\t\t\t\t<div class=\"post-item-right\">\n\t\t\t\t\t\t\t<figure>\n\t\t\t\t\t\t\t\t<img decoding=\"async\" src=\"https:\/\/www.unioviedo.es\/gelp\/wp-content\/uploads\/2023\/03\/foto_destacada-e1678104710539-543x304xct.jpg\"\n\t\t\t\t\t\t\t\t     alt=\"Congratulations Dr. Fern\u00e1ndez-Men\u00e9ndez!!\">\n\t\t\t\t\t\t\t<\/figure>\n\t\t\t\t\t\t<\/div>\n\n\t\t\t\t\t\n\t\t\t\t<\/div>\n\n\t\t\t\t\n\t\t\t\t<div class=\"kc-list-item-2\">\n\n\t\t\t\t\t\t\t\t\t\t\t\t\t\t\t\t\t\t<div class=\"post-item-left\">\n\t\t\t\t\t\t\t\t<figure>\n\t\t\t\t\t\t\t\t\t<img decoding=\"async\" src=\"https:\/\/www.unioviedo.es\/gelp\/wp-content\/uploads\/2023\/02\/871561361742_cfakepathnoticias_2edicion-543x304xct.jpg\"\n\t\t\t\t\t\t\t\t\t     alt=\"Ana M\u00e9ndez and Jorge Pisonero featured in local TPA news to discuss their work in Nature Communications paper\">\n\t\t\t\t\t\t\t\t<\/figure>\n\t\t\t\t\t\t\t<\/div>\n\t\t\t\t\t\t\t\t\t\t\t\t<div class=\"post-item-right\">\n\t\t\t\t\t\t\t<div class=\"post_details\">\n\t\t\t\t\t\t\t\t<h2 class=\"post-title-alt\"><a\n\t\t\t\t\t\t\t\t\t\thref=\"https:\/\/www.unioviedo.es\/gelp\/tpa_ana_pisonero_nature\/\"\n\t\t\t\t\t\t\t\t\t\ttitle=\"Ana M\u00e9ndez and Jorge Pisonero featured in local TPA news to discuss their work in Nature Communications paper\">Ana M\u00e9ndez and Jorge Pisonero featured in local TPA news to discuss their work in Nature Communications paper<\/a>\n\t\t\t\t\t\t\t\t<\/h2>\n\n\t\t\t\t\t\t\t\t\t\t\t\t\t\t\t\t\t<div class=\"post-meta\">\n\t\t\t\t\t\t\t\t\t\t\t\t\t\t\t\t\t\t\t\t\t<span class=\"kc-post-author\"><i class=\"fa fa-user\"><\/i>  <a\n\t\t\t\t\t\t\t\t\t\t\t\thref=\"https:\/\/www.unioviedo.es\/gelp\/author\/gelpadmin\/\"\n\t\t\t\t\t\t\t\t\t\t\t\ttitle=\"Posts by Gelp\"\n\t\t\t\t\t\t\t\t\t\t\t\trel=\"author\">Gelp<\/a><\/span>\n\t\t\t\t\t\t\t\t\t\t\t\t\t\t\t\t\t\t\t\t\t\t\t\t\t\t\t\t\t\t\t<span class=\"post-date\"><i class=\"fa fa-clock-o\"><\/i> <a\n\t\t\t\t\t\t\t\t\t\t\t\thref=\"https:\/\/www.unioviedo.es\/gelp\/2023\/02\/\">febrero 22 2023<\/a> <\/span>\n\t\t\t\t\t\t\t\t\t\t\t\t\t\t\t\t\t\t\t\t\t\t\t\t\t\t\t\t\t\t\t\t\t\t\t\t\t\t\t\t\t\t\t<span class=\"post-cats\"><i class=\"fa fa-folder-o\"\n\t\t\t\t\t\t\t\t\t\t\t\t                           aria-hidden=\"true\"><\/i> <a href=\"https:\/\/www.unioviedo.es\/gelp\/category\/news\/\" rel=\"category tag\">News<\/a><\/span>\n\t\t\t\t\t\t\t\t\t\t\t\t\t\t\t\t\t\t\t\t\t\t\t\t\t\t\t\t\t\t<\/div>\n\t\t\t\t\t\t\t\t\t\t\t\t\t\t\t<\/div>\n\t\t\t\t\t\t\t\t\t\t\t\t\t\t\t<p>Local news channel TPA visited the Laser Ablation laboratory in Mieres to interview SCTs Technician and GELP-collaborator Ana M\u00e9ndez and&hellip;<\/p>\n\t\t\t\t\t\t\t\t\t\t\t\t\t\t<a href=\"https:\/\/www.unioviedo.es\/gelp\/tpa_ana_pisonero_nature\/\"\n\t\t\t\t\t\t\t   class=\"kc-post-2-button\">Read more <i\n\t\t\t\t\t\t\t\t\tclass=\"fa fa-angle-right\" aria-hidden=\"true\"><\/i><\/a>\n\t\t\t\t\t\t\t\t\t\t\t\t\t<\/div>\n\n\t\t\t\t\t\n\t\t\t\t<\/div>\n\n\t\t\t\t\n\t\t\t\t<div class=\"kc-list-item-2\">\n\n\t\t\t\t\t\n\t\t\t\t\t\t<div class=\"post-item-left\">\n\t\t\t\t\t\t\t<div class=\"post_details\">\n\t\t\t\t\t\t\t\t<h2 class=\"post-title-alt\"><a\n\t\t\t\t\t\t\t\t\t\thref=\"https:\/\/www.unioviedo.es\/gelp\/collaboration_paper_nature\/\"\n\t\t\t\t\t\t\t\t\t\ttitle=\"Collaboration paper featuring Ana M\u00e9ndez and Jorge Pisonero published by Nature Communications!\">Collaboration paper featuring Ana M\u00e9ndez and Jorge Pisonero published by Nature Communications!<\/a>\n\t\t\t\t\t\t\t\t<\/h2>\n\t\t\t\t\t\t\t\t\t\t\t\t\t\t\t\t\t<div class=\"post-meta\">\n\t\t\t\t\t\t\t\t\t\t\t\t\t\t\t\t\t\t\t\t\t<span class=\"kc-post-author\"><i class=\"fa fa-user\"><\/i>  <a\n\t\t\t\t\t\t\t\t\t\t\t\thref=\"https:\/\/www.unioviedo.es\/gelp\/author\/gelpadmin\/\"\n\t\t\t\t\t\t\t\t\t\t\t\ttitle=\"Posts by Gelp\"\n\t\t\t\t\t\t\t\t\t\t\t\trel=\"author\">Gelp<\/a><\/span>\n\t\t\t\t\t\t\t\t\t\t\t\t\t\t\t\t\t\t\t\t\t\t\t\t\t\t\t\t\t\t\t<span class=\"post-date\"><i class=\"fa fa-clock-o\"><\/i> <a\n\t\t\t\t\t\t\t\t\t\t\t\thref=\"https:\/\/www.unioviedo.es\/gelp\/2023\/02\/\">febrero 22 2023<\/a> <\/span>\n\t\t\t\t\t\t\t\t\t\t\t\t\t\t\t\t\t\t\t\t\t\t\t\t\t\t\t\t\t\t\t\t\t\t\t\t\t\t\t\t\t\t\t<span class=\"post-cats\"><i class=\"fa fa-folder-o\"\n\t\t\t\t\t\t\t\t\t\t\t                           aria-hidden=\"true\"><\/i> <a href=\"https:\/\/www.unioviedo.es\/gelp\/category\/news\/\" rel=\"category tag\">News<\/a><\/span>\n\t\t\t\t\t\t\t\t\t\t\t\t\t\t\t\t\t\t\t\t\t\t\t\t\t\t\t\t\t\t<\/div>\n\t\t\t\t\t\t\t\t\t\t\t\t\t\t\t<\/div>\n\t\t\t\t\t\t\t\t\t\t\t\t\t\t\t<p>Collaboration paper Long-term platinum-based drug accumulation in cancer-associated fibroblasts promotes colorectal cancer progression and resistance to therapy featuring Ana M\u00e9ndez&hellip;<\/p>\n\t\t\t\t\t\t\t\t\t\t\t\t\t\t<a href=\"https:\/\/www.unioviedo.es\/gelp\/collaboration_paper_nature\/\"\n\t\t\t\t\t\t\t   class=\"kc-post-2-button\">Read more <i\n\t\t\t\t\t\t\t\t\tclass=\"fa fa-angle-right\" aria-hidden=\"true\"><\/i><\/a>\n\t\t\t\t\t\t\t\t\t\t\t\t\t<\/div>\n\t\t\t\t\t\t<div class=\"post-item-right\">\n\t\t\t\t\t\t\t<figure>\n\t\t\t\t\t\t\t\t<img decoding=\"async\" src=\"https:\/\/www.unioviedo.es\/gelp\/wp-content\/uploads\/2023\/02\/nature-543x304xct.png\"\n\t\t\t\t\t\t\t\t     alt=\"Collaboration paper featuring Ana M\u00e9ndez and Jorge Pisonero published by Nature Communications!\">\n\t\t\t\t\t\t\t<\/figure>\n\t\t\t\t\t\t<\/div>\n\n\t\t\t\t\t\n\t\t\t\t<\/div>\n\n\t\t\t\t\n\t\t\t\t<div class=\"kc-list-item-2\">\n\n\t\t\t\t\t\t\t\t\t\t\t\t\t\t\t\t\t\t<div class=\"post-item-left\">\n\t\t\t\t\t\t\t\t<figure>\n\t\t\t\t\t\t\t\t\t<img decoding=\"async\" src=\"https:\/\/www.unioviedo.es\/gelp\/wp-content\/uploads\/2023\/02\/Sin-t\u00edtulo-543x304xct.png\"\n\t\t\t\t\t\t\t\t\t     alt=\"Luis Javier is one step closer to finishing his PhD!\">\n\t\t\t\t\t\t\t\t<\/figure>\n\t\t\t\t\t\t\t<\/div>\n\t\t\t\t\t\t\t\t\t\t\t\t<div class=\"post-item-right\">\n\t\t\t\t\t\t\t<div class=\"post_details\">\n\t\t\t\t\t\t\t\t<h2 class=\"post-title-alt\"><a\n\t\t\t\t\t\t\t\t\t\thref=\"https:\/\/www.unioviedo.es\/gelp\/luisja-tesis\/\"\n\t\t\t\t\t\t\t\t\t\ttitle=\"Luis Javier is one step closer to finishing his PhD!\">Luis Javier is one step closer to finishing his PhD!<\/a>\n\t\t\t\t\t\t\t\t<\/h2>\n\n\t\t\t\t\t\t\t\t\t\t\t\t\t\t\t\t\t<div class=\"post-meta\">\n\t\t\t\t\t\t\t\t\t\t\t\t\t\t\t\t\t\t\t\t\t<span class=\"kc-post-author\"><i class=\"fa fa-user\"><\/i>  <a\n\t\t\t\t\t\t\t\t\t\t\t\thref=\"https:\/\/www.unioviedo.es\/gelp\/author\/gelpadmin\/\"\n\t\t\t\t\t\t\t\t\t\t\t\ttitle=\"Posts by Gelp\"\n\t\t\t\t\t\t\t\t\t\t\t\trel=\"author\">Gelp<\/a><\/span>\n\t\t\t\t\t\t\t\t\t\t\t\t\t\t\t\t\t\t\t\t\t\t\t\t\t\t\t\t\t\t\t<span class=\"post-date\"><i class=\"fa fa-clock-o\"><\/i> <a\n\t\t\t\t\t\t\t\t\t\t\t\thref=\"https:\/\/www.unioviedo.es\/gelp\/2023\/02\/\">febrero 17 2023<\/a> <\/span>\n\t\t\t\t\t\t\t\t\t\t\t\t\t\t\t\t\t\t\t\t\t\t\t\t\t\t\t\t\t\t\t\t\t\t\t\t\t\t\t\t\t\t\t<span class=\"post-cats\"><i class=\"fa fa-folder-o\"\n\t\t\t\t\t\t\t\t\t\t\t\t                           aria-hidden=\"true\"><\/i> <a href=\"https:\/\/www.unioviedo.es\/gelp\/category\/news\/\" rel=\"category tag\">News<\/a><\/span>\n\t\t\t\t\t\t\t\t\t\t\t\t\t\t\t\t\t\t\t\t\t\t\t\t\t\t\t\t\t\t<\/div>\n\t\t\t\t\t\t\t\t\t\t\t\t\t\t\t<\/div>\n\t\t\t\t\t\t\t\t\t\t\t\t\t\t\t<p>GELP student Luis J. Fern\u00e1ndez-Men\u00e9ndez has already finished his Thesis manuscript entitled Laser-Induced Breakdown Spectrosocpy (LIBS) for halogen detection using&hellip;<\/p>\n\t\t\t\t\t\t\t\t\t\t\t\t\t\t<a href=\"https:\/\/www.unioviedo.es\/gelp\/luisja-tesis\/\"\n\t\t\t\t\t\t\t   class=\"kc-post-2-button\">Read more <i\n\t\t\t\t\t\t\t\t\tclass=\"fa fa-angle-right\" aria-hidden=\"true\"><\/i><\/a>\n\t\t\t\t\t\t\t\t\t\t\t\t\t<\/div>\n\n\t\t\t\t\t\n\t\t\t\t<\/div>\n\n\t\t\t\t\n\t\t\t\t<div class=\"kc-list-item-2\">\n\n\t\t\t\t\t\n\t\t\t\t\t\t<div class=\"post-item-left\">\n\t\t\t\t\t\t\t<div class=\"post_details\">\n\t\t\t\t\t\t\t\t<h2 class=\"post-title-alt\"><a\n\t\t\t\t\t\t\t\t\t\thref=\"https:\/\/www.unioviedo.es\/gelp\/ewcps2023\/\"\n\t\t\t\t\t\t\t\t\t\ttitle=\"Back from the European Winter Conference on Plasma Spectrochemistry!\">Back from the European Winter Conference on Plasma Spectrochemistry!<\/a>\n\t\t\t\t\t\t\t\t<\/h2>\n\t\t\t\t\t\t\t\t\t\t\t\t\t\t\t\t\t<div class=\"post-meta\">\n\t\t\t\t\t\t\t\t\t\t\t\t\t\t\t\t\t\t\t\t\t<span class=\"kc-post-author\"><i class=\"fa fa-user\"><\/i>  <a\n\t\t\t\t\t\t\t\t\t\t\t\thref=\"https:\/\/www.unioviedo.es\/gelp\/author\/gelpadmin\/\"\n\t\t\t\t\t\t\t\t\t\t\t\ttitle=\"Posts by Gelp\"\n\t\t\t\t\t\t\t\t\t\t\t\trel=\"author\">Gelp<\/a><\/span>\n\t\t\t\t\t\t\t\t\t\t\t\t\t\t\t\t\t\t\t\t\t\t\t\t\t\t\t\t\t\t\t<span class=\"post-date\"><i class=\"fa fa-clock-o\"><\/i> <a\n\t\t\t\t\t\t\t\t\t\t\t\thref=\"https:\/\/www.unioviedo.es\/gelp\/2023\/02\/\">febrero 17 2023<\/a> <\/span>\n\t\t\t\t\t\t\t\t\t\t\t\t\t\t\t\t\t\t\t\t\t\t\t\t\t\t\t\t\t\t\t\t\t\t\t\t\t\t\t\t\t\t\t<span class=\"post-cats\"><i class=\"fa fa-folder-o\"\n\t\t\t\t\t\t\t\t\t\t\t                           aria-hidden=\"true\"><\/i> <a href=\"https:\/\/www.unioviedo.es\/gelp\/category\/news\/\" rel=\"category tag\">News<\/a><\/span>\n\t\t\t\t\t\t\t\t\t\t\t\t\t\t\t\t\t\t\t\t\t\t\t\t\t\t\t\t\t\t<\/div>\n\t\t\t\t\t\t\t\t\t\t\t\t\t\t\t<\/div>\n\t\t\t\t\t\t\t\t\t\t\t\t\t\t\t<p>The European Winter Conference on Plasma Spectrochemistry took place on January 30 - February 3 at Cankarjev dom in Ljubljana,&hellip;<\/p>\n\t\t\t\t\t\t\t\t\t\t\t\t\t\t<a href=\"https:\/\/www.unioviedo.es\/gelp\/ewcps2023\/\"\n\t\t\t\t\t\t\t   class=\"kc-post-2-button\">Read more <i\n\t\t\t\t\t\t\t\t\tclass=\"fa fa-angle-right\" aria-hidden=\"true\"><\/i><\/a>\n\t\t\t\t\t\t\t\t\t\t\t\t\t<\/div>\n\t\t\t\t\t\t<div class=\"post-item-right\">\n\t\t\t\t\t\t\t<figure>\n\t\t\t\t\t\t\t\t<img decoding=\"async\" src=\"https:\/\/www.unioviedo.es\/gelp\/wp-content\/uploads\/2023\/02\/winter-543x304xct.png\"\n\t\t\t\t\t\t\t\t     alt=\"Back from the European Winter Conference on Plasma Spectrochemistry!\">\n\t\t\t\t\t\t\t<\/figure>\n\t\t\t\t\t\t<\/div>\n\n\t\t\t\t\t\n\t\t\t\t<\/div>\n\n\t\t\t\t\n\t\t\t\t<div class=\"kc-list-item-2\">\n\n\t\t\t\t\t\t\t\t\t\t\t\t\t\t\t\t\t\t<div class=\"post-item-left\">\n\t\t\t\t\t\t\t\t<figure>\n\t\t\t\t\t\t\t\t\t<img decoding=\"async\" src=\"https:\/\/www.unioviedo.es\/gelp\/wp-content\/uploads\/2023\/02\/logo_multichem-543x304xct.jpeg\"\n\t\t\t\t\t\t\t\t\t     alt=\"GELP students have participated in the PhD Multidisciplinary Chemical Congress\">\n\t\t\t\t\t\t\t\t<\/figure>\n\t\t\t\t\t\t\t<\/div>\n\t\t\t\t\t\t\t\t\t\t\t\t<div class=\"post-item-right\">\n\t\t\t\t\t\t\t<div class=\"post_details\">\n\t\t\t\t\t\t\t\t<h2 class=\"post-title-alt\"><a\n\t\t\t\t\t\t\t\t\t\thref=\"https:\/\/www.unioviedo.es\/gelp\/phd_multidisciplinary_chemical_congress\/\"\n\t\t\t\t\t\t\t\t\t\ttitle=\"GELP students have participated in the PhD Multidisciplinary Chemical Congress\">GELP students have participated in the PhD Multidisciplinary Chemical Congress<\/a>\n\t\t\t\t\t\t\t\t<\/h2>\n\n\t\t\t\t\t\t\t\t\t\t\t\t\t\t\t\t\t<div class=\"post-meta\">\n\t\t\t\t\t\t\t\t\t\t\t\t\t\t\t\t\t\t\t\t\t<span class=\"kc-post-author\"><i class=\"fa fa-user\"><\/i>  <a\n\t\t\t\t\t\t\t\t\t\t\t\thref=\"https:\/\/www.unioviedo.es\/gelp\/author\/gelpadmin\/\"\n\t\t\t\t\t\t\t\t\t\t\t\ttitle=\"Posts by Gelp\"\n\t\t\t\t\t\t\t\t\t\t\t\trel=\"author\">Gelp<\/a><\/span>\n\t\t\t\t\t\t\t\t\t\t\t\t\t\t\t\t\t\t\t\t\t\t\t\t\t\t\t\t\t\t\t<span class=\"post-date\"><i class=\"fa fa-clock-o\"><\/i> <a\n\t\t\t\t\t\t\t\t\t\t\t\thref=\"https:\/\/www.unioviedo.es\/gelp\/2023\/02\/\">febrero 17 2023<\/a> <\/span>\n\t\t\t\t\t\t\t\t\t\t\t\t\t\t\t\t\t\t\t\t\t\t\t\t\t\t\t\t\t\t\t\t\t\t\t\t\t\t\t\t\t\t\t<span class=\"post-cats\"><i class=\"fa fa-folder-o\"\n\t\t\t\t\t\t\t\t\t\t\t\t                           aria-hidden=\"true\"><\/i> <a href=\"https:\/\/www.unioviedo.es\/gelp\/category\/news\/\" rel=\"category tag\">News<\/a><\/span>\n\t\t\t\t\t\t\t\t\t\t\t\t\t\t\t\t\t\t\t\t\t\t\t\t\t\t\t\t\t\t<\/div>\n\t\t\t\t\t\t\t\t\t\t\t\t\t\t\t<\/div>\n\t\t\t\t\t\t\t\t\t\t\t\t\t\t\t<p>The first edition of PhD Multidisciplinary Chemical Congress, aimed to PhD students pursuing their work in Chemistry and related fields&hellip;<\/p>\n\t\t\t\t\t\t\t\t\t\t\t\t\t\t<a href=\"https:\/\/www.unioviedo.es\/gelp\/phd_multidisciplinary_chemical_congress\/\"\n\t\t\t\t\t\t\t   class=\"kc-post-2-button\">Read more <i\n\t\t\t\t\t\t\t\t\tclass=\"fa fa-angle-right\" aria-hidden=\"true\"><\/i><\/a>\n\t\t\t\t\t\t\t\t\t\t\t\t\t<\/div>\n\n\t\t\t\t\t\n\t\t\t\t<\/div>\n\n\t\t\t\t\n\t\t\t\t<div class=\"kc-list-item-2\">\n\n\t\t\t\t\t\n\t\t\t\t\t\t<div class=\"post-item-left\">\n\t\t\t\t\t\t\t<div class=\"post_details\">\n\t\t\t\t\t\t\t\t<h2 class=\"post-title-alt\"><a\n\t\t\t\t\t\t\t\t\t\thref=\"https:\/\/www.unioviedo.es\/gelp\/congratulations-luis-for-another-remarkable-published-paper\/\"\n\t\t\t\t\t\t\t\t\t\ttitle=\"Congratulations Luis for another remarkable published paper!!\">Congratulations Luis for another remarkable published paper!!<\/a>\n\t\t\t\t\t\t\t\t<\/h2>\n\t\t\t\t\t\t\t\t\t\t\t\t\t\t\t\t\t<div class=\"post-meta\">\n\t\t\t\t\t\t\t\t\t\t\t\t\t\t\t\t\t\t\t\t\t<span class=\"kc-post-author\"><i class=\"fa fa-user\"><\/i>  <a\n\t\t\t\t\t\t\t\t\t\t\t\thref=\"https:\/\/www.unioviedo.es\/gelp\/author\/gelpadmin\/\"\n\t\t\t\t\t\t\t\t\t\t\t\ttitle=\"Posts by Gelp\"\n\t\t\t\t\t\t\t\t\t\t\t\trel=\"author\">Gelp<\/a><\/span>\n\t\t\t\t\t\t\t\t\t\t\t\t\t\t\t\t\t\t\t\t\t\t\t\t\t\t\t\t\t\t\t<span class=\"post-date\"><i class=\"fa fa-clock-o\"><\/i> <a\n\t\t\t\t\t\t\t\t\t\t\t\thref=\"https:\/\/www.unioviedo.es\/gelp\/2022\/12\/\">diciembre 22 2022<\/a> <\/span>\n\t\t\t\t\t\t\t\t\t\t\t\t\t\t\t\t\t\t\t\t\t\t\t\t\t\t\t\t\t\t\t\t\t\t\t\t\t\t\t\t\t\t\t<span class=\"post-cats\"><i class=\"fa fa-folder-o\"\n\t\t\t\t\t\t\t\t\t\t\t                           aria-hidden=\"true\"><\/i> <a href=\"https:\/\/www.unioviedo.es\/gelp\/category\/news\/\" rel=\"category tag\">News<\/a><\/span>\n\t\t\t\t\t\t\t\t\t\t\t\t\t\t\t\t\t\t\t\t\t\t\t\t\t\t\t\t\t\t<\/div>\n\t\t\t\t\t\t\t\t\t\t\t\t\t\t\t<\/div>\n\t\t\t\t\t\t\t\t\t\t\t\t\t\t\t<p>Improving Cl determination in cements by molecular LIBS using noble gas-enriched atmospheres and new approaches for interference removal Luis Javier&hellip;<\/p>\n\t\t\t\t\t\t\t\t\t\t\t\t\t\t<a href=\"https:\/\/www.unioviedo.es\/gelp\/congratulations-luis-for-another-remarkable-published-paper\/\"\n\t\t\t\t\t\t\t   class=\"kc-post-2-button\">Read more <i\n\t\t\t\t\t\t\t\t\tclass=\"fa fa-angle-right\" aria-hidden=\"true\"><\/i><\/a>\n\t\t\t\t\t\t\t\t\t\t\t\t\t<\/div>\n\t\t\t\t\t\t<div class=\"post-item-right\">\n\t\t\t\t\t\t\t<figure>\n\t\t\t\t\t\t\t\t<img decoding=\"async\" src=\"https:\/\/www.unioviedo.es\/gelp\/wp-content\/uploads\/2022\/12\/luisja-e1676638820445-543x304xct.jpg\"\n\t\t\t\t\t\t\t\t     alt=\"Congratulations Luis for another remarkable published paper!!\">\n\t\t\t\t\t\t\t<\/figure>\n\t\t\t\t\t\t<\/div>\n\n\t\t\t\t\t\n\t\t\t\t<\/div>\n\n\t\t\t\t\n\t\t\t\t<div class=\"kc-list-item-2\">\n\n\t\t\t\t\t\t\t\t\t\t\t\t\t\t\t\t\t\t<div class=\"post-item-left\">\n\t\t\t\t\t\t\t\t<figure>\n\t\t\t\t\t\t\t\t\t<img decoding=\"async\" src=\"https:\/\/www.unioviedo.es\/gelp\/wp-content\/uploads\/2022\/12\/CRISTINA_MENDEZ-543x304xct.jpg\"\n\t\t\t\t\t\t\t\t\t     alt=\"Congratulations Cristina M\u00e9ndez for this outstanding first author paper!!\">\n\t\t\t\t\t\t\t\t<\/figure>\n\t\t\t\t\t\t\t<\/div>\n\t\t\t\t\t\t\t\t\t\t\t\t<div class=\"post-item-right\">\n\t\t\t\t\t\t\t<div class=\"post_details\">\n\t\t\t\t\t\t\t\t<h2 class=\"post-title-alt\"><a\n\t\t\t\t\t\t\t\t\t\thref=\"https:\/\/www.unioviedo.es\/gelp\/congratulations-cristina-mendez-for-this-outstanding-first-author-paper\/\"\n\t\t\t\t\t\t\t\t\t\ttitle=\"Congratulations Cristina M\u00e9ndez for this outstanding first author paper!!\">Congratulations Cristina M\u00e9ndez for this outstanding first author paper!!<\/a>\n\t\t\t\t\t\t\t\t<\/h2>\n\n\t\t\t\t\t\t\t\t\t\t\t\t\t\t\t\t\t<div class=\"post-meta\">\n\t\t\t\t\t\t\t\t\t\t\t\t\t\t\t\t\t\t\t\t\t<span class=\"kc-post-author\"><i class=\"fa fa-user\"><\/i>  <a\n\t\t\t\t\t\t\t\t\t\t\t\thref=\"https:\/\/www.unioviedo.es\/gelp\/author\/gelpadmin\/\"\n\t\t\t\t\t\t\t\t\t\t\t\ttitle=\"Posts by Gelp\"\n\t\t\t\t\t\t\t\t\t\t\t\trel=\"author\">Gelp<\/a><\/span>\n\t\t\t\t\t\t\t\t\t\t\t\t\t\t\t\t\t\t\t\t\t\t\t\t\t\t\t\t\t\t\t<span class=\"post-date\"><i class=\"fa fa-clock-o\"><\/i> <a\n\t\t\t\t\t\t\t\t\t\t\t\thref=\"https:\/\/www.unioviedo.es\/gelp\/2022\/12\/\">diciembre 22 2022<\/a> <\/span>\n\t\t\t\t\t\t\t\t\t\t\t\t\t\t\t\t\t\t\t\t\t\t\t\t\t\t\t\t\t\t\t\t\t\t\t\t\t\t\t\t\t\t\t<span class=\"post-cats\"><i class=\"fa fa-folder-o\"\n\t\t\t\t\t\t\t\t\t\t\t\t                           aria-hidden=\"true\"><\/i> <a href=\"https:\/\/www.unioviedo.es\/gelp\/category\/news\/\" rel=\"category tag\">News<\/a><\/span>\n\t\t\t\t\t\t\t\t\t\t\t\t\t\t\t\t\t\t\t\t\t\t\t\t\t\t\t\t\t\t<\/div>\n\t\t\t\t\t\t\t\t\t\t\t\t\t\t\t<\/div>\n\t\t\t\t\t\t\t\t\t\t\t\t\t\t\t<p>Paper Nebulization assisted molecular LIBS for sensitive and fast fluorine determination in aqueous solutions Cristina M\u00e9ndez-L\u00f3pez, Luis Javier Fern\u00e1ndez-Men\u00e9ndez, Cristina&hellip;<\/p>\n\t\t\t\t\t\t\t\t\t\t\t\t\t\t<a href=\"https:\/\/www.unioviedo.es\/gelp\/congratulations-cristina-mendez-for-this-outstanding-first-author-paper\/\"\n\t\t\t\t\t\t\t   class=\"kc-post-2-button\">Read more <i\n\t\t\t\t\t\t\t\t\tclass=\"fa fa-angle-right\" aria-hidden=\"true\"><\/i><\/a>\n\t\t\t\t\t\t\t\t\t\t\t\t\t<\/div>\n\n\t\t\t\t\t\n\t\t\t\t<\/div>\n\n\t\t\t\t\n\t\t\t\t<div class=\"kc-list-item-2\">\n\n\t\t\t\t\t\n\t\t\t\t\t\t<div class=\"post-item-left\">\n\t\t\t\t\t\t\t<div class=\"post_details\">\n\t\t\t\t\t\t\t\t<h2 class=\"post-title-alt\"><a\n\t\t\t\t\t\t\t\t\t\thref=\"https:\/\/www.unioviedo.es\/gelp\/congratulations-cristina-best-oral-libs2022\/\"\n\t\t\t\t\t\t\t\t\t\ttitle=\"Congratulations Cristina M\u00e9ndez for winning a Best Oral award at LIBS 2022!\">Congratulations Cristina M\u00e9ndez for winning a Best Oral award at LIBS 2022!<\/a>\n\t\t\t\t\t\t\t\t<\/h2>\n\t\t\t\t\t\t\t\t\t\t\t\t\t\t\t\t\t<div class=\"post-meta\">\n\t\t\t\t\t\t\t\t\t\t\t\t\t\t\t\t\t\t\t\t\t<span class=\"kc-post-author\"><i class=\"fa fa-user\"><\/i>  <a\n\t\t\t\t\t\t\t\t\t\t\t\thref=\"https:\/\/www.unioviedo.es\/gelp\/author\/gelpuniovi\/\"\n\t\t\t\t\t\t\t\t\t\t\t\ttitle=\"Posts by GELP Uniovi\"\n\t\t\t\t\t\t\t\t\t\t\t\trel=\"author\">GELP Uniovi<\/a><\/span>\n\t\t\t\t\t\t\t\t\t\t\t\t\t\t\t\t\t\t\t\t\t\t\t\t\t\t\t\t\t\t\t<span class=\"post-date\"><i class=\"fa fa-clock-o\"><\/i> <a\n\t\t\t\t\t\t\t\t\t\t\t\thref=\"https:\/\/www.unioviedo.es\/gelp\/2022\/10\/\">octubre 26 2022<\/a> <\/span>\n\t\t\t\t\t\t\t\t\t\t\t\t\t\t\t\t\t\t\t\t\t\t\t\t\t\t\t\t\t\t\t\t\t\t\t\t\t\t\t\t\t\t\t<span class=\"post-cats\"><i class=\"fa fa-folder-o\"\n\t\t\t\t\t\t\t\t\t\t\t                           aria-hidden=\"true\"><\/i> <a href=\"https:\/\/www.unioviedo.es\/gelp\/category\/news\/\" rel=\"category tag\">News<\/a><\/span>\n\t\t\t\t\t\t\t\t\t\t\t\t\t\t\t\t\t\t\t\t\t\t\t\t\t\t\t\t\t\t<\/div>\n\t\t\t\t\t\t\t\t\t\t\t\t\t\t\t<\/div>\n\t\t\t\t\t\t\t\t\t\t\t\t\t\t\t<p>Congratulations to Cristina M\u00e9ndez for receiving an award for an outstanding Oral presentation at LIBS 2022 in Bari (5-9 Sept),&hellip;<\/p>\n\t\t\t\t\t\t\t\t\t\t\t\t\t\t<a href=\"https:\/\/www.unioviedo.es\/gelp\/congratulations-cristina-best-oral-libs2022\/\"\n\t\t\t\t\t\t\t   class=\"kc-post-2-button\">Read more <i\n\t\t\t\t\t\t\t\t\tclass=\"fa fa-angle-right\" aria-hidden=\"true\"><\/i><\/a>\n\t\t\t\t\t\t\t\t\t\t\t\t\t<\/div>\n\t\t\t\t\t\t<div class=\"post-item-right\">\n\t\t\t\t\t\t\t<figure>\n\t\t\t\t\t\t\t\t<img decoding=\"async\" src=\"https:\/\/www.unioviedo.es\/gelp\/wp-content\/uploads\/2022\/10\/image_2022-09-16_14-53-242-543x304xct.png\"\n\t\t\t\t\t\t\t\t     alt=\"Congratulations Cristina M\u00e9ndez for winning a Best Oral award at LIBS 2022!\">\n\t\t\t\t\t\t\t<\/figure>\n\t\t\t\t\t\t<\/div>\n\n\t\t\t\t\t\n\t\t\t\t<\/div>\n\n\t\t\t\t\n\t\t\t\t<div class=\"kc-list-item-2\">\n\n\t\t\t\t\t\t\t\t\t\t\t\t\t\t\t\t\t\t<div class=\"post-item-left\">\n\t\t\t\t\t\t\t\t<figure>\n\t\t\t\t\t\t\t\t\t<img decoding=\"async\" src=\"https:\/\/www.unioviedo.es\/gelp\/wp-content\/uploads\/2022\/04\/362-3629055_swiss-federal-institute-of-technology-in-zurich-eth-543x304xct.jpg\"\n\t\t\t\t\t\t\t\t\t     alt=\"Felix Weigand, undergraduate student from ETH, is doing a short stay at our research group.\">\n\t\t\t\t\t\t\t\t<\/figure>\n\t\t\t\t\t\t\t<\/div>\n\t\t\t\t\t\t\t\t\t\t\t\t<div class=\"post-item-right\">\n\t\t\t\t\t\t\t<div class=\"post_details\">\n\t\t\t\t\t\t\t\t<h2 class=\"post-title-alt\"><a\n\t\t\t\t\t\t\t\t\t\thref=\"https:\/\/www.unioviedo.es\/gelp\/felix-weigand-undergraduate-student-from-eth-is-doing-a-short-stay-at-our-research-group\/\"\n\t\t\t\t\t\t\t\t\t\ttitle=\"Felix Weigand, undergraduate student from ETH, is doing a short stay at our research group.\">Felix Weigand, undergraduate student from ETH, is doing a short stay at our research group.<\/a>\n\t\t\t\t\t\t\t\t<\/h2>\n\n\t\t\t\t\t\t\t\t\t\t\t\t\t\t\t\t\t<div class=\"post-meta\">\n\t\t\t\t\t\t\t\t\t\t\t\t\t\t\t\t\t\t\t\t\t<span class=\"kc-post-author\"><i class=\"fa fa-user\"><\/i>  <a\n\t\t\t\t\t\t\t\t\t\t\t\thref=\"https:\/\/www.unioviedo.es\/gelp\/author\/gelpadmin\/\"\n\t\t\t\t\t\t\t\t\t\t\t\ttitle=\"Posts by Gelp\"\n\t\t\t\t\t\t\t\t\t\t\t\trel=\"author\">Gelp<\/a><\/span>\n\t\t\t\t\t\t\t\t\t\t\t\t\t\t\t\t\t\t\t\t\t\t\t\t\t\t\t\t\t\t\t<span class=\"post-date\"><i class=\"fa fa-clock-o\"><\/i> <a\n\t\t\t\t\t\t\t\t\t\t\t\thref=\"https:\/\/www.unioviedo.es\/gelp\/2022\/04\/\">abril 26 2022<\/a> <\/span>\n\t\t\t\t\t\t\t\t\t\t\t\t\t\t\t\t\t\t\t\t\t\t\t\t\t\t\t\t\t\t\t\t\t\t\t\t\t\t\t\t\t\t\t<span class=\"post-cats\"><i class=\"fa fa-folder-o\"\n\t\t\t\t\t\t\t\t\t\t\t\t                           aria-hidden=\"true\"><\/i> <a href=\"https:\/\/www.unioviedo.es\/gelp\/category\/news\/\" rel=\"category tag\">News<\/a><\/span>\n\t\t\t\t\t\t\t\t\t\t\t\t\t\t\t\t\t\t\t\t\t\t\t\t\t\t\t\t\t\t<\/div>\n\t\t\t\t\t\t\t\t\t\t\t\t\t\t\t<\/div>\n\t\t\t\t\t\t\t\t\t\t\t\t\t\t\t<p>Felix Weigand from ETH Z\u00fcrich is doing an undergraduate short stay at our research group (from March 1st to June&hellip;<\/p>\n\t\t\t\t\t\t\t\t\t\t\t\t\t\t<a href=\"https:\/\/www.unioviedo.es\/gelp\/felix-weigand-undergraduate-student-from-eth-is-doing-a-short-stay-at-our-research-group\/\"\n\t\t\t\t\t\t\t   class=\"kc-post-2-button\">Read more <i\n\t\t\t\t\t\t\t\t\tclass=\"fa fa-angle-right\" aria-hidden=\"true\"><\/i><\/a>\n\t\t\t\t\t\t\t\t\t\t\t\t\t<\/div>\n\n\t\t\t\t\t\n\t\t\t\t<\/div>\n\n\t\t\t\t\n\t\t\t\t<div class=\"kc-list-item-2\">\n\n\t\t\t\t\t\n\t\t\t\t\t\t<div class=\"post-item-left\">\n\t\t\t\t\t\t\t<div class=\"post_details\">\n\t\t\t\t\t\t\t\t<h2 class=\"post-title-alt\"><a\n\t\t\t\t\t\t\t\t\t\thref=\"https:\/\/www.unioviedo.es\/gelp\/dr-jaime-orejas-awarded-with-the-prestigious-prof-edward-steers-memorial-award-at-the-5th-igdss\/\"\n\t\t\t\t\t\t\t\t\t\ttitle=\"Dr. Jaime Orejas awarded with the prestigious Prof. Edward Steers Memorial Award at the 5th IGDSS\">Dr. Jaime Orejas awarded with the prestigious Prof. Edward Steers Memorial Award at the 5th IGDSS<\/a>\n\t\t\t\t\t\t\t\t<\/h2>\n\t\t\t\t\t\t\t\t\t\t\t\t\t\t\t\t\t<div class=\"post-meta\">\n\t\t\t\t\t\t\t\t\t\t\t\t\t\t\t\t\t\t\t\t\t<span class=\"kc-post-author\"><i class=\"fa fa-user\"><\/i>  <a\n\t\t\t\t\t\t\t\t\t\t\t\thref=\"https:\/\/www.unioviedo.es\/gelp\/author\/gelpadmin\/\"\n\t\t\t\t\t\t\t\t\t\t\t\ttitle=\"Posts by Gelp\"\n\t\t\t\t\t\t\t\t\t\t\t\trel=\"author\">Gelp<\/a><\/span>\n\t\t\t\t\t\t\t\t\t\t\t\t\t\t\t\t\t\t\t\t\t\t\t\t\t\t\t\t\t\t\t<span class=\"post-date\"><i class=\"fa fa-clock-o\"><\/i> <a\n\t\t\t\t\t\t\t\t\t\t\t\thref=\"https:\/\/www.unioviedo.es\/gelp\/2022\/04\/\">abril 12 2022<\/a> <\/span>\n\t\t\t\t\t\t\t\t\t\t\t\t\t\t\t\t\t\t\t\t\t\t\t\t\t\t\t\t\t\t\t\t\t\t\t\t\t\t\t\t\t\t\t<span class=\"post-cats\"><i class=\"fa fa-folder-o\"\n\t\t\t\t\t\t\t\t\t\t\t                           aria-hidden=\"true\"><\/i> <a href=\"https:\/\/www.unioviedo.es\/gelp\/category\/news\/\" rel=\"category tag\">News<\/a><\/span>\n\t\t\t\t\t\t\t\t\t\t\t\t\t\t\t\t\t\t\t\t\t\t\t\t\t\t\t\t\t\t<\/div>\n\t\t\t\t\t\t\t\t\t\t\t\t\t\t\t<\/div>\n\t\t\t\t\t\t\t\t\t\t\t\t\t\t\t<p>Congratulations Dr. Jaime Orejas for the well-deserved Prof. Edward Steers Memorial Award at the 5th IGDSS!!<\/p>\n\t\t\t\t\t\t\t\t\t\t\t\t\t\t<a href=\"https:\/\/www.unioviedo.es\/gelp\/dr-jaime-orejas-awarded-with-the-prestigious-prof-edward-steers-memorial-award-at-the-5th-igdss\/\"\n\t\t\t\t\t\t\t   class=\"kc-post-2-button\">Read more <i\n\t\t\t\t\t\t\t\t\tclass=\"fa fa-angle-right\" aria-hidden=\"true\"><\/i><\/a>\n\t\t\t\t\t\t\t\t\t\t\t\t\t<\/div>\n\t\t\t\t\t\t<div class=\"post-item-right\">\n\t\t\t\t\t\t\t<figure>\n\t\t\t\t\t\t\t\t<img decoding=\"async\" src=\"https:\/\/www.unioviedo.es\/gelp\/wp-content\/uploads\/2022\/04\/Jaime1-543x304xct.jpg\"\n\t\t\t\t\t\t\t\t     alt=\"Dr. Jaime Orejas awarded with the prestigious Prof. Edward Steers Memorial Award at the 5th IGDSS\">\n\t\t\t\t\t\t\t<\/figure>\n\t\t\t\t\t\t<\/div>\n\n\t\t\t\t\t\n\t\t\t\t<\/div>\n\n\t\t\t\t\n\t\t\t\t<div class=\"kc-list-item-2\">\n\n\t\t\t\t\t\t\t\t\t\t\t\t\t\t\t\t\t\t<div class=\"post-item-left\">\n\t\t\t\t\t\t\t\t<figure>\n\t\t\t\t\t\t\t\t\t<img decoding=\"async\" src=\"https:\/\/www.unioviedo.es\/gelp\/wp-content\/uploads\/2022\/04\/portada_luis-543x304xct.png\"\n\t\t\t\t\t\t\t\t\t     alt=\"Congratulations Luis et al. for the front cover in the special issue of Spectrochimica Acta Part B dedicated to EMSLIBS 2021\">\n\t\t\t\t\t\t\t\t<\/figure>\n\t\t\t\t\t\t\t<\/div>\n\t\t\t\t\t\t\t\t\t\t\t\t<div class=\"post-item-right\">\n\t\t\t\t\t\t\t<div class=\"post_details\">\n\t\t\t\t\t\t\t\t<h2 class=\"post-title-alt\"><a\n\t\t\t\t\t\t\t\t\t\thref=\"https:\/\/www.unioviedo.es\/gelp\/congratulations-for-the-front-cover-in-the-special-issue-of-spectrochimica-acta-part-b-dedicated-to-emslibs-2021\/\"\n\t\t\t\t\t\t\t\t\t\ttitle=\"Congratulations Luis et al. for the front cover in the special issue of Spectrochimica Acta Part B dedicated to EMSLIBS 2021\">Congratulations Luis et al. for the front cover in the special issue of Spectrochimica Acta Part B dedicated to EMSLIBS 2021<\/a>\n\t\t\t\t\t\t\t\t<\/h2>\n\n\t\t\t\t\t\t\t\t\t\t\t\t\t\t\t\t\t<div class=\"post-meta\">\n\t\t\t\t\t\t\t\t\t\t\t\t\t\t\t\t\t\t\t\t\t<span class=\"kc-post-author\"><i class=\"fa fa-user\"><\/i>  <a\n\t\t\t\t\t\t\t\t\t\t\t\thref=\"https:\/\/www.unioviedo.es\/gelp\/author\/gelpadmin\/\"\n\t\t\t\t\t\t\t\t\t\t\t\ttitle=\"Posts by Gelp\"\n\t\t\t\t\t\t\t\t\t\t\t\trel=\"author\">Gelp<\/a><\/span>\n\t\t\t\t\t\t\t\t\t\t\t\t\t\t\t\t\t\t\t\t\t\t\t\t\t\t\t\t\t\t\t<span class=\"post-date\"><i class=\"fa fa-clock-o\"><\/i> <a\n\t\t\t\t\t\t\t\t\t\t\t\thref=\"https:\/\/www.unioviedo.es\/gelp\/2022\/04\/\">abril 7 2022<\/a> <\/span>\n\t\t\t\t\t\t\t\t\t\t\t\t\t\t\t\t\t\t\t\t\t\t\t\t\t\t\t\t\t\t\t\t\t\t\t\t\t\t\t\t\t\t\t<span class=\"post-cats\"><i class=\"fa fa-folder-o\"\n\t\t\t\t\t\t\t\t\t\t\t\t                           aria-hidden=\"true\"><\/i> <a href=\"https:\/\/www.unioviedo.es\/gelp\/category\/news\/\" rel=\"category tag\">News<\/a><\/span>\n\t\t\t\t\t\t\t\t\t\t\t\t\t\t\t\t\t\t\t\t\t\t\t\t\t\t\t\t\t\t<\/div>\n\t\t\t\t\t\t\t\t\t\t\t\t\t\t\t<\/div>\n\t\t\t\t\t\t\t\t\t\t\t\t\t\t\t<p>Congratulations to Luis et al. for the front cover of the special issue of Spectrochimica Acta Part B dedicated to&hellip;<\/p>\n\t\t\t\t\t\t\t\t\t\t\t\t\t\t<a href=\"https:\/\/www.unioviedo.es\/gelp\/congratulations-for-the-front-cover-in-the-special-issue-of-spectrochimica-acta-part-b-dedicated-to-emslibs-2021\/\"\n\t\t\t\t\t\t\t   class=\"kc-post-2-button\">Read more <i\n\t\t\t\t\t\t\t\t\tclass=\"fa fa-angle-right\" aria-hidden=\"true\"><\/i><\/a>\n\t\t\t\t\t\t\t\t\t\t\t\t\t<\/div>\n\n\t\t\t\t\t\n\t\t\t\t<\/div>\n\n\t\t\t\t\n\t\t\t\t<div class=\"kc-list-item-2\">\n\n\t\t\t\t\t\n\t\t\t\t\t\t<div class=\"post-item-left\">\n\t\t\t\t\t\t\t<div class=\"post_details\">\n\t\t\t\t\t\t\t\t<h2 class=\"post-title-alt\"><a\n\t\t\t\t\t\t\t\t\t\thref=\"https:\/\/www.unioviedo.es\/gelp\/congratulations-for-your-first-oral-presentation-at-an-international-conference\/\"\n\t\t\t\t\t\t\t\t\t\ttitle=\"Congratulations Min for your first oral presentation at an International Conference!!\">Congratulations Min for your first oral presentation at an International Conference!!<\/a>\n\t\t\t\t\t\t\t\t<\/h2>\n\t\t\t\t\t\t\t\t\t\t\t\t\t\t\t\t\t<div class=\"post-meta\">\n\t\t\t\t\t\t\t\t\t\t\t\t\t\t\t\t\t\t\t\t\t<span class=\"kc-post-author\"><i class=\"fa fa-user\"><\/i>  <a\n\t\t\t\t\t\t\t\t\t\t\t\thref=\"https:\/\/www.unioviedo.es\/gelp\/author\/gelpadmin\/\"\n\t\t\t\t\t\t\t\t\t\t\t\ttitle=\"Posts by Gelp\"\n\t\t\t\t\t\t\t\t\t\t\t\trel=\"author\">Gelp<\/a><\/span>\n\t\t\t\t\t\t\t\t\t\t\t\t\t\t\t\t\t\t\t\t\t\t\t\t\t\t\t\t\t\t\t<span class=\"post-date\"><i class=\"fa fa-clock-o\"><\/i> <a\n\t\t\t\t\t\t\t\t\t\t\t\thref=\"https:\/\/www.unioviedo.es\/gelp\/2022\/04\/\">abril 7 2022<\/a> <\/span>\n\t\t\t\t\t\t\t\t\t\t\t\t\t\t\t\t\t\t\t\t\t\t\t\t\t\t\t\t\t\t\t\t\t\t\t\t\t\t\t\t\t\t\t<span class=\"post-cats\"><i class=\"fa fa-folder-o\"\n\t\t\t\t\t\t\t\t\t\t\t                           aria-hidden=\"true\"><\/i> <a href=\"https:\/\/www.unioviedo.es\/gelp\/category\/news\/\" rel=\"category tag\">News<\/a><\/span>\n\t\t\t\t\t\t\t\t\t\t\t\t\t\t\t\t\t\t\t\t\t\t\t\t\t\t\t\t\t\t<\/div>\n\t\t\t\t\t\t\t\t\t\t\t\t\t\t\t<\/div>\n\t\t\t\t\t\t\t\t\t\t\t\t\t\t\t<p>Min has presented an oral communication at the 5th International Glow Discharge Spectroscopy Symposium, which is taking place in Oviedo,&hellip;<\/p>\n\t\t\t\t\t\t\t\t\t\t\t\t\t\t<a href=\"https:\/\/www.unioviedo.es\/gelp\/congratulations-for-your-first-oral-presentation-at-an-international-conference\/\"\n\t\t\t\t\t\t\t   class=\"kc-post-2-button\">Read more <i\n\t\t\t\t\t\t\t\t\tclass=\"fa fa-angle-right\" aria-hidden=\"true\"><\/i><\/a>\n\t\t\t\t\t\t\t\t\t\t\t\t\t<\/div>\n\t\t\t\t\t\t<div class=\"post-item-right\">\n\t\t\t\t\t\t\t<figure>\n\t\t\t\t\t\t\t\t<img decoding=\"async\" src=\"\"\n\t\t\t\t\t\t\t\t     alt=\"Congratulations Min for your first oral presentation at an International Conference!!\">\n\t\t\t\t\t\t\t<\/figure>\n\t\t\t\t\t\t<\/div>\n\n\t\t\t\t\t\n\t\t\t\t<\/div>\n\n\t\t\t\t\n\t\t\t\t<div class=\"kc-list-item-2\">\n\n\t\t\t\t\t\t\t\t\t\t\t\t\t\t\t\t\t\t<div class=\"post-item-left\">\n\t\t\t\t\t\t\t\t<figure>\n\t\t\t\t\t\t\t\t\t<img decoding=\"async\" src=\"https:\/\/www.unioviedo.es\/gelp\/wp-content\/uploads\/2022\/02\/premio_doctorado_bw-e1645523209976-543x304xct.jpg\"\n\t\t\t\t\t\t\t\t\t     alt=\"Congratulations to Dr. Jonatan Fandi\u00f1o!\">\n\t\t\t\t\t\t\t\t<\/figure>\n\t\t\t\t\t\t\t<\/div>\n\t\t\t\t\t\t\t\t\t\t\t\t<div class=\"post-item-right\">\n\t\t\t\t\t\t\t<div class=\"post_details\">\n\t\t\t\t\t\t\t\t<h2 class=\"post-title-alt\"><a\n\t\t\t\t\t\t\t\t\t\thref=\"https:\/\/www.unioviedo.es\/gelp\/congratulations-to-dr-fandino\/\"\n\t\t\t\t\t\t\t\t\t\ttitle=\"Congratulations to Dr. Jonatan Fandi\u00f1o!\">Congratulations to Dr. Jonatan Fandi\u00f1o!<\/a>\n\t\t\t\t\t\t\t\t<\/h2>\n\n\t\t\t\t\t\t\t\t\t\t\t\t\t\t\t\t\t<div class=\"post-meta\">\n\t\t\t\t\t\t\t\t\t\t\t\t\t\t\t\t\t\t\t\t\t<span class=\"kc-post-author\"><i class=\"fa fa-user\"><\/i>  <a\n\t\t\t\t\t\t\t\t\t\t\t\thref=\"https:\/\/www.unioviedo.es\/gelp\/author\/gelpuniovi\/\"\n\t\t\t\t\t\t\t\t\t\t\t\ttitle=\"Posts by GELP Uniovi\"\n\t\t\t\t\t\t\t\t\t\t\t\trel=\"author\">GELP Uniovi<\/a><\/span>\n\t\t\t\t\t\t\t\t\t\t\t\t\t\t\t\t\t\t\t\t\t\t\t\t\t\t\t\t\t\t\t<span class=\"post-date\"><i class=\"fa fa-clock-o\"><\/i> <a\n\t\t\t\t\t\t\t\t\t\t\t\thref=\"https:\/\/www.unioviedo.es\/gelp\/2022\/02\/\">febrero 22 2022<\/a> <\/span>\n\t\t\t\t\t\t\t\t\t\t\t\t\t\t\t\t\t\t\t\t\t\t\t\t\t\t\t\t\t\t\t\t\t\t\t\t\t\t\t\t\t\t\t<span class=\"post-cats\"><i class=\"fa fa-folder-o\"\n\t\t\t\t\t\t\t\t\t\t\t\t                           aria-hidden=\"true\"><\/i> <a href=\"https:\/\/www.unioviedo.es\/gelp\/category\/news\/\" rel=\"category tag\">News<\/a><\/span>\n\t\t\t\t\t\t\t\t\t\t\t\t\t\t\t\t\t\t\t\t\t\t\t\t\t\t\t\t\t\t<\/div>\n\t\t\t\t\t\t\t\t\t\t\t\t\t\t\t<\/div>\n\t\t\t\t\t\t\t\t\t\t\t\t\t\t\t<p>Dr Jonatan Fandi\u00f1o's doctoral thesis has been awarded with a Extraordinary PhD Award by the University of Oviedo due to&hellip;<\/p>\n\t\t\t\t\t\t\t\t\t\t\t\t\t\t<a href=\"https:\/\/www.unioviedo.es\/gelp\/congratulations-to-dr-fandino\/\"\n\t\t\t\t\t\t\t   class=\"kc-post-2-button\">Read more <i\n\t\t\t\t\t\t\t\t\tclass=\"fa fa-angle-right\" aria-hidden=\"true\"><\/i><\/a>\n\t\t\t\t\t\t\t\t\t\t\t\t\t<\/div>\n\n\t\t\t\t\t\n\t\t\t\t<\/div>\n\n\t\t\t\t\n\t\t\t\t<div class=\"kc-list-item-2\">\n\n\t\t\t\t\t\n\t\t\t\t\t\t<div class=\"post-item-left\">\n\t\t\t\t\t\t\t<div class=\"post_details\">\n\t\t\t\t\t\t\t\t<h2 class=\"post-title-alt\"><a\n\t\t\t\t\t\t\t\t\t\thref=\"https:\/\/www.unioviedo.es\/gelp\/colloquium-spectroscopicum-internationale-xlii-csi-xlii-gijon-spain-2022\/\"\n\t\t\t\t\t\t\t\t\t\ttitle=\"Colloquium Spectroscopicum Internationale XLII (CSI XLII), Gij\u00f3n, Spain 2022\">Colloquium Spectroscopicum Internationale XLII (CSI XLII), Gij\u00f3n, Spain 2022<\/a>\n\t\t\t\t\t\t\t\t<\/h2>\n\t\t\t\t\t\t\t\t\t\t\t\t\t\t\t\t\t<div class=\"post-meta\">\n\t\t\t\t\t\t\t\t\t\t\t\t\t\t\t\t\t\t\t\t\t<span class=\"kc-post-author\"><i class=\"fa fa-user\"><\/i>  <a\n\t\t\t\t\t\t\t\t\t\t\t\thref=\"https:\/\/www.unioviedo.es\/gelp\/author\/gelpadmin\/\"\n\t\t\t\t\t\t\t\t\t\t\t\ttitle=\"Posts by Gelp\"\n\t\t\t\t\t\t\t\t\t\t\t\trel=\"author\">Gelp<\/a><\/span>\n\t\t\t\t\t\t\t\t\t\t\t\t\t\t\t\t\t\t\t\t\t\t\t\t\t\t\t\t\t\t\t<span class=\"post-date\"><i class=\"fa fa-clock-o\"><\/i> <a\n\t\t\t\t\t\t\t\t\t\t\t\thref=\"https:\/\/www.unioviedo.es\/gelp\/2022\/01\/\">enero 19 2022<\/a> <\/span>\n\t\t\t\t\t\t\t\t\t\t\t\t\t\t\t\t\t\t\t\t\t\t\t\t\t\t\t\t\t\t\t\t\t\t\t\t\t\t\t\t\t\t\t<span class=\"post-cats\"><i class=\"fa fa-folder-o\"\n\t\t\t\t\t\t\t\t\t\t\t                           aria-hidden=\"true\"><\/i> <a href=\"https:\/\/www.unioviedo.es\/gelp\/category\/news\/\" rel=\"category tag\">News<\/a><\/span>\n\t\t\t\t\t\t\t\t\t\t\t\t\t\t\t\t\t\t\t\t\t\t\t\t\t\t\t\t\t\t<\/div>\n\t\t\t\t\t\t\t\t\t\t\t\t\t\t\t<\/div>\n\t\t\t\t\t\t\t\t\t\t\t\t\t\t\t<p>Our research group is co-organizer of the Colloquium Spectroscopicum Internationale XLII (CSI XLII) to be held in Gij\u00f3n, Spain, from&hellip;<\/p>\n\t\t\t\t\t\t\t\t\t\t\t\t\t\t<a href=\"https:\/\/www.unioviedo.es\/gelp\/colloquium-spectroscopicum-internationale-xlii-csi-xlii-gijon-spain-2022\/\"\n\t\t\t\t\t\t\t   class=\"kc-post-2-button\">Read more <i\n\t\t\t\t\t\t\t\t\tclass=\"fa fa-angle-right\" aria-hidden=\"true\"><\/i><\/a>\n\t\t\t\t\t\t\t\t\t\t\t\t\t<\/div>\n\t\t\t\t\t\t<div class=\"post-item-right\">\n\t\t\t\t\t\t\t<figure>\n\t\t\t\t\t\t\t\t<img decoding=\"async\" src=\"https:\/\/www.unioviedo.es\/gelp\/wp-content\/uploads\/2022\/01\/CSI_2022-2-543x304xct.png\"\n\t\t\t\t\t\t\t\t     alt=\"Colloquium Spectroscopicum Internationale XLII (CSI XLII), Gij\u00f3n, Spain 2022\">\n\t\t\t\t\t\t\t<\/figure>\n\t\t\t\t\t\t<\/div>\n\n\t\t\t\t\t\n\t\t\t\t<\/div>\n\n\t\t\t\t\n\t\t\t\t<div class=\"kc-list-item-2\">\n\n\t\t\t\t\t\t\t\t\t\t\t\t\t\t\t\t\t\t<div class=\"post-item-left\">\n\t\t\t\t\t\t\t\t<figure>\n\t\t\t\t\t\t\t\t\t<img decoding=\"async\" src=\"https:\/\/www.unioviedo.es\/gelp\/wp-content\/uploads\/2021\/12\/luis_emslibs_bw-543x304xct.jpg\"\n\t\t\t\t\t\t\t\t\t     alt=\"Congratulations to Luis Javier Fern\u00e1ndez-Men\u00e9ndez for his award at 11th EMSLIBS!\">\n\t\t\t\t\t\t\t\t<\/figure>\n\t\t\t\t\t\t\t<\/div>\n\t\t\t\t\t\t\t\t\t\t\t\t<div class=\"post-item-right\">\n\t\t\t\t\t\t\t<div class=\"post_details\">\n\t\t\t\t\t\t\t\t<h2 class=\"post-title-alt\"><a\n\t\t\t\t\t\t\t\t\t\thref=\"https:\/\/www.unioviedo.es\/gelp\/congratulations-to-luis-javier-fernandez-menendez-for-his-award-at-11th-emslibs\/\"\n\t\t\t\t\t\t\t\t\t\ttitle=\"Congratulations to Luis Javier Fern\u00e1ndez-Men\u00e9ndez for his award at 11th EMSLIBS!\">Congratulations to Luis Javier Fern\u00e1ndez-Men\u00e9ndez for his award at 11th EMSLIBS!<\/a>\n\t\t\t\t\t\t\t\t<\/h2>\n\n\t\t\t\t\t\t\t\t\t\t\t\t\t\t\t\t\t<div class=\"post-meta\">\n\t\t\t\t\t\t\t\t\t\t\t\t\t\t\t\t\t\t\t\t\t<span class=\"kc-post-author\"><i class=\"fa fa-user\"><\/i>  <a\n\t\t\t\t\t\t\t\t\t\t\t\thref=\"https:\/\/www.unioviedo.es\/gelp\/author\/gelpuniovi\/\"\n\t\t\t\t\t\t\t\t\t\t\t\ttitle=\"Posts by GELP Uniovi\"\n\t\t\t\t\t\t\t\t\t\t\t\trel=\"author\">GELP Uniovi<\/a><\/span>\n\t\t\t\t\t\t\t\t\t\t\t\t\t\t\t\t\t\t\t\t\t\t\t\t\t\t\t\t\t\t\t<span class=\"post-date\"><i class=\"fa fa-clock-o\"><\/i> <a\n\t\t\t\t\t\t\t\t\t\t\t\thref=\"https:\/\/www.unioviedo.es\/gelp\/2021\/12\/\">diciembre 3 2021<\/a> <\/span>\n\t\t\t\t\t\t\t\t\t\t\t\t\t\t\t\t\t\t\t\t\t\t\t\t\t\t\t\t\t\t\t\t\t\t\t\t\t\t\t\t\t\t\t<span class=\"post-cats\"><i class=\"fa fa-folder-o\"\n\t\t\t\t\t\t\t\t\t\t\t\t                           aria-hidden=\"true\"><\/i> <a href=\"https:\/\/www.unioviedo.es\/gelp\/category\/news\/\" rel=\"category tag\">News<\/a><\/span>\n\t\t\t\t\t\t\t\t\t\t\t\t\t\t\t\t\t\t\t\t\t\t\t\t\t\t\t\t\t\t<\/div>\n\t\t\t\t\t\t\t\t\t\t\t\t\t\t\t<\/div>\n\t\t\t\t\t\t\t\t\t\t\t\t\t\t\t<p>GELP's PhD student Luis Javier Fern\u00e1ndez-Men\u00e9ndez has defended two poster contributions at 11th EMSLIBS, held in Gij\u00f3n from 29th November&hellip;<\/p>\n\t\t\t\t\t\t\t\t\t\t\t\t\t\t<a href=\"https:\/\/www.unioviedo.es\/gelp\/congratulations-to-luis-javier-fernandez-menendez-for-his-award-at-11th-emslibs\/\"\n\t\t\t\t\t\t\t   class=\"kc-post-2-button\">Read more <i\n\t\t\t\t\t\t\t\t\tclass=\"fa fa-angle-right\" aria-hidden=\"true\"><\/i><\/a>\n\t\t\t\t\t\t\t\t\t\t\t\t\t<\/div>\n\n\t\t\t\t\t\n\t\t\t\t<\/div>\n\n\t\t\t\t\n\t\t\t\t<div class=\"kc-list-item-2\">\n\n\t\t\t\t\t\n\t\t\t\t\t\t<div class=\"post-item-left\">\n\t\t\t\t\t\t\t<div class=\"post_details\">\n\t\t\t\t\t\t\t\t<h2 class=\"post-title-alt\"><a\n\t\t\t\t\t\t\t\t\t\thref=\"https:\/\/www.unioviedo.es\/gelp\/dr-rafael-sarmiento-has-given-a-conference-at-the-faculty-of-sciences\/\"\n\t\t\t\t\t\t\t\t\t\ttitle=\"Dr. Rafael Sarmiento has given a conference at the Faculty of Sciences\">Dr. Rafael Sarmiento has given a conference at the Faculty of Sciences<\/a>\n\t\t\t\t\t\t\t\t<\/h2>\n\t\t\t\t\t\t\t\t\t\t\t\t\t\t\t\t\t<div class=\"post-meta\">\n\t\t\t\t\t\t\t\t\t\t\t\t\t\t\t\t\t\t\t\t\t<span class=\"kc-post-author\"><i class=\"fa fa-user\"><\/i>  <a\n\t\t\t\t\t\t\t\t\t\t\t\thref=\"https:\/\/www.unioviedo.es\/gelp\/author\/gelpuniovi\/\"\n\t\t\t\t\t\t\t\t\t\t\t\ttitle=\"Posts by GELP Uniovi\"\n\t\t\t\t\t\t\t\t\t\t\t\trel=\"author\">GELP Uniovi<\/a><\/span>\n\t\t\t\t\t\t\t\t\t\t\t\t\t\t\t\t\t\t\t\t\t\t\t\t\t\t\t\t\t\t\t<span class=\"post-date\"><i class=\"fa fa-clock-o\"><\/i> <a\n\t\t\t\t\t\t\t\t\t\t\t\thref=\"https:\/\/www.unioviedo.es\/gelp\/2021\/11\/\">noviembre 4 2021<\/a> <\/span>\n\t\t\t\t\t\t\t\t\t\t\t\t\t\t\t\t\t\t\t\t\t\t\t\t\t\t\t\t\t\t\t\t\t\t\t\t\t\t\t\t\t\t\t<span class=\"post-cats\"><i class=\"fa fa-folder-o\"\n\t\t\t\t\t\t\t\t\t\t\t                           aria-hidden=\"true\"><\/i> <a href=\"https:\/\/www.unioviedo.es\/gelp\/category\/news\/\" rel=\"category tag\">News<\/a><\/span>\n\t\t\t\t\t\t\t\t\t\t\t\t\t\t\t\t\t\t\t\t\t\t\t\t\t\t\t\t\t\t<\/div>\n\t\t\t\t\t\t\t\t\t\t\t\t\t\t\t<\/div>\n\t\t\t\t\t\t\t\t\t\t\t\t\t\t\t<p>Our visitant researcher, Dr. Rafael Sarmiento has kindly delivered a 2 hour conference regarding the main topics of his Research&hellip;<\/p>\n\t\t\t\t\t\t\t\t\t\t\t\t\t\t<a href=\"https:\/\/www.unioviedo.es\/gelp\/dr-rafael-sarmiento-has-given-a-conference-at-the-faculty-of-sciences\/\"\n\t\t\t\t\t\t\t   class=\"kc-post-2-button\">Read more <i\n\t\t\t\t\t\t\t\t\tclass=\"fa fa-angle-right\" aria-hidden=\"true\"><\/i><\/a>\n\t\t\t\t\t\t\t\t\t\t\t\t\t<\/div>\n\t\t\t\t\t\t<div class=\"post-item-right\">\n\t\t\t\t\t\t\t<figure>\n\t\t\t\t\t\t\t\t<img decoding=\"async\" src=\"https:\/\/www.unioviedo.es\/gelp\/wp-content\/uploads\/2021\/11\/rafael_conferencia3bw-543x304xct.jpg\"\n\t\t\t\t\t\t\t\t     alt=\"Dr. Rafael Sarmiento has given a conference at the Faculty of Sciences\">\n\t\t\t\t\t\t\t<\/figure>\n\t\t\t\t\t\t<\/div>\n\n\t\t\t\t\t\n\t\t\t\t<\/div>\n\n\t\t\t\t\n\t\t\t\t<div class=\"kc-list-item-2\">\n\n\t\t\t\t\t\t\t\t\t\t\t\t\t\t\t\t\t\t<div class=\"post-item-left\">\n\t\t\t\t\t\t\t\t<figure>\n\t\t\t\t\t\t\t\t\t<img decoding=\"async\" src=\"https:\/\/www.unioviedo.es\/gelp\/wp-content\/uploads\/2021\/11\/catedra_jorge_bw-543x304xct.jpg\"\n\t\t\t\t\t\t\t\t\t     alt=\"Jorge Pisonero has successfully completed the process to become a Full Professor!\">\n\t\t\t\t\t\t\t\t<\/figure>\n\t\t\t\t\t\t\t<\/div>\n\t\t\t\t\t\t\t\t\t\t\t\t<div class=\"post-item-right\">\n\t\t\t\t\t\t\t<div class=\"post_details\">\n\t\t\t\t\t\t\t\t<h2 class=\"post-title-alt\"><a\n\t\t\t\t\t\t\t\t\t\thref=\"https:\/\/www.unioviedo.es\/gelp\/jorge-pisonero-has-successfully-completed-the-process-to-become-a-full-professor\/\"\n\t\t\t\t\t\t\t\t\t\ttitle=\"Jorge Pisonero has successfully completed the process to become a Full Professor!\">Jorge Pisonero has successfully completed the process to become a Full Professor!<\/a>\n\t\t\t\t\t\t\t\t<\/h2>\n\n\t\t\t\t\t\t\t\t\t\t\t\t\t\t\t\t\t<div class=\"post-meta\">\n\t\t\t\t\t\t\t\t\t\t\t\t\t\t\t\t\t\t\t\t\t<span class=\"kc-post-author\"><i class=\"fa fa-user\"><\/i>  <a\n\t\t\t\t\t\t\t\t\t\t\t\thref=\"https:\/\/www.unioviedo.es\/gelp\/author\/gelpuniovi\/\"\n\t\t\t\t\t\t\t\t\t\t\t\ttitle=\"Posts by GELP Uniovi\"\n\t\t\t\t\t\t\t\t\t\t\t\trel=\"author\">GELP Uniovi<\/a><\/span>\n\t\t\t\t\t\t\t\t\t\t\t\t\t\t\t\t\t\t\t\t\t\t\t\t\t\t\t\t\t\t\t<span class=\"post-date\"><i class=\"fa fa-clock-o\"><\/i> <a\n\t\t\t\t\t\t\t\t\t\t\t\thref=\"https:\/\/www.unioviedo.es\/gelp\/2021\/11\/\">noviembre 4 2021<\/a> <\/span>\n\t\t\t\t\t\t\t\t\t\t\t\t\t\t\t\t\t\t\t\t\t\t\t\t\t\t\t\t\t\t\t\t\t\t\t\t\t\t\t\t\t\t\t<span class=\"post-cats\"><i class=\"fa fa-folder-o\"\n\t\t\t\t\t\t\t\t\t\t\t\t                           aria-hidden=\"true\"><\/i> <a href=\"https:\/\/www.unioviedo.es\/gelp\/category\/news\/\" rel=\"category tag\">News<\/a><\/span>\n\t\t\t\t\t\t\t\t\t\t\t\t\t\t\t\t\t\t\t\t\t\t\t\t\t\t\t\t\t\t<\/div>\n\t\t\t\t\t\t\t\t\t\t\t\t\t\t\t<\/div>\n\t\t\t\t\t\t\t\t\t\t\t\t\t\t\t<p>The Group is delighted to congratulate Jorge Pisonero in becoming Full Professor in Atomics, Molecular and Nuclear Physics! &nbsp;<\/p>\n\t\t\t\t\t\t\t\t\t\t\t\t\t\t<a href=\"https:\/\/www.unioviedo.es\/gelp\/jorge-pisonero-has-successfully-completed-the-process-to-become-a-full-professor\/\"\n\t\t\t\t\t\t\t   class=\"kc-post-2-button\">Read more <i\n\t\t\t\t\t\t\t\t\tclass=\"fa fa-angle-right\" aria-hidden=\"true\"><\/i><\/a>\n\t\t\t\t\t\t\t\t\t\t\t\t\t<\/div>\n\n\t\t\t\t\t\n\t\t\t\t<\/div>\n\n\t\t\t\t\n\t\t\t\t<div class=\"kc-list-item-2\">\n\n\t\t\t\t\t\n\t\t\t\t\t\t<div class=\"post-item-left\">\n\t\t\t\t\t\t\t<div class=\"post_details\">\n\t\t\t\t\t\t\t\t<h2 class=\"post-title-alt\"><a\n\t\t\t\t\t\t\t\t\t\thref=\"https:\/\/www.unioviedo.es\/gelp\/poster-presentacion-para-estudiantes\/\"\n\t\t\t\t\t\t\t\t\t\ttitle=\"P\u00f3ster-presentaci\u00f3n para estudiantes\">P\u00f3ster-presentaci\u00f3n para estudiantes<\/a>\n\t\t\t\t\t\t\t\t<\/h2>\n\t\t\t\t\t\t\t\t\t\t\t\t\t\t\t\t\t<div class=\"post-meta\">\n\t\t\t\t\t\t\t\t\t\t\t\t\t\t\t\t\t\t\t\t\t<span class=\"kc-post-author\"><i class=\"fa fa-user\"><\/i>  <a\n\t\t\t\t\t\t\t\t\t\t\t\thref=\"https:\/\/www.unioviedo.es\/gelp\/author\/gelpuniovi\/\"\n\t\t\t\t\t\t\t\t\t\t\t\ttitle=\"Posts by GELP Uniovi\"\n\t\t\t\t\t\t\t\t\t\t\t\trel=\"author\">GELP Uniovi<\/a><\/span>\n\t\t\t\t\t\t\t\t\t\t\t\t\t\t\t\t\t\t\t\t\t\t\t\t\t\t\t\t\t\t\t<span class=\"post-date\"><i class=\"fa fa-clock-o\"><\/i> <a\n\t\t\t\t\t\t\t\t\t\t\t\thref=\"https:\/\/www.unioviedo.es\/gelp\/2021\/10\/\">octubre 19 2021<\/a> <\/span>\n\t\t\t\t\t\t\t\t\t\t\t\t\t\t\t\t\t\t\t\t\t\t\t\t\t\t\t\t\t\t\t\t\t\t\t\t\t\t\t\t\t\t\t<span class=\"post-cats\"><i class=\"fa fa-folder-o\"\n\t\t\t\t\t\t\t\t\t\t\t                           aria-hidden=\"true\"><\/i> <a href=\"https:\/\/www.unioviedo.es\/gelp\/category\/news\/\" rel=\"category tag\">News<\/a><\/span>\n\t\t\t\t\t\t\t\t\t\t\t\t\t\t\t\t\t\t\t\t\t\t\t\t\t\t\t\t\t\t<\/div>\n\t\t\t\t\t\t\t\t\t\t\t\t\t\t\t<\/div>\n\t\t\t\t\t\t\t\t\t\t\t\t\t\t\t<p>\u00a1Buenas! Encantados de verte por aqu\u00ed. Si quieres conocer nuestras l\u00edneas de investigaci\u00f3n puedes echar un ojo a nuestra p\u00e1gina&hellip;<\/p>\n\t\t\t\t\t\t\t\t\t\t\t\t\t\t<a href=\"https:\/\/www.unioviedo.es\/gelp\/poster-presentacion-para-estudiantes\/\"\n\t\t\t\t\t\t\t   class=\"kc-post-2-button\">Read more <i\n\t\t\t\t\t\t\t\t\tclass=\"fa fa-angle-right\" aria-hidden=\"true\"><\/i><\/a>\n\t\t\t\t\t\t\t\t\t\t\t\t\t<\/div>\n\t\t\t\t\t\t<div class=\"post-item-right\">\n\t\t\t\t\t\t\t<figure>\n\t\t\t\t\t\t\t\t<img decoding=\"async\" src=\"https:\/\/www.unioviedo.es\/gelp\/wp-content\/uploads\/2021\/10\/poster2021_1-543x304xct.png\"\n\t\t\t\t\t\t\t\t     alt=\"P\u00f3ster-presentaci\u00f3n para estudiantes\">\n\t\t\t\t\t\t\t<\/figure>\n\t\t\t\t\t\t<\/div>\n\n\t\t\t\t\t\n\t\t\t\t<\/div>\n\n\t\t\t\t\n\t\t\t\t<div class=\"kc-list-item-2\">\n\n\t\t\t\t\t\t\t\t\t\t\t\t\t\t\t\t\t\t<div class=\"post-item-left\">\n\t\t\t\t\t\t\t\t<figure>\n\t\t\t\t\t\t\t\t\t<img decoding=\"async\" src=\"https:\/\/www.unioviedo.es\/gelp\/wp-content\/uploads\/2021\/07\/destacada_sab-543x304xct.png\"\n\t\t\t\t\t\t\t\t\t     alt=\"Dr. Jaime Orejas authors the cover article for the 181 volume of SAB!\">\n\t\t\t\t\t\t\t\t<\/figure>\n\t\t\t\t\t\t\t<\/div>\n\t\t\t\t\t\t\t\t\t\t\t\t<div class=\"post-item-right\">\n\t\t\t\t\t\t\t<div class=\"post_details\">\n\t\t\t\t\t\t\t\t<h2 class=\"post-title-alt\"><a\n\t\t\t\t\t\t\t\t\t\thref=\"https:\/\/www.unioviedo.es\/gelp\/sab-issue-cover\/\"\n\t\t\t\t\t\t\t\t\t\ttitle=\"Dr. Jaime Orejas authors the cover article for the 181 volume of SAB!\">Dr. Jaime Orejas authors the cover article for the 181 volume of SAB!<\/a>\n\t\t\t\t\t\t\t\t<\/h2>\n\n\t\t\t\t\t\t\t\t\t\t\t\t\t\t\t\t\t<div class=\"post-meta\">\n\t\t\t\t\t\t\t\t\t\t\t\t\t\t\t\t\t\t\t\t\t<span class=\"kc-post-author\"><i class=\"fa fa-user\"><\/i>  <a\n\t\t\t\t\t\t\t\t\t\t\t\thref=\"https:\/\/www.unioviedo.es\/gelp\/author\/gelpuniovi\/\"\n\t\t\t\t\t\t\t\t\t\t\t\ttitle=\"Posts by GELP Uniovi\"\n\t\t\t\t\t\t\t\t\t\t\t\trel=\"author\">GELP Uniovi<\/a><\/span>\n\t\t\t\t\t\t\t\t\t\t\t\t\t\t\t\t\t\t\t\t\t\t\t\t\t\t\t\t\t\t\t<span class=\"post-date\"><i class=\"fa fa-clock-o\"><\/i> <a\n\t\t\t\t\t\t\t\t\t\t\t\thref=\"https:\/\/www.unioviedo.es\/gelp\/2021\/07\/\">julio 19 2021<\/a> <\/span>\n\t\t\t\t\t\t\t\t\t\t\t\t\t\t\t\t\t\t\t\t\t\t\t\t\t\t\t\t\t\t\t\t\t\t\t\t\t\t\t\t\t\t\t<span class=\"post-cats\"><i class=\"fa fa-folder-o\"\n\t\t\t\t\t\t\t\t\t\t\t\t                           aria-hidden=\"true\"><\/i> <a href=\"https:\/\/www.unioviedo.es\/gelp\/category\/news\/\" rel=\"category tag\">News<\/a><\/span>\n\t\t\t\t\t\t\t\t\t\t\t\t\t\t\t\t\t\t\t\t\t\t\t\t\t\t\t\t\t\t<\/div>\n\t\t\t\t\t\t\t\t\t\t\t\t\t\t\t<\/div>\n\t\t\t\t\t\t\t\t\t\t\t\t\t\t\t<p>Spectrochimica Acta Part B: Atomic Spectroscopy has chosen to feature the article The solution-cathode glow discharge in slow motion: characterization&hellip;<\/p>\n\t\t\t\t\t\t\t\t\t\t\t\t\t\t<a href=\"https:\/\/www.unioviedo.es\/gelp\/sab-issue-cover\/\"\n\t\t\t\t\t\t\t   class=\"kc-post-2-button\">Read more <i\n\t\t\t\t\t\t\t\t\tclass=\"fa fa-angle-right\" aria-hidden=\"true\"><\/i><\/a>\n\t\t\t\t\t\t\t\t\t\t\t\t\t<\/div>\n\n\t\t\t\t\t\n\t\t\t\t<\/div>\n\n\t\t\t\t\n\t\t\t\t<div class=\"kc-list-item-2\">\n\n\t\t\t\t\t\n\t\t\t\t\t\t<div class=\"post-item-left\">\n\t\t\t\t\t\t\t<div class=\"post_details\">\n\t\t\t\t\t\t\t\t<h2 class=\"post-title-alt\"><a\n\t\t\t\t\t\t\t\t\t\thref=\"https:\/\/www.unioviedo.es\/gelp\/cristina-mendez-has-received-an-award-for-her-oral-presentation-at-open-readings-2021\/\"\n\t\t\t\t\t\t\t\t\t\ttitle=\"Cristina M\u00e9ndez has received an award for her oral presentation at Open Readings 2021!\">Cristina M\u00e9ndez has received an award for her oral presentation at Open Readings 2021!<\/a>\n\t\t\t\t\t\t\t\t<\/h2>\n\t\t\t\t\t\t\t\t\t\t\t\t\t\t\t\t\t<div class=\"post-meta\">\n\t\t\t\t\t\t\t\t\t\t\t\t\t\t\t\t\t\t\t\t\t<span class=\"kc-post-author\"><i class=\"fa fa-user\"><\/i>  <a\n\t\t\t\t\t\t\t\t\t\t\t\thref=\"https:\/\/www.unioviedo.es\/gelp\/author\/gelpadmin\/\"\n\t\t\t\t\t\t\t\t\t\t\t\ttitle=\"Posts by Gelp\"\n\t\t\t\t\t\t\t\t\t\t\t\trel=\"author\">Gelp<\/a><\/span>\n\t\t\t\t\t\t\t\t\t\t\t\t\t\t\t\t\t\t\t\t\t\t\t\t\t\t\t\t\t\t\t<span class=\"post-date\"><i class=\"fa fa-clock-o\"><\/i> <a\n\t\t\t\t\t\t\t\t\t\t\t\thref=\"https:\/\/www.unioviedo.es\/gelp\/2021\/05\/\">mayo 5 2021<\/a> <\/span>\n\t\t\t\t\t\t\t\t\t\t\t\t\t\t\t\t\t\t\t\t\t\t\t\t\t\t\t\t\t\t\t\t\t\t\t\t\t\t\t\t\t\t\t<span class=\"post-cats\"><i class=\"fa fa-folder-o\"\n\t\t\t\t\t\t\t\t\t\t\t                           aria-hidden=\"true\"><\/i> <a href=\"https:\/\/www.unioviedo.es\/gelp\/category\/news\/\" rel=\"category tag\">News<\/a><\/span>\n\t\t\t\t\t\t\t\t\t\t\t\t\t\t\t\t\t\t\t\t\t\t\t\t\t\t\t\t\t\t<\/div>\n\t\t\t\t\t\t\t\t\t\t\t\t\t\t\t<\/div>\n\t\t\t\t\t\t\t\t\t\t\t\t\t\t\t<p>Cristina M\u00e9ndez, one of GELP's PhD students, has received an award for her Oral presentation \"Effects of nebulized calcium nitrite&hellip;<\/p>\n\t\t\t\t\t\t\t\t\t\t\t\t\t\t<a href=\"https:\/\/www.unioviedo.es\/gelp\/cristina-mendez-has-received-an-award-for-her-oral-presentation-at-open-readings-2021\/\"\n\t\t\t\t\t\t\t   class=\"kc-post-2-button\">Read more <i\n\t\t\t\t\t\t\t\t\tclass=\"fa fa-angle-right\" aria-hidden=\"true\"><\/i><\/a>\n\t\t\t\t\t\t\t\t\t\t\t\t\t<\/div>\n\t\t\t\t\t\t<div class=\"post-item-right\">\n\t\t\t\t\t\t\t<figure>\n\t\t\t\t\t\t\t\t<img decoding=\"async\" src=\"https:\/\/www.unioviedo.es\/gelp\/wp-content\/uploads\/2021\/05\/open_readings_cml-543x304xct.jpg\"\n\t\t\t\t\t\t\t\t     alt=\"Cristina M\u00e9ndez has received an award for her oral presentation at Open Readings 2021!\">\n\t\t\t\t\t\t\t<\/figure>\n\t\t\t\t\t\t<\/div>\n\n\t\t\t\t\t\n\t\t\t\t<\/div>\n\n\t\t\t\t\n\t\t\t\t<div class=\"kc-list-item-2\">\n\n\t\t\t\t\t\t\t\t\t\t\t\t\t\t\t\t\t\t<div class=\"post-item-left\">\n\t\t\t\t\t\t\t\t<figure>\n\t\t\t\t\t\t\t\t\t<img decoding=\"async\" src=\"https:\/\/www.unioviedo.es\/gelp\/wp-content\/uploads\/2021\/03\/cell_HT22_edit-e1615975331543-543x304xct.jpg\"\n\t\t\t\t\t\t\t\t\t     alt=\"Talanta has chosen one of our articles as issue cover!\">\n\t\t\t\t\t\t\t\t<\/figure>\n\t\t\t\t\t\t\t<\/div>\n\t\t\t\t\t\t\t\t\t\t\t\t<div class=\"post-item-right\">\n\t\t\t\t\t\t\t<div class=\"post_details\">\n\t\t\t\t\t\t\t\t<h2 class=\"post-title-alt\"><a\n\t\t\t\t\t\t\t\t\t\thref=\"https:\/\/www.unioviedo.es\/gelp\/talanta-has-chosen-one-of-our-articles-as-issue-cover\/\"\n\t\t\t\t\t\t\t\t\t\ttitle=\"Talanta has chosen one of our articles as issue cover!\">Talanta has chosen one of our articles as issue cover!<\/a>\n\t\t\t\t\t\t\t\t<\/h2>\n\n\t\t\t\t\t\t\t\t\t\t\t\t\t\t\t\t\t<div class=\"post-meta\">\n\t\t\t\t\t\t\t\t\t\t\t\t\t\t\t\t\t\t\t\t\t<span class=\"kc-post-author\"><i class=\"fa fa-user\"><\/i>  <a\n\t\t\t\t\t\t\t\t\t\t\t\thref=\"https:\/\/www.unioviedo.es\/gelp\/author\/gelpadmin\/\"\n\t\t\t\t\t\t\t\t\t\t\t\ttitle=\"Posts by Gelp\"\n\t\t\t\t\t\t\t\t\t\t\t\trel=\"author\">Gelp<\/a><\/span>\n\t\t\t\t\t\t\t\t\t\t\t\t\t\t\t\t\t\t\t\t\t\t\t\t\t\t\t\t\t\t\t<span class=\"post-date\"><i class=\"fa fa-clock-o\"><\/i> <a\n\t\t\t\t\t\t\t\t\t\t\t\thref=\"https:\/\/www.unioviedo.es\/gelp\/2021\/03\/\">marzo 17 2021<\/a> <\/span>\n\t\t\t\t\t\t\t\t\t\t\t\t\t\t\t\t\t\t\t\t\t\t\t\t\t\t\t\t\t\t\t\t\t\t\t\t\t\t\t\t\t\t\t<span class=\"post-cats\"><i class=\"fa fa-folder-o\"\n\t\t\t\t\t\t\t\t\t\t\t\t                           aria-hidden=\"true\"><\/i> <a href=\"https:\/\/www.unioviedo.es\/gelp\/category\/news\/\" rel=\"category tag\">News<\/a><\/span>\n\t\t\t\t\t\t\t\t\t\t\t\t\t\t\t\t\t\t\t\t\t\t\t\t\t\t\t\t\t\t<\/div>\n\t\t\t\t\t\t\t\t\t\t\t\t\t\t\t<\/div>\n\t\t\t\t\t\t\t\t\t\t\t\t\t\t\t<p>The International Journal of Pure and Applied Analytical Chemistry is featuring the article Exploring quantitative cellular bioimaging and assessment of&hellip;<\/p>\n\t\t\t\t\t\t\t\t\t\t\t\t\t\t<a href=\"https:\/\/www.unioviedo.es\/gelp\/talanta-has-chosen-one-of-our-articles-as-issue-cover\/\"\n\t\t\t\t\t\t\t   class=\"kc-post-2-button\">Read more <i\n\t\t\t\t\t\t\t\t\tclass=\"fa fa-angle-right\" aria-hidden=\"true\"><\/i><\/a>\n\t\t\t\t\t\t\t\t\t\t\t\t\t<\/div>\n\n\t\t\t\t\t\n\t\t\t\t<\/div>\n\n\t\t\t\t\n\t\t\t\t<div class=\"kc-list-item-2\">\n\n\t\t\t\t\t\n\t\t\t\t\t\t<div class=\"post-item-left\">\n\t\t\t\t\t\t\t<div class=\"post_details\">\n\t\t\t\t\t\t\t\t<h2 class=\"post-title-alt\"><a\n\t\t\t\t\t\t\t\t\t\thref=\"https:\/\/www.unioviedo.es\/gelp\/take-a-look-at-the-11th-emslibs-webpage\/\"\n\t\t\t\t\t\t\t\t\t\ttitle=\"Take a look at the 11th EMSLIBS webpage!\">Take a look at the 11th EMSLIBS webpage!<\/a>\n\t\t\t\t\t\t\t\t<\/h2>\n\t\t\t\t\t\t\t\t\t\t\t\t\t\t\t\t\t<div class=\"post-meta\">\n\t\t\t\t\t\t\t\t\t\t\t\t\t\t\t\t\t\t\t\t\t<span class=\"kc-post-author\"><i class=\"fa fa-user\"><\/i>  <a\n\t\t\t\t\t\t\t\t\t\t\t\thref=\"https:\/\/www.unioviedo.es\/gelp\/author\/gelpadmin\/\"\n\t\t\t\t\t\t\t\t\t\t\t\ttitle=\"Posts by Gelp\"\n\t\t\t\t\t\t\t\t\t\t\t\trel=\"author\">Gelp<\/a><\/span>\n\t\t\t\t\t\t\t\t\t\t\t\t\t\t\t\t\t\t\t\t\t\t\t\t\t\t\t\t\t\t\t<span class=\"post-date\"><i class=\"fa fa-clock-o\"><\/i> <a\n\t\t\t\t\t\t\t\t\t\t\t\thref=\"https:\/\/www.unioviedo.es\/gelp\/2021\/01\/\">enero 25 2021<\/a> <\/span>\n\t\t\t\t\t\t\t\t\t\t\t\t\t\t\t\t\t\t\t\t\t\t\t\t\t\t\t\t\t\t\t\t\t\t\t\t\t\t\t\t\t\t\t<span class=\"post-cats\"><i class=\"fa fa-folder-o\"\n\t\t\t\t\t\t\t\t\t\t\t                           aria-hidden=\"true\"><\/i> <a href=\"https:\/\/www.unioviedo.es\/gelp\/category\/emslibs-2021\/\" rel=\"category tag\">EMSLIBS 2021<\/a>, <a href=\"https:\/\/www.unioviedo.es\/gelp\/category\/news\/\" rel=\"category tag\">News<\/a><\/span>\n\t\t\t\t\t\t\t\t\t\t\t\t\t\t\t\t\t\t\t\t\t\t\t\t\t\t\t\t\t\t<\/div>\n\t\t\t\t\t\t\t\t\t\t\t\t\t\t\t<\/div>\n\t\t\t\t\t\t\t\t\t\t\t\t\t\t\t<p>We're very excited to share with you that the EMSLIBS 2021 webpage is already online! The symposium will take place&hellip;<\/p>\n\t\t\t\t\t\t\t\t\t\t\t\t\t\t<a href=\"https:\/\/www.unioviedo.es\/gelp\/take-a-look-at-the-11th-emslibs-webpage\/\"\n\t\t\t\t\t\t\t   class=\"kc-post-2-button\">Read more <i\n\t\t\t\t\t\t\t\t\tclass=\"fa fa-angle-right\" aria-hidden=\"true\"><\/i><\/a>\n\t\t\t\t\t\t\t\t\t\t\t\t\t<\/div>\n\t\t\t\t\t\t<div class=\"post-item-right\">\n\t\t\t\t\t\t\t<figure>\n\t\t\t\t\t\t\t\t<img decoding=\"async\" src=\"https:\/\/www.unioviedo.es\/gelp\/wp-content\/uploads\/2021\/01\/EMSLIBS2021_logo_twitter-543x304xct.png\"\n\t\t\t\t\t\t\t\t     alt=\"Take a look at the 11th EMSLIBS webpage!\">\n\t\t\t\t\t\t\t<\/figure>\n\t\t\t\t\t\t<\/div>\n\n\t\t\t\t\t\n\t\t\t\t<\/div>\n\n\t\t\t\t\n\t\t\t\t<div class=\"kc-list-item-2\">\n\n\t\t\t\t\t\t\t\t\t\t\t\t\t\t\t\t\t\t<div class=\"post-item-left\">\n\t\t\t\t\t\t\t\t<figure>\n\t\t\t\t\t\t\t\t\t<img decoding=\"async\" src=\"https:\/\/www.unioviedo.es\/gelp\/wp-content\/uploads\/2020\/12\/SolucionesEspectroscopicas-543x304xct.jpg\"\n\t\t\t\t\t\t\t\t\t     alt=\"Meet Soluciones Espectrosc\u00f3picas, a GELP initiative!\">\n\t\t\t\t\t\t\t\t<\/figure>\n\t\t\t\t\t\t\t<\/div>\n\t\t\t\t\t\t\t\t\t\t\t\t<div class=\"post-item-right\">\n\t\t\t\t\t\t\t<div class=\"post_details\">\n\t\t\t\t\t\t\t\t<h2 class=\"post-title-alt\"><a\n\t\t\t\t\t\t\t\t\t\thref=\"https:\/\/www.unioviedo.es\/gelp\/meet-soluciones-espectroscopicas-a-gelp-initiative\/\"\n\t\t\t\t\t\t\t\t\t\ttitle=\"Meet Soluciones Espectrosc\u00f3picas, a GELP initiative!\">Meet Soluciones Espectrosc\u00f3picas, a GELP initiative!<\/a>\n\t\t\t\t\t\t\t\t<\/h2>\n\n\t\t\t\t\t\t\t\t\t\t\t\t\t\t\t\t\t<div class=\"post-meta\">\n\t\t\t\t\t\t\t\t\t\t\t\t\t\t\t\t\t\t\t\t\t<span class=\"kc-post-author\"><i class=\"fa fa-user\"><\/i>  <a\n\t\t\t\t\t\t\t\t\t\t\t\thref=\"https:\/\/www.unioviedo.es\/gelp\/author\/gelpadmin\/\"\n\t\t\t\t\t\t\t\t\t\t\t\ttitle=\"Posts by Gelp\"\n\t\t\t\t\t\t\t\t\t\t\t\trel=\"author\">Gelp<\/a><\/span>\n\t\t\t\t\t\t\t\t\t\t\t\t\t\t\t\t\t\t\t\t\t\t\t\t\t\t\t\t\t\t\t<span class=\"post-date\"><i class=\"fa fa-clock-o\"><\/i> <a\n\t\t\t\t\t\t\t\t\t\t\t\thref=\"https:\/\/www.unioviedo.es\/gelp\/2020\/12\/\">diciembre 21 2020<\/a> <\/span>\n\t\t\t\t\t\t\t\t\t\t\t\t\t\t\t\t\t\t\t\t\t\t\t\t\t\t\t\t\t\t\t\t\t\t\t\t\t\t\t\t\t\t\t<span class=\"post-cats\"><i class=\"fa fa-folder-o\"\n\t\t\t\t\t\t\t\t\t\t\t\t                           aria-hidden=\"true\"><\/i> <a href=\"https:\/\/www.unioviedo.es\/gelp\/category\/news\/\" rel=\"category tag\">News<\/a><\/span>\n\t\t\t\t\t\t\t\t\t\t\t\t\t\t\t\t\t\t\t\t\t\t\t\t\t\t\t\t\t\t<\/div>\n\t\t\t\t\t\t\t\t\t\t\t\t\t\t\t<\/div>\n\t\t\t\t\t\t\t\t\t\t\t\t\t\t\t<p>(In this picture, from left to right: Dr. Jorge Pisonero, Dr. David Blanco, Prof. Nerea Bordel, Dr. Jonatan Fandi\u00f1o and&hellip;<\/p>\n\t\t\t\t\t\t\t\t\t\t\t\t\t\t<a href=\"https:\/\/www.unioviedo.es\/gelp\/meet-soluciones-espectroscopicas-a-gelp-initiative\/\"\n\t\t\t\t\t\t\t   class=\"kc-post-2-button\">Read more <i\n\t\t\t\t\t\t\t\t\tclass=\"fa fa-angle-right\" aria-hidden=\"true\"><\/i><\/a>\n\t\t\t\t\t\t\t\t\t\t\t\t\t<\/div>\n\n\t\t\t\t\t\n\t\t\t\t<\/div>\n\n\t\t\t\t\n\t\t\t\t<div class=\"kc-list-item-2\">\n\n\t\t\t\t\t\n\t\t\t\t\t\t<div class=\"post-item-left\">\n\t\t\t\t\t\t\t<div class=\"post_details\">\n\t\t\t\t\t\t\t\t<h2 class=\"post-title-alt\"><a\n\t\t\t\t\t\t\t\t\t\thref=\"https:\/\/www.unioviedo.es\/gelp\/jonatan-fandino-has-succesfully-defended-his-phd-thesis\/\"\n\t\t\t\t\t\t\t\t\t\ttitle=\"Jonatan Fandi\u00f1o has succesfully defended his PhD Thesis\">Jonatan Fandi\u00f1o has succesfully defended his PhD Thesis<\/a>\n\t\t\t\t\t\t\t\t<\/h2>\n\t\t\t\t\t\t\t\t\t\t\t\t\t\t\t\t\t<div class=\"post-meta\">\n\t\t\t\t\t\t\t\t\t\t\t\t\t\t\t\t\t\t\t\t\t<span class=\"kc-post-author\"><i class=\"fa fa-user\"><\/i>  <a\n\t\t\t\t\t\t\t\t\t\t\t\thref=\"https:\/\/www.unioviedo.es\/gelp\/author\/gelpadmin\/\"\n\t\t\t\t\t\t\t\t\t\t\t\ttitle=\"Posts by Gelp\"\n\t\t\t\t\t\t\t\t\t\t\t\trel=\"author\">Gelp<\/a><\/span>\n\t\t\t\t\t\t\t\t\t\t\t\t\t\t\t\t\t\t\t\t\t\t\t\t\t\t\t\t\t\t\t<span class=\"post-date\"><i class=\"fa fa-clock-o\"><\/i> <a\n\t\t\t\t\t\t\t\t\t\t\t\thref=\"https:\/\/www.unioviedo.es\/gelp\/2020\/04\/\">abril 16 2020<\/a> <\/span>\n\t\t\t\t\t\t\t\t\t\t\t\t\t\t\t\t\t\t\t\t\t\t\t\t\t\t\t\t\t\t\t\t\t\t\t\t\t\t\t\t\t\t\t<span class=\"post-cats\"><i class=\"fa fa-folder-o\"\n\t\t\t\t\t\t\t\t\t\t\t                           aria-hidden=\"true\"><\/i> <a href=\"https:\/\/www.unioviedo.es\/gelp\/category\/news\/\" rel=\"category tag\">News<\/a><\/span>\n\t\t\t\t\t\t\t\t\t\t\t\t\t\t\t\t\t\t\t\t\t\t\t\t\t\t\t\t\t\t<\/div>\n\t\t\t\t\t\t\t\t\t\t\t\t\t\t\t<\/div>\n\t\t\t\t\t\t\t\t\t\t\t\t\t\t\t<p>Dr. Jonatan Fandi\u00f1o has successfully defended his PhD Thesis, \u00abNew instrumentation based on atmospheric pressure and low pressure plasmas with&hellip;<\/p>\n\t\t\t\t\t\t\t\t\t\t\t\t\t\t<a href=\"https:\/\/www.unioviedo.es\/gelp\/jonatan-fandino-has-succesfully-defended-his-phd-thesis\/\"\n\t\t\t\t\t\t\t   class=\"kc-post-2-button\">Read more <i\n\t\t\t\t\t\t\t\t\tclass=\"fa fa-angle-right\" aria-hidden=\"true\"><\/i><\/a>\n\t\t\t\t\t\t\t\t\t\t\t\t\t<\/div>\n\t\t\t\t\t\t<div class=\"post-item-right\">\n\t\t\t\t\t\t\t<figure>\n\t\t\t\t\t\t\t\t<img decoding=\"async\" src=\"https:\/\/www.unioviedo.es\/gelp\/wp-content\/uploads\/2020\/04\/20200416_tesisjonatan3bw-e1587042829705-543x304xct.jpeg\"\n\t\t\t\t\t\t\t\t     alt=\"Jonatan Fandi\u00f1o has succesfully defended his PhD Thesis\">\n\t\t\t\t\t\t\t<\/figure>\n\t\t\t\t\t\t<\/div>\n\n\t\t\t\t\t\n\t\t\t\t<\/div>\n\n\t\t\t\t\n\t\t\t\t<div class=\"kc-list-item-2\">\n\n\t\t\t\t\t\t\t\t\t\t\t\t\t\t\t\t\t\t<div class=\"post-item-left\">\n\t\t\t\t\t\t\t\t<figure>\n\t\t\t\t\t\t\t\t\t<img decoding=\"async\" src=\"https:\/\/www.unioviedo.es\/gelp\/wp-content\/uploads\/2019\/11\/Cesar_Alvarez_Llamas-543x304xct.png\"\n\t\t\t\t\t\t\t\t\t     alt=\"Dr. C\u00e9sar \u00c1lvarez-Llamas has been selected as an Outstanding Reviewer by JAAS editorial team!\">\n\t\t\t\t\t\t\t\t<\/figure>\n\t\t\t\t\t\t\t<\/div>\n\t\t\t\t\t\t\t\t\t\t\t\t<div class=\"post-item-right\">\n\t\t\t\t\t\t\t<div class=\"post_details\">\n\t\t\t\t\t\t\t\t<h2 class=\"post-title-alt\"><a\n\t\t\t\t\t\t\t\t\t\thref=\"https:\/\/www.unioviedo.es\/gelp\/dr-cesar-alvarez-llamas-selected-outstanding-reviewer-jaas\/\"\n\t\t\t\t\t\t\t\t\t\ttitle=\"Dr. C\u00e9sar \u00c1lvarez-Llamas has been selected as an Outstanding Reviewer by JAAS editorial team!\">Dr. C\u00e9sar \u00c1lvarez-Llamas has been selected as an Outstanding Reviewer by JAAS editorial team!<\/a>\n\t\t\t\t\t\t\t\t<\/h2>\n\n\t\t\t\t\t\t\t\t\t\t\t\t\t\t\t\t\t<div class=\"post-meta\">\n\t\t\t\t\t\t\t\t\t\t\t\t\t\t\t\t\t\t\t\t\t<span class=\"kc-post-author\"><i class=\"fa fa-user\"><\/i>  <a\n\t\t\t\t\t\t\t\t\t\t\t\thref=\"https:\/\/www.unioviedo.es\/gelp\/author\/gelpadmin\/\"\n\t\t\t\t\t\t\t\t\t\t\t\ttitle=\"Posts by Gelp\"\n\t\t\t\t\t\t\t\t\t\t\t\trel=\"author\">Gelp<\/a><\/span>\n\t\t\t\t\t\t\t\t\t\t\t\t\t\t\t\t\t\t\t\t\t\t\t\t\t\t\t\t\t\t\t<span class=\"post-date\"><i class=\"fa fa-clock-o\"><\/i> <a\n\t\t\t\t\t\t\t\t\t\t\t\thref=\"https:\/\/www.unioviedo.es\/gelp\/2019\/11\/\">noviembre 6 2019<\/a> <\/span>\n\t\t\t\t\t\t\t\t\t\t\t\t\t\t\t\t\t\t\t\t\t\t\t\t\t\t\t\t\t\t\t\t\t\t\t\t\t\t\t\t\t\t\t<span class=\"post-cats\"><i class=\"fa fa-folder-o\"\n\t\t\t\t\t\t\t\t\t\t\t\t                           aria-hidden=\"true\"><\/i> <a href=\"https:\/\/www.unioviedo.es\/gelp\/category\/news\/\" rel=\"category tag\">News<\/a><\/span>\n\t\t\t\t\t\t\t\t\t\t\t\t\t\t\t\t\t\t\t\t\t\t\t\t\t\t\t\t\t\t<\/div>\n\t\t\t\t\t\t\t\t\t\t\t\t\t\t\t<\/div>\n\t\t\t\t\t\t\t\t\t\t\t\t\t\t\t<p>Former GELP member C\u00e9sar \u00c1lvarez-Llamas has been recognized by the editorial team of the Journal of Analytical Atomic Spectrometry (JAAS)&hellip;<\/p>\n\t\t\t\t\t\t\t\t\t\t\t\t\t\t<a href=\"https:\/\/www.unioviedo.es\/gelp\/dr-cesar-alvarez-llamas-selected-outstanding-reviewer-jaas\/\"\n\t\t\t\t\t\t\t   class=\"kc-post-2-button\">Read more <i\n\t\t\t\t\t\t\t\t\tclass=\"fa fa-angle-right\" aria-hidden=\"true\"><\/i><\/a>\n\t\t\t\t\t\t\t\t\t\t\t\t\t<\/div>\n\n\t\t\t\t\t\n\t\t\t\t<\/div>\n\n\t\t\t\t\n\t\t\t\t<div class=\"kc-list-item-2\">\n\n\t\t\t\t\t\n\t\t\t\t\t\t<div class=\"post-item-left\">\n\t\t\t\t\t\t\t<div class=\"post_details\">\n\t\t\t\t\t\t\t\t<h2 class=\"post-title-alt\"><a\n\t\t\t\t\t\t\t\t\t\thref=\"https:\/\/www.unioviedo.es\/gelp\/welcome-dr-esteban-avigliano\/\"\n\t\t\t\t\t\t\t\t\t\ttitle=\"Welcome, Dr. Esteban Avigliano!\">Welcome, Dr. Esteban Avigliano!<\/a>\n\t\t\t\t\t\t\t\t<\/h2>\n\t\t\t\t\t\t\t\t\t\t\t\t\t\t\t\t\t<div class=\"post-meta\">\n\t\t\t\t\t\t\t\t\t\t\t\t\t\t\t\t\t\t\t\t\t<span class=\"kc-post-author\"><i class=\"fa fa-user\"><\/i>  <a\n\t\t\t\t\t\t\t\t\t\t\t\thref=\"https:\/\/www.unioviedo.es\/gelp\/author\/gelpadmin\/\"\n\t\t\t\t\t\t\t\t\t\t\t\ttitle=\"Posts by Gelp\"\n\t\t\t\t\t\t\t\t\t\t\t\trel=\"author\">Gelp<\/a><\/span>\n\t\t\t\t\t\t\t\t\t\t\t\t\t\t\t\t\t\t\t\t\t\t\t\t\t\t\t\t\t\t\t<span class=\"post-date\"><i class=\"fa fa-clock-o\"><\/i> <a\n\t\t\t\t\t\t\t\t\t\t\t\thref=\"https:\/\/www.unioviedo.es\/gelp\/2019\/10\/\">octubre 9 2019<\/a> <\/span>\n\t\t\t\t\t\t\t\t\t\t\t\t\t\t\t\t\t\t\t\t\t\t\t\t\t\t\t\t\t\t\t\t\t\t\t\t\t\t\t\t\t\t\t<span class=\"post-cats\"><i class=\"fa fa-folder-o\"\n\t\t\t\t\t\t\t\t\t\t\t                           aria-hidden=\"true\"><\/i> <a href=\"https:\/\/www.unioviedo.es\/gelp\/category\/news\/\" rel=\"category tag\">News<\/a><\/span>\n\t\t\t\t\t\t\t\t\t\t\t\t\t\t\t\t\t\t\t\t\t\t\t\t\t\t\t\t\t\t<\/div>\n\t\t\t\t\t\t\t\t\t\t\t\t\t\t\t<\/div>\n\t\t\t\t\t\t\t\t\t\t\t\t\t\t\t<p>Dr. Esteban Avigliano from Buenos Aires University has joined us for a short stay. His work involves Biology, Analytical Chemistry&hellip;<\/p>\n\t\t\t\t\t\t\t\t\t\t\t\t\t\t<a href=\"https:\/\/www.unioviedo.es\/gelp\/welcome-dr-esteban-avigliano\/\"\n\t\t\t\t\t\t\t   class=\"kc-post-2-button\">Read more <i\n\t\t\t\t\t\t\t\t\tclass=\"fa fa-angle-right\" aria-hidden=\"true\"><\/i><\/a>\n\t\t\t\t\t\t\t\t\t\t\t\t\t<\/div>\n\t\t\t\t\t\t<div class=\"post-item-right\">\n\t\t\t\t\t\t\t<figure>\n\t\t\t\t\t\t\t\t<img decoding=\"async\" src=\"https:\/\/www.unioviedo.es\/gelp\/wp-content\/uploads\/2019\/10\/Esteban_Avigliano-543x304xct.png\"\n\t\t\t\t\t\t\t\t     alt=\"Welcome, Dr. Esteban Avigliano!\">\n\t\t\t\t\t\t\t<\/figure>\n\t\t\t\t\t\t<\/div>\n\n\t\t\t\t\t\n\t\t\t\t<\/div>\n\n\t\t\t\t\n\t\t\t\t<div class=\"kc-list-item-2\">\n\n\t\t\t\t\t\t\t\t\t\t\t\t\t\t\t\t\t\t<div class=\"post-item-left\">\n\t\t\t\t\t\t\t\t<figure>\n\t\t\t\t\t\t\t\t\t<img decoding=\"async\" src=\"https:\/\/www.unioviedo.es\/gelp\/wp-content\/uploads\/2019\/10\/min-543x304xct.png\"\n\t\t\t\t\t\t\t\t\t     alt=\"Welcome Zhang Yinchenxi!\">\n\t\t\t\t\t\t\t\t<\/figure>\n\t\t\t\t\t\t\t<\/div>\n\t\t\t\t\t\t\t\t\t\t\t\t<div class=\"post-item-right\">\n\t\t\t\t\t\t\t<div class=\"post_details\">\n\t\t\t\t\t\t\t\t<h2 class=\"post-title-alt\"><a\n\t\t\t\t\t\t\t\t\t\thref=\"https:\/\/www.unioviedo.es\/gelp\/welcome-zhang-yinchenxi\/\"\n\t\t\t\t\t\t\t\t\t\ttitle=\"Welcome Zhang Yinchenxi!\">Welcome Zhang Yinchenxi!<\/a>\n\t\t\t\t\t\t\t\t<\/h2>\n\n\t\t\t\t\t\t\t\t\t\t\t\t\t\t\t\t\t<div class=\"post-meta\">\n\t\t\t\t\t\t\t\t\t\t\t\t\t\t\t\t\t\t\t\t\t<span class=\"kc-post-author\"><i class=\"fa fa-user\"><\/i>  <a\n\t\t\t\t\t\t\t\t\t\t\t\thref=\"https:\/\/www.unioviedo.es\/gelp\/author\/gelpadmin\/\"\n\t\t\t\t\t\t\t\t\t\t\t\ttitle=\"Posts by Gelp\"\n\t\t\t\t\t\t\t\t\t\t\t\trel=\"author\">Gelp<\/a><\/span>\n\t\t\t\t\t\t\t\t\t\t\t\t\t\t\t\t\t\t\t\t\t\t\t\t\t\t\t\t\t\t\t<span class=\"post-date\"><i class=\"fa fa-clock-o\"><\/i> <a\n\t\t\t\t\t\t\t\t\t\t\t\thref=\"https:\/\/www.unioviedo.es\/gelp\/2019\/09\/\">septiembre 30 2019<\/a> <\/span>\n\t\t\t\t\t\t\t\t\t\t\t\t\t\t\t\t\t\t\t\t\t\t\t\t\t\t\t\t\t\t\t\t\t\t\t\t\t\t\t\t\t\t\t<span class=\"post-cats\"><i class=\"fa fa-folder-o\"\n\t\t\t\t\t\t\t\t\t\t\t\t                           aria-hidden=\"true\"><\/i> <a href=\"https:\/\/www.unioviedo.es\/gelp\/category\/news\/\" rel=\"category tag\">News<\/a><\/span>\n\t\t\t\t\t\t\t\t\t\t\t\t\t\t\t\t\t\t\t\t\t\t\t\t\t\t\t\t\t\t<\/div>\n\t\t\t\t\t\t\t\t\t\t\t\t\t\t\t<\/div>\n\t\t\t\t\t\t\t\t\t\t\t\t\t\t\t<p>We are pleased to announce that Zhang Yinchenxi has joined us! She was previously working with Prof. Duan at Sichuan&hellip;<\/p>\n\t\t\t\t\t\t\t\t\t\t\t\t\t\t<a href=\"https:\/\/www.unioviedo.es\/gelp\/welcome-zhang-yinchenxi\/\"\n\t\t\t\t\t\t\t   class=\"kc-post-2-button\">Read more <i\n\t\t\t\t\t\t\t\t\tclass=\"fa fa-angle-right\" aria-hidden=\"true\"><\/i><\/a>\n\t\t\t\t\t\t\t\t\t\t\t\t\t<\/div>\n\n\t\t\t\t\t\n\t\t\t\t<\/div>\n\n\t\t\t\t\n\t\t\t\t<div class=\"kc-list-item-2\">\n\n\t\t\t\t\t\n\t\t\t\t\t\t<div class=\"post-item-left\">\n\t\t\t\t\t\t\t<div class=\"post_details\">\n\t\t\t\t\t\t\t\t<h2 class=\"post-title-alt\"><a\n\t\t\t\t\t\t\t\t\t\thref=\"https:\/\/www.unioviedo.es\/gelp\/gijon-spain-hosting-11th-emslibs-and-42nd-csi\/\"\n\t\t\t\t\t\t\t\t\t\ttitle=\"Gij\u00f3n (Spain) will be hosting the 11th EMSLIBS and 42nd CSI!\">Gij\u00f3n (Spain) will be hosting the 11th EMSLIBS and 42nd CSI!<\/a>\n\t\t\t\t\t\t\t\t<\/h2>\n\t\t\t\t\t\t\t\t\t\t\t\t\t\t\t\t\t<div class=\"post-meta\">\n\t\t\t\t\t\t\t\t\t\t\t\t\t\t\t\t\t\t\t\t\t<span class=\"kc-post-author\"><i class=\"fa fa-user\"><\/i>  <a\n\t\t\t\t\t\t\t\t\t\t\t\thref=\"https:\/\/www.unioviedo.es\/gelp\/author\/gelpadmin\/\"\n\t\t\t\t\t\t\t\t\t\t\t\ttitle=\"Posts by Gelp\"\n\t\t\t\t\t\t\t\t\t\t\t\trel=\"author\">Gelp<\/a><\/span>\n\t\t\t\t\t\t\t\t\t\t\t\t\t\t\t\t\t\t\t\t\t\t\t\t\t\t\t\t\t\t\t<span class=\"post-date\"><i class=\"fa fa-clock-o\"><\/i> <a\n\t\t\t\t\t\t\t\t\t\t\t\thref=\"https:\/\/www.unioviedo.es\/gelp\/2019\/09\/\">septiembre 12 2019<\/a> <\/span>\n\t\t\t\t\t\t\t\t\t\t\t\t\t\t\t\t\t\t\t\t\t\t\t\t\t\t\t\t\t\t\t\t\t\t\t\t\t\t\t\t\t\t\t<span class=\"post-cats\"><i class=\"fa fa-folder-o\"\n\t\t\t\t\t\t\t\t\t\t\t                           aria-hidden=\"true\"><\/i> <a href=\"https:\/\/www.unioviedo.es\/gelp\/category\/news\/\" rel=\"category tag\">News<\/a><\/span>\n\t\t\t\t\t\t\t\t\t\t\t\t\t\t\t\t\t\t\t\t\t\t\t\t\t\t\t\t\t\t<\/div>\n\t\t\t\t\t\t\t\t\t\t\t\t\t\t\t<\/div>\n\t\t\t\t\t\t\t\t\t\t\t\t\t\t\t<p>Prof. Nerea Bordel successfully defended Spain's application to host the 11th Euro-Mediterranean Symposium on Laser-Induced Breakdown Spectroscopy (EMSLIBS) alongside Prof.&hellip;<\/p>\n\t\t\t\t\t\t\t\t\t\t\t\t\t\t<a href=\"https:\/\/www.unioviedo.es\/gelp\/gijon-spain-hosting-11th-emslibs-and-42nd-csi\/\"\n\t\t\t\t\t\t\t   class=\"kc-post-2-button\">Read more <i\n\t\t\t\t\t\t\t\t\tclass=\"fa fa-angle-right\" aria-hidden=\"true\"><\/i><\/a>\n\t\t\t\t\t\t\t\t\t\t\t\t\t<\/div>\n\t\t\t\t\t\t<div class=\"post-item-right\">\n\t\t\t\t\t\t\t<figure>\n\t\t\t\t\t\t\t\t<img decoding=\"async\" src=\"https:\/\/www.unioviedo.es\/gelp\/wp-content\/uploads\/2019\/09\/nerea_emslibs2019-e1569775174239-543x304xct.png\"\n\t\t\t\t\t\t\t\t     alt=\"Gij\u00f3n (Spain) will be hosting the 11th EMSLIBS and 42nd CSI!\">\n\t\t\t\t\t\t\t<\/figure>\n\t\t\t\t\t\t<\/div>\n\n\t\t\t\t\t\n\t\t\t\t<\/div>\n\n\t\t\t\t\n\t\t\t\t<div class=\"kc-list-item-2\">\n\n\t\t\t\t\t\t\t\t\t\t\t\t\t\t\t\t\t\t<div class=\"post-item-left\">\n\t\t\t\t\t\t\t\t<figure>\n\t\t\t\t\t\t\t\t\t<img decoding=\"async\" src=\"https:\/\/www.unioviedo.es\/gelp\/wp-content\/uploads\/2019\/06\/f43d0f07-ee28-492e-83e5-22b16daa2cce-e1569775753530-543x304xct.png\"\n\t\t\t\t\t\t\t\t\t     alt=\"Luis Fern\u00e1ndez has been awarded by the XXXVII Biannual Meeting of the Spanish Royal Society of Physics (PhD researchers category)\">\n\t\t\t\t\t\t\t\t<\/figure>\n\t\t\t\t\t\t\t<\/div>\n\t\t\t\t\t\t\t\t\t\t\t\t<div class=\"post-item-right\">\n\t\t\t\t\t\t\t<div class=\"post_details\">\n\t\t\t\t\t\t\t\t<h2 class=\"post-title-alt\"><a\n\t\t\t\t\t\t\t\t\t\thref=\"https:\/\/www.unioviedo.es\/gelp\/luis-fernandez-has-been-awarded-by-the-xxxvii-biannual-meeting-of-the-spanish-royal-society-of-physics-phd-researchers-category\/\"\n\t\t\t\t\t\t\t\t\t\ttitle=\"Luis Fern\u00e1ndez has been awarded by the XXXVII Biannual Meeting of the Spanish Royal Society of Physics (PhD researchers category)\">Luis Fern\u00e1ndez has been awarded by the XXXVII Biannual Meeting of the Spanish Royal Society of Physics (PhD researchers category)<\/a>\n\t\t\t\t\t\t\t\t<\/h2>\n\n\t\t\t\t\t\t\t\t\t\t\t\t\t\t\t\t\t<div class=\"post-meta\">\n\t\t\t\t\t\t\t\t\t\t\t\t\t\t\t\t\t\t\t\t\t<span class=\"kc-post-author\"><i class=\"fa fa-user\"><\/i>  <a\n\t\t\t\t\t\t\t\t\t\t\t\thref=\"https:\/\/www.unioviedo.es\/gelp\/author\/gelpadmin\/\"\n\t\t\t\t\t\t\t\t\t\t\t\ttitle=\"Posts by Gelp\"\n\t\t\t\t\t\t\t\t\t\t\t\trel=\"author\">Gelp<\/a><\/span>\n\t\t\t\t\t\t\t\t\t\t\t\t\t\t\t\t\t\t\t\t\t\t\t\t\t\t\t\t\t\t\t<span class=\"post-date\"><i class=\"fa fa-clock-o\"><\/i> <a\n\t\t\t\t\t\t\t\t\t\t\t\thref=\"https:\/\/www.unioviedo.es\/gelp\/2019\/06\/\">junio 21 2019<\/a> <\/span>\n\t\t\t\t\t\t\t\t\t\t\t\t\t\t\t\t\t\t\t\t\t\t\t\t\t\t\t\t\t\t\t\t\t\t\t\t\t\t\t\t\t\t\t<span class=\"post-cats\"><i class=\"fa fa-folder-o\"\n\t\t\t\t\t\t\t\t\t\t\t\t                           aria-hidden=\"true\"><\/i> <a href=\"https:\/\/www.unioviedo.es\/gelp\/category\/news\/\" rel=\"category tag\">News<\/a><\/span>\n\t\t\t\t\t\t\t\t\t\t\t\t\t\t\t\t\t\t\t\t\t\t\t\t\t\t\t\t\t\t<\/div>\n\t\t\t\t\t\t\t\t\t\t\t\t\t\t\t<\/div>\n\t\t\t\t\t\t\t\t\t\t\t\t\t\t\t<p>Luis Fern\u00e1ndez from the Laser and Plasma Spectroscopy Group has been awarded by the XXXVII Biannual Meeting of the Spanish&hellip;<\/p>\n\t\t\t\t\t\t\t\t\t\t\t\t\t\t<a href=\"https:\/\/www.unioviedo.es\/gelp\/luis-fernandez-has-been-awarded-by-the-xxxvii-biannual-meeting-of-the-spanish-royal-society-of-physics-phd-researchers-category\/\"\n\t\t\t\t\t\t\t   class=\"kc-post-2-button\">Read more <i\n\t\t\t\t\t\t\t\t\tclass=\"fa fa-angle-right\" aria-hidden=\"true\"><\/i><\/a>\n\t\t\t\t\t\t\t\t\t\t\t\t\t<\/div>\n\n\t\t\t\t\t\n\t\t\t\t<\/div>\n\n\t\t\t\t\n\t\t\t\t<div class=\"kc-list-item-2\">\n\n\t\t\t\t\t\n\t\t\t\t\t\t<div class=\"post-item-left\">\n\t\t\t\t\t\t\t<div class=\"post_details\">\n\t\t\t\t\t\t\t\t<h2 class=\"post-title-alt\"><a\n\t\t\t\t\t\t\t\t\t\thref=\"https:\/\/www.unioviedo.es\/gelp\/welcome-back-dr-jaime-orejas\/\"\n\t\t\t\t\t\t\t\t\t\ttitle=\"Welcome back Dr. Jaime Orejas\">Welcome back Dr. Jaime Orejas<\/a>\n\t\t\t\t\t\t\t\t<\/h2>\n\t\t\t\t\t\t\t\t\t\t\t\t\t\t\t\t\t<div class=\"post-meta\">\n\t\t\t\t\t\t\t\t\t\t\t\t\t\t\t\t\t\t\t\t\t<span class=\"kc-post-author\"><i class=\"fa fa-user\"><\/i>  <a\n\t\t\t\t\t\t\t\t\t\t\t\thref=\"https:\/\/www.unioviedo.es\/gelp\/author\/gelpadmin\/\"\n\t\t\t\t\t\t\t\t\t\t\t\ttitle=\"Posts by Gelp\"\n\t\t\t\t\t\t\t\t\t\t\t\trel=\"author\">Gelp<\/a><\/span>\n\t\t\t\t\t\t\t\t\t\t\t\t\t\t\t\t\t\t\t\t\t\t\t\t\t\t\t\t\t\t\t<span class=\"post-date\"><i class=\"fa fa-clock-o\"><\/i> <a\n\t\t\t\t\t\t\t\t\t\t\t\thref=\"https:\/\/www.unioviedo.es\/gelp\/2019\/06\/\">junio 20 2019<\/a> <\/span>\n\t\t\t\t\t\t\t\t\t\t\t\t\t\t\t\t\t\t\t\t\t\t\t\t\t\t\t\t\t\t\t\t\t\t\t\t\t\t\t\t\t\t\t<span class=\"post-cats\"><i class=\"fa fa-folder-o\"\n\t\t\t\t\t\t\t\t\t\t\t                           aria-hidden=\"true\"><\/i> <a href=\"https:\/\/www.unioviedo.es\/gelp\/category\/news\/\" rel=\"category tag\">News<\/a><\/span>\n\t\t\t\t\t\t\t\t\t\t\t\t\t\t\t\t\t\t\t\t\t\t\t\t\t\t\t\t\t\t<\/div>\n\t\t\t\t\t\t\t\t\t\t\t\t\t\t\t<\/div>\n\t\t\t\t\t\t\t\t\t\t\t\t\t\t\t<p>Dr. Jaime Orejas is back as a researcher at the Laser and Plasma Spectroscopy Group after several postdoc stays in&hellip;<\/p>\n\t\t\t\t\t\t\t\t\t\t\t\t\t\t<a href=\"https:\/\/www.unioviedo.es\/gelp\/welcome-back-dr-jaime-orejas\/\"\n\t\t\t\t\t\t\t   class=\"kc-post-2-button\">Read more <i\n\t\t\t\t\t\t\t\t\tclass=\"fa fa-angle-right\" aria-hidden=\"true\"><\/i><\/a>\n\t\t\t\t\t\t\t\t\t\t\t\t\t<\/div>\n\t\t\t\t\t\t<div class=\"post-item-right\">\n\t\t\t\t\t\t\t<figure>\n\t\t\t\t\t\t\t\t<img decoding=\"async\" src=\"https:\/\/www.unioviedo.es\/gelp\/wp-content\/uploads\/2019\/06\/Jaime_ELCAD-543x304xct.png\"\n\t\t\t\t\t\t\t\t     alt=\"Welcome back Dr. Jaime Orejas\">\n\t\t\t\t\t\t\t<\/figure>\n\t\t\t\t\t\t<\/div>\n\n\t\t\t\t\t\n\t\t\t\t<\/div>\n\n\t\t\t\t\n\t\t\t\t<div class=\"kc-list-item-2\">\n\n\t\t\t\t\t\t\t\t\t\t\t\t\t\t\t\t\t\t<div class=\"post-item-left\">\n\t\t\t\t\t\t\t\t<figure>\n\t\t\t\t\t\t\t\t\t<img decoding=\"async\" src=\"https:\/\/www.unioviedo.es\/gelp\/wp-content\/uploads\/2019\/05\/jorge_china-543x304xct.png\"\n\t\t\t\t\t\t\t\t\t     alt=\"Visiting Professor at Sichuan University (Chengdu, China)\">\n\t\t\t\t\t\t\t\t<\/figure>\n\t\t\t\t\t\t\t<\/div>\n\t\t\t\t\t\t\t\t\t\t\t\t<div class=\"post-item-right\">\n\t\t\t\t\t\t\t<div class=\"post_details\">\n\t\t\t\t\t\t\t\t<h2 class=\"post-title-alt\"><a\n\t\t\t\t\t\t\t\t\t\thref=\"https:\/\/www.unioviedo.es\/gelp\/visiting-professor-at-sichuan-university-chengdu-china\/\"\n\t\t\t\t\t\t\t\t\t\ttitle=\"Visiting Professor at Sichuan University (Chengdu, China)\">Visiting Professor at Sichuan University (Chengdu, China)<\/a>\n\t\t\t\t\t\t\t\t<\/h2>\n\n\t\t\t\t\t\t\t\t\t\t\t\t\t\t\t\t\t<div class=\"post-meta\">\n\t\t\t\t\t\t\t\t\t\t\t\t\t\t\t\t\t\t\t\t\t<span class=\"kc-post-author\"><i class=\"fa fa-user\"><\/i>  <a\n\t\t\t\t\t\t\t\t\t\t\t\thref=\"https:\/\/www.unioviedo.es\/gelp\/author\/gelpadmin\/\"\n\t\t\t\t\t\t\t\t\t\t\t\ttitle=\"Posts by Gelp\"\n\t\t\t\t\t\t\t\t\t\t\t\trel=\"author\">Gelp<\/a><\/span>\n\t\t\t\t\t\t\t\t\t\t\t\t\t\t\t\t\t\t\t\t\t\t\t\t\t\t\t\t\t\t\t<span class=\"post-date\"><i class=\"fa fa-clock-o\"><\/i> <a\n\t\t\t\t\t\t\t\t\t\t\t\thref=\"https:\/\/www.unioviedo.es\/gelp\/2019\/05\/\">mayo 9 2019<\/a> <\/span>\n\t\t\t\t\t\t\t\t\t\t\t\t\t\t\t\t\t\t\t\t\t\t\t\t\t\t\t\t\t\t\t\t\t\t\t\t\t\t\t\t\t\t\t<span class=\"post-cats\"><i class=\"fa fa-folder-o\"\n\t\t\t\t\t\t\t\t\t\t\t\t                           aria-hidden=\"true\"><\/i> <a href=\"https:\/\/www.unioviedo.es\/gelp\/category\/news\/\" rel=\"category tag\">News<\/a><\/span>\n\t\t\t\t\t\t\t\t\t\t\t\t\t\t\t\t\t\t\t\t\t\t\t\t\t\t\t\t\t\t<\/div>\n\t\t\t\t\t\t\t\t\t\t\t\t\t\t\t<\/div>\n\t\t\t\t\t\t\t\t\t\t\t\t\t\t\t<p>Jorge Pisonero is doing a short stay (May 2019) as Visiting Professor at Sichuan University in Chengdu (China). He is&hellip;<\/p>\n\t\t\t\t\t\t\t\t\t\t\t\t\t\t<a href=\"https:\/\/www.unioviedo.es\/gelp\/visiting-professor-at-sichuan-university-chengdu-china\/\"\n\t\t\t\t\t\t\t   class=\"kc-post-2-button\">Read more <i\n\t\t\t\t\t\t\t\t\tclass=\"fa fa-angle-right\" aria-hidden=\"true\"><\/i><\/a>\n\t\t\t\t\t\t\t\t\t\t\t\t\t<\/div>\n\n\t\t\t\t\t\n\t\t\t\t<\/div>\n\n\t\t\t\t\n\t\t\t\t<div class=\"kc-list-item-2\">\n\n\t\t\t\t\t\n\t\t\t\t\t\t<div class=\"post-item-left\">\n\t\t\t\t\t\t\t<div class=\"post_details\">\n\t\t\t\t\t\t\t\t<h2 class=\"post-title-alt\"><a\n\t\t\t\t\t\t\t\t\t\thref=\"https:\/\/www.unioviedo.es\/gelp\/jonatan-fandino-was-awarded-a-poster-prize-at-2019-winter-conference\/\"\n\t\t\t\t\t\t\t\t\t\ttitle=\"Jonatan Fandi\u00f1o was awarded a Poster Prize at 2019 Winter Conference\">Jonatan Fandi\u00f1o was awarded a Poster Prize at 2019 Winter Conference<\/a>\n\t\t\t\t\t\t\t\t<\/h2>\n\t\t\t\t\t\t\t\t\t\t\t\t\t\t\t\t\t<div class=\"post-meta\">\n\t\t\t\t\t\t\t\t\t\t\t\t\t\t\t\t\t\t\t\t\t<span class=\"kc-post-author\"><i class=\"fa fa-user\"><\/i>  <a\n\t\t\t\t\t\t\t\t\t\t\t\thref=\"https:\/\/www.unioviedo.es\/gelp\/author\/gelpadmin\/\"\n\t\t\t\t\t\t\t\t\t\t\t\ttitle=\"Posts by Gelp\"\n\t\t\t\t\t\t\t\t\t\t\t\trel=\"author\">Gelp<\/a><\/span>\n\t\t\t\t\t\t\t\t\t\t\t\t\t\t\t\t\t\t\t\t\t\t\t\t\t\t\t\t\t\t\t<span class=\"post-date\"><i class=\"fa fa-clock-o\"><\/i> <a\n\t\t\t\t\t\t\t\t\t\t\t\thref=\"https:\/\/www.unioviedo.es\/gelp\/2019\/02\/\">febrero 8 2019<\/a> <\/span>\n\t\t\t\t\t\t\t\t\t\t\t\t\t\t\t\t\t\t\t\t\t\t\t\t\t\t\t\t\t\t\t\t\t\t\t\t\t\t\t\t\t\t\t<span class=\"post-cats\"><i class=\"fa fa-folder-o\"\n\t\t\t\t\t\t\t\t\t\t\t                           aria-hidden=\"true\"><\/i> <a href=\"https:\/\/www.unioviedo.es\/gelp\/category\/news\/\" rel=\"category tag\">News<\/a><\/span>\n\t\t\t\t\t\t\t\t\t\t\t\t\t\t\t\t\t\t\t\t\t\t\t\t\t\t\t\t\t\t<\/div>\n\t\t\t\t\t\t\t\t\t\t\t\t\t\t\t<\/div>\n\t\t\t\t\t\t\t\t\t\t\t\t\t\t\t<p>Jonatan Fandi\u00f1o was awarded a Poster Prize at the 2019 Winter Conference on Plasma Spectroscopy that was held in Pau,&hellip;<\/p>\n\t\t\t\t\t\t\t\t\t\t\t\t\t\t<a href=\"https:\/\/www.unioviedo.es\/gelp\/jonatan-fandino-was-awarded-a-poster-prize-at-2019-winter-conference\/\"\n\t\t\t\t\t\t\t   class=\"kc-post-2-button\">Read more <i\n\t\t\t\t\t\t\t\t\tclass=\"fa fa-angle-right\" aria-hidden=\"true\"><\/i><\/a>\n\t\t\t\t\t\t\t\t\t\t\t\t\t<\/div>\n\t\t\t\t\t\t<div class=\"post-item-right\">\n\t\t\t\t\t\t\t<figure>\n\t\t\t\t\t\t\t\t<img decoding=\"async\" src=\"https:\/\/www.unioviedo.es\/gelp\/wp-content\/uploads\/2019\/02\/jonatan_winter-543x304xct.png\"\n\t\t\t\t\t\t\t\t     alt=\"Jonatan Fandi\u00f1o was awarded a Poster Prize at 2019 Winter Conference\">\n\t\t\t\t\t\t\t<\/figure>\n\t\t\t\t\t\t<\/div>\n\n\t\t\t\t\t\n\t\t\t\t<\/div>\n\n\t\t\t\t\n\t\t\t\t<div class=\"kc-list-item-2\">\n\n\t\t\t\t\t\t\t\t\t\t\t\t\t\t\t\t\t\t<div class=\"post-item-left\">\n\t\t\t\t\t\t\t\t<figure>\n\t\t\t\t\t\t\t\t\t<img decoding=\"async\" src=\"https:\/\/www.unioviedo.es\/gelp\/wp-content\/uploads\/2016\/10\/blog27-1-543x304xct.jpg\"\n\t\t\t\t\t\t\t\t\t     alt=\"Dr. Jorge Pisonero\u00a0has been awarded\">\n\t\t\t\t\t\t\t\t<\/figure>\n\t\t\t\t\t\t\t<\/div>\n\t\t\t\t\t\t\t\t\t\t\t\t<div class=\"post-item-right\">\n\t\t\t\t\t\t\t<div class=\"post_details\">\n\t\t\t\t\t\t\t\t<h2 class=\"post-title-alt\"><a\n\t\t\t\t\t\t\t\t\t\thref=\"https:\/\/www.unioviedo.es\/gelp\/dr-jorge-pisonero-has-been-awarded\/\"\n\t\t\t\t\t\t\t\t\t\ttitle=\"Dr. Jorge Pisonero\u00a0has been awarded\">Dr. Jorge Pisonero\u00a0has been awarded<\/a>\n\t\t\t\t\t\t\t\t<\/h2>\n\n\t\t\t\t\t\t\t\t\t\t\t\t\t\t\t\t\t<div class=\"post-meta\">\n\t\t\t\t\t\t\t\t\t\t\t\t\t\t\t\t\t\t\t\t\t<span class=\"kc-post-author\"><i class=\"fa fa-user\"><\/i>  <a\n\t\t\t\t\t\t\t\t\t\t\t\thref=\"https:\/\/www.unioviedo.es\/gelp\/author\/gelpadmin\/\"\n\t\t\t\t\t\t\t\t\t\t\t\ttitle=\"Posts by Gelp\"\n\t\t\t\t\t\t\t\t\t\t\t\trel=\"author\">Gelp<\/a><\/span>\n\t\t\t\t\t\t\t\t\t\t\t\t\t\t\t\t\t\t\t\t\t\t\t\t\t\t\t\t\t\t\t<span class=\"post-date\"><i class=\"fa fa-clock-o\"><\/i> <a\n\t\t\t\t\t\t\t\t\t\t\t\thref=\"https:\/\/www.unioviedo.es\/gelp\/2016\/10\/\">octubre 10 2016<\/a> <\/span>\n\t\t\t\t\t\t\t\t\t\t\t\t\t\t\t\t\t\t\t\t\t\t\t\t\t\t\t\t\t\t\t\t\t\t\t\t\t\t\t\t\t\t\t<span class=\"post-cats\"><i class=\"fa fa-folder-o\"\n\t\t\t\t\t\t\t\t\t\t\t\t                           aria-hidden=\"true\"><\/i> <a href=\"https:\/\/www.unioviedo.es\/gelp\/category\/news\/\" rel=\"category tag\">News<\/a><\/span>\n\t\t\t\t\t\t\t\t\t\t\t\t\t\t\t\t\t\t\t\t\t\t\t\t\t\t\t\t\t\t<\/div>\n\t\t\t\t\t\t\t\t\t\t\t\t\t\t\t<\/div>\n\t\t\t\t\t\t\t\t\t\t\t\t\t\t\t<p>Dr. Jorge Pisonero\u00a0has been awarded, by the Principality of Asturias, with a fellowship to do a short stay at\u00a0Instituto de&hellip;<\/p>\n\t\t\t\t\t\t\t\t\t\t\t\t\t\t<a href=\"https:\/\/www.unioviedo.es\/gelp\/dr-jorge-pisonero-has-been-awarded\/\"\n\t\t\t\t\t\t\t   class=\"kc-post-2-button\">Read more <i\n\t\t\t\t\t\t\t\t\tclass=\"fa fa-angle-right\" aria-hidden=\"true\"><\/i><\/a>\n\t\t\t\t\t\t\t\t\t\t\t\t\t<\/div>\n\n\t\t\t\t\t\n\t\t\t\t<\/div>\n\n\t\t\t\t\n\t\t\t\t<div class=\"kc-list-item-2\">\n\n\t\t\t\t\t\n\t\t\t\t\t\t<div class=\"post-item-left\">\n\t\t\t\t\t\t\t<div class=\"post_details\">\n\t\t\t\t\t\t\t\t<h2 class=\"post-title-alt\"><a\n\t\t\t\t\t\t\t\t\t\thref=\"https:\/\/www.unioviedo.es\/gelp\/dr-jaime-orejas-has-joined-prof-ray-lab-at-university-at-buffalo\/\"\n\t\t\t\t\t\t\t\t\t\ttitle=\"Dr. Jaime Orejas has joined\u00a0Prof. Ray Lab\u00a0at University at Buffalo\">Dr. Jaime Orejas has joined\u00a0Prof. Ray Lab\u00a0at University at Buffalo<\/a>\n\t\t\t\t\t\t\t\t<\/h2>\n\t\t\t\t\t\t\t\t\t\t\t\t\t\t\t\t\t<div class=\"post-meta\">\n\t\t\t\t\t\t\t\t\t\t\t\t\t\t\t\t\t\t\t\t\t<span class=\"kc-post-author\"><i class=\"fa fa-user\"><\/i>  <a\n\t\t\t\t\t\t\t\t\t\t\t\thref=\"https:\/\/www.unioviedo.es\/gelp\/author\/gelpadmin\/\"\n\t\t\t\t\t\t\t\t\t\t\t\ttitle=\"Posts by Gelp\"\n\t\t\t\t\t\t\t\t\t\t\t\trel=\"author\">Gelp<\/a><\/span>\n\t\t\t\t\t\t\t\t\t\t\t\t\t\t\t\t\t\t\t\t\t\t\t\t\t\t\t\t\t\t\t<span class=\"post-date\"><i class=\"fa fa-clock-o\"><\/i> <a\n\t\t\t\t\t\t\t\t\t\t\t\thref=\"https:\/\/www.unioviedo.es\/gelp\/2016\/03\/\">marzo 30 2016<\/a> <\/span>\n\t\t\t\t\t\t\t\t\t\t\t\t\t\t\t\t\t\t\t\t\t\t\t\t\t\t\t\t\t\t\t\t\t\t\t\t\t\t\t\t\t\t\t<span class=\"post-cats\"><i class=\"fa fa-folder-o\"\n\t\t\t\t\t\t\t\t\t\t\t                           aria-hidden=\"true\"><\/i> <a href=\"https:\/\/www.unioviedo.es\/gelp\/category\/news\/\" rel=\"category tag\">News<\/a><\/span>\n\t\t\t\t\t\t\t\t\t\t\t\t\t\t\t\t\t\t\t\t\t\t\t\t\t\t\t\t\t\t<\/div>\n\t\t\t\t\t\t\t\t\t\t\t\t\t\t\t<\/div>\n\t\t\t\t\t\t\t\t\t\t\t\t\t\t\t<p>Dr. Jaime Orejas has joined\u00a0Prof. Ray Lab\u00a0at University at Buffalo, NY, USA as a Postdoc.<\/p>\n\t\t\t\t\t\t\t\t\t\t\t\t\t\t<a href=\"https:\/\/www.unioviedo.es\/gelp\/dr-jaime-orejas-has-joined-prof-ray-lab-at-university-at-buffalo\/\"\n\t\t\t\t\t\t\t   class=\"kc-post-2-button\">Read more <i\n\t\t\t\t\t\t\t\t\tclass=\"fa fa-angle-right\" aria-hidden=\"true\"><\/i><\/a>\n\t\t\t\t\t\t\t\t\t\t\t\t\t<\/div>\n\t\t\t\t\t\t<div class=\"post-item-right\">\n\t\t\t\t\t\t\t<figure>\n\t\t\t\t\t\t\t\t<img decoding=\"async\" src=\"https:\/\/www.unioviedo.es\/gelp\/wp-content\/uploads\/2016\/03\/blog26-1-543x304xct.jpg\"\n\t\t\t\t\t\t\t\t     alt=\"Dr. Jaime Orejas has joined\u00a0Prof. Ray Lab\u00a0at University at Buffalo\">\n\t\t\t\t\t\t\t<\/figure>\n\t\t\t\t\t\t<\/div>\n\n\t\t\t\t\t\n\t\t\t\t<\/div>\n\n\t\t\t\t\n\t\t\t\t<div class=\"kc-list-item-2\">\n\n\t\t\t\t\t\t\t\t\t\t\t\t\t\t\t\t\t\t<div class=\"post-item-left\">\n\t\t\t\t\t\t\t\t<figure>\n\t\t\t\t\t\t\t\t\t<img decoding=\"async\" src=\"https:\/\/www.unioviedo.es\/gelp\/wp-content\/uploads\/2015\/10\/blog25-1-543x304xct.jpg\"\n\t\t\t\t\t\t\t\t\t     alt=\"Jaime Orejas has succesfully\u00a0defended his PhD Thesis\">\n\t\t\t\t\t\t\t\t<\/figure>\n\t\t\t\t\t\t\t<\/div>\n\t\t\t\t\t\t\t\t\t\t\t\t<div class=\"post-item-right\">\n\t\t\t\t\t\t\t<div class=\"post_details\">\n\t\t\t\t\t\t\t\t<h2 class=\"post-title-alt\"><a\n\t\t\t\t\t\t\t\t\t\thref=\"https:\/\/www.unioviedo.es\/gelp\/development-and-characterization-of-atmospheric-pressure-glow-discharges-with-desorption-ionization-capabilities-for-mass-spectrometry\/\"\n\t\t\t\t\t\t\t\t\t\ttitle=\"Jaime Orejas has succesfully\u00a0defended his PhD Thesis\">Jaime Orejas has succesfully\u00a0defended his PhD Thesis<\/a>\n\t\t\t\t\t\t\t\t<\/h2>\n\n\t\t\t\t\t\t\t\t\t\t\t\t\t\t\t\t\t<div class=\"post-meta\">\n\t\t\t\t\t\t\t\t\t\t\t\t\t\t\t\t\t\t\t\t\t<span class=\"kc-post-author\"><i class=\"fa fa-user\"><\/i>  <a\n\t\t\t\t\t\t\t\t\t\t\t\thref=\"https:\/\/www.unioviedo.es\/gelp\/author\/gelpadmin\/\"\n\t\t\t\t\t\t\t\t\t\t\t\ttitle=\"Posts by Gelp\"\n\t\t\t\t\t\t\t\t\t\t\t\trel=\"author\">Gelp<\/a><\/span>\n\t\t\t\t\t\t\t\t\t\t\t\t\t\t\t\t\t\t\t\t\t\t\t\t\t\t\t\t\t\t\t<span class=\"post-date\"><i class=\"fa fa-clock-o\"><\/i> <a\n\t\t\t\t\t\t\t\t\t\t\t\thref=\"https:\/\/www.unioviedo.es\/gelp\/2015\/10\/\">octubre 23 2015<\/a> <\/span>\n\t\t\t\t\t\t\t\t\t\t\t\t\t\t\t\t\t\t\t\t\t\t\t\t\t\t\t\t\t\t\t\t\t\t\t\t\t\t\t\t\t\t\t<span class=\"post-cats\"><i class=\"fa fa-folder-o\"\n\t\t\t\t\t\t\t\t\t\t\t\t                           aria-hidden=\"true\"><\/i> <a href=\"https:\/\/www.unioviedo.es\/gelp\/category\/news\/\" rel=\"category tag\">News<\/a><\/span>\n\t\t\t\t\t\t\t\t\t\t\t\t\t\t\t\t\t\t\t\t\t\t\t\t\t\t\t\t\t\t<\/div>\n\t\t\t\t\t\t\t\t\t\t\t\t\t\t\t<\/div>\n\t\t\t\t\t\t\t\t\t\t\t\t\t\t\t<p>Jaime Orejas has succesfully\u00a0defended his PhD Thesis entitled \"Development and Characterization of Atmospheric Pressure Glow Discharges with Desorption\/Ionization Capabilities for&hellip;<\/p>\n\t\t\t\t\t\t\t\t\t\t\t\t\t\t<a href=\"https:\/\/www.unioviedo.es\/gelp\/development-and-characterization-of-atmospheric-pressure-glow-discharges-with-desorption-ionization-capabilities-for-mass-spectrometry\/\"\n\t\t\t\t\t\t\t   class=\"kc-post-2-button\">Read more <i\n\t\t\t\t\t\t\t\t\tclass=\"fa fa-angle-right\" aria-hidden=\"true\"><\/i><\/a>\n\t\t\t\t\t\t\t\t\t\t\t\t\t<\/div>\n\n\t\t\t\t\t\n\t\t\t\t<\/div>\n\n\t\t\t\t\n\t\t\t\t<div class=\"kc-list-item-2\">\n\n\t\t\t\t\t\n\t\t\t\t\t\t<div class=\"post-item-left\">\n\t\t\t\t\t\t\t<div class=\"post_details\">\n\t\t\t\t\t\t\t\t<h2 class=\"post-title-alt\"><a\n\t\t\t\t\t\t\t\t\t\thref=\"https:\/\/www.unioviedo.es\/gelp\/542-2\/\"\n\t\t\t\t\t\t\t\t\t\ttitle=\"C\u00e9sar \u00c1lvarez will visit Prof. Duan&#8217;s\">C\u00e9sar \u00c1lvarez will visit Prof. Duan&#8217;s<\/a>\n\t\t\t\t\t\t\t\t<\/h2>\n\t\t\t\t\t\t\t\t\t\t\t\t\t\t\t\t\t<div class=\"post-meta\">\n\t\t\t\t\t\t\t\t\t\t\t\t\t\t\t\t\t\t\t\t\t<span class=\"kc-post-author\"><i class=\"fa fa-user\"><\/i>  <a\n\t\t\t\t\t\t\t\t\t\t\t\thref=\"https:\/\/www.unioviedo.es\/gelp\/author\/gelpadmin\/\"\n\t\t\t\t\t\t\t\t\t\t\t\ttitle=\"Posts by Gelp\"\n\t\t\t\t\t\t\t\t\t\t\t\trel=\"author\">Gelp<\/a><\/span>\n\t\t\t\t\t\t\t\t\t\t\t\t\t\t\t\t\t\t\t\t\t\t\t\t\t\t\t\t\t\t\t<span class=\"post-date\"><i class=\"fa fa-clock-o\"><\/i> <a\n\t\t\t\t\t\t\t\t\t\t\t\thref=\"https:\/\/www.unioviedo.es\/gelp\/2015\/10\/\">octubre 4 2015<\/a> <\/span>\n\t\t\t\t\t\t\t\t\t\t\t\t\t\t\t\t\t\t\t\t\t\t\t\t\t\t\t\t\t\t\t\t\t\t\t\t\t\t\t\t\t\t\t<span class=\"post-cats\"><i class=\"fa fa-folder-o\"\n\t\t\t\t\t\t\t\t\t\t\t                           aria-hidden=\"true\"><\/i> <a href=\"https:\/\/www.unioviedo.es\/gelp\/category\/news\/\" rel=\"category tag\">News<\/a><\/span>\n\t\t\t\t\t\t\t\t\t\t\t\t\t\t\t\t\t\t\t\t\t\t\t\t\t\t\t\t\t\t<\/div>\n\t\t\t\t\t\t\t\t\t\t\t\t\t\t\t<\/div>\n\t\t\t\t\t\t\t\t\t\t\t\t\t\t\t<p>C\u00e9sar \u00c1lvarez will visit Prof. Duan's Research Group at University of Sichuan in Chengdu (China) for 2 months.<\/p>\n\t\t\t\t\t\t\t\t\t\t\t\t\t\t<a href=\"https:\/\/www.unioviedo.es\/gelp\/542-2\/\"\n\t\t\t\t\t\t\t   class=\"kc-post-2-button\">Read more <i\n\t\t\t\t\t\t\t\t\tclass=\"fa fa-angle-right\" aria-hidden=\"true\"><\/i><\/a>\n\t\t\t\t\t\t\t\t\t\t\t\t\t<\/div>\n\t\t\t\t\t\t<div class=\"post-item-right\">\n\t\t\t\t\t\t\t<figure>\n\t\t\t\t\t\t\t\t<img decoding=\"async\" src=\"https:\/\/www.unioviedo.es\/gelp\/wp-content\/uploads\/2015\/10\/blog24-543x304xct.jpg\"\n\t\t\t\t\t\t\t\t     alt=\"C\u00e9sar \u00c1lvarez will visit Prof. Duan&#8217;s\">\n\t\t\t\t\t\t\t<\/figure>\n\t\t\t\t\t\t<\/div>\n\n\t\t\t\t\t\n\t\t\t\t<\/div>\n\n\t\t\t\t\n\t\t\t\t<div class=\"kc-list-item-2\">\n\n\t\t\t\t\t\t\t\t\t\t\t\t\t\t\t\t\t\t<div class=\"post-item-left\">\n\t\t\t\t\t\t\t\t<figure>\n\t\t\t\t\t\t\t\t\t<img decoding=\"async\" src=\"https:\/\/www.unioviedo.es\/gelp\/wp-content\/uploads\/2014\/09\/blog14-543x304xct.jpg\"\n\t\t\t\t\t\t\t\t\t     alt=\"Ana Gutierrez will visit\u00a0Institute of Applied Laser\">\n\t\t\t\t\t\t\t\t<\/figure>\n\t\t\t\t\t\t\t<\/div>\n\t\t\t\t\t\t\t\t\t\t\t\t<div class=\"post-item-right\">\n\t\t\t\t\t\t\t<div class=\"post_details\">\n\t\t\t\t\t\t\t\t<h2 class=\"post-title-alt\"><a\n\t\t\t\t\t\t\t\t\t\thref=\"https:\/\/www.unioviedo.es\/gelp\/ana-gutierrez-will-visit-institute-of-applied-laser\/\"\n\t\t\t\t\t\t\t\t\t\ttitle=\"Ana Gutierrez will visit\u00a0Institute of Applied Laser\">Ana Gutierrez will visit\u00a0Institute of Applied Laser<\/a>\n\t\t\t\t\t\t\t\t<\/h2>\n\n\t\t\t\t\t\t\t\t\t\t\t\t\t\t\t\t\t<div class=\"post-meta\">\n\t\t\t\t\t\t\t\t\t\t\t\t\t\t\t\t\t\t\t\t\t<span class=\"kc-post-author\"><i class=\"fa fa-user\"><\/i>  <a\n\t\t\t\t\t\t\t\t\t\t\t\thref=\"https:\/\/www.unioviedo.es\/gelp\/author\/gelpadmin\/\"\n\t\t\t\t\t\t\t\t\t\t\t\ttitle=\"Posts by Gelp\"\n\t\t\t\t\t\t\t\t\t\t\t\trel=\"author\">Gelp<\/a><\/span>\n\t\t\t\t\t\t\t\t\t\t\t\t\t\t\t\t\t\t\t\t\t\t\t\t\t\t\t\t\t\t\t<span class=\"post-date\"><i class=\"fa fa-clock-o\"><\/i> <a\n\t\t\t\t\t\t\t\t\t\t\t\thref=\"https:\/\/www.unioviedo.es\/gelp\/2014\/09\/\">septiembre 29 2014<\/a> <\/span>\n\t\t\t\t\t\t\t\t\t\t\t\t\t\t\t\t\t\t\t\t\t\t\t\t\t\t\t\t\t\t\t\t\t\t\t\t\t\t\t\t\t\t\t<span class=\"post-cats\"><i class=\"fa fa-folder-o\"\n\t\t\t\t\t\t\t\t\t\t\t\t                           aria-hidden=\"true\"><\/i> <a href=\"https:\/\/www.unioviedo.es\/gelp\/category\/news\/\" rel=\"category tag\">News<\/a><\/span>\n\t\t\t\t\t\t\t\t\t\t\t\t\t\t\t\t\t\t\t\t\t\t\t\t\t\t\t\t\t\t<\/div>\n\t\t\t\t\t\t\t\t\t\t\t\t\t\t\t<\/div>\n\t\t\t\t\t\t\t\t\t\t\t\t\t\t\t<p>Ana Gutierrez will visit\u00a0Institute of Applied Laser, Photonics and Surface Technologies, ALPS at Bern University of Applied Sciences (Switzerland) for&hellip;<\/p>\n\t\t\t\t\t\t\t\t\t\t\t\t\t\t<a href=\"https:\/\/www.unioviedo.es\/gelp\/ana-gutierrez-will-visit-institute-of-applied-laser\/\"\n\t\t\t\t\t\t\t   class=\"kc-post-2-button\">Read more <i\n\t\t\t\t\t\t\t\t\tclass=\"fa fa-angle-right\" aria-hidden=\"true\"><\/i><\/a>\n\t\t\t\t\t\t\t\t\t\t\t\t\t<\/div>\n\n\t\t\t\t\t\n\t\t\t\t<\/div>\n\n\t\t\t\t\n\t\t\t\t<div class=\"kc-list-item-2\">\n\n\t\t\t\t\t\n\t\t\t\t\t\t<div class=\"post-item-left\">\n\t\t\t\t\t\t\t<div class=\"post_details\">\n\t\t\t\t\t\t\t\t<h2 class=\"post-title-alt\"><a\n\t\t\t\t\t\t\t\t\t\thref=\"https:\/\/www.unioviedo.es\/gelp\/prof-nerea-bordel-will-visit-institute-of-applied-laser\/\"\n\t\t\t\t\t\t\t\t\t\ttitle=\"Prof. Nerea Bordel will visit Institute of Applied Laser\">Prof. Nerea Bordel will visit Institute of Applied Laser<\/a>\n\t\t\t\t\t\t\t\t<\/h2>\n\t\t\t\t\t\t\t\t\t\t\t\t\t\t\t\t\t<div class=\"post-meta\">\n\t\t\t\t\t\t\t\t\t\t\t\t\t\t\t\t\t\t\t\t\t<span class=\"kc-post-author\"><i class=\"fa fa-user\"><\/i>  <a\n\t\t\t\t\t\t\t\t\t\t\t\thref=\"https:\/\/www.unioviedo.es\/gelp\/author\/gelpadmin\/\"\n\t\t\t\t\t\t\t\t\t\t\t\ttitle=\"Posts by Gelp\"\n\t\t\t\t\t\t\t\t\t\t\t\trel=\"author\">Gelp<\/a><\/span>\n\t\t\t\t\t\t\t\t\t\t\t\t\t\t\t\t\t\t\t\t\t\t\t\t\t\t\t\t\t\t\t<span class=\"post-date\"><i class=\"fa fa-clock-o\"><\/i> <a\n\t\t\t\t\t\t\t\t\t\t\t\thref=\"https:\/\/www.unioviedo.es\/gelp\/2014\/07\/\">julio 1 2014<\/a> <\/span>\n\t\t\t\t\t\t\t\t\t\t\t\t\t\t\t\t\t\t\t\t\t\t\t\t\t\t\t\t\t\t\t\t\t\t\t\t\t\t\t\t\t\t\t<span class=\"post-cats\"><i class=\"fa fa-folder-o\"\n\t\t\t\t\t\t\t\t\t\t\t                           aria-hidden=\"true\"><\/i> <a href=\"https:\/\/www.unioviedo.es\/gelp\/category\/news\/\" rel=\"category tag\">News<\/a><\/span>\n\t\t\t\t\t\t\t\t\t\t\t\t\t\t\t\t\t\t\t\t\t\t\t\t\t\t\t\t\t\t<\/div>\n\t\t\t\t\t\t\t\t\t\t\t\t\t\t\t<\/div>\n\t\t\t\t\t\t\t\t\t\t\t\t\t\t\t<p>Prof. Nerea Bordel will visit Institute of Applied Laser, Photonics and Surface Technologies, ALPS at Bern University of Applied Sciences&hellip;<\/p>\n\t\t\t\t\t\t\t\t\t\t\t\t\t\t<a href=\"https:\/\/www.unioviedo.es\/gelp\/prof-nerea-bordel-will-visit-institute-of-applied-laser\/\"\n\t\t\t\t\t\t\t   class=\"kc-post-2-button\">Read more <i\n\t\t\t\t\t\t\t\t\tclass=\"fa fa-angle-right\" aria-hidden=\"true\"><\/i><\/a>\n\t\t\t\t\t\t\t\t\t\t\t\t\t<\/div>\n\t\t\t\t\t\t<div class=\"post-item-right\">\n\t\t\t\t\t\t\t<figure>\n\t\t\t\t\t\t\t\t<img decoding=\"async\" src=\"https:\/\/www.unioviedo.es\/gelp\/wp-content\/uploads\/2014\/07\/blog22-543x304xct.jpg\"\n\t\t\t\t\t\t\t\t     alt=\"Prof. Nerea Bordel will visit Institute of Applied Laser\">\n\t\t\t\t\t\t\t<\/figure>\n\t\t\t\t\t\t<\/div>\n\n\t\t\t\t\t\n\t\t\t\t<\/div>\n\n\t\t\t\t\n\t\t\t\t<div class=\"kc-list-item-2\">\n\n\t\t\t\t\t\t\t\t\t\t\t\t\t\t\t\t\t\t<div class=\"post-item-left\">\n\t\t\t\t\t\t\t\t<figure>\n\t\t\t\t\t\t\t\t\t<img decoding=\"async\" src=\"https:\/\/www.unioviedo.es\/gelp\/wp-content\/uploads\/2014\/03\/blog21-543x304xct.jpg\"\n\t\t\t\t\t\t\t\t\t     alt=\"Prof. Jose Mirao from University of Evora\">\n\t\t\t\t\t\t\t\t<\/figure>\n\t\t\t\t\t\t\t<\/div>\n\t\t\t\t\t\t\t\t\t\t\t\t<div class=\"post-item-right\">\n\t\t\t\t\t\t\t<div class=\"post_details\">\n\t\t\t\t\t\t\t\t<h2 class=\"post-title-alt\"><a\n\t\t\t\t\t\t\t\t\t\thref=\"https:\/\/www.unioviedo.es\/gelp\/prof-jose-mirao-from-university-of-evora\/\"\n\t\t\t\t\t\t\t\t\t\ttitle=\"Prof. Jose Mirao from University of Evora\">Prof. Jose Mirao from University of Evora<\/a>\n\t\t\t\t\t\t\t\t<\/h2>\n\n\t\t\t\t\t\t\t\t\t\t\t\t\t\t\t\t\t<div class=\"post-meta\">\n\t\t\t\t\t\t\t\t\t\t\t\t\t\t\t\t\t\t\t\t\t<span class=\"kc-post-author\"><i class=\"fa fa-user\"><\/i>  <a\n\t\t\t\t\t\t\t\t\t\t\t\thref=\"https:\/\/www.unioviedo.es\/gelp\/author\/gelpadmin\/\"\n\t\t\t\t\t\t\t\t\t\t\t\ttitle=\"Posts by Gelp\"\n\t\t\t\t\t\t\t\t\t\t\t\trel=\"author\">Gelp<\/a><\/span>\n\t\t\t\t\t\t\t\t\t\t\t\t\t\t\t\t\t\t\t\t\t\t\t\t\t\t\t\t\t\t\t<span class=\"post-date\"><i class=\"fa fa-clock-o\"><\/i> <a\n\t\t\t\t\t\t\t\t\t\t\t\thref=\"https:\/\/www.unioviedo.es\/gelp\/2014\/03\/\">marzo 4 2014<\/a> <\/span>\n\t\t\t\t\t\t\t\t\t\t\t\t\t\t\t\t\t\t\t\t\t\t\t\t\t\t\t\t\t\t\t\t\t\t\t\t\t\t\t\t\t\t\t<span class=\"post-cats\"><i class=\"fa fa-folder-o\"\n\t\t\t\t\t\t\t\t\t\t\t\t                           aria-hidden=\"true\"><\/i> <a href=\"https:\/\/www.unioviedo.es\/gelp\/category\/news\/\" rel=\"category tag\">News<\/a><\/span>\n\t\t\t\t\t\t\t\t\t\t\t\t\t\t\t\t\t\t\t\t\t\t\t\t\t\t\t\t\t\t<\/div>\n\t\t\t\t\t\t\t\t\t\t\t\t\t\t\t<\/div>\n\t\t\t\t\t\t\t\t\t\t\t\t\t\t\t<p>Prof. Jose Mirao from University of Evora (Portugal) is visiting our group for a few days.<\/p>\n\t\t\t\t\t\t\t\t\t\t\t\t\t\t<a href=\"https:\/\/www.unioviedo.es\/gelp\/prof-jose-mirao-from-university-of-evora\/\"\n\t\t\t\t\t\t\t   class=\"kc-post-2-button\">Read more <i\n\t\t\t\t\t\t\t\t\tclass=\"fa fa-angle-right\" aria-hidden=\"true\"><\/i><\/a>\n\t\t\t\t\t\t\t\t\t\t\t\t\t<\/div>\n\n\t\t\t\t\t\n\t\t\t\t<\/div>\n\n\t\t\t\t\n\t\t\t\t<div class=\"kc-list-item-2\">\n\n\t\t\t\t\t\n\t\t\t\t\t\t<div class=\"post-item-left\">\n\t\t\t\t\t\t\t<div class=\"post_details\">\n\t\t\t\t\t\t\t\t<h2 class=\"post-title-alt\"><a\n\t\t\t\t\t\t\t\t\t\thref=\"https:\/\/www.unioviedo.es\/gelp\/dr-steven-ray-from-university-of-bloomington\/\"\n\t\t\t\t\t\t\t\t\t\ttitle=\"Dr. Steven Ray from University of Bloomington\">Dr. Steven Ray from University of Bloomington<\/a>\n\t\t\t\t\t\t\t\t<\/h2>\n\t\t\t\t\t\t\t\t\t\t\t\t\t\t\t\t\t<div class=\"post-meta\">\n\t\t\t\t\t\t\t\t\t\t\t\t\t\t\t\t\t\t\t\t\t<span class=\"kc-post-author\"><i class=\"fa fa-user\"><\/i>  <a\n\t\t\t\t\t\t\t\t\t\t\t\thref=\"https:\/\/www.unioviedo.es\/gelp\/author\/gelpadmin\/\"\n\t\t\t\t\t\t\t\t\t\t\t\ttitle=\"Posts by Gelp\"\n\t\t\t\t\t\t\t\t\t\t\t\trel=\"author\">Gelp<\/a><\/span>\n\t\t\t\t\t\t\t\t\t\t\t\t\t\t\t\t\t\t\t\t\t\t\t\t\t\t\t\t\t\t\t<span class=\"post-date\"><i class=\"fa fa-clock-o\"><\/i> <a\n\t\t\t\t\t\t\t\t\t\t\t\thref=\"https:\/\/www.unioviedo.es\/gelp\/2013\/11\/\">noviembre 6 2013<\/a> <\/span>\n\t\t\t\t\t\t\t\t\t\t\t\t\t\t\t\t\t\t\t\t\t\t\t\t\t\t\t\t\t\t\t\t\t\t\t\t\t\t\t\t\t\t\t<span class=\"post-cats\"><i class=\"fa fa-folder-o\"\n\t\t\t\t\t\t\t\t\t\t\t                           aria-hidden=\"true\"><\/i> <a href=\"https:\/\/www.unioviedo.es\/gelp\/category\/news\/\" rel=\"category tag\">News<\/a><\/span>\n\t\t\t\t\t\t\t\t\t\t\t\t\t\t\t\t\t\t\t\t\t\t\t\t\t\t\t\t\t\t<\/div>\n\t\t\t\t\t\t\t\t\t\t\t\t\t\t\t<\/div>\n\t\t\t\t\t\t\t\t\t\t\t\t\t\t\t<p>Dr. Steven Ray from University of Bloomington (Indiana, USA) is visiting our group from 5th November\u00a0until 6th December<\/p>\n\t\t\t\t\t\t\t\t\t\t\t\t\t\t<a href=\"https:\/\/www.unioviedo.es\/gelp\/dr-steven-ray-from-university-of-bloomington\/\"\n\t\t\t\t\t\t\t   class=\"kc-post-2-button\">Read more <i\n\t\t\t\t\t\t\t\t\tclass=\"fa fa-angle-right\" aria-hidden=\"true\"><\/i><\/a>\n\t\t\t\t\t\t\t\t\t\t\t\t\t<\/div>\n\t\t\t\t\t\t<div class=\"post-item-right\">\n\t\t\t\t\t\t\t<figure>\n\t\t\t\t\t\t\t\t<img decoding=\"async\" src=\"https:\/\/www.unioviedo.es\/gelp\/wp-content\/uploads\/2013\/11\/blog20-543x304xct.jpg\"\n\t\t\t\t\t\t\t\t     alt=\"Dr. Steven Ray from University of Bloomington\">\n\t\t\t\t\t\t\t<\/figure>\n\t\t\t\t\t\t<\/div>\n\n\t\t\t\t\t\n\t\t\t\t<\/div>\n\n\t\t\t\t\n\t\t\t\t<div class=\"kc-list-item-2\">\n\n\t\t\t\t\t\t\t\t\t\t\t\t\t\t\t\t\t\t<div class=\"post-item-left\">\n\t\t\t\t\t\t\t\t<figure>\n\t\t\t\t\t\t\t\t\t<img decoding=\"async\" src=\"https:\/\/www.unioviedo.es\/gelp\/wp-content\/uploads\/2013\/05\/blog19-1-543x304xct.jpg\"\n\t\t\t\t\t\t\t\t\t     alt=\"Jaime Orejas will visit\u00a0Prof. Hieftje&#8217;s Group at Indiana University\">\n\t\t\t\t\t\t\t\t<\/figure>\n\t\t\t\t\t\t\t<\/div>\n\t\t\t\t\t\t\t\t\t\t\t\t<div class=\"post-item-right\">\n\t\t\t\t\t\t\t<div class=\"post_details\">\n\t\t\t\t\t\t\t\t<h2 class=\"post-title-alt\"><a\n\t\t\t\t\t\t\t\t\t\thref=\"https:\/\/www.unioviedo.es\/gelp\/jaime-orejas-will-visit-prof-hieftjes-group-at-indiana-university\/\"\n\t\t\t\t\t\t\t\t\t\ttitle=\"Jaime Orejas will visit\u00a0Prof. Hieftje&#8217;s Group at Indiana University\">Jaime Orejas will visit\u00a0Prof. Hieftje&#8217;s Group at Indiana University<\/a>\n\t\t\t\t\t\t\t\t<\/h2>\n\n\t\t\t\t\t\t\t\t\t\t\t\t\t\t\t\t\t<div class=\"post-meta\">\n\t\t\t\t\t\t\t\t\t\t\t\t\t\t\t\t\t\t\t\t\t<span class=\"kc-post-author\"><i class=\"fa fa-user\"><\/i>  <a\n\t\t\t\t\t\t\t\t\t\t\t\thref=\"https:\/\/www.unioviedo.es\/gelp\/author\/gelpadmin\/\"\n\t\t\t\t\t\t\t\t\t\t\t\ttitle=\"Posts by Gelp\"\n\t\t\t\t\t\t\t\t\t\t\t\trel=\"author\">Gelp<\/a><\/span>\n\t\t\t\t\t\t\t\t\t\t\t\t\t\t\t\t\t\t\t\t\t\t\t\t\t\t\t\t\t\t\t<span class=\"post-date\"><i class=\"fa fa-clock-o\"><\/i> <a\n\t\t\t\t\t\t\t\t\t\t\t\thref=\"https:\/\/www.unioviedo.es\/gelp\/2013\/05\/\">mayo 8 2013<\/a> <\/span>\n\t\t\t\t\t\t\t\t\t\t\t\t\t\t\t\t\t\t\t\t\t\t\t\t\t\t\t\t\t\t\t\t\t\t\t\t\t\t\t\t\t\t\t<span class=\"post-cats\"><i class=\"fa fa-folder-o\"\n\t\t\t\t\t\t\t\t\t\t\t\t                           aria-hidden=\"true\"><\/i> <a href=\"https:\/\/www.unioviedo.es\/gelp\/category\/news\/\" rel=\"category tag\">News<\/a><\/span>\n\t\t\t\t\t\t\t\t\t\t\t\t\t\t\t\t\t\t\t\t\t\t\t\t\t\t\t\t\t\t<\/div>\n\t\t\t\t\t\t\t\t\t\t\t\t\t\t\t<\/div>\n\t\t\t\t\t\t\t\t\t\t\t\t\t\t\t<p>Jaime Orejas will visit\u00a0Prof. Hieftje's Group at Indiana University (USA) for two months.<\/p>\n\t\t\t\t\t\t\t\t\t\t\t\t\t\t<a href=\"https:\/\/www.unioviedo.es\/gelp\/jaime-orejas-will-visit-prof-hieftjes-group-at-indiana-university\/\"\n\t\t\t\t\t\t\t   class=\"kc-post-2-button\">Read more <i\n\t\t\t\t\t\t\t\t\tclass=\"fa fa-angle-right\" aria-hidden=\"true\"><\/i><\/a>\n\t\t\t\t\t\t\t\t\t\t\t\t\t<\/div>\n\n\t\t\t\t\t\n\t\t\t\t<\/div>\n\n\t\t\t\t\n\t\t\t\t<div class=\"kc-list-item-2\">\n\n\t\t\t\t\t\n\t\t\t\t\t\t<div class=\"post-item-left\">\n\t\t\t\t\t\t\t<div class=\"post_details\">\n\t\t\t\t\t\t\t\t<h2 class=\"post-title-alt\"><a\n\t\t\t\t\t\t\t\t\t\thref=\"https:\/\/www.unioviedo.es\/gelp\/dr-rebeca-valledor-has-successfully-defended-her-phd-thesis\/\"\n\t\t\t\t\t\t\t\t\t\ttitle=\"Dr. Rebeca Valledor has successfully\u00a0defended her PhD Thesis\">Dr. Rebeca Valledor has successfully\u00a0defended her PhD Thesis<\/a>\n\t\t\t\t\t\t\t\t<\/h2>\n\t\t\t\t\t\t\t\t\t\t\t\t\t\t\t\t\t<div class=\"post-meta\">\n\t\t\t\t\t\t\t\t\t\t\t\t\t\t\t\t\t\t\t\t\t<span class=\"kc-post-author\"><i class=\"fa fa-user\"><\/i>  <a\n\t\t\t\t\t\t\t\t\t\t\t\thref=\"https:\/\/www.unioviedo.es\/gelp\/author\/gelpadmin\/\"\n\t\t\t\t\t\t\t\t\t\t\t\ttitle=\"Posts by Gelp\"\n\t\t\t\t\t\t\t\t\t\t\t\trel=\"author\">Gelp<\/a><\/span>\n\t\t\t\t\t\t\t\t\t\t\t\t\t\t\t\t\t\t\t\t\t\t\t\t\t\t\t\t\t\t\t<span class=\"post-date\"><i class=\"fa fa-clock-o\"><\/i> <a\n\t\t\t\t\t\t\t\t\t\t\t\thref=\"https:\/\/www.unioviedo.es\/gelp\/2013\/02\/\">febrero 1 2013<\/a> <\/span>\n\t\t\t\t\t\t\t\t\t\t\t\t\t\t\t\t\t\t\t\t\t\t\t\t\t\t\t\t\t\t\t\t\t\t\t\t\t\t\t\t\t\t\t<span class=\"post-cats\"><i class=\"fa fa-folder-o\"\n\t\t\t\t\t\t\t\t\t\t\t                           aria-hidden=\"true\"><\/i> <a href=\"https:\/\/www.unioviedo.es\/gelp\/category\/news\/\" rel=\"category tag\">News<\/a><\/span>\n\t\t\t\t\t\t\t\t\t\t\t\t\t\t\t\t\t\t\t\t\t\t\t\t\t\t\t\t\t\t<\/div>\n\t\t\t\t\t\t\t\t\t\t\t\t\t\t\t<\/div>\n\t\t\t\t\t\t\t\t\t\t\t\t\t\t\t<p>Dr. Rebeca Valledor has successfully\u00a0defended her PhD Thesis, titled: \"Study of the spatial and temporal distribution of excited species in&hellip;<\/p>\n\t\t\t\t\t\t\t\t\t\t\t\t\t\t<a href=\"https:\/\/www.unioviedo.es\/gelp\/dr-rebeca-valledor-has-successfully-defended-her-phd-thesis\/\"\n\t\t\t\t\t\t\t   class=\"kc-post-2-button\">Read more <i\n\t\t\t\t\t\t\t\t\tclass=\"fa fa-angle-right\" aria-hidden=\"true\"><\/i><\/a>\n\t\t\t\t\t\t\t\t\t\t\t\t\t<\/div>\n\t\t\t\t\t\t<div class=\"post-item-right\">\n\t\t\t\t\t\t\t<figure>\n\t\t\t\t\t\t\t\t<img decoding=\"async\" src=\"https:\/\/www.unioviedo.es\/gelp\/wp-content\/uploads\/2013\/02\/blog18-1-543x304xct.jpg\"\n\t\t\t\t\t\t\t\t     alt=\"Dr. Rebeca Valledor has successfully\u00a0defended her PhD Thesis\">\n\t\t\t\t\t\t\t<\/figure>\n\t\t\t\t\t\t<\/div>\n\n\t\t\t\t\t\n\t\t\t\t<\/div>\n\n\t\t\t\t\n\t\t\t\t<div class=\"kc-list-item-2\">\n\n\t\t\t\t\t\t\t\t\t\t\t\t\t\t\t\t\t\t<div class=\"post-item-left\">\n\t\t\t\t\t\t\t\t<figure>\n\t\t\t\t\t\t\t\t\t<img decoding=\"async\" src=\"https:\/\/www.unioviedo.es\/gelp\/wp-content\/uploads\/2012\/10\/blog17-1-543x304xct.jpg\"\n\t\t\t\t\t\t\t\t\t     alt=\"Centro de Energia Nuclear na Agricultura (CENA) (Universidade de Sao Paulo, Brazil)\">\n\t\t\t\t\t\t\t\t<\/figure>\n\t\t\t\t\t\t\t<\/div>\n\t\t\t\t\t\t\t\t\t\t\t\t<div class=\"post-item-right\">\n\t\t\t\t\t\t\t<div class=\"post_details\">\n\t\t\t\t\t\t\t\t<h2 class=\"post-title-alt\"><a\n\t\t\t\t\t\t\t\t\t\thref=\"https:\/\/www.unioviedo.es\/gelp\/centro-de-energia-nuclear-na-agricultura-cena-universidade-de-sao-paulo-brazil\/\"\n\t\t\t\t\t\t\t\t\t\ttitle=\"Centro de Energia Nuclear na Agricultura (CENA) (Universidade de Sao Paulo, Brazil)\">Centro de Energia Nuclear na Agricultura (CENA) (Universidade de Sao Paulo, Brazil)<\/a>\n\t\t\t\t\t\t\t\t<\/h2>\n\n\t\t\t\t\t\t\t\t\t\t\t\t\t\t\t\t\t<div class=\"post-meta\">\n\t\t\t\t\t\t\t\t\t\t\t\t\t\t\t\t\t\t\t\t\t<span class=\"kc-post-author\"><i class=\"fa fa-user\"><\/i>  <a\n\t\t\t\t\t\t\t\t\t\t\t\thref=\"https:\/\/www.unioviedo.es\/gelp\/author\/gelpadmin\/\"\n\t\t\t\t\t\t\t\t\t\t\t\ttitle=\"Posts by Gelp\"\n\t\t\t\t\t\t\t\t\t\t\t\trel=\"author\">Gelp<\/a><\/span>\n\t\t\t\t\t\t\t\t\t\t\t\t\t\t\t\t\t\t\t\t\t\t\t\t\t\t\t\t\t\t\t<span class=\"post-date\"><i class=\"fa fa-clock-o\"><\/i> <a\n\t\t\t\t\t\t\t\t\t\t\t\thref=\"https:\/\/www.unioviedo.es\/gelp\/2012\/10\/\">octubre 2 2012<\/a> <\/span>\n\t\t\t\t\t\t\t\t\t\t\t\t\t\t\t\t\t\t\t\t\t\t\t\t\t\t\t\t\t\t\t\t\t\t\t\t\t\t\t\t\t\t\t<span class=\"post-cats\"><i class=\"fa fa-folder-o\"\n\t\t\t\t\t\t\t\t\t\t\t\t                           aria-hidden=\"true\"><\/i> <a href=\"https:\/\/www.unioviedo.es\/gelp\/category\/news\/\" rel=\"category tag\">News<\/a><\/span>\n\t\t\t\t\t\t\t\t\t\t\t\t\t\t\t\t\t\t\t\t\t\t\t\t\t\t\t\t\t\t<\/div>\n\t\t\t\t\t\t\t\t\t\t\t\t\t\t\t<\/div>\n\t\t\t\t\t\t\t\t\t\t\t\t\t\t\t<p>C\u00e9sar Alvarez will visit Prof. Francisco Jos\u00e9 Krug's Research Group at Centro de Energia Nuclear na Agricultura (CENA) (Universidade de&hellip;<\/p>\n\t\t\t\t\t\t\t\t\t\t\t\t\t\t<a href=\"https:\/\/www.unioviedo.es\/gelp\/centro-de-energia-nuclear-na-agricultura-cena-universidade-de-sao-paulo-brazil\/\"\n\t\t\t\t\t\t\t   class=\"kc-post-2-button\">Read more <i\n\t\t\t\t\t\t\t\t\tclass=\"fa fa-angle-right\" aria-hidden=\"true\"><\/i><\/a>\n\t\t\t\t\t\t\t\t\t\t\t\t\t<\/div>\n\n\t\t\t\t\t\n\t\t\t\t<\/div>\n\n\t\t\t\t\n\t\t\t\t<div class=\"kc-list-item-2\">\n\n\t\t\t\t\t\n\t\t\t\t\t\t<div class=\"post-item-left\">\n\t\t\t\t\t\t\t<div class=\"post_details\">\n\t\t\t\t\t\t\t\t<h2 class=\"post-title-alt\"><a\n\t\t\t\t\t\t\t\t\t\thref=\"https:\/\/www.unioviedo.es\/gelp\/cesar-alvarez-has-defended-his-master-thesis\/\"\n\t\t\t\t\t\t\t\t\t\ttitle=\"C\u00e9sar Alvarez has defended his Master Thesis\">C\u00e9sar Alvarez has defended his Master Thesis<\/a>\n\t\t\t\t\t\t\t\t<\/h2>\n\t\t\t\t\t\t\t\t\t\t\t\t\t\t\t\t\t<div class=\"post-meta\">\n\t\t\t\t\t\t\t\t\t\t\t\t\t\t\t\t\t\t\t\t\t<span class=\"kc-post-author\"><i class=\"fa fa-user\"><\/i>  <a\n\t\t\t\t\t\t\t\t\t\t\t\thref=\"https:\/\/www.unioviedo.es\/gelp\/author\/gelpadmin\/\"\n\t\t\t\t\t\t\t\t\t\t\t\ttitle=\"Posts by Gelp\"\n\t\t\t\t\t\t\t\t\t\t\t\trel=\"author\">Gelp<\/a><\/span>\n\t\t\t\t\t\t\t\t\t\t\t\t\t\t\t\t\t\t\t\t\t\t\t\t\t\t\t\t\t\t\t<span class=\"post-date\"><i class=\"fa fa-clock-o\"><\/i> <a\n\t\t\t\t\t\t\t\t\t\t\t\thref=\"https:\/\/www.unioviedo.es\/gelp\/2012\/07\/\">julio 25 2012<\/a> <\/span>\n\t\t\t\t\t\t\t\t\t\t\t\t\t\t\t\t\t\t\t\t\t\t\t\t\t\t\t\t\t\t\t\t\t\t\t\t\t\t\t\t\t\t\t<span class=\"post-cats\"><i class=\"fa fa-folder-o\"\n\t\t\t\t\t\t\t\t\t\t\t                           aria-hidden=\"true\"><\/i> <a href=\"https:\/\/www.unioviedo.es\/gelp\/category\/news\/\" rel=\"category tag\">News<\/a><\/span>\n\t\t\t\t\t\t\t\t\t\t\t\t\t\t\t\t\t\t\t\t\t\t\t\t\t\t\t\t\t\t<\/div>\n\t\t\t\t\t\t\t\t\t\t\t\t\t\t\t<\/div>\n\t\t\t\t\t\t\t\t\t\t\t\t\t\t\t<p>C\u00e9sar Alvarez has defended his Master Thesis\u00a0with great success.<\/p>\n\t\t\t\t\t\t\t\t\t\t\t\t\t\t<a href=\"https:\/\/www.unioviedo.es\/gelp\/cesar-alvarez-has-defended-his-master-thesis\/\"\n\t\t\t\t\t\t\t   class=\"kc-post-2-button\">Read more <i\n\t\t\t\t\t\t\t\t\tclass=\"fa fa-angle-right\" aria-hidden=\"true\"><\/i><\/a>\n\t\t\t\t\t\t\t\t\t\t\t\t\t<\/div>\n\t\t\t\t\t\t<div class=\"post-item-right\">\n\t\t\t\t\t\t\t<figure>\n\t\t\t\t\t\t\t\t<img decoding=\"async\" src=\"https:\/\/www.unioviedo.es\/gelp\/wp-content\/uploads\/2012\/07\/blog16-1-543x304xct.jpg\"\n\t\t\t\t\t\t\t\t     alt=\"C\u00e9sar Alvarez has defended his Master Thesis\">\n\t\t\t\t\t\t\t<\/figure>\n\t\t\t\t\t\t<\/div>\n\n\t\t\t\t\t\n\t\t\t\t<\/div>\n\n\t\t\t\t\n\t\t\t\t<div class=\"kc-list-item-2\">\n\n\t\t\t\t\t\t\t\t\t\t\t\t\t\t\t\t\t\t<div class=\"post-item-left\">\n\t\t\t\t\t\t\t\t<figure>\n\t\t\t\t\t\t\t\t\t<img decoding=\"async\" src=\"https:\/\/www.unioviedo.es\/gelp\/wp-content\/uploads\/2012\/06\/blog15-1-543x304xct.jpg\"\n\t\t\t\t\t\t\t\t\t     alt=\"First Poster Prize at the 11th European Workshop on Laser Ablation.\">\n\t\t\t\t\t\t\t\t<\/figure>\n\t\t\t\t\t\t\t<\/div>\n\t\t\t\t\t\t\t\t\t\t\t\t<div class=\"post-item-right\">\n\t\t\t\t\t\t\t<div class=\"post_details\">\n\t\t\t\t\t\t\t\t<h2 class=\"post-title-alt\"><a\n\t\t\t\t\t\t\t\t\t\thref=\"https:\/\/www.unioviedo.es\/gelp\/first-poster-prize-at-the-11th-european-workshop-on-laser-ablation\/\"\n\t\t\t\t\t\t\t\t\t\ttitle=\"First Poster Prize at the 11th European Workshop on Laser Ablation.\">First Poster Prize at the 11th European Workshop on Laser Ablation.<\/a>\n\t\t\t\t\t\t\t\t<\/h2>\n\n\t\t\t\t\t\t\t\t\t\t\t\t\t\t\t\t\t<div class=\"post-meta\">\n\t\t\t\t\t\t\t\t\t\t\t\t\t\t\t\t\t\t\t\t\t<span class=\"kc-post-author\"><i class=\"fa fa-user\"><\/i>  <a\n\t\t\t\t\t\t\t\t\t\t\t\thref=\"https:\/\/www.unioviedo.es\/gelp\/author\/gelpadmin\/\"\n\t\t\t\t\t\t\t\t\t\t\t\ttitle=\"Posts by Gelp\"\n\t\t\t\t\t\t\t\t\t\t\t\trel=\"author\">Gelp<\/a><\/span>\n\t\t\t\t\t\t\t\t\t\t\t\t\t\t\t\t\t\t\t\t\t\t\t\t\t\t\t\t\t\t\t<span class=\"post-date\"><i class=\"fa fa-clock-o\"><\/i> <a\n\t\t\t\t\t\t\t\t\t\t\t\thref=\"https:\/\/www.unioviedo.es\/gelp\/2012\/06\/\">junio 22 2012<\/a> <\/span>\n\t\t\t\t\t\t\t\t\t\t\t\t\t\t\t\t\t\t\t\t\t\t\t\t\t\t\t\t\t\t\t\t\t\t\t\t\t\t\t\t\t\t\t<span class=\"post-cats\"><i class=\"fa fa-folder-o\"\n\t\t\t\t\t\t\t\t\t\t\t\t                           aria-hidden=\"true\"><\/i> <a href=\"https:\/\/www.unioviedo.es\/gelp\/category\/news\/\" rel=\"category tag\">News<\/a><\/span>\n\t\t\t\t\t\t\t\t\t\t\t\t\t\t\t\t\t\t\t\t\t\t\t\t\t\t\t\t\t\t<\/div>\n\t\t\t\t\t\t\t\t\t\t\t\t\t\t\t<\/div>\n\t\t\t\t\t\t\t\t\t\t\t\t\t\t\t<p>Rebeca Valledor et al. have been awarded with the First Poster Prize at the 11th European Workshop on Laser Ablation.<\/p>\n\t\t\t\t\t\t\t\t\t\t\t\t\t\t<a href=\"https:\/\/www.unioviedo.es\/gelp\/first-poster-prize-at-the-11th-european-workshop-on-laser-ablation\/\"\n\t\t\t\t\t\t\t   class=\"kc-post-2-button\">Read more <i\n\t\t\t\t\t\t\t\t\tclass=\"fa fa-angle-right\" aria-hidden=\"true\"><\/i><\/a>\n\t\t\t\t\t\t\t\t\t\t\t\t\t<\/div>\n\n\t\t\t\t\t\n\t\t\t\t<\/div>\n\n\t\t\t\t\n\t\t\t\t<div class=\"kc-list-item-2\">\n\n\t\t\t\t\t\n\t\t\t\t\t\t<div class=\"post-item-left\">\n\t\t\t\t\t\t\t<div class=\"post_details\">\n\t\t\t\t\t\t\t\t<h2 class=\"post-title-alt\"><a\n\t\t\t\t\t\t\t\t\t\thref=\"https:\/\/www.unioviedo.es\/gelp\/profesor-titular-de-universidad-associate-prof\/\"\n\t\t\t\t\t\t\t\t\t\ttitle=\"Profesor Titular de Universidad (Associate Prof.).\u00a0\">Profesor Titular de Universidad (Associate Prof.).\u00a0<\/a>\n\t\t\t\t\t\t\t\t<\/h2>\n\t\t\t\t\t\t\t\t\t\t\t\t\t\t\t\t\t<div class=\"post-meta\">\n\t\t\t\t\t\t\t\t\t\t\t\t\t\t\t\t\t\t\t\t\t<span class=\"kc-post-author\"><i class=\"fa fa-user\"><\/i>  <a\n\t\t\t\t\t\t\t\t\t\t\t\thref=\"https:\/\/www.unioviedo.es\/gelp\/author\/gelpadmin\/\"\n\t\t\t\t\t\t\t\t\t\t\t\ttitle=\"Posts by Gelp\"\n\t\t\t\t\t\t\t\t\t\t\t\trel=\"author\">Gelp<\/a><\/span>\n\t\t\t\t\t\t\t\t\t\t\t\t\t\t\t\t\t\t\t\t\t\t\t\t\t\t\t\t\t\t\t<span class=\"post-date\"><i class=\"fa fa-clock-o\"><\/i> <a\n\t\t\t\t\t\t\t\t\t\t\t\thref=\"https:\/\/www.unioviedo.es\/gelp\/2012\/06\/\">junio 9 2012<\/a> <\/span>\n\t\t\t\t\t\t\t\t\t\t\t\t\t\t\t\t\t\t\t\t\t\t\t\t\t\t\t\t\t\t\t\t\t\t\t\t\t\t\t\t\t\t\t<span class=\"post-cats\"><i class=\"fa fa-folder-o\"\n\t\t\t\t\t\t\t\t\t\t\t                           aria-hidden=\"true\"><\/i> <a href=\"https:\/\/www.unioviedo.es\/gelp\/category\/news\/\" rel=\"category tag\">News<\/a><\/span>\n\t\t\t\t\t\t\t\t\t\t\t\t\t\t\t\t\t\t\t\t\t\t\t\t\t\t\t\t\t\t<\/div>\n\t\t\t\t\t\t\t\t\t\t\t\t\t\t\t<\/div>\n\t\t\t\t\t\t\t\t\t\t\t\t\t\t\t<p>Dr Jorge Pisonero has obtained the permanent position at University of Oviedo as Profesor Titular de Universidad (Associate Prof.).<\/p>\n\t\t\t\t\t\t\t\t\t\t\t\t\t\t<a href=\"https:\/\/www.unioviedo.es\/gelp\/profesor-titular-de-universidad-associate-prof\/\"\n\t\t\t\t\t\t\t   class=\"kc-post-2-button\">Read more <i\n\t\t\t\t\t\t\t\t\tclass=\"fa fa-angle-right\" aria-hidden=\"true\"><\/i><\/a>\n\t\t\t\t\t\t\t\t\t\t\t\t\t<\/div>\n\t\t\t\t\t\t<div class=\"post-item-right\">\n\t\t\t\t\t\t\t<figure>\n\t\t\t\t\t\t\t\t<img decoding=\"async\" src=\"https:\/\/www.unioviedo.es\/gelp\/wp-content\/uploads\/2014\/09\/blog14-543x304xct.jpg\"\n\t\t\t\t\t\t\t\t     alt=\"Profesor Titular de Universidad (Associate Prof.).\u00a0\">\n\t\t\t\t\t\t\t<\/figure>\n\t\t\t\t\t\t<\/div>\n\n\t\t\t\t\t\n\t\t\t\t<\/div>\n\n\t\t\t\t\n\t\t\t\t<div class=\"kc-list-item-2\">\n\n\t\t\t\t\t\t\t\t\t\t\t\t\t\t\t\t\t\t<div class=\"post-item-left\">\n\t\t\t\t\t\t\t\t<figure>\n\t\t\t\t\t\t\t\t\t<img decoding=\"async\" src=\"https:\/\/www.unioviedo.es\/gelp\/wp-content\/uploads\/2012\/06\/blog13-1-543x304xct.jpg\"\n\t\t\t\t\t\t\t\t\t     alt=\"11th\u00a0European Workshop of Laser Ablation\">\n\t\t\t\t\t\t\t\t<\/figure>\n\t\t\t\t\t\t\t<\/div>\n\t\t\t\t\t\t\t\t\t\t\t\t<div class=\"post-item-right\">\n\t\t\t\t\t\t\t<div class=\"post_details\">\n\t\t\t\t\t\t\t\t<h2 class=\"post-title-alt\"><a\n\t\t\t\t\t\t\t\t\t\thref=\"https:\/\/www.unioviedo.es\/gelp\/11th-european-workshop-of-laser-ablation\/\"\n\t\t\t\t\t\t\t\t\t\ttitle=\"11th\u00a0European Workshop of Laser Ablation\">11th\u00a0European Workshop of Laser Ablation<\/a>\n\t\t\t\t\t\t\t\t<\/h2>\n\n\t\t\t\t\t\t\t\t\t\t\t\t\t\t\t\t\t<div class=\"post-meta\">\n\t\t\t\t\t\t\t\t\t\t\t\t\t\t\t\t\t\t\t\t\t<span class=\"kc-post-author\"><i class=\"fa fa-user\"><\/i>  <a\n\t\t\t\t\t\t\t\t\t\t\t\thref=\"https:\/\/www.unioviedo.es\/gelp\/author\/gelpadmin\/\"\n\t\t\t\t\t\t\t\t\t\t\t\ttitle=\"Posts by Gelp\"\n\t\t\t\t\t\t\t\t\t\t\t\trel=\"author\">Gelp<\/a><\/span>\n\t\t\t\t\t\t\t\t\t\t\t\t\t\t\t\t\t\t\t\t\t\t\t\t\t\t\t\t\t\t\t<span class=\"post-date\"><i class=\"fa fa-clock-o\"><\/i> <a\n\t\t\t\t\t\t\t\t\t\t\t\thref=\"https:\/\/www.unioviedo.es\/gelp\/2012\/06\/\">junio 8 2012<\/a> <\/span>\n\t\t\t\t\t\t\t\t\t\t\t\t\t\t\t\t\t\t\t\t\t\t\t\t\t\t\t\t\t\t\t\t\t\t\t\t\t\t\t\t\t\t\t<span class=\"post-cats\"><i class=\"fa fa-folder-o\"\n\t\t\t\t\t\t\t\t\t\t\t\t                           aria-hidden=\"true\"><\/i> <a href=\"https:\/\/www.unioviedo.es\/gelp\/category\/news\/\" rel=\"category tag\">News<\/a><\/span>\n\t\t\t\t\t\t\t\t\t\t\t\t\t\t\t\t\t\t\t\t\t\t\t\t\t\t\t\t\t\t<\/div>\n\t\t\t\t\t\t\t\t\t\t\t\t\t\t\t<\/div>\n\t\t\t\t\t\t\t\t\t\t\t\t\t\t\t<p>Laser and Plasma Spectroscopy Research Group co-organizes the\u00a011th\u00a0European Workshop of Laser Ablation\u00a0that will be held in\u00a0Gij\u00f3n, Spain (June 2012). More&hellip;<\/p>\n\t\t\t\t\t\t\t\t\t\t\t\t\t\t<a href=\"https:\/\/www.unioviedo.es\/gelp\/11th-european-workshop-of-laser-ablation\/\"\n\t\t\t\t\t\t\t   class=\"kc-post-2-button\">Read more <i\n\t\t\t\t\t\t\t\t\tclass=\"fa fa-angle-right\" aria-hidden=\"true\"><\/i><\/a>\n\t\t\t\t\t\t\t\t\t\t\t\t\t<\/div>\n\n\t\t\t\t\t\n\t\t\t\t<\/div>\n\n\t\t\t\t\n\t\t\t\t<div class=\"kc-list-item-2\">\n\n\t\t\t\t\t\n\t\t\t\t\t\t<div class=\"post-item-left\">\n\t\t\t\t\t\t\t<div class=\"post_details\">\n\t\t\t\t\t\t\t\t<h2 class=\"post-title-alt\"><a\n\t\t\t\t\t\t\t\t\t\thref=\"https:\/\/www.unioviedo.es\/gelp\/dr-cristina-gonzalez-will-visit-dr-jakubowskis\/\"\n\t\t\t\t\t\t\t\t\t\ttitle=\"Dr. Cristina Gonz\u00e1lez will visit Dr. Jakubowski&#8217;s\">Dr. Cristina Gonz\u00e1lez will visit Dr. Jakubowski&#8217;s<\/a>\n\t\t\t\t\t\t\t\t<\/h2>\n\t\t\t\t\t\t\t\t\t\t\t\t\t\t\t\t\t<div class=\"post-meta\">\n\t\t\t\t\t\t\t\t\t\t\t\t\t\t\t\t\t\t\t\t\t<span class=\"kc-post-author\"><i class=\"fa fa-user\"><\/i>  <a\n\t\t\t\t\t\t\t\t\t\t\t\thref=\"https:\/\/www.unioviedo.es\/gelp\/author\/gelpadmin\/\"\n\t\t\t\t\t\t\t\t\t\t\t\ttitle=\"Posts by Gelp\"\n\t\t\t\t\t\t\t\t\t\t\t\trel=\"author\">Gelp<\/a><\/span>\n\t\t\t\t\t\t\t\t\t\t\t\t\t\t\t\t\t\t\t\t\t\t\t\t\t\t\t\t\t\t\t<span class=\"post-date\"><i class=\"fa fa-clock-o\"><\/i> <a\n\t\t\t\t\t\t\t\t\t\t\t\thref=\"https:\/\/www.unioviedo.es\/gelp\/2012\/05\/\">mayo 2 2012<\/a> <\/span>\n\t\t\t\t\t\t\t\t\t\t\t\t\t\t\t\t\t\t\t\t\t\t\t\t\t\t\t\t\t\t\t\t\t\t\t\t\t\t\t\t\t\t\t<span class=\"post-cats\"><i class=\"fa fa-folder-o\"\n\t\t\t\t\t\t\t\t\t\t\t                           aria-hidden=\"true\"><\/i> <a href=\"https:\/\/www.unioviedo.es\/gelp\/category\/news\/\" rel=\"category tag\">News<\/a><\/span>\n\t\t\t\t\t\t\t\t\t\t\t\t\t\t\t\t\t\t\t\t\t\t\t\t\t\t\t\t\t\t<\/div>\n\t\t\t\t\t\t\t\t\t\t\t\t\t\t\t<\/div>\n\t\t\t\t\t\t\t\t\t\t\t\t\t\t\t<p>Dr. Cristina Gonz\u00e1lez will visit Dr. Jakubowski's Group at BAM (Germany) for 6 weeks.<\/p>\n\t\t\t\t\t\t\t\t\t\t\t\t\t\t<a href=\"https:\/\/www.unioviedo.es\/gelp\/dr-cristina-gonzalez-will-visit-dr-jakubowskis\/\"\n\t\t\t\t\t\t\t   class=\"kc-post-2-button\">Read more <i\n\t\t\t\t\t\t\t\t\tclass=\"fa fa-angle-right\" aria-hidden=\"true\"><\/i><\/a>\n\t\t\t\t\t\t\t\t\t\t\t\t\t<\/div>\n\t\t\t\t\t\t<div class=\"post-item-right\">\n\t\t\t\t\t\t\t<figure>\n\t\t\t\t\t\t\t\t<img decoding=\"async\" src=\"https:\/\/www.unioviedo.es\/gelp\/wp-content\/uploads\/2012\/05\/blog12-543x304xct.jpg\"\n\t\t\t\t\t\t\t\t     alt=\"Dr. Cristina Gonz\u00e1lez will visit Dr. Jakubowski&#8217;s\">\n\t\t\t\t\t\t\t<\/figure>\n\t\t\t\t\t\t<\/div>\n\n\t\t\t\t\t\n\t\t\t\t<\/div>\n\n\t\t\t\t\n\t\t\t\t<div class=\"kc-list-item-2\">\n\n\t\t\t\t\t\t\t\t\t\t\t\t\t\t\t\t\t\t<div class=\"post-item-left\">\n\t\t\t\t\t\t\t\t<figure>\n\t\t\t\t\t\t\t\t\t<img decoding=\"async\" src=\"https:\/\/www.unioviedo.es\/gelp\/wp-content\/uploads\/2012\/05\/blog11-1-543x304xct.jpg\"\n\t\t\t\t\t\t\t\t\t     alt=\"Jaime Orejas will visit Indiana University\">\n\t\t\t\t\t\t\t\t<\/figure>\n\t\t\t\t\t\t\t<\/div>\n\t\t\t\t\t\t\t\t\t\t\t\t<div class=\"post-item-right\">\n\t\t\t\t\t\t\t<div class=\"post_details\">\n\t\t\t\t\t\t\t\t<h2 class=\"post-title-alt\"><a\n\t\t\t\t\t\t\t\t\t\thref=\"https:\/\/www.unioviedo.es\/gelp\/jaime-orejas-will-visit-indiana-university\/\"\n\t\t\t\t\t\t\t\t\t\ttitle=\"Jaime Orejas will visit Indiana University\">Jaime Orejas will visit Indiana University<\/a>\n\t\t\t\t\t\t\t\t<\/h2>\n\n\t\t\t\t\t\t\t\t\t\t\t\t\t\t\t\t\t<div class=\"post-meta\">\n\t\t\t\t\t\t\t\t\t\t\t\t\t\t\t\t\t\t\t\t\t<span class=\"kc-post-author\"><i class=\"fa fa-user\"><\/i>  <a\n\t\t\t\t\t\t\t\t\t\t\t\thref=\"https:\/\/www.unioviedo.es\/gelp\/author\/gelpadmin\/\"\n\t\t\t\t\t\t\t\t\t\t\t\ttitle=\"Posts by Gelp\"\n\t\t\t\t\t\t\t\t\t\t\t\trel=\"author\">Gelp<\/a><\/span>\n\t\t\t\t\t\t\t\t\t\t\t\t\t\t\t\t\t\t\t\t\t\t\t\t\t\t\t\t\t\t\t<span class=\"post-date\"><i class=\"fa fa-clock-o\"><\/i> <a\n\t\t\t\t\t\t\t\t\t\t\t\thref=\"https:\/\/www.unioviedo.es\/gelp\/2012\/05\/\">mayo 1 2012<\/a> <\/span>\n\t\t\t\t\t\t\t\t\t\t\t\t\t\t\t\t\t\t\t\t\t\t\t\t\t\t\t\t\t\t\t\t\t\t\t\t\t\t\t\t\t\t\t<span class=\"post-cats\"><i class=\"fa fa-folder-o\"\n\t\t\t\t\t\t\t\t\t\t\t\t                           aria-hidden=\"true\"><\/i> <a href=\"https:\/\/www.unioviedo.es\/gelp\/category\/news\/\" rel=\"category tag\">News<\/a><\/span>\n\t\t\t\t\t\t\t\t\t\t\t\t\t\t\t\t\t\t\t\t\t\t\t\t\t\t\t\t\t\t<\/div>\n\t\t\t\t\t\t\t\t\t\t\t\t\t\t\t<\/div>\n\t\t\t\t\t\t\t\t\t\t\t\t\t\t\t<p>Jaime Orejas will visit Prof. Hieftje's Group at Indiana University (USA) for a month.<\/p>\n\t\t\t\t\t\t\t\t\t\t\t\t\t\t<a href=\"https:\/\/www.unioviedo.es\/gelp\/jaime-orejas-will-visit-indiana-university\/\"\n\t\t\t\t\t\t\t   class=\"kc-post-2-button\">Read more <i\n\t\t\t\t\t\t\t\t\tclass=\"fa fa-angle-right\" aria-hidden=\"true\"><\/i><\/a>\n\t\t\t\t\t\t\t\t\t\t\t\t\t<\/div>\n\n\t\t\t\t\t\n\t\t\t\t<\/div>\n\n\t\t\t\t\n\t\t\t\t<div class=\"kc-list-item-2\">\n\n\t\t\t\t\t\n\t\t\t\t\t\t<div class=\"post-item-left\">\n\t\t\t\t\t\t\t<div class=\"post_details\">\n\t\t\t\t\t\t\t\t<h2 class=\"post-title-alt\"><a\n\t\t\t\t\t\t\t\t\t\thref=\"https:\/\/www.unioviedo.es\/gelp\/prize-for-outstanding-young-researcher-in-experimental-physics-from-the-royal-spanish-society-of-physics-rsef\/\"\n\t\t\t\t\t\t\t\t\t\ttitle=\"Prize for Outstanding Young Researcher in Experimental Physics from the Royal Spanish Society of Physics (RSEF).\">Prize for Outstanding Young Researcher in Experimental Physics from the Royal Spanish Society of Physics (RSEF).<\/a>\n\t\t\t\t\t\t\t\t<\/h2>\n\t\t\t\t\t\t\t\t\t\t\t\t\t\t\t\t\t<div class=\"post-meta\">\n\t\t\t\t\t\t\t\t\t\t\t\t\t\t\t\t\t\t\t\t\t<span class=\"kc-post-author\"><i class=\"fa fa-user\"><\/i>  <a\n\t\t\t\t\t\t\t\t\t\t\t\thref=\"https:\/\/www.unioviedo.es\/gelp\/author\/gelpadmin\/\"\n\t\t\t\t\t\t\t\t\t\t\t\ttitle=\"Posts by Gelp\"\n\t\t\t\t\t\t\t\t\t\t\t\trel=\"author\">Gelp<\/a><\/span>\n\t\t\t\t\t\t\t\t\t\t\t\t\t\t\t\t\t\t\t\t\t\t\t\t\t\t\t\t\t\t\t<span class=\"post-date\"><i class=\"fa fa-clock-o\"><\/i> <a\n\t\t\t\t\t\t\t\t\t\t\t\thref=\"https:\/\/www.unioviedo.es\/gelp\/2011\/09\/\">septiembre 21 2011<\/a> <\/span>\n\t\t\t\t\t\t\t\t\t\t\t\t\t\t\t\t\t\t\t\t\t\t\t\t\t\t\t\t\t\t\t\t\t\t\t\t\t\t\t\t\t\t\t<span class=\"post-cats\"><i class=\"fa fa-folder-o\"\n\t\t\t\t\t\t\t\t\t\t\t                           aria-hidden=\"true\"><\/i> <a href=\"https:\/\/www.unioviedo.es\/gelp\/category\/news\/\" rel=\"category tag\">News<\/a><\/span>\n\t\t\t\t\t\t\t\t\t\t\t\t\t\t\t\t\t\t\t\t\t\t\t\t\t\t\t\t\t\t<\/div>\n\t\t\t\t\t\t\t\t\t\t\t\t\t\t\t<\/div>\n\t\t\t\t\t\t\t\t\t\t\t\t\t\t\t<p>Dr. Jorge Pisonero has been awarded the 2011 Prize for Outstanding Young Researcher in Experimental Physics from the Royal Spanish&hellip;<\/p>\n\t\t\t\t\t\t\t\t\t\t\t\t\t\t<a href=\"https:\/\/www.unioviedo.es\/gelp\/prize-for-outstanding-young-researcher-in-experimental-physics-from-the-royal-spanish-society-of-physics-rsef\/\"\n\t\t\t\t\t\t\t   class=\"kc-post-2-button\">Read more <i\n\t\t\t\t\t\t\t\t\tclass=\"fa fa-angle-right\" aria-hidden=\"true\"><\/i><\/a>\n\t\t\t\t\t\t\t\t\t\t\t\t\t<\/div>\n\t\t\t\t\t\t<div class=\"post-item-right\">\n\t\t\t\t\t\t\t<figure>\n\t\t\t\t\t\t\t\t<img decoding=\"async\" src=\"https:\/\/www.unioviedo.es\/gelp\/wp-content\/uploads\/2011\/09\/blog-543x304xct.jpg\"\n\t\t\t\t\t\t\t\t     alt=\"Prize for Outstanding Young Researcher in Experimental Physics from the Royal Spanish Society of Physics (RSEF).\">\n\t\t\t\t\t\t\t<\/figure>\n\t\t\t\t\t\t<\/div>\n\n\t\t\t\t\t\n\t\t\t\t<\/div>\n\n\t\t\t\t\n\t\t\t\t<div class=\"kc-list-item-2\">\n\n\t\t\t\t\t\t\t\t\t\t\t\t\t\t\t\t\t\t<div class=\"post-item-left\">\n\t\t\t\t\t\t\t\t<figure>\n\t\t\t\t\t\t\t\t\t<img decoding=\"async\" src=\"https:\/\/www.unioviedo.es\/gelp\/wp-content\/uploads\/2011\/09\/blog9-1-543x304xct.jpg\"\n\t\t\t\t\t\t\t\t\t     alt=\"Dr. Jorge Pisonero will visit Ghent University\">\n\t\t\t\t\t\t\t\t<\/figure>\n\t\t\t\t\t\t\t<\/div>\n\t\t\t\t\t\t\t\t\t\t\t\t<div class=\"post-item-right\">\n\t\t\t\t\t\t\t<div class=\"post_details\">\n\t\t\t\t\t\t\t\t<h2 class=\"post-title-alt\"><a\n\t\t\t\t\t\t\t\t\t\thref=\"https:\/\/www.unioviedo.es\/gelp\/dr-jorge-pisonero-will-visit-ghent-university\/\"\n\t\t\t\t\t\t\t\t\t\ttitle=\"Dr. Jorge Pisonero will visit Ghent University\">Dr. Jorge Pisonero will visit Ghent University<\/a>\n\t\t\t\t\t\t\t\t<\/h2>\n\n\t\t\t\t\t\t\t\t\t\t\t\t\t\t\t\t\t<div class=\"post-meta\">\n\t\t\t\t\t\t\t\t\t\t\t\t\t\t\t\t\t\t\t\t\t<span class=\"kc-post-author\"><i class=\"fa fa-user\"><\/i>  <a\n\t\t\t\t\t\t\t\t\t\t\t\thref=\"https:\/\/www.unioviedo.es\/gelp\/author\/gelpadmin\/\"\n\t\t\t\t\t\t\t\t\t\t\t\ttitle=\"Posts by Gelp\"\n\t\t\t\t\t\t\t\t\t\t\t\trel=\"author\">Gelp<\/a><\/span>\n\t\t\t\t\t\t\t\t\t\t\t\t\t\t\t\t\t\t\t\t\t\t\t\t\t\t\t\t\t\t\t<span class=\"post-date\"><i class=\"fa fa-clock-o\"><\/i> <a\n\t\t\t\t\t\t\t\t\t\t\t\thref=\"https:\/\/www.unioviedo.es\/gelp\/2011\/09\/\">septiembre 20 2011<\/a> <\/span>\n\t\t\t\t\t\t\t\t\t\t\t\t\t\t\t\t\t\t\t\t\t\t\t\t\t\t\t\t\t\t\t\t\t\t\t\t\t\t\t\t\t\t\t<span class=\"post-cats\"><i class=\"fa fa-folder-o\"\n\t\t\t\t\t\t\t\t\t\t\t\t                           aria-hidden=\"true\"><\/i> <a href=\"https:\/\/www.unioviedo.es\/gelp\/category\/news\/\" rel=\"category tag\">News<\/a><\/span>\n\t\t\t\t\t\t\t\t\t\t\t\t\t\t\t\t\t\t\t\t\t\t\t\t\t\t\t\t\t\t<\/div>\n\t\t\t\t\t\t\t\t\t\t\t\t\t\t\t<\/div>\n\t\t\t\t\t\t\t\t\t\t\t\t\t\t\t<p>Dr. Jorge Pisonero will visit Prof. Frank Vanhaecke's Group at Ghent University (Belgium) for a month.<\/p>\n\t\t\t\t\t\t\t\t\t\t\t\t\t\t<a href=\"https:\/\/www.unioviedo.es\/gelp\/dr-jorge-pisonero-will-visit-ghent-university\/\"\n\t\t\t\t\t\t\t   class=\"kc-post-2-button\">Read more <i\n\t\t\t\t\t\t\t\t\tclass=\"fa fa-angle-right\" aria-hidden=\"true\"><\/i><\/a>\n\t\t\t\t\t\t\t\t\t\t\t\t\t<\/div>\n\n\t\t\t\t\t\n\t\t\t\t<\/div>\n\n\t\t\t\t\n\t\t\t\t<div class=\"kc-list-item-2\">\n\n\t\t\t\t\t\n\t\t\t\t\t\t<div class=\"post-item-left\">\n\t\t\t\t\t\t\t<div class=\"post_details\">\n\t\t\t\t\t\t\t\t<h2 class=\"post-title-alt\"><a\n\t\t\t\t\t\t\t\t\t\thref=\"https:\/\/www.unioviedo.es\/gelp\/rebeca-valledor-will-visit-prof-gunthers-group\/\"\n\t\t\t\t\t\t\t\t\t\ttitle=\"Rebeca Valledor will visit Prof. G\u00fcnther&#8217;s Group\">Rebeca Valledor will visit Prof. G\u00fcnther&#8217;s Group<\/a>\n\t\t\t\t\t\t\t\t<\/h2>\n\t\t\t\t\t\t\t\t\t\t\t\t\t\t\t\t\t<div class=\"post-meta\">\n\t\t\t\t\t\t\t\t\t\t\t\t\t\t\t\t\t\t\t\t\t<span class=\"kc-post-author\"><i class=\"fa fa-user\"><\/i>  <a\n\t\t\t\t\t\t\t\t\t\t\t\thref=\"https:\/\/www.unioviedo.es\/gelp\/author\/gelpadmin\/\"\n\t\t\t\t\t\t\t\t\t\t\t\ttitle=\"Posts by Gelp\"\n\t\t\t\t\t\t\t\t\t\t\t\trel=\"author\">Gelp<\/a><\/span>\n\t\t\t\t\t\t\t\t\t\t\t\t\t\t\t\t\t\t\t\t\t\t\t\t\t\t\t\t\t\t\t<span class=\"post-date\"><i class=\"fa fa-clock-o\"><\/i> <a\n\t\t\t\t\t\t\t\t\t\t\t\thref=\"https:\/\/www.unioviedo.es\/gelp\/2011\/09\/\">septiembre 1 2011<\/a> <\/span>\n\t\t\t\t\t\t\t\t\t\t\t\t\t\t\t\t\t\t\t\t\t\t\t\t\t\t\t\t\t\t\t\t\t\t\t\t\t\t\t\t\t\t\t<span class=\"post-cats\"><i class=\"fa fa-folder-o\"\n\t\t\t\t\t\t\t\t\t\t\t                           aria-hidden=\"true\"><\/i> <a href=\"https:\/\/www.unioviedo.es\/gelp\/category\/news\/\" rel=\"category tag\">News<\/a><\/span>\n\t\t\t\t\t\t\t\t\t\t\t\t\t\t\t\t\t\t\t\t\t\t\t\t\t\t\t\t\t\t<\/div>\n\t\t\t\t\t\t\t\t\t\t\t\t\t\t\t<\/div>\n\t\t\t\t\t\t\t\t\t\t\t\t\t\t\t<p>Rebeca Valledor will visit Prof. G\u00fcnther's Group at ETH-Z\u00fcrich (Switzerland) for three months.<\/p>\n\t\t\t\t\t\t\t\t\t\t\t\t\t\t<a href=\"https:\/\/www.unioviedo.es\/gelp\/rebeca-valledor-will-visit-prof-gunthers-group\/\"\n\t\t\t\t\t\t\t   class=\"kc-post-2-button\">Read more <i\n\t\t\t\t\t\t\t\t\tclass=\"fa fa-angle-right\" aria-hidden=\"true\"><\/i><\/a>\n\t\t\t\t\t\t\t\t\t\t\t\t\t<\/div>\n\t\t\t\t\t\t<div class=\"post-item-right\">\n\t\t\t\t\t\t\t<figure>\n\t\t\t\t\t\t\t\t<img decoding=\"async\" src=\"https:\/\/www.unioviedo.es\/gelp\/wp-content\/uploads\/2011\/09\/blog8-1-543x304xct.jpg\"\n\t\t\t\t\t\t\t\t     alt=\"Rebeca Valledor will visit Prof. G\u00fcnther&#8217;s Group\">\n\t\t\t\t\t\t\t<\/figure>\n\t\t\t\t\t\t<\/div>\n\n\t\t\t\t\t\n\t\t\t\t<\/div>\n\n\t\t\t\t\n\t\t\t\t<div class=\"kc-list-item-2\">\n\n\t\t\t\t\t\t\t\t\t\t\t\t\t\t\t\t\t\t<div class=\"post-item-left\">\n\t\t\t\t\t\t\t\t<figure>\n\t\t\t\t\t\t\t\t\t<img decoding=\"async\" src=\"https:\/\/www.unioviedo.es\/gelp\/wp-content\/uploads\/2011\/09\/blog7-1-543x304xct.jpg\"\n\t\t\t\t\t\t\t\t\t     alt=\"Dr. Cristina Gonz\u00e1lez\u00a0will visit Prof. Vanhaecke&#8217;s\">\n\t\t\t\t\t\t\t\t<\/figure>\n\t\t\t\t\t\t\t<\/div>\n\t\t\t\t\t\t\t\t\t\t\t\t<div class=\"post-item-right\">\n\t\t\t\t\t\t\t<div class=\"post_details\">\n\t\t\t\t\t\t\t\t<h2 class=\"post-title-alt\"><a\n\t\t\t\t\t\t\t\t\t\thref=\"https:\/\/www.unioviedo.es\/gelp\/dr-cristina-gonzalez-will-visit-prof-vanhaeckes\/\"\n\t\t\t\t\t\t\t\t\t\ttitle=\"Dr. Cristina Gonz\u00e1lez\u00a0will visit Prof. Vanhaecke&#8217;s\">Dr. Cristina Gonz\u00e1lez\u00a0will visit Prof. Vanhaecke&#8217;s<\/a>\n\t\t\t\t\t\t\t\t<\/h2>\n\n\t\t\t\t\t\t\t\t\t\t\t\t\t\t\t\t\t<div class=\"post-meta\">\n\t\t\t\t\t\t\t\t\t\t\t\t\t\t\t\t\t\t\t\t\t<span class=\"kc-post-author\"><i class=\"fa fa-user\"><\/i>  <a\n\t\t\t\t\t\t\t\t\t\t\t\thref=\"https:\/\/www.unioviedo.es\/gelp\/author\/gelpadmin\/\"\n\t\t\t\t\t\t\t\t\t\t\t\ttitle=\"Posts by Gelp\"\n\t\t\t\t\t\t\t\t\t\t\t\trel=\"author\">Gelp<\/a><\/span>\n\t\t\t\t\t\t\t\t\t\t\t\t\t\t\t\t\t\t\t\t\t\t\t\t\t\t\t\t\t\t\t<span class=\"post-date\"><i class=\"fa fa-clock-o\"><\/i> <a\n\t\t\t\t\t\t\t\t\t\t\t\thref=\"https:\/\/www.unioviedo.es\/gelp\/2011\/09\/\">septiembre 1 2011<\/a> <\/span>\n\t\t\t\t\t\t\t\t\t\t\t\t\t\t\t\t\t\t\t\t\t\t\t\t\t\t\t\t\t\t\t\t\t\t\t\t\t\t\t\t\t\t\t<span class=\"post-cats\"><i class=\"fa fa-folder-o\"\n\t\t\t\t\t\t\t\t\t\t\t\t                           aria-hidden=\"true\"><\/i> <a href=\"https:\/\/www.unioviedo.es\/gelp\/category\/news\/\" rel=\"category tag\">News<\/a><\/span>\n\t\t\t\t\t\t\t\t\t\t\t\t\t\t\t\t\t\t\t\t\t\t\t\t\t\t\t\t\t\t<\/div>\n\t\t\t\t\t\t\t\t\t\t\t\t\t\t\t<\/div>\n\t\t\t\t\t\t\t\t\t\t\t\t\t\t\t<p>Dr. Cristina Gonz\u00e1lez\u00a0will visit Prof. Vanhaecke's group at Ghent University (Belgium) for a month.<\/p>\n\t\t\t\t\t\t\t\t\t\t\t\t\t\t<a href=\"https:\/\/www.unioviedo.es\/gelp\/dr-cristina-gonzalez-will-visit-prof-vanhaeckes\/\"\n\t\t\t\t\t\t\t   class=\"kc-post-2-button\">Read more <i\n\t\t\t\t\t\t\t\t\tclass=\"fa fa-angle-right\" aria-hidden=\"true\"><\/i><\/a>\n\t\t\t\t\t\t\t\t\t\t\t\t\t<\/div>\n\n\t\t\t\t\t\n\t\t\t\t<\/div>\n\n\t\t\t\t\n\t\t\t\t<div class=\"kc-list-item-2\">\n\n\t\t\t\t\t\n\t\t\t\t\t\t<div class=\"post-item-left\">\n\t\t\t\t\t\t\t<div class=\"post_details\">\n\t\t\t\t\t\t\t\t<h2 class=\"post-title-alt\"><a\n\t\t\t\t\t\t\t\t\t\thref=\"https:\/\/www.unioviedo.es\/gelp\/cristina-gonzalez\/\"\n\t\t\t\t\t\t\t\t\t\ttitle=\"Cristina Gonz\u00e1lez\">Cristina Gonz\u00e1lez<\/a>\n\t\t\t\t\t\t\t\t<\/h2>\n\t\t\t\t\t\t\t\t\t\t\t\t\t\t\t\t\t<div class=\"post-meta\">\n\t\t\t\t\t\t\t\t\t\t\t\t\t\t\t\t\t\t\t\t\t<span class=\"kc-post-author\"><i class=\"fa fa-user\"><\/i>  <a\n\t\t\t\t\t\t\t\t\t\t\t\thref=\"https:\/\/www.unioviedo.es\/gelp\/author\/gelpadmin\/\"\n\t\t\t\t\t\t\t\t\t\t\t\ttitle=\"Posts by Gelp\"\n\t\t\t\t\t\t\t\t\t\t\t\trel=\"author\">Gelp<\/a><\/span>\n\t\t\t\t\t\t\t\t\t\t\t\t\t\t\t\t\t\t\t\t\t\t\t\t\t\t\t\t\t\t\t<span class=\"post-date\"><i class=\"fa fa-clock-o\"><\/i> <a\n\t\t\t\t\t\t\t\t\t\t\t\thref=\"https:\/\/www.unioviedo.es\/gelp\/2011\/06\/\">junio 23 2011<\/a> <\/span>\n\t\t\t\t\t\t\t\t\t\t\t\t\t\t\t\t\t\t\t\t\t\t\t\t\t\t\t\t\t\t\t\t\t\t\t\t\t\t\t\t\t\t\t<span class=\"post-cats\"><i class=\"fa fa-folder-o\"\n\t\t\t\t\t\t\t\t\t\t\t                           aria-hidden=\"true\"><\/i> <a href=\"https:\/\/www.unioviedo.es\/gelp\/category\/news\/\" rel=\"category tag\">News<\/a><\/span>\n\t\t\t\t\t\t\t\t\t\t\t\t\t\t\t\t\t\t\t\t\t\t\t\t\t\t\t\t\t\t<\/div>\n\t\t\t\t\t\t\t\t\t\t\t\t\t\t\t<\/div>\n\t\t\t\t\t\t\t\t\t\t\t\t\t\t\t<p>Cristina Gonz\u00e1lez has obtained her Ph.D. with the maximum qualification \"Sobresaliente cum laude\". Congratulations Dr. Gonz\u00e1lez!!<\/p>\n\t\t\t\t\t\t\t\t\t\t\t\t\t\t<a href=\"https:\/\/www.unioviedo.es\/gelp\/cristina-gonzalez\/\"\n\t\t\t\t\t\t\t   class=\"kc-post-2-button\">Read more <i\n\t\t\t\t\t\t\t\t\tclass=\"fa fa-angle-right\" aria-hidden=\"true\"><\/i><\/a>\n\t\t\t\t\t\t\t\t\t\t\t\t\t<\/div>\n\t\t\t\t\t\t<div class=\"post-item-right\">\n\t\t\t\t\t\t\t<figure>\n\t\t\t\t\t\t\t\t<img decoding=\"async\" src=\"https:\/\/www.unioviedo.es\/gelp\/wp-content\/uploads\/2011\/06\/blog6-543x304xct.jpg\"\n\t\t\t\t\t\t\t\t     alt=\"Cristina Gonz\u00e1lez\">\n\t\t\t\t\t\t\t<\/figure>\n\t\t\t\t\t\t<\/div>\n\n\t\t\t\t\t\n\t\t\t\t<\/div>\n\n\t\t\t\t\n\t\t\t\t<div class=\"kc-list-item-2\">\n\n\t\t\t\t\t\t\t\t\t\t\t\t\t\t\t\t\t\t<div class=\"post-item-left\">\n\t\t\t\t\t\t\t\t<figure>\n\t\t\t\t\t\t\t\t\t<img decoding=\"async\" src=\"https:\/\/www.unioviedo.es\/gelp\/wp-content\/uploads\/2011\/06\/blog5-1-543x304xct.jpg\"\n\t\t\t\t\t\t\t\t\t     alt=\"Paola Vega\">\n\t\t\t\t\t\t\t\t<\/figure>\n\t\t\t\t\t\t\t<\/div>\n\t\t\t\t\t\t\t\t\t\t\t\t<div class=\"post-item-right\">\n\t\t\t\t\t\t\t<div class=\"post_details\">\n\t\t\t\t\t\t\t\t<h2 class=\"post-title-alt\"><a\n\t\t\t\t\t\t\t\t\t\thref=\"https:\/\/www.unioviedo.es\/gelp\/paola\/\"\n\t\t\t\t\t\t\t\t\t\ttitle=\"Paola Vega\">Paola Vega<\/a>\n\t\t\t\t\t\t\t\t<\/h2>\n\n\t\t\t\t\t\t\t\t\t\t\t\t\t\t\t\t\t<div class=\"post-meta\">\n\t\t\t\t\t\t\t\t\t\t\t\t\t\t\t\t\t\t\t\t\t<span class=\"kc-post-author\"><i class=\"fa fa-user\"><\/i>  <a\n\t\t\t\t\t\t\t\t\t\t\t\thref=\"https:\/\/www.unioviedo.es\/gelp\/author\/gelpadmin\/\"\n\t\t\t\t\t\t\t\t\t\t\t\ttitle=\"Posts by Gelp\"\n\t\t\t\t\t\t\t\t\t\t\t\trel=\"author\">Gelp<\/a><\/span>\n\t\t\t\t\t\t\t\t\t\t\t\t\t\t\t\t\t\t\t\t\t\t\t\t\t\t\t\t\t\t\t<span class=\"post-date\"><i class=\"fa fa-clock-o\"><\/i> <a\n\t\t\t\t\t\t\t\t\t\t\t\thref=\"https:\/\/www.unioviedo.es\/gelp\/2011\/06\/\">junio 6 2011<\/a> <\/span>\n\t\t\t\t\t\t\t\t\t\t\t\t\t\t\t\t\t\t\t\t\t\t\t\t\t\t\t\t\t\t\t\t\t\t\t\t\t\t\t\t\t\t\t<span class=\"post-cats\"><i class=\"fa fa-folder-o\"\n\t\t\t\t\t\t\t\t\t\t\t\t                           aria-hidden=\"true\"><\/i> <a href=\"https:\/\/www.unioviedo.es\/gelp\/category\/news\/\" rel=\"category tag\">News<\/a><\/span>\n\t\t\t\t\t\t\t\t\t\t\t\t\t\t\t\t\t\t\t\t\t\t\t\t\t\t\t\t\t\t<\/div>\n\t\t\t\t\t\t\t\t\t\t\t\t\t\t\t<\/div>\n\t\t\t\t\t\t\t\t\t\t\t\t\t\t\t<p>Paola Vega has just arrived from her 3 months stay at Berkeley University (USA). \u00a1\u00a1Welcome back Paola!!<\/p>\n\t\t\t\t\t\t\t\t\t\t\t\t\t\t<a href=\"https:\/\/www.unioviedo.es\/gelp\/paola\/\"\n\t\t\t\t\t\t\t   class=\"kc-post-2-button\">Read more <i\n\t\t\t\t\t\t\t\t\tclass=\"fa fa-angle-right\" aria-hidden=\"true\"><\/i><\/a>\n\t\t\t\t\t\t\t\t\t\t\t\t\t<\/div>\n\n\t\t\t\t\t\n\t\t\t\t<\/div>\n\n\t\t\t\t\n\t\t\t\t<div class=\"kc-list-item-2\">\n\n\t\t\t\t\t\n\t\t\t\t\t\t<div class=\"post-item-left\">\n\t\t\t\t\t\t\t<div class=\"post_details\">\n\t\t\t\t\t\t\t\t<h2 class=\"post-title-alt\"><a\n\t\t\t\t\t\t\t\t\t\thref=\"https:\/\/www.unioviedo.es\/gelp\/thomas-nelis\/\"\n\t\t\t\t\t\t\t\t\t\ttitle=\"Thomas Nelis\">Thomas Nelis<\/a>\n\t\t\t\t\t\t\t\t<\/h2>\n\t\t\t\t\t\t\t\t\t\t\t\t\t\t\t\t\t<div class=\"post-meta\">\n\t\t\t\t\t\t\t\t\t\t\t\t\t\t\t\t\t\t\t\t\t<span class=\"kc-post-author\"><i class=\"fa fa-user\"><\/i>  <a\n\t\t\t\t\t\t\t\t\t\t\t\thref=\"https:\/\/www.unioviedo.es\/gelp\/author\/gelpadmin\/\"\n\t\t\t\t\t\t\t\t\t\t\t\ttitle=\"Posts by Gelp\"\n\t\t\t\t\t\t\t\t\t\t\t\trel=\"author\">Gelp<\/a><\/span>\n\t\t\t\t\t\t\t\t\t\t\t\t\t\t\t\t\t\t\t\t\t\t\t\t\t\t\t\t\t\t\t<span class=\"post-date\"><i class=\"fa fa-clock-o\"><\/i> <a\n\t\t\t\t\t\t\t\t\t\t\t\thref=\"https:\/\/www.unioviedo.es\/gelp\/2011\/06\/\">junio 3 2011<\/a> <\/span>\n\t\t\t\t\t\t\t\t\t\t\t\t\t\t\t\t\t\t\t\t\t\t\t\t\t\t\t\t\t\t\t\t\t\t\t\t\t\t\t\t\t\t\t<span class=\"post-cats\"><i class=\"fa fa-folder-o\"\n\t\t\t\t\t\t\t\t\t\t\t                           aria-hidden=\"true\"><\/i> <a href=\"https:\/\/www.unioviedo.es\/gelp\/category\/news\/\" rel=\"category tag\">News<\/a><\/span>\n\t\t\t\t\t\t\t\t\t\t\t\t\t\t\t\t\t\t\t\t\t\t\t\t\t\t\t\t\t\t<\/div>\n\t\t\t\t\t\t\t\t\t\t\t\t\t\t\t<\/div>\n\t\t\t\t\t\t\t\t\t\t\t\t\t\t\t<p>3 June 2011 Dr. Thomas Nelis from University of Albi (France) is visiting our group from 6th June until 14th&hellip;<\/p>\n\t\t\t\t\t\t\t\t\t\t\t\t\t\t<a href=\"https:\/\/www.unioviedo.es\/gelp\/thomas-nelis\/\"\n\t\t\t\t\t\t\t   class=\"kc-post-2-button\">Read more <i\n\t\t\t\t\t\t\t\t\tclass=\"fa fa-angle-right\" aria-hidden=\"true\"><\/i><\/a>\n\t\t\t\t\t\t\t\t\t\t\t\t\t<\/div>\n\t\t\t\t\t\t<div class=\"post-item-right\">\n\t\t\t\t\t\t\t<figure>\n\t\t\t\t\t\t\t\t<img decoding=\"async\" src=\"https:\/\/www.unioviedo.es\/gelp\/wp-content\/uploads\/2011\/06\/blog4-543x304xct.jpg\"\n\t\t\t\t\t\t\t\t     alt=\"Thomas Nelis\">\n\t\t\t\t\t\t\t<\/figure>\n\t\t\t\t\t\t<\/div>\n\n\t\t\t\t\t\n\t\t\t\t<\/div>\n\n\t\t\t\t\n\t\t\t\t<div class=\"kc-list-item-2\">\n\n\t\t\t\t\t\t\t\t\t\t\t\t\t\t\t\t\t\t<div class=\"post-item-left\">\n\t\t\t\t\t\t\t\t<figure>\n\t\t\t\t\t\t\t\t\t<img decoding=\"async\" src=\"https:\/\/www.unioviedo.es\/gelp\/wp-content\/uploads\/2011\/06\/blog3-1-543x304xct.jpg\"\n\t\t\t\t\t\t\t\t\t     alt=\"Dr. Bodo Hattendorf\">\n\t\t\t\t\t\t\t\t<\/figure>\n\t\t\t\t\t\t\t<\/div>\n\t\t\t\t\t\t\t\t\t\t\t\t<div class=\"post-item-right\">\n\t\t\t\t\t\t\t<div class=\"post_details\">\n\t\t\t\t\t\t\t\t<h2 class=\"post-title-alt\"><a\n\t\t\t\t\t\t\t\t\t\thref=\"https:\/\/www.unioviedo.es\/gelp\/dr-bodo-hattendorf\/\"\n\t\t\t\t\t\t\t\t\t\ttitle=\"Dr. Bodo Hattendorf\">Dr. Bodo Hattendorf<\/a>\n\t\t\t\t\t\t\t\t<\/h2>\n\n\t\t\t\t\t\t\t\t\t\t\t\t\t\t\t\t\t<div class=\"post-meta\">\n\t\t\t\t\t\t\t\t\t\t\t\t\t\t\t\t\t\t\t\t\t<span class=\"kc-post-author\"><i class=\"fa fa-user\"><\/i>  <a\n\t\t\t\t\t\t\t\t\t\t\t\thref=\"https:\/\/www.unioviedo.es\/gelp\/author\/gelpadmin\/\"\n\t\t\t\t\t\t\t\t\t\t\t\ttitle=\"Posts by Gelp\"\n\t\t\t\t\t\t\t\t\t\t\t\trel=\"author\">Gelp<\/a><\/span>\n\t\t\t\t\t\t\t\t\t\t\t\t\t\t\t\t\t\t\t\t\t\t\t\t\t\t\t\t\t\t\t<span class=\"post-date\"><i class=\"fa fa-clock-o\"><\/i> <a\n\t\t\t\t\t\t\t\t\t\t\t\thref=\"https:\/\/www.unioviedo.es\/gelp\/2011\/06\/\">junio 2 2011<\/a> <\/span>\n\t\t\t\t\t\t\t\t\t\t\t\t\t\t\t\t\t\t\t\t\t\t\t\t\t\t\t\t\t\t\t\t\t\t\t\t\t\t\t\t\t\t\t<span class=\"post-cats\"><i class=\"fa fa-folder-o\"\n\t\t\t\t\t\t\t\t\t\t\t\t                           aria-hidden=\"true\"><\/i> <a href=\"https:\/\/www.unioviedo.es\/gelp\/category\/news\/\" rel=\"category tag\">News<\/a><\/span>\n\t\t\t\t\t\t\t\t\t\t\t\t\t\t\t\t\t\t\t\t\t\t\t\t\t\t\t\t\t\t<\/div>\n\t\t\t\t\t\t\t\t\t\t\t\t\t\t\t<\/div>\n\t\t\t\t\t\t\t\t\t\t\t\t\t\t\t<p>Dr. Bodo Hattendorf from ETH-Z\u00fcrich (Switzerland) is at our Group as Visiting Professor from 1st June until 15th July<\/p>\n\t\t\t\t\t\t\t\t\t\t\t\t\t\t<a href=\"https:\/\/www.unioviedo.es\/gelp\/dr-bodo-hattendorf\/\"\n\t\t\t\t\t\t\t   class=\"kc-post-2-button\">Read more <i\n\t\t\t\t\t\t\t\t\tclass=\"fa fa-angle-right\" aria-hidden=\"true\"><\/i><\/a>\n\t\t\t\t\t\t\t\t\t\t\t\t\t<\/div>\n\n\t\t\t\t\t\n\t\t\t\t<\/div>\n\n\t\t\t\t\n\t\t\t\t<div class=\"kc-list-item-2\">\n\n\t\t\t\t\t\n\t\t\t\t\t\t<div class=\"post-item-left\">\n\t\t\t\t\t\t\t<div class=\"post_details\">\n\t\t\t\t\t\t\t\t<h2 class=\"post-title-alt\"><a\n\t\t\t\t\t\t\t\t\t\thref=\"https:\/\/www.unioviedo.es\/gelp\/payling-award-for-best-work-in-glow-discharge\/\"\n\t\t\t\t\t\t\t\t\t\ttitle=\"Payling Award for best work in Glow Discharge\">Payling Award for best work in Glow Discharge<\/a>\n\t\t\t\t\t\t\t\t<\/h2>\n\t\t\t\t\t\t\t\t\t\t\t\t\t\t\t\t\t<div class=\"post-meta\">\n\t\t\t\t\t\t\t\t\t\t\t\t\t\t\t\t\t\t\t\t\t<span class=\"kc-post-author\"><i class=\"fa fa-user\"><\/i>  <a\n\t\t\t\t\t\t\t\t\t\t\t\thref=\"https:\/\/www.unioviedo.es\/gelp\/author\/gelpadmin\/\"\n\t\t\t\t\t\t\t\t\t\t\t\ttitle=\"Posts by Gelp\"\n\t\t\t\t\t\t\t\t\t\t\t\trel=\"author\">Gelp<\/a><\/span>\n\t\t\t\t\t\t\t\t\t\t\t\t\t\t\t\t\t\t\t\t\t\t\t\t\t\t\t\t\t\t\t<span class=\"post-date\"><i class=\"fa fa-clock-o\"><\/i> <a\n\t\t\t\t\t\t\t\t\t\t\t\thref=\"https:\/\/www.unioviedo.es\/gelp\/2011\/02\/\">febrero 9 2011<\/a> <\/span>\n\t\t\t\t\t\t\t\t\t\t\t\t\t\t\t\t\t\t\t\t\t\t\t\t\t\t\t\t\t\t\t\t\t\t\t\t\t\t\t\t\t\t\t<span class=\"post-cats\"><i class=\"fa fa-folder-o\"\n\t\t\t\t\t\t\t\t\t\t\t                           aria-hidden=\"true\"><\/i> <a href=\"https:\/\/www.unioviedo.es\/gelp\/category\/news\/\" rel=\"category tag\">News<\/a><\/span>\n\t\t\t\t\t\t\t\t\t\t\t\t\t\t\t\t\t\t\t\t\t\t\t\t\t\t\t\t\t\t<\/div>\n\t\t\t\t\t\t\t\t\t\t\t\t\t\t\t<\/div>\n\t\t\t\t\t\t\t\t\t\t\t\t\t\t\t<p>Rebeca Valledor wins Payling Award for best work in Glow Discharge<\/p>\n\t\t\t\t\t\t\t\t\t\t\t\t\t\t<a href=\"https:\/\/www.unioviedo.es\/gelp\/payling-award-for-best-work-in-glow-discharge\/\"\n\t\t\t\t\t\t\t   class=\"kc-post-2-button\">Read more <i\n\t\t\t\t\t\t\t\t\tclass=\"fa fa-angle-right\" aria-hidden=\"true\"><\/i><\/a>\n\t\t\t\t\t\t\t\t\t\t\t\t\t<\/div>\n\t\t\t\t\t\t<div class=\"post-item-right\">\n\t\t\t\t\t\t\t<figure>\n\t\t\t\t\t\t\t\t<img decoding=\"async\" src=\"https:\/\/www.unioviedo.es\/gelp\/wp-content\/uploads\/2011\/02\/blog2-2-543x304xct.jpg\"\n\t\t\t\t\t\t\t\t     alt=\"Payling Award for best work in Glow Discharge\">\n\t\t\t\t\t\t\t<\/figure>\n\t\t\t\t\t\t<\/div>\n\n\t\t\t\t\t\n\t\t\t\t<\/div>\n\n\t\t\t\t\n\t\t\t\t<div class=\"kc-list-item-2\">\n\n\t\t\t\t\t\t\t\t\t\t\t\t\t\t\t\t\t\t<div class=\"post-item-left\">\n\t\t\t\t\t\t\t\t<figure>\n\t\t\t\t\t\t\t\t\t<img decoding=\"async\" src=\"https:\/\/www.unioviedo.es\/gelp\/wp-content\/uploads\/2009\/11\/blog1-1-543x304xct.jpg\"\n\t\t\t\t\t\t\t\t\t     alt=\"Masao Horiba Award 2009\">\n\t\t\t\t\t\t\t\t<\/figure>\n\t\t\t\t\t\t\t<\/div>\n\t\t\t\t\t\t\t\t\t\t\t\t<div class=\"post-item-right\">\n\t\t\t\t\t\t\t<div class=\"post_details\">\n\t\t\t\t\t\t\t\t<h2 class=\"post-title-alt\"><a\n\t\t\t\t\t\t\t\t\t\thref=\"https:\/\/www.unioviedo.es\/gelp\/masao-horiba-award-2009\/\"\n\t\t\t\t\t\t\t\t\t\ttitle=\"Masao Horiba Award 2009\">Masao Horiba Award 2009<\/a>\n\t\t\t\t\t\t\t\t<\/h2>\n\n\t\t\t\t\t\t\t\t\t\t\t\t\t\t\t\t\t<div class=\"post-meta\">\n\t\t\t\t\t\t\t\t\t\t\t\t\t\t\t\t\t\t\t\t\t<span class=\"kc-post-author\"><i class=\"fa fa-user\"><\/i>  <a\n\t\t\t\t\t\t\t\t\t\t\t\thref=\"https:\/\/www.unioviedo.es\/gelp\/author\/gelpadmin\/\"\n\t\t\t\t\t\t\t\t\t\t\t\ttitle=\"Posts by Gelp\"\n\t\t\t\t\t\t\t\t\t\t\t\trel=\"author\">Gelp<\/a><\/span>\n\t\t\t\t\t\t\t\t\t\t\t\t\t\t\t\t\t\t\t\t\t\t\t\t\t\t\t\t\t\t\t<span class=\"post-date\"><i class=\"fa fa-clock-o\"><\/i> <a\n\t\t\t\t\t\t\t\t\t\t\t\thref=\"https:\/\/www.unioviedo.es\/gelp\/2009\/11\/\">noviembre 3 2009<\/a> <\/span>\n\t\t\t\t\t\t\t\t\t\t\t\t\t\t\t\t\t\t\t\t\t\t\t\t\t\t\t\t\t\t\t\t\t\t\t\t\t\t\t\t\t\t\t<span class=\"post-cats\"><i class=\"fa fa-folder-o\"\n\t\t\t\t\t\t\t\t\t\t\t\t                           aria-hidden=\"true\"><\/i> <a href=\"https:\/\/www.unioviedo.es\/gelp\/category\/news\/\" rel=\"category tag\">News<\/a><\/span>\n\t\t\t\t\t\t\t\t\t\t\t\t\t\t\t\t\t\t\t\t\t\t\t\t\t\t\t\t\t\t<\/div>\n\t\t\t\t\t\t\t\t\t\t\t\t\t\t\t<\/div>\n\t\t\t\t\t\t\t\t\t\t\t\t\t\t\t<p>Jorge Pisonero receives the Masao Horiba Award 2009<\/p>\n\t\t\t\t\t\t\t\t\t\t\t\t\t\t<a href=\"https:\/\/www.unioviedo.es\/gelp\/masao-horiba-award-2009\/\"\n\t\t\t\t\t\t\t   class=\"kc-post-2-button\">Read more <i\n\t\t\t\t\t\t\t\t\tclass=\"fa fa-angle-right\" aria-hidden=\"true\"><\/i><\/a>\n\t\t\t\t\t\t\t\t\t\t\t\t\t<\/div>\n\n\t\t\t\t\t\n\t\t\t\t<\/div>\n\n\t\t\t\t\n\t\n<\/div>\n<\/div><\/div><\/div><\/div><\/section>\n","protected":false},"excerpt":{"rendered":"","protected":false},"author":1,"featured_media":0,"parent":0,"menu_order":6,"comment_status":"closed","ping_status":"closed","template":"","meta":{"footnotes":""},"class_list":["post-868","page","type-page","status-publish","hentry"],"_links":{"self":[{"href":"https:\/\/www.unioviedo.es\/gelp\/wp-json\/wp\/v2\/pages\/868","targetHints":{"allow":["GET"]}}],"collection":[{"href":"https:\/\/www.unioviedo.es\/gelp\/wp-json\/wp\/v2\/pages"}],"about":[{"href":"https:\/\/www.unioviedo.es\/gelp\/wp-json\/wp\/v2\/types\/page"}],"author":[{"embeddable":true,"href":"https:\/\/www.unioviedo.es\/gelp\/wp-json\/wp\/v2\/users\/1"}],"replies":[{"embeddable":true,"href":"https:\/\/www.unioviedo.es\/gelp\/wp-json\/wp\/v2\/comments?post=868"}],"version-history":[{"count":11,"href":"https:\/\/www.unioviedo.es\/gelp\/wp-json\/wp\/v2\/pages\/868\/revisions"}],"predecessor-version":[{"id":1412,"href":"https:\/\/www.unioviedo.es\/gelp\/wp-json\/wp\/v2\/pages\/868\/revisions\/1412"}],"wp:attachment":[{"href":"https:\/\/www.unioviedo.es\/gelp\/wp-json\/wp\/v2\/media?parent=868"}],"curies":[{"name":"wp","href":"https:\/\/api.w.org\/{rel}","templated":true}]}}