{"id":562,"date":"2015-11-15T10:55:46","date_gmt":"2015-11-15T10:55:46","guid":{"rendered":"http:\/\/www.unioviedo.es\/grupoetic\/?page_id=562"},"modified":"2024-10-28T10:27:17","modified_gmt":"2024-10-28T10:27:17","slug":"investigacion","status":"publish","type":"page","link":"https:\/\/www.unioviedo.es\/grupoetic\/investigacion\/","title":{"rendered":"INVESTIGACI\u00d3N E INNOVACI\u00d3N"},"content":{"rendered":"<p style=\"text-align: justify;\">Dentro del Equipo eTIC se identifican varias l\u00edneas de investigaci\u00f3n e innovaci\u00f3n debido al <strong>car\u00e1cter interdisciplinar<\/strong> de las personas que lo componen, las cuales proceden de diferentes \u00e1mbitos. Esto no ha impedido que \u00a0cada \u00a0integrante del grupo haya adquirido una especializaci\u00f3n \u00a0y profundizaci\u00f3n te\u00f3rica en su campo de conocimiento, lo cual se evidencia en la acumulaci\u00f3n de investigaciones en estos campos, as\u00ed como en las diferentes l\u00edneas de trabajo del Equipo eTIC. Algunas de de las investigaciones e innovaciones en las cuales se ha participado se recogen a continuaci\u00f3n.<\/p>\n<p><span style=\"color: #ffcc00;\"><strong>INNOVACI\u00d3N<\/strong><\/span><\/p>\n<ul>\n<li style=\"text-align: justify;\">Participaci\u00f3n en el Proyecto de Innovaci\u00f3n Docente Interuniversitario financiado por \u00a0la Universidad de Cantabria, y desarrollado por un equipo de la Universidad de Cantabria y la Universidad de Oviedo, denominado \u00ab<strong><em>Buenas pr\u00e1cticas educativas con MOOCs en el campo de la educaci\u00f3n. An\u00e1lisis de cursos y propuestas de mejora<\/em><\/strong>\u00bb en el curso 2014-2015. <a href=\"http:\/\/www.innomooc.unican.es\" target=\"_blank\" rel=\"noopener\">Acceso<\/a><\/li>\n<\/ul>\n<p><span style=\"color: #ffcc00;\"><strong>INVESTIGACI\u00d3N<\/strong><\/span><\/p>\n<ul>\n<li style=\"text-align: justify;\">Proyecto de investigaci\u00f3n \u00ab<em><strong>Asistencia t\u00e9cnica para la elaboraci\u00f3n de una Gu\u00eda y Mapa de Recursos de Educaci\u00f3n para el Desarrollo en Asturias<\/strong><\/em>\u00bb suscrito entre la Fundaci\u00f3n Universidad de Oviedo y la Agencia Asturiana de Cooperaci\u00f3n al Desarrollo entre el 10\/02\/2005 y 30\/09\/2005 cuya investigadora responsable es D\u00aa Aquilina Fueyo Gutierrez<\/li>\n<li style=\"text-align: justify;\">Proyecto de investigaci\u00f3n \u00ab<strong><em>Estudio sobre la infancia en situaci\u00f3n de riesgo en Asturias<\/em><\/strong>\u00bb suscrito entre la Fundaci\u00f3n Universidad de Oviedo y la Administraci\u00f3n del Principado de Asturias entre el 1\/09\/2007 y 31\/05\/2008 cuya investigadora responsable es D\u00aa Gloria Braga Blanco.<\/li>\n<li style=\"text-align: justify;\">Proyecto de investigaci\u00f3n \u00ab<em><strong>Elaboraci\u00f3n de un informe monogr\u00e1fico sobre menores extranjeros no acompa\u00f1ados en el Principado de Asturias<\/strong><\/em>\u00bb suscrito entre la Fundaci\u00f3n Universidad de Oviedo y la Procuradora General del Principado de Asturias entre el 24\/05\/2008 y 31\/12\/2008 cuya investigadora principal es D\u00aa Aquilina Fueyo Gutierrez.<\/li>\n<\/ul>\n<p>&nbsp;<\/p>\n","protected":false},"excerpt":{"rendered":"<p>Dentro del Equipo eTIC se identifican varias l\u00edneas de investigaci\u00f3n e innovaci\u00f3n debido al car\u00e1cter interdisciplinar de las personas que lo componen, las cuales proceden de diferentes \u00e1mbitos. Esto no ha impedido que \u00a0cada \u00a0integrante del grupo haya adquirido una especializaci\u00f3n \u00a0y profundizaci\u00f3n te\u00f3rica en su campo de conocimiento, lo cual se evidencia en la acumulaci\u00f3n de investigaciones en estos campos, as\u00ed como en las diferentes l\u00edneas de trabajo del Equipo eTIC. Algunas de de las investigaciones e innovaciones en las cuales se ha participado se recogen a continuaci\u00f3n. INNOVACI\u00d3N Participaci\u00f3n en el Proyecto de Innovaci\u00f3n Docente Interuniversitario financiado por \u00a0la Universidad de Cantabria, y desarrollado por un equipo de la Universidad de Cantabria y la Universidad de Oviedo, denominado \u00abBuenas pr\u00e1cticas educativas con MOOCs en el campo de la educaci\u00f3n. An\u00e1lisis de cursos y propuestas de mejora\u00bb en el curso 2014-2015. Acceso INVESTIGACI\u00d3N Proyecto de investigaci\u00f3n \u00abAsistencia t\u00e9cnica para la elaboraci\u00f3n de una Gu\u00eda y Mapa de Recursos de Educaci\u00f3n para el Desarrollo en Asturias\u00bb suscrito entre la Fundaci\u00f3n Universidad de Oviedo y la Agencia Asturiana de Cooperaci\u00f3n al Desarrollo entre el 10\/02\/2005 y 30\/09\/2005 cuya investigadora responsable es D\u00aa Aquilina Fueyo Gutierrez Proyecto de investigaci\u00f3n \u00abEstudio sobre la [&hellip;]<\/p>\n","protected":false},"author":1,"featured_media":0,"parent":0,"menu_order":0,"comment_status":"open","ping_status":"open","template":"","meta":{"footnotes":""},"_links":{"self":[{"href":"https:\/\/www.unioviedo.es\/grupoetic\/wp-json\/wp\/v2\/pages\/562"}],"collection":[{"href":"https:\/\/www.unioviedo.es\/grupoetic\/wp-json\/wp\/v2\/pages"}],"about":[{"href":"https:\/\/www.unioviedo.es\/grupoetic\/wp-json\/wp\/v2\/types\/page"}],"author":[{"embeddable":true,"href":"https:\/\/www.unioviedo.es\/grupoetic\/wp-json\/wp\/v2\/users\/1"}],"replies":[{"embeddable":true,"href":"https:\/\/www.unioviedo.es\/grupoetic\/wp-json\/wp\/v2\/comments?post=562"}],"version-history":[{"count":10,"href":"https:\/\/www.unioviedo.es\/grupoetic\/wp-json\/wp\/v2\/pages\/562\/revisions"}],"predecessor-version":[{"id":1364,"href":"https:\/\/www.unioviedo.es\/grupoetic\/wp-json\/wp\/v2\/pages\/562\/revisions\/1364"}],"wp:attachment":[{"href":"https:\/\/www.unioviedo.es\/grupoetic\/wp-json\/wp\/v2\/media?parent=562"}],"curies":[{"name":"wp","href":"https:\/\/api.w.org\/{rel}","templated":true}]}}