{"id":29687,"date":"2021-01-29T13:18:15","date_gmt":"2021-01-29T13:18:15","guid":{"rendered":"https:\/\/www.unioviedo.es\/heal\/?page_id=29687"},"modified":"2026-04-13T12:10:06","modified_gmt":"2026-04-13T12:10:06","slug":"research-grants","status":"publish","type":"page","link":"https:\/\/www.unioviedo.es\/heal\/research-grants\/","title":{"rendered":"Research grants"},"content":{"rendered":"<p>[vc_row][vc_column]<div class=\"smile-icon-timeline-wrap csstime   tl-animation-shadow\"  data-time_sep_bg_color=\"#7ec1d3\"  data-time_sep_color=\"#7ec1d3\" style=\"\"><div class=\"timeline-line \" style=\"border-right-color:#7ec1d3;\"><span><\/span><\/div><div class=\"timeline-wrapper\"><\/div>\n\t\t\t\t<div id=\"timeline-seperator-4290\" class=\"timeline-separator-text item-curr-prev\" data-sep-col=\"#ffffff\" data-sep-bg-col=\"\"><span class=\"sep-text ult-responsive\"  data-ultimate-target='#timeline-seperator-4290 .sep-text'  data-responsive-json-new='{\"font-size\":\"desktop:20px;\",\"line-height\":\"desktop:30px;\"}'  style=\"color:#ffffff;border-width:1px;border-radius:5px;\">Current<\/span><\/div><div class=\"timeline-wrapper \"><\/div>\n\t\t\t\t<div id=\"timeline-seperator-8006\" class=\"timeline-separator-text \" data-sep-col=\"#ffffff\" data-sep-bg-col=\"\"><span class=\"sep-text ult-responsive\"  data-ultimate-target='#timeline-seperator-8006 .sep-text'  data-responsive-json-new='{\"font-size\":\"desktop:20px;\",\"line-height\":\"desktop:30px;\"}'  style=\"color:#ffffff;border-width:1px;border-radius:5px;\">2025 - 2028<\/span><\/div><div class=\"timeline-wrapper \"><\/div><div class=\"timeline-feature-item feat-item  \"><div class=\"feat-dot \"><div class=\"timeline-dot\"><\/div><\/div><div class=\"ult-timeline-arrow \"><s><\/s><l><\/l><\/div><div class=\"timeline-icon-block\"><div class=\"ult-timeline-icon \" style=\"   \"><div class=\"ult-just-icon-wrapper  \"><div class=\"align-icon\" style=\"text-align:center;\"><\/div><\/div><\/div> <!-- icon --><\/div><div class=\"timeline-header-block\" >\n\t\t\t\t\t\t\t<div class=\"timeline-header\" id=\"timeline-featured-9021\"  style=\"\"><h3\n\t\t\t class=\"ult-timeline-title ult-responsive\"   data-ultimate-target='#timeline-featured-9021 .ult-timeline-title'  data-responsive-json-new='{\"font-size\":\"desktop:20px;\",\"line-height\":\"\"}'  style=\"\">SYC: Coalescing Crises. A Syndemic Approach to Illness from the Medical and Environmental Humanities<\/h3><div class=\"ult-responsive custom-lht\"  data-ultimate-target='#timeline-featured-9021 .custom-lht'  data-responsive-json-new='{\"font-size\":\"desktop:16px;\",\"line-height\":\"\"}'  style=\"\">Project financed by the Spanish Ministry of Science and Innovation [National R&amp;D Scheme]<\/p>\n<p>I+D+i [Investigaci\u00f3n Orientada]<\/p>\n<p>Code: PID2024-157649OB-I00<\/p>\n<p>PI1: Luz Mar Gonz\u00e1lez-Arias<br \/>\nPI2: Marta Ram\u00f3n Garc\u00eda<\/p>\n<p>~~~<\/p>\n<p style=\"text-align: justify; padding: 10px 30px;\">This project studies illness within a syndemic framework, mainly in the context of recent socio-economic and environmental crises, but also from a historical perspective. It will analyse literary, cultural and artistic representations of various interconnected pathologies, with the aim of complementing biomedical information and assisting in the development of public health policies.<\/p>\n<p><\/div><\/div> <!-- header --><\/div><\/div><div class=\"timeline-wrapper \"><\/div>\n\t\t\t\t<div id=\"timeline-seperator-3002\" class=\"timeline-separator-text \" data-sep-col=\"#ffffff\" data-sep-bg-col=\"\"><span class=\"sep-text ult-responsive\"  data-ultimate-target='#timeline-seperator-3002 .sep-text'  data-responsive-json-new='{\"font-size\":\"desktop:20px;\",\"line-height\":\"desktop:30px;\"}'  style=\"color:#ffffff;border-width:1px;border-radius:5px;\">2025-2026<\/span><\/div><div class=\"timeline-wrapper \"><\/div><div class=\"timeline-feature-item feat-item  \"><div class=\"feat-dot \"><div class=\"timeline-dot\"><\/div><\/div><div class=\"ult-timeline-arrow \"><s><\/s><l><\/l><\/div><div class=\"timeline-icon-block\"><div class=\"ult-timeline-icon \" style=\"   \"><div class=\"ult-just-icon-wrapper  \"><div class=\"align-icon\" style=\"text-align:center;\"><\/div><\/div><\/div> <!-- icon --><\/div><div class=\"timeline-header-block\" >\n\t\t\t\t\t\t\t<div class=\"timeline-header\" id=\"timeline-featured-2775\"  style=\"\"><h3\n\t\t\t class=\"ult-timeline-title ult-responsive\"   data-ultimate-target='#timeline-featured-2775 .ult-timeline-title'  data-responsive-json-new='{\"font-size\":\"desktop:20px;\",\"line-height\":\"\"}'  style=\"\">Ayuda a Grupos de Investigaci\u00f3n de la Universidad de Oviedo. Plan Propio 2025<\/h3><div class=\"ult-responsive custom-lht\"  data-ultimate-target='#timeline-featured-2775 .custom-lht'  data-responsive-json-new='{\"font-size\":\"desktop:16px;\",\"line-height\":\"\"}'  style=\"\">Financial support for Research Groups at the University of Oviedo. 2025 Scheme<\/p>\n<p>Code: PRP-UO-PUB-ASV-2025-GRUPO HEAL<\/p>\n<p>PI: Luz Mar Gonz\u00e1lez Arias<\/div><\/div> <!-- header --><\/div><\/div><div class=\"timeline-wrapper \"><\/div><\/div><div class=\"smile-icon-timeline-wrap csstime   tl-animation-shadow\"  data-time_sep_bg_color=\"#7ec1d3\"  data-time_sep_color=\"#7ec1d3\" style=\"\"><div class=\"timeline-line \" style=\"border-right-color:#7ec1d3;\"><span><\/span><\/div><div class=\"timeline-wrapper\"><\/div>\n\t\t\t\t<div id=\"timeline-seperator-1122\" class=\"timeline-separator-text item-curr-prev\" data-sep-col=\"#ffffff\" data-sep-bg-col=\"\"><span class=\"sep-text ult-responsive\"  data-ultimate-target='#timeline-seperator-1122 .sep-text'  data-responsive-json-new='{\"font-size\":\"desktop:20px;\",\"line-height\":\"desktop:30px;\"}'  style=\"color:#ffffff;border-width:1px;border-radius:5px;\">Previous<\/span><\/div><div class=\"timeline-wrapper \"><\/div>\n\t\t\t\t<div id=\"timeline-seperator-9270\" class=\"timeline-separator-text \" data-sep-col=\"#ffffff\" data-sep-bg-col=\"\"><span class=\"sep-text ult-responsive\"  data-ultimate-target='#timeline-seperator-9270 .sep-text'  data-responsive-json-new='{\"font-size\":\"desktop:20px;\",\"line-height\":\"desktop:30px;\"}'  style=\"color:#ffffff;border-width:1px;border-radius:5px;\">2020 - 2024<\/span><\/div><div class=\"timeline-wrapper \"><\/div><div class=\"timeline-feature-item feat-item  \"><div class=\"feat-dot \"><div class=\"timeline-dot\"><\/div><\/div><div class=\"ult-timeline-arrow \"><s><\/s><l><\/l><\/div><div class=\"timeline-icon-block\"><div class=\"ult-timeline-icon \" style=\"   \"><div class=\"ult-just-icon-wrapper  \"><div class=\"align-icon\" style=\"text-align:center;\"><\/div><\/div><\/div> <!-- icon --><\/div><div class=\"timeline-header-block\" >\n\t\t\t\t\t\t\t<div class=\"timeline-header\" id=\"timeline-featured-3460\"  style=\"\"><h3\n\t\t\t class=\"ult-timeline-title ult-responsive\"   data-ultimate-target='#timeline-featured-3460 .ult-timeline-title'  data-responsive-json-new='{\"font-size\":\"desktop:20px;\",\"line-height\":\"\"}'  style=\"\">END: Illness in the Age of Extinction. Anglophone Narratives of Personal and Planetary Degradation (2000-2020)<\/h3><div class=\"ult-responsive custom-lht\"  data-ultimate-target='#timeline-featured-3460 .custom-lht'  data-responsive-json-new='{\"font-size\":\"desktop:16px;\",\"line-height\":\"\"}'  style=\"\">Project financed by the Spanish Ministry of Science and Innovation [National R&amp;D Scheme]<\/p>\n<p>I+D+i [Retos a la Investigaci\u00f3n 2019]<\/p>\n<p>Code: PID2019-109565RB-I00<\/p>\n<p>PI: Luz Mar Gonz\u00e1lez-Arias<\/p>\n<p>~~~<\/p>\n<p style=\"text-align: justify; padding: 10px 30px;\">This project studies experiences of illness in the first two decades of the 21st century, with special attention to the connection between human disease and environmental degradation. We will be tackling, from historical, cultural and literary perspectives, pathologies that affect a great number of people and that are characterized by progressive physical and mental deterioration, and this will be linked to planetary degradation as seen in our times. The human body will be examined in dialogic relationship with the environment with the aim of contributing a humanistic view on issues that are usually approached from medical and scientific standpoints. As a result of the sudden emergence of the COVID-19 pandemic, our project is compiling and analyzing the first literary and artistic manifestations of the generalized experiences of lockdown, social distancing and contagion.<\/p>\n<p><\/div><\/div> <!-- header --><\/div><\/div><div class=\"timeline-wrapper \"><\/div>\n\t\t\t\t<div id=\"timeline-seperator-5033\" class=\"timeline-separator-text \" data-sep-col=\"#ffffff\" data-sep-bg-col=\"\"><span class=\"sep-text ult-responsive\"  data-ultimate-target='#timeline-seperator-5033 .sep-text'  data-responsive-json-new='{\"font-size\":\"desktop:20px;\",\"line-height\":\"desktop:30px;\"}'  style=\"color:#ffffff;border-width:1px;border-radius:5px;\">2021<\/span><\/div><div class=\"timeline-wrapper \"><\/div><div class=\"timeline-feature-item feat-item  \"><div class=\"feat-dot \"><div class=\"timeline-dot\"><\/div><\/div><div class=\"ult-timeline-arrow \"><s><\/s><l><\/l><\/div><div class=\"timeline-icon-block\"><div class=\"ult-timeline-icon \" style=\"   \"><div class=\"ult-just-icon-wrapper  \"><div class=\"align-icon\" style=\"text-align:center;\"><\/div><\/div><\/div> <!-- icon --><\/div><div class=\"timeline-header-block\" >\n\t\t\t\t\t\t\t<div class=\"timeline-header\" id=\"timeline-featured-1902\"  style=\"\"><h3\n\t\t\t class=\"ult-timeline-title ult-responsive\"   data-ultimate-target='#timeline-featured-1902 .ult-timeline-title'  data-responsive-json-new='{\"font-size\":\"desktop:20px;\",\"line-height\":\"\"}'  style=\"\">Ayuda para el mantenimiento de actividades de investigaci\u00f3n de Grupos de Investigaci\u00f3n reconocidos por la Universidad de Oviedo. Plan Propio 2021<\/h3><div class=\"ult-responsive custom-lht\"  data-ultimate-target='#timeline-featured-1902 .custom-lht'  data-responsive-json-new='{\"font-size\":\"desktop:16px;\",\"line-height\":\"\"}'  style=\"\">Financial support for Research Groups at the University of Oviedo. 2021 Scheme<\/p>\n<p>Code: PAPI-2021-GR-2020-0007<\/p>\n<p>PI: Luz Mar Gonz\u00e1lez Arias<\/div><\/div> <!-- header --><\/div><\/div><div class=\"timeline-wrapper \"><\/div>\n\t\t\t\t<div id=\"timeline-seperator-8815\" class=\"timeline-separator-text \" data-sep-col=\"#ffffff\" data-sep-bg-col=\"\"><span class=\"sep-text ult-responsive\"  data-ultimate-target='#timeline-seperator-8815 .sep-text'  data-responsive-json-new='{\"font-size\":\"desktop:20px;\",\"line-height\":\"desktop:30px;\"}'  style=\"color:#ffffff;border-width:1px;border-radius:5px;\">2020<\/span><\/div><div class=\"timeline-wrapper \"><\/div><div class=\"timeline-feature-item feat-item  \"><div class=\"feat-dot \"><div class=\"timeline-dot\"><\/div><\/div><div class=\"ult-timeline-arrow \"><s><\/s><l><\/l><\/div><div class=\"timeline-icon-block\"><div class=\"ult-timeline-icon \" style=\"   \"><div class=\"ult-just-icon-wrapper  \"><div class=\"align-icon\" style=\"text-align:center;\"><\/div><\/div><\/div> <!-- icon --><\/div><div class=\"timeline-header-block\" >\n\t\t\t\t\t\t\t<div class=\"timeline-header\" id=\"timeline-featured-4057\"  style=\"\"><h3\n\t\t\t class=\"ult-timeline-title ult-responsive\"   data-ultimate-target='#timeline-featured-4057 .ult-timeline-title'  data-responsive-json-new='{\"font-size\":\"desktop:20px;\",\"line-height\":\"\"}'  style=\"\">La enfermedad en la era de la extinci\u00f3n: Narrativas angl\u00f3fonas de degradaci\u00f3n personal y planetaria (2000-2020)<\/h3><div class=\"ult-responsive custom-lht\"  data-ultimate-target='#timeline-featured-4057 .custom-lht'  data-responsive-json-new='{\"font-size\":\"desktop:16px;\",\"line-height\":\"\"}'  style=\"\">Project financed by the University of Oviedo\u2019s 2020 Programme for the Promotion of Research Projects with a National and European Scope<\/p>\n<p>Code: PAPI-20-PUENTE-15<\/p>\n<p>PI: Luz Mar Gonz\u00e1lez-Arias<\/div><\/div> <!-- header --><\/div><\/div><div class=\"timeline-wrapper \"><\/div><div class=\"timeline-feature-item feat-item  \"><div class=\"feat-dot \"><div class=\"timeline-dot\"><\/div><\/div><div class=\"ult-timeline-arrow \"><s><\/s><l><\/l><\/div><div class=\"timeline-icon-block\"><div class=\"ult-timeline-icon \" style=\"   \"><div class=\"ult-just-icon-wrapper  \"><div class=\"align-icon\" style=\"text-align:center;\"><\/div><\/div><\/div> <!-- icon --><\/div><div class=\"timeline-header-block\" >\n\t\t\t\t\t\t\t<div class=\"timeline-header\" id=\"timeline-featured-3560\"  style=\"\"><h3\n\t\t\t class=\"ult-timeline-title ult-responsive\"   data-ultimate-target='#timeline-featured-3560 .ult-timeline-title'  data-responsive-json-new='{\"font-size\":\"desktop:20px;\",\"line-height\":\"\"}'  style=\"\">Ayuda a Grupos de Investigaci\u00f3n de la Universidad de Oviedo. Plan Propio 2020<\/h3><div class=\"ult-responsive custom-lht\"  data-ultimate-target='#timeline-featured-3560 .custom-lht'  data-responsive-json-new='{\"font-size\":\"desktop:16px;\",\"line-height\":\"\"}'  style=\"\">Financial Support for Research Groups at the University of Oviedo. 2020 Scheme<\/p>\n<p>Code: GR-2020-0007<\/p>\n<p>PI: Luz Mar Gonz\u00e1lez-Arias<\/div><\/div> <!-- header --><\/div><\/div><div class=\"timeline-wrapper \"><\/div>\n\t\t\t\t<div id=\"timeline-seperator-1272\" class=\"timeline-separator-text \" data-sep-col=\"#ffffff\" data-sep-bg-col=\"\"><span class=\"sep-text ult-responsive\"  data-ultimate-target='#timeline-seperator-1272 .sep-text'  data-responsive-json-new='{\"font-size\":\"desktop:20px;\",\"line-height\":\"desktop:30px;\"}'  style=\"color:#ffffff;border-width:1px;border-radius:5px;\">2018<\/span><\/div><div class=\"timeline-wrapper \"><\/div><div class=\"timeline-feature-item feat-item  \"><div class=\"feat-dot \"><div class=\"timeline-dot\"><\/div><\/div><div class=\"ult-timeline-arrow \"><s><\/s><l><\/l><\/div><div class=\"timeline-icon-block\"><div class=\"ult-timeline-icon \" style=\"   \"><div class=\"ult-just-icon-wrapper  \"><div class=\"align-icon\" style=\"text-align:center;\"><\/div><\/div><\/div> <!-- icon --><\/div><div class=\"timeline-header-block\" >\n\t\t\t\t\t\t\t<div class=\"timeline-header\" id=\"timeline-featured-8968\"  style=\"\"><h3\n\t\t\t class=\"ult-timeline-title ult-responsive\"   data-ultimate-target='#timeline-featured-8968 .ult-timeline-title'  data-responsive-json-new='{\"font-size\":\"desktop:20px;\",\"line-height\":\"\"}'  style=\"\">Humanidades M\u00e9dicas: Enfermedades humanas y enfermedades medioambientales en la literatura y cultura irlandesas<br \/>\n(edad moderna y contempor\u00e1nea)<\/h3><div class=\"ult-responsive custom-lht\"  data-ultimate-target='#timeline-featured-8968 .custom-lht'  data-responsive-json-new='{\"font-size\":\"desktop:16px;\",\"line-height\":\"\"}'  style=\"\">Project financed by the University of Oviedo\u2019s Grants for Emerging Research Groups<\/p>\n<p>Code: PAPI-18-EMERG-21<\/p>\n<p>PI: Marta Ram\u00f3n Garc\u00eda<\/div><\/div> <!-- header --><\/div><\/div><div class=\"timeline-wrapper \"><\/div>\n\t\t\t\t<div id=\"timeline-seperator-2649\" class=\"timeline-separator-text \" data-sep-col=\"#ffffff\" data-sep-bg-col=\"\"><span class=\"sep-text ult-responsive\"  data-ultimate-target='#timeline-seperator-2649 .sep-text'  data-responsive-json-new='{\"font-size\":\"desktop:20px;\",\"line-height\":\"desktop:30px;\"}'  style=\"color:#ffffff;border-width:1px;border-radius:5px;\">2017<\/span><\/div><div class=\"timeline-wrapper \"><\/div><div class=\"timeline-feature-item feat-item  \"><div class=\"feat-dot \"><div class=\"timeline-dot\"><\/div><\/div><div class=\"ult-timeline-arrow \"><s><\/s><l><\/l><\/div><div class=\"timeline-icon-block\"><div class=\"ult-timeline-icon tl-icon-no-bg\" style=\"   \"><\/div> <!-- icon --><\/div><div class=\"timeline-header-block\" >\n\t\t\t\t\t\t\t<div class=\"timeline-header\" id=\"timeline-featured-3298\"  style=\"\"><h3\n\t\t\t class=\"ult-timeline-title ult-responsive\"   data-ultimate-target='#timeline-featured-3298 .ult-timeline-title'  data-responsive-json-new='{\"font-size\":\"desktop:20px;\",\"line-height\":\"\"}'  style=\"\">Humanidades M\u00e9dicas: La representaci\u00f3n de la enfermedad en la literatura y cultura irlandesas (edad moderna y contempor\u00e1nea)<\/h3><div class=\"ult-responsive custom-lht\"  data-ultimate-target='#timeline-featured-3298 .custom-lht'  data-responsive-json-new='{\"font-size\":\"desktop:16px;\",\"line-height\":\"\"}'  style=\"\">Project financed by the University of Oviedo\u2019s Grants for Emerging Research Groups<\/p>\n<p>Code: PAPI-17-PEMERG-18<\/p>\n<p>PI: Luz Mar Gonz\u00e1lez-Arias<\/div><\/div> <!-- header --><\/div><\/div><div class=\"timeline-wrapper \"><\/div><\/div>[\/vc_column][\/vc_row]<\/p>\n","protected":false},"excerpt":{"rendered":"<p>[vc_row][vc_column][\/vc_column][\/vc_row]<\/p>\n","protected":false},"author":4,"featured_media":0,"parent":0,"menu_order":0,"comment_status":"closed","ping_status":"closed","template":"","meta":{"footnotes":""},"class_list":["post-29687","page","type-page","status-publish","hentry","description-off"],"yoast_head":"<!-- This site is optimized with the Yoast SEO plugin v21.7 - https:\/\/yoast.com\/wordpress\/plugins\/seo\/ -->\n<title>Research grants - Heal<\/title>\n<meta name=\"robots\" content=\"index, follow, max-snippet:-1, max-image-preview:large, max-video-preview:-1\" \/>\n<link rel=\"canonical\" href=\"https:\/\/www.unioviedo.es\/heal\/research-grants\/\" \/>\n<meta property=\"og:locale\" content=\"en_US\" \/>\n<meta property=\"og:type\" content=\"article\" \/>\n<meta property=\"og:title\" content=\"HEAL - Research grants\" \/>\n<meta property=\"og:description\" content=\"HEAL: Health, Environment, Arts and Literature\" \/>\n<meta property=\"og:url\" content=\"https:\/\/www.unioviedo.es\/heal\/research-grants\/\" \/>\n<meta property=\"og:site_name\" content=\"Heal\" \/>\n<meta property=\"article:modified_time\" content=\"2026-04-13T12:10:06+00:00\" \/>\n<meta property=\"og:image\" content=\"https:\/\/www.unioviedo.es\/heal\/wp-content\/uploads\/2021\/03\/Portada-HEAL-1200fb.jpg\" \/>\n\t<meta property=\"og:image:width\" content=\"703\" \/>\n\t<meta property=\"og:image:height\" content=\"369\" \/>\n\t<meta property=\"og:image:type\" content=\"image\/jpeg\" \/>\n<meta name=\"twitter:card\" content=\"summary_large_image\" \/>\n<meta name=\"twitter:title\" content=\"HEAL - Research grants\" \/>\n<meta name=\"twitter:description\" content=\"HEAL: Health, Environment, Arts and Literature\" \/>\n<meta name=\"twitter:image\" content=\"https:\/\/www.unioviedo.es\/heal\/wp-content\/uploads\/2021\/03\/Portada-HEAL-1024tw.jpg\" \/>\n<meta name=\"twitter:label1\" content=\"Est. reading time\" \/>\n\t<meta name=\"twitter:data1\" content=\"2 minutes\" \/>\n<script type=\"application\/ld+json\" class=\"yoast-schema-graph\">{\"@context\":\"https:\/\/schema.org\",\"@graph\":[{\"@type\":\"WebPage\",\"@id\":\"https:\/\/www.unioviedo.es\/heal\/research-grants\/\",\"url\":\"https:\/\/www.unioviedo.es\/heal\/research-grants\/\",\"name\":\"Research grants - Heal\",\"isPartOf\":{\"@id\":\"https:\/\/www.unioviedo.es\/heal\/#website\"},\"datePublished\":\"2021-01-29T13:18:15+00:00\",\"dateModified\":\"2026-04-13T12:10:06+00:00\",\"breadcrumb\":{\"@id\":\"https:\/\/www.unioviedo.es\/heal\/research-grants\/#breadcrumb\"},\"inLanguage\":\"en-US\",\"potentialAction\":[{\"@type\":\"ReadAction\",\"target\":[\"https:\/\/www.unioviedo.es\/heal\/research-grants\/\"]}]},{\"@type\":\"BreadcrumbList\",\"@id\":\"https:\/\/www.unioviedo.es\/heal\/research-grants\/#breadcrumb\",\"itemListElement\":[{\"@type\":\"ListItem\",\"position\":1,\"name\":\"Home\",\"item\":\"https:\/\/www.unioviedo.es\/heal\/\"},{\"@type\":\"ListItem\",\"position\":2,\"name\":\"Research grants\"}]},{\"@type\":\"WebSite\",\"@id\":\"https:\/\/www.unioviedo.es\/heal\/#website\",\"url\":\"https:\/\/www.unioviedo.es\/heal\/\",\"name\":\"Heal\",\"description\":\"\",\"potentialAction\":[{\"@type\":\"SearchAction\",\"target\":{\"@type\":\"EntryPoint\",\"urlTemplate\":\"https:\/\/www.unioviedo.es\/heal\/?s={search_term_string}\"},\"query-input\":\"required name=search_term_string\"}],\"inLanguage\":\"en-US\"}]}<\/script>\n<!-- \/ Yoast SEO plugin. -->","yoast_head_json":{"title":"Research grants - Heal","robots":{"index":"index","follow":"follow","max-snippet":"max-snippet:-1","max-image-preview":"max-image-preview:large","max-video-preview":"max-video-preview:-1"},"canonical":"https:\/\/www.unioviedo.es\/heal\/research-grants\/","og_locale":"en_US","og_type":"article","og_title":"HEAL - Research grants","og_description":"HEAL: Health, Environment, Arts and Literature","og_url":"https:\/\/www.unioviedo.es\/heal\/research-grants\/","og_site_name":"Heal","article_modified_time":"2026-04-13T12:10:06+00:00","og_image":[{"width":703,"height":369,"url":"https:\/\/www.unioviedo.es\/heal\/wp-content\/uploads\/2021\/03\/Portada-HEAL-1200fb.jpg","type":"image\/jpeg"}],"twitter_card":"summary_large_image","twitter_title":"HEAL - Research grants","twitter_description":"HEAL: Health, Environment, Arts and Literature","twitter_image":"https:\/\/www.unioviedo.es\/heal\/wp-content\/uploads\/2021\/03\/Portada-HEAL-1024tw.jpg","twitter_misc":{"Est. reading time":"2 minutes"},"schema":{"@context":"https:\/\/schema.org","@graph":[{"@type":"WebPage","@id":"https:\/\/www.unioviedo.es\/heal\/research-grants\/","url":"https:\/\/www.unioviedo.es\/heal\/research-grants\/","name":"Research grants - Heal","isPartOf":{"@id":"https:\/\/www.unioviedo.es\/heal\/#website"},"datePublished":"2021-01-29T13:18:15+00:00","dateModified":"2026-04-13T12:10:06+00:00","breadcrumb":{"@id":"https:\/\/www.unioviedo.es\/heal\/research-grants\/#breadcrumb"},"inLanguage":"en-US","potentialAction":[{"@type":"ReadAction","target":["https:\/\/www.unioviedo.es\/heal\/research-grants\/"]}]},{"@type":"BreadcrumbList","@id":"https:\/\/www.unioviedo.es\/heal\/research-grants\/#breadcrumb","itemListElement":[{"@type":"ListItem","position":1,"name":"Home","item":"https:\/\/www.unioviedo.es\/heal\/"},{"@type":"ListItem","position":2,"name":"Research grants"}]},{"@type":"WebSite","@id":"https:\/\/www.unioviedo.es\/heal\/#website","url":"https:\/\/www.unioviedo.es\/heal\/","name":"Heal","description":"","potentialAction":[{"@type":"SearchAction","target":{"@type":"EntryPoint","urlTemplate":"https:\/\/www.unioviedo.es\/heal\/?s={search_term_string}"},"query-input":"required name=search_term_string"}],"inLanguage":"en-US"}]}},"_links":{"self":[{"href":"https:\/\/www.unioviedo.es\/heal\/wp-json\/wp\/v2\/pages\/29687","targetHints":{"allow":["GET"]}}],"collection":[{"href":"https:\/\/www.unioviedo.es\/heal\/wp-json\/wp\/v2\/pages"}],"about":[{"href":"https:\/\/www.unioviedo.es\/heal\/wp-json\/wp\/v2\/types\/page"}],"author":[{"embeddable":true,"href":"https:\/\/www.unioviedo.es\/heal\/wp-json\/wp\/v2\/users\/4"}],"replies":[{"embeddable":true,"href":"https:\/\/www.unioviedo.es\/heal\/wp-json\/wp\/v2\/comments?post=29687"}],"version-history":[{"count":59,"href":"https:\/\/www.unioviedo.es\/heal\/wp-json\/wp\/v2\/pages\/29687\/revisions"}],"predecessor-version":[{"id":31142,"href":"https:\/\/www.unioviedo.es\/heal\/wp-json\/wp\/v2\/pages\/29687\/revisions\/31142"}],"wp:attachment":[{"href":"https:\/\/www.unioviedo.es\/heal\/wp-json\/wp\/v2\/media?parent=29687"}],"curies":[{"name":"wp","href":"https:\/\/api.w.org\/{rel}","templated":true}]}}