{"id":129,"date":"2021-02-20T23:58:03","date_gmt":"2021-02-20T22:58:03","guid":{"rendered":"https:\/\/www.unioviedo.es\/idelrio\/?page_id=129"},"modified":"2021-03-12T18:56:55","modified_gmt":"2021-03-12T17:56:55","slug":"comunicaciones","status":"publish","type":"page","link":"https:\/\/www.unioviedo.es\/idelrio\/index.php\/comunicaciones\/","title":{"rendered":"Comunicaciones en congresos"},"content":{"rendered":"\n<p><strong><span style=\"color:#00847d\" class=\"has-inline-color\">1.   a,b-Unsaturated carbene complexes via activation of 2-propyn-1-ol derivatives<\/span><\/strong><\/p>\n\n\n\n<p>C. Cosset, <strong>I. del R\u00edo<\/strong>, H. Le Bozec, P. H. Dixneuf<\/p>\n\n\n\n<p>TIPO DE PARTICIPACI\u00d3N: P\u00f3ster<\/p>\n\n\n\n<p>CONGRESO: 7<sup>th<\/sup>IUPAC Symposium on Organometallic Chemistry Directed Towards Organic Synthesis (OMCOS-VII)<\/p>\n\n\n\n<p>PUBLICACI\u00d3N: Libro de Res\u00famenes<\/p>\n\n\n\n<p>LUGAR DE CELEBRACI\u00d3N: Universidad de Kobe, Jap\u00f3n&nbsp;&nbsp;&nbsp;&nbsp;&nbsp;&nbsp;&nbsp;&nbsp;&nbsp;&nbsp;&nbsp;&nbsp;&nbsp;&nbsp;&nbsp;&nbsp;&nbsp;&nbsp;&nbsp;&nbsp;&nbsp;&nbsp;&nbsp;&nbsp;&nbsp;&nbsp;A\u00d1O: 1993<\/p>\n\n\n\n<p><strong><span style=\"color:#00847d\" class=\"has-inline-color\">2.   Homogeneous hydrogenation of unsaturated organic molecules promoted by a hexanuclear hexahydrido carbonyl cluster complex<\/span><\/strong><\/p>\n\n\n\n<p>AUTORES: J. A. Cabeza,<strong> I. del R\u00edo<\/strong>, J. M. Fern\u00e1ndez-Colinas, A. Llamazares, V. Riera<\/p>\n\n\n\n<p>TIPO DE PARTICIPACI\u00d3N: P\u00f3ster<\/p>\n\n\n\n<p>CONGRESO: European-Japanese Symposium on Selective Processes and Catalysis Involving Small Molecules<\/p>\n\n\n\n<p>PUBLICACI\u00d3N: Libro de Res\u00famenes<\/p>\n\n\n\n<p>LUGAR DE CELEBRACI\u00d3N: Universidad de Rennes I, Francia&nbsp;&nbsp;&nbsp;&nbsp;&nbsp;&nbsp;&nbsp;&nbsp;&nbsp;&nbsp;&nbsp;&nbsp;&nbsp;&nbsp;&nbsp;&nbsp;&nbsp;&nbsp;&nbsp;A\u00d1O: 1994<\/p>\n\n\n\n<p><strong><span style=\"color:#00847d\" class=\"has-inline-color\">3.   Alkenyl carbene-metal complexes from alkynes<\/span><\/strong><\/p>\n\n\n\n<p>H. Le Bozec, C. Cosset, D. Pilette,<strong> I. del R\u00edo<\/strong>, S. Moreau, V. Ferrand, P. H. Dixneuf<\/p>\n\n\n\n<p>TIPO DE PARTICIPACI\u00d3N: P\u00f3ster<\/p>\n\n\n\n<p>CONGRESO: European-Japanese Symposium on Selective Processes and Catalysis Involving Small Molecules<\/p>\n\n\n\n<p>PUBLICACI\u00d3N: Libro de Res\u00famenes<\/p>\n\n\n\n<p>LUGAR DE CELEBRACI\u00d3N: Universidad de Rennes I, Francia&nbsp;&nbsp;&nbsp;&nbsp;&nbsp;&nbsp;&nbsp;&nbsp;&nbsp;&nbsp;&nbsp;&nbsp;&nbsp;&nbsp;&nbsp;&nbsp;&nbsp;&nbsp;&nbsp;A\u00d1O: 1994<\/p>\n\n\n\n<p><strong><span style=\"color:#00847d\" class=\"has-inline-color\">4.   S\u00edntesis y caracterizaci\u00f3n del cluster [Ru<sub>6<\/sub>(\u00b5<sub>3<\/sub>-ampy)<sub>2<\/sub>(CO)<sub>18<\/sub>]. Un nuevo tipo de estructura para clusters carbon\u00edlicos hexanucleares de rutenio<\/span><\/strong><\/p>\n\n\n\n<p>J. A. Cabeza, <strong>I. del R\u00edo<\/strong>, V. Riera<\/p>\n\n\n\n<p>TIPO DE PARTICIPACI\u00d3N: P\u00f3ster<\/p>\n\n\n\n<p>CONGRESO: XV Reuni\u00f3n del Grupo Especializado de Qu\u00edmica Organomet\u00e1lica<\/p>\n\n\n\n<p>PUBLICACI\u00d3N: Libro de Res\u00famenes<\/p>\n\n\n\n<p>LUGAR DE CELEBRACI\u00d3N: Universidad de Sevilla, Espa\u00f1a&nbsp;&nbsp;&nbsp;&nbsp;&nbsp;&nbsp;&nbsp;&nbsp;&nbsp;&nbsp;&nbsp;&nbsp;&nbsp;&nbsp;&nbsp;&nbsp;&nbsp;&nbsp;&nbsp;&nbsp;&nbsp;&nbsp;&nbsp;&nbsp;&nbsp;&nbsp;&nbsp;&nbsp;&nbsp;&nbsp;&nbsp;&nbsp;&nbsp;&nbsp;A\u00d1O: 1995<\/p>\n\n\n\n<p><strong><span style=\"color:#00847d\" class=\"has-inline-color\">5.   Synthesis and reactivity of ruthenium catalyst precursors containing a tridentate nitrogen-donor ligand.&nbsp;Catalytic (cyclo)alkylation of aromatic amines<\/span><\/strong><\/p>\n\n\n\n<p><strong>I. del R\u00edo<\/strong>, R. A. T. M. Abbenhuis, G. van Koten<\/p>\n\n\n\n<p>TIPO DE PARTICIPACI\u00d3N: P\u00f3ster<\/p>\n\n\n\n<p>CONGRESO: OMCOS 9<sup>th<\/sup>congress<\/p>\n\n\n\n<p>PUBLICACI\u00d3N: Libro de Res\u00famenes<\/p>\n\n\n\n<p>LUGAR DE CELEBRACI\u00d3N: Universidad de G\u00f6ttingen, Alemania&nbsp;&nbsp;&nbsp;&nbsp;&nbsp;&nbsp;&nbsp;&nbsp;&nbsp;&nbsp;&nbsp;&nbsp;&nbsp;&nbsp;&nbsp;A\u00d1O: 1997<\/p>\n\n\n\n<p><strong><span style=\"color:#00847d\" class=\"has-inline-color\">6.   Ruthenium Catalyst Precursors Containing a Tridentate Nitrogen-donor Ligand.&nbsp;Catalytic Cycloalkylation of Aromatic Amines<\/span><\/strong><\/p>\n\n\n\n<p><strong>I. del R\u00edo<\/strong>, R. A. T. M. Abbenhuis, G. van Koten<\/p>\n\n\n\n<p>TIPO DE PARTICIPACI\u00d3N: P\u00f3ster<\/p>\n\n\n\n<p>CONGRESO: 2<sup>nd<\/sup>Anglo-Dutch Symposium on Catalysis and Organometallic Chemistry<\/p>\n\n\n\n<p>LUGAR DE CELEBRACI\u00d3N: Universidad de Amsterdam, Holanda&nbsp;&nbsp;&nbsp;&nbsp;&nbsp;&nbsp;&nbsp;&nbsp;&nbsp;&nbsp;&nbsp;&nbsp;&nbsp;&nbsp;A\u00d1O: 1997<\/p>\n\n\n\n<p><strong><span style=\"color:#00847d\" class=\"has-inline-color\">7.   Ruthenium Catalyst Precursors Containing a Tridentate Nitrogen-donor Ligand.&nbsp;Catalytic Cycloalkylation of Aromatic Amines<\/span><\/strong><\/p>\n\n\n\n<p><strong>I. del R\u00edo<\/strong>, R. A. T. M. Abbenhuis, G. van Koten<\/p>\n\n\n\n<p>TIPO DE PARTICIPACI\u00d3N: P\u00f3ster<\/p>\n\n\n\n<p>CONGRESO: Ontwerp en Synthese congress<\/p>\n\n\n\n<p>LUGAR DE CELEBRACI\u00d3N: Lunteren, Holanda&nbsp;&nbsp;&nbsp;&nbsp;&nbsp;&nbsp;&nbsp;&nbsp;&nbsp;&nbsp;&nbsp;&nbsp;&nbsp;&nbsp;&nbsp;&nbsp;&nbsp;&nbsp;&nbsp;&nbsp;&nbsp;&nbsp;&nbsp;&nbsp;&nbsp;&nbsp;&nbsp;&nbsp;&nbsp;&nbsp;&nbsp;&nbsp;&nbsp;&nbsp;&nbsp;&nbsp;&nbsp;&nbsp;&nbsp;&nbsp;&nbsp;A\u00d1O: 1997<\/p>\n\n\n\n<p><span style=\"color:#00847d\" class=\"has-inline-color\"><strong>8.   Ruthenium Catalyst Precursors Containing a Tridentate Nitrogen-donor Ligand.&nbsp;Catalytic Cycloalkylation of Aromatic Amines<\/strong><\/span><\/p>\n\n\n\n<p><strong>I. del R\u00edo<\/strong>, R. A. T. M. Abbenhuis, G. van Koten<\/p>\n\n\n\n<p>TIPO DE PARTICIPACI\u00d3N: P\u00f3ster<\/p>\n\n\n\n<p>CONGRESO: SON Werkgemeenschap voor Co\u00f6rdinatiechemie en Homogene Katalyse<\/p>\n\n\n\n<p>LUGAR DE CELEBRACI\u00d3N: Lunteren, Holanda&nbsp;&nbsp;&nbsp;&nbsp;&nbsp;&nbsp;&nbsp;&nbsp;&nbsp;&nbsp;&nbsp;&nbsp;&nbsp;&nbsp;&nbsp;&nbsp;&nbsp;&nbsp;&nbsp;&nbsp;&nbsp;&nbsp;&nbsp;&nbsp;&nbsp;&nbsp;&nbsp;&nbsp;&nbsp;&nbsp;&nbsp;&nbsp;&nbsp;&nbsp;&nbsp;&nbsp;&nbsp;&nbsp;&nbsp;&nbsp;&nbsp;A\u00d1O: 1998<\/p>\n\n\n\n<p><strong><span style=\"color:#00847d\" class=\"has-inline-color\">9. Reactividad del cluster [Ru<sub>3<\/sub>(\u00b5-H)(\u00b5-N=CPh<sub>2<\/sub>)(CO)<sub>10<\/sub>] con alquinos<\/span><\/strong><\/p>\n\n\n\n<p>J. A. Cabeza, <strong>I. del R\u00edo<\/strong>, F. Grepioni, M. Moreno, V. Riera<\/p>\n\n\n\n<p>TIPO DE PARTICIPACI\u00d3N: P\u00f3ster<\/p>\n\n\n\n<p>CONGRESO: XVII Reuni\u00f3n del Grupo Especializado de Qu\u00edmica Organomet\u00e1lica<\/p>\n\n\n\n<p>PUBLICACI\u00d3N: Libro de Res\u00famenes<\/p>\n\n\n\n<p>LUGAR DE CELEBRACI\u00d3N: Universidad de Barcelona, Espa\u00f1a&nbsp;&nbsp;&nbsp;&nbsp;&nbsp;&nbsp;&nbsp;&nbsp;&nbsp;&nbsp;&nbsp;&nbsp;&nbsp;&nbsp;&nbsp;&nbsp;&nbsp;A\u00d1O: 1998<\/p>\n\n\n\n<p><strong><span style=\"color:#00847d\" class=\"has-inline-color\">10. Reactivity of a Ruthenium (II) Catalyst Precursor Containing a Terdentate Pyridine Ligand Towards Alkenes and Alkynes<\/span><\/strong><\/p>\n\n\n\n<p><strong>I. del R\u00edo<\/strong>, M. Lutz, A. L. Spek, G. van Koten<\/p>\n\n\n\n<p>TIPO DE PARTICIPACI\u00d3N: P\u00f3ster<\/p>\n\n\n\n<p>CONGRESO: XI International Symposium on Homogeneous Catalysis<\/p>\n\n\n\n<p>PUBLICACI\u00d3N: Libro de Res\u00famenes<\/p>\n\n\n\n<p>LUGAR DE CELEBRACI\u00d3N: University of St Andrews, Gran Breta\u00f1a&nbsp;&nbsp;&nbsp;&nbsp;&nbsp;&nbsp;&nbsp;&nbsp;&nbsp;&nbsp;&nbsp;&nbsp;&nbsp;&nbsp;&nbsp;&nbsp;&nbsp;&nbsp;&nbsp;&nbsp;&nbsp;&nbsp;A\u00d1O: 1998<\/p>\n\n\n\n<p><strong><span style=\"color:#00847d\" class=\"has-inline-color\">11. Alkene and Alkyne Reactivity Towards a bis-Ruthenium(II)\u00a0<em>\u00b5<\/em><sup>2<\/sup>-Dinitrogen Complex Containing the \u00abPincer\u00bb Ligand 2,6-bis[(dimethylamino)methyl]pyridine (NN&#8217;N)<\/span><\/strong><\/p>\n\n\n\n<p><strong>I. del R\u00edo<\/strong>, M. Lutz, A. L. Spek, G. van Koten<\/p>\n\n\n\n<p>TIPO DE PARTICIPACI\u00d3N: P\u00f3ster<\/p>\n\n\n\n<p>CONGRESO: Trends in Catalysis<\/p>\n\n\n\n<p>LUGAR DE CELEBRACI\u00d3N: Universit\u00e4t M\u00fcnster, Alemania&nbsp;&nbsp;&nbsp;&nbsp;&nbsp;&nbsp;&nbsp;&nbsp;&nbsp;&nbsp;&nbsp;&nbsp;&nbsp;&nbsp;&nbsp;&nbsp;&nbsp;&nbsp;&nbsp;&nbsp;&nbsp;&nbsp;&nbsp;&nbsp;A\u00d1O: 1998<\/p>\n\n\n\n<p><strong><span style=\"color:#00847d\" class=\"has-inline-color\">12. Synthesis and Characterisation of Novel \u00abPincer\u00bb Complexes of Zn<sup>+2<\/sup><\/span><\/strong><\/p>\n\n\n\n<p>R. A. Gossage,<strong>I. del R\u00edo<\/strong>, M. Lutz,A. L. Spek, M. S. Hannu, G. van Koten<\/p>\n\n\n\n<p>TIPO DE PARTICIPACI\u00d3N: P\u00f3ster<\/p>\n\n\n\n<p>CONGRESO: CSC2000 (83<sup>rd&nbsp;<\/sup>CSC Conference)&nbsp;<\/p>\n\n\n\n<p>PUBLICACI\u00d3N: Libro de Res\u00famenes<\/p>\n\n\n\n<p>LUGAR DE CELEBRACI\u00d3N: Telus Convention Centre, Calgary, Canada&nbsp;&nbsp;&nbsp;&nbsp;&nbsp;A\u00d1O: 2000<\/p>\n\n\n\n<p><strong><span style=\"color:#00847d\" class=\"has-inline-color\">13. Approaches to Triosmium Carbonyl Cluster Compounds Derived from Benzophenone Imine<\/span><\/strong><\/p>\n\n\n\n<p>J. A. Cabeza, <strong>I. del R\u00edo<\/strong>, F. Grepioni, V. Riera<\/p>\n\n\n\n<p>TIPO DE PARTICIPACI\u00d3N: P\u00f3ster<\/p>\n\n\n\n<p>CONGRESO: XIX Reuni\u00f3n del Grupo Especializado de Qu\u00edmica Organomet\u00e1lica<\/p>\n\n\n\n<p>PUBLICACI\u00d3N: Libro de Res\u00famenes<\/p>\n\n\n\n<p>LUGAR DE CELEBRACI\u00d3N: Universidad de Valladolid, Espa\u00f1a&nbsp;&nbsp;&nbsp;&nbsp;&nbsp;&nbsp;&nbsp;&nbsp;&nbsp;&nbsp;&nbsp;&nbsp;&nbsp;&nbsp;&nbsp;&nbsp;&nbsp;&nbsp;A\u00d1O: 2000<\/p>\n\n\n\n<p><strong><span style=\"color:#00847d\" class=\"has-inline-color\">14. Sustituciones de ligandos CO en clusters trinucleares de rutenio: nuevos modelos de reacci\u00f3n observados en derivados de 1,1-dimetilhidrazina<\/span><\/strong><\/p>\n\n\n\n<p>J. A. Cabeza, <strong>I. del R\u00edo<\/strong>, L. Mart\u00ednez-M\u00e9ndez, V. Riera<\/p>\n\n\n\n<p>TIPO DE PARTICIPACI\u00d3N: P\u00f3ster<\/p>\n\n\n\n<p>CONGRESO: XX Reuni\u00f3n del Grupo Especializado de Qu\u00edmica Organomet\u00e1lica<\/p>\n\n\n\n<p>PUBLICACI\u00d3N: Libro de Res\u00famenes<\/p>\n\n\n\n<p>LUGAR DE CELEBRACI\u00d3N: San Sebasti\u00e1n, Espa\u00f1a&nbsp;&nbsp;&nbsp;&nbsp;&nbsp;&nbsp;&nbsp;&nbsp;&nbsp;&nbsp;&nbsp;&nbsp;&nbsp;&nbsp;&nbsp;&nbsp;&nbsp;&nbsp;&nbsp;&nbsp;&nbsp;&nbsp;&nbsp;&nbsp;&nbsp;&nbsp;&nbsp;&nbsp;&nbsp;&nbsp;&nbsp;&nbsp;&nbsp;&nbsp;&nbsp;&nbsp;&nbsp;&nbsp;&nbsp;&nbsp;&nbsp;&nbsp;&nbsp;&nbsp;&nbsp;A\u00d1O: 2002<\/p>\n\n\n\n<p><strong><span style=\"color:#00847d\" class=\"has-inline-color\">15. S\u00edntesis y caracterizaci\u00f3n de compuestos polinucleares de rutenio y osmio derivados de la oxima de la di-(2-piridil)cetona<\/span><\/strong><\/p>\n\n\n\n<p>J. A. Cabeza, <strong>I. del R\u00edo<\/strong>, V. Riera, M. Su\u00e1rez<\/p>\n\n\n\n<p>TIPO DE PARTICIPACI\u00d3N: P\u00f3ster<\/p>\n\n\n\n<p>CONGRESO: XX Reuni\u00f3n del Grupo Especializado de Qu\u00edmica Organomet\u00e1lica<\/p>\n\n\n\n<p>PUBLICACI\u00d3N: Libro de Res\u00famenes<\/p>\n\n\n\n<p>LUGAR DE CELEBRACI\u00d3N: San Sebasti\u00e1n, Espa\u00f1a&nbsp;&nbsp;&nbsp;&nbsp;&nbsp;&nbsp;&nbsp;&nbsp;&nbsp;&nbsp;&nbsp;&nbsp;&nbsp;&nbsp;&nbsp;&nbsp;&nbsp;&nbsp;&nbsp;&nbsp;&nbsp;&nbsp;&nbsp;&nbsp;&nbsp;&nbsp;&nbsp;&nbsp;&nbsp;&nbsp;&nbsp;&nbsp;&nbsp;&nbsp;&nbsp;&nbsp;&nbsp;&nbsp;&nbsp;&nbsp;&nbsp;&nbsp;&nbsp;&nbsp;&nbsp;A\u00d1O: 2002<\/p>\n\n\n\n<p><strong><span style=\"color:#00847d\" class=\"has-inline-color\">16. S\u00edntesis y caracterizaci\u00f3n de clusters trinucleares de rutenio y osmio derivados de la di-(2-piridil)amina<\/span><\/strong><\/p>\n\n\n\n<p>J. A. Cabeza, <strong>I. del R\u00edo<\/strong>, V. Riera, M. Su\u00e1rez<\/p>\n\n\n\n<p>TIPO DE PARTICIPACI\u00d3N: P\u00f3ster<\/p>\n\n\n\n<p>CONGRESO: XX Reuni\u00f3n del Grupo Especializado de Qu\u00edmica Organomet\u00e1lica<\/p>\n\n\n\n<p>PUBLICACI\u00d3N: Libro de Res\u00famenes<\/p>\n\n\n\n<p>LUGAR DE CELEBRACI\u00d3N: San Sebasti\u00e1n, Espa\u00f1a&nbsp;&nbsp;&nbsp;&nbsp;&nbsp;&nbsp;&nbsp;&nbsp;&nbsp;&nbsp;&nbsp;&nbsp;&nbsp;&nbsp;&nbsp;&nbsp;&nbsp;&nbsp;&nbsp;&nbsp;&nbsp;&nbsp;&nbsp;&nbsp;&nbsp;&nbsp;&nbsp;&nbsp;&nbsp;&nbsp;&nbsp;&nbsp;&nbsp;&nbsp;&nbsp;&nbsp;&nbsp;&nbsp;&nbsp;&nbsp;&nbsp;&nbsp;&nbsp;&nbsp;&nbsp;A\u00d1O: 2002<\/p>\n\n\n\n<p><strong><span style=\"color:#00847d\" class=\"has-inline-color\">17. Reactividad de clusters trinucleares de rutenio con diinos: formaci\u00f3n de enlaces C\u2013C mediante acoplamientos metilidino-diino<\/span><\/strong><\/p>\n\n\n\n<p>J. A. Cabeza, I. da Silva, <strong>I. del R\u00edo<\/strong>, V. Riera<\/p>\n\n\n\n<p>TIPO DE PARTICIPACI\u00d3N: P\u00f3ster<\/p>\n\n\n\n<p>CONGRESO: XX Reuni\u00f3n del Grupo Especializado de Qu\u00edmica Organomet\u00e1lica<\/p>\n\n\n\n<p>PUBLICACI\u00d3N: Libro de Res\u00famenes<\/p>\n\n\n\n<p>LUGAR DE CELEBRACI\u00d3N: San Sebasti\u00e1n, Espa\u00f1a&nbsp;&nbsp;&nbsp;&nbsp;&nbsp;&nbsp;&nbsp;&nbsp;&nbsp;&nbsp;&nbsp;&nbsp;&nbsp;&nbsp;&nbsp;&nbsp;&nbsp;&nbsp;&nbsp;&nbsp;&nbsp;&nbsp;&nbsp;&nbsp;&nbsp;&nbsp;&nbsp;&nbsp;&nbsp;&nbsp;&nbsp;&nbsp;&nbsp;&nbsp;&nbsp;&nbsp;&nbsp;&nbsp;&nbsp;&nbsp;&nbsp;&nbsp;&nbsp;&nbsp;&nbsp;A\u00d1O: 2002<\/p>\n\n\n\n<p><strong><span style=\"color:#00847d\" class=\"has-inline-color\">18. S\u00edntesis del cluster hexanuclear [Ru<sub>6<\/sub>(<em>\u00b5<\/em><sub>3<\/sub>-H)<sub>2<\/sub>(\u00b5<sub>5<\/sub>,<em>h<\/em><sup>2<\/sup>-ampy)(<em>\u00b5<\/em>-CO)<sub>2<\/sub>(CO)<sub>14<\/sub>] y primeros pasos en el estudio de su reactividad<\/span><\/strong><\/p>\n\n\n\n<p>J. A. Cabeza,<strong> I. del R\u00edo<\/strong>, P. Garc\u00eda-\u00c1lvarez, V. Riera<\/p>\n\n\n\n<p>TIPO DE PARTICIPACI\u00d3N: P\u00f3ster<\/p>\n\n\n\n<p>CONGRESO: XXIX Reuni\u00f3n Bienal conmemorativa del centenario de la Real Sociedad Espa\u00f1ola de Qu\u00edmica<\/p>\n\n\n\n<p>PUBLICACI\u00d3N: Libro de Res\u00famenes<\/p>\n\n\n\n<p>LUGAR DE CELEBRACI\u00d3N: Madrid, Espa\u00f1a&nbsp;&nbsp;&nbsp;&nbsp;&nbsp;&nbsp;&nbsp;&nbsp;&nbsp;&nbsp;&nbsp;&nbsp;&nbsp;&nbsp;&nbsp;&nbsp;&nbsp;&nbsp;&nbsp;&nbsp;&nbsp;&nbsp;&nbsp;&nbsp;&nbsp;&nbsp;&nbsp;&nbsp;&nbsp;&nbsp;&nbsp;&nbsp;&nbsp;&nbsp;&nbsp;&nbsp;&nbsp;&nbsp;&nbsp;&nbsp;&nbsp;&nbsp;&nbsp;&nbsp;&nbsp;A\u00d1O: 2003<\/p>\n\n\n\n<p><strong><span style=\"color:#00847d\" class=\"has-inline-color\">19. Caracterizaci\u00f3n de m\u00faltiples tipos de coordinaci\u00f3n de ligandos alquenilo en reacciones del cluster [Ru<sub>3<\/sub>(<em>\u00b5<\/em>-H)(\u00b5,<em>h<\/em><sup>2<\/sup>-HNNMe<sub>2<\/sub>)(CO)<sub>9<\/sub>] con alquinos<\/span><\/strong><\/p>\n\n\n\n<p>J. A. Cabeza, <strong>I. del R\u00edo<\/strong>, L. Mart\u00ednez-M\u00e9ndez, V. Riera<\/p>\n\n\n\n<p>TIPO DE PARTICIPACI\u00d3N: Comunicaci\u00f3n oral<\/p>\n\n\n\n<p>CONGRESO: XXIX Reuni\u00f3n Bienal conmemorativa del centenario de la Real Sociedad Espa\u00f1ola de Qu\u00edmica<\/p>\n\n\n\n<p>PUBLICACI\u00d3N: Libro de Res\u00famenes<\/p>\n\n\n\n<p>LUGAR DE CELEBRACI\u00d3N: Madrid, Espa\u00f1a&nbsp;&nbsp;&nbsp;&nbsp;&nbsp;&nbsp;&nbsp;&nbsp;&nbsp;&nbsp;&nbsp;&nbsp;&nbsp;&nbsp;&nbsp;&nbsp;&nbsp;&nbsp;&nbsp;&nbsp;&nbsp;&nbsp;&nbsp;&nbsp;&nbsp;&nbsp;&nbsp;&nbsp;&nbsp;&nbsp;&nbsp;&nbsp;&nbsp;&nbsp;&nbsp;&nbsp;&nbsp;&nbsp;&nbsp;&nbsp;&nbsp;&nbsp;&nbsp;&nbsp;&nbsp;A\u00d1O: 2003<\/p>\n\n\n\n<p><strong><span style=\"color:#00847d\" class=\"has-inline-color\">20. Reactividad de 2-amino-6-fenilpiridina con carbonilos trinucleares de rutenio y osmio<\/span><\/strong><\/p>\n\n\n\n<p>J. A. Cabeza, <strong>I. del R\u00edo<\/strong>, V. Riera, M. Su\u00e1rez<\/p>\n\n\n\n<p>TIPO DE PARTICIPACI\u00d3N: P\u00f3ster<\/p>\n\n\n\n<p>CONGRESO: XXIX Reuni\u00f3n Bienal conmemorativa del centenario de la Real Sociedad Espa\u00f1ola de Qu\u00edmica<\/p>\n\n\n\n<p>PUBLICACI\u00d3N: Libro de Res\u00famenes<\/p>\n\n\n\n<p>LUGAR DE CELEBRACI\u00d3N: Madrid, Espa\u00f1a&nbsp;&nbsp;&nbsp;&nbsp;&nbsp;&nbsp;&nbsp;&nbsp;&nbsp;&nbsp;&nbsp;&nbsp;&nbsp;&nbsp;&nbsp;&nbsp;&nbsp;&nbsp;&nbsp;&nbsp;&nbsp;&nbsp;&nbsp;&nbsp;&nbsp;&nbsp;&nbsp;&nbsp;&nbsp;&nbsp;&nbsp;&nbsp;&nbsp;&nbsp;&nbsp;&nbsp;&nbsp;&nbsp;&nbsp;&nbsp;&nbsp;&nbsp;&nbsp;&nbsp;&nbsp;A\u00d1O: 2003<\/p>\n\n\n\n<p><strong><span style=\"color:#00847d\" class=\"has-inline-color\">21. S\u00edntesis, caracterizaci\u00f3n y actividad catal\u00edtica de compuestos mononucleares de rutenio con ligandos quirales\u00a0<em>N<\/em>-dadores<\/span><\/strong><\/p>\n\n\n\n<p>J. A. Cabeza, I. da Silva, <strong>I. del R\u00edo<\/strong>, V. Riera<\/p>\n\n\n\n<p>TIPO DE PARTICIPACI\u00d3N: P\u00f3ster<\/p>\n\n\n\n<p>CONGRESO: XXIX Reuni\u00f3n Bienal conmemorativa del centenario de la Real Sociedad Espa\u00f1ola de Qu\u00edmica<\/p>\n\n\n\n<p>PUBLICACI\u00d3N: Libro de Res\u00famenes<\/p>\n\n\n\n<p>LUGAR DE CELEBRACI\u00d3N: Madrid, Espa\u00f1a&nbsp;&nbsp;&nbsp;&nbsp;&nbsp;&nbsp;&nbsp;&nbsp;&nbsp;&nbsp;&nbsp;&nbsp;&nbsp;&nbsp;&nbsp;&nbsp;&nbsp;&nbsp;&nbsp;&nbsp;&nbsp;&nbsp;&nbsp;&nbsp;&nbsp;&nbsp;&nbsp;&nbsp;&nbsp;&nbsp;&nbsp;&nbsp;&nbsp;&nbsp;&nbsp;&nbsp;&nbsp;&nbsp;&nbsp;&nbsp;&nbsp;&nbsp;&nbsp;&nbsp;&nbsp;A\u00d1O: 2003<\/p>\n\n\n\n<p><strong><span style=\"color:#00847d\" class=\"has-inline-color\">22. Activaci\u00f3n de enlaces N\u2013H, C\u2013H y C\u2013C en clusters hexanucleares de rutenio<\/span><\/strong><\/p>\n\n\n\n<p><strong>I. del R\u00edo<\/strong><\/p>\n\n\n\n<p>TIPO DE PARTICIPACI\u00d3N: Conferencia Invitada<\/p>\n\n\n\n<p>CONGRESO: XXII Reuni\u00f3n del Grupo Especializado de Qu\u00edmica Organomet\u00e1lica<\/p>\n\n\n\n<p>PUBLICACI\u00d3N: Libro de Res\u00famenes<\/p>\n\n\n\n<p>LUGAR DE CELEBRACI\u00d3N: Ciudad Real, Espa\u00f1a&nbsp;&nbsp;&nbsp;&nbsp;&nbsp;&nbsp;&nbsp;&nbsp;&nbsp;&nbsp;&nbsp;&nbsp;&nbsp;&nbsp;&nbsp;&nbsp;&nbsp;&nbsp;&nbsp;&nbsp;&nbsp;&nbsp;&nbsp;&nbsp;&nbsp;&nbsp;&nbsp;&nbsp;&nbsp;&nbsp;&nbsp;&nbsp;&nbsp;&nbsp;&nbsp;&nbsp;&nbsp;A\u00d1O: 2004<\/p>\n\n\n\n<p><strong><span style=\"color:#00847d\" class=\"has-inline-color\">23. Reactividad de [Ru<sub>6<\/sub>(<em>\u00b5<\/em><sub>3<\/sub>-H)<sub>2<\/sub>(\u00b5<sub>5<\/sub>,<em>h<\/em><sup>2<\/sup>-ampy)(<em>\u00b5<\/em>-CO)<sub>2<\/sub>(CO)<sub>14<\/sub>] con diciclopentadieno, indeno y azuleno<\/span><\/strong><\/p>\n\n\n\n<p>J. A. Cabeza, <strong>I. del R\u00edo<\/strong>, P. Garc\u00eda-\u00c1lvarez, D. Miguel, V. Riera<\/p>\n\n\n\n<p>TIPO DE PARTICIPACI\u00d3N: P\u00f3ster<\/p>\n\n\n\n<p>CONGRESO: XXII Reuni\u00f3n del Grupo Especializado de Qu\u00edmica Organomet\u00e1lica<\/p>\n\n\n\n<p>PUBLICACI\u00d3N: Libro de Res\u00famenes<\/p>\n\n\n\n<p>LUGAR DE CELEBRACI\u00d3N: Ciudad Real, Espa\u00f1a&nbsp;&nbsp;&nbsp;&nbsp;&nbsp;&nbsp;&nbsp;&nbsp;&nbsp;&nbsp;&nbsp;&nbsp;&nbsp;&nbsp;&nbsp;&nbsp;&nbsp;&nbsp;&nbsp;&nbsp;&nbsp;&nbsp;&nbsp;&nbsp;&nbsp;&nbsp;&nbsp;&nbsp;&nbsp;&nbsp;&nbsp;&nbsp;&nbsp;&nbsp;&nbsp;&nbsp;&nbsp;A\u00d1O: 2004<\/p>\n\n\n\n<p><strong><span style=\"color:#00847d\" class=\"has-inline-color\">24. Reactividad del cluster hexanuclear [Ru<sub>6<\/sub>(<em>\u00b5<\/em><sub>3<\/sub>-H)<sub>2<\/sub>(\u00b5<sub>5<\/sub>,<em>h<\/em><sup>2<\/sup>-ampy)(<em>\u00b5<\/em>-CO)<sub>2<\/sub>(CO)<sub>14<\/sub>] frente a sustratos org\u00e1nicos insaturados<\/span><\/strong><\/p>\n\n\n\n<p>J. A. Cabeza, <strong>I. del R\u00edo<\/strong>, P. Garc\u00eda-\u00c1lvarez, D. Miguel, V. Riera<\/p>\n\n\n\n<p>TIPO DE PARTICIPACI\u00d3N: P\u00f3ster<\/p>\n\n\n\n<p>CONGRESO: XXII Reuni\u00f3n del Grupo Especializado de Qu\u00edmica Organomet\u00e1lica<\/p>\n\n\n\n<p>PUBLICACI\u00d3N: Libro de Res\u00famenes<\/p>\n\n\n\n<p>LUGAR DE CELEBRACI\u00d3N: Ciudad Real, Espa\u00f1a&nbsp;&nbsp;&nbsp;&nbsp;&nbsp;&nbsp;&nbsp;&nbsp;&nbsp;&nbsp;&nbsp;&nbsp;&nbsp;&nbsp;&nbsp;&nbsp;&nbsp;&nbsp;&nbsp;&nbsp;&nbsp;&nbsp;&nbsp;&nbsp;&nbsp;&nbsp;&nbsp;&nbsp;&nbsp;&nbsp;&nbsp;&nbsp;&nbsp;&nbsp;&nbsp;&nbsp;&nbsp;A\u00d1O: 2004<\/p>\n\n\n\n<p><strong><span style=\"color:#00847d\" class=\"has-inline-color\">25. Activaci\u00f3n de todos los enlaces de un grupo metilo unido a un fragmento org\u00e1nico<\/span><\/strong><\/p>\n\n\n\n<p>J. A. Cabeza, I. da Silva, <strong>I. del R\u00edo<\/strong>, L. Mart\u00ednez-M\u00e9ndez, D. Miguel, V. Riera<\/p>\n\n\n\n<p>TIPO DE PARTICIPACI\u00d3N: P\u00f3ster<\/p>\n\n\n\n<p>CONGRESO: XXII Reuni\u00f3n del Grupo Especializado de Qu\u00edmica Organomet\u00e1lica<\/p>\n\n\n\n<p>PUBLICACI\u00d3N: Libro de Res\u00famenes<\/p>\n\n\n\n<p>LUGAR DE CELEBRACI\u00d3N: Ciudad Real, Espa\u00f1a&nbsp;&nbsp;&nbsp;&nbsp;&nbsp;&nbsp;&nbsp;&nbsp;&nbsp;&nbsp;&nbsp;&nbsp;&nbsp;&nbsp;&nbsp;&nbsp;&nbsp;&nbsp;&nbsp;&nbsp;&nbsp;&nbsp;&nbsp;&nbsp;&nbsp;&nbsp;&nbsp;&nbsp;&nbsp;&nbsp;&nbsp;&nbsp;&nbsp;&nbsp;&nbsp;&nbsp;&nbsp;A\u00d1O: 2004<\/p>\n\n\n\n<p><strong><span style=\"color:#00847d\" class=\"has-inline-color\">26. S\u00edntesis de clusters trinucleares de rutenio con ligandos\u00a0<em>N<\/em>-dadores quirales<\/span><\/strong><\/p>\n\n\n\n<p>J. A. Cabeza, I. da Silva, <strong>I. del R\u00edo<\/strong><\/p>\n\n\n\n<p>TIPO DE PARTICIPACI\u00d3N: P\u00f3ster<\/p>\n\n\n\n<p>CONGRESO: XXX Reuni\u00f3n Bienal de la Real Sociedad Espa\u00f1ola de Qu\u00edmica<\/p>\n\n\n\n<p>PUBLICACI\u00d3N: Libro de Res\u00famenes<\/p>\n\n\n\n<p>LUGAR DE CELEBRACI\u00d3N: Lugo, Espa\u00f1a&nbsp;&nbsp;&nbsp;&nbsp;&nbsp;&nbsp;&nbsp;&nbsp;&nbsp;&nbsp;&nbsp;&nbsp;&nbsp;&nbsp;&nbsp;&nbsp;&nbsp;&nbsp;&nbsp;&nbsp;&nbsp;&nbsp;&nbsp;&nbsp;&nbsp;&nbsp;&nbsp;&nbsp;&nbsp;&nbsp;&nbsp;&nbsp;&nbsp;&nbsp;&nbsp;&nbsp;&nbsp;&nbsp;&nbsp;&nbsp;&nbsp;&nbsp;&nbsp;&nbsp;&nbsp;&nbsp;&nbsp;&nbsp;A\u00d1O: 2005<\/p>\n\n\n\n<p><strong><span style=\"color:#00847d\" class=\"has-inline-color\">27. Reactividad del cluster hexanuclear [Ru<sub>6<\/sub>(<em>\u00b5<\/em><sub>3<\/sub>-H)<sub>2<\/sub>(\u00b5<sub>5<\/sub>,<em>h<\/em><sup>2<\/sup>-ampy)(<em>\u00b5<\/em>-CO)<sub>2<\/sub>(CO)<sub>14<\/sub>] frente a hidrocarburos saturados c\u00edclicos y lineales. Activaci\u00f3n de enlaces C(sp<sup>3<\/sup>)-H<\/span><\/strong><\/p>\n\n\n\n<p>J. A. Cabeza, <strong>I. del R\u00edo<\/strong>, P. Garc\u00eda \u00c1lvarez, D. Miguel<\/p>\n\n\n\n<p>TIPO DE PARTICIPACI\u00d3N: P\u00f3ster<\/p>\n\n\n\n<p>CONGRESO: XXX Reuni\u00f3n Bienal de la Real Sociedad Espa\u00f1ola de Qu\u00edmica<\/p>\n\n\n\n<p>PUBLICACI\u00d3N: Libro de Res\u00famenes<\/p>\n\n\n\n<p>LUGAR DE CELEBRACI\u00d3N: Lugo, Espa\u00f1a&nbsp;&nbsp;&nbsp;&nbsp;&nbsp;&nbsp;&nbsp;&nbsp;&nbsp;&nbsp;&nbsp;&nbsp;&nbsp;&nbsp;&nbsp;&nbsp;&nbsp;&nbsp;&nbsp;&nbsp;&nbsp;&nbsp;&nbsp;&nbsp;&nbsp;&nbsp;&nbsp;&nbsp;&nbsp;&nbsp;&nbsp;&nbsp;&nbsp;&nbsp;&nbsp;&nbsp;&nbsp;&nbsp;&nbsp;&nbsp;&nbsp;&nbsp;&nbsp;&nbsp;&nbsp;&nbsp;&nbsp;&nbsp;A\u00d1O: 2005<\/p>\n\n\n\n<p><strong><span style=\"color:#00847d\" class=\"has-inline-color\">28. Transformaci\u00f3n de alquinos en alilos coordinados a clusters trinucleares de rutenio<\/span><\/strong><\/p>\n\n\n\n<p>J. A. Cabeza, <strong>I. del R\u00edo<\/strong>, S. Garc\u00eda-Granda, L. Mart\u00ednez-M\u00e9ndez, E. P\u00e9rez-Carre\u00f1o<\/p>\n\n\n\n<p>TIPO DE PARTICIPACI\u00d3N: P\u00f3ster<\/p>\n\n\n\n<p>CONGRESO: XXX Reuni\u00f3n Bienal de la Real Sociedad Espa\u00f1ola de Qu\u00edmica<\/p>\n\n\n\n<p>PUBLICACI\u00d3N: Libro de Res\u00famenes<\/p>\n\n\n\n<p>LUGAR DE CELEBRACI\u00d3N: Lugo, Espa\u00f1a&nbsp;&nbsp;&nbsp;&nbsp;&nbsp;&nbsp;&nbsp;&nbsp;&nbsp;&nbsp;&nbsp;&nbsp;&nbsp;&nbsp;&nbsp;&nbsp;&nbsp;&nbsp;&nbsp;&nbsp;&nbsp;&nbsp;&nbsp;&nbsp;&nbsp;&nbsp;&nbsp;&nbsp;&nbsp;&nbsp;&nbsp;&nbsp;&nbsp;&nbsp;&nbsp;&nbsp;&nbsp;&nbsp;&nbsp;&nbsp;&nbsp;&nbsp;&nbsp;&nbsp;&nbsp;&nbsp;&nbsp;&nbsp;A\u00d1O: 2005<\/p>\n\n\n\n<p><strong><span style=\"color:#00847d\" class=\"has-inline-color\">29. Activaci\u00f3n de enlaces C-H de un metilo unido a un carbeno\u00a0<em>N<\/em>-heteroc\u00edclico<\/span><\/strong><\/p>\n\n\n\n<p>J. A. Cabeza, <strong>I. del R\u00edo<\/strong>, D. Miguel, M. G. S\u00e1nchez-Vega<\/p>\n\n\n\n<p>TIPO DE PARTICIPACI\u00d3N: P\u00f3ster<\/p>\n\n\n\n<p>CONGRESO: XXX Reuni\u00f3n Bienal de la Real Sociedad Espa\u00f1ola de Qu\u00edmica<\/p>\n\n\n\n<p>PUBLICACI\u00d3N: Libro de Res\u00famenes<\/p>\n\n\n\n<p>LUGAR DE CELEBRACI\u00d3N: Lugo, Espa\u00f1a&nbsp;&nbsp;&nbsp;&nbsp;&nbsp;&nbsp;&nbsp;&nbsp;&nbsp;&nbsp;&nbsp;&nbsp;&nbsp;&nbsp;&nbsp;&nbsp;&nbsp;&nbsp;&nbsp;&nbsp;&nbsp;&nbsp;&nbsp;&nbsp;&nbsp;&nbsp;&nbsp;&nbsp;&nbsp;&nbsp;&nbsp;&nbsp;&nbsp;&nbsp;&nbsp;&nbsp;&nbsp;&nbsp;&nbsp;&nbsp;&nbsp;&nbsp;&nbsp;&nbsp;&nbsp;&nbsp;&nbsp;&nbsp;A\u00d1O: 2005<\/p>\n\n\n\n<p><strong><span style=\"color:#00847d\" class=\"has-inline-color\">30. Activation of C\u2013H bonds of an N-heterocyclic carbene N-methyl group in Os clusters<\/span><\/strong><\/p>\n\n\n\n<p>J. A. Cabeza, <strong>I. del R\u00edo<\/strong>, M. G. S\u00e1nchez-Vega, D. Miguel<\/p>\n\n\n\n<p>TIPO DE PARTICIPACI\u00d3N: P\u00f3ster<\/p>\n\n\n\n<p>CONGRESO: XXII International Conference on Organometallic Chemistry<\/p>\n\n\n\n<p>PUBLICACI\u00d3N: Libro de Res\u00famenes<\/p>\n\n\n\n<p>LUGAR DE CELEBRACI\u00d3N: Zaragoza, Espa\u00f1a&nbsp;&nbsp;&nbsp;&nbsp;&nbsp;&nbsp;&nbsp;&nbsp;&nbsp;&nbsp;&nbsp;&nbsp;&nbsp;&nbsp;&nbsp;&nbsp;&nbsp;&nbsp;&nbsp;&nbsp;&nbsp;&nbsp;&nbsp;&nbsp;&nbsp;&nbsp;&nbsp;&nbsp;&nbsp;&nbsp;&nbsp;&nbsp;&nbsp;&nbsp;&nbsp;&nbsp;&nbsp;&nbsp;&nbsp;&nbsp;&nbsp;A\u00d1O: 2006<\/p>\n\n\n\n<p><strong><span style=\"color:#00847d\" class=\"has-inline-color\">31. High-nuclearity ruthenium carbonyl cluster complexes derived from 2-amino-6-methylpyridine: synthesis of nonanuclear derivatives containing \u00b5<sub>4<\/sub>-and \u00b5<sub>5<\/sub>-oxo ligands<\/span><\/strong><\/p>\n\n\n\n<p>J. A. Cabeza, <strong>I. del R\u00edo<\/strong>, P. Garc\u00eda-\u00c1lvarez, D. Miguel<\/p>\n\n\n\n<p>TIPO DE PARTICIPACI\u00d3N: P\u00f3ster<\/p>\n\n\n\n<p>CONGRESO: XXII International Conference on Organometallic Chemistry<\/p>\n\n\n\n<p>PUBLICACI\u00d3N: Libro de Res\u00famenes<\/p>\n\n\n\n<p>LUGAR DE CELEBRACI\u00d3N: Zaragoza, Espa\u00f1a&nbsp;&nbsp;&nbsp;&nbsp;&nbsp;&nbsp;&nbsp;&nbsp;&nbsp;&nbsp;&nbsp;&nbsp;&nbsp;&nbsp;&nbsp;&nbsp;&nbsp;&nbsp;&nbsp;&nbsp;&nbsp;&nbsp;&nbsp;&nbsp;&nbsp;&nbsp;&nbsp;&nbsp;&nbsp;&nbsp;&nbsp;&nbsp;&nbsp;&nbsp;&nbsp;&nbsp;&nbsp;&nbsp;&nbsp;&nbsp;&nbsp;A\u00d1O: 2006<\/p>\n\n\n\n<p><strong><span style=\"color:#00847d\" class=\"has-inline-color\">32. Transformaci\u00f3n de dienos conjugados en alilos y de alilos en alquenilos sobre clusters trinucleares de rutenio<\/span><\/strong><\/p>\n\n\n\n<p>J. A. Cabeza, <strong>I. del R\u00edo<\/strong>, M. Gille, E. P\u00e9rez-Carre\u00f1o<\/p>\n\n\n\n<p>TIPO DE PARTICIPACI\u00d3N: P\u00f3ster<\/p>\n\n\n\n<p>CONGRESO: XXXI Reuni\u00f3n Bienal de la Real Sociedad Espa\u00f1ola de Qu\u00edmica<\/p>\n\n\n\n<p>PUBLICACI\u00d3N: Libro de Res\u00famenes<\/p>\n\n\n\n<p>LUGAR DE CELEBRACI\u00d3N: Toledo, Espa\u00f1a&nbsp;&nbsp;&nbsp;&nbsp;&nbsp;&nbsp;&nbsp;&nbsp;&nbsp;&nbsp;&nbsp;&nbsp;&nbsp;&nbsp;&nbsp;&nbsp;&nbsp;&nbsp;&nbsp;&nbsp;&nbsp;&nbsp;&nbsp;&nbsp;&nbsp;&nbsp;&nbsp;&nbsp;&nbsp;&nbsp;&nbsp;&nbsp;&nbsp;&nbsp;&nbsp;&nbsp;&nbsp;&nbsp;&nbsp;&nbsp;&nbsp;&nbsp;&nbsp;&nbsp;&nbsp;&nbsp;&nbsp;&nbsp;&nbsp;&nbsp;&nbsp;&nbsp;&nbsp;&nbsp;&nbsp;&nbsp;&nbsp;A\u00d1O: 2007<\/p>\n\n\n\n<p><strong><span style=\"color:#00847d\" class=\"has-inline-color\">33. Activaci\u00f3n de enlaces C(sp<sup>3<\/sup>)\u2013H y C(sp<sup>3<\/sup>)\u2013N de carbenos\u00a0<em>N<\/em>-heteroc\u00edclicos coordinados a clusters de rutenio<\/span><\/strong><\/p>\n\n\n\n<p>J. A. Cabeza, <strong>I. del R\u00edo<\/strong>, D. Miguel, E. P\u00e9rez-Carre\u00f1o, M.G. S\u00e1nchez-Vega<\/p>\n\n\n\n<p>TIPO DE PARTICIPACI\u00d3N: Comunicaci\u00f3n Oral<\/p>\n\n\n\n<p>CONGRESO: XXXI Reuni\u00f3n Bienal de la Real Sociedad Espa\u00f1ola de Qu\u00edmica<\/p>\n\n\n\n<p>PUBLICACI\u00d3N: Libro de Res\u00famenes<\/p>\n\n\n\n<p>LUGAR DE CELEBRACI\u00d3N: Toledo, Espa\u00f1a&nbsp;&nbsp;&nbsp;&nbsp;&nbsp;&nbsp;&nbsp;&nbsp;&nbsp;&nbsp;&nbsp;&nbsp;&nbsp;&nbsp;&nbsp;&nbsp;&nbsp;&nbsp;&nbsp;&nbsp;&nbsp;&nbsp;&nbsp;&nbsp;&nbsp;&nbsp;&nbsp;&nbsp;&nbsp;&nbsp;&nbsp;&nbsp;&nbsp;&nbsp;&nbsp;&nbsp;&nbsp;&nbsp;&nbsp;&nbsp;&nbsp;&nbsp;&nbsp;&nbsp;&nbsp;&nbsp;&nbsp;&nbsp;&nbsp;&nbsp;&nbsp;&nbsp;&nbsp;&nbsp;&nbsp;&nbsp;&nbsp;A\u00d1O: 2007<\/p>\n\n\n\n<p><strong><span style=\"color:#00847d\" class=\"has-inline-color\">34. From allenes to \u00b5-h<sup>3<\/sup>-allyl and \u00b5<sub>3<\/sub>-h<sup>2<\/sup>-alkenyl ligands on triruthenium carbonyl clusters<\/span><\/strong><\/p>\n\n\n\n<p>J.A. Cabeza, <strong>I. del R\u00edo<\/strong>, E. P\u00e9rez-Carre\u00f1o, D. V\u00e1zquez<\/p>\n\n\n\n<p>TIPO DE PARTICIPACI\u00d3N: P\u00f3ster<\/p>\n\n\n\n<p>CONGRESO:&nbsp;XXIII International Conference on Organometallic Chemistry<\/p>\n\n\n\n<p>PUBLICACI\u00d3N: Libro de Res\u00famenes<\/p>\n\n\n\n<p>LUGAR DE CELEBRACI\u00d3N:&nbsp;Rennes (Francia)&nbsp;&nbsp;&nbsp;&nbsp;&nbsp;&nbsp;&nbsp;&nbsp;&nbsp;&nbsp;&nbsp;&nbsp;&nbsp;&nbsp;&nbsp;&nbsp;&nbsp;&nbsp;&nbsp;&nbsp;&nbsp;&nbsp;&nbsp;&nbsp;&nbsp;&nbsp;&nbsp;&nbsp;&nbsp;&nbsp;&nbsp;&nbsp;&nbsp;&nbsp;&nbsp;&nbsp;&nbsp;&nbsp;&nbsp;&nbsp;&nbsp;&nbsp;&nbsp;&nbsp;&nbsp;&nbsp;&nbsp;&nbsp;&nbsp;&nbsp;&nbsp;&nbsp;&nbsp;&nbsp;A\u00d1O: 2008<\/p>\n\n\n\n<p><strong><span style=\"color:#00847d\" class=\"has-inline-color\">35.\u00a0Ruthenium and osmium clusters with NHC ligands. Multiple activation of C(sp<sup>3<\/sup>)\u2013H and C(sp<sup>3<\/sup>)\u2013N bonds of NHC N-methyl groups: An experimental and theoretical (DFT) study<\/span><\/strong><\/p>\n\n\n\n<p>J. A. Cabeza, <strong>I. del R\u00edo<\/strong>, E. P\u00e9rez-Carre\u00f1o, M.G. S\u00e1nchez-Vega<\/p>\n\n\n\n<p>TIPO DE PARTICIPACI\u00d3N: Comunicaci\u00f3n oral<\/p>\n\n\n\n<p>CONGRESO:&nbsp;XXIII International Conference on Organometallic Chemistry<\/p>\n\n\n\n<p>PUBLICACI\u00d3N: Libro de Res\u00famenes<\/p>\n\n\n\n<p>LUGAR DE CELEBRACI\u00d3N:&nbsp;Rennes (Francia)&nbsp;&nbsp;&nbsp;&nbsp;&nbsp;&nbsp;&nbsp;&nbsp;&nbsp;&nbsp;&nbsp;&nbsp;&nbsp;&nbsp;&nbsp;&nbsp;&nbsp;&nbsp;&nbsp;&nbsp;&nbsp;&nbsp;&nbsp;&nbsp;&nbsp;&nbsp;&nbsp;&nbsp;&nbsp;&nbsp;&nbsp;&nbsp;&nbsp;&nbsp;&nbsp;&nbsp;&nbsp;&nbsp;&nbsp;&nbsp;&nbsp;&nbsp;&nbsp;&nbsp;&nbsp;&nbsp;&nbsp;&nbsp;&nbsp;&nbsp;&nbsp;&nbsp;&nbsp;&nbsp;A\u00d1O: 2008<\/p>\n\n\n\n<p><strong><span style=\"color:#00847d\" class=\"has-inline-color\">36. <em>N<\/em>-Heterocyclic Triruthenium Carbonyl Clusters<\/span><\/strong><\/p>\n\n\n\n<p>J. A. Cabeza, <strong>I. del R\u00edo<\/strong>, V. Pruneda<\/p>\n\n\n\n<p>TIPO DE PARTICIPACI\u00d3N: Comunicaci\u00f3n oral<\/p>\n\n\n\n<p>CONGRESO:&nbsp;XXIII International Conference on Organometallic Chemistry<\/p>\n\n\n\n<p>PUBLICACI\u00d3N: Libro de Res\u00famenes<\/p>\n\n\n\n<p>LUGAR DE CELEBRACI\u00d3N:&nbsp;Rennes (Francia)&nbsp;&nbsp;&nbsp;&nbsp;&nbsp;&nbsp;&nbsp;&nbsp;&nbsp;&nbsp;&nbsp;&nbsp;&nbsp;&nbsp;&nbsp;&nbsp;&nbsp;&nbsp;&nbsp;&nbsp;&nbsp;&nbsp;&nbsp;&nbsp;&nbsp;&nbsp;&nbsp;&nbsp;&nbsp;&nbsp;&nbsp;&nbsp;&nbsp;&nbsp;&nbsp;&nbsp;&nbsp;&nbsp;&nbsp;&nbsp;&nbsp;&nbsp;&nbsp;&nbsp;&nbsp;&nbsp;&nbsp;&nbsp;&nbsp;&nbsp;&nbsp;&nbsp;&nbsp;&nbsp;A\u00d1O: 2008<\/p>\n\n\n\n<p><strong><span style=\"color:#00847d\" class=\"has-inline-color\">37. Reactividad de\u00a0[Ru<sub>3<\/sub>(CO)<sub>12<\/sub>] con benzodiazinas y 1,5-naftiridina<\/span><\/strong><\/p>\n\n\n\n<p>J. A. Cabeza, <strong>I. del R\u00edo<\/strong>, V. Pruneda<\/p>\n\n\n\n<p>TIPO DE PARTICIPACI\u00d3N: Poster<\/p>\n\n\n\n<p>CONGRESO: XXIV Reuni\u00f3n del Grupo Especializado de Qu\u00edmica Organomet\u00e1lica<\/p>\n\n\n\n<p>PUBLICACI\u00d3N: Libro de Res\u00famenes<\/p>\n\n\n\n<p>LUGAR DE CELEBRACI\u00d3N: Santiago de Compostela&nbsp;&nbsp;&nbsp;&nbsp;&nbsp;&nbsp;&nbsp;&nbsp;&nbsp;&nbsp;&nbsp;&nbsp;&nbsp;&nbsp;&nbsp;&nbsp;&nbsp;&nbsp;&nbsp;&nbsp;&nbsp;&nbsp;&nbsp;&nbsp;&nbsp;&nbsp;&nbsp;&nbsp;&nbsp;&nbsp;&nbsp;&nbsp;&nbsp;&nbsp;&nbsp;&nbsp;&nbsp;&nbsp;&nbsp;&nbsp;&nbsp;&nbsp;&nbsp;&nbsp;A\u00d1O: 2008<\/p>\n\n\n\n<p><strong><span style=\"color:#00847d\" class=\"has-inline-color\">38. Cationes heteroc\u00edclicos como ligandos: S\u00edntesis y reactividad con nucle\u00f3filos ani\u00f3nicos de clusters cati\u00f3nicos trinuclares de rutenio que contienen ligandos N-metilquinoxalina o N-metilpirazina C-metalados<\/span><\/strong><\/p>\n\n\n\n<p>J. A. Cabeza, <strong>I. del R\u00edo<\/strong>, V. Pruneda<\/p>\n\n\n\n<p>TIPO DE PARTICIPACI\u00d3N: Comunicaci\u00f3n oral<\/p>\n\n\n\n<p>CONGRESO:&nbsp;XXXII Reuni\u00f3n Bienal de la RSEQ<\/p>\n\n\n\n<p>PUBLICACI\u00d3N: Libro de Res\u00famenes<\/p>\n\n\n\n<p>LUGAR DE CELEBRACI\u00d3N: Oviedo&nbsp;&nbsp;&nbsp;&nbsp;&nbsp;&nbsp;&nbsp;&nbsp;&nbsp;&nbsp;&nbsp;&nbsp;&nbsp;&nbsp;&nbsp;&nbsp;&nbsp;&nbsp;&nbsp;&nbsp;&nbsp;&nbsp;&nbsp;&nbsp;&nbsp;&nbsp;&nbsp;&nbsp;&nbsp;&nbsp;&nbsp;&nbsp;&nbsp;&nbsp;&nbsp;&nbsp;&nbsp;&nbsp;&nbsp;&nbsp;&nbsp;&nbsp;&nbsp;&nbsp;&nbsp;&nbsp;&nbsp;&nbsp;&nbsp;&nbsp;&nbsp;&nbsp;&nbsp;&nbsp;&nbsp;&nbsp;&nbsp;&nbsp;&nbsp;&nbsp;&nbsp;&nbsp;&nbsp;&nbsp;&nbsp;&nbsp;&nbsp;&nbsp;&nbsp;A\u00d1O: 2009<\/p>\n","protected":false},"excerpt":{"rendered":"<p>1. a,b-Unsaturated carbene complexes via activation of 2-propyn-1-ol derivatives C. Cosset, I. del R\u00edo, H. Le Bozec, P. H. Dixneuf TIPO DE PARTICIPACI\u00d3N: P\u00f3ster CONGRESO: 7thIUPAC Symposium on Organometallic Chemistry Directed Towards Organic Synthesis (OMCOS-VII) PUBLICACI\u00d3N: Libro de Res\u00famenes LUGAR DE CELEBRACI\u00d3N: Universidad de Kobe, Jap\u00f3n&nbsp;&nbsp;&nbsp;&nbsp;&nbsp;&nbsp;&nbsp;&nbsp;&nbsp;&nbsp;&nbsp;&nbsp;&nbsp;&nbsp;&nbsp;&nbsp;&nbsp;&nbsp;&nbsp;&nbsp;&nbsp;&nbsp;&nbsp;&nbsp;&nbsp;&nbsp;A\u00d1O: 1993 2. Homogeneous hydrogenation of unsaturated organic molecules promoted &hellip; <\/p>\n<p class=\"link-more\"><a href=\"https:\/\/www.unioviedo.es\/idelrio\/index.php\/comunicaciones\/\" class=\"more-link\">Continuar leyendo<span class=\"screen-reader-text\"> \u00abComunicaciones en congresos\u00bb<\/span><\/a><\/p>\n","protected":false},"author":1,"featured_media":206,"parent":0,"menu_order":0,"comment_status":"closed","ping_status":"closed","template":"","meta":{"footnotes":""},"class_list":["post-129","page","type-page","status-publish","has-post-thumbnail","hentry"],"_links":{"self":[{"href":"https:\/\/www.unioviedo.es\/idelrio\/index.php\/wp-json\/wp\/v2\/pages\/129","targetHints":{"allow":["GET"]}}],"collection":[{"href":"https:\/\/www.unioviedo.es\/idelrio\/index.php\/wp-json\/wp\/v2\/pages"}],"about":[{"href":"https:\/\/www.unioviedo.es\/idelrio\/index.php\/wp-json\/wp\/v2\/types\/page"}],"author":[{"embeddable":true,"href":"https:\/\/www.unioviedo.es\/idelrio\/index.php\/wp-json\/wp\/v2\/users\/1"}],"replies":[{"embeddable":true,"href":"https:\/\/www.unioviedo.es\/idelrio\/index.php\/wp-json\/wp\/v2\/comments?post=129"}],"version-history":[{"count":6,"href":"https:\/\/www.unioviedo.es\/idelrio\/index.php\/wp-json\/wp\/v2\/pages\/129\/revisions"}],"predecessor-version":[{"id":256,"href":"https:\/\/www.unioviedo.es\/idelrio\/index.php\/wp-json\/wp\/v2\/pages\/129\/revisions\/256"}],"wp:featuredmedia":[{"embeddable":true,"href":"https:\/\/www.unioviedo.es\/idelrio\/index.php\/wp-json\/wp\/v2\/media\/206"}],"wp:attachment":[{"href":"https:\/\/www.unioviedo.es\/idelrio\/index.php\/wp-json\/wp\/v2\/media?parent=129"}],"curies":[{"name":"wp","href":"https:\/\/api.w.org\/{rel}","templated":true}]}}