{"id":143,"date":"2021-02-21T00:16:19","date_gmt":"2021-02-20T23:16:19","guid":{"rendered":"https:\/\/www.unioviedo.es\/idelrio\/?page_id=143"},"modified":"2025-03-19T09:45:42","modified_gmt":"2025-03-19T08:45:42","slug":"gestion","status":"publish","type":"page","link":"https:\/\/www.unioviedo.es\/idelrio\/index.php\/gestion\/","title":{"rendered":"Gesti\u00f3n"},"content":{"rendered":"\n<p><strong><span style=\"background-color:rgba(0, 0, 0, 0);color:#00847d\" class=\"has-inline-color\">Febrero 2025 &#8211; Actualidad<\/span><\/strong><\/p>\n\n\n\n<p class=\"has-black-color has-text-color has-link-color wp-elements-dda44345dd0d3dcf4fb63a080b71a139\">Secretario General del Sindicato Independiente de Personal de Universidad (<strong><a href=\"https:\/\/www.unioviedo.es\/sipu\/\" target=\"_blank\" rel=\"noreferrer noopener\">SIPU<\/a><\/strong>)<\/p>\n\n\n\n<p><strong><span style=\"background-color:rgba(0, 0, 0, 0);color:#00847d\" class=\"has-inline-color\">Septiembre 2023 &#8211; Actualidad<\/span><\/strong><\/p>\n\n\n\n<p>Secretario de la Junta de Personal Docente e Investigador de la Universidad de Oviedo<\/p>\n\n\n\n<p><strong><span style=\"background-color:rgba(0, 0, 0, 0);color:#00847d\" class=\"has-inline-color\">2021 &#8211; 2023<\/span><\/strong><\/p>\n\n\n\n<p>Delegado Sindical en la Junta de Personal Docente e Investigador de la Universidad de Oviedo<\/p>\n\n\n\n<p><strong><span style=\"color:#00847d\" class=\"has-inline-color\">2016-2021<\/span><\/strong><\/p>\n\n\n\n<p>Director de \u00c1rea de los Colegios Mayores y Residencias Universitarias de la Universidad de Oviedo<\/p>\n\n\n\n<p><strong><span style=\"color:#00847d\" class=\"has-inline-color\">2011-2016<\/span><\/strong><\/p>\n\n\n\n<p>Miembro de la Junta de Personal Docente e Investigador de la Universidad de Oviedo<\/p>\n\n\n\n<p><strong><span style=\"color:#00847d\" class=\"has-inline-color\">2004-2012<\/span><\/strong><\/p>\n\n\n\n<p>Secretario del Grupo Especializado de Qu\u00edmica Organomet\u00e1lica de la Real Sociedad Espa\u00f1ola de Qu\u00edmica<\/p>\n\n\n\n<p><strong><span style=\"color:#00847d\" class=\"has-inline-color\">2007-2008<\/span><\/strong><\/p>\n\n\n\n<p>Delegado del Comit\u00e9 de Empresa de la Universidad de Oviedo<\/p>\n\n\n\n<p><strong><span style=\"color:#00847d\" class=\"has-inline-color\">2003-2008<\/span><\/strong><\/p>\n\n\n\n<p>Secretario del Departamento de Qu\u00edmica Org\u00e1nica e Inorg\u00e1nica de la Universidad de Oviedo<\/p>\n\n\n\n<p><strong><span style=\"color:#00847d\" class=\"has-inline-color\">2002-2008<\/span><\/strong><\/p>\n\n\n\n<p>Miembro del Claustro Universitario de la Universidad de Oviedo<\/p>\n","protected":false},"excerpt":{"rendered":"<p>Febrero 2025 &#8211; Actualidad Secretario General del Sindicato Independiente de Personal de Universidad (SIPU) Septiembre 2023 &#8211; Actualidad Secretario de la Junta de Personal Docente e Investigador de la Universidad de Oviedo 2021 &#8211; 2023 Delegado Sindical en la Junta de Personal Docente e Investigador de la Universidad de Oviedo 2016-2021 Director de \u00c1rea de &hellip; <\/p>\n<p class=\"link-more\"><a href=\"https:\/\/www.unioviedo.es\/idelrio\/index.php\/gestion\/\" class=\"more-link\">Continuar leyendo<span class=\"screen-reader-text\"> \u00abGesti\u00f3n\u00bb<\/span><\/a><\/p>\n","protected":false},"author":1,"featured_media":197,"parent":0,"menu_order":0,"comment_status":"closed","ping_status":"closed","template":"","meta":{"footnotes":""},"class_list":["post-143","page","type-page","status-publish","has-post-thumbnail","hentry"],"_links":{"self":[{"href":"https:\/\/www.unioviedo.es\/idelrio\/index.php\/wp-json\/wp\/v2\/pages\/143","targetHints":{"allow":["GET"]}}],"collection":[{"href":"https:\/\/www.unioviedo.es\/idelrio\/index.php\/wp-json\/wp\/v2\/pages"}],"about":[{"href":"https:\/\/www.unioviedo.es\/idelrio\/index.php\/wp-json\/wp\/v2\/types\/page"}],"author":[{"embeddable":true,"href":"https:\/\/www.unioviedo.es\/idelrio\/index.php\/wp-json\/wp\/v2\/users\/1"}],"replies":[{"embeddable":true,"href":"https:\/\/www.unioviedo.es\/idelrio\/index.php\/wp-json\/wp\/v2\/comments?post=143"}],"version-history":[{"count":8,"href":"https:\/\/www.unioviedo.es\/idelrio\/index.php\/wp-json\/wp\/v2\/pages\/143\/revisions"}],"predecessor-version":[{"id":336,"href":"https:\/\/www.unioviedo.es\/idelrio\/index.php\/wp-json\/wp\/v2\/pages\/143\/revisions\/336"}],"wp:featuredmedia":[{"embeddable":true,"href":"https:\/\/www.unioviedo.es\/idelrio\/index.php\/wp-json\/wp\/v2\/media\/197"}],"wp:attachment":[{"href":"https:\/\/www.unioviedo.es\/idelrio\/index.php\/wp-json\/wp\/v2\/media?parent=143"}],"curies":[{"name":"wp","href":"https:\/\/api.w.org\/{rel}","templated":true}]}}