{"id":5,"date":"2017-01-27T18:01:56","date_gmt":"2017-01-27T18:01:56","guid":{"rendered":"https:\/\/www.unioviedo.es\/idelrio\/?page_id=5"},"modified":"2025-03-19T09:50:32","modified_gmt":"2025-03-19T08:50:32","slug":"acerca-de","status":"publish","type":"page","link":"https:\/\/www.unioviedo.es\/idelrio\/index.php\/acerca-de\/","title":{"rendered":"Biograf\u00eda"},"content":{"rendered":"<p class=\"paragraph_style\"><a class=\"style_1\" title=\"mailto:irc@uniovi.es\" href=\"mailto:irc@uniovi.es\">Ignacio del R\u00edo<\/a><span class=\"style_2\"> naci\u00f3 en Avil\u00e9s (Asturias) en 1968. Es Diplomado en Magisterio (1989) y Licenciado en Qu\u00edmica (1993) por la <\/span><a class=\"style_1\" title=\"http:\/\/www.uniovi.es\/inicio\" href=\"http:\/\/www.uniovi.es\/inicio\" target=\"_blank\" rel=\"noopener\">Universidad de Oviedo<\/a><span class=\"style_2\">.<\/span><span class=\"style_3\"><br \/><\/span><\/p>\n<p class=\"paragraph_style\">En 1992 trabaj\u00f3 tres meses en un proyecto de purificaci\u00f3n de penicilinas para la farmac\u00e9utica GlaxoSmithkline, en Worthing (Reino Unido). En 1993 disfrut\u00f3 de una beca en el grupo del Profesor Pierre H. Dixneuf en la <a class=\"style_4\" title=\"http:\/\/www.univ-rennes1.fr\/\" href=\"http:\/\/www.univ-rennes1.fr\/\" target=\"_blank\" rel=\"noopener\">Universidad de Rennes I<\/a> (Francia), en el marco del programa Erasmus.<span class=\"style_3\"><br \/><\/span><\/p>\n<p class=\"paragraph_style_1\">Realiz\u00f3 su Tesis Doctoral en el Departamento de Qu\u00edmica Org\u00e1nica e Inorg\u00e1nica de la Universidad de Oviedo bajo la direcci\u00f3n de los Profesores <a href=\"https:\/\/www.unioviedo.es\/jaclab\/jacweb\/jac-e\">Javier A. Cabeza<\/a> y V\u00edctor Riera, obteniendo la calificaci\u00f3n de <em>Apto cum Laude\u00a0<\/em>y\u00a0el Premio Extraordinario de Doctorado en 1996 por el trabajo titulado \u201cS\u00edntesis y actividad catal\u00edtica de clusters carbon\u00edlicos trinucleares de rutenio con ligandos nitrogenados\u201d.<\/p>\n<p class=\"paragraph_style_1\">Durante los a\u00f1os 1997 y 1998 realiz\u00f3 una estancia post-doctoral en el Grupo del Profesor Gerard van Koten en el \u00abDepartment of Metal-Mediated synthesis\u00bb de la <a class=\"style_4\" title=\"http:\/\/www.uu.nl\/EN\/Pages\/default.aspx\" href=\"http:\/\/www.uu.nl\/EN\/Pages\/default.aspx\" target=\"_blank\" rel=\"noopener\">Universidad de Utrecht<\/a> (Holanda), dentro del programa de la Uni\u00f3n Europea \u201cMarie Curie\u201d, trabajando en un proyecto de alquilaci\u00f3n catal\u00edtica de aminas arom\u00e1ticas.<\/p>\n<p class=\"paragraph_style_1\">En 1999 se reincorpor\u00f3 a la Universidad de Oviedo como Profesor Asociado de Qu\u00edmica Inorg\u00e1nica. En el a\u00f1o 2006 consigui\u00f3 una plaza de Profesor Contratado Doctor y desde el a\u00f1o 2008 contin\u00faa desarrollando su actividad docente e investigadora como Profesor Titular de Qu\u00edmica Inorg\u00e1nica.<\/p>\n<p class=\"paragraph_style_2\"><span class=\"style_6\">En el a\u00f1o 2003 recibi\u00f3 el<\/span> Premio Nacional de J\u00f3venes Investigadores<span class=\"style_6\"> que concede la <\/span><a title=\"http:\/\/www.rseq.org\/\" href=\"http:\/\/www.rseq.org\/\" target=\"_blank\" rel=\"noopener\">Real Sociedad Espa\u00f1ola de Qu\u00edmica<\/a><span class=\"style_6\">.<\/span><span class=\"style_5\"><br \/><\/span><\/p>\n<p class=\"paragraph_style_1\">Hasta el a\u00f1o 2016 trabaj\u00f3 en el Grupo de Clusters Organomet\u00e1licos dirigido por el <a href=\"https:\/\/www.unioviedo.es\/jaclab\/jacweb\/jac-e\">Profesor Javier A. Cabeza<\/a>. Desde entonces, y hasta la actualidad, forma parte del Grupo <a title=\"http:\/\/systam.grupos.uniovi.es\/\" href=\"http:\/\/systam.grupos.uniovi.es\/\" target=\"_blank\" rel=\"noopener\">S\u00edntesis, Estructura y Aplicaci\u00f3n Tecnol\u00f3gica de Materiales SYSTAM<\/a> dirigido por el Profesor <a title=\"mailto:sgg@uniovi.es?subject=\" href=\"mailto:sgg@uniovi.es?subject=\">Santiago Garc\u00eda Granda<\/a>.<\/p>\n<p class=\"paragraph_style_1\">Es co-autor de 100 <span class=\"style_4\"><a href=\"https:\/\/www.webofscience.com\/wos\/author\/rid\/N-1140-2014\" target=\"_blank\" rel=\"noopener\">publicaciones cient\u00edficas<\/a> con m\u00e1s de 2000 citas, 38 contribuciones en congresos nacionales e internacionales, ha participado en 12 proyectos de investigaci\u00f3n<\/span> y tiene reconocidos 3 sexenios de investigaci\u00f3n, con un \u00edndice H de 27.<\/p>\n<p>Desde 2016 hasta 2021 form\u00f3 parte del equipo rectoral de la Universidad de Oviedo como Director de \u00c1rea de los Colegios Mayores y Residencias. Desde 2023 y hasta la actualidad es Secretario de la Junta de Personal Docente e Investigador y desde febrero de 2025, Secretario General del Sindicato Independiente de Personal de Universidad (<a href=\"https:\/\/www.unioviedo.es\/sipu\/\" target=\"_blank\" rel=\"noopener\">SIPU<\/a>)<\/p>\n<p><a href=\"https:\/\/www.webofscience.com\/wos\/author\/rid\/N-1140-2014\" target=\"_blank\" rel=\"noreferrer noopener\">Research ID: N-1140-2014<\/a>\u00a0 <a href=\"http:\/\/orcid.org\/0000-0002-1880-9663\">C\u00f3digo ORCID: 0000-0002-1880-9663\u00a0<\/a><\/p>\n\n\n<p><\/p>\n","protected":false},"excerpt":{"rendered":"<p>Ignacio del R\u00edo naci\u00f3 en Avil\u00e9s (Asturias) en 1968. Es Diplomado en Magisterio (1989) y Licenciado en Qu\u00edmica (1993) por la Universidad de Oviedo. En 1992 trabaj\u00f3 tres meses en un proyecto de purificaci\u00f3n de penicilinas para la farmac\u00e9utica GlaxoSmithkline, en Worthing (Reino Unido). En 1993 disfrut\u00f3 de una beca en el grupo del Profesor &hellip; <\/p>\n<p class=\"link-more\"><a href=\"https:\/\/www.unioviedo.es\/idelrio\/index.php\/acerca-de\/\" class=\"more-link\">Continuar leyendo<span class=\"screen-reader-text\"> \u00abBiograf\u00eda\u00bb<\/span><\/a><\/p>\n","protected":false},"author":1,"featured_media":237,"parent":0,"menu_order":0,"comment_status":"closed","ping_status":"closed","template":"","meta":{"footnotes":""},"class_list":["post-5","page","type-page","status-publish","has-post-thumbnail","hentry"],"_links":{"self":[{"href":"https:\/\/www.unioviedo.es\/idelrio\/index.php\/wp-json\/wp\/v2\/pages\/5","targetHints":{"allow":["GET"]}}],"collection":[{"href":"https:\/\/www.unioviedo.es\/idelrio\/index.php\/wp-json\/wp\/v2\/pages"}],"about":[{"href":"https:\/\/www.unioviedo.es\/idelrio\/index.php\/wp-json\/wp\/v2\/types\/page"}],"author":[{"embeddable":true,"href":"https:\/\/www.unioviedo.es\/idelrio\/index.php\/wp-json\/wp\/v2\/users\/1"}],"replies":[{"embeddable":true,"href":"https:\/\/www.unioviedo.es\/idelrio\/index.php\/wp-json\/wp\/v2\/comments?post=5"}],"version-history":[{"count":29,"href":"https:\/\/www.unioviedo.es\/idelrio\/index.php\/wp-json\/wp\/v2\/pages\/5\/revisions"}],"predecessor-version":[{"id":338,"href":"https:\/\/www.unioviedo.es\/idelrio\/index.php\/wp-json\/wp\/v2\/pages\/5\/revisions\/338"}],"wp:featuredmedia":[{"embeddable":true,"href":"https:\/\/www.unioviedo.es\/idelrio\/index.php\/wp-json\/wp\/v2\/media\/237"}],"wp:attachment":[{"href":"https:\/\/www.unioviedo.es\/idelrio\/index.php\/wp-json\/wp\/v2\/media?parent=5"}],"curies":[{"name":"wp","href":"https:\/\/api.w.org\/{rel}","templated":true}]}}