{"id":63,"date":"2017-02-03T19:46:06","date_gmt":"2017-02-03T19:46:06","guid":{"rendered":"https:\/\/www.unioviedo.es\/idelrio\/?page_id=63"},"modified":"2021-06-21T12:16:20","modified_gmt":"2021-06-21T10:16:20","slug":"congresos","status":"publish","type":"page","link":"https:\/\/www.unioviedo.es\/idelrio\/index.php\/congresos\/","title":{"rendered":"Proyectos de investigaci\u00f3n"},"content":{"rendered":"<div class=\"page\" title=\"Page 2\">\n<div class=\"layoutArea\">\n<div class=\"column\">\n<p><strong style=\"color: #00847d; font-size: inherit;\">S\u00edntesis, estructura y aplicaci\u00f3n tecnol\u00f3gica de materiales implicados en los campos de la salud, las energ\u00edas limpias y el cambio clim\u00e1tico<\/strong><\/p>\n<\/div>\n<\/div>\n<\/div>\n<p>Entidad financiadora: MINECO-20-PID2020-113558RB-C41<\/p>\n<p>Entidades participantes: Universidad de Oviedo<\/p>\n<p>Duraci\u00f3n, desde: 2020 \u00a0 \u00a0 hasta: 2024<\/p>\n<p>Investigadores responsables: \u00a0Jos\u00e9 Rub\u00e9n Garc\u00eda Men\u00e9ndez y Santiago Garc\u00eda Granda<\/p>\n<p>N\u00famero de investigadores participantes:\u00a0 14<\/p>\n<p><span style=\"color: #00847d;\"><strong>Dise\u00f1o, s\u00edntesis, caracterizaci\u00f3n y operaci\u00f3n de nuevos catalizadores heterog\u00e9neos para la s\u00edntesis de amoniaco y la fotoconversi\u00f3n de compuestos org\u00e1nicos<\/strong><\/span><\/p>\n<p>Entidad financiadora: MINECO-17-MAT2016-78155-C2-1-R<\/p>\n<p>Entidades participantes: Universidad de Oviedo<\/p>\n<p>Duraci\u00f3n, desde: 2016\u00a0\u00a0\u00a0\u00a0 hasta: 2020<\/p>\n<p>Investigador responsable:\u00a0 Santiago Garc\u00eda Granda<\/p>\n<p>N\u00famero de investigadores participantes:\u00a0 13<\/p>\n<p class=\"paragraph_style\"><span style=\"color: #00847d;\"><strong>Carbenos no convencionales y metalenos del grupo-14: complejos con metales de transici\u00f3n, reactividad e implicaciones en cat\u00e1lisis<\/strong><\/span><\/p>\n<p>Entidad financiadora: <span class=\"style_1\">MINECO-13-CTQ2013-40619-P<\/span><\/p>\n<p>Entidades participantes: Universidad de Oviedo<\/p>\n<p>Duraci\u00f3n,\u00a0 desde:\u00a0 2014\u00a0\u00a0\u00a0 hasta:\u00a0 2016<\/p>\n<p>Investigadores responsables:\u00a0 Javier A. Cabeza de Marco y Pablo Garc\u00eda \u00c1lvarez<\/p>\n<p>N\u00famero de investigadores participantes:\u00a0 07<\/p>\n<p class=\"paragraph_style\"><span style=\"color: #00847d;\"><strong>Complejos met\u00e1licos con carbenos, sililenos y stannilenos N-heteroc\u00edclicos simples y funcionalizados: s\u00edntesis, reactividad y actividad catal\u00edtica<\/strong><\/span><\/p>\n<p class=\"paragraph_style\">Entidad financiadora: MICINN, CTQ-2010-14933<\/p>\n<p class=\"paragraph_style\">Entidades participantes: Universidad de Oviedo<\/p>\n<p class=\"paragraph_style\">Duraci\u00f3n,\u00a0 desde:\u00a0 2011\u00a0\u00a0\u00a0 hasta:\u00a0 2014<\/p>\n<p class=\"paragraph_style\">Investigador responsable:\u00a0 Javier A. Cabeza de Marco<\/p>\n<p class=\"paragraph_style\">N\u00famero de investigadores participantes:\u00a0 06<\/p>\n<p class=\"paragraph_style\"><span style=\"color: #00847d;\"><strong>Ruthenium and osmium cluster complexes derived from N-heterocyclic silylenes, germylenes and stannylenes<\/strong><\/span><\/p>\n<p class=\"paragraph_style\">Entidad financiadora: Uni\u00f3n Europea, FP7-2010-RG-268329<\/p>\n<p class=\"paragraph_style\">Entidades participantes: Universidad de Oviedo<\/p>\n<p class=\"paragraph_style\">Duraci\u00f3n,\u00a0 desde:\u00a0 2009\u00a0\u00a0\u00a0 hasta:\u00a0 2012<\/p>\n<p class=\"paragraph_style\">Investigador responsable:\u00a0 Javier A. Cabeza de Marco<\/p>\n<p class=\"paragraph_style\">N\u00famero de investigadores participantes:\u00a0 02<\/p>\n<p class=\"paragraph_style\"><strong><span style=\"color: #00847d;\">Clusters de rutenio y osmio con carbenos N-heteroc\u00edclicos derivados de heterociclos de seis miembros<\/span><\/strong><\/p>\n<p class=\"paragraph_style\">Entidad financiadora: : Principado de Asturias, IB09-093<\/p>\n<p class=\"paragraph_style\">Entidades participantes: Universidad de Oviedo<\/p>\n<p class=\"paragraph_style\">Duraci\u00f3n,\u00a0 desde:\u00a0 2009\u00a0\u00a0\u00a0 hasta:\u00a0 2010<\/p>\n<p class=\"paragraph_style\">Investigador responsable:\u00a0 Javier A. Cabeza de Marco<\/p>\n<p class=\"paragraph_style\">N\u00famero de investigadores participantes:\u00a0 06<\/p>\n<p class=\"paragraph_style\"><strong><span style=\"color: #00847d;\">Creaci\u00f3n de un laboratorio acreditado para dar servicio a municipalidades, pymes y proyectos de obtenci\u00f3n de cr\u00e9ditos de carbono en pa\u00edses iberoamericanos &#8211; \u00abiberolab\u201d<\/span><\/strong><\/p>\n<p class=\"paragraph_style\">Entidad financiadora: AECID, D\/018223\/08<\/p>\n<p class=\"paragraph_style\">Entidades participantes: Universidad de Oviedo. Universidad Nacional Pedro Henr\u00edquez Ure\u00f1a.<\/p>\n<p class=\"paragraph_style\">Duraci\u00f3n,\u00a0 desde:\u00a0 2009\u00a0\u00a0\u00a0 hasta:\u00a0 2011<\/p>\n<p class=\"paragraph_style\">Investigador responsable:\u00a0 Herminio Llaneza Coalla<\/p>\n<p class=\"paragraph_style\">N\u00famero de investigadores participantes:\u00a0 08<\/p>\n<p class=\"paragraph_style\"><strong><span style=\"color: #00847d;\">S\u00edntesis, reactividad y actividad catal\u00edtica de complejos carbon\u00edlicos polinucleares de rutenio y osmio con carbenos N-heteroc\u00edclicos<\/span><\/strong><\/p>\n<p class=\"paragraph_style\">Entidad financiadora: MEC, CTQ2007-60865<\/p>\n<p class=\"paragraph_style\">Entidades participantes: Universidad de Oviedo<\/p>\n<p class=\"paragraph_style\">Duraci\u00f3n,\u00a0 desde:\u00a0 2007\u00a0\u00a0\u00a0 hasta:\u00a0 2010<\/p>\n<p class=\"paragraph_style\">Investigador responsable:\u00a0 Javier A. Cabeza de Marco<\/p>\n<p class=\"paragraph_style\">N\u00famero de investigadores participantes:\u00a0 06<\/p>\n<p class=\"paragraph_style\"><strong><span style=\"color: #00847d;\">Clusters trinucleares de rutenio y osmio con ligandos derivados de carbenos N-heteroc\u00edclicos<\/span><\/strong><\/p>\n<p class=\"paragraph_style\">Entidad financiadora: Principado de Asturias, IB05-014<\/p>\n<p class=\"paragraph_style\">Entidades participantes: Universidad de Oviedo<\/p>\n<p class=\"paragraph_style\">Duraci\u00f3n,\u00a0 desde:\u00a0 2005\u00a0\u00a0\u00a0 hasta:\u00a0 2007<\/p>\n<p class=\"paragraph_style\">Investigador responsable:\u00a0 Javier A. Cabeza de Marco<\/p>\n<p class=\"paragraph_style\">N\u00famero de investigadores participantes:\u00a0 06<\/p>\n<p class=\"paragraph_style\"><strong><span style=\"color: #00847d;\">S\u00edntesis, reactividad y actividad catal\u00edtica de compuestos quirales derivados de carbonilos de rutenio y osmio<\/span><\/strong><\/p>\n<p class=\"paragraph_style\">Entidad financiadora: MCYT, BQU-2002-2623<\/p>\n<p class=\"paragraph_style\">Entidades participantes: Universidad de Oviedo<\/p>\n<p class=\"paragraph_style\">Duraci\u00f3n,\u00a0 desde:\u00a0 2002\u00a0\u00a0\u00a0 hasta:\u00a0 2005<\/p>\n<p class=\"paragraph_style\">Investigador responsable:\u00a0 Javier A. Cabeza de Marco<\/p>\n<p class=\"paragraph_style\">N\u00famero de investigadores participantes:\u00a0 06<\/p>\n<p class=\"paragraph_style\"><span style=\"color: #00847d;\"><strong>Qu\u00edmica organomet\u00e1lica de carbonilos de los elementos de transici\u00f3n<\/strong><\/span><\/p>\n<p class=\"paragraph_style\">Entidad financiadora: Principado de Asturias, PR-01-GE-7<\/p>\n<p class=\"paragraph_style\">Entidades participantes: Universidad de Oviedo<\/p>\n<p class=\"paragraph_style\">Duraci\u00f3n,\u00a0 desde:\u00a0 2001\u00a0\u00a0\u00a0 hasta:\u00a0 2004<\/p>\n<p class=\"paragraph_style\">Investigador responsable:\u00a0 V\u00edctor Riera Gonz\u00e1lez<\/p>\n<p class=\"paragraph_style\">N\u00famero de investigadores participantes:\u00a0 12<\/p>\n<p class=\"paragraph_style\"><strong><span style=\"color: #00847d;\">Compuestos carbon\u00edlicos de los metales de los grupos 7 y 8: s\u00edntesis, reactividad y actividad catal\u00edtica de clusters derivados de mol\u00e9culas org\u00e1nicas poliinsaturadas<\/span><\/strong><\/p>\n<p class=\"paragraph_style\">Entidad financiadora: DGESIC, PB-98-1555<\/p>\n<p class=\"paragraph_style\">Entidades participantes: Universidad de Oviedo<\/p>\n<p class=\"paragraph_style\">Duraci\u00f3n,\u00a0 desde:\u00a0 1999\u00a0\u00a0\u00a0 hasta:\u00a0 2002<\/p>\n<p class=\"paragraph_style\">Investigador responsable:\u00a0 Javier A. Cabeza de Marco<\/p>\n<p class=\"paragraph_style\">N\u00famero de investigadores participantes:\u00a0 06<\/p>\n<p class=\"paragraph_style\"><span style=\"color: #00847d;\"><strong>Catalytic (Cyclo)Alkylation of Aromatic Amines<\/strong><\/span><\/p>\n<p class=\"paragraph_style\">Entidad financiadora: UE (TMR Program), ERBFMBICT961634<\/p>\n<p class=\"paragraph_style\">Entidades participantes:\u00a0 Universidad de Utrecht<\/p>\n<p class=\"paragraph_style\">Duraci\u00f3n,\u00a0 desde: 1997\u00a0\u00a0\u00a0 hasta: 1999<\/p>\n<p class=\"paragraph_style\">Investigador responsable: Gerard van Koten<\/p>\n<p class=\"paragraph_style\">N\u00famero de investigadores participantes:\u00a0 02<\/p>\n","protected":false},"excerpt":{"rendered":"<p>S\u00edntesis, estructura y aplicaci\u00f3n tecnol\u00f3gica de materiales implicados en los campos de la salud, las energ\u00edas limpias y el cambio clim\u00e1tico Entidad financiadora: MINECO-20-PID2020-113558RB-C41 Entidades participantes: Universidad de Oviedo Duraci\u00f3n, desde: 2020 \u00a0 \u00a0 hasta: 2024 Investigadores responsables: \u00a0Jos\u00e9 Rub\u00e9n Garc\u00eda Men\u00e9ndez y Santiago Garc\u00eda Granda N\u00famero de investigadores participantes:\u00a0 14 Dise\u00f1o, s\u00edntesis, caracterizaci\u00f3n y &hellip; <\/p>\n<p class=\"link-more\"><a href=\"https:\/\/www.unioviedo.es\/idelrio\/index.php\/congresos\/\" class=\"more-link\">Continuar leyendo<span class=\"screen-reader-text\"> \u00abProyectos de investigaci\u00f3n\u00bb<\/span><\/a><\/p>\n","protected":false},"author":1,"featured_media":204,"parent":0,"menu_order":0,"comment_status":"closed","ping_status":"closed","template":"","meta":{"footnotes":""},"class_list":["post-63","page","type-page","status-publish","has-post-thumbnail","hentry"],"_links":{"self":[{"href":"https:\/\/www.unioviedo.es\/idelrio\/index.php\/wp-json\/wp\/v2\/pages\/63","targetHints":{"allow":["GET"]}}],"collection":[{"href":"https:\/\/www.unioviedo.es\/idelrio\/index.php\/wp-json\/wp\/v2\/pages"}],"about":[{"href":"https:\/\/www.unioviedo.es\/idelrio\/index.php\/wp-json\/wp\/v2\/types\/page"}],"author":[{"embeddable":true,"href":"https:\/\/www.unioviedo.es\/idelrio\/index.php\/wp-json\/wp\/v2\/users\/1"}],"replies":[{"embeddable":true,"href":"https:\/\/www.unioviedo.es\/idelrio\/index.php\/wp-json\/wp\/v2\/comments?post=63"}],"version-history":[{"count":12,"href":"https:\/\/www.unioviedo.es\/idelrio\/index.php\/wp-json\/wp\/v2\/pages\/63\/revisions"}],"predecessor-version":[{"id":280,"href":"https:\/\/www.unioviedo.es\/idelrio\/index.php\/wp-json\/wp\/v2\/pages\/63\/revisions\/280"}],"wp:featuredmedia":[{"embeddable":true,"href":"https:\/\/www.unioviedo.es\/idelrio\/index.php\/wp-json\/wp\/v2\/media\/204"}],"wp:attachment":[{"href":"https:\/\/www.unioviedo.es\/idelrio\/index.php\/wp-json\/wp\/v2\/media?parent=63"}],"curies":[{"name":"wp","href":"https:\/\/api.w.org\/{rel}","templated":true}]}}