{"id":1558,"date":"2022-11-01T20:02:39","date_gmt":"2022-11-01T19:02:39","guid":{"rendered":"http:\/\/www.unioviedo.es\/leonardcohen\/?page_id=1558"},"modified":"2022-11-01T20:02:39","modified_gmt":"2022-11-01T19:02:39","slug":"encohentros","status":"publish","type":"page","link":"https:\/\/www.unioviedo.es\/leonardcohen\/index.php\/encohentros\/","title":{"rendered":"EnCOHENtros"},"content":{"rendered":"\n<p><strong>3\u00aa Temporada de la Canci\u00f3n de Autor<\/strong><\/p>\n\n\n\n<p>La 3\u00aa Temporada de la Canci\u00f3n de Autor enCOHENtros unir\u00e1 en Oviedo a catorce cantautores y m\u00fasicos entre el 3 y 6 de noviembre para disfrutar de la belleza de las canciones. El programa incluye conversaciones musicales, conferencias, talleres, mesas redondas y el estreno en Asturias de la pel\u00edcula <em>Hallelujah, Leonard Cohen: A Journey, a Song. <\/em>Los EnCOHENtros est\u00e1n organizados por la C\u00e1tedra Leonard Cohen de la Universidad de Oviedo en colaboraci\u00f3n con la Fundaci\u00f3n Municipal de Cultura de Oviedo, y cuentan con el patrocinio de Caja Rural de Asturias. Toda la programaci\u00f3n es gratuita, con entrada libre hasta completar aforo.<\/p>\n\n\n\n<div class=\"wp-block-image\"><figure class=\"aligncenter\"><img loading=\"lazy\" decoding=\"async\" width=\"392\" height=\"553\" src=\"http:\/\/www.unioviedo.es\/leonardcohen\/wp-content\/uploads\/2022\/11\/programa-lc-2.png\" alt=\"\" class=\"wp-image-1565\" srcset=\"https:\/\/www.unioviedo.es\/leonardcohen\/wp-content\/uploads\/2022\/11\/programa-lc-2.png 392w, https:\/\/www.unioviedo.es\/leonardcohen\/wp-content\/uploads\/2022\/11\/programa-lc-2-213x300.png 213w\" sizes=\"auto, (max-width: 392px) 100vw, 392px\" \/><\/figure><\/div>\n","protected":false},"excerpt":{"rendered":"<p>3\u00aa Temporada de la Canci\u00f3n de Autor La 3\u00aa Temporada de la Canci\u00f3n de Autor enCOHENtros unir\u00e1 en Oviedo a catorce cantautores y m\u00fasicos entre el 3 y 6 de noviembre para disfrutar de la belleza de las canciones. El programa incluye conversaciones musicales, conferencias, talleres, mesas redondas y el estreno en Asturias de la &hellip; <a href=\"https:\/\/www.unioviedo.es\/leonardcohen\/index.php\/encohentros\/\" class=\"more-link\">Sigue leyendo <span class=\"screen-reader-text\">EnCOHENtros<\/span><\/a><\/p>\n","protected":false},"author":1,"featured_media":1561,"parent":0,"menu_order":0,"comment_status":"closed","ping_status":"closed","template":"","meta":{"footnotes":""},"class_list":["post-1558","page","type-page","status-publish","has-post-thumbnail","hentry"],"_links":{"self":[{"href":"https:\/\/www.unioviedo.es\/leonardcohen\/index.php\/wp-json\/wp\/v2\/pages\/1558","targetHints":{"allow":["GET"]}}],"collection":[{"href":"https:\/\/www.unioviedo.es\/leonardcohen\/index.php\/wp-json\/wp\/v2\/pages"}],"about":[{"href":"https:\/\/www.unioviedo.es\/leonardcohen\/index.php\/wp-json\/wp\/v2\/types\/page"}],"author":[{"embeddable":true,"href":"https:\/\/www.unioviedo.es\/leonardcohen\/index.php\/wp-json\/wp\/v2\/users\/1"}],"replies":[{"embeddable":true,"href":"https:\/\/www.unioviedo.es\/leonardcohen\/index.php\/wp-json\/wp\/v2\/comments?post=1558"}],"version-history":[{"count":5,"href":"https:\/\/www.unioviedo.es\/leonardcohen\/index.php\/wp-json\/wp\/v2\/pages\/1558\/revisions"}],"predecessor-version":[{"id":1566,"href":"https:\/\/www.unioviedo.es\/leonardcohen\/index.php\/wp-json\/wp\/v2\/pages\/1558\/revisions\/1566"}],"wp:featuredmedia":[{"embeddable":true,"href":"https:\/\/www.unioviedo.es\/leonardcohen\/index.php\/wp-json\/wp\/v2\/media\/1561"}],"wp:attachment":[{"href":"https:\/\/www.unioviedo.es\/leonardcohen\/index.php\/wp-json\/wp\/v2\/media?parent=1558"}],"curies":[{"name":"wp","href":"https:\/\/api.w.org\/{rel}","templated":true}]}}