{"id":170,"date":"2018-03-06T19:48:47","date_gmt":"2018-03-06T18:48:47","guid":{"rendered":"http:\/\/www.unioviedo.es\/leonardcohen\/?page_id=170"},"modified":"2019-12-20T10:07:10","modified_gmt":"2019-12-20T09:07:10","slug":"publicaciones","status":"publish","type":"page","link":"https:\/\/www.unioviedo.es\/leonardcohen\/index.php\/publicaciones\/","title":{"rendered":"Publicaciones"},"content":{"rendered":"\n<p class=\"has-medium-font-size\"><strong>Ya a la venta <\/strong>el libro <em>Versiones lib\u00e9rrimas de \u00abOld ideas\u00bb<\/em> <em>de Leonard Cohen por Joaqu\u00edn Sabina. <\/em>Oviedo: Universidad de Oviedo, 2019.<\/p>\n\n\n\n<p>Debido a las reiteradas solicitudes de compra del libro <em>Versiones lib\u00e9rrimas de \u00abOld ideas\u00bb<\/em> <em>de Leonard Cohen por Joaqu\u00edn Sabina,<\/em> presentado en el Paraninfo en abril de este a\u00f1o en versi\u00f3n no venal (<a href=\"https:\/\/www.unioviedo.es\/leonardcohen\/index.php\/2019\/04\/06\/versiones-liberrimas-de-old-ideas-por-joaquin-sabina\/\">https:\/\/www.unioviedo.es\/leonardcohen\/index.php\/2019\/04\/06\/versiones-liberrimas-de-old-ideas-por-joaquin-sabina\/<\/a>) , a partir de hoy, 20 de diciembre sale a la venta en la librer\u00eda Cervantes de Oviedo y a partir del 2 de enero en la librer\u00eda de la Universidad de Oviedo la versi\u00f3n venal de este volumen.<\/p>\n\n\n\n<p><br><\/p>\n\n\n\n<figure class=\"wp-block-image\"><img loading=\"lazy\" decoding=\"async\" width=\"768\" height=\"1024\" src=\"https:\/\/www.unioviedo.es\/leonardcohen\/wp-content\/uploads\/2019\/12\/IMG_20191220_100229-1-768x1024.jpg\" alt=\"\" class=\"wp-image-969\" srcset=\"https:\/\/www.unioviedo.es\/leonardcohen\/wp-content\/uploads\/2019\/12\/IMG_20191220_100229-1-768x1024.jpg 768w, https:\/\/www.unioviedo.es\/leonardcohen\/wp-content\/uploads\/2019\/12\/IMG_20191220_100229-1-225x300.jpg 225w\" sizes=\"auto, (max-width: 768px) 100vw, 768px\" \/><\/figure>\n\n\n\n<figure class=\"wp-block-image\"><img loading=\"lazy\" decoding=\"async\" width=\"768\" height=\"1024\" src=\"https:\/\/www.unioviedo.es\/leonardcohen\/wp-content\/uploads\/2019\/12\/IMG_20191220_100238-768x1024.jpg\" alt=\"\" class=\"wp-image-967\" srcset=\"https:\/\/www.unioviedo.es\/leonardcohen\/wp-content\/uploads\/2019\/12\/IMG_20191220_100238-768x1024.jpg 768w, https:\/\/www.unioviedo.es\/leonardcohen\/wp-content\/uploads\/2019\/12\/IMG_20191220_100238-225x300.jpg 225w\" sizes=\"auto, (max-width: 768px) 100vw, 768px\" \/><\/figure>\n\n\n<p><a href=\"http:\/\/www.unioviedo.es\/leonardcohen\/wp-content\/uploads\/2018\/03\/portada-copia-3.jpg\"><img loading=\"lazy\" decoding=\"async\" class=\"aligncenter size-medium wp-image-172\" src=\"http:\/\/www.unioviedo.es\/leonardcohen\/wp-content\/uploads\/2018\/03\/portada-copia-3-300x239.jpg\" alt=\"\" width=\"300\" height=\"239\" srcset=\"https:\/\/www.unioviedo.es\/leonardcohen\/wp-content\/uploads\/2018\/03\/portada-copia-3-300x239.jpg 300w, https:\/\/www.unioviedo.es\/leonardcohen\/wp-content\/uploads\/2018\/03\/portada-copia-3-768x611.jpg 768w, https:\/\/www.unioviedo.es\/leonardcohen\/wp-content\/uploads\/2018\/03\/portada-copia-3-1024x815.jpg 1024w, https:\/\/www.unioviedo.es\/leonardcohen\/wp-content\/uploads\/2018\/03\/portada-copia-3.jpg 1440w\" sizes=\"auto, (max-width: 300px) 100vw, 300px\" \/><\/a><\/p>\n<p><strong><em>La inapreciable contribuci\u00f3n de Johann Sebastian Mastropiero a la historia de la m\u00fasica. <\/em><\/strong>Miriam Perandones y Jos\u00e9 Errasti (eds.). Oviedo: Servicio de publicaciones de la Universidad de Oviedo, 2017.<\/p>\n<p>El objetivo de esta publicaci\u00f3n es dejar constancia escrita del Curso poco Extenso de Extensi\u00f3n Universitaria dedicado a Johann Sebastian Mastropiero con motivo de la visita de Les Luthiers a la Universidad de Oviedo en octubre de 2017. En ella se recogen las lecciones de los \u00abprofesores\u00bb de distintas \u00ab\u00e1reas\u00bb acad\u00e9micas y la refutaci\u00f3n del propio Mastropiero, as\u00ed como el agradecimiento de Les Luthiers.<\/p>\n<p>Secci\u00f3n del \u00edndice:<\/p>\n<p><a href=\"http:\/\/www.unioviedo.es\/leonardcohen\/wp-content\/uploads\/2018\/03\/Captura-de-pantalla-2018-03-06-a-las-20.02.44.png\"><img loading=\"lazy\" decoding=\"async\" class=\"aligncenter size-medium wp-image-174\" src=\"http:\/\/www.unioviedo.es\/leonardcohen\/wp-content\/uploads\/2018\/03\/Captura-de-pantalla-2018-03-06-a-las-20.02.44-245x300.png\" alt=\"\" width=\"245\" height=\"300\" srcset=\"https:\/\/www.unioviedo.es\/leonardcohen\/wp-content\/uploads\/2018\/03\/Captura-de-pantalla-2018-03-06-a-las-20.02.44-245x300.png 245w, https:\/\/www.unioviedo.es\/leonardcohen\/wp-content\/uploads\/2018\/03\/Captura-de-pantalla-2018-03-06-a-las-20.02.44.png 712w\" sizes=\"auto, (max-width: 245px) 100vw, 245px\" \/><\/a><\/p>","protected":false},"excerpt":{"rendered":"<p>Ya a la venta el libro Versiones lib\u00e9rrimas de \u00abOld ideas\u00bb de Leonard Cohen por Joaqu\u00edn Sabina. Oviedo: Universidad de Oviedo, 2019. Debido a las reiteradas solicitudes de compra del libro Versiones lib\u00e9rrimas de \u00abOld ideas\u00bb de Leonard Cohen por Joaqu\u00edn Sabina, presentado en el Paraninfo en abril de este a\u00f1o en versi\u00f3n no venal &hellip; <a href=\"https:\/\/www.unioviedo.es\/leonardcohen\/index.php\/publicaciones\/\" class=\"more-link\">Sigue leyendo <span class=\"screen-reader-text\">Publicaciones<\/span><\/a><\/p>\n","protected":false},"author":1,"featured_media":688,"parent":0,"menu_order":0,"comment_status":"closed","ping_status":"closed","template":"","meta":{"footnotes":""},"class_list":["post-170","page","type-page","status-publish","has-post-thumbnail","hentry"],"_links":{"self":[{"href":"https:\/\/www.unioviedo.es\/leonardcohen\/index.php\/wp-json\/wp\/v2\/pages\/170","targetHints":{"allow":["GET"]}}],"collection":[{"href":"https:\/\/www.unioviedo.es\/leonardcohen\/index.php\/wp-json\/wp\/v2\/pages"}],"about":[{"href":"https:\/\/www.unioviedo.es\/leonardcohen\/index.php\/wp-json\/wp\/v2\/types\/page"}],"author":[{"embeddable":true,"href":"https:\/\/www.unioviedo.es\/leonardcohen\/index.php\/wp-json\/wp\/v2\/users\/1"}],"replies":[{"embeddable":true,"href":"https:\/\/www.unioviedo.es\/leonardcohen\/index.php\/wp-json\/wp\/v2\/comments?post=170"}],"version-history":[{"count":6,"href":"https:\/\/www.unioviedo.es\/leonardcohen\/index.php\/wp-json\/wp\/v2\/pages\/170\/revisions"}],"predecessor-version":[{"id":971,"href":"https:\/\/www.unioviedo.es\/leonardcohen\/index.php\/wp-json\/wp\/v2\/pages\/170\/revisions\/971"}],"wp:featuredmedia":[{"embeddable":true,"href":"https:\/\/www.unioviedo.es\/leonardcohen\/index.php\/wp-json\/wp\/v2\/media\/688"}],"wp:attachment":[{"href":"https:\/\/www.unioviedo.es\/leonardcohen\/index.php\/wp-json\/wp\/v2\/media?parent=170"}],"curies":[{"name":"wp","href":"https:\/\/api.w.org\/{rel}","templated":true}]}}