{"id":80,"date":"2023-02-28T23:53:42","date_gmt":"2023-02-28T23:53:42","guid":{"rendered":"https:\/\/www.unioviedo.es\/ligadebate\/?page_id=80"},"modified":"2023-03-23T07:59:52","modified_gmt":"2023-03-23T07:59:52","slug":"bases-certamen-mejor-discurso-uniovi","status":"publish","type":"page","link":"https:\/\/www.unioviedo.es\/ligadebate\/?page_id=80","title":{"rendered":"Certamen Mejor Discurso"},"content":{"rendered":"\t\t<div data-elementor-type=\"wp-page\" data-elementor-id=\"80\" class=\"elementor elementor-80\">\n\t\t\t\t\t\t\t\t\t<section class=\"elementor-section elementor-top-section elementor-element elementor-element-694a5ad elementor-section-boxed elementor-section-height-default elementor-section-height-default\" data-id=\"694a5ad\" data-element_type=\"section\" data-settings=\"{&quot;background_background&quot;:&quot;gradient&quot;}\">\n\t\t\t\t\t\t<div class=\"elementor-container elementor-column-gap-no\">\n\t\t\t\t\t<div class=\"elementor-column elementor-col-50 elementor-top-column elementor-element elementor-element-3de7470d\" data-id=\"3de7470d\" data-element_type=\"column\">\n\t\t\t<div class=\"elementor-widget-wrap elementor-element-populated\">\n\t\t\t\t\t\t\t\t<div class=\"elementor-element elementor-element-3b105505 elementor-invisible elementor-widget elementor-widget-heading\" data-id=\"3b105505\" data-element_type=\"widget\" data-settings=\"{&quot;_animation&quot;:&quot;fadeInUp&quot;}\" data-widget_type=\"heading.default\">\n\t\t\t\t<div class=\"elementor-widget-container\">\n\t\t\t<style>\/*! elementor - v3.11.2 - 22-02-2023 *\/\n.elementor-heading-title{padding:0;margin:0;line-height:1}.elementor-widget-heading .elementor-heading-title[class*=elementor-size-]>a{color:inherit;font-size:inherit;line-height:inherit}.elementor-widget-heading .elementor-heading-title.elementor-size-small{font-size:15px}.elementor-widget-heading .elementor-heading-title.elementor-size-medium{font-size:19px}.elementor-widget-heading .elementor-heading-title.elementor-size-large{font-size:29px}.elementor-widget-heading .elementor-heading-title.elementor-size-xl{font-size:39px}.elementor-widget-heading .elementor-heading-title.elementor-size-xxl{font-size:59px}<\/style><h2 class=\"elementor-heading-title elementor-size-default\">Detail Service<\/h2>\t\t<\/div>\n\t\t\t\t<\/div>\n\t\t\t\t<div class=\"elementor-element elementor-element-47e8e2a9 elementor-invisible elementor-widget elementor-widget-heading\" data-id=\"47e8e2a9\" data-element_type=\"widget\" data-settings=\"{&quot;_animation&quot;:&quot;fadeInUp&quot;,&quot;_animation_delay&quot;:200}\" data-widget_type=\"heading.default\">\n\t\t\t\t<div class=\"elementor-widget-container\">\n\t\t\t<h3 class=\"elementor-heading-title elementor-size-default\">Presentaci\u00f3n<\/h3>\t\t<\/div>\n\t\t\t\t<\/div>\n\t\t\t\t\t<\/div>\n\t\t<\/div>\n\t\t\t\t<div class=\"elementor-column elementor-col-50 elementor-top-column elementor-element elementor-element-c1bb51a\" data-id=\"c1bb51a\" data-element_type=\"column\">\n\t\t\t<div class=\"elementor-widget-wrap elementor-element-populated\">\n\t\t\t\t\t\t\t\t<div class=\"elementor-element elementor-element-799e00a3 elementor-widget elementor-widget-text-editor\" data-id=\"799e00a3\" data-element_type=\"widget\" data-widget_type=\"text-editor.default\">\n\t\t\t\t<div class=\"elementor-widget-container\">\n\t\t\t<style>\/*! elementor - v3.11.2 - 22-02-2023 *\/\n.elementor-widget-text-editor.elementor-drop-cap-view-stacked .elementor-drop-cap{background-color:#818a91;color:#fff}.elementor-widget-text-editor.elementor-drop-cap-view-framed .elementor-drop-cap{color:#818a91;border:3px solid;background-color:transparent}.elementor-widget-text-editor:not(.elementor-drop-cap-view-default) .elementor-drop-cap{margin-top:8px}.elementor-widget-text-editor:not(.elementor-drop-cap-view-default) .elementor-drop-cap-letter{width:1em;height:1em}.elementor-widget-text-editor .elementor-drop-cap{float:left;text-align:center;line-height:1;font-size:50px}.elementor-widget-text-editor .elementor-drop-cap-letter{display:inline-block}<\/style>\t\t\t\t<p>El Grupo 9 de universidades convoca el VII Certamen \u201cMejor Discurso\u201d, cuya pretensi\u00f3n es fomentar entre sus estudiantes la capacidad de oratoria y el desarrollo de habilidades personales de b\u00fasqueda y an\u00e1lisis de informaci\u00f3n, elaboraci\u00f3n y exposici\u00f3n del tema propuesto y expresi\u00f3n oral.<\/p>\t\t\t\t\t\t<\/div>\n\t\t\t\t<\/div>\n\t\t\t\t\t<\/div>\n\t\t<\/div>\n\t\t\t\t\t\t\t<\/div>\n\t\t<\/section>\n\t\t\t\t<section class=\"elementor-section elementor-top-section elementor-element elementor-element-7750f69e elementor-section-boxed elementor-section-height-default elementor-section-height-default\" data-id=\"7750f69e\" data-element_type=\"section\">\n\t\t\t\t\t\t<div class=\"elementor-container elementor-column-gap-default\">\n\t\t\t\t\t<div class=\"elementor-column elementor-col-100 elementor-top-column elementor-element elementor-element-430225ac\" data-id=\"430225ac\" data-element_type=\"column\">\n\t\t\t<div class=\"elementor-widget-wrap elementor-element-populated\">\n\t\t\t\t\t\t\t\t<div class=\"elementor-element elementor-element-9586300 elementor-invisible elementor-widget elementor-widget-heading\" data-id=\"9586300\" data-element_type=\"widget\" data-settings=\"{&quot;_animation&quot;:&quot;fadeInUp&quot;}\" data-widget_type=\"heading.default\">\n\t\t\t\t<div class=\"elementor-widget-container\">\n\t\t\t<h2 class=\"elementor-heading-title elementor-size-default\">V\u00eddeo del VII Certamen \u201cMejor Discurso\u201d<\/h2>\t\t<\/div>\n\t\t\t\t<\/div>\n\t\t\t\t<div class=\"elementor-element elementor-element-1e224af elementor-widget elementor-widget-video\" data-id=\"1e224af\" data-element_type=\"widget\" data-settings=\"{&quot;youtube_url&quot;:&quot;https:\\\/\\\/www.youtube.com\\\/watch?v=OeVkMCxX64w&quot;,&quot;video_type&quot;:&quot;youtube&quot;,&quot;controls&quot;:&quot;yes&quot;}\" data-widget_type=\"video.default\">\n\t\t\t\t<div class=\"elementor-widget-container\">\n\t\t\t<style>\/*! elementor - v3.11.2 - 22-02-2023 *\/\n.elementor-widget-video .elementor-widget-container{overflow:hidden;transform:translateZ(0)}.elementor-widget-video .elementor-wrapper iframe,.elementor-widget-video .elementor-wrapper video{height:100%;width:100%;border:none;background-color:#000}.elementor-widget-video .elementor-open-inline .elementor-custom-embed-image-overlay{position:absolute;top:0;left:0;width:100%;height:100%;background-size:cover;background-position:50%}.elementor-widget-video .elementor-custom-embed-image-overlay{cursor:pointer;text-align:center}.elementor-widget-video .elementor-custom-embed-image-overlay:hover .elementor-custom-embed-play i{opacity:1}.elementor-widget-video .elementor-custom-embed-image-overlay img{display:block;width:100%}.elementor-widget-video .e-hosted-video .elementor-video{-o-object-fit:cover;object-fit:cover}.e-con-inner>.elementor-widget-video,.e-con>.elementor-widget-video{width:var(--container-widget-width);--flex-grow:var(--container-widget-flex-grow)}<\/style>\t\t<div class=\"elementor-wrapper elementor-open-inline\">\n\t\t\t<div class=\"elementor-video\"><\/div>\t\t<\/div>\n\t\t\t\t<\/div>\n\t\t\t\t<\/div>\n\t\t\t\t\t<\/div>\n\t\t<\/div>\n\t\t\t\t\t\t\t<\/div>\n\t\t<\/section>\n\t\t\t\t<section class=\"elementor-section elementor-top-section elementor-element elementor-element-7efb596 elementor-section-boxed elementor-section-height-default elementor-section-height-default\" data-id=\"7efb596\" data-element_type=\"section\">\n\t\t\t\t\t\t<div class=\"elementor-container elementor-column-gap-default\">\n\t\t\t\t\t<div class=\"elementor-column elementor-col-50 elementor-top-column elementor-element elementor-element-117a67d\" data-id=\"117a67d\" data-element_type=\"column\">\n\t\t\t<div class=\"elementor-widget-wrap elementor-element-populated\">\n\t\t\t\t\t\t\t\t<div class=\"elementor-element elementor-element-1fb534e elementor-widget elementor-widget-image\" data-id=\"1fb534e\" data-element_type=\"widget\" data-widget_type=\"image.default\">\n\t\t\t\t<div class=\"elementor-widget-container\">\n\t\t\t<style>\/*! elementor - v3.11.2 - 22-02-2023 *\/\n.elementor-widget-image{text-align:center}.elementor-widget-image a{display:inline-block}.elementor-widget-image a img[src$=\".svg\"]{width:48px}.elementor-widget-image img{vertical-align:middle;display:inline-block}<\/style>\t\t\t\t\t\t\t\t\t\t\t\t<img decoding=\"async\" src=\"https:\/\/www.unioviedo.es\/ligadebate\/wp-content\/uploads\/elementor\/thumbs\/daniel-sandvik-18B9D4q9ESE-unsplash-1-scaled-q3si6wgyh7pidiq8iosiz5lmurd3muixre0vffpi6w.jpg\" title=\"daniel-sandvik-18B9D4q9ESE-unsplash\" alt=\"daniel-sandvik-18B9D4q9ESE-unsplash\" loading=\"lazy\" \/>\t\t\t\t\t\t\t\t\t\t\t\t\t\t\t<\/div>\n\t\t\t\t<\/div>\n\t\t\t\t\t<\/div>\n\t\t<\/div>\n\t\t\t\t<div class=\"elementor-column elementor-col-50 elementor-top-column elementor-element elementor-element-24fffa5\" data-id=\"24fffa5\" data-element_type=\"column\">\n\t\t\t<div class=\"elementor-widget-wrap elementor-element-populated\">\n\t\t\t\t\t\t\t\t<div class=\"elementor-element elementor-element-d0e539d elementor-invisible elementor-widget elementor-widget-heading\" data-id=\"d0e539d\" data-element_type=\"widget\" data-settings=\"{&quot;_animation&quot;:&quot;fadeInUp&quot;,&quot;_animation_delay&quot;:200}\" data-widget_type=\"heading.default\">\n\t\t\t\t<div class=\"elementor-widget-container\">\n\t\t\t<h3 class=\"elementor-heading-title elementor-size-default\">Premio <\/h3>\t\t<\/div>\n\t\t\t\t<\/div>\n\t\t\t\t<div class=\"elementor-element elementor-element-98b9f4d elementor-widget elementor-widget-text-editor\" data-id=\"98b9f4d\" data-element_type=\"widget\" data-widget_type=\"text-editor.default\">\n\t\t\t\t<div class=\"elementor-widget-container\">\n\t\t\t\t\t\t\t<p>El primer y \u00fanico premio est\u00e1 dotado con la cantidad de 250 \u20ac.<\/p>\t\t\t\t\t\t<\/div>\n\t\t\t\t<\/div>\n\t\t\t\t<div class=\"elementor-element elementor-element-9891f1a elementor-invisible elementor-widget elementor-widget-heading\" data-id=\"9891f1a\" data-element_type=\"widget\" data-settings=\"{&quot;_animation&quot;:&quot;fadeInUp&quot;,&quot;_animation_delay&quot;:200}\" data-widget_type=\"heading.default\">\n\t\t\t\t<div class=\"elementor-widget-container\">\n\t\t\t<h3 class=\"elementor-heading-title elementor-size-default\">Bases<\/h3>\t\t<\/div>\n\t\t\t\t<\/div>\n\t\t\t\t<div class=\"elementor-element elementor-element-0260fc0 elementor-widget elementor-widget-text-editor\" data-id=\"0260fc0\" data-element_type=\"widget\" data-widget_type=\"text-editor.default\">\n\t\t\t\t<div class=\"elementor-widget-container\">\n\t\t\t\t\t\t\t<p>En el Certamen solo puede participar un componente de cada equipo de los inscritos en la XIII Liga de Debate Interuniversitario del G-9. <br \/><br \/>El desarrollo de este s\u00e9ptimo certamen se celebrar\u00e1 en el Edificio Hist\u00f3rico de la Universidad de Oviedo, en una \u00fanica sesi\u00f3n, el d\u00eda 22 de marzo de 2023, en el horario que figura en el programa publicado.<\/p><p>El tema objeto de discurso, elegido por la Universidad que organiza el certamen, ser\u00e1 comunicado a las universidades participantes el lunes 20 de marzo a las 13.00 h.<\/p><p>El Jurado del Certamen de discursos tendr\u00e1 la misma composici\u00f3n, en n\u00famero e integrantes, que el designado por las universidades para la XIII Liga de Debate Interuniversitario, no pudiendo intervenir el juez de la universidad que act\u00fae en cada momento.<\/p><p>Los discursos ser\u00e1n p\u00fablicos. Se desarrollar\u00e1n en un ambiente de riguroso silencio y, en cualquier caso, no se permitir\u00e1 la intervenci\u00f3n de los asistentes en ning\u00fan momento del desarrollo de los mismos.<\/p>\t\t\t\t\t\t<\/div>\n\t\t\t\t<\/div>\n\t\t\t\t\t<\/div>\n\t\t<\/div>\n\t\t\t\t\t\t\t<\/div>\n\t\t<\/section>\n\t\t\t\t<section class=\"elementor-section elementor-top-section elementor-element elementor-element-abc47df elementor-reverse-tablet elementor-reverse-mobile elementor-section-boxed elementor-section-height-default elementor-section-height-default\" data-id=\"abc47df\" data-element_type=\"section\">\n\t\t\t\t\t\t<div class=\"elementor-container elementor-column-gap-default\">\n\t\t\t\t\t<div class=\"elementor-column elementor-col-100 elementor-top-column elementor-element elementor-element-8a1eb69\" data-id=\"8a1eb69\" data-element_type=\"column\">\n\t\t\t<div class=\"elementor-widget-wrap elementor-element-populated\">\n\t\t\t\t\t\t\t\t<div class=\"elementor-element elementor-element-6068c48 elementor-invisible elementor-widget elementor-widget-heading\" data-id=\"6068c48\" data-element_type=\"widget\" data-settings=\"{&quot;_animation&quot;:&quot;fadeInUp&quot;,&quot;_animation_delay&quot;:200}\" data-widget_type=\"heading.default\">\n\t\t\t\t<div class=\"elementor-widget-container\">\n\t\t\t<h3 class=\"elementor-heading-title elementor-size-default\">Desarrollo del certamen<\/h3>\t\t<\/div>\n\t\t\t\t<\/div>\n\t\t\t\t<div class=\"elementor-element elementor-element-9d8e7ce elementor-widget elementor-widget-text-editor\" data-id=\"9d8e7ce\" data-element_type=\"widget\" data-widget_type=\"text-editor.default\">\n\t\t\t\t<div class=\"elementor-widget-container\">\n\t\t\t\t\t\t\t<p>El certamen se realizar\u00e1 el 22 de marzo de 2023 en el Paraninfo del Edificio Hist\u00f3rico de la Universidad de Oviedo, con arreglo al orden que se detalla a continuaci\u00f3n:<\/p><ul><li>Presentaci\u00f3n de los oradores: Los oradores ser\u00e1n convocados, en llamamiento \u00fanico, a la hora convenida, debiendo estar todos presentes en ese momento para pasar a la sala, una vez efectuada su identificaci\u00f3n.<\/li><li>Sorteo de orden de intervenci\u00f3n: Se realizar\u00e1 de forma p\u00fablica, en la misma Sala, inmediatamente despu\u00e9s de la presentaci\u00f3n de los oradores.<\/li><li>Cronometraje: el cronometraje de cada discurso comenzar\u00e1 en el momento en que el orador o la oradora inicie su exposici\u00f3n y no se detendr\u00e1 hasta que finalice. Cada turno tendr\u00e1 una duraci\u00f3n ininterrumpida de 5 minutos.<\/li><li>Deliberaci\u00f3n del jurado: Cada juez o jueza cubrir\u00e1 un acta por cada participante, exceptuando al de su universidad, conforme al cuadro de \u00edtems que se recoge a continuaci\u00f3n. El jurado deliberar\u00e1, a puerta cerrada, una vez escuchados todos los discursos, en la sala que se establezca a tal efecto.<\/li><li>Comunicaci\u00f3n de resultados: En la cena que tendr\u00e1 lugar el jueves, 23 de marzo de 2023, se comunicar\u00e1 qui\u00e9n ha ganado la VII Edici\u00f3n del Certamen \u201cMejor Discurso\u201d del G-9.<\/li><\/ul>\t\t\t\t\t\t<\/div>\n\t\t\t\t<\/div>\n\t\t\t\t\t<\/div>\n\t\t<\/div>\n\t\t\t\t\t\t\t<\/div>\n\t\t<\/section>\n\t\t\t\t<section class=\"elementor-section elementor-top-section elementor-element elementor-element-5acb6ca elementor-reverse-tablet elementor-reverse-mobile elementor-section-boxed elementor-section-height-default elementor-section-height-default\" data-id=\"5acb6ca\" data-element_type=\"section\">\n\t\t\t\t\t\t<div class=\"elementor-container elementor-column-gap-default\">\n\t\t\t\t\t<div class=\"elementor-column elementor-col-100 elementor-top-column elementor-element elementor-element-ee1587a\" data-id=\"ee1587a\" data-element_type=\"column\">\n\t\t\t<div class=\"elementor-widget-wrap elementor-element-populated\">\n\t\t\t\t\t\t\t\t<div class=\"elementor-element elementor-element-1781954 elementor-invisible elementor-widget elementor-widget-heading\" data-id=\"1781954\" data-element_type=\"widget\" data-settings=\"{&quot;_animation&quot;:&quot;fadeInUp&quot;,&quot;_animation_delay&quot;:200}\" data-widget_type=\"heading.default\">\n\t\t\t\t<div class=\"elementor-widget-container\">\n\t\t\t<h3 class=\"elementor-heading-title elementor-size-default\">Puntuaciones<\/h3>\t\t<\/div>\n\t\t\t\t<\/div>\n\t\t\t\t<div class=\"elementor-element elementor-element-d0a9385 elementor-widget elementor-widget-text-editor\" data-id=\"d0a9385\" data-element_type=\"widget\" data-widget_type=\"text-editor.default\">\n\t\t\t\t<div class=\"elementor-widget-container\">\n\t\t\t\t\t\t\t<p>El acta de puntuaciones recoger\u00e1 los siguientes \u00edtems y a cada uno de ellos se les asignar\u00e1 una puntuaci\u00f3n de 0, 0,5 o 1 punto: <br \/>1. Impacto del discurso.<br \/>2. Lenguaje adecuado al discurso.<br \/>3. Seguridad y dominio del tema.<br \/>4. Calidad de la l\u00ednea argumental.<br \/>5. Uso de la gesticulaci\u00f3n.<br \/>6. Naturalidad y expresividad.<br \/>7. Ritmo expositivo correcto.<br \/>8. Dominio del espacio.<br \/>9. Tono y proyecci\u00f3n de la voz.<br \/>10. Despierta claramente mi inter\u00e9s.<\/p><p>La puntuaci\u00f3n otorgada por cada juez a cada candidato ser\u00e1 el resultado de sumar los puntos asignados a cada \u00edtem. Resultar\u00e1 ganador o ganadora del certamen la persona que obtenga, de media, una mayor puntuaci\u00f3n, una vez sumadas las que le hayan otorgado todos los jueces.<br \/>En caso de producirse empates, la clasificaci\u00f3n se determinar\u00e1 seg\u00fan el siguiente criterio, en el orden que se establece:<br \/>1. Mayor n\u00famero de \u00edtems puntuados con 1.<br \/>2. Mayor n\u00famero de \u00edtems puntuados con 0,5.<br \/>3. Decisi\u00f3n motivada del Comit\u00e9 de Competici\u00f3n. <\/p>\t\t\t\t\t\t<\/div>\n\t\t\t\t<\/div>\n\t\t\t\t<div class=\"elementor-element elementor-element-6083a71 elementor-invisible elementor-widget elementor-widget-heading\" data-id=\"6083a71\" data-element_type=\"widget\" data-settings=\"{&quot;_animation&quot;:&quot;fadeInUp&quot;,&quot;_animation_delay&quot;:200}\" data-widget_type=\"heading.default\">\n\t\t\t\t<div class=\"elementor-widget-container\">\n\t\t\t<h3 class=\"elementor-heading-title elementor-size-default\">Aceptaci\u00f3n de las bases<\/h3>\t\t<\/div>\n\t\t\t\t<\/div>\n\t\t\t\t<div class=\"elementor-element elementor-element-8cb53b9 elementor-widget elementor-widget-text-editor\" data-id=\"8cb53b9\" data-element_type=\"widget\" data-widget_type=\"text-editor.default\">\n\t\t\t\t<div class=\"elementor-widget-container\">\n\t\t\t\t\t\t\t<p>La participaci\u00f3n en el VII Certamen \u201cMejor discurso\u201d del G9 implica la total aceptaci\u00f3n de estas bases.<\/p>\t\t\t\t\t\t<\/div>\n\t\t\t\t<\/div>\n\t\t\t\t\t<\/div>\n\t\t<\/div>\n\t\t\t\t\t\t\t<\/div>\n\t\t<\/section>\n\t\t\t\t<section class=\"elementor-section elementor-top-section elementor-element elementor-element-6b79cb69 elementor-section-boxed elementor-section-height-default elementor-section-height-default\" data-id=\"6b79cb69\" data-element_type=\"section\" data-settings=\"{&quot;background_background&quot;:&quot;classic&quot;}\">\n\t\t\t\t\t\t\t<div class=\"elementor-background-overlay\"><\/div>\n\t\t\t\t\t\t\t<div class=\"elementor-container elementor-column-gap-no\">\n\t\t\t\t\t<div class=\"elementor-column elementor-col-100 elementor-top-column elementor-element elementor-element-3bae3666\" data-id=\"3bae3666\" data-element_type=\"column\">\n\t\t\t<div class=\"elementor-widget-wrap elementor-element-populated\">\n\t\t\t\t\t\t\t\t<div class=\"elementor-element elementor-element-75a37ffa elementor-align-center elementor-widget elementor-widget-button\" data-id=\"75a37ffa\" data-element_type=\"widget\" data-widget_type=\"button.default\">\n\t\t\t\t<div class=\"elementor-widget-container\">\n\t\t\t\t\t<div class=\"elementor-button-wrapper\">\n\t\t\t<a href=\"https:\/\/www.unioviedo.es\/ligadebate\/wp-content\/uploads\/2023\/03\/03-BASES-VII-CERTAMEN-MEJOR-DISCURSO.pdf%20\" class=\"elementor-button-link elementor-button elementor-size-sm elementor-animation-float\" role=\"button\">\n\t\t\t\t\t\t<span class=\"elementor-button-content-wrapper\">\n\t\t\t\t\t\t\t<span class=\"elementor-button-icon elementor-align-icon-right\">\n\t\t\t\t<i aria-hidden=\"true\" class=\"icon icon-arrow-right\"><\/i>\t\t\t<\/span>\n\t\t\t\t\t\t<span class=\"elementor-button-text\">Descargar bases<\/span>\n\t\t<\/span>\n\t\t\t\t\t<\/a>\n\t\t<\/div>\n\t\t\t\t<\/div>\n\t\t\t\t<\/div>\n\t\t\t\t<div class=\"elementor-element elementor-element-bb15123 elementor-align-center elementor-widget elementor-widget-button\" data-id=\"bb15123\" data-element_type=\"widget\" data-widget_type=\"button.default\">\n\t\t\t\t<div class=\"elementor-widget-container\">\n\t\t\t\t\t<div class=\"elementor-button-wrapper\">\n\t\t\t<a href=\"#\" class=\"elementor-button-link elementor-button elementor-size-sm elementor-animation-float\" role=\"button\">\n\t\t\t\t\t\t<span class=\"elementor-button-content-wrapper\">\n\t\t\t\t\t\t\t<span class=\"elementor-button-icon elementor-align-icon-right\">\n\t\t\t\t<i aria-hidden=\"true\" class=\"icon icon-arrow-right\"><\/i>\t\t\t<\/span>\n\t\t\t\t\t\t<span class=\"elementor-button-text\">Descargar actas<\/span>\n\t\t<\/span>\n\t\t\t\t\t<\/a>\n\t\t<\/div>\n\t\t\t\t<\/div>\n\t\t\t\t<\/div>\n\t\t\t\t\t<\/div>\n\t\t<\/div>\n\t\t\t\t\t\t\t<\/div>\n\t\t<\/section>\n\t\t\t\t\t\t\t<\/div>\n\t\t","protected":false},"excerpt":{"rendered":"<p>Detail Service Presentaci\u00f3n El Grupo 9 de universidades convoca el VII Certamen \u201cMejor Discurso\u201d, cuya pretensi\u00f3n es fomentar entre sus estudiantes la capacidad de oratoria y el desarrollo de habilidades personales de b\u00fasqueda y an\u00e1lisis de informaci\u00f3n, elaboraci\u00f3n y exposici\u00f3n del tema propuesto y expresi\u00f3n oral. V\u00eddeo del VII Certamen \u201cMejor Discurso\u201d Premio El primer [&hellip;]<\/p>\n","protected":false},"author":1,"featured_media":0,"parent":0,"menu_order":0,"comment_status":"closed","ping_status":"closed","template":"","meta":{"footnotes":""},"class_list":["post-80","page","type-page","status-publish","hentry"],"yoast_head":"<!-- This site is optimized with the Yoast SEO plugin v27.5 - https:\/\/yoast.com\/product\/yoast-seo-wordpress\/ -->\n<title>Certamen Mejor Discurso - Liga Nacional de Debate Universitario<\/title>\n<meta name=\"robots\" content=\"index, follow, max-snippet:-1, max-image-preview:large, max-video-preview:-1\" \/>\n<link rel=\"canonical\" href=\"https:\/\/www.unioviedo.es\/ligadebate\/?page_id=80\" \/>\n<meta property=\"og:locale\" content=\"es_ES\" \/>\n<meta property=\"og:type\" content=\"article\" \/>\n<meta property=\"og:title\" content=\"Certamen Mejor Discurso - Liga Nacional de Debate Universitario\" \/>\n<meta property=\"og:description\" content=\"Detail Service Presentaci\u00f3n El Grupo 9 de universidades convoca el VII Certamen \u201cMejor Discurso\u201d, cuya pretensi\u00f3n es fomentar entre sus estudiantes la capacidad de oratoria y el desarrollo de habilidades personales de b\u00fasqueda y an\u00e1lisis de informaci\u00f3n, elaboraci\u00f3n y exposici\u00f3n del tema propuesto y expresi\u00f3n oral. V\u00eddeo del VII Certamen \u201cMejor Discurso\u201d Premio El primer [&hellip;]\" \/>\n<meta property=\"og:url\" content=\"https:\/\/www.unioviedo.es\/ligadebate\/?page_id=80\" \/>\n<meta property=\"og:site_name\" content=\"Liga Nacional de Debate Universitario\" \/>\n<meta property=\"article:modified_time\" content=\"2023-03-23T07:59:52+00:00\" \/>\n<meta property=\"og:image\" content=\"https:\/\/www.unioviedo.es\/ligadebate\/wp-content\/uploads\/elementor\/thumbs\/daniel-sandvik-18B9D4q9ESE-unsplash-1-scaled-q3si6wgyh7pidiq8iosiz5lmurd3muixre0vffpi6w.jpg\" \/>\n<meta name=\"twitter:card\" content=\"summary_large_image\" \/>\n<meta name=\"twitter:label1\" content=\"Tiempo de lectura\" \/>\n\t<meta name=\"twitter:data1\" content=\"4 minutos\" \/>\n<script type=\"application\/ld+json\" class=\"yoast-schema-graph\">{\"@context\":\"https:\\\/\\\/schema.org\",\"@graph\":[{\"@type\":\"WebPage\",\"@id\":\"https:\\\/\\\/www.unioviedo.es\\\/ligadebate\\\/?page_id=80\",\"url\":\"https:\\\/\\\/www.unioviedo.es\\\/ligadebate\\\/?page_id=80\",\"name\":\"Certamen Mejor Discurso - Liga Nacional de Debate Universitario\",\"isPartOf\":{\"@id\":\"https:\\\/\\\/www.unioviedo.es\\\/ligadebate\\\/#website\"},\"primaryImageOfPage\":{\"@id\":\"https:\\\/\\\/www.unioviedo.es\\\/ligadebate\\\/?page_id=80#primaryimage\"},\"image\":{\"@id\":\"https:\\\/\\\/www.unioviedo.es\\\/ligadebate\\\/?page_id=80#primaryimage\"},\"thumbnailUrl\":\"https:\\\/\\\/www.unioviedo.es\\\/ligadebate\\\/wp-content\\\/uploads\\\/elementor\\\/thumbs\\\/daniel-sandvik-18B9D4q9ESE-unsplash-1-scaled-q3si6wgyh7pidiq8iosiz5lmurd3muixre0vffpi6w.jpg\",\"datePublished\":\"2023-02-28T23:53:42+00:00\",\"dateModified\":\"2023-03-23T07:59:52+00:00\",\"breadcrumb\":{\"@id\":\"https:\\\/\\\/www.unioviedo.es\\\/ligadebate\\\/?page_id=80#breadcrumb\"},\"inLanguage\":\"es\",\"potentialAction\":[{\"@type\":\"ReadAction\",\"target\":[\"https:\\\/\\\/www.unioviedo.es\\\/ligadebate\\\/?page_id=80\"]}]},{\"@type\":\"ImageObject\",\"inLanguage\":\"es\",\"@id\":\"https:\\\/\\\/www.unioviedo.es\\\/ligadebate\\\/?page_id=80#primaryimage\",\"url\":\"https:\\\/\\\/www.unioviedo.es\\\/ligadebate\\\/wp-content\\\/uploads\\\/elementor\\\/thumbs\\\/daniel-sandvik-18B9D4q9ESE-unsplash-1-scaled-q3si6wgyh7pidiq8iosiz5lmurd3muixre0vffpi6w.jpg\",\"contentUrl\":\"https:\\\/\\\/www.unioviedo.es\\\/ligadebate\\\/wp-content\\\/uploads\\\/elementor\\\/thumbs\\\/daniel-sandvik-18B9D4q9ESE-unsplash-1-scaled-q3si6wgyh7pidiq8iosiz5lmurd3muixre0vffpi6w.jpg\"},{\"@type\":\"BreadcrumbList\",\"@id\":\"https:\\\/\\\/www.unioviedo.es\\\/ligadebate\\\/?page_id=80#breadcrumb\",\"itemListElement\":[{\"@type\":\"ListItem\",\"position\":1,\"name\":\"Portada\",\"item\":\"https:\\\/\\\/www.unioviedo.es\\\/ligadebate\\\/\"},{\"@type\":\"ListItem\",\"position\":2,\"name\":\"Certamen Mejor Discurso\"}]},{\"@type\":\"WebSite\",\"@id\":\"https:\\\/\\\/www.unioviedo.es\\\/ligadebate\\\/#website\",\"url\":\"https:\\\/\\\/www.unioviedo.es\\\/ligadebate\\\/\",\"name\":\"Liga Nacional de Debate Universitario\",\"description\":\"XIII Liga de Debate Interuniversitario Grupo 9 Universidades\",\"publisher\":{\"@id\":\"https:\\\/\\\/www.unioviedo.es\\\/ligadebate\\\/#organization\"},\"potentialAction\":[{\"@type\":\"SearchAction\",\"target\":{\"@type\":\"EntryPoint\",\"urlTemplate\":\"https:\\\/\\\/www.unioviedo.es\\\/ligadebate\\\/?s={search_term_string}\"},\"query-input\":{\"@type\":\"PropertyValueSpecification\",\"valueRequired\":true,\"valueName\":\"search_term_string\"}}],\"inLanguage\":\"es\"},{\"@type\":\"Organization\",\"@id\":\"https:\\\/\\\/www.unioviedo.es\\\/ligadebate\\\/#organization\",\"name\":\"Liga Nacional de Debate Universitario\",\"url\":\"https:\\\/\\\/www.unioviedo.es\\\/ligadebate\\\/\",\"logo\":{\"@type\":\"ImageObject\",\"inLanguage\":\"es\",\"@id\":\"https:\\\/\\\/www.unioviedo.es\\\/ligadebate\\\/#\\\/schema\\\/logo\\\/image\\\/\",\"url\":\"https:\\\/\\\/www.unioviedo.es\\\/ligadebate\\\/wp-content\\\/uploads\\\/2023\\\/03\\\/cropped-2023-01-18-LIGA-Debate-Logo-Grande.png\",\"contentUrl\":\"https:\\\/\\\/www.unioviedo.es\\\/ligadebate\\\/wp-content\\\/uploads\\\/2023\\\/03\\\/cropped-2023-01-18-LIGA-Debate-Logo-Grande.png\",\"width\":702,\"height\":346,\"caption\":\"Liga Nacional de Debate Universitario\"},\"image\":{\"@id\":\"https:\\\/\\\/www.unioviedo.es\\\/ligadebate\\\/#\\\/schema\\\/logo\\\/image\\\/\"}}]}<\/script>\n<!-- \/ Yoast SEO plugin. -->","yoast_head_json":{"title":"Certamen Mejor Discurso - Liga Nacional de Debate Universitario","robots":{"index":"index","follow":"follow","max-snippet":"max-snippet:-1","max-image-preview":"max-image-preview:large","max-video-preview":"max-video-preview:-1"},"canonical":"https:\/\/www.unioviedo.es\/ligadebate\/?page_id=80","og_locale":"es_ES","og_type":"article","og_title":"Certamen Mejor Discurso - Liga Nacional de Debate Universitario","og_description":"Detail Service Presentaci\u00f3n El Grupo 9 de universidades convoca el VII Certamen \u201cMejor Discurso\u201d, cuya pretensi\u00f3n es fomentar entre sus estudiantes la capacidad de oratoria y el desarrollo de habilidades personales de b\u00fasqueda y an\u00e1lisis de informaci\u00f3n, elaboraci\u00f3n y exposici\u00f3n del tema propuesto y expresi\u00f3n oral. V\u00eddeo del VII Certamen \u201cMejor Discurso\u201d Premio El primer [&hellip;]","og_url":"https:\/\/www.unioviedo.es\/ligadebate\/?page_id=80","og_site_name":"Liga Nacional de Debate Universitario","article_modified_time":"2023-03-23T07:59:52+00:00","og_image":[{"url":"https:\/\/www.unioviedo.es\/ligadebate\/wp-content\/uploads\/elementor\/thumbs\/daniel-sandvik-18B9D4q9ESE-unsplash-1-scaled-q3si6wgyh7pidiq8iosiz5lmurd3muixre0vffpi6w.jpg","type":"","width":"","height":""}],"twitter_card":"summary_large_image","twitter_misc":{"Tiempo de lectura":"4 minutos"},"schema":{"@context":"https:\/\/schema.org","@graph":[{"@type":"WebPage","@id":"https:\/\/www.unioviedo.es\/ligadebate\/?page_id=80","url":"https:\/\/www.unioviedo.es\/ligadebate\/?page_id=80","name":"Certamen Mejor Discurso - Liga Nacional de Debate Universitario","isPartOf":{"@id":"https:\/\/www.unioviedo.es\/ligadebate\/#website"},"primaryImageOfPage":{"@id":"https:\/\/www.unioviedo.es\/ligadebate\/?page_id=80#primaryimage"},"image":{"@id":"https:\/\/www.unioviedo.es\/ligadebate\/?page_id=80#primaryimage"},"thumbnailUrl":"https:\/\/www.unioviedo.es\/ligadebate\/wp-content\/uploads\/elementor\/thumbs\/daniel-sandvik-18B9D4q9ESE-unsplash-1-scaled-q3si6wgyh7pidiq8iosiz5lmurd3muixre0vffpi6w.jpg","datePublished":"2023-02-28T23:53:42+00:00","dateModified":"2023-03-23T07:59:52+00:00","breadcrumb":{"@id":"https:\/\/www.unioviedo.es\/ligadebate\/?page_id=80#breadcrumb"},"inLanguage":"es","potentialAction":[{"@type":"ReadAction","target":["https:\/\/www.unioviedo.es\/ligadebate\/?page_id=80"]}]},{"@type":"ImageObject","inLanguage":"es","@id":"https:\/\/www.unioviedo.es\/ligadebate\/?page_id=80#primaryimage","url":"https:\/\/www.unioviedo.es\/ligadebate\/wp-content\/uploads\/elementor\/thumbs\/daniel-sandvik-18B9D4q9ESE-unsplash-1-scaled-q3si6wgyh7pidiq8iosiz5lmurd3muixre0vffpi6w.jpg","contentUrl":"https:\/\/www.unioviedo.es\/ligadebate\/wp-content\/uploads\/elementor\/thumbs\/daniel-sandvik-18B9D4q9ESE-unsplash-1-scaled-q3si6wgyh7pidiq8iosiz5lmurd3muixre0vffpi6w.jpg"},{"@type":"BreadcrumbList","@id":"https:\/\/www.unioviedo.es\/ligadebate\/?page_id=80#breadcrumb","itemListElement":[{"@type":"ListItem","position":1,"name":"Portada","item":"https:\/\/www.unioviedo.es\/ligadebate\/"},{"@type":"ListItem","position":2,"name":"Certamen Mejor Discurso"}]},{"@type":"WebSite","@id":"https:\/\/www.unioviedo.es\/ligadebate\/#website","url":"https:\/\/www.unioviedo.es\/ligadebate\/","name":"Liga Nacional de Debate Universitario","description":"XIII Liga de Debate Interuniversitario Grupo 9 Universidades","publisher":{"@id":"https:\/\/www.unioviedo.es\/ligadebate\/#organization"},"potentialAction":[{"@type":"SearchAction","target":{"@type":"EntryPoint","urlTemplate":"https:\/\/www.unioviedo.es\/ligadebate\/?s={search_term_string}"},"query-input":{"@type":"PropertyValueSpecification","valueRequired":true,"valueName":"search_term_string"}}],"inLanguage":"es"},{"@type":"Organization","@id":"https:\/\/www.unioviedo.es\/ligadebate\/#organization","name":"Liga Nacional de Debate Universitario","url":"https:\/\/www.unioviedo.es\/ligadebate\/","logo":{"@type":"ImageObject","inLanguage":"es","@id":"https:\/\/www.unioviedo.es\/ligadebate\/#\/schema\/logo\/image\/","url":"https:\/\/www.unioviedo.es\/ligadebate\/wp-content\/uploads\/2023\/03\/cropped-2023-01-18-LIGA-Debate-Logo-Grande.png","contentUrl":"https:\/\/www.unioviedo.es\/ligadebate\/wp-content\/uploads\/2023\/03\/cropped-2023-01-18-LIGA-Debate-Logo-Grande.png","width":702,"height":346,"caption":"Liga Nacional de Debate Universitario"},"image":{"@id":"https:\/\/www.unioviedo.es\/ligadebate\/#\/schema\/logo\/image\/"}}]}},"_links":{"self":[{"href":"https:\/\/www.unioviedo.es\/ligadebate\/index.php?rest_route=\/wp\/v2\/pages\/80","targetHints":{"allow":["GET"]}}],"collection":[{"href":"https:\/\/www.unioviedo.es\/ligadebate\/index.php?rest_route=\/wp\/v2\/pages"}],"about":[{"href":"https:\/\/www.unioviedo.es\/ligadebate\/index.php?rest_route=\/wp\/v2\/types\/page"}],"author":[{"embeddable":true,"href":"https:\/\/www.unioviedo.es\/ligadebate\/index.php?rest_route=\/wp\/v2\/users\/1"}],"replies":[{"embeddable":true,"href":"https:\/\/www.unioviedo.es\/ligadebate\/index.php?rest_route=%2Fwp%2Fv2%2Fcomments&post=80"}],"version-history":[{"count":35,"href":"https:\/\/www.unioviedo.es\/ligadebate\/index.php?rest_route=\/wp\/v2\/pages\/80\/revisions"}],"predecessor-version":[{"id":623,"href":"https:\/\/www.unioviedo.es\/ligadebate\/index.php?rest_route=\/wp\/v2\/pages\/80\/revisions\/623"}],"wp:attachment":[{"href":"https:\/\/www.unioviedo.es\/ligadebate\/index.php?rest_route=%2Fwp%2Fv2%2Fmedia&parent=80"}],"curies":[{"name":"wp","href":"https:\/\/api.w.org\/{rel}","templated":true}]}}