{"id":130,"date":"2018-02-04T20:22:03","date_gmt":"2018-02-04T19:22:03","guid":{"rendered":"http:\/\/www.unioviedo.es\/mastersiac\/?page_id=130"},"modified":"2026-04-08T12:04:54","modified_gmt":"2026-04-08T10:04:54","slug":"estructura-y-organizacion","status":"publish","type":"page","link":"https:\/\/www.unioviedo.es\/mastersiac\/index.php\/estructura-y-organizacion\/","title":{"rendered":"<!Estructura y Organizaci\u00f3n>"},"content":{"rendered":"<div class=\"wp-block-image\">\n<figure class=\"alignleft\"><a href=\"http:\/\/www.unioviedo.es\/mastersiac\/wp-content\/uploads\/2018\/02\/Organizaci\u00f3n-y-Estructura.jpg\"><img loading=\"lazy\" decoding=\"async\" width=\"281\" height=\"219\" src=\"http:\/\/www.unioviedo.es\/mastersiac\/wp-content\/uploads\/2018\/02\/Organizaci\u00f3n-y-Estructura-e1525701779919.jpg\" alt=\"\" class=\"wp-image-131\"\/><\/a><\/figure>\n<\/div>\n\n\n<h1 class=\"wp-block-heading\"><span style=\"color: #8d2424; font-size: 12pt;\"><strong>DURACI\u00d3N<\/strong><\/span><\/h1>\n\n\n\n<ul class=\"wp-block-list\">\n<li><strong>Un curso acad\u00e9mico completo, de septiembre a julio<\/strong> (60 cr\u00e9ditos ECTS)<\/li>\n<\/ul>\n\n\n\n<h1 class=\"wp-block-heading\"><span style=\"color: #8d2424; font-size: 12pt;\"><strong>ESTRUCTURA<\/strong><\/span><\/h1>\n\n\n\n<ul class=\"wp-block-list\">\n<li><span style=\"color: #333333;\"><strong>M\u00f3dulo 1 (Com\u00fan)<\/strong><\/span>: integrado por 5 asignaturas comunes, con un total de 16 cr\u00e9ditos ECTS<\/li>\n\n\n\n<li><span style=\"color: #333333;\"><strong>M\u00f3dulo 2 (Itinerario en Contabilidad Superior)<\/strong><\/span>: formado por 7 asignaturas especializadas (29 cr\u00e9ditos ECTS)<\/li>\n\n\n\n<li><span style=\"color: #333333;\"><b style=\"color: #333333;\">M\u00f3dulo 3 (Itinerario en <\/b><b>Auditoria<\/b><b style=\"color: #333333;\">&nbsp;de Cuentas)<\/b><\/span>: integrado por 5 asignaturas especializadas (29 cr\u00e9ditos ECTS)<\/li>\n\n\n\n<li><span style=\"color: #333333;\"><strong>Pr\u00e1cticas en empresas<\/strong><\/span> (9 cr\u00e9ditos ECTS)<\/li>\n\n\n\n<li><span style=\"color: #808080;\"><span style=\"color: #333333;\"><strong>Trabajo Fin de M\u00e1ster<\/strong><\/span>&nbsp;<\/span>(6 cr\u00e9ditos ECTS)<\/li>\n<\/ul>\n\n\n\n<h1 class=\"wp-block-heading\"><span style=\"color: #8d2424; font-size: 12pt;\"><strong>HORARIO<\/strong><\/span><\/h1>\n\n\n\n<ul class=\"wp-block-list\">\n<li><strong>Tarde<\/strong>: De lunes a viernes, de 15:30 a 20:00 horas<\/li>\n<\/ul>\n\n\n\n<h1 class=\"wp-block-heading\"><span style=\"color: #8d2424; font-size: 12pt;\"><strong>PLAZAS DISPONIBLES<\/strong><\/span><\/h1>\n\n\n\n<ul class=\"wp-block-list\">\n<li><strong>Perfil Contabilidad Superior<\/strong>: 15 plazas<\/li>\n\n\n\n<li><strong>Perfil Auditor\u00eda de Cuentas<\/strong>: 15 plazas<\/li>\n<\/ul>\n\n\n\n<h1 class=\"wp-block-heading\"><span style=\"font-size: 12pt;\"><strong><span style=\"color: #8d2424;\">MODALIDAD<\/span><\/strong><\/span><\/h1>\n\n\n\n<ul class=\"wp-block-list\">\n<li><strong>Presencial<\/strong><\/li>\n<\/ul>\n\n\n\n<h1 class=\"wp-block-heading\"><span style=\"color: #8d2424; font-size: 12pt;\"><strong>LUGAR DE IMPARTICI\u00d3N<\/strong><\/span><\/h1>\n\n\n\n<ul class=\"wp-block-list\">\n<li><span style=\"color: #333333;\"><strong>Facultad de Econom\u00eda y Empresa<\/strong>,&nbsp;Av. del Cristo, s\/n &#8211; 33071 Oviedo (Asturias), en las siguientes aulas:<\/span><\/li>\n<\/ul>\n\n\n\n<ul class=\"wp-block-list\">\n<li>Itinerario de Contabilidad Superior: <strong>Aulas 82 <\/strong><\/li>\n\n\n\n<li>Itinerario de Auditor\u00eda de Cuentas: <strong>Aula 84<br><\/strong><\/li>\n<\/ul>\n\n\n\n<h1 class=\"wp-block-heading\"><span style=\"color: #8d2424; font-size: 12pt;\"><strong>COORDINACI\u00d3N<\/strong><\/span><\/h1>\n\n\n\n<ul class=\"wp-block-list\">\n<li><strong>Jes\u00fas Garc\u00eda Garc\u00eda<\/strong> (Profesor Titular de la Universidad de Oviedo)<\/li>\n<\/ul>\n\n\n\n<h1 class=\"wp-block-heading\"><span style=\"color: #8d2424; font-size: 12pt;\"><strong>COMISI\u00d3N ACAD\u00c9MICA<\/strong><\/span><\/h1>\n\n\n\n<ul class=\"wp-block-list\">\n<li><strong>Jes\u00fas Garc\u00eda Garc\u00eda<\/strong> (Coordinador)<\/li>\n\n\n\n<li><strong>In\u00e9s Rub\u00edn Fern\u00e1ndez<\/strong> (Profesora Titular de la Universidad de Oviedo)<\/li>\n\n\n\n<li><strong>Mar\u00eda Isabel Garc\u00eda de la Iglesia<\/strong>&nbsp;(Profesora Titular de la Universidad de Oviedo)<\/li>\n\n\n\n<li><strong>Cristina Robles Lorenzana<\/strong> (Profesora Titular de Escuela de la Universidad de Oviedo)<\/li>\n\n\n\n<li><strong>Ana C\u00e1rcaba Garcia<\/strong>&nbsp;(Directora del Departamento de Contabilidad)<\/li>\n\n\n\n<li><strong>Carmen Benavides Gonz\u00e1lez<\/strong> (Decana de la Facultad de Econom\u00eda y Empresa)<\/li>\n\n\n\n<li><strong>Representante del colectivo de alumnos<\/strong> (por curso acad\u00e9mico)<\/li>\n<\/ul>\n","protected":false},"excerpt":{"rendered":"<p>DURACI\u00d3N ESTRUCTURA HORARIO PLAZAS DISPONIBLES MODALIDAD LUGAR DE IMPARTICI\u00d3N COORDINACI\u00d3N COMISI\u00d3N ACAD\u00c9MICA<\/p>\n","protected":false},"author":1,"featured_media":0,"parent":0,"menu_order":3,"comment_status":"closed","ping_status":"closed","template":"","meta":{"footnotes":""},"class_list":["post-130","page","type-page","status-publish","hentry"],"_links":{"self":[{"href":"https:\/\/www.unioviedo.es\/mastersiac\/index.php\/wp-json\/wp\/v2\/pages\/130","targetHints":{"allow":["GET"]}}],"collection":[{"href":"https:\/\/www.unioviedo.es\/mastersiac\/index.php\/wp-json\/wp\/v2\/pages"}],"about":[{"href":"https:\/\/www.unioviedo.es\/mastersiac\/index.php\/wp-json\/wp\/v2\/types\/page"}],"author":[{"embeddable":true,"href":"https:\/\/www.unioviedo.es\/mastersiac\/index.php\/wp-json\/wp\/v2\/users\/1"}],"replies":[{"embeddable":true,"href":"https:\/\/www.unioviedo.es\/mastersiac\/index.php\/wp-json\/wp\/v2\/comments?post=130"}],"version-history":[{"count":42,"href":"https:\/\/www.unioviedo.es\/mastersiac\/index.php\/wp-json\/wp\/v2\/pages\/130\/revisions"}],"predecessor-version":[{"id":1354,"href":"https:\/\/www.unioviedo.es\/mastersiac\/index.php\/wp-json\/wp\/v2\/pages\/130\/revisions\/1354"}],"wp:attachment":[{"href":"https:\/\/www.unioviedo.es\/mastersiac\/index.php\/wp-json\/wp\/v2\/media?parent=130"}],"curies":[{"name":"wp","href":"https:\/\/api.w.org\/{rel}","templated":true}]}}