{"id":167,"date":"2018-02-05T01:29:37","date_gmt":"2018-02-05T00:29:37","guid":{"rendered":"http:\/\/www.unioviedo.es\/mastersiac\/?page_id=167"},"modified":"2024-06-20T23:22:06","modified_gmt":"2024-06-20T21:22:06","slug":"ciclos-de-conferencias","status":"publish","type":"page","link":"https:\/\/www.unioviedo.es\/mastersiac\/index.php\/ciclos-de-conferencias\/","title":{"rendered":"<!Ciclos de conferencias>"},"content":{"rendered":"\n<div class=\"paragraph\">\n<p style=\"text-align: justify;\"><span style=\"color: #993300;\"><strong>DUOD\u00c9CIMO CICLO DE CONFERENCIAS (2023-2024)<\/strong><\/span><\/p>\n<p style=\"text-align: justify;\">Durante el curso acad\u00e9mico 2023-2024 se han celebrado una mesa redonda y cuatro conferencias organizadas conjuntamente por el Departamento de Contabilidad y el M\u00e1ster SIAC:<\/p>\n<ul style=\"text-align: justify;\">\n<li>Conferencia <strong>\u00abEl cambio de paradigma en la gesti\u00f3n empresarial derivado de la Inteligencia Artificial\u00bb<\/strong>, impartida por D. Diego J. Bodas Sagi, Director de Inteligencia Artificial en la Direcci\u00f3n Corporativa del Dato (DCD) de MAPFRE S.A., el 18 de abril.<\/li>\n<li>Conferencia <strong>\u00abResponsabilidad Social Corporativa: marco de informaci\u00f3n y l\u00edneas de investigaci\u00f3n\u00bb<\/strong>, impartida por el Dr. D. Enrique Bons\u00f3n Ponte, Catedr\u00e1tico de Econom\u00eda Financiera y Contabilidad de la Universidad de Huelva y Presidente de la Comisi\u00f3n de Nuevas Tecnolog\u00edas de AECA y del Comit\u00e9 directivo del Observatorio BIDA, el 11 de abril.<\/li>\n<li>Conferencia <strong>\u00abConstrucci\u00f3n de la teor\u00eda en la investigaci\u00f3n cualitativa: el an\u00e1lisis abductivo y su aplicabilidad a la investigaci\u00f3n contable\u00bb,<\/strong> impartida por el Dr. D. Juan Manuel Ram\u00f3n Jer\u00f3nimo, profesor del Departamento de Econom\u00eda Financiera y Contabilidad de la Universidad Pablo de Olavide de Sevilla, el 2 de abril.<\/li>\n<li>Mesa Redonda <strong>\u00abPerfil profesional del Auditor de Cuentas\u00bb<\/strong>, organizada por la Facultad de Econom\u00eda y Empresa, el Departamento de Contabilidad y el M\u00e1ster en Sistemas de Informaci\u00f3n y An\u00e1lisis Contable (SIAC) con la colaboraci\u00f3n del Instituto de Censores Jurados de Cuentas de Espa\u00f1a, el 13 de marzo.<\/li>\n<li>Conferencia <strong>\u00abInformaci\u00f3n corporativa en sostenibilidad y su impacto en el \u00e1rea contable\u00bb<\/strong>, impartida por el Dr. D. Bernab\u00e9 Escobar P\u00e9rez, Catedr\u00e1tico de la Universidad de Sevilla y Presidente de la Asociaci\u00f3n Espa\u00f1ola de Profesores Universitarios de Contabilidad, el 2 de noviembre.<\/li>\n<\/ul>\n<\/div>\n<div class=\"paragraph\">\n<p style=\"text-align: justify;\"><span style=\"color: #993300;\"><strong>UND\u00c9CIMO CICLO DE CONFERENCIAS (2022-2023)<\/strong><\/span><\/p>\n<p style=\"text-align: justify;\">Durante el curso acad\u00e9mico 2022-2023 se han celebrado una mesa redonda y dos jornadas organizadas por el Departamento de Contabilidad y el M\u00e1ster SIAC:<\/p>\n<ul>\n<li style=\"text-align: justify;\">Mesa Redonda <strong>\u00abPerfil profesional del Auditor de Cuentas\u00bb<\/strong>, organizada por el Departamento de Contabilidad y el M\u00e1ster en Sistemas de Informaci\u00f3n y An\u00e1lisis Contable (SIAC) con la colaboraci\u00f3n del Instituto de Censores Jurados de Cuentas de Espa\u00f1a, el 4 de mayo.<\/li>\n<li style=\"text-align: justify;\">Jornada\u00a0 \u00ab<strong>Sistemas de Informaci\u00f3n Empresarial. Industria 4.0 e Internet de las Cosas\u00bb<\/strong>, organizada por el Departamento de Contabilidad y el M\u00e1ster en Sistemas de Informaci\u00f3n y An\u00e1lisis Contable (SIAC), el 2 de noviembre.<\/li>\n<li style=\"text-align: justify;\">Jornada\u00a0 \u00ab<strong>Ciberseguridad y Sistemas de Informaci\u00f3n Empresarial\u00bb<\/strong>, organizada por el Departamento de Contabilidad y el M\u00e1ster en Sistemas de Informaci\u00f3n y An\u00e1lisis Contable (SIAC), el 2 de noviembre.<\/li>\n<\/ul>\n<p style=\"text-align: justify;\"><span style=\"color: #800000;\"><strong>D\u00c9CIMO CICLO DE CONFERENCIAS (2021-2022)<\/strong><\/span><\/p>\n<ul style=\"text-align: justify;\">Durante el curso acad\u00e9mico 2021-2022 se han celebrado una mesa redonda, una conferencia y dos jornadas organizadas por el Departamento de Contabilidad y el M\u00e1ster SIAC:<\/ul>\n<ul style=\"text-align: justify;\">\n<li>Mesa Redonda <strong>\u00abPerfil profesional del Auditor de Cuentas\u00bb<\/strong>, organizada por el Departamento de Contabilidad y el M\u00e1ster en Sistemas de Informaci\u00f3n y An\u00e1lisis Contable (SIAC) con la colaboraci\u00f3n del Instituto de Censores Jurados de Cuentas de Espa\u00f1a, el 4 de mayo.<\/li>\n<li>Conferencia <strong>\u00abAn\u00e1lisis sistem\u00e1ticos de la literatura cient\u00edfica con\u00a0Bibliometrix-BiblioShiny\u00bb<\/strong>, impartida por los profesores D. Daniel Torres-Salinas y D. Wenceslao Arroyo Machado de la Universidad de Granada, el 9 de diciembre.<\/li>\n<li><span class=\"x_x_x_x_normaltextrun\" style=\"font-size: Revert;\">Jornada\u00a0<\/span><b style=\"font-size: Revert;\">Desaf\u00edos del blockchain en la Contabilidad<\/b><span class=\"x_x_x_x_normaltextrun\" style=\"font-size: Revert;\">, organizada por el Departamento de Contabilidad y el M\u00e1ster SIAC, el 2 de noviembre.<\/span><\/li>\n<li><span class=\"x_x_x_x_normaltextrun\" style=\"font-size: Revert;\">Jornada: \u00ab<strong>Nuevas tecnolog\u00edas y sistemas de informaci\u00f3n empresarial. Superando obst\u00e1culos en la implantaci\u00f3n\u00bb<\/strong>, organizada por el Departamento de Contabilidad y el M\u00e1ster SIAC, el 25 de octubre.\u00a0<\/span><\/li>\n<\/ul>\n<p style=\"text-align: justify;\"><span style=\"color: #800000;\"><strong>NOVENO CICLO DE CONFERENCIAS (2020-2021)<\/strong><\/span><\/p>\n<ul style=\"text-align: justify;\">Durante el curso acad\u00e9mico 2020-2021 se han celebrado cuatro seminarios y una mesa redonda organizadas por el Departamento de Contabilidad y el M\u00e1ster SIAC:\n<li>Seminario <strong>\u00abSistemas de control y mala conducta: experiencias en la etapa pre-emp\u00edrica de investigaci\u00f3n\u00bb<\/strong>, impartido por D. Ernesto L\u00f3pez-Valeiras, profesor del Departamento de Econom\u00eda Financiera y Contabilidad de la Universidade de Vigo, el 26 de mayo.<\/li>\n<li>Seminario <strong>\u00abPerspectivas y nuevos enfoques en sostenibilidad\u00bb<\/strong>, impartido por la profesora D\u00f1a. Isabel Mar\u00eda Garc\u00eda S\u00e1nchez, Catedr\u00e1tica del \u00c1rea de Econom\u00eda Financiera y Contabilidad de la Universidad de Salamanca, el 28 de abril.<\/li>\n<li>Mesa Redonda <strong>\u00abPerfil profesional del Auditor de Cuentas\u00bb<\/strong>, organizada por el Departamento de Contabilidad y el M\u00e1ster en Sistemas de Informaci\u00f3n y An\u00e1lisis Contable (SIAC) con la colaboraci\u00f3n del Instituto de Censores Jurados de Cuentas de Espa\u00f1a, el 20 de abril.<\/li>\n<li>Seminario\u00a0<strong>\u00abModificaci\u00f3n del Plan General de Contabilidad\u00bb<\/strong>, centrado en los cambios en la normativa sobre contabilizaci\u00f3n de ingresos y en instrumentos financieros y coberturas contables,\u00a0impartido por los profesores D. Antonio Barral Rivada (Universidad Loyola Andaluc\u00eda), D. Horacio Molina S\u00e1nchez (Universidad Loyola Andaluc\u00eda) y D. Constancio Zamora Ram\u00edrez (Universidad de Sevilla), el 16 de marzo.<\/li>\n<li>Seminario <strong>\u00abValoraci\u00f3n de PYMES por actualizaci\u00f3n de flujos de tesorer\u00eda\u00bb<\/strong> a cargo de D. Alfonso Rojo Ram\u00edrez, catedr\u00e1tico de Econom\u00eda Financiera y Contabilidad de la Universidad de Almer\u00eda, el 7 de octubre.<\/li>\n<\/ul>\n<p style=\"text-align: justify;\"><span style=\"color: #800000;\"><strong>OCTAVO CICLO DE CONFERENCIAS (2019-2020)<\/strong><\/span><\/p>\n<ul style=\"text-align: justify;\">Durante el curso acad\u00e9mico 2019-2020 se han celebrado seis seminarios y una mesa redonda organizadas por el Departamento de Contabilidad y el M\u00e1ster SIAC:\n<li>Seminarios <strong>\u00abLa pr\u00f3xima reforma del Plan General de Contabilidad 2020\u00bb<\/strong> y el <strong>\u00abEstado de informaci\u00f3n no financiera\u00bb<\/strong> impartido por D. Conrado Cea, Socio de PricewaterhouseCoopers, los d\u00edas 30 de octubre y 7 de noviembre.<\/li>\n<li>Seminario <strong>\u00abInvestigaci\u00f3n en Contabilidad y Sostenibilidad\u00bb<\/strong> impartido por el Profesor Carlos Larrinaga Gonz\u00e1lez, Catedr\u00e1tico de Econom\u00eda Financiera y Contabilidad de la Universidad de Burgos, el 12 de noviembre.<\/li>\n<li>Mesa Redonda sobre los <strong>\u00abPerfiles profesionales de la Contabilidad\u00bb<\/strong>, organizada por el Departamento de Contabilidad y el M\u00e1ster en Sistemas de Informaci\u00f3n y An\u00e1lisis Contable (SIAC), el 19 de noviembre.<\/li>\n<li>Seminario sobre <strong>\u00abInvestigaci\u00f3n en Contabilidad\u00bb<\/strong> impartido por la profesora D\u00f1a. Beatriz Garc\u00eda Osma, Catedr\u00e1tica de Econom\u00eda Financiera y Contabilidad de la Universidad Carlos III de Madrid, el 4 de diciembre.<\/li>\n<li>Seminario sobre <strong>\u00abLa NIIF 16. Arrendamientos desde la perspectiva de los arrendatarios\u00bb<\/strong> impartido por D. Horacio Molina S\u00e1nchez, director del Departamento de Econom\u00eda Financiera y Contabilidad de la Universidad Loyola Andaluc\u00eda, el 11 de diciembre.<\/li>\n<li>Seminario sobre <strong>\u00abInvestigaci\u00f3n en Contabilidad\u00bb<\/strong> impartido por D. Jacobo G\u00f3mez Conde, profesor de la Universidad Aut\u00f3noma de Madrid y Editor de la Revista Espa\u00f1ola de Financiaci\u00f3n y Contabilidad, el 2 de julio a trav\u00e9s de Microsoft Teams.<\/li>\n<\/ul>\n<p style=\"text-align: justify;\"><span style=\"color: #800000;\"><strong>S\u00c9PTIMO CICLO DE CONFERENCIAS (2018-2019)<\/strong><\/span><\/p>\nDurante el curso acad\u00e9mico 2018-2019 se han celebrado tres seminarios y dos mesas redondas organizadas por el Departamento de Contabilidad y el M\u00e1ster SIAC:\n<ul style=\"text-align: justify;\">\n<li>Seminario: <strong>\u201cLa Investigaci\u00f3n en Contabilidad\u201d<\/strong> a cargo de D. Bernardino Benito L\u00f3pez, Catedr\u00e1tico de Econom\u00eda Financiera y Contabilidad de la Universidad de Murcia y Director de Spanish Accounting Review (RC-SAR), el martes 4 de diciembre.<\/li>\n<li>Seminario <strong>\u00abPr\u00f3ximos cambios en la normativa contable &#8211; ejercicios 2019 y 2020\u00bb<\/strong> a cargo de D. Juan Manuel P\u00e9rez Iglesias, Sr. Subdirector General de Normalizaci\u00f3n y T\u00e9cnica Contable del ICAC, el lunes 10 de diciembre.<\/li>\n<li>Mesa Redonda <strong>\u00abPerfiles Profesionales de la Contabilidad\u00bb<\/strong> organizada por el Departamento de Contabilidad y el M\u00e1ster SIAC, contando con la colaboraci\u00f3n del Instituto de Censores Jurados de Cuentas de Espa\u00f1a y el patrocinio de Liberbank, el martes 11 de diciembre.<\/li>\n<li>Mesa Redonda <strong>\u00abPerfil Profesional del Auditor de Cuentas\u00bb<\/strong> organizada por el Departamento de Contabilidad y M\u00e1ster en Sistemas de Informaci\u00f3n y An\u00e1lisis Contable (SIAC), de la universidad de Oviedo con la colaboraci\u00f3n del Instituto de Censores Jurados de Cuentas de Espa\u00f1a, el jueves 4 de abril.<\/li>\n<li>Seminario <strong>\u00abInvestigaci\u00f3n en Contabilidad de Gesti\u00f3n\u00bb<\/strong> impartido por el Profesor David Naranjo Gil, Catedr\u00e1tico de Econom\u00eda Financiera y Contabilidad de la Universidad Pablo de Olavide de Sevilla, el mi\u00e9rcoles 29 de mayo.<\/li>\n<\/ul>\n<p style=\"text-align: justify;\"><span style=\"color: #800000;\"><strong>SEXTO CICLO DE CONFERENCIAS (2017-2018)<\/strong><\/span><\/p>\nDurante el curso 2017-2018 se han celebrado dos Mesas Redondas sobre Contabilidad y Auditor\u00eda, organizadas por el Departamento de Contabilidad y el M\u00e1ster SIAC, los d\u00edas 9 de Noviembre de 2017 y 26 de abril de 2018:\n<ul style=\"text-align: justify;\">\n<li>Mesa Redonda <strong>\u00abPerfiles profesionales en el campo de la Contabilidad\u00bb<\/strong>: d\u00eda 9 de noviembre de 2017, a las 12:30 horas, en el Sal\u00f3n de Grados de la facultad de Econom\u00eda y Empresa<\/li>\n<li>Mesa Redonda <strong>\u00abQuiero ser Auditor\u00bb<\/strong>: el d\u00eda 26 de abril de 2018, a las 12:30 horas, en el Sal\u00f3n de Grados de la Facultad de Econom\u00eda y Empresa<\/li>\n<\/ul>\n<p style=\"text-align: justify;\">La informaci\u00f3n referente a las mismas puede ser consultada en los siguientes enlaces: <a href=\"http:\/\/www.unioviedo.es\/mastersiac\/wp-content\/uploads\/2018\/06\/Programa-definitivo-Mesa-Redonda-SIAC_2017.pdf\"><span style=\"color: #003366;\"><strong>MESA REDONDA 1<\/strong><\/span><\/a> y<a href=\"http:\/\/www.unioviedo.es\/mastersiac\/wp-content\/uploads\/2018\/06\/Programa-Mesa-Redonda-SIAC_2018.pdf\"><strong><span style=\"color: #003366;\"> MESA REDONDA 2<\/span><\/strong><\/a><\/p>\n<p style=\"text-align: justify;\"><span style=\"color: #800000;\"><strong>QUINTO CICLO DE CONFERENCIAS (2016-2017)<\/strong><\/span><\/p>\nDurante el curso 2016-2017 se han celebrado dos Mesas Redondas sobre Contabilidad y Auditor\u00eda, organizadas por el Departamento de Contabilidad y el M\u00e1ster SIAC, los d\u00edas 11 y 18 de Noviembre de 2016:\n<ul style=\"text-align: justify;\">\n<li>Mesa Redonda <strong>\u00abExperiencias profesionales en el campo de la Contabilidad\u00bb<\/strong>: d\u00eda 11 de noviembre de 2016, a las 12:30 horas, en el Sal\u00f3n de Grados de la Facultad de Econom\u00eda y Empresa<\/li>\n<li>Mesa Redonda <strong>\u00abClaves e implicaciones de la nueva Ley de Auditor\u00eda de Cuentas\u00bb<\/strong>: d\u00eda 18 de noviembre de 2016, a las 12:30 horas, en el Sal\u00f3n de Grados de la Facultad de Econom\u00eda y Empresa.<\/li>\n<\/ul>\n<p style=\"text-align: justify;\">La informaci\u00f3n referente a las mismas est\u00e1 disponible en el siguiente <strong><span style=\"color: #000080;\"><a style=\"color: #000080;\" href=\"http:\/\/www.unioviedo.es\/mastersiac\/wp-content\/uploads\/2018\/06\/Programa-Mesas-Redondas-SIAC_2016.pdf\">ENLACE<\/a><\/span><\/strong><\/p>\n<p style=\"text-align: justify;\">\u00a0<\/p>\n<p style=\"text-align: justify;\"><span style=\"color: #800000;\"><strong>CUARTO CICLO DE CONFERENCIAS (2015-2016)<\/strong><\/span><\/p>\nDurante el curso acad\u00e9mico 2015-2016 se han organizado una conferencia y una mesa redonda con fecha a 19 de noviembre de 2015:\n<ul style=\"text-align: justify;\">\n<li>Conferencia de <strong>D\u00aa Ana Mar\u00eda Mart\u00ednez-Pina Garc\u00eda<\/strong>(Presidenta del Instituto de Contabilidad y Auditor\u00eda de Cuentas): a las 11:30 horas en el Sal\u00f3n de actos Fundaci\u00f3n Cajastur-Liberbank-Oviedo<\/li>\n<li>Mesa Redonda <strong>\u00abEl futuro de la auditor\u00eda de Cuentas\u00bb<\/strong>: a las 12:30 horas en el Sal\u00f3n de actos Fundaci\u00f3n Cajastur-Liberbank-Oviedo<\/li>\n<\/ul>\n<p style=\"text-align: justify;\">La informaci\u00f3n referente a las mismas est\u00e1 disponible en el siguiente <strong><span style=\"color: #000080;\"><a style=\"color: #000080;\" href=\"http:\/\/www.unioviedo.es\/mastersiac\/wp-content\/uploads\/2018\/06\/Programa-jornada-auditor\u00eda-19-11-2015.pdf\">ENLACE<\/a><\/span><\/strong><\/p>\n<p style=\"text-align: justify;\"><span style=\"color: #800000;\"><strong>TERCER CICLO DE CONFERENCIAS (2014-2015)<\/strong><\/span><\/p>\nAnte el \u00e9xito de anteriores ediciones, durante el curso 2012-2013 hemos decidido iniciar el 3er Ciclo de Conferencias del M\u00e1ster SIAC:\n<ul>\n<li>Conferencia de D\u00aa. Lizzi Peers (Senior Audit Manager y Miembro de la Audit Commission durante el periodo 1991-2012): d\u00eda 10 de mayo de 2013, a las 11:00 horas, en la Sala de Juntas de la Facultad de Econom\u00eda y Empresa<\/li>\n<\/ul>\n<p style=\"text-align: justify;\"><span style=\"color: #800000;\"><strong>SEGUNDO CICLO DE CONFERENCIAS (2011-2012)<\/strong><\/span><\/p>\nDurante el curso 2011-2012 hemos repetido la exitosa experiencia del curso anterior y hemos iniciado la 2\u00aa edici\u00f3n del Ciclo de Conferencias del M\u00e1ster SIAC:\n<ul>\n<li>Conferencia de D. Antonio Arias (S\u00edndico del Principado de Asturias): d\u00eda 1 de junio de 2012, a las 12:30 horas, en el Aula 02 de la Facultad de Econom\u00eda y Empresa<\/li>\n<li>Conferencia de D. Manuel Fueyo (Interventor COGERSA) y Santiago Fern\u00e1ndez (Gerente COGERSA): d\u00eda 22 de junio, 12:30 horas, Sal\u00f3n de Grados de la Facultad de Econom\u00eda y Empresa<\/li>\n<\/ul>\n<p style=\"text-align: justify;\"><span style=\"color: #800000;\"><strong>PRIMER CICLO DE CONFERENCIAS (2010-2011)<\/strong><\/span><\/p>\n<p style=\"text-align: justify;\">El curso 2010-2011 se puso en marcha un Ciclo de Conferencias en el seno del M\u00e1ster que pretend\u00eda completar la formaci\u00f3n ofertada en este T\u00edtulo con la visi\u00f3n profesional de un grupo de conferenciantes de reconocido prestigio.<\/p>\n<p style=\"text-align: justify;\">En el desarrollo de este Ciclo pudimos contar con la presencia de interventores, auditores, gestores p\u00fablicos y privados, que aportaron sus conocimientos y experiencia en muy diferentes \u00e1mbitos del mundo contable y financiero:<\/p>\n<ul style=\"text-align: justify;\">\n<li>Conferencia de D. Antonio Arias (Sindico del Principado de Asturias): D\u00eda 18 de marzo de 2011, a las 11:00 horas, en el Sal\u00f3n de Grados de la Facultad de Econom\u00eda y Empresa<\/li>\n<li>Conferencia de D. Manuel Fueyo Bros (Interventor de COGERSA) y D. Santiago Fern\u00e1ndez Fern\u00e1ndez (Gerente de COGERSA): D\u00eda 29 de abril de 2011, a las 12:00 horas, en el Aula Herbert Simon (Facultad de Econom\u00eda y Empresa)<\/li>\n<li>Conferencia de D. Iv\u00e1n Arrizabalaga Getino (Responsable de la Divisi\u00f3n de E-business Inform\u00e1tica El Corte Ingl\u00e9s): D\u00eda 12 de mayo de 2011, a las 12:00 horas, en el Aula Herbert Simon (Facultad de Econom\u00eda y Empresa)<\/li>\n<li>Conferencia de D\u00aa. Mar\u00eda Jes\u00fas Garc\u00eda de la Fuente(Subdirectora de gesti\u00f3n econ\u00f3mico-financiera del Hospital Central de Asturias): D\u00eda 3 de junio de 2011, a las 12:00 horas, en el Aula Herbert Simon (Facultad de Econom\u00eda y Empresa)<\/li>\n<\/ul>\n<\/div>\n","protected":false},"excerpt":{"rendered":"<p>DUOD\u00c9CIMO CICLO DE CONFERENCIAS (2023-2024) Durante el curso acad\u00e9mico 2023-2024 se han celebrado una mesa redonda y cuatro conferencias organizadas conjuntamente por el Departamento de Contabilidad y el M\u00e1ster SIAC: Conferencia \u00abEl cambio de paradigma en la gesti\u00f3n empresarial derivado de la Inteligencia Artificial\u00bb, impartida por D. Diego J. Bodas Sagi, Director de Inteligencia Artificial &hellip; <\/p>\n<p class=\"link-more\"><a href=\"https:\/\/www.unioviedo.es\/mastersiac\/index.php\/ciclos-de-conferencias\/\" class=\"more-link\">Continuar leyendo<span class=\"screen-reader-text\"> \u00ab<!Ciclos de conferencias>\u00ab<\/span><\/a><\/p>\n","protected":false},"author":1,"featured_media":168,"parent":0,"menu_order":0,"comment_status":"closed","ping_status":"closed","template":"","meta":{"footnotes":""},"class_list":["post-167","page","type-page","status-publish","has-post-thumbnail","hentry"],"_links":{"self":[{"href":"https:\/\/www.unioviedo.es\/mastersiac\/index.php\/wp-json\/wp\/v2\/pages\/167","targetHints":{"allow":["GET"]}}],"collection":[{"href":"https:\/\/www.unioviedo.es\/mastersiac\/index.php\/wp-json\/wp\/v2\/pages"}],"about":[{"href":"https:\/\/www.unioviedo.es\/mastersiac\/index.php\/wp-json\/wp\/v2\/types\/page"}],"author":[{"embeddable":true,"href":"https:\/\/www.unioviedo.es\/mastersiac\/index.php\/wp-json\/wp\/v2\/users\/1"}],"replies":[{"embeddable":true,"href":"https:\/\/www.unioviedo.es\/mastersiac\/index.php\/wp-json\/wp\/v2\/comments?post=167"}],"version-history":[{"count":34,"href":"https:\/\/www.unioviedo.es\/mastersiac\/index.php\/wp-json\/wp\/v2\/pages\/167\/revisions"}],"predecessor-version":[{"id":1173,"href":"https:\/\/www.unioviedo.es\/mastersiac\/index.php\/wp-json\/wp\/v2\/pages\/167\/revisions\/1173"}],"wp:featuredmedia":[{"embeddable":true,"href":"https:\/\/www.unioviedo.es\/mastersiac\/index.php\/wp-json\/wp\/v2\/media\/168"}],"wp:attachment":[{"href":"https:\/\/www.unioviedo.es\/mastersiac\/index.php\/wp-json\/wp\/v2\/media?parent=167"}],"curies":[{"name":"wp","href":"https:\/\/api.w.org\/{rel}","templated":true}]}}