{"id":1446,"date":"2016-10-26T13:18:17","date_gmt":"2016-10-26T11:18:17","guid":{"rendered":"http:\/\/www.unioviedo.es\/promebi\/?page_id=1446"},"modified":"2018-04-11T16:48:02","modified_gmt":"2018-04-11T14:48:02","slug":"congresos","status":"publish","type":"page","link":"https:\/\/www.unioviedo.es\/promebi\/investigacion\/congresos\/","title":{"rendered":"Congresos"},"content":{"rendered":"<h1 style=\"text-align: justify;\"><img loading=\"lazy\" decoding=\"async\" class=\"alignnone size-full wp-image-774\" src=\"http:\/\/www.unioviedo.es\/promebi\/wp-content\/uploads\/2016\/01\/promebi_congresos.jpg\" alt=\"Promebi congresos\" width=\"1000\" height=\"560\" srcset=\"https:\/\/www.unioviedo.es\/promebi\/wp-content\/uploads\/2016\/01\/promebi_congresos.jpg 1000w, https:\/\/www.unioviedo.es\/promebi\/wp-content\/uploads\/2016\/01\/promebi_congresos-300x168.jpg 300w, https:\/\/www.unioviedo.es\/promebi\/wp-content\/uploads\/2016\/01\/promebi_congresos-768x430.jpg 768w, https:\/\/www.unioviedo.es\/promebi\/wp-content\/uploads\/2016\/01\/promebi_congresos-750x420.jpg 750w\" sizes=\"auto, (max-width: 1000px) 100vw, 1000px\" \/><\/h1>\n<h1 style=\"text-align: justify;\">2017<\/h1>\n<ul>\n<li>CUETO, B; RODR\u00cdGUEZ, V y GUTI\u00c9RREZ, R: \u201cAttitudes towards Entrepreneurship among Spanish Youth. to Wish or to Be?\u201d. Comunicaci\u00f3n presentada en Society for the Advancement of Socio-Economics 29th Annual Conference. Organiza Society for the Advancement of Socio-Economics. Lyon (Francia), 30 de junio-2 de julio de 2017.<\/li>\n<li>GONZ\u00c1LEZ BEGEGA, S. y GUILL\u00c9N, A.M. \u00abLabour Market and Welfare Reform in Germany and Southern Europe. Walking in Others&#8217; Shoes?\u00bb. 28th SASE Conference. Organiza: Society for the Advancement of Socio-Economics. Lyon (Francia), 19 de Junio de 2017.<\/li>\n<li>GONZ\u00c1LEZ-BEGEGA, S., GUILL\u00c9N, A.M. y ALONSO-DOM\u00cdNGUEZ, A. : \u201cNarratives and discourses behind the 2010 and 2012 labour markets reforms in Spain. Europe as an authoritative resource\u201d . Comunicaci\u00f3n presentada en la 15th Annual ESPAnet Conference 2017 Lisboa. ESPAnet Europe. Lisboa, 14-16 de Septiembre de 2017. <a href=\"http:\/\/espanetlisbon2017.eu\/programme\/\">http:\/\/espanetlisbon2017.eu\/programme\/ <\/a><\/li>\n<li>GONZ\u00c1LEZ MEN\u00c9NDEZ, M.C. y TEJERO, A. \u00abFormaci\u00f3n Profesional Dual en Asturias: innovaci\u00f3n y concertaci\u00f3n social\u00bb.\u00a0Comunicaci\u00f3n presentada en el VI Congreso de la Red Espa\u00f1ola de Pol\u00edtica Social (REPS). Organiza:\u00a0REPS y Universidad Pablo de Olavide. Sevilla, 16 y 17 de febrero de 2017.\u00a0<a href=\"http:\/\/reps-sevilla.com\/wp-content\/uploads\/2016\/05\/ok-Organizaci%E2%96%8Cn-Panel-2.1-Empleo.pdf\">http:\/\/reps-sevilla.com\/wp-content\/uploads\/2016\/05\/ok-Organizaci%E2%96%8Cn-Panel-2.1-Empleo.pdf\u00a0<\/a><\/li>\n<li>GUILL\u00c9N, A.M. \u201cEl reto de la globalizaci\u00f3n: cr\u00edtica, reforma y pervivencia del Modelo Social Europeo\u201d. Sesi\u00f3n plenaria presentada en la Conferencia Internacional: El Modelo Social Europeo y Am\u00e9rica Latina. Instituto de Estudios Europeos. Universidad del Norte, Barranquilla, 25 Octubre 2017.<\/li>\n<li>GUILL\u00c9N, A. M. y DOBLYTE, S. \u00abAccess Compromised? The Impact of Healthcare reforms under Austerity in Lithuania and Spain\u00bb. Comunicaci\u00f3n presentada (como\u00a0\u00a0Jean\u00a0Monnet Fellow) en la\u00a0Annual Conference\u00a0of the Research Committee on Poverty, Social Welfare and Social Policy (RC19,\u00a0ISA), Chapel Hill (USA), 22-24 de junio de 2017.<\/li>\n<li>GUILL\u00c9N, A. M. y DOBLYTE, S. \u00abAccess Compromised? The Impact of Healthcare reforms under Austerity in Lithuania and Spain\u00bb. Comunicaci\u00f3n presentada en la\u00a0Mid-term\u00a0Conference of Research Network 27 \u201cSouthern European Societies\u201d (ESA). C\u00f3rdoba (Spain), 19-21 de abril de 2017.<\/li>\n<li>GUILL\u00c9N, A. M. y DOBLYTE, S. \u00abAccess Compromised? The Impact of Healthcare reforms under Austerity in Lithuania and Spain\u00bb. Comunicaci\u00f3n presentada en\u00a0NordWel Summer\u00a0School \u201cState, Society &amp; Citizen \u2013 Cross-disciplinary Perspectives on\u00a0Welfare State Development\u201d. Roma (Italy), 12-16 de junio de 2017.<\/li>\n<li>GUILL\u00c9N, A.M., GONZ\u00c1LEZ BEGEGA, S. and ALONSO DOM\u00cdNGUEZ, A. \u00abEurope as an authoritative resource. Reforming the labour market in Spain under Austerity\u00bb. 24th International Conference of Europeanists (PanelSession, Democracy Under Pressure: Labour Reforms in Times of Crisis). Organiza: CES. Glasgow (UK), 13 de Julio de 2017\u00a0<a href=\"https:\/\/councilforeuropeanstudies.org\/files\/Conferences\/Glasgow_Print_Program_Final_web.pdf\">https:\/\/councilforeuropeanstudies.org\/files\/Conferences\/Glasgow_Print_Program_Final_web.pdf<\/a><\/li>\n<li>GUTI\u00c9RREZ, R. y TEJERO, A. \u00abCronicidad de la pobreza y mercado de trabajo. Antes y despu\u00e9s de la crisis en Espa\u00f1a\u00bb.\u00a0Comunicaci\u00f3n presentada en el VI Congreso de la Red Espa\u00f1ola de Pol\u00edtica Social (REPS). Organiza:\u00a0REPS y Universidad Pablo de Olavide. Sevilla, 16 y 17 de febrero de 2017.\u00a0<a href=\"http:\/\/reps-sevilla.com\/wp-content\/uploads\/2016\/05\/OK-Organizacio%E2%96%8C%D0%91n-Panel-7.2a-Y-7.2b-Pobreza.pdf\">http:\/\/reps-sevilla.com\/wp-content\/uploads\/2016\/05\/OK-Organizaci%E2%96%8Cn-Panel-11.1-Discapacidad.docx.pdf\u00a0<\/a><\/li>\n<li>L\u00d3PEZ, F. Y CUETO, B.: \u201cEvaluaci\u00f3n del contrato de formaci\u00f3n y aprendizaje en Espa\u00f1a\u201d. Comunicaci\u00f3n presentada en el XXIV Encuentro de Econom\u00eda P\u00fablica. Organiza: Universidad de Castilla La Mancha y Comisi\u00f3n Europea. Toledo (Espa\u00f1a), 26-27 enero 2017. https:\/\/dialnet.unirioja.es\/servlet\/articulo?codigo=6121575<\/li>\n<li>LUQUE BALBONA, D. y GUILL\u00c9N, A.M. \u00abFamily and welfare in the post-industrial era. New social risks in Spain and Italy\u00bb.\u00a0Comunicaci\u00f3n presentada en el VI Congreso de la Red Espa\u00f1ola de Pol\u00edtica Social (REPS). Organiza:\u00a0REPS y Universidad Pablo de Olavide. Sevilla, 16 y 17 de febrero de 2017.\u00a0<a href=\"http:\/\/reps-sevilla.com\/wp-content\/uploads\/2016\/05\/OK-Organizaci%E2%96%8Cn-Panel-5.1-Familia.pdf\">http:\/\/reps-sevilla.com\/wp-content\/uploads\/2016\/05\/OK-Organizaci%E2%96%8Cn-Panel-5.1-Familia.pdf<\/a><\/li>\n<li>LUQUE BALBONA, D. y GUILL\u00c9N, A.M. \u00abWelfare in the post-industrial era. New social risks in Spain and Italy\u00bb. Comunicaci\u00f3n presentada en\u00a0XV Annual Espanet Conference. Lisboa, 14-16 de septiembre de 2017.<\/li>\n<li>MART\u00cdNEZ MART\u00cdN, M.I., GUILL\u00d3 RODR\u00cdGUEZ, N, SANTERO S\u00c1NCHEZ, R., RODR\u00cdGUEZ \u00c1LVAREZ, V. Y C\u00c1MARA S\u00c1NCHEZ, A: \u201cElementos diferenciales del empleo de las personas con discapacidad en Espa\u00f1a\u201d. Comunicaci\u00f3n presentada en el Congreso Retos del empleo de las personas con discapacidad. Organiza: Madrid sin barreras: discapacidad e inclusi\u00f3n social y Universidad Pontificia de Comillas. Madrid (Espa\u00f1a). 23 y 24 de noviembre de 2017<\/li>\n<li>PRUNEDA, G. \u201c<span style=\"font-size: medium;\">The\u00a0<\/span><span style=\"font-size: medium;\"><i>black box<\/i><\/span><span style=\"font-size: medium;\">\u00a0of HRM: the moderating role of social exchange in the relationships between high-performance work practices and job satisfaction\u201d. Comunicaci\u00f3n presentada en<\/span><span style=\"font-size: medium;\"><span lang=\"en-US\">\u00a0SASE 29th Annual Conference. Organiza: Society for the Advancement of Socio-Economics (SASE) y Universidad Claude Bernard Lyon 1.\u00a0<\/span><\/span><span style=\"font-size: medium;\"><span lang=\"es\">Lyon (Francia), 29 de junio-1 de julio de 2017.\u00a0<\/span><\/span><span style=\"font-size: medium;\"><span id=\"LPlnk452602\" lang=\"es\"><a id=\"LPlnk452602\" href=\"https:\/\/sase.confex.com\/sase\/2017\/meetingapp.cgi\/Paper\/6768\" target=\"_blank\" rel=\"noopener noreferrer\">https:\/\/sase.confex.com\/sase\/2017\/meetingapp.cgi\/Paper\/6768<\/a><\/span><\/span><\/li>\n<li>PRUNEDA, G. \u201c<span style=\"font-size: medium;\">Can high-performance work practices offset the loss of job security?\u201d. Comunicaci\u00f3n presentada en<\/span><span style=\"font-size: medium;\"><span lang=\"en-US\">\u00a0SASE 29th Annual Conference. Organiza: Society for the Advancement of Socio-Economics (SASE) y Universidad Claude Bernard Lyon 1.\u00a0<\/span><\/span><span style=\"font-size: medium;\"><span lang=\"es\">Lyon (Francia), 29 de junio-1 de julio de 2017.\u00a0<\/span><\/span><a id=\"LPlnk863914\" href=\"https:\/\/sase.confex.com\/sase\/2017\/meetingapp.cgi\/Paper\/7700\" target=\"_blank\" rel=\"noopener noreferrer\"><span style=\"font-size: medium;\"><span id=\"LPlnk863914\" lang=\"es\">https:\/\/sase.confex.com\/sase\/2017\/meetingapp.cgi\/Paper\/7700<\/span><\/span><\/a><\/li>\n<li>RODR\u00cdGUEZ, V.: \u201cCaracterizaci\u00f3n del empleo de las personas con discapacidad a partir de la MCV\u201dL. Ponencia presentada en el Congreso Retos del empleo de las personas con discapacidad. Organiza: Madrid sin barreras: discapacidad e inclusi\u00f3n social y Universidad Pontificia de Comillas. Madrid (Espa\u00f1a). 23 y 24 de noviembre de 2017<\/li>\n<li>RODR\u00cdGUEZ, V. \u00abSalarios\u00a0y crisis, \u00bfqu\u00e9 ha ocurrido con las personas con discapacidad?\u00bb. Comunicaci\u00f3n presentada en el VI Congreso de la Red Espa\u00f1ola de Pol\u00edtica Social (REPS). Organiza:\u00a0REPS y Universidad Pablo de Olavide. Sevilla, 16 y 17 de febrero de 2017.\u00a0<a href=\"http:\/\/reps-sevilla.com\/wp-content\/uploads\/2016\/05\/OK-Organizaci%E2%96%8Cn-Panel-11.1-Discapacidad.docx.pdf\">http:\/\/reps-sevilla.com\/wp-content\/uploads\/2016\/05\/OK-Organizaci%E2%96%8Cn-Panel-11.1-Discapacidad.docx.pdf \u00a0<\/a><\/li>\n<li>RODR\u00cdGUEZ, V. y CUETO, B: \u201cD\u00e1ndole una nueva vuelta a la pensi\u00f3n de viudedad en Espa\u00f1a: \u00bfse compatibiliza con el empleo?\u201d. Comunicaci\u00f3n presentada en las XII Jornadas de Econom\u00eda Laboral. Organiza: Asociaci\u00f3n Espa\u00f1ola de Econom\u00eda del Trabajo. Valladolid (Espa\u00f1a), 5-7 de julio de 2017.<\/li>\n<li>SU\u00c1REZ, T. \u201cInmigraci\u00f3n, alimentaci\u00f3n y salud; la percepci\u00f3n de la dieta saludable entre los inmigrantes musulmanes en Espa\u00f1a\u201d. Comunicaci\u00f3n presentada en el VIII Congreso sobre Migraciones Internacionales. Organiza: Instituto de Migraciones de la Universidad de Granada. Granada, 16-18 de septiembre de 2015.<\/li>\n<li>SU\u00c1REZ, T. (2016). \u201cEl enigma de la derecha radical populista: \u00e9xito europeo pero fracaso espa\u00f1ol\u201d. Comunicaci\u00f3n presentada en el XII Congreso Espa\u00f1ol de Sociolog\u00eda. Organiza: Federaci\u00f3n Espa\u00f1ola de Sociolog\u00eda y Asociaci\u00f3n Asturiana de Sociolog\u00eda. Gij\u00f3n, 30 de junio, 1 y 2 de julio de 2016.<\/li>\n<li>SU\u00c1REZ, T. (2017). \u201cAn\u00e1lisis te\u00f3rico del concepto de integraci\u00f3n: aproximaciones para el an\u00e1lisis de la integraci\u00f3n de la segunda generaci\u00f3n de inmigrantes musulmanes\u201d. Comunicaci\u00f3n presentada en el Congreso Mid-term Conference 2017 \u201cThe uses of Sociological Knowledge: Challenges and Dilemmas for Southern European Sociology\u201d. Organiza: European Sociological Association, Federaci\u00f3n Espa\u00f1ola de Sociolog\u00eda e Instituto de Estudios Sociales Avanzados. C\u00f3rdoba, 19-21 de abril de 2017.<\/li>\n<li>SU\u00c1REZ, T. (2017). \u201cSociocultural Integration of Second-Generation Muslims in Spain.\u201d Comunicaci\u00f3n presentada en el X Summer Seminar on Sociological and Political Research. Organiza: Real Colegio Complutense Harvard University y Centro de Investigaciones Sociol\u00f3gicas. Cambridge, Massachusetts, USA. 7-11 August 2017.<\/li>\n<li>VAN DEN BROEK, H. y SU\u00c1REZ, T. (2016). \u201cIslam\u00f3fobos, islamistas e identidades culturales. El antagonismo simbi\u00f3tico entre extremistas\u201d. Comunicaci\u00f3n presentada en el XII Congreso Espa\u00f1ol de Sociolog\u00eda. Organiza: Federaci\u00f3n Espa\u00f1ola de Sociolog\u00eda y Asociaci\u00f3n Asturiana de Sociolog\u00eda. Gij\u00f3n, 30 de junio, 1 y 2 de julio de 2016.<\/li>\n<\/ul>\n<h1 style=\"text-align: justify;\">2016<\/h1>\n<ul>\n<li>ALONSO-DOM\u00cdNGUEZ, A., GARC\u00cdA \u2013ESPEJO, I, y GUTI\u00c9RREZ-PALACIOS, R. \u201cAprendizaje interactivo en un contexto low-tech: formaci\u00f3n profesional e innovaci\u00f3n en el caso de Asturias\u201d. Comunicaci\u00f3n presentada en el XII Congreso Espa\u00f1ol de Sociolog\u00eda. Organiza: Federaci\u00f3n Espa\u00f1ola de Sociolog\u00eda, Asociaci\u00f3n Asturiana de Sociolog\u00eda. Gij\u00f3n, 29 de junio, 1 y 2 de julio de 2016. <a href=\"http:\/\/fes-sociologia.com\/aprendizaje-interactivo-en-un-contexto-low-tech-formacion-profesiona\/congress-papers\/1919\/\">http:\/\/fes-sociologia.com\/aprendizaje-interactivo-en-un-contexto-low-tech-formacion-profesiona\/congress-papers\/1919\/<\/a><\/li>\n<li>ALONSO-DOM\u00cdNGUEZ, A., GONZ\u00c1LEZ-FERN\u00c1NDEZ, A. y EGUREN-ADRI\u00c1N, N . \u201cEstrategias de actuaci\u00f3n para potenciar la profesi\u00f3n sociol\u00f3gica en el \u00e1mbito del Principado de Asturias\u201d. Comunicaci\u00f3n presentada en el XII Congreso Espa\u00f1ol de Sociolog\u00eda. Organiza: Federaci\u00f3n Espa\u00f1ola de Sociolog\u00eda, Asociaci\u00f3n Asturiana de Sociolog\u00eda. Gij\u00f3n, 29 de Junio, 1 y 2 de Julio de 2016. <a href=\"http:\/\/fes-sociologia.com\/estrategias-de-actuacion-para-potenciar-la-profesion-sociologica-en\/congress-papers\/2213\/\">http:\/\/fes-sociologia.com\/estrategias-de-actuacion-para-potenciar-la-profesion-sociologica-en\/congress-papers\/2213\/<\/a><\/li>\n<li>ARANEA, M. \u201c&#8217;Extractivismo versus Buen Vivir\u201d. Comunicaci\u00f3n presentada en el II Congreso Internacional: Los Territorios discursivos en Am\u00e9rica Latina. Quito (Ecuador), 2-14 de septiembre de 2016.<\/li>\n<li>ARANEA, M. \u201cRelaciones laborales en la empresa europea: el papel de la identidad colectiva en el caso de Allianz SE\u201d. Comunicaci\u00f3n presentada en el XII Congreso Espa\u00f1ol de Sociolog\u00eda. Organiza: Federaci\u00f3n Espa\u00f1ola de Sociolog\u00eda y Asociaci\u00f3n Asturiana de Sociolog\u00eda. Gij\u00f3n (Espa\u00f1a), 30 de junio-2 de julio de 2016.<\/li>\n<li>BERM\u00daDEZ, T. y ALONSO-DOM\u00cdNGUEZ, A. \u201cLos servicios de ocio como medio para afrontar la alienaci\u00f3n y la deshumanizaci\u00f3n en los ingresos hospitalarios\u201d. Comunicaci\u00f3n presentada en el XII Congreso Espa\u00f1ol de Sociolog\u00eda. Organiza: Federaci\u00f3n Espa\u00f1ola de Sociolog\u00eda, Asociaci\u00f3n Asturiana de Sociolog\u00eda. Gij\u00f3n, 29 de Junio, 1 y 2 de Julio de 2016. <a href=\"http:\/\/fes-sociologia.com\/los-servicios-de-ocio-como-medio-para-afrontar-la-alienacion-y-la-des\/congress-papers\/2294\/\">http:\/\/fes-sociologia.com\/los-servicios-de-ocio-como-medio-para-afrontar-la-alienacion-y-la-des\/congress-papers\/2294\/<\/a><\/li>\n<li>CALLEJA, J.P. \u201cEl poder sindical en Espa\u00f1a. Estrategias y perspectivas para su recuperaci\u00f3n\u201d. Comunicaci\u00f3n presentada en el XII Congreso Espa\u00f1ol de Sociolog\u00eda. Organiza: Federaci\u00f3n Espa\u00f1ola de Sociolog\u00eda, Asociaci\u00f3n Asturiana de Sociolog\u00eda. Gij\u00f3n (Asturias), 29 de Junio, 1 y 2 de Julio de 2016.<\/li>\n<li>CALLEJA, J.P. \u201cEstrategias para la recuperaci\u00f3n del poder sindical en Espa\u00f1a\u201d. Comunicaci\u00f3n presentada en el II Encuentro de Profesionales del Asesoramiento Laboral y Social. Organiza: Universidad del Pa\u00eds Vasco. Bilbao (Pa\u00eds Vasco), 29-30 de septiembre de 2016.<\/li>\n<li>GONZ\u00c1LEZ BEGEGA, S. y K\u00d6HLER, H-D. \u201cDeslocalizaci\u00f3n y micro-resistencias laborales en la crisis. El caso de Tenneco-Gij\u00f3n\u201d. Comunicaci\u00f3n presentada en el XII Congreso Espa\u00f1ol de Sociolog\u00eda. Organiza: Federaci\u00f3n Espa\u00f1ola de Sociolog\u00eda y Asociaci\u00f3n Asturiana de Sociolog\u00eda. Gij\u00f3n (Espa\u00f1a), 30 de junio-2 de julio de 2016.<\/li>\n<li>GONZ\u00c1LEZ-MEN\u00c9NDEZ, M. y TEJERO, A. \u201cConcertaci\u00f3n y pol\u00edticas de Formaci\u00f3n Profesional Dual. El caso de Asturias\u201d. Comunicaci\u00f3n presentada en el XII Congreso Nacional de Sociolog\u00eda. Organiza: Asociaci\u00f3n Asturiana de Sociolog\u00eda y Federaci\u00f3n Espa\u00f1ola de Sociolog\u00eda. Gij\u00f3n (Espa\u00f1a), 30 de junio-2 de julio de 2016.<\/li>\n<li>GONZ\u00c1LEZ-MEN\u00c9NDEZ, M. y TEJERO, A. \u201cYouth Employment Policy Experimentation in Spain\u201d. Comunicaci\u00f3n presentada en ASE 28th Annual Conference: Moral Economies, Economic Moralities. Organiza: Society for the Advancement of Socio-Economics (SASE) and University of California Berkeley. San Francisco (EEUU). 24-26 de junio de 2016.<\/li>\n<li>GUILL\u00c9N, A.M. y LUQUE, D. \u201cAdjusting to the Post-Industrial Era: How Have the Spanish and Italian Welfare States Performed?\u201d. Comunicaci\u00f3n presentada en la 23<sup>rd<\/sup> International Conference of Europeanists. Organiza: Council for European Studies at Columbia University. Filadelfia (EEUU), 14-16 abril 2016.<\/li>\n<li>GUILL\u00c9N, A.M. y LUQUE, D. \u201cAdjusting to the Post-Industrial Era: How Have the Spanish and Italian Welfare States Performed?\u201d. Comunicaci\u00f3n presentada en el XII Congreso Espa\u00f1ol de Sociolog\u00eda. Organiza: Federaci\u00f3n Espa\u00f1ola de Sociolog\u00eda, Asociaci\u00f3n Asturiana de Sociolog\u00eda. Gij\u00f3n (Asturias), 29 de Junio, 1 y 2 de Julio de 2016.<\/li>\n<li>GUTI\u00c9RREZ, R. \u201cAn\u00e1lisis de la estructura social de Espa\u00f1a\u201d. Simposium del XII Congreso Espa\u00f1ol de Sociolog\u00eda. Organiza: Federaci\u00f3n Espa\u00f1ola de Sociolog\u00eda, Asociaci\u00f3n Asturiana de Sociolog\u00eda y Universidad de Oviedo (Departamento de Sociolog\u00eda). Gij\u00f3n (Asturias), 29 de Junio, 1 y 2 de Julio de 2016.<\/li>\n<li>GUTI\u00c9RREZ, R. \u201cEl declive de las clases medias \u00bfrealidad o mito\u201d. Ponencia presentada en el Colegio Libre de Em\u00e9ritos-Caixaforum. Madrid, 19 de abril de 2016.<\/li>\n<li>GUTI\u00c9RREZ, R. \u201cIn-work poverty in Europe: profiles and drivers\u201d. Ponencia invitada en el <em>International Seminar on Making Work Pay<\/em>. Organiza: Social Situation Monitor-European Commission. Bruselas (B\u00e9lgica), 14 de mayo de 2016.<\/li>\n<li>GUTI\u00c9RREZ, R. \u201cWhat prospects to escape low-wage based economic growth in Spain and Italy?\u201d. Comunicaci\u00f3n presentada en la 23<sup>rd<\/sup> International Conference of Europeanists. Organiza: Council for European Studies at Columbia University. Filadelfia (EEUU), 14-16 abril 2016.<\/li>\n<li>GUTI\u00c9RREZ, R., GONZ\u00c1LEZ, M. y RODR\u00cdGUEZ, V. \u201cReforming VET Policies duringthe Crisis in Spain: What Mix of Policy Learning and Policy Transfer?\u201d. Comunicaci\u00f3n presentada en la 23<sup>rd<\/sup> International Conference of Europeanists. Organiza: Council for European Studies at Columbia University. Filadelfia (EEUU), 14-16 abril 2016.<\/li>\n<li>K\u00d6HLER, H-D\u00a0y GONZ\u00c1LEZ BEGEGA, S. \u201cDeslocalizaci\u00f3n y micro-resistencias laborales en la crisis. El caso de Tenneco-Gij\u00f3n\u201d. Comunicaci\u00f3n presentada en el XII Congreso Espa\u00f1ol de Sociolog\u00eda. Organiza: Federaci\u00f3n Espa\u00f1ola de Sociolog\u00eda, Asociaci\u00f3n Asturiana de Sociolog\u00eda y Universidad de Oviedo (Departamento de Sociolog\u00eda). Gij\u00f3n (Asturias), 29 de Junio, 1 y 2 de Julio de 2016.<\/li>\n<li>LUQUE BALBONA, D. y GONZ\u00c1LEZ BEGEGA, S. \u201cEl ciclo de protestas anti-austeridad en Espa\u00f1a (2010-2014). Sindicatos, coaliciones y estrategias\u201d. Comunicaci\u00f3n presentada en el XII Congreso Espa\u00f1ol de Sociolog\u00eda. Organiza: Federaci\u00f3n Espa\u00f1ola de Sociolog\u00eda y Asociaci\u00f3n Asturiana de Sociolog\u00eda. Gij\u00f3n (Espa\u00f1a), 30 de junio-2 de julio de 2016.<\/li>\n<li>PAVOLINI, E., GUILL\u00c9N, A.M. y LE\u00d3N, M. \u201cReforming the Italian and Spanish Welfare States during the Crisis: What Politics behind Policies?\u201d. Comunicaci\u00f3n presentada en la 23<sup>rd<\/sup> International Conference of Europeanists. Organiza: Council for European Studies at Columbia University. Filadelfia (EEUU), 14-16 abril 2016.<\/li>\n<li>PRUNEDA, G. \u201cNuevas formas de gesti\u00f3n de personal y satisfacci\u00f3n laboral de los trabajadores en Espa\u00f1a\u201d. Comunicaci\u00f3n presentada en el XII Congreso Espa\u00f1ol de Sociolog\u00eda. Organiza: Federaci\u00f3n Espa\u00f1ola de Sociolog\u00eda, Asociaci\u00f3n Asturiana de Sociolog\u00eda y Universidad de Oviedo (Departamento de Sociolog\u00eda). Gij\u00f3n (Asturias), 30 de Junio, 1 y 2 de Julio de 2016.<\/li>\n<li>RODR\u00cdGUEZ, V. \u201c\u00bfQu\u00e9 ha ocurrido con los ingresos salariales de las personas con discapacidad durante la crisis?\u201d. Comunicaci\u00f3n presentada en el XII Congreso Espa\u00f1ol de Sociolog\u00eda. Organiza: Federaci\u00f3n Espa\u00f1ola de Sociolog\u00eda y Asociaci\u00f3n Asturiana de Sociolog\u00eda. Gij\u00f3n (Espa\u00f1a), 30 de junio-2 de julio de 2016.<\/li>\n<li>RODR\u00cdGUEZ, V. \u201c\u00bfQu\u00e9 ha ocurrido con los ingresos salariales de las personas con discapacidad durante la crisis?\u201d. Comunicaci\u00f3n presentada en el XII Congreso Espa\u00f1ol de Sociolog\u00eda. Organiza: Federaci\u00f3n Espa\u00f1ola de Sociolog\u00eda, Asociaci\u00f3n Asturiana de Sociolog\u00eda. Gij\u00f3n (Asturias), 29 de Junio, 1 y 2 de Julio de 2016.<\/li>\n<li>SU\u00c1REZ FERN\u00c1NDEZ, T. Y VAN DER BROEK, H. \u201cEl enigma de la derecha radical populista: \u00e9xito europeo pero fracaso espa\u00f1ol\u201d. Comunicaci\u00f3n presentada en el XII Congreso Espa\u00f1ol de Sociolog\u00eda. Organiza: Federaci\u00f3n Espa\u00f1ola de Sociolog\u00eda, Asociaci\u00f3n Asturiana de Sociolog\u00eda y Universidad de Oviedo (Departamento de Sociolog\u00eda). Gij\u00f3n (Asturias), 29 de Junio, 1 y 2 de Julio de 2016.<\/li>\n<li>SU\u00c1REZ, T. \u201cSocio-cultural Integration of Second Generation Muslim Immigrants\u201d. Comunicaci\u00f3n presentada en el First PROMEBI Summer School \u2018Social Research on Employment and Welfare Interactions\u2019. Organiza: Departamento de Sociolog\u00eda (Univesridad de Oviedo). Oviedo (Asturias), 4-8 de julio de 2016.<\/li>\n<li>TEJERO, A. \u00abIn-work poverty dynamics in three European countries\u201d. Comunicaci\u00f3n presentada al First PROMEBI Summer School on Social Research on Employment and Welfare Interactions. Organiza: Departamento de Sociolog\u00eda (Universidad de Oviedo). Oviedo, 4-8 de julio de 2016.<\/li>\n<li>TEJERO, A. y GUTI\u00c9RREZ, R. \u201cCronicidad de la pobreza en Espa\u00f1a: Antes y despu\u00e9s de la Crisis\u201d. Comunicaci\u00f3n presentada en el XII Congreso Nacional de Sociolog\u00eda. Organiza: Asociaci\u00f3n Asturiana de Sociolog\u00eda y Federaci\u00f3n Espa\u00f1ola de Sociolog\u00eda. Gij\u00f3n (Espa\u00f1a), 30 de junio-2 de julio de 2016.<\/li>\n<li>VESAN, P., GONZ\u00c1LEZ-MEN\u00c9NDEZ, M.C., CUETO, B. y TEJERO, A. \u201cThe Youth Guarantee in Italy and Spain: Policy Design, Governance Innovations and Limits\u201d. Comunicaci\u00f3n presentada en SASE Annual Meeting. Organiza: Society for the Advancement of the Socio-Economics (SASE). Filadelfia (EEUU), 14 de abril de 2016.<\/li>\n<\/ul>\n<h1 style=\"text-align: justify;\">2015<\/h1>\n<ul style=\"text-align: justify;\">\n<li>ARANEA, M. \u00abEuropean Framework Agreements as tools to enhance social dialogue in transnational companies: the case of ArcelorMittal in Spain\u00bb. Comunicaci\u00f3n presentada en &#8217;17th World Economy Meeting&#8217;. Gij\u00f3n (Espa\u00f1a), 3-5 de junio de 2015.<\/li>\n<li>ARANEA, M., ADASCALITEI, D. y LAFUENTE, S. \u201cFrom national to local: the decentralization of employment relations in Rumania and Spain during the crisis\u201d. Comunicaci\u00f3n presentada en la International CRIMT Conference. Montr\u00e9al (Canada), 23-24 de mayo de 2015<\/li>\n<li>CALLEJA, J.P. y K\u00d6HLER, H-D. \u201cThey don\u00b4t represent us!. Opportunities for a Social Movement Unionism Strategy in Spain\u201d. Comunicaci\u00f3n presentada en XVII World Economy Meeting-Winners and losers within a World Economy. Organiza: World Economy Society. Gij\u00f3n (Asturias), 3-5 de junio de 2015.<\/li>\n<li>GARRIDO, L., GUILL\u00c9N, A.M. y GUTI\u00c9RREZ, R. \u201cBiographical dualism: prospets for a job-rich recovery in Spain\u201d. Comunicaci\u00f3n presentada en 22nd International Conference of Europeanists, <em>What Prospects for an Inclusive Job-Rich Recovery in South Europe<\/em>. Organiza: Council for European Studies y Sciences Po. Paris (Francia), 10 de julio de 2015.<\/li>\n<li>GARRIDO, L., GUTI\u00c9RREZ, R. y GUILL\u00c9N, A.M. \u201cBiographical Dualism: Education and Youth Employment Patterns in Spain\u201d. Comunicaci\u00f3n presenteada en la VIII Conferenza Espanet Italia. Salerno, 17-19 septiembre 2015.<\/li>\n<li>GARRIDO, L., GUTI\u00c9RREZ, R. y GUILL\u00c9N, A.M. \u201cBiographical Dualism: Youth Employment and Poverty Patterns in Spain\u201d. Comunicaci\u00f3n presentada en JASPS 130<sup>th<\/sup> Biannual Conference. Organiza: Japan Association for Social Policy Studies (JASPS). Tokyo (Jap\u00f3n), 27-28 de junio 2015<\/li>\n<li>GARRIDO, L., GUTI\u00c9RREZ, R. y GUILL\u00c9N, A.M. \u201cProspects for a Job-Rich recovery among Young Workers in Spain\u201d. Comunicaci\u00f3n presentada en la 22<sup>nd<\/sup> International Conference of Europeanists. Organiza: Council for European Studies. Paris (Francia), 8-10 de julio 2015.<\/li>\n<li>GONZ\u00c1LEZ BEGEGA, S. \u201cTrade Unions confronting Austerity in Spain. Social Dialogue and Industrial Conflict Trends (2008-2014)\u201d. Comunicaci\u00f3n presentada en el XVII World Economic Meeting. Organiza: Word Economic Society. Gij\u00f3n (Espa\u00f1a), 5 de junio de 2015.<\/li>\n<li>GONZ\u00c1LEZ BEGEGA, S. y GUILL\u00c9N RODR\u00cdGUEZ, A.M. \u201cAdjusting to the Post-Industrial Era: How Has the Spanish Welfare State Performed?\u201d. Comunicaci\u00f3n presentada en SASE Annual Meeting. Organiza: SASE Society for the Advancement of Socio-Economics. Londres (Reino Unido), 4 de junio de 2015.<\/li>\n<li>GONZ\u00c1LEZ BEGEGA, S. y LUQUE BALBONA, D. \u201cRe-Building Consensus? Social Pacts and Centralized Collective Bargaining in Spain Under Austerity\u201d. Comunicaci\u00f3n presentada en SASE Annual Meeting. Organiza: SASE Society for the Advancement of Socio-Economics. Londres (Reino Unido), 4 de junio de 2015.<\/li>\n<li>GUILL\u00c9N, A. \u201cAusteridad y reforma del Estado de Bienestar espa\u00f1ol: \u00bfamenaza u oportunidad?\u201d. Conferencia Plenaria presentada en el Seminario sobre \u2018La sociedad y la pol\u00edtica espa\u00f1olas en perspectiva: dilemas y desaf\u00edos para la pr\u00f3xima d\u00e9cada. Organiza: FUNCAS. Madrid, 26 de noviembre de 2015.<\/li>\n<li>GUILL\u00c9N, A. y GONZ\u00c1LEZ MEN\u00c9NDEZ, M. \u201cNational Growth Strategies and Welfare State reform: The Case of Spain\u201d. Comunicaci\u00f3n presentada en la 22<sup>nd<\/sup> International Conference of Europeanists. Organiza: Council for European Studies. Paris (Francia), 8-10 de julio 2015.<\/li>\n<li>GUILL\u00c9N, A.M. \u201cQuo Vadis Social Europe? Prospects for Inclusive Growth and social Innovation in the EU\u201d. Conferencia Plenaria presentada en Transatlantic dialogue. Canada and Europe: Converging or Diverging Responses to International and Domestic Challenges?. Ottawa (Canad\u00e1), 11 de marzo de 2016.<\/li>\n<li>GUILL\u00c9N, A.M. y PETMESIDOU, M. \u201cEconomic Crisis and Austerity in Southern Europe. Threat or Opportunity for Building a Sustainable Welfare State\u201d. Conferencia Plenaria presentada en Observatorie Social Europ\u00e9en, OGB Europab\u00fcro, AK Europa. Bruselas (B\u00e9lgica), 13 de enero de 2015.<\/li>\n<li>GUTI\u00c9RREZ, R. \u201c\u00bfTrabajar ya no basta? Empleo, desigualdad y riesgo de pobreza\u201d, Conferencia inaugural del Master Universitario de Sociolog\u00eda Aplicada, Universidad de M\u00e1laga, 6 de noviembre de 2015.<\/li>\n<li>GUTI\u00c9RREZ, R., CUETO, B., RODR\u00cdGUEZ, V. y PRUNEDA, G. \u201c\u00bfEs la juventud emprendedora? An\u00e1lisis de las preferencias y de la realidad del empleo por cuenta propia en Espa\u00f1a\u201d. Comunicaci\u00f3n presentada en el V Congreso Anual de la Red Espa\u00f1ola de Pol\u00edtica Social. Barcelona (Espa\u00f1a), 5 y 6 de febrero de 2015.<\/li>\n<li>K\u00d6HLER, H-D. \u201c\u00bfLa actual crisis econ\u00f3mica como retorno a la normalidad? El subempleo cr\u00f3nico en Espa\u00f1a\u201d. Comunicaci\u00f3n presentada en el XX Congreso de la Asociaci\u00f3n Alemana de Hispanistas. Heidelberg, 18 &#8211; 21 marzo de 2015.<\/li>\n<li>PAVOLINI, E. y GUILL\u00c9N, A.M. \u201cReforming the Italian and Spanish welfare states during the crisis: What politics behind policies?\u201d. Comunicaci\u00f3n presentada en 2015 Annual Espanet Conference, \u2018The Lost and the New Worlds of Welfare\u2019. Organiza: The European Network for Social Policy Analysis (ESPANET). Odense, 3-5 de septiembre 2015.<\/li>\n<li>PRUNEDA, G. \u201cThe role of orientations to work in the \u2018control-oriented organisational systems\u2019 versus \u2018commitment-based HRM\u2019 debate\u201d. Comunicaci\u00f3n presentada en SASE 27th Annual Conference. Organiza: Society for the Advancement of Socio-Economics (SASE) y The London School of Economics and Political Science. Londres (Reino Unido), 2-4 de julio de 2015.<\/li>\n<li>RODR\u00cdGUEZ, V. \u201cEl empleo de las personas con discapacidad en Asturias\u201d. Comunicaci\u00f3n presentada en el 3er Encuentro Intercongresual de Sociolog\u00eda del Trabajo de la FES. Murcia (Espa\u00f1a), 28 y 29 de mayo de 2015.<\/li>\n<li>RODR\u00cdGUEZ, V. \u201cEl empleo de las personas con discapacidad en Asturias\u201d. Comunicaci\u00f3n presentada en el XXII Encuentro de Econom\u00eda P\u00fablica. Santander (Espa\u00f1a), 5 y 6 de febrero de 2015.<\/li>\n<li>RODR\u00cdGUEZ, V. y GONZ\u00c1LEZ-BEGEGA, S. \u201cDeterminantes de la afiliaci\u00f3n empresarial en Espa\u00f1a. Una aproximaci\u00f3n a partir de la Encuesta Anual Laboral 2013\u201d. Comunicaci\u00f3n presentada en las XI Jornadas de Econom\u00eda Laboral. Barcelona (Espa\u00f1a), 1-3 de julio de 2015.<\/li>\n<li>SU\u00c1REZ FERN\u00c1NDEZ, T. \u201cDieta saludable aqu\u00ed y all\u00e1: un an\u00e1lisis comparado de los conceptos de salud y alimentaci\u00f3n de las mujeres inmigrantes\u201d. Comunicaci\u00f3n presentada en el Workshop \u201cLa alimentaci\u00f3n fuera del hogar en Europa: nuevas estrategias y h\u00e1bitos extra-dom\u00e9sticos\u201d. Organiza: Departamento de Sociolog\u00eda (Universidad de Oviedo). Oviedo (Asturias), 27 de noviembre.<\/li>\n<li>SU\u00c1REZ FERN\u00c1NDEZ, T. y VAN DER BROEK, H. \u201cInmigraci\u00f3n, alimentaci\u00f3n y salud: la percepci\u00f3n de la dieta saludable entre los inmigrantes musulmanes en Espa\u00f1a\u201d. Comunicaci\u00f3n presentada en el VIII Congreso sobre Migraciones Internacionales. Organiza: Universidad de Granada (Andaluc\u00eda), 16-18 de septiembre de 2015.<\/li>\n<li>TEJERO, A. \u201cIn-work poverty persistence\u201d. Comunicaci\u00f3n presentada en el Eight Summer Seminar on Sociological and Political Research. Organiza: Real Colegio Complutense at Havard University. Boston (EEUU), 3 de agosto de 2015.<\/li>\n<\/ul>\n<h1 style=\"text-align: justify;\">2014<\/h1>\n<ul>\n<li style=\"text-align: justify;\">ALONSO DOM\u00cdNGUEZ, A. Y CUETO IGLESIAS, B. \u201cAn\u00e1lisis de la permanencia en el empleo de los trabajadores espa\u00f1oles durante el periodo 2007-2010\u201d. Comunicaci\u00f3n presentada en el Congreso CABISE\u201914 <em>R<\/em><a href=\"http:\/\/www.congresocabise2014.com\/\"><em>evaluando el Estado de Bienestar en el Sur de Europa<\/em><\/a>. Organiza: Universidad de Oviedo. Oviedo, 5-6 de Junio de 2014.<\/li>\n<li style=\"text-align: justify;\">ARANEA, M. \u00abEuropean framework agreements and the transnationalisation of institutional power\u00bb. Comunicaci\u00f3n presentada en Conference &#8216; Industrial Relations in Europe&#8217;. Dublin (Irlanda), 10-12 de septiembre de 2014.<\/li>\n<li style=\"text-align: justify;\">ARANEA, M., K\u00d6HLER, H-D. y GONZ\u00c1LEZ BEGEGA, S. \u201cThree decades of European Works Councils: a quantitative evaluation\u201d. Comunicaci\u00f3n presentada en Conference &#8216;Social boundaries of Work&#8217;, Wroc\u0142aw University. Wroc\u0142aw (Poland), 14-15 de noviembre de 2014<\/li>\n<li style=\"text-align: justify;\">CUETO, B., RODR\u00cdGUEZ, V. y SU\u00c1REZ, P. \u201cA Multilevel Modeling Approach to the Analysis of Self-Employment Survival\u201d. Comunicaci\u00f3n presentada en el XVII Encuentro de Econom\u00eda Aplicada. Gran Canaria (Espa\u00f1a), 5 y 6 de junio de 2014.<\/li>\n<li style=\"text-align: justify;\">CUETO, B., RODR\u00cdGUEZ, V. y SU\u00c1REZ, P. \u201cA Multilevel Modeling Approach to the Analysis of Self-Employment Survival\u201d. Comunicaci\u00f3n presentada en el XVII Encuentro de Econom\u00eda Aplicada. Gran Canaria (Espa\u00f1a), 5 y 6 de junio 2014<\/li>\n<li style=\"text-align: justify;\">CUETO, B., RODR\u00cdGUEZ, V. y SU\u00c1REZ, P. \u201cCausalidad en la transmisi\u00f3n intergeneracional de la pobreza en Espa\u00f1a\u201d. Comuncaci\u00f3n presentada en el XXII Encuentro de Econom\u00eda P\u00fablica. Santander (Cantabria), 5 y 6 de febrero 2015.<\/li>\n<li style=\"text-align: justify;\">GONZ\u00c1LEZ BEGEGA, S. y LUQUE BALBONA, D. \u201c\u00bfSindicatos contra gobiernos? Crisis econ\u00f3mica y par\u00e1lisis del intercambio pol\u00edtico en el\u201d. Comunicaci\u00f3n presentada en el Congreso CABISE 14 Reevaluando el Estado del Bienestar en el Sur de Europa. Organiza: Departamento de Sociolog\u00eda (Universidad de Oviedo). Oviedo (Espa\u00f1a), 6 de junio de 2014.<\/li>\n<li style=\"text-align: justify;\">GONZ\u00c1LEZ BEGEGA, S. y LUQUE BALBONA, D. \u201cAssessing the De-Activation of Social Pacting in Spain and Portugal Under Austerity (2008-2013)\u201d. Comunicaci\u00f3n presentada en el Congreso The Welfare State in Portugal in the Age of Austerity. Organiza: Lisboa School of Economics and Management. Lisboa (Portugal), 10 de mayo de 2014.<\/li>\n<li style=\"text-align: justify;\">GUILL\u00c9N, A.M. \u201cEconomic Crisis and Austerity: Impacts on European Healthcare Systems\u201d. Comunicaci\u00f3n presentada en La Salle University, Philadelphia, 11 de marzo de 2014.<\/li>\n<li style=\"text-align: justify;\">GUILL\u00c9N, A.M. \u201cLa influencia de la Uni\u00f3n Europea en las reformas de las pol\u00edticas sociales nacionales\u201d. Conferencia Plenaria presentada en el Seminario sobre \u2018Cohesi\u00f3n social y desarrollo humano: el papel de las pol\u00edticas sociales\u2019. Organiza: FUNCAS y Cap\u00edtulo Espa\u00f1ol del Club de Roma. Madrid, 2 de abril de 2014.<\/li>\n<li style=\"text-align: justify;\">GUILL\u00c9N, A.M. \u201cThe reform of social policy under austerity in South Europe: outputs and outcomes\u201d. Comunicaci\u00f3n presentada en ISSA International Research Conference. Jerusalem, 3-5 de noviembre de 2014.<\/li>\n<li style=\"text-align: justify;\">GUTI\u00c9RREZ, R., CUETO, B., RODR\u00cdGUEZ, V. y PRUNEDA, G. \u201c\u00bfEs la juventud emprendedora? An\u00e1lisis de las preferencias y de la realidad del empleo por cuenta propia en Espa\u00f1a\u201d. Comunicaci\u00f3n presentada en el V Congreso Anual de la Red Espa\u00f1ola de Pol\u00edtica Social. Barcelona, 5 y 6 de febrero 2015<\/li>\n<li style=\"text-align: justify;\">GUTI\u00c9RREZ, R., GUILL\u00c9N, A.M., ALONSO-DOM\u00cdNGUEZ, A. \u201cTemporality and unemployment in the Spanish youth labour market\u201d. Ponencia presentada en el workshop <em>Child poverty, youth (un)employment, and social inclusion<\/em>. Organiza Comparative Research on Poverty (CROP), the Institute of Labour, and Democritus University of Thrace. Atenas, 19-21 de Noviembre de 2014. <a href=\"http:\/\/www.crop.org\/ViewFile.aspx?id=637\">http:\/\/www.crop.org\/ViewFile.aspx?id=637<\/a><\/li>\n<li style=\"text-align: justify;\">LUQUE BALBONA, D. y GONZ\u00c1LEZ BEGEGA, S. \u201c\u00bfAdi\u00f3s al corporatismo competitivo en el Sur de Europa? Crisis econ\u00f3mica y declive del intercambio pol\u00edtico\u201d. Comunicaci\u00f3n presentada en el V Congreso Nacional Mercado de Trabajo y Relaciones Laborales. Organiza: Universidad de Valladolid. Palencia (Espa\u00f1a), 3 de abril de 2014.<\/li>\n<li style=\"text-align: justify;\">MOREIRA, A., ALONSO-DOM\u00cdNGUEZ, A., ANTUNES, C., KARAMESSINI, M., RAITANO, M. y GLATZER, M. \u201cAusterity-Driven Labour Market Reforms in the South of Europe\u201d. Ponencia presentada en <em>The Welfare State in Portugal in the Age of Austerity<\/em> Organiza: Lisboa School of Economics y Management (ISEG). Lisboa, 9-10 de Mayo de 2014.<\/li>\n<li style=\"text-align: justify;\">PETMESIDOU, M., PAVOLINI, E. y GUILL\u00c9N, A.M. \u201cSouth European Healthcare Systems under Harsh Austerity: A Progress-Regression Mix?\u201d. Comunicaci\u00f3n presentada en 12th ESPAnet Conference, \u2018Beyond the crisis in Europe\u2019. Organiza: The European Network for Social Policy Analysis. Oslo, 4-6 septiembre 2014.<\/li>\n<li style=\"text-align: justify;\">PRUNEDA, G. \u201cHow widespread are high-performance work systems in Spain? A comparative analysis before and during economic retrenchment\u201d. Comunicaci\u00f3n presentada en 17<sup>th<\/sup> Irish Academy of Management Conference. Organiza: Irish Academy of Management (IAM) y Kemmy Business School (Universidad de Limerick). Limerick (Irlanda), 4-5 de septiembre de 2014.<\/li>\n<li style=\"text-align: justify;\">RODR\u00cdGUEZ, V. \u201cAn\u00e1lisis sociol\u00f3gico de la brecha salarial: aproximaci\u00f3n desde el punto de vista cualitativo\u201d. Comunicaci\u00f3n presentada en las Jornadas de prospecci\u00f3n sobre el estudio de la brecha salarial en el sector de la construcci\u00f3n naval e industrias auxiliares en el norte de Espa\u00f1a. Oviedo (Espa\u00f1a), 27 y 29 de marzo de 2014.<\/li>\n<li style=\"text-align: justify;\">RODR\u00cdGUEZ, V. \u201cAn\u00e1lisis sociol\u00f3gico de la brecha salarial: aproximaci\u00f3n desde el punto de vista cualitativo\u201d. Comunicaci\u00f3n presentada en Jornadas de prospecci\u00f3n sobre el estudio de la brecha salarial en el sector de la construcci\u00f3n naval e industrias auxiliares en el norte de Espa\u00f1a. Oviedo (Asturias), 27 y 28 de marzo 2014<\/li>\n<li style=\"text-align: justify;\">RODR\u00cdGUEZ, V. \u201cEl empleo de las personas con discapacidad en Asturias\u201d. Comunicaci\u00f3n presentada en el 3er Encuentro Intercongresual de Sociolog\u00eda del Trabajo de la FES. Organiza: Grupo de Trabajo de Sociolog\u00eda del Trabajo de la Federaci\u00f3n Espa\u00f1ola de Sociolog\u00eda. Madrid, 28 y 29 de mayo 2015.<\/li>\n<li style=\"text-align: justify;\">RODR\u00cdGUEZ, V. \u201cJubilaci\u00f3n y riesgo de pobreza\u201d. Comunicaci\u00f3n presentada en el Congreso CABISE: Presente y futuro del Estado de Bienestar en Espa\u00f1a. Oviedo (Espa\u00f1a), 5y 6 de junio de 2014.<\/li>\n<li style=\"text-align: justify;\">RODR\u00cdGUEZ, V. \u201cJubilaci\u00f3n y riesgo de pobreza\u201d. Comunicaci\u00f3n presentada en CABISE Presente y futuro del Estado de Bienestar en Espa\u00f1a. Organiza: Departamento de Sociolog\u00eda (Universidad de Oviedo). Oviedo (Asturias), 5 y 6 de junio 2014.<\/li>\n<li style=\"text-align: justify;\">RODR\u00cdGUEZ, V. \u201cLa participaci\u00f3n laboral de las personas con discapacidad en Espa\u00f1a: efectos de la crisis\u201d. Comunicaci\u00f3n presentada en el Congreso CABISE: Presente y futuro del Estado de Bienestar en Espa\u00f1a. Oviedo (Espa\u00f1a), 5y 6 de junio de 2014.<\/li>\n<li style=\"text-align: justify;\">RODR\u00cdGUEZ, V. \u201cLa participaci\u00f3n laboral de las personas con discapacidad en Espa\u00f1a: efectos de la crisis\u201d. Comunicaci\u00f3n presentada en CABISE Presente y futuro del Estado de Bienestar en Espa\u00f1a. Organiza: Departamento de Sociolog\u00eda (Universidad de Oviedo). Oviedo (Asturias), 5 y 6 de junio 2014.<\/li>\n<li style=\"text-align: justify;\">RODR\u00cdGUEZ, V. y CUETO, B. \u201cJubilaci\u00f3n y riesgo de pobreza\u201d. Comunicaci\u00f3n presentada en el V Congreso Nacional sobre Mercado de Trabajo y Relaciones Laborales. Palencia (Espa\u00f1a), 3 y 4 de abril de 2014.<\/li>\n<li style=\"text-align: justify;\">RODR\u00cdGUEZ, V. y CUETO, B. \u201cJubilaci\u00f3n y riesgo de pobreza\u201d. Comunicaci\u00f3n presentada en V Congreso Nacional sobre Mercado de Trabajo y Relaciones Laborales. Palencia (Castilla y Le\u00f3n), 3 Y 4 de abril 2014.<\/li>\n<li style=\"text-align: justify;\">RODR\u00cdGUEZ, V. y GONZ\u00c1LEZ BEGEGA, S. \u201cDeterminantes de la afiliaci\u00f3n empresarial en Espa\u00f1a. Una aproximaci\u00f3n a partir de la Encuesta Anual Laboral 2013\u201d. Comunicaci\u00f3n presentada en XI Jornadas de Econom\u00eda Laboral. Barcelona (Espa\u00f1a), 1-3 de julio 2015<\/li>\n<li style=\"text-align: justify;\">RODR\u00cdGUEZ, V., CUETO, B. y PRUNEDA, G. \u201cLatent and nascent entrepreneurship among the youth\u201d. Comunicaci\u00f3n presentada en ESA \u2018Youth and Generation Research Network\u2019 MidTerm Conference 2014. Kluszkowce (Polonia), 10-16 de septiembre de 2014.<\/li>\n<li style=\"text-align: justify;\">RODR\u00cdGUEZ, V., CUETO, B. y PRUNEDA, G. \u201cLatent and nascent entrepreneurship among the youth\u201d. Comunicaci\u00f3n presentada en ESA \u2018Youth and Generation Research Network\u2019 MidTerm Conference 2014. Organiza: European Sociological Association. Kluszkowce (Polonia), 10-13 de septiembre 2014.<\/li>\n<li style=\"text-align: justify;\">TEJERO, A. \u00bb Movilidad, pobreza y empleo: Espana en el contexto de la UE\u201d. Comunicaci\u00f3n presentada en el Congreso CABISE 14 Revaluando el estado de bienestar en el sur de Europa. Organiza: Departamento de Sociolog\u00eda (Universidad de Oviedo). Oviedo (Espa\u00f1a), 5 de junio de 2014.<\/li>\n<li style=\"text-align: justify;\">TEJERO, A. \u201cMobility, poverty and employment: Spain in European context\u201d. Comunicaci\u00f3n presentada en el Congreso CABISE\u2019 14: Reassesing the Welfare State in Southern Europe. Organiza: Departamento de Sociolog\u00eda (Universidad de Oviedo). Oviedo (Espa\u00f1a), 5-6 de junio de 2014.<\/li>\n<\/ul>\n","protected":false},"excerpt":{"rendered":"<p>2017 CUETO, B; RODR\u00cdGUEZ, V y GUTI\u00c9RREZ, R: \u201cAttitudes towards Entrepreneurship among Spanish Youth. to Wish or to Be?\u201d. Comunicaci\u00f3n presentada en Society for the Advancement of Socio-Economics 29th Annual Conference. Organiza Society for the Advancement of Socio-Economics. Lyon (Francia), 30 de junio-2 de julio de 2017. GONZ\u00c1LEZ BEGEGA, S. y GUILL\u00c9N, A.M. \u00abLabour Market [&hellip;]<\/p>\n","protected":false},"author":5,"featured_media":0,"parent":551,"menu_order":0,"comment_status":"closed","ping_status":"closed","template":"","meta":{"_genesis_hide_title":false,"_genesis_hide_breadcrumbs":false,"_genesis_hide_singular_image":false,"_genesis_hide_footer_widgets":false,"_genesis_custom_body_class":"","_genesis_custom_post_class":"","_genesis_layout":"","footnotes":""},"class_list":{"0":"post-1446","1":"page","2":"type-page","3":"status-publish","5":"entry","6":"has-post-thumbnail","7":"gs-1","8":"gs-odd","9":"gs-even","10":"gs-featured-content-entry"},"_links":{"self":[{"href":"https:\/\/www.unioviedo.es\/promebi\/wp-json\/wp\/v2\/pages\/1446","targetHints":{"allow":["GET"]}}],"collection":[{"href":"https:\/\/www.unioviedo.es\/promebi\/wp-json\/wp\/v2\/pages"}],"about":[{"href":"https:\/\/www.unioviedo.es\/promebi\/wp-json\/wp\/v2\/types\/page"}],"author":[{"embeddable":true,"href":"https:\/\/www.unioviedo.es\/promebi\/wp-json\/wp\/v2\/users\/5"}],"replies":[{"embeddable":true,"href":"https:\/\/www.unioviedo.es\/promebi\/wp-json\/wp\/v2\/comments?post=1446"}],"version-history":[{"count":14,"href":"https:\/\/www.unioviedo.es\/promebi\/wp-json\/wp\/v2\/pages\/1446\/revisions"}],"predecessor-version":[{"id":1949,"href":"https:\/\/www.unioviedo.es\/promebi\/wp-json\/wp\/v2\/pages\/1446\/revisions\/1949"}],"up":[{"embeddable":true,"href":"https:\/\/www.unioviedo.es\/promebi\/wp-json\/wp\/v2\/pages\/551"}],"wp:attachment":[{"href":"https:\/\/www.unioviedo.es\/promebi\/wp-json\/wp\/v2\/media?parent=1446"}],"curies":[{"name":"wp","href":"https:\/\/api.w.org\/{rel}","templated":true}]}}