{"id":36,"date":"2018-01-08T12:00:16","date_gmt":"2018-01-08T11:00:16","guid":{"rendered":"http:\/\/156.35.33.98\/promebi\/?page_id=36"},"modified":"2022-09-20T19:01:46","modified_gmt":"2022-09-20T17:01:46","slug":"rodolfo-gutierrez-palacios","status":"publish","type":"page","link":"https:\/\/www.unioviedo.es\/promebi\/equipo\/investigadores\/rodolfo-gutierrez-palacios\/","title":{"rendered":"Rodolfo Guti\u00e9rrez Palacios"},"content":{"rendered":"<p><img loading=\"lazy\" decoding=\"async\" class=\"alignleft wp-image-1051 size-medium\" src=\"http:\/\/www.unioviedo.es\/promebi\/wp-content\/uploads\/2015\/12\/Rodolfo-Palacios-Gutierrez_-e1478021711242-300x271.jpg\" alt=\"Rodolfo Palacios Gutierrez\" width=\"300\" height=\"271\" srcset=\"https:\/\/www.unioviedo.es\/promebi\/wp-content\/uploads\/2015\/12\/Rodolfo-Palacios-Gutierrez_-e1478021711242-300x271.jpg 300w, https:\/\/www.unioviedo.es\/promebi\/wp-content\/uploads\/2015\/12\/Rodolfo-Palacios-Gutierrez_-e1478021711242-768x693.jpg 768w, https:\/\/www.unioviedo.es\/promebi\/wp-content\/uploads\/2015\/12\/Rodolfo-Palacios-Gutierrez_-e1478021711242-1024x924.jpg 1024w, https:\/\/www.unioviedo.es\/promebi\/wp-content\/uploads\/2015\/12\/Rodolfo-Palacios-Gutierrez_-e1478021711242.jpg 1072w\" sizes=\"auto, (max-width: 300px) 100vw, 300px\" \/><\/p>\n<div class=\"mceTemp\">\n<p><strong>Categor\u00eda:<\/strong>\u00a0<span class=\"org\">Catedr\u00e1tico de Universidad<br \/><\/span><strong>Departamento:<\/strong> <span class=\"org\">SOCIOLOG\u00cdA<br \/><\/span><strong>\u00c1rea:<\/strong> <span class=\"org\">SOCIOLOG\u00cdA<br \/><\/span><strong>Correo<\/strong>:\u00a0<a class=\"email\" href=\"mailto:rgutier@uniovi.es\">rgutier@uniovi.es<br \/><\/a><strong>Tel\u00e9fono:<\/strong>\u00a0<a title=\"Llamada telef\u00f3nica\" href=\"tel:985103737\"><span class=\"tel\">985 103 737<\/span><\/a><\/p>\n<p><strong>M\u00e1s informaci\u00f3n en el siguiente enlace:\u00a0<\/strong><a href=\"https:\/\/www.researchgate.net\/profile\/Rodolfo_Gutierrez\">Researchgate<\/a><\/p>\n<\/div>\n<h3>\u00a0<\/h3>\n<p>\u00a0<\/p>\n<h3>\u00c1reas de inter\u00e9s:<\/h3>\n<ul>\n<li>Sociolog\u00eda del Trabajo<\/li>\n<li>Sociolog\u00eda Econ\u00f3mica<\/li>\n<li>Migraciones y Lengua<\/li>\n<li>Pobreza y desigualdad socioecon\u00f3mica<\/li>\n<\/ul>\n<h3>Nota biogr\u00e1fica<\/h3>\n<p>Licenciado (1977) y doctor (1983) en Sociolog\u00eda por la Facultad de Ciencias Pol\u00edticas y Sociolog\u00eda de la Universidad Complutense de Madrid. Ha sido <em>Postdoctoral Fellow<\/em>, becado por la Comisi\u00f3n Fulbright, en el Departamento de Sociolog\u00eda de la Universidad de California-Berkeley (1986) y <em>Research Fellow<\/em> en el Departamento de Sociolog\u00eda de la Universidad de Harvard (1997-1998).<\/p>\n<p>Es catedr\u00e1tico de Sociolog\u00eda de la Universidad de Oviedo desde 1991 y primer director del Departamento de Sociolog\u00eda de esa Universidad. Ha creado y dirigido el grupo de investigaci\u00f3n PROMEBI sobre empleo y bienestar social: <a href=\"http:\/\/sociologia.uniovi.es\/investigacion\/promebi\">http:\/\/sociologia.uniovi.es\/investigacion\/promebi<\/a>.<\/p>\n<p>Entre 2002 y 2007 fue director del \u00c1rea de Estudios del Consejo Econ\u00f3mico y Social de Espa\u00f1a, desde donde dirigi\u00f3 la realizaci\u00f3n y la publicaci\u00f3n de quince informes institucionales sobre los principales asuntos socioecon\u00f3micos de Espa\u00f1a, entre ellos el informe anual titulado <em>Econom\u00eda, trabajo y sociedad. Memoria sobre la situaci\u00f3n socioecon\u00f3mica y laboral de Espa\u00f1a<\/em>.<\/p>\n<p>Su actividad investigadora se ha centrado en los campos de la sociolog\u00eda econ\u00f3mica, la desigualdad social y la pobreza, las pol\u00edticas sociales comparadas, y relaciones entre migraciones y lenguas. Sobre esos temas ha publicado ocho libros como autor, co-autor o editor, entre los que destacan: <em>Calidad del trabajo en la Uni\u00f3n Europea<\/em>. <em>Concepto, tensiones, dimensiones<\/em> (Civitas-Thomson, 2009); <em>Emigraci\u00f3n y lengua<\/em>. <em>El papel del espa\u00f1ol en las migraciones internacionales<\/em> (Ariel-Fundaci\u00f3n Telef\u00f3nica, 2010); <em>Working Poverty in Europe. A Comparative Approach<\/em> (Palgrave-Macmillan, 2011); <em>Gesti\u00f3n de Recursos Humanos: Contexto y Pol\u00edtica<\/em> (Civitas-Thomson, 2011) y <em>El futuro del espa\u00f1ol en los Estados Unidos: La lengua en las comunidades de migrantes hispanos<\/em> (Ariel-Fundaci\u00f3n Telef\u00f3nica, 2014).<\/p>\n<h3>Principales publicaciones:<\/h3>\n<ul>\n<li>GUTI\u00c9RREZ, R., L\u00d3PEZ, F. y TEJERO, A. (en prensa), \u201cIntereses y valores: satisfacci\u00f3n con las pensiones y la sanidad en Espa\u00f1a: antes y despu\u00e9s de la Gran Recesi\u00f3n\u201d. <em>Revista Espa\u00f1ola de Investigaciones Sociol\u00f3gicas-REIS<\/em>, 181.<\/li>\n<li>TEJERO, A., L\u00d3PEZ, F. y GUTI\u00c9RREZ, R. (2022), \u201cRiesgo de pobreza de las personas en edad de trabajar en Espa\u00f1a. Efectos de la combinaci\u00f3n de rentas laborales y transferencias sociales\u201d <em>El Observatorio Social-Fundaci\u00f3n<\/em> \u201cLa Caixa\u201d, Informe 13.<\/li>\n<li>GUTI\u00c9RREZ, R. (2021), \u201cLos j\u00f3venes y brecha generacional: el problema es el empleo\u201d. Documento Posiciones n\u00ba 42, C\u00edrculo C\u00edvico de Opini\u00f3n.<\/li>\n<li>DOBLYTE, S., GUTI\u00c9RREZ, R. y PRUNEDA, G. (2020), \u201cLa protecci\u00f3n ocupacional de nuevos riesgos sociales: conciliaci\u00f3n y formaci\u00f3n proporcionada por la empresa\u201d. <em>Revista Espa\u00f1ola de Sociolog\u00eda<\/em>, 29 (2), 325-345.<\/li>\n<li>GUTI\u00c9RREZ, R., L\u00d3PEZ, F., TEJERO, A. y RODR\u00cdGUEZ, V. (2020), \u201cLa protecci\u00f3n ocupacional de nuevos riesgos sociales: pensiones y atenci\u00f3n sanitaria\u201d. <em>Revista Espa\u00f1ola de Sociolog\u00eda<\/em>, 29 (2), 347-366.<\/li>\n<li>GUILL\u00c9N, A. M. y GUTI\u00c9RREZ, R. (2019), \u201cEl bienestar complementario: la contribuci\u00f3n de las empresas a la protecci\u00f3n social\u201d. Cuaderno 25, C\u00edrculo C\u00edvico de Opini\u00f3n.<\/li>\n<li>MIYAR-BUSTO, M., MATO D\u00cdAZ, J., y GUTI\u00c9RREZ, R. (2019), \u201cImmigrants\u2019 educational credentials leading to employment outcomes: The role played by language skills\u201d. <em>International Review of Organizations<\/em>, Special issue, 23, 167-191.<\/li>\n<li>GUTI\u00c9RREZ, R. y V\u00c1ZQUEZ, J. (2018) \u201cEl consumo en Espa\u00f1a: ciclos econ\u00f3micos y cambio de patrones\u201d. En el libro: B. Pend\u00e1s, dir, Espa\u00f1a constitucional (1978-2018): <em>Trayectorias y perspectivas<\/em>, Centro de Estudios Pol\u00edticos y Constitucionales, vol. V, 4565-4579.<\/li>\n<li>GARRIDO, L., GUTI\u00c9RREZ, R. y GUILL\u00c9N, A. M. (2016): \u201cBiographical dualism: Youth unemployment and poverty patterns in Spain\u201d. En el libro: M. Petmesidou, E. Delamonica y A Henry-Lee, eds, <em>Child Poverty, Youth (Un)Employment and Social Inclusion<\/em>, Columbia University Press-Ibidem Verlag, 57-179.<\/li>\n<li>ALONSO, A., GARC\u00cdA-ESPEJO, I. y GUTI\u00c9RREZ, R. (2016): \u201cAprendizaje interactivo en contexto <em>low-tech<\/em>: formaci\u00f3n profesional e innovaci\u00f3n en Asturias\u201d, <em>Revista Espa\u00f1ola de Sociolog\u00eda<\/em>, 25-3.<\/li>\n<li>GUTI\u00c9RREZ, R. y RODR\u00cdGUEZ, V. (2016): \u201cJ\u00f3venes y emprendedores. Las preferencias por el autoempleo de los j\u00f3venes en Espa\u00f1a\u201d, <em>Revista del Ministerio de Empleo y Seguridad Social<\/em>, 121, 2016, 37-64.<\/li>\n<li>GARRIDO, L. y GUTI\u00c9RREZ, R. (2016): \u201cRecuperar para el empleo a los trabajadores menos cualificados\u201d, Documento 16, C\u00edrculo C\u00edvico de Opini\u00f3n, Madrid, 2016, 48 pp.<\/li>\n<li>GONZ\u00c1LEZ-MEN\u00c9NDEZ, M.C., MATO, F.J., GUTI\u00c9RREZ, R., GUILL\u00c9N, A.M., CUETO, B. y TEJERO, A. (2015): \u201cPolicy Performance and Evaluation: Spain\u201d Working Paper, <em>Strategic Transitions for Youth Labour in Europe<\/em> (STYLE), 45 pp.<\/li>\n<li>GUTI\u00c9RREZ, R. (2015): Coordinador y coautor del cap\u00edtulo \u201cEconom\u00eda y sociedad\u201d<\/li>\n<li>En el libro: Cristobal Torres, ed., <em>Espa\u00f1a 2015. La situaci\u00f3n social<\/em>. Madrid, Centro de Investigaciones Sociol\u00f3gicas.<\/li>\n<li>GUTI\u00c9RREZ, R. (2015): \u201cWelfare Performance in Southern Europe: Employment Crisis and Poverty Risk\u201d. En el libro: Maria Petmesidou and Ana M. Guill\u00e9n, eds, <em>Economic Crisis and Austerity in Southern Europe: Threat or Opportunity for a Sustainable Welfare State, <\/em>Taylor and Francis.<\/li>\n<li>GUTI\u00c9RREZ, R. (2014): \u00abEmployment crisis and poverty risk in Southern Europe\u00bb, South European Society and Politics, 19-3, 371-392.<\/li>\n<li>D\u00cdAZ. C. y GUTI\u00c9RREZ, R. (2014): \u00abPatrones alimentarios de los espa\u00f1oles: continuidad y cambio de la comida familiar\u00bb, Panorama Social, 19- primer semestre, 9-24.<\/li>\n<li>ALONSO, J. A, DURAND, J. and GUTI\u00c9RREZ, R. (2014): The Future os Spanish in the Inited States: The language of Hispanic Communities, Madrid, Ariel-Fundaci\u00f3n Telef\u00f3nica, 352 pp.<\/li>\n<li>GUTI\u00c9RREZ, R. (2013): \u00abLa dimensi\u00f3n ling\u00fc\u00edstica de las migraciones internacionales\u00bb, Lengua y Migraciones, n\u00ba 5-2, 11-28.<\/li>\n<li>GUTI\u00c9RREZ, R. (2013):\u00bbCambios alimentarios y h\u00e1bitos saludables\u00bb. En el libro: Cecilia D\u00edaz, coord., H\u00e1bitos alimentarios de los espa\u00f1oles, Madrid, Ministerio de Agricultura, Alimentaci\u00f3n y Medio Ambiente, 89-116.<\/li>\n<li>GUTI\u00c9RREZ, R. (2012)\u00bbEmpleo y riesgo de pobreza\u00bb Gaceta Sindical, n\u00ba 18, 321-337.<\/li>\n<li>FRASER, N., GUTI\u00c9RREZ, R. and PE\u00d1A-CASAS, R. (2011)eds., Working Poverty in Europe. A Comparative Approach. Basingstoke-UK, Palgrave-Macmillan, 342 pp.<\/li>\n<li>GARRIDO, L y GUTI\u00c9RREZ, R. (2011).\u00bbLa reforma ineludible. Regularidades e inercias del mercado de trabajo en Espa\u00f1a\u00bb . Panorama Social, 13, 37-54.<\/li>\n<li>GARC\u00cdA ESPEJO, I. y GUTI\u00c9RREZ, R. (2011). \u00abSpain: Persisting Inequalities in a Growing Employment Context\u00bb. En el libro: FRASER, N., GUTI\u00c9RREZ, R. and PE\u00d1A-CASAS, R., eds., Working Poverty in Europe. Basingstoke-UK, Palgrave-Macmillan, 133-154.<\/li>\n<li>GUTI\u00c9RREZ, R., IBA\u00d1EZ, M. and TEJERO, A. (2011).\u00bbMobility and Persistence of In-Work Poverty\u00bb. En el libro: FRASER., N, GUTI\u00c9RREZ, R. and PE\u00d1A-CASAS, R. eds., Working Poverty in Europe .Basingstoke-UK, Palgrave-Macmillan, 175-201.<\/li>\n<li>GONZ\u00c1LEZ, M., GUTI\u00c9RREZ, R y MART\u00cdNEZ LUCIO, M. (2011),. cords.Gesti\u00f3n de Recursos Humanos: Contexto y Pol\u00edtica . Cizur Menor-Navarra, Civitas-Thomson Reuters, 424 pp.<\/li>\n<li>GARC\u00cdA ESPEJO, I. y GUTI\u00c9RREZ, R. (2010). \u00abEmpleo y pobreza en Espa\u00f1a\u00bb .Panorama Social, 12, 29-40.<\/li>\n<li>ALONSO, J.A. y GUTI\u00c9RREZ, R. (2010). \u00abLengua e inmigraci\u00f3n: Espa\u00f1a y el espa\u00f1ol en las migraciones internacionales\u00bb. En el libro: GARCIA DELGADO, JL. ALONSO JA y JIM\u00c9NEZ, JC. El espa\u00f1ol lengua global. La econom\u00eda . Madrid, Instituto Cervantes, 75-112.<\/li>\n<li>GUTI\u00c9RREZ, R., MATO, J y MIYAR, M. (2010).\u00bbLengua e inmigraci\u00f3n: conocimiento del espa\u00f1ol e integraci\u00f3n de los inmigrantes\u00bb. Revista del Ministerio de Trabajo, n\u00ba 85, 47-65.<\/li>\n<li>ALONSO, J y GUTI\u00c9RREZ,, R. dirs. (2010):Emigraci\u00f3n y lengua. El papel del espa\u00f1ol en las migraciones internacionales , Ariel-Fundaci\u00f3n Telef\u00f3nica, Madrid<\/li>\n<li>GUTI\u00c9RREZ, R. (2009). \u00abLa din\u00e1mica de la pobreza de los trabajadores\u00bb. Revista Internacional de Organizaciones, 3, 49-70<\/li>\n<li>GUTI\u00c9RREZ, R., GUILL\u00c9N, A. and PE\u00d1A-CASAS R. (2009):\u00bbEarnings Inequality and in-Work Poverty\u00bb, En el libro: A. M. Guill\u00e9n and S.A. Dahl, eds., Quality of Work in the European Union , P,I.E. Peter Lang, Brussels, 87-115<\/li>\n<li>GUILL\u00c9N, A., GUTI\u00c9RREZ, R. y GONZ\u00c1LEZ, S. (eds.)(2009): Calidad del trabajo en la Uni\u00f3n Europea. Concepto, tensiones, dimensiones , Thomson Civitas, Madrid<\/li>\n<li>GUTI\u00c9RREZ, R., GUILL\u00c9N, A. and PE\u00d1A-CASAS, R.(2009). \u00abDesigualdad salarial y trabajadores pobres\u00bb .En el libro: GUILL\u00c9N A., GUTI\u00c9RREZ, R. Y GONZ\u00c1LEZ, S, eds., Calidad del trabajo en la Uni\u00f3n Europea. Concepto, tensiones, dimensiones. Thomson Civitas, Madrid.<\/li>\n<li>GUTI\u00c9RREZ, R., GUILL\u00c9N, A. and PE\u00d1A-CASAS, R.(2009). \u00abEarnings inequality and in-work poverty\u00bb Working paper on the Reconciling Work and Welfare in Europe (RECWOWE), 07\/2009 (http:\/\/www.recwowe.eu\/)<\/li>\n<li>BLAS DE, R. y GUTI\u00c9RREZ, R. (2009). \u00abLa inmigraci\u00f3n: cambio de ciclos\u00bb Economistas, 119 Extra, marzo pp.317-327.<\/li>\n<li>GUILL\u00c9N, A. y GUTI\u00c9RREZ, R. (2008): \u00abTreinta a\u00f1os de pactos sociales en Espa\u00f1a: un balance\u00bb,Cuadernos de Informaci\u00f3n Econ\u00f3mica , n\u00ba 203, pp. 173-181<\/li>\n<li>GUTI\u00c9RREZ, R. y BLAS DE, R. (2008). \u00abLa inmigraci\u00f3n extranjera\u00bb. Economistas, n\u00ba 116, marzo, pp. 368-363.<\/li>\n<li>GUTI\u00c9RREZ, R. (2008): \u00abTrabajo y ocupaciones\u00bb. En el libro: S. del Campo y J. F. Tezanos, eds., Espa\u00f1a siglo XXI. La sociedad , Biblioteca Nueva, Madrid, pp. 321-352<\/li>\n<\/ul>\n\n\n<p><\/p>\n","protected":false},"excerpt":{"rendered":"<p>Categor\u00eda:\u00a0Catedr\u00e1tico de UniversidadDepartamento: SOCIOLOG\u00cdA\u00c1rea: SOCIOLOG\u00cdACorreo:\u00a0rgutier@uniovi.esTel\u00e9fono:\u00a0985 103 737 M\u00e1s informaci\u00f3n en el siguiente enlace:\u00a0Researchgate \u00a0 \u00a0 \u00c1reas de inter\u00e9s: Sociolog\u00eda del Trabajo Sociolog\u00eda Econ\u00f3mica Migraciones y Lengua Pobreza y desigualdad socioecon\u00f3mica Nota biogr\u00e1fica Licenciado (1977) y doctor (1983) en Sociolog\u00eda por la Facultad de Ciencias Pol\u00edticas y Sociolog\u00eda de la Universidad Complutense de Madrid. Ha sido [&hellip;]<\/p>\n","protected":false},"author":1,"featured_media":1051,"parent":88,"menu_order":0,"comment_status":"closed","ping_status":"closed","template":"","meta":{"_genesis_hide_title":false,"_genesis_hide_breadcrumbs":false,"_genesis_hide_singular_image":false,"_genesis_hide_footer_widgets":false,"_genesis_custom_body_class":"","_genesis_custom_post_class":"","_genesis_layout":"","footnotes":""},"class_list":{"0":"post-36","1":"page","2":"type-page","3":"status-publish","4":"has-post-thumbnail","6":"entry","7":"gs-1","8":"gs-odd","9":"gs-even","10":"gs-featured-content-entry"},"_links":{"self":[{"href":"https:\/\/www.unioviedo.es\/promebi\/wp-json\/wp\/v2\/pages\/36","targetHints":{"allow":["GET"]}}],"collection":[{"href":"https:\/\/www.unioviedo.es\/promebi\/wp-json\/wp\/v2\/pages"}],"about":[{"href":"https:\/\/www.unioviedo.es\/promebi\/wp-json\/wp\/v2\/types\/page"}],"author":[{"embeddable":true,"href":"https:\/\/www.unioviedo.es\/promebi\/wp-json\/wp\/v2\/users\/1"}],"replies":[{"embeddable":true,"href":"https:\/\/www.unioviedo.es\/promebi\/wp-json\/wp\/v2\/comments?post=36"}],"version-history":[{"count":75,"href":"https:\/\/www.unioviedo.es\/promebi\/wp-json\/wp\/v2\/pages\/36\/revisions"}],"predecessor-version":[{"id":2365,"href":"https:\/\/www.unioviedo.es\/promebi\/wp-json\/wp\/v2\/pages\/36\/revisions\/2365"}],"up":[{"embeddable":true,"href":"https:\/\/www.unioviedo.es\/promebi\/wp-json\/wp\/v2\/pages\/88"}],"wp:featuredmedia":[{"embeddable":true,"href":"https:\/\/www.unioviedo.es\/promebi\/wp-json\/wp\/v2\/media\/1051"}],"wp:attachment":[{"href":"https:\/\/www.unioviedo.es\/promebi\/wp-json\/wp\/v2\/media?parent=36"}],"curies":[{"name":"wp","href":"https:\/\/api.w.org\/{rel}","templated":true}]}}