{"id":46,"date":"2015-12-17T20:20:26","date_gmt":"2015-12-17T19:20:26","guid":{"rendered":"http:\/\/156.35.33.98\/promebi\/?page_id=46"},"modified":"2018-03-24T12:24:15","modified_gmt":"2018-03-24T11:24:15","slug":"equipo","status":"publish","type":"page","link":"https:\/\/www.unioviedo.es\/promebi\/equipo\/","title":{"rendered":"Equipo"},"content":{"rendered":"<h2 style=\"font-size: 18px; background-color: #b4b9be; padding: 5px; color: #ffffff;\">Investigadores<\/h2>\n\n<!-- Page-list plugin v.5.6 wordpress.org\/plugins\/page-list\/ -->\n<div class=\"page-list page-list-ext \">\n<div class=\"page-list-ext-item\"><div class=\"page-list-ext-image\"><a href=\"https:\/\/www.unioviedo.es\/promebi\/equipo\/investigadores\/david-luque-balbona-2\/\" title=\"David Luque Balbona (Director)\"><img decoding=\"async\" src=\"https:\/\/www.unioviedo.es\/promebi\/wp-content\/uploads\/2016\/11\/David-Luque-Balbona-263x300x-100x100.jpg\" width=\"100\" alt=\"David Luque Balbona (Director)\" \/><\/a><\/div> <h3 class=\"page-list-ext-title\"><a href=\"https:\/\/www.unioviedo.es\/promebi\/equipo\/investigadores\/david-luque-balbona-2\/\" title=\"David Luque Balbona (Director)\">David Luque Balbona (Director)<\/a><\/h3><div class=\"page-list-ext-item-content\">\n\nCategor\u00eda:  Profesor Titular de Universidad\nDepartamento:  Sociolog\u00eda\n\u00c1rea:  Sociolog\u00eda\nDespacho:  n\u00ba 17 Ala 1\nTel\u00e9fono:  985104950\nCorreo: luquedavid@uniovi.es \nM\u00e1s informaci\u00f3n en los siguientes enlaces:  Twitter ,\u00a0 Academia.edu ,\u00a0 ResearchGate ,\u00a0 Google...<\/div><\/div>\n<div class=\"page-list-ext-item\"><div class=\"page-list-ext-image\"><a href=\"https:\/\/www.unioviedo.es\/promebi\/equipo\/investigadores\/alonso-dominguez-angel\/\" title=\"\u00c1ngel Alonso Dom\u00ednguez\"><img decoding=\"async\" src=\"https:\/\/www.unioviedo.es\/promebi\/wp-content\/uploads\/2016\/01\/Angel-Alonso-Dominguez-e1478020000903-100x100.jpg\" width=\"100\" alt=\"\u00c1ngel Alonso Dom\u00ednguez\" \/><\/a><\/div> <h3 class=\"page-list-ext-title\"><a href=\"https:\/\/www.unioviedo.es\/promebi\/equipo\/investigadores\/alonso-dominguez-angel\/\" title=\"\u00c1ngel Alonso Dom\u00ednguez\">\u00c1ngel Alonso Dom\u00ednguez<\/a><\/h3><div class=\"page-list-ext-item-content\">\n\nCategor\u00eda:  Profesor Ayudante Doctor\n Departamento:  SOCIOLOG\u00cdA\n \u00c1rea:  SOCIOLOG\u00cdA\nDespacho: \u00a0301 Facultad \"Jovellanos\" Gij\u00f3n\n Correo : alonsodangel@uniovi.es \n\nM\u00e1s informaci\u00f3n en los siguientes enlaces: \n\n\nResearchGate ,\u00a0Linkedin \n\n\u00c1reas de inter\u00e9...<\/div><\/div>\n<div class=\"page-list-ext-item\"><div class=\"page-list-ext-image\"><a href=\"https:\/\/www.unioviedo.es\/promebi\/equipo\/investigadores\/sigita-doblyte\/\" title=\"Sigita Doblyt\u0117\"><img decoding=\"async\" src=\"https:\/\/www.unioviedo.es\/promebi\/wp-content\/uploads\/2021\/10\/sigi-100x100.jpg\" width=\"100\" alt=\"Sigita Doblyt\u0117\" \/><\/a><\/div> <h3 class=\"page-list-ext-title\"><a href=\"https:\/\/www.unioviedo.es\/promebi\/equipo\/investigadores\/sigita-doblyte\/\" title=\"Sigita Doblyt\u0117\">Sigita Doblyt\u0117<\/a><\/h3><div class=\"page-list-ext-item-content\">  \n\nCategor\u00eda:  Profesora Ayudante Doctora\n Departamento:  Sociolog\u00eda\n \u00c1rea:  Sociolog\u00eda\nDespacho:  Despacho n\u00ba1, Ala 3, Planta 2\u00aa, Departamento de Sociolog\u00eda, Facultad de Econom\u00eda y Empresa\n Correo : doblytesigita@uniovi.es \u00a0 \n\nM\u00e1s informaci\u00f3n en el sigu...<\/div><\/div>\n<div class=\"page-list-ext-item\"><div class=\"page-list-ext-image\"><a href=\"https:\/\/www.unioviedo.es\/promebi\/equipo\/investigadores\/roberto-giosa\/\" title=\"Roberto Giosa\"><img decoding=\"async\" src=\"https:\/\/www.unioviedo.es\/promebi\/wp-content\/uploads\/2021\/08\/Roberto-PROMEBI-100x100.jpeg\" width=\"100\" alt=\"Roberto Giosa\" \/><\/a><\/div> <h3 class=\"page-list-ext-title\"><a href=\"https:\/\/www.unioviedo.es\/promebi\/equipo\/investigadores\/roberto-giosa\/\" title=\"Roberto Giosa\">Roberto Giosa<\/a><\/h3><div class=\"page-list-ext-item-content\"> Categor\u00eda:  Doctor\n Departamento:  Sociolog\u00eda\n \u00c1rea:  Sociolog\u00eda\nDespacho:  Sala Adolfo G. Posada\n Correo:  giosaroberto@uniovi.es \n\nM\u00e1s informaci\u00f3n en el siguiente enlace:\u00a0  ORCID , Scholar , Researchgate \n\nProject:  Access to mental health and the pr...<\/div><\/div>\n<div class=\"page-list-ext-item\"><div class=\"page-list-ext-image\"><a href=\"https:\/\/www.unioviedo.es\/promebi\/equipo\/investigadores\/ignacio-fradejas-garcia\/\" title=\"Ignacio Fradejas Garc\u00eda\"><img decoding=\"async\" src=\"https:\/\/www.unioviedo.es\/promebi\/wp-content\/uploads\/2024\/10\/4538C5AF4F5AF894BC724EA8155059FF-100x100.jpg\" width=\"100\" alt=\"Ignacio Fradejas Garc\u00eda\" \/><\/a><\/div> <h3 class=\"page-list-ext-title\"><a href=\"https:\/\/www.unioviedo.es\/promebi\/equipo\/investigadores\/ignacio-fradejas-garcia\/\" title=\"Ignacio Fradejas Garc\u00eda\">Ignacio Fradejas Garc\u00eda<\/a><\/h3><div class=\"page-list-ext-item-content\">Categor\u00eda:  Profesor Ayudante Doctor\r\n Departamento:  Sociolog\u00eda\r\n \u00c1rea:  Trabajo Social\r\nDespacho: \u00a0301 Facultad \u00abJovellanos\u00bb Gij\u00f3n\r\n Correo : fradejasignacio@uniovi.es \r\n\r\nM\u00e1s informaci\u00f3n en los siguientes enlaces: \r\n\r\nOrcid , ResearchGate , Google...<\/div><\/div>\n<div class=\"page-list-ext-item\"><div class=\"page-list-ext-image\"><a href=\"https:\/\/www.unioviedo.es\/promebi\/equipo\/investigadores\/garcia-blanco-jose-maria\/\" title=\"Jos\u00e9 Mar\u00eda Garc\u00eda Blanco\"><img decoding=\"async\" src=\"https:\/\/www.unioviedo.es\/promebi\/wp-content\/uploads\/2016\/01\/Chema-e1478020899329-100x100.jpg\" width=\"100\" alt=\"Jos\u00e9 Mar\u00eda Garc\u00eda Blanco\" \/><\/a><\/div> <h3 class=\"page-list-ext-title\"><a href=\"https:\/\/www.unioviedo.es\/promebi\/equipo\/investigadores\/garcia-blanco-jose-maria\/\" title=\"Jos\u00e9 Mar\u00eda Garc\u00eda Blanco\">Jos\u00e9 Mar\u00eda Garc\u00eda Blanco<\/a><\/h3><div class=\"page-list-ext-item-content\">\r\n\r\nCategor\u00eda:\u00a0 Catedr\u00e1tico de Universidad\r\nDepartamento:\u00a0 SOCIOLOG\u00cdA\r\n\u00c1rea:\u00a0 SOCIOLOG\u00cdA\r\n Tel\u00e9fono:  985 10 3738, extensi\u00f3n 2196 (Gij\u00f3n)\r\n Despacho:  n\u00b0 5, Ala 3\r\n Correo : jblanco@uniovi.es\r\n Ficha personal:  ver ficha \r\n \r\n&nbsp;\r\n\r\n&nbsp;\r\n\u00a0\u00c1reas de inter\u00e9s: \r...<\/div><\/div>\n<div class=\"page-list-ext-item\"><div class=\"page-list-ext-image\"><a href=\"https:\/\/www.unioviedo.es\/promebi\/equipo\/investigadores\/gonzalez-begega-sergio\/\" title=\"Sergio Gonz\u00e1lez Begega (Secretario Acad\u00e9mico)\"><img decoding=\"async\" src=\"https:\/\/www.unioviedo.es\/promebi\/wp-content\/uploads\/2016\/01\/Sergio-Gonzalez-Begega-100x100.jpg\" width=\"100\" alt=\"Sergio Gonz\u00e1lez Begega (Secretario Acad\u00e9mico)\" \/><\/a><\/div> <h3 class=\"page-list-ext-title\"><a href=\"https:\/\/www.unioviedo.es\/promebi\/equipo\/investigadores\/gonzalez-begega-sergio\/\" title=\"Sergio Gonz\u00e1lez Begega (Secretario Acad\u00e9mico)\">Sergio Gonz\u00e1lez Begega (Secretario Acad\u00e9mico)<\/a><\/h3><div class=\"page-list-ext-item-content\"> Categor\u00eda:\u00a0 Profesor Titular de Universidad\nDepartamento:\u00a0 SOCIOLOG\u00cdA\n\u00c1rea:\u00a0 SOCIOLOG\u00cdA\n Tel\u00e9fono:  985 10 20 61\n Despacho:  307 - Facultad de Comercio, Turismo y CCSS Jovellanos\n Correo : gonzalezsergio@uniovi.es\n Ficha personal: \u00a0ver ficha\n Curricul...<\/div><\/div>\n<div class=\"page-list-ext-item\"><div class=\"page-list-ext-image\"><a href=\"https:\/\/www.unioviedo.es\/promebi\/equipo\/investigadores\/gonzalez-menendez-maria-del-carmen\/\" title=\"Mar\u00eda del Carmen Gonz\u00e1lez Men\u00e9ndez\"><img decoding=\"async\" src=\"https:\/\/www.unioviedo.es\/promebi\/wp-content\/uploads\/2016\/01\/Maria-del-Carmen-Gonzalez-Menendez-e1478021268804-100x100.jpg\" width=\"100\" alt=\"Mar\u00eda del Carmen Gonz\u00e1lez Men\u00e9ndez\" \/><\/a><\/div> <h3 class=\"page-list-ext-title\"><a href=\"https:\/\/www.unioviedo.es\/promebi\/equipo\/investigadores\/gonzalez-menendez-maria-del-carmen\/\" title=\"Mar\u00eda del Carmen Gonz\u00e1lez Men\u00e9ndez\">Mar\u00eda del Carmen Gonz\u00e1lez Men\u00e9ndez<\/a><\/h3><div class=\"page-list-ext-item-content\">\r\n\r\nCategor\u00eda:\u00a0 Profesora Titular de Universidad\r\n Departamento:  SOCIOLOG\u00cdA\r\n \u00c1rea:  SOCIOLOG\u00cdA\r\nDespacho:  n\u00b0 15, Ala 3\r\n Correo : m.gonzalez@uniovi.es\r\n Tel\u00e9fono:  985 10 50 61\r\n\r\nM\u00e1s informaci\u00f3n en el siguiente enlace:\u00a0 Researchgate \r\n\r\n&nbsp;\r\n \r\n\u00c1reas d...<\/div><\/div>\n<div class=\"page-list-ext-item\"><div class=\"page-list-ext-image\"><a href=\"https:\/\/www.unioviedo.es\/promebi\/equipo\/investigadores\/guillen-rodriguez-ana-marta\/\" title=\"Ana Marta Guill\u00e9n Rodr\u00edguez\"><img decoding=\"async\" src=\"https:\/\/www.unioviedo.es\/promebi\/wp-content\/uploads\/2016\/01\/Ana-Marta-Guillen-Rodriguez-e1478021601345-100x100.jpg\" width=\"100\" alt=\"Ana Marta Guill\u00e9n Rodr\u00edguez\" \/><\/a><\/div> <h3 class=\"page-list-ext-title\"><a href=\"https:\/\/www.unioviedo.es\/promebi\/equipo\/investigadores\/guillen-rodriguez-ana-marta\/\" title=\"Ana Marta Guill\u00e9n Rodr\u00edguez\">Ana Marta Guill\u00e9n Rodr\u00edguez<\/a><\/h3><div class=\"page-list-ext-item-content\"> \r\n\r\nCategor\u00eda:\u00a0 Catedr\u00e1tica de Universidad\r\n Departamento:  SOCIOLOG\u00cdA\r\n \u00c1rea:  SOCIOLOG\u00cdA\r\nDespacho:  n\u00b0 8, Ala 3\r\n Correo : aguillen@uniovi.es \r\n Tel\u00e9fono:  985 10 37 27\r\n  Ficha personal:  ver ficha \r\nCurriculum : Ana Marta Guill\u00e9n CV \r\n\r\nM\u00e1s informaci...<\/div><\/div>\n<div class=\"page-list-ext-item\"><div class=\"page-list-ext-image\"><a href=\"https:\/\/www.unioviedo.es\/promebi\/equipo\/investigadores\/rodolfo-gutierrez-palacios\/\" title=\"Rodolfo Guti\u00e9rrez Palacios\"><img decoding=\"async\" src=\"https:\/\/www.unioviedo.es\/promebi\/wp-content\/uploads\/2015\/12\/Rodolfo-Palacios-Gutierrez_-e1478021711242-100x100.jpg\" width=\"100\" alt=\"Rodolfo Guti\u00e9rrez Palacios\" \/><\/a><\/div> <h3 class=\"page-list-ext-title\"><a href=\"https:\/\/www.unioviedo.es\/promebi\/equipo\/investigadores\/rodolfo-gutierrez-palacios\/\" title=\"Rodolfo Guti\u00e9rrez Palacios\">Rodolfo Guti\u00e9rrez Palacios<\/a><\/h3><div class=\"page-list-ext-item-content\"> \n\nCategor\u00eda: \u00a0Catedr\u00e1tico de Universidad Departamento:  SOCIOLOG\u00cdA \u00c1rea:  SOCIOLOG\u00cdA Correo :\u00a0rgutier@uniovi.es Tel\u00e9fono: \u00a0985 103 737   \nM\u00e1s informaci\u00f3n en el siguiente enlace:\u00a0 Researchgate  \n \n\u00a0 \n\u00a0 \n\u00c1reas de inter\u00e9s: \n\nSociolog\u00eda del Trabajo \nSoc...<\/div><\/div>\n<div class=\"page-list-ext-item\"><div class=\"page-list-ext-image\"><a href=\"https:\/\/www.unioviedo.es\/promebi\/equipo\/investigadores\/kohler-holm-detlev\/\" title=\"Holm-Detlev K\u00f6hler\"><img decoding=\"async\" src=\"https:\/\/www.unioviedo.es\/promebi\/wp-content\/uploads\/2016\/01\/Holm-Detlev-Kohler-e1478022096499-100x100.jpg\" width=\"100\" alt=\"Holm-Detlev K\u00f6hler\" \/><\/a><\/div> <h3 class=\"page-list-ext-title\"><a href=\"https:\/\/www.unioviedo.es\/promebi\/equipo\/investigadores\/kohler-holm-detlev\/\" title=\"Holm-Detlev K\u00f6hler\">Holm-Detlev K\u00f6hler<\/a><\/h3><div class=\"page-list-ext-item-content\">\r\n\r\nCategor\u00eda:  Catedr\u00e1tico\u00a0de Universidad\r\n Departamento:  SOCIOLOG\u00cdA\r\n \u00c1rea:  SOCIOLOG\u00cdA\r\nDespacho:  n\u00b0 3, Ala 3\r\n Correo : hkohler@uniovi.es \r\n Tel\u00e9fono:  985 10 50 47  \r\n  Ficha personal:  ver ficha\r\n Web\u00a0personal:  ver web \r\n\r\nM\u00e1s informaci\u00f3n en el sigu...<\/div><\/div>\n<div class=\"page-list-ext-item\"><div class=\"page-list-ext-image\"><a href=\"https:\/\/www.unioviedo.es\/promebi\/equipo\/investigadores\/lopez-rodriguez-fermin\/\" title=\"Ferm\u00edn L\u00f3pez Rodr\u00edguez\"><img decoding=\"async\" src=\"https:\/\/www.unioviedo.es\/promebi\/wp-content\/uploads\/2016\/07\/Foto-Fermin-e1478023348462-100x100.jpg\" width=\"100\" alt=\"Ferm\u00edn L\u00f3pez Rodr\u00edguez\" \/><\/a><\/div> <h3 class=\"page-list-ext-title\"><a href=\"https:\/\/www.unioviedo.es\/promebi\/equipo\/investigadores\/lopez-rodriguez-fermin\/\" title=\"Ferm\u00edn L\u00f3pez Rodr\u00edguez\">Ferm\u00edn L\u00f3pez Rodr\u00edguez<\/a><\/h3><div class=\"page-list-ext-item-content\">\n\nCategor\u00eda:  Profesor Ayudante Doctor - Universidad de M\u00e1laga\n Departamento:  Derecho del Estado y Sociolog\u00eda\n Correo : lopezfermin@uma.es\u00a0\u00a0 \n\nResearch profiles:\u00a0 ORCID , Research Gate , Dialnet \n\nResearch interests: \n\n \tEconomic sociology \n \tLabour marke...<\/div><\/div>\n<div class=\"page-list-ext-item\"><div class=\"page-list-ext-image\"><a href=\"https:\/\/www.unioviedo.es\/promebi\/equipo\/investigadores\/mato-diaz-francisco-javier\/\" title=\"Francisco Javier Mato D\u00edaz\"><img decoding=\"async\" src=\"https:\/\/www.unioviedo.es\/promebi\/wp-content\/uploads\/2015\/12\/Foto-jmato-e1478022692410-100x100.jpg\" width=\"100\" alt=\"Francisco Javier Mato D\u00edaz\" \/><\/a><\/div> <h3 class=\"page-list-ext-title\"><a href=\"https:\/\/www.unioviedo.es\/promebi\/equipo\/investigadores\/mato-diaz-francisco-javier\/\" title=\"Francisco Javier Mato D\u00edaz\">Francisco Javier Mato D\u00edaz<\/a><\/h3><div class=\"page-list-ext-item-content\">\r\n\r\nCategor\u00eda:  Titular de Universidad\r\nDepartamento:  ECONOM\u00cdA APLICADA\r\n\u00c1rea:  ESTRUCTURA ECON\u00d3MICA\r\n Tel\u00e9fono:  985 10 37 67\r\n Despacho:  Ala 2, n\u00ba 14\r\n Correo : jmato@uniovi.es \r\n\u00c1reas de inter\u00e9s: \r\n\r\n\r\nAn\u00e1lisis de pol\u00edticas de empleo y desempleo...<\/div><\/div>\n<div class=\"page-list-ext-item\"><div class=\"page-list-ext-image\"><a href=\"https:\/\/www.unioviedo.es\/promebi\/equipo\/investigadores\/raul-paya-castiblanque\/\" title=\"Ra\u00fal Pay\u00e1 Castiblanque\"><img decoding=\"async\" src=\"https:\/\/www.unioviedo.es\/promebi\/wp-content\/uploads\/2024\/07\/RPC-100x100.png\" width=\"100\" alt=\"Ra\u00fal Pay\u00e1 Castiblanque\" \/><\/a><\/div> <h3 class=\"page-list-ext-title\"><a href=\"https:\/\/www.unioviedo.es\/promebi\/equipo\/investigadores\/raul-paya-castiblanque\/\" title=\"Ra\u00fal Pay\u00e1 Castiblanque\">Ra\u00fal Pay\u00e1 Castiblanque<\/a><\/h3><div class=\"page-list-ext-item-content\">Categor\u00eda:\u00a0 P rofesor Ayudante Doctor \u2013 Universidad de Valencia\r\n\r\nDepartamento:\u00a0 Sociolog\u00eda y Antropolog\u00eda Social\r\n\r\n\u00c1rea:  Sociolog\u00eda\r\n\r\nDespacho:\u00a0 4P08 Facultad de Ciencias Sociales (Valencia)\r\n\r\nCorreo:  raul.paya@uv.es \r\n\u00c1reas de inter\u00e9s:  \r\n\r\n \tSoci...<\/div><\/div>\n<div class=\"page-list-ext-item\"><div class=\"page-list-ext-image\"><a href=\"https:\/\/www.unioviedo.es\/promebi\/equipo\/investigadores\/rodriguez-alvarez-vanesa\/\" title=\"Vanesa Rodr\u00edguez \u00c1lvarez\"><img decoding=\"async\" src=\"https:\/\/www.unioviedo.es\/promebi\/wp-content\/uploads\/2016\/01\/Vanesa-Rodriguez-Alvarez-e1478022949811-100x100.jpg\" width=\"100\" alt=\"Vanesa Rodr\u00edguez \u00c1lvarez\" \/><\/a><\/div> <h3 class=\"page-list-ext-title\"><a href=\"https:\/\/www.unioviedo.es\/promebi\/equipo\/investigadores\/rodriguez-alvarez-vanesa\/\" title=\"Vanesa Rodr\u00edguez \u00c1lvarez\">Vanesa Rodr\u00edguez \u00c1lvarez<\/a><\/h3><div class=\"page-list-ext-item-content\">\n\nCategor\u00eda:  Profesora Titular de Universidad\n Departamento:  SOCIOLOG\u00cdA\n \u00c1rea:  SOCIOLOG\u00cdA\n Correo : rodriguezvanesa@uniovi.es \nDespacho:  n\u00ba 2, Ala 3\n\n\nM\u00e1s informaci\u00f3n en los siguientes enlaces: \n\nResearchgate ,\u00a0Google acad\u00e9mico \n\n \n \n \n\u00c1reas de inter\u00e9...<\/div><\/div>\n<div class=\"page-list-ext-item\"><div class=\"page-list-ext-image\"><a href=\"https:\/\/www.unioviedo.es\/promebi\/equipo\/investigadores\/tejero-perez-aroa\/\" title=\"Aroa Tejero (Secretaria de Gesti\u00f3n)\"><img decoding=\"async\" src=\"https:\/\/www.unioviedo.es\/promebi\/wp-content\/uploads\/2020\/09\/IMG_20200225_102839_2-100x100.jpg\" width=\"100\" alt=\"Aroa Tejero (Secretaria de Gesti\u00f3n)\" \/><\/a><\/div> <h3 class=\"page-list-ext-title\"><a href=\"https:\/\/www.unioviedo.es\/promebi\/equipo\/investigadores\/tejero-perez-aroa\/\" title=\"Aroa Tejero (Secretaria de Gesti\u00f3n)\">Aroa Tejero (Secretaria de Gesti\u00f3n)<\/a><\/h3><div class=\"page-list-ext-item-content\"> \n\nCategor\u00eda:  Profesora Ayudante Doctora\n Departamento:  SOCIOLOG\u00cdA\n \u00c1rea:  SOCIOLOG\u00cdA\n Tel\u00e9fono:  985105044\nDespacho : n\u00ba6, Ala 3\n Correo : tejeroaroa@uniovi.es \n\n\nM\u00e1s informaci\u00f3n en el siguiente enlace: \n\nResearchgate \n\n&nbsp;\n&nbsp;\u00c1reas de inter...<\/div><\/div>\n\n<\/div>\n<h2 style=\"font-size: 18px; background-color: #b4b9be; padding: 5px; color: #ffffff;\">Personal en formaci\u00f3n<\/h2>\n\n<!-- Page-list plugin v.5.6 wordpress.org\/plugins\/page-list\/ -->\n<div class=\"page-list page-list-ext \">\n<div class=\"page-list-ext-item\"><div class=\"page-list-ext-image\"><a href=\"https:\/\/www.unioviedo.es\/promebi\/equipo\/personal-en-formacion\/andrea-moreno-gonzalez\/\" title=\"Andrea Moreno Gonz\u00e1lez\"><img decoding=\"async\" src=\"https:\/\/www.unioviedo.es\/promebi\/wp-content\/uploads\/2023\/09\/andrea_fotopromebi-100x100.jpeg\" width=\"100\" alt=\"Andrea Moreno Gonz\u00e1lez\" \/><\/a><\/div> <h3 class=\"page-list-ext-title\"><a href=\"https:\/\/www.unioviedo.es\/promebi\/equipo\/personal-en-formacion\/andrea-moreno-gonzalez\/\" title=\"Andrea Moreno Gonz\u00e1lez\">Andrea Moreno Gonz\u00e1lez<\/a><\/h3><div class=\"page-list-ext-item-content\"> Categor\u00eda: \u00a0 Estudiante de doctorado, Programa \u00abSevero Ochoa\u00bb\n\nDepartamento:  Sociolog\u00eda\n\n\u00c1rea:  Sociolog\u00eda\n\nDespacho: \u00a0Sala Adolfo G. Posada\n\nCorreo electr\u00f3nico:  morenogandrea@uniovi.es\n\nM\u00e1s informaci\u00f3n en el siguiente enlace:  Orcid , ResearchGate , Google S...<\/div><\/div>\n\n<\/div>\n<h2 style=\"font-size: 18px; background-color: #b4b9be; padding: 5px; color: #ffffff;\">Visitantes<\/h2>\n","protected":false},"excerpt":{"rendered":"<p>Investigadores Personal en formaci\u00f3n Visitantes<\/p>\n","protected":false},"author":1,"featured_media":518,"parent":0,"menu_order":0,"comment_status":"closed","ping_status":"closed","template":"","meta":{"_genesis_hide_title":false,"_genesis_hide_breadcrumbs":false,"_genesis_hide_singular_image":false,"_genesis_hide_footer_widgets":false,"_genesis_custom_body_class":"","_genesis_custom_post_class":"","_genesis_layout":"","footnotes":""},"class_list":{"0":"post-46","1":"page","2":"type-page","3":"status-publish","4":"has-post-thumbnail","6":"entry","7":"gs-1","8":"gs-odd","9":"gs-even","10":"gs-featured-content-entry"},"_links":{"self":[{"href":"https:\/\/www.unioviedo.es\/promebi\/wp-json\/wp\/v2\/pages\/46","targetHints":{"allow":["GET"]}}],"collection":[{"href":"https:\/\/www.unioviedo.es\/promebi\/wp-json\/wp\/v2\/pages"}],"about":[{"href":"https:\/\/www.unioviedo.es\/promebi\/wp-json\/wp\/v2\/types\/page"}],"author":[{"embeddable":true,"href":"https:\/\/www.unioviedo.es\/promebi\/wp-json\/wp\/v2\/users\/1"}],"replies":[{"embeddable":true,"href":"https:\/\/www.unioviedo.es\/promebi\/wp-json\/wp\/v2\/comments?post=46"}],"version-history":[{"count":27,"href":"https:\/\/www.unioviedo.es\/promebi\/wp-json\/wp\/v2\/pages\/46\/revisions"}],"predecessor-version":[{"id":1916,"href":"https:\/\/www.unioviedo.es\/promebi\/wp-json\/wp\/v2\/pages\/46\/revisions\/1916"}],"wp:featuredmedia":[{"embeddable":true,"href":"https:\/\/www.unioviedo.es\/promebi\/wp-json\/wp\/v2\/media\/518"}],"wp:attachment":[{"href":"https:\/\/www.unioviedo.es\/promebi\/wp-json\/wp\/v2\/media?parent=46"}],"curies":[{"name":"wp","href":"https:\/\/api.w.org\/{rel}","templated":true}]}}