{"id":648,"date":"2018-01-02T12:00:50","date_gmt":"2018-01-02T11:00:50","guid":{"rendered":"http:\/\/156.35.33.98\/promebi\/?page_id=648"},"modified":"2021-10-11T19:59:05","modified_gmt":"2021-10-11T17:59:05","slug":"alonso-dominguez-angel","status":"publish","type":"page","link":"https:\/\/www.unioviedo.es\/promebi\/equipo\/investigadores\/alonso-dominguez-angel\/","title":{"rendered":"\u00c1ngel Alonso Dom\u00ednguez"},"content":{"rendered":"<p><img loading=\"lazy\" decoding=\"async\" class=\"alignleft wp-image-1071 size-medium\" src=\"http:\/\/www.unioviedo.es\/promebi\/wp-content\/uploads\/2016\/01\/Angel-Alonso-Dominguez-e1478020000903-300x270.jpg\" alt=\"Angel Alonso Dominguez\" width=\"300\" height=\"270\" srcset=\"https:\/\/www.unioviedo.es\/promebi\/wp-content\/uploads\/2016\/01\/Angel-Alonso-Dominguez-e1478020000903-300x270.jpg 300w, https:\/\/www.unioviedo.es\/promebi\/wp-content\/uploads\/2016\/01\/Angel-Alonso-Dominguez-e1478020000903-768x692.jpg 768w, https:\/\/www.unioviedo.es\/promebi\/wp-content\/uploads\/2016\/01\/Angel-Alonso-Dominguez-e1478020000903-1024x923.jpg 1024w, https:\/\/www.unioviedo.es\/promebi\/wp-content\/uploads\/2016\/01\/Angel-Alonso-Dominguez-e1478020000903.jpg 1127w\" sizes=\"auto, (max-width: 300px) 100vw, 300px\" \/><\/p>\n<p><strong>Categor\u00eda:<\/strong> Profesor Ayudante Doctor<span class=\"org\"><br \/>\n<\/span><strong>Departamento:<\/strong> <span class=\"org\">SOCIOLOG\u00cdA<br \/>\n<\/span><strong>\u00c1rea:<\/strong> <span class=\"org\">SOCIOLOG\u00cdA<br \/>\n<strong>Despacho:<\/strong>\u00a0301 Facultad \u00abJovellanos\u00bb Gij\u00f3n<br \/>\n<\/span><strong>Correo<\/strong>: <a href=\"mailto:alonsodangel@uniovi.es\">alonsodangel@uniovi.es<\/a><\/p>\n<p><strong style=\"font-size: inherit;\">M\u00e1s informaci\u00f3n en los siguientes enlaces:<\/strong><\/p>\n<div class=\"areasInteres\">\n<p><a href=\"https:\/\/www.researchgate.net\/profile\/angel_Alonso-dominguez\">ResearchGate<\/a>,\u00a0<a href=\"https:\/\/www.linkedin.com\/pub\/%C3%A1ngel-alonso-dom%C3%ADnguez\/49\/b57\/956\">Linkedin<\/a><\/p>\n<p><span style=\"color: inherit; font-size: 1.56em; font-weight: 600;\">\u00c1reas de inter\u00e9s:<\/span><\/p>\n<\/div>\n<div class=\"areasInteres\">\n<ul>\n<li>Sociolog\u00eda del Trabajo<\/li>\n<li>Pol\u00edticas Sociales<\/li>\n<li>Ciencia Pol\u00edtica<\/li>\n<li>Pr\u00e1ctica sociol\u00f3gica<\/li>\n<li>Consumo<\/li>\n<\/ul>\n<\/div>\n<div class=\"publicaciones\">\n<h3>Short Bio<\/h3>\n<p><strong>\u00c1ngel Alonso-Dom\u00ednguez<\/strong> is Assistant Professor in the Department of Sociology of the University of Oviedo. He has carried out research on employment, training, and social politics. He has published in edited books and articles in journals such as Time &amp; Society, European Journal of Social Security, Papers, Pol\u00edtica y Sociedad, Revista Espa\u00f1ola de Sociolog\u00eda and International Journals of Organizations, among others. He has participated as a researcher in several national and international projects, including the European Network of Excellence Reconciling Work and Welfare in Europe (RECWOWE) and is currently a member of the accredited research group Promoting Employment and Welfare in Europe (PROMEBI)<\/p>\n<p><strong>\u00c1ngel Alonso-Dom\u00ednguez<\/strong> es Profesor Ayudante Doctor del Departamento de Sociolog\u00eda de la Universidad de Oviedo. Ha realizado investigaciones sobre empleo, formaci\u00f3n y pol\u00edtica social. Ha publicado en libros editados y art\u00edculos en revistas como Time &amp; Society, European Journal of Social Security, Papers, Pol\u00edtica y Sociedad, Revista Espa\u00f1ola de Sociolog\u00eda e International Journals of Organizations, entre otras. Ha participado como investigador en numerosos proyectos nacionales e internacionales, entre ellos en la Red Europea de Excelencia Conciliando Trabajo y Bienestar en Europa (RECWOWE) y actualmente es miembro del grupo de investigaci\u00f3n acreditado Promoting Employment and Welfare in Europe (PROMEBI)<\/p>\n<h3>Publicaciones m\u00e1s recientes:<\/h3>\n<p>Alonso-Dom\u00ednguez, \u00c1. (En prensa). <em>Memoria, nostalgia e identidad colectiva de los trabajadores industriales de Gij\u00f3n<\/em>. Oviedo: Ediciones de la Universidad de Oviedo. Colecci\u00f3n Historia Oral.<\/p>\n<p>Mato D\u00edaz, F.J., Alonso-Dom\u00ednguez, \u00c1, Gonz\u00e1lez Arias, R. y Escudero Castillo, E. (2021) \u00bfFuncionan las pol\u00edticas de prevenci\u00f3n del abandono escolar temprano en Espa\u00f1a? An\u00e1lisis de impacto del Programa de Mejora del Aprendizaje y Rendimiento (PMAR). Observatorio Social de La Caixa, marzo de 2021.\u00a0 <a href=\"https:\/\/observatoriosociallacaixa.org\/es\/-\/funcionan-las-politicas-de-prevencion-del-abandono-escolar-temprano-en-espana\">https:\/\/observatoriosociallacaixa.org\/es\/-\/funcionan-las-politicas-de-prevencion-del-abandono-escolar-temprano-en-espana<\/a><\/p>\n<p>Alonso-Dom\u00ednguez, \u00c1. (2020). \u201cR\u00e9quiem por la industria de Gij\u00f3n: p\u00e9rdida de la identidad colectiva, conflictos emocionales y consecuencias sociales\u201d. <em>Sociolog\u00eda del Trabajo<\/em>, 97: 45-58. <a href=\"http:\/\/dx.doi.org\/10.5209\/stra.71111\">http:\/\/dx.doi.org\/10.5209\/stra.71111<\/a><\/p>\n<p>Alonso-Dom\u00ednguez, \u00c1., Callejo, J. y D\u00edaz M\u00e9ndez, C. (2020). \u201cHow the type of working day affects work-life balance and mealtime balance. A study based on the Time Use Survey\u201d. <em>Time &amp; Society<\/em>, 29 (4): 1082-1103. <a href=\"https:\/\/doi.org\/10.1177\/0961463X20947531\">https:\/\/doi.org\/10.1177\/0961463X20947531<\/a><\/p>\n<p><em>\u00a0<\/em>Blanco Prieto, A. y Alonso-Dom\u00ednguez, \u00c1. (2020) \u201cRegulaci\u00f3n del bienestar ocupacional: entre la legislaci\u00f3n y la responsabilidad social empresarial\u201d. <em>Revista Espa\u00f1ola de Sociolog\u00eda<\/em>, 29 (2), 363-380<em>. <\/em><a href=\"http:\/\/dx.doi.org\/10.22325\/fes\/res.2020.20\">http:\/\/dx.doi.org\/10.22325\/fes\/res.2020.20<\/a><\/p>\n<p><em>\u00a0<\/em><em>\u00a0<\/em>Alonso-Dom\u00ednguez, \u00c1., Blanco Fern\u00e1ndez, J. y Gil de G\u00f3mez, C. (2019) \u00abIdentidad profesional, regulaci\u00f3n y pr\u00e1ctica de la sociolog\u00eda y la ciencia pol\u00edtica en Espa\u00f1a\u00bb. <em>Revista Temas Sociol\u00f3gicos<\/em>, 25: 191-230. <a href=\"https:\/\/doi.org\/10.29344\/07196458.25.2168\">https:\/\/doi.org\/10.29344\/07196458.25.2168<\/a><\/p>\n<p><em>\u00a0<\/em>Berm\u00fadez, M.T., Alonso-Dom\u00ednguez, \u00c1. y Arn\u00e1iz, A. (2019) \u201cOcio \u00e9tico: afrontando la alienaci\u00f3n y la deshumanizaci\u00f3n en los hospitales\u201d. <em>Revista Espa\u00f1ola de Sociolog\u00eda, <\/em>28 (3, supl. 2): 63-78. <a href=\"http:\/\/dx.doi.org\/10.22325\/fes\/res.2019.38\">http:\/\/dx.doi.org\/10.22325\/fes\/res.2019.38<\/a><\/p>\n<p>Guill\u00e9n, A.M. y Alonso-Dom\u00ednguez, \u00c1. (2019). \u201cEl reto de la globalizaci\u00f3n. Cr\u00edtica, reforma y pervivencia del Modelo Social Europeo\u201d, en S\u00f6ren Brinkmann, Jairo Agudelo y Hubert Gehring (eds.) <em>El Modelo Social Europeo y Am\u00e9rica Latina, <\/em>pags. 49-74<em>. <\/em>Fundaci\u00f3n Konrad Adenauer, Colombia.<\/p>\n<p>Alonso-Dom\u00ednguez, \u00c1. (2018) \u201cAn\u00e1lisis de la permanencia en el empleo de los trabajadores espa\u00f1oles durante el periodo 2007-2010\u201d. <em>Papers. Revista de Sociolog\u00eda, <\/em>103 (3): 339-366. <a href=\"http:\/\/dx.doi.org\/10.5565\/rev\/papers.2282\">http:\/\/dx.doi.org\/10.5565\/rev\/papers.2282<\/a><\/p>\n<p>Alonso-Dom\u00ednguez, \u00c1., Eguren, N. y Gonz\u00e1lez Fern\u00e1ndez, A. (2016) \u201cLa Sociolog\u00eda como profesi\u00f3n: Estrategias de potenciaci\u00f3n de la profesi\u00f3n sociol\u00f3gica en el Principado de Asturias\u201d. <em>Revista Espa\u00f1ola de Sociolog\u00eda (RES)<\/em>, Vol. 25 (3 Supl): 171-188. <a href=\"http:\/\/dx.doi.org\/10.22325\/fes\/res.2016.13\">http:\/\/dx.doi.org\/10.22325\/fes\/res.2016.13<\/a>.<\/p>\n<p>Alonso-Dom\u00ednguez, \u00c1., Garc\u00eda Espejo, I. y Guti\u00e9rrez Palacios, R. (2016) \u201cAprendizaje interactivo en un contexto low-tech: formaci\u00f3n profesional e innovaci\u00f3n en el caso de Asturias\u201d. <em>Revista Espa\u00f1ola de Sociolog\u00eda (RES)<\/em>, Vol. 25 (3): 37-59. <a href=\"https:\/\/doi.org\/10.22325\/fes\/res.25.3.2016.343\">https:\/\/doi.org\/10.22325\/fes\/res.25.3.2016.343<\/a><\/p>\n<p>Alonso-Dom\u00ednguez, \u00c1.\u00a0 (2015) \u201cAn\u00e1lisis de trayectorias laborales a trav\u00e9s del concepto de flexiguridad\u201d. Pol\u00edtica y Sociedad, 52 (3): 819-844. <a href=\"http:\/\/dx.doi.org\/10.5209\/rev_POSO.2015.v52.n3.46196\">http:\/\/dx.doi.org\/10.5209\/rev_POSO.2015.v52.n3.46196<\/a> .\u00a0 ISSN: 1130-8001.<\/p>\n<p>Alonso-Dom\u00ednguez, \u00c1., Garc\u00eda Espejo, I. y Guti\u00e9rrez Palacios, R. (2015) \u201cAsturias\u201d, en M. Olazaran y E. Albizu (coords.) <em>Formaci\u00f3n profesional, empresa e innovaci\u00f3n en Espa\u00f1a<\/em> [en l\u00ednea], pags. 43-79. Omnia Science Publisher. <a href=\"http:\/\/dx.doi.org\/10.3926\/.276\">http:\/\/dx.doi.org\/10.3926\/.276<\/a>. ISBN: 97884-944229-5-9.<\/p>\n<p>Moreira, A., Alonso-Dom\u00ednguez, \u00c1., Antunes, C., Karamessini, M., Raitano, M. y Glatzer, M. (2015) \u201cAusterity-Driven Labour Market Reforms in Southern Europe: Eroding the Security of Labour Market Insiders\u201d, en A.M. Guill\u00e9n y E. Pavolini (eds.) <em>Welfare States Under Strain in Southern Europe: Comparing Policy and Governance Changes in Greece, Italy, and Spain<\/em>, p\u00e1gs. 202-225. European Journal of Social Security, 17 (2): 202-225. <a href=\"https:\/\/doi.org\/10.1177\/138826271501700204\">https:\/\/doi.org\/10.1177\/138826271501700204<\/a><\/p>\n<\/div>\n","protected":false},"excerpt":{"rendered":"<p>Categor\u00eda: Profesor Ayudante Doctor Departamento: SOCIOLOG\u00cdA \u00c1rea: SOCIOLOG\u00cdA Despacho:\u00a0301 Facultad \u00abJovellanos\u00bb Gij\u00f3n Correo: alonsodangel@uniovi.es M\u00e1s informaci\u00f3n en los siguientes enlaces: ResearchGate,\u00a0Linkedin \u00c1reas de inter\u00e9s: Sociolog\u00eda del Trabajo Pol\u00edticas Sociales Ciencia Pol\u00edtica Pr\u00e1ctica sociol\u00f3gica Consumo Short Bio \u00c1ngel Alonso-Dom\u00ednguez is Assistant Professor in the Department of Sociology of the University of Oviedo. He has carried out [&hellip;]<\/p>\n","protected":false},"author":1,"featured_media":1071,"parent":88,"menu_order":0,"comment_status":"closed","ping_status":"closed","template":"","meta":{"_genesis_hide_title":false,"_genesis_hide_breadcrumbs":false,"_genesis_hide_singular_image":false,"_genesis_hide_footer_widgets":false,"_genesis_custom_body_class":"","_genesis_custom_post_class":"","_genesis_layout":"","footnotes":""},"class_list":{"0":"post-648","1":"page","2":"type-page","3":"status-publish","4":"has-post-thumbnail","6":"entry","7":"gs-1","8":"gs-odd","9":"gs-even","10":"gs-featured-content-entry"},"_links":{"self":[{"href":"https:\/\/www.unioviedo.es\/promebi\/wp-json\/wp\/v2\/pages\/648","targetHints":{"allow":["GET"]}}],"collection":[{"href":"https:\/\/www.unioviedo.es\/promebi\/wp-json\/wp\/v2\/pages"}],"about":[{"href":"https:\/\/www.unioviedo.es\/promebi\/wp-json\/wp\/v2\/types\/page"}],"author":[{"embeddable":true,"href":"https:\/\/www.unioviedo.es\/promebi\/wp-json\/wp\/v2\/users\/1"}],"replies":[{"embeddable":true,"href":"https:\/\/www.unioviedo.es\/promebi\/wp-json\/wp\/v2\/comments?post=648"}],"version-history":[{"count":30,"href":"https:\/\/www.unioviedo.es\/promebi\/wp-json\/wp\/v2\/pages\/648\/revisions"}],"predecessor-version":[{"id":2263,"href":"https:\/\/www.unioviedo.es\/promebi\/wp-json\/wp\/v2\/pages\/648\/revisions\/2263"}],"up":[{"embeddable":true,"href":"https:\/\/www.unioviedo.es\/promebi\/wp-json\/wp\/v2\/pages\/88"}],"wp:featuredmedia":[{"embeddable":true,"href":"https:\/\/www.unioviedo.es\/promebi\/wp-json\/wp\/v2\/media\/1071"}],"wp:attachment":[{"href":"https:\/\/www.unioviedo.es\/promebi\/wp-json\/wp\/v2\/media?parent=648"}],"curies":[{"name":"wp","href":"https:\/\/api.w.org\/{rel}","templated":true}]}}