{"id":691,"date":"2018-01-08T11:00:00","date_gmt":"2018-01-08T10:00:00","guid":{"rendered":"http:\/\/156.35.33.98\/promebi\/?page_id=691"},"modified":"2024-10-15T13:26:25","modified_gmt":"2024-10-15T11:26:25","slug":"guillen-rodriguez-ana-marta","status":"publish","type":"page","link":"https:\/\/www.unioviedo.es\/promebi\/equipo\/investigadores\/guillen-rodriguez-ana-marta\/","title":{"rendered":"Ana Marta Guill\u00e9n Rodr\u00edguez"},"content":{"rendered":"<p><a href=\"http:\/\/www.unioviedo.es\/promebi\/wp-content\/uploads\/2018\/04\/DSC_4328.jpg\"><img loading=\"lazy\" decoding=\"async\" class=\"alignleft wp-image-1997 size-medium\" src=\"http:\/\/www.unioviedo.es\/promebi\/wp-content\/uploads\/2018\/04\/DSC_4328-e1589387793951-290x300.jpg\" alt=\"\" width=\"290\" height=\"300\" srcset=\"https:\/\/www.unioviedo.es\/promebi\/wp-content\/uploads\/2018\/04\/DSC_4328-e1589387793951-290x300.jpg 290w, https:\/\/www.unioviedo.es\/promebi\/wp-content\/uploads\/2018\/04\/DSC_4328-e1589387793951-768x796.jpg 768w, https:\/\/www.unioviedo.es\/promebi\/wp-content\/uploads\/2018\/04\/DSC_4328-e1589387793951-989x1024.jpg 989w\" sizes=\"auto, (max-width: 290px) 100vw, 290px\" \/><\/a><\/p>\n<p><strong>Categor\u00eda:\u00a0<\/strong>Catedr\u00e1tica de Universidad<span class=\"org\"><br \/>\n<\/span><strong>Departamento:<\/strong> <span class=\"org\">SOCIOLOG\u00cdA<br \/>\n<\/span><strong>\u00c1rea:<\/strong> <span class=\"org\">SOCIOLOG\u00cdA<br \/>\n<strong>Despacho:<\/strong> n\u00b0 8, Ala 3<br \/>\n<\/span><strong>Correo<\/strong>: <a class=\"email\" href=\"mailto:aguillen@uniovi.es\">aguillen@uniovi.es<\/a><a class=\"email\" href=\"mailto:m.gonzalez@uniovi.es\"><br \/>\n<\/a><strong>Tel\u00e9fono:<\/strong> <a title=\"Llamada telef\u00f3nica\" href=\"tel:985103727\"><span class=\"tel\">985 10 37 27<br \/>\n<\/span><\/a><strong>Ficha personal:<\/strong> <a title=\"ver ficha\" href=\"http:\/\/directo.uniovi.es\/catalogo\/DetalleProfesor.asp?idprofesor=31458\">ver ficha<\/a><br \/>\n<strong>Curriculum<\/strong>: <a title=\"Ana Marta Guill\u00e9n CV\" href=\"https:\/\/sociologia.uniovi.es\/c\/document_library\/get_file?uuid=585e4290-3e51-46b3-ab0e-910d7e2a8a3f&amp;groupId=521265\">Ana Marta Guill\u00e9n CV<\/a><\/p>\n<p><strong>M\u00e1s informaci\u00f3n en el siguiente enlace:\u00a0<\/strong><a href=\"https:\/\/www.researchgate.net\/profile\/Ana_Guillen\">Researchgate<\/a><\/p>\n<h3><\/h3>\n<p>&nbsp;<\/p>\n<h3>\u00c1reas de inter\u00e9s:<\/h3>\n<ul>\n<li>Bienestar Social<\/li>\n<li>Pol\u00edtica Social<\/li>\n<li>Sociolog\u00eda Comparada<\/li>\n<\/ul>\n<h3>Short bio:<\/h3>\n<p>Ana M. Guill\u00e9n is full professor of Sociology and Head of Department at the University of Oviedo, Spain. Her research interests include comparative social and labour policy, Europeanization and European integration. She has published articles in journals such as Journal of European Social Policy, Social Science &amp; Medicine, Social Politics, European Societies, International Journal of Health Services, West European Politics, and Social Policy and Administration, among others. She has acted as a consultant to the European Commission and the International Labour Organization. She is a member of the Advisory Board of the Observatoire Social Europ\u00e9en (OSE, Brussels) and co-chair of Espanet-Spain (Red Espa\u00f1ola de Pol\u00edtica Social, REPS).<\/p>\n<h3>Curriculum breve:<\/h3>\n<div class=\"areasInteres\">\n<p>Ana M. Guill\u00e9n is full professor of Sociology and Head of Department at the University of Oviedo (Spain), where she teaches Sociology (in English) and Comparative Social Policy at the undergraduate level, and Social Protection Systems at the post graduate one. She has published extensively on comparative social policy, welfare state development and health care policies (in English, Spanish, French, German, Italian, Greek, Turkish, Portuguese and Korean). Her articles have been published in high impact professional journals such as Social Science &amp; Medicine, Social Politics, Journal of European Social Policy, European Societies, International Journal of Health Services, West European Politics, and Social Policy and Administration. She has co-edited a special issue of the Journal of European Social Policy, titled EU Enlargement, Europeanization and Social Policy (vol. 14, no. 3, 2004). She has also co-edited several books, among them Quality of Work in the European Union. Concept, data and debates from a transnational perspective (Brussels: PIE Peter Lang, 2009); Work-Life Balance in Europe. The Role of Job Quality (Basingstoke: Palgrave Macmillan, 2011); and The Spanish Welfare State in European Context (London: Ashgate, 2011).<\/p>\n<p>Research projects she has been involved in the recent past include: \u201cTransformations of the Welfare State\u201d,financed by the University of Oxford and the British Academy (2006-2007);\u201cWorking poor: jobs, households and policies\u201d, financed by the Spanish National Research Plan (2005-2008); \u201cThe Politics of Welfare Reforms of Bismarckian Welfare Systems\u201d, financed by the French Ministry of Social Affairs and Cevipof, Sciences-Po, Paris (2005-2007), and \u201cThe social impact of the economic crisis in Spain: a comparative overview\u201d, financed by Fundaci\u00f3n La Caixa, Barcelona. She was part of the coordination group of the Network of Excellence of the European Commission RECWOWE (Reconciling Work and Welfare in the EU, 2006-2011), and co-coordinator of Strand 3 (Tensions between quality and quantity of jobs). The NoE included 29 partner institutions and 260 researchers (22 from the University of Oviedo). She is currently leading a research project on \u201cWelfare capitalism in South Europe: a comparative perspective, CABISE\u201d, financed by the Spanish National Research Plan and she has been appointed a member of the scientific advisory committee of the EU funded collaborative project \u201cMaking Persons with Disabilities Full Citizens, DISCIT\u201d.<\/p>\n<p>In 1998 she participated as a researcher in the European Forum on the Reform of Welfare States at the European University Institute (Florence). She has written a large number of reports for the European Commission and the ILO. She has also participated as an expert in several Presidencies of the European Union and in the asisp Project (Analytical support on the socio-economic impact assessment of social protection reforms in the EU Member States, EFTA\/EEA, Candidate and Pre-Candidate Countries (2008-2010).<\/p>\n<p>She is a member of the editorial boards of the Journal of European Social Policy (since September 2001), International Social Security Review (since January 2005), Revista Internacional de Sociolog\u00eda (since July 2010), and the European Journal of Social Security (since September 2013). She is also vice-president of the Executive Board of Research Committee 19 of the International Sociological Association (Poverty, social welfare and social policy), co-director of the Executive Committee of Espanet-Spain \/ Red Espa\u00f1ola de Pol\u00edtica Social, and member of the Scientific Advisory Committee of the OSE, Observatoire Social Europ\u00e9en. She was a member of the Executive Board of ESPAnet (The Network for European Social Policy Analysis) from 2003 to 2012.<\/p>\n<\/div>\n<div class=\"publicaciones\">\n<h3>Publicaciones:<\/h3>\n<ul>\n<li>HALVORSEN, R.; HVINDEN, B.; BICKENBACH, J.; FERRI, D; &amp; GUILL\u00c9N RODR\u00cdGUEZ, A.M. eds. (2017) The Changing Disability Policy System. Active Citizenship and Disability in Europe. Volume I. Abingdon: Routledge.<\/li>\n<li>GUILL\u00c9N, A.M. &amp; PAVOLINI, E. (2017) \u201cSpain and Italy: Regaining the Confidence and Legitimacy to Advance Social Policy\u201d, en Peter Taylor-Goby et al. ed. After Austerity: Welfare State Transformation in Europe after the Great Recession. Oxford: Oxford University Press, pp. 136-154.<\/li>\n<li>GARRIDO, L.; GUTI\u00c9RREZ, R. &amp; GUILL\u00c9N, A.M. (2017) \u201cBiographical dualism. Youth employment and poverty patterns in Spain\u201d, en Maria Petmesidou et al. ed. Child Poverty, Youth (Un)employment and Social Inclusion. Sttutgart: ibidem-Verlag, pp. 122-156.<\/li>\n<li>GUILL\u00c9N RODR\u00cdGUEZ, A.M., GONZ\u00c1LEZ BEGEGA, S. y LUQUE BALBONA, D. (2016): \u201cAusteridad y ajustes sociales en el Sur de Europa. La fragmentaci\u00f3n del Modelo de Bienestar mediterr\u00e1neo\u201d. <em>Revista Espa\u00f1ola de Sociolog\u00eda<\/em>, 25, 2, pp. 261-273.<\/li>\n<li>GUILL\u00c9N, A.M., LUQUE BALBONA, D. y GUILL\u00c9N, A.M. (2015): \u201cGobiernos y sindicatos\u00a0 ante la reforma del Estado del Bienestar. \u00bfRuptura del di\u00e1logo social en la periferia de la Eurozona?\u201d. <em>Revista de Econom\u00eda Cr\u00edtica<\/em>, 20, pp. 102-119.<\/li>\n<li>GUILL\u00c9N, A.M. y PAVOLINI, E. (eds.) (2015): \u201cWelfare States under Strain in Southern Europe: Comparing Policy and Governance Changes in Portugal, Greece, Italy and Spain\u201d,<em> European Journal of Social<\/em> Security, 17, 2. N\u00famero monogr\u00e1fico.<\/li>\n<li>GUILL\u00c9N, A.M. y PAVOLINI, E. (2015): \u201cWelfare States under Strain in Southern Europe: Overview of the Special Issue\u201d. <em>European Journal of Social Security<\/em>, 17, 2, pp. 147-157.<\/li>\n<li>LE\u00d3N, M.; PAVOLINI, E.y GUILL\u00c9N, A.M. (2015): \u201cWelfare Rescaling in Italy and Spain: Political Strategies to Deal with Harsh Austerity\u201d. <em>European Journal of Social Security<\/em>, 17, 2, pp. 182-201.<\/li>\n<li>PETMESIDOU, M.; PAVOLINI, E. &amp; GUILL\u00c9N, A.M. (2015): \u201cGesundheitsreformen in S\u00fcdeuropa w\u00e4hrend der Eurokrise-ein Vier-L\u00e4ndervergleich\u201d. <em>WSI-Mitteilungen<\/em>, 60, 30, pp. 427-435.<\/li>\n<li>PETMESIDOU, M. y GUILL\u00c9N, A.M. (2015): \u201cEconomic crisis and austerity in Southern Europe: threat or opportunity for a sustainable welfare state?\u201d. <em>Observatoire Social Europ\u00e9en Paper series<\/em>, Nr. 18, January.<\/li>\n<li>PAVOLINI, E., LE\u00d3N, M., GUILL\u00c9N, A.M. y ASCOLI, U. (2014): \u201cFrom austerity to permanent strain? The EU and welfare state reform in Italy and Spain\u201d. <em>Comparative European Politics<\/em>, 13, 1, pp. 56-77. \u2018Game Change in EU Social Policy: From Optional Re-calibration to Coercive Retrenchment\u2019, n\u00famero especial editado por Caroline de la Porte y Elke Heins.<\/li>\n<li>GUILL\u00c9N, A.M. y TORRES, E. (2014) \u201cCrisis and healthcare reform in Spain, Portugal and Greece: What universalism is still possible?\u201d <em>Politiche Sociali\/Social Politics<\/em>, 3, pp. 373-386.<\/li>\n<li>GUILL\u00c9N, A. M.; GONZ\u00c1LEZ BEGEGA, S. y LUQUE, D. (2014): \u201cLa Europa social en crisis. Modelo Social Europeo y pol\u00edticas de austeridad\u201d. <em>Cuadernos de Informaci\u00f3n Econ\u00f3mica<\/em>, 242, pp. 99-107.<\/li>\n<li>PETMESIDOU, M. Y GUILL\u00c9N, A.M. (eds.) (2014): \u201cEconomic Crisis and Austerity in Southern Europe: Threat or Opportunity for a Sustainable Welfare State?\u201d, <em>South European Society and Policies<\/em>. Special Issue, 19,3.<\/li>\n<li>PAVOLINI, E. y GUILL\u00c9N, A.M. (eds.)\u00c7 ( 2013): <em>Health Care Systems in Europe under Austerity: Institutional Reforms and Performance<\/em>. Basingstoke: Palgrave Macmillan.<\/li>\n<li>GUILL\u00c9N, A.M. y PAVOLINI, E. (2012): \u00abYoung adults, Poverty and the Role of Social Policies\u00bb. En KNIJN. T. (ed.), Work: <em>Family Policies and Transitions to Adulthood in Europe<\/em>. Basingstoke: Palgrave Macmillan, pp. 155-179.<\/li>\n<li>GUILL\u00c9N, A.M., PAVOLINI, E., LUQUE, D. y ANAUT, S. (2012): \u201cEl papel de las pol\u00edticas sociales para paliar las necesidades generadas por la crisis\u201d. En LAPARRA, M. y P\u00c9REZ ERANSUS, B. (eds.): <em>Crisis y fractura social en Europa. Causas y efectos en Espa\u00f1a<\/em>. Colecci\u00f3n Estudios Sociales No. 35. Barcelona: Fundaci\u00f3n \u00abla Caixa\u00bb, pp. 139-175.<\/li>\n<li>GUILL\u00c9N, A.M.; PAVOLINI, E.; LUQUE, D. y ANAUT, S. (2012): \u00abThe role of social policies in resolving needs generated by the crisis\u00bb. En: LAPARRA, M. y P\u00c9REZ ERANSUS, B. (eds.): <em>Crisis and Social Fracture in Europe. <\/em><em>Causes and Effects in Spain. Barcelona<\/em>, Welfare Project Foundation \u00abla Caixa\u00bb, pp. 132-166.<\/li>\n<li>GUILL\u00c9N, A.M. y LE\u00d3N, M. (eds.) (2011): <em>The Spanish Welfare State in European Context<\/em> . London: Ashgate<\/li>\n<li>DROBNIC, S. y GUILL\u00c9N, A.M. (eds.) (2011): <em>Work-Life Balance in Europe. The Role of Job Quality<\/em>. Basingstoke: Palgrave Macmillan.<\/li>\n<li>DROBNIC, S. y GUILL\u00c9N, A.M. (2011): \u00abTensions between Work and Home: Job Quality and Working Conditions in the Institutional Contexts of Germany and Spain\u00bb. <em>Social Politics<\/em>, 18, 2, 232-268.<\/li>\n<li>GUILL\u00c9N RODR\u00cdGUEZ, A.M.; GONZ\u00c1LEZ BEGEGA, S. y MORENO-MANZANARO GARC\u00cdA, N. (2011): \u00abDe-constructing the Familist Welfare State in Spain. Towards Reconciliation through Europe?\u00bb. <em>European Journal of Social Security<\/em>, 13, 1, 89-105<\/li>\n<li>CABIEDES, L. y GUILL\u00c9N, A.M. (2011): \u00abIl dibattito sulla convergenza o divergenza dei sistemi sanitari europei: dll&#8217;ipotesi del Continuum a quella di una geometr\u00eda non euclidea\u00bb, En: VICARELLI, G. (ed.): <em>Regolazione e governance nei sistema sanitari europei<\/em>. Bolonia: Il Mulino, pp. 151-162.<\/li>\n<li>GUILL\u00c9N, A.M. (2010): \u00abDefrosting the Spanish Welfare State: The Weight of Conservative Components\u00bb, En PARLIER, B. (ed.): <em>A Long Good-Bye to Bismarck: The Politics of Welfare Reforms in Continental Welfare States<\/em>. Amsterdam: Amsterdam University Press, pp. 183-206.<\/li>\n<li>GUILL\u00c9N, A. M. y GUTI\u00c9RREZ, R. (2010): (published in Spanish and in English) \u00abComentarios sobre los aspectos social y de empleo de la Estrategia UE-2020\u00bb. En: VVAA: <em>The employment and social dimensi\u00f3n in the UE-2020 Strategy<\/em>. Madrid: Ministerio de Trabajo e Inmigraci\u00f3n, pp. 103-108.<\/li>\n<li>GUILL\u00c9N, A.M. y DAHL, S-A. eds. (2009): <em>Quality of Work in the European Union. Concept, data and debates form a transnational perspective<\/em>. Brussels: PIE Peter Lang.<\/li>\n<li>GUILL\u00c9N, A.M.; MORENO, N.; y GONZ\u00c1LEZ BEGEGA, S. (2009): \u00abPol\u00edticas de conciliaci\u00f3n de la vida de trabajo y familiar en Espa\u00f1a. El impacto de las pol\u00edticas de la Uni\u00f3n Europea\u00bb. <em>Documentaci\u00f3n Social<\/em>, 154, 119-138.<\/li>\n<li>GONZ\u00c1LEZ BEGEGA, S. y GUILL\u00c9N RODR\u00cdGUEZ, A. M. (2009): \u00abLa calidad del empleo en la Uni\u00f3n Europea. Debate pol\u00edtico y construcci\u00f3n\u00bb. <em>Revista del Ministerio de Trabajo e Inmigraci\u00f3n<\/em>, 81, 71-88.<\/li>\n<li>GUILL\u00c9N, A.M., GUTI\u00c9RREZ, R., y GONZ\u00c1LEZ, S. (eds.) (2009): <em>Calidad del trabajo en la Uni\u00f3n Europea. Concepto, tensiones, dimensiones<\/em>. Madrid: Thomson Civitas.<\/li>\n<li>PETMESIDOU, M. y GUILL\u00c9N, A.M. (2008): \u00ab\u2018Southern-style&#8217; National Health Services? Recent Reforms and Trends in Spain and Greece\u00bb. <em>Social Policy y Administration<\/em>, 42, 2, 106-124.<\/li>\n<li>GUILL\u00c9N, A.M. y GONZ\u00c1LEZ BEGEGA, S. (2008): \u00abEntre la participaci\u00f3n y la asunci\u00f3n de nuevas responsabilidades. Los agentes sociales espa\u00f1oles ante el proyecto de construcci\u00f3n de la Europa Social\u00bb. <em>Mediterr\u00e1neo Econ\u00f3mico<\/em>, XIV, 343-262.<\/li>\n<li>GUILL\u00c9N RODR\u00cdGUEZ, A. y GUTI\u00c9RREZ PALACIOS, R. (2008): \u00abTreinta a\u00f1os de pactos sociales en Espa\u00f1a: un balance\u00bb. <em>Cuadernos de Informaci\u00f3n Econ\u00f3mica<\/em>, 203, 173-180.<\/li>\n<li>GUILL\u00c9N, A.M. y PETMESIDOU, M. (2008): (in English and in Italian) \u00abDynamics of the welfare mix in South Europe\u00bb. <em>Italian Journal of Social Policy \/ La Rivista delle Politiche Sociali<\/em>, 1, 453-468.<\/li>\n<li>GUILL\u00c9N, A.M. and PETMESIDOU, M. (2008): \u00abThe public-private mix in Southern Europe. What changed in the last decade\u00bb, in M. SEELEIB-KAISER (ed.): <em>Transformations of the Welfare State<\/em>. Basingstoke: Palgrave Macmillan, pp. 56-78.<\/li>\n<li>GUTI\u00c9RREZ, R., PE\u00d1A-CASAS, R., y GUILL\u00c9N, A.M. (2008) \u00abDesigualdad salarial y trabajadores pobres\u00bb. En: GUILL\u00c9N, A.M., Guti\u00e9rrez, R. y Gonz\u00e1lez, S. (eds.): <em>Calidad del trabajo en la Uni\u00f3n Europea. Concepto, tensiones, dimensiones<\/em>. Madrid: Thomson Civitas, pp. 88-119.<\/li>\n<\/ul>\n<\/div>\n","protected":false},"excerpt":{"rendered":"<p>Categor\u00eda:\u00a0Catedr\u00e1tica de Universidad Departamento: SOCIOLOG\u00cdA \u00c1rea: SOCIOLOG\u00cdA Despacho: n\u00b0 8, Ala 3 Correo: aguillen@uniovi.es Tel\u00e9fono: 985 10 37 27 Ficha personal: ver ficha Curriculum: Ana Marta Guill\u00e9n CV M\u00e1s informaci\u00f3n en el siguiente enlace:\u00a0Researchgate &nbsp; \u00c1reas de inter\u00e9s: Bienestar Social Pol\u00edtica Social Sociolog\u00eda Comparada Short bio: Ana M. Guill\u00e9n is full professor of Sociology and [&hellip;]<\/p>\n","protected":false},"author":1,"featured_media":1070,"parent":88,"menu_order":0,"comment_status":"closed","ping_status":"closed","template":"","meta":{"_genesis_hide_title":false,"_genesis_hide_breadcrumbs":false,"_genesis_hide_singular_image":false,"_genesis_hide_footer_widgets":false,"_genesis_custom_body_class":"","_genesis_custom_post_class":"","_genesis_layout":"","footnotes":""},"class_list":{"0":"post-691","1":"page","2":"type-page","3":"status-publish","4":"has-post-thumbnail","6":"entry","7":"gs-1","8":"gs-odd","9":"gs-even","10":"gs-featured-content-entry"},"_links":{"self":[{"href":"https:\/\/www.unioviedo.es\/promebi\/wp-json\/wp\/v2\/pages\/691","targetHints":{"allow":["GET"]}}],"collection":[{"href":"https:\/\/www.unioviedo.es\/promebi\/wp-json\/wp\/v2\/pages"}],"about":[{"href":"https:\/\/www.unioviedo.es\/promebi\/wp-json\/wp\/v2\/types\/page"}],"author":[{"embeddable":true,"href":"https:\/\/www.unioviedo.es\/promebi\/wp-json\/wp\/v2\/users\/1"}],"replies":[{"embeddable":true,"href":"https:\/\/www.unioviedo.es\/promebi\/wp-json\/wp\/v2\/comments?post=691"}],"version-history":[{"count":17,"href":"https:\/\/www.unioviedo.es\/promebi\/wp-json\/wp\/v2\/pages\/691\/revisions"}],"predecessor-version":[{"id":2458,"href":"https:\/\/www.unioviedo.es\/promebi\/wp-json\/wp\/v2\/pages\/691\/revisions\/2458"}],"up":[{"embeddable":true,"href":"https:\/\/www.unioviedo.es\/promebi\/wp-json\/wp\/v2\/pages\/88"}],"wp:featuredmedia":[{"embeddable":true,"href":"https:\/\/www.unioviedo.es\/promebi\/wp-json\/wp\/v2\/media\/1070"}],"wp:attachment":[{"href":"https:\/\/www.unioviedo.es\/promebi\/wp-json\/wp\/v2\/media?parent=691"}],"curies":[{"name":"wp","href":"https:\/\/api.w.org\/{rel}","templated":true}]}}