{"id":699,"date":"2018-01-11T12:00:04","date_gmt":"2018-01-11T11:00:04","guid":{"rendered":"http:\/\/156.35.33.98\/promebi\/?page_id=699"},"modified":"2018-03-12T09:03:24","modified_gmt":"2018-03-12T08:03:24","slug":"mato-diaz-francisco-javier","status":"publish","type":"page","link":"https:\/\/www.unioviedo.es\/promebi\/equipo\/investigadores\/mato-diaz-francisco-javier\/","title":{"rendered":"Francisco Javier Mato D\u00edaz"},"content":{"rendered":"<p><img loading=\"lazy\" decoding=\"async\" class=\"alignleft wp-image-1177 size-medium\" src=\"http:\/\/www.unioviedo.es\/promebi\/wp-content\/uploads\/2015\/12\/Foto-jmato-e1478022692410-300x270.jpg\" alt=\"Javier Mato D\u00edaz\" width=\"300\" height=\"270\" srcset=\"https:\/\/www.unioviedo.es\/promebi\/wp-content\/uploads\/2015\/12\/Foto-jmato-e1478022692410-300x270.jpg 300w, https:\/\/www.unioviedo.es\/promebi\/wp-content\/uploads\/2015\/12\/Foto-jmato-e1478022692410-768x691.jpg 768w, https:\/\/www.unioviedo.es\/promebi\/wp-content\/uploads\/2015\/12\/Foto-jmato-e1478022692410-1024x922.jpg 1024w\" sizes=\"auto, (max-width: 300px) 100vw, 300px\" \/><\/p>\n<p><strong>Categor\u00eda:<\/strong> Titular de Universidad<br \/>\n<strong>Departamento:<\/strong> ECONOM\u00cdA APLICADA<br \/>\n<strong>\u00c1rea:<\/strong> ESTRUCTURA ECON\u00d3MICA<span class=\"org\"><br \/>\n<\/span><strong>Tel\u00e9fono:<\/strong> 985 10 37 67<span class=\"org\"><br \/>\n<\/span><span class=\"org\"><strong>Despacho:<\/strong> Ala 2, n\u00ba 14<br \/>\n<\/span><strong>Correo<\/strong>: <a href=\"mailto:jmato@uniovi.es\">jmato@uniovi.es<\/a><\/p>\n<h3>\u00c1reas de inter\u00e9s:<\/h3>\n<div class=\"areasInteres\">\n<p><span class=\"org\">An\u00e1lisis de pol\u00edticas de empleo y desempleo<\/span><\/p>\n<\/div>\n<p>&nbsp;<\/p>\n<h3>Publicaciones:<\/h3>\n<div class=\"areasInteres\">\n<ul>\n<li>MATO D\u00cdAZ, F. J. (2011): Spain: a dual unemployment protection system in a dualist labour market (1990-2010), en J. Clasen y D. Clegg (Dirs.), Regulating the risk of unemployment: National adaptations to post-industrial labour markets in Europe. Oxford University Press, en prensa.<\/li>\n<li>MATO D\u00cdAZ, F. J. (2010): La Formaci\u00f3n continua en Espa\u00f1a desde una perspectiva comparada. Balance y propuestas de mejora. Papeles de Econom\u00eda Espa\u00f1ola, N\u00ba 124, pp. 266-280. \u00a0<a title=\"Ver publicaci\u00f3n\" href=\"http:\/\/www.funcas.ceca.es\/publicaciones\/InformacionArticulos\/Articulos.asp?Id=19757\">Ver publicaci\u00f3n<\/a><\/li>\n<li>MATO D\u00cdAZ, F. J. y R. Guti\u00e9rrez (2010): Logros laborales de los inmigrantes econ\u00f3micos en Espa\u00f1a: el papel de la lengua espa\u00f1ola, en J. A. Alonso y R. Guti\u00e9rrez (Dirs.), Emigraci\u00f3n y lengua: el papel del espa\u00f1ol en las migraciones internacionales. Ed. Ariel, pp. 99-158.<\/li>\n<li>Miyar, M. y F. J. MATO D\u00cdAZ, (2010): Las habilidades ling\u00fc\u00edsticas en espa\u00f1ol de los inmigrantes, en J. A. Alonso y R. Guti\u00e9rrez (Dirs.), Emigraci\u00f3n y lengua: el papel del espa\u00f1ol en las migraciones internacionales. Ed. Ariel, pp. 65-98.<\/li>\n<li>Cueto, B. y F. J. MATO D\u00cdAZ (2009): \u00abA Nonexperimental Evaluation Of Training Programmes: Regional Evidence For Spain.\u00bbAnnals of Regional Science, vol. 43 (2), pp.415-433. MATO D\u00cdAZ, F.J. y B. Cueto (2008): \u00abEfectos de las pol\u00edticas de formaci\u00f3n a desempleados\u00bb, Revista de Econom\u00eda Aplicada, vol. 46, pp. 61-84. \u00a0<a title=\"Ver publicaci\u00f3n\" href=\"http:\/\/www.revecap.com\/revista\/numeros\/46\/mato_cueto.html\">Ver publicaci\u00f3n<\/a><\/li>\n<li>Luque, D., B. Cueto y F. J. MATO D\u00cdAZ (2008): \u00abUn an\u00e1lisis regional de la actividad huelgu\u00edstica en Espa\u00f1a.\u00bb Revista Espa\u00f1ola de Investigaciones Sociol\u00f3gicas, vol. 124 (2008), pp. 107-140. \u00a0<a title=\"Ver publicaci\u00f3n\" href=\"http:\/\/www.reis.cis.es\/REIS\/jsp\/REIS.jsp?opcion=articulo&amp;ktitulo=2157&amp;autor=DAVID+LUQUE+BALBONA%2C+BEGO%D1A+CUETO+IGLESIAS%2C+FRANCISCO+JAVIER+MATO+D%CDAZ\">Ver publicaci\u00f3n<\/a><\/li>\n<li>Cueto, B. y F. J. MATO D\u00cdAZ (2006): \u00abAn analysis of self-employment subsidies with duration models.\u00bb Applied Economics, vol. 38 (2006), pp. 23-32.\u00a0<a title=\"Ver publicaci\u00f3n\" href=\"http:\/\/www.informaworld.com\/smpp\/content~db=all~content=a727683654\">Ver publicaci\u00f3n<\/a><\/li>\n<li>Gonz\u00e1lez Veiga, C, B. Cueto y F. J. MATO D\u00cdAZ (2006): El Papel de la Formaci\u00f3n en Centros de Trabajo (F.C.T.) en la inserci\u00f3n laboral de los titulados de Ciclos Formativos: el caso de Asturias, Revista de Educaci\u00f3n, n\u00ba 341, pp. 337-372. : <a title=\"Ver publicaci\u00f3n\" href=\"http:\/\/www.revistaeducacion.mec.es\/re341\/re341_15.pdf\">Ver publicaci\u00f3n<\/a><\/li>\n<li>MATO D\u00cdAZ, F. J., B. Cueto y M. D\u00e1vila (2004): Evaluaci\u00f3n de Pol\u00edticas de Mercado de Trabajo: Un An\u00e1lisis Aplicado de las Subvenciones al Autoempleo. ICE. Revista de Econom\u00eda, vol. 813, pp. 247-258. <a title=\"Ver publicaci\u00f3n\" href=\"http:\/\/www.revistasice.com\/cmsrevistasICE\/pdfs\/ICE_813_247-258__12DB7D3EC519D814E196EF77CC1BBF62.pdf\">Ver publicaci\u00f3n<\/a><\/li>\n<li>MATO D\u00cdAZ, F. J. (2002): La formaci\u00f3n para el empleo: una evaluaci\u00f3n cuasi-experimental. Ed. Civitas, 2002, 303 p\u00e1gs.<\/li>\n<li>Garrido. L. y F. J. MATO D\u00cdAZ (2003): Din\u00e1mica de la formaci\u00f3n laboral reglada en Asturias respecto a Espa\u00f1a. Papeles de Econom\u00eda Espa\u00f1ola. Econom\u00eda de las Comunidades Aut\u00f3nomas, n\u00ba 20, pp. 336-351.\u00a0<a title=\"Ver publicaci\u00f3n\" href=\"http:\/\/www.funcas.ceca.es\/publicaciones\/InformacionArticulos\/Publicaciones.asp?Id=1067\">Ver publicaci\u00f3n<\/a><\/li>\n<li>MATO D\u00cdAZ, F. J. (2004): Recursos para las Pol\u00edticas de Mercado de Trabajo: su Impacto seg\u00fan la Experiencia Europea, en J\u00fcrgen Weller (Ed.), En b\u00fasqueda de efectividad, eficiencia y equidad: las pol\u00edticas del mercado de trabajo y los instrumentos de su evaluaci\u00f3n. LOM ediciones y CEPAL, Santiago de Chile, pp. 183- 222.<\/li>\n<\/ul>\n<\/div>\n","protected":false},"excerpt":{"rendered":"<p>Categor\u00eda: Titular de Universidad Departamento: ECONOM\u00cdA APLICADA \u00c1rea: ESTRUCTURA ECON\u00d3MICA Tel\u00e9fono: 985 10 37 67 Despacho: Ala 2, n\u00ba 14 Correo: jmato@uniovi.es \u00c1reas de inter\u00e9s: An\u00e1lisis de pol\u00edticas de empleo y desempleo &nbsp; Publicaciones: MATO D\u00cdAZ, F. J. (2011): Spain: a dual unemployment protection system in a dualist labour market (1990-2010), en J. Clasen y [&hellip;]<\/p>\n","protected":false},"author":1,"featured_media":1177,"parent":88,"menu_order":0,"comment_status":"closed","ping_status":"closed","template":"","meta":{"_genesis_hide_title":false,"_genesis_hide_breadcrumbs":false,"_genesis_hide_singular_image":false,"_genesis_hide_footer_widgets":false,"_genesis_custom_body_class":"","_genesis_custom_post_class":"","_genesis_layout":"","footnotes":""},"class_list":{"0":"post-699","1":"page","2":"type-page","3":"status-publish","4":"has-post-thumbnail","6":"entry","7":"gs-1","8":"gs-odd","9":"gs-even","10":"gs-featured-content-entry"},"_links":{"self":[{"href":"https:\/\/www.unioviedo.es\/promebi\/wp-json\/wp\/v2\/pages\/699","targetHints":{"allow":["GET"]}}],"collection":[{"href":"https:\/\/www.unioviedo.es\/promebi\/wp-json\/wp\/v2\/pages"}],"about":[{"href":"https:\/\/www.unioviedo.es\/promebi\/wp-json\/wp\/v2\/types\/page"}],"author":[{"embeddable":true,"href":"https:\/\/www.unioviedo.es\/promebi\/wp-json\/wp\/v2\/users\/1"}],"replies":[{"embeddable":true,"href":"https:\/\/www.unioviedo.es\/promebi\/wp-json\/wp\/v2\/comments?post=699"}],"version-history":[{"count":9,"href":"https:\/\/www.unioviedo.es\/promebi\/wp-json\/wp\/v2\/pages\/699\/revisions"}],"predecessor-version":[{"id":1599,"href":"https:\/\/www.unioviedo.es\/promebi\/wp-json\/wp\/v2\/pages\/699\/revisions\/1599"}],"up":[{"embeddable":true,"href":"https:\/\/www.unioviedo.es\/promebi\/wp-json\/wp\/v2\/pages\/88"}],"wp:featuredmedia":[{"embeddable":true,"href":"https:\/\/www.unioviedo.es\/promebi\/wp-json\/wp\/v2\/media\/1177"}],"wp:attachment":[{"href":"https:\/\/www.unioviedo.es\/promebi\/wp-json\/wp\/v2\/media?parent=699"}],"curies":[{"name":"wp","href":"https:\/\/api.w.org\/{rel}","templated":true}]}}