{"id":64,"date":"2017-01-30T13:41:35","date_gmt":"2017-01-30T12:41:35","guid":{"rendered":"https:\/\/www.unioviedo.es\/publicaciones_grec\/?page_id=64"},"modified":"2026-01-12T14:29:32","modified_gmt":"2026-01-12T13:29:32","slug":"recursos-humanos","status":"publish","type":"page","link":"https:\/\/www.unioviedo.es\/publicaciones_grec\/index.php\/acerca-de\/recursos-humanos\/","title":{"rendered":"Miembros del grupo"},"content":{"rendered":"<ul>\n<li><span style=\"color: #000000;\"><strong data-rich-text-format-boundary=\"true\">Investigadora responsable y coordinadora:<\/strong><\/span><\/li>\n<\/ul>\n<p><a href=\"https:\/\/portalinvestigacion.uniovi.es\/investigadores\/217038\/detalle\" target=\"_blank\" rel=\"noopener\"><strong>Mar\u00eda Fern\u00e1ndez Ferreiro.<\/strong><\/a> Profesora Permanente Laboral. Departamento de Filolog\u00eda Espa\u00f1ola. <span style=\"color: #0000ff;\">fernandezfmaria@uniovi.es<\/span><\/p>\n<ul>\n<li><span style=\"color: #000000;\"><strong>Miembros del grupo:<\/strong> <\/span><\/li>\n<\/ul>\n<p><a href=\"https:\/\/portalinvestigacion.uniovi.es\/investigadores\/217699\/detalle\" target=\"_blank\" rel=\"noopener\"><strong>Emilio Mart\u00ednez Mata.<\/strong><\/a> Catedr\u00e1tico Em\u00e9rito de Universidad. Departamento de Filolog\u00eda Espa\u00f1ola. <span style=\"color: #0000ff;\">emmata@uniovi.es<\/span><\/p>\n<p><a href=\"https:\/\/portalinvestigacion.uniovi.es\/investigadores\/216928\/detalle\" target=\"_blank\" rel=\"noopener\"><strong>Mar\u00eda Jos\u00e9 \u00c1lvarez Faedo.<\/strong><\/a> Profesora Catedr\u00e1tica de Universidad. Departamento de Filolog\u00eda Inglesa, Francesa y Alemana. <span style=\"color: #0000ff;\">mjfaedo@uniovi.es<\/span><\/p>\n<p><a href=\"https:\/\/portalinvestigacion.uniovi.es\/investigadores\/216866\/detalle\" target=\"_blank\" rel=\"noopener\"><strong>Mar\u00eda del Rosario \u00c1lvarez Rubio.<\/strong><\/a> Profesora Titular de Universidad. Departamento de Filolog\u00eda Inglesa, Francesa y Alemana. <span style=\"color: #0000ff;\">rar@uniovi.es<\/span><\/p>\n<p><a href=\"https:\/\/portalinvestigacion.uniovi.es\/investigadores\/216841\/detalle\" target=\"_blank\" rel=\"noopener\"><strong>Francisco Jos\u00e9 Borge L\u00f3pez.<\/strong><\/a> Profesor Titular de Universidad. Departamento de Filolog\u00eda Inglesa, Francesa y Alemana. <span style=\"color: #0000ff;\">borgefrancisco@uniovi.es<\/span><\/p>\n<p><a href=\"https:\/\/portalinvestigacion.uniovi.es\/investigadores\/218426\/detalle\" target=\"_blank\" rel=\"noopener\"><strong>Raquel Serrano Gonz\u00e1lez.<\/strong><\/a> Profesora Sustituta PPL. Departamento de Filolog\u00eda Inglesa, Francesa y Alemana. <span style=\"color: #0000ff;\">serranoraquel@uniovi.es<\/span><\/p>\n<ul>\n<li><span style=\"color: #000000;\"> <strong>Colaboradores externos:<\/strong> <\/span><\/li>\n<\/ul>\n<p><a href=\"https:\/\/estherbautistanaranjo.wordpress.com\/\" target=\"_blank\" rel=\"noopener\"><strong>Esther Bautista Naranjo.<\/strong><\/a> Universidad de Castilla-La Mancha<\/p>\n<p><a href=\"https:\/\/people.unito.it\/do\/docenti.pl\/Show?_id=gcarrasc#tab-profilo\" target=\"_blank\" rel=\"noopener\"><strong>Guillermo J. Carrasc\u00f3n Garrido.<\/strong><\/a> Universit\u00e0 degli Studi di Torino (Italia)<\/p>\n<p><a href=\"https:\/\/dialnet.unirioja.es\/servlet\/autor?codigo=64298\" target=\"_blank\" rel=\"noopener\"><strong>Clark Colahan.<\/strong><\/a> Catedr\u00e1tico em\u00e9rito del Whitman College (EE. UU.)<\/p>\n<p><a href=\"https:\/\/profiles.sussex.ac.uk\/p223413-aaron-kahn\" target=\"_blank\" rel=\"noopener\"><strong>Aaron M. Kahn.<\/strong><\/a> University of Sussex (Reino Unido)<\/p>\n<p><a href=\"https:\/\/www.unir.net\/profesores\/santiago-lopez-navia\/\" target=\"_blank\" rel=\"noopener\"><strong>Santiago L\u00f3pez Navia.<\/strong><\/a> Universidad Internacional de La Rioja<\/p>\n<p><a href=\"https:\/\/eclla.univ-st-etienne.fr\/fr\/presentation\/membres\/titulaires\/marigno-emmanuel.html\" target=\"_blank\" rel=\"noopener\"><strong>Emmanuel Marigno.<\/strong><\/a> Universit\u00e9 Jean-Monnet Saint-\u00c9tienne (Francia)<\/p>\n<p><a href=\"https:\/\/upobook.uniupo.it\/martin.moran\" target=\"_blank\" rel=\"noopener\"><strong>Jos\u00e9 Manuel Mart\u00edn Mor\u00e1n.<\/strong> <\/a>Universit\u00e0 del Piemonte Orientale \u00bbAmedeo Avogadro\u00bb (Italia)<\/p>\n<p><a href=\"https:\/\/lingue.uniurb.it\/docenti\/quinziano\/\" target=\"_blank\" rel=\"noopener\"><strong>Franco Quinziano.<\/strong><\/a> \u00a0Universit\u00e0 di Urbino Carlo Bo (Italia)<\/p>\n<p><a href=\"https:\/\/www.uni-bamberg.de\/romlit3\/personen\/prof-dr-enrique-rodrigues-moura\/\" target=\"_blank\" rel=\"noopener\"><strong>Jos\u00e9 Enrique Rodrigues-Moura.<\/strong><\/a> Otto-Friedrich-Universit\u00e4t Bamberg (Alemania)<\/p>\n<p><a href=\"https:\/\/www.unive.it\/data\/people\/18972965\" target=\"_blank\" rel=\"noopener\"><strong>Adri\u00e1n J. S\u00e1ez.<\/strong><\/a> Universit\u00e0 Ca&#8217; Foscari Venezia (Italia)<\/p>\n<p><a href=\"https:\/\/www.humanities.unito.it\/do\/docenti.pl\/Alias?iole.scamuzzi#tab-profilo\" target=\"_blank\" rel=\"noopener\"><strong> Iole M. C. Scamuzzi.<\/strong><\/a> Universit\u00e0 degli Studi di Torino (Italia)<\/p>\n\n\n<ul class=\"wp-block-list\">\n<li>  <strong>Colaboraci\u00f3n de pr\u00e1cticas<\/strong>:<\/li>\n<\/ul>\n\n\n\n<p><strong>Curso 2024-2025<\/strong><\/p>\n\n\n\n<p>Noah Raposo Garc\u00eda<\/p>\n\n\n\n<p>Laura Borrego Garc\u00eda<\/p>\n\n\n\n<p>Alicia Pav\u00f3n Blanco<\/p>\n\n\n\n<p>David Murias Su\u00e1rez<\/p>\n\n\n\n<p><strong>Curso 2024-2025<\/strong><\/p>\n\n\n\n<p>Luc\u00eda Garc\u00eda Sancha<\/p>\n\n\n\n<p><strong>Curso 2025-2026<\/strong><\/p>\n\n\n\n<p>Sof\u00eda Gonz\u00e1lez P\u00e9rez<\/p>\n","protected":false},"excerpt":{"rendered":"<p>Investigadora responsable y coordinadora: Mar\u00eda Fern\u00e1ndez Ferreiro. Profesora Permanente Laboral. Departamento de Filolog\u00eda Espa\u00f1ola. fernandezfmaria@uniovi.es Miembros del grupo: Emilio Mart\u00ednez Mata. Catedr\u00e1tico Em\u00e9rito de Universidad. Departamento de Filolog\u00eda Espa\u00f1ola. emmata@uniovi.es Mar\u00eda Jos\u00e9 \u00c1lvarez Faedo. Profesora Catedr\u00e1tica de Universidad. Departamento de Filolog\u00eda Inglesa, Francesa y Alemana. mjfaedo@uniovi.es Mar\u00eda del Rosario \u00c1lvarez Rubio. Profesora Titular de Universidad. &hellip; <\/p>\n<p class=\"link-more\"><a href=\"https:\/\/www.unioviedo.es\/publicaciones_grec\/index.php\/acerca-de\/recursos-humanos\/\" class=\"more-link\">Continuar leyendo<span class=\"screen-reader-text\"> \u00abMiembros del grupo\u00bb<\/span><\/a><\/p>\n","protected":false},"author":1,"featured_media":0,"parent":5,"menu_order":0,"comment_status":"closed","ping_status":"closed","template":"","meta":{"footnotes":""},"class_list":["post-64","page","type-page","status-publish","hentry"],"_links":{"self":[{"href":"https:\/\/www.unioviedo.es\/publicaciones_grec\/index.php\/wp-json\/wp\/v2\/pages\/64","targetHints":{"allow":["GET"]}}],"collection":[{"href":"https:\/\/www.unioviedo.es\/publicaciones_grec\/index.php\/wp-json\/wp\/v2\/pages"}],"about":[{"href":"https:\/\/www.unioviedo.es\/publicaciones_grec\/index.php\/wp-json\/wp\/v2\/types\/page"}],"author":[{"embeddable":true,"href":"https:\/\/www.unioviedo.es\/publicaciones_grec\/index.php\/wp-json\/wp\/v2\/users\/1"}],"replies":[{"embeddable":true,"href":"https:\/\/www.unioviedo.es\/publicaciones_grec\/index.php\/wp-json\/wp\/v2\/comments?post=64"}],"version-history":[{"count":18,"href":"https:\/\/www.unioviedo.es\/publicaciones_grec\/index.php\/wp-json\/wp\/v2\/pages\/64\/revisions"}],"predecessor-version":[{"id":1109,"href":"https:\/\/www.unioviedo.es\/publicaciones_grec\/index.php\/wp-json\/wp\/v2\/pages\/64\/revisions\/1109"}],"up":[{"embeddable":true,"href":"https:\/\/www.unioviedo.es\/publicaciones_grec\/index.php\/wp-json\/wp\/v2\/pages\/5"}],"wp:attachment":[{"href":"https:\/\/www.unioviedo.es\/publicaciones_grec\/index.php\/wp-json\/wp\/v2\/media?parent=64"}],"curies":[{"name":"wp","href":"https:\/\/api.w.org\/{rel}","templated":true}]}}