{"id":751,"date":"2024-11-27T18:33:21","date_gmt":"2024-11-27T17:33:21","guid":{"rendered":"https:\/\/www.unioviedo.es\/publicaciones_grec\/?page_id=751"},"modified":"2026-02-18T10:03:37","modified_gmt":"2026-02-18T09:03:37","slug":"coleccion-el-quijote-y-sus-interpretaciones-14","status":"publish","type":"page","link":"https:\/\/www.unioviedo.es\/publicaciones_grec\/index.php\/coleccion-el-quijote-y-sus-interpretaciones-14\/","title":{"rendered":"Colecci\u00f3n \u00abEl Quijote y sus interpretaciones\u00bb. 14"},"content":{"rendered":"\n<h2 class=\"wp-block-heading has-black-color has-text-color has-link-color wp-elements-206cba6f91c4056921551d6b294ba5c0\" style=\"font-size:31px\"><strong>Don Quijote <\/strong><\/h2>\n\n\n\n<p class=\"has-black-color has-text-color has-link-color wp-elements-13c72a90ee0c1ad98c8cf379c3117532\" style=\"font-size:22px\"><strong>Wilhelm Kienzl<\/strong><\/p>\n\n\n\n<p>Edici\u00f3n, traducci\u00f3n y notas Carmen Rivero Iglesias <\/p>\n\n\n\n<p>Publicado en 2023<\/p>\n\n\n\n<div class=\"wp-block-media-text is-stacked-on-mobile\"><figure class=\"wp-block-media-text__media\"><img loading=\"lazy\" decoding=\"async\" width=\"388\" height=\"589\" src=\"https:\/\/www.unioviedo.es\/publicaciones_grec\/wp-content\/uploads\/2024\/11\/Captura-de-pantalla-7.png\" alt=\"\" class=\"wp-image-724 size-full\" srcset=\"https:\/\/www.unioviedo.es\/publicaciones_grec\/wp-content\/uploads\/2024\/11\/Captura-de-pantalla-7.png 388w, https:\/\/www.unioviedo.es\/publicaciones_grec\/wp-content\/uploads\/2024\/11\/Captura-de-pantalla-7-198x300.png 198w\" sizes=\"auto, (max-width: 388px) 100vw, 388px\" \/><\/figure><div class=\"wp-block-media-text__content\">\n<p><strong>Wilhelm Kienzl<\/strong> nace el 17 de enero de 1857 en Waizenkirchen, en el norte de Austria. Deja, sin embargo, muy pronto su pueblo natal y en Graz, Munich, Viena, Leipzig y Weimar recibir\u00e1 una formaci\u00f3n musical exquisita, entre otros, de Mortier de Fontaine, disc\u00edpulo de Chopin, o de Franz Listz. Alrededor de este \u00faltimo y del que m\u00e1s tarde se convertir\u00eda en su yerno, <strong>Richard Wagner<\/strong>, se constituir\u00e1 la <em>Nueva Escuela Alemana<\/em>, que influenciar\u00e1 profundamente la obra de Kienzl.<\/p>\n\n\n\n<p>Kienzl estrena gran parte de sus \u00f3peras en los tiempos del Imperio austroh\u00fangaro. Cuando al finalizar la I Guerra Mundial se constituye la I Rep\u00fablica de Austria (1919-1934), esta pide la anexi\u00f3n a Alemania, pero los aliados lo proh\u00edben.<\/p>\n<\/div><\/div>\n\n\n\n<p>La germanofilia austr\u00edaca quedar\u00e1 patente sin embargo en el himno nacional que su primer canciller, el socialdem\u00f3crata Karl Renner, encarga componer, precisamente, a Wilhelm Kienzl.<\/p>\n\n\n\n<p>A lo largo de su vida, Kienzl estrenar\u00e1 varias \u00f3peras (como <em>Evangelimann<\/em>, 1894; <em>Der Kuhreigen<\/em>, 1911; o <em>Das Testament<\/em>, 1916) que gozaron de un favor del p\u00fablico que no obtendr\u00eda su <em>Don Quijote<\/em>.  <\/p>\n\n\n\n<p>Tras la anexi\u00f3n nazi de Austria en 1938, Kienzl lamenta la detenci\u00f3n de amigos sospechosos de separatismo, as\u00ed como el hecho de que sus \u00f3peras caigan en el olvido tanto en el <em>Ostmark <\/em>(el nombre que los nacionalsocialistas dieron a Austria tras la anexi\u00f3n) como en Alemania. Morir\u00eda en Viena en 1941. <\/p>\n\n\n\n<p class=\"has-black-color has-text-color has-link-color wp-elements-ad1275a12e166f094d831c9b38acfb3f\" style=\"font-size:22px\"><strong>Se puede encontrar el libro en pdf en el siguiente enlace del <a href=\"https:\/\/digibuo.uniovi.es\/dspace\/handle\/10651\/73789\">RUO.<\/a> <\/strong><\/p>\n\n\n\n<p><\/p>\n","protected":false},"excerpt":{"rendered":"<p>Don Quijote Wilhelm Kienzl Edici\u00f3n, traducci\u00f3n y notas Carmen Rivero Iglesias Publicado en 2023 Wilhelm Kienzl nace el 17 de enero de 1857 en Waizenkirchen, en el norte de Austria. Deja, sin embargo, muy pronto su pueblo natal y en Graz, Munich, Viena, Leipzig y Weimar recibir\u00e1 una formaci\u00f3n musical exquisita, entre otros, de Mortier &hellip; <\/p>\n<p class=\"link-more\"><a href=\"https:\/\/www.unioviedo.es\/publicaciones_grec\/index.php\/coleccion-el-quijote-y-sus-interpretaciones-14\/\" class=\"more-link\">Continuar leyendo<span class=\"screen-reader-text\"> \u00abColecci\u00f3n \u00abEl Quijote y sus interpretaciones\u00bb. 14&#8243;<\/span><\/a><\/p>\n","protected":false},"author":2,"featured_media":0,"parent":0,"menu_order":0,"comment_status":"closed","ping_status":"closed","template":"","meta":{"footnotes":""},"class_list":["post-751","page","type-page","status-publish","hentry"],"_links":{"self":[{"href":"https:\/\/www.unioviedo.es\/publicaciones_grec\/index.php\/wp-json\/wp\/v2\/pages\/751","targetHints":{"allow":["GET"]}}],"collection":[{"href":"https:\/\/www.unioviedo.es\/publicaciones_grec\/index.php\/wp-json\/wp\/v2\/pages"}],"about":[{"href":"https:\/\/www.unioviedo.es\/publicaciones_grec\/index.php\/wp-json\/wp\/v2\/types\/page"}],"author":[{"embeddable":true,"href":"https:\/\/www.unioviedo.es\/publicaciones_grec\/index.php\/wp-json\/wp\/v2\/users\/2"}],"replies":[{"embeddable":true,"href":"https:\/\/www.unioviedo.es\/publicaciones_grec\/index.php\/wp-json\/wp\/v2\/comments?post=751"}],"version-history":[{"count":7,"href":"https:\/\/www.unioviedo.es\/publicaciones_grec\/index.php\/wp-json\/wp\/v2\/pages\/751\/revisions"}],"predecessor-version":[{"id":1152,"href":"https:\/\/www.unioviedo.es\/publicaciones_grec\/index.php\/wp-json\/wp\/v2\/pages\/751\/revisions\/1152"}],"wp:attachment":[{"href":"https:\/\/www.unioviedo.es\/publicaciones_grec\/index.php\/wp-json\/wp\/v2\/media?parent=751"}],"curies":[{"name":"wp","href":"https:\/\/api.w.org\/{rel}","templated":true}]}}