{"id":166,"date":"2019-07-03T00:02:08","date_gmt":"2019-07-02T22:02:08","guid":{"rendered":"https:\/\/www.unioviedo.es\/qtcmat\/?page_id=166"},"modified":"2019-07-03T01:19:07","modified_gmt":"2019-07-02T23:19:07","slug":"management","status":"publish","type":"page","link":"https:\/\/www.unioviedo.es\/qtcmat\/index.php\/management\/","title":{"rendered":"Management"},"content":{"rendered":"\n<h2 class=\"wp-block-heading\" style=\"text-align:center\">Servicios institucionales prestados de car\u00e1cter acad\u00e9mico<\/h2>\n\n\n\n<hr class=\"wp-block-separator\"\/>\n\n\n\n<ul><li>Subdirector del Departamento de Qu\u00edmica F\u00edsica y Anal\u00edtica de la Universidad de Oviedo. Desde 10\/05\/1996 hasta 10\/02\/1998<\/li><\/ul>\n\n\n\n<ul><li>Miembro frecuente (electo) en distintos periodos de comisiones de docencia e investigaci\u00f3n del Departamento de Qu\u00edmica F\u00edsica y Anal\u00edtica de la Universidad de Oviedo.<\/li><\/ul>\n\n\n\n<ul><li>Miembro (electo) del Claustro de la Universidad de Oviedo en distintos periodos desde su constituci\u00f3n.<\/li><\/ul>\n\n\n\n<ul><li>Miembro de numerosas comisiones de selecci\u00f3n de profesorado no permanente de la Universidad de Oviedo en representaci\u00f3n sindical<\/li><\/ul>\n\n\n\n<h2 class=\"wp-block-heading\" style=\"text-align:center\">Miembro de comit\u00e9s organizadores\/cient\u00edcos de reuniones cient\u00edcas<\/h2>\n\n\n\n<hr class=\"wp-block-separator\"\/>\n\n\n\n<ul><li>Spanish Advisory Committee. Congreso Internacional \u00abXXXIX European High Pressure Research Group Meeting\u00bb. Santander (Spain). Septiembre 2001<\/li><\/ul>\n\n\n\n<ul><li>International Scientific Committee. First International Conference on \u00abMolecular and Crystal Dynamics and Physical Properties of Solids\u00bb. Monastir (Tunisia), Marzo 2004<br><\/li><\/ul>\n\n\n\n<ul><li>Organizing Committee. Congreso Internacional \u00ab46th European High Pressure Research Group Meeting\u00bb. Valencia (Spain), Septiembre 2008<br><\/li><\/ul>\n\n\n\n<ul><li>Chairman. Microsymposium \u00abMolecular Crystals under pressure: Experiments and theory\u00bb dentro del Congreso Internacional \u00ab46th High Pressure Research Group Meeting\u00bb. Valencia (Spain), Septiembre 2008<br><\/li><\/ul>\n\n\n\n<ul><li>Organizador. Primer workshop \u00abTouching chemical bonds without experiments-Viendo el enlace qu\u00edmico sin experimentos\u00bb. Facultad de Qu\u00edmica. Universidad de Oviedo. Diciembre 2008<br><\/li><\/ul>\n\n\n\n<ul><li>Organizador. Segundo workshop \u201cTouching chemical bonds without experiments-Viendo el enlace qu\u00edmico sin experimentos\u201d. Facultad de Qu\u00edmica. Universidad de Oviedo. Diciembre 2009<br><\/li><\/ul>\n\n\n\n<ul><li>Organizing Committee. Congreso Internacional ESPA2010. Oviedo (Spain). Junio-Julio 2010<\/li><\/ul>\n\n\n\n<ul><li><strong>Editor invitado de dos n\u00fameros de la revista High Pressure Research (Vol. 28 (4) y Vol. 29 (1))<\/strong><\/li><\/ul>\n\n\n\n<p>Referee frecuente de art\u00edculos cient\u00edficos en publicaciones internacionales de qu\u00edmica f\u00edsica, ciencia de materials, materia condensada, qu\u00edmica del estado s\u00f3lido, etc.: Physical Review Letters, Physical Review B, Journal Physical Chemistry B, Physical Chemistry-Chemical Physics, Inorganic Chemistry, Materials Chemistry and Physics, High Pressure Research, etc<\/p>\n\n\n\n<h2 class=\"wp-block-heading\" style=\"text-align:center\">Investigador Principal de proyectos del Plan Nacional de I+D+i<\/h2>\n\n\n\n<hr class=\"wp-block-separator\"\/>\n\n\n\n<h2 class=\"wp-block-heading\" style=\"text-align:center\">Coordinador de un proyecto de la AECID-PCI (Etiop\u00eda)<\/h2>\n\n\n\n<hr class=\"wp-block-separator\"\/>\n\n\n\n<ul><li>Acci\u00f3n preparatoria (1 a\u00f1o): Introducci\u00f3n de la QTC en la Universtity of Addis Ababa (UAA)<\/li><\/ul>\n\n\n\n<ul><li>Acci\u00f3n consolidada (1-3 a\u00f1os): Creaci\u00f3n de un centro de computaci\u00f3n en la UAA<br><br><\/li><\/ul>\n","protected":false},"excerpt":{"rendered":"<p>Servicios institucionales prestados de car\u00e1cter acad\u00e9mico Subdirector del Departamento de Qu\u00edmica F\u00edsica y Anal\u00edtica de la Universidad de Oviedo. Desde 10\/05\/1996 hasta 10\/02\/1998 Miembro frecuente (electo) en distintos periodos de comisiones de docencia e investigaci\u00f3n del Departamento de Qu\u00edmica F\u00edsica y Anal\u00edtica de la Universidad de Oviedo. Miembro (electo) del Claustro de la Universidad de &hellip; <\/p>\n<p class=\"link-more\"><a href=\"https:\/\/www.unioviedo.es\/qtcmat\/index.php\/management\/\" class=\"more-link\">Continuar leyendo<span class=\"screen-reader-text\"> \u00abManagement\u00bb<\/span><\/a><\/p>\n","protected":false},"author":1,"featured_media":0,"parent":0,"menu_order":0,"comment_status":"closed","ping_status":"closed","template":"","meta":{"footnotes":""},"_links":{"self":[{"href":"https:\/\/www.unioviedo.es\/qtcmat\/index.php\/wp-json\/wp\/v2\/pages\/166"}],"collection":[{"href":"https:\/\/www.unioviedo.es\/qtcmat\/index.php\/wp-json\/wp\/v2\/pages"}],"about":[{"href":"https:\/\/www.unioviedo.es\/qtcmat\/index.php\/wp-json\/wp\/v2\/types\/page"}],"author":[{"embeddable":true,"href":"https:\/\/www.unioviedo.es\/qtcmat\/index.php\/wp-json\/wp\/v2\/users\/1"}],"replies":[{"embeddable":true,"href":"https:\/\/www.unioviedo.es\/qtcmat\/index.php\/wp-json\/wp\/v2\/comments?post=166"}],"version-history":[{"count":9,"href":"https:\/\/www.unioviedo.es\/qtcmat\/index.php\/wp-json\/wp\/v2\/pages\/166\/revisions"}],"predecessor-version":[{"id":211,"href":"https:\/\/www.unioviedo.es\/qtcmat\/index.php\/wp-json\/wp\/v2\/pages\/166\/revisions\/211"}],"wp:attachment":[{"href":"https:\/\/www.unioviedo.es\/qtcmat\/index.php\/wp-json\/wp\/v2\/media?parent=166"}],"curies":[{"name":"wp","href":"https:\/\/api.w.org\/{rel}","templated":true}]}}