{"id":2940,"date":"2016-01-26T17:34:03","date_gmt":"2016-01-26T16:34:03","guid":{"rendered":"http:\/\/www.unioviedo.es\/socialimen\/galeria-de-imagenes\/"},"modified":"2016-01-26T17:34:03","modified_gmt":"2016-01-26T16:34:03","slug":"galeria-de-imagenes","status":"publish","type":"page","link":"https:\/\/www.unioviedo.es\/socialimen\/en\/galeria-de-imagenes\/","title":{"rendered":"Galer\u00eda de im\u00e1genes"},"content":{"rendered":"<div id='gallery-1' class='gallery galleryid-2940 gallery-columns-4 gallery-size-medium'><figure class='gallery-item'>\n\t\t\t<div class='gallery-icon landscape'>\n\t\t\t\t<a href='https:\/\/www.unioviedo.es\/socialimen\/wp-content\/uploads\/2016\/01\/Curso-de-verano-Universidad-Sevilla-2005.jpg'><img loading=\"lazy\" decoding=\"async\" width=\"300\" height=\"225\" src=\"https:\/\/www.unioviedo.es\/socialimen\/wp-content\/uploads\/2016\/01\/Curso-de-verano-Universidad-Sevilla-2005-300x225.jpg\" class=\"attachment-medium size-medium\" alt=\"\" aria-describedby=\"gallery-1-2487\" srcset=\"https:\/\/www.unioviedo.es\/socialimen\/wp-content\/uploads\/2016\/01\/Curso-de-verano-Universidad-Sevilla-2005-300x225.jpg 300w, https:\/\/www.unioviedo.es\/socialimen\/wp-content\/uploads\/2016\/01\/Curso-de-verano-Universidad-Sevilla-2005-768x576.jpg 768w, https:\/\/www.unioviedo.es\/socialimen\/wp-content\/uploads\/2016\/01\/Curso-de-verano-Universidad-Sevilla-2005-1024x768.jpg 1024w\" sizes=\"auto, (max-width: 300px) 100vw, 300px\" \/><\/a>\n\t\t\t<\/div>\n\t\t\t\t<figcaption class='wp-caption-text gallery-caption' id='gallery-1-2487'>\n\t\t\t\tCurso de verano Universidad Sevilla 2005\n\t\t\t\t<\/figcaption><\/figure><figure class='gallery-item'>\n\t\t\t<div class='gallery-icon landscape'>\n\t\t\t\t<a href='https:\/\/www.unioviedo.es\/socialimen\/wp-content\/uploads\/2016\/01\/XI-Congreso-Espanol-de-Sociologia.jpg'><img loading=\"lazy\" decoding=\"async\" width=\"300\" height=\"225\" src=\"https:\/\/www.unioviedo.es\/socialimen\/wp-content\/uploads\/2016\/01\/XI-Congreso-Espanol-de-Sociologia-300x225.jpg\" class=\"attachment-medium size-medium\" alt=\"\" aria-describedby=\"gallery-1-2511\" srcset=\"https:\/\/www.unioviedo.es\/socialimen\/wp-content\/uploads\/2016\/01\/XI-Congreso-Espanol-de-Sociologia-300x225.jpg 300w, https:\/\/www.unioviedo.es\/socialimen\/wp-content\/uploads\/2016\/01\/XI-Congreso-Espanol-de-Sociologia-768x576.jpg 768w, https:\/\/www.unioviedo.es\/socialimen\/wp-content\/uploads\/2016\/01\/XI-Congreso-Espanol-de-Sociologia-1024x768.jpg 1024w, https:\/\/www.unioviedo.es\/socialimen\/wp-content\/uploads\/2016\/01\/XI-Congreso-Espanol-de-Sociologia.jpg 2048w\" sizes=\"auto, (max-width: 300px) 100vw, 300px\" \/><\/a>\n\t\t\t<\/div>\n\t\t\t\t<figcaption class='wp-caption-text gallery-caption' id='gallery-1-2511'>\n\t\t\t\tXI Congreso Espa\u00f1ol de Sociolog\u00eda (2)\n\t\t\t\t<\/figcaption><\/figure><figure class='gallery-item'>\n\t\t\t<div class='gallery-icon portrait'>\n\t\t\t\t<a href='https:\/\/www.unioviedo.es\/socialimen\/wp-content\/uploads\/2016\/01\/Universidad-de-Lisboa-Hans-van-den-Broek-2011.jpg'><img loading=\"lazy\" decoding=\"async\" width=\"224\" height=\"300\" src=\"https:\/\/www.unioviedo.es\/socialimen\/wp-content\/uploads\/2016\/01\/Universidad-de-Lisboa-Hans-van-den-Broek-2011-224x300.jpg\" class=\"attachment-medium size-medium\" alt=\"\" aria-describedby=\"gallery-1-2508\" srcset=\"https:\/\/www.unioviedo.es\/socialimen\/wp-content\/uploads\/2016\/01\/Universidad-de-Lisboa-Hans-van-den-Broek-2011-224x300.jpg 224w, https:\/\/www.unioviedo.es\/socialimen\/wp-content\/uploads\/2016\/01\/Universidad-de-Lisboa-Hans-van-den-Broek-2011-768x1031.jpg 768w, https:\/\/www.unioviedo.es\/socialimen\/wp-content\/uploads\/2016\/01\/Universidad-de-Lisboa-Hans-van-den-Broek-2011-763x1024.jpg 763w, https:\/\/www.unioviedo.es\/socialimen\/wp-content\/uploads\/2016\/01\/Universidad-de-Lisboa-Hans-van-den-Broek-2011.jpg 1518w\" sizes=\"auto, (max-width: 224px) 100vw, 224px\" \/><\/a>\n\t\t\t<\/div>\n\t\t\t\t<figcaption class='wp-caption-text gallery-caption' id='gallery-1-2508'>\n\t\t\t\tUniversidad de Lisboa, Hans van den Broek, 2011\n\t\t\t\t<\/figcaption><\/figure><figure class='gallery-item'>\n\t\t\t<div class='gallery-icon landscape'>\n\t\t\t\t<a href='https:\/\/www.unioviedo.es\/socialimen\/wp-content\/uploads\/2016\/01\/XI-Congreso-Espanol-de-Sociologia-2.jpg'><img loading=\"lazy\" decoding=\"async\" width=\"300\" height=\"225\" src=\"https:\/\/www.unioviedo.es\/socialimen\/wp-content\/uploads\/2016\/01\/XI-Congreso-Espanol-de-Sociologia-2-300x225.jpg\" class=\"attachment-medium size-medium\" alt=\"\" aria-describedby=\"gallery-1-2510\" srcset=\"https:\/\/www.unioviedo.es\/socialimen\/wp-content\/uploads\/2016\/01\/XI-Congreso-Espanol-de-Sociologia-2-300x225.jpg 300w, https:\/\/www.unioviedo.es\/socialimen\/wp-content\/uploads\/2016\/01\/XI-Congreso-Espanol-de-Sociologia-2-768x576.jpg 768w, https:\/\/www.unioviedo.es\/socialimen\/wp-content\/uploads\/2016\/01\/XI-Congreso-Espanol-de-Sociologia-2-1024x768.jpg 1024w, https:\/\/www.unioviedo.es\/socialimen\/wp-content\/uploads\/2016\/01\/XI-Congreso-Espanol-de-Sociologia-2.jpg 2048w\" sizes=\"auto, (max-width: 300px) 100vw, 300px\" \/><\/a>\n\t\t\t<\/div>\n\t\t\t\t<figcaption class='wp-caption-text gallery-caption' id='gallery-1-2510'>\n\t\t\t\tXI Congreso Espa\u00f1ol de Sociolog\u00eda\n\t\t\t\t<\/figcaption><\/figure><figure class='gallery-item'>\n\t\t\t<div class='gallery-icon landscape'>\n\t\t\t\t<a href='https:\/\/www.unioviedo.es\/socialimen\/wp-content\/uploads\/2016\/01\/Congreso-Espanol-de-Sociologia-de-la-Alimentacion-2009.jpg'><img loading=\"lazy\" decoding=\"async\" width=\"300\" height=\"225\" src=\"https:\/\/www.unioviedo.es\/socialimen\/wp-content\/uploads\/2016\/01\/Congreso-Espanol-de-Sociologia-de-la-Alimentacion-2009-300x225.jpg\" class=\"attachment-medium size-medium\" alt=\"\" aria-describedby=\"gallery-1-2484\" srcset=\"https:\/\/www.unioviedo.es\/socialimen\/wp-content\/uploads\/2016\/01\/Congreso-Espanol-de-Sociologia-de-la-Alimentacion-2009-300x225.jpg 300w, https:\/\/www.unioviedo.es\/socialimen\/wp-content\/uploads\/2016\/01\/Congreso-Espanol-de-Sociologia-de-la-Alimentacion-2009-768x576.jpg 768w, https:\/\/www.unioviedo.es\/socialimen\/wp-content\/uploads\/2016\/01\/Congreso-Espanol-de-Sociologia-de-la-Alimentacion-2009-1024x768.jpg 1024w, https:\/\/www.unioviedo.es\/socialimen\/wp-content\/uploads\/2016\/01\/Congreso-Espanol-de-Sociologia-de-la-Alimentacion-2009.jpg 1600w\" sizes=\"auto, (max-width: 300px) 100vw, 300px\" \/><\/a>\n\t\t\t<\/div>\n\t\t\t\t<figcaption class='wp-caption-text gallery-caption' id='gallery-1-2484'>\n\t\t\t\tCongreso Espa\u00f1ol de Sociolog\u00eda de la Alimentaci\u00f3n, 2009\n\t\t\t\t<\/figcaption><\/figure><figure class='gallery-item'>\n\t\t\t<div class='gallery-icon landscape'>\n\t\t\t\t<a href='https:\/\/www.unioviedo.es\/socialimen\/wp-content\/uploads\/2016\/01\/Grupo-de-Investigacion-en-Sociologia-de-la-Alimentacion-1.jpg'><img loading=\"lazy\" decoding=\"async\" width=\"300\" height=\"200\" src=\"https:\/\/www.unioviedo.es\/socialimen\/wp-content\/uploads\/2016\/01\/Grupo-de-Investigacion-en-Sociologia-de-la-Alimentacion-1-300x200.jpg\" class=\"attachment-medium size-medium\" alt=\"\" aria-describedby=\"gallery-1-2491\" srcset=\"https:\/\/www.unioviedo.es\/socialimen\/wp-content\/uploads\/2016\/01\/Grupo-de-Investigacion-en-Sociologia-de-la-Alimentacion-1-300x200.jpg 300w, https:\/\/www.unioviedo.es\/socialimen\/wp-content\/uploads\/2016\/01\/Grupo-de-Investigacion-en-Sociologia-de-la-Alimentacion-1-768x512.jpg 768w, https:\/\/www.unioviedo.es\/socialimen\/wp-content\/uploads\/2016\/01\/Grupo-de-Investigacion-en-Sociologia-de-la-Alimentacion-1-1024x683.jpg 1024w, https:\/\/www.unioviedo.es\/socialimen\/wp-content\/uploads\/2016\/01\/Grupo-de-Investigacion-en-Sociologia-de-la-Alimentacion-1-272x182.jpg 272w\" sizes=\"auto, (max-width: 300px) 100vw, 300px\" \/><\/a>\n\t\t\t<\/div>\n\t\t\t\t<figcaption class='wp-caption-text gallery-caption' id='gallery-1-2491'>\n\t\t\t\tGrupo de Investigaci\u00f3n en Sociolog\u00eda de la Alimentaci\u00f3n 1\n\t\t\t\t<\/figcaption><\/figure><figure class='gallery-item'>\n\t\t\t<div class='gallery-icon landscape'>\n\t\t\t\t<a href='https:\/\/www.unioviedo.es\/socialimen\/wp-content\/uploads\/2016\/01\/The-Future-of-Tourism-and-Hospitality-in-Asia-Inauguracion-del-congreso.jpg'><img loading=\"lazy\" decoding=\"async\" width=\"300\" height=\"225\" src=\"https:\/\/www.unioviedo.es\/socialimen\/wp-content\/uploads\/2016\/01\/The-Future-of-Tourism-and-Hospitality-in-Asia-Inauguracion-del-congreso-300x225.jpg\" class=\"attachment-medium size-medium\" alt=\"\" aria-describedby=\"gallery-1-2506\" srcset=\"https:\/\/www.unioviedo.es\/socialimen\/wp-content\/uploads\/2016\/01\/The-Future-of-Tourism-and-Hospitality-in-Asia-Inauguracion-del-congreso-300x225.jpg 300w, https:\/\/www.unioviedo.es\/socialimen\/wp-content\/uploads\/2016\/01\/The-Future-of-Tourism-and-Hospitality-in-Asia-Inauguracion-del-congreso-768x576.jpg 768w, https:\/\/www.unioviedo.es\/socialimen\/wp-content\/uploads\/2016\/01\/The-Future-of-Tourism-and-Hospitality-in-Asia-Inauguracion-del-congreso-1024x768.jpg 1024w, https:\/\/www.unioviedo.es\/socialimen\/wp-content\/uploads\/2016\/01\/The-Future-of-Tourism-and-Hospitality-in-Asia-Inauguracion-del-congreso.jpg 1502w\" sizes=\"auto, (max-width: 300px) 100vw, 300px\" \/><\/a>\n\t\t\t<\/div>\n\t\t\t\t<figcaption class='wp-caption-text gallery-caption' id='gallery-1-2506'>\n\t\t\t\tThe Future of Tourism and Hospitality in Asia. Inauguraci\u00f3n del congreso\n\t\t\t\t<\/figcaption><\/figure><figure class='gallery-item'>\n\t\t\t<div class='gallery-icon landscape'>\n\t\t\t\t<a href='https:\/\/www.unioviedo.es\/socialimen\/wp-content\/uploads\/2016\/01\/Reunion-AESAN-Madrid-2009.jpg'><img loading=\"lazy\" decoding=\"async\" width=\"300\" height=\"137\" src=\"https:\/\/www.unioviedo.es\/socialimen\/wp-content\/uploads\/2016\/01\/Reunion-AESAN-Madrid-2009-300x137.jpg\" class=\"attachment-medium size-medium\" alt=\"\" aria-describedby=\"gallery-1-2497\" srcset=\"https:\/\/www.unioviedo.es\/socialimen\/wp-content\/uploads\/2016\/01\/Reunion-AESAN-Madrid-2009-300x137.jpg 300w, https:\/\/www.unioviedo.es\/socialimen\/wp-content\/uploads\/2016\/01\/Reunion-AESAN-Madrid-2009-768x352.jpg 768w, https:\/\/www.unioviedo.es\/socialimen\/wp-content\/uploads\/2016\/01\/Reunion-AESAN-Madrid-2009-1024x469.jpg 1024w\" sizes=\"auto, (max-width: 300px) 100vw, 300px\" \/><\/a>\n\t\t\t<\/div>\n\t\t\t\t<figcaption class='wp-caption-text gallery-caption' id='gallery-1-2497'>\n\t\t\t\tReuni\u00f3n AESAN-Madrid, 2009\n\t\t\t\t<\/figcaption><\/figure><figure class='gallery-item'>\n\t\t\t<div class='gallery-icon landscape'>\n\t\t\t\t<a href='https:\/\/www.unioviedo.es\/socialimen\/wp-content\/uploads\/2016\/01\/Sociologia.jpg'><img loading=\"lazy\" decoding=\"async\" width=\"300\" height=\"200\" src=\"https:\/\/www.unioviedo.es\/socialimen\/wp-content\/uploads\/2016\/01\/Sociologia-300x200.jpg\" class=\"attachment-medium size-medium\" alt=\"\" aria-describedby=\"gallery-1-2500\" srcset=\"https:\/\/www.unioviedo.es\/socialimen\/wp-content\/uploads\/2016\/01\/Sociologia-300x200.jpg 300w, https:\/\/www.unioviedo.es\/socialimen\/wp-content\/uploads\/2016\/01\/Sociologia-768x511.jpg 768w, https:\/\/www.unioviedo.es\/socialimen\/wp-content\/uploads\/2016\/01\/Sociologia-1024x682.jpg 1024w, https:\/\/www.unioviedo.es\/socialimen\/wp-content\/uploads\/2016\/01\/Sociologia-272x182.jpg 272w\" sizes=\"auto, (max-width: 300px) 100vw, 300px\" \/><\/a>\n\t\t\t<\/div>\n\t\t\t\t<figcaption class='wp-caption-text gallery-caption' id='gallery-1-2500'>\n\t\t\t\tPROFESORES DE ECONOMICAS\n\t\t\t\t<\/figcaption><\/figure><figure class='gallery-item'>\n\t\t\t<div class='gallery-icon portrait'>\n\t\t\t\t<a href='https:\/\/www.unioviedo.es\/socialimen\/wp-content\/uploads\/2016\/01\/alianza-contra-el-hambre.png'><img loading=\"lazy\" decoding=\"async\" width=\"214\" height=\"300\" src=\"https:\/\/www.unioviedo.es\/socialimen\/wp-content\/uploads\/2016\/01\/alianza-contra-el-hambre-214x300.png\" class=\"attachment-medium size-medium\" alt=\"\" aria-describedby=\"gallery-1-2482\" srcset=\"https:\/\/www.unioviedo.es\/socialimen\/wp-content\/uploads\/2016\/01\/alianza-contra-el-hambre-214x300.png 214w, https:\/\/www.unioviedo.es\/socialimen\/wp-content\/uploads\/2016\/01\/alianza-contra-el-hambre.png 595w\" sizes=\"auto, (max-width: 214px) 100vw, 214px\" \/><\/a>\n\t\t\t<\/div>\n\t\t\t\t<figcaption class='wp-caption-text gallery-caption' id='gallery-1-2482'>\n\t\t\t\talianza contra el hambre\n\t\t\t\t<\/figcaption><\/figure><figure class='gallery-item'>\n\t\t\t<div class='gallery-icon landscape'>\n\t\t\t\t<a href='https:\/\/www.unioviedo.es\/socialimen\/wp-content\/uploads\/2016\/01\/Sociologia-2.jpg'><img loading=\"lazy\" decoding=\"async\" width=\"300\" height=\"200\" src=\"https:\/\/www.unioviedo.es\/socialimen\/wp-content\/uploads\/2016\/01\/Sociologia-2-300x200.jpg\" class=\"attachment-medium size-medium\" alt=\"\" aria-describedby=\"gallery-1-2499\" srcset=\"https:\/\/www.unioviedo.es\/socialimen\/wp-content\/uploads\/2016\/01\/Sociologia-2-300x200.jpg 300w, https:\/\/www.unioviedo.es\/socialimen\/wp-content\/uploads\/2016\/01\/Sociologia-2-768x511.jpg 768w, https:\/\/www.unioviedo.es\/socialimen\/wp-content\/uploads\/2016\/01\/Sociologia-2-1024x682.jpg 1024w, https:\/\/www.unioviedo.es\/socialimen\/wp-content\/uploads\/2016\/01\/Sociologia-2-272x182.jpg 272w\" sizes=\"auto, (max-width: 300px) 100vw, 300px\" \/><\/a>\n\t\t\t<\/div>\n\t\t\t\t<figcaption class='wp-caption-text gallery-caption' id='gallery-1-2499'>\n\t\t\t\tSociolog\u00eda\n\t\t\t\t<\/figcaption><\/figure><figure class='gallery-item'>\n\t\t\t<div class='gallery-icon landscape'>\n\t\t\t\t<a href='https:\/\/www.unioviedo.es\/socialimen\/wp-content\/uploads\/2016\/01\/University-of-Manchester-CRESC-2008.jpg'><img loading=\"lazy\" decoding=\"async\" width=\"300\" height=\"224\" src=\"https:\/\/www.unioviedo.es\/socialimen\/wp-content\/uploads\/2016\/01\/University-of-Manchester-CRESC-2008-300x224.jpg\" class=\"attachment-medium size-medium\" alt=\"\" aria-describedby=\"gallery-1-2509\" srcset=\"https:\/\/www.unioviedo.es\/socialimen\/wp-content\/uploads\/2016\/01\/University-of-Manchester-CRESC-2008-300x224.jpg 300w, https:\/\/www.unioviedo.es\/socialimen\/wp-content\/uploads\/2016\/01\/University-of-Manchester-CRESC-2008-768x575.jpg 768w, https:\/\/www.unioviedo.es\/socialimen\/wp-content\/uploads\/2016\/01\/University-of-Manchester-CRESC-2008-1024x766.jpg 1024w\" sizes=\"auto, (max-width: 300px) 100vw, 300px\" \/><\/a>\n\t\t\t<\/div>\n\t\t\t\t<figcaption class='wp-caption-text gallery-caption' id='gallery-1-2509'>\n\t\t\t\tUniversity of Manchester, CRESC, 2008\n\t\t\t\t<\/figcaption><\/figure><figure class='gallery-item'>\n\t\t\t<div class='gallery-icon landscape'>\n\t\t\t\t<a href='https:\/\/www.unioviedo.es\/socialimen\/wp-content\/uploads\/2016\/01\/eating-out-2.jpg'><img loading=\"lazy\" decoding=\"async\" width=\"300\" height=\"225\" src=\"https:\/\/www.unioviedo.es\/socialimen\/wp-content\/uploads\/2016\/01\/eating-out-2-300x225.jpg\" class=\"attachment-medium size-medium\" alt=\"\" aria-describedby=\"gallery-1-2488\" srcset=\"https:\/\/www.unioviedo.es\/socialimen\/wp-content\/uploads\/2016\/01\/eating-out-2-300x225.jpg 300w, https:\/\/www.unioviedo.es\/socialimen\/wp-content\/uploads\/2016\/01\/eating-out-2-768x576.jpg 768w, https:\/\/www.unioviedo.es\/socialimen\/wp-content\/uploads\/2016\/01\/eating-out-2-1024x768.jpg 1024w\" sizes=\"auto, (max-width: 300px) 100vw, 300px\" \/><\/a>\n\t\t\t<\/div>\n\t\t\t\t<figcaption class='wp-caption-text gallery-caption' id='gallery-1-2488'>\n\t\t\t\teating out 2.jpg &#8211; Eating out Workshop\n\t\t\t\t<\/figcaption><\/figure><figure class='gallery-item'>\n\t\t\t<div class='gallery-icon landscape'>\n\t\t\t\t<a href='https:\/\/www.unioviedo.es\/socialimen\/wp-content\/uploads\/2016\/01\/Saskia-Sassen-con-los-profesores-del-Departamento-de-Sociolgia.jpg'><img loading=\"lazy\" decoding=\"async\" width=\"300\" height=\"208\" src=\"https:\/\/www.unioviedo.es\/socialimen\/wp-content\/uploads\/2016\/01\/Saskia-Sassen-con-los-profesores-del-Departamento-de-Sociolgia-300x208.jpg\" class=\"attachment-medium size-medium\" alt=\"\" aria-describedby=\"gallery-1-2498\" srcset=\"https:\/\/www.unioviedo.es\/socialimen\/wp-content\/uploads\/2016\/01\/Saskia-Sassen-con-los-profesores-del-Departamento-de-Sociolgia-300x208.jpg 300w, https:\/\/www.unioviedo.es\/socialimen\/wp-content\/uploads\/2016\/01\/Saskia-Sassen-con-los-profesores-del-Departamento-de-Sociolgia-768x534.jpg 768w, https:\/\/www.unioviedo.es\/socialimen\/wp-content\/uploads\/2016\/01\/Saskia-Sassen-con-los-profesores-del-Departamento-de-Sociolgia-1024x712.jpg 1024w\" sizes=\"auto, (max-width: 300px) 100vw, 300px\" \/><\/a>\n\t\t\t<\/div>\n\t\t\t\t<figcaption class='wp-caption-text gallery-caption' id='gallery-1-2498'>\n\t\t\t\tSaskia Sassen con los profesorees del Departamento de Sociolgia\n\t\t\t\t<\/figcaption><\/figure><figure class='gallery-item'>\n\t\t\t<div class='gallery-icon landscape'>\n\t\t\t\t<a href='https:\/\/www.unioviedo.es\/socialimen\/wp-content\/uploads\/2016\/01\/The-Future-of-Tourism-and-Hospitality-in-Asia-3.jpg'><img loading=\"lazy\" decoding=\"async\" width=\"300\" height=\"200\" src=\"https:\/\/www.unioviedo.es\/socialimen\/wp-content\/uploads\/2016\/01\/The-Future-of-Tourism-and-Hospitality-in-Asia-3-300x200.jpg\" class=\"attachment-medium size-medium\" alt=\"\" aria-describedby=\"gallery-1-2503\" srcset=\"https:\/\/www.unioviedo.es\/socialimen\/wp-content\/uploads\/2016\/01\/The-Future-of-Tourism-and-Hospitality-in-Asia-3-300x200.jpg 300w, https:\/\/www.unioviedo.es\/socialimen\/wp-content\/uploads\/2016\/01\/The-Future-of-Tourism-and-Hospitality-in-Asia-3-768x513.jpg 768w, https:\/\/www.unioviedo.es\/socialimen\/wp-content\/uploads\/2016\/01\/The-Future-of-Tourism-and-Hospitality-in-Asia-3-272x182.jpg 272w, https:\/\/www.unioviedo.es\/socialimen\/wp-content\/uploads\/2016\/01\/The-Future-of-Tourism-and-Hospitality-in-Asia-3.jpg 962w\" sizes=\"auto, (max-width: 300px) 100vw, 300px\" \/><\/a>\n\t\t\t<\/div>\n\t\t\t\t<figcaption class='wp-caption-text gallery-caption' id='gallery-1-2503'>\n\t\t\t\tThe Future of Tourism and Hospitality in Asia 3\n\t\t\t\t<\/figcaption><\/figure><figure class='gallery-item'>\n\t\t\t<div class='gallery-icon landscape'>\n\t\t\t\t<a href='https:\/\/www.unioviedo.es\/socialimen\/wp-content\/uploads\/2016\/01\/The-Future-of-Tourism-and-Hospitality-in-Asia-5-Jesus-Contreras-con-J-P-Poulain-y-otra-asistente-al-congreso.jpg'><img loading=\"lazy\" decoding=\"async\" width=\"300\" height=\"200\" src=\"https:\/\/www.unioviedo.es\/socialimen\/wp-content\/uploads\/2016\/01\/The-Future-of-Tourism-and-Hospitality-in-Asia-5-Jesus-Contreras-con-J-P-Poulain-y-otra-asistente-al-congreso-300x200.jpg\" class=\"attachment-medium size-medium\" alt=\"\" aria-describedby=\"gallery-1-2505\" srcset=\"https:\/\/www.unioviedo.es\/socialimen\/wp-content\/uploads\/2016\/01\/The-Future-of-Tourism-and-Hospitality-in-Asia-5-Jesus-Contreras-con-J-P-Poulain-y-otra-asistente-al-congreso-300x200.jpg 300w, https:\/\/www.unioviedo.es\/socialimen\/wp-content\/uploads\/2016\/01\/The-Future-of-Tourism-and-Hospitality-in-Asia-5-Jesus-Contreras-con-J-P-Poulain-y-otra-asistente-al-congreso-768x513.jpg 768w, https:\/\/www.unioviedo.es\/socialimen\/wp-content\/uploads\/2016\/01\/The-Future-of-Tourism-and-Hospitality-in-Asia-5-Jesus-Contreras-con-J-P-Poulain-y-otra-asistente-al-congreso-272x182.jpg 272w, https:\/\/www.unioviedo.es\/socialimen\/wp-content\/uploads\/2016\/01\/The-Future-of-Tourism-and-Hospitality-in-Asia-5-Jesus-Contreras-con-J-P-Poulain-y-otra-asistente-al-congreso.jpg 962w\" sizes=\"auto, (max-width: 300px) 100vw, 300px\" \/><\/a>\n\t\t\t<\/div>\n\t\t\t\t<figcaption class='wp-caption-text gallery-caption' id='gallery-1-2505'>\n\t\t\t\tThe Future of Tourism and Hospitality in Asia 5. Jes\u00fas Contreras con J-P Poulain y otra asistente al congreso\n\t\t\t\t<\/figcaption><\/figure><figure class='gallery-item'>\n\t\t\t<div class='gallery-icon landscape'>\n\t\t\t\t<a href='https:\/\/www.unioviedo.es\/socialimen\/wp-content\/uploads\/2016\/01\/The-Future-of-Tourism-and-Hospitality-in-Asia-1.jpg'><img loading=\"lazy\" decoding=\"async\" width=\"300\" height=\"200\" src=\"https:\/\/www.unioviedo.es\/socialimen\/wp-content\/uploads\/2016\/01\/The-Future-of-Tourism-and-Hospitality-in-Asia-1-300x200.jpg\" class=\"attachment-medium size-medium\" alt=\"\" aria-describedby=\"gallery-1-2501\" srcset=\"https:\/\/www.unioviedo.es\/socialimen\/wp-content\/uploads\/2016\/01\/The-Future-of-Tourism-and-Hospitality-in-Asia-1-300x200.jpg 300w, https:\/\/www.unioviedo.es\/socialimen\/wp-content\/uploads\/2016\/01\/The-Future-of-Tourism-and-Hospitality-in-Asia-1-768x513.jpg 768w, https:\/\/www.unioviedo.es\/socialimen\/wp-content\/uploads\/2016\/01\/The-Future-of-Tourism-and-Hospitality-in-Asia-1-272x182.jpg 272w, https:\/\/www.unioviedo.es\/socialimen\/wp-content\/uploads\/2016\/01\/The-Future-of-Tourism-and-Hospitality-in-Asia-1.jpg 962w\" sizes=\"auto, (max-width: 300px) 100vw, 300px\" \/><\/a>\n\t\t\t<\/div>\n\t\t\t\t<figcaption class='wp-caption-text gallery-caption' id='gallery-1-2501'>\n\t\t\t\tThe Future of Tourism and Hospitality in Asia 1\n\t\t\t\t<\/figcaption><\/figure><figure class='gallery-item'>\n\t\t\t<div class='gallery-icon landscape'>\n\t\t\t\t<a href='https:\/\/www.unioviedo.es\/socialimen\/wp-content\/uploads\/2016\/01\/eating-out-4.jpg'><img loading=\"lazy\" decoding=\"async\" width=\"300\" height=\"225\" src=\"https:\/\/www.unioviedo.es\/socialimen\/wp-content\/uploads\/2016\/01\/eating-out-4-300x225.jpg\" class=\"attachment-medium size-medium\" alt=\"\" aria-describedby=\"gallery-1-2489\" srcset=\"https:\/\/www.unioviedo.es\/socialimen\/wp-content\/uploads\/2016\/01\/eating-out-4-300x225.jpg 300w, https:\/\/www.unioviedo.es\/socialimen\/wp-content\/uploads\/2016\/01\/eating-out-4-768x576.jpg 768w, https:\/\/www.unioviedo.es\/socialimen\/wp-content\/uploads\/2016\/01\/eating-out-4-1024x768.jpg 1024w\" sizes=\"auto, (max-width: 300px) 100vw, 300px\" \/><\/a>\n\t\t\t<\/div>\n\t\t\t\t<figcaption class='wp-caption-text gallery-caption' id='gallery-1-2489'>\n\t\t\t\teating out 4.jpg &#8211; Eating out Workshop\n\t\t\t\t<\/figcaption><\/figure><figure class='gallery-item'>\n\t\t\t<div class='gallery-icon landscape'>\n\t\t\t\t<a href='https:\/\/www.unioviedo.es\/socialimen\/wp-content\/uploads\/2016\/01\/Alan-Warde-Congreso-Helsinky-2011.jpg'><img loading=\"lazy\" decoding=\"async\" width=\"300\" height=\"210\" src=\"https:\/\/www.unioviedo.es\/socialimen\/wp-content\/uploads\/2016\/01\/Alan-Warde-Congreso-Helsinky-2011-300x210.jpg\" class=\"attachment-medium size-medium\" alt=\"\" aria-describedby=\"gallery-1-2481\" srcset=\"https:\/\/www.unioviedo.es\/socialimen\/wp-content\/uploads\/2016\/01\/Alan-Warde-Congreso-Helsinky-2011-300x210.jpg 300w, https:\/\/www.unioviedo.es\/socialimen\/wp-content\/uploads\/2016\/01\/Alan-Warde-Congreso-Helsinky-2011-768x537.jpg 768w, https:\/\/www.unioviedo.es\/socialimen\/wp-content\/uploads\/2016\/01\/Alan-Warde-Congreso-Helsinky-2011-1024x717.jpg 1024w\" sizes=\"auto, (max-width: 300px) 100vw, 300px\" \/><\/a>\n\t\t\t<\/div>\n\t\t\t\t<figcaption class='wp-caption-text gallery-caption' id='gallery-1-2481'>\n\t\t\t\tAlan Warde, Congreso Helsinky 2011\n\t\t\t\t<\/figcaption><\/figure><figure class='gallery-item'>\n\t\t\t<div class='gallery-icon landscape'>\n\t\t\t\t<a href='https:\/\/www.unioviedo.es\/socialimen\/wp-content\/uploads\/2016\/01\/Congreso-Sociologia-de-la-Alimentacion-2009-Ruth-Rama-y-Jesus-Contreras.jpg'><img loading=\"lazy\" decoding=\"async\" width=\"300\" height=\"225\" src=\"https:\/\/www.unioviedo.es\/socialimen\/wp-content\/uploads\/2016\/01\/Congreso-Sociologia-de-la-Alimentacion-2009-Ruth-Rama-y-Jesus-Contreras-300x225.jpg\" class=\"attachment-medium size-medium\" alt=\"\" aria-describedby=\"gallery-1-2486\" srcset=\"https:\/\/www.unioviedo.es\/socialimen\/wp-content\/uploads\/2016\/01\/Congreso-Sociologia-de-la-Alimentacion-2009-Ruth-Rama-y-Jesus-Contreras-300x225.jpg 300w, https:\/\/www.unioviedo.es\/socialimen\/wp-content\/uploads\/2016\/01\/Congreso-Sociologia-de-la-Alimentacion-2009-Ruth-Rama-y-Jesus-Contreras-768x576.jpg 768w, https:\/\/www.unioviedo.es\/socialimen\/wp-content\/uploads\/2016\/01\/Congreso-Sociologia-de-la-Alimentacion-2009-Ruth-Rama-y-Jesus-Contreras-1024x768.jpg 1024w, https:\/\/www.unioviedo.es\/socialimen\/wp-content\/uploads\/2016\/01\/Congreso-Sociologia-de-la-Alimentacion-2009-Ruth-Rama-y-Jesus-Contreras.jpg 1600w\" sizes=\"auto, (max-width: 300px) 100vw, 300px\" \/><\/a>\n\t\t\t<\/div>\n\t\t\t\t<figcaption class='wp-caption-text gallery-caption' id='gallery-1-2486'>\n\t\t\t\tCongreso Sociolog\u00eda de la Alimentaci\u00f3n, 2009. Ruth Rama y Jes\u00fas Contreras\n\t\t\t\t<\/figcaption><\/figure><figure class='gallery-item'>\n\t\t\t<div class='gallery-icon landscape'>\n\t\t\t\t<a href='https:\/\/www.unioviedo.es\/socialimen\/wp-content\/uploads\/2016\/01\/Congreso-Sociologia-Alimentacion-2009-Emilio-Lamo.jpg'><img loading=\"lazy\" decoding=\"async\" width=\"300\" height=\"225\" src=\"https:\/\/www.unioviedo.es\/socialimen\/wp-content\/uploads\/2016\/01\/Congreso-Sociologia-Alimentacion-2009-Emilio-Lamo-300x225.jpg\" class=\"attachment-medium size-medium\" alt=\"\" aria-describedby=\"gallery-1-2485\" srcset=\"https:\/\/www.unioviedo.es\/socialimen\/wp-content\/uploads\/2016\/01\/Congreso-Sociologia-Alimentacion-2009-Emilio-Lamo-300x225.jpg 300w, https:\/\/www.unioviedo.es\/socialimen\/wp-content\/uploads\/2016\/01\/Congreso-Sociologia-Alimentacion-2009-Emilio-Lamo-768x576.jpg 768w, https:\/\/www.unioviedo.es\/socialimen\/wp-content\/uploads\/2016\/01\/Congreso-Sociologia-Alimentacion-2009-Emilio-Lamo-1024x768.jpg 1024w, https:\/\/www.unioviedo.es\/socialimen\/wp-content\/uploads\/2016\/01\/Congreso-Sociologia-Alimentacion-2009-Emilio-Lamo.jpg 1600w\" sizes=\"auto, (max-width: 300px) 100vw, 300px\" \/><\/a>\n\t\t\t<\/div>\n\t\t\t\t<figcaption class='wp-caption-text gallery-caption' id='gallery-1-2485'>\n\t\t\t\tCongreso Sociolog\u00eda Alimentaci\u00f3n, 2009. Emilio Lamo\n\t\t\t\t<\/figcaption><\/figure><figure class='gallery-item'>\n\t\t\t<div class='gallery-icon landscape'>\n\t\t\t\t<a href='https:\/\/www.unioviedo.es\/socialimen\/wp-content\/uploads\/2016\/01\/Logo.jpg'><img loading=\"lazy\" decoding=\"async\" width=\"300\" height=\"112\" src=\"https:\/\/www.unioviedo.es\/socialimen\/wp-content\/uploads\/2016\/01\/Logo-300x112.jpg\" class=\"attachment-medium size-medium\" alt=\"\" aria-describedby=\"gallery-1-2496\" srcset=\"https:\/\/www.unioviedo.es\/socialimen\/wp-content\/uploads\/2016\/01\/Logo-300x112.jpg 300w, https:\/\/www.unioviedo.es\/socialimen\/wp-content\/uploads\/2016\/01\/Logo.jpg 306w\" sizes=\"auto, (max-width: 300px) 100vw, 300px\" \/><\/a>\n\t\t\t<\/div>\n\t\t\t\t<figcaption class='wp-caption-text gallery-caption' id='gallery-1-2496'>\n\t\t\t\tLogo SOCIALIMEN\n\t\t\t\t<\/figcaption><\/figure><figure class='gallery-item'>\n\t\t\t<div class='gallery-icon landscape'>\n\t\t\t\t<a href='https:\/\/www.unioviedo.es\/socialimen\/wp-content\/uploads\/2016\/01\/Jurado-Premio-Luis-Noe-17-11-11.jpg'><img loading=\"lazy\" decoding=\"async\" width=\"300\" height=\"200\" src=\"https:\/\/www.unioviedo.es\/socialimen\/wp-content\/uploads\/2016\/01\/Jurado-Premio-Luis-Noe-17-11-11-300x200.jpg\" class=\"attachment-medium size-medium\" alt=\"\" aria-describedby=\"gallery-1-2495\" srcset=\"https:\/\/www.unioviedo.es\/socialimen\/wp-content\/uploads\/2016\/01\/Jurado-Premio-Luis-Noe-17-11-11-300x200.jpg 300w, https:\/\/www.unioviedo.es\/socialimen\/wp-content\/uploads\/2016\/01\/Jurado-Premio-Luis-Noe-17-11-11-768x512.jpg 768w, https:\/\/www.unioviedo.es\/socialimen\/wp-content\/uploads\/2016\/01\/Jurado-Premio-Luis-Noe-17-11-11-1024x683.jpg 1024w, https:\/\/www.unioviedo.es\/socialimen\/wp-content\/uploads\/2016\/01\/Jurado-Premio-Luis-Noe-17-11-11-272x182.jpg 272w\" sizes=\"auto, (max-width: 300px) 100vw, 300px\" \/><\/a>\n\t\t\t<\/div>\n\t\t\t\t<figcaption class='wp-caption-text gallery-caption' id='gallery-1-2495'>\n\t\t\t\tJurado Premio Luis No\u00e9. 17.11.11\n\t\t\t\t<\/figcaption><\/figure><figure class='gallery-item'>\n\t\t\t<div class='gallery-icon landscape'>\n\t\t\t\t<a href='https:\/\/www.unioviedo.es\/socialimen\/wp-content\/uploads\/2016\/01\/The-Future-of-Tourism-and-Hospitality-in-Asia-4.jpg'><img loading=\"lazy\" decoding=\"async\" width=\"300\" height=\"200\" src=\"https:\/\/www.unioviedo.es\/socialimen\/wp-content\/uploads\/2016\/01\/The-Future-of-Tourism-and-Hospitality-in-Asia-4-300x200.jpg\" class=\"attachment-medium size-medium\" alt=\"\" aria-describedby=\"gallery-1-2504\" srcset=\"https:\/\/www.unioviedo.es\/socialimen\/wp-content\/uploads\/2016\/01\/The-Future-of-Tourism-and-Hospitality-in-Asia-4-300x200.jpg 300w, https:\/\/www.unioviedo.es\/socialimen\/wp-content\/uploads\/2016\/01\/The-Future-of-Tourism-and-Hospitality-in-Asia-4-768x513.jpg 768w, https:\/\/www.unioviedo.es\/socialimen\/wp-content\/uploads\/2016\/01\/The-Future-of-Tourism-and-Hospitality-in-Asia-4-272x182.jpg 272w, https:\/\/www.unioviedo.es\/socialimen\/wp-content\/uploads\/2016\/01\/The-Future-of-Tourism-and-Hospitality-in-Asia-4.jpg 962w\" sizes=\"auto, (max-width: 300px) 100vw, 300px\" \/><\/a>\n\t\t\t<\/div>\n\t\t\t\t<figcaption class='wp-caption-text gallery-caption' id='gallery-1-2504'>\n\t\t\t\tThe Future of Tourism and Hospitality in Asia 4\n\t\t\t\t<\/figcaption><\/figure><figure class='gallery-item'>\n\t\t\t<div class='gallery-icon landscape'>\n\t\t\t\t<a href='https:\/\/www.unioviedo.es\/socialimen\/wp-content\/uploads\/2016\/01\/eating-out-5.jpg'><img loading=\"lazy\" decoding=\"async\" width=\"300\" height=\"169\" src=\"https:\/\/www.unioviedo.es\/socialimen\/wp-content\/uploads\/2016\/01\/eating-out-5-300x169.jpg\" class=\"attachment-medium size-medium\" alt=\"\" aria-describedby=\"gallery-1-2490\" srcset=\"https:\/\/www.unioviedo.es\/socialimen\/wp-content\/uploads\/2016\/01\/eating-out-5-300x169.jpg 300w, https:\/\/www.unioviedo.es\/socialimen\/wp-content\/uploads\/2016\/01\/eating-out-5-768x432.jpg 768w, https:\/\/www.unioviedo.es\/socialimen\/wp-content\/uploads\/2016\/01\/eating-out-5-1024x576.jpg 1024w, https:\/\/www.unioviedo.es\/socialimen\/wp-content\/uploads\/2016\/01\/eating-out-5-750x420.jpg 750w, https:\/\/www.unioviedo.es\/socialimen\/wp-content\/uploads\/2016\/01\/eating-out-5.jpg 1632w\" sizes=\"auto, (max-width: 300px) 100vw, 300px\" \/><\/a>\n\t\t\t<\/div>\n\t\t\t\t<figcaption class='wp-caption-text gallery-caption' id='gallery-1-2490'>\n\t\t\t\teating out 5.jpg &#8211; Eating out Workshop\n\t\t\t\t<\/figcaption><\/figure><figure class='gallery-item'>\n\t\t\t<div class='gallery-icon portrait'>\n\t\t\t\t<a href='https:\/\/www.unioviedo.es\/socialimen\/wp-content\/uploads\/2016\/01\/The-Future-of-Tourism-and-Hospitality-in-Asia.jpg'><img loading=\"lazy\" decoding=\"async\" width=\"227\" height=\"300\" src=\"https:\/\/www.unioviedo.es\/socialimen\/wp-content\/uploads\/2016\/01\/The-Future-of-Tourism-and-Hospitality-in-Asia-227x300.jpg\" class=\"attachment-medium size-medium\" alt=\"\" aria-describedby=\"gallery-1-2507\" srcset=\"https:\/\/www.unioviedo.es\/socialimen\/wp-content\/uploads\/2016\/01\/The-Future-of-Tourism-and-Hospitality-in-Asia-227x300.jpg 227w, https:\/\/www.unioviedo.es\/socialimen\/wp-content\/uploads\/2016\/01\/The-Future-of-Tourism-and-Hospitality-in-Asia-768x1014.jpg 768w, https:\/\/www.unioviedo.es\/socialimen\/wp-content\/uploads\/2016\/01\/The-Future-of-Tourism-and-Hospitality-in-Asia-776x1024.jpg 776w, https:\/\/www.unioviedo.es\/socialimen\/wp-content\/uploads\/2016\/01\/The-Future-of-Tourism-and-Hospitality-in-Asia.jpg 852w\" sizes=\"auto, (max-width: 227px) 100vw, 227px\" \/><\/a>\n\t\t\t<\/div>\n\t\t\t\t<figcaption class='wp-caption-text gallery-caption' id='gallery-1-2507'>\n\t\t\t\tThe Future of Tourism and Hospitality in Asia\n\t\t\t\t<\/figcaption><\/figure><figure class='gallery-item'>\n\t\t\t<div class='gallery-icon landscape'>\n\t\t\t\t<a href='https:\/\/www.unioviedo.es\/socialimen\/wp-content\/uploads\/2016\/01\/The-Future-of-Tourism-and-Hospitality-in-Asia-2.jpg'><img loading=\"lazy\" decoding=\"async\" width=\"300\" height=\"200\" src=\"https:\/\/www.unioviedo.es\/socialimen\/wp-content\/uploads\/2016\/01\/The-Future-of-Tourism-and-Hospitality-in-Asia-2-300x200.jpg\" class=\"attachment-medium size-medium\" alt=\"\" aria-describedby=\"gallery-1-2502\" srcset=\"https:\/\/www.unioviedo.es\/socialimen\/wp-content\/uploads\/2016\/01\/The-Future-of-Tourism-and-Hospitality-in-Asia-2-300x200.jpg 300w, https:\/\/www.unioviedo.es\/socialimen\/wp-content\/uploads\/2016\/01\/The-Future-of-Tourism-and-Hospitality-in-Asia-2-768x513.jpg 768w, https:\/\/www.unioviedo.es\/socialimen\/wp-content\/uploads\/2016\/01\/The-Future-of-Tourism-and-Hospitality-in-Asia-2-272x182.jpg 272w, https:\/\/www.unioviedo.es\/socialimen\/wp-content\/uploads\/2016\/01\/The-Future-of-Tourism-and-Hospitality-in-Asia-2.jpg 962w\" sizes=\"auto, (max-width: 300px) 100vw, 300px\" \/><\/a>\n\t\t\t<\/div>\n\t\t\t\t<figcaption class='wp-caption-text gallery-caption' id='gallery-1-2502'>\n\t\t\t\tThe Future of Tourism and Hospitality in Asia 2\n\t\t\t\t<\/figcaption><\/figure><figure class='gallery-item'>\n\t\t\t<div class='gallery-icon portrait'>\n\t\t\t\t<a href='https:\/\/www.unioviedo.es\/socialimen\/wp-content\/uploads\/2016\/01\/Anne-Luishier-Congreso-Helsinky-2011.jpg'><img loading=\"lazy\" decoding=\"async\" width=\"225\" height=\"300\" src=\"https:\/\/www.unioviedo.es\/socialimen\/wp-content\/uploads\/2016\/01\/Anne-Luishier-Congreso-Helsinky-2011-225x300.jpg\" class=\"attachment-medium size-medium\" alt=\"\" aria-describedby=\"gallery-1-2483\" srcset=\"https:\/\/www.unioviedo.es\/socialimen\/wp-content\/uploads\/2016\/01\/Anne-Luishier-Congreso-Helsinky-2011-225x300.jpg 225w, https:\/\/www.unioviedo.es\/socialimen\/wp-content\/uploads\/2016\/01\/Anne-Luishier-Congreso-Helsinky-2011-768x1024.jpg 768w\" sizes=\"auto, (max-width: 225px) 100vw, 225px\" \/><\/a>\n\t\t\t<\/div>\n\t\t\t\t<figcaption class='wp-caption-text gallery-caption' id='gallery-1-2483'>\n\t\t\t\tnne Luishier, Congreso Helsinky, 201\n\t\t\t\t<\/figcaption><\/figure><figure class='gallery-item'>\n\t\t\t<div class='gallery-icon landscape'>\n\t\t\t\t<a href='https:\/\/www.unioviedo.es\/socialimen\/wp-content\/uploads\/2016\/01\/Habitos-alimentarios-de-los-espanoles.jpg'><img loading=\"lazy\" decoding=\"async\" width=\"300\" height=\"200\" src=\"https:\/\/www.unioviedo.es\/socialimen\/wp-content\/uploads\/2016\/01\/Habitos-alimentarios-de-los-espanoles-300x200.jpg\" class=\"attachment-medium size-medium\" alt=\"\" aria-describedby=\"gallery-1-2494\" srcset=\"https:\/\/www.unioviedo.es\/socialimen\/wp-content\/uploads\/2016\/01\/Habitos-alimentarios-de-los-espanoles-300x200.jpg 300w, https:\/\/www.unioviedo.es\/socialimen\/wp-content\/uploads\/2016\/01\/Habitos-alimentarios-de-los-espanoles-768x511.jpg 768w, https:\/\/www.unioviedo.es\/socialimen\/wp-content\/uploads\/2016\/01\/Habitos-alimentarios-de-los-espanoles-1024x682.jpg 1024w, https:\/\/www.unioviedo.es\/socialimen\/wp-content\/uploads\/2016\/01\/Habitos-alimentarios-de-los-espanoles-272x182.jpg 272w, https:\/\/www.unioviedo.es\/socialimen\/wp-content\/uploads\/2016\/01\/Habitos-alimentarios-de-los-espanoles.jpg 1500w\" sizes=\"auto, (max-width: 300px) 100vw, 300px\" \/><\/a>\n\t\t\t<\/div>\n\t\t\t\t<figcaption class='wp-caption-text gallery-caption' id='gallery-1-2494'>\n\t\t\t\tH\u00e1bitos alimentarios de los espa\u00f1oles\n\t\t\t\t<\/figcaption><\/figure><figure class='gallery-item'>\n\t\t\t<div class='gallery-icon portrait'>\n\t\t\t\t<a href='https:\/\/www.unioviedo.es\/socialimen\/wp-content\/uploads\/2016\/01\/Grupo-de-Investigacion-en-Sociologia-de-la-Alimentacion-2.jpg'><img loading=\"lazy\" decoding=\"async\" width=\"294\" height=\"300\" src=\"https:\/\/www.unioviedo.es\/socialimen\/wp-content\/uploads\/2016\/01\/Grupo-de-Investigacion-en-Sociologia-de-la-Alimentacion-2-294x300.jpg\" class=\"attachment-medium size-medium\" alt=\"\" aria-describedby=\"gallery-1-2492\" srcset=\"https:\/\/www.unioviedo.es\/socialimen\/wp-content\/uploads\/2016\/01\/Grupo-de-Investigacion-en-Sociologia-de-la-Alimentacion-2-294x300.jpg 294w, https:\/\/www.unioviedo.es\/socialimen\/wp-content\/uploads\/2016\/01\/Grupo-de-Investigacion-en-Sociologia-de-la-Alimentacion-2-768x784.jpg 768w, https:\/\/www.unioviedo.es\/socialimen\/wp-content\/uploads\/2016\/01\/Grupo-de-Investigacion-en-Sociologia-de-la-Alimentacion-2-1004x1024.jpg 1004w, https:\/\/www.unioviedo.es\/socialimen\/wp-content\/uploads\/2016\/01\/Grupo-de-Investigacion-en-Sociologia-de-la-Alimentacion-2.jpg 1632w\" sizes=\"auto, (max-width: 294px) 100vw, 294px\" \/><\/a>\n\t\t\t<\/div>\n\t\t\t\t<figcaption class='wp-caption-text gallery-caption' id='gallery-1-2492'>\n\t\t\t\tGrupo de Investigaci\u00f3n en Sociolog\u00eda de la Alimentaci\u00f3n 2\n\t\t\t\t<\/figcaption><\/figure><figure class='gallery-item'>\n\t\t\t<div class='gallery-icon landscape'>\n\t\t\t\t<a href='https:\/\/www.unioviedo.es\/socialimen\/wp-content\/uploads\/2016\/01\/Grupo-sociologia-de-la-alimentacion-2014_02_12.jpg'><img loading=\"lazy\" decoding=\"async\" width=\"300\" height=\"200\" src=\"https:\/\/www.unioviedo.es\/socialimen\/wp-content\/uploads\/2016\/01\/Grupo-sociologia-de-la-alimentacion-2014_02_12-300x200.jpg\" class=\"attachment-medium size-medium\" alt=\"\" aria-describedby=\"gallery-1-2493\" srcset=\"https:\/\/www.unioviedo.es\/socialimen\/wp-content\/uploads\/2016\/01\/Grupo-sociologia-de-la-alimentacion-2014_02_12-300x200.jpg 300w, https:\/\/www.unioviedo.es\/socialimen\/wp-content\/uploads\/2016\/01\/Grupo-sociologia-de-la-alimentacion-2014_02_12-768x511.jpg 768w, https:\/\/www.unioviedo.es\/socialimen\/wp-content\/uploads\/2016\/01\/Grupo-sociologia-de-la-alimentacion-2014_02_12-1024x682.jpg 1024w, https:\/\/www.unioviedo.es\/socialimen\/wp-content\/uploads\/2016\/01\/Grupo-sociologia-de-la-alimentacion-2014_02_12-272x182.jpg 272w, https:\/\/www.unioviedo.es\/socialimen\/wp-content\/uploads\/2016\/01\/Grupo-sociologia-de-la-alimentacion-2014_02_12.jpg 1500w\" sizes=\"auto, (max-width: 300px) 100vw, 300px\" \/><\/a>\n\t\t\t<\/div>\n\t\t\t\t<figcaption class='wp-caption-text gallery-caption' id='gallery-1-2493'>\n\t\t\t\tGrupo sociolog\u00eda de la alimentaci\u00f3n 2014_02_12 \n\t\t\t\t<\/figcaption><\/figure>\n\t\t<\/div>\n\n","protected":false},"excerpt":{"rendered":"","protected":false},"author":2,"featured_media":0,"parent":0,"menu_order":0,"comment_status":"closed","ping_status":"closed","template":"","meta":{"_genesis_hide_title":false,"_genesis_hide_breadcrumbs":false,"_genesis_hide_singular_image":false,"_genesis_hide_footer_widgets":false,"_genesis_custom_body_class":"","_genesis_custom_post_class":"","_genesis_layout":"content-sidebar","footnotes":""},"class_list":{"0":"post-2940","1":"page","2":"type-page","3":"status-publish","5":"entry","6":"has-post-thumbnail","7":"gs-1","8":"gs-odd","9":"gs-even","10":"gs-featured-content-entry"},"_links":{"self":[{"href":"https:\/\/www.unioviedo.es\/socialimen\/en\/wp-json\/wp\/v2\/pages\/2940","targetHints":{"allow":["GET"]}}],"collection":[{"href":"https:\/\/www.unioviedo.es\/socialimen\/en\/wp-json\/wp\/v2\/pages"}],"about":[{"href":"https:\/\/www.unioviedo.es\/socialimen\/en\/wp-json\/wp\/v2\/types\/page"}],"author":[{"embeddable":true,"href":"https:\/\/www.unioviedo.es\/socialimen\/en\/wp-json\/wp\/v2\/users\/2"}],"replies":[{"embeddable":true,"href":"https:\/\/www.unioviedo.es\/socialimen\/en\/wp-json\/wp\/v2\/comments?post=2940"}],"version-history":[{"count":0,"href":"https:\/\/www.unioviedo.es\/socialimen\/en\/wp-json\/wp\/v2\/pages\/2940\/revisions"}],"wp:attachment":[{"href":"https:\/\/www.unioviedo.es\/socialimen\/en\/wp-json\/wp\/v2\/media?parent=2940"}],"curies":[{"name":"wp","href":"https:\/\/api.w.org\/{rel}","templated":true}]}}