{"id":2948,"date":"2015-12-24T11:40:09","date_gmt":"2015-12-24T10:40:09","guid":{"rendered":"http:\/\/www.unioviedo.es\/socialimen\/personal-en-formacion\/"},"modified":"2020-12-28T14:31:16","modified_gmt":"2020-12-28T13:31:16","slug":"personal-en-formacion","status":"publish","type":"page","link":"https:\/\/www.unioviedo.es\/socialimen\/en\/team\/personal-en-formacion\/","title":{"rendered":"Trainees\/Research students"},"content":{"rendered":"\n<!-- Page-list plugin v.5.2 wordpress.org\/plugins\/page-list\/ -->\n<div class=\"page-list page-list-ext \">\n<div class=\"page-list-ext-item\"><div class=\"page-list-ext-image\"><a href=\"https:\/\/www.unioviedo.es\/socialimen\/en\/team\/personal-en-formacion\/lydia-castellanos-hevia\/\" title=\"Lydia Castellanos Hevia\"><img decoding=\"async\" src=\"https:\/\/www.unioviedo.es\/socialimen\/wp-content\/uploads\/2023\/10\/foto-CV-100x100.jpg\" width=\"100\" alt=\"Lydia Castellanos Hevia\" \/><\/a><\/div> <h3 class=\"page-list-ext-title\"><a href=\"https:\/\/www.unioviedo.es\/socialimen\/en\/team\/personal-en-formacion\/lydia-castellanos-hevia\/\" title=\"Lydia Castellanos Hevia\">Lydia Castellanos Hevia<\/a><\/h3><div class=\"page-list-ext-item-content\">\r\n\r\nCategory:  PREDOCTORAL FELLOW\r\n\r\nArea:  SOCIOLOGY\r\n\r\nEmail:  castellanoslydia@uniovi.es || UO251223@uniovi.es\r\nLydia Castellanos Hevia has a degree in Social Work from the University of Oviedo (2021) and a Master's Degree in Occupational Risk Prevention...<\/div><\/div>\n<div class=\"page-list-ext-item\"><div class=\"page-list-ext-image\"><a href=\"https:\/\/www.unioviedo.es\/socialimen\/en\/team\/personal-en-formacion\/nerea-esmoris-varela\/\" title=\"Nerea Esmor\u00eds Varela\"><img decoding=\"async\" src=\"https:\/\/www.unioviedo.es\/socialimen\/wp-content\/uploads\/2021\/10\/nerea1-100x100.jpg\" width=\"100\" alt=\"Nerea Esmor\u00eds Varela\" \/><\/a><\/div> <h3 class=\"page-list-ext-title\"><a href=\"https:\/\/www.unioviedo.es\/socialimen\/en\/team\/personal-en-formacion\/nerea-esmoris-varela\/\" title=\"Nerea Esmor\u00eds Varela\">Nerea Esmor\u00eds Varela<\/a><\/h3><div class=\"page-list-ext-item-content\">Category:  PREDOCTORAL FELLOW\r\n\r\nArea:  SOCIOLOGY\r\nSuperior Technician in Social Integration (2014), Graduate in Sociology from the University of A Coru\u00f1a (2018) and Master in History and Sociocultural Analysis from the University of Oviedo (2019). She ...<\/div><\/div>\n<div class=\"page-list-ext-item\"><div class=\"page-list-ext-image\"><a href=\"https:\/\/www.unioviedo.es\/socialimen\/en\/team\/personal-en-formacion\/maria-gonzalez-alvarez\/\" title=\"Mar\u00eda Gonz\u00e1lez \u00c1lvarez\"><img decoding=\"async\" src=\"https:\/\/www.unioviedo.es\/socialimen\/wp-content\/uploads\/2016\/01\/Maria-Gonzalez-Alvarez-100x100.jpg\" width=\"100\" alt=\"Mar\u00eda Gonz\u00e1lez \u00c1lvarez\" \/><\/a><\/div> <h3 class=\"page-list-ext-title\"><a href=\"https:\/\/www.unioviedo.es\/socialimen\/en\/team\/personal-en-formacion\/maria-gonzalez-alvarez\/\" title=\"Mar\u00eda Gonz\u00e1lez \u00c1lvarez\">Mar\u00eda Gonz\u00e1lez \u00c1lvarez<\/a><\/h3><div class=\"page-list-ext-item-content\">\r\n\r\nPosition:  RESEARCHER\r\n\r\nDepartment:  SOCIOLOGY\r\n\r\nField: Sociology\r\n\r\nAddress:  Universidad de Oviedo.\u00a0Departamento de Sociolog\u00eda.\u00a0Facultad de Econom\u00eda y Empresa.\u00a0Edificio Departamental, 2\u00ba Planta.\u00a0Campus de El Cristo.\r\n33006 Oviedo. Asturias (Espa\u00f1...<\/div><\/div>\n<div class=\"page-list-ext-item\"><div class=\"page-list-ext-image\"><a href=\"https:\/\/www.unioviedo.es\/socialimen\/en\/team\/personal-en-formacion\/beatriz-rosete-alvarez\/\" title=\"Beatriz Rosete \u00c1lvarez\"><img decoding=\"async\" src=\"https:\/\/www.unioviedo.es\/socialimen\/wp-content\/uploads\/2020\/01\/beatriz-becaria-100x100.png\" width=\"100\" alt=\"Beatriz Rosete \u00c1lvarez\" \/><\/a><\/div> <h3 class=\"page-list-ext-title\"><a href=\"https:\/\/www.unioviedo.es\/socialimen\/en\/team\/personal-en-formacion\/beatriz-rosete-alvarez\/\" title=\"Beatriz Rosete \u00c1lvarez\">Beatriz Rosete \u00c1lvarez<\/a><\/h3><div class=\"page-list-ext-item-content\">Category:  RESEARCHER\r\n\r\nDepartment:  SOCIOLOGY\r\n\r\nStudent of Degree in Tourism at the Faculty of Tourism, Commerce and Social Sciences \"Jovellanos\". University of Oviedo. Gij\u00f3n. She has obtained the departmental grant for the work \"Ecological production ...<\/div><\/div>\n<div class=\"page-list-ext-item\"><div class=\"page-list-ext-image\"><a href=\"https:\/\/www.unioviedo.es\/socialimen\/en\/team\/personal-en-formacion\/sergio-sanchez-jimenez\/\" title=\"Sergio S\u00e1nchez Jim\u00e9nez\"><img decoding=\"async\" src=\"https:\/\/www.unioviedo.es\/socialimen\/wp-content\/uploads\/2023\/10\/Sergio-web-100x100.jpg\" width=\"100\" alt=\"Sergio S\u00e1nchez Jim\u00e9nez\" \/><\/a><\/div> <h3 class=\"page-list-ext-title\"><a href=\"https:\/\/www.unioviedo.es\/socialimen\/en\/team\/personal-en-formacion\/sergio-sanchez-jimenez\/\" title=\"Sergio S\u00e1nchez Jim\u00e9nez\">Sergio S\u00e1nchez Jim\u00e9nez<\/a><\/h3><div class=\"page-list-ext-item-content\">\r\n\r\nCategory:  PREDOCTORAL FELLOW\r\n\r\nArea:  SOCIOLOGY\r\nGraduate in Sociology (2020) and Master in Public Services and Social Policies (2021), both from the University of Salamanca. He has worked in rural Salamanca evaluating the LEADER programme. He is...<\/div><\/div>\n\n<\/div>\n","protected":false},"excerpt":{"rendered":"","protected":false},"author":2,"featured_media":0,"parent":2952,"menu_order":0,"comment_status":"closed","ping_status":"closed","template":"","meta":{"_genesis_hide_title":false,"_genesis_hide_breadcrumbs":false,"_genesis_hide_singular_image":false,"_genesis_hide_footer_widgets":false,"_genesis_custom_body_class":"","_genesis_custom_post_class":"","_genesis_layout":"","footnotes":""},"class_list":{"0":"post-2948","1":"page","2":"type-page","3":"status-publish","5":"entry","6":"gs-1","7":"gs-odd","8":"gs-even","9":"gs-featured-content-entry"},"_links":{"self":[{"href":"https:\/\/www.unioviedo.es\/socialimen\/en\/wp-json\/wp\/v2\/pages\/2948","targetHints":{"allow":["GET"]}}],"collection":[{"href":"https:\/\/www.unioviedo.es\/socialimen\/en\/wp-json\/wp\/v2\/pages"}],"about":[{"href":"https:\/\/www.unioviedo.es\/socialimen\/en\/wp-json\/wp\/v2\/types\/page"}],"author":[{"embeddable":true,"href":"https:\/\/www.unioviedo.es\/socialimen\/en\/wp-json\/wp\/v2\/users\/2"}],"replies":[{"embeddable":true,"href":"https:\/\/www.unioviedo.es\/socialimen\/en\/wp-json\/wp\/v2\/comments?post=2948"}],"version-history":[{"count":1,"href":"https:\/\/www.unioviedo.es\/socialimen\/en\/wp-json\/wp\/v2\/pages\/2948\/revisions"}],"predecessor-version":[{"id":3231,"href":"https:\/\/www.unioviedo.es\/socialimen\/en\/wp-json\/wp\/v2\/pages\/2948\/revisions\/3231"}],"up":[{"embeddable":true,"href":"https:\/\/www.unioviedo.es\/socialimen\/en\/wp-json\/wp\/v2\/pages\/2952"}],"wp:attachment":[{"href":"https:\/\/www.unioviedo.es\/socialimen\/en\/wp-json\/wp\/v2\/media?parent=2948"}],"curies":[{"name":"wp","href":"https:\/\/api.w.org\/{rel}","templated":true}]}}