{"id":2951,"date":"2015-12-21T12:51:37","date_gmt":"2015-12-21T11:51:37","guid":{"rendered":"http:\/\/www.unioviedo.es\/socialimen\/investigadores-uniovi\/"},"modified":"2020-12-22T12:58:13","modified_gmt":"2020-12-22T11:58:13","slug":"investigadores-uniovi","status":"publish","type":"page","link":"https:\/\/www.unioviedo.es\/socialimen\/en\/team\/investigadores-uniovi\/","title":{"rendered":"University of Oviedo (UNIOVI) Researchers"},"content":{"rendered":"\n<!-- Page-list plugin v.5.2 wordpress.org\/plugins\/page-list\/ -->\n<div class=\"page-list page-list-ext \">\n<div class=\"page-list-ext-item\"><h3 class=\"page-list-ext-title\"><a href=\"https:\/\/www.unioviedo.es\/socialimen\/en\/accessibility\/\" title=\"Accessibility\">Accessibility<\/a><\/h3><div class=\"page-list-ext-item-content\">\r\n\r\nAccording to the World Wide Web Consortium (W3C) , , web accesibility means offering universal access and sites \u201cdesigned to work for all peoples, whatever their hardware, sofware, language, location, or ability\u201d.\r\n\r\n \r\nThis web page has been cre...<\/div><\/div>\n<div class=\"page-list-ext-item\"><h3 class=\"page-list-ext-title\"><a href=\"https:\/\/www.unioviedo.es\/socialimen\/en\/contactar\/\" title=\"Contact\">Contact<\/a><\/h3><div class=\"page-list-ext-item-content\">The Sociology of Food Research Group SOCIALIMEN \r\n\r\nDepartment of Sociology (University of Oviedo)\r\nFaculty of Economics and Business\r\nDepartment Building, 2nd floor\r\nEl Cristo Campus, s\/n\r\n33006 Oviedo\r\nSpain.\r\n\r\nTelephone:\r\n(34) 985 10 50 42 \/ (34)...<\/div><\/div>\n<div class=\"page-list-ext-item\"><h3 class=\"page-list-ext-title\"><a href=\"https:\/\/www.unioviedo.es\/socialimen\/en\/galeria-de-imagenes\/\" title=\"Galer\u00eda de im\u00e1genes\">Galer\u00eda de im\u00e1genes<\/a><\/h3><div class=\"page-list-ext-item-content\"><\/div><\/div>\n<div class=\"page-list-ext-item\"><h3 class=\"page-list-ext-title\"><a href=\"https:\/\/www.unioviedo.es\/socialimen\/en\/legal-warning\/\" title=\"Legal notice\">Legal notice<\/a><\/h3><div class=\"page-list-ext-item-content\">\u00a9 Universidad de Oviedo, 2014. All rights reserved.\r\n\r\nThis website and the information contained in it are subject to copyright and may not be disseminated, modified or copied, in whole or in part, without prior written authorization from the University ...<\/div><\/div>\n<div class=\"page-list-ext-item\"><h3 class=\"page-list-ext-title\"><a href=\"https:\/\/www.unioviedo.es\/socialimen\/en\/portada\/\" title=\"Portada\">Portada<\/a><\/h3><div class=\"page-list-ext-item-content\"><\/div><\/div>\n<div class=\"page-list-ext-item\"><h3 class=\"page-list-ext-title\"><a href=\"https:\/\/www.unioviedo.es\/socialimen\/en\/publicaciones-2\/\" title=\"Publications\">Publications<\/a><\/h3><div class=\"page-list-ext-item-content\">\r\n \tArticles \r\n \tBooks \r\n <\/div><\/div>\n<div class=\"page-list-ext-item\"><h3 class=\"page-list-ext-title\"><a href=\"https:\/\/www.unioviedo.es\/socialimen\/en\/publicaciones-2\/articulos\/\" title=\"Articles\">Articles<\/a><\/h3><div class=\"page-list-ext-item-content\">D\u00edaz M\u00e9ndez y Lozano Cabedo (2023). \u201cOportunidades e obst\u00e1culos na promocao de umma alimentacao saudabel sustentavel e justa: uma analise sob a perspectiva da gobernanca\u201d  en Desaf\u00edos e itendencias da alimentacao contempor\u00e1nea. Consumo, mercados e acao p...<\/div><\/div>\n<div class=\"page-list-ext-item\"><h3 class=\"page-list-ext-title\"><a href=\"https:\/\/www.unioviedo.es\/socialimen\/en\/publicaciones-2\/libros\/\" title=\"Libros\">Libros<\/a><\/h3><div class=\"page-list-ext-item-content\">D\u00edaz-M\u00e9ndez y Cardon (2021). Trasformaciones de la alimentaci\u00f3n en el sur de Europa. Editorial Tirant Humanidades\r\n\r\nD\u00edaz M\u00e9ndez, Cecilia y Cardon, Phillipe (coords) (2021). Transformaciones de la alimentaci\u00f3n en el Sur de Europa. Valencia: Editorial Tiran...<\/div><\/div>\n<div class=\"page-list-ext-item\"><h3 class=\"page-list-ext-title\"><a href=\"https:\/\/www.unioviedo.es\/socialimen\/en\/publicaciones\/\" title=\"Publications\">Publications<\/a><\/h3><div class=\"page-list-ext-item-content\"><\/div><\/div>\n<div class=\"page-list-ext-item\"><h3 class=\"page-list-ext-title\"><a href=\"https:\/\/www.unioviedo.es\/socialimen\/en\/investigacion-2\/\" title=\"Research\">Research<\/a><\/h3><div class=\"page-list-ext-item-content\">\r\n\r\n \t\r\nResearch Areas  \r\n \r\n \t\r\nProjects  \r\n \r\n \t\r\nConferences  \r\n \r\n \t\r\n Doctoral theses  \r\n \r\n \t\r\nThe Sociology of Food Observation Unit  \r\n \r\n \r\n <\/div><\/div>\n<div class=\"page-list-ext-item\"><h3 class=\"page-list-ext-title\"><a href=\"https:\/\/www.unioviedo.es\/socialimen\/en\/investigacion-2\/congresos-y-conferencias\/\" title=\"Conferences\">Conferences<\/a><\/h3><div class=\"page-list-ext-item-content\">\r\n \t\r\nConferences by invitation and public presentations of research results \r\n \r\n \r\n(2016) \u201cFood and crisis: an interinstitutional research experience in Asturias\u201d. Conference on Research in Educational Innovation.  24 and 25 May at the University of ...<\/div><\/div>\n<div class=\"page-list-ext-item\"><h3 class=\"page-list-ext-title\"><a href=\"https:\/\/www.unioviedo.es\/socialimen\/en\/investigacion-2\/lineas-de-investigacion\/\" title=\"Research Areas\">Research Areas<\/a><\/h3><div class=\"page-list-ext-item-content\">1.- Food and eating in modern societies   \r\n2.- Food and social structure   \r\n3.- Power, politics, and social movements concerned with food.\r\nThe Sociology of Food Observation Unit\r\n   \r\n<\/div><\/div>\n<div class=\"page-list-ext-item\"><h3 class=\"page-list-ext-title\"><a href=\"https:\/\/www.unioviedo.es\/socialimen\/en\/investigacion-2\/lineas-de-investigacion\/1-la-alimentacion-las-sociedades-modernas\/\" title=\"1.- Food and eating in modern societies\">1.- Food and eating in modern societies<\/a><\/h3><div class=\"page-list-ext-item-content\">1.1.- Convergence and divergence in food in Europe  \r\nIt is common to consider that European food models are increasingly homogeneous, diluting the differences and moving towards a diet that is standardized and controlled by the large agro-food industries....<\/div><\/div>\n<div class=\"page-list-ext-item\"><h3 class=\"page-list-ext-title\"><a href=\"https:\/\/www.unioviedo.es\/socialimen\/en\/investigacion-2\/lineas-de-investigacion\/2-alimentacion-estructura-social\/\" title=\"2.- Food and social structure\">2.- Food and social structure<\/a><\/h3><div class=\"page-list-ext-item-content\">2.1.- Food differences and social class  From various sociological perspectives, it is argued that social classes defined food standards in the past, but that they do not do so today as the increased availability of food has narrowed the gap. The processes...<\/div><\/div>\n<div class=\"page-list-ext-item\"><h3 class=\"page-list-ext-title\"><a href=\"https:\/\/www.unioviedo.es\/socialimen\/en\/investigacion-2\/lineas-de-investigacion\/3-poder-politica-movimientos-sociales-alimentarios\/\" title=\"3.- Power, politics, and social movements concerned with food.     The Sociology of Food Observation Unit\">3.- Power, politics, and social movements concerned with food.     The Sociology of Food Observation Unit<\/a><\/h3><div class=\"page-list-ext-item-content\">3.1.- Consumerism and political participation  \r\n\u201cPolitical consumerism\u201d is a form of political participation that is becoming increasingly widespread throughout Europe. The effects of capitalism and globalization have led to a significant increase in ...<\/div><\/div>\n<div class=\"page-list-ext-item\"><h3 class=\"page-list-ext-title\"><a href=\"https:\/\/www.unioviedo.es\/socialimen\/en\/investigacion-2\/observatorio-sociologia-la-alimentacion\/\" title=\"The Sociology of Food Observation Unit\">The Sociology of Food Observation Unit<\/a><\/h3><div class=\"page-list-ext-item-content\">Person in charge:  Isabel Garc\u00eda Espejo  \r\n&nbsp;\r\n\r\nThe Sociological Observation Unit for Food is a research instrument at the disposal of the Sociology of Food Research Group and available to agrifood companies.\r\n\r\nIt is available to agrifood companies ...<\/div><\/div>\n<div class=\"page-list-ext-item\"><h3 class=\"page-list-ext-title\"><a href=\"https:\/\/www.unioviedo.es\/socialimen\/en\/investigacion\/\" title=\"Research\">Research<\/a><\/h3><div class=\"page-list-ext-item-content\"><\/div><\/div>\n<div class=\"page-list-ext-item\"><h3 class=\"page-list-ext-title\"><a href=\"https:\/\/www.unioviedo.es\/socialimen\/en\/proyectos\/\" title=\"Research Projects\">Research Projects<\/a><\/h3><div class=\"page-list-ext-item-content\">* Group projects since 2008.\r\n\r\n\r\n \t\r\nNational and International Projects  \r\n \r\n \t\r\nContracts with Business and other Institutions  \r\n \r\n \r\n <\/div><\/div>\n<div class=\"page-list-ext-item\"><h3 class=\"page-list-ext-title\"><a href=\"https:\/\/www.unioviedo.es\/socialimen\/en\/mapa-web\/\" title=\"Sitemap\">Sitemap<\/a><\/h3><div class=\"page-list-ext-item-content\"> \r\nHome  \r\nTeam  \r\n\r\n \t\r\nResearchers at UNIOVI \r\n\r\n \tCecilia D\u00edaz M\u00e9ndez (Investigadora responsable)   \r\n \tHans Peter van den Broek   \r\n \tJos\u00e9 Manuel Parrilla Fern\u00e1ndez   \r\n \tLaura Cabiedes Miragalla   \r\n \tMar\u00eda Amparo Novo V\u00e1zquez   \r\n \tMar\u00eda Isabel...<\/div><\/div>\n<div class=\"page-list-ext-item\"><div class=\"page-list-ext-image\"><a href=\"https:\/\/www.unioviedo.es\/socialimen\/en\/iii-congreso-espanol-sociologia-la-alimentacion-retos-cientificos-los-estudios-sociales-la-alimentacion-conflictos-torno-la-dieta-saludable\/\" title=\"Socialimen Conference\"><img decoding=\"async\" src=\"https:\/\/www.unioviedo.es\/socialimen\/wp-content\/uploads\/2018\/03\/III-Congreso-FES-SOCIALIMEN_v1-100x100.jpg\" width=\"100\" alt=\"Socialimen Conference\" \/><\/a><\/div> <h3 class=\"page-list-ext-title\"><a href=\"https:\/\/www.unioviedo.es\/socialimen\/en\/iii-congreso-espanol-sociologia-la-alimentacion-retos-cientificos-los-estudios-sociales-la-alimentacion-conflictos-torno-la-dieta-saludable\/\" title=\"Socialimen Conference\">Socialimen Conference<\/a><\/h3><div class=\"page-list-ext-item-content\">\r\n\r\nEl III Congreso Espa\u00f1ol de Sociolog\u00eda de la Alimentaci\u00f3n tendr\u00e1 lugar en Gij\u00f3n (Asturias) el 27 y 28 de septiembre de 2018.   \r\nEste evento se enmarca dentro de las actividades de los Comit\u00e9s de Investigaci\u00f3n (CI) de la Federaci\u00f3n Espa\u00f1ola de Socio...<\/div><\/div>\n<div class=\"page-list-ext-item\"><div class=\"page-list-ext-image\"><a href=\"https:\/\/www.unioviedo.es\/socialimen\/en\/iii-congreso-espanol-sociologia-la-alimentacion-retos-cientificos-los-estudios-sociales-la-alimentacion-conflictos-torno-la-dieta-saludable\/esa-rn5-sociology-of-consumption-the-sociology-of-consumption-bonding-beyond-boundaries-2023-mini-midterm-meetings-in-multiple-locations\/\" title=\"ESA RN5 Sociology of Consumption &quot;The Sociology of Consumption: Bonding beyond boundaries&quot;. 2023 Mini Midterm Meetings in Multiple Locations\"><img decoding=\"async\" src=\"https:\/\/www.unioviedo.es\/socialimen\/wp-content\/uploads\/2023\/08\/Copia-de-POSTER-CONGRESO-GIJON-100x100.png\" width=\"100\" alt=\"ESA RN5 Sociology of Consumption &quot;The Sociology of Consumption: Bonding beyond boundaries&quot;. 2023 Mini Midterm Meetings in Multiple Locations\" \/><\/a><\/div> <h3 class=\"page-list-ext-title\"><a href=\"https:\/\/www.unioviedo.es\/socialimen\/en\/iii-congreso-espanol-sociologia-la-alimentacion-retos-cientificos-los-estudios-sociales-la-alimentacion-conflictos-torno-la-dieta-saludable\/esa-rn5-sociology-of-consumption-the-sociology-of-consumption-bonding-beyond-boundaries-2023-mini-midterm-meetings-in-multiple-locations\/\" title=\"ESA RN5 Sociology of Consumption &quot;The Sociology of Consumption: Bonding beyond boundaries&quot;. 2023 Mini Midterm Meetings in Multiple Locations\">ESA RN5 Sociology of Consumption \"The Sociology of Consumption: Bonding beyond boundaries\". 2023 Mini Midterm Meetings in Multiple Locations<\/a><\/h3><div class=\"page-list-ext-item-content\">                  <\/div><\/div>\n<div class=\"page-list-ext-item\"><div class=\"page-list-ext-image\"><a href=\"https:\/\/www.unioviedo.es\/socialimen\/en\/iii-congreso-espanol-sociologia-la-alimentacion-retos-cientificos-los-estudios-sociales-la-alimentacion-conflictos-torno-la-dieta-saludable\/programa\/\" title=\"Programme\"><img decoding=\"async\" src=\"https:\/\/www.unioviedo.es\/socialimen\/wp-content\/uploads\/2018\/03\/III-Congreso-FES-SOCIALIMEN_v1-100x100.jpg\" width=\"100\" alt=\"Programme\" \/><\/a><\/div> <h3 class=\"page-list-ext-title\"><a href=\"https:\/\/www.unioviedo.es\/socialimen\/en\/iii-congreso-espanol-sociologia-la-alimentacion-retos-cientificos-los-estudios-sociales-la-alimentacion-conflictos-torno-la-dieta-saludable\/programa\/\" title=\"Programme\">Programme<\/a><\/h3><div class=\"page-list-ext-item-content\">\r\n\r\nSe puede descargar el programa completo (provisional) a continuaci\u00f3n: programa  \r\n\r\nJUEVES, 27 DE SEPTIEMBRE \r\n\r\n9:00h-9:30h. Acto de apertura   \r\n\r\nSantiago Garc\u00eda Granda  (Rector de la Universidad de Oviedo)\r\n\r\nRepresentante  (Federaci\u00f3n Espa\u00f1ola de ...<\/div><\/div>\n<div class=\"page-list-ext-item\"><div class=\"page-list-ext-image\"><a href=\"https:\/\/www.unioviedo.es\/socialimen\/en\/iii-congreso-espanol-sociologia-la-alimentacion-retos-cientificos-los-estudios-sociales-la-alimentacion-conflictos-torno-la-dieta-saludable\/fechas-clave\/\" title=\"Key Dates\"><img decoding=\"async\" src=\"https:\/\/www.unioviedo.es\/socialimen\/wp-content\/uploads\/2018\/03\/III-Congreso-FES-SOCIALIMEN_v1-100x100.jpg\" width=\"100\" alt=\"Key Dates\" \/><\/a><\/div> <h3 class=\"page-list-ext-title\"><a href=\"https:\/\/www.unioviedo.es\/socialimen\/en\/iii-congreso-espanol-sociologia-la-alimentacion-retos-cientificos-los-estudios-sociales-la-alimentacion-conflictos-torno-la-dieta-saludable\/fechas-clave\/\" title=\"Key Dates\">Key Dates<\/a><\/h3><div class=\"page-list-ext-item-content\"><\/div><\/div>\n<div class=\"page-list-ext-item\"><h3 class=\"page-list-ext-title\"><a href=\"https:\/\/www.unioviedo.es\/socialimen\/en\/iii-congreso-espanol-sociologia-la-alimentacion-retos-cientificos-los-estudios-sociales-la-alimentacion-conflictos-torno-la-dieta-saludable\/envio-de-resumenes\/\" title=\"Send abstracts\">Send abstracts<\/a><\/h3><div class=\"page-list-ext-item-content\">\r\n \tLos res\u00famenes de las comunicaciones tendr\u00e1n una extensi\u00f3n m\u00e1xima de 300 palabras. \r\n \tTodos los documentos deber\u00e1n estar en letra Times New Roman (tama\u00f1o 12). \r\n \tEl resumen debe incorporar 5 palabras clave. \r\n \tEl resumen puede ser enviado en ca...<\/div><\/div>\n<div class=\"page-list-ext-item\"><div class=\"page-list-ext-image\"><a href=\"https:\/\/www.unioviedo.es\/socialimen\/en\/iii-congreso-espanol-sociologia-la-alimentacion-retos-cientificos-los-estudios-sociales-la-alimentacion-conflictos-torno-la-dieta-saludable\/incripciones\/\" title=\"Signing Up\"><img decoding=\"async\" src=\"https:\/\/www.unioviedo.es\/socialimen\/wp-content\/uploads\/2018\/03\/III-Congreso-FES-SOCIALIMEN_v1-100x100.jpg\" width=\"100\" alt=\"Signing Up\" \/><\/a><\/div> <h3 class=\"page-list-ext-title\"><a href=\"https:\/\/www.unioviedo.es\/socialimen\/en\/iii-congreso-espanol-sociologia-la-alimentacion-retos-cientificos-los-estudios-sociales-la-alimentacion-conflictos-torno-la-dieta-saludable\/incripciones\/\" title=\"Signing Up\">Signing Up<\/a><\/h3><div class=\"page-list-ext-item-content\">\r\n\r\nPara inscribirse en el congreso se puede acceder desde el siguiente enlace  .\r\n\r\n&nbsp;<\/div><\/div>\n<div class=\"page-list-ext-item\"><div class=\"page-list-ext-image\"><a href=\"https:\/\/www.unioviedo.es\/socialimen\/en\/iii-congreso-espanol-sociologia-la-alimentacion-retos-cientificos-los-estudios-sociales-la-alimentacion-conflictos-torno-la-dieta-saludable\/talleres-congresuales\/\" title=\"Conference Workshops\"><img decoding=\"async\" src=\"https:\/\/www.unioviedo.es\/socialimen\/wp-content\/uploads\/2018\/03\/III-Congreso-FES-SOCIALIMEN_v1-100x100.jpg\" width=\"100\" alt=\"Conference Workshops\" \/><\/a><\/div> <h3 class=\"page-list-ext-title\"><a href=\"https:\/\/www.unioviedo.es\/socialimen\/en\/iii-congreso-espanol-sociologia-la-alimentacion-retos-cientificos-los-estudios-sociales-la-alimentacion-conflictos-torno-la-dieta-saludable\/talleres-congresuales\/\" title=\"Conference Workshops\">Conference Workshops<\/a><\/h3><div class=\"page-list-ext-item-content\">En el congreso se podr\u00e1 participar en dos talleres congresuales. Es posible participar s\u00f3lo en los talleres aunque no se participe en el congreso. La inscripci\u00f3n \u00fanicamente a los talleres se puede realizar en el siguiente enlace  .\r\n\r\n \t\r\n Taller de ...<\/div><\/div>\n<div class=\"page-list-ext-item\"><div class=\"page-list-ext-image\"><a href=\"https:\/\/www.unioviedo.es\/socialimen\/en\/iii-congreso-espanol-sociologia-la-alimentacion-retos-cientificos-los-estudios-sociales-la-alimentacion-conflictos-torno-la-dieta-saludable\/convocatoria-becas-del-grupo-investigacion-sociologia-la-alimentacion-la-asistencia-al-iii-congreso-espanol-sociologia-la-alimentacion\/\" title=\"Grants\"><img decoding=\"async\" src=\"https:\/\/www.unioviedo.es\/socialimen\/wp-content\/uploads\/2018\/03\/III-Congreso-FES-SOCIALIMEN_v1-100x100.jpg\" width=\"100\" alt=\"Grants\" \/><\/a><\/div> <h3 class=\"page-list-ext-title\"><a href=\"https:\/\/www.unioviedo.es\/socialimen\/en\/iii-congreso-espanol-sociologia-la-alimentacion-retos-cientificos-los-estudios-sociales-la-alimentacion-conflictos-torno-la-dieta-saludable\/convocatoria-becas-del-grupo-investigacion-sociologia-la-alimentacion-la-asistencia-al-iii-congreso-espanol-sociologia-la-alimentacion\/\" title=\"Grants\">Grants<\/a><\/h3><div class=\"page-list-ext-item-content\">CONVOCATORIA DE BECAS DEL GRUPO DE INVESTIGACI\u00d3N EN SOCIOLOG\u00cdA DE LA ALIMENTACI\u00d3N PARA LA ASISTENCIA AL III CONGRESO ESPA\u00d1OL DE SOCIOLOG\u00cdA DE LA ALIMENTACI\u00d3N \r\nEl Grupo de Investigaci\u00f3n en Sociolog\u00eda de la Alimentaci\u00f3n de la Universidad de Oviedo ofrece 5...<\/div><\/div>\n<div class=\"page-list-ext-item\"><h3 class=\"page-list-ext-title\"><a href=\"https:\/\/www.unioviedo.es\/socialimen\/en\/docencia\/\" title=\"Teaching (Academics)\">Teaching (Academics)<\/a><\/h3><div class=\"page-list-ext-item-content\">\r\n \tUndergraduate Degree Courses  \r\n \tMaster\u2019s Degree Courses  \r\n \tResearch Projects  \r\n <\/div><\/div>\n<div class=\"page-list-ext-item\"><h3 class=\"page-list-ext-title\"><a href=\"https:\/\/www.unioviedo.es\/socialimen\/en\/docencia\/masters\/\" title=\"Master\u2019s Degree Courses\">Master\u2019s Degree Courses<\/a><\/h3><div class=\"page-list-ext-item-content\">Teaching by members of the Research Group on the Sociology of Food and Eating forms part of courses given by the University of Oviedo Sociology Department in the following Master\u2019s degree courses. <\/div><\/div>\n<div class=\"page-list-ext-item\"><h3 class=\"page-list-ext-title\"><a href=\"https:\/\/www.unioviedo.es\/socialimen\/en\/docencia\/trabajos-de-investigacion\/\" title=\"Research Projects\">Research Projects<\/a><\/h3><div class=\"page-list-ext-item-content\"><\/div><\/div>\n<div class=\"page-list-ext-item\"><h3 class=\"page-list-ext-title\"><a href=\"https:\/\/www.unioviedo.es\/socialimen\/en\/docencia\/grados\/\" title=\"Undergraduate Degree Courses\">Undergraduate Degree Courses<\/a><\/h3><div class=\"page-list-ext-item-content\">Teaching by members of the Research Group on the Sociology of Food and Eating forms part of courses given by the University of Oviedo Sociology Department in the following undergraduate degree courses. <\/div><\/div>\n<div class=\"page-list-ext-item\"><h3 class=\"page-list-ext-title\"><a href=\"https:\/\/www.unioviedo.es\/socialimen\/en\/team\/\" title=\"Team\">Team<\/a><\/h3><div class=\"page-list-ext-item-content\">\r\nResearchers at UNIOVI \r\n\r\nResearchers at Other Universities \r\n\r\nTrainee Researchers \r\n\r\nVisitors \r\n&nbsp;<\/div><\/div>\n<div class=\"page-list-ext-item\"><h3 class=\"page-list-ext-title\"><a href=\"https:\/\/www.unioviedo.es\/socialimen\/en\/team\/investigadores-de-otras-universidades\/\" title=\"Researchers from Other Universities\">Researchers from Other Universities<\/a><\/h3><div class=\"page-list-ext-item-content\"><\/div><\/div>\n<div class=\"page-list-ext-item\"><div class=\"page-list-ext-image\"><a href=\"https:\/\/www.unioviedo.es\/socialimen\/en\/team\/investigadores-de-otras-universidades\/manuel-javier-callejo-gallego\/\" title=\"Manuel Javier Callejo Gallego\"><img decoding=\"async\" src=\"https:\/\/www.unioviedo.es\/socialimen\/wp-content\/uploads\/2021\/10\/javier-callejo-100x100.png\" width=\"100\" alt=\"Manuel Javier Callejo Gallego\" \/><\/a><\/div> <h3 class=\"page-list-ext-title\"><a href=\"https:\/\/www.unioviedo.es\/socialimen\/en\/team\/investigadores-de-otras-universidades\/manuel-javier-callejo-gallego\/\" title=\"Manuel Javier Callejo Gallego\">Manuel Javier Callejo Gallego<\/a><\/h3><div class=\"page-list-ext-item-content\">Position:  RESEARCHER FROM ANOTHER CENTRE R+D. (Universidad Nacional de Educaci\u00f3n a Distancia; National University of Distance Learning).\r\n Department:  SOCIOLOGY\r\n Field:  Sociology of Food Research Group.\r\nAddress:  Universidad de Oviedo.\u00a0Departamento d...<\/div><\/div>\n<div class=\"page-list-ext-item\"><div class=\"page-list-ext-image\"><a href=\"https:\/\/www.unioviedo.es\/socialimen\/en\/team\/investigadores-de-otras-universidades\/cristobal-gomez-benito\/\" title=\"Crist\u00f3bal G\u00f3mez Benito\"><img decoding=\"async\" src=\"https:\/\/www.unioviedo.es\/socialimen\/wp-content\/uploads\/2021\/10\/cristobal-100x100.jpg\" width=\"100\" alt=\"Crist\u00f3bal G\u00f3mez Benito\" \/><\/a><\/div> <h3 class=\"page-list-ext-title\"><a href=\"https:\/\/www.unioviedo.es\/socialimen\/en\/team\/investigadores-de-otras-universidades\/cristobal-gomez-benito\/\" title=\"Crist\u00f3bal G\u00f3mez Benito\">Crist\u00f3bal G\u00f3mez Benito<\/a><\/h3><div class=\"page-list-ext-item-content\">Position:  RESEARCHER FROM ANOTHER CENTRE R+D. (Universidad Nacional de Educaci\u00f3n a Distancia; National University of Distance Learning).\r\n Department:  Social Structure.\r\n Field:  Sociology.\r\nAddress:  Universidad Nacional de Educaci\u00f3n a Distancia ....<\/div><\/div>\n<div class=\"page-list-ext-item\"><div class=\"page-list-ext-image\"><a href=\"https:\/\/www.unioviedo.es\/socialimen\/en\/team\/investigadores-de-otras-universidades\/paloma-herrero-racionero\/\" title=\"Paloma Herrero Racionero\"><img decoding=\"async\" src=\"https:\/\/www.unioviedo.es\/socialimen\/wp-content\/uploads\/2021\/10\/paloma-herrera-100x100.jpg\" width=\"100\" alt=\"Paloma Herrero Racionero\" \/><\/a><\/div> <h3 class=\"page-list-ext-title\"><a href=\"https:\/\/www.unioviedo.es\/socialimen\/en\/team\/investigadores-de-otras-universidades\/paloma-herrero-racionero\/\" title=\"Paloma Herrero Racionero\">Paloma Herrero Racionero<\/a><\/h3><div class=\"page-list-ext-item-content\">Position:  RESEARCHER FROM ANOTHER CENTRE R+D. FULL UNIVERSITY PROFESSOR (Universidad Polit\u00e9cnica de Valencia) .\r\nDepartment:  Department of Economics and Social Sciences.\r\nField:  Sociology.\r\nAddress:  Escola Polit\u00e8cnica Superior de Gandia Universitat P...<\/div><\/div>\n<div class=\"page-list-ext-item\"><div class=\"page-list-ext-image\"><a href=\"https:\/\/www.unioviedo.es\/socialimen\/en\/team\/investigadores-de-otras-universidades\/carmen-maria-lozano-cabedo\/\" title=\"Carmen Mar\u00eda Lozano Cabedo\"><img decoding=\"async\" src=\"https:\/\/www.unioviedo.es\/socialimen\/wp-content\/uploads\/2021\/10\/carmen-lozano-100x100.png\" width=\"100\" alt=\"Carmen Mar\u00eda Lozano Cabedo\" \/><\/a><\/div> <h3 class=\"page-list-ext-title\"><a href=\"https:\/\/www.unioviedo.es\/socialimen\/en\/team\/investigadores-de-otras-universidades\/carmen-maria-lozano-cabedo\/\" title=\"Carmen Mar\u00eda Lozano Cabedo\">Carmen Mar\u00eda Lozano Cabedo<\/a><\/h3><div class=\"page-list-ext-item-content\">\r\n\r\n&nbsp;\r\n\r\nPosition:  RESEARCHER FROM ANOTHER CENTRE R+D. (Universidad Nacional de Educaci\u00f3n a Distancia; National University of Distance Learning). PhD in Social Anthropology.\r\n\r\nDepartment:  Department of Sociology II (Social Structure).\r\nField: ...<\/div><\/div>\n<div class=\"page-list-ext-item\"><div class=\"page-list-ext-image\"><a href=\"https:\/\/www.unioviedo.es\/socialimen\/en\/team\/investigadores-de-otras-universidades\/maycon-noremberg-schubert\/\" title=\"Maycon Noremberg Schubert\"><img decoding=\"async\" src=\"https:\/\/www.unioviedo.es\/socialimen\/wp-content\/uploads\/2021\/10\/Maycon-100x100.png\" width=\"100\" alt=\"Maycon Noremberg Schubert\" \/><\/a><\/div> <h3 class=\"page-list-ext-title\"><a href=\"https:\/\/www.unioviedo.es\/socialimen\/en\/team\/investigadores-de-otras-universidades\/maycon-noremberg-schubert\/\" title=\"Maycon Noremberg Schubert\">Maycon Noremberg Schubert<\/a><\/h3><div class=\"page-list-ext-item-content\">\r\n\r\nPosition:  RESEARCHER.\r\n Department:  Sociology.\r\n Address:  Universidade Federal do Rio Grande do Sul. Av. Bento Gon\u00e7alves, 9.500. Departamento de Sociolog\u00eda. Campus do Vale. Porto Alegre, Rio Grande do Sul, Brasil. CEP: 91501-970.\r\nEmail:  maycon.schubert@gmail.com \r...<\/div><\/div>\n<div class=\"page-list-ext-item\"><div class=\"page-list-ext-image\"><a href=\"https:\/\/www.unioviedo.es\/socialimen\/en\/team\/investigadores-de-otras-universidades\/guadalupe-ramos-truchero\/\" title=\"Guadalupe Ramos Truchero\"><img decoding=\"async\" src=\"https:\/\/www.unioviedo.es\/socialimen\/wp-content\/uploads\/2021\/10\/guadalupe-100x100.png\" width=\"100\" alt=\"Guadalupe Ramos Truchero\" \/><\/a><\/div> <h3 class=\"page-list-ext-title\"><a href=\"https:\/\/www.unioviedo.es\/socialimen\/en\/team\/investigadores-de-otras-universidades\/guadalupe-ramos-truchero\/\" title=\"Guadalupe Ramos Truchero\">Guadalupe Ramos Truchero<\/a><\/h3><div class=\"page-list-ext-item-content\">Position:  RESEARCHER FROM ANOTHER CENTRE R+D. Associate Professor (Universidad de Valladolid).\r\n\r\nDepartment:  Sociology\r\n\r\nField:  Sociology\r\n\r\nAddress:  Universidad de Valladolid. Calle Universidad, s\/n. 42004 Soria (Espa\u00f1a).\r\n\r\nEmail:  guadalupe.ramos@uva.es ...<\/div><\/div>\n<div class=\"page-list-ext-item\"><h3 class=\"page-list-ext-title\"><a href=\"https:\/\/www.unioviedo.es\/socialimen\/en\/team\/personal-en-formacion\/\" title=\"Trainees\/Research students\">Trainees\/Research students<\/a><\/h3><div class=\"page-list-ext-item-content\"><\/div><\/div>\n<div class=\"page-list-ext-item\"><div class=\"page-list-ext-image\"><a href=\"https:\/\/www.unioviedo.es\/socialimen\/en\/team\/personal-en-formacion\/lydia-castellanos-hevia\/\" title=\"Lydia Castellanos Hevia\"><img decoding=\"async\" src=\"https:\/\/www.unioviedo.es\/socialimen\/wp-content\/uploads\/2023\/10\/foto-CV-100x100.jpg\" width=\"100\" alt=\"Lydia Castellanos Hevia\" \/><\/a><\/div> <h3 class=\"page-list-ext-title\"><a href=\"https:\/\/www.unioviedo.es\/socialimen\/en\/team\/personal-en-formacion\/lydia-castellanos-hevia\/\" title=\"Lydia Castellanos Hevia\">Lydia Castellanos Hevia<\/a><\/h3><div class=\"page-list-ext-item-content\">\r\n\r\nCategory:  PREDOCTORAL FELLOW\r\n\r\nArea:  SOCIOLOGY\r\n\r\nEmail:  castellanoslydia@uniovi.es || UO251223@uniovi.es\r\nLydia Castellanos Hevia has a degree in Social Work from the University of Oviedo (2021) and a Master's Degree in Occupational Risk Prevention...<\/div><\/div>\n<div class=\"page-list-ext-item\"><div class=\"page-list-ext-image\"><a href=\"https:\/\/www.unioviedo.es\/socialimen\/en\/team\/personal-en-formacion\/nerea-esmoris-varela\/\" title=\"Nerea Esmor\u00eds Varela\"><img decoding=\"async\" src=\"https:\/\/www.unioviedo.es\/socialimen\/wp-content\/uploads\/2021\/10\/nerea1-100x100.jpg\" width=\"100\" alt=\"Nerea Esmor\u00eds Varela\" \/><\/a><\/div> <h3 class=\"page-list-ext-title\"><a href=\"https:\/\/www.unioviedo.es\/socialimen\/en\/team\/personal-en-formacion\/nerea-esmoris-varela\/\" title=\"Nerea Esmor\u00eds Varela\">Nerea Esmor\u00eds Varela<\/a><\/h3><div class=\"page-list-ext-item-content\">Category:  PREDOCTORAL FELLOW\r\n\r\nArea:  SOCIOLOGY\r\nSuperior Technician in Social Integration (2014), Graduate in Sociology from the University of A Coru\u00f1a (2018) and Master in History and Sociocultural Analysis from the University of Oviedo (2019). She ...<\/div><\/div>\n<div class=\"page-list-ext-item\"><div class=\"page-list-ext-image\"><a href=\"https:\/\/www.unioviedo.es\/socialimen\/en\/team\/personal-en-formacion\/maria-gonzalez-alvarez\/\" title=\"Mar\u00eda Gonz\u00e1lez \u00c1lvarez\"><img decoding=\"async\" src=\"https:\/\/www.unioviedo.es\/socialimen\/wp-content\/uploads\/2016\/01\/Maria-Gonzalez-Alvarez-100x100.jpg\" width=\"100\" alt=\"Mar\u00eda Gonz\u00e1lez \u00c1lvarez\" \/><\/a><\/div> <h3 class=\"page-list-ext-title\"><a href=\"https:\/\/www.unioviedo.es\/socialimen\/en\/team\/personal-en-formacion\/maria-gonzalez-alvarez\/\" title=\"Mar\u00eda Gonz\u00e1lez \u00c1lvarez\">Mar\u00eda Gonz\u00e1lez \u00c1lvarez<\/a><\/h3><div class=\"page-list-ext-item-content\">\r\n\r\nPosition:  RESEARCHER\r\n\r\nDepartment:  SOCIOLOGY\r\n\r\nField: Sociology\r\n\r\nAddress:  Universidad de Oviedo.\u00a0Departamento de Sociolog\u00eda.\u00a0Facultad de Econom\u00eda y Empresa.\u00a0Edificio Departamental, 2\u00ba Planta.\u00a0Campus de El Cristo.\r\n33006 Oviedo. Asturias (Espa\u00f1...<\/div><\/div>\n<div class=\"page-list-ext-item\"><div class=\"page-list-ext-image\"><a href=\"https:\/\/www.unioviedo.es\/socialimen\/en\/team\/personal-en-formacion\/beatriz-rosete-alvarez\/\" title=\"Beatriz Rosete \u00c1lvarez\"><img decoding=\"async\" src=\"https:\/\/www.unioviedo.es\/socialimen\/wp-content\/uploads\/2020\/01\/beatriz-becaria-100x100.png\" width=\"100\" alt=\"Beatriz Rosete \u00c1lvarez\" \/><\/a><\/div> <h3 class=\"page-list-ext-title\"><a href=\"https:\/\/www.unioviedo.es\/socialimen\/en\/team\/personal-en-formacion\/beatriz-rosete-alvarez\/\" title=\"Beatriz Rosete \u00c1lvarez\">Beatriz Rosete \u00c1lvarez<\/a><\/h3><div class=\"page-list-ext-item-content\">Category:  RESEARCHER\r\n\r\nDepartment:  SOCIOLOGY\r\n\r\nStudent of Degree in Tourism at the Faculty of Tourism, Commerce and Social Sciences \"Jovellanos\". University of Oviedo. Gij\u00f3n. She has obtained the departmental grant for the work \"Ecological production ...<\/div><\/div>\n<div class=\"page-list-ext-item\"><div class=\"page-list-ext-image\"><a href=\"https:\/\/www.unioviedo.es\/socialimen\/en\/team\/personal-en-formacion\/sergio-sanchez-jimenez\/\" title=\"Sergio S\u00e1nchez Jim\u00e9nez\"><img decoding=\"async\" src=\"https:\/\/www.unioviedo.es\/socialimen\/wp-content\/uploads\/2023\/10\/Sergio-web-100x100.jpg\" width=\"100\" alt=\"Sergio S\u00e1nchez Jim\u00e9nez\" \/><\/a><\/div> <h3 class=\"page-list-ext-title\"><a href=\"https:\/\/www.unioviedo.es\/socialimen\/en\/team\/personal-en-formacion\/sergio-sanchez-jimenez\/\" title=\"Sergio S\u00e1nchez Jim\u00e9nez\">Sergio S\u00e1nchez Jim\u00e9nez<\/a><\/h3><div class=\"page-list-ext-item-content\">\r\n\r\nCategory:  PREDOCTORAL FELLOW\r\n\r\nArea:  SOCIOLOGY\r\nGraduate in Sociology (2020) and Master in Public Services and Social Policies (2021), both from the University of Salamanca. He has worked in rural Salamanca evaluating the LEADER programme. He is...<\/div><\/div>\n<div class=\"page-list-ext-item\"><h3 class=\"page-list-ext-title\"><a href=\"https:\/\/www.unioviedo.es\/socialimen\/en\/team\/investigadores-uniovi\/\" title=\"University of Oviedo (UNIOVI) Researchers\">University of Oviedo (UNIOVI) Researchers<\/a><\/h3><div class=\"page-list-ext-item-content\"><\/div><\/div>\n<div class=\"page-list-ext-item\"><div class=\"page-list-ext-image\"><a href=\"https:\/\/www.unioviedo.es\/socialimen\/en\/team\/investigadores-uniovi\/cecilia-diaz-mendez\/\" title=\"Cecilia D\u00edaz M\u00e9ndez (Director)\"><img decoding=\"async\" src=\"https:\/\/www.unioviedo.es\/socialimen\/wp-content\/uploads\/2021\/10\/cecilia-2020-100x100.jpg\" width=\"100\" alt=\"Cecilia D\u00edaz M\u00e9ndez (Director)\" \/><\/a><\/div> <h3 class=\"page-list-ext-title\"><a href=\"https:\/\/www.unioviedo.es\/socialimen\/en\/team\/investigadores-uniovi\/cecilia-diaz-mendez\/\" title=\"Cecilia D\u00edaz M\u00e9ndez (Director)\">Cecilia D\u00edaz M\u00e9ndez (Director)<\/a><\/h3><div class=\"page-list-ext-item-content\">\r\n\r\nPosition:  FULL PROFESSOR (PhD in Sociology).\r\n\r\nDepartment:  SOCIOLOGY.\r\n\r\nField:  Sociology\r\n\r\nAdress:  Universidad de Oviedo. Departamento de Sociolog\u00eda. Facultad de Econom\u00eda y Empresa. Edificio Departamental, 2\u00ba Planta. Campus de El Cristo. 33...<\/div><\/div>\n<div class=\"page-list-ext-item\"><div class=\"page-list-ext-image\"><a href=\"https:\/\/www.unioviedo.es\/socialimen\/en\/team\/investigadores-uniovi\/laura-cabiedes-miragaya-2\/\" title=\"Laura Cabiedes Miragaya\"><img decoding=\"async\" src=\"https:\/\/www.unioviedo.es\/socialimen\/wp-content\/uploads\/2016\/01\/Laura-Cabiedes-100x100.jpg\" width=\"100\" alt=\"Laura Cabiedes Miragaya\" \/><\/a><\/div> <h3 class=\"page-list-ext-title\"><a href=\"https:\/\/www.unioviedo.es\/socialimen\/en\/team\/investigadores-uniovi\/laura-cabiedes-miragaya-2\/\" title=\"Laura Cabiedes Miragaya\">Laura Cabiedes Miragaya<\/a><\/h3><div class=\"page-list-ext-item-content\">\r\n\r\nPosition:  ASSOCIATE PROFESSOR (PhD in Economy). \r\n Department:  APPLIED ECONOMICS\r\n Field:  Applied Economics.\r\nAddress:\u00a0 Universidad de Oviedo.\u00a0Departamento de Econom\u00eda Aplicada.\u00a0Facultad de Econom\u00eda y Empresa.\u00a0Edificio Departamental, 2\u00ba Planta...<\/div><\/div>\n<div class=\"page-list-ext-item\"><div class=\"page-list-ext-image\"><a href=\"https:\/\/www.unioviedo.es\/socialimen\/en\/team\/investigadores-uniovi\/maria-isabel-garcia-espejo\/\" title=\"Mar\u00eda Isabel Garc\u00eda Espejo\"><img decoding=\"async\" src=\"https:\/\/www.unioviedo.es\/socialimen\/wp-content\/uploads\/2016\/01\/Isabel-Garcia-Espejo-100x100.jpg\" width=\"100\" alt=\"Mar\u00eda Isabel Garc\u00eda Espejo\" \/><\/a><\/div> <h3 class=\"page-list-ext-title\"><a href=\"https:\/\/www.unioviedo.es\/socialimen\/en\/team\/investigadores-uniovi\/maria-isabel-garcia-espejo\/\" title=\"Mar\u00eda Isabel Garc\u00eda Espejo\">Mar\u00eda Isabel Garc\u00eda Espejo<\/a><\/h3><div class=\"page-list-ext-item-content\">\r\n\r\nPosition:  ASSOCIATE PROFESSOR (PhD in Sociology)\r\nDepartment:  SOCIOLOGY\r\nField:  Sociology of Food Research Group.\r\nAddress:  Universidad de Oviedo. Departamento de Sociolog\u00eda. Facultad de Econom\u00eda y Empresa. Edificio Departamental, 2\u00ba Planta. Ca...<\/div><\/div>\n<div class=\"page-list-ext-item\"><div class=\"page-list-ext-image\"><a href=\"https:\/\/www.unioviedo.es\/socialimen\/en\/team\/investigadores-uniovi\/nuria-hernandez-nanclares\/\" title=\"N\u00faria Hern\u00e1ndez Nanclares\"><img decoding=\"async\" src=\"https:\/\/www.unioviedo.es\/socialimen\/wp-content\/uploads\/2016\/02\/N\u00faria-Hernandez-Nanclares-100x100.jpg\" width=\"100\" alt=\"N\u00faria Hern\u00e1ndez Nanclares\" \/><\/a><\/div> <h3 class=\"page-list-ext-title\"><a href=\"https:\/\/www.unioviedo.es\/socialimen\/en\/team\/investigadores-uniovi\/nuria-hernandez-nanclares\/\" title=\"N\u00faria Hern\u00e1ndez Nanclares\">N\u00faria Hern\u00e1ndez Nanclares<\/a><\/h3><div class=\"page-list-ext-item-content\">Position:  ASSOCIATE PROFESSOR (PhD in Economics)\r\n Department:  ECONOMICS\r\n Field:  Economics\r\nAddress:\u00a0 Universidad de Oviedo.\u00a0Departamento de Econom\u00eda Aplicada.\u00a0Facultad de Econom\u00eda y Empresa.\u00a0Edificio Departamental, 2\u00ba Planta.\u00a0Campus de El Cristo....<\/div><\/div>\n<div class=\"page-list-ext-item\"><div class=\"page-list-ext-image\"><a href=\"https:\/\/www.unioviedo.es\/socialimen\/en\/team\/investigadores-uniovi\/maria-amparo-novo-vazquez-2\/\" title=\"Mar\u00eda Amparo Novo V\u00e1zquez\"><img decoding=\"async\" src=\"https:\/\/www.unioviedo.es\/socialimen\/wp-content\/uploads\/2021\/10\/amparo-novo-100x100.jpg\" width=\"100\" alt=\"Mar\u00eda Amparo Novo V\u00e1zquez\" \/><\/a><\/div> <h3 class=\"page-list-ext-title\"><a href=\"https:\/\/www.unioviedo.es\/socialimen\/en\/team\/investigadores-uniovi\/maria-amparo-novo-vazquez-2\/\" title=\"Mar\u00eda Amparo Novo V\u00e1zquez\">Mar\u00eda Amparo Novo V\u00e1zquez<\/a><\/h3><div class=\"page-list-ext-item-content\"> Position:  ASSOCIATE PROFESSOR (PhD in Political Science).\r\n Department:  SOCIOLOGY\r\n Field:  Sociology of Food Research Group.\r\nAddress:  Universidad de Oviedo.\u00a0Departamento de Sociolog\u00eda.\u00a0Facultad de Econom\u00eda y Empresa.\u00a0Edificio Departamental, 2\u00ba P...<\/div><\/div>\n<div class=\"page-list-ext-item\"><div class=\"page-list-ext-image\"><a href=\"https:\/\/www.unioviedo.es\/socialimen\/en\/team\/investigadores-uniovi\/sonia-otero-estevez\/\" title=\"Sonia Otero Est\u00e9vez\"><img decoding=\"async\" src=\"https:\/\/www.unioviedo.es\/socialimen\/wp-content\/uploads\/2021\/10\/Foto-Sonia-para-GI-100x100.jpg\" width=\"100\" alt=\"Sonia Otero Est\u00e9vez\" \/><\/a><\/div> <h3 class=\"page-list-ext-title\"><a href=\"https:\/\/www.unioviedo.es\/socialimen\/en\/team\/investigadores-uniovi\/sonia-otero-estevez\/\" title=\"Sonia Otero Est\u00e9vez\">Sonia Otero Est\u00e9vez<\/a><\/h3><div class=\"page-list-ext-item-content\">\r\n\r\nPosition:  RESEARCHER.\r\n \r\n\r\nDepartment:  SOCIOLOGY.\r\n\r\nField:\u00a0 Sociology.\r\n\r\nAdress:\u00a0 Universidad de Oviedo.\u00a0Departamento de Sociolog\u00eda.\u00a0Facultad de Econom\u00eda y Empresa.\u00a0Edificio Departamental, 2\u00ba Planta.\u00a0Campus de El Cristo.\r\n33006 Oviedo. Asturias...<\/div><\/div>\n<div class=\"page-list-ext-item\"><div class=\"page-list-ext-image\"><a href=\"https:\/\/www.unioviedo.es\/socialimen\/en\/team\/investigadores-uniovi\/maria-amparo-novo-vazquez\/\" title=\"Jos\u00e9 Manuel Parrilla Fern\u00e1ndez\"><img decoding=\"async\" src=\"https:\/\/www.unioviedo.es\/socialimen\/wp-content\/uploads\/2016\/01\/Jose-manuel-parrilla-1-100x100.jpg\" width=\"100\" alt=\"Jos\u00e9 Manuel Parrilla Fern\u00e1ndez\" \/><\/a><\/div> <h3 class=\"page-list-ext-title\"><a href=\"https:\/\/www.unioviedo.es\/socialimen\/en\/team\/investigadores-uniovi\/maria-amparo-novo-vazquez\/\" title=\"Jos\u00e9 Manuel Parrilla Fern\u00e1ndez\">Jos\u00e9 Manuel Parrilla Fern\u00e1ndez<\/a><\/h3><div class=\"page-list-ext-item-content\"> Position:  ASSOCIATE PROFESSOR (PhD in Sociology).\r\n\r\nDepartment:  SOCIOLOGY\r\n\r\nField: Sociology\r\n\r\nAddress:  Universidad de Oviedo.\u00a0Departamento de Sociolog\u00eda.\u00a0Facultad de Econom\u00eda y Empresa.\u00a0Edificio Departamental, 2\u00ba Planta.\u00a0Campus de El Cristo.\r\n33006 Oviedo...<\/div><\/div>\n<div class=\"page-list-ext-item\"><div class=\"page-list-ext-image\"><a href=\"https:\/\/www.unioviedo.es\/socialimen\/en\/team\/investigadores-uniovi\/socialimequipoinvestigadores-uniovimaria-trinidad-pascual-fernandez\/\" title=\"Mar\u00eda Trinidad Pascual Fern\u00e1ndez\"><img decoding=\"async\" src=\"https:\/\/www.unioviedo.es\/socialimen\/wp-content\/uploads\/2021\/10\/trini-100x100.png\" width=\"100\" alt=\"Mar\u00eda Trinidad Pascual Fern\u00e1ndez\" \/><\/a><\/div> <h3 class=\"page-list-ext-title\"><a href=\"https:\/\/www.unioviedo.es\/socialimen\/en\/team\/investigadores-uniovi\/socialimequipoinvestigadores-uniovimaria-trinidad-pascual-fernandez\/\" title=\"Mar\u00eda Trinidad Pascual Fern\u00e1ndez\">Mar\u00eda Trinidad Pascual Fern\u00e1ndez<\/a><\/h3><div class=\"page-list-ext-item-content\">&nbsp;\r\n\r\nPosition:  LECTURER (PhD in Sociology).\r\n\r\nDepartment:  SOCIOLOGY\r\n\r\nField:  Social Work.\r\n\r\nAddress:  Universidad de Oviedo. Departamento de Sociolog\u00eda. Facultad de Comercio, Turismo y Ciencias Sociales \"Jovellanos\", 3\u00aa Planta. Calle de Luis M...<\/div><\/div>\n<div class=\"page-list-ext-item\"><div class=\"page-list-ext-image\"><a href=\"https:\/\/www.unioviedo.es\/socialimen\/en\/team\/investigadores-uniovi\/rocio-perez-ganan\/\" title=\"Roc\u00edo P\u00e9rez Ga\u00f1\u00e1n\"><img decoding=\"async\" src=\"https:\/\/www.unioviedo.es\/socialimen\/wp-content\/uploads\/2022\/10\/Rofoto_opt-100x100.jpg\" width=\"100\" alt=\"Roc\u00edo P\u00e9rez Ga\u00f1\u00e1n\" \/><\/a><\/div> <h3 class=\"page-list-ext-title\"><a href=\"https:\/\/www.unioviedo.es\/socialimen\/en\/team\/investigadores-uniovi\/rocio-perez-ganan\/\" title=\"Roc\u00edo P\u00e9rez Ga\u00f1\u00e1n\">Roc\u00edo P\u00e9rez Ga\u00f1\u00e1n<\/a><\/h3><div class=\"page-list-ext-item-content\">Position: Assistant Professor (PhD in Anthropology)\r\nDepartment:  SOCIOLOGY\r\nField:  Sociology\r\nAdress:  Universidad de Oviedo. Departamento de Sociolog\u00eda. Facultad de Comercio, Turismo y Ciencias Sociales \"Jovellanos\", Gij\u00f3n. Asturias (Espa\u00f1a). Despacho: 31...<\/div><\/div>\n<div class=\"page-list-ext-item\"><div class=\"page-list-ext-image\"><a href=\"https:\/\/www.unioviedo.es\/socialimen\/en\/team\/investigadores-uniovi\/sandra-sanchez-sanchez\/\" title=\"Sandra S\u00e1nchez S\u00e1nchez\"><img decoding=\"async\" src=\"https:\/\/www.unioviedo.es\/socialimen\/wp-content\/uploads\/2021\/10\/sandra-web-grupo-100x100.jpg\" width=\"100\" alt=\"Sandra S\u00e1nchez S\u00e1nchez\" \/><\/a><\/div> <h3 class=\"page-list-ext-title\"><a href=\"https:\/\/www.unioviedo.es\/socialimen\/en\/team\/investigadores-uniovi\/sandra-sanchez-sanchez\/\" title=\"Sandra S\u00e1nchez S\u00e1nchez\">Sandra S\u00e1nchez S\u00e1nchez<\/a><\/h3><div class=\"page-list-ext-item-content\">\r\n\r\nPosition:  PhD RESEARCH\r\n Department:  SOCIOLOGY\r\n Field:  Sociology\r\nAddress:  Universidad de Oviedo.\u00a0Departamento de Sociolog\u00eda.\u00a0Facultad de Econom\u00eda y Empresa.\u00a0Edificio Departamental, 2\u00ba Planta.\u00a0Campus de El Cristo.\r\n33006 Oviedo. Asturias (Espa\u00f1...<\/div><\/div>\n<div class=\"page-list-ext-item\"><div class=\"page-list-ext-image\"><a href=\"https:\/\/www.unioviedo.es\/socialimen\/en\/team\/investigadores-uniovi\/hans-peter-van-den-broek\/\" title=\"Hans Peter van den Broek\"><img decoding=\"async\" src=\"https:\/\/www.unioviedo.es\/socialimen\/wp-content\/uploads\/2016\/01\/Hans-van-den-Broek-100x100.jpg\" width=\"100\" alt=\"Hans Peter van den Broek\" \/><\/a><\/div> <h3 class=\"page-list-ext-title\"><a href=\"https:\/\/www.unioviedo.es\/socialimen\/en\/team\/investigadores-uniovi\/hans-peter-van-den-broek\/\" title=\"Hans Peter van den Broek\">Hans Peter van den Broek<\/a><\/h3><div class=\"page-list-ext-item-content\">\r\n\r\nPosition:  ASSISTANT (PhD in Sociology).\r\n Department:  SOCIOLOGY\r\n Field:  Sociology of Food Research Group.\r\nAddress:  Universidad de Oviedo.\u00a0Departamento de Sociolog\u00eda.\u00a0Facultad de Econom\u00eda y Empresa.\u00a0Edificio Departamental, 2\u00ba Planta.\u00a0Campus de El ...<\/div><\/div>\n<div class=\"page-list-ext-item\"><h3 class=\"page-list-ext-title\"><a href=\"https:\/\/www.unioviedo.es\/socialimen\/en\/team\/visitantes\/\" title=\"Visiting Fellows\">Visiting Fellows<\/a><\/h3><div class=\"page-list-ext-item-content\"><\/div><\/div>\n<div class=\"page-list-ext-item\"><div class=\"page-list-ext-image\"><a href=\"https:\/\/www.unioviedo.es\/socialimen\/en\/team\/visitantes\/janaina-balk-brandao\/\" title=\"Jana\u00edna Balk Brand\u00e3o\"><img decoding=\"async\" src=\"https:\/\/www.unioviedo.es\/socialimen\/wp-content\/uploads\/2022\/01\/Jana-100x100.jpg\" width=\"100\" alt=\"Jana\u00edna Balk Brand\u00e3o\" \/><\/a><\/div> <h3 class=\"page-list-ext-title\"><a href=\"https:\/\/www.unioviedo.es\/socialimen\/en\/team\/visitantes\/janaina-balk-brandao\/\" title=\"Jana\u00edna Balk Brand\u00e3o\">Jana\u00edna Balk Brand\u00e3o<\/a><\/h3><div class=\"page-list-ext-item-content\">\r\n\r\nCategory : Teacher-Researcher\r\n\r\nField : Postgraduate Programme in Rural Extension, Interdisciplinary Group for Georeferenced Agri-food Research (GIPAG)\r\n\r\nAdress : University of Santa Maria, Rio Grande do Sul. Brazil\r\n\r\nMail : janaina-balk-brandao@ufsm.br\r\n\r\nPhone...<\/div><\/div>\n<div class=\"page-list-ext-item\"><div class=\"page-list-ext-image\"><a href=\"https:\/\/www.unioviedo.es\/socialimen\/en\/team\/visitantes\/cristiane-cavalcante-lima\/\" title=\"Cristiane Cavalcante Lima\"><img decoding=\"async\" src=\"https:\/\/www.unioviedo.es\/socialimen\/wp-content\/uploads\/2023\/02\/3-Foto-100x100.jpeg\" width=\"100\" alt=\"Cristiane Cavalcante Lima\" \/><\/a><\/div> <h3 class=\"page-list-ext-title\"><a href=\"https:\/\/www.unioviedo.es\/socialimen\/en\/team\/visitantes\/cristiane-cavalcante-lima\/\" title=\"Cristiane Cavalcante Lima\">Cristiane Cavalcante Lima<\/a><\/h3><div class=\"page-list-ext-item-content\">Category:  PhD\u00a0 student \r\nDepartment:  SOCIOLOGY\r\nAcademic link:  Univ ersidad  Federal  del  Rio Grande do Sul \/  Programa de  Posgrado  en  Desarrollo  Rural .  \u00a0 \r\nProfesional link:  Teacher in\u00a0Instituto Federal de  Amazonas (Brasil) \r\nEmail:  cristiane.lima@ifam.edu.br  \r...<\/div><\/div>\n<div class=\"page-list-ext-item\"><div class=\"page-list-ext-image\"><a href=\"https:\/\/www.unioviedo.es\/socialimen\/en\/team\/visitantes\/luana-fernandes-melo\/\" title=\"Luana Fernandes Melo\"><img decoding=\"async\" src=\"https:\/\/www.unioviedo.es\/socialimen\/wp-content\/uploads\/2024\/02\/foto-cortada-100x100.jpg\" width=\"100\" alt=\"Luana Fernandes Melo\" \/><\/a><\/div> <h3 class=\"page-list-ext-title\"><a href=\"https:\/\/www.unioviedo.es\/socialimen\/en\/team\/visitantes\/luana-fernandes-melo\/\" title=\"Luana Fernandes Melo\">Luana Fernandes Melo<\/a><\/h3><div class=\"page-list-ext-item-content\">\r\n\r\nCategory:  Associate Professor - Researcher\r\n\r\nAcademic link:  Faculdade de Ci\u00eancias e Engenharia (FCE) - Universidade Estadual Paulista \"J\u00falio de Mesquita Filho\" (UNESP), Grupo de Estudos em Agricultura Familiar e Sustentabilidade (GEAFS)\r\n\r\nAdress:  ...<\/div><\/div>\n<div class=\"page-list-ext-item\"><div class=\"page-list-ext-image\"><a href=\"https:\/\/www.unioviedo.es\/socialimen\/en\/team\/visitantes\/catia-grisa\/\" title=\"Catia Grisa\"><img decoding=\"async\" src=\"https:\/\/www.unioviedo.es\/socialimen\/wp-content\/uploads\/2023\/04\/catia-1-1-100x100.jpg\" width=\"100\" alt=\"Catia Grisa\" \/><\/a><\/div> <h3 class=\"page-list-ext-title\"><a href=\"https:\/\/www.unioviedo.es\/socialimen\/en\/team\/visitantes\/catia-grisa\/\" title=\"Catia Grisa\">Catia Grisa<\/a><\/h3><div class=\"page-list-ext-item-content\"> \r\n\r\n&nbsp;\r\n\r\nCategory:  Profesora-Investigadora\r\n\r\nUniversity:  Rio Grande do Sul (UFRGS)\r\n\r\nField:  Desarrollo Rural y Din\u00e1mica y Desarrollo Regional\r\nPhD in Social Sciences. Master's Degree in Rural Development. Professor in the Postgraduate Programmes ...<\/div><\/div>\n<div class=\"page-list-ext-item\"><div class=\"page-list-ext-image\"><a href=\"https:\/\/www.unioviedo.es\/socialimen\/en\/team\/visitantes\/jessica-paddock\/\" title=\"Jessica Paddock\"><img decoding=\"async\" src=\"https:\/\/www.unioviedo.es\/socialimen\/wp-content\/uploads\/2016\/05\/Jess20Paddock2-100x100.jpg\" width=\"100\" alt=\"Jessica Paddock\" \/><\/a><\/div> <h3 class=\"page-list-ext-title\"><a href=\"https:\/\/www.unioviedo.es\/socialimen\/en\/team\/visitantes\/jessica-paddock\/\" title=\"Jessica Paddock\">Jessica Paddock<\/a><\/h3><div class=\"page-list-ext-item-content\">\r\n\r\nPosition:  Research Associate\r\n\r\nFaculty:  Sustainable Consumption Institute (SCI)\r\n\r\nField:  Sustainable Consumption Institute (SCI)\r\n\r\nAddress:  SCI, The University of Manchester, 188 Waterloo Place, Oxford Road, Manchester M13 9PL, UK\r\n\r\nEmail:...<\/div><\/div>\n<div class=\"page-list-ext-item\"><div class=\"page-list-ext-image\"><a href=\"https:\/\/www.unioviedo.es\/socialimen\/en\/team\/visitantes\/claudia-m-prado-meza\/\" title=\"Claudia M. Prado-Meza\"><img decoding=\"async\" src=\"https:\/\/www.unioviedo.es\/socialimen\/wp-content\/uploads\/2016\/04\/Prado-Meza-100x100.jpg\" width=\"100\" alt=\"Claudia M. Prado-Meza\" \/><\/a><\/div> <h3 class=\"page-list-ext-title\"><a href=\"https:\/\/www.unioviedo.es\/socialimen\/en\/team\/visitantes\/claudia-m-prado-meza\/\" title=\"Claudia M. Prado-Meza\">Claudia M. Prado-Meza<\/a><\/h3><div class=\"page-list-ext-item-content\">Position:  Full-time Professor-Researcher (Category A).\r\n\r\nFaculty:  Economics.\r\n\r\nField:  Gender, Agribusiness, and Food Systems.\r\n\r\nAddress:  Universidad de Colima, Facultad de Econom\u00eda. Josefa Ortiz de Dom\u00ednguez 64, La Haciendita, 28970 Villa de \u00c1...<\/div><\/div>\n<div class=\"page-list-ext-item\"><div class=\"page-list-ext-image\"><a href=\"https:\/\/www.unioviedo.es\/socialimen\/en\/team\/visitantes\/sergio-schneider\/\" title=\"Sergio Schneider\"><img decoding=\"async\" src=\"https:\/\/www.unioviedo.es\/socialimen\/wp-content\/uploads\/2023\/02\/sergio-web-100x100.png\" width=\"100\" alt=\"Sergio Schneider\" \/><\/a><\/div> <h3 class=\"page-list-ext-title\"><a href=\"https:\/\/www.unioviedo.es\/socialimen\/en\/team\/visitantes\/sergio-schneider\/\" title=\"Sergio Schneider\">Sergio Schneider<\/a><\/h3><div class=\"page-list-ext-item-content\"> \r\n\r\nCategory:  Professor of Sociology\r\n\r\nUniversity:  Universidad Rio Grande Du Brasil\r\n\r\nField: Sociology of Rural Development and Food Studies\r\n\r\nEmail:  schneide@ufrgs.br\r\n\r\nProfessor of Sociology of Rural Development and Food Studies at the Federal...<\/div><\/div>\n<div class=\"page-list-ext-item\"><h3 class=\"page-list-ext-title\"><a href=\"https:\/\/www.unioviedo.es\/socialimen\/en\/team\/who-we-are\/\" title=\"Who We Are\">Who We Are<\/a><\/h3><div class=\"page-list-ext-item-content\">\r\n\r\nThe accredited Research Group created in 2000 and brought together in 2009 at the Campus of International Excellence, within the Cluster of Biomedicine and Health. \r\n\r\nFood and eating have become a matter of public debate in developed societies. Despite...<\/div><\/div>\n\n<\/div>\n","protected":false},"excerpt":{"rendered":"","protected":false},"author":2,"featured_media":0,"parent":2952,"menu_order":0,"comment_status":"closed","ping_status":"closed","template":"","meta":{"_genesis_hide_title":false,"_genesis_hide_breadcrumbs":false,"_genesis_hide_singular_image":false,"_genesis_hide_footer_widgets":false,"_genesis_custom_body_class":"","_genesis_custom_post_class":"","_genesis_layout":"","footnotes":""},"class_list":{"0":"post-2951","1":"page","2":"type-page","3":"status-publish","5":"entry","6":"has-post-thumbnail","7":"gs-1","8":"gs-odd","9":"gs-even","10":"gs-featured-content-entry"},"_links":{"self":[{"href":"https:\/\/www.unioviedo.es\/socialimen\/en\/wp-json\/wp\/v2\/pages\/2951","targetHints":{"allow":["GET"]}}],"collection":[{"href":"https:\/\/www.unioviedo.es\/socialimen\/en\/wp-json\/wp\/v2\/pages"}],"about":[{"href":"https:\/\/www.unioviedo.es\/socialimen\/en\/wp-json\/wp\/v2\/types\/page"}],"author":[{"embeddable":true,"href":"https:\/\/www.unioviedo.es\/socialimen\/en\/wp-json\/wp\/v2\/users\/2"}],"replies":[{"embeddable":true,"href":"https:\/\/www.unioviedo.es\/socialimen\/en\/wp-json\/wp\/v2\/comments?post=2951"}],"version-history":[{"count":1,"href":"https:\/\/www.unioviedo.es\/socialimen\/en\/wp-json\/wp\/v2\/pages\/2951\/revisions"}],"predecessor-version":[{"id":3208,"href":"https:\/\/www.unioviedo.es\/socialimen\/en\/wp-json\/wp\/v2\/pages\/2951\/revisions\/3208"}],"up":[{"embeddable":true,"href":"https:\/\/www.unioviedo.es\/socialimen\/en\/wp-json\/wp\/v2\/pages\/2952"}],"wp:attachment":[{"href":"https:\/\/www.unioviedo.es\/socialimen\/en\/wp-json\/wp\/v2\/media?parent=2951"}],"curies":[{"name":"wp","href":"https:\/\/api.w.org\/{rel}","templated":true}]}}