{"id":2952,"date":"2015-12-17T20:20:26","date_gmt":"2015-12-17T19:20:26","guid":{"rendered":"http:\/\/www.unioviedo.es\/socialimen\/equipo\/"},"modified":"2020-12-22T13:21:48","modified_gmt":"2020-12-22T12:21:48","slug":"team","status":"publish","type":"page","link":"https:\/\/www.unioviedo.es\/socialimen\/en\/team\/","title":{"rendered":"Team"},"content":{"rendered":"<figure id=\"attachment_2531\" aria-describedby=\"caption-attachment-2531\" style=\"width: 1000px\" class=\"wp-caption aligncenter\"><a href=\"https:\/\/www.unioviedo.es\/socialimen\/wp-content\/uploads\/2016\/01\/grupo-socialimen-1.jpg\" rel=\"attachment wp-att-1417\"><img loading=\"lazy\" decoding=\"async\" class=\"wp-image-1417 size-full\" title=\"The Sociology of Food Research Group members\" src=\"https:\/\/www.unioviedo.es\/socialimen\/wp-content\/uploads\/2016\/01\/grupo-socialimen-1.jpg\" alt=\"The Sociology of Food Research Group members\" width=\"1000\" height=\"766\" srcset=\"https:\/\/www.unioviedo.es\/socialimen\/wp-content\/uploads\/2016\/01\/grupo-socialimen-1.jpg 1000w, https:\/\/www.unioviedo.es\/socialimen\/wp-content\/uploads\/2016\/01\/grupo-socialimen-1-300x230.jpg 300w, https:\/\/www.unioviedo.es\/socialimen\/wp-content\/uploads\/2016\/01\/grupo-socialimen-1-768x588.jpg 768w\" sizes=\"auto, (max-width: 1000px) 100vw, 1000px\" \/><\/a><figcaption id=\"caption-attachment-2531\" class=\"wp-caption-text\">Members of the Research Group in Sociology of Food<\/figcaption><\/figure>\n<h2 style=\"font-size: 18px; background-color: #b4b9be; padding: 5px; color: #ffffff;\">Researchers at UNIOVI<\/h2>\n\n<!-- Page-list plugin v.5.2 wordpress.org\/plugins\/page-list\/ -->\n<div class=\"page-list page-list-ext \">\n<div class=\"page-list-ext-item\"><div class=\"page-list-ext-image\"><a href=\"https:\/\/www.unioviedo.es\/socialimen\/en\/team\/investigadores-uniovi\/cecilia-diaz-mendez\/\" title=\"Cecilia D\u00edaz M\u00e9ndez (Director)\"><img decoding=\"async\" src=\"https:\/\/www.unioviedo.es\/socialimen\/wp-content\/uploads\/2021\/10\/cecilia-2020-100x100.jpg\" width=\"100\" alt=\"Cecilia D\u00edaz M\u00e9ndez (Director)\" \/><\/a><\/div> <h3 class=\"page-list-ext-title\"><a href=\"https:\/\/www.unioviedo.es\/socialimen\/en\/team\/investigadores-uniovi\/cecilia-diaz-mendez\/\" title=\"Cecilia D\u00edaz M\u00e9ndez (Director)\">Cecilia D\u00edaz M\u00e9ndez (Director)<\/a><\/h3><div class=\"page-list-ext-item-content\">\r\n\r\nPosition:  FULL PROFESSOR (PhD in Sociology).\r\n\r\nDepartment:  SOCIOLOGY.\r\n\r\nField:  Sociology\r\n\r\nAdress:  Universidad de Oviedo. Departamento de Sociolog\u00eda. Facultad de Econom\u00eda y Empresa. Edificio Departamental, 2\u00ba Planta. Campus de El Cristo. 33...<\/div><\/div>\n<div class=\"page-list-ext-item\"><div class=\"page-list-ext-image\"><a href=\"https:\/\/www.unioviedo.es\/socialimen\/en\/team\/investigadores-uniovi\/laura-cabiedes-miragaya-2\/\" title=\"Laura Cabiedes Miragaya\"><img decoding=\"async\" src=\"https:\/\/www.unioviedo.es\/socialimen\/wp-content\/uploads\/2016\/01\/Laura-Cabiedes-100x100.jpg\" width=\"100\" alt=\"Laura Cabiedes Miragaya\" \/><\/a><\/div> <h3 class=\"page-list-ext-title\"><a href=\"https:\/\/www.unioviedo.es\/socialimen\/en\/team\/investigadores-uniovi\/laura-cabiedes-miragaya-2\/\" title=\"Laura Cabiedes Miragaya\">Laura Cabiedes Miragaya<\/a><\/h3><div class=\"page-list-ext-item-content\">\r\n\r\nPosition:  ASSOCIATE PROFESSOR (PhD in Economy). \r\n Department:  APPLIED ECONOMICS\r\n Field:  Applied Economics.\r\nAddress:\u00a0 Universidad de Oviedo.\u00a0Departamento de Econom\u00eda Aplicada.\u00a0Facultad de Econom\u00eda y Empresa.\u00a0Edificio Departamental, 2\u00ba Planta...<\/div><\/div>\n<div class=\"page-list-ext-item\"><div class=\"page-list-ext-image\"><a href=\"https:\/\/www.unioviedo.es\/socialimen\/en\/team\/investigadores-uniovi\/maria-isabel-garcia-espejo\/\" title=\"Mar\u00eda Isabel Garc\u00eda Espejo\"><img decoding=\"async\" src=\"https:\/\/www.unioviedo.es\/socialimen\/wp-content\/uploads\/2016\/01\/Isabel-Garcia-Espejo-100x100.jpg\" width=\"100\" alt=\"Mar\u00eda Isabel Garc\u00eda Espejo\" \/><\/a><\/div> <h3 class=\"page-list-ext-title\"><a href=\"https:\/\/www.unioviedo.es\/socialimen\/en\/team\/investigadores-uniovi\/maria-isabel-garcia-espejo\/\" title=\"Mar\u00eda Isabel Garc\u00eda Espejo\">Mar\u00eda Isabel Garc\u00eda Espejo<\/a><\/h3><div class=\"page-list-ext-item-content\">\r\n\r\nPosition:  ASSOCIATE PROFESSOR (PhD in Sociology)\r\nDepartment:  SOCIOLOGY\r\nField:  Sociology of Food Research Group.\r\nAddress:  Universidad de Oviedo. Departamento de Sociolog\u00eda. Facultad de Econom\u00eda y Empresa. Edificio Departamental, 2\u00ba Planta. Ca...<\/div><\/div>\n<div class=\"page-list-ext-item\"><div class=\"page-list-ext-image\"><a href=\"https:\/\/www.unioviedo.es\/socialimen\/en\/team\/investigadores-uniovi\/nuria-hernandez-nanclares\/\" title=\"N\u00faria Hern\u00e1ndez Nanclares\"><img decoding=\"async\" src=\"https:\/\/www.unioviedo.es\/socialimen\/wp-content\/uploads\/2016\/02\/N\u00faria-Hernandez-Nanclares-100x100.jpg\" width=\"100\" alt=\"N\u00faria Hern\u00e1ndez Nanclares\" \/><\/a><\/div> <h3 class=\"page-list-ext-title\"><a href=\"https:\/\/www.unioviedo.es\/socialimen\/en\/team\/investigadores-uniovi\/nuria-hernandez-nanclares\/\" title=\"N\u00faria Hern\u00e1ndez Nanclares\">N\u00faria Hern\u00e1ndez Nanclares<\/a><\/h3><div class=\"page-list-ext-item-content\">Position:  ASSOCIATE PROFESSOR (PhD in Economics)\r\n Department:  ECONOMICS\r\n Field:  Economics\r\nAddress:\u00a0 Universidad de Oviedo.\u00a0Departamento de Econom\u00eda Aplicada.\u00a0Facultad de Econom\u00eda y Empresa.\u00a0Edificio Departamental, 2\u00ba Planta.\u00a0Campus de El Cristo....<\/div><\/div>\n<div class=\"page-list-ext-item\"><div class=\"page-list-ext-image\"><a href=\"https:\/\/www.unioviedo.es\/socialimen\/en\/team\/investigadores-uniovi\/maria-amparo-novo-vazquez-2\/\" title=\"Mar\u00eda Amparo Novo V\u00e1zquez\"><img decoding=\"async\" src=\"https:\/\/www.unioviedo.es\/socialimen\/wp-content\/uploads\/2021\/10\/amparo-novo-100x100.jpg\" width=\"100\" alt=\"Mar\u00eda Amparo Novo V\u00e1zquez\" \/><\/a><\/div> <h3 class=\"page-list-ext-title\"><a href=\"https:\/\/www.unioviedo.es\/socialimen\/en\/team\/investigadores-uniovi\/maria-amparo-novo-vazquez-2\/\" title=\"Mar\u00eda Amparo Novo V\u00e1zquez\">Mar\u00eda Amparo Novo V\u00e1zquez<\/a><\/h3><div class=\"page-list-ext-item-content\"> Position:  ASSOCIATE PROFESSOR (PhD in Political Science).\r\n Department:  SOCIOLOGY\r\n Field:  Sociology of Food Research Group.\r\nAddress:  Universidad de Oviedo.\u00a0Departamento de Sociolog\u00eda.\u00a0Facultad de Econom\u00eda y Empresa.\u00a0Edificio Departamental, 2\u00ba P...<\/div><\/div>\n<div class=\"page-list-ext-item\"><div class=\"page-list-ext-image\"><a href=\"https:\/\/www.unioviedo.es\/socialimen\/en\/team\/investigadores-uniovi\/sonia-otero-estevez\/\" title=\"Sonia Otero Est\u00e9vez\"><img decoding=\"async\" src=\"https:\/\/www.unioviedo.es\/socialimen\/wp-content\/uploads\/2021\/10\/Foto-Sonia-para-GI-100x100.jpg\" width=\"100\" alt=\"Sonia Otero Est\u00e9vez\" \/><\/a><\/div> <h3 class=\"page-list-ext-title\"><a href=\"https:\/\/www.unioviedo.es\/socialimen\/en\/team\/investigadores-uniovi\/sonia-otero-estevez\/\" title=\"Sonia Otero Est\u00e9vez\">Sonia Otero Est\u00e9vez<\/a><\/h3><div class=\"page-list-ext-item-content\">\r\n\r\nPosition:  RESEARCHER.\r\n \r\n\r\nDepartment:  SOCIOLOGY.\r\n\r\nField:\u00a0 Sociology.\r\n\r\nAdress:\u00a0 Universidad de Oviedo.\u00a0Departamento de Sociolog\u00eda.\u00a0Facultad de Econom\u00eda y Empresa.\u00a0Edificio Departamental, 2\u00ba Planta.\u00a0Campus de El Cristo.\r\n33006 Oviedo. Asturias...<\/div><\/div>\n<div class=\"page-list-ext-item\"><div class=\"page-list-ext-image\"><a href=\"https:\/\/www.unioviedo.es\/socialimen\/en\/team\/investigadores-uniovi\/maria-amparo-novo-vazquez\/\" title=\"Jos\u00e9 Manuel Parrilla Fern\u00e1ndez\"><img decoding=\"async\" src=\"https:\/\/www.unioviedo.es\/socialimen\/wp-content\/uploads\/2016\/01\/Jose-manuel-parrilla-1-100x100.jpg\" width=\"100\" alt=\"Jos\u00e9 Manuel Parrilla Fern\u00e1ndez\" \/><\/a><\/div> <h3 class=\"page-list-ext-title\"><a href=\"https:\/\/www.unioviedo.es\/socialimen\/en\/team\/investigadores-uniovi\/maria-amparo-novo-vazquez\/\" title=\"Jos\u00e9 Manuel Parrilla Fern\u00e1ndez\">Jos\u00e9 Manuel Parrilla Fern\u00e1ndez<\/a><\/h3><div class=\"page-list-ext-item-content\"> Position:  ASSOCIATE PROFESSOR (PhD in Sociology).\r\n\r\nDepartment:  SOCIOLOGY\r\n\r\nField: Sociology\r\n\r\nAddress:  Universidad de Oviedo.\u00a0Departamento de Sociolog\u00eda.\u00a0Facultad de Econom\u00eda y Empresa.\u00a0Edificio Departamental, 2\u00ba Planta.\u00a0Campus de El Cristo.\r\n33006 Oviedo...<\/div><\/div>\n<div class=\"page-list-ext-item\"><div class=\"page-list-ext-image\"><a href=\"https:\/\/www.unioviedo.es\/socialimen\/en\/team\/investigadores-uniovi\/socialimequipoinvestigadores-uniovimaria-trinidad-pascual-fernandez\/\" title=\"Mar\u00eda Trinidad Pascual Fern\u00e1ndez\"><img decoding=\"async\" src=\"https:\/\/www.unioviedo.es\/socialimen\/wp-content\/uploads\/2021\/10\/trini-100x100.png\" width=\"100\" alt=\"Mar\u00eda Trinidad Pascual Fern\u00e1ndez\" \/><\/a><\/div> <h3 class=\"page-list-ext-title\"><a href=\"https:\/\/www.unioviedo.es\/socialimen\/en\/team\/investigadores-uniovi\/socialimequipoinvestigadores-uniovimaria-trinidad-pascual-fernandez\/\" title=\"Mar\u00eda Trinidad Pascual Fern\u00e1ndez\">Mar\u00eda Trinidad Pascual Fern\u00e1ndez<\/a><\/h3><div class=\"page-list-ext-item-content\">&nbsp;\r\n\r\nPosition:  LECTURER (PhD in Sociology).\r\n\r\nDepartment:  SOCIOLOGY\r\n\r\nField:  Social Work.\r\n\r\nAddress:  Universidad de Oviedo. Departamento de Sociolog\u00eda. Facultad de Comercio, Turismo y Ciencias Sociales \"Jovellanos\", 3\u00aa Planta. Calle de Luis M...<\/div><\/div>\n<div class=\"page-list-ext-item\"><div class=\"page-list-ext-image\"><a href=\"https:\/\/www.unioviedo.es\/socialimen\/en\/team\/investigadores-uniovi\/rocio-perez-ganan\/\" title=\"Roc\u00edo P\u00e9rez Ga\u00f1\u00e1n\"><img decoding=\"async\" src=\"https:\/\/www.unioviedo.es\/socialimen\/wp-content\/uploads\/2022\/10\/Rofoto_opt-100x100.jpg\" width=\"100\" alt=\"Roc\u00edo P\u00e9rez Ga\u00f1\u00e1n\" \/><\/a><\/div> <h3 class=\"page-list-ext-title\"><a href=\"https:\/\/www.unioviedo.es\/socialimen\/en\/team\/investigadores-uniovi\/rocio-perez-ganan\/\" title=\"Roc\u00edo P\u00e9rez Ga\u00f1\u00e1n\">Roc\u00edo P\u00e9rez Ga\u00f1\u00e1n<\/a><\/h3><div class=\"page-list-ext-item-content\">Position: Assistant Professor (PhD in Anthropology)\r\nDepartment:  SOCIOLOGY\r\nField:  Sociology\r\nAdress:  Universidad de Oviedo. Departamento de Sociolog\u00eda. Facultad de Comercio, Turismo y Ciencias Sociales \"Jovellanos\", Gij\u00f3n. Asturias (Espa\u00f1a). Despacho: 31...<\/div><\/div>\n<div class=\"page-list-ext-item\"><div class=\"page-list-ext-image\"><a href=\"https:\/\/www.unioviedo.es\/socialimen\/en\/team\/investigadores-uniovi\/sandra-sanchez-sanchez\/\" title=\"Sandra S\u00e1nchez S\u00e1nchez\"><img decoding=\"async\" src=\"https:\/\/www.unioviedo.es\/socialimen\/wp-content\/uploads\/2021\/10\/sandra-web-grupo-100x100.jpg\" width=\"100\" alt=\"Sandra S\u00e1nchez S\u00e1nchez\" \/><\/a><\/div> <h3 class=\"page-list-ext-title\"><a href=\"https:\/\/www.unioviedo.es\/socialimen\/en\/team\/investigadores-uniovi\/sandra-sanchez-sanchez\/\" title=\"Sandra S\u00e1nchez S\u00e1nchez\">Sandra S\u00e1nchez S\u00e1nchez<\/a><\/h3><div class=\"page-list-ext-item-content\">\r\n\r\nPosition:  PhD RESEARCH\r\n Department:  SOCIOLOGY\r\n Field:  Sociology\r\nAddress:  Universidad de Oviedo.\u00a0Departamento de Sociolog\u00eda.\u00a0Facultad de Econom\u00eda y Empresa.\u00a0Edificio Departamental, 2\u00ba Planta.\u00a0Campus de El Cristo.\r\n33006 Oviedo. Asturias (Espa\u00f1...<\/div><\/div>\n<div class=\"page-list-ext-item\"><div class=\"page-list-ext-image\"><a href=\"https:\/\/www.unioviedo.es\/socialimen\/en\/team\/investigadores-uniovi\/hans-peter-van-den-broek\/\" title=\"Hans Peter van den Broek\"><img decoding=\"async\" src=\"https:\/\/www.unioviedo.es\/socialimen\/wp-content\/uploads\/2016\/01\/Hans-van-den-Broek-100x100.jpg\" width=\"100\" alt=\"Hans Peter van den Broek\" \/><\/a><\/div> <h3 class=\"page-list-ext-title\"><a href=\"https:\/\/www.unioviedo.es\/socialimen\/en\/team\/investigadores-uniovi\/hans-peter-van-den-broek\/\" title=\"Hans Peter van den Broek\">Hans Peter van den Broek<\/a><\/h3><div class=\"page-list-ext-item-content\">\r\n\r\nPosition:  ASSISTANT (PhD in Sociology).\r\n Department:  SOCIOLOGY\r\n Field:  Sociology of Food Research Group.\r\nAddress:  Universidad de Oviedo.\u00a0Departamento de Sociolog\u00eda.\u00a0Facultad de Econom\u00eda y Empresa.\u00a0Edificio Departamental, 2\u00ba Planta.\u00a0Campus de El ...<\/div><\/div>\n\n<\/div>\n<h2 style=\"font-size: 18px; background-color: #b4b9be; padding: 5px; color: #ffffff;\">Researchers at Other Universities<\/h2>\n\n<!-- Page-list plugin v.5.2 wordpress.org\/plugins\/page-list\/ -->\n<div class=\"page-list page-list-ext \">\n<div class=\"page-list-ext-item\"><div class=\"page-list-ext-image\"><a href=\"https:\/\/www.unioviedo.es\/socialimen\/en\/team\/investigadores-de-otras-universidades\/manuel-javier-callejo-gallego\/\" title=\"Manuel Javier Callejo Gallego\"><img decoding=\"async\" src=\"https:\/\/www.unioviedo.es\/socialimen\/wp-content\/uploads\/2021\/10\/javier-callejo-100x100.png\" width=\"100\" alt=\"Manuel Javier Callejo Gallego\" \/><\/a><\/div> <h3 class=\"page-list-ext-title\"><a href=\"https:\/\/www.unioviedo.es\/socialimen\/en\/team\/investigadores-de-otras-universidades\/manuel-javier-callejo-gallego\/\" title=\"Manuel Javier Callejo Gallego\">Manuel Javier Callejo Gallego<\/a><\/h3><div class=\"page-list-ext-item-content\">Position:  RESEARCHER FROM ANOTHER CENTRE R+D. (Universidad Nacional de Educaci\u00f3n a Distancia; National University of Distance Learning).\r\n Department:  SOCIOLOGY\r\n Field:  Sociology of Food Research Group.\r\nAddress:  Universidad de Oviedo.\u00a0Departamento d...<\/div><\/div>\n<div class=\"page-list-ext-item\"><div class=\"page-list-ext-image\"><a href=\"https:\/\/www.unioviedo.es\/socialimen\/en\/team\/investigadores-de-otras-universidades\/cristobal-gomez-benito\/\" title=\"Crist\u00f3bal G\u00f3mez Benito\"><img decoding=\"async\" src=\"https:\/\/www.unioviedo.es\/socialimen\/wp-content\/uploads\/2021\/10\/cristobal-100x100.jpg\" width=\"100\" alt=\"Crist\u00f3bal G\u00f3mez Benito\" \/><\/a><\/div> <h3 class=\"page-list-ext-title\"><a href=\"https:\/\/www.unioviedo.es\/socialimen\/en\/team\/investigadores-de-otras-universidades\/cristobal-gomez-benito\/\" title=\"Crist\u00f3bal G\u00f3mez Benito\">Crist\u00f3bal G\u00f3mez Benito<\/a><\/h3><div class=\"page-list-ext-item-content\">Position:  RESEARCHER FROM ANOTHER CENTRE R+D. (Universidad Nacional de Educaci\u00f3n a Distancia; National University of Distance Learning).\r\n Department:  Social Structure.\r\n Field:  Sociology.\r\nAddress:  Universidad Nacional de Educaci\u00f3n a Distancia ....<\/div><\/div>\n<div class=\"page-list-ext-item\"><div class=\"page-list-ext-image\"><a href=\"https:\/\/www.unioviedo.es\/socialimen\/en\/team\/investigadores-de-otras-universidades\/paloma-herrero-racionero\/\" title=\"Paloma Herrero Racionero\"><img decoding=\"async\" src=\"https:\/\/www.unioviedo.es\/socialimen\/wp-content\/uploads\/2021\/10\/paloma-herrera-100x100.jpg\" width=\"100\" alt=\"Paloma Herrero Racionero\" \/><\/a><\/div> <h3 class=\"page-list-ext-title\"><a href=\"https:\/\/www.unioviedo.es\/socialimen\/en\/team\/investigadores-de-otras-universidades\/paloma-herrero-racionero\/\" title=\"Paloma Herrero Racionero\">Paloma Herrero Racionero<\/a><\/h3><div class=\"page-list-ext-item-content\">Position:  RESEARCHER FROM ANOTHER CENTRE R+D. FULL UNIVERSITY PROFESSOR (Universidad Polit\u00e9cnica de Valencia) .\r\nDepartment:  Department of Economics and Social Sciences.\r\nField:  Sociology.\r\nAddress:  Escola Polit\u00e8cnica Superior de Gandia Universitat P...<\/div><\/div>\n<div class=\"page-list-ext-item\"><div class=\"page-list-ext-image\"><a href=\"https:\/\/www.unioviedo.es\/socialimen\/en\/team\/investigadores-de-otras-universidades\/carmen-maria-lozano-cabedo\/\" title=\"Carmen Mar\u00eda Lozano Cabedo\"><img decoding=\"async\" src=\"https:\/\/www.unioviedo.es\/socialimen\/wp-content\/uploads\/2021\/10\/carmen-lozano-100x100.png\" width=\"100\" alt=\"Carmen Mar\u00eda Lozano Cabedo\" \/><\/a><\/div> <h3 class=\"page-list-ext-title\"><a href=\"https:\/\/www.unioviedo.es\/socialimen\/en\/team\/investigadores-de-otras-universidades\/carmen-maria-lozano-cabedo\/\" title=\"Carmen Mar\u00eda Lozano Cabedo\">Carmen Mar\u00eda Lozano Cabedo<\/a><\/h3><div class=\"page-list-ext-item-content\">\r\n\r\n&nbsp;\r\n\r\nPosition:  RESEARCHER FROM ANOTHER CENTRE R+D. (Universidad Nacional de Educaci\u00f3n a Distancia; National University of Distance Learning). PhD in Social Anthropology.\r\n\r\nDepartment:  Department of Sociology II (Social Structure).\r\nField: ...<\/div><\/div>\n<div class=\"page-list-ext-item\"><div class=\"page-list-ext-image\"><a href=\"https:\/\/www.unioviedo.es\/socialimen\/en\/team\/investigadores-de-otras-universidades\/maycon-noremberg-schubert\/\" title=\"Maycon Noremberg Schubert\"><img decoding=\"async\" src=\"https:\/\/www.unioviedo.es\/socialimen\/wp-content\/uploads\/2021\/10\/Maycon-100x100.png\" width=\"100\" alt=\"Maycon Noremberg Schubert\" \/><\/a><\/div> <h3 class=\"page-list-ext-title\"><a href=\"https:\/\/www.unioviedo.es\/socialimen\/en\/team\/investigadores-de-otras-universidades\/maycon-noremberg-schubert\/\" title=\"Maycon Noremberg Schubert\">Maycon Noremberg Schubert<\/a><\/h3><div class=\"page-list-ext-item-content\">\r\n\r\nPosition:  RESEARCHER.\r\n Department:  Sociology.\r\n Address:  Universidade Federal do Rio Grande do Sul. Av. Bento Gon\u00e7alves, 9.500. Departamento de Sociolog\u00eda. Campus do Vale. Porto Alegre, Rio Grande do Sul, Brasil. CEP: 91501-970.\r\nEmail:  maycon.schubert@gmail.com \r...<\/div><\/div>\n<div class=\"page-list-ext-item\"><div class=\"page-list-ext-image\"><a href=\"https:\/\/www.unioviedo.es\/socialimen\/en\/team\/investigadores-de-otras-universidades\/guadalupe-ramos-truchero\/\" title=\"Guadalupe Ramos Truchero\"><img decoding=\"async\" src=\"https:\/\/www.unioviedo.es\/socialimen\/wp-content\/uploads\/2021\/10\/guadalupe-100x100.png\" width=\"100\" alt=\"Guadalupe Ramos Truchero\" \/><\/a><\/div> <h3 class=\"page-list-ext-title\"><a href=\"https:\/\/www.unioviedo.es\/socialimen\/en\/team\/investigadores-de-otras-universidades\/guadalupe-ramos-truchero\/\" title=\"Guadalupe Ramos Truchero\">Guadalupe Ramos Truchero<\/a><\/h3><div class=\"page-list-ext-item-content\">Position:  RESEARCHER FROM ANOTHER CENTRE R+D. Associate Professor (Universidad de Valladolid).\r\n\r\nDepartment:  Sociology\r\n\r\nField:  Sociology\r\n\r\nAddress:  Universidad de Valladolid. Calle Universidad, s\/n. 42004 Soria (Espa\u00f1a).\r\n\r\nEmail:  guadalupe.ramos@uva.es ...<\/div><\/div>\n\n<\/div>\n<h2 style=\"font-size: 18px; background-color: #b4b9be; padding: 5px; color: #ffffff;\">Trainee Researchers<\/h2>\n\n<!-- Page-list plugin v.5.2 wordpress.org\/plugins\/page-list\/ -->\n<div class=\"page-list page-list-ext \">\n<div class=\"page-list-ext-item\"><div class=\"page-list-ext-image\"><a href=\"https:\/\/www.unioviedo.es\/socialimen\/en\/team\/personal-en-formacion\/lydia-castellanos-hevia\/\" title=\"Lydia Castellanos Hevia\"><img decoding=\"async\" src=\"https:\/\/www.unioviedo.es\/socialimen\/wp-content\/uploads\/2023\/10\/foto-CV-100x100.jpg\" width=\"100\" alt=\"Lydia Castellanos Hevia\" \/><\/a><\/div> <h3 class=\"page-list-ext-title\"><a href=\"https:\/\/www.unioviedo.es\/socialimen\/en\/team\/personal-en-formacion\/lydia-castellanos-hevia\/\" title=\"Lydia Castellanos Hevia\">Lydia Castellanos Hevia<\/a><\/h3><div class=\"page-list-ext-item-content\">\r\n\r\nCategory:  PREDOCTORAL FELLOW\r\n\r\nArea:  SOCIOLOGY\r\n\r\nEmail:  castellanoslydia@uniovi.es || UO251223@uniovi.es\r\nLydia Castellanos Hevia has a degree in Social Work from the University of Oviedo (2021) and a Master's Degree in Occupational Risk Prevention...<\/div><\/div>\n<div class=\"page-list-ext-item\"><div class=\"page-list-ext-image\"><a href=\"https:\/\/www.unioviedo.es\/socialimen\/en\/team\/personal-en-formacion\/nerea-esmoris-varela\/\" title=\"Nerea Esmor\u00eds Varela\"><img decoding=\"async\" src=\"https:\/\/www.unioviedo.es\/socialimen\/wp-content\/uploads\/2021\/10\/nerea1-100x100.jpg\" width=\"100\" alt=\"Nerea Esmor\u00eds Varela\" \/><\/a><\/div> <h3 class=\"page-list-ext-title\"><a href=\"https:\/\/www.unioviedo.es\/socialimen\/en\/team\/personal-en-formacion\/nerea-esmoris-varela\/\" title=\"Nerea Esmor\u00eds Varela\">Nerea Esmor\u00eds Varela<\/a><\/h3><div class=\"page-list-ext-item-content\">Category:  PREDOCTORAL FELLOW\r\n\r\nArea:  SOCIOLOGY\r\nSuperior Technician in Social Integration (2014), Graduate in Sociology from the University of A Coru\u00f1a (2018) and Master in History and Sociocultural Analysis from the University of Oviedo (2019). She ...<\/div><\/div>\n<div class=\"page-list-ext-item\"><div class=\"page-list-ext-image\"><a href=\"https:\/\/www.unioviedo.es\/socialimen\/en\/team\/personal-en-formacion\/maria-gonzalez-alvarez\/\" title=\"Mar\u00eda Gonz\u00e1lez \u00c1lvarez\"><img decoding=\"async\" src=\"https:\/\/www.unioviedo.es\/socialimen\/wp-content\/uploads\/2016\/01\/Maria-Gonzalez-Alvarez-100x100.jpg\" width=\"100\" alt=\"Mar\u00eda Gonz\u00e1lez \u00c1lvarez\" \/><\/a><\/div> <h3 class=\"page-list-ext-title\"><a href=\"https:\/\/www.unioviedo.es\/socialimen\/en\/team\/personal-en-formacion\/maria-gonzalez-alvarez\/\" title=\"Mar\u00eda Gonz\u00e1lez \u00c1lvarez\">Mar\u00eda Gonz\u00e1lez \u00c1lvarez<\/a><\/h3><div class=\"page-list-ext-item-content\">\r\n\r\nPosition:  RESEARCHER\r\n\r\nDepartment:  SOCIOLOGY\r\n\r\nField: Sociology\r\n\r\nAddress:  Universidad de Oviedo.\u00a0Departamento de Sociolog\u00eda.\u00a0Facultad de Econom\u00eda y Empresa.\u00a0Edificio Departamental, 2\u00ba Planta.\u00a0Campus de El Cristo.\r\n33006 Oviedo. Asturias (Espa\u00f1...<\/div><\/div>\n<div class=\"page-list-ext-item\"><div class=\"page-list-ext-image\"><a href=\"https:\/\/www.unioviedo.es\/socialimen\/en\/team\/personal-en-formacion\/beatriz-rosete-alvarez\/\" title=\"Beatriz Rosete \u00c1lvarez\"><img decoding=\"async\" src=\"https:\/\/www.unioviedo.es\/socialimen\/wp-content\/uploads\/2020\/01\/beatriz-becaria-100x100.png\" width=\"100\" alt=\"Beatriz Rosete \u00c1lvarez\" \/><\/a><\/div> <h3 class=\"page-list-ext-title\"><a href=\"https:\/\/www.unioviedo.es\/socialimen\/en\/team\/personal-en-formacion\/beatriz-rosete-alvarez\/\" title=\"Beatriz Rosete \u00c1lvarez\">Beatriz Rosete \u00c1lvarez<\/a><\/h3><div class=\"page-list-ext-item-content\">Category:  RESEARCHER\r\n\r\nDepartment:  SOCIOLOGY\r\n\r\nStudent of Degree in Tourism at the Faculty of Tourism, Commerce and Social Sciences \"Jovellanos\". University of Oviedo. Gij\u00f3n. She has obtained the departmental grant for the work \"Ecological production ...<\/div><\/div>\n<div class=\"page-list-ext-item\"><div class=\"page-list-ext-image\"><a href=\"https:\/\/www.unioviedo.es\/socialimen\/en\/team\/personal-en-formacion\/sergio-sanchez-jimenez\/\" title=\"Sergio S\u00e1nchez Jim\u00e9nez\"><img decoding=\"async\" src=\"https:\/\/www.unioviedo.es\/socialimen\/wp-content\/uploads\/2023\/10\/Sergio-web-100x100.jpg\" width=\"100\" alt=\"Sergio S\u00e1nchez Jim\u00e9nez\" \/><\/a><\/div> <h3 class=\"page-list-ext-title\"><a href=\"https:\/\/www.unioviedo.es\/socialimen\/en\/team\/personal-en-formacion\/sergio-sanchez-jimenez\/\" title=\"Sergio S\u00e1nchez Jim\u00e9nez\">Sergio S\u00e1nchez Jim\u00e9nez<\/a><\/h3><div class=\"page-list-ext-item-content\">\r\n\r\nCategory:  PREDOCTORAL FELLOW\r\n\r\nArea:  SOCIOLOGY\r\nGraduate in Sociology (2020) and Master in Public Services and Social Policies (2021), both from the University of Salamanca. He has worked in rural Salamanca evaluating the LEADER programme. He is...<\/div><\/div>\n\n<\/div>\n<h2 style=\"font-size: 18px; background-color: #b4b9be; padding: 5px; color: #ffffff;\">Visitors<\/h2>\n<p>&nbsp;<\/p>\n","protected":false},"excerpt":{"rendered":"<p>Researchers at UNIOVI Researchers at Other Universities Trainee Researchers Visitors &nbsp;<\/p>\n","protected":false},"author":2,"featured_media":0,"parent":0,"menu_order":0,"comment_status":"closed","ping_status":"closed","template":"","meta":{"_genesis_hide_title":false,"_genesis_hide_breadcrumbs":false,"_genesis_hide_singular_image":false,"_genesis_hide_footer_widgets":false,"_genesis_custom_body_class":"","_genesis_custom_post_class":"","_genesis_layout":"","footnotes":""},"class_list":{"0":"post-2952","1":"page","2":"type-page","3":"status-publish","5":"entry","6":"has-post-thumbnail","7":"gs-1","8":"gs-odd","9":"gs-even","10":"gs-featured-content-entry"},"_links":{"self":[{"href":"https:\/\/www.unioviedo.es\/socialimen\/en\/wp-json\/wp\/v2\/pages\/2952","targetHints":{"allow":["GET"]}}],"collection":[{"href":"https:\/\/www.unioviedo.es\/socialimen\/en\/wp-json\/wp\/v2\/pages"}],"about":[{"href":"https:\/\/www.unioviedo.es\/socialimen\/en\/wp-json\/wp\/v2\/types\/page"}],"author":[{"embeddable":true,"href":"https:\/\/www.unioviedo.es\/socialimen\/en\/wp-json\/wp\/v2\/users\/2"}],"replies":[{"embeddable":true,"href":"https:\/\/www.unioviedo.es\/socialimen\/en\/wp-json\/wp\/v2\/comments?post=2952"}],"version-history":[{"count":6,"href":"https:\/\/www.unioviedo.es\/socialimen\/en\/wp-json\/wp\/v2\/pages\/2952\/revisions"}],"predecessor-version":[{"id":3213,"href":"https:\/\/www.unioviedo.es\/socialimen\/en\/wp-json\/wp\/v2\/pages\/2952\/revisions\/3213"}],"wp:attachment":[{"href":"https:\/\/www.unioviedo.es\/socialimen\/en\/wp-json\/wp\/v2\/media?parent=2952"}],"curies":[{"name":"wp","href":"https:\/\/api.w.org\/{rel}","templated":true}]}}