{"id":1438,"date":"2016-01-26T21:50:15","date_gmt":"2016-01-26T20:50:15","guid":{"rendered":"http:\/\/www.unioviedo.es\/socialimen\/?page_id=1438"},"modified":"2021-10-25T14:50:46","modified_gmt":"2021-10-25T12:50:46","slug":"maria-amparo-novo-vazquez-2","status":"publish","type":"page","link":"https:\/\/www.unioviedo.es\/socialimen\/equipo\/investigadores-uniovi\/maria-amparo-novo-vazquez-2\/","title":{"rendered":"Mar\u00eda Amparo Novo V\u00e1zquez"},"content":{"rendered":"<p><strong><img loading=\"lazy\" decoding=\"async\" class=\"size-medium wp-image-3413 alignleft\" src=\"https:\/\/www.unioviedo.es\/socialimen\/wp-content\/uploads\/2021\/10\/amparo-novo-210x300.jpg\" alt=\"\" width=\"210\" height=\"300\" srcset=\"https:\/\/www.unioviedo.es\/socialimen\/wp-content\/uploads\/2021\/10\/amparo-novo-210x300.jpg 210w, https:\/\/www.unioviedo.es\/socialimen\/wp-content\/uploads\/2021\/10\/amparo-novo.jpg 409w\" sizes=\"auto, (max-width: 210px) 100vw, 210px\" \/>Categor\u00eda: <\/strong>PROFESORA CONTRATADA DOCTORA<span class=\"org\">. (Doctora en Ciencia Pol\u00edtica).<br \/>\n<\/span><strong>Departamento:<\/strong>\u00a0<span class=\"org\">SOCIOLOG\u00cdA<br \/>\n<\/span><strong>\u00c1rea:\u00a0<\/strong>Grupo de Investigaci\u00f3n en Sociolog\u00eda de la Alimentaci\u00f3n.<br \/>\n<strong>Direcci\u00f3n:\u00a0<\/strong>Universidad de Oviedo.\u00a0Departamento de Sociolog\u00eda.\u00a0Facultad de Econom\u00eda y Empresa.\u00a0Edificio Departamental, 2\u00ba Planta.\u00a0Campus de El Cristo.<br \/>\n33006 Oviedo. Asturias (Espa\u00f1a).<br \/>\n<strong>Correo<\/strong>: <a class=\"email\" href=\"mailto:anovo@uniovi.es\">anovo@uniovi.es<\/a><a class=\"email\" href=\"mailto:hansvandenbroek@uniovi.es\"><br \/>\n<\/a><strong>Tel\u00e9fono:<\/strong> (+34) <a title=\"Llamada telef\u00f3nica\" href=\"tel:985105045\"><span class=\"tel\">985 105 045<\/span><\/a><\/p>\n<p><a href=\"https:\/\/www.researchgate.net\/profile\/Amparo_Novo\">Researchgate<\/a><\/p>\n<p>&nbsp;<\/p>\n<p>&nbsp;<\/p>\n<p>&nbsp;<\/p>\n<p style=\"text-align: justify;\">Doctora en Ciencia Pol\u00edtica y de la Administraci\u00f3n por la Universidad de Santiago de Compostela. Tengo un sexenio de investigaci\u00f3n y tres quinquenios de docencia. Cuento con una amplia experiencia en la ense\u00f1anza ya que he impartido docencia en varias universidades de Espa\u00f1a, Francia y M\u00e9xico. Actualmente soy Profesora Contratado Doctor en la Universidad de Oviedo. Con la reciente reforma universitaria imparto docencia de Ciencia Pol\u00edtica en los Grados de Ciencias Jur\u00eddico Sociales. Por mi especializaci\u00f3n investigadora he participado en cursos orientados a formar en Gobernanza (M\u00e1ster Universitario de Pol\u00edticas Sociales y Bienestar) y en G\u00e9nero y Derechos Humanos en la materia Sociedad, Familia y Educaci\u00f3n (M\u00e1ster Universitario en Formaci\u00f3n del Profesorado de Educaci\u00f3n Secundaria Obligatoria, Bachillerato y Formaci\u00f3n Profesional); y en Doctorados (Organizaci\u00f3n y gesti\u00f3n de campa\u00f1as electorales, Marketing pol\u00edtico y social y An\u00e1lisis y manejo de estados de opini\u00f3n). He sido integrante de la Red de Excelencia RECWOWE \u201cReconciling Work and Welfare in Europe\u201d de la European Comisi\u00f3n (6th Framework Programme for Research and Technological Development) formada por un equipo interdisciplinario de investigadores y expertos europeos. Pertenezco al grupo de investigaci\u00f3n Sociolog\u00eda de la Alimentaci\u00f3n (Campus de Excelencia Internacional) de la Universidad de Oviedo, en concreto soy la coordinadora del \u00c1rea de Poder, Pol\u00edtica y Movimientos Sociales. Tambi\u00e9n soy miembro de los grupos de investigaci\u00f3n Democracia y Autonom\u00edas (DASP) y G\u00e9nero y Pol\u00edtica liderados por las Universidades Pablo de Olavide y Santiago de Compostela, respectivamente. He realizado estancias de investigaci\u00f3n en distintas universidades y en la Organizaci\u00f3n Mundial de Naciones Unidas para la Agricultura y la Alimentaci\u00f3n (FAO). El estudio sobre gobernanza alimentaria realizado en FAO permiti\u00f3 que estableciera un intercambio de conocimientos y obtuviera los contactos necesarios para poner en marcha el proyecto de investigaci\u00f3n Consumo pol\u00edtico alimentario: Ciudadan\u00eda, activismo e instituciones. Soy Directora de la C\u00e1tedra de Gobernanza Global Alimentaria y he sido Coordinadora de la Alianza contra el Hambre y la Malnutrici\u00f3n de Espa\u00f1a (ACHM-E): promovida por la FAO, el FIDA, el PMA, y la Organizaci\u00f3n Bioversity International. Mis publicaciones son resultado de investigaciones previas, la mayor\u00eda de ellas sostenidas con fondos de investigaci\u00f3n obtenidos en concursos p\u00fablicos. He participado en una quincena de proyectos\/contratos siendo investigadora principal en dos de ellos. En los \u00faltimos a\u00f1os mis investigaciones se han orientado hacia el comportamiento c\u00edvico y pol\u00edtico de la ciudadan\u00eda, el an\u00e1lisis de los efectos socio-econ\u00f3micos de la informaci\u00f3n y la comunicaci\u00f3n (TIC), \u00e9lites pol\u00edticas, la comunicaci\u00f3n pol\u00edtica y la participaci\u00f3n pol\u00edtica de las mujeres. Soy autora y co-autora de varias publicaciones cient\u00edficas entre las que se puede destacar art\u00edculos que se sit\u00faan en el primer cuartil como Governement Information Quarterly. Tambi\u00e9n mi labor investigadora ha estado premiada a nivel nacional como coautora del libro Ciencia Pol\u00edtica con perspectiva de g\u00e9nero con el Premio Nacional Mar\u00eda \u00c1ngeles Dur\u00e1n de Investigaci\u00f3n Cient\u00edfica en 2014. He publicado tambi\u00e9n en revistas espa\u00f1olas como Pol\u00edtica y Sociedad, Comunicaci\u00f3n y Sociedad (SCI) o Empiria. Y, para finalizar, he formado parte del equipo directivo del Departamento de Sociolog\u00eda como Secretaria.<\/p>\n<h3 style=\"text-align: justify;\"><strong>L\u00edneas de Investigaci\u00f3n<\/strong><\/h3>\n<ul style=\"text-align: justify;\">\n<li><a href=\"http:\/\/www.unioviedo.es\/socialimen\/investigacion-2\/lineas-de-investigacion\/3-poder-politica-movimientos-sociales-alimentarios\/\">Poder, pol\u00edtica y movimientos sociales alimentarios<\/a><\/li>\n<\/ul>\n<h3 style=\"text-align: justify;\"><strong>Participaci\u00f3n en Proyectos<\/strong><\/h3>\n<ul>\n<li><strong>Consumo pol\u00edtico alimentario: Ciudadan\u00eda, Activistas e Instituciones<\/strong><\/li>\n<\/ul>\n<p style=\"padding-left: 60px;\">Plan Nacional I+D+I Ref. CSO2016-76293-R<\/p>\n<p style=\"padding-left: 60px;\">IP: Amparo Novo V\u00e1zquez<\/p>\n<ul>\n<li><strong>Parlamentarios y Sociedad (2013-2015)<br \/>\n<\/strong><\/li>\n<\/ul>\n<p style=\"padding-left: 60px; text-align: justify;\">Plan Nacional I+D+I Ref. CSO2012-32564<\/p>\n<p style=\"padding-left: 60px; text-align: justify;\">IP: Xavier Coller Porta<\/p>\n<ul style=\"text-align: justify;\">\n<li><strong>La elite pol\u00edtica auton\u00f3mica en la Espa\u00f1a democr\u00e1tica (1980-2005) (2009-2012)<\/strong><\/li>\n<\/ul>\n<p style=\"padding-left: 60px; text-align: justify;\">CIS y Centros de Estudios Andaluces Ref. BSO2003-02596<\/p>\n<h3 style=\"text-align: justify;\"><strong>Publicaciones<\/strong><\/h3>\n<ul>\n<li style=\"text-align: justify;\"><span dir=\"ltr\" role=\"presentation\">\u00c1lvarez Gonz\u00e1lez, Luis Ignacio; <\/span><span dir=\"ltr\" role=\"presentation\">Cachero Mart\u00ednez, Silvia; <\/span><span dir=\"ltr\" role=\"presentation\">Novo V\u00e1zquez, Amaparo; <\/span><span dir=\"ltr\" role=\"presentation\">Pascual Fern\u00e1ndez, Primitiva; <\/span><span dir=\"ltr\" role=\"presentation\">Sanzo P\u00e9rez, Mar\u00eda Jos\u00e9 y <\/span><span dir=\"ltr\" role=\"presentation\">Viejo Fern\u00e1ndez, Nuria (coords.) (2020). <\/span>Consumo socialmente responsable y gobernanza alimentaria. Casos pr\u00e1cticos docentes. Oviedo: Universidad de Oviedo\n<ul>\n<li>Cap\u00edtulo: La dimensi\u00f3n pol\u00edtica de la alimentaci\u00f3n. \u00bfConsumidores, activistas o ciudadanos?<\/li>\n<\/ul>\n<\/li>\n<li>Novo V\u00e1zquez, Amparo y Garc\u00eda-Espejo, Isabel (2021). \u201cBoycotting and buycotting food: New forms of political activism in Spain\u201d. <em>British Food Journal<\/em>, 123 (7): 2492-2505.<\/li>\n<\/ul>\n","protected":false},"excerpt":{"rendered":"<p>Categor\u00eda: PROFESORA CONTRATADA DOCTORA. (Doctora en Ciencia Pol\u00edtica). Departamento:\u00a0SOCIOLOG\u00cdA \u00c1rea:\u00a0Grupo de Investigaci\u00f3n en Sociolog\u00eda de la Alimentaci\u00f3n. Direcci\u00f3n:\u00a0Universidad de Oviedo.\u00a0Departamento de Sociolog\u00eda.\u00a0Facultad de Econom\u00eda y Empresa.\u00a0Edificio Departamental, 2\u00ba Planta.\u00a0Campus de El Cristo. 33006 Oviedo. Asturias (Espa\u00f1a). Correo: anovo@uniovi.es Tel\u00e9fono: (+34) 985 105 045 Researchgate &nbsp; &nbsp; &nbsp; Doctora en Ciencia Pol\u00edtica y de la Administraci\u00f3n [&hellip;]<\/p>\n","protected":false},"author":2,"featured_media":3413,"parent":88,"menu_order":5,"comment_status":"closed","ping_status":"closed","template":"","meta":{"_genesis_hide_title":false,"_genesis_hide_breadcrumbs":false,"_genesis_hide_singular_image":false,"_genesis_hide_footer_widgets":false,"_genesis_custom_body_class":"","_genesis_custom_post_class":"","_genesis_layout":"","footnotes":""},"class_list":{"0":"post-1438","1":"page","2":"type-page","3":"status-publish","4":"has-post-thumbnail","6":"entry","7":"gs-1","8":"gs-odd","9":"gs-even","10":"gs-featured-content-entry"},"_links":{"self":[{"href":"https:\/\/www.unioviedo.es\/socialimen\/wp-json\/wp\/v2\/pages\/1438","targetHints":{"allow":["GET"]}}],"collection":[{"href":"https:\/\/www.unioviedo.es\/socialimen\/wp-json\/wp\/v2\/pages"}],"about":[{"href":"https:\/\/www.unioviedo.es\/socialimen\/wp-json\/wp\/v2\/types\/page"}],"author":[{"embeddable":true,"href":"https:\/\/www.unioviedo.es\/socialimen\/wp-json\/wp\/v2\/users\/2"}],"replies":[{"embeddable":true,"href":"https:\/\/www.unioviedo.es\/socialimen\/wp-json\/wp\/v2\/comments?post=1438"}],"version-history":[{"count":14,"href":"https:\/\/www.unioviedo.es\/socialimen\/wp-json\/wp\/v2\/pages\/1438\/revisions"}],"predecessor-version":[{"id":1772,"href":"https:\/\/www.unioviedo.es\/socialimen\/wp-json\/wp\/v2\/pages\/1438\/revisions\/1772"}],"up":[{"embeddable":true,"href":"https:\/\/www.unioviedo.es\/socialimen\/wp-json\/wp\/v2\/pages\/88"}],"wp:featuredmedia":[{"embeddable":true,"href":"https:\/\/www.unioviedo.es\/socialimen\/wp-json\/wp\/v2\/media\/3413"}],"wp:attachment":[{"href":"https:\/\/www.unioviedo.es\/socialimen\/wp-json\/wp\/v2\/media?parent=1438"}],"curies":[{"name":"wp","href":"https:\/\/api.w.org\/{rel}","templated":true}]}}