{"id":1464,"date":"2016-01-26T22:23:39","date_gmt":"2016-01-26T21:23:39","guid":{"rendered":"http:\/\/www.unioviedo.es\/socialimen\/?page_id=1464"},"modified":"2021-10-22T13:58:07","modified_gmt":"2021-10-22T11:58:07","slug":"sonia-otero-estevez","status":"publish","type":"page","link":"https:\/\/www.unioviedo.es\/socialimen\/equipo\/investigadores-uniovi\/sonia-otero-estevez\/","title":{"rendered":"Sonia Otero Est\u00e9vez"},"content":{"rendered":"<p><strong><img loading=\"lazy\" decoding=\"async\" class=\"size-medium wp-image-3376 alignleft\" src=\"https:\/\/www.unioviedo.es\/socialimen\/wp-content\/uploads\/2021\/10\/Foto-Sonia-para-GI-218x300.jpg\" alt=\"\" width=\"218\" height=\"300\" srcset=\"https:\/\/www.unioviedo.es\/socialimen\/wp-content\/uploads\/2021\/10\/Foto-Sonia-para-GI-218x300.jpg 218w, https:\/\/www.unioviedo.es\/socialimen\/wp-content\/uploads\/2021\/10\/Foto-Sonia-para-GI.jpg 697w\" sizes=\"auto, (max-width: 218px) 100vw, 218px\" \/>Categor\u00eda:<\/strong> INVESTIGADORA POSTDOCTORAL<span class=\"org\">.<\/span><\/p>\n<p><strong>Departamento:<\/strong> SOCIOLOG\u00cdA<\/p>\n<p><strong>\u00c1rea: <\/strong>Sociolog\u00eda<\/p>\n<p><strong>Direcci\u00f3n:\u00a0<\/strong>Universidad de Oviedo.\u00a0Departamento de Sociolog\u00eda.\u00a0Facultad de Econom\u00eda y Empresa.\u00a0Edificio Departamental, 2\u00ba Planta.\u00a0Campus de El Cristo.<br \/>\n33006 Oviedo. Asturias (Espa\u00f1a).<\/p>\n<p><strong>Correo<\/strong>: <a href=\"mailto:uo221461@uniovi.es\">uo221461@uniovi.es<\/a><\/p>\n<hr \/>\n<p style=\"text-align: justify;\"><strong>Sonia Otero Est\u00e9vez<\/strong> es graduada en Trabajo Social (2014), master en Pol\u00edticas Sociales y Bienestar (2015), y doctora por la Universidad de Oviedo (2021) con la tesis doctoral titulada \u201cLa obesidad como problema social: un an\u00e1lisis de las pr\u00e1cticas alimentarias y de actividad f\u00edsica en hogares con y sin obesidad infantil\u201d. Su campo de especializaci\u00f3n se centra en el an\u00e1lisis de las desigualdades sociales, las pol\u00edticas sociales, la alimentaci\u00f3n y la salud. Ha participado en distintos informes y art\u00edculos en los que se aborda la situaci\u00f3n socioecon\u00f3mica y alimentaria de la poblaci\u00f3n m\u00e1s vulnerable como \u201cNew and old forms of poverty in Spain: exploring food consumption during the crisis\u201d publicado en la Revista British Food Journal, o \u201cEvaluaci\u00f3n socioecon\u00f3mica del Salario Social B\u00e1sico en Asturias\u201d editado por la Consejer\u00eda de Bienestar y Servicios Sociales del Principado de Asturias. Ha participado tambi\u00e9n en distintos en proyectos de investigaci\u00f3n entre los que destaca \u201cAlimentaci\u00f3n y estructura social. An\u00e1lisis de las desigualdades alimentarias en Espa\u00f1a\u201d del Programa estatal de I+D+I Retos de la Sociedad financiado por el Ministerio de Econom\u00eda y Competitividad y el Proyecto \u201cFragilidad social y fisiol\u00f3gica de personas mayores de 65 a\u00f1os en el Principado de Asturias\u201d perteneciente al Consorcio ELDER \u201cEl reto de Envejecer\u201d de las Misiones Cient\u00edficas del Principado de Asturias. En la actualidad es miembro del Grupo de Investigaci\u00f3n en Sociolog\u00eda de la Alimentaci\u00f3n (UNIOVI), de la Red NISAL \u201cNiveles de vida, salud, nutrici\u00f3n y desigualdad\u201d y vicepresidenta-tesorera de la Asociaci\u00f3n Asturiana de Sociolog\u00eda.<\/p>\n<p>&nbsp;<\/p>\n<h3 style=\"text-align: justify;\"><strong>L\u00edneas de Investigaci\u00f3n<\/strong><\/h3>\n<ul style=\"text-align: justify;\">\n<li><a href=\"http:\/\/www.unioviedo.es\/socialimen\/investigacion-2\/lineas-de-investigacion\/2-alimentacion-estructura-social\/\">Alimentaci\u00f3n y estructura social<\/a>\n<ul>\n<li>Pol\u00edticas sociales e inclusi\u00f3n social<span style=\"color: #222222; font-family: Roboto,sans-serif;\"><br \/>\n<\/span><\/li>\n<li>Alimentaci\u00f3n y salud<\/li>\n<\/ul>\n<\/li>\n<\/ul>\n<h3><strong>Participaci\u00f3n en Proyectos<\/strong><\/h3>\n<ul>\n<li><strong>Consorcio ELDER. El reto de envejecer<br \/>\n<\/strong>Clave\/Ref del proyecto: AYUD\/2021\/9867<br \/>\nSubvenci\u00f3n a los consorcios de las Misiones Cient\u00edficas del Principado de Asturias.<br \/>\nEmpresa\/Administraci\u00f3n financiadora: Consejer\u00eda de Ciencia, Innovaci\u00f3n y Universidad<br \/>\nInvestigador responsable: Enrique Caso Onzain MY OMICS SL<\/li>\n<\/ul>\n<ul>\n<li><strong>Alimentaci\u00f3n y estructura social. An\u00e1lisis de las desigualdades sociales en Espa\u00f1a (2015-2019)<\/strong><br \/>\nClave del Proyecto: CSO2015-68434-R<br \/>\nEmpresa\/Administraci\u00f3n financiadora: Ministerio de Econom\u00eda y Competitividad<\/li>\n<\/ul>\n<ul>\n<li><strong>Evaluaci\u00f3n Socioecon\u00f3mica del Salario Social B\u00e1sico en Asturias<\/strong><br \/>\nClave del Proyecto: FUO-369-16<br \/>\nEmpresa\/Administraci\u00f3n financiadora: Consejer\u00eda de Derechos Sociales y Bienestar del Principado de Asturias<\/li>\n<\/ul>\n<ul>\n<li><strong>H\u00e1bitos alimentarios de los espa\u00f1oles. cambios en las maneras de vivir, comprar y comer<\/strong><br \/>\nEmpresa\/Administraci\u00f3n financiadora: ASEDAS. Asociaci\u00f3n Espa\u00f1ola de Distribuidores de Autoservicio y Supermercados<\/li>\n<\/ul>\n<ul>\n<li><strong>H\u00e1bitos alimentarios de las personas beneficiarias del Plan de Alimentos de Cruz Roja Asturias<\/strong><br \/>\nEmpresa\/Administraci\u00f3n financiadora: Cruz Roja Asturias<\/li>\n<\/ul>\n<h3><strong>Publicaciones<\/strong><\/h3>\n<ul style=\"text-align: justify;\">\n<li>D\u00edaz-M\u00e9ndez, Cecilia. Garc\u00eda-Espejo, Isabel. y <strong>Otero-Est\u00e9vez, Sonia<\/strong> (2020).\u00a0 New and old forms of poverty in Spain: exploring food consumption during the crisis. <em>British Food Journal.<\/em> DOI: 10.1108\/BFJ-07-2019-0527. JCR, Q2.<\/li>\n<li>Cecilia D\u00edaz, Isabel Garc\u00eda y <strong>Sonia Otero <\/strong>(2019). Cap\u00edtulo I. Contextos de privaci\u00f3n alimentaria y crisis en Espa\u00f1a. En (Re)pensando los retos alimentarios desde las ciencias sociales. Contextos de precarizaci\u00f3n, respuestas y actuaciones. Marta Llobet, Paula Dur\u00e1n, Claudia R. Maga\u00f1a y Araceli Mu\u00f1oz (coords.). UOC. pp- 41-54. Disponible: <a href=\"http:\/\/www.editorialuoc.cat\/repensando-los-retos-alimentarios-desde-las-ciencias-sociales\">http:\/\/www.editorialuoc.cat\/repensando-los-retos-alimentarios-desde-las-ciencias-sociales<\/a><\/li>\n<li>D\u00edaz M\u00e9ndez, Cecilia, Garc\u00eda Espejo, Isabel y <strong>Otero Est\u00e9vez, Sonia<\/strong> (2018): \u201cDiscursos sobre la escasez: estrategias de gesti\u00f3n de la privaci\u00f3n alimentaria en tiempos de crisis\u201d. Empiria. Revista de metodolog\u00eda de ciencias sociales, (40), 85-105. Scopus, Q3. Disponible: <a href=\"http:\/\/revistas.uned.es\/index.php\/empiria\/article\/view\/22012\/18031\">http:\/\/revistas.uned.es\/index.php\/empiria\/article\/view\/22012\/18031<\/a><\/li>\n<li><strong>Otero-Est\u00e9vez, S<\/strong>. y Paddock, J. (2018). The practice of eating. Alan Warde. Cambrigde: Polity Press, 2016. Rese\u00f1a de libro, RES n\u00ba 27 (2) (2018) pp. 343-347. ISSN: 1578-2824. DOI: 10.22325\/fes\/res.2018.44. Scopus, Q3. Disponible: <a href=\"https:\/\/recyt.fecyt.es\/index.php\/res\/article\/view\/65645\">https:\/\/recyt.fecyt.es\/index.php\/res\/article\/view\/65645<\/a><\/li>\n<li>Mato D\u00edaz, J; <strong>Otero-Est\u00e9vez, S<\/strong>; S\u00e1nchez S\u00e1nchez, S y Valdavida Casta\u00f1o, E. (2017). Evaluaci\u00f3n Socioecon\u00f3mica del Salario B\u00e1sico en Asturias. Evoluci\u00f3n, perfiles, procesos de salida y retorno econ\u00f3mico. Consejer\u00eda de Servicios Sociales y Bienestar del Principado de Asturias. Dep\u00f3sito Legal AS 02192-2017. Disponible: <a href=\"https:\/\/observass.com\/wp-content\/uploads\/2017\/05\/04_PC_EvalSocio_Web02.pdf\">https:\/\/observass.com\/wp-content\/uploads\/2017\/05\/04_PC_EvalSocio_Web02.pdf<\/a><\/li>\n<\/ul>\n","protected":false},"excerpt":{"rendered":"<p>Categor\u00eda: INVESTIGADORA POSTDOCTORAL. Departamento: SOCIOLOG\u00cdA \u00c1rea: Sociolog\u00eda Direcci\u00f3n:\u00a0Universidad de Oviedo.\u00a0Departamento de Sociolog\u00eda.\u00a0Facultad de Econom\u00eda y Empresa.\u00a0Edificio Departamental, 2\u00ba Planta.\u00a0Campus de El Cristo. 33006 Oviedo. Asturias (Espa\u00f1a). Correo: uo221461@uniovi.es Sonia Otero Est\u00e9vez es graduada en Trabajo Social (2014), master en Pol\u00edticas Sociales y Bienestar (2015), y doctora por la Universidad de Oviedo (2021) con la tesis [&hellip;]<\/p>\n","protected":false},"author":2,"featured_media":3376,"parent":88,"menu_order":6,"comment_status":"closed","ping_status":"closed","template":"","meta":{"_genesis_hide_title":false,"_genesis_hide_breadcrumbs":false,"_genesis_hide_singular_image":false,"_genesis_hide_footer_widgets":false,"_genesis_custom_body_class":"","_genesis_custom_post_class":"","_genesis_layout":"","footnotes":""},"class_list":{"0":"post-1464","1":"page","2":"type-page","3":"status-publish","4":"has-post-thumbnail","6":"entry","7":"gs-1","8":"gs-odd","9":"gs-even","10":"gs-featured-content-entry"},"_links":{"self":[{"href":"https:\/\/www.unioviedo.es\/socialimen\/wp-json\/wp\/v2\/pages\/1464","targetHints":{"allow":["GET"]}}],"collection":[{"href":"https:\/\/www.unioviedo.es\/socialimen\/wp-json\/wp\/v2\/pages"}],"about":[{"href":"https:\/\/www.unioviedo.es\/socialimen\/wp-json\/wp\/v2\/types\/page"}],"author":[{"embeddable":true,"href":"https:\/\/www.unioviedo.es\/socialimen\/wp-json\/wp\/v2\/users\/2"}],"replies":[{"embeddable":true,"href":"https:\/\/www.unioviedo.es\/socialimen\/wp-json\/wp\/v2\/comments?post=1464"}],"version-history":[{"count":33,"href":"https:\/\/www.unioviedo.es\/socialimen\/wp-json\/wp\/v2\/pages\/1464\/revisions"}],"predecessor-version":[{"id":3401,"href":"https:\/\/www.unioviedo.es\/socialimen\/wp-json\/wp\/v2\/pages\/1464\/revisions\/3401"}],"up":[{"embeddable":true,"href":"https:\/\/www.unioviedo.es\/socialimen\/wp-json\/wp\/v2\/pages\/88"}],"wp:featuredmedia":[{"embeddable":true,"href":"https:\/\/www.unioviedo.es\/socialimen\/wp-json\/wp\/v2\/media\/3376"}],"wp:attachment":[{"href":"https:\/\/www.unioviedo.es\/socialimen\/wp-json\/wp\/v2\/media?parent=1464"}],"curies":[{"name":"wp","href":"https:\/\/api.w.org\/{rel}","templated":true}]}}