{"id":1737,"date":"2016-04-21T19:19:38","date_gmt":"2016-04-21T17:19:38","guid":{"rendered":"http:\/\/www.unioviedo.es\/socialimen\/?page_id=1737"},"modified":"2023-04-21T11:15:00","modified_gmt":"2023-04-21T09:15:00","slug":"claudia-m-prado-meza","status":"publish","type":"page","link":"https:\/\/www.unioviedo.es\/socialimen\/equipo\/visitantes\/claudia-m-prado-meza\/","title":{"rendered":"Claudia M. Prado-Meza"},"content":{"rendered":"<p><strong><img loading=\"lazy\" decoding=\"async\" class=\"alignleft wp-image-1739\" src=\"http:\/\/www.unioviedo.es\/socialimen\/wp-content\/uploads\/2016\/04\/claudia.jpg\" alt=\"claudia\" width=\"400\" height=\"456\" srcset=\"https:\/\/www.unioviedo.es\/socialimen\/wp-content\/uploads\/2016\/04\/claudia.jpg 632w, https:\/\/www.unioviedo.es\/socialimen\/wp-content\/uploads\/2016\/04\/claudia-263x300.jpg 263w\" sizes=\"auto, (max-width: 400px) 100vw, 400px\" \/>Categor\u00eda:<\/strong> Profesora-Investigadora de Tiempo Completo Categor\u00eda \u201cA\u201d.<\/p>\n<p><strong>Facultad:<\/strong> Facultad de Econom\u00eda.<\/p>\n<p><strong>\u00c1rea:<\/strong> G\u00e9nero, Agronegocios y Sistemas Alimentarios.<\/p>\n<p><strong>Direcci\u00f3n:<\/strong> Universidad de Colima, Facultad de Econom\u00eda. Josefa Ortiz de Dom\u00ednguez 64, La Haciendita, 28970 Villa de \u00c1lvarez, Col., M\u00e9xico<\/p>\n<p><strong>Correo:<\/strong> <a href=\"mailto:claudiaprado@ucol.mx\">claudiaprado@ucol.mx<\/a><\/p>\n<p><strong>Tel\u00e9fono:<\/strong> +52 312 316 1185<\/p>\n<p>&nbsp;<\/p>\n<p>&nbsp;<\/p>\n<p>Claudia imparte clases de Introducci\u00f3n a la Econom\u00eda, Econom\u00eda de la Micro y Peque\u00f1a Empresa en M\u00e9xico, y Taller Integrador desde el 2012, en las Licenciaturas de Econom\u00eda, Finanzas, Negocios Internacionales, y Negocios Internacionales totalmente en Ingl\u00e9s de la Facultad de Econom\u00eda. Sus investigaciones se enmarcan en aspectos de G\u00e9nero y Empoderamiento.<\/p>\n<p>En los \u00faltimos dos a\u00f1os ha participado en proyectos de investigaci\u00f3n con financiamiento por parte de CONACyT y PRODEP sobre G\u00e9nero y Activismo, y G\u00e9nero y Agronegocios. Con su proyecto Cambiando rostros, cambiando el campo, \u00a0se busca dise\u00f1ar, desarrollar e implementar un programa donde se arraigue a la juventud al campo, se cambie el rostro de quien \u00a0est\u00e1 trabajando la tierra, y se promuevan pol\u00edticas p\u00fablicas para incentivar la participaci\u00f3n de mujeres j\u00f3venes, lo que se espera resulte en una disminuci\u00f3n \u00a0de problemas sociales presentes en el estado. Claudia Prado-Meza est\u00e1 realizando una estancia de un mes en el Departamento de Sociolog\u00eda para trabajar con el Grupo de Investigaci\u00f3n en Sociolog\u00eda de la Alimentaci\u00f3n con fondos de este proyecto.<\/p>\n<p>Con el proyecto los rostros del activismo de las mujeres en Colima, el objetivo es \u00a0analizar la relaci\u00f3n entre g\u00e9nero y acci\u00f3n social a trav\u00e9s de la experiencia de mujeres residentes en el estado de Colima involucradas en movimientos sociales, grupos activistas o asociaciones civiles.<\/p>\n<h3><strong>Lineas de Investigaci\u00f3n<\/strong><\/h3>\n<ul>\n<li><a href=\"http:\/\/www.unioviedo.es\/socialimen\/category\/investigacion\/lineas-de-investigacion\/3-poder-politica-y-movimientos-sociales-alimentarios\/\">Poder, pol\u00edtica y movimientos alimentarios<\/a>\n<ul>\n<li>Desarrollo regional y desarrollo sustentable<\/li>\n<li>G\u00e9nero, empoderamiento y sustentabilidad<\/li>\n<\/ul>\n<\/li>\n<\/ul>\n<h3><strong>Proyectos<\/strong><\/h3>\n<ul>\n<li><b>Cambiando rostros, cambiando el campo. Incentivando la participaci\u00f3n de mujeres j\u00f3venes en el campo colimense<\/b>. IP: Claudia M. Prado-Meza\n<ul>\n<li><span id=\":k0k.co\" class=\"tL8wMe EMoHub\" dir=\"ltr\">Apoyo a la Incorporaci\u00f3n de Nuevos Profesores de Tiempo Completo, del Programa para el Desarrollo Profesional Docente, para el tipo Superior (PRODEP), en las\u00a0CONVOCATORIAS INDIVIDUALES 2015.<\/span><\/li>\n<\/ul>\n<\/li>\n<li><b>Los rostros del activismo de las mujeres en Colima: An\u00e1lisis de la relaci\u00f3n entre g\u00e9nero y acci\u00f3n social<\/b>\n<ul>\n<li>Convocatoria de Investigaci\u00f3n Cient\u00edfica B\u00e1sica &#8211; CONACYT. Modalidad de apoyo: Iniciativas de joven investigador. \u00c1rea de conocimiento: V Ciencias sociales y econ\u00f3micas. Refer: (222630).<\/li>\n<\/ul>\n<\/li>\n<\/ul>\n<p style=\"padding-left: 30px;\">IP: Dr. Francisco Antar Mart\u00ednez Guzm\u00e1n<\/p>\n<p style=\"padding-left: 30px;\">Co &#8211; IP: Dra. Claudia M. Prado-Meza<\/p>\n","protected":false},"excerpt":{"rendered":"<p>Categor\u00eda: Profesora-Investigadora de Tiempo Completo Categor\u00eda \u201cA\u201d. Facultad: Facultad de Econom\u00eda. \u00c1rea: G\u00e9nero, Agronegocios y Sistemas Alimentarios. Direcci\u00f3n: Universidad de Colima, Facultad de Econom\u00eda. Josefa Ortiz de Dom\u00ednguez 64, La Haciendita, 28970 Villa de \u00c1lvarez, Col., M\u00e9xico Correo: claudiaprado@ucol.mx Tel\u00e9fono: +52 312 316 1185 &nbsp; &nbsp; Claudia imparte clases de Introducci\u00f3n a la Econom\u00eda, Econom\u00eda [&hellip;]<\/p>\n","protected":false},"author":3,"featured_media":1738,"parent":562,"menu_order":4,"comment_status":"closed","ping_status":"closed","template":"","meta":{"_genesis_hide_title":false,"_genesis_hide_breadcrumbs":false,"_genesis_hide_singular_image":false,"_genesis_hide_footer_widgets":false,"_genesis_custom_body_class":"","_genesis_custom_post_class":"","_genesis_layout":"","footnotes":""},"class_list":{"0":"post-1737","1":"page","2":"type-page","3":"status-publish","4":"has-post-thumbnail","6":"entry","7":"gs-1","8":"gs-odd","9":"gs-even","10":"gs-featured-content-entry"},"_links":{"self":[{"href":"https:\/\/www.unioviedo.es\/socialimen\/wp-json\/wp\/v2\/pages\/1737","targetHints":{"allow":["GET"]}}],"collection":[{"href":"https:\/\/www.unioviedo.es\/socialimen\/wp-json\/wp\/v2\/pages"}],"about":[{"href":"https:\/\/www.unioviedo.es\/socialimen\/wp-json\/wp\/v2\/types\/page"}],"author":[{"embeddable":true,"href":"https:\/\/www.unioviedo.es\/socialimen\/wp-json\/wp\/v2\/users\/3"}],"replies":[{"embeddable":true,"href":"https:\/\/www.unioviedo.es\/socialimen\/wp-json\/wp\/v2\/comments?post=1737"}],"version-history":[{"count":8,"href":"https:\/\/www.unioviedo.es\/socialimen\/wp-json\/wp\/v2\/pages\/1737\/revisions"}],"predecessor-version":[{"id":1749,"href":"https:\/\/www.unioviedo.es\/socialimen\/wp-json\/wp\/v2\/pages\/1737\/revisions\/1749"}],"up":[{"embeddable":true,"href":"https:\/\/www.unioviedo.es\/socialimen\/wp-json\/wp\/v2\/pages\/562"}],"wp:featuredmedia":[{"embeddable":true,"href":"https:\/\/www.unioviedo.es\/socialimen\/wp-json\/wp\/v2\/media\/1738"}],"wp:attachment":[{"href":"https:\/\/www.unioviedo.es\/socialimen\/wp-json\/wp\/v2\/media?parent=1737"}],"curies":[{"name":"wp","href":"https:\/\/api.w.org\/{rel}","templated":true}]}}