{"id":1751,"date":"2016-05-20T09:36:12","date_gmt":"2016-05-20T07:36:12","guid":{"rendered":"http:\/\/www.unioviedo.es\/socialimen\/?page_id=1751"},"modified":"2021-10-25T15:01:14","modified_gmt":"2021-10-25T13:01:14","slug":"socialimequipoinvestigadores-uniovimaria-trinidad-pascual-fernandez","status":"publish","type":"page","link":"https:\/\/www.unioviedo.es\/socialimen\/equipo\/investigadores-uniovi\/socialimequipoinvestigadores-uniovimaria-trinidad-pascual-fernandez\/","title":{"rendered":"Mar\u00eda Trinidad Pascual Fern\u00e1ndez"},"content":{"rendered":"<p>&nbsp;<\/p>\n<p><img loading=\"lazy\" decoding=\"async\" class=\"size-medium wp-image-3418 alignleft\" src=\"https:\/\/www.unioviedo.es\/socialimen\/wp-content\/uploads\/2021\/10\/trini-225x300.png\" alt=\"\" width=\"225\" height=\"300\" srcset=\"https:\/\/www.unioviedo.es\/socialimen\/wp-content\/uploads\/2021\/10\/trini-225x300.png 225w, https:\/\/www.unioviedo.es\/socialimen\/wp-content\/uploads\/2021\/10\/trini.png 360w\" sizes=\"auto, (max-width: 225px) 100vw, 225px\" \/> Profesora Colaboradora (Doctora en Sociolog\u00eda).<br \/>\n<strong>Departamento:<\/strong> SOCIOLOG\u00cdA<br \/>\n<strong>\u00c1rea:<\/strong> Trabajo Social<br \/>\n<strong>Direcci\u00f3n:<\/strong> Universidad de Oviedo. Departamento de Sociolog\u00eda. Facultad de Comercio, Turismo y Ciencias Sociales \u00abJovellanos\u00bb, 3\u00aa Planta. Calle de Luis Moya Blanco, 261, 33203 Gij\u00f3n, Asturias (Espa\u00f1a)<br \/>\n<strong>Correo:<\/strong> pascualmaria@uniovi.es<br \/>\n<strong>Tel\u00e9fono:<\/strong> (+34) 985 180 325<br \/>\n<a href=\"https:\/\/www.researchgate.net\/profile\/Maria_Trinidad_Fernandez\">Researchgate<\/a><\/p>\n<p>&nbsp;<\/p>\n<p>&nbsp;<\/p>\n<p>&nbsp;<\/p>\n<p>M\u00aa Trinidad Pascual Fern\u00e1ndez, Trabajadora Social, Soci\u00f3loga y Doctora en Sociolog\u00eda. Desarrolla su labor docente como \u00a0\u00a0Profesora en la Escuela Universitaria de Trabajo Social de Gij\u00f3n (Centro adscrito a la Universidad de Oviedo) desde febrero de 1989 hasta marzo de 2012, en la que ha impartido a signaturas de Metodolog\u00eda de Intervenci\u00f3n e Investigaci\u00f3n\u00a0 y Profesora Colaboradora adscrita al Departamento de Sociolog\u00eda ( \u00c1rea Trabajo Social y Servicios sociales) de la Universidad de Oviedo desde marzo de 2012, con docencia en el\u00a0 Grado en Trabajo Social \u00a0en asignaturas de Pr\u00e1cticas I, de Servicios Sociales Generales y Pr\u00e1cticas profesionales II.<\/p>\n<p>Ha sido docente en el Master en Gesti\u00f3n de Organizaciones de Cooperaci\u00f3n al Desarrollo y de Intervenci\u00f3n Social de la Universidad de Oviedo y en el Master Universitario en Pol\u00edtica Social y Bienestar de la Universidad de Oviedo.<\/p>\n<h3><strong>L\u00edneas de Investigaci\u00f3n<\/strong><\/h3>\n<ul>\n<li><a href=\"http:\/\/www.unioviedo.es\/socialimen\/investigacion-2\/lineas-de-investigacion\/2-alimentacion-estructura-social\/\">Alimentaci\u00f3n y estructura social<\/a><\/li>\n<\/ul>\n<h3><strong>Participaci\u00f3n en Proyectos<\/strong><\/h3>\n<ul>\n<li><strong>Alimentaci\u00f3n y estructura social. An\u00e1lisis de las desigualdades sociales en Espa\u00f1a (2015-2019)<br \/>\n<\/strong><\/li>\n<\/ul>\n<p style=\"padding-left: 60px;\">Proyectos I+D+I del Programa Estatal de Investigaci\u00f3n. Ref. CSO2015-68434-R<\/p>\n<p style=\"padding-left: 60px;\">Investigador Principal: Isabel Garc\u00eda Espejo<\/p>\n<h3><strong>Publicaciones<\/strong><\/h3>\n<ul>\n<li>Pascual Fern\u00e1ndez M. (2019). La situaci\u00f3n de los servicios sociales generales en el Principado de Asturias. Consejer\u00eda de Servicios y Derechos Sociales. Gobierno del Principado de Asturias. <a href=\"https:\/\/www.socialasturias.es\/servicios-sociales\/investigacion-e-innovacion\/estudio-sobre-los-servicios-sociales-generales-de-la-comunidad-autonoma_734_1_ap.html\">https:\/\/www.socialasturias.es\/servicios-sociales\/investigacion-e-innovacion\/estudio-sobre-los-servicios-sociales-generales-de-la-comunidad-autonoma_734_1_ap.html<\/a><\/li>\n<li>Ramos Feij\u00f3o, C.; Ari\u00f1o Altuna,M.; Berasaluze Correa, A.; Dellavalle,M.; Lorenzo Garc\u00eda.; Munuera-G\u00f3mez , M.; Pascual-Fern\u00e1ndez ,M.; Pelluch Auladel,M. (2016). Supervisi\u00f3n en Trabajo Social, clave para la construcci\u00f3n del \u201cethos\u201d profesional. En XIV Jornadas de Redes de Investigaci\u00f3n en Docencia Universitaria. Universidad de Alicante. ISBN: 978-84-608-7976-3. P\u00e1g.1533-1544. <a href=\"http:\/\/rua.ua.es\/dspace\/handle\/10045\/59687\">http:\/\/rua.ua.es\/dspace\/handle\/10045\/59687<\/a><\/li>\n<li>Ramos Feij\u00f3o, C.; Ari\u00f1o Altuna,M.; Berasaluze Correa, A.; Dellavalle,M.; Lorenzo Garc\u00eda.; Munuera-G\u00f3mez , M.; Pascual-Fern\u00e1ndez ,M.; Pelluch Auladel, M. (2015). Estrategias de aprendizaje colaborativo en Trabajo Social. En XIII Jornadas de Redes de Investigaci\u00f3n en Docencia Universitaria. Universidad de Alicante ISBN: 978-84-606-8636-1. P\u00e1g. 2270-2282 <a href=\"http:\/\/rua.ua.es\/dspace\/handle\/10045\/49612\">http:\/\/rua.ua.es\/dspace\/handle\/10045\/49612<\/a><\/li>\n<\/ul>\n<p>&nbsp;<\/p>\n<p>&nbsp;<\/p>\n","protected":false},"excerpt":{"rendered":"<p>&nbsp; Profesora Colaboradora (Doctora en Sociolog\u00eda). Departamento: SOCIOLOG\u00cdA \u00c1rea: Trabajo Social Direcci\u00f3n: Universidad de Oviedo. Departamento de Sociolog\u00eda. Facultad de Comercio, Turismo y Ciencias Sociales \u00abJovellanos\u00bb, 3\u00aa Planta. Calle de Luis Moya Blanco, 261, 33203 Gij\u00f3n, Asturias (Espa\u00f1a) Correo: pascualmaria@uniovi.es Tel\u00e9fono: (+34) 985 180 325 Researchgate &nbsp; &nbsp; &nbsp; M\u00aa Trinidad Pascual Fern\u00e1ndez, Trabajadora Social, [&hellip;]<\/p>\n","protected":false},"author":3,"featured_media":3418,"parent":88,"menu_order":8,"comment_status":"closed","ping_status":"closed","template":"","meta":{"_genesis_hide_title":false,"_genesis_hide_breadcrumbs":false,"_genesis_hide_singular_image":false,"_genesis_hide_footer_widgets":false,"_genesis_custom_body_class":"","_genesis_custom_post_class":"","_genesis_layout":"","footnotes":""},"class_list":{"0":"post-1751","1":"page","2":"type-page","3":"status-publish","4":"has-post-thumbnail","6":"entry","7":"gs-1","8":"gs-odd","9":"gs-even","10":"gs-featured-content-entry"},"_links":{"self":[{"href":"https:\/\/www.unioviedo.es\/socialimen\/wp-json\/wp\/v2\/pages\/1751","targetHints":{"allow":["GET"]}}],"collection":[{"href":"https:\/\/www.unioviedo.es\/socialimen\/wp-json\/wp\/v2\/pages"}],"about":[{"href":"https:\/\/www.unioviedo.es\/socialimen\/wp-json\/wp\/v2\/types\/page"}],"author":[{"embeddable":true,"href":"https:\/\/www.unioviedo.es\/socialimen\/wp-json\/wp\/v2\/users\/3"}],"replies":[{"embeddable":true,"href":"https:\/\/www.unioviedo.es\/socialimen\/wp-json\/wp\/v2\/comments?post=1751"}],"version-history":[{"count":17,"href":"https:\/\/www.unioviedo.es\/socialimen\/wp-json\/wp\/v2\/pages\/1751\/revisions"}],"predecessor-version":[{"id":3422,"href":"https:\/\/www.unioviedo.es\/socialimen\/wp-json\/wp\/v2\/pages\/1751\/revisions\/3422"}],"up":[{"embeddable":true,"href":"https:\/\/www.unioviedo.es\/socialimen\/wp-json\/wp\/v2\/pages\/88"}],"wp:featuredmedia":[{"embeddable":true,"href":"https:\/\/www.unioviedo.es\/socialimen\/wp-json\/wp\/v2\/media\/3418"}],"wp:attachment":[{"href":"https:\/\/www.unioviedo.es\/socialimen\/wp-json\/wp\/v2\/media?parent=1751"}],"curies":[{"name":"wp","href":"https:\/\/api.w.org\/{rel}","templated":true}]}}