{"id":2052,"date":"2016-10-27T12:47:25","date_gmt":"2016-10-27T10:47:25","guid":{"rendered":"http:\/\/www.unioviedo.es\/socialimen\/?page_id=2052"},"modified":"2016-10-27T12:47:25","modified_gmt":"2016-10-27T10:47:25","slug":"congresos-y-conferencias","status":"publish","type":"page","link":"https:\/\/www.unioviedo.es\/socialimen\/investigacion-2\/congresos-y-conferencias\/","title":{"rendered":"Congresos y conferencias"},"content":{"rendered":"<ul>\n<li>\n<h3 style=\"text-align: justify;\"><strong>Conferencias por invitaci\u00f3n y presentaciones p\u00fablicas de resultados de investigaci\u00f3n<\/strong><\/h3>\n<\/li>\n<\/ul>\n<p style=\"text-align: justify;\">(2016) \u201cAlimentaci\u00f3n y crisis: una experiencia de investigaci\u00f3n interinstitucional en Asturias\u201d. <strong>Congreso de Investigaci\u00f3n en Innovaci\u00f3n Educativa<\/strong>.\u00a0 24 y 25 de mayo en la Universidad del Pa\u00eds Vasco(UPV\/EHU).<\/p>\n<p style=\"text-align: justify;\">(2015) \u201cMulticulturalismo, xenofobia y convivencia\u201d. <strong>Mesa redonda sobre inmigraci\u00f3n y emigraci\u00f3n, AdePaVaN<\/strong>; Centro cultural de Barredos, Pola de Laviana, 11 de marzo<\/p>\n<p style=\"text-align: justify;\">(2015) \u201cEntre el yihadismo y la islamofobia: \u00bfla convivencia intercultural en entredicho?\u201d, <strong>Mesa redonda organizada por la Asociaci\u00f3n Asturiana de Sociolog\u00eda y el Colegio Oficial de Ciencias Pol\u00edticas y Sociolog\u00eda del Principado de Asturias<\/strong>; Centro Cultural Antiguo Instituto, Gij\u00f3n, 12 de febrero<\/p>\n<p style=\"text-align: justify;\">(2014). Conferencia de clausura del V Jornada de la Industria alimentaria. Los h\u00e1bitos alimentarios de los espa\u00f1oles -Algunas claves para la comprensi\u00f3n del cambio alimentario en tiempos de crisis. Organizado <strong>por Asociaci\u00f3n en Investigaci\u00f3n y Ciencia en Industrias C\u00e1rnicas<\/strong>. Asturias (Mayo)<\/p>\n<p style=\"text-align: justify;\">(2014). Sesi\u00f3n de trabajo en <strong>Cruz Roja Espa\u00f1ola<\/strong> (Asturias) para la discusi\u00f3n de los resultados del estudio \u201cPlan de Ayuda Alimentaria para familias vulnerables del Principado de Asturias\u201d (Oviedo)<\/p>\n<p style=\"text-align: justify;\">(2014). Presentaci\u00f3n del estudio \u201cH\u00e1bitos alimentarios de los espa\u00f1oles\u201d en la <strong>Feria ALIMENTARIA<\/strong> (Barcelona).<\/p>\n<p style=\"text-align: justify;\">(2014) \u201cFood Habits Among Spaniards. Clues to understanding their transformation in times of crisis\u201d. <strong>Towards an International Network for Studying Food Habits, 5TH ASIA-EURO CONFERENCE 2014 in Tourism, Hospitality and Gastronomy<\/strong>. Taylor\u2019s University, Kuala Lumpur (Malasia)<\/p>\n<p style=\"text-align: justify;\">(2014) Moderaci\u00f3n de la mesa redonda \u201cLos desaf\u00edos de las monarqu\u00edas en las sociedades del siglo XXI. \u00bfAnacronismo o vigencia de la Instituci\u00f3n?\u201d, organizada por la <strong>Asociaci\u00f3n Asturiana de Sociolog\u00eda y el Colegio Oficial de Ciencias Pol\u00edticas y Sociolog\u00eda del Principado de Asturias<\/strong>; Centro Cultural Antiguo Instituto,26 de junio, Gij\u00f3n<\/p>\n<p style=\"text-align: justify;\">(2014) \u201cLas iniciativas de regeneraci\u00f3n democr\u00e1tica. Una perspectiva desde Holanda\u201d. Mesa redonda: \u201cLas iniciativas de regeneraci\u00f3n democr\u00e1tica\u201d, organizada por la <strong>Real Academia Asturiana de Jurisprudencia<\/strong>; Club Prensa Asturiana de La Nueva Espa\u00f1a, 16 de junio, Oviedo<\/p>\n<p style=\"text-align: justify;\">(2014) \u201cElecciones europeas 2014. El auge de la \u2018extrema derecha\u2019 en Europa\u201d. Mesa redonda: \u201cAsturias, Espa\u00f1a, Europa. Y despu\u00e9s de las elecciones \u00bfqu\u00e9? , organizada por la <strong>Asociaci\u00f3n Asturiana de Sociolog\u00eda y el Colegio Oficial de Ciencias Pol\u00edticas y Sociolog\u00eda del Principado de Asturias<\/strong>; Centro Cultural Antiguo Instituto, 28 de mayo, Gij\u00f3n<\/p>\n<p style=\"text-align: justify;\">(2013). <strong>\u201cAn analytical approach to the studies of Sociology of Food \u201cwith comparative perspective\u201d,<\/strong> Comparing foodways: a European seminar on approaches to the cross-national and dynamic comparison of eating practices, 13-15 Junio, Manchester<\/p>\n<p style=\"text-align: justify;\">(2013). Conferencia en I Workshop de Estrategias alimentarias e de Abastecimiento, Organizado por <strong>Proyecto PUREFOOD y la Universidade de Rio Grande do Sur<\/strong> (diciembre), Porto Alegre.<\/p>\n<p style=\"text-align: justify;\">(2013). Conferencia. H\u00e1bitos alimentarios de los espa\u00f1oles. Adaptaci\u00f3n del producto al mercado. Organizado por <strong>Asociaci\u00f3n asturgalaica de empresas agroalimetnarias<\/strong>. (Navia).<\/p>\n<p style=\"text-align: justify;\">(2013). Conferencia. Seminario Internacional Permanente: Alimentaci\u00f3n y h\u00e1bitos alimentarios en Asturias y Am\u00e9rica. <strong>Asociaci\u00f3n de Estudios Americanos del Principado de Asturias<\/strong>. Los efectos del cambio social sobre la alimentaci\u00f3n: los h\u00e1bitos alimentarios de los espa\u00f1oles. (Oviedo).<\/p>\n<p style=\"text-align: justify;\">(2013). Conferencia. Primer encuentro nacional de la <strong>Alianza<\/strong><strong> Nacional<\/strong><strong> contra el Hambre y la Malnutrici\u00f3n de Espa\u00f1a<\/strong>. Hambre y malnutrici\u00f3n en Espa\u00f1a desde una perspectiva sociol\u00f3gica (Asturias).<\/p>\n<p style=\"text-align: justify;\">(2013). Presentaci\u00f3n \u201cH\u00e1bitos alimentarios de los espa\u00f1oles\u201d en Jornadas de pediatr\u00eda (Principado de Asturias) solicitado por la <strong>Asociaci\u00f3n Nacional de Pediatr\u00eda<\/strong> (Asturias)<\/p>\n<p style=\"text-align: justify;\">(2013) Participaci\u00f3n en mesa redonda, en la <strong>VI Jornada de Trabajo Social \u201cInvestigaci\u00f3n y Trabajo Social: dialogando desde la intervenci\u00f3n\u201d<\/strong> organizada por la Escuela Universitaria de Trabajo Social de la UPV\/EHU y el colegio Profesional de Trabajadores y Trabajadoras Sociales de \u00c1lava, (Vitoria-Gasteiz)<\/p>\n<p style=\"text-align: justify;\">(2013) Ponencia invitada, \u201cProblemas que plantean los precios de los medicamentos innovadores\u201d, <strong>XIII Encuentro de la industria farmac\u00e9utica espa\u00f1ola-UIMP<\/strong>, Santander<\/p>\n<p style=\"text-align: justify;\">(2013) Conferencia. \u201cAn\u00e1lisis de la excepcionalidad de las innovaciones farmacol\u00f3gicas para el c\u00e1ncer desde la perspectiva de la econom\u00eda de la salud\u201d, <strong>Seminarios de Investigaci\u00f3n: Instituto Universitario de Oncolog\u00eda<\/strong>, Oviedo<\/p>\n<p style=\"text-align: justify;\">(2012) \u201cLa evoluci\u00f3n de la Islamofobia en Europa y Espa\u00f1a\u201d, organizada por <strong>Asociaci\u00f3n Asturiana de Sociolog\u00eda, Asturias Acoge<\/strong>, CajAstur. Aula Magna del Edificio Hist\u00f3rico de la Universidad de Oviedo, 2 de febrero.<\/p>\n<ul style=\"text-align: justify;\">\n<li>\n<h3><strong> Comunicaciones a congresos<\/strong><\/h3>\n<\/li>\n<\/ul>\n<p style=\"text-align: justify;\">D\u00edaz M\u00e9ndez, Cecilia y Espejo Garc\u00eda, Isabel (2016) \u201cLA ALIMENTACI\u00d3N FUERA DEL HOGAR EN ESPA\u00d1A. NUEVOS H\u00c1BITOS Y ESTRATEGIAS\u201d, XII Congreso Espa\u00f1ol de Sociolog\u00eda <em>Grandes transformaciones sociales, nuevos desaf\u00edos para la Sociolog\u00eda<\/em>, organizado por la Federaci\u00f3n Espa\u00f1ola de Sociolog\u00eda (FES), 30 de junio, 1-2 de julio. Gij\u00f3n. Comunicaci\u00f3n.<\/p>\n<p style=\"text-align: justify;\">Otero Est\u00e9vez, Sonia y D\u00edaz M\u00e9ndez, Cecilia (2016) \u201cDESIGUALDADES DE CONSUMO EN EL HOGAR: UN ESTUDIO CUALITATIVO DE LOS SECTORES M\u00c1S DESFAVORECIDOS\u201d, XII Congreso Espa\u00f1ol de Sociolog\u00eda <em>Grandes transformaciones sociales, nuevos desaf\u00edos para la Sociolog\u00eda<\/em>, organizado por la Federaci\u00f3n Espa\u00f1ola de Sociolog\u00eda (FES), 30 de junio, 1-2 de julio. Gij\u00f3n. Comunicaci\u00f3n.<\/p>\n<p style=\"text-align: justify;\">Otero Est\u00e9vez, Sonia y Espejo Garc\u00eda, Isabel (2016) \u201cALIMENTACI\u00d3N EN CONTEXTOS DE POBREZA: ESTRATEGIAS DE SUPERVIVENCIA Y GESTI\u00d3N DE LA PRIVACI\u00d3N\u201d, XII Congreso Espa\u00f1ol de Sociolog\u00eda <em>Grandes transformaciones sociales, nuevos desaf\u00edos para la Sociolog\u00eda<\/em>, organizado por la Federaci\u00f3n Espa\u00f1ola de Sociolog\u00eda (FES), 30 de junio, 1-2 de julio. Gij\u00f3n. Comunicaci\u00f3n.<\/p>\n<p style=\"text-align: justify;\">Callejo Gallego, Javier y D\u00edaz M\u00e9ndez, Cecilia (2016) \u201cQUERID\u00cdSIMO HORARIO ESPA\u00d1OL: EL CASO DE LA COMIDA\u201d, XII Congreso Espa\u00f1ol de Sociolog\u00eda <em>Grandes transformaciones sociales, nuevos desaf\u00edos para la Sociolog\u00eda<\/em>, organizado por la Federaci\u00f3n Espa\u00f1ola de Sociolog\u00eda (FES), 30 de junio, 1-2 de julio. Gij\u00f3n. Comunicaci\u00f3n.<\/p>\n<p style=\"text-align: justify;\">S\u00e1nchez S\u00e1nchez, Sandra, Parrilla Fern\u00e1ndez, Jos\u00e9 Manuel y Pujadas Marti, Xavier (2016) \u201cConcepciones y Pr\u00e1cticas de salud, alimentaci\u00f3n y cuerpo en deportistas: Una perspectiva socio-hist\u00f3rica\u201d, XII Congreso Espa\u00f1ol de Sociolog\u00eda <em>Grandes transformaciones sociales, nuevos desaf\u00edos para la Sociolog\u00eda<\/em>, organizado por la Federaci\u00f3n Espa\u00f1ola de Sociolog\u00eda (FES), 30 de junio, 1-2 de julio. Gij\u00f3n. Comunicaci\u00f3n.<\/p>\n<p style=\"text-align: justify;\">Parrilla Fern\u00e1ndez, Jos\u00e9 Manuel\u00a0 y S\u00e1nchez S\u00e1nchez, Sandra (2016) \u201cDeporte y alimentaci\u00f3n: Transformaciones de los significados y pr\u00e1cticas alimentarias de deportistas y sus determinantes\u201d, XII Congreso Espa\u00f1ol de Sociolog\u00eda <em>Grandes transformaciones sociales, nuevos desaf\u00edos para la Sociolog\u00eda<\/em>, organizado por la Federaci\u00f3n Espa\u00f1ola de Sociolog\u00eda (FES), 30 de junio, 1-2 de julio. Gij\u00f3n. Comunicaci\u00f3n.<\/p>\n<p style=\"text-align: justify;\">Novo V\u00e1zquez, Amparo y Espejo Garc\u00eda, Isabel (2016) \u201cEL MERCADO COMO \u201cARENA\u201d POL\u00cdTICA. LA EMERGENCIA DEL \u201cCONSUMIDOR CONSCIENTE\u201d, XII Congreso Espa\u00f1ol de Sociolog\u00eda <em>Grandes transformaciones sociales, nuevos desaf\u00edos para la Sociolog\u00eda<\/em>, organizado por la Federaci\u00f3n Espa\u00f1ola de Sociolog\u00eda (FES), 30 de junio, 1-2 de julio. Gij\u00f3n. Comunicaci\u00f3n<\/p>\n<p style=\"text-align: justify;\">Schubert, Maycon, D\u00edaz M\u00e9ndez, Cecilia y Schneider, Sergio (2016) \u201cESTUDIOS COMPARADOS ENTRE BRASIL, REINO UNIDO Y ESPA\u00d1A SOBRE \u201cCOMER FUERA DEL HOGAR\u201d, A PARTIR DE LOS DATOS ESTAD\u00cdSTICOS OFICIALES\u201d, XII Congreso Espa\u00f1ol de Sociolog\u00eda <em>Grandes transformaciones sociales, nuevos desaf\u00edos para la Sociolog\u00eda<\/em>, organizado por la Federaci\u00f3n Espa\u00f1ola de Sociolog\u00eda (FES), 30 de junio, 1-2 de julio. Gij\u00f3n. Comunicaci\u00f3n.<\/p>\n<p style=\"text-align: justify;\">Truninger, Monica y D\u00edaz M\u00e9ndez, Cecilia (2016) \u201cPOBREZA E INSEGURIDAD ALIMENTARIA. REDEFINICIONES Y DEBATES\u201d, XII Congreso Espa\u00f1ol de Sociolog\u00eda <em>Grandes transformaciones sociales, nuevos desaf\u00edos para la Sociolog\u00eda<\/em>, organizado por la Federaci\u00f3n Espa\u00f1ola de Sociolog\u00eda (FES), 30 de junio, 1-2 de julio. Gij\u00f3n. Comunicaci\u00f3n.<\/p>\n<p style=\"text-align: justify;\">Ramos Truchero, Guadalupe, Casta\u00f1o Su\u00e1rez, Elio (2016) \u201cEL H\u00c1BITO DE COMER FUERA DE CASA EN EL CONTEXTO DE LA CRISIS ECON\u00d3MICA\u201d, XII Congreso Espa\u00f1ol de Sociolog\u00eda <em>Grandes transformaciones sociales, nuevos desaf\u00edos para la Sociolog\u00eda<\/em>, organizado por la Federaci\u00f3n Espa\u00f1ola de Sociolog\u00eda (FES), 30 de junio, 1-2 de julio. Gij\u00f3n. Comunicaci\u00f3n.<\/p>\n<p style=\"text-align: justify;\">Herrera Racionero, Paloma (2016) LOS SIGNIFICADOS DE \u201cCOMER FUERA\u201d, XII Congreso Espa\u00f1ol de Sociolog\u00eda <em>Grandes transformaciones sociales, nuevos desaf\u00edos para la Sociolog\u00eda<\/em>, organizado por la Federaci\u00f3n Espa\u00f1ola de Sociolog\u00eda (FES), 30 de junio, 1-2 de julio. Gij\u00f3n. Comunicaci\u00f3n.<\/p>\n<p style=\"text-align: justify;\">Lozano Cabedo, Carmen, Moreno Gonz\u00e1lez, Marta y G\u00f3mez Benito, Crist\u00f3bal (2016) \u201cAN\u00c1LISIS DE LOS CONFLICTOS EN TORNO A LA PUBLICIDAD ALIMENTARIA A TRAV\u00c9S DE LAS RECLAMACIONES PRESENTADAS A AUTOCONTROL\u201d, XII Congreso Espa\u00f1ol de Sociolog\u00eda <em>Grandes transformaciones sociales, nuevos desaf\u00edos para la Sociolog\u00eda<\/em>, organizado por la Federaci\u00f3n Espa\u00f1ola de Sociolog\u00eda (FES), 30 de junio, 1-2 de julio. Gij\u00f3n. Comunicaci\u00f3n<\/p>\n<p style=\"text-align: justify;\">Novo V\u00e1zquez, Amparo y Espejo Garc\u00eda, Isabel (2016) \u201cEL MERCADO COMO \u201cARENA\u201d POL\u00cdTICA. LA EMERGENCIA DEL \u201cCONSUMIDOR CONSCIENTE\u201d, XII Congreso Espa\u00f1ol de Sociolog\u00eda <em>Grandes transformaciones sociales, nuevos desaf\u00edos para la Sociolog\u00eda<\/em>, organizado por la Federaci\u00f3n Espa\u00f1ola de Sociolog\u00eda (FES), 30 de junio, 1-2 de julio. Gij\u00f3n. Comunicaci\u00f3n<\/p>\n<p style=\"text-align: justify;\">Ramos Truchero, Guadalupe; Izquierdo Ram\u00edrez, Beatriz; Campelo, Patricia y \u00a0Malag\u00f3n Zaldua, Eduardo (2016) \u201cLA FORMACI\u00d3N PROFESIONAL AGRARIA EN LOS PROGRAMAS DE DESARROLLO RURAL. AN\u00c1LISIS DE LAS ACTUACIONES FORMATIVAS EN EL PA\u00cdS VASCO\u201d, \u00a0XII Congreso Espa\u00f1ol de Sociolog\u00eda <em>Grandes transformaciones sociales, nuevos desaf\u00edos para la Sociolog\u00eda<\/em>, organizado por la Federaci\u00f3n Espa\u00f1ola de Sociolog\u00eda (FES), 30 de junio, 1-2 de julio. Gij\u00f3n. Comunicaci\u00f3n<\/p>\n<p style=\"text-align: justify;\">Felipe Cort\u00e9s, Alba; Herrera Racionero, Paloma; Miret Pastor, Luis y Carles Cambrils, Joan (2016) \u201cEL TURISMO PESQUERO. UN NUEVO PRODUCTO TUR\u00cdSTICO, UN NUEVO MODELO DE PESCA\u201d, XII Congreso Espa\u00f1ol de Sociolog\u00eda <em>Grandes transformaciones sociales, nuevos desaf\u00edos para la Sociolog\u00eda<\/em>, organizado por la Federaci\u00f3n Espa\u00f1ola de Sociolog\u00eda (FES), 30 de junio, 1-2 de julio. Gij\u00f3n. Comunicaci\u00f3n<\/p>\n<p style=\"text-align: justify;\">G\u00f3mez Benito, Crist\u00f3bal y Lozano Cabedo, Carmen (2016) \u201cOPINI\u00d3N P\u00daBLICA, AGRICULTURA Y SOCIEDAD RURAL \u00bfES POSIBLE UN NUEVO CONTRATO SOCIAL?\u201d, XII Congreso Espa\u00f1ol de Sociolog\u00eda <em>Grandes transformaciones sociales, nuevos desaf\u00edos para la Sociolog\u00eda<\/em>, organizado por la Federaci\u00f3n Espa\u00f1ola de Sociolog\u00eda (FES), 30 de junio, 1-2 de julio. Gij\u00f3n. Comunicaci\u00f3<\/p>\n<p style=\"text-align: justify;\">S\u00e1nchez S\u00e1nchez, Sandra y Parrilla Fern\u00e1ndez, Jos\u00e9 Manuel (2015) \u201cBody care as structuring model of identity: food and sport practices in historical perspective\u201d The sociological lens and the well-being of sport, 50th Anniversary ISSA WORLD CONGRESS, 9-12 junio, Par\u00eds<\/p>\n<p style=\"text-align: justify;\">Cabiedes, L. (2015) \u201cIcelandic and Spanish citizens before the crisis: Size matters\u2026 and institutions too\u201d, XVII Reuni\u00f3n de Econom\u00eda Mundial, Gij\u00f3n (Acc\u00e9sit al VIII Premio Jos\u00e9 Luis Sampedro, concedido por la Sociedad de Econom\u00eda Mundial)<\/p>\n<p style=\"text-align: justify;\">Garc\u00eda Espejo, Isabel (2014) \u201cL\u2019alimentation hors domicile en Espagne. Clarifier la dualit\u00e9 entre obligation et plaisir\u201d Journ\u00e9es d\u2019\u00c9tudes Internacionales \u201cAlimentation et \u00c2ges de la vie\u201d, noviembre 2014, Lille<\/p>\n<p style=\"text-align: justify;\">D\u00edaz M\u00e9ndez, Cecilia e Garc\u00eda Espejo, Isabel (2014) \u201cLa Sociolog\u00eda de la Alimentaci\u00f3n como campo de estudio: un repaso de la literatura internacional\u201d X Coloquio Ib\u00e9rico de Estudios Rurales, octubre, Palencia<\/p>\n<p style=\"text-align: justify;\"><strong>\u00a0<\/strong>S\u00e1nchez S\u00e1nchez, Sandra; Parrilla Fern\u00e1ndez, Jos\u00e9 Manuel y D\u00edaz M\u00e9ndez, Cecilia (2014) \u201cLa construcci\u00f3n del cuerpo de \u00e9lite femenino mediante la praxis deportiva y la instrumentalizaci\u00f3n de la alimentaci\u00f3n\u201d Crisis, Social Change and Sport, XIII Congreso Internacional de la AEISAD, 25-27 de septiembre, Valencia<\/p>\n<p style=\"text-align: justify;\">Blanco Prieto A. y D\u00edaz M\u00e9ndez, C. (2014). \u201cAyuda alimentaria y nuevos pobres: el impacto de las ayudas alimentarias en los nuevos usuarios de los vales de alimentos\u201d en CABISE, 14. Revaluando el estado de Bienestar en el Sur de Europa. Ministerio de Competititvidad. Universidad de Oviedo, junio, Oviedo<\/p>\n<p style=\"text-align: justify;\">Garc\u00eda Blanco, Jos\u00e9 Mar\u00eda y Parrilla Fern\u00e1ndez, Jos\u00e9 Manuel (2014) \u201cLa evoluci\u00f3n del sistema e Rentas M\u00ednimas de Inserci\u00f3n durante la crisis\u201d. Revaluando el Estado del Bienestar en el Sur de Europa. Congreso Presente y Futuro del Estado de Bienestar en Espa\u00f1a. 5-6 junio, Universidad de Oviedo, Oviedo<\/p>\n<p style=\"text-align: justify;\">Van den Broek, Hans y Ramos Truchero, Guadalupe (2014) \u201cExploration and evolution of the concept of \u2018Food Desert\u2019\u201d , ESA Consumption Research Network Midterm Conference, 3-6 de septiembre de 2014, Oporto<\/p>\n<p style=\"text-align: justify;\">Van den Broek, Hans; Garc\u00eda Espejo, Isabel y Novo V\u00e1zquez, Amparo (2014) \u201cConfidence and Food Risk: the Spanish case\u201d (Isabel Garcia-Espejo, Amparo Novo y Hans van den Broek). ESA Consumption Research Network Midterm Conference, 3-6 de septiembre, Oporto<\/p>\n<p style=\"text-align: justify;\">Herrera, P; Miret, L. y Cabiedes, L. (2014) \u201cLas posibilidades de an\u00e1lisis del sector de la restauraci\u00f3n en Espa\u00f1a partir de las principales bases de datos\u201d, Coloquio Ib\u00e9rico de Estudios Rurales (CIER), Palencia<\/p>\n<p style=\"text-align: justify;\">Cabiedes, L.; Herrera, P. y Miret, L. (2014) \u201cThe statistics on food catering sector: Potential and limitations for the analysis\u201d, ESA Consumption Research Network Midterm Conference, Oporto<\/p>\n<p style=\"text-align: justify;\">Oltra, E.; Fern\u00e1ndez, B; Cabiedes, L.; Riestra, R.; Gonz\u00e1lez, C. y Osorio, S. (2014) \u201cAn\u00e1lisis de la cirug\u00eda menor programada realizada por m\u00e9dicos en hospital, y enfermeras y m\u00e9dicos en atenci\u00f3n primaria, seg\u00fan calidad t\u00e9cnica, satisfacci\u00f3n percibida y costes\u201d, IV Congresso de Investiga\u00e7ao em Enfermagem Ibero-americano e de Pa\u00edses de L\u00edngua Oficial Portuguesa, organizado pela Unidade de Investiga\u00e7ao em Ci\u00eancias da Sa\u00fade: Enfermagem (UICISA:E) da Escola Superior de Enfermagem de Coimbra, Coimbra<\/p>\n<p style=\"text-align: justify;\">D\u00edaz M\u00e9ndez, C. Garc\u00eda Espejo, I. and Van den Broek h (2013). \u201cThe studies of Sociology of Food: between Rural Sociology and Sociology of Consumption\u201d. Foodscapes. Access to food, Excess of food. 23-25 September, Austria<\/p>\n<p style=\"text-align: justify;\">D\u00edaz M\u00e9ndez, C. Garc\u00eda Espejo, I. and Van den Broek, H (2013). \u201cHealthy Diet Here and There: a Comparative Analysis of the Concepts of Health and Food among Colombian and Autochthonous Women in Spain Foodscapes\u201d. Access to food, Excess of food. 23-25 September, Austria<\/p>\n<p style=\"text-align: justify;\">Van der Broek, Hans y Valle S\u00e1nchez, M\u00aa Jos\u00e9 (2013) \u201cHealthy Diet Here and There: a comparative analysis of the concepts of health and food among Colombian and autochthonous women in Spain\u201d, XXV ESRS Congress <em>Rural resilience and vulnerability: The rural as locus of solidarity and conflict in time of crisis<\/em>; European Society for Rural Sociology (ESRS), 29 de julio \u2013 1 de agosto, Florencia (Italia)<\/p>\n<p style=\"text-align: justify;\">D\u00edaz M\u00e9ndez, C. Garc\u00eda Espejo, A. Novo and Gutierrez, R. (2013). \u201cFood habits among Spaniards. Clues to understanding their transformation in times of crisis\u201d, XXV ESRS Congress, july, Florencia<\/p>\n<p style=\"text-align: justify;\">Garc\u00eda Espejo, Isabel y Novo V\u00e1zquez, Amparo (2013) \u201cComportamientos sociales y pol\u00edticos de la \u201cciudadan\u00eda ecol\u00f3gica\u201d\u201d, Congreso Espa\u00f1ol de Sociolog\u00eda, julio, Madrid<\/p>\n<p style=\"text-align: justify;\">D\u00edaz M\u00e9ndez, Cecilia, Garc\u00eda Espejo, Isabel y Van den Broek, Hans (2013) \u201cAn analytical approach to the studies of Sociology of Food \u201cwith comparative perspective\u201d\u201d Comparing food ways: a European seminar on approaches to the cross-national and dynamic comparison of eating practices, junio, Manchester<\/p>\n<p style=\"text-align: justify;\">Parrilla Fern\u00e1ndez, Jos\u00e9 Manuel y S\u00e1nchez S\u00e1nchez, Sandra (2013) \u201cEl cuerpo ante el espejo social: Discursos de mujeres deportistas de \u00e9lite sobre alimentaci\u00f3n, salud y deporte, frente al ideal femenino de belleza\u201d Crisis y Cambio: Propuestas desde la Sociolog\u00eda, XI Congreso Espa\u00f1ol de Sociolog\u00eda, FES, 10-12 de julio de 2013, Madrid<\/p>\n<p style=\"text-align: justify;\">Parrilla Fern\u00e1ndez, Jos\u00e9 Manuel y S\u00e1nchez S\u00e1nchez, Sandra (2013) \u201cActividad deportiva y pr\u00e1ctica alimentaria como elementos estructuradores del cuerpo en los discursos de mujeres deportistas\u201d, Sport in Times of Crisis, 17th International Congress of CESH, 21-23 de noviembre, Barcelona<\/p>\n<p style=\"text-align: justify;\">Parrilla Fern\u00e1ndez, J.M. D\u00edaz M\u00e9ndez, C. and S\u00e1nchez S\u00e1nchez, S. (2013). \u201cThe body and the self- perception: sport and food practices in the context of body image\u201d, 10th European Association for Sociology of Sport Conference, May, Cordoba<\/p>\n<p style=\"text-align: justify;\">D\u00edaz-M\u00e9ndez , C. y Garc\u00eda-Espejo, I. (2013). \u201cClarificando la dualidad entre la obligaci\u00f3n y el placer en la alimentaci\u00f3n fuera del hogar\u201d. Congreso espa\u00f1ol de Sociolog\u00eda, julio, Madrid<\/p>\n<p style=\"text-align: justify;\">D\u00edaz M\u00e9ndez, C. Garc\u00eda Espejo, I. Guti\u00e9rrez palacios, R. (2013). \u201cLos h\u00e1bitos alimentarios de los espa\u00f1oles: claves para la comprensi\u00f3n de su transformaci\u00f3n en tiempos de crisis\u201d, Congreso espa\u00f1ol de Sociolog\u00eda, julio, Madrid<\/p>\n<p style=\"text-align: justify;\">D\u00edaz-M\u00e9ndez, Cecilia; Garc\u00eda Espejo, Isabel; Novo, Amparo y Guti\u00e9rrez Palacios, Rodolfo (2013) \u201cOdd habits among Spaniards. Clues to understanding their transformation in times of crisis\u201d,XXV European Congress for Rural Sociology, 29 julio \u2013 1 agosto, Florencia<\/p>\n<p style=\"text-align: justify;\">D\u00edaz M\u00e9ndez, C. and Garc\u00eda Espejo, I (2012). \u201cConsumption, time and food. A comparative analysis of Use of time eating and cooking in the US, Netherlands, United Kingdom and Spain\u201d. ESA Consumption Research Network Interim Meeting. Berlin<\/p>\n<p style=\"text-align: justify;\">Parrilla Fern\u00e1ndez, J.M. y D\u00edaz M\u00e9ndez, C. (2012). \u201cMujer y deporte en Espa\u00f1a: factores educativos y socioculturales en la experiencia de las deportistas de \u00e9lite\u201d. XVI Congreso de Sociolog\u00eda de la educaci\u00f3n. Oviedo<\/p>\n<p style=\"text-align: justify;\">D\u00edaz-M\u00e9ndez, C. and Garc\u00eda- Espejo, I. (2012). \u201cFood homogenization and globalization: the case of the United Kingdom and Spain\u201d. XIII Congreso\u00a0Mundial de\u00a0Sociolog\u00eda Rural: Desde la crisis hacia las oportunidades, 29 de julio- 4 de agosto, Lisboa (Portugal)<\/p>\n<p style=\"text-align: justify;\">Garc\u00eda Espejo, Isabel; Novo V\u00e1zquez, Amparo y van der Broek, Hans-Peter (2012) \u201cPolitical Consumerism: Resources, Networks and Agents\u201d, XIII Congreso Mundial de Sociolog\u00eda Rural: Desde la crisis hacia las oportunidades, 29 julio \u2013 4 agosto, Lisboa<\/p>\n<p style=\"text-align: justify;\">Van den Broek, H. and D\u00edaz M\u00e9ndez C. (2012). \u201cFood and cultural integration: a comparative analysis of the concepts of healthy eating between the Spanish and immigrant population\u201d. XIII Congreso\u00a0Mundial de\u00a0Sociolog\u00eda Rural: Desde la crisis hacia las oportunidades, 29 de julio- 4 de agosto, Lisboa (Portugal)<\/p>\n<p style=\"text-align: justify;\">D\u00edaz M\u00e9ndez, C y van den Broek, H. (2012). \u201cAlimentaci\u00f3n e integraci\u00f3n cultural: un an\u00e1lisis comparado de los conceptos de dieta saludable entre la poblaci\u00f3n espa\u00f1ola y ecuatoriana\u201d. International Congress of Amercianist. ICA54. Viena<\/p>\n<p style=\"text-align: justify;\">Novo V\u00e1zquez, Amparo (2012) \u201cPolitical Consumerism: Resources, Networks and Agents\u201d, Congreso: XIII Worl Congress of Rural Sociology, 29 julio a 4 agosto, Lisboa<\/p>\n<p style=\"text-align: justify;\">Vicente, Mar\u00eda y Novo, Amparo (2012) \u201cParticipo (online) luego existo. Un an\u00e1lisis de la participaci\u00f3n social y pol\u00edtica en Espa\u00f1a\u201d, 4\u00aa Conferencia Internacional de Ciencia y Sociedad, 17 \u2013 19 noviembre, Berkley<\/p>\n<p style=\"text-align: justify;\">Jos\u00e9 Manuel Parrilla &amp; Adrian Rey \u00a0(2012) \u201cActive Women and Food: from food shortages to modernity and its pathologies\u201d. XIII World Congress of Rural Sociology Portugal 29 julio \u2013 4 Agosto, Lisboa<\/p>\n<p style=\"text-align: justify;\">Van der Broek, Hans-Peter y D\u00edaz M\u00e9ndez, Cecilia (2012) \u201cFood and Time Consumption in the UK and Spain\u201d, Comparative Perspectives; Helsinki Collegium for Advanced Studies, 23 \u2013 25 de mayo de 2012, Helsinki (Finlandia)<\/p>\n<p style=\"text-align: justify;\">Oltra, E.; Cabiedes, L.; Riestra, R.; Gonz\u00e1lez, C.; Osorio, S. y Fern\u00e1ndez, B. (2012) \u201cCirug\u00eda menor como actividad de enfermer\u00eda familiar y comunitaria: epidemiolog\u00eda y an\u00e1lisis de calidad t\u00e9cnica\u201d, II Congreso Internacional y VIII Congreso Nacional de la Asociaci\u00f3n de Enfermer\u00eda Comunitaria, AEC, Barcelona<\/p>\n<p style=\"text-align: justify;\">Oltra, E.; Riestra, MR.; Osorio, S.; Gonz\u00e1lez, C.; Cabiedes, L. y Fern\u00e1ndez, B. (2012) \u201cCalidad percibida por los usuarios que precisan cirug\u00eda menor seg\u00fan nivel asistencial y profesional que interviene\u201d, XVI Encuentro Internacional de Investigaci\u00f3n en Cuidados, Cartagena<\/p>\n<p style=\"text-align: justify;\">Oltra, E.; Osorio, S.; Riestra, R.; Gonz\u00e1lez, C.; Cabiedes, L. y Fern\u00e1ndez, B. (2012) \u201cCirug\u00eda menor. Descripci\u00f3n y an\u00e1lisis comparativo de la calidad\u201d, XXXII Congreso de la Sociedad Espa\u00f1ola de Medicina de Familia y Comunitaria, Bilbao<\/p>\n","protected":false},"excerpt":{"rendered":"<p>Conferencias por invitaci\u00f3n y presentaciones p\u00fablicas de resultados de investigaci\u00f3n (2016) \u201cAlimentaci\u00f3n y crisis: una experiencia de investigaci\u00f3n interinstitucional en Asturias\u201d. Congreso de Investigaci\u00f3n en Innovaci\u00f3n Educativa.\u00a0 24 y 25 de mayo en la Universidad del Pa\u00eds Vasco(UPV\/EHU). (2015) \u201cMulticulturalismo, xenofobia y convivencia\u201d. Mesa redonda sobre inmigraci\u00f3n y emigraci\u00f3n, AdePaVaN; Centro cultural de Barredos, Pola [&hellip;]<\/p>\n","protected":false},"author":3,"featured_media":0,"parent":2040,"menu_order":0,"comment_status":"closed","ping_status":"closed","template":"","meta":{"_genesis_hide_title":false,"_genesis_hide_breadcrumbs":false,"_genesis_hide_singular_image":false,"_genesis_hide_footer_widgets":false,"_genesis_custom_body_class":"","_genesis_custom_post_class":"","_genesis_layout":"","footnotes":""},"class_list":{"0":"post-2052","1":"page","2":"type-page","3":"status-publish","5":"entry","6":"gs-1","7":"gs-odd","8":"gs-even","9":"gs-featured-content-entry"},"_links":{"self":[{"href":"https:\/\/www.unioviedo.es\/socialimen\/wp-json\/wp\/v2\/pages\/2052","targetHints":{"allow":["GET"]}}],"collection":[{"href":"https:\/\/www.unioviedo.es\/socialimen\/wp-json\/wp\/v2\/pages"}],"about":[{"href":"https:\/\/www.unioviedo.es\/socialimen\/wp-json\/wp\/v2\/types\/page"}],"author":[{"embeddable":true,"href":"https:\/\/www.unioviedo.es\/socialimen\/wp-json\/wp\/v2\/users\/3"}],"replies":[{"embeddable":true,"href":"https:\/\/www.unioviedo.es\/socialimen\/wp-json\/wp\/v2\/comments?post=2052"}],"version-history":[{"count":1,"href":"https:\/\/www.unioviedo.es\/socialimen\/wp-json\/wp\/v2\/pages\/2052\/revisions"}],"predecessor-version":[{"id":2053,"href":"https:\/\/www.unioviedo.es\/socialimen\/wp-json\/wp\/v2\/pages\/2052\/revisions\/2053"}],"up":[{"embeddable":true,"href":"https:\/\/www.unioviedo.es\/socialimen\/wp-json\/wp\/v2\/pages\/2040"}],"wp:attachment":[{"href":"https:\/\/www.unioviedo.es\/socialimen\/wp-json\/wp\/v2\/media?parent=2052"}],"curies":[{"name":"wp","href":"https:\/\/api.w.org\/{rel}","templated":true}]}}