{"id":3613,"date":"2023-04-21T11:11:48","date_gmt":"2023-04-21T09:11:48","guid":{"rendered":"https:\/\/www.unioviedo.es\/socialimen\/?page_id=3613"},"modified":"2023-09-25T10:52:42","modified_gmt":"2023-09-25T08:52:42","slug":"catia-grisa","status":"publish","type":"page","link":"https:\/\/www.unioviedo.es\/socialimen\/equipo\/visitantes\/catia-grisa\/","title":{"rendered":"Catia Grisa"},"content":{"rendered":"<p><strong><img loading=\"lazy\" decoding=\"async\" class=\" wp-image-3618 alignleft\" src=\"https:\/\/www.unioviedo.es\/socialimen\/wp-content\/uploads\/2023\/04\/catia-1-1.jpg\" alt=\"\" width=\"208\" height=\"230\" \/><\/strong><\/p>\n<p>&nbsp;<\/p>\n<p><strong>Categor\u00eda:<\/strong> Profesora-Investigadora<\/p>\n<p><strong>Facultad:<\/strong> Rio Grande do Sul (UFRGS)<\/p>\n<p><strong>\u00c1rea:<\/strong> Desarrollo Rural y Din\u00e1mica y Desarrollo Regional<\/p>\n<p style=\"text-align: justify;\">Doctorado en Ciencias Sociales. M\u00e1ster en Desarrollo Rural. Profesora en los Programas de Posgrado en Desarrollo Rural (PGDR) y Din\u00e1mica y Desarrollo Regional (PGDREDES), ambos en la Universidad Federal de Rio Grande do Sul (UFRGS). Secretaria Coordinadora de la Red de Estudios Rurales (2019-2021), Vicepresidente de la Sociedad Brasile\u00f1a de Econom\u00eda, Administraci\u00f3n y Sociolog\u00eda Rural (SOBER 2019-2023) y miembro del Comit\u00e9 Directivo de la Red de Pol\u00edticas P\u00fablicas y Desarrollo Rural en Am\u00e9rica Latina y el Caribe (Red PP-AL &#8211; 2017-2022). Miembro del Consejo de Estado para la Seguridad Alimentaria y Nutricional &#8211; CONSEA-Rio Grande do Sul. Tiene experiencia en las \u00e1reas de Ciencias Sociales, Sociolog\u00eda y Pol\u00edtica, con \u00e9nfasis en los campos de la sociolog\u00eda rural, las pol\u00edticas p\u00fablicas y el desarrollo rural. Desarrolla estudios e investigaciones sobre los siguientes temas: agricultura familiar, pol\u00edticas p\u00fablicas para la agricultura familiar, desarrollo rural, seguridad alimentaria y nutricional y pol\u00edticas alimentarias.<\/p>\n<h3><strong>Proyectos de investigaci\u00f3n bajo la coordinaci\u00f3n de la investigadora<\/strong><\/h3>\n<ul>\n<li style=\"text-align: justify;\"><strong>2022-2024 &#8211; Activismo alimentario y politizaci\u00f3n alimentaria: un an\u00e1lisis comparativo de las interacciones entre movimientos sociales, mercados y pol\u00edticas p\u00fablicas en las regiones metropolitanas brasile\u00f1as. <\/strong>Proyecto de investigaci\u00f3n con el apoyo del CNPQ y desarrollado por la UFRGS y otras universidades brasilen\u00e3s.<\/li>\n<li style=\"text-align: justify;\"><strong>2022-2024 &#8211; Construyendo capacidades estatales para transformar los sistemas agroalimentarios: un an\u00e1lisis de las pol\u00edticas alimentarias en las capitales brasile\u00f1as. <\/strong>Proyecto de investigaci\u00f3n con el apoyo del CNPQ.<\/li>\n<li style=\"text-align: justify;\"><strong>2022-2024 Construyendo pol\u00edticas alimentarias para transformar los sistemas alimentarios en Brasil y Espa\u00f1a: del activismo alimentario a la configuraci\u00f3n de instrumentos de pol\u00edtica p\u00fablica. <\/strong>Proyecto de investigaci\u00f3n con el apoyo del CNPQ.<strong>\u00a0<\/strong><\/li>\n<li style=\"text-align: justify;\"><strong>2020-2023- Projetos Capes-Cofecub<\/strong> \u2013 Sistemas Agroalimentares e Pol\u00edticas P\u00fablicas: constru\u00e7\u00e3o de inova\u00e7\u00f5es te\u00f3ricas e metodol\u00f3gicas para an\u00e1lise de experi\u00eancias internacionais. Proyecto de cooperaci\u00f3n internacional entre universidades brasile\u00f1as (UFRGS, UFRRJ, UFSC y Unila) e instituciones francesas (CIRAD y la Universidad Montpellier III).<\/li>\n<li style=\"text-align: justify;\"><strong>2020-2021 \u2013 Pol\u00edticas p\u00fablicas, seguridad alimentaria y sistemas alimentarios sostenibles en Am\u00e9rica Latina. <\/strong>Proyecto de investigaci\u00f3n desarrollado en el \u00e1mbito de la Red Politicas Publicas y Desarrollo Rural en Am\u00e9rica Latina y el Caribe (Red PPAL), un dispositivo que articula varias instituciones de ense\u00f1anza e investigaci\u00f3n en la Regi\u00f3n.<\/li>\n<\/ul>\n<h3><strong>Publicaciones<\/strong><\/h3>\n<p style=\"text-align: justify;\">COQ, J. L.; GRISA, C.; GUENEAU, S. G. E.; <a href=\"http:\/\/lattes.cnpq.br\/3985133612947371\">NIEDERLE, P.A.<\/a> <em>Public policies and food systems in Latin America<\/em>. 1. ed. Versailles: Quae, 2022. v. 1. 449p.<\/p>\n<p style=\"text-align: justify;\">NIEDERLE, P.; PETERSEN, P.; COUDEL, E.;\u00a0GRISA, C.; SCHMITT, C.; SABOURIN, E.; SCHNEIDER, E.; BRANDENBURG, A.; LAMINE, C. Ruptures in the agroecological transitions: institutional change and policy dismantling in Brazil. <em>Journal of Peasant Studies<\/em>, v. 49, p. 1-23, 2022.<\/p>\n<p style=\"text-align: justify;\">CHECHI, L.;\u00a0GRISA, C. Global climate agreements and policy translation in the Brazillian Agriculture: more the same. In: Walter Leal Filho; Ilija Djekic; Sergiy Smetana; Marina Kovaleva. (Org.). <em>Handbook of Climate Change Across the Food Supply Chain<\/em>. 1ed.Switzerland: Springer Cham, 2022, v. 1, p. 3-22.<\/p>\n<p style=\"text-align: justify;\">ZUNIGA-ESCOBAR, M.;\u00a0GRISA, C.; COELHO-DE-SOUZA, G. El caso de las compras p\u00fablicas a partir de la iniciativa Escuelas Sostenibles en Costa Rica. In: Alvaro Parrado-Barbosa; Eliziane Nicolodi Ruiz; Rozane Marcia Triches. (Org.). <em>Sustentabilidade, circuitos curtos de abastecimento e compras p\u00fablicas de alimentos<\/em>. 1ed.Chapec\u00f3: Editora UFFS, 2022, v. 1, p. 195-216.<\/p>\n<p style=\"text-align: justify;\"><a href=\"http:\/\/lattes.cnpq.br\/0234023827856266\">GRISA, C.<\/a>;\u00a0<a href=\"http:\/\/lattes.cnpq.br\/3985133612947371\">NIEDERLE, P.A.<\/a> Paradigms, Institutional Changes and Policy Dismantling In The Mercosur Specialized Meeting Of Family Farming. <em>Lua Nova<\/em>. Revista de Cultura e Pol\u00edtica, v. II, p. 251-282, 2021.<\/p>\n<p style=\"text-align: justify;\">COQ, J. L.;\u00a0GRISA, C.; GUENEAU, S. G. E.;\u00a0<a href=\"http:\/\/lattes.cnpq.br\/3985133612947371\">NIEDERLE, P. A.<\/a> <em>Pol\u00edticas P\u00fablicas y Sistemas Alimentarios en Am\u00e9rica Latina<\/em>. 1. ed. Rio de Janeiro: E-papers, 2021. v. 1. 550p.<\/p>\n<p style=\"text-align: justify;\">SABOURIN, E.;\u00a0GRISA, C.; PERAFAN, M. E. V.; AVILA, M.; CALDAS, E. L.; BALESTRO, M.; LOPES FILHO, M. A.; SAYAGO, D.; CALDERON, P. E. G. Difus\u00e3o de pol\u00edticas brasileiras para a agricultura familiar na Am\u00e9rica Latina e no Caribe. In: Porto de Oliveira, O; Kerches da Silva Leite, C; Montero, S.; Osorio Gonnet, C. (Org.). <em>Difus\u00e3o de pol\u00edticas na Am\u00e9rica Latina, da importa\u00e7\u00e3o a exporta\u00e7\u00e3o<\/em>. 1ed.S\u00e3o Paulo: Hucitec, 2021, v. 1, p. 112-160.<\/p>\n<p style=\"text-align: justify;\">THIES, V. F.;\u00a0GRISA, C.; BELIK, W.;\u00a0<a href=\"http:\/\/lattes.cnpq.br\/9374550818298328\">SCHNEIDER, S.<\/a> Public purchasing of family farming products under the Brazilian National School Feeding Programme (2011\u22122017). In: Luana F.J. Swensson; Danny Hunter; Sergio Schneider; Florence Tartanac. <em>Public food procurement for sustainable food systems and healthy diets<\/em>. 1ed.Roma: FAO, 2021, v. 2, p. 2-27.<\/p>\n<p style=\"text-align: justify;\">SABOURIN, E.;\u00a0GRISA, C.;\u00a0<a href=\"http:\/\/lattes.cnpq.br\/3985133612947371\">NIEDERLE, P.A.<\/a>; Leite, S.; MILHORANCE, C.; FERREIRA, A. D. ; SAUER, S. ; ANDRIGUETTO-FILHO, J. M. . Le d\u00e9mant\u00e8lement des politiques publiques rurales et environnementales au Br\u00e9sil. Cahiers Agricultures, v. 29, p. 1-8, 2020.<\/p>\n<p style=\"text-align: justify;\">SABOURIN, E.;\u00a0GRISA, C.; LOPES FILHO, M. A.; BALESTRO, M. V.; PERAFAN, M. E. V.; CALDAS, E. L.; AVILA, M.; SAYAGO, D. Regional diffusion of Brazilian social and rural public policies in Latin America and the Caribbean. In: Osmany Porto de Oliveira; Cecilia Osorio Gonnet; Sergio Montero; Cristiane Kerches da Silva Leite. (Org.). Latin America and Policy Diffusion: from Import to Export. 1ed.New York: Routledge, 2020, v. 1, p. 103-130.<\/p>\n<p style=\"text-align: justify;\"><a href=\"http:\/\/lattes.cnpq.br\/3985133612947371\">NIEDERLE, P.A.<\/a>;\u00a0GRISA, C.; PICOLOTTO, E. L.; SOLDERA, D. Narrative Disputes over Family-Farming Public Policies in Brazil: Conservative Attacks and Restricted Countermovements. LATIN AMERICAN RESEARCH REVIEW, v. 54, p. 707-720, 2019.<\/p>\n<p style=\"text-align: justify;\"><a href=\"http:\/\/lattes.cnpq.br\/0234023827856266\">GRISA, C.<\/a>;\u00a0<a href=\"http:\/\/lattes.cnpq.br\/3985133612947371\">NIEDERLE, P.A.<\/a> Transfer\u00eancia, Converg\u00eancia e Tradu\u00e7\u00e3o de Pol\u00edticas P\u00fablicas: A Experi\u00eancia da Reuni\u00e3o Especializada sobre Agricultura Familiar do Mercosul. DADOS &#8211; REVISTA DE CI\u00caNCIAS SOCIAIS, v. 62, p. 1-37, 2019.<\/p>\n<p style=\"text-align: justify;\">CALDERON, P. E. G.;\u00a0GRISA, C. Actores, redes y alimentos: la participaci\u00f3n de la agricultura familiar y campesina en la alimentaci\u00f3n escolar del Brasil y Colombia. REDES (SANTA CRUZ DO SUL. ONLINE), v. 24, p. 62-80, 2019.<\/p>\n<p style=\"text-align: justify;\"><a href=\"http:\/\/lattes.cnpq.br\/0234023827856266\">GRISA, C.<\/a>; DELGADO, N. De la conception \u00e0 la mise en oeuvre : id\u00e9es, int\u00e9r\u00eats et institutions dans les politiques de d\u00e9veloppement territorial au Br\u00e9sil. In: Philippe Bonnal; Genevi\u00e8ve Cortes; \u00c9ric Sabourin; Christian Poncet; Nelson Giordano Delgado; Sergio Pereira Leite. (Org.). ACT I O N P U B L I Q U E, DYNAMIQUES SOCIALES ET PAUVRET\u00c9 La territorialisation en d\u00e9bats. 1ed.Montpellier: Presses universitaires de la M\u00e9diterran\u00e9e, 2019, v. 1, p. 120-.<\/p>\n<p style=\"text-align: justify;\"><a href=\"http:\/\/lattes.cnpq.br\/3985133612947371\">NIEDERLE, P.A.<\/a>;\u00a0GRISA, C. From the neoliberal to the developmental state? the ambiguous political paradigm shift in Brazil. In: Alessandro Bonanno; Josefa Salete Barbosa Cavalcanti. (Org.). State capitalism under neoliberalism: the case of agriculture and food inBrazil. 1ed.Lanham: Lexington books, 2019, v. 1, p. 43-58.<\/p>\n<p style=\"text-align: justify;\">SABOURIN, E.;\u00a0GRISA, C.\u00a0(Org.) . A difus\u00e3o de pol\u00edticas brasileiras para a agricultura familiar na Am\u00e9rica Latina e Caribe. 1\u00ba. ed. Porto Alegre, Rio Grande do Sul: Escritos, 2018. v. 1. 286p .<\/p>\n<p style=\"text-align: justify;\"><a href=\"http:\/\/lattes.cnpq.br\/9374550818298328\">SCHNEIDER, S.<\/a>; THIES, V. F.;\u00a0GRISA, C.; BELIK, W. . Potential of Public Purchases as Markets for Family Farming: An Analysis of Brazilian School Feeding Program Between 2011 and 2014.. In: David Barling. (Org.). Advances in Food Security and Sustainability. 1ed.Burlington: Academic Press, 2016, v. 1, p. 69-95.<\/p>\n<p style=\"text-align: justify;\">FLEXOR, G.;\u00a0GRISA, C. Pol\u00edticas De Seguridad Alimentaria Y Agricultura Familiar En Brasil: Actores, Ideas e Instituciones. Am\u00e9rica Latina Hoy, v. 74, p. 39-54, 2016.<\/p>\n<p style=\"text-align: justify;\">FLEXOR, G.;\u00a0GRISA, C. Contention, ideas, and rules: the institutionalization of family farm policy in Brazil. Canadian Journal of Latin American and Caribbean Studies, p. 1-15, 2016.<\/p>\n<p style=\"text-align: justify;\"><a href=\"http:\/\/lattes.cnpq.br\/0234023827856266\">GRISA, C<\/a>;\u00a0<a href=\"http:\/\/lattes.cnpq.br\/9374550818298328\">SCHNEIDER, S<\/a>. Pol\u00edticas p\u00fablicas de desenvolvimento rural no Brasil. 1. ed. Porto Alegre: Editora da UFRGS, 2015. v. 1. 624p<\/p>\n","protected":false},"excerpt":{"rendered":"<p>&nbsp; Categor\u00eda: Profesora-Investigadora Facultad: Rio Grande do Sul (UFRGS) \u00c1rea: Desarrollo Rural y Din\u00e1mica y Desarrollo Regional Doctorado en Ciencias Sociales. M\u00e1ster en Desarrollo Rural. Profesora en los Programas de Posgrado en Desarrollo Rural (PGDR) y Din\u00e1mica y Desarrollo Regional (PGDREDES), ambos en la Universidad Federal de Rio Grande do Sul (UFRGS). Secretaria Coordinadora de [&hellip;]<\/p>\n","protected":false},"author":5,"featured_media":3618,"parent":562,"menu_order":2,"comment_status":"closed","ping_status":"closed","template":"","meta":{"_genesis_hide_title":false,"_genesis_hide_breadcrumbs":false,"_genesis_hide_singular_image":false,"_genesis_hide_footer_widgets":false,"_genesis_custom_body_class":"","_genesis_custom_post_class":"","_genesis_layout":"","footnotes":""},"class_list":{"0":"post-3613","1":"page","2":"type-page","3":"status-publish","4":"has-post-thumbnail","6":"entry","7":"gs-1","8":"gs-odd","9":"gs-even","10":"gs-featured-content-entry"},"_links":{"self":[{"href":"https:\/\/www.unioviedo.es\/socialimen\/wp-json\/wp\/v2\/pages\/3613","targetHints":{"allow":["GET"]}}],"collection":[{"href":"https:\/\/www.unioviedo.es\/socialimen\/wp-json\/wp\/v2\/pages"}],"about":[{"href":"https:\/\/www.unioviedo.es\/socialimen\/wp-json\/wp\/v2\/types\/page"}],"author":[{"embeddable":true,"href":"https:\/\/www.unioviedo.es\/socialimen\/wp-json\/wp\/v2\/users\/5"}],"replies":[{"embeddable":true,"href":"https:\/\/www.unioviedo.es\/socialimen\/wp-json\/wp\/v2\/comments?post=3613"}],"version-history":[{"count":6,"href":"https:\/\/www.unioviedo.es\/socialimen\/wp-json\/wp\/v2\/pages\/3613\/revisions"}],"predecessor-version":[{"id":3859,"href":"https:\/\/www.unioviedo.es\/socialimen\/wp-json\/wp\/v2\/pages\/3613\/revisions\/3859"}],"up":[{"embeddable":true,"href":"https:\/\/www.unioviedo.es\/socialimen\/wp-json\/wp\/v2\/pages\/562"}],"wp:featuredmedia":[{"embeddable":true,"href":"https:\/\/www.unioviedo.es\/socialimen\/wp-json\/wp\/v2\/media\/3618"}],"wp:attachment":[{"href":"https:\/\/www.unioviedo.es\/socialimen\/wp-json\/wp\/v2\/media?parent=3613"}],"curies":[{"name":"wp","href":"https:\/\/api.w.org\/{rel}","templated":true}]}}