{"id":46,"date":"2015-12-17T20:20:26","date_gmt":"2015-12-17T19:20:26","guid":{"rendered":"http:\/\/www.unioviedo.es\/socialimen\/?page_id=46"},"modified":"2020-12-22T12:04:54","modified_gmt":"2020-12-22T11:04:54","slug":"equipo","status":"publish","type":"page","link":"https:\/\/www.unioviedo.es\/socialimen\/equipo\/","title":{"rendered":"Equipo"},"content":{"rendered":"<figure id=\"attachment_1417\" aria-describedby=\"caption-attachment-1417\" style=\"width: 1000px\" class=\"wp-caption aligncenter\"><a href=\"http:\/\/www.unioviedo.es\/socialimen\/wp-content\/uploads\/2016\/01\/grupo-socialimen-1.jpg\" rel=\"attachment wp-att-1417\"><img loading=\"lazy\" decoding=\"async\" class=\"wp-image-1417 size-full\" title=\"Miembros del Grupo de Investigaci\u00f3n en Sociolog\u00eda de la Alimentaci\u00f3n\" src=\"http:\/\/www.unioviedo.es\/socialimen\/wp-content\/uploads\/2016\/01\/grupo-socialimen-1.jpg\" alt=\"Miembros del Grupo de Investigaci\u00f3n en Sociolog\u00eda de la Alimentaci\u00f3n\" width=\"1000\" height=\"766\" srcset=\"https:\/\/www.unioviedo.es\/socialimen\/wp-content\/uploads\/2016\/01\/grupo-socialimen-1.jpg 1000w, https:\/\/www.unioviedo.es\/socialimen\/wp-content\/uploads\/2016\/01\/grupo-socialimen-1-300x230.jpg 300w, https:\/\/www.unioviedo.es\/socialimen\/wp-content\/uploads\/2016\/01\/grupo-socialimen-1-768x588.jpg 768w\" sizes=\"auto, (max-width: 1000px) 100vw, 1000px\" \/><\/a><figcaption id=\"caption-attachment-1417\" class=\"wp-caption-text\">Miembros del Grupo de Investigaci\u00f3n en Sociolog\u00eda de la Alimentaci\u00f3n<\/figcaption><\/figure>\n<h2 style=\"font-size: 18px; background-color: #b4b9be; padding: 5px; color: #ffffff;\">Investigadores UNIOVI<\/h2>\n\n<!-- Page-list plugin v.5.2 wordpress.org\/plugins\/page-list\/ -->\n<div class=\"page-list page-list-ext \">\n<div class=\"page-list-ext-item\"><div class=\"page-list-ext-image\"><a href=\"https:\/\/www.unioviedo.es\/socialimen\/equipo\/investigadores-uniovi\/cecilia-diaz-mendez1\/\" title=\"Cecilia D\u00edaz M\u00e9ndez (Directora)\"><img decoding=\"async\" src=\"https:\/\/www.unioviedo.es\/socialimen\/wp-content\/uploads\/2021\/10\/cecilia-2020-100x100.jpg\" width=\"100\" alt=\"Cecilia D\u00edaz M\u00e9ndez (Directora)\" \/><\/a><\/div> <h3 class=\"page-list-ext-title\"><a href=\"https:\/\/www.unioviedo.es\/socialimen\/equipo\/investigadores-uniovi\/cecilia-diaz-mendez1\/\" title=\"Cecilia D\u00edaz M\u00e9ndez (Directora)\">Cecilia D\u00edaz M\u00e9ndez (Directora)<\/a><\/h3><div class=\"page-list-ext-item-content\">Categor\u00eda:  CATEDR\u00c1TICA DE UNIVERSIDAD (Doctora en Sociolog\u00eda).\r\nDepartamento:  SOCIOLOG\u00cdA\r\n\u00c1rea:  Sociolog\u00eda\r\nDirecci\u00f3n:  Universidad de Oviedo. Departamento de Sociolog\u00eda. Facultad de Econom\u00eda y Empresa. Edificio Departamental, 2\u00ba Planta. Campus de...<\/div><\/div>\n<div class=\"page-list-ext-item\"><div class=\"page-list-ext-image\"><a href=\"https:\/\/www.unioviedo.es\/socialimen\/equipo\/investigadores-uniovi\/laura-cabiedes-miragaya-2\/\" title=\"Laura Cabiedes Miragaya\"><img decoding=\"async\" src=\"https:\/\/www.unioviedo.es\/socialimen\/wp-content\/uploads\/2016\/01\/Laura-Cabiedes-100x100.jpg\" width=\"100\" alt=\"Laura Cabiedes Miragaya\" \/><\/a><\/div> <h3 class=\"page-list-ext-title\"><a href=\"https:\/\/www.unioviedo.es\/socialimen\/equipo\/investigadores-uniovi\/laura-cabiedes-miragaya-2\/\" title=\"Laura Cabiedes Miragaya\">Laura Cabiedes Miragaya<\/a><\/h3><div class=\"page-list-ext-item-content\">\r\n\r\nCategor\u00eda:  TITULAR DE UNIVERSIDAD. (Doctora en Econom\u00eda).\r\n Departamento:  ECONOM\u00cdA APLICADA\r\n \u00c1rea:  ECONOM\u00cdA APLICADA.\r\nDirecci\u00f3n:\u00a0 Universidad de Oviedo.\u00a0Departamento de Econom\u00eda Aplicada.\u00a0Facultad de Econom\u00eda y Empresa.\u00a0Edificio Departamental, 2\u00ba Planta.\u00a0...<\/div><\/div>\n<div class=\"page-list-ext-item\"><div class=\"page-list-ext-image\"><a href=\"https:\/\/www.unioviedo.es\/socialimen\/equipo\/investigadores-uniovi\/maria-isabel-garcia-espejo\/\" title=\"Mar\u00eda Isabel Garc\u00eda Espejo\"><img decoding=\"async\" src=\"https:\/\/www.unioviedo.es\/socialimen\/wp-content\/uploads\/2024\/10\/isabel-garcia-espejo-100x100.jpg\" width=\"100\" alt=\"Mar\u00eda Isabel Garc\u00eda Espejo\" \/><\/a><\/div> <h3 class=\"page-list-ext-title\"><a href=\"https:\/\/www.unioviedo.es\/socialimen\/equipo\/investigadores-uniovi\/maria-isabel-garcia-espejo\/\" title=\"Mar\u00eda Isabel Garc\u00eda Espejo\">Mar\u00eda Isabel Garc\u00eda Espejo<\/a><\/h3><div class=\"page-list-ext-item-content\">Categor\u00eda:  PROFESORA TITULAR DE UNIVERSIDAD. (Doctora en Sociolog\u00eda)\r\nDepartamento:  SOCIOLOG\u00cdA\r\n\u00c1rea:  Grupo de Investigaci\u00f3n en Sociolog\u00eda de la Alimentaci\u00f3n.\r\nDirecci\u00f3n:  Universidad de Oviedo. Departamento de Sociolog\u00eda. Facultad de Econom\u00eda y Empresa...<\/div><\/div>\n<div class=\"page-list-ext-item\"><div class=\"page-list-ext-image\"><a href=\"https:\/\/www.unioviedo.es\/socialimen\/equipo\/investigadores-uniovi\/nuria-hernandez-nanclares\/\" title=\"N\u00faria Hern\u00e1ndez Nanclares\"><img decoding=\"async\" src=\"https:\/\/www.unioviedo.es\/socialimen\/wp-content\/uploads\/2016\/02\/N\u00faria-Hernandez-Nanclares-100x100.jpg\" width=\"100\" alt=\"N\u00faria Hern\u00e1ndez Nanclares\" \/><\/a><\/div> <h3 class=\"page-list-ext-title\"><a href=\"https:\/\/www.unioviedo.es\/socialimen\/equipo\/investigadores-uniovi\/nuria-hernandez-nanclares\/\" title=\"N\u00faria Hern\u00e1ndez Nanclares\">N\u00faria Hern\u00e1ndez Nanclares<\/a><\/h3><div class=\"page-list-ext-item-content\">Categor\u00eda:  PROFESORA TITULAR\r\n (Doctora en Econom\u00eda).\r\n Departamento:  ECONOM\u00cdA\r\n \u00c1rea:  Econom\u00eda\r\nDirecci\u00f3n:\u00a0 Universidad de Oviedo.\u00a0Departamento de Econom\u00eda Aplicada.\u00a0Facultad de Econom\u00eda y Empresa.\u00a0Edificio Departamental, 2\u00ba Planta.\u00a0Campus de El Cristo....<\/div><\/div>\n<div class=\"page-list-ext-item\"><div class=\"page-list-ext-image\"><a href=\"https:\/\/www.unioviedo.es\/socialimen\/equipo\/investigadores-uniovi\/maria-amparo-novo-vazquez-2\/\" title=\"Mar\u00eda Amparo Novo V\u00e1zquez\"><img decoding=\"async\" src=\"https:\/\/www.unioviedo.es\/socialimen\/wp-content\/uploads\/2021\/10\/amparo-novo-100x100.jpg\" width=\"100\" alt=\"Mar\u00eda Amparo Novo V\u00e1zquez\" \/><\/a><\/div> <h3 class=\"page-list-ext-title\"><a href=\"https:\/\/www.unioviedo.es\/socialimen\/equipo\/investigadores-uniovi\/maria-amparo-novo-vazquez-2\/\" title=\"Mar\u00eda Amparo Novo V\u00e1zquez\">Mar\u00eda Amparo Novo V\u00e1zquez<\/a><\/h3><div class=\"page-list-ext-item-content\">Categor\u00eda:  PROFESORA CONTRATADA DOCTORA. (Doctora en Ciencia Pol\u00edtica).\r\n Departamento: \u00a0SOCIOLOG\u00cdA\r\n \u00c1rea:\u00a0 Grupo de Investigaci\u00f3n en Sociolog\u00eda de la Alimentaci\u00f3n.\r\nDirecci\u00f3n:\u00a0 Universidad de Oviedo.\u00a0Departamento de Sociolog\u00eda.\u00a0Facultad de Econom\u00eda y...<\/div><\/div>\n<div class=\"page-list-ext-item\"><div class=\"page-list-ext-image\"><a href=\"https:\/\/www.unioviedo.es\/socialimen\/equipo\/investigadores-uniovi\/sonia-otero-estevez\/\" title=\"Sonia Otero Est\u00e9vez\"><img decoding=\"async\" src=\"https:\/\/www.unioviedo.es\/socialimen\/wp-content\/uploads\/2021\/10\/Foto-Sonia-para-GI-100x100.jpg\" width=\"100\" alt=\"Sonia Otero Est\u00e9vez\" \/><\/a><\/div> <h3 class=\"page-list-ext-title\"><a href=\"https:\/\/www.unioviedo.es\/socialimen\/equipo\/investigadores-uniovi\/sonia-otero-estevez\/\" title=\"Sonia Otero Est\u00e9vez\">Sonia Otero Est\u00e9vez<\/a><\/h3><div class=\"page-list-ext-item-content\">Categor\u00eda:  INVESTIGADORA POSTDOCTORAL. \r\n\r\nDepartamento:  SOCIOLOG\u00cdA\r\n\r\n\u00c1rea:  Sociolog\u00eda\r\n\r\nDirecci\u00f3n:\u00a0 Universidad de Oviedo.\u00a0Departamento de Sociolog\u00eda.\u00a0Facultad de Econom\u00eda y Empresa.\u00a0Edificio Departamental, 2\u00ba Planta.\u00a0Campus de El Cristo.\r\n33006 Oviedo. Astu...<\/div><\/div>\n<div class=\"page-list-ext-item\"><div class=\"page-list-ext-image\"><a href=\"https:\/\/www.unioviedo.es\/socialimen\/equipo\/investigadores-uniovi\/jose-manuel-parrilla-fernandez\/\" title=\"Jos\u00e9 Manuel Parrilla Fern\u00e1ndez\"><img decoding=\"async\" src=\"https:\/\/www.unioviedo.es\/socialimen\/wp-content\/uploads\/2016\/01\/Jose-manuel-parrilla-1-100x100.jpg\" width=\"100\" alt=\"Jos\u00e9 Manuel Parrilla Fern\u00e1ndez\" \/><\/a><\/div> <h3 class=\"page-list-ext-title\"><a href=\"https:\/\/www.unioviedo.es\/socialimen\/equipo\/investigadores-uniovi\/jose-manuel-parrilla-fernandez\/\" title=\"Jos\u00e9 Manuel Parrilla Fern\u00e1ndez\">Jos\u00e9 Manuel Parrilla Fern\u00e1ndez<\/a><\/h3><div class=\"page-list-ext-item-content\"> Categor\u00eda: \u00a0PROFESOR CONTRATADO.\u00a0(Doctor en Sociolog\u00eda). \r\n\r\nDepartamento: \u00a0SOCIOLOG\u00cdA \r\n\r\n\u00c1rea:  Sociolog\u00eda\r\n\r\nDirecci\u00f3n:\u00a0 Universidad de Oviedo.\u00a0Departamento de Sociolog\u00eda.\u00a0Facultad de Econom\u00eda y Empresa.\u00a0Edificio Departamental, 2\u00ba Planta.\u00a0Campus ...<\/div><\/div>\n<div class=\"page-list-ext-item\"><div class=\"page-list-ext-image\"><a href=\"https:\/\/www.unioviedo.es\/socialimen\/equipo\/investigadores-uniovi\/socialimequipoinvestigadores-uniovimaria-trinidad-pascual-fernandez\/\" title=\"Mar\u00eda Trinidad Pascual Fern\u00e1ndez\"><img decoding=\"async\" src=\"https:\/\/www.unioviedo.es\/socialimen\/wp-content\/uploads\/2021\/10\/trini-100x100.png\" width=\"100\" alt=\"Mar\u00eda Trinidad Pascual Fern\u00e1ndez\" \/><\/a><\/div> <h3 class=\"page-list-ext-title\"><a href=\"https:\/\/www.unioviedo.es\/socialimen\/equipo\/investigadores-uniovi\/socialimequipoinvestigadores-uniovimaria-trinidad-pascual-fernandez\/\" title=\"Mar\u00eda Trinidad Pascual Fern\u00e1ndez\">Mar\u00eda Trinidad Pascual Fern\u00e1ndez<\/a><\/h3><div class=\"page-list-ext-item-content\">&nbsp;\r\n\r\n Profesora Colaboradora (Doctora en Sociolog\u00eda).\r\nDepartamento:  SOCIOLOG\u00cdA\r\n\u00c1rea:  Trabajo Social\r\nDirecci\u00f3n:  Universidad de Oviedo. Departamento de Sociolog\u00eda. Facultad de Comercio, Turismo y Ciencias Sociales \"Jovellanos\", 3\u00aa Planta. Calle...<\/div><\/div>\n<div class=\"page-list-ext-item\"><div class=\"page-list-ext-image\"><a href=\"https:\/\/www.unioviedo.es\/socialimen\/equipo\/investigadores-uniovi\/rocio-perez-ganan\/\" title=\"Roc\u00edo P\u00e9rez Ga\u00f1\u00e1n\"><img decoding=\"async\" src=\"https:\/\/www.unioviedo.es\/socialimen\/wp-content\/uploads\/2022\/10\/Rofoto_opt-100x100.jpg\" width=\"100\" alt=\"Roc\u00edo P\u00e9rez Ga\u00f1\u00e1n\" \/><\/a><\/div> <h3 class=\"page-list-ext-title\"><a href=\"https:\/\/www.unioviedo.es\/socialimen\/equipo\/investigadores-uniovi\/rocio-perez-ganan\/\" title=\"Roc\u00edo P\u00e9rez Ga\u00f1\u00e1n\">Roc\u00edo P\u00e9rez Ga\u00f1\u00e1n<\/a><\/h3><div class=\"page-list-ext-item-content\">Categor\u00eda:  Profesora Ayudante (Doctora en Antropolog\u00eda)\r\nDepartamento:  SOCIOLOG\u00cdA\r\n\u00c1rea:  Sociolog\u00eda\r\nDirecci\u00f3n:  Universidad de Oviedo. Departamento de Sociolog\u00eda. Facultad de Comercio, Turismo y Ciencias Sociales \"Jovellanos\", Gij\u00f3n. Asturias (Espa\u00f1a...<\/div><\/div>\n<div class=\"page-list-ext-item\"><div class=\"page-list-ext-image\"><a href=\"https:\/\/www.unioviedo.es\/socialimen\/equipo\/investigadores-uniovi\/sandra-sanchez-sanchez\/\" title=\"Sandra S\u00e1nchez S\u00e1nchez\"><img decoding=\"async\" src=\"https:\/\/www.unioviedo.es\/socialimen\/wp-content\/uploads\/2021\/10\/sandra-web-grupo-100x100.jpg\" width=\"100\" alt=\"Sandra S\u00e1nchez S\u00e1nchez\" \/><\/a><\/div> <h3 class=\"page-list-ext-title\"><a href=\"https:\/\/www.unioviedo.es\/socialimen\/equipo\/investigadores-uniovi\/sandra-sanchez-sanchez\/\" title=\"Sandra S\u00e1nchez S\u00e1nchez\">Sandra S\u00e1nchez S\u00e1nchez<\/a><\/h3><div class=\"page-list-ext-item-content\">Categor\u00eda:  Profesora Asociada\r\n Departamento:  SOCIOLOG\u00cdA\r\n \u00c1rea:  Sociolog\u00eda\r\nDirecci\u00f3n:\u00a0 Universidad de Oviedo.\u00a0Departamento de Sociolog\u00eda.\u00a0Facultad de Econom\u00eda y Empresa.\u00a0Edificio Departamental, 2\u00ba Planta.\u00a0Campus de El Cristo.\r\n33006 Oviedo. Astu...<\/div><\/div>\n<div class=\"page-list-ext-item\"><div class=\"page-list-ext-image\"><a href=\"https:\/\/www.unioviedo.es\/socialimen\/equipo\/investigadores-uniovi\/hans-peter-van-den-broek\/\" title=\"Hans Peter van den Broek\"><img decoding=\"async\" src=\"https:\/\/www.unioviedo.es\/socialimen\/wp-content\/uploads\/2016\/01\/Hans-van-den-Broek-100x100.jpg\" width=\"100\" alt=\"Hans Peter van den Broek\" \/><\/a><\/div> <h3 class=\"page-list-ext-title\"><a href=\"https:\/\/www.unioviedo.es\/socialimen\/equipo\/investigadores-uniovi\/hans-peter-van-den-broek\/\" title=\"Hans Peter van den Broek\">Hans Peter van den Broek<\/a><\/h3><div class=\"page-list-ext-item-content\">\r\n\r\nCategor\u00eda: \u00a0PROFESOR AYUDANTE.\u00a0(Doctor en Sociolog\u00eda)\r\n \r\n\r\nDepartamento: \u00a0SOCIOLOG\u00cdA\r\n \r\n\r\n\u00c1rea:\u00a0 Grupo de Investigaci\u00f3n en Sociolog\u00eda de la Alimentaci\u00f3n.\r\n\r\nDirecci\u00f3n:\u00a0 Universidad de Oviedo.\u00a0Departamento de Sociolog\u00eda.\u00a0Facultad de Econom\u00eda y E...<\/div><\/div>\n\n<\/div>\n<h2 style=\"font-size: 18px; background-color: #b4b9be; padding: 5px; color: #ffffff;\">Investigadores de otras Universidades<\/h2>\n\n<!-- Page-list plugin v.5.2 wordpress.org\/plugins\/page-list\/ -->\n<div class=\"page-list page-list-ext \">\n<div class=\"page-list-ext-item\"><div class=\"page-list-ext-image\"><a href=\"https:\/\/www.unioviedo.es\/socialimen\/equipo\/investigadores-de-otras-universidades\/manuel-javier-callejo-gallego\/\" title=\"Manuel Javier Callejo Gallego\"><img decoding=\"async\" src=\"https:\/\/www.unioviedo.es\/socialimen\/wp-content\/uploads\/2021\/10\/javier-callejo-100x100.png\" width=\"100\" alt=\"Manuel Javier Callejo Gallego\" \/><\/a><\/div> <h3 class=\"page-list-ext-title\"><a href=\"https:\/\/www.unioviedo.es\/socialimen\/equipo\/investigadores-de-otras-universidades\/manuel-javier-callejo-gallego\/\" title=\"Manuel Javier Callejo Gallego\">Manuel Javier Callejo Gallego<\/a><\/h3><div class=\"page-list-ext-item-content\">Categor\u00eda:  CATEDR\u00c1TICO DE SOCIOLOG\u00cdA (Universidad Nacional de Educaci\u00f3n a Distancia) \r\n Departamento: \u00a0SOCIOLOG\u00cdA\r\n \u00c1rea:\u00a0 Grupo de Investigaci\u00f3n en Sociolog\u00eda de la Alimentaci\u00f3n.\r\nDirecci\u00f3n:\u00a0 Universidad de Oviedo.\u00a0Departamento de Sociolog\u00eda.\u00a0Facultad de Econom\u00eda y E...<\/div><\/div>\n<div class=\"page-list-ext-item\"><div class=\"page-list-ext-image\"><a href=\"https:\/\/www.unioviedo.es\/socialimen\/equipo\/investigadores-de-otras-universidades\/cristobal-gomez-benito\/\" title=\"Crist\u00f3bal G\u00f3mez Benito\"><img decoding=\"async\" src=\"https:\/\/www.unioviedo.es\/socialimen\/wp-content\/uploads\/2021\/10\/cristobal-100x100.jpg\" width=\"100\" alt=\"Crist\u00f3bal G\u00f3mez Benito\" \/><\/a><\/div> <h3 class=\"page-list-ext-title\"><a href=\"https:\/\/www.unioviedo.es\/socialimen\/equipo\/investigadores-de-otras-universidades\/cristobal-gomez-benito\/\" title=\"Crist\u00f3bal G\u00f3mez Benito\">Crist\u00f3bal G\u00f3mez Benito<\/a><\/h3><div class=\"page-list-ext-item-content\">Categor\u00eda: \u00a0INVESTIGADOR DE OTRO CENTRO I+D.\u00a0(Universidad Nacional de Educaci\u00f3n a Distancia) \r\n Departamento:  Estructura social\r\n \u00c1rea:  Sociolog\u00eda\r\nDirecci\u00f3n:\u00a0 Universidad Nacional de Educaci\u00f3n a Distancia . Calle del Obispo Trejo, 2, 28040 Madrid\r\n...<\/div><\/div>\n<div class=\"page-list-ext-item\"><div class=\"page-list-ext-image\"><a href=\"https:\/\/www.unioviedo.es\/socialimen\/equipo\/investigadores-de-otras-universidades\/paloma-herrero-racionero\/\" title=\"Paloma Herrera Racionero\"><img decoding=\"async\" src=\"https:\/\/www.unioviedo.es\/socialimen\/wp-content\/uploads\/2021\/10\/paloma-herrera-100x100.jpg\" width=\"100\" alt=\"Paloma Herrera Racionero\" \/><\/a><\/div> <h3 class=\"page-list-ext-title\"><a href=\"https:\/\/www.unioviedo.es\/socialimen\/equipo\/investigadores-de-otras-universidades\/paloma-herrero-racionero\/\" title=\"Paloma Herrera Racionero\">Paloma Herrera Racionero<\/a><\/h3><div class=\"page-list-ext-item-content\">Categor\u00eda:  PROFESORA TITULAR DE UNIVERSIDAD (Universidad Polit\u00e9cnica de Valencia).\r\nDepartamento: \u00a0Departamento de Econom\u00eda y Ciencias Sociales\r\n\u00c1rea:  Sociolog\u00eda\r\nDirecci\u00f3n:  Escola Polit\u00e8cnica Superior de Gandia Universitat Polit\u00e8cnica de Val\u00e8ncia...<\/div><\/div>\n<div class=\"page-list-ext-item\"><div class=\"page-list-ext-image\"><a href=\"https:\/\/www.unioviedo.es\/socialimen\/equipo\/investigadores-de-otras-universidades\/carmen-maria-lozano-cabedo\/\" title=\"Carmen Mar\u00eda Lozano Cabedo\"><img decoding=\"async\" src=\"https:\/\/www.unioviedo.es\/socialimen\/wp-content\/uploads\/2021\/10\/carmen-lozano-100x100.png\" width=\"100\" alt=\"Carmen Mar\u00eda Lozano Cabedo\" \/><\/a><\/div> <h3 class=\"page-list-ext-title\"><a href=\"https:\/\/www.unioviedo.es\/socialimen\/equipo\/investigadores-de-otras-universidades\/carmen-maria-lozano-cabedo\/\" title=\"Carmen Mar\u00eda Lozano Cabedo\">Carmen Mar\u00eda Lozano Cabedo<\/a><\/h3><div class=\"page-list-ext-item-content\"> \r\nCategor\u00eda: \u00a0INVESTIGADOR DE OTRO CENTRO I+D. (Universidad Nacional de Educaci\u00f3n a Distancia)(Doctora en Antropolog\u00eda Social)\r\nDepartamento: \u00a0Departamento de Sociolog\u00eda II (Estructura Social)\r\n\u00c1rea: Sociolog\u00eda \r\nDirecci\u00f3n:  Facultad de Ciencias Pol\u00edtica...<\/div><\/div>\n<div class=\"page-list-ext-item\"><div class=\"page-list-ext-image\"><a href=\"https:\/\/www.unioviedo.es\/socialimen\/equipo\/investigadores-de-otras-universidades\/maycon-noremberg-schubert\/\" title=\"Maycon Noremberg Schubert\"><img decoding=\"async\" src=\"https:\/\/www.unioviedo.es\/socialimen\/wp-content\/uploads\/2021\/10\/Maycon-100x100.png\" width=\"100\" alt=\"Maycon Noremberg Schubert\" \/><\/a><\/div> <h3 class=\"page-list-ext-title\"><a href=\"https:\/\/www.unioviedo.es\/socialimen\/equipo\/investigadores-de-otras-universidades\/maycon-noremberg-schubert\/\" title=\"Maycon Noremberg Schubert\">Maycon Noremberg Schubert<\/a><\/h3><div class=\"page-list-ext-item-content\">Categor\u00eda:  PROFESSOS ADJUNTO CLASSE C, N\u00cdVEL 1 \r\nDepartamento:  SOCIOLOG\u00cdA\r\nDirecci\u00f3n:  Universidade Federal do Rio Grande do Sul. Av. Bento Gon\u00e7alves, 9.500. Departamento de Sociologia. Campus do Vale. Porto Alegre, Rio Grande do Sul, Brasil. CEP: 9150...<\/div><\/div>\n<div class=\"page-list-ext-item\"><div class=\"page-list-ext-image\"><a href=\"https:\/\/www.unioviedo.es\/socialimen\/equipo\/investigadores-de-otras-universidades\/guadalupe-ramos-truchero\/\" title=\"Guadalupe Ramos Truchero\"><img decoding=\"async\" src=\"https:\/\/www.unioviedo.es\/socialimen\/wp-content\/uploads\/2021\/10\/guadalupe-100x100.png\" width=\"100\" alt=\"Guadalupe Ramos Truchero\" \/><\/a><\/div> <h3 class=\"page-list-ext-title\"><a href=\"https:\/\/www.unioviedo.es\/socialimen\/equipo\/investigadores-de-otras-universidades\/guadalupe-ramos-truchero\/\" title=\"Guadalupe Ramos Truchero\">Guadalupe Ramos Truchero<\/a><\/h3><div class=\"page-list-ext-item-content\"> Categor\u00eda:  INVESTIGADOR DE OTRO CENTRO I+D. Profesora Contratada Doctora (Universidad de Valladolid).\r\nFacultad:  Facultad de Educaci\u00f3n y Trabajo Social, Valladolid\r\n\u00c1rea:  Sociolog\u00eda\r\nDirecci\u00f3n:  Campus Miguel Delibes, Paseo de Bel\u00e9n, 1 Valladolid 47011...<\/div><\/div>\n\n<\/div>\n<h2 style=\"font-size: 18px; background-color: #b4b9be; padding: 5px; color: #ffffff;\">Personal en formaci\u00f3n<\/h2>\n\n<!-- Page-list plugin v.5.2 wordpress.org\/plugins\/page-list\/ -->\n<div class=\"page-list page-list-ext \">\n<div class=\"page-list-ext-item\"><div class=\"page-list-ext-image\"><a href=\"https:\/\/www.unioviedo.es\/socialimen\/equipo\/personal-en-formacion\/lydia-castellanos-hevia\/\" title=\"Lydia Castellanos Hevia\"><img decoding=\"async\" src=\"https:\/\/www.unioviedo.es\/socialimen\/wp-content\/uploads\/2023\/10\/foto-CV-100x100.jpg\" width=\"100\" alt=\"Lydia Castellanos Hevia\" \/><\/a><\/div> <h3 class=\"page-list-ext-title\"><a href=\"https:\/\/www.unioviedo.es\/socialimen\/equipo\/personal-en-formacion\/lydia-castellanos-hevia\/\" title=\"Lydia Castellanos Hevia\">Lydia Castellanos Hevia<\/a><\/h3><div class=\"page-list-ext-item-content\">\r\n\r\nCategor\u00eda:  BECARIA PREDOCTORAL\r\n\r\nDepartamento:  SOCIOLOG\u00cdA\r\n\r\nCorreo:  castellanoslydia@uniovi.es || UO251223@uniovi.es\r\nLydia Castellanos Hevia es graduada en Trabajo Social por la Universidad de Oviedo (2021) y M\u00e1ster en Prevenci\u00f3n de Riesgos Lab...<\/div><\/div>\n<div class=\"page-list-ext-item\"><div class=\"page-list-ext-image\"><a href=\"https:\/\/www.unioviedo.es\/socialimen\/equipo\/personal-en-formacion\/nerea-esmoris-varela\/\" title=\"Nerea Esmor\u00eds Varela\"><img decoding=\"async\" src=\"https:\/\/www.unioviedo.es\/socialimen\/wp-content\/uploads\/2021\/10\/nerea1-100x100.jpg\" width=\"100\" alt=\"Nerea Esmor\u00eds Varela\" \/><\/a><\/div> <h3 class=\"page-list-ext-title\"><a href=\"https:\/\/www.unioviedo.es\/socialimen\/equipo\/personal-en-formacion\/nerea-esmoris-varela\/\" title=\"Nerea Esmor\u00eds Varela\">Nerea Esmor\u00eds Varela<\/a><\/h3><div class=\"page-list-ext-item-content\">Categor\u00eda:  BECARIA PREDOCTORAL\r\n\r\nDepartamento:  SOCIOLOG\u00cdA\r\nT\u00e9cnica superior en Integraci\u00f3n Social (2014), Graduada en Sociolog\u00eda por la Universidad de A Coru\u00f1a (2018 y \u00a0M\u00e1ster en Historia y An\u00e1lisis Sociocultural por la Universidad de Oviedo (2019). ...<\/div><\/div>\n<div class=\"page-list-ext-item\"><div class=\"page-list-ext-image\"><a href=\"https:\/\/www.unioviedo.es\/socialimen\/equipo\/personal-en-formacion\/maria-gonzalez-alvarez\/\" title=\"Mar\u00eda Gonz\u00e1lez \u00c1lvarez\"><img decoding=\"async\" src=\"https:\/\/www.unioviedo.es\/socialimen\/wp-content\/uploads\/2016\/01\/Maria-Gonzalez-Alvarez-100x100.jpg\" width=\"100\" alt=\"Mar\u00eda Gonz\u00e1lez \u00c1lvarez\" \/><\/a><\/div> <h3 class=\"page-list-ext-title\"><a href=\"https:\/\/www.unioviedo.es\/socialimen\/equipo\/personal-en-formacion\/maria-gonzalez-alvarez\/\" title=\"Mar\u00eda Gonz\u00e1lez \u00c1lvarez\">Mar\u00eda Gonz\u00e1lez \u00c1lvarez<\/a><\/h3><div class=\"page-list-ext-item-content\">\r\n\r\nCategor\u00eda:  INVESTIGADORA\r\n\r\nDepartamento:  SOCIOLOG\u00cdA\r\n\r\n\u00c1rea:  Sociolog\u00eda\r\n\r\nDirecci\u00f3n:\u00a0 Universidad de Oviedo.\u00a0Departamento de Sociolog\u00eda.\u00a0Facultad de Econom\u00eda y Empresa.\u00a0Edificio Departamental, 2\u00ba Planta.\u00a0Campus de El Cristo.\r\n33006 Oviedo. Astu...<\/div><\/div>\n<div class=\"page-list-ext-item\"><div class=\"page-list-ext-image\"><a href=\"https:\/\/www.unioviedo.es\/socialimen\/equipo\/personal-en-formacion\/beatriz-rosete-alvarez\/\" title=\"Beatriz Rosete \u00c1lvarez\"><img decoding=\"async\" src=\"https:\/\/www.unioviedo.es\/socialimen\/wp-content\/uploads\/2020\/01\/beatriz-becaria-100x100.png\" width=\"100\" alt=\"Beatriz Rosete \u00c1lvarez\" \/><\/a><\/div> <h3 class=\"page-list-ext-title\"><a href=\"https:\/\/www.unioviedo.es\/socialimen\/equipo\/personal-en-formacion\/beatriz-rosete-alvarez\/\" title=\"Beatriz Rosete \u00c1lvarez\">Beatriz Rosete \u00c1lvarez<\/a><\/h3><div class=\"page-list-ext-item-content\">Categor\u00eda:  INVESTIGADORA. \r\n\r\nDepartamento:  SOCIOLOG\u00cdA\r\n\r\nEstudiante de Grado en Turismo de la Facultad de Turismo, Comercio y Ciencias Sociales \u201cJovellanos\u201d. Universidad de Oviedo. Gij\u00f3n. Ha obtenido la beca departamental para la realizaci\u00f3n del tra...<\/div><\/div>\n<div class=\"page-list-ext-item\"><div class=\"page-list-ext-image\"><a href=\"https:\/\/www.unioviedo.es\/socialimen\/equipo\/personal-en-formacion\/sergio-sanchez-jimenez\/\" title=\"Sergio S\u00e1nchez Jim\u00e9nez\"><img decoding=\"async\" src=\"https:\/\/www.unioviedo.es\/socialimen\/wp-content\/uploads\/2023\/10\/Sergio-web-100x100.jpg\" width=\"100\" alt=\"Sergio S\u00e1nchez Jim\u00e9nez\" \/><\/a><\/div> <h3 class=\"page-list-ext-title\"><a href=\"https:\/\/www.unioviedo.es\/socialimen\/equipo\/personal-en-formacion\/sergio-sanchez-jimenez\/\" title=\"Sergio S\u00e1nchez Jim\u00e9nez\">Sergio S\u00e1nchez Jim\u00e9nez<\/a><\/h3><div class=\"page-list-ext-item-content\">\r\n\r\nCategor\u00eda:  BECARIO PREDOCTORAL\r\n\r\nDepartamento:  SOCIOLOG\u00cdA\r\nGraduado en Sociolog\u00eda (2020) y M\u00e1ster en Servicios P\u00fablicos y Pol\u00edticas Sociales (2021), ambos por la Universidad de Salamanca. Ha trabajado en el medio rural salmantino evaluando el pr...<\/div><\/div>\n\n<\/div>\n<h2 style=\"font-size: 18px; background-color: #b4b9be; padding: 5px; color: #ffffff;\">Visitantes<\/h2>\n<p>&nbsp;<\/p>\n","protected":false},"excerpt":{"rendered":"<p>Investigadores UNIOVI Investigadores de otras Universidades Personal en formaci\u00f3n Visitantes &nbsp;<\/p>\n","protected":false},"author":2,"featured_media":0,"parent":0,"menu_order":0,"comment_status":"closed","ping_status":"closed","template":"","meta":{"_genesis_hide_title":false,"_genesis_hide_breadcrumbs":false,"_genesis_hide_singular_image":false,"_genesis_hide_footer_widgets":false,"_genesis_custom_body_class":"","_genesis_custom_post_class":"","_genesis_layout":"","footnotes":""},"class_list":{"0":"post-46","1":"page","2":"type-page","3":"status-publish","5":"entry","6":"has-post-thumbnail","7":"gs-1","8":"gs-odd","9":"gs-even","10":"gs-featured-content-entry"},"_links":{"self":[{"href":"https:\/\/www.unioviedo.es\/socialimen\/wp-json\/wp\/v2\/pages\/46","targetHints":{"allow":["GET"]}}],"collection":[{"href":"https:\/\/www.unioviedo.es\/socialimen\/wp-json\/wp\/v2\/pages"}],"about":[{"href":"https:\/\/www.unioviedo.es\/socialimen\/wp-json\/wp\/v2\/types\/page"}],"author":[{"embeddable":true,"href":"https:\/\/www.unioviedo.es\/socialimen\/wp-json\/wp\/v2\/users\/2"}],"replies":[{"embeddable":true,"href":"https:\/\/www.unioviedo.es\/socialimen\/wp-json\/wp\/v2\/comments?post=46"}],"version-history":[{"count":11,"href":"https:\/\/www.unioviedo.es\/socialimen\/wp-json\/wp\/v2\/pages\/46\/revisions"}],"predecessor-version":[{"id":1691,"href":"https:\/\/www.unioviedo.es\/socialimen\/wp-json\/wp\/v2\/pages\/46\/revisions\/1691"}],"wp:attachment":[{"href":"https:\/\/www.unioviedo.es\/socialimen\/wp-json\/wp\/v2\/media?parent=46"}],"curies":[{"name":"wp","href":"https:\/\/api.w.org\/{rel}","templated":true}]}}