{"id":562,"date":"2015-12-24T11:40:42","date_gmt":"2015-12-24T10:40:42","guid":{"rendered":"http:\/\/www.unioviedo.es\/socialimen\/?page_id=562"},"modified":"2016-04-21T19:33:12","modified_gmt":"2016-04-21T17:33:12","slug":"visitantes","status":"publish","type":"page","link":"https:\/\/www.unioviedo.es\/socialimen\/equipo\/visitantes\/","title":{"rendered":"Visitantes"},"content":{"rendered":"\n<!-- Page-list plugin v.5.2 wordpress.org\/plugins\/page-list\/ -->\n<div class=\"page-list page-list-ext \">\n<div class=\"page-list-ext-item\"><div class=\"page-list-ext-image\"><a href=\"https:\/\/www.unioviedo.es\/socialimen\/equipo\/visitantes\/janaina-balk-brandao\/\" title=\"Jana\u00edna Balk Brand\u00e3o\"><img decoding=\"async\" src=\"https:\/\/www.unioviedo.es\/socialimen\/wp-content\/uploads\/2022\/01\/Jana-100x100.jpg\" width=\"100\" alt=\"Jana\u00edna Balk Brand\u00e3o\" \/><\/a><\/div> <h3 class=\"page-list-ext-title\"><a href=\"https:\/\/www.unioviedo.es\/socialimen\/equipo\/visitantes\/janaina-balk-brandao\/\" title=\"Jana\u00edna Balk Brand\u00e3o\">Jana\u00edna Balk Brand\u00e3o<\/a><\/h3><div class=\"page-list-ext-item-content\">\r\n\r\nCategor\u00eda:  Profesora-Investigadora\r\n\r\nFacultad:  P\u00f3s Gradua\u00e7\u00e3o em Extens\u00e3o Rural, Grupo Interdisciplinar de Pesquisas Agroalimentares Georreferenciadas (GIPAG)\r\n\r\nDirecci\u00f3n:  Universidad de Santa Maria, Rio Grande do Sul. Brasil\r\n \r\n\r\nCorreo:  jana...<\/div><\/div>\n<div class=\"page-list-ext-item\"><div class=\"page-list-ext-image\"><a href=\"https:\/\/www.unioviedo.es\/socialimen\/equipo\/visitantes\/cristiane-cavalcante-lima\/\" title=\"Cristiane Cavalcante Lima\"><img decoding=\"async\" src=\"https:\/\/www.unioviedo.es\/socialimen\/wp-content\/uploads\/2023\/02\/3-Foto-100x100.jpeg\" width=\"100\" alt=\"Cristiane Cavalcante Lima\" \/><\/a><\/div> <h3 class=\"page-list-ext-title\"><a href=\"https:\/\/www.unioviedo.es\/socialimen\/equipo\/visitantes\/cristiane-cavalcante-lima\/\" title=\"Cristiane Cavalcante Lima\">Cristiane Cavalcante Lima<\/a><\/h3><div class=\"page-list-ext-item-content\">Categor\u00eda:  Estudiante  de  doctorado \r\nDepartamento:  SOCIOLOG\u00cdA\r\nV\u00ednculo acad\u00e9mico:  Univ ersidad  Federal  del  Rio Grande do Sul \/  Programa de  Posgrado  en  Desarrollo  Rural .  \u00a0 \r\nV\u00ednculo profesional:  Profesora  en  el  Instituto Federal de  A...<\/div><\/div>\n<div class=\"page-list-ext-item\"><div class=\"page-list-ext-image\"><a href=\"https:\/\/www.unioviedo.es\/socialimen\/equipo\/visitantes\/luana-fernandes-melo\/\" title=\"Luana Fernandes Melo\"><img decoding=\"async\" src=\"https:\/\/www.unioviedo.es\/socialimen\/wp-content\/uploads\/2024\/02\/foto-cortada-100x100.jpg\" width=\"100\" alt=\"Luana Fernandes Melo\" \/><\/a><\/div> <h3 class=\"page-list-ext-title\"><a href=\"https:\/\/www.unioviedo.es\/socialimen\/equipo\/visitantes\/luana-fernandes-melo\/\" title=\"Luana Fernandes Melo\">Luana Fernandes Melo<\/a><\/h3><div class=\"page-list-ext-item-content\">\r\n\r\nCategor\u00eda:  Profesora\u00a0Colaboradora - Investigadora\r\n\r\nFacultad:\u00a0 Faculdade de Ci\u00eancias e Engenharia (FCE) - Universidade Estadual Paulista \"J\u00falio de Mesquita Filho\" (UNESP), Grupo de Estudos em Agricultura Familiar e Sustentabilidade (GEAFS)\r\n\r\nDirecci\u00f3n:\u00a0 \u00a0UNESP...<\/div><\/div>\n<div class=\"page-list-ext-item\"><div class=\"page-list-ext-image\"><a href=\"https:\/\/www.unioviedo.es\/socialimen\/equipo\/visitantes\/catia-grisa\/\" title=\"Catia Grisa\"><img decoding=\"async\" src=\"https:\/\/www.unioviedo.es\/socialimen\/wp-content\/uploads\/2023\/04\/catia-1-1-100x100.jpg\" width=\"100\" alt=\"Catia Grisa\" \/><\/a><\/div> <h3 class=\"page-list-ext-title\"><a href=\"https:\/\/www.unioviedo.es\/socialimen\/equipo\/visitantes\/catia-grisa\/\" title=\"Catia Grisa\">Catia Grisa<\/a><\/h3><div class=\"page-list-ext-item-content\"> \r\n\r\n&nbsp;\r\n\r\nCategor\u00eda:  Profesora-Investigadora\r\n\r\nFacultad:  Rio Grande do Sul (UFRGS)\r\n\r\n\u00c1rea:  Desarrollo Rural y Din\u00e1mica y Desarrollo Regional\r\nDoctorado en Ciencias Sociales. M\u00e1ster en Desarrollo Rural. Profesora en los Programas de Posgrado en ...<\/div><\/div>\n<div class=\"page-list-ext-item\"><div class=\"page-list-ext-image\"><a href=\"https:\/\/www.unioviedo.es\/socialimen\/equipo\/visitantes\/jessica-paddock\/\" title=\"Jessica Paddock\"><img decoding=\"async\" src=\"https:\/\/www.unioviedo.es\/socialimen\/wp-content\/uploads\/2016\/05\/Jess20Paddock2-100x100.jpg\" width=\"100\" alt=\"Jessica Paddock\" \/><\/a><\/div> <h3 class=\"page-list-ext-title\"><a href=\"https:\/\/www.unioviedo.es\/socialimen\/equipo\/visitantes\/jessica-paddock\/\" title=\"Jessica Paddock\">Jessica Paddock<\/a><\/h3><div class=\"page-list-ext-item-content\">\r\n\r\nCategor\u00eda:  Research Associate\r\n\r\nFacultad:  Sustainable Consumption Institute (SCI)\r\n\r\n\u00c1rea:  Sustainable Consumption Institute (SCI)\r\n\r\nDirecci\u00f3n:  SCI, The University of Manchester, 188 Waterloo Place, Oxford Road, Manchester M13 9PL, UK\r\n\r\nCorreo:  j...<\/div><\/div>\n<div class=\"page-list-ext-item\"><div class=\"page-list-ext-image\"><a href=\"https:\/\/www.unioviedo.es\/socialimen\/equipo\/visitantes\/claudia-m-prado-meza\/\" title=\"Claudia M. Prado-Meza\"><img decoding=\"async\" src=\"https:\/\/www.unioviedo.es\/socialimen\/wp-content\/uploads\/2016\/04\/Prado-Meza-100x100.jpg\" width=\"100\" alt=\"Claudia M. Prado-Meza\" \/><\/a><\/div> <h3 class=\"page-list-ext-title\"><a href=\"https:\/\/www.unioviedo.es\/socialimen\/equipo\/visitantes\/claudia-m-prado-meza\/\" title=\"Claudia M. Prado-Meza\">Claudia M. Prado-Meza<\/a><\/h3><div class=\"page-list-ext-item-content\">Categor\u00eda:  Profesora-Investigadora de Tiempo Completo Categor\u00eda \u201cA\u201d.\r\n\r\nFacultad:  Facultad de Econom\u00eda.\r\n\r\n\u00c1rea:  G\u00e9nero, Agronegocios y Sistemas Alimentarios.\r\n\r\nDirecci\u00f3n:  Universidad de Colima, Facultad de Econom\u00eda. Josefa Ortiz de Dom\u00ednguez 64, La Haci...<\/div><\/div>\n<div class=\"page-list-ext-item\"><div class=\"page-list-ext-image\"><a href=\"https:\/\/www.unioviedo.es\/socialimen\/equipo\/visitantes\/sergio-schneider\/\" title=\"Sergio Schneider\"><img decoding=\"async\" src=\"https:\/\/www.unioviedo.es\/socialimen\/wp-content\/uploads\/2023\/02\/sergio-web-100x100.png\" width=\"100\" alt=\"Sergio Schneider\" \/><\/a><\/div> <h3 class=\"page-list-ext-title\"><a href=\"https:\/\/www.unioviedo.es\/socialimen\/equipo\/visitantes\/sergio-schneider\/\" title=\"Sergio Schneider\">Sergio Schneider<\/a><\/h3><div class=\"page-list-ext-item-content\"> \r\n\r\nCategor\u00eda:  Catedr\u00e1tico de Sociolog\u00eda\r\n\r\nFacultad:  Universidad Rio Grande Du Brasil\r\n\r\n\u00c1rea:  Sociolog\u00eda del Desarrollo Rural y Estudios de Alimentaci\u00f3n\r\n\r\nCorreo:  schneide@ufrgs.br\r\n\r\n&nbsp;\r\nProfesor Titular de Sociolog\u00eda del Desarrollo Rural ...<\/div><\/div>\n\n<\/div>\n","protected":false},"excerpt":{"rendered":"","protected":false},"author":2,"featured_media":0,"parent":46,"menu_order":0,"comment_status":"closed","ping_status":"closed","template":"","meta":{"_genesis_hide_title":false,"_genesis_hide_breadcrumbs":false,"_genesis_hide_singular_image":false,"_genesis_hide_footer_widgets":false,"_genesis_custom_body_class":"","_genesis_custom_post_class":"","_genesis_layout":"","footnotes":""},"class_list":{"0":"post-562","1":"page","2":"type-page","3":"status-publish","5":"entry","6":"has-post-thumbnail","7":"gs-1","8":"gs-odd","9":"gs-even","10":"gs-featured-content-entry"},"_links":{"self":[{"href":"https:\/\/www.unioviedo.es\/socialimen\/wp-json\/wp\/v2\/pages\/562","targetHints":{"allow":["GET"]}}],"collection":[{"href":"https:\/\/www.unioviedo.es\/socialimen\/wp-json\/wp\/v2\/pages"}],"about":[{"href":"https:\/\/www.unioviedo.es\/socialimen\/wp-json\/wp\/v2\/types\/page"}],"author":[{"embeddable":true,"href":"https:\/\/www.unioviedo.es\/socialimen\/wp-json\/wp\/v2\/users\/2"}],"replies":[{"embeddable":true,"href":"https:\/\/www.unioviedo.es\/socialimen\/wp-json\/wp\/v2\/comments?post=562"}],"version-history":[{"count":5,"href":"https:\/\/www.unioviedo.es\/socialimen\/wp-json\/wp\/v2\/pages\/562\/revisions"}],"predecessor-version":[{"id":1744,"href":"https:\/\/www.unioviedo.es\/socialimen\/wp-json\/wp\/v2\/pages\/562\/revisions\/1744"}],"up":[{"embeddable":true,"href":"https:\/\/www.unioviedo.es\/socialimen\/wp-json\/wp\/v2\/pages\/46"}],"wp:attachment":[{"href":"https:\/\/www.unioviedo.es\/socialimen\/wp-json\/wp\/v2\/media?parent=562"}],"curies":[{"name":"wp","href":"https:\/\/api.w.org\/{rel}","templated":true}]}}