{"id":88,"date":"2015-12-21T12:51:37","date_gmt":"2015-12-21T11:51:37","guid":{"rendered":"http:\/\/www.unioviedo.es\/socialimen\/?page_id=88"},"modified":"2016-01-26T19:07:01","modified_gmt":"2016-01-26T18:07:01","slug":"investigadores-uniovi","status":"publish","type":"page","link":"https:\/\/www.unioviedo.es\/socialimen\/equipo\/investigadores-uniovi\/","title":{"rendered":"Investigadores UNIOVI"},"content":{"rendered":"\n<!-- Page-list plugin v.5.2 wordpress.org\/plugins\/page-list\/ -->\n<div class=\"page-list page-list-ext \">\n<div class=\"page-list-ext-item\"><div class=\"page-list-ext-image\"><a href=\"https:\/\/www.unioviedo.es\/socialimen\/equipo\/investigadores-uniovi\/cecilia-diaz-mendez1\/\" title=\"Cecilia D\u00edaz M\u00e9ndez (Directora)\"><img decoding=\"async\" src=\"https:\/\/www.unioviedo.es\/socialimen\/wp-content\/uploads\/2021\/10\/cecilia-2020-100x100.jpg\" width=\"100\" alt=\"Cecilia D\u00edaz M\u00e9ndez (Directora)\" \/><\/a><\/div> <h3 class=\"page-list-ext-title\"><a href=\"https:\/\/www.unioviedo.es\/socialimen\/equipo\/investigadores-uniovi\/cecilia-diaz-mendez1\/\" title=\"Cecilia D\u00edaz M\u00e9ndez (Directora)\">Cecilia D\u00edaz M\u00e9ndez (Directora)<\/a><\/h3><div class=\"page-list-ext-item-content\">Categor\u00eda:  CATEDR\u00c1TICA DE UNIVERSIDAD (Doctora en Sociolog\u00eda).\r\nDepartamento:  SOCIOLOG\u00cdA\r\n\u00c1rea:  Sociolog\u00eda\r\nDirecci\u00f3n:  Universidad de Oviedo. Departamento de Sociolog\u00eda. Facultad de Econom\u00eda y Empresa. Edificio Departamental, 2\u00ba Planta. Campus de...<\/div><\/div>\n<div class=\"page-list-ext-item\"><div class=\"page-list-ext-image\"><a href=\"https:\/\/www.unioviedo.es\/socialimen\/equipo\/investigadores-uniovi\/laura-cabiedes-miragaya-2\/\" title=\"Laura Cabiedes Miragaya\"><img decoding=\"async\" src=\"https:\/\/www.unioviedo.es\/socialimen\/wp-content\/uploads\/2016\/01\/Laura-Cabiedes-100x100.jpg\" width=\"100\" alt=\"Laura Cabiedes Miragaya\" \/><\/a><\/div> <h3 class=\"page-list-ext-title\"><a href=\"https:\/\/www.unioviedo.es\/socialimen\/equipo\/investigadores-uniovi\/laura-cabiedes-miragaya-2\/\" title=\"Laura Cabiedes Miragaya\">Laura Cabiedes Miragaya<\/a><\/h3><div class=\"page-list-ext-item-content\">\r\n\r\nCategor\u00eda:  TITULAR DE UNIVERSIDAD. (Doctora en Econom\u00eda).\r\n Departamento:  ECONOM\u00cdA APLICADA\r\n \u00c1rea:  ECONOM\u00cdA APLICADA.\r\nDirecci\u00f3n:\u00a0 Universidad de Oviedo.\u00a0Departamento de Econom\u00eda Aplicada.\u00a0Facultad de Econom\u00eda y Empresa.\u00a0Edificio Departamental, 2\u00ba Planta.\u00a0...<\/div><\/div>\n<div class=\"page-list-ext-item\"><div class=\"page-list-ext-image\"><a href=\"https:\/\/www.unioviedo.es\/socialimen\/equipo\/investigadores-uniovi\/maria-isabel-garcia-espejo\/\" title=\"Mar\u00eda Isabel Garc\u00eda Espejo\"><img decoding=\"async\" src=\"https:\/\/www.unioviedo.es\/socialimen\/wp-content\/uploads\/2024\/10\/isabel-garcia-espejo-100x100.jpg\" width=\"100\" alt=\"Mar\u00eda Isabel Garc\u00eda Espejo\" \/><\/a><\/div> <h3 class=\"page-list-ext-title\"><a href=\"https:\/\/www.unioviedo.es\/socialimen\/equipo\/investigadores-uniovi\/maria-isabel-garcia-espejo\/\" title=\"Mar\u00eda Isabel Garc\u00eda Espejo\">Mar\u00eda Isabel Garc\u00eda Espejo<\/a><\/h3><div class=\"page-list-ext-item-content\">Categor\u00eda:  PROFESORA TITULAR DE UNIVERSIDAD. (Doctora en Sociolog\u00eda)\r\nDepartamento:  SOCIOLOG\u00cdA\r\n\u00c1rea:  Grupo de Investigaci\u00f3n en Sociolog\u00eda de la Alimentaci\u00f3n.\r\nDirecci\u00f3n:  Universidad de Oviedo. Departamento de Sociolog\u00eda. Facultad de Econom\u00eda y Empresa...<\/div><\/div>\n<div class=\"page-list-ext-item\"><div class=\"page-list-ext-image\"><a href=\"https:\/\/www.unioviedo.es\/socialimen\/equipo\/investigadores-uniovi\/nuria-hernandez-nanclares\/\" title=\"N\u00faria Hern\u00e1ndez Nanclares\"><img decoding=\"async\" src=\"https:\/\/www.unioviedo.es\/socialimen\/wp-content\/uploads\/2016\/02\/N\u00faria-Hernandez-Nanclares-100x100.jpg\" width=\"100\" alt=\"N\u00faria Hern\u00e1ndez Nanclares\" \/><\/a><\/div> <h3 class=\"page-list-ext-title\"><a href=\"https:\/\/www.unioviedo.es\/socialimen\/equipo\/investigadores-uniovi\/nuria-hernandez-nanclares\/\" title=\"N\u00faria Hern\u00e1ndez Nanclares\">N\u00faria Hern\u00e1ndez Nanclares<\/a><\/h3><div class=\"page-list-ext-item-content\">Categor\u00eda:  PROFESORA TITULAR\r\n (Doctora en Econom\u00eda).\r\n Departamento:  ECONOM\u00cdA\r\n \u00c1rea:  Econom\u00eda\r\nDirecci\u00f3n:\u00a0 Universidad de Oviedo.\u00a0Departamento de Econom\u00eda Aplicada.\u00a0Facultad de Econom\u00eda y Empresa.\u00a0Edificio Departamental, 2\u00ba Planta.\u00a0Campus de El Cristo....<\/div><\/div>\n<div class=\"page-list-ext-item\"><div class=\"page-list-ext-image\"><a href=\"https:\/\/www.unioviedo.es\/socialimen\/equipo\/investigadores-uniovi\/maria-amparo-novo-vazquez-2\/\" title=\"Mar\u00eda Amparo Novo V\u00e1zquez\"><img decoding=\"async\" src=\"https:\/\/www.unioviedo.es\/socialimen\/wp-content\/uploads\/2021\/10\/amparo-novo-100x100.jpg\" width=\"100\" alt=\"Mar\u00eda Amparo Novo V\u00e1zquez\" \/><\/a><\/div> <h3 class=\"page-list-ext-title\"><a href=\"https:\/\/www.unioviedo.es\/socialimen\/equipo\/investigadores-uniovi\/maria-amparo-novo-vazquez-2\/\" title=\"Mar\u00eda Amparo Novo V\u00e1zquez\">Mar\u00eda Amparo Novo V\u00e1zquez<\/a><\/h3><div class=\"page-list-ext-item-content\">Categor\u00eda:  PROFESORA CONTRATADA DOCTORA. (Doctora en Ciencia Pol\u00edtica).\r\n Departamento: \u00a0SOCIOLOG\u00cdA\r\n \u00c1rea:\u00a0 Grupo de Investigaci\u00f3n en Sociolog\u00eda de la Alimentaci\u00f3n.\r\nDirecci\u00f3n:\u00a0 Universidad de Oviedo.\u00a0Departamento de Sociolog\u00eda.\u00a0Facultad de Econom\u00eda y...<\/div><\/div>\n<div class=\"page-list-ext-item\"><div class=\"page-list-ext-image\"><a href=\"https:\/\/www.unioviedo.es\/socialimen\/equipo\/investigadores-uniovi\/sonia-otero-estevez\/\" title=\"Sonia Otero Est\u00e9vez\"><img decoding=\"async\" src=\"https:\/\/www.unioviedo.es\/socialimen\/wp-content\/uploads\/2021\/10\/Foto-Sonia-para-GI-100x100.jpg\" width=\"100\" alt=\"Sonia Otero Est\u00e9vez\" \/><\/a><\/div> <h3 class=\"page-list-ext-title\"><a href=\"https:\/\/www.unioviedo.es\/socialimen\/equipo\/investigadores-uniovi\/sonia-otero-estevez\/\" title=\"Sonia Otero Est\u00e9vez\">Sonia Otero Est\u00e9vez<\/a><\/h3><div class=\"page-list-ext-item-content\">Categor\u00eda:  INVESTIGADORA POSTDOCTORAL. \r\n\r\nDepartamento:  SOCIOLOG\u00cdA\r\n\r\n\u00c1rea:  Sociolog\u00eda\r\n\r\nDirecci\u00f3n:\u00a0 Universidad de Oviedo.\u00a0Departamento de Sociolog\u00eda.\u00a0Facultad de Econom\u00eda y Empresa.\u00a0Edificio Departamental, 2\u00ba Planta.\u00a0Campus de El Cristo.\r\n33006 Oviedo. Astu...<\/div><\/div>\n<div class=\"page-list-ext-item\"><div class=\"page-list-ext-image\"><a href=\"https:\/\/www.unioviedo.es\/socialimen\/equipo\/investigadores-uniovi\/jose-manuel-parrilla-fernandez\/\" title=\"Jos\u00e9 Manuel Parrilla Fern\u00e1ndez\"><img decoding=\"async\" src=\"https:\/\/www.unioviedo.es\/socialimen\/wp-content\/uploads\/2016\/01\/Jose-manuel-parrilla-1-100x100.jpg\" width=\"100\" alt=\"Jos\u00e9 Manuel Parrilla Fern\u00e1ndez\" \/><\/a><\/div> <h3 class=\"page-list-ext-title\"><a href=\"https:\/\/www.unioviedo.es\/socialimen\/equipo\/investigadores-uniovi\/jose-manuel-parrilla-fernandez\/\" title=\"Jos\u00e9 Manuel Parrilla Fern\u00e1ndez\">Jos\u00e9 Manuel Parrilla Fern\u00e1ndez<\/a><\/h3><div class=\"page-list-ext-item-content\"> Categor\u00eda: \u00a0PROFESOR CONTRATADO.\u00a0(Doctor en Sociolog\u00eda). \r\n\r\nDepartamento: \u00a0SOCIOLOG\u00cdA \r\n\r\n\u00c1rea:  Sociolog\u00eda\r\n\r\nDirecci\u00f3n:\u00a0 Universidad de Oviedo.\u00a0Departamento de Sociolog\u00eda.\u00a0Facultad de Econom\u00eda y Empresa.\u00a0Edificio Departamental, 2\u00ba Planta.\u00a0Campus ...<\/div><\/div>\n<div class=\"page-list-ext-item\"><div class=\"page-list-ext-image\"><a href=\"https:\/\/www.unioviedo.es\/socialimen\/equipo\/investigadores-uniovi\/socialimequipoinvestigadores-uniovimaria-trinidad-pascual-fernandez\/\" title=\"Mar\u00eda Trinidad Pascual Fern\u00e1ndez\"><img decoding=\"async\" src=\"https:\/\/www.unioviedo.es\/socialimen\/wp-content\/uploads\/2021\/10\/trini-100x100.png\" width=\"100\" alt=\"Mar\u00eda Trinidad Pascual Fern\u00e1ndez\" \/><\/a><\/div> <h3 class=\"page-list-ext-title\"><a href=\"https:\/\/www.unioviedo.es\/socialimen\/equipo\/investigadores-uniovi\/socialimequipoinvestigadores-uniovimaria-trinidad-pascual-fernandez\/\" title=\"Mar\u00eda Trinidad Pascual Fern\u00e1ndez\">Mar\u00eda Trinidad Pascual Fern\u00e1ndez<\/a><\/h3><div class=\"page-list-ext-item-content\">&nbsp;\r\n\r\n Profesora Colaboradora (Doctora en Sociolog\u00eda).\r\nDepartamento:  SOCIOLOG\u00cdA\r\n\u00c1rea:  Trabajo Social\r\nDirecci\u00f3n:  Universidad de Oviedo. Departamento de Sociolog\u00eda. Facultad de Comercio, Turismo y Ciencias Sociales \"Jovellanos\", 3\u00aa Planta. Calle...<\/div><\/div>\n<div class=\"page-list-ext-item\"><div class=\"page-list-ext-image\"><a href=\"https:\/\/www.unioviedo.es\/socialimen\/equipo\/investigadores-uniovi\/rocio-perez-ganan\/\" title=\"Roc\u00edo P\u00e9rez Ga\u00f1\u00e1n\"><img decoding=\"async\" src=\"https:\/\/www.unioviedo.es\/socialimen\/wp-content\/uploads\/2022\/10\/Rofoto_opt-100x100.jpg\" width=\"100\" alt=\"Roc\u00edo P\u00e9rez Ga\u00f1\u00e1n\" \/><\/a><\/div> <h3 class=\"page-list-ext-title\"><a href=\"https:\/\/www.unioviedo.es\/socialimen\/equipo\/investigadores-uniovi\/rocio-perez-ganan\/\" title=\"Roc\u00edo P\u00e9rez Ga\u00f1\u00e1n\">Roc\u00edo P\u00e9rez Ga\u00f1\u00e1n<\/a><\/h3><div class=\"page-list-ext-item-content\">Categor\u00eda:  Profesora Ayudante (Doctora en Antropolog\u00eda)\r\nDepartamento:  SOCIOLOG\u00cdA\r\n\u00c1rea:  Sociolog\u00eda\r\nDirecci\u00f3n:  Universidad de Oviedo. Departamento de Sociolog\u00eda. Facultad de Comercio, Turismo y Ciencias Sociales \"Jovellanos\", Gij\u00f3n. Asturias (Espa\u00f1a...<\/div><\/div>\n<div class=\"page-list-ext-item\"><div class=\"page-list-ext-image\"><a href=\"https:\/\/www.unioviedo.es\/socialimen\/equipo\/investigadores-uniovi\/sandra-sanchez-sanchez\/\" title=\"Sandra S\u00e1nchez S\u00e1nchez\"><img decoding=\"async\" src=\"https:\/\/www.unioviedo.es\/socialimen\/wp-content\/uploads\/2021\/10\/sandra-web-grupo-100x100.jpg\" width=\"100\" alt=\"Sandra S\u00e1nchez S\u00e1nchez\" \/><\/a><\/div> <h3 class=\"page-list-ext-title\"><a href=\"https:\/\/www.unioviedo.es\/socialimen\/equipo\/investigadores-uniovi\/sandra-sanchez-sanchez\/\" title=\"Sandra S\u00e1nchez S\u00e1nchez\">Sandra S\u00e1nchez S\u00e1nchez<\/a><\/h3><div class=\"page-list-ext-item-content\">Categor\u00eda:  Profesora Asociada\r\n Departamento:  SOCIOLOG\u00cdA\r\n \u00c1rea:  Sociolog\u00eda\r\nDirecci\u00f3n:\u00a0 Universidad de Oviedo.\u00a0Departamento de Sociolog\u00eda.\u00a0Facultad de Econom\u00eda y Empresa.\u00a0Edificio Departamental, 2\u00ba Planta.\u00a0Campus de El Cristo.\r\n33006 Oviedo. Astu...<\/div><\/div>\n<div class=\"page-list-ext-item\"><div class=\"page-list-ext-image\"><a href=\"https:\/\/www.unioviedo.es\/socialimen\/equipo\/investigadores-uniovi\/hans-peter-van-den-broek\/\" title=\"Hans Peter van den Broek\"><img decoding=\"async\" src=\"https:\/\/www.unioviedo.es\/socialimen\/wp-content\/uploads\/2016\/01\/Hans-van-den-Broek-100x100.jpg\" width=\"100\" alt=\"Hans Peter van den Broek\" \/><\/a><\/div> <h3 class=\"page-list-ext-title\"><a href=\"https:\/\/www.unioviedo.es\/socialimen\/equipo\/investigadores-uniovi\/hans-peter-van-den-broek\/\" title=\"Hans Peter van den Broek\">Hans Peter van den Broek<\/a><\/h3><div class=\"page-list-ext-item-content\">\r\n\r\nCategor\u00eda: \u00a0PROFESOR AYUDANTE.\u00a0(Doctor en Sociolog\u00eda)\r\n \r\n\r\nDepartamento: \u00a0SOCIOLOG\u00cdA\r\n \r\n\r\n\u00c1rea:\u00a0 Grupo de Investigaci\u00f3n en Sociolog\u00eda de la Alimentaci\u00f3n.\r\n\r\nDirecci\u00f3n:\u00a0 Universidad de Oviedo.\u00a0Departamento de Sociolog\u00eda.\u00a0Facultad de Econom\u00eda y E...<\/div><\/div>\n\n<\/div>\n","protected":false},"excerpt":{"rendered":"","protected":false},"author":2,"featured_media":0,"parent":46,"menu_order":0,"comment_status":"closed","ping_status":"closed","template":"","meta":{"_genesis_hide_title":false,"_genesis_hide_breadcrumbs":false,"_genesis_hide_singular_image":false,"_genesis_hide_footer_widgets":false,"_genesis_custom_body_class":"","_genesis_custom_post_class":"","_genesis_layout":"","footnotes":""},"class_list":{"0":"post-88","1":"page","2":"type-page","3":"status-publish","5":"entry","6":"has-post-thumbnail","7":"gs-1","8":"gs-odd","9":"gs-even","10":"gs-featured-content-entry"},"_links":{"self":[{"href":"https:\/\/www.unioviedo.es\/socialimen\/wp-json\/wp\/v2\/pages\/88","targetHints":{"allow":["GET"]}}],"collection":[{"href":"https:\/\/www.unioviedo.es\/socialimen\/wp-json\/wp\/v2\/pages"}],"about":[{"href":"https:\/\/www.unioviedo.es\/socialimen\/wp-json\/wp\/v2\/types\/page"}],"author":[{"embeddable":true,"href":"https:\/\/www.unioviedo.es\/socialimen\/wp-json\/wp\/v2\/users\/2"}],"replies":[{"embeddable":true,"href":"https:\/\/www.unioviedo.es\/socialimen\/wp-json\/wp\/v2\/comments?post=88"}],"version-history":[{"count":2,"href":"https:\/\/www.unioviedo.es\/socialimen\/wp-json\/wp\/v2\/pages\/88\/revisions"}],"predecessor-version":[{"id":1396,"href":"https:\/\/www.unioviedo.es\/socialimen\/wp-json\/wp\/v2\/pages\/88\/revisions\/1396"}],"up":[{"embeddable":true,"href":"https:\/\/www.unioviedo.es\/socialimen\/wp-json\/wp\/v2\/pages\/46"}],"wp:attachment":[{"href":"https:\/\/www.unioviedo.es\/socialimen\/wp-json\/wp\/v2\/media?parent=88"}],"curies":[{"name":"wp","href":"https:\/\/api.w.org\/{rel}","templated":true}]}}