{"id":12,"date":"2015-12-02T10:52:05","date_gmt":"2015-12-02T10:52:05","guid":{"rendered":"http:\/\/theme-fusion.com\/avada\/university\/?page_id=12"},"modified":"2022-04-07T08:20:02","modified_gmt":"2022-04-07T06:20:02","slug":"talentuolabs","status":"publish","type":"page","link":"https:\/\/www.unioviedo.es\/talentuo\/mapaemprendimiento\/talentuolabs\/","title":{"rendered":"TalentUO Labs"},"content":{"rendered":"<p><div class=\"fusion-fullwidth fullwidth-box fusion-builder-row-1 fusion-flex-container nonhundred-percent-fullwidth non-hundred-percent-height-scrolling\" style=\"background-color: #faf9f8;background-position: left top;background-repeat: no-repeat;border-width: 0px 0px 0px 0px;border-color:#e2e2e2;border-style:solid;\" ><div class=\"fusion-builder-row fusion-row fusion-flex-align-items-flex-start\" style=\"max-width:1248px;margin-left: calc(-4% \/ 2 );margin-right: calc(-4% \/ 2 );\"><div class=\"fusion-layout-column fusion_builder_column fusion-builder-column-0 fusion_builder_column_1_6 1_6 fusion-flex-column fusion-no-small-visibility\"><div class=\"fusion-column-wrapper fusion-flex-justify-content-flex-start fusion-content-layout-column\" style=\"background-position:left top;background-repeat:no-repeat;-webkit-background-size:cover;-moz-background-size:cover;-o-background-size:cover;background-size:cover;padding: 0px 0px 0px 0px;\"><\/div><style type=\"text\/css\">.fusion-body .fusion-builder-column-0{width:16.666666666667% !important;margin-top : 0px;margin-bottom : 20px;}.fusion-builder-column-0 > .fusion-column-wrapper {padding-top : 0px !important;padding-right : 0px !important;margin-right : 11.52%;padding-bottom : 0px !important;padding-left : 0px !important;margin-left : 11.52%;}@media only screen and (max-width:1024px) {.fusion-body .fusion-builder-column-0{width:16.666666666667% !important;}.fusion-builder-column-0 > .fusion-column-wrapper {margin-right : 11.52%;margin-left : 11.52%;}}@media only screen and (max-width:640px) {.fusion-body .fusion-builder-column-0{width:100% !important;}.fusion-builder-column-0 > .fusion-column-wrapper {margin-right : 1.92%;margin-left : 1.92%;}}<\/style><\/div><div class=\"fusion-layout-column fusion_builder_column fusion-builder-column-1 fusion_builder_column_2_3 2_3 fusion-flex-column\"><div class=\"fusion-column-wrapper fusion-flex-justify-content-flex-start fusion-content-layout-column\" style=\"background-position:left top;background-repeat:no-repeat;-webkit-background-size:cover;-moz-background-size:cover;-o-background-size:cover;background-size:cover;padding: 0px 0px 0px 0px;\"><div style=\"text-align:center;\"><span class=\" fusion-imageframe imageframe-none imageframe-1 hover-type-none\" style=\"max-width:200px;margin-bottom:32px;\"><a class=\"fusion-no-lightbox\" href=\"https:\/\/bit.ly\/39rvojm\" target=\"_self\" aria-label=\"Escudo_UO_Vertical_Color_PNG-01\"><img decoding=\"async\" width=\"400\" height=\"295\" src=\"https:\/\/www.unioviedo.es\/talentuo\/mapaemprendimiento\/wp-content\/uploads\/2021\/10\/Escudo_UO_Vertical_Color_PNG-01-400x295.png\" class=\"img-responsive wp-image-2268\" srcset=\"https:\/\/www.unioviedo.es\/talentuo\/mapaemprendimiento\/wp-content\/uploads\/2021\/10\/Escudo_UO_Vertical_Color_PNG-01-200x147.png 200w, https:\/\/www.unioviedo.es\/talentuo\/mapaemprendimiento\/wp-content\/uploads\/2021\/10\/Escudo_UO_Vertical_Color_PNG-01-400x295.png 400w, https:\/\/www.unioviedo.es\/talentuo\/mapaemprendimiento\/wp-content\/uploads\/2021\/10\/Escudo_UO_Vertical_Color_PNG-01-600x442.png 600w, https:\/\/www.unioviedo.es\/talentuo\/mapaemprendimiento\/wp-content\/uploads\/2021\/10\/Escudo_UO_Vertical_Color_PNG-01-800x590.png 800w, https:\/\/www.unioviedo.es\/talentuo\/mapaemprendimiento\/wp-content\/uploads\/2021\/10\/Escudo_UO_Vertical_Color_PNG-01-1200x885.png 1200w, https:\/\/www.unioviedo.es\/talentuo\/mapaemprendimiento\/wp-content\/uploads\/2021\/10\/Escudo_UO_Vertical_Color_PNG-01.png 1808w\" sizes=\"(max-width: 640px) 100vw, 800px\" \/><\/a><\/span><\/div><style type=\"text\/css\">@media only screen and (max-width:1024px) {.fusion-title.fusion-title-1{margin-top:0px!important; margin-right:0px!important;margin-bottom:15px!important;margin-left:0px!important;}}@media only screen and (max-width:640px) {.fusion-title.fusion-title-1{margin-top:10px!important; margin-right:0px!important;margin-bottom:10px!important; margin-left:0px!important;}}<\/style><div class=\"fusion-title title fusion-title-1 fusion-title-center fusion-title-text fusion-title-size-two\" style=\"margin-top:0px;margin-right:0px;margin-bottom:15px;margin-left:0px;\"><div class=\"title-sep-container title-sep-container-left\"><div class=\"title-sep sep-double sep-solid\" style=\"border-color:#e2e2e2;\"><\/div><\/div><span class=\"awb-title-spacer\"><\/span><h2 class=\"title-heading-center\" style=\"margin:0;\">Talentuo LABS<\/h2><span class=\"awb-title-spacer\"><\/span><div class=\"title-sep-container title-sep-container-right\"><div class=\"title-sep sep-double sep-solid\" style=\"border-color:#e2e2e2;\"><\/div><\/div><\/div><div class=\"fusion-text fusion-text-1\" style=\"text-align:center;font-size:20px;\"><p>Unidades de emprendimiento de las facultades y escuelas de la Universidad de Oviedo.<\/p>\n<\/div><div class=\"fusion-separator\" style=\"align-self: center;margin-left: auto;margin-right: auto;margin-top:15px;margin-bottom:60px;width:100%;max-width:170px;\"><div class=\"fusion-separator-border sep-single sep-solid\" style=\"border-color:#ef9a3d;border-top-width:1px;\"><\/div><\/div><\/div><style type=\"text\/css\">.fusion-body .fusion-builder-column-1{width:66.666666666667% !important;margin-top : 0px;margin-bottom : 30px;}.fusion-builder-column-1 > .fusion-column-wrapper {padding-top : 0px !important;padding-right : 0px !important;margin-right : 2.88%;padding-bottom : 0px !important;padding-left : 0px !important;margin-left : 2.88%;}@media only screen and (max-width:1024px) {.fusion-body .fusion-builder-column-1{width:66.666666666667% !important;}.fusion-builder-column-1 > .fusion-column-wrapper {margin-right : 2.88%;margin-left : 2.88%;}}@media only screen and (max-width:640px) {.fusion-body .fusion-builder-column-1{width:100% !important;margin-bottom : 0px;}.fusion-builder-column-1 > .fusion-column-wrapper {margin-right : 1.92%;margin-left : 1.92%;}}<\/style><\/div><div class=\"fusion-layout-column fusion_builder_column fusion-builder-column-2 fusion_builder_column_1_6 1_6 fusion-flex-column fusion-no-small-visibility\"><div class=\"fusion-column-wrapper fusion-flex-justify-content-flex-start fusion-content-layout-column\" style=\"background-position:left top;background-repeat:no-repeat;-webkit-background-size:cover;-moz-background-size:cover;-o-background-size:cover;background-size:cover;padding: 0px 0px 0px 0px;\"><\/div><style type=\"text\/css\">.fusion-body .fusion-builder-column-2{width:16.666666666667% !important;margin-top : 0px;margin-bottom : 20px;}.fusion-builder-column-2 > .fusion-column-wrapper {padding-top : 0px !important;padding-right : 0px !important;margin-right : 11.52%;padding-bottom : 0px !important;padding-left : 0px !important;margin-left : 11.52%;}@media only screen and (max-width:1024px) {.fusion-body .fusion-builder-column-2{width:16.666666666667% !important;}.fusion-builder-column-2 > .fusion-column-wrapper {margin-right : 11.52%;margin-left : 11.52%;}}@media only screen and (max-width:640px) {.fusion-body .fusion-builder-column-2{width:100% !important;}.fusion-builder-column-2 > .fusion-column-wrapper {margin-right : 1.92%;margin-left : 1.92%;}}<\/style><\/div><\/div><style type=\"text\/css\">.fusion-body .fusion-flex-container.fusion-builder-row-1{ padding-top : 90px;margin-top : 0px;padding-right : 0px;padding-bottom : 0px;margin-bottom : 0px;padding-left : 0px;}@media only screen and (max-width:1024px) {.fusion-body .fusion-flex-container.fusion-builder-row-1{ padding-bottom : 80px;}}@media only screen and (max-width:640px) {.fusion-body .fusion-flex-container.fusion-builder-row-1{ padding-top : 60px;}}<\/style><\/div><div class=\"fusion-fullwidth fullwidth-box fusion-builder-row-2 fusion-flex-container nonhundred-percent-fullwidth non-hundred-percent-height-scrolling\" style=\"background-color: #f7f5f4;background-position: left top;background-repeat: no-repeat;border-width: 0px 0px 0px 0px;border-color:#e2e2e2;border-style:solid;\" ><div class=\"fusion-builder-row fusion-row fusion-flex-align-items-flex-start\" style=\"max-width:1248px;margin-left: calc(-4% \/ 2 );margin-right: calc(-4% \/ 2 );\"><div class=\"fusion-layout-column fusion_builder_column fusion-builder-column-3 fusion_builder_column_1_2 1_2 fusion-flex-column fusion-column-inner-bg-wrapper\"><div class=\"fusion-column-wrapper fusion-flex-justify-content-flex-start fusion-content-layout-column\" style=\"padding: 0px 0px 0px 0px;\"><div style=\"text-align:right;\"><span class=\" fusion-imageframe imageframe-none imageframe-2 hover-type-none\" style=\"border:13px solid #e2e2e2;\"><img decoding=\"async\" width=\"400\" height=\"790\" title=\"universidad\" src=\"https:\/\/www.unioviedo.es\/talentuo\/mapaemprendimiento\/wp-content\/uploads\/2021\/10\/universidad-1-400x790.jpg\" class=\"img-responsive wp-image-2549\" srcset=\"https:\/\/www.unioviedo.es\/talentuo\/mapaemprendimiento\/wp-content\/uploads\/2021\/10\/universidad-1-200x395.jpg 200w, https:\/\/www.unioviedo.es\/talentuo\/mapaemprendimiento\/wp-content\/uploads\/2021\/10\/universidad-1-400x790.jpg 400w, https:\/\/www.unioviedo.es\/talentuo\/mapaemprendimiento\/wp-content\/uploads\/2021\/10\/universidad-1.jpg 500w\" sizes=\"(max-width: 640px) 100vw, 400px\" \/><\/span><\/div><div class=\"fusion-separator fusion-full-width-sep\" style=\"align-self: center;margin-left: auto;margin-right: auto;margin-top:5px;width:100%;\"><\/div><div class=\"fusion-separator fusion-full-width-sep\" style=\"align-self: center;margin-left: auto;margin-right: auto;margin-top:25px;width:100%;\"><\/div><\/div><span class=\"fusion-column-inner-bg hover-type-none\"><a class=\"fusion-column-anchor\" href=\"https:\/\/www.unioviedo.es\/talentuo\/mapaemprendimiento\/recursos_apoyo\/consolidacion-y-crecimiento\/\"><span class=\"fusion-column-inner-bg-image\" style=\"background-position:left top;background-repeat:no-repeat;-webkit-background-size:cover;-moz-background-size:cover;-o-background-size:cover;background-size:cover;\"><\/span><\/a><\/span><style type=\"text\/css\">.fusion-body .fusion-builder-column-3{width:50% !important;margin-top : 0px;margin-bottom : 20px;}.fusion-builder-column-3 > .fusion-column-wrapper {padding-top : 0px !important;padding-right : 0px !important;margin-right : 3.84%;padding-bottom : 0px !important;padding-left : 0px !important;margin-left : 3.84%;}.fusion-flex-container .fusion-row .fusion-builder-column-3 > .fusion-column-inner-bg { margin-right:3.84%;margin-left:3.84%; }@media only screen and (max-width:1024px) {.fusion-body .fusion-builder-column-3{width:50% !important;order : 0;}.fusion-builder-column-3 > .fusion-column-wrapper {margin-right : 3.84%;margin-left : 3.84%;}.fusion-flex-container .fusion-row .fusion-builder-column-3 > .fusion-column-inner-bg { margin-right:3.84%;margin-left:3.84%; }}@media only screen and (max-width:640px) {.fusion-body .fusion-builder-column-3{width:100% !important;order : 0;}.fusion-builder-column-3 > .fusion-column-wrapper {margin-right : 1.92%;margin-left : 1.92%;}.fusion-flex-container .fusion-row .fusion-builder-column-3 > .fusion-column-inner-bg { margin-right:1.92%;margin-left:1.92%; }}<\/style><\/div><div class=\"fusion-layout-column fusion_builder_column fusion-builder-column-4 fusion_builder_column_1_2 1_2 fusion-flex-column\"><div class=\"fusion-column-wrapper fusion-flex-justify-content-flex-start fusion-content-layout-column\" style=\"background-position:left top;background-repeat:no-repeat;-webkit-background-size:cover;-moz-background-size:cover;-o-background-size:cover;background-size:cover;padding: 0px 0px 0px 0px;\"><style type=\"text\/css\">@media only screen and (max-width:1024px) {.fusion-title.fusion-title-2{margin-top:30px!important; margin-right:0px!important;margin-bottom:15px!important;margin-left:0px!important;}}@media only screen and (max-width:640px) {.fusion-title.fusion-title-2{margin-top:10px!important; margin-right:0px!important;margin-bottom:10px!important; margin-left:0px!important;}}<\/style><div class=\"fusion-title title fusion-title-2 fusion-title-text fusion-title-size-three\" style=\"margin-top:30px;margin-right:0px;margin-bottom:15px;margin-left:0px;\"><div class=\"title-sep-container title-sep-container-left fusion-no-large-visibility fusion-no-medium-visibility fusion-no-small-visibility\"><div class=\"title-sep sep-double sep-solid\" style=\"border-color:#e2e2e2;\"><\/div><\/div><span class=\"awb-title-spacer fusion-no-large-visibility fusion-no-medium-visibility fusion-no-small-visibility\"><\/span><h3 class=\"title-heading-left\" style=\"margin:0;\">TalentUO Labs<\/h3><span class=\"awb-title-spacer\"><\/span><div class=\"title-sep-container title-sep-container-right\"><div class=\"title-sep sep-double sep-solid\" style=\"border-color:#e2e2e2;\"><\/div><\/div><\/div><style type=\"text\/css\">.fusion-accordian  #accordion-12-1 .panel-title a .fa-fusion-box{ color: #ffffff;}.fusion-accordian  #accordion-12-1 .panel-title a .fa-fusion-box:before{ font-size: 16px; width: 16px;}.fusion-accordian  #accordion-12-1 .fa-fusion-box { background-color: #212934;border-color: #212934;}.fusion-accordian  #accordion-12-1 .panel-title a:hover, #accordion-12-1 .fusion-toggle-boxed-mode:hover .panel-title a { color: #65bc7b;}.fusion-accordian  #accordion-12-1 .panel-title .active .fa-fusion-box,.fusion-accordian  #accordion-12-1 .panel-title a:hover .fa-fusion-box { background-color: #65bc7b!important;border-color: #65bc7b!important;}<\/style><div class=\"accordian fusion-accordian\"><div class=\"panel-group\" id=\"accordion-12-1\"><div class=\"fusion-panel panel-default hidden\"><div class=\"panel-heading\"><h4 class=\"panel-title toggle\"><a aria-expanded=\"false\" aria-controls=\"399c7bc6708968487\" role=\"button\" data-toggle=\"collapse\" data-target=\"#399c7bc6708968487\" href=\"#399c7bc6708968487\"><span class=\"fusion-toggle-icon-wrapper\" aria-hidden=\"true\"><i class=\"fa-fusion-box\" aria-hidden=\"true\"><\/i><\/span><span class=\"fusion-toggle-heading\">ESC. POLIT\u00c9CNICA DE INGENIER\u00cdA DE GIJ\u00d3N<\/span><\/a><\/h4><\/div><div id=\"399c7bc6708968487\" class=\"panel-collapse collapse \"><div class=\"panel-body toggle-content fusion-clearfix\">\n<p><strong>Director<\/strong><br \/>Juan Carlos Campo Rodr\u00edguez<\/p>\n<a class=\"fb-icon-element-1 fb-icon-element fontawesome-icon fa-map-marker-alt fas circle-yes fusion-link\" style=\"font-size:15.84px;line-height:29.68px;height:31.68px;width:31.68px;border-width:1px;align-self:flex-start;margin: 0px;margin-right:9px;\" href=\"tel:+3498518 2230\" aria-label=\"Link to tel:+3498518%202230\" target=\"_self\"><\/a><style>a.fb-icon-element.fontawesome-icon.fb-icon-element-1{ color: #ffffff; background-color: #4a4e57; border-color: #4a4e57;}a.fb-icon-element.fontawesome-icon.fb-icon-element-1:hover { color: #ffffff; background-color: #65bc7b; border-color: #65bc7b;}<\/style> Campus de Gij\u00f3n, s\/n &#8211; 33203<\/p>\n<a class=\"fb-icon-element-2 fb-icon-element fontawesome-icon fa-envelope fas circle-yes fusion-link\" style=\"font-size:15.84px;line-height:29.68px;height:31.68px;width:31.68px;border-width:1px;align-self:flex-start;margin: 0px;margin-right:9px;\" href=\"mailto:director.epigijon@uniovi.es\" aria-label=\"Link to mailto:director.epigijon@uniovi.es\" target=\"_blank\" rel=\"noopener noreferrer\"> <\/a><style>a.fb-icon-element.fontawesome-icon.fb-icon-element-2{ color: #ffffff; background-color: #4a4e57; border-color: #4a4e57;}a.fb-icon-element.fontawesome-icon.fb-icon-element-2:hover { color: #ffffff; background-color: #65bc7b; border-color: #65bc7b;}<\/style> <a href=\"mailto:director.epigijon@uniovi.es\">director.epigijon@uniovi.es<\/a><\/p>\n<a class=\"fb-icon-element-3 fb-icon-element fontawesome-icon fa-link fas circle-yes fusion-link\" style=\"font-size:15.84px;line-height:29.68px;height:31.68px;width:31.68px;border-width:1px;align-self:flex-start;margin: 0px;margin-right:9px;\" href=\"https:\/\/epigijon.uniovi.es\" aria-label=\"Link to https:\/\/epigijon.uniovi.es\" target=\"_blank\" rel=\"noopener noreferrer\">\u00a0 <\/a><style>a.fb-icon-element.fontawesome-icon.fb-icon-element-3{ color: #ffffff; background-color: #4a4e57; border-color: #4a4e57;}a.fb-icon-element.fontawesome-icon.fb-icon-element-3:hover { color: #ffffff; background-color: #65bc7b; border-color: #65bc7b;}<\/style> <a href=\"https:\/\/epigijon.uniovi.es\">ver web<\/a><\/p>\n<div ><style type=\"text\/css\">.fusion-button.button-1 {border-radius:15px;}.fusion-button.button-1 .fusion-button-text {text-transform:uppercase;}<\/style><a class=\"fusion-button button-flat button-small button-default button-1 fusion-button-default-span fusion-button-default-type\" target=\"_self\" href=\"escuela-politecnica-ingenieria-gijon\" style=\"margin-top:10px;\"><span class=\"fusion-button-text\">ver ficha<\/span><\/a><\/div>\n<\/div><\/div><\/div><div class=\"fusion-panel panel-default oculta_facultad\"><div class=\"panel-heading\"><h4 class=\"panel-title toggle\"><a aria-expanded=\"false\" aria-controls=\"fe11c499187e726ee\" role=\"button\" data-toggle=\"collapse\" data-target=\"#fe11c499187e726ee\" href=\"#fe11c499187e726ee\"><span class=\"fusion-toggle-icon-wrapper\" aria-hidden=\"true\"><i class=\"fa-fusion-box\" aria-hidden=\"true\"><\/i><\/span><span class=\"fusion-toggle-heading\">ESC. DE INGENIER\u00cdA DE MINAS, ENERG\u00cdA Y MATERIALES DE OVIEDO<\/span><\/a><\/h4><\/div><div id=\"fe11c499187e726ee\" class=\"panel-collapse collapse \"><div class=\"panel-body toggle-content fusion-clearfix\"><strong>Director<\/strong><br \/>\nFrancisco Javier Iglesias Rodr\u00edguez<\/p>\n<i class=\"fb-icon-element-4 fb-icon-element fontawesome-icon fa-map-marker-alt fas circle-yes\" style=\"font-size:15.84px;line-height:29.68px;height:31.68px;width:31.68px;border-width:1px;align-self:flex-start;margin: 0px;margin-right:9px;\"><\/i><style>i.fb-icon-element.fontawesome-icon.fb-icon-element-4{ color: #ffffff; background-color: #4a4e57; border-color: #4a4e57;}i.fb-icon-element.fontawesome-icon.fb-icon-element-4:hover { color: #ffffff; background-color: #65bc7b; border-color: #65bc7b;}<\/style> C\/ Independencia, 13 (33004)Oviedo<\/p>\n<i class=\"fb-icon-element-5 fb-icon-element fontawesome-icon fa-envelope fas circle-yes\" style=\"font-size:15.84px;line-height:29.68px;height:31.68px;width:31.68px;border-width:1px;align-self:flex-start;margin: 0px;margin-right:9px;\"> <\/i><style>i.fb-icon-element.fontawesome-icon.fb-icon-element-5{ color: #ffffff; background-color: #4a4e57; border-color: #4a4e57;}i.fb-icon-element.fontawesome-icon.fb-icon-element-5:hover { color: #ffffff; background-color: #65bc7b; border-color: #65bc7b;}<\/style> <a href=\"mailto:dir.eimem@uniovi.es\">dir.eimem@uniovi.es<\/a><\/p>\n<a class=\"fb-icon-element-6 fb-icon-element fontawesome-icon fa-link fas circle-yes fusion-link\" style=\"font-size:15.84px;line-height:29.68px;height:31.68px;width:31.68px;border-width:1px;align-self:flex-start;margin: 0px;margin-right:9px;\" href=\"https:\/\/eimem.uniovi.es\" aria-label=\"Link to https:\/\/eimem.uniovi.es\" target=\"_blank\" rel=\"noopener noreferrer\">\u00a0 <\/a><style>a.fb-icon-element.fontawesome-icon.fb-icon-element-6{ color: #ffffff; background-color: #4a4e57; border-color: #4a4e57;}a.fb-icon-element.fontawesome-icon.fb-icon-element-6:hover { color: #ffffff; background-color: #65bc7b; border-color: #65bc7b;}<\/style><a href=\"https:\/\/eimem.uniovi.es\"> ver web<\/a><\/div><\/div><\/div><div class=\"fusion-panel panel-default oculta_facultad\"><div class=\"panel-heading\"><h4 class=\"panel-title toggle\"><a aria-expanded=\"false\" aria-controls=\"f36859c4f6f564041\" role=\"button\" data-toggle=\"collapse\" data-target=\"#f36859c4f6f564041\" href=\"#f36859c4f6f564041\"><span class=\"fusion-toggle-icon-wrapper\" aria-hidden=\"true\"><i class=\"fa-fusion-box\" aria-hidden=\"true\"><\/i><\/span><span class=\"fusion-toggle-heading\">ESC. SUPERIOR DE LA MARINA CIVIL<\/span><\/a><\/h4><\/div><div id=\"f36859c4f6f564041\" class=\"panel-collapse collapse \"><div class=\"panel-body toggle-content fusion-clearfix\">\n<p><strong>Director<\/strong><br \/>\nRub\u00e9n Gonz\u00e1lez Rodr\u00edguez<\/p>\n<i class=\"fb-icon-element-7 fb-icon-element fontawesome-icon fa-map-marker-alt fas circle-yes\" style=\"font-size:15.84px;line-height:29.68px;height:31.68px;width:31.68px;border-width:1px;align-self:flex-start;margin: 0px;margin-right:9px;\"><\/i><style>i.fb-icon-element.fontawesome-icon.fb-icon-element-7{ color: #ffffff; background-color: #4a4e57; border-color: #4a4e57;}i.fb-icon-element.fontawesome-icon.fb-icon-element-7:hover { color: #ffffff; background-color: #65bc7b; border-color: #65bc7b;}<\/style> Campus Universitario de Gij\u00f3n s\/n, 33203 Gij\u00f3n &#8211; Asturias<\/p>\n<a class=\"fb-icon-element-8 fb-icon-element fontawesome-icon fa-envelope fas circle-yes fusion-link\" style=\"font-size:15.84px;line-height:29.68px;height:31.68px;width:31.68px;border-width:1px;align-self:flex-start;margin: 0px;margin-right:9px;\" href=\"mailto:marinacivil@uniovi.es\" aria-label=\"Link to mailto:marinacivil@uniovi.es\" target=\"_blank\" rel=\"noopener noreferrer\"> <\/a><style>a.fb-icon-element.fontawesome-icon.fb-icon-element-8{ color: #ffffff; background-color: #4a4e57; border-color: #4a4e57;}a.fb-icon-element.fontawesome-icon.fb-icon-element-8:hover { color: #ffffff; background-color: #65bc7b; border-color: #65bc7b;}<\/style> <a href=\"mailto:marinacivil@uniovi.es\">marinacivil@uniovi.es<\/a><\/p>\n<a class=\"fb-icon-element-9 fb-icon-element fontawesome-icon fa-link fas circle-yes fusion-link\" style=\"font-size:15.84px;line-height:29.68px;height:31.68px;width:31.68px;border-width:1px;align-self:flex-start;margin: 0px;margin-right:9px;\" href=\"https:\/\/marina.uniovi.es\" aria-label=\"Link to https:\/\/marina.uniovi.es\" target=\"_blank\" rel=\"noopener noreferrer\">&nbsp; <\/a><style>a.fb-icon-element.fontawesome-icon.fb-icon-element-9{ color: #ffffff; background-color: #4a4e57; border-color: #4a4e57;}a.fb-icon-element.fontawesome-icon.fb-icon-element-9:hover { color: #ffffff; background-color: #65bc7b; border-color: #65bc7b;}<\/style><a href=\"https:\/\/marina.uniovi.es\"> ver web<\/a><\/p>\n<\/div><\/div><\/div><div class=\"fusion-panel panel-default oculta_facultad\"><div class=\"panel-heading\"><h4 class=\"panel-title toggle\"><a aria-expanded=\"false\" aria-controls=\"828e051583971d0b6\" role=\"button\" data-toggle=\"collapse\" data-target=\"#828e051583971d0b6\" href=\"#828e051583971d0b6\"><span class=\"fusion-toggle-icon-wrapper\" aria-hidden=\"true\"><i class=\"fa-fusion-box\" aria-hidden=\"true\"><\/i><\/span><span class=\"fusion-toggle-heading\">ESC. DE INGENIER\u00cdA INFORM\u00c1TICA<\/span><\/a><\/h4><\/div><div id=\"828e051583971d0b6\" class=\"panel-collapse collapse \"><div class=\"panel-body toggle-content fusion-clearfix\"><strong>Director<\/strong><br \/>\nFERNANDO ALVAREZ GARC\u00cdA<\/p>\n<i class=\"fb-icon-element-10 fb-icon-element fontawesome-icon fa-map-marker-alt fas circle-yes\" style=\"font-size:15.84px;line-height:29.68px;height:31.68px;width:31.68px;border-width:1px;align-self:flex-start;margin: 0px;margin-right:9px;\"><\/i><style>i.fb-icon-element.fontawesome-icon.fb-icon-element-10{ color: #ffffff; background-color: #4a4e57; border-color: #4a4e57;}i.fb-icon-element.fontawesome-icon.fb-icon-element-10:hover { color: #ffffff; background-color: #65bc7b; border-color: #65bc7b;}<\/style> Campus de los Catalanes C\/ Vald\u00e9s Salas, 33007 Oviedo<\/p>\n<a class=\"fb-icon-element-11 fb-icon-element fontawesome-icon fa-envelope fas circle-yes fusion-link\" style=\"font-size:15.84px;line-height:29.68px;height:31.68px;width:31.68px;border-width:1px;align-self:flex-start;margin: 0px;margin-right:9px;\" href=\"mailto:eii@uniovi.es\" aria-label=\"Link to mailto:eii@uniovi.es\" target=\"_blank\" rel=\"noopener noreferrer\"> <\/a><style>a.fb-icon-element.fontawesome-icon.fb-icon-element-11{ color: #ffffff; background-color: #4a4e57; border-color: #4a4e57;}a.fb-icon-element.fontawesome-icon.fb-icon-element-11:hover { color: #ffffff; background-color: #65bc7b; border-color: #65bc7b;}<\/style> <a href=\"mailto:eii@uniovi.es\">eii@uniovi.es<\/a><\/p>\n<a class=\"fb-icon-element-12 fb-icon-element fontawesome-icon fa-link fas circle-yes fusion-link\" style=\"font-size:15.84px;line-height:29.68px;height:31.68px;width:31.68px;border-width:1px;align-self:flex-start;margin: 0px;margin-right:9px;\" href=\"https:\/\/ingenieriainformatica.uniovi.es\" aria-label=\"Link to https:\/\/ingenieriainformatica.uniovi.es\" target=\"_blank\" rel=\"noopener noreferrer\">\u00a0 <\/a><style>a.fb-icon-element.fontawesome-icon.fb-icon-element-12{ color: #ffffff; background-color: #4a4e57; border-color: #4a4e57;}a.fb-icon-element.fontawesome-icon.fb-icon-element-12:hover { color: #ffffff; background-color: #65bc7b; border-color: #65bc7b;}<\/style><a href=\"https:\/\/ingenieriainformatica.uniovi.es\"> ver web<\/a><\/div><\/div><\/div><\/div><\/div><style type=\"text\/css\">.fusion-accordian  #accordion-12-2 .panel-title a .fa-fusion-box{ color: #ffffff;}.fusion-accordian  #accordion-12-2 .panel-title a .fa-fusion-box:before{ font-size: 16px; width: 16px;}.fusion-accordian  #accordion-12-2 .fa-fusion-box { background-color: #212934;border-color: #212934;}.fusion-accordian  #accordion-12-2 .panel-title a:hover, #accordion-12-2 .fusion-toggle-boxed-mode:hover .panel-title a { color: #65bc7b;}.fusion-accordian  #accordion-12-2 .panel-title .active .fa-fusion-box,.fusion-accordian  #accordion-12-2 .panel-title a:hover .fa-fusion-box { background-color: #65bc7b!important;border-color: #65bc7b!important;}<\/style><div class=\"accordian fusion-accordian\"><div class=\"panel-group\" id=\"accordion-12-2\"><div class=\"fusion-panel panel-default oculta_facultad\"><div class=\"panel-heading\"><h4 class=\"panel-title toggle\"><a aria-expanded=\"false\" aria-controls=\"ad929d33a31639383\" role=\"button\" data-toggle=\"collapse\" data-target=\"#ad929d33a31639383\" href=\"#ad929d33a31639383\"><span class=\"fusion-toggle-icon-wrapper\" aria-hidden=\"true\"><i class=\"fa-fusion-box\" aria-hidden=\"true\"><\/i><\/span><span class=\"fusion-toggle-heading\">ESC. DE INGENIER\u00cdA DE MINAS, ENERG\u00cdA Y MATERIALES DE OVIEDO<\/span><\/a><\/h4><\/div><div id=\"ad929d33a31639383\" class=\"panel-collapse collapse \"><div class=\"panel-body toggle-content fusion-clearfix\"><strong>Director<\/strong><br \/>\nFrancisco Javier Iglesias Rodr\u00edguez<\/p>\n<i class=\"fb-icon-element-13 fb-icon-element fontawesome-icon fa-map-marker-alt fas circle-yes\" style=\"font-size:15.84px;line-height:29.68px;height:31.68px;width:31.68px;border-width:1px;align-self:flex-start;margin: 0px;margin-right:9px;\"><\/i><style>i.fb-icon-element.fontawesome-icon.fb-icon-element-13{ color: #ffffff; background-color: #4a4e57; border-color: #4a4e57;}i.fb-icon-element.fontawesome-icon.fb-icon-element-13:hover { color: #ffffff; background-color: #65bc7b; border-color: #65bc7b;}<\/style> C\/ Independencia, 13 (33004)Oviedo<\/p>\n<i class=\"fb-icon-element-14 fb-icon-element fontawesome-icon fa-envelope fas circle-yes\" style=\"font-size:15.84px;line-height:29.68px;height:31.68px;width:31.68px;border-width:1px;align-self:flex-start;margin: 0px;margin-right:9px;\"> <\/i><style>i.fb-icon-element.fontawesome-icon.fb-icon-element-14{ color: #ffffff; background-color: #4a4e57; border-color: #4a4e57;}i.fb-icon-element.fontawesome-icon.fb-icon-element-14:hover { color: #ffffff; background-color: #65bc7b; border-color: #65bc7b;}<\/style> <a href=\"mailto:dir.eimem@uniovi.es\">dir.eimem@uniovi.es<\/a><\/p>\n<a class=\"fb-icon-element-15 fb-icon-element fontawesome-icon fa-link fas circle-yes fusion-link\" style=\"font-size:15.84px;line-height:29.68px;height:31.68px;width:31.68px;border-width:1px;align-self:flex-start;margin: 0px;margin-right:9px;\" href=\"https:\/\/eimem.uniovi.es\" aria-label=\"Link to https:\/\/eimem.uniovi.es\" target=\"_blank\" rel=\"noopener noreferrer\">\u00a0 <\/a><style>a.fb-icon-element.fontawesome-icon.fb-icon-element-15{ color: #ffffff; background-color: #4a4e57; border-color: #4a4e57;}a.fb-icon-element.fontawesome-icon.fb-icon-element-15:hover { color: #ffffff; background-color: #65bc7b; border-color: #65bc7b;}<\/style><a href=\"https:\/\/eimem.uniovi.es\"> ver web<\/a><\/div><\/div><\/div><div class=\"fusion-panel panel-default oculta_facultad\"><div class=\"panel-heading\"><h4 class=\"panel-title toggle\"><a aria-expanded=\"false\" aria-controls=\"6818ea839295e5860\" role=\"button\" data-toggle=\"collapse\" data-target=\"#6818ea839295e5860\" href=\"#6818ea839295e5860\"><span class=\"fusion-toggle-icon-wrapper\" aria-hidden=\"true\"><i class=\"fa-fusion-box\" aria-hidden=\"true\"><\/i><\/span><span class=\"fusion-toggle-heading\">ESC. SUPERIOR DE LA MARINA CIVIL<\/span><\/a><\/h4><\/div><div id=\"6818ea839295e5860\" class=\"panel-collapse collapse \"><div class=\"panel-body toggle-content fusion-clearfix\">\n<p><strong>Director<\/strong><br \/>\nRub\u00e9n Gonz\u00e1lez Rodr\u00edguez<\/p>\n<i class=\"fb-icon-element-16 fb-icon-element fontawesome-icon fa-map-marker-alt fas circle-yes\" style=\"font-size:15.84px;line-height:29.68px;height:31.68px;width:31.68px;border-width:1px;align-self:flex-start;margin: 0px;margin-right:9px;\"><\/i><style>i.fb-icon-element.fontawesome-icon.fb-icon-element-16{ color: #ffffff; background-color: #4a4e57; border-color: #4a4e57;}i.fb-icon-element.fontawesome-icon.fb-icon-element-16:hover { color: #ffffff; background-color: #65bc7b; border-color: #65bc7b;}<\/style> Campus Universitario de Gij\u00f3n s\/n, 33203 Gij\u00f3n &#8211; Asturias<\/p>\n<a class=\"fb-icon-element-17 fb-icon-element fontawesome-icon fa-envelope fas circle-yes fusion-link\" style=\"font-size:15.84px;line-height:29.68px;height:31.68px;width:31.68px;border-width:1px;align-self:flex-start;margin: 0px;margin-right:9px;\" href=\"mailto:marinacivil@uniovi.es\" aria-label=\"Link to mailto:marinacivil@uniovi.es\" target=\"_blank\" rel=\"noopener noreferrer\"> <\/a><style>a.fb-icon-element.fontawesome-icon.fb-icon-element-17{ color: #ffffff; background-color: #4a4e57; border-color: #4a4e57;}a.fb-icon-element.fontawesome-icon.fb-icon-element-17:hover { color: #ffffff; background-color: #65bc7b; border-color: #65bc7b;}<\/style> <a href=\"mailto:marinacivil@uniovi.es\">marinacivil@uniovi.es<\/a><\/p>\n<a class=\"fb-icon-element-18 fb-icon-element fontawesome-icon fa-link fas circle-yes fusion-link\" style=\"font-size:15.84px;line-height:29.68px;height:31.68px;width:31.68px;border-width:1px;align-self:flex-start;margin: 0px;margin-right:9px;\" href=\"https:\/\/marina.uniovi.es\" aria-label=\"Link to https:\/\/marina.uniovi.es\" target=\"_blank\" rel=\"noopener noreferrer\">&nbsp; <\/a><style>a.fb-icon-element.fontawesome-icon.fb-icon-element-18{ color: #ffffff; background-color: #4a4e57; border-color: #4a4e57;}a.fb-icon-element.fontawesome-icon.fb-icon-element-18:hover { color: #ffffff; background-color: #65bc7b; border-color: #65bc7b;}<\/style><a href=\"https:\/\/marina.uniovi.es\"> ver web<\/a><\/p>\n<\/div><\/div><\/div><div class=\"fusion-panel panel-default oculta_facultad\"><div class=\"panel-heading\"><h4 class=\"panel-title toggle\"><a aria-expanded=\"false\" aria-controls=\"ce7f9b3169a643e68\" role=\"button\" data-toggle=\"collapse\" data-target=\"#ce7f9b3169a643e68\" href=\"#ce7f9b3169a643e68\"><span class=\"fusion-toggle-icon-wrapper\" aria-hidden=\"true\"><i class=\"fa-fusion-box\" aria-hidden=\"true\"><\/i><\/span><span class=\"fusion-toggle-heading\">ESC. DE INGENIER\u00cdA INFORM\u00c1TICA<\/span><\/a><\/h4><\/div><div id=\"ce7f9b3169a643e68\" class=\"panel-collapse collapse \"><div class=\"panel-body toggle-content fusion-clearfix\"><strong>Director<\/strong><br \/>\nFERNANDO ALVAREZ GARC\u00cdA<\/p>\n<i class=\"fb-icon-element-19 fb-icon-element fontawesome-icon fa-map-marker-alt fas circle-yes\" style=\"font-size:15.84px;line-height:29.68px;height:31.68px;width:31.68px;border-width:1px;align-self:flex-start;margin: 0px;margin-right:9px;\"><\/i><style>i.fb-icon-element.fontawesome-icon.fb-icon-element-19{ color: #ffffff; background-color: #4a4e57; border-color: #4a4e57;}i.fb-icon-element.fontawesome-icon.fb-icon-element-19:hover { color: #ffffff; background-color: #65bc7b; border-color: #65bc7b;}<\/style> Campus de los Catalanes C\/ Vald\u00e9s Salas, 33007 Oviedo<\/p>\n<a class=\"fb-icon-element-20 fb-icon-element fontawesome-icon fa-envelope fas circle-yes fusion-link\" style=\"font-size:15.84px;line-height:29.68px;height:31.68px;width:31.68px;border-width:1px;align-self:flex-start;margin: 0px;margin-right:9px;\" href=\"mailto:eii@uniovi.es\" aria-label=\"Link to mailto:eii@uniovi.es\" target=\"_blank\" rel=\"noopener noreferrer\"> <\/a><style>a.fb-icon-element.fontawesome-icon.fb-icon-element-20{ color: #ffffff; background-color: #4a4e57; border-color: #4a4e57;}a.fb-icon-element.fontawesome-icon.fb-icon-element-20:hover { color: #ffffff; background-color: #65bc7b; border-color: #65bc7b;}<\/style> <a href=\"mailto:eii@uniovi.es\">eii@uniovi.es<\/a><\/p>\n<a class=\"fb-icon-element-21 fb-icon-element fontawesome-icon fa-link fas circle-yes fusion-link\" style=\"font-size:15.84px;line-height:29.68px;height:31.68px;width:31.68px;border-width:1px;align-self:flex-start;margin: 0px;margin-right:9px;\" href=\"https:\/\/ingenieriainformatica.uniovi.es\" aria-label=\"Link to https:\/\/ingenieriainformatica.uniovi.es\" target=\"_blank\" rel=\"noopener noreferrer\">\u00a0 <\/a><style>a.fb-icon-element.fontawesome-icon.fb-icon-element-21{ color: #ffffff; background-color: #4a4e57; border-color: #4a4e57;}a.fb-icon-element.fontawesome-icon.fb-icon-element-21:hover { color: #ffffff; background-color: #65bc7b; border-color: #65bc7b;}<\/style><a href=\"https:\/\/ingenieriainformatica.uniovi.es\"> ver web<\/a><\/div><\/div><\/div><div class=\"fusion-panel panel-default\"><div class=\"panel-heading\"><h4 class=\"panel-title toggle\"><a aria-expanded=\"false\" aria-controls=\"ffa2d1fa60307e220\" role=\"button\" data-toggle=\"collapse\" data-target=\"#ffa2d1fa60307e220\" href=\"#ffa2d1fa60307e220\"><span class=\"fusion-toggle-icon-wrapper\" aria-hidden=\"true\"><i class=\"fa-fusion-box\" aria-hidden=\"true\"><\/i><\/span><span class=\"fusion-toggle-heading\">ESC. POLIT\u00c9CNICA DE MIERES<\/span><\/a><\/h4><\/div><div id=\"ffa2d1fa60307e220\" class=\"panel-collapse collapse \"><div class=\"panel-body toggle-content fusion-clearfix\">\n<p><strong>Director<\/strong><br \/>\u00c1NGEL MART\u00cdN RODR\u00cdGUEZ<\/p>\n<i class=\"fb-icon-element-22 fb-icon-element fontawesome-icon fa-map-marker-alt fas circle-yes\" style=\"font-size:15.84px;line-height:29.68px;height:31.68px;width:31.68px;border-width:1px;align-self:flex-start;margin: 0px;margin-right:9px;\"><\/i><style>i.fb-icon-element.fontawesome-icon.fb-icon-element-22{ color: #ffffff; background-color: #4a4e57; border-color: #4a4e57;}i.fb-icon-element.fontawesome-icon.fb-icon-element-22:hover { color: #ffffff; background-color: #65bc7b; border-color: #65bc7b;}<\/style> C\/ Gonzalo Guti\u00e9rrez Quir\u00f3s s\/n 33600 Mieres<\/p>\n<a class=\"fb-icon-element-23 fb-icon-element fontawesome-icon fa-envelope fas circle-yes fusion-link\" style=\"font-size:15.84px;line-height:29.68px;height:31.68px;width:31.68px;border-width:1px;align-self:flex-start;margin: 0px;margin-right:9px;\" href=\"mailto:epm@uniovi.es\" aria-label=\"Link to mailto:epm@uniovi.es\" target=\"_blank\" rel=\"noopener noreferrer\"> <\/a><style>a.fb-icon-element.fontawesome-icon.fb-icon-element-23{ color: #ffffff; background-color: #4a4e57; border-color: #4a4e57;}a.fb-icon-element.fontawesome-icon.fb-icon-element-23:hover { color: #ffffff; background-color: #65bc7b; border-color: #65bc7b;}<\/style> <a href=\"mailto:epm@uniovi.es\">epm@uniovi.es<\/a><\/p>\n<a class=\"fb-icon-element-24 fb-icon-element fontawesome-icon fa-link fas circle-yes fusion-link\" style=\"font-size:15.84px;line-height:29.68px;height:31.68px;width:31.68px;border-width:1px;align-self:flex-start;margin: 0px;margin-right:9px;\" href=\"https:\/\/epm.uniovi.es\" aria-label=\"Link to https:\/\/epm.uniovi.es\" target=\"_blank\" rel=\"noopener noreferrer\">\u00a0 <\/a><style>a.fb-icon-element.fontawesome-icon.fb-icon-element-24{ color: #ffffff; background-color: #4a4e57; border-color: #4a4e57;}a.fb-icon-element.fontawesome-icon.fb-icon-element-24:hover { color: #ffffff; background-color: #65bc7b; border-color: #65bc7b;}<\/style> <a href=\"https:\/\/epm.uniovi.es\">ver web<\/a><\/p>\n<div ><style type=\"text\/css\">.fusion-button.button-2 {border-radius:15px;}.fusion-button.button-2 .fusion-button-text {text-transform:uppercase;}<\/style><a class=\"fusion-button button-flat button-small button-default button-2 fusion-button-default-span fusion-button-default-type\" target=\"_self\" href=\"escuela-politecnica-mieres\" style=\"margin-top:10px;\"><span class=\"fusion-button-text\">ver ficha<\/span><\/a><\/div>\n<\/div><\/div><\/div><\/div><\/div><style type=\"text\/css\">.fusion-accordian  #accordion-12-3 .panel-title a .fa-fusion-box{ color: #ffffff;}.fusion-accordian  #accordion-12-3 .panel-title a .fa-fusion-box:before{ font-size: 16px; width: 16px;}.fusion-accordian  #accordion-12-3 .fa-fusion-box { background-color: #212934;border-color: #212934;}.fusion-accordian  #accordion-12-3 .panel-title a:hover, #accordion-12-3 .fusion-toggle-boxed-mode:hover .panel-title a { color: #65bc7b;}.fusion-accordian  #accordion-12-3 .panel-title .active .fa-fusion-box,.fusion-accordian  #accordion-12-3 .panel-title a:hover .fa-fusion-box { background-color: #65bc7b!important;border-color: #65bc7b!important;}<\/style><div class=\"accordian fusion-accordian\"><div class=\"panel-group\" id=\"accordion-12-3\"><div class=\"fusion-panel panel-default\"><div class=\"panel-heading\"><h4 class=\"panel-title toggle\"><a aria-expanded=\"false\" aria-controls=\"9d1d95b793f22ef4c\" role=\"button\" data-toggle=\"collapse\" data-target=\"#9d1d95b793f22ef4c\" href=\"#9d1d95b793f22ef4c\"><span class=\"fusion-toggle-icon-wrapper\" aria-hidden=\"true\"><i class=\"fa-fusion-box\" aria-hidden=\"true\"><\/i><\/span><span class=\"fusion-toggle-heading\">FAC. DE CIENCIAS<\/span><\/a><\/h4><\/div><div id=\"9d1d95b793f22ef4c\" class=\"panel-collapse collapse \"><div class=\"panel-body toggle-content fusion-clearfix\">\n<p><strong>Decano<\/strong><br \/>JOS\u00c9 MANUEL NORIEGA ANTU\u00d1A<\/p>\n<i class=\"fb-icon-element-25 fb-icon-element fontawesome-icon fa-map-marker-alt fas circle-yes\" style=\"font-size:15.84px;line-height:29.68px;height:31.68px;width:31.68px;border-width:1px;align-self:flex-start;margin: 0px;margin-right:9px;\"><\/i><style>i.fb-icon-element.fontawesome-icon.fb-icon-element-25{ color: #ffffff; background-color: #4a4e57; border-color: #4a4e57;}i.fb-icon-element.fontawesome-icon.fb-icon-element-25:hover { color: #ffffff; background-color: #65bc7b; border-color: #65bc7b;}<\/style>C\/ Federico Garc\u00eda Lorca n\u00ba18, 33007 Oviedo (Asturias)<\/p>\n<a class=\"fb-icon-element-26 fb-icon-element fontawesome-icon fa-envelope fas circle-yes fusion-link\" style=\"font-size:15.84px;line-height:29.68px;height:31.68px;width:31.68px;border-width:1px;align-self:flex-start;margin: 0px;margin-right:9px;\" href=\"mailto:fac.ciencias@uniovi.es\" aria-label=\"Link to mailto:fac.ciencias@uniovi.es\" target=\"_blank\" rel=\"noopener noreferrer\"> <\/a><style>a.fb-icon-element.fontawesome-icon.fb-icon-element-26{ color: #ffffff; background-color: #4a4e57; border-color: #4a4e57;}a.fb-icon-element.fontawesome-icon.fb-icon-element-26:hover { color: #ffffff; background-color: #65bc7b; border-color: #65bc7b;}<\/style> <a href=\"mailto:fac.ciencias@uniovi.es\">fac.ciencias@uniovi.es<\/a><\/p>\n<a class=\"fb-icon-element-27 fb-icon-element fontawesome-icon fa-link fas circle-yes fusion-link\" style=\"font-size:15.84px;line-height:29.68px;height:31.68px;width:31.68px;border-width:1px;align-self:flex-start;margin: 0px;margin-right:9px;\" href=\"https:\/\/ciencias.uniovi.es\" aria-label=\"Link to https:\/\/ciencias.uniovi.es\" target=\"_blank\" rel=\"noopener noreferrer\">\u00a0 <\/a><style>a.fb-icon-element.fontawesome-icon.fb-icon-element-27{ color: #ffffff; background-color: #4a4e57; border-color: #4a4e57;}a.fb-icon-element.fontawesome-icon.fb-icon-element-27:hover { color: #ffffff; background-color: #65bc7b; border-color: #65bc7b;}<\/style><a href=\"https:\/\/ciencias.uniovi.es\"> ver web<\/a><\/p>\n<div ><style type=\"text\/css\">.fusion-button.button-3 {border-radius:15px;}.fusion-button.button-3 .fusion-button-text {text-transform:uppercase;}<\/style><a class=\"fusion-button button-flat button-small button-default button-3 fusion-button-default-span fusion-button-default-type\" target=\"_self\" href=\"facultad-ciencias\" style=\"margin-top:10px;\"><span class=\"fusion-button-text\">ver ficha<\/span><\/a><\/div>\n<\/div><\/div><\/div><\/div><\/div><style type=\"text\/css\">.fusion-accordian  #accordion-12-4 .panel-title a .fa-fusion-box{ color: #ffffff;}.fusion-accordian  #accordion-12-4 .panel-title a .fa-fusion-box:before{ font-size: 16px; width: 16px;}.fusion-accordian  #accordion-12-4 .fa-fusion-box { background-color: #212934;border-color: #212934;}.fusion-accordian  #accordion-12-4 .panel-title a:hover, #accordion-12-4 .fusion-toggle-boxed-mode:hover .panel-title a { color: #65bc7b;}.fusion-accordian  #accordion-12-4 .panel-title .active .fa-fusion-box,.fusion-accordian  #accordion-12-4 .panel-title a:hover .fa-fusion-box { background-color: #65bc7b!important;border-color: #65bc7b!important;}<\/style><div class=\"accordian fusion-accordian\"><div class=\"panel-group\" id=\"accordion-12-4\"><div class=\"fusion-panel panel-default oculta_facultad\"><div class=\"panel-heading\"><h4 class=\"panel-title toggle\"><a aria-expanded=\"false\" aria-controls=\"dd279170ded4b160d\" role=\"button\" data-toggle=\"collapse\" data-target=\"#dd279170ded4b160d\" href=\"#dd279170ded4b160d\"><span class=\"fusion-toggle-icon-wrapper\" aria-hidden=\"true\"><i class=\"fa-fusion-box\" aria-hidden=\"true\"><\/i><\/span><span class=\"fusion-toggle-heading\">ESC. DE INGENIER\u00cdA DE MINAS, ENERG\u00cdA Y MATERIALES DE OVIEDO<\/span><\/a><\/h4><\/div><div id=\"dd279170ded4b160d\" class=\"panel-collapse collapse \"><div class=\"panel-body toggle-content fusion-clearfix\"><strong>Director<\/strong><br \/>\nFrancisco Javier Iglesias Rodr\u00edguez<\/p>\n<i class=\"fb-icon-element-28 fb-icon-element fontawesome-icon fa-map-marker-alt fas circle-yes\" style=\"font-size:15.84px;line-height:29.68px;height:31.68px;width:31.68px;border-width:1px;align-self:flex-start;margin: 0px;margin-right:9px;\"><\/i><style>i.fb-icon-element.fontawesome-icon.fb-icon-element-28{ color: #ffffff; background-color: #4a4e57; border-color: #4a4e57;}i.fb-icon-element.fontawesome-icon.fb-icon-element-28:hover { color: #ffffff; background-color: #65bc7b; border-color: #65bc7b;}<\/style> C\/ Independencia, 13 (33004)Oviedo<\/p>\n<i class=\"fb-icon-element-29 fb-icon-element fontawesome-icon fa-envelope fas circle-yes\" style=\"font-size:15.84px;line-height:29.68px;height:31.68px;width:31.68px;border-width:1px;align-self:flex-start;margin: 0px;margin-right:9px;\"> <\/i><style>i.fb-icon-element.fontawesome-icon.fb-icon-element-29{ color: #ffffff; background-color: #4a4e57; border-color: #4a4e57;}i.fb-icon-element.fontawesome-icon.fb-icon-element-29:hover { color: #ffffff; background-color: #65bc7b; border-color: #65bc7b;}<\/style> <a href=\"mailto:dir.eimem@uniovi.es\">dir.eimem@uniovi.es<\/a><\/p>\n<a class=\"fb-icon-element-30 fb-icon-element fontawesome-icon fa-link fas circle-yes fusion-link\" style=\"font-size:15.84px;line-height:29.68px;height:31.68px;width:31.68px;border-width:1px;align-self:flex-start;margin: 0px;margin-right:9px;\" href=\"https:\/\/eimem.uniovi.es\" aria-label=\"Link to https:\/\/eimem.uniovi.es\" target=\"_blank\" rel=\"noopener noreferrer\">\u00a0 <\/a><style>a.fb-icon-element.fontawesome-icon.fb-icon-element-30{ color: #ffffff; background-color: #4a4e57; border-color: #4a4e57;}a.fb-icon-element.fontawesome-icon.fb-icon-element-30:hover { color: #ffffff; background-color: #65bc7b; border-color: #65bc7b;}<\/style><a href=\"https:\/\/eimem.uniovi.es\"> ver web<\/a><\/div><\/div><\/div><div class=\"fusion-panel panel-default oculta_facultad\"><div class=\"panel-heading\"><h4 class=\"panel-title toggle\"><a aria-expanded=\"false\" aria-controls=\"0b2bda7f237ee1e21\" role=\"button\" data-toggle=\"collapse\" data-target=\"#0b2bda7f237ee1e21\" href=\"#0b2bda7f237ee1e21\"><span class=\"fusion-toggle-icon-wrapper\" aria-hidden=\"true\"><i class=\"fa-fusion-box\" aria-hidden=\"true\"><\/i><\/span><span class=\"fusion-toggle-heading\">ESC. SUPERIOR DE LA MARINA CIVIL<\/span><\/a><\/h4><\/div><div id=\"0b2bda7f237ee1e21\" class=\"panel-collapse collapse \"><div class=\"panel-body toggle-content fusion-clearfix\">\n<p><strong>Director<\/strong><br \/>\nRub\u00e9n Gonz\u00e1lez Rodr\u00edguez<\/p>\n<i class=\"fb-icon-element-31 fb-icon-element fontawesome-icon fa-map-marker-alt fas circle-yes\" style=\"font-size:15.84px;line-height:29.68px;height:31.68px;width:31.68px;border-width:1px;align-self:flex-start;margin: 0px;margin-right:9px;\"><\/i><style>i.fb-icon-element.fontawesome-icon.fb-icon-element-31{ color: #ffffff; background-color: #4a4e57; border-color: #4a4e57;}i.fb-icon-element.fontawesome-icon.fb-icon-element-31:hover { color: #ffffff; background-color: #65bc7b; border-color: #65bc7b;}<\/style> Campus Universitario de Gij\u00f3n s\/n, 33203 Gij\u00f3n &#8211; Asturias<\/p>\n<a class=\"fb-icon-element-32 fb-icon-element fontawesome-icon fa-envelope fas circle-yes fusion-link\" style=\"font-size:15.84px;line-height:29.68px;height:31.68px;width:31.68px;border-width:1px;align-self:flex-start;margin: 0px;margin-right:9px;\" href=\"mailto:marinacivil@uniovi.es\" aria-label=\"Link to mailto:marinacivil@uniovi.es\" target=\"_blank\" rel=\"noopener noreferrer\"> <\/a><style>a.fb-icon-element.fontawesome-icon.fb-icon-element-32{ color: #ffffff; background-color: #4a4e57; border-color: #4a4e57;}a.fb-icon-element.fontawesome-icon.fb-icon-element-32:hover { color: #ffffff; background-color: #65bc7b; border-color: #65bc7b;}<\/style> <a href=\"mailto:marinacivil@uniovi.es\">marinacivil@uniovi.es<\/a><\/p>\n<a class=\"fb-icon-element-33 fb-icon-element fontawesome-icon fa-link fas circle-yes fusion-link\" style=\"font-size:15.84px;line-height:29.68px;height:31.68px;width:31.68px;border-width:1px;align-self:flex-start;margin: 0px;margin-right:9px;\" href=\"https:\/\/marina.uniovi.es\" aria-label=\"Link to https:\/\/marina.uniovi.es\" target=\"_blank\" rel=\"noopener noreferrer\">&nbsp; <\/a><style>a.fb-icon-element.fontawesome-icon.fb-icon-element-33{ color: #ffffff; background-color: #4a4e57; border-color: #4a4e57;}a.fb-icon-element.fontawesome-icon.fb-icon-element-33:hover { color: #ffffff; background-color: #65bc7b; border-color: #65bc7b;}<\/style><a href=\"https:\/\/marina.uniovi.es\"> ver web<\/a><\/p>\n<\/div><\/div><\/div><div class=\"fusion-panel panel-default oculta_facultad\"><div class=\"panel-heading\"><h4 class=\"panel-title toggle\"><a aria-expanded=\"false\" aria-controls=\"c7c1040e2dd9faf5f\" role=\"button\" data-toggle=\"collapse\" data-target=\"#c7c1040e2dd9faf5f\" href=\"#c7c1040e2dd9faf5f\"><span class=\"fusion-toggle-icon-wrapper\" aria-hidden=\"true\"><i class=\"fa-fusion-box\" aria-hidden=\"true\"><\/i><\/span><span class=\"fusion-toggle-heading\">ESC. DE INGENIER\u00cdA INFORM\u00c1TICA<\/span><\/a><\/h4><\/div><div id=\"c7c1040e2dd9faf5f\" class=\"panel-collapse collapse \"><div class=\"panel-body toggle-content fusion-clearfix\"><strong>Director<\/strong><br \/>\nFERNANDO ALVAREZ GARC\u00cdA<\/p>\n<i class=\"fb-icon-element-34 fb-icon-element fontawesome-icon fa-map-marker-alt fas circle-yes\" style=\"font-size:15.84px;line-height:29.68px;height:31.68px;width:31.68px;border-width:1px;align-self:flex-start;margin: 0px;margin-right:9px;\"><\/i><style>i.fb-icon-element.fontawesome-icon.fb-icon-element-34{ color: #ffffff; background-color: #4a4e57; border-color: #4a4e57;}i.fb-icon-element.fontawesome-icon.fb-icon-element-34:hover { color: #ffffff; background-color: #65bc7b; border-color: #65bc7b;}<\/style> Campus de los Catalanes C\/ Vald\u00e9s Salas, 33007 Oviedo<\/p>\n<a class=\"fb-icon-element-35 fb-icon-element fontawesome-icon fa-envelope fas circle-yes fusion-link\" style=\"font-size:15.84px;line-height:29.68px;height:31.68px;width:31.68px;border-width:1px;align-self:flex-start;margin: 0px;margin-right:9px;\" href=\"mailto:eii@uniovi.es\" aria-label=\"Link to mailto:eii@uniovi.es\" target=\"_blank\" rel=\"noopener noreferrer\"> <\/a><style>a.fb-icon-element.fontawesome-icon.fb-icon-element-35{ color: #ffffff; background-color: #4a4e57; border-color: #4a4e57;}a.fb-icon-element.fontawesome-icon.fb-icon-element-35:hover { color: #ffffff; background-color: #65bc7b; border-color: #65bc7b;}<\/style> <a href=\"mailto:eii@uniovi.es\">eii@uniovi.es<\/a><\/p>\n<a class=\"fb-icon-element-36 fb-icon-element fontawesome-icon fa-link fas circle-yes fusion-link\" style=\"font-size:15.84px;line-height:29.68px;height:31.68px;width:31.68px;border-width:1px;align-self:flex-start;margin: 0px;margin-right:9px;\" href=\"https:\/\/ingenieriainformatica.uniovi.es\" aria-label=\"Link to https:\/\/ingenieriainformatica.uniovi.es\" target=\"_blank\" rel=\"noopener noreferrer\">\u00a0 <\/a><style>a.fb-icon-element.fontawesome-icon.fb-icon-element-36{ color: #ffffff; background-color: #4a4e57; border-color: #4a4e57;}a.fb-icon-element.fontawesome-icon.fb-icon-element-36:hover { color: #ffffff; background-color: #65bc7b; border-color: #65bc7b;}<\/style><a href=\"https:\/\/ingenieriainformatica.uniovi.es\"> ver web<\/a><\/div><\/div><\/div><div class=\"fusion-panel panel-default\"><div class=\"panel-heading\"><h4 class=\"panel-title toggle\"><a aria-expanded=\"false\" aria-controls=\"ecbfa007b16d223e4\" role=\"button\" data-toggle=\"collapse\" data-target=\"#ecbfa007b16d223e4\" href=\"#ecbfa007b16d223e4\"><span class=\"fusion-toggle-icon-wrapper\" aria-hidden=\"true\"><i class=\"fa-fusion-box\" aria-hidden=\"true\"><\/i><\/span><span class=\"fusion-toggle-heading\">FAC. DE COMERCIO, TURISMO Y CIENCIAS SOCIALES JOVELLANOS <\/span><\/a><\/h4><\/div><div id=\"ecbfa007b16d223e4\" class=\"panel-collapse collapse \"><div class=\"panel-body toggle-content fusion-clearfix\">\n<p><strong>Decano<\/strong><br \/>LEVI P\u00c9REZ CARCEDO<\/p>\n<i class=\"fb-icon-element-37 fb-icon-element fontawesome-icon fa-map-marker-alt fas circle-yes\" style=\"font-size:15.84px;line-height:29.68px;height:31.68px;width:31.68px;border-width:1px;align-self:flex-start;margin: 0px;margin-right:9px;\"><\/i><style>i.fb-icon-element.fontawesome-icon.fb-icon-element-37{ color: #ffffff; background-color: #4a4e57; border-color: #4a4e57;}i.fb-icon-element.fontawesome-icon.fb-icon-element-37:hover { color: #ffffff; background-color: #65bc7b; border-color: #65bc7b;}<\/style> Laboral Ciudad de la Cultura 33203, Gijon<\/p>\n<a class=\"fb-icon-element-38 fb-icon-element fontawesome-icon fa-envelope fas circle-yes fusion-link\" style=\"font-size:15.84px;line-height:29.68px;height:31.68px;width:31.68px;border-width:1px;align-self:flex-start;margin: 0px;margin-right:9px;\" href=\"mailto:facjov.decano@uniovi.es\" aria-label=\"Link to mailto:facjov.decano@uniovi.es\" target=\"_blank\" rel=\"noopener noreferrer\"> <\/a><style>a.fb-icon-element.fontawesome-icon.fb-icon-element-38{ color: #ffffff; background-color: #4a4e57; border-color: #4a4e57;}a.fb-icon-element.fontawesome-icon.fb-icon-element-38:hover { color: #ffffff; background-color: #65bc7b; border-color: #65bc7b;}<\/style> facjov.decano@uniovi.es<\/p>\n<a class=\"fb-icon-element-39 fb-icon-element fontawesome-icon fa-link fas circle-yes fusion-link\" style=\"font-size:15.84px;line-height:29.68px;height:31.68px;width:31.68px;border-width:1px;align-self:flex-start;margin: 0px;margin-right:9px;\" href=\"https:\/\/jovellanos.uniovi.es\" aria-label=\"Link to https:\/\/jovellanos.uniovi.es\" target=\"_blank\" rel=\"noopener noreferrer\">\u00a0 <\/a><style>a.fb-icon-element.fontawesome-icon.fb-icon-element-39{ color: #ffffff; background-color: #4a4e57; border-color: #4a4e57;}a.fb-icon-element.fontawesome-icon.fb-icon-element-39:hover { color: #ffffff; background-color: #65bc7b; border-color: #65bc7b;}<\/style> <a href=\"https:\/\/jovellanos.uniovi.es\" target=\"_blank\" rel=\"noopener\">ver web<\/a><\/p>\n<div ><style type=\"text\/css\">.fusion-button.button-4 {border-radius:15px;}.fusion-button.button-4 .fusion-button-text {text-transform:uppercase;}<\/style><a class=\"fusion-button button-flat button-small button-default button-4 fusion-button-default-span fusion-button-default-type\" target=\"_self\" href=\"facultad-comercio\" style=\"margin-top:10px;\"><span class=\"fusion-button-text\">ver ficha<\/span><\/a><\/div>\n<\/div><\/div><\/div><\/div><\/div><style type=\"text\/css\">.fusion-accordian  #accordion-12-5 .panel-title a .fa-fusion-box{ color: #ffffff;}.fusion-accordian  #accordion-12-5 .panel-title a .fa-fusion-box:before{ font-size: 16px; width: 16px;}.fusion-accordian  #accordion-12-5 .fa-fusion-box { background-color: #212934;border-color: #212934;}.fusion-accordian  #accordion-12-5 .panel-title a:hover, #accordion-12-5 .fusion-toggle-boxed-mode:hover .panel-title a { color: #65bc7b;}.fusion-accordian  #accordion-12-5 .panel-title .active .fa-fusion-box,.fusion-accordian  #accordion-12-5 .panel-title a:hover .fa-fusion-box { background-color: #65bc7b!important;border-color: #65bc7b!important;}<\/style><div class=\"accordian fusion-accordian\"><div class=\"panel-group\" id=\"accordion-12-5\"><div class=\"fusion-panel panel-default\"><div class=\"panel-heading\"><h4 class=\"panel-title toggle\"><a aria-expanded=\"false\" aria-controls=\"2562bb3cf62443dd1\" role=\"button\" data-toggle=\"collapse\" data-target=\"#2562bb3cf62443dd1\" href=\"#2562bb3cf62443dd1\"><span class=\"fusion-toggle-icon-wrapper\" aria-hidden=\"true\"><i class=\"fa-fusion-box\" aria-hidden=\"true\"><\/i><\/span><span class=\"fusion-toggle-heading\">FAC. DE DERECHO<\/span><\/a><\/h4><\/div><div id=\"2562bb3cf62443dd1\" class=\"panel-collapse collapse \"><div class=\"panel-body toggle-content fusion-clearfix\">\n<p><strong>Decano<\/strong><br \/>JAVIER GUSTAVO FERN\u00c1NDEZ TERUELO<\/p>\n<i class=\"fb-icon-element-40 fb-icon-element fontawesome-icon fa-map-marker-alt fas circle-yes\" style=\"font-size:15.84px;line-height:29.68px;height:31.68px;width:31.68px;border-width:1px;align-self:flex-start;margin: 0px;margin-right:9px;\"><\/i><style>i.fb-icon-element.fontawesome-icon.fb-icon-element-40{ color: #ffffff; background-color: #4a4e57; border-color: #4a4e57;}i.fb-icon-element.fontawesome-icon.fb-icon-element-40:hover { color: #ffffff; background-color: #65bc7b; border-color: #65bc7b;}<\/style> C\/ Catedr\u00e1tico Valent\u00edn Andr\u00e9s \u00c1lvarez, s\/n, 33006, Oviedo<\/p>\n<a class=\"fb-icon-element-41 fb-icon-element fontawesome-icon fa-envelope fas circle-yes fusion-link\" style=\"font-size:15.84px;line-height:29.68px;height:31.68px;width:31.68px;border-width:1px;align-self:flex-start;margin: 0px;margin-right:9px;\" href=\"mailto:fac.derecho@uniovi.es\" aria-label=\"Link to mailto:fac.derecho@uniovi.es\" target=\"_blank\" rel=\"noopener noreferrer\"> <\/a><style>a.fb-icon-element.fontawesome-icon.fb-icon-element-41{ color: #ffffff; background-color: #4a4e57; border-color: #4a4e57;}a.fb-icon-element.fontawesome-icon.fb-icon-element-41:hover { color: #ffffff; background-color: #65bc7b; border-color: #65bc7b;}<\/style> <a href=\"mailto:fac.derecho@uniovi.es\">fac.derecho@uniovi.es<\/a><\/p>\n<a class=\"fb-icon-element-42 fb-icon-element fontawesome-icon fa-link fas circle-yes fusion-link\" style=\"font-size:15.84px;line-height:29.68px;height:31.68px;width:31.68px;border-width:1px;align-self:flex-start;margin: 0px;margin-right:9px;\" href=\"https:\/\/derecho.uniovi.es\" aria-label=\"Link to https:\/\/derecho.uniovi.es\" target=\"_blank\" rel=\"noopener noreferrer\">\u00a0 <\/a><style>a.fb-icon-element.fontawesome-icon.fb-icon-element-42{ color: #ffffff; background-color: #4a4e57; border-color: #4a4e57;}a.fb-icon-element.fontawesome-icon.fb-icon-element-42:hover { color: #ffffff; background-color: #65bc7b; border-color: #65bc7b;}<\/style> <a href=\"https:\/\/derecho.uniovi.es\">ver web<\/a><\/p>\n<div ><style type=\"text\/css\">.fusion-button.button-5 {border-radius:15px;}.fusion-button.button-5 .fusion-button-text {text-transform:uppercase;}<\/style><a class=\"fusion-button button-flat button-small button-default button-5 fusion-button-default-span fusion-button-default-type\" target=\"_self\" href=\"facultad-derecho\" style=\"margin-top:10px;\"><span class=\"fusion-button-text\">ver ficha<\/span><\/a><\/div>\n<\/div><\/div><\/div><\/div><\/div><style type=\"text\/css\">.fusion-accordian  #accordion-12-6 .panel-title a .fa-fusion-box{ color: #ffffff;}.fusion-accordian  #accordion-12-6 .panel-title a .fa-fusion-box:before{ font-size: 16px; width: 16px;}.fusion-accordian  #accordion-12-6 .fa-fusion-box { background-color: #212934;border-color: #212934;}.fusion-accordian  #accordion-12-6 .panel-title a:hover, #accordion-12-6 .fusion-toggle-boxed-mode:hover .panel-title a { color: #65bc7b;}.fusion-accordian  #accordion-12-6 .panel-title .active .fa-fusion-box,.fusion-accordian  #accordion-12-6 .panel-title a:hover .fa-fusion-box { background-color: #65bc7b!important;border-color: #65bc7b!important;}<\/style><div class=\"accordian fusion-accordian\"><div class=\"panel-group\" id=\"accordion-12-6\"><div class=\"fusion-panel panel-default\"><div class=\"panel-heading\"><h4 class=\"panel-title toggle\"><a aria-expanded=\"false\" aria-controls=\"9826f067238d2ac57\" role=\"button\" data-toggle=\"collapse\" data-target=\"#9826f067238d2ac57\" href=\"#9826f067238d2ac57\"><span class=\"fusion-toggle-icon-wrapper\" aria-hidden=\"true\"><i class=\"fa-fusion-box\" aria-hidden=\"true\"><\/i><\/span><span class=\"fusion-toggle-heading\">FAC. DE ECONOM\u00cdA Y EMPRESA<\/span><\/a><\/h4><\/div><div id=\"9826f067238d2ac57\" class=\"panel-collapse collapse \"><div class=\"panel-body toggle-content fusion-clearfix\">\n<p><strong>Decano<\/strong><br \/>M. DEL CARMEN BENAVIDES GONZ\u00c1LEZ<\/p>\n<i class=\"fb-icon-element-43 fb-icon-element fontawesome-icon fa-map-marker-alt fas circle-yes\" style=\"font-size:15.84px;line-height:29.68px;height:31.68px;width:31.68px;border-width:1px;align-self:flex-start;margin: 0px;margin-right:9px;\"><\/i><style>i.fb-icon-element.fontawesome-icon.fb-icon-element-43{ color: #ffffff; background-color: #4a4e57; border-color: #4a4e57;}i.fb-icon-element.fontawesome-icon.fb-icon-element-43:hover { color: #ffffff; background-color: #65bc7b; border-color: #65bc7b;}<\/style>Avda del Cristo s\/n. 33006 Oviedo<\/p>\n<a class=\"fb-icon-element-44 fb-icon-element fontawesome-icon fa-envelope fas circle-yes fusion-link\" style=\"font-size:15.84px;line-height:29.68px;height:31.68px;width:31.68px;border-width:1px;align-self:flex-start;margin: 0px;margin-right:9px;\" href=\"mailto:fac.econo@uniovi.es\" aria-label=\"Link to mailto:fac.econo@uniovi.es\" target=\"_blank\" rel=\"noopener noreferrer\"> <\/a><style>a.fb-icon-element.fontawesome-icon.fb-icon-element-44{ color: #ffffff; background-color: #4a4e57; border-color: #4a4e57;}a.fb-icon-element.fontawesome-icon.fb-icon-element-44:hover { color: #ffffff; background-color: #65bc7b; border-color: #65bc7b;}<\/style> <a href=\"mailto:fac.econo@uniovi.es\">fac.econo@uniovi.es<\/a><\/p>\n<a class=\"fb-icon-element-45 fb-icon-element fontawesome-icon fa-link fas circle-yes fusion-link\" style=\"font-size:15.84px;line-height:29.68px;height:31.68px;width:31.68px;border-width:1px;align-self:flex-start;margin: 0px;margin-right:9px;\" href=\"https:\/\/econo.uniovi.es\" aria-label=\"Link to https:\/\/econo.uniovi.es\" target=\"_blank\" rel=\"noopener noreferrer\">\u00a0 <\/a><style>a.fb-icon-element.fontawesome-icon.fb-icon-element-45{ color: #ffffff; background-color: #4a4e57; border-color: #4a4e57;}a.fb-icon-element.fontawesome-icon.fb-icon-element-45:hover { color: #ffffff; background-color: #65bc7b; border-color: #65bc7b;}<\/style><a href=\"https:\/\/econo.uniovi.es\"> ver web<\/a><\/p>\n<div ><style type=\"text\/css\">.fusion-button.button-6 {border-radius:15px;}.fusion-button.button-6 .fusion-button-text {text-transform:uppercase;}<\/style><a class=\"fusion-button button-flat button-small button-default button-6 fusion-button-default-span fusion-button-default-type\" target=\"_self\" href=\"facultad-economia-empresa\" style=\"margin-top:10px;\"><span class=\"fusion-button-text\">ver ficha<\/span><\/a><\/div>\n<\/div><\/div><\/div><\/div><\/div><style type=\"text\/css\">.fusion-accordian  #accordion-12-7 .panel-title a .fa-fusion-box{ color: #ffffff;}.fusion-accordian  #accordion-12-7 .panel-title a .fa-fusion-box:before{ font-size: 16px; width: 16px;}.fusion-accordian  #accordion-12-7 .fa-fusion-box { background-color: #212934;border-color: #212934;}.fusion-accordian  #accordion-12-7 .panel-title a:hover, #accordion-12-7 .fusion-toggle-boxed-mode:hover .panel-title a { color: #65bc7b;}.fusion-accordian  #accordion-12-7 .panel-title .active .fa-fusion-box,.fusion-accordian  #accordion-12-7 .panel-title a:hover .fa-fusion-box { background-color: #65bc7b!important;border-color: #65bc7b!important;}<\/style><div class=\"accordian fusion-accordian\"><div class=\"panel-group\" id=\"accordion-12-7\"><div class=\"fusion-panel panel-default oculta_facultad\"><div class=\"panel-heading\"><h4 class=\"panel-title toggle\"><a aria-expanded=\"false\" aria-controls=\"eeabe500af71417da\" role=\"button\" data-toggle=\"collapse\" data-target=\"#eeabe500af71417da\" href=\"#eeabe500af71417da\"><span class=\"fusion-toggle-icon-wrapper\" aria-hidden=\"true\"><i class=\"fa-fusion-box\" aria-hidden=\"true\"><\/i><\/span><span class=\"fusion-toggle-heading\">FAC. MEDICINA Y CIENCIAS DE LA SALUD<\/span><\/a><\/h4><\/div><div id=\"eeabe500af71417da\" class=\"panel-collapse collapse \"><div class=\"panel-body toggle-content fusion-clearfix\">\n<p><strong>Decano<\/strong><br \/>JOSE LUIS LLORENTE PEND\u00c1S<\/p>\n<i class=\"fb-icon-element-46 fb-icon-element fontawesome-icon fa-map-marker-alt fas circle-yes\" style=\"font-size:15.84px;line-height:29.68px;height:31.68px;width:31.68px;border-width:1px;align-self:flex-start;margin: 0px;margin-right:9px;\"><\/i><style>i.fb-icon-element.fontawesome-icon.fb-icon-element-46{ color: #ffffff; background-color: #4a4e57; border-color: #4a4e57;}i.fb-icon-element.fontawesome-icon.fb-icon-element-46:hover { color: #ffffff; background-color: #65bc7b; border-color: #65bc7b;}<\/style> Campus de El Cristo s\/n 33006<\/p>\n<i class=\"fb-icon-element-47 fb-icon-element fontawesome-icon fa-envelope fas circle-yes\" style=\"font-size:15.84px;line-height:29.68px;height:31.68px;width:31.68px;border-width:1px;align-self:flex-start;margin: 0px;margin-right:9px;\"> <\/i><style>i.fb-icon-element.fontawesome-icon.fb-icon-element-47{ color: #ffffff; background-color: #4a4e57; border-color: #4a4e57;}i.fb-icon-element.fontawesome-icon.fb-icon-element-47:hover { color: #ffffff; background-color: #65bc7b; border-color: #65bc7b;}<\/style> <a href=\"mailto:fac.medicina@uniovi.es\">fac.medicina@uniovi.es<\/a> &#8211; <a href=\"mailto:euenferfisio@uniovi.es\">euenferfisio@uniovi.es<\/a><\/p>\n<a class=\"fb-icon-element-48 fb-icon-element fontawesome-icon fa-link fas circle-yes fusion-link\" style=\"font-size:15.84px;line-height:29.68px;height:31.68px;width:31.68px;border-width:1px;align-self:flex-start;margin: 0px;margin-right:9px;\" href=\"https:\/\/medicinaysalud.uniovi.es\" aria-label=\"Link to https:\/\/medicinaysalud.uniovi.es\" target=\"_blank\" rel=\"noopener noreferrer\">\u00a0 <\/a><style>a.fb-icon-element.fontawesome-icon.fb-icon-element-48{ color: #ffffff; background-color: #4a4e57; border-color: #4a4e57;}a.fb-icon-element.fontawesome-icon.fb-icon-element-48:hover { color: #ffffff; background-color: #65bc7b; border-color: #65bc7b;}<\/style><a href=\"https:\/\/medicinaysalud.uniovi.es\"> ver web<\/a><\/p>\n<\/div><\/div><\/div><\/div><\/div><style type=\"text\/css\">.fusion-accordian  #accordion-12-8 .panel-title a .fa-fusion-box{ color: #ffffff;}.fusion-accordian  #accordion-12-8 .panel-title a .fa-fusion-box:before{ font-size: 16px; width: 16px;}.fusion-accordian  #accordion-12-8 .fa-fusion-box { background-color: #212934;border-color: #212934;}.fusion-accordian  #accordion-12-8 .panel-title a:hover, #accordion-12-8 .fusion-toggle-boxed-mode:hover .panel-title a { color: #65bc7b;}.fusion-accordian  #accordion-12-8 .panel-title .active .fa-fusion-box,.fusion-accordian  #accordion-12-8 .panel-title a:hover .fa-fusion-box { background-color: #65bc7b!important;border-color: #65bc7b!important;}<\/style><div class=\"accordian fusion-accordian\"><div class=\"panel-group\" id=\"accordion-12-8\"><div class=\"fusion-panel panel-default oculta_facultad\"><div class=\"panel-heading\"><h4 class=\"panel-title toggle\"><a aria-expanded=\"false\" aria-controls=\"e1f5120281afa06b9\" role=\"button\" data-toggle=\"collapse\" data-target=\"#e1f5120281afa06b9\" href=\"#e1f5120281afa06b9\"><span class=\"fusion-toggle-icon-wrapper\" aria-hidden=\"true\"><i class=\"fa-fusion-box\" aria-hidden=\"true\"><\/i><\/span><span class=\"fusion-toggle-heading\">FACULTAD DE BIOLOG\u00cdA<\/span><\/a><\/h4><\/div><div id=\"e1f5120281afa06b9\" class=\"panel-collapse collapse \"><div class=\"panel-body toggle-content fusion-clearfix\">\n<p><strong>Decano<\/strong><br \/>\nJOSE MANUEL RICO ORD\u00c1S<\/p>\n<i class=\"fb-icon-element-49 fb-icon-element fontawesome-icon fa-map-marker-alt fas circle-yes\" style=\"font-size:15.84px;line-height:29.68px;height:31.68px;width:31.68px;border-width:1px;align-self:flex-start;margin: 0px;margin-right:9px;\"><\/i><style>i.fb-icon-element.fontawesome-icon.fb-icon-element-49{ color: #ffffff; background-color: #4a4e57; border-color: #4a4e57;}i.fb-icon-element.fontawesome-icon.fb-icon-element-49:hover { color: #ffffff; background-color: #65bc7b; border-color: #65bc7b;}<\/style> C\/ Catedr\u00e1tico Valent\u00edn Andr\u00e9s \u00c1lvarez, s\/n, 33006, Oviedo<\/p>\n<a class=\"fb-icon-element-50 fb-icon-element fontawesome-icon fa-envelope fas circle-yes fusion-link\" style=\"font-size:15.84px;line-height:29.68px;height:31.68px;width:31.68px;border-width:1px;align-self:flex-start;margin: 0px;margin-right:9px;\" href=\"mailto:fac.biologia@uniovi.es\" aria-label=\"Link to mailto:fac.biologia@uniovi.es\" target=\"_blank\" rel=\"noopener noreferrer\"> <\/a><style>a.fb-icon-element.fontawesome-icon.fb-icon-element-50{ color: #ffffff; background-color: #4a4e57; border-color: #4a4e57;}a.fb-icon-element.fontawesome-icon.fb-icon-element-50:hover { color: #ffffff; background-color: #65bc7b; border-color: #65bc7b;}<\/style> <a href=\"mailto:fac.biologia@uniovi.es\">fac.biologia@uniovi.es<\/a><\/p>\n<a class=\"fb-icon-element-51 fb-icon-element fontawesome-icon fa-link fas circle-yes fusion-link\" style=\"font-size:15.84px;line-height:29.68px;height:31.68px;width:31.68px;border-width:1px;align-self:flex-start;margin: 0px;margin-right:9px;\" href=\"https:\/\/biologia.uniovi.es\" aria-label=\"Link to https:\/\/biologia.uniovi.es\" target=\"_blank\" rel=\"noopener noreferrer\">&nbsp; <\/a><style>a.fb-icon-element.fontawesome-icon.fb-icon-element-51{ color: #ffffff; background-color: #4a4e57; border-color: #4a4e57;}a.fb-icon-element.fontawesome-icon.fb-icon-element-51:hover { color: #ffffff; background-color: #65bc7b; border-color: #65bc7b;}<\/style><a href=\"https:\/\/biologia.uniovi.es\"> ver web<\/a><\/p>\n<\/div><\/div><\/div><\/div><\/div><style type=\"text\/css\">.fusion-accordian  #accordion-12-9 .panel-title a .fa-fusion-box{ color: #ffffff;}.fusion-accordian  #accordion-12-9 .panel-title a .fa-fusion-box:before{ font-size: 16px; width: 16px;}.fusion-accordian  #accordion-12-9 .fa-fusion-box { background-color: #212934;border-color: #212934;}.fusion-accordian  #accordion-12-9 .panel-title a:hover, #accordion-12-9 .fusion-toggle-boxed-mode:hover .panel-title a { color: #65bc7b;}.fusion-accordian  #accordion-12-9 .panel-title .active .fa-fusion-box,.fusion-accordian  #accordion-12-9 .panel-title a:hover .fa-fusion-box { background-color: #65bc7b!important;border-color: #65bc7b!important;}<\/style><div class=\"accordian fusion-accordian\"><div class=\"panel-group\" id=\"accordion-12-9\"><div class=\"fusion-panel panel-default\"><div class=\"panel-heading\"><h4 class=\"panel-title toggle\"><a aria-expanded=\"false\" aria-controls=\"dd9c210a20439ffb6\" role=\"button\" data-toggle=\"collapse\" data-target=\"#dd9c210a20439ffb6\" href=\"#dd9c210a20439ffb6\"><span class=\"fusion-toggle-icon-wrapper\" aria-hidden=\"true\"><i class=\"fa-fusion-box\" aria-hidden=\"true\"><\/i><\/span><span class=\"fusion-toggle-heading\">FAC. DE FILOSOF\u00cdA Y LETRAS<\/span><\/a><\/h4><\/div><div id=\"dd9c210a20439ffb6\" class=\"panel-collapse collapse \"><div class=\"panel-body toggle-content fusion-clearfix\"><strong>Decano<\/strong><br \/>\nJOS\u00c9 ANTONIO G\u00d3MEZ RODR\u00cdGUEZ<\/p>\n<i class=\"fb-icon-element-52 fb-icon-element fontawesome-icon fa-map-marker-alt fas circle-yes\" style=\"font-size:15.84px;line-height:29.68px;height:31.68px;width:31.68px;border-width:1px;align-self:flex-start;margin: 0px;margin-right:9px;\"><\/i><style>i.fb-icon-element.fontawesome-icon.fb-icon-element-52{ color: #ffffff; background-color: #4a4e57; border-color: #4a4e57;}i.fb-icon-element.fontawesome-icon.fb-icon-element-52:hover { color: #ffffff; background-color: #65bc7b; border-color: #65bc7b;}<\/style>C\/ Amparo Pedregal, s\/n 33011 Oviedo<\/p>\n<a class=\"fb-icon-element-53 fb-icon-element fontawesome-icon fa-envelope fas circle-yes fusion-link\" style=\"font-size:15.84px;line-height:29.68px;height:31.68px;width:31.68px;border-width:1px;align-self:flex-start;margin: 0px;margin-right:9px;\" href=\"mailto:decano.fyl@uniovi.es\" aria-label=\"Link to mailto:decano.fyl@uniovi.es\" target=\"_blank\" rel=\"noopener noreferrer\"> <\/a><style>a.fb-icon-element.fontawesome-icon.fb-icon-element-53{ color: #ffffff; background-color: #4a4e57; border-color: #4a4e57;}a.fb-icon-element.fontawesome-icon.fb-icon-element-53:hover { color: #ffffff; background-color: #65bc7b; border-color: #65bc7b;}<\/style> <a href=\"mailto:decano.fyl@uniovi.es\">decano.fyl@uniovi.es<\/a><\/p>\n<a class=\"fb-icon-element-54 fb-icon-element fontawesome-icon fa-link fas circle-yes fusion-link\" style=\"font-size:15.84px;line-height:29.68px;height:31.68px;width:31.68px;border-width:1px;align-self:flex-start;margin: 0px;margin-right:9px;\" href=\"https:\/\/fyl.uniovi.es\" aria-label=\"Link to https:\/\/fyl.uniovi.es\" target=\"_blank\" rel=\"noopener noreferrer\">\u00a0 <\/a><style>a.fb-icon-element.fontawesome-icon.fb-icon-element-54{ color: #ffffff; background-color: #4a4e57; border-color: #4a4e57;}a.fb-icon-element.fontawesome-icon.fb-icon-element-54:hover { color: #ffffff; background-color: #65bc7b; border-color: #65bc7b;}<\/style> <a href=\"https:\/\/fyl.uniovi.es\">ver web<\/a><\/p>\n<div ><style type=\"text\/css\">.fusion-button.button-7 {border-radius:15px;}.fusion-button.button-7 .fusion-button-text {text-transform:uppercase;}<\/style><a class=\"fusion-button button-flat button-small button-default button-7 fusion-button-default-span fusion-button-default-type\" target=\"_self\" href=\"facultad-filosofia-letras\" style=\"margin-top:10px;\"><span class=\"fusion-button-text\">ver ficha<\/span><\/a><\/div><\/div><\/div><\/div><\/div><\/div><style type=\"text\/css\">.fusion-accordian  #accordion-12-10 .panel-title a .fa-fusion-box{ color: #ffffff;}.fusion-accordian  #accordion-12-10 .panel-title a .fa-fusion-box:before{ font-size: 16px; width: 16px;}.fusion-accordian  #accordion-12-10 .fa-fusion-box { background-color: #212934;border-color: #212934;}.fusion-accordian  #accordion-12-10 .panel-title a:hover, #accordion-12-10 .fusion-toggle-boxed-mode:hover .panel-title a { color: #65bc7b;}.fusion-accordian  #accordion-12-10 .panel-title .active .fa-fusion-box,.fusion-accordian  #accordion-12-10 .panel-title a:hover .fa-fusion-box { background-color: #65bc7b!important;border-color: #65bc7b!important;}<\/style><div class=\"accordian fusion-accordian\"><div class=\"panel-group\" id=\"accordion-12-10\"><div class=\"fusion-panel panel-default oculta_facultad\"><div class=\"panel-heading\"><h4 class=\"panel-title toggle\"><a aria-expanded=\"false\" aria-controls=\"d10661e35e1664fb8\" role=\"button\" data-toggle=\"collapse\" data-target=\"#d10661e35e1664fb8\" href=\"#d10661e35e1664fb8\"><span class=\"fusion-toggle-icon-wrapper\" aria-hidden=\"true\"><i class=\"fa-fusion-box\" aria-hidden=\"true\"><\/i><\/span><span class=\"fusion-toggle-heading\">FAC. QU\u00cdMICA<\/span><\/a><\/h4><\/div><div id=\"d10661e35e1664fb8\" class=\"panel-collapse collapse \"><div class=\"panel-body toggle-content fusion-clearfix\">\n<p><strong>Decano<\/strong><br \/>SUSANA FERN\u00c1NDEZ GONZ\u00c1LEZ<\/p>\n<i class=\"fb-icon-element-55 fb-icon-element fontawesome-icon fa-map-marker-alt fas circle-yes\" style=\"font-size:15.84px;line-height:29.68px;height:31.68px;width:31.68px;border-width:1px;align-self:flex-start;margin: 0px;margin-right:9px;\"><\/i><style>i.fb-icon-element.fontawesome-icon.fb-icon-element-55{ color: #ffffff; background-color: #4a4e57; border-color: #4a4e57;}i.fb-icon-element.fontawesome-icon.fb-icon-element-55:hover { color: #ffffff; background-color: #65bc7b; border-color: #65bc7b;}<\/style> Avda. Juli\u00e1n Claver\u00eda 8, 33006 Oviedo<\/p>\n<a class=\"fb-icon-element-56 fb-icon-element fontawesome-icon fa-envelope fas circle-yes fusion-link\" style=\"font-size:15.84px;line-height:29.68px;height:31.68px;width:31.68px;border-width:1px;align-self:flex-start;margin: 0px;margin-right:9px;\" href=\"mailto:facquimica@uniovi.es\" aria-label=\"Link to mailto:facquimica@uniovi.es\" target=\"_blank\" rel=\"noopener noreferrer\"> <\/a><style>a.fb-icon-element.fontawesome-icon.fb-icon-element-56{ color: #ffffff; background-color: #4a4e57; border-color: #4a4e57;}a.fb-icon-element.fontawesome-icon.fb-icon-element-56:hover { color: #ffffff; background-color: #65bc7b; border-color: #65bc7b;}<\/style> <a href=\"mailto:facquimica@uniovi.es\">facquimica@uniovi.es<\/a><\/p>\n<a class=\"fb-icon-element-57 fb-icon-element fontawesome-icon fa-link fas circle-yes fusion-link\" style=\"font-size:15.84px;line-height:29.68px;height:31.68px;width:31.68px;border-width:1px;align-self:flex-start;margin: 0px;margin-right:9px;\" href=\"https:\/\/quimica.uniovi.es\" aria-label=\"Link to https:\/\/quimica.uniovi.es\" target=\"_blank\" rel=\"noopener noreferrer\">\u00a0 <\/a><style>a.fb-icon-element.fontawesome-icon.fb-icon-element-57{ color: #ffffff; background-color: #4a4e57; border-color: #4a4e57;}a.fb-icon-element.fontawesome-icon.fb-icon-element-57:hover { color: #ffffff; background-color: #65bc7b; border-color: #65bc7b;}<\/style> <a href=\"https:\/\/quimica.uniovi.es\">ver web<\/a><\/p>\n<\/div><\/div><\/div><\/div><\/div><style type=\"text\/css\">.fusion-accordian  #accordion-12-11 .panel-title a .fa-fusion-box{ color: #ffffff;}.fusion-accordian  #accordion-12-11 .panel-title a .fa-fusion-box:before{ font-size: 16px; width: 16px;}.fusion-accordian  #accordion-12-11 .fa-fusion-box { background-color: #212934;border-color: #212934;}.fusion-accordian  #accordion-12-11 .panel-title a:hover, #accordion-12-11 .fusion-toggle-boxed-mode:hover .panel-title a { color: #65bc7b;}.fusion-accordian  #accordion-12-11 .panel-title .active .fa-fusion-box,.fusion-accordian  #accordion-12-11 .panel-title a:hover .fa-fusion-box { background-color: #65bc7b!important;border-color: #65bc7b!important;}<\/style><div class=\"accordian fusion-accordian\"><div class=\"panel-group\" id=\"accordion-12-11\"><div class=\"fusion-panel panel-default oculta_facultad\"><div class=\"panel-heading\"><h4 class=\"panel-title toggle\"><a aria-expanded=\"false\" aria-controls=\"f2d250bdd2a1ef8cd\" role=\"button\" data-toggle=\"collapse\" data-target=\"#f2d250bdd2a1ef8cd\" href=\"#f2d250bdd2a1ef8cd\"><span class=\"fusion-toggle-icon-wrapper\" aria-hidden=\"true\"><i class=\"fa-fusion-box\" aria-hidden=\"true\"><\/i><\/span><span class=\"fusion-toggle-heading\">FAC. PSICOLOG\u00cdA<\/span><\/a><\/h4><\/div><div id=\"f2d250bdd2a1ef8cd\" class=\"panel-collapse collapse \"><div class=\"panel-body toggle-content fusion-clearfix\">\n<p><strong>Decano<\/strong><br \/>JOS\u00c9 CARLOS N\u00da\u00d1EZ P\u00c9REZ<\/p>\n<i class=\"fb-icon-element-58 fb-icon-element fontawesome-icon fa-map-marker-alt fas circle-yes\" style=\"font-size:15.84px;line-height:29.68px;height:31.68px;width:31.68px;border-width:1px;align-self:flex-start;margin: 0px;margin-right:9px;\"><\/i><style>i.fb-icon-element.fontawesome-icon.fb-icon-element-58{ color: #ffffff; background-color: #4a4e57; border-color: #4a4e57;}i.fb-icon-element.fontawesome-icon.fb-icon-element-58:hover { color: #ffffff; background-color: #65bc7b; border-color: #65bc7b;}<\/style> Plaza de Feijoo, s\/n, 33003, Oviedo<\/p>\n<a class=\"fb-icon-element-59 fb-icon-element fontawesome-icon fa-envelope fas circle-yes fusion-link\" style=\"font-size:15.84px;line-height:29.68px;height:31.68px;width:31.68px;border-width:1px;align-self:flex-start;margin: 0px;margin-right:9px;\" href=\"mailto:fac.psicologia@uniovi.es\" aria-label=\"Link to mailto:fac.psicologia@uniovi.es\" target=\"_blank\" rel=\"noopener noreferrer\"> <\/a><style>a.fb-icon-element.fontawesome-icon.fb-icon-element-59{ color: #ffffff; background-color: #4a4e57; border-color: #4a4e57;}a.fb-icon-element.fontawesome-icon.fb-icon-element-59:hover { color: #ffffff; background-color: #65bc7b; border-color: #65bc7b;}<\/style> <a href=\"mailto:fac.psicologia@uniovi.es\">fac.psicologia@uniovi.es<\/a><\/p>\n<a class=\"fb-icon-element-60 fb-icon-element fontawesome-icon fa-link fas circle-yes fusion-link\" style=\"font-size:15.84px;line-height:29.68px;height:31.68px;width:31.68px;border-width:1px;align-self:flex-start;margin: 0px;margin-right:9px;\" href=\"https:\/\/psicologia.uniovi.es\/\" aria-label=\"Link to https:\/\/psicologia.uniovi.es\/\" target=\"_blank\" rel=\"noopener noreferrer\">\u00a0 <\/a><style>a.fb-icon-element.fontawesome-icon.fb-icon-element-60{ color: #ffffff; background-color: #4a4e57; border-color: #4a4e57;}a.fb-icon-element.fontawesome-icon.fb-icon-element-60:hover { color: #ffffff; background-color: #65bc7b; border-color: #65bc7b;}<\/style><a href=\"https:\/\/psicologia.uniovi.es\/\"> ver web<\/a><\/p>\n<\/div><\/div><\/div><\/div><\/div><style type=\"text\/css\">.fusion-accordian  #accordion-12-12 .panel-title a .fa-fusion-box{ color: #ffffff;}.fusion-accordian  #accordion-12-12 .panel-title a .fa-fusion-box:before{ font-size: 16px; width: 16px;}.fusion-accordian  #accordion-12-12 .fa-fusion-box { background-color: #212934;border-color: #212934;}.fusion-accordian  #accordion-12-12 .panel-title a:hover, #accordion-12-12 .fusion-toggle-boxed-mode:hover .panel-title a { color: #65bc7b;}.fusion-accordian  #accordion-12-12 .panel-title .active .fa-fusion-box,.fusion-accordian  #accordion-12-12 .panel-title a:hover .fa-fusion-box { background-color: #65bc7b!important;border-color: #65bc7b!important;}<\/style><div class=\"accordian fusion-accordian\"><div class=\"panel-group\" id=\"accordion-12-12\"><div class=\"fusion-panel panel-default oculta_facultad\"><div class=\"panel-heading\"><h4 class=\"panel-title toggle\"><a aria-expanded=\"false\" aria-controls=\"3d86a91e9ab49d2d5\" role=\"button\" data-toggle=\"collapse\" data-target=\"#3d86a91e9ab49d2d5\" href=\"#3d86a91e9ab49d2d5\"><span class=\"fusion-toggle-icon-wrapper\" aria-hidden=\"true\"><i class=\"fa-fusion-box\" aria-hidden=\"true\"><\/i><\/span><span class=\"fusion-toggle-heading\">FAC. DE GEOLOG\u00cdA<\/span><\/a><\/h4><\/div><div id=\"3d86a91e9ab49d2d5\" class=\"panel-collapse collapse \"><div class=\"panel-body toggle-content fusion-clearfix\">\n<p><strong>Decano<\/strong><br \/>\nJUAN RAM\u00d3N BAHAMONDE RIONDA<\/p>\n<i class=\"fb-icon-element-61 fb-icon-element fontawesome-icon fa-map-marker-alt fas circle-yes\" style=\"font-size:15.84px;line-height:29.68px;height:31.68px;width:31.68px;border-width:1px;align-self:flex-start;margin: 0px;margin-right:9px;\"><\/i><style>i.fb-icon-element.fontawesome-icon.fb-icon-element-61{ color: #ffffff; background-color: #4a4e57; border-color: #4a4e57;}i.fb-icon-element.fontawesome-icon.fb-icon-element-61:hover { color: #ffffff; background-color: #65bc7b; border-color: #65bc7b;}<\/style>C\/. Jes\u00fas Arias de Velasco s\/n, 33005, Oviedo<\/p>\n<a class=\"fb-icon-element-62 fb-icon-element fontawesome-icon fa-envelope fas circle-yes fusion-link\" style=\"font-size:15.84px;line-height:29.68px;height:31.68px;width:31.68px;border-width:1px;align-self:flex-start;margin: 0px;margin-right:9px;\" href=\"mailto:fac.geologia@uniovi.es\" aria-label=\"Link to mailto:fac.geologia@uniovi.es\" target=\"_blank\" rel=\"noopener noreferrer\"> <\/a><style>a.fb-icon-element.fontawesome-icon.fb-icon-element-62{ color: #ffffff; background-color: #4a4e57; border-color: #4a4e57;}a.fb-icon-element.fontawesome-icon.fb-icon-element-62:hover { color: #ffffff; background-color: #65bc7b; border-color: #65bc7b;}<\/style> <a href=\"mailto:fac.geologia@uniovi.es\">fac.geologia@uniovi.es<\/a><\/p>\n<a class=\"fb-icon-element-63 fb-icon-element fontawesome-icon fa-link fas circle-yes fusion-link\" style=\"font-size:15.84px;line-height:29.68px;height:31.68px;width:31.68px;border-width:1px;align-self:flex-start;margin: 0px;margin-right:9px;\" href=\"https:\/\/geologia.uniovi.es\" aria-label=\"Link to https:\/\/geologia.uniovi.es\" target=\"_blank\" rel=\"noopener noreferrer\">&nbsp; <\/a><style>a.fb-icon-element.fontawesome-icon.fb-icon-element-63{ color: #ffffff; background-color: #4a4e57; border-color: #4a4e57;}a.fb-icon-element.fontawesome-icon.fb-icon-element-63:hover { color: #ffffff; background-color: #65bc7b; border-color: #65bc7b;}<\/style><a href=\"https:\/\/geologia.uniovi.es\"> ver web<\/a><\/p>\n<\/div><\/div><\/div><\/div><\/div><style type=\"text\/css\">.fusion-accordian  #accordion-12-13 .panel-title a .fa-fusion-box{ color: #ffffff;}.fusion-accordian  #accordion-12-13 .panel-title a .fa-fusion-box:before{ font-size: 16px; width: 16px;}.fusion-accordian  #accordion-12-13 .fa-fusion-box { background-color: #212934;border-color: #212934;}.fusion-accordian  #accordion-12-13 .panel-title a:hover, #accordion-12-13 .fusion-toggle-boxed-mode:hover .panel-title a { color: #65bc7b;}.fusion-accordian  #accordion-12-13 .panel-title .active .fa-fusion-box,.fusion-accordian  #accordion-12-13 .panel-title a:hover .fa-fusion-box { background-color: #65bc7b!important;border-color: #65bc7b!important;}<\/style><div class=\"accordian fusion-accordian\"><div class=\"panel-group\" id=\"accordion-12-13\"><div class=\"fusion-panel panel-default\"><div class=\"panel-heading\"><h4 class=\"panel-title toggle\"><a aria-expanded=\"false\" aria-controls=\"d5e162b41297e0d5c\" role=\"button\" data-toggle=\"collapse\" data-target=\"#d5e162b41297e0d5c\" href=\"#d5e162b41297e0d5c\"><span class=\"fusion-toggle-icon-wrapper\" aria-hidden=\"true\"><i class=\"fa-fusion-box\" aria-hidden=\"true\"><\/i><\/span><span class=\"fusion-toggle-heading\">FAC. DE FORMACI\u00d3N DEL PROFESORADO Y EDUCACI\u00d3N <\/span><\/a><\/h4><\/div><div id=\"d5e162b41297e0d5c\" class=\"panel-collapse collapse \"><div class=\"panel-body toggle-content fusion-clearfix\"><strong>Decano<\/strong><br \/>\nCELESTINO RODRIGUEZ P\u00c9REZ<\/p>\n<i class=\"fb-icon-element-64 fb-icon-element fontawesome-icon fa-map-marker-alt fas circle-yes\" style=\"font-size:15.84px;line-height:29.68px;height:31.68px;width:31.68px;border-width:1px;align-self:flex-start;margin: 0px;margin-right:9px;\"><\/i><style>i.fb-icon-element.fontawesome-icon.fb-icon-element-64{ color: #ffffff; background-color: #4a4e57; border-color: #4a4e57;}i.fb-icon-element.fontawesome-icon.fb-icon-element-64:hover { color: #ffffff; background-color: #65bc7b; border-color: #65bc7b;}<\/style> Campus de Llamaquique C\/Aniceto Sela s\/n, 33005 Oviedo<\/p>\n<a class=\"fb-icon-element-65 fb-icon-element fontawesome-icon fa-envelope fas circle-yes fusion-link\" style=\"font-size:15.84px;line-height:29.68px;height:31.68px;width:31.68px;border-width:1px;align-self:flex-start;margin: 0px;margin-right:9px;\" href=\"mailto:fac.fpe@uniovi.es\" aria-label=\"Link to mailto:fac.fpe@uniovi.es\" target=\"_blank\" rel=\"noopener noreferrer\"> <\/a><style>a.fb-icon-element.fontawesome-icon.fb-icon-element-65{ color: #ffffff; background-color: #4a4e57; border-color: #4a4e57;}a.fb-icon-element.fontawesome-icon.fb-icon-element-65:hover { color: #ffffff; background-color: #65bc7b; border-color: #65bc7b;}<\/style> <a href=\"mailto:fac.fpe@uniovi.es\">fac.fpe@uniovi.es<\/a><\/p>\n<a class=\"fb-icon-element-66 fb-icon-element fontawesome-icon fa-link fas circle-yes fusion-link\" style=\"font-size:15.84px;line-height:29.68px;height:31.68px;width:31.68px;border-width:1px;align-self:flex-start;margin: 0px;margin-right:9px;\" href=\"https:\/\/fpe.uniovi.es\" aria-label=\"Link to https:\/\/fpe.uniovi.es\" target=\"_blank\" rel=\"noopener noreferrer\">\u00a0 <\/a><style>a.fb-icon-element.fontawesome-icon.fb-icon-element-66{ color: #ffffff; background-color: #4a4e57; border-color: #4a4e57;}a.fb-icon-element.fontawesome-icon.fb-icon-element-66:hover { color: #ffffff; background-color: #65bc7b; border-color: #65bc7b;}<\/style> <a href=\"https:\/\/fpe.uniovi.es\">ver web<\/a><\/p>\n<div ><style type=\"text\/css\">.fusion-button.button-8 {border-radius:15px;}.fusion-button.button-8 .fusion-button-text {text-transform:uppercase;}<\/style><a class=\"fusion-button button-flat button-small button-default button-8 fusion-button-default-span fusion-button-default-type\" target=\"_self\" href=\"facultad-formacion-profesorado-educacion\" style=\"margin-top:10px;\"><span class=\"fusion-button-text\">ver ficha<\/span><\/a><\/div><\/div><\/div><\/div><\/div><\/div><style type=\"text\/css\">.fusion-accordian  #accordion-12-14 .panel-title a .fa-fusion-box{ color: #ffffff;}.fusion-accordian  #accordion-12-14 .panel-title a .fa-fusion-box:before{ font-size: 16px; width: 16px;}.fusion-accordian  #accordion-12-14 .fa-fusion-box { background-color: #212934;border-color: #212934;}.fusion-accordian  #accordion-12-14 .panel-title a:hover, #accordion-12-14 .fusion-toggle-boxed-mode:hover .panel-title a { color: #65bc7b;}.fusion-accordian  #accordion-12-14 .panel-title .active .fa-fusion-box,.fusion-accordian  #accordion-12-14 .panel-title a:hover .fa-fusion-box { background-color: #65bc7b!important;border-color: #65bc7b!important;}<\/style><div class=\"accordian fusion-accordian\"><div class=\"panel-group\" id=\"accordion-12-14\"><div class=\"fusion-panel panel-default\"><div class=\"panel-heading\"><h4 class=\"panel-title toggle\"><a aria-expanded=\"false\" aria-controls=\"855d202dd2706c75c\" role=\"button\" data-toggle=\"collapse\" data-target=\"#855d202dd2706c75c\" href=\"#855d202dd2706c75c\"><span class=\"fusion-toggle-icon-wrapper\" aria-hidden=\"true\"><i class=\"fa-fusion-box\" aria-hidden=\"true\"><\/i><\/span><span class=\"fusion-toggle-heading\">FAC. DE QU\u00cdMICA<\/span><\/a><\/h4><\/div><div id=\"855d202dd2706c75c\" class=\"panel-collapse collapse \"><div class=\"panel-body toggle-content fusion-clearfix\"><strong>Decana<\/strong><br \/>\nSUSANA FERN\u00c1NDEZ GONZ\u00c1LEZ<\/p>\n<i class=\"fb-icon-element-67 fb-icon-element fontawesome-icon fa-map-marker-alt fas circle-yes\" style=\"font-size:15.84px;line-height:29.68px;height:31.68px;width:31.68px;border-width:1px;align-self:flex-start;margin: 0px;margin-right:9px;\"><\/i><style>i.fb-icon-element.fontawesome-icon.fb-icon-element-67{ color: #ffffff; background-color: #4a4e57; border-color: #4a4e57;}i.fb-icon-element.fontawesome-icon.fb-icon-element-67:hover { color: #ffffff; background-color: #65bc7b; border-color: #65bc7b;}<\/style> Avda. Juli\u00e1n Claver\u00eda, 8, 33008, Oviedo<\/p>\n<a class=\"fb-icon-element-68 fb-icon-element fontawesome-icon fa-envelope fas circle-yes fusion-link\" style=\"font-size:15.84px;line-height:29.68px;height:31.68px;width:31.68px;border-width:1px;align-self:flex-start;margin: 0px;margin-right:9px;\" href=\"mailto:facquimica@uniovi.es\" aria-label=\"Link to mailto:facquimica@uniovi.es\" target=\"_blank\" rel=\"noopener noreferrer\"> <\/a><style>a.fb-icon-element.fontawesome-icon.fb-icon-element-68{ color: #ffffff; background-color: #4a4e57; border-color: #4a4e57;}a.fb-icon-element.fontawesome-icon.fb-icon-element-68:hover { color: #ffffff; background-color: #65bc7b; border-color: #65bc7b;}<\/style> <a href=\"mailto:facquimica@uniovi.es\">facquimica@uniovi.es<\/a><\/p>\n<i class=\"fb-icon-element-69 fb-icon-element fontawesome-icon fa-link fas circle-yes\" style=\"font-size:15.84px;line-height:29.68px;height:31.68px;width:31.68px;border-width:1px;align-self:flex-start;margin: 0px;margin-right:9px;\">\u00a0 <\/i><style>i.fb-icon-element.fontawesome-icon.fb-icon-element-69{ color: #ffffff; background-color: #4a4e57; border-color: #4a4e57;}i.fb-icon-element.fontawesome-icon.fb-icon-element-69:hover { color: #ffffff; background-color: #65bc7b; border-color: #65bc7b;}<\/style> <a href=\"https:\/\/quimica.uniovi.es\/\">ver web<\/a><\/p>\n<div ><style type=\"text\/css\">.fusion-button.button-9 {border-radius:15px;}.fusion-button.button-9 .fusion-button-text {text-transform:uppercase;}<\/style><a class=\"fusion-button button-flat button-small button-default button-9 fusion-button-default-span fusion-button-default-type\" target=\"_self\" href=\"facultad-quimica\" style=\"margin-top:10px;\"><span class=\"fusion-button-text\">ver ficha<\/span><\/a><\/div><\/div><\/div><\/div><\/div><\/div><\/div><style type=\"text\/css\">.fusion-body .fusion-builder-column-4{width:50% !important;margin-top : 0px;margin-bottom : 20px;}.fusion-builder-column-4 > .fusion-column-wrapper {padding-top : 0px !important;padding-right : 0px !important;margin-right : 3.84%;padding-bottom : 0px !important;padding-left : 0px !important;margin-left : 3.84%;}@media only screen and (max-width:1024px) {.fusion-body .fusion-builder-column-4{width:50% !important;}.fusion-builder-column-4 > .fusion-column-wrapper {margin-right : 3.84%;margin-left : 3.84%;}}@media only screen and (max-width:640px) {.fusion-body .fusion-builder-column-4{width:100% !important;}.fusion-builder-column-4 > .fusion-column-wrapper {margin-right : 1.92%;margin-left : 1.92%;}}<\/style><\/div><\/div><style type=\"text\/css\">.fusion-body .fusion-flex-container.fusion-builder-row-2{ padding-top : 10px;margin-top : 0px;padding-right : 0px;padding-bottom : 6%;margin-bottom : 0px;padding-left : 0px;}<\/style><\/div><div class=\"fusion-fullwidth fullwidth-box fusion-builder-row-3 fusion-flex-container nonhundred-percent-fullwidth non-hundred-percent-height-scrolling\" style=\"background-color: rgba(255,255,255,0);background-position: center center;background-repeat: no-repeat;border-width: 0px 0px 0px 0px;border-color:#e2e2e2;border-style:solid;\" ><div class=\"fusion-builder-row fusion-row fusion-flex-align-items-center\" style=\"max-width:1248px;margin-left: calc(-4% \/ 2 );margin-right: calc(-4% \/ 2 );\"><div class=\"fusion-layout-column fusion_builder_column fusion-builder-column-5 fusion_builder_column_2_5 2_5 fusion-flex-column\"><div class=\"fusion-column-wrapper fusion-flex-justify-content-flex-start fusion-content-layout-column\" style=\"background-position:left top;background-repeat:no-repeat;-webkit-background-size:cover;-moz-background-size:cover;-o-background-size:cover;background-size:cover;padding: 0px 0px 0px 0px;\"><div ><span class=\" fusion-imageframe imageframe-none imageframe-3 hover-type-none\"><img decoding=\"async\" width=\"400\" height=\"295\" title=\"Escudo_UO_Vertical_Color_PNG-01\" src=\"https:\/\/www.unioviedo.es\/talentuo\/mapaemprendimiento\/wp-content\/uploads\/2021\/10\/Escudo_UO_Vertical_Color_PNG-01-400x295.png\" class=\"img-responsive wp-image-2268\" srcset=\"https:\/\/www.unioviedo.es\/talentuo\/mapaemprendimiento\/wp-content\/uploads\/2021\/10\/Escudo_UO_Vertical_Color_PNG-01-200x147.png 200w, https:\/\/www.unioviedo.es\/talentuo\/mapaemprendimiento\/wp-content\/uploads\/2021\/10\/Escudo_UO_Vertical_Color_PNG-01-400x295.png 400w, https:\/\/www.unioviedo.es\/talentuo\/mapaemprendimiento\/wp-content\/uploads\/2021\/10\/Escudo_UO_Vertical_Color_PNG-01-600x442.png 600w, https:\/\/www.unioviedo.es\/talentuo\/mapaemprendimiento\/wp-content\/uploads\/2021\/10\/Escudo_UO_Vertical_Color_PNG-01-800x590.png 800w, https:\/\/www.unioviedo.es\/talentuo\/mapaemprendimiento\/wp-content\/uploads\/2021\/10\/Escudo_UO_Vertical_Color_PNG-01-1200x885.png 1200w, https:\/\/www.unioviedo.es\/talentuo\/mapaemprendimiento\/wp-content\/uploads\/2021\/10\/Escudo_UO_Vertical_Color_PNG-01.png 1808w\" sizes=\"(max-width: 640px) 100vw, 600px\" \/><\/span><\/div><\/div><style type=\"text\/css\">.fusion-body .fusion-builder-column-5{width:40% !important;margin-top : 0px;margin-bottom : 20px;}.fusion-builder-column-5 > .fusion-column-wrapper {padding-top : 0px !important;padding-right : 0px !important;margin-right : 4.8%;padding-bottom : 0px !important;padding-left : 0px !important;margin-left : 4.8%;}@media only screen and (max-width:1024px) {.fusion-body .fusion-builder-column-5{width:40% !important;order : 0;}.fusion-builder-column-5 > .fusion-column-wrapper {margin-right : 4.8%;margin-left : 4.8%;}}@media only screen and (max-width:640px) {.fusion-body .fusion-builder-column-5{width:100% !important;order : 0;}.fusion-builder-column-5 > .fusion-column-wrapper {margin-right : 1.92%;margin-left : 1.92%;}}<\/style><\/div><div class=\"fusion-layout-column fusion_builder_column fusion-builder-column-6 fusion_builder_column_3_5 3_5 fusion-flex-column\"><div class=\"fusion-column-wrapper fusion-flex-justify-content-flex-start fusion-content-layout-column\" style=\"background-position:left top;background-repeat:no-repeat;-webkit-background-size:cover;-moz-background-size:cover;-o-background-size:cover;background-size:cover;padding: 0px 0px 0px 0px;\"><style type=\"text\/css\">@media only screen and (max-width:1024px) {.fusion-title.fusion-title-3{margin-top:10px!important; margin-right:0px!important;margin-bottom:15px!important;margin-left:0px!important;}}@media only screen and (max-width:640px) {.fusion-title.fusion-title-3{margin-top:10px!important; margin-right:0px!important;margin-bottom:10px!important; margin-left:0px!important;}}<\/style><div class=\"fusion-title title fusion-title-3 fusion-sep-none fusion-title-text fusion-title-size-three\" style=\"margin-top:10px;margin-right:0px;margin-bottom:15px;margin-left:0px;\"><h3 class=\"title-heading-left\" style=\"margin:0;\"><i>El Mapa del Emprendimiento TalentUO proporciona a los miembros de la comunidad universitaria recursos, herramientas, competencias clave y testimonios vinculados con el emprendimiento.<\/i><\/h3><\/div><\/div><style type=\"text\/css\">.fusion-body .fusion-builder-column-6{width:60% !important;margin-top : 0px;margin-bottom : 20px;}.fusion-builder-column-6 > .fusion-column-wrapper {padding-top : 0px !important;padding-right : 0px !important;margin-right : 3.2%;padding-bottom : 0px !important;padding-left : 0px !important;margin-left : 3.2%;}@media only screen and (max-width:1024px) {.fusion-body .fusion-builder-column-6{width:60% !important;order : 0;}.fusion-builder-column-6 > .fusion-column-wrapper {margin-right : 3.2%;margin-left : 3.2%;}}@media only screen and (max-width:640px) {.fusion-body .fusion-builder-column-6{width:100% !important;order : 0;}.fusion-builder-column-6 > .fusion-column-wrapper {margin-right : 1.92%;margin-left : 1.92%;}}<\/style><\/div><\/div><style type=\"text\/css\">.fusion-body .fusion-flex-container.fusion-builder-row-3{ padding-top : 20px;margin-top : 0px;padding-right : 0px;padding-bottom : 30px;margin-bottom : 0px;padding-left : 0px;}<\/style><\/div><\/p>\n","protected":false},"excerpt":{"rendered":"","protected":false},"author":1,"featured_media":0,"parent":0,"menu_order":0,"comment_status":"closed","ping_status":"closed","template":"100-width.php","meta":{"footnotes":""},"class_list":["post-12","page","type-page","status-publish","hentry"],"jetpack_sharing_enabled":true,"_links":{"self":[{"href":"https:\/\/www.unioviedo.es\/talentuo\/mapaemprendimiento\/wp-json\/wp\/v2\/pages\/12","targetHints":{"allow":["GET"]}}],"collection":[{"href":"https:\/\/www.unioviedo.es\/talentuo\/mapaemprendimiento\/wp-json\/wp\/v2\/pages"}],"about":[{"href":"https:\/\/www.unioviedo.es\/talentuo\/mapaemprendimiento\/wp-json\/wp\/v2\/types\/page"}],"author":[{"embeddable":true,"href":"https:\/\/www.unioviedo.es\/talentuo\/mapaemprendimiento\/wp-json\/wp\/v2\/users\/1"}],"replies":[{"embeddable":true,"href":"https:\/\/www.unioviedo.es\/talentuo\/mapaemprendimiento\/wp-json\/wp\/v2\/comments?post=12"}],"version-history":[{"count":41,"href":"https:\/\/www.unioviedo.es\/talentuo\/mapaemprendimiento\/wp-json\/wp\/v2\/pages\/12\/revisions"}],"predecessor-version":[{"id":3353,"href":"https:\/\/www.unioviedo.es\/talentuo\/mapaemprendimiento\/wp-json\/wp\/v2\/pages\/12\/revisions\/3353"}],"wp:attachment":[{"href":"https:\/\/www.unioviedo.es\/talentuo\/mapaemprendimiento\/wp-json\/wp\/v2\/media?parent=12"}],"curies":[{"name":"wp","href":"https:\/\/api.w.org\/{rel}","templated":true}]}}