{"id":3233,"date":"2021-12-15T11:23:07","date_gmt":"2021-12-15T10:23:07","guid":{"rendered":"https:\/\/www.unioviedo.es\/talentuo\/mapaemprendimiento\/?page_id=3233"},"modified":"2023-04-21T13:25:48","modified_gmt":"2023-04-21T11:25:48","slug":"facultad-filosofia-letras","status":"publish","type":"page","link":"https:\/\/www.unioviedo.es\/talentuo\/mapaemprendimiento\/talentuolabs\/facultad-filosofia-letras\/","title":{"rendered":"Facultad de Filosof\u00eda y Letras"},"content":{"rendered":"<p><div class=\"fusion-fullwidth fullwidth-box fusion-builder-row-1 fusion-flex-container nonhundred-percent-fullwidth non-hundred-percent-height-scrolling\" style=\"background-color: rgba(255,255,255,0);background-position: center center;background-repeat: no-repeat;border-width: 0px 0px 0px 0px;border-color:#e2e2e2;border-style:solid;\" ><div class=\"fusion-builder-row fusion-row fusion-flex-align-items-flex-start\" style=\"max-width:1248px;margin-left: calc(-4% \/ 2 );margin-right: calc(-4% \/ 2 );\"><div class=\"fusion-layout-column fusion_builder_column fusion-builder-column-0 fusion_builder_column_1_2 1_2 fusion-flex-column\"><div class=\"fusion-column-wrapper fusion-flex-justify-content-flex-start fusion-content-layout-column\" style=\"background-position:left top;background-repeat:no-repeat;-webkit-background-size:cover;-moz-background-size:cover;-o-background-size:cover;background-size:cover;padding: 0px 0px 0px 0px;\"><div ><span class=\" fusion-imageframe imageframe-dropshadow imageframe-1 hover-type-zoomin\" style=\"-webkit-box-shadow: 3px 3px 7px rgba(0,0,0,0.3);box-shadow: 3px 3px 7px rgba(0,0,0,0.3);\"><img decoding=\"async\" width=\"721\" height=\"454\" alt=\"Facultad de econom\u00eda y empresa\" title=\"facultad_filosofia_letras\" src=\"https:\/\/www.unioviedo.es\/talentuo\/mapaemprendimiento\/wp-content\/uploads\/2021\/12\/facultad_filosofia_letras.jpg\" class=\"img-responsive wp-image-3236\" srcset=\"https:\/\/www.unioviedo.es\/talentuo\/mapaemprendimiento\/wp-content\/uploads\/2021\/12\/facultad_filosofia_letras-200x126.jpg 200w, https:\/\/www.unioviedo.es\/talentuo\/mapaemprendimiento\/wp-content\/uploads\/2021\/12\/facultad_filosofia_letras-400x252.jpg 400w, https:\/\/www.unioviedo.es\/talentuo\/mapaemprendimiento\/wp-content\/uploads\/2021\/12\/facultad_filosofia_letras-600x378.jpg 600w, https:\/\/www.unioviedo.es\/talentuo\/mapaemprendimiento\/wp-content\/uploads\/2021\/12\/facultad_filosofia_letras.jpg 721w\" sizes=\"(max-width: 640px) 100vw, 600px\" \/><\/span><\/div><\/div><style type=\"text\/css\">.fusion-body .fusion-builder-column-0{width:50% !important;margin-top : 0px;margin-bottom : 20px;}.fusion-builder-column-0 > .fusion-column-wrapper {padding-top : 0px !important;padding-right : 0px !important;margin-right : 3.84%;padding-bottom : 0px !important;padding-left : 0px !important;margin-left : 3.84%;}@media only screen and (max-width:1024px) {.fusion-body .fusion-builder-column-0{width:50% !important;order : 0;}.fusion-builder-column-0 > .fusion-column-wrapper {margin-right : 3.84%;margin-left : 3.84%;}}@media only screen and (max-width:640px) {.fusion-body .fusion-builder-column-0{width:100% !important;order : 0;}.fusion-builder-column-0 > .fusion-column-wrapper {margin-right : 1.92%;margin-left : 1.92%;}}<\/style><\/div><div class=\"fusion-layout-column fusion_builder_column fusion-builder-column-1 fusion_builder_column_1_2 1_2 fusion-flex-column\"><div class=\"fusion-column-wrapper fusion-flex-justify-content-flex-start fusion-content-layout-column\" style=\"background-position:left top;background-repeat:no-repeat;-webkit-background-size:cover;-moz-background-size:cover;-o-background-size:cover;background-size:cover;padding: 0px 0px 0px 0px;\"><div class=\"fusion-text fusion-text-1\"><p><span style=\"color: #008870;\">Decano<\/span><br \/>\n<strong>JOS\u00c9 ANTONIO G\u00d3MEZ RODR\u00cdGUEZ<\/strong><\/p>\n<\/div>\n<div class=\"table-1\">\n<table width=\"100%\">\n<thead><\/thead>\n<tbody>\n<tr>\n<td align=\"left\" width=\"5%\"><a class=\"fb-icon-element-1 fb-icon-element fontawesome-icon fa-desktop fas circle-yes fusion-text-flow fusion-link\" style=\"font-size:17.6px;line-height:33.2px;height:35.2px;width:35.2px;border-width:1px;margin-right:5px;\" href=\"https:\/\/econo.uniovi.es\" aria-label=\"Link to https:\/\/econo.uniovi.es\" target=\"_blank\" rel=\"noopener noreferrer\"><\/a><style>a.fb-icon-element.fontawesome-icon.fb-icon-element-1{ color: #ffffff; background-color: #008870; border-color: #ffffff;}a.fb-icon-element.fontawesome-icon.fb-icon-element-1:hover { color: #ffffff; background-color: #008870; border-color: #65bc7b;}<\/style><\/td>\n<td align=\"left\" width=\"95%\">C\/ Amparo Pedregal, s\/n 33011 Oviedo<\/td>\n<\/tr>\n<tr>\n<td align=\"left\"><i class=\"fb-icon-element-2 fb-icon-element fontawesome-icon fa-phone fas circle-yes fusion-text-flow\" style=\"font-size:17.6px;line-height:33.2px;height:35.2px;width:35.2px;border-width:1px;margin-right:5px;\"><\/i><style>i.fb-icon-element.fontawesome-icon.fb-icon-element-2{ color: #ffffff; background-color: #008780; border-color: #ffffff;}i.fb-icon-element.fontawesome-icon.fb-icon-element-2:hover { color: #ffffff; background-color: #008780; border-color: #65bc7b;}<\/style><\/td>\n<td align=\"left\"><a href=\"tel:+34985104451\">+34 985 10 44 51<\/a><\/td>\n<\/tr>\n<tr>\n<td align=\"left\"><i class=\"fb-icon-element-3 fb-icon-element fontawesome-icon fa-envelope fas circle-yes fusion-text-flow\" style=\"font-size:17.6px;line-height:33.2px;height:35.2px;width:35.2px;border-width:1px;margin-right:5px;\"><\/i><style>i.fb-icon-element.fontawesome-icon.fb-icon-element-3{ color: #ffffff; background-color: #008780; border-color: #ffffff;}i.fb-icon-element.fontawesome-icon.fb-icon-element-3:hover { color: #ffffff; background-color: #008780; border-color: #65bc7b;}<\/style><\/td>\n<td align=\"left\"><a href=\"mailto:decano.fyl@uniovi.es\">decano.fyl@uniovi.es<\/a><\/td>\n<\/tr>\n<tr>\n<td align=\"left\"><i class=\"fb-icon-element-4 fb-icon-element fontawesome-icon fa-link fas circle-yes fusion-text-flow\" style=\"font-size:17.6px;line-height:33.2px;height:35.2px;width:35.2px;border-width:1px;margin-right:5px;\"><\/i><style>i.fb-icon-element.fontawesome-icon.fb-icon-element-4{ color: #ffffff; background-color: #008780; border-color: #ffffff;}i.fb-icon-element.fontawesome-icon.fb-icon-element-4:hover { color: #ffffff; background-color: #008780; border-color: #65bc7b;}<\/style><\/td>\n<td align=\"left\"><a href=\"https:\/\/fyl.uniovi.es\/\" target=\"_blank\" rel=\"noopener\">https:\/\/fyl.uniovi.es\/<\/a><\/td>\n<\/tr>\n<\/tbody>\n<\/table>\n<\/div>\n<\/div><style type=\"text\/css\">.fusion-body .fusion-builder-column-1{width:50% !important;margin-top : 0px;margin-bottom : 20px;}.fusion-builder-column-1 > .fusion-column-wrapper {padding-top : 0px !important;padding-right : 0px !important;margin-right : 3.84%;padding-bottom : 0px !important;padding-left : 0px !important;margin-left : 3.84%;}@media only screen and (max-width:1024px) {.fusion-body .fusion-builder-column-1{width:50% !important;order : 0;}.fusion-builder-column-1 > .fusion-column-wrapper {margin-right : 3.84%;margin-left : 3.84%;}}@media only screen and (max-width:640px) {.fusion-body .fusion-builder-column-1{width:100% !important;order : 0;}.fusion-builder-column-1 > .fusion-column-wrapper {margin-right : 1.92%;margin-left : 1.92%;}}<\/style><\/div><div class=\"fusion-layout-column fusion_builder_column fusion-builder-column-2 fusion_builder_column_1_1 1_1 fusion-flex-column\"><div class=\"fusion-column-wrapper fusion-flex-justify-content-flex-start fusion-content-layout-column\" style=\"background-position:left top;background-repeat:no-repeat;-webkit-background-size:cover;-moz-background-size:cover;-o-background-size:cover;background-size:cover;padding: 0px 0px 0px 0px;\"><div class=\"fusion-text fusion-text-2\"><h5>TalentUO Lab Humanidades<\/h5>\n<p>El TalentUo Lab de Humanidades se crea para llevar a cabo acciones destinadas a difundir la cultura del emprendimiento, as\u00ed como a visibilizar y desarrollar el talento de estudiantes de grado y postgrado (m\u00e1ster y doctorado), y tambi\u00e9n de egresados.<\/p>\n<p>El primer objetivo del TalentUO Lab de la Facultad de Filosof\u00eda y Letras consisti\u00f3 en la organizaci\u00f3n de la Feria del Empleo y el Emprendimiento en Humanidades que tuvo lugar los d\u00edas 29, 30 y 31 de marzo de 2022. El objetivo perseguido fue impartir charlas, conferencias y talleres sobre emprendimiento llevados a cabo por profesionales y personas egresadas de nuestros grados que han creado sus propias empresas. Igualmente, se realizaron seminarios sobre aspectos legales y b\u00fasqueda de financiaci\u00f3n relacionados con el emprendimiento y actividades personalizadas para el alumnado interesado con la asignaci\u00f3n de miembros del profesorado y de las instituciones colaboradoras.<\/p>\n<p>Todo el profesorado y el alumnado de la Facultad est\u00e1 invitado a participar en el TalentUo Lab Humanidades enviando un correo electr\u00f3nico al Vicedecano de Pr\u00e1cticas Externas y Relaciones con la Empresa (vice.practicas.fyl @uniovi.es).<\/p>\n<\/div><\/div><style type=\"text\/css\">.fusion-body .fusion-builder-column-2{width:100% !important;margin-top : 0px;margin-bottom : 20px;}.fusion-builder-column-2 > .fusion-column-wrapper {padding-top : 0px !important;padding-right : 0px !important;margin-right : 1.92%;padding-bottom : 0px !important;padding-left : 0px !important;margin-left : 1.92%;}@media only screen and (max-width:1024px) {.fusion-body .fusion-builder-column-2{width:100% !important;order : 0;}.fusion-builder-column-2 > .fusion-column-wrapper {margin-right : 1.92%;margin-left : 1.92%;}}@media only screen and (max-width:640px) {.fusion-body .fusion-builder-column-2{width:100% !important;order : 0;}.fusion-builder-column-2 > .fusion-column-wrapper {margin-right : 1.92%;margin-left : 1.92%;}}<\/style><\/div><\/div><style type=\"text\/css\">.fusion-body .fusion-flex-container.fusion-builder-row-1{ padding-top : 0px;margin-top : 0px;padding-right : 0px;padding-bottom : 0px;margin-bottom : 0px;padding-left : 0px;}<\/style><\/div><div class=\"fusion-fullwidth fullwidth-box fusion-builder-row-2 fusion-flex-container nonhundred-percent-fullwidth non-hundred-percent-height-scrolling\" style=\"background-color: rgba(255,255,255,0);background-position: center center;background-repeat: no-repeat;border-width: 0px 0px 0px 0px;border-color:#e2e2e2;border-style:solid;\" ><div class=\"fusion-builder-row fusion-row fusion-flex-align-items-center\" style=\"max-width:1248px;margin-left: calc(-4% \/ 2 );margin-right: calc(-4% \/ 2 );\"><div class=\"fusion-layout-column fusion_builder_column fusion-builder-column-3 fusion_builder_column_1_1 1_1 fusion-flex-column\"><div class=\"fusion-column-wrapper fusion-flex-justify-content-flex-start fusion-content-layout-column\" style=\"background-position:left top;background-repeat:no-repeat;-webkit-background-size:cover;-moz-background-size:cover;-o-background-size:cover;background-size:cover;padding: 0px 0px 0px 0px;\"><style type=\"text\/css\">@media only screen and (max-width:1024px) {.fusion-title.fusion-title-1{margin-top:10px!important; margin-right:0px!important;margin-bottom:15px!important;margin-left:0px!important;}}@media only screen and (max-width:640px) {.fusion-title.fusion-title-1{margin-top:10px!important; margin-right:0px!important;margin-bottom:10px!important; margin-left:0px!important;}}<\/style><div class=\"fusion-title title fusion-title-1 fusion-title-text fusion-title-size-one\" style=\"margin-top:10px;margin-right:0px;margin-bottom:15px;margin-left:0px;\"><div class=\"title-sep-container title-sep-container-left fusion-no-large-visibility fusion-no-medium-visibility fusion-no-small-visibility\"><div class=\"title-sep sep-double sep-solid\" style=\"border-color:#e2e2e2;\"><\/div><\/div><span class=\"awb-title-spacer fusion-no-large-visibility fusion-no-medium-visibility fusion-no-small-visibility\"><\/span><h1 class=\"title-heading-left\" style=\"margin:0;\"><h5>ACTIVIDADES<\/h5><\/h1><span class=\"awb-title-spacer\"><\/span><div class=\"title-sep-container title-sep-container-right\"><div class=\"title-sep sep-double sep-solid\" style=\"border-color:#e2e2e2;\"><\/div><\/div><\/div><div class=\"fusion-blog-shortcode fusion-blog-shortcode-1 fusion-blog-archive fusion-blog-layout-grid-wrapper fusion-blog-infinite\"><style type=\"text\/css\">.fusion-blog-shortcode-1 .fusion-blog-layout-grid .fusion-post-grid{padding:20px;}.fusion-blog-shortcode-1 .fusion-posts-container{margin-left: -20px !important; margin-right:-20px !important;}<\/style><div class=\"fusion-posts-container fusion-posts-container-infinite fusion-blog-rollover fusion-blog-layout-grid fusion-blog-layout-grid-3 isotope\" data-pages=\"1\" data-grid-col-space=\"40\" style=\"margin: -20px -20px 0;min-height:500px;\"><article id=\"blog-1-post-3983\" class=\"fusion-post-grid post-3983 post type-post status-publish format-standard has-post-thumbnail hentry category-fac-filosofia-y-letras\">\n<div class=\"fusion-post-wrapper\" style=\"background-color:rgba(255,255,255,0);border:1px solid #00008837f;border-bottom-width:3px;\">\n\n\t\t\t<div class=\"fusion-flexslider flexslider fusion-flexslider-loading fusion-post-slideshow\" style=\"border-color:#00008837f;\">\n\t\t<ul class=\"slides\">\n\t\t\t\n\t\t\t\t\t\t\t\t\t\t\t\t\t\t<li><div  class=\"fusion-image-wrapper\" aria-haspopup=\"true\">\n\t\t\t\t  <img decoding=\"async\" width=\"1754\" height=\"2481\" src=\"https:\/\/www.unioviedo.es\/talentuo\/mapaemprendimiento\/wp-content\/uploads\/2023\/04\/cartel-emprendimiento_2_page-0001.jpg\" class=\"attachment-full size-full wp-post-image\" alt=\"\" srcset=\"https:\/\/www.unioviedo.es\/talentuo\/mapaemprendimiento\/wp-content\/uploads\/2023\/04\/cartel-emprendimiento_2_page-0001-200x283.jpg 200w, https:\/\/www.unioviedo.es\/talentuo\/mapaemprendimiento\/wp-content\/uploads\/2023\/04\/cartel-emprendimiento_2_page-0001-400x566.jpg 400w, https:\/\/www.unioviedo.es\/talentuo\/mapaemprendimiento\/wp-content\/uploads\/2023\/04\/cartel-emprendimiento_2_page-0001-600x849.jpg 600w, https:\/\/www.unioviedo.es\/talentuo\/mapaemprendimiento\/wp-content\/uploads\/2023\/04\/cartel-emprendimiento_2_page-0001-800x1132.jpg 800w, https:\/\/www.unioviedo.es\/talentuo\/mapaemprendimiento\/wp-content\/uploads\/2023\/04\/cartel-emprendimiento_2_page-0001-1200x1697.jpg 1200w, https:\/\/www.unioviedo.es\/talentuo\/mapaemprendimiento\/wp-content\/uploads\/2023\/04\/cartel-emprendimiento_2_page-0001.jpg 1754w\" sizes=\"(min-width: 2200px) 100vw, (min-width: 784px) 373px, (min-width: 712px) 560px, (min-width: 640px) 712px, \" \/><div class=\"fusion-rollover\">\n\t<div class=\"fusion-rollover-content\">\n\n\t\t\t\t\t\t\t\t\t\t\t\t\t\t<a class=\"fusion-rollover-link\" href=\"https:\/\/www.unioviedo.es\/talentuo\/mapaemprendimiento\/jornada-de-emprendimiento-en-humanidades\/\">Jornada de Emprendimiento en Humanidades<\/a>\n\t\t\t\n\t\t\t\t\t\t\t\t\t\t\t\t\t\t\n\t\t\t\t\t\t\t\t\n\t\t\t\t\t\t\t\t\t\t\t\t\t<div class=\"fusion-rollover-sep\"><\/div>\n\t\t\t\t\n\t\t\t\t\t\t\t\t\t\t\t\t\t\t\t\t\t\t<a class=\"fusion-rollover-gallery\" href=\"https:\/\/www.unioviedo.es\/talentuo\/mapaemprendimiento\/wp-content\/uploads\/2023\/04\/cartel-emprendimiento_2_page-0001.jpg\" data-id=\"3983\" data-rel=\"iLightbox[gallery]\" data-title=\"cartel emprendimiento_2_page-0001\" data-caption=\"\">\n\t\t\t\t\t\tGallery\t\t\t\t\t<\/a>\n\t\t\t\t\t\t\t\t\t\t\t\t\t\t\n\t\t\n\t\t\t\t\t\t\t\t\t\t\t\t<h4 class=\"fusion-rollover-title\">\n\t\t\t\t\t<a class=\"fusion-rollover-title-link\" href=\"https:\/\/www.unioviedo.es\/talentuo\/mapaemprendimiento\/jornada-de-emprendimiento-en-humanidades\/\">\n\t\t\t\t\t\tJornada de Emprendimiento en Humanidades\t\t\t\t\t<\/a>\n\t\t\t\t<\/h4>\n\t\t\t\n\t\t\t\t\t\t\t\t\t\t<div class=\"fusion-rollover-categories\"><a href=\"https:\/\/www.unioviedo.es\/talentuo\/mapaemprendimiento\/category\/actividades\/fac-filosofia-y-letras\/\" rel=\"tag\">Actividades Fac. Filosof\u00eda y Letras<\/a><\/div>\t\t\t\t\t\n\t\t\n\t\t\t\t\t\t<a class=\"fusion-link-wrapper\" href=\"https:\/\/www.unioviedo.es\/talentuo\/mapaemprendimiento\/jornada-de-emprendimiento-en-humanidades\/\" aria-label=\"Jornada de Emprendimiento en Humanidades\"><\/a>\n\t<\/div>\n<\/div>\n<\/div>\n<\/li>\n\t\t\t\n\t\t\t\n\t\t\t\t\t\t\t\t\t\t\t\t\t\t\t\t\t\t\t\t\t\t\t\t\t\t\t\t\t\t\t\t\t\t\t\t\t\t\t\t\t\t\t\t\t\t\t\t\t\t\t\t\t\t\t\t\t\t\t\t\t\t\t\t\t\t\t\t<\/ul>\n\t<\/div>\n\t<div class=\"fusion-post-content-wrapper\" style=\"padding:30px 25px 25px 25px;\"><div class=\"fusion-post-content post-content\"><h2 class=\"blog-shortcode-post-title entry-title\"><a href=\"https:\/\/www.unioviedo.es\/talentuo\/mapaemprendimiento\/jornada-de-emprendimiento-en-humanidades\/\">Jornada de Emprendimiento en Humanidades<\/a><\/h2><p class=\"fusion-single-line-meta\"><span class=\"vcard\" style=\"display: none;\"><span class=\"fn\"><a href=\"https:\/\/www.unioviedo.es\/talentuo\/mapaemprendimiento\/author\/admin\/\" title=\"Entradas de admin\" rel=\"author\">admin<\/a><\/span><\/span><span class=\"updated\" style=\"display:none;\">2023-04-21T13:24:16+02:00<\/span><span>21 de abril de 2023<\/span><span class=\"fusion-inline-sep\">|<\/span>Categories: <a href=\"https:\/\/www.unioviedo.es\/talentuo\/mapaemprendimiento\/category\/actividades\/fac-filosofia-y-letras\/\" rel=\"category tag\">Actividades Fac. Filosof\u00eda y Letras<\/a><span class=\"fusion-inline-sep\">|<\/span><\/p><div class=\"fusion-content-sep sep-double sep-solid\" style=\"border-color:#e2e2e2;\"><\/div><div class=\"fusion-post-content-container\"><p><\/p><\/div><\/div><div class=\"fusion-meta-info\"><div class=\"fusion-alignleft\"><a class=\"fusion-read-more\" href=\"https:\/\/www.unioviedo.es\/talentuo\/mapaemprendimiento\/jornada-de-emprendimiento-en-humanidades\/\" aria-label=\"More on Jornada de Emprendimiento en Humanidades\">Read More<\/a><\/div><div class=\"fusion-alignright\"><span>Comentarios desactivados<span class=\"screen-reader-text\"> en Jornada de Emprendimiento en Humanidades<\/span><\/span><\/div><\/div><\/div><div class=\"fusion-clearfix\"><\/div><\/div>\n<\/article>\n<article id=\"blog-1-post-3398\" class=\"fusion-post-grid post-3398 post type-post status-publish format-standard has-post-thumbnail hentry category-fac-filosofia-y-letras\">\n<div class=\"fusion-post-wrapper\" style=\"background-color:rgba(255,255,255,0);border:1px solid #00008837f;border-bottom-width:3px;\">\n\n\t\t\t<div class=\"fusion-flexslider flexslider fusion-flexslider-loading fusion-post-slideshow\" style=\"border-color:#00008837f;\">\n\t\t<ul class=\"slides\">\n\t\t\t\n\t\t\t\t\t\t\t\t\t\t\t\t\t\t<li><div  class=\"fusion-image-wrapper\" aria-haspopup=\"true\">\n\t\t\t\t  <img decoding=\"async\" width=\"2339\" height=\"3308\" src=\"https:\/\/www.unioviedo.es\/talentuo\/mapaemprendimiento\/wp-content\/uploads\/2022\/04\/20220329-HumanidadesCartel.png\" class=\"attachment-full size-full wp-post-image\" alt=\"\" srcset=\"https:\/\/www.unioviedo.es\/talentuo\/mapaemprendimiento\/wp-content\/uploads\/2022\/04\/20220329-HumanidadesCartel-200x283.png 200w, https:\/\/www.unioviedo.es\/talentuo\/mapaemprendimiento\/wp-content\/uploads\/2022\/04\/20220329-HumanidadesCartel-400x566.png 400w, https:\/\/www.unioviedo.es\/talentuo\/mapaemprendimiento\/wp-content\/uploads\/2022\/04\/20220329-HumanidadesCartel-600x849.png 600w, https:\/\/www.unioviedo.es\/talentuo\/mapaemprendimiento\/wp-content\/uploads\/2022\/04\/20220329-HumanidadesCartel-800x1131.png 800w, https:\/\/www.unioviedo.es\/talentuo\/mapaemprendimiento\/wp-content\/uploads\/2022\/04\/20220329-HumanidadesCartel-1200x1697.png 1200w, https:\/\/www.unioviedo.es\/talentuo\/mapaemprendimiento\/wp-content\/uploads\/2022\/04\/20220329-HumanidadesCartel.png 2339w\" sizes=\"(min-width: 2200px) 100vw, (min-width: 784px) 373px, (min-width: 712px) 560px, (min-width: 640px) 712px, \" \/><div class=\"fusion-rollover\">\n\t<div class=\"fusion-rollover-content\">\n\n\t\t\t\t\t\t\t\t\t\t\t\t\t\t<a class=\"fusion-rollover-link\" href=\"https:\/\/www.unioviedo.es\/talentuo\/mapaemprendimiento\/i-feria-del-empleo-y-el-emprendimiento-en-humanidades\/\">I FERIA DEL EMPLEO Y EL EMPRENDIMIENTO EN HUMANIDADES<\/a>\n\t\t\t\n\t\t\t\t\t\t\t\t\t\t\t\t\t\t\n\t\t\t\t\t\t\t\t\n\t\t\t\t\t\t\t\t\t\t\t\t\t<div class=\"fusion-rollover-sep\"><\/div>\n\t\t\t\t\n\t\t\t\t\t\t\t\t\t\t\t\t\t\t\t\t\t\t<a class=\"fusion-rollover-gallery\" href=\"https:\/\/www.unioviedo.es\/talentuo\/mapaemprendimiento\/wp-content\/uploads\/2022\/04\/20220329-HumanidadesCartel.png\" data-id=\"3398\" data-rel=\"iLightbox[gallery]\" data-title=\"20220329 - HumanidadesCartel\" data-caption=\"\">\n\t\t\t\t\t\tGallery\t\t\t\t\t<\/a>\n\t\t\t\t\t\t\t\t\t\t\t\t\t\t\n\t\t\n\t\t\t\t\t\t\t\t\t\t\t\t<h4 class=\"fusion-rollover-title\">\n\t\t\t\t\t<a class=\"fusion-rollover-title-link\" href=\"https:\/\/www.unioviedo.es\/talentuo\/mapaemprendimiento\/i-feria-del-empleo-y-el-emprendimiento-en-humanidades\/\">\n\t\t\t\t\t\tI FERIA DEL EMPLEO Y EL EMPRENDIMIENTO EN HUMANIDADES\t\t\t\t\t<\/a>\n\t\t\t\t<\/h4>\n\t\t\t\n\t\t\t\t\t\t\t\t\t\t<div class=\"fusion-rollover-categories\"><a href=\"https:\/\/www.unioviedo.es\/talentuo\/mapaemprendimiento\/category\/actividades\/fac-filosofia-y-letras\/\" rel=\"tag\">Actividades Fac. Filosof\u00eda y Letras<\/a><\/div>\t\t\t\t\t\n\t\t\n\t\t\t\t\t\t<a class=\"fusion-link-wrapper\" href=\"https:\/\/www.unioviedo.es\/talentuo\/mapaemprendimiento\/i-feria-del-empleo-y-el-emprendimiento-en-humanidades\/\" aria-label=\"I FERIA DEL EMPLEO Y EL EMPRENDIMIENTO EN HUMANIDADES\"><\/a>\n\t<\/div>\n<\/div>\n<\/div>\n<\/li>\n\t\t\t\n\t\t\t\n\t\t\t\t\t\t\t\t\t\t\t\t\t\t\t\t\t\t\t\t\t\t\t\t\t\t\t\t\t\t\t\t\t\t\t\t\t\t\t\t\t\t\t\t\t\t\t\t\t\t\t\t\t\t\t\t\t\t\t\t\t\t\t\t\t\t\t\t<\/ul>\n\t<\/div>\n\t<div class=\"fusion-post-content-wrapper\" style=\"padding:30px 25px 25px 25px;\"><div class=\"fusion-post-content post-content\"><h2 class=\"blog-shortcode-post-title entry-title\"><a href=\"https:\/\/www.unioviedo.es\/talentuo\/mapaemprendimiento\/i-feria-del-empleo-y-el-emprendimiento-en-humanidades\/\">I FERIA DEL EMPLEO Y EL EMPRENDIMIENTO EN HUMANIDADES<\/a><\/h2><p class=\"fusion-single-line-meta\"><span class=\"vcard\" style=\"display: none;\"><span class=\"fn\"><a href=\"https:\/\/www.unioviedo.es\/talentuo\/mapaemprendimiento\/author\/admin\/\" title=\"Entradas de admin\" rel=\"author\">admin<\/a><\/span><\/span><span class=\"updated\" style=\"display:none;\">2022-04-23T18:31:34+02:00<\/span><span>23 de abril de 2022<\/span><span class=\"fusion-inline-sep\">|<\/span>Categories: <a href=\"https:\/\/www.unioviedo.es\/talentuo\/mapaemprendimiento\/category\/actividades\/fac-filosofia-y-letras\/\" rel=\"category tag\">Actividades Fac. Filosof\u00eda y Letras<\/a><span class=\"fusion-inline-sep\">|<\/span><\/p><div class=\"fusion-content-sep sep-double sep-solid\" style=\"border-color:#e2e2e2;\"><\/div><div class=\"fusion-post-content-container\"><p><\/p><\/div><\/div><div class=\"fusion-meta-info\"><div class=\"fusion-alignleft\"><a class=\"fusion-read-more\" href=\"https:\/\/www.unioviedo.es\/talentuo\/mapaemprendimiento\/i-feria-del-empleo-y-el-emprendimiento-en-humanidades\/\" aria-label=\"More on I FERIA DEL EMPLEO Y EL EMPRENDIMIENTO EN HUMANIDADES\">Read More<\/a><\/div><div class=\"fusion-alignright\"><span>Comentarios desactivados<span class=\"screen-reader-text\"> en I FERIA DEL EMPLEO Y EL EMPRENDIMIENTO EN HUMANIDADES<\/span><\/span><\/div><\/div><\/div><div class=\"fusion-clearfix\"><\/div><\/div>\n<\/article>\n<div class=\"fusion-clearfix\"><\/div><\/div><\/div><\/div><style type=\"text\/css\">.fusion-body .fusion-builder-column-3{width:100% !important;margin-top : 0px;margin-bottom : 20px;}.fusion-builder-column-3 > .fusion-column-wrapper {padding-top : 0px !important;padding-right : 0px !important;margin-right : 1.92%;padding-bottom : 0px !important;padding-left : 0px !important;margin-left : 1.92%;}@media only screen and (max-width:1024px) {.fusion-body .fusion-builder-column-3{width:100% !important;order : 0;}.fusion-builder-column-3 > .fusion-column-wrapper {margin-right : 1.92%;margin-left : 1.92%;}}@media only screen and (max-width:640px) {.fusion-body .fusion-builder-column-3{width:100% !important;order : 0;}.fusion-builder-column-3 > .fusion-column-wrapper {margin-right : 1.92%;margin-left : 1.92%;}}<\/style><\/div><\/div><style type=\"text\/css\">.fusion-body .fusion-flex-container.fusion-builder-row-2{ padding-top : 0px;margin-top : 0px;padding-right : 0px;padding-bottom : 0px;margin-bottom : 0px;padding-left : 0px;}<\/style><\/div><\/p>\n","protected":false},"excerpt":{"rendered":"","protected":false},"author":1,"featured_media":0,"parent":12,"menu_order":0,"comment_status":"closed","ping_status":"closed","template":"","meta":{"footnotes":""},"class_list":["post-3233","page","type-page","status-publish","hentry"],"jetpack_sharing_enabled":true,"_links":{"self":[{"href":"https:\/\/www.unioviedo.es\/talentuo\/mapaemprendimiento\/wp-json\/wp\/v2\/pages\/3233","targetHints":{"allow":["GET"]}}],"collection":[{"href":"https:\/\/www.unioviedo.es\/talentuo\/mapaemprendimiento\/wp-json\/wp\/v2\/pages"}],"about":[{"href":"https:\/\/www.unioviedo.es\/talentuo\/mapaemprendimiento\/wp-json\/wp\/v2\/types\/page"}],"author":[{"embeddable":true,"href":"https:\/\/www.unioviedo.es\/talentuo\/mapaemprendimiento\/wp-json\/wp\/v2\/users\/1"}],"replies":[{"embeddable":true,"href":"https:\/\/www.unioviedo.es\/talentuo\/mapaemprendimiento\/wp-json\/wp\/v2\/comments?post=3233"}],"version-history":[{"count":10,"href":"https:\/\/www.unioviedo.es\/talentuo\/mapaemprendimiento\/wp-json\/wp\/v2\/pages\/3233\/revisions"}],"predecessor-version":[{"id":3987,"href":"https:\/\/www.unioviedo.es\/talentuo\/mapaemprendimiento\/wp-json\/wp\/v2\/pages\/3233\/revisions\/3987"}],"up":[{"embeddable":true,"href":"https:\/\/www.unioviedo.es\/talentuo\/mapaemprendimiento\/wp-json\/wp\/v2\/pages\/12"}],"wp:attachment":[{"href":"https:\/\/www.unioviedo.es\/talentuo\/mapaemprendimiento\/wp-json\/wp\/v2\/media?parent=3233"}],"curies":[{"name":"wp","href":"https:\/\/api.w.org\/{rel}","templated":true}]}}