{"id":1759,"date":"2023-07-28T08:36:14","date_gmt":"2023-07-28T08:36:14","guid":{"rendered":"https:\/\/www.unioviedo.es\/talentuo\/?page_id=1759"},"modified":"2024-10-07T08:55:26","modified_gmt":"2024-10-07T06:55:26","slug":"empleo-publico","status":"publish","type":"page","link":"https:\/\/www.unioviedo.es\/talentuo\/empleo-publico\/","title":{"rendered":"Empleo P\u00fablico"},"content":{"rendered":"\t\t<div data-elementor-type=\"wp-page\" data-elementor-id=\"1759\" class=\"elementor elementor-1759\">\n\t\t\t\t\t\t\t\t\t<section class=\"elementor-section elementor-top-section elementor-element elementor-element-845795b elementor-section-full_width elementor-section-stretched elementor-section-height-default elementor-section-height-default\" data-id=\"845795b\" data-element_type=\"section\" data-settings=\"{&quot;stretch_section&quot;:&quot;section-stretched&quot;}\">\n\t\t\t\t\t\t<div class=\"elementor-container elementor-column-gap-no\">\n\t\t\t\t\t<div class=\"elementor-column elementor-col-100 elementor-top-column elementor-element elementor-element-8953429\" data-id=\"8953429\" data-element_type=\"column\">\n\t\t\t<div class=\"elementor-widget-wrap elementor-element-populated\">\n\t\t\t\t\t\t\t\t<div class=\"elementor-element elementor-element-686b9ac elementor-widget elementor-widget-image\" data-id=\"686b9ac\" data-element_type=\"widget\" data-widget_type=\"image.default\">\n\t\t\t\t<div class=\"elementor-widget-container\">\n\t\t\t<style>\/*! elementor - v3.13.1 - 09-05-2023 *\/\n.elementor-widget-image{text-align:center}.elementor-widget-image a{display:inline-block}.elementor-widget-image a img[src$=\".svg\"]{width:48px}.elementor-widget-image img{vertical-align:middle;display:inline-block}<\/style>\t\t\t\t\t\t\t\t\t\t\t\t<img loading=\"lazy\" decoding=\"async\" width=\"1920\" height=\"195\" src=\"https:\/\/www.unioviedo.es\/talentuo\/wp-content\/uploads\/2023\/05\/mira-como-lo-hicieron-otros.jpg\" class=\"attachment-full size-full wp-image-1289\" alt=\"\" srcset=\"https:\/\/www.unioviedo.es\/talentuo\/wp-content\/uploads\/2023\/05\/mira-como-lo-hicieron-otros.jpg 1920w, https:\/\/www.unioviedo.es\/talentuo\/wp-content\/uploads\/2023\/05\/mira-como-lo-hicieron-otros-300x30.jpg 300w, https:\/\/www.unioviedo.es\/talentuo\/wp-content\/uploads\/2023\/05\/mira-como-lo-hicieron-otros-1024x104.jpg 1024w, https:\/\/www.unioviedo.es\/talentuo\/wp-content\/uploads\/2023\/05\/mira-como-lo-hicieron-otros-768x78.jpg 768w, https:\/\/www.unioviedo.es\/talentuo\/wp-content\/uploads\/2023\/05\/mira-como-lo-hicieron-otros-1536x156.jpg 1536w\" sizes=\"auto, (max-width: 1920px) 100vw, 1920px\" \/>\t\t\t\t\t\t\t\t\t\t\t\t\t\t\t<\/div>\n\t\t\t\t<\/div>\n\t\t\t\t\t<\/div>\n\t\t<\/div>\n\t\t\t\t\t\t\t<\/div>\n\t\t<\/section>\n\t\t\t\t<section class=\"elementor-section elementor-top-section elementor-element elementor-element-f909ad1 elementor-section-boxed elementor-section-height-default elementor-section-height-default\" data-id=\"f909ad1\" data-element_type=\"section\">\n\t\t\t\t\t\t<div class=\"elementor-container elementor-column-gap-default\">\n\t\t\t\t\t<div class=\"elementor-column elementor-col-50 elementor-top-column elementor-element elementor-element-c52294b\" data-id=\"c52294b\" data-element_type=\"column\">\n\t\t\t<div class=\"elementor-widget-wrap elementor-element-populated\">\n\t\t\t\t\t\t\t\t<div class=\"elementor-element elementor-element-b2deff2 elementor-widget elementor-widget-text-editor\" data-id=\"b2deff2\" data-element_type=\"widget\" data-widget_type=\"text-editor.default\">\n\t\t\t\t<div class=\"elementor-widget-container\">\n\t\t\t<style>\/*! elementor - v3.13.1 - 09-05-2023 *\/\n.elementor-widget-text-editor.elementor-drop-cap-view-stacked .elementor-drop-cap{background-color:#69727d;color:#fff}.elementor-widget-text-editor.elementor-drop-cap-view-framed .elementor-drop-cap{color:#69727d;border:3px solid;background-color:transparent}.elementor-widget-text-editor:not(.elementor-drop-cap-view-default) .elementor-drop-cap{margin-top:8px}.elementor-widget-text-editor:not(.elementor-drop-cap-view-default) .elementor-drop-cap-letter{width:1em;height:1em}.elementor-widget-text-editor .elementor-drop-cap{float:left;text-align:center;line-height:1;font-size:50px}.elementor-widget-text-editor .elementor-drop-cap-letter{display:inline-block}<\/style>\t\t\t\t<h1 class=\"elementor-heading-title elementor-size-default\">\u00bfTe has planteado desarrollar una carrera en el \u00e1mbito p\u00fablico?<\/h1>\t\t\t\t\t\t<\/div>\n\t\t\t\t<\/div>\n\t\t\t\t<div class=\"elementor-element elementor-element-d8bf699 elementor-widget-divider--view-line elementor-widget elementor-widget-divider\" data-id=\"d8bf699\" data-element_type=\"widget\" data-widget_type=\"divider.default\">\n\t\t\t\t<div class=\"elementor-widget-container\">\n\t\t\t<style>\/*! elementor - v3.13.1 - 09-05-2023 *\/\n.elementor-widget-divider{--divider-border-style:none;--divider-border-width:1px;--divider-color:#0c0d0e;--divider-icon-size:20px;--divider-element-spacing:10px;--divider-pattern-height:24px;--divider-pattern-size:20px;--divider-pattern-url:none;--divider-pattern-repeat:repeat-x}.elementor-widget-divider .elementor-divider{display:flex}.elementor-widget-divider .elementor-divider__text{font-size:15px;line-height:1;max-width:95%}.elementor-widget-divider .elementor-divider__element{margin:0 var(--divider-element-spacing);flex-shrink:0}.elementor-widget-divider .elementor-icon{font-size:var(--divider-icon-size)}.elementor-widget-divider .elementor-divider-separator{display:flex;margin:0;direction:ltr}.elementor-widget-divider--view-line_icon .elementor-divider-separator,.elementor-widget-divider--view-line_text .elementor-divider-separator{align-items:center}.elementor-widget-divider--view-line_icon .elementor-divider-separator:after,.elementor-widget-divider--view-line_icon .elementor-divider-separator:before,.elementor-widget-divider--view-line_text .elementor-divider-separator:after,.elementor-widget-divider--view-line_text .elementor-divider-separator:before{display:block;content:\"\";border-bottom:0;flex-grow:1;border-top:var(--divider-border-width) var(--divider-border-style) var(--divider-color)}.elementor-widget-divider--element-align-left .elementor-divider .elementor-divider-separator>.elementor-divider__svg:first-of-type{flex-grow:0;flex-shrink:100}.elementor-widget-divider--element-align-left .elementor-divider-separator:before{content:none}.elementor-widget-divider--element-align-left .elementor-divider__element{margin-left:0}.elementor-widget-divider--element-align-right .elementor-divider .elementor-divider-separator>.elementor-divider__svg:last-of-type{flex-grow:0;flex-shrink:100}.elementor-widget-divider--element-align-right .elementor-divider-separator:after{content:none}.elementor-widget-divider--element-align-right .elementor-divider__element{margin-right:0}.elementor-widget-divider:not(.elementor-widget-divider--view-line_text):not(.elementor-widget-divider--view-line_icon) .elementor-divider-separator{border-top:var(--divider-border-width) var(--divider-border-style) var(--divider-color)}.elementor-widget-divider--separator-type-pattern{--divider-border-style:none}.elementor-widget-divider--separator-type-pattern.elementor-widget-divider--view-line .elementor-divider-separator,.elementor-widget-divider--separator-type-pattern:not(.elementor-widget-divider--view-line) .elementor-divider-separator:after,.elementor-widget-divider--separator-type-pattern:not(.elementor-widget-divider--view-line) .elementor-divider-separator:before,.elementor-widget-divider--separator-type-pattern:not([class*=elementor-widget-divider--view]) .elementor-divider-separator{width:100%;min-height:var(--divider-pattern-height);-webkit-mask-size:var(--divider-pattern-size) 100%;mask-size:var(--divider-pattern-size) 100%;-webkit-mask-repeat:var(--divider-pattern-repeat);mask-repeat:var(--divider-pattern-repeat);background-color:var(--divider-color);-webkit-mask-image:var(--divider-pattern-url);mask-image:var(--divider-pattern-url)}.elementor-widget-divider--no-spacing{--divider-pattern-size:auto}.elementor-widget-divider--bg-round{--divider-pattern-repeat:round}.rtl .elementor-widget-divider .elementor-divider__text{direction:rtl}.e-con-inner>.elementor-widget-divider,.e-con>.elementor-widget-divider{width:var(--container-widget-width,100%);--flex-grow:var(--container-widget-flex-grow)}<\/style>\t\t<div class=\"elementor-divider\">\n\t\t\t<span class=\"elementor-divider-separator\">\n\t\t\t\t\t\t<\/span>\n\t\t<\/div>\n\t\t\t\t<\/div>\n\t\t\t\t<\/div>\n\t\t\t\t<div class=\"elementor-element elementor-element-efb2a9a elementor-widget elementor-widget-text-editor\" data-id=\"efb2a9a\" data-element_type=\"widget\" data-widget_type=\"text-editor.default\">\n\t\t\t\t<div class=\"elementor-widget-container\">\n\t\t\t\t\t\t\t<p>Desde el \u00e1mbito auton\u00f3mico al internacional, son muchas las convocatorias y muy diversos los perfiles a los que puedes acceder.<\/p><p>En los siguientes enlaces encontrar\u00e1s m\u00e1s informaci\u00f3n.<\/p>\t\t\t\t\t\t<\/div>\n\t\t\t\t<\/div>\n\t\t\t\t\t<\/div>\n\t\t<\/div>\n\t\t\t\t<div class=\"elementor-column elementor-col-50 elementor-top-column elementor-element elementor-element-0090f6e\" data-id=\"0090f6e\" data-element_type=\"column\">\n\t\t\t<div class=\"elementor-widget-wrap elementor-element-populated\">\n\t\t\t\t\t\t\t\t<div class=\"elementor-element elementor-element-4d5a1f1 elementor-widget elementor-widget-image\" data-id=\"4d5a1f1\" data-element_type=\"widget\" data-widget_type=\"image.default\">\n\t\t\t\t<div class=\"elementor-widget-container\">\n\t\t\t\t\t\t\t\t\t\t\t\t\t\t\t<img loading=\"lazy\" decoding=\"async\" width=\"800\" height=\"463\" src=\"https:\/\/www.unioviedo.es\/talentuo\/wp-content\/uploads\/2023\/05\/Te-ayudamos.jpeg\" class=\"attachment-large size-large wp-image-243\" alt=\"\" srcset=\"https:\/\/www.unioviedo.es\/talentuo\/wp-content\/uploads\/2023\/05\/Te-ayudamos.jpeg 1024w, https:\/\/www.unioviedo.es\/talentuo\/wp-content\/uploads\/2023\/05\/Te-ayudamos-300x174.jpeg 300w, https:\/\/www.unioviedo.es\/talentuo\/wp-content\/uploads\/2023\/05\/Te-ayudamos-768x445.jpeg 768w\" sizes=\"auto, (max-width: 800px) 100vw, 800px\" \/>\t\t\t\t\t\t\t\t\t\t\t\t\t\t\t<\/div>\n\t\t\t\t<\/div>\n\t\t\t\t\t<\/div>\n\t\t<\/div>\n\t\t\t\t\t\t\t<\/div>\n\t\t<\/section>\n\t\t\t\t<section class=\"elementor-section elementor-top-section elementor-element elementor-element-f5b1ecc elementor-section-boxed elementor-section-height-default elementor-section-height-default\" data-id=\"f5b1ecc\" data-element_type=\"section\" data-settings=\"{&quot;background_background&quot;:&quot;classic&quot;}\">\n\t\t\t\t\t\t<div class=\"elementor-container elementor-column-gap-custom\">\n\t\t\t\t\t<div class=\"elementor-column elementor-col-100 elementor-top-column elementor-element elementor-element-1c805ca\" data-id=\"1c805ca\" data-element_type=\"column\">\n\t\t\t<div class=\"elementor-widget-wrap elementor-element-populated\">\n\t\t\t\t\t\t\t\t<div class=\"elementor-element elementor-element-d3ffe21 elementor-widget elementor-widget-accordion\" data-id=\"d3ffe21\" data-element_type=\"widget\" data-widget_type=\"accordion.default\">\n\t\t\t\t<div class=\"elementor-widget-container\">\n\t\t\t<style>\/*! elementor - v3.13.1 - 09-05-2023 *\/\n.elementor-accordion{text-align:left}.elementor-accordion .elementor-accordion-item{border:1px solid #d5d8dc}.elementor-accordion .elementor-accordion-item+.elementor-accordion-item{border-top:none}.elementor-accordion .elementor-tab-title{margin:0;padding:15px 20px;font-weight:700;line-height:1;cursor:pointer;outline:none}.elementor-accordion .elementor-tab-title .elementor-accordion-icon{display:inline-block;width:1.5em}.elementor-accordion .elementor-tab-title .elementor-accordion-icon svg{width:1em;height:1em}.elementor-accordion .elementor-tab-title .elementor-accordion-icon.elementor-accordion-icon-right{float:right;text-align:right}.elementor-accordion .elementor-tab-title .elementor-accordion-icon.elementor-accordion-icon-left{float:left;text-align:left}.elementor-accordion .elementor-tab-title .elementor-accordion-icon .elementor-accordion-icon-closed{display:block}.elementor-accordion .elementor-tab-title .elementor-accordion-icon .elementor-accordion-icon-opened,.elementor-accordion .elementor-tab-title.elementor-active .elementor-accordion-icon-closed{display:none}.elementor-accordion .elementor-tab-title.elementor-active .elementor-accordion-icon-opened{display:block}.elementor-accordion .elementor-tab-content{display:none;padding:15px 20px;border-top:1px solid #d5d8dc}@media (max-width:767px){.elementor-accordion .elementor-tab-title{padding:12px 15px}.elementor-accordion .elementor-tab-title .elementor-accordion-icon{width:1.2em}.elementor-accordion .elementor-tab-content{padding:7px 15px}}.e-con-inner>.elementor-widget-accordion,.e-con>.elementor-widget-accordion{width:var(--container-widget-width);--flex-grow:var(--container-widget-flex-grow)}<\/style>\t\t<div class=\"elementor-accordion\" role=\"tablist\">\n\t\t\t\t\t\t\t<div class=\"elementor-accordion-item\">\n\t\t\t\t\t<div id=\"elementor-tab-title-2221\" class=\"elementor-tab-title\" data-tab=\"1\" role=\"tab\" aria-controls=\"elementor-tab-content-2221\" aria-expanded=\"false\">\n\t\t\t\t\t\t\t\t\t\t\t\t\t<span class=\"elementor-accordion-icon elementor-accordion-icon-left\" aria-hidden=\"true\">\n\t\t\t\t\t\t\t\t\t\t\t\t\t\t\t<span class=\"elementor-accordion-icon-closed\"><i class=\"fas fa-plus\"><\/i><\/span>\n\t\t\t\t\t\t\t\t<span class=\"elementor-accordion-icon-opened\"><i class=\"fas fa-minus\"><\/i><\/span>\n\t\t\t\t\t\t\t\t\t\t\t\t\t\t<\/span>\n\t\t\t\t\t\t\t\t\t\t\t\t<a class=\"elementor-accordion-title\" href=\"\">Empleo P\u00fablico en \u00e1mbito regional y estatal<\/a>\n\t\t\t\t\t<\/div>\n\t\t\t\t\t<div id=\"elementor-tab-content-2221\" class=\"elementor-tab-content elementor-clearfix\" data-tab=\"1\" role=\"tabpanel\" aria-labelledby=\"elementor-tab-title-2221\"><ul><li>Enlaces de inter\u00e9s sobre empleo p\u00fablico en Asturias y la Administraci\u00f3n General del Estado (AGE)<\/li><\/ul><p><span style=\"color: #008000;\"><a style=\"color: #008000;\" href=\"https:\/\/www.asturias.es\/caracteristica\/-\/categories\/574827?p_r_p_categoryId=574827\">Empleo P\u00fablico en Asturias<\/a><\/span><br \/><span style=\"color: #008000;\"><a style=\"color: #008000;\" href=\"https:\/\/www.hacienda.gob.es\/es-ES\/Empleo%20Publico\/Paginas\/default.aspx\">Oferta Empleo P\u00fablico en la AGE<\/a><\/span><br \/><span style=\"color: #008000;\"><a style=\"color: #008000;\" href=\"https:\/\/play.google.com\/store\/apps\/details?id=gov.es.minhap.empleo060&amp;pli=1\">Aplicaci\u00f3n m\u00f3vil Empleo P\u00fablico en la AGE<\/a>\u00a0<\/span><br \/><span style=\"color: #008000;\"><a style=\"color: #008000;\" href=\"https:\/\/administracion.gob.es\/pag_Home\/empleoPublico\/boletin.html\">Bolet\u00edn de Convocatorias de Empleo P\u00fablico en la AGE<\/a><\/span><br \/><span style=\"color: #008000;\"><a style=\"color: #008000;\" href=\"https:\/\/administracion.gob.es\/pag_Home\/ayudas\/boletin.html\">Bolet\u00edn de Convocatorias de Becas en la AGE<\/a><\/span><\/p><ul><li>V\u00eddeo de la Jornada celebrada en la Universidad de Oviedo (abril, 2021)<\/li><\/ul><p><a href=\"https:\/\/www.youtube.com\/watch?v=Wf09H3TiDKw\"><img loading=\"lazy\" decoding=\"async\" class=\"alignnone size-full wp-image-2628\" src=\"https:\/\/www.unioviedo.es\/talentuo\/wp-content\/uploads\/2023\/10\/Jornada-empleo-publico-2021.png\" alt=\"\" width=\"815\" height=\"566\" srcset=\"https:\/\/www.unioviedo.es\/talentuo\/wp-content\/uploads\/2023\/10\/Jornada-empleo-publico-2021.png 815w, https:\/\/www.unioviedo.es\/talentuo\/wp-content\/uploads\/2023\/10\/Jornada-empleo-publico-2021-300x208.png 300w, https:\/\/www.unioviedo.es\/talentuo\/wp-content\/uploads\/2023\/10\/Jornada-empleo-publico-2021-768x533.png 768w\" sizes=\"auto, (max-width: 815px) 100vw, 815px\" \/><\/a><\/p><\/div>\n\t\t\t\t<\/div>\n\t\t\t\t\t\t\t<div class=\"elementor-accordion-item\">\n\t\t\t\t\t<div id=\"elementor-tab-title-2222\" class=\"elementor-tab-title\" data-tab=\"2\" role=\"tab\" aria-controls=\"elementor-tab-content-2222\" aria-expanded=\"false\">\n\t\t\t\t\t\t\t\t\t\t\t\t\t<span class=\"elementor-accordion-icon elementor-accordion-icon-left\" aria-hidden=\"true\">\n\t\t\t\t\t\t\t\t\t\t\t\t\t\t\t<span class=\"elementor-accordion-icon-closed\"><i class=\"fas fa-plus\"><\/i><\/span>\n\t\t\t\t\t\t\t\t<span class=\"elementor-accordion-icon-opened\"><i class=\"fas fa-minus\"><\/i><\/span>\n\t\t\t\t\t\t\t\t\t\t\t\t\t\t<\/span>\n\t\t\t\t\t\t\t\t\t\t\t\t<a class=\"elementor-accordion-title\" href=\"\">Oportunidades de Empleo en Organismos Internacionales y Uni\u00f3n Europea<\/a>\n\t\t\t\t\t<\/div>\n\t\t\t\t\t<div id=\"elementor-tab-content-2222\" class=\"elementor-tab-content elementor-clearfix\" data-tab=\"2\" role=\"tabpanel\" aria-labelledby=\"elementor-tab-title-2222\"><ul><li>\u00a0Enlaces de inter\u00e9s para trabajar en Organismos Internacionales y Uni\u00f3n Europea<\/li><\/ul><p><span style=\"color: #008000;\"><a style=\"color: #008000;\" href=\"https:\/\/www.exteriores.gob.es\/es\/ServiciosAlCiudadano\/OportunidadesEnOrganizacionesInternacionales\/Paginas\/index.aspx\">Oportunidades de empleo\u00a0<\/a><\/span><br \/><span style=\"color: #008000;\"><a style=\"color: #008000;\" href=\"https:\/\/ufi.maec.es\/vacantes\/\">Buscador de vacantes Funcionariado internacional<\/a><\/span><br \/><a href=\"https:\/\/www.exteriores.gob.es\/es\/ServiciosAlCiudadano\/OportunidadesEnOrganizacionesInternacionales\/Paginas\/trabajarenlaUE.aspx\"><span style=\"color: #008000;\">Bolet\u00edn de ofertas y pr\u00e1cticas en la UE<\/span><\/a><\/p><ul><li>V\u00eddeo de la Jornada \u00abHorizontExterior\u00bbcelebrada en la Universidad de Oviedo (octubre, 2021):<\/li><\/ul><p><a href=\"https:\/\/unioviedo-my.sharepoint.com\/personal\/anasv_uniovi_es\/_layouts\/15\/stream.aspx?id=%2Fpersonal%2Fanasv%5Funiovi%5Fes%2FDocuments%2FHoriztExterior%2Emp4&amp;ga=1\"><img loading=\"lazy\" decoding=\"async\" class=\"size-full wp-image-1731 alignleft\" src=\"https:\/\/www.unioviedo.es\/talentuo\/wp-content\/uploads\/2023\/07\/Jornada-HorizontExterior.png\" alt=\"\" width=\"475\" height=\"475\" srcset=\"https:\/\/www.unioviedo.es\/talentuo\/wp-content\/uploads\/2023\/07\/Jornada-HorizontExterior.png 475w, https:\/\/www.unioviedo.es\/talentuo\/wp-content\/uploads\/2023\/07\/Jornada-HorizontExterior-300x300.png 300w, https:\/\/www.unioviedo.es\/talentuo\/wp-content\/uploads\/2023\/07\/Jornada-HorizontExterior-150x150.png 150w\" sizes=\"auto, (max-width: 475px) 100vw, 475px\" \/><\/a><\/p><\/div>\n\t\t\t\t<\/div>\n\t\t\t\t\t\t\t\t<\/div>\n\t\t\t\t<\/div>\n\t\t\t\t<\/div>\n\t\t\t\t<div class=\"elementor-element elementor-element-aaf1307 elementor-widget elementor-widget-text-editor\" data-id=\"aaf1307\" data-element_type=\"widget\" data-widget_type=\"text-editor.default\">\n\t\t\t\t<div class=\"elementor-widget-container\">\n\t\t\t\t\t\t\t\t\t\t\t\t\t<\/div>\n\t\t\t\t<\/div>\n\t\t\t\t\t<\/div>\n\t\t<\/div>\n\t\t\t\t\t\t\t<\/div>\n\t\t<\/section>\n\t\t\t\t\t\t\t<\/div>\n\t\t","protected":false},"excerpt":{"rendered":"<p>\u00bfTe has planteado desarrollar una carrera en el \u00e1mbito p\u00fablico? Desde el \u00e1mbito auton\u00f3mico al internacional, son muchas las convocatorias y muy diversos los perfiles a los que puedes acceder. En los siguientes enlaces encontrar\u00e1s m\u00e1s informaci\u00f3n. Empleo P\u00fablico en \u00e1mbito regional y estatal Enlaces de inter\u00e9s sobre empleo p\u00fablico en Asturias y la Administraci\u00f3n [&hellip;]<\/p>\n","protected":false},"author":1,"featured_media":0,"parent":0,"menu_order":0,"comment_status":"closed","ping_status":"closed","template":"elementor_theme","meta":{"footnotes":""},"class_list":["post-1759","page","type-page","status-publish","hentry"],"_links":{"self":[{"href":"https:\/\/www.unioviedo.es\/talentuo\/wp-json\/wp\/v2\/pages\/1759","targetHints":{"allow":["GET"]}}],"collection":[{"href":"https:\/\/www.unioviedo.es\/talentuo\/wp-json\/wp\/v2\/pages"}],"about":[{"href":"https:\/\/www.unioviedo.es\/talentuo\/wp-json\/wp\/v2\/types\/page"}],"author":[{"embeddable":true,"href":"https:\/\/www.unioviedo.es\/talentuo\/wp-json\/wp\/v2\/users\/1"}],"replies":[{"embeddable":true,"href":"https:\/\/www.unioviedo.es\/talentuo\/wp-json\/wp\/v2\/comments?post=1759"}],"version-history":[{"count":62,"href":"https:\/\/www.unioviedo.es\/talentuo\/wp-json\/wp\/v2\/pages\/1759\/revisions"}],"predecessor-version":[{"id":3581,"href":"https:\/\/www.unioviedo.es\/talentuo\/wp-json\/wp\/v2\/pages\/1759\/revisions\/3581"}],"wp:attachment":[{"href":"https:\/\/www.unioviedo.es\/talentuo\/wp-json\/wp\/v2\/media?parent=1759"}],"curies":[{"name":"wp","href":"https:\/\/api.w.org\/{rel}","templated":true}]}}