{"id":1282,"date":"2021-06-25T12:05:00","date_gmt":"2021-06-25T10:05:00","guid":{"rendered":"https:\/\/www.unioviedo.es\/urbanred\/?page_id=1282"},"modified":"2021-06-25T12:20:36","modified_gmt":"2021-06-25T10:20:36","slug":"boletin202102","status":"publish","type":"page","link":"https:\/\/www.unioviedo.es\/urbanred\/boletin202102\/","title":{"rendered":"Bolet\u00edn n\u00ba 2, abril-junio 2021"},"content":{"rendered":"\n<div class=\"wp-block-media-text alignwide is-stacked-on-mobile is-vertically-aligned-center\" style=\"grid-template-columns:31% auto\"><figure class=\"wp-block-media-text__media\"><img loading=\"lazy\" decoding=\"async\" width=\"772\" height=\"772\" src=\"https:\/\/www.unioviedo.es\/urbanred\/wp-content\/uploads\/2021\/03\/Boletin-Observatorio.png\" alt=\"\" class=\"wp-image-857 size-full\" srcset=\"https:\/\/www.unioviedo.es\/urbanred\/wp-content\/uploads\/2021\/03\/Boletin-Observatorio.png 772w, https:\/\/www.unioviedo.es\/urbanred\/wp-content\/uploads\/2021\/03\/Boletin-Observatorio-300x300.png 300w, https:\/\/www.unioviedo.es\/urbanred\/wp-content\/uploads\/2021\/03\/Boletin-Observatorio-150x150.png 150w, https:\/\/www.unioviedo.es\/urbanred\/wp-content\/uploads\/2021\/03\/Boletin-Observatorio-768x768.png 768w, https:\/\/www.unioviedo.es\/urbanred\/wp-content\/uploads\/2021\/03\/Boletin-Observatorio-100x100.png 100w\" sizes=\"auto, (max-width: 767px) 89vw, (max-width: 1000px) 54vw, (max-width: 1071px) 543px, 580px\" \/><\/figure><div class=\"wp-block-media-text__content\">\n<p class=\"has-text-color\" style=\"color:#2d2d2d;font-size:30px;line-height:0\">Bolet\u00edn del Observatorio<\/p>\n<\/div><\/div>\n\n\n\n<div class=\"wp-block-media-text alignwide is-stacked-on-mobile is-vertically-aligned-center\" style=\"grid-template-columns:15% auto\"><figure class=\"wp-block-media-text__media\"><img loading=\"lazy\" decoding=\"async\" width=\"200\" height=\"200\" src=\"https:\/\/www.unioviedo.es\/urbanred\/wp-content\/uploads\/2021\/03\/icoEventos2.png\" alt=\"\" class=\"wp-image-846 size-full\" srcset=\"https:\/\/www.unioviedo.es\/urbanred\/wp-content\/uploads\/2021\/03\/icoEventos2.png 200w, https:\/\/www.unioviedo.es\/urbanred\/wp-content\/uploads\/2021\/03\/icoEventos2-150x150.png 150w, https:\/\/www.unioviedo.es\/urbanred\/wp-content\/uploads\/2021\/03\/icoEventos2-100x100.png 100w\" sizes=\"auto, (max-width: 200px) 100vw, 200px\" \/><\/figure><div class=\"wp-block-media-text__content\">\n<p class=\"has-background\" style=\"background-color:#48b8ff;font-size:26px\">  Eventos<\/p>\n<\/div><\/div>\n\n\n<ul class=\"wp-block-latest-posts__list is-grid columns-2 has-dates alignleft wp-block-latest-posts\"><li><div class=\"wp-block-latest-posts__featured-image\"><img loading=\"lazy\" decoding=\"async\" width=\"150\" height=\"16\" src=\"https:\/\/www.unioviedo.es\/urbanred\/wp-content\/uploads\/2021\/02\/Eventos-150x16.png\" class=\"attachment-thumbnail size-thumbnail wp-post-image\" alt=\"\" style=\"\" sizes=\"auto, 100vw\" \/><\/div><a class=\"wp-block-latest-posts__post-title\" href=\"https:\/\/www.unioviedo.es\/urbanred\/xv-congreso-de-la-asociacion-espanola-de-ciencia-politica-y-de-la-administracion\/\">XV Congreso de la Asociaci\u00f3n Espa\u00f1ola de Ciencia pol\u00edtica y de la Administraci\u00f3n<\/a><time datetime=\"2021-04-08T21:55:00+02:00\" class=\"wp-block-latest-posts__post-date\">8 abril, 2021<\/time><div class=\"wp-block-latest-posts__post-excerpt\">\u00abLecciones y retos pol\u00edticos de la pandemia\u00bb Del 7 al 9 de julio de 2021 Congreso Virtual, Online Informaci\u00f3n e inscripciones Grupos de trabajo<\/div><\/li>\n<li><div class=\"wp-block-latest-posts__featured-image\"><img loading=\"lazy\" decoding=\"async\" width=\"150\" height=\"16\" src=\"https:\/\/www.unioviedo.es\/urbanred\/wp-content\/uploads\/2021\/02\/Eventos-150x16.png\" class=\"attachment-thumbnail size-thumbnail wp-post-image\" alt=\"\" style=\"\" sizes=\"auto, 100vw\" \/><\/div><a class=\"wp-block-latest-posts__post-title\" href=\"https:\/\/www.unioviedo.es\/urbanred\/arl-international-photo-contest-changing-times-changing-spaces\/\">ARL International Photo Contest \u00abChanging Times &#8211; Changing Spaces\u00bb<\/a><time datetime=\"2021-04-10T13:00:35+02:00\" class=\"wp-block-latest-posts__post-date\">10 abril, 2021<\/time><div class=\"wp-block-latest-posts__post-excerpt\">Call for Contributions: Non-commercial photo context Academy for Territorial Development (ARL) in the Leibniz Association located in Hannover (Germany) The ARL is looking for your personal view on how spaces change over &hellip; <p class=\"link-more\"><a href=\"https:\/\/www.unioviedo.es\/urbanred\/arl-international-photo-contest-changing-times-changing-spaces\/\" class=\"more-link\">Continuar leyendo<span class=\"screen-reader-text\"> \u00abARL International Photo Contest \u00abChanging Times &#8211; Changing Spaces\u00bb\u00bb<\/span><\/a><\/p><\/div><\/li>\n<li><div class=\"wp-block-latest-posts__featured-image\"><img loading=\"lazy\" decoding=\"async\" width=\"150\" height=\"16\" src=\"https:\/\/www.unioviedo.es\/urbanred\/wp-content\/uploads\/2021\/02\/Eventos-150x16.png\" class=\"attachment-thumbnail size-thumbnail wp-post-image\" alt=\"\" style=\"\" sizes=\"auto, 100vw\" \/><\/div><a class=\"wp-block-latest-posts__post-title\" href=\"https:\/\/www.unioviedo.es\/urbanred\/seminario-estrategia-para-la-rehabilitacion-energetica\/\">Seminario: \u00abEstrategia para la Rehabilitaci\u00f3n Energ\u00e9tica\u00bb<\/a><time datetime=\"2021-04-12T16:05:00+02:00\" class=\"wp-block-latest-posts__post-date\">12 abril, 2021<\/time><div class=\"wp-block-latest-posts__post-excerpt\">Rese\u00f1a del seminario celebrado el 8 de abril, como parte del proyecto Resiliencia: espacios de adaptaci\u00f3n de nuestras ciudades a los nuevos retos urbanos, Red RE-ADAP (RED2018-102795-T). Mas informaci\u00f3n<\/div><\/li>\n<li><div class=\"wp-block-latest-posts__featured-image\"><img loading=\"lazy\" decoding=\"async\" width=\"150\" height=\"16\" src=\"https:\/\/www.unioviedo.es\/urbanred\/wp-content\/uploads\/2021\/02\/Eventos-150x16.png\" class=\"attachment-thumbnail size-thumbnail wp-post-image\" alt=\"\" style=\"\" sizes=\"auto, 100vw\" \/><\/div><a class=\"wp-block-latest-posts__post-title\" href=\"https:\/\/www.unioviedo.es\/urbanred\/seminario-1st-ugadi-international-hybrid-seminar-on-urban-governance-and-democratic-innovationexchanging-perspectives-from-different-academic-fields-geographies\/\">Seminario: \u00abExchanging perspectives from different academic fields &#038; geographies\u00bb<\/a><time datetime=\"2021-04-19T13:47:00+02:00\" class=\"wp-block-latest-posts__post-date\">19 abril, 2021<\/time><div class=\"wp-block-latest-posts__post-excerpt\">19 y 20 de abril de 2021 1st UGaDI International Hybrid Seminar on Urban Governance and Democratic Innovation M\u00e1s informaci\u00f3n y programa<\/div><\/li>\n<li><div class=\"wp-block-latest-posts__featured-image\"><img loading=\"lazy\" decoding=\"async\" width=\"150\" height=\"16\" src=\"https:\/\/www.unioviedo.es\/urbanred\/wp-content\/uploads\/2021\/02\/Eventos-150x16.png\" class=\"attachment-thumbnail size-thumbnail wp-post-image\" alt=\"\" style=\"\" sizes=\"auto, 100vw\" \/><\/div><a class=\"wp-block-latest-posts__post-title\" href=\"https:\/\/www.unioviedo.es\/urbanred\/seminario-fondos-europeos-de-recuperacion\/\">Seminario: \u00abFondos Europeos de Recuperaci\u00f3n\u00bb<\/a><time datetime=\"2021-05-20T10:56:47+02:00\" class=\"wp-block-latest-posts__post-date\">20 mayo, 2021<\/time><div class=\"wp-block-latest-posts__post-excerpt\">Rese\u00f1a del seminario \u201cFondos Europeos de Recuperaci\u00f3n\u201d celebrado el 27 de mayo, en el marco de los seminarios de la Red RE-ADAP y coordinado por el profesor \u00c1ngel Aparicio Mourelo M\u00e1s informaci\u00f3n<\/div><\/li>\n<li><div class=\"wp-block-latest-posts__featured-image\"><img loading=\"lazy\" decoding=\"async\" width=\"150\" height=\"16\" src=\"https:\/\/www.unioviedo.es\/urbanred\/wp-content\/uploads\/2021\/02\/Eventos-150x16.png\" class=\"attachment-thumbnail size-thumbnail wp-post-image\" alt=\"\" style=\"\" sizes=\"auto, 100vw\" \/><\/div><a class=\"wp-block-latest-posts__post-title\" href=\"https:\/\/www.unioviedo.es\/urbanred\/seminario-soberania-alimentaria-y-servicios-ecosistemicos\/\">Seminario: \u00abSoberan\u00eda Alimentaria y Servicios Ecosist\u00e9micos\u00bb<\/a><time datetime=\"2021-06-09T09:08:53+02:00\" class=\"wp-block-latest-posts__post-date\">9 junio, 2021<\/time><div class=\"wp-block-latest-posts__post-excerpt\">Rese\u00f1a del tercer Seminario de la Red RE-ADAP, sobre \u00abSoberan\u00eda Alimentaria y Servicios Ecosist\u00e9micos\u00bb, celebrado onlline, el 17 de junio de 2021. M\u00e1s informaci\u00f3n<\/div><\/li>\n<li><div class=\"wp-block-latest-posts__featured-image\"><img loading=\"lazy\" decoding=\"async\" width=\"150\" height=\"16\" src=\"https:\/\/www.unioviedo.es\/urbanred\/wp-content\/uploads\/2021\/02\/Eventos-150x16.png\" class=\"attachment-thumbnail size-thumbnail wp-post-image\" alt=\"\" style=\"\" sizes=\"auto, 100vw\" \/><\/div><a class=\"wp-block-latest-posts__post-title\" href=\"https:\/\/www.unioviedo.es\/urbanred\/seminario-soberania-alimentaria-y-servicios-ecosistemicos-2\/\">Seminario: \u00abSoberan\u00eda Alimentaria y Servicios Ecosist\u00e9micos\u00bb<\/a><time datetime=\"2021-07-05T08:59:17+02:00\" class=\"wp-block-latest-posts__post-date\">5 julio, 2021<\/time><div class=\"wp-block-latest-posts__post-excerpt\">Rese\u00f1a del tercer Seminario de la Red RE-ADAP, sobre \u00abSoberan\u00eda Alimentaria y Servicios Ecosist\u00e9micos\u00bb, celebrado onlline, el 17 de junio de 2021. M\u00e1s informaci\u00f3n<\/div><\/li>\n<li><div class=\"wp-block-latest-posts__featured-image\"><img loading=\"lazy\" decoding=\"async\" width=\"150\" height=\"16\" src=\"https:\/\/www.unioviedo.es\/urbanred\/wp-content\/uploads\/2021\/02\/Eventos-150x16.png\" class=\"attachment-thumbnail size-thumbnail wp-post-image\" alt=\"\" style=\"\" sizes=\"auto, 100vw\" \/><\/div><a class=\"wp-block-latest-posts__post-title\" href=\"https:\/\/www.unioviedo.es\/urbanred\/presentacion-del-libro-territorios-segregados-y-desgobernanza-urbana-napoles-madrid-barcelona\/\">Presentaci\u00f3n del libro \u201cTerritorios segregados y (des)gobernanza urbana. N\u00e1poles \/ Madrid \/ Barcelona\u201d<\/a><time datetime=\"2021-07-05T09:05:52+02:00\" class=\"wp-block-latest-posts__post-date\">5 julio, 2021<\/time><div class=\"wp-block-latest-posts__post-excerpt\">El pasado 22 de junio de 2021 tuvo lugar el acto de presentaci\u00f3n del libro Territorios segregados y (des)gobernanza urbana. N\u00e1poles \/ Madrid \/ Barcelona \u00a0publicado en el Archivo Digital de la &hellip; <p class=\"link-more\"><a href=\"https:\/\/www.unioviedo.es\/urbanred\/presentacion-del-libro-territorios-segregados-y-desgobernanza-urbana-napoles-madrid-barcelona\/\" class=\"more-link\">Continuar leyendo<span class=\"screen-reader-text\"> \u00abPresentaci\u00f3n del libro \u201cTerritorios segregados y (des)gobernanza urbana. N\u00e1poles \/ Madrid \/ Barcelona\u201d\u00bb<\/span><\/a><\/p><\/div><\/li>\n<\/ul>\n\n\n<div style=\"height:30px\" aria-hidden=\"true\" class=\"wp-block-spacer\"><\/div>\n\n\n\n<div class=\"wp-block-media-text alignwide has-media-on-the-right is-stacked-on-mobile\" style=\"grid-template-columns:auto 15%\"><figure class=\"wp-block-media-text__media\"><img loading=\"lazy\" decoding=\"async\" width=\"200\" height=\"200\" src=\"https:\/\/www.unioviedo.es\/urbanred\/wp-content\/uploads\/2021\/03\/icoPublicacion2.png\" alt=\"\" class=\"wp-image-849 size-full\" srcset=\"https:\/\/www.unioviedo.es\/urbanred\/wp-content\/uploads\/2021\/03\/icoPublicacion2.png 200w, https:\/\/www.unioviedo.es\/urbanred\/wp-content\/uploads\/2021\/03\/icoPublicacion2-150x150.png 150w, https:\/\/www.unioviedo.es\/urbanred\/wp-content\/uploads\/2021\/03\/icoPublicacion2-100x100.png 100w\" sizes=\"auto, (max-width: 200px) 100vw, 200px\" \/><\/figure><div class=\"wp-block-media-text__content\">\n<p class=\"has-text-align-right has-background\" style=\"background-color:#b4c3ce;font-size:26px\">  Publicaciones  <\/p>\n<\/div><\/div>\n\n\n<ul class=\"wp-block-latest-posts__list is-grid columns-2 has-dates wp-block-latest-posts\"><li><div class=\"wp-block-latest-posts__featured-image\"><img loading=\"lazy\" decoding=\"async\" width=\"150\" height=\"16\" src=\"https:\/\/www.unioviedo.es\/urbanred\/wp-content\/uploads\/2021\/02\/Publicaciones-150x16.png\" class=\"attachment-thumbnail size-thumbnail wp-post-image\" alt=\"\" style=\"\" sizes=\"auto, 100vw\" \/><\/div><a class=\"wp-block-latest-posts__post-title\" href=\"https:\/\/www.unioviedo.es\/urbanred\/la-gobernanza-territorial-como-concepto-proceso-y-resultado\/\">\u201cLa gobernanza territorial como concepto, proceso y resultado\u201d<\/a><time datetime=\"2021-06-25T11:41:26+02:00\" class=\"wp-block-latest-posts__post-date\">25 junio, 2021<\/time><div class=\"wp-block-latest-posts__post-excerpt\">Farin\u00f3s Das\u00ed, J.,&nbsp;&nbsp;Gonz\u00e1lez Medina, M. (2021) En Romero Tar\u00edn, A., A. Alejo Jaime (eds.): Panorama de la Gobernanza: Perspectivas y retos para su estudio en iberoamericana, Valencia: Tirant lo Blanch, pp. 147-168. &hellip; <p class=\"link-more\"><a href=\"https:\/\/www.unioviedo.es\/urbanred\/la-gobernanza-territorial-como-concepto-proceso-y-resultado\/\" class=\"more-link\">Continuar leyendo<span class=\"screen-reader-text\"> \u00ab\u201cLa gobernanza territorial como concepto, proceso y resultado\u201d\u00bb<\/span><\/a><\/p><\/div><\/li>\n<li><div class=\"wp-block-latest-posts__featured-image\"><img loading=\"lazy\" decoding=\"async\" width=\"150\" height=\"16\" src=\"https:\/\/www.unioviedo.es\/urbanred\/wp-content\/uploads\/2021\/02\/Publicaciones-150x16.png\" class=\"attachment-thumbnail size-thumbnail wp-post-image\" alt=\"\" style=\"\" sizes=\"auto, 100vw\" \/><\/div><a class=\"wp-block-latest-posts__post-title\" href=\"https:\/\/www.unioviedo.es\/urbanred\/assessment-of-the-governance-dimension-in-the-frame-of-the-2030-agenda-evidence-from-100-spanish-cities\/\">\u00abAssessment of the Governance Dimension in the Frame of the 2030 Agenda: Evidence from 100 Spanish Cities\u201d<\/a><time datetime=\"2021-06-25T11:34:26+02:00\" class=\"wp-block-latest-posts__post-date\">25 junio, 2021<\/time><div class=\"wp-block-latest-posts__post-excerpt\">Garc\u00eda Pe\u00f1a, C., Gonz\u00e1lez Medina, M., Diaz-Sarachaga, J.M. (2021) Sustainability, 13, 5519.\u00a0 M\u00e1s informaci\u00f3n<\/div><\/li>\n<li><div class=\"wp-block-latest-posts__featured-image\"><img loading=\"lazy\" decoding=\"async\" width=\"150\" height=\"16\" src=\"https:\/\/www.unioviedo.es\/urbanred\/wp-content\/uploads\/2021\/02\/Publicaciones-150x16.png\" class=\"attachment-thumbnail size-thumbnail wp-post-image\" alt=\"\" style=\"\" sizes=\"auto, 100vw\" \/><\/div><a class=\"wp-block-latest-posts__post-title\" href=\"https:\/\/www.unioviedo.es\/urbanred\/genero-y-urbanismo-hacia-ciudades-mas-sensibles-e-inclusivas\/\">\u201cG\u00e9nero y Urbanismo: \u00bfhacia ciudades m\u00e1s sensibles e inclusivas?\u201d<\/a><time datetime=\"2021-06-25T11:31:53+02:00\" class=\"wp-block-latest-posts__post-date\">25 junio, 2021<\/time><div class=\"wp-block-latest-posts__post-excerpt\">Innerarity Grau, C., Acha Ugarte, B., &amp; Sancho Mart\u00ednez, A. (2020) RIPS: Revista de Investigaciones Pol\u00edticas y Sociol\u00f3gicas,\u00a019(2), pp. 45-66 M\u00e1s informaci\u00f3n<\/div><\/li>\n<li><div class=\"wp-block-latest-posts__featured-image\"><img loading=\"lazy\" decoding=\"async\" width=\"150\" height=\"16\" src=\"https:\/\/www.unioviedo.es\/urbanred\/wp-content\/uploads\/2021\/02\/Publicaciones-150x16.png\" class=\"attachment-thumbnail size-thumbnail wp-post-image\" alt=\"\" style=\"\" sizes=\"auto, 100vw\" \/><\/div><a class=\"wp-block-latest-posts__post-title\" href=\"https:\/\/www.unioviedo.es\/urbanred\/respuestas-comunitarias-en-el-contexto-de-la-crisis-por-la-covid19-en-madrid\/\">\u201cRespuestas comunitarias en el contexto de la crisis por la COVID19 en Madrid\u201d<\/a><time datetime=\"2021-06-25T11:26:52+02:00\" class=\"wp-block-latest-posts__post-date\">25 junio, 2021<\/time><div class=\"wp-block-latest-posts__post-excerpt\">Laosa, L., Cobos, L. (2021). En S\u00e1nchez-Moral,S;Salom-Carrasco,J y Yacam\u00e1n,C. (Eds) Estrategias, espacios y redes para la innovaci\u00f3n urbana. Investigaci\u00f3n y Debate. Los libros de la Catarata, Madrid, pp. 90-100. M\u00e1s informaci\u00f3n<\/div><\/li>\n<li><div class=\"wp-block-latest-posts__featured-image\"><img loading=\"lazy\" decoding=\"async\" width=\"150\" height=\"16\" src=\"https:\/\/www.unioviedo.es\/urbanred\/wp-content\/uploads\/2021\/02\/Publicaciones-150x16.png\" class=\"attachment-thumbnail size-thumbnail wp-post-image\" alt=\"\" style=\"\" sizes=\"auto, 100vw\" \/><\/div><a class=\"wp-block-latest-posts__post-title\" href=\"https:\/\/www.unioviedo.es\/urbanred\/la-discapacidad-ante-el-nuevo-contrato-social-digital-la-redefinicion-de-las-politicas-publicas-urbanas\/\">\u201cLa discapacidad ante el nuevo contrato social digital: la redefinici\u00f3n de las pol\u00edticas p\u00fablicas urbanas\u201d<\/a><time datetime=\"2021-06-25T11:23:50+02:00\" class=\"wp-block-latest-posts__post-date\">25 junio, 2021<\/time><div class=\"wp-block-latest-posts__post-excerpt\">Manfredi S\u00e1nchez, J. L., &amp; Kolotouchkina Shvedova, O. (2021) An\u00e1lisis Carolina, n\u00ba 16 M\u00e1s informaci\u00f3n<\/div><\/li>\n<li><div class=\"wp-block-latest-posts__featured-image\"><img loading=\"lazy\" decoding=\"async\" width=\"150\" height=\"16\" src=\"https:\/\/www.unioviedo.es\/urbanred\/wp-content\/uploads\/2021\/02\/Publicaciones-150x16.png\" class=\"attachment-thumbnail size-thumbnail wp-post-image\" alt=\"\" style=\"\" sizes=\"auto, 100vw\" \/><\/div><a class=\"wp-block-latest-posts__post-title\" href=\"https:\/\/www.unioviedo.es\/urbanred\/exploring-the-emergence-of-innovative-multi-actor-collaborations-toward-a-progressive-urban-regime-in-madrid-2015-2019\/\">\u00abExploring the Emergence of Innovative Multi-Actor Collaborations toward a Progressive Urban Regime in Madrid (2015\u20132019)\u201d<\/a><time datetime=\"2021-06-25T11:20:29+02:00\" class=\"wp-block-latest-posts__post-date\">25 junio, 2021<\/time><div class=\"wp-block-latest-posts__post-excerpt\">Medina-Garc\u00eda, C., de la Fuente, R., &amp; Van den Broeck, P. (2021) Sustainability,\u00a013(1), 415 M\u00e1s informaci\u00f3n<\/div><\/li>\n<li><div class=\"wp-block-latest-posts__featured-image\"><img loading=\"lazy\" decoding=\"async\" width=\"150\" height=\"16\" src=\"https:\/\/www.unioviedo.es\/urbanred\/wp-content\/uploads\/2021\/02\/Publicaciones-150x16.png\" class=\"attachment-thumbnail size-thumbnail wp-post-image\" alt=\"\" style=\"\" sizes=\"auto, 100vw\" \/><\/div><a class=\"wp-block-latest-posts__post-title\" href=\"https:\/\/www.unioviedo.es\/urbanred\/los-ayuntamientos-ante-la-covid-19-analisis-de-las-medidas-locales-ante-la-covid-19-en-municipios-de-la-comunidad-de-madrid\/\">Los ayuntamientos ante la COVID-19. An\u00e1lisis de las medidas locales ante la COVID-19 en Municipios de la Comunidad de Madrid<\/a><time datetime=\"2021-06-25T10:59:32+02:00\" class=\"wp-block-latest-posts__post-date\">25 junio, 2021<\/time><div class=\"wp-block-latest-posts__post-excerpt\">Navarro, C., Alba, D., Egea, A., Gonz\u00e1lez Medina, M., Sevillano, A. (2020) Colecci\u00f3n de Estudios de Pol\u00edticas Locales: IX Informe Instituto de Derecho Local, UAM. ISBN 978-84-09-29445-9 M\u00e1s informaci\u00f3n<\/div><\/li>\n<li><div class=\"wp-block-latest-posts__featured-image\"><img loading=\"lazy\" decoding=\"async\" width=\"150\" height=\"16\" src=\"https:\/\/www.unioviedo.es\/urbanred\/wp-content\/uploads\/2021\/02\/Publicaciones-150x16.png\" class=\"attachment-thumbnail size-thumbnail wp-post-image\" alt=\"\" style=\"\" sizes=\"auto, 100vw\" \/><\/div><a class=\"wp-block-latest-posts__post-title\" href=\"https:\/\/www.unioviedo.es\/urbanred\/la-europeizacion-de-la-politica-urbana-en-espana-en-el-periodo-2014-2020-analisis-de-las-estrategias-de-desarrollo-urbano-sostenible-integrado-edusi\/\">\u00abLa Europeizaci\u00f3n de la pol\u00edtica urbana en Espa\u00f1a en el periodo 2014-2020. An\u00e1lisis de las Estrategias de Desarrollo Urbano Sostenible Integrado (EDUSI)\u00bb<\/a><time datetime=\"2021-06-24T13:02:33+02:00\" class=\"wp-block-latest-posts__post-date\">24 junio, 2021<\/time><div class=\"wp-block-latest-posts__post-excerpt\">De Gregorio Hurtado, S., Do Santos Coelho, V., &amp; Baatti Boulahia, B.(2021) Cuadernos de Investigaci\u00f3n Urban\u00edstica, n\u00fam. 134 ISSN: 2174-5099 M\u00e1s informaci\u00f3n<\/div><\/li>\n<li><div class=\"wp-block-latest-posts__featured-image\"><img loading=\"lazy\" decoding=\"async\" width=\"150\" height=\"16\" src=\"https:\/\/www.unioviedo.es\/urbanred\/wp-content\/uploads\/2021\/02\/Publicaciones-150x16.png\" class=\"attachment-thumbnail size-thumbnail wp-post-image\" alt=\"\" style=\"\" sizes=\"auto, 100vw\" \/><\/div><a class=\"wp-block-latest-posts__post-title\" href=\"https:\/\/www.unioviedo.es\/urbanred\/monografico\/\">Monogr\u00e1fico<\/a><time datetime=\"2021-06-03T12:25:17+02:00\" class=\"wp-block-latest-posts__post-date\">3 junio, 2021<\/time><div class=\"wp-block-latest-posts__post-excerpt\">La revista Ciudad y Territorio. Estudios Territoriales CyTET , editada por el Ministerio de Transporte, Movilidad y Agenda Urbana (MITMA) acaba de publicar este mes de mayo su monogr\u00e1fico de 2021, \u201cVivienda, &hellip; <p class=\"link-more\"><a href=\"https:\/\/www.unioviedo.es\/urbanred\/monografico\/\" class=\"more-link\">Continuar leyendo<span class=\"screen-reader-text\"> \u00abMonogr\u00e1fico\u00bb<\/span><\/a><\/p><\/div><\/li>\n<li><div class=\"wp-block-latest-posts__featured-image\"><img loading=\"lazy\" decoding=\"async\" width=\"150\" height=\"16\" src=\"https:\/\/www.unioviedo.es\/urbanred\/wp-content\/uploads\/2021\/02\/Publicaciones-150x16.png\" class=\"attachment-thumbnail size-thumbnail wp-post-image\" alt=\"\" style=\"\" sizes=\"auto, 100vw\" \/><\/div><a class=\"wp-block-latest-posts__post-title\" href=\"https:\/\/www.unioviedo.es\/urbanred\/territorios-segregados-y-desgobernanza-urbana-napoles-madrid-barcelona\/\">\u00abTerritorios segregados y (des)gobernanza urbana. N\u00e1poles\/Madrid\/Barcelona\u00bb<\/a><time datetime=\"2021-05-13T10:35:28+02:00\" class=\"wp-block-latest-posts__post-date\">13 mayo, 2021<\/time><div class=\"wp-block-latest-posts__post-excerpt\">Lucas \u00c1lvarez del Valle y Isabel Gonz\u00e1lez Garc\u00eda (2021) Publicado en el Archivo Digital de la UPM M\u00e1s informaci\u00f3n<\/div><\/li>\n<li><div class=\"wp-block-latest-posts__featured-image\"><img loading=\"lazy\" decoding=\"async\" width=\"150\" height=\"16\" src=\"https:\/\/www.unioviedo.es\/urbanred\/wp-content\/uploads\/2021\/02\/Publicaciones-150x16.png\" class=\"attachment-thumbnail size-thumbnail wp-post-image\" alt=\"\" style=\"\" sizes=\"auto, 100vw\" \/><\/div><a class=\"wp-block-latest-posts__post-title\" href=\"https:\/\/www.unioviedo.es\/urbanred\/ciudad-justa-y-nuevo-municipalismo-las-politicas-urbanas-de-madrid-en-el-periodo-2015-2019\/\">\u00abCiudad Justa y Nuevo Municipalismo: las Pol\u00edticas Urbanas de Madrid en el per\u00edodo 2015-2019\u00bb<\/a><time datetime=\"2021-05-10T13:25:00+02:00\" class=\"wp-block-latest-posts__post-date\">10 mayo, 2021<\/time><div class=\"wp-block-latest-posts__post-excerpt\">De la Fuente, R., &amp; Velasco, M. (2021) En M. de la Calle Vaquero, V. Delgadillo, G. Jajamovich, T. Allis, M. Velasco, &amp; M. Pradel (Eds.),&nbsp;(In)justicias urbanas, ciudades (in)justas. Pol\u00edticas urbanas, mercantilizaci\u00f3n &hellip; <p class=\"link-more\"><a href=\"https:\/\/www.unioviedo.es\/urbanred\/ciudad-justa-y-nuevo-municipalismo-las-politicas-urbanas-de-madrid-en-el-periodo-2015-2019\/\" class=\"more-link\">Continuar leyendo<span class=\"screen-reader-text\"> \u00ab\u00abCiudad Justa y Nuevo Municipalismo: las Pol\u00edticas Urbanas de Madrid en el per\u00edodo 2015-2019\u00bb\u00bb<\/span><\/a><\/p><\/div><\/li>\n<li><div class=\"wp-block-latest-posts__featured-image\"><img loading=\"lazy\" decoding=\"async\" width=\"150\" height=\"16\" src=\"https:\/\/www.unioviedo.es\/urbanred\/wp-content\/uploads\/2021\/02\/Publicaciones-150x16.png\" class=\"attachment-thumbnail size-thumbnail wp-post-image\" alt=\"\" style=\"\" sizes=\"auto, 100vw\" \/><\/div><a class=\"wp-block-latest-posts__post-title\" href=\"https:\/\/www.unioviedo.es\/urbanred\/capitulo-11-operacion-chamartin-confrontacion-municipalista-a-20-anos-de-especulacion-neoliberal\/\">\u00abCap\u00edtulo 11. Operaci\u00f3n Chamart\u00edn: confrontaci\u00f3n municipalista a 20 a\u00f1os de especulaci\u00f3n neoliberal\u201d<\/a><time datetime=\"2021-05-10T10:41:00+02:00\" class=\"wp-block-latest-posts__post-date\">10 mayo, 2021<\/time><div class=\"wp-block-latest-posts__post-excerpt\">Medina-Garc\u00eda, C., Rondelez, P. (2021) En M. de la Calle Vaquero, V. Delgadillo, G. Jajamovich, T. Allis, M. Velasco, &amp; M. Pradel (Eds.),&nbsp;(In)justicias urbanas, ciudades (in)justas. Pol\u00edticas urbanas, mercantilizaci\u00f3n y turistificaci\u00f3n en &hellip; <p class=\"link-more\"><a href=\"https:\/\/www.unioviedo.es\/urbanred\/capitulo-11-operacion-chamartin-confrontacion-municipalista-a-20-anos-de-especulacion-neoliberal\/\" class=\"more-link\">Continuar leyendo<span class=\"screen-reader-text\"> \u00ab\u00abCap\u00edtulo 11. Operaci\u00f3n Chamart\u00edn: confrontaci\u00f3n municipalista a 20 a\u00f1os de especulaci\u00f3n neoliberal\u201d\u00bb<\/span><\/a><\/p><\/div><\/li>\n<li><div class=\"wp-block-latest-posts__featured-image\"><img loading=\"lazy\" decoding=\"async\" width=\"150\" height=\"16\" src=\"https:\/\/www.unioviedo.es\/urbanred\/wp-content\/uploads\/2021\/02\/Publicaciones-150x16.png\" class=\"attachment-thumbnail size-thumbnail wp-post-image\" alt=\"\" style=\"\" sizes=\"auto, 100vw\" \/><\/div><a class=\"wp-block-latest-posts__post-title\" href=\"https:\/\/www.unioviedo.es\/urbanred\/urban-national-policy-in-spain-a-diachronic-critical-review-of-four-decades-of-government-action\/\">\u00abUrban National Policy in Spain? A diachronic critical review of four decades of Government action\u00bb<\/a><time datetime=\"2021-04-13T13:08:00+02:00\" class=\"wp-block-latest-posts__post-date\">13 abril, 2021<\/time><div class=\"wp-block-latest-posts__post-excerpt\">De Gregorio Hurtado, S., &amp; Ruiz S\u00e1nchez, J.\u00a0(2021) En Fedeli, V. y Zimmermann, K. (eds.): The Modern Guide to National Urban Policies in Europe.\u00a0\u00a0Edward Elgar. 216-244 ISBN:9781839109041 M\u00e1s informaci\u00f3n<\/div><\/li>\n<li><div class=\"wp-block-latest-posts__featured-image\"><img loading=\"lazy\" decoding=\"async\" width=\"150\" height=\"16\" src=\"https:\/\/www.unioviedo.es\/urbanred\/wp-content\/uploads\/2021\/02\/Publicaciones-150x16.png\" class=\"attachment-thumbnail size-thumbnail wp-post-image\" alt=\"\" style=\"\" sizes=\"auto, 100vw\" \/><\/div><a class=\"wp-block-latest-posts__post-title\" href=\"https:\/\/www.unioviedo.es\/urbanred\/la-externalizacion-de-servicios-publicos-a-nivel-local-experiencias-competencias-y-desafios-de-la-gestion-de-los-contratos\/\">La externalizaci\u00f3n de servicios p\u00fablicos a nivel local. Experiencias, competencias y desaf\u00edos de la gesti\u00f3n de los contratos<\/a><time datetime=\"2021-04-02T10:44:00+02:00\" class=\"wp-block-latest-posts__post-date\">2 abril, 2021<\/time><div class=\"wp-block-latest-posts__post-excerpt\">Reynaers, A. M., Navarro, C., Gonz\u00e1lez Medina, M., Rama, J. (2021) Instituto Nacional de Administraci\u00f3n P\u00fablica, Madrid. ISBN 978-84-7351-717-1 M\u00e1s informaci\u00f3n<\/div><\/li>\n<li><div class=\"wp-block-latest-posts__featured-image\"><img loading=\"lazy\" decoding=\"async\" width=\"150\" height=\"16\" src=\"https:\/\/www.unioviedo.es\/urbanred\/wp-content\/uploads\/2021\/02\/Publicaciones-150x16.png\" class=\"attachment-thumbnail size-thumbnail wp-post-image\" alt=\"\" style=\"\" sizes=\"auto, 100vw\" \/><\/div><a class=\"wp-block-latest-posts__post-title\" href=\"https:\/\/www.unioviedo.es\/urbanred\/innovacion-social-en-el-madrid-contemporaneo-influencia-e-institucionalizacion-de-los-movimientos-sociales-en-la-redefinicion-de-la-gobernanza-local\/\">\u00abInnovaci\u00f3n social en el Madrid contempor\u00e1neo: Influencia e institucionalizaci\u00f3n de los movimientos sociales en la redefinici\u00f3n de la gobernanza local\u00bb<\/a><time datetime=\"2021-04-01T13:15:00+02:00\" class=\"wp-block-latest-posts__post-date\">1 abril, 2021<\/time><div class=\"wp-block-latest-posts__post-excerpt\">De la Fuente, R., &amp; Medina-Garc\u00eda, C. (2021). En C. J. Navarro (Ed.),&nbsp;Los nuevos retos de las pol\u00edticas urbanas&nbsp;(pp.31-42). Tirant lo Blanch. ISSN: 2174-5099 M\u00e1s informaci\u00f3n<\/div><\/li>\n<li><div class=\"wp-block-latest-posts__featured-image\"><img loading=\"lazy\" decoding=\"async\" width=\"150\" height=\"16\" src=\"https:\/\/www.unioviedo.es\/urbanred\/wp-content\/uploads\/2021\/02\/Publicaciones-150x16.png\" class=\"attachment-thumbnail size-thumbnail wp-post-image\" alt=\"\" style=\"\" sizes=\"auto, 100vw\" \/><\/div><a class=\"wp-block-latest-posts__post-title\" href=\"https:\/\/www.unioviedo.es\/urbanred\/estrategias-espacios-y-redes-para-la-innovacion-urbana\/\">Estrategias, espacios y redes para la innovaci\u00f3n urbana<\/a><time datetime=\"2021-04-01T10:30:00+02:00\" class=\"wp-block-latest-posts__post-date\">1 abril, 2021<\/time><div class=\"wp-block-latest-posts__post-excerpt\">S\u00e1nchez-Moral, S., Salom-Carrasco, J., Yacam\u00e1n Ochoa, C. (eds.) (2021) Ediciones La Catarata, Madrid. ISBN: 978-84-1352-188-6 M\u00e1s informaci\u00f3n<\/div><\/li>\n<\/ul>\n\n\n<div style=\"height:36px\" aria-hidden=\"true\" class=\"wp-block-spacer\"><\/div>\n\n\n\n<div class=\"wp-block-media-text alignwide is-stacked-on-mobile is-vertically-aligned-center\" style=\"grid-template-columns:15% auto\"><figure class=\"wp-block-media-text__media\"><img loading=\"lazy\" decoding=\"async\" width=\"200\" height=\"200\" src=\"https:\/\/www.unioviedo.es\/urbanred\/wp-content\/uploads\/2021\/03\/icoFormacion2.png\" alt=\"\" class=\"wp-image-847 size-full\" srcset=\"https:\/\/www.unioviedo.es\/urbanred\/wp-content\/uploads\/2021\/03\/icoFormacion2.png 200w, https:\/\/www.unioviedo.es\/urbanred\/wp-content\/uploads\/2021\/03\/icoFormacion2-150x150.png 150w, https:\/\/www.unioviedo.es\/urbanred\/wp-content\/uploads\/2021\/03\/icoFormacion2-100x100.png 100w\" sizes=\"auto, (max-width: 200px) 100vw, 200px\" \/><\/figure><div class=\"wp-block-media-text__content\">\n<p class=\"has-background\" style=\"background-color:#50e1a7;font-size:26px\">  Formaci\u00f3n<\/p>\n<\/div><\/div>\n\n\n<ul class=\"wp-block-latest-posts__list wp-block-latest-posts\"><li><a class=\"wp-block-latest-posts__post-title\" href=\"https:\/\/www.unioviedo.es\/urbanred\/master-metropoli-en-estudios-urbanos-y-metropolitanos\/\">M\u00e1ster Metr\u00f3poli en Estudios Urbanos y Metropolitanos<\/a><div class=\"wp-block-latest-posts__post-excerpt\">Universitat Aut\u00f2noma de Barcelona.\u00a0\u00a0 M\u00e1s informaci\u00f3n<\/div><\/li>\n<li><a class=\"wp-block-latest-posts__post-title\" href=\"https:\/\/www.unioviedo.es\/urbanred\/master-oficial-en-participacion-y-desarrollo-comunitario\/\">M\u00e1ster Oficial en Participaci\u00f3n y Desarrollo Comunitario<\/a><div class=\"wp-block-latest-posts__post-excerpt\">Universidad del Pa\u00eds Vasco.\u00a0\u00a0 M\u00e1s informaci\u00f3n<\/div><\/li>\n<li><a class=\"wp-block-latest-posts__post-title\" href=\"https:\/\/www.unioviedo.es\/urbanred\/titulo-experto-universitario\/\">Sostenibilidad y Responsabilidad Social Corporativa<\/a><div class=\"wp-block-latest-posts__post-excerpt\">T\u00edtulo propio de Experto Universitario Universidad de Oviedo M\u00e1s informaci\u00f3n<\/div><\/li>\n<\/ul>\n\n\n<div style=\"height:36px\" aria-hidden=\"true\" class=\"wp-block-spacer\"><\/div>\n\n\n\n<div class=\"wp-block-media-text alignwide has-media-on-the-right is-stacked-on-mobile is-vertically-aligned-center\" style=\"grid-template-columns:auto 15%\"><figure class=\"wp-block-media-text__media\"><img loading=\"lazy\" decoding=\"async\" width=\"200\" height=\"200\" src=\"https:\/\/www.unioviedo.es\/urbanred\/wp-content\/uploads\/2021\/03\/icoOtros2.png\" alt=\"\" class=\"wp-image-848 size-full\" srcset=\"https:\/\/www.unioviedo.es\/urbanred\/wp-content\/uploads\/2021\/03\/icoOtros2.png 200w, https:\/\/www.unioviedo.es\/urbanred\/wp-content\/uploads\/2021\/03\/icoOtros2-150x150.png 150w, https:\/\/www.unioviedo.es\/urbanred\/wp-content\/uploads\/2021\/03\/icoOtros2-100x100.png 100w\" sizes=\"auto, (max-width: 200px) 100vw, 200px\" \/><\/figure><div class=\"wp-block-media-text__content\">\n<p class=\"has-text-align-right has-background\" style=\"background-color:#ffba6e;font-size:26px\">  Otros materiales  <\/p>\n<\/div><\/div>\n\n\n<ul class=\"wp-block-latest-posts__list is-grid columns-2 has-dates alignleft wp-block-latest-posts\"><li><div class=\"wp-block-latest-posts__featured-image\"><img loading=\"lazy\" decoding=\"async\" width=\"150\" height=\"16\" src=\"https:\/\/www.unioviedo.es\/urbanred\/wp-content\/uploads\/2021\/02\/Otros-materiales-150x16.png\" class=\"attachment-thumbnail size-thumbnail wp-post-image\" alt=\"\" style=\"\" sizes=\"auto, 100vw\" \/><\/div><a class=\"wp-block-latest-posts__post-title\" href=\"https:\/\/www.unioviedo.es\/urbanred\/pildora10-red-de-investigacion-re-adap\/\">P\u00edldora10. Red de Investigaci\u00f3n RE-ADAP<\/a><time datetime=\"2021-07-05T11:04:43+02:00\" class=\"wp-block-latest-posts__post-date\">5 julio, 2021<\/time><div class=\"wp-block-latest-posts__post-excerpt\">La Pildora10 ha sido elaborada por Ana Zazo Moratalla, Acad\u00e9mica del Departamento de Planificaci\u00f3n y Dise\u00f1o Urbano, Facultad de Arquitectura, Dise\u00f1o y Construcci\u00f3n de la Universidad del B\u00edo B\u00edo en Concepci\u00f3n, Chile.\u00a0 &hellip; <p class=\"link-more\"><a href=\"https:\/\/www.unioviedo.es\/urbanred\/pildora10-red-de-investigacion-re-adap\/\" class=\"more-link\">Continuar leyendo<span class=\"screen-reader-text\"> \u00abP\u00edldora10. Red de Investigaci\u00f3n RE-ADAP\u00bb<\/span><\/a><\/p><\/div><\/li>\n<li><div class=\"wp-block-latest-posts__featured-image\"><img loading=\"lazy\" decoding=\"async\" width=\"150\" height=\"16\" src=\"https:\/\/www.unioviedo.es\/urbanred\/wp-content\/uploads\/2021\/02\/Otros-materiales-150x16.png\" class=\"attachment-thumbnail size-thumbnail wp-post-image\" alt=\"\" style=\"\" sizes=\"auto, 100vw\" \/><\/div><a class=\"wp-block-latest-posts__post-title\" href=\"https:\/\/www.unioviedo.es\/urbanred\/pildora08-red-de-investigacion-re-adap-2\/\">P\u00edldora09. Red de Investigaci\u00f3n RE-ADAP<\/a><time datetime=\"2021-06-28T09:30:52+02:00\" class=\"wp-block-latest-posts__post-date\">28 junio, 2021<\/time><div class=\"wp-block-latest-posts__post-excerpt\">La Pildora09 ha sido elaborada por Mar\u00eda Victoria G\u00f3mez Garc\u00eda, doctora en sociolog\u00eda, profesora titular del Dpto. de An\u00e1lisis Social de la\u00a0Facultad de Ciencias Sociales y Jur\u00eddicas\u00a0de la\u00a0Universidad Carlos III\u00a0y miembro del &hellip; <p class=\"link-more\"><a href=\"https:\/\/www.unioviedo.es\/urbanred\/pildora08-red-de-investigacion-re-adap-2\/\" class=\"more-link\">Continuar leyendo<span class=\"screen-reader-text\"> \u00abP\u00edldora09. Red de Investigaci\u00f3n RE-ADAP\u00bb<\/span><\/a><\/p><\/div><\/li>\n<li><div class=\"wp-block-latest-posts__featured-image\"><img loading=\"lazy\" decoding=\"async\" width=\"150\" height=\"16\" src=\"https:\/\/www.unioviedo.es\/urbanred\/wp-content\/uploads\/2021\/02\/Otros-materiales-150x16.png\" class=\"attachment-thumbnail size-thumbnail wp-post-image\" alt=\"\" style=\"\" sizes=\"auto, 100vw\" \/><\/div><a class=\"wp-block-latest-posts__post-title\" href=\"https:\/\/www.unioviedo.es\/urbanred\/lab-ippu\/\">LAB IPPU<\/a><time datetime=\"2021-06-24T13:43:07+02:00\" class=\"wp-block-latest-posts__post-date\">24 junio, 2021<\/time><div class=\"wp-block-latest-posts__post-excerpt\">Blog del Laboratorio de Innovaci\u00f3n y Participaci\u00f3n en Pol\u00edticas Urbanas<\/div><\/li>\n<li><div class=\"wp-block-latest-posts__featured-image\"><img loading=\"lazy\" decoding=\"async\" width=\"150\" height=\"16\" src=\"https:\/\/www.unioviedo.es\/urbanred\/wp-content\/uploads\/2021\/02\/Otros-materiales-150x16.png\" class=\"attachment-thumbnail size-thumbnail wp-post-image\" alt=\"\" style=\"\" sizes=\"auto, 100vw\" \/><\/div><a class=\"wp-block-latest-posts__post-title\" href=\"https:\/\/www.unioviedo.es\/urbanred\/pildora08-red-de-investigacion-re-adap\/\">P\u00edldora08. Red de Investigaci\u00f3n RE-ADAP<\/a><time datetime=\"2021-06-23T10:34:52+02:00\" class=\"wp-block-latest-posts__post-date\">23 junio, 2021<\/time><div class=\"wp-block-latest-posts__post-excerpt\">La Pildora08 ha sido elaborada por Luis Javier Miguel Gonz\u00e1lez, profesor titular del Departamento de Ingenier\u00eda de Sistemas y Autom\u00e1tica de la Universidad de Valladolid y miembro del Grupo\u00a0de\u00a0Energ\u00eda, Econom\u00eda y Din\u00e1mica &hellip; <p class=\"link-more\"><a href=\"https:\/\/www.unioviedo.es\/urbanred\/pildora08-red-de-investigacion-re-adap\/\" class=\"more-link\">Continuar leyendo<span class=\"screen-reader-text\"> \u00abP\u00edldora08. Red de Investigaci\u00f3n RE-ADAP\u00bb<\/span><\/a><\/p><\/div><\/li>\n<li><div class=\"wp-block-latest-posts__featured-image\"><img loading=\"lazy\" decoding=\"async\" width=\"150\" height=\"16\" src=\"https:\/\/www.unioviedo.es\/urbanred\/wp-content\/uploads\/2021\/02\/Otros-materiales-150x16.png\" class=\"attachment-thumbnail size-thumbnail wp-post-image\" alt=\"\" style=\"\" sizes=\"auto, 100vw\" \/><\/div><a class=\"wp-block-latest-posts__post-title\" href=\"https:\/\/www.unioviedo.es\/urbanred\/pildora07-red-de-investigacion-re-adap\/\">P\u00edldora07. Red de Investigaci\u00f3n RE-ADAP<\/a><time datetime=\"2021-06-08T09:01:49+02:00\" class=\"wp-block-latest-posts__post-date\">8 junio, 2021<\/time><div class=\"wp-block-latest-posts__post-excerpt\">La Pildora07 ha sido elaborada por Miguel Fern\u00e1ndez Maroto, doctor arquitecto, profesor de la Universidad de Valladolid &nbsp;e investigador del Instituto Universitario de Urban\u00edstica; y en ella se explica el trabajo realizado &hellip; <p class=\"link-more\"><a href=\"https:\/\/www.unioviedo.es\/urbanred\/pildora07-red-de-investigacion-re-adap\/\" class=\"more-link\">Continuar leyendo<span class=\"screen-reader-text\"> \u00abP\u00edldora07. Red de Investigaci\u00f3n RE-ADAP\u00bb<\/span><\/a><\/p><\/div><\/li>\n<li><div class=\"wp-block-latest-posts__featured-image\"><img loading=\"lazy\" decoding=\"async\" width=\"150\" height=\"16\" src=\"https:\/\/www.unioviedo.es\/urbanred\/wp-content\/uploads\/2021\/02\/Otros-materiales-150x16.png\" class=\"attachment-thumbnail size-thumbnail wp-post-image\" alt=\"\" style=\"\" sizes=\"auto, 100vw\" \/><\/div><a class=\"wp-block-latest-posts__post-title\" href=\"https:\/\/www.unioviedo.es\/urbanred\/informe-sobre-formulas-innovadoras-de-gestion-y-financiacion-en-actuaciones-de-regeneracion-de-barrios\/\">\u00abInforme sobre f\u00f3rmulas innovadoras de gesti\u00f3n y financiaci\u00f3n en actuaciones de regeneraci\u00f3n de barrios\u00bb<\/a><time datetime=\"2021-05-18T11:02:12+02:00\" class=\"wp-block-latest-posts__post-date\">18 mayo, 2021<\/time><div class=\"wp-block-latest-posts__post-excerpt\">Agust\u00edn Hern\u00e1ndez Aja, Rafael C\u00f3rdoba Hern\u00e1ndez, Mar\u00eda Emilia Rom\u00e1n L\u00f3pez, Carmen S\u00e1nchez-Guevara, Iv\u00e1n Rodr\u00edguez Su\u00e1rez y Lucas \u00c1lvarez del Valle (2021) Publicado en el Archivo Digital de la UPM Recoge los aspectos &hellip; <p class=\"link-more\"><a href=\"https:\/\/www.unioviedo.es\/urbanred\/informe-sobre-formulas-innovadoras-de-gestion-y-financiacion-en-actuaciones-de-regeneracion-de-barrios\/\" class=\"more-link\">Continuar leyendo<span class=\"screen-reader-text\"> \u00ab\u00abInforme sobre f\u00f3rmulas innovadoras de gesti\u00f3n y financiaci\u00f3n en actuaciones de regeneraci\u00f3n de barrios\u00bb\u00bb<\/span><\/a><\/p><\/div><\/li>\n<li><div class=\"wp-block-latest-posts__featured-image\"><img loading=\"lazy\" decoding=\"async\" width=\"150\" height=\"16\" src=\"https:\/\/www.unioviedo.es\/urbanred\/wp-content\/uploads\/2021\/02\/Otros-materiales-150x16.png\" class=\"attachment-thumbnail size-thumbnail wp-post-image\" alt=\"\" style=\"\" sizes=\"auto, 100vw\" \/><\/div><a class=\"wp-block-latest-posts__post-title\" href=\"https:\/\/www.unioviedo.es\/urbanred\/pildora06-red-de-investigacion-re-adap\/\">P\u00edldora06. Red de Investigaci\u00f3n RE-ADAP<\/a><time datetime=\"2021-05-04T20:03:50+02:00\" class=\"wp-block-latest-posts__post-date\">4 mayo, 2021<\/time><div class=\"wp-block-latest-posts__post-excerpt\">Proyecto MODIFICA La Pildora06 ha sido elaborada por Miguel N\u00fa\u00f1ez Peir\u00f3, arquitecto e investigador del Grupo de Investigaci\u00f3n en Arquitectura Bioclim\u00e1tica en un Entorno Sostenible (ABIO) de la Escuela T\u00e9cnica Superior de &hellip; <p class=\"link-more\"><a href=\"https:\/\/www.unioviedo.es\/urbanred\/pildora06-red-de-investigacion-re-adap\/\" class=\"more-link\">Continuar leyendo<span class=\"screen-reader-text\"> \u00abP\u00edldora06. Red de Investigaci\u00f3n RE-ADAP\u00bb<\/span><\/a><\/p><\/div><\/li>\n<li><div class=\"wp-block-latest-posts__featured-image\"><img loading=\"lazy\" decoding=\"async\" width=\"150\" height=\"16\" src=\"https:\/\/www.unioviedo.es\/urbanred\/wp-content\/uploads\/2021\/02\/Otros-materiales-150x16.png\" class=\"attachment-thumbnail size-thumbnail wp-post-image\" alt=\"\" style=\"\" sizes=\"auto, 100vw\" \/><\/div><a class=\"wp-block-latest-posts__post-title\" href=\"https:\/\/www.unioviedo.es\/urbanred\/pildora05-red-de-investigacion-re-adap\/\">P\u00edldora05. Red de Investigaci\u00f3n RE-ADAP<\/a><time datetime=\"2021-04-26T13:47:49+02:00\" class=\"wp-block-latest-posts__post-date\">26 abril, 2021<\/time><div class=\"wp-block-latest-posts__post-excerpt\">Proyecto FEMENMAD La Pildora05 ha sido elaborada por Marta Gayoso Heredia, arquitecta e investigadora del Grupo de Investigaci\u00f3n en Arquitectura Bioclim\u00e1tica en un Entorno Sostenible (ABIO) de la Escuela T\u00e9cnica Superior de &hellip; <p class=\"link-more\"><a href=\"https:\/\/www.unioviedo.es\/urbanred\/pildora05-red-de-investigacion-re-adap\/\" class=\"more-link\">Continuar leyendo<span class=\"screen-reader-text\"> \u00abP\u00edldora05. Red de Investigaci\u00f3n RE-ADAP\u00bb<\/span><\/a><\/p><\/div><\/li>\n<li><div class=\"wp-block-latest-posts__featured-image\"><img loading=\"lazy\" decoding=\"async\" width=\"150\" height=\"16\" src=\"https:\/\/www.unioviedo.es\/urbanred\/wp-content\/uploads\/2021\/02\/Otros-materiales-150x16.png\" class=\"attachment-thumbnail size-thumbnail wp-post-image\" alt=\"\" style=\"\" sizes=\"auto, 100vw\" \/><\/div><a class=\"wp-block-latest-posts__post-title\" href=\"https:\/\/www.unioviedo.es\/urbanred\/pildora04-red-de-investigacion-re-adap\/\">P\u00edldora04. Red de Investigaci\u00f3n RE-ADAP<\/a><time datetime=\"2021-04-19T12:17:56+02:00\" class=\"wp-block-latest-posts__post-date\">19 abril, 2021<\/time><div class=\"wp-block-latest-posts__post-excerpt\">Proyecto EPIU-Getafe La Pildora04 ha sido elaborada por Ana Sanz Fern\u00e1ndez, arquitecta e investigadora\u00a0del Departamento de Urban\u00edstica y Ordenaci\u00f3n del Territorio de la Escuela T\u00e9cnica Superior de Arquitectura de la Universidad Polit\u00e9cnica &hellip; <p class=\"link-more\"><a href=\"https:\/\/www.unioviedo.es\/urbanred\/pildora04-red-de-investigacion-re-adap\/\" class=\"more-link\">Continuar leyendo<span class=\"screen-reader-text\"> \u00abP\u00edldora04. Red de Investigaci\u00f3n RE-ADAP\u00bb<\/span><\/a><\/p><\/div><\/li>\n<\/ul>\n\n\n<p><\/p>\n","protected":false},"excerpt":{"rendered":"<p>Bolet\u00edn del Observatorio Eventos Publicaciones Formaci\u00f3n Otros materiales<\/p>\n","protected":false},"author":1,"featured_media":0,"parent":0,"menu_order":0,"comment_status":"closed","ping_status":"closed","template":"","meta":{"footnotes":""},"class_list":["post-1282","page","type-page","status-publish","hentry"],"_links":{"self":[{"href":"https:\/\/www.unioviedo.es\/urbanred\/wp-json\/wp\/v2\/pages\/1282","targetHints":{"allow":["GET"]}}],"collection":[{"href":"https:\/\/www.unioviedo.es\/urbanred\/wp-json\/wp\/v2\/pages"}],"about":[{"href":"https:\/\/www.unioviedo.es\/urbanred\/wp-json\/wp\/v2\/types\/page"}],"author":[{"embeddable":true,"href":"https:\/\/www.unioviedo.es\/urbanred\/wp-json\/wp\/v2\/users\/1"}],"replies":[{"embeddable":true,"href":"https:\/\/www.unioviedo.es\/urbanred\/wp-json\/wp\/v2\/comments?post=1282"}],"version-history":[{"count":5,"href":"https:\/\/www.unioviedo.es\/urbanred\/wp-json\/wp\/v2\/pages\/1282\/revisions"}],"predecessor-version":[{"id":2248,"href":"https:\/\/www.unioviedo.es\/urbanred\/wp-json\/wp\/v2\/pages\/1282\/revisions\/2248"}],"wp:attachment":[{"href":"https:\/\/www.unioviedo.es\/urbanred\/wp-json\/wp\/v2\/media?parent=1282"}],"curies":[{"name":"wp","href":"https:\/\/api.w.org\/{rel}","templated":true}]}}