{"id":1352,"date":"2021-09-28T10:14:19","date_gmt":"2021-09-28T08:14:19","guid":{"rendered":"https:\/\/www.unioviedo.es\/urbanred\/?page_id=1352"},"modified":"2022-04-19T13:05:25","modified_gmt":"2022-04-19T11:05:25","slug":"boletin202103","status":"publish","type":"page","link":"https:\/\/www.unioviedo.es\/urbanred\/boletin202103\/","title":{"rendered":"Bolet\u00edn n\u00ba 3, julio-septiembre 2021"},"content":{"rendered":"\n<div class=\"wp-block-media-text alignwide is-stacked-on-mobile is-vertically-aligned-center\" style=\"grid-template-columns:31% auto\"><figure class=\"wp-block-media-text__media\"><img loading=\"lazy\" decoding=\"async\" width=\"772\" height=\"772\" src=\"https:\/\/www.unioviedo.es\/urbanred\/wp-content\/uploads\/2021\/03\/Boletin-Observatorio.png\" alt=\"\" class=\"wp-image-857 size-full\" srcset=\"https:\/\/www.unioviedo.es\/urbanred\/wp-content\/uploads\/2021\/03\/Boletin-Observatorio.png 772w, https:\/\/www.unioviedo.es\/urbanred\/wp-content\/uploads\/2021\/03\/Boletin-Observatorio-300x300.png 300w, https:\/\/www.unioviedo.es\/urbanred\/wp-content\/uploads\/2021\/03\/Boletin-Observatorio-150x150.png 150w, https:\/\/www.unioviedo.es\/urbanred\/wp-content\/uploads\/2021\/03\/Boletin-Observatorio-768x768.png 768w, https:\/\/www.unioviedo.es\/urbanred\/wp-content\/uploads\/2021\/03\/Boletin-Observatorio-100x100.png 100w\" sizes=\"auto, (max-width: 767px) 89vw, (max-width: 1000px) 54vw, (max-width: 1071px) 543px, 580px\" \/><\/figure><div class=\"wp-block-media-text__content\">\n<p class=\"has-text-color\" style=\"color:#2d2d2d;font-size:30px;line-height:0\">Bolet\u00edn del Observatorio<\/p>\n<\/div><\/div>\n\n\n\n<div class=\"wp-block-media-text alignwide is-stacked-on-mobile is-vertically-aligned-center\" style=\"grid-template-columns:15% auto\"><figure class=\"wp-block-media-text__media\"><img loading=\"lazy\" decoding=\"async\" width=\"200\" height=\"200\" src=\"https:\/\/www.unioviedo.es\/urbanred\/wp-content\/uploads\/2021\/03\/icoEventos2.png\" alt=\"\" class=\"wp-image-846 size-full\" srcset=\"https:\/\/www.unioviedo.es\/urbanred\/wp-content\/uploads\/2021\/03\/icoEventos2.png 200w, https:\/\/www.unioviedo.es\/urbanred\/wp-content\/uploads\/2021\/03\/icoEventos2-150x150.png 150w, https:\/\/www.unioviedo.es\/urbanred\/wp-content\/uploads\/2021\/03\/icoEventos2-100x100.png 100w\" sizes=\"auto, (max-width: 200px) 100vw, 200px\" \/><\/figure><div class=\"wp-block-media-text__content\">\n<p class=\"has-background\" style=\"background-color:#48b8ff;font-size:26px\">  Eventos<\/p>\n<\/div><\/div>\n\n\n<ul class=\"wp-block-latest-posts__list is-grid columns-2 has-dates alignleft wp-block-latest-posts\"><li><div class=\"wp-block-latest-posts__featured-image\"><img loading=\"lazy\" decoding=\"async\" width=\"150\" height=\"16\" src=\"https:\/\/www.unioviedo.es\/urbanred\/wp-content\/uploads\/2021\/02\/Eventos-150x16.png\" class=\"attachment-thumbnail size-thumbnail wp-post-image\" alt=\"\" style=\"\" sizes=\"auto, 100vw\" \/><\/div><a class=\"wp-block-latest-posts__post-title\" href=\"https:\/\/www.unioviedo.es\/urbanred\/jornadas-urbact\/\">Jornadas URBACT<\/a><time datetime=\"2021-09-07T12:27:00+02:00\" class=\"wp-block-latest-posts__post-date\">7 septiembre, 2021<\/time><div class=\"wp-block-latest-posts__post-excerpt\">Transferencias Urbanas Madrid, 7 y 8 de septiembre. Punto Nacional URBACT M\u00e1s informaci\u00f3n<\/div><\/li>\n<li><div class=\"wp-block-latest-posts__featured-image\"><img loading=\"lazy\" decoding=\"async\" width=\"150\" height=\"16\" src=\"https:\/\/www.unioviedo.es\/urbanred\/wp-content\/uploads\/2021\/02\/Eventos-150x16.png\" class=\"attachment-thumbnail size-thumbnail wp-post-image\" alt=\"\" style=\"\" sizes=\"auto, 100vw\" \/><\/div><a class=\"wp-block-latest-posts__post-title\" href=\"https:\/\/www.unioviedo.es\/urbanred\/vi-congreso-internacional\/\">VI Congreso Internacional<\/a><time datetime=\"2021-09-17T12:31:00+02:00\" class=\"wp-block-latest-posts__post-date\">17 septiembre, 2021<\/time><div class=\"wp-block-latest-posts__post-excerpt\">Estatuto Jur\u00eddico de las Ciudades Inteligentes: Estrategias habitacionales para mayores en la era Covid-19 17 de Septiembre de 2021 Red Internacional de Inteligencia Artificial aplicada a la Salud M\u00e1s informaci\u00f3n<\/div><\/li>\n<li><div class=\"wp-block-latest-posts__featured-image\"><img loading=\"lazy\" decoding=\"async\" width=\"150\" height=\"16\" src=\"https:\/\/www.unioviedo.es\/urbanred\/wp-content\/uploads\/2021\/02\/Eventos-150x16.png\" class=\"attachment-thumbnail size-thumbnail wp-post-image\" alt=\"\" style=\"\" sizes=\"auto, 100vw\" \/><\/div><a class=\"wp-block-latest-posts__post-title\" href=\"https:\/\/www.unioviedo.es\/urbanred\/foro-urbano-de-espana\/\">Foro Urbano de Espa\u00f1a<\/a><time datetime=\"2021-09-28T09:56:42+02:00\" class=\"wp-block-latest-posts__post-date\">28 septiembre, 2021<\/time><div class=\"wp-block-latest-posts__post-excerpt\">Ciudades y territorios en la recuperaci\u00f3n social y econ\u00f3mica Sevilla, del 5 al 7 de octubre de 2021. M\u00e1s informaci\u00f3n<\/div><\/li>\n<\/ul>\n\n\n<div style=\"height:30px\" aria-hidden=\"true\" class=\"wp-block-spacer\"><\/div>\n\n\n\n<div class=\"wp-block-media-text alignwide has-media-on-the-right is-stacked-on-mobile\" style=\"grid-template-columns:auto 15%\"><figure class=\"wp-block-media-text__media\"><img loading=\"lazy\" decoding=\"async\" width=\"200\" height=\"200\" src=\"https:\/\/www.unioviedo.es\/urbanred\/wp-content\/uploads\/2021\/03\/icoPublicacion2.png\" alt=\"\" class=\"wp-image-849 size-full\" srcset=\"https:\/\/www.unioviedo.es\/urbanred\/wp-content\/uploads\/2021\/03\/icoPublicacion2.png 200w, https:\/\/www.unioviedo.es\/urbanred\/wp-content\/uploads\/2021\/03\/icoPublicacion2-150x150.png 150w, https:\/\/www.unioviedo.es\/urbanred\/wp-content\/uploads\/2021\/03\/icoPublicacion2-100x100.png 100w\" sizes=\"auto, (max-width: 200px) 100vw, 200px\" \/><\/figure><div class=\"wp-block-media-text__content\">\n<p class=\"has-text-align-right has-background\" style=\"background-color:#b4c3ce;font-size:26px\">  Publicaciones  <\/p>\n<\/div><\/div>\n\n\n<ul class=\"wp-block-latest-posts__list is-grid columns-2 has-dates wp-block-latest-posts\"><li><div class=\"wp-block-latest-posts__featured-image\"><img loading=\"lazy\" decoding=\"async\" width=\"150\" height=\"16\" src=\"https:\/\/www.unioviedo.es\/urbanred\/wp-content\/uploads\/2021\/02\/Publicaciones-150x16.png\" class=\"attachment-thumbnail size-thumbnail wp-post-image\" alt=\"\" style=\"\" sizes=\"auto, 100vw\" \/><\/div><a class=\"wp-block-latest-posts__post-title\" href=\"https:\/\/www.unioviedo.es\/urbanred\/adaptation-to-climate-change-as-a-key-dimension-of-urban-regeneration-in-europe-the-cases-of-copenhagen-vienna-and-madrid\/\">\u00abAdaptation to climate change as a key dimension of urban regeneration in Europe: The cases of Copenhagen, Vienna and Madrid\u00bb<\/a><time datetime=\"2021-09-29T13:54:54+02:00\" class=\"wp-block-latest-posts__post-date\">29 septiembre, 2021<\/time><div class=\"wp-block-latest-posts__post-excerpt\">Sonia De Gregorio Hurtado (2021) En Reith, A., Andreucci, M.B., Baltov, M., Hansen, P., Marvuglia, A. (eds.): Rethinking sustainability towards a regenerative economy. A guide for practitioners, researchers and decision-makers.&nbsp; Springer. Cham &hellip; <p class=\"link-more\"><a href=\"https:\/\/www.unioviedo.es\/urbanred\/adaptation-to-climate-change-as-a-key-dimension-of-urban-regeneration-in-europe-the-cases-of-copenhagen-vienna-and-madrid\/\" class=\"more-link\">Continuar leyendo<span class=\"screen-reader-text\"> \u00ab\u00abAdaptation to climate change as a key dimension of urban regeneration in Europe: The cases of Copenhagen, Vienna and Madrid\u00bb\u00bb<\/span><\/a><\/p><\/div><\/li>\n<li><div class=\"wp-block-latest-posts__featured-image\"><img loading=\"lazy\" decoding=\"async\" width=\"150\" height=\"16\" src=\"https:\/\/www.unioviedo.es\/urbanred\/wp-content\/uploads\/2021\/02\/Publicaciones-150x16.png\" class=\"attachment-thumbnail size-thumbnail wp-post-image\" alt=\"\" style=\"\" sizes=\"auto, 100vw\" \/><\/div><a class=\"wp-block-latest-posts__post-title\" href=\"https:\/\/www.unioviedo.es\/urbanred\/la-esencia-de-la-definicion-del-patrimonio-cultural-inmaterial-su-elemento-subjetivo\/\">\u00abLa esencia de la definici\u00f3n del patrimonio cultural inmaterial: su elemento subjetivo\u00bb<\/a><time datetime=\"2021-09-29T13:47:41+02:00\" class=\"wp-block-latest-posts__post-date\">29 septiembre, 2021<\/time><div class=\"wp-block-latest-posts__post-excerpt\">Carmen De Guerrero Manso (2021) Revista de administraci\u00f3n p\u00fablica, n\u00ba 215, pp. 261-288. M\u00e1s informaci\u00f3n<\/div><\/li>\n<li><div class=\"wp-block-latest-posts__featured-image\"><img loading=\"lazy\" decoding=\"async\" width=\"150\" height=\"16\" src=\"https:\/\/www.unioviedo.es\/urbanred\/wp-content\/uploads\/2021\/02\/Publicaciones-150x16.png\" class=\"attachment-thumbnail size-thumbnail wp-post-image\" alt=\"\" style=\"\" sizes=\"auto, 100vw\" \/><\/div><a class=\"wp-block-latest-posts__post-title\" href=\"https:\/\/www.unioviedo.es\/urbanred\/white-paper-how-to-procure-e-mobility-solutions\/\">\u201cWhite paper: How to procure e-mobility solutions\u201d<\/a><time datetime=\"2021-09-29T13:41:56+02:00\" class=\"wp-block-latest-posts__post-date\">29 septiembre, 2021<\/time><div class=\"wp-block-latest-posts__post-excerpt\">Bueso Guill\u00e9n, P. J., Peir\u00f3 Baquedano, A. I., Corvers, S., de Guerrero Manso, C., Porpiglia, F., Dimitri, N., &amp; Jaramillo Villac\u00eds, A. L. (2021) Corvers Chair on Innovation Procurement. University of Zaragoza &hellip; <p class=\"link-more\"><a href=\"https:\/\/www.unioviedo.es\/urbanred\/white-paper-how-to-procure-e-mobility-solutions\/\" class=\"more-link\">Continuar leyendo<span class=\"screen-reader-text\"> \u00ab\u201cWhite paper: How to procure e-mobility solutions\u201d\u00bb<\/span><\/a><\/p><\/div><\/li>\n<li><div class=\"wp-block-latest-posts__featured-image\"><img loading=\"lazy\" decoding=\"async\" width=\"150\" height=\"16\" src=\"https:\/\/www.unioviedo.es\/urbanred\/wp-content\/uploads\/2021\/02\/Publicaciones-150x16.png\" class=\"attachment-thumbnail size-thumbnail wp-post-image\" alt=\"\" style=\"\" sizes=\"auto, 100vw\" \/><\/div><a class=\"wp-block-latest-posts__post-title\" href=\"https:\/\/www.unioviedo.es\/urbanred\/modificacion-y-simplificacion-de-las-tecnicas-de-limitacion-o-intervencion-en-el-ambito-urbanistico-de-la-licencia-a-la-comunicacion-previa-y-la-declaracion-responsable\/\">\u201cModificaci\u00f3n y simplificaci\u00f3n de las t\u00e9cnicas de limitaci\u00f3n o intervenci\u00f3n en el \u00e1mbito urban\u00edstico (de la licencia a la comunicaci\u00f3n previa y la declaraci\u00f3n responsable)\u201d<\/a><time datetime=\"2021-09-29T13:36:14+02:00\" class=\"wp-block-latest-posts__post-date\">29 septiembre, 2021<\/time><div class=\"wp-block-latest-posts__post-excerpt\">Joan Manuel Trayter Jim\u00e9nez (2021) En&nbsp;Urbanismo ambiental y cambio clim\u00e1tico: la ciudad tur\u00edstica sostenible Atelier, pp. 195-226. ISBN\u00a0978-84-18244-43-8<\/div><\/li>\n<li><div class=\"wp-block-latest-posts__featured-image\"><img loading=\"lazy\" decoding=\"async\" width=\"150\" height=\"16\" src=\"https:\/\/www.unioviedo.es\/urbanred\/wp-content\/uploads\/2021\/02\/Publicaciones-150x16.png\" class=\"attachment-thumbnail size-thumbnail wp-post-image\" alt=\"\" style=\"\" sizes=\"auto, 100vw\" \/><\/div><a class=\"wp-block-latest-posts__post-title\" href=\"https:\/\/www.unioviedo.es\/urbanred\/la-habitabilidad-de-la-ciudad-turistica-en-la-era-de-la-emergencia-climatica-y-post-coronavirus\/\">\u201cLa habitabilidad de la ciudad tur\u00edstica en la era de la emergencia clim\u00e1tica y post-coronavirus\u201d<\/a><time datetime=\"2021-09-29T13:32:21+02:00\" class=\"wp-block-latest-posts__post-date\">29 septiembre, 2021<\/time><div class=\"wp-block-latest-posts__post-excerpt\">Joana M. Socias Camacho (2021) En&nbsp;Urbanismo ambiental y cambio clim\u00e1tico: la ciudad tur\u00edstica sostenible Atelier, pp. 17-26. ISBN&nbsp;978-84-18244-43-8 M\u00e1s informaci\u00f3n<\/div><\/li>\n<li><div class=\"wp-block-latest-posts__featured-image\"><img loading=\"lazy\" decoding=\"async\" width=\"150\" height=\"16\" src=\"https:\/\/www.unioviedo.es\/urbanred\/wp-content\/uploads\/2021\/02\/Publicaciones-150x16.png\" class=\"attachment-thumbnail size-thumbnail wp-post-image\" alt=\"\" style=\"\" sizes=\"auto, 100vw\" \/><\/div><a class=\"wp-block-latest-posts__post-title\" href=\"https:\/\/www.unioviedo.es\/urbanred\/el-plan-de-intervencion-en-ambitos-turisticos-en-mallorca-piat-en-el-marco-de-la-sostenibilidad-territorial\/\">\u201cEl Plan de Intervenci\u00f3n en \u00e1mbitos tur\u00edsticos en Mallorca (PIAT), en el marco de la sostenibilidad territorial\u201d<\/a><time datetime=\"2021-09-29T13:29:04+02:00\" class=\"wp-block-latest-posts__post-date\">29 septiembre, 2021<\/time><div class=\"wp-block-latest-posts__post-excerpt\">Aina Salom Parets (2021) En&nbsp;Urbanismo ambiental y cambio clim\u00e1tico: la ciudad tur\u00edstica sostenible Atelier, pp. 51-70. ISBN\u00a0978-84-18244-43-8 M\u00e1s informaci\u00f3n<\/div><\/li>\n<li><div class=\"wp-block-latest-posts__featured-image\"><img loading=\"lazy\" decoding=\"async\" width=\"150\" height=\"16\" src=\"https:\/\/www.unioviedo.es\/urbanred\/wp-content\/uploads\/2021\/02\/Publicaciones-150x16.png\" class=\"attachment-thumbnail size-thumbnail wp-post-image\" alt=\"\" style=\"\" sizes=\"auto, 100vw\" \/><\/div><a class=\"wp-block-latest-posts__post-title\" href=\"https:\/\/www.unioviedo.es\/urbanred\/los-campus-universitarios-nucleos-esenciales-de-la-investigacion-para-la-conservacion-y-mejora-del-medio-ambiente\/\">\u201cLos campus universitarios, n\u00facleos esenciales de la investigaci\u00f3n para la conservaci\u00f3n y mejora del medio ambiente\u201d<\/a><time datetime=\"2021-09-29T13:25:51+02:00\" class=\"wp-block-latest-posts__post-date\">29 septiembre, 2021<\/time><div class=\"wp-block-latest-posts__post-excerpt\">Albert Llad\u00f3 Mart\u00ednez (2021) En&nbsp;Urbanismo ambiental y cambio clim\u00e1tico: la ciudad tur\u00edstica sostenible Atelier, pp. 89-113. M\u00e1s informaci\u00f3n<\/div><\/li>\n<li><div class=\"wp-block-latest-posts__featured-image\"><img loading=\"lazy\" decoding=\"async\" width=\"150\" height=\"16\" src=\"https:\/\/www.unioviedo.es\/urbanred\/wp-content\/uploads\/2021\/02\/Publicaciones-150x16.png\" class=\"attachment-thumbnail size-thumbnail wp-post-image\" alt=\"\" style=\"\" sizes=\"auto, 100vw\" \/><\/div><a class=\"wp-block-latest-posts__post-title\" href=\"https:\/\/www.unioviedo.es\/urbanred\/repercusiones-de-la-ley-balear-de-cambio-climatico-sobre-la-actividad-urbanistica\/\">\u201cRepercusiones de la Ley balear de Cambio Clim\u00e1tico sobre la actividad urban\u00edstica\u201d<\/a><time datetime=\"2021-09-29T13:22:32+02:00\" class=\"wp-block-latest-posts__post-date\">29 septiembre, 2021<\/time><div class=\"wp-block-latest-posts__post-excerpt\">Avelino Blasco Esteve (2021) En\u00a0Urbanismo ambiental y cambio clim\u00e1tico: la ciudad tur\u00edstica sostenible Atelier, pp. 117-131. M\u00e1s informaci\u00f3n<\/div><\/li>\n<li><div class=\"wp-block-latest-posts__featured-image\"><img loading=\"lazy\" decoding=\"async\" width=\"150\" height=\"16\" src=\"https:\/\/www.unioviedo.es\/urbanred\/wp-content\/uploads\/2021\/02\/Publicaciones-150x16.png\" class=\"attachment-thumbnail size-thumbnail wp-post-image\" alt=\"\" style=\"\" sizes=\"auto, 100vw\" \/><\/div><a class=\"wp-block-latest-posts__post-title\" href=\"https:\/\/www.unioviedo.es\/urbanred\/licencias-y-disciplina-urbanistica-en-la-ley-de-urbanismo-balear\/\">\u201cLicencias y disciplina urban\u00edstica en la ley de urbanismo balear\u201d<\/a><time datetime=\"2021-09-29T13:18:35+02:00\" class=\"wp-block-latest-posts__post-date\">29 septiembre, 2021<\/time><div class=\"wp-block-latest-posts__post-excerpt\">Avelino Blasco Esteve (2021) Pr\u00e1ctica urban\u00edstica: Revista mensual de urbanismo, (169), 5 ISSN\u00a01579-4911 M\u00e1s informaci\u00f3n<\/div><\/li>\n<li><div class=\"wp-block-latest-posts__featured-image\"><img loading=\"lazy\" decoding=\"async\" width=\"150\" height=\"16\" src=\"https:\/\/www.unioviedo.es\/urbanred\/wp-content\/uploads\/2021\/02\/Publicaciones-150x16.png\" class=\"attachment-thumbnail size-thumbnail wp-post-image\" alt=\"\" style=\"\" sizes=\"auto, 100vw\" \/><\/div><a class=\"wp-block-latest-posts__post-title\" href=\"https:\/\/www.unioviedo.es\/urbanred\/los-campus-universitarios-desde-el-urbanismo-reflexiones-y-respuestas\/\">Los campus universitarios desde el urbanismo: reflexiones y respuestas<\/a><time datetime=\"2021-09-29T13:11:08+02:00\" class=\"wp-block-latest-posts__post-date\">29 septiembre, 2021<\/time><div class=\"wp-block-latest-posts__post-excerpt\">N\u00famero monogr\u00e1fico de la Revista de Derecho Urban\u00edstico y Medio Ambiente. A\u00f1o&nbsp;2021, A\u00f1o n\u00ba&nbsp;55, N\u00famero 343 M\u00e1s informaci\u00f3n<\/div><\/li>\n<li><div class=\"wp-block-latest-posts__featured-image\"><img loading=\"lazy\" decoding=\"async\" width=\"150\" height=\"16\" src=\"https:\/\/www.unioviedo.es\/urbanred\/wp-content\/uploads\/2021\/02\/Publicaciones-150x16.png\" class=\"attachment-thumbnail size-thumbnail wp-post-image\" alt=\"\" style=\"\" sizes=\"auto, 100vw\" \/><\/div><a class=\"wp-block-latest-posts__post-title\" href=\"https:\/\/www.unioviedo.es\/urbanred\/estudio-sobre-la-vulnerabilidad-en-los-barrios-de-malaga\/\">Estudio sobre la vulnerabilidad en los barrios de M\u00e1laga<\/a><time datetime=\"2021-09-28T10:08:59+02:00\" class=\"wp-block-latest-posts__post-date\">28 septiembre, 2021<\/time><div class=\"wp-block-latest-posts__post-excerpt\">Colecci\u00f3n Vulnerabilidad y Territorio. Fundaci\u00f3n CIEDES. 2021 El estudio analiza la vulnerabilidad econ\u00f3mica, social, territorial y asistencial de la poblaci\u00f3n en 360 barrios y 20 grandes barrios de M\u00e1laga. ISBN: 978-84-09-32208-4 M\u00e1s &hellip; <p class=\"link-more\"><a href=\"https:\/\/www.unioviedo.es\/urbanred\/estudio-sobre-la-vulnerabilidad-en-los-barrios-de-malaga\/\" class=\"more-link\">Continuar leyendo<span class=\"screen-reader-text\"> \u00abEstudio sobre la vulnerabilidad en los barrios de M\u00e1laga\u00bb<\/span><\/a><\/p><\/div><\/li>\n<li><div class=\"wp-block-latest-posts__featured-image\"><img loading=\"lazy\" decoding=\"async\" width=\"150\" height=\"16\" src=\"https:\/\/www.unioviedo.es\/urbanred\/wp-content\/uploads\/2021\/02\/Publicaciones-150x16.png\" class=\"attachment-thumbnail size-thumbnail wp-post-image\" alt=\"\" style=\"\" sizes=\"auto, 100vw\" \/><\/div><a class=\"wp-block-latest-posts__post-title\" href=\"https:\/\/www.unioviedo.es\/urbanred\/una-nueva-forma-de-hacer-politica-modos-de-gobernanza-participativa-y-ayuntamientos-del-cambio-en-espana-2015-2019\/\">\u00bfUna nueva forma de hacer pol\u00edtica? Modos de gobernanza participativa y \u00abAyuntamientos del Cambio\u00bb en Espa\u00f1a (2015-2019)<\/a><time datetime=\"2021-09-28T09:47:00+02:00\" class=\"wp-block-latest-posts__post-date\">28 septiembre, 2021<\/time><div class=\"wp-block-latest-posts__post-excerpt\">Juan M\u00e9rida e Imanol Telleria GAPP, n\u00famero 26, julio de 2021. Pp: 92-110. ISSN: 1989-8975. M\u00e1s informaci\u00f3n<\/div><\/li>\n<li><div class=\"wp-block-latest-posts__featured-image\"><img loading=\"lazy\" decoding=\"async\" width=\"150\" height=\"16\" src=\"https:\/\/www.unioviedo.es\/urbanred\/wp-content\/uploads\/2021\/02\/Publicaciones-150x16.png\" class=\"attachment-thumbnail size-thumbnail wp-post-image\" alt=\"\" style=\"\" sizes=\"auto, 100vw\" \/><\/div><a class=\"wp-block-latest-posts__post-title\" href=\"https:\/\/www.unioviedo.es\/urbanred\/efecto-barrio\/\">Efecto Barrio<\/a><time datetime=\"2021-09-28T09:39:15+02:00\" class=\"wp-block-latest-posts__post-date\">28 septiembre, 2021<\/time><div class=\"wp-block-latest-posts__post-excerpt\">Nel.lo, O. (editor) (2021) Tirant lo Blanch. 436 pp. ISBN: 9788418614460. M\u00e1s informaci\u00f3n<\/div><\/li>\n<li><div class=\"wp-block-latest-posts__featured-image\"><img loading=\"lazy\" decoding=\"async\" width=\"150\" height=\"16\" src=\"https:\/\/www.unioviedo.es\/urbanred\/wp-content\/uploads\/2021\/02\/Publicaciones-150x16.png\" class=\"attachment-thumbnail size-thumbnail wp-post-image\" alt=\"\" style=\"\" sizes=\"auto, 100vw\" \/><\/div><a class=\"wp-block-latest-posts__post-title\" href=\"https:\/\/www.unioviedo.es\/urbanred\/distribucion-territorial-del-poder-durante-la-pandemia\/\">\u201cDistribuci\u00f3n territorial del poder durante la pandemia\u201d<\/a><time datetime=\"2021-09-28T09:31:37+02:00\" class=\"wp-block-latest-posts__post-date\">28 septiembre, 2021<\/time><div class=\"wp-block-latest-posts__post-excerpt\">Luc\u00eda L\u00f3pez de Castro y Garc\u00eda-Morato (2021) En Francisco Velasco Caballero y Beatriz Gregoraci Fern\u00e1ndez (Coordinadores),&nbsp;Derecho y pol\u00edtica ante la pandemia: Reacciones y transformaciones, n\u00famero extraordinario del Anuario de la Facultad de &hellip; <p class=\"link-more\"><a href=\"https:\/\/www.unioviedo.es\/urbanred\/distribucion-territorial-del-poder-durante-la-pandemia\/\" class=\"more-link\">Continuar leyendo<span class=\"screen-reader-text\"> \u00ab\u201cDistribuci\u00f3n territorial del poder durante la pandemia\u201d\u00bb<\/span><\/a><\/p><\/div><\/li>\n<li><div class=\"wp-block-latest-posts__featured-image\"><img loading=\"lazy\" decoding=\"async\" width=\"150\" height=\"16\" src=\"https:\/\/www.unioviedo.es\/urbanred\/wp-content\/uploads\/2021\/02\/Publicaciones-150x16.png\" class=\"attachment-thumbnail size-thumbnail wp-post-image\" alt=\"\" style=\"\" sizes=\"auto, 100vw\" \/><\/div><a class=\"wp-block-latest-posts__post-title\" href=\"https:\/\/www.unioviedo.es\/urbanred\/estado-y-comunidades-autonomas-durante-la-pandemia\/\">\u201cEstado y Comunidades Aut\u00f3nomas durante la pandemia\u201d<\/a><time datetime=\"2021-09-28T09:27:53+02:00\" class=\"wp-block-latest-posts__post-date\">28 septiembre, 2021<\/time><div class=\"wp-block-latest-posts__post-excerpt\">En\u00a0Informe Comunidades Aut\u00f3nomas 2020, Institut de Dret P\u00fablic, Barcelona, 2021, pp. 41-54. ISSN: 1136-131X. M\u00e1s informaci\u00f3n<\/div><\/li>\n<li><div class=\"wp-block-latest-posts__featured-image\"><img loading=\"lazy\" decoding=\"async\" width=\"150\" height=\"16\" src=\"https:\/\/www.unioviedo.es\/urbanred\/wp-content\/uploads\/2021\/02\/Publicaciones-150x16.png\" class=\"attachment-thumbnail size-thumbnail wp-post-image\" alt=\"\" style=\"\" sizes=\"auto, 100vw\" \/><\/div><a class=\"wp-block-latest-posts__post-title\" href=\"https:\/\/www.unioviedo.es\/urbanred\/competencias-y-poderes-municipales-a-lo-largo-de-la-pandemia-de-covid-19\/\">\u201cCompetencias y poderes municipales a lo largo de la pandemia de covid-19\u201d<\/a><time datetime=\"2021-09-28T09:20:41+02:00\" class=\"wp-block-latest-posts__post-date\">28 septiembre, 2021<\/time><div class=\"wp-block-latest-posts__post-excerpt\">En&nbsp;Anuario de Derecho Municipal&nbsp;2020, n\u00fam, 14, Marcial Pons e Instituto de Derecho Local de la UAM, Madrid-Barcelona-Buenos Aires-S\u00e2o Paulo, 2021, pp. 24-49. ISSN: 1888-7392. M\u00e1s informaci\u00f3n<\/div><\/li>\n<li><div class=\"wp-block-latest-posts__featured-image\"><img loading=\"lazy\" decoding=\"async\" width=\"150\" height=\"16\" src=\"https:\/\/www.unioviedo.es\/urbanred\/wp-content\/uploads\/2021\/02\/Publicaciones-150x16.png\" class=\"attachment-thumbnail size-thumbnail wp-post-image\" alt=\"\" style=\"\" sizes=\"auto, 100vw\" \/><\/div><a class=\"wp-block-latest-posts__post-title\" href=\"https:\/\/www.unioviedo.es\/urbanred\/distribucion-territorial-del-poder-publico-y-lucha-contra-la-pandemia-en-espana-mutaciones-durante-la-emergencia-sanitaria\/\">\u201cDistribuci\u00f3n territorial del poder p\u00fablico y lucha contra la pandemia en Espa\u00f1a: mutaciones durante la emergencia sanitaria\u201d<\/a><time datetime=\"2021-09-28T09:13:28+02:00\" class=\"wp-block-latest-posts__post-date\">28 septiembre, 2021<\/time><div class=\"wp-block-latest-posts__post-excerpt\">Velasco Caballero, F. y Egea de Haro, A. (2021) En Esteban Nader y Marie-Christine Fuchs (editores): Covid-19 y Estados en acci\u00f3n: un estudio constitucional comparado entre pa\u00edses federales y no federales, Colombia: &hellip; <p class=\"link-more\"><a href=\"https:\/\/www.unioviedo.es\/urbanred\/distribucion-territorial-del-poder-publico-y-lucha-contra-la-pandemia-en-espana-mutaciones-durante-la-emergencia-sanitaria\/\" class=\"more-link\">Continuar leyendo<span class=\"screen-reader-text\"> \u00ab\u201cDistribuci\u00f3n territorial del poder p\u00fablico y lucha contra la pandemia en Espa\u00f1a: mutaciones durante la emergencia sanitaria\u201d\u00bb<\/span><\/a><\/p><\/div><\/li>\n<\/ul>\n\n\n<div style=\"height:36px\" aria-hidden=\"true\" class=\"wp-block-spacer\"><\/div>\n\n\n\n<div class=\"wp-block-media-text alignwide is-stacked-on-mobile is-vertically-aligned-center\" style=\"grid-template-columns:15% auto\"><figure class=\"wp-block-media-text__media\"><img loading=\"lazy\" decoding=\"async\" width=\"200\" height=\"200\" src=\"https:\/\/www.unioviedo.es\/urbanred\/wp-content\/uploads\/2021\/03\/icoFormacion2.png\" alt=\"\" class=\"wp-image-847 size-full\" srcset=\"https:\/\/www.unioviedo.es\/urbanred\/wp-content\/uploads\/2021\/03\/icoFormacion2.png 200w, https:\/\/www.unioviedo.es\/urbanred\/wp-content\/uploads\/2021\/03\/icoFormacion2-150x150.png 150w, https:\/\/www.unioviedo.es\/urbanred\/wp-content\/uploads\/2021\/03\/icoFormacion2-100x100.png 100w\" sizes=\"auto, (max-width: 200px) 100vw, 200px\" \/><\/figure><div class=\"wp-block-media-text__content\">\n<p class=\"has-background\" style=\"background-color:#50e1a7;font-size:26px\">  Formaci\u00f3n<\/p>\n<\/div><\/div>\n\n\n<ul class=\"wp-block-latest-posts__list wp-block-latest-posts\"><li><a class=\"wp-block-latest-posts__post-title\" href=\"https:\/\/www.unioviedo.es\/urbanred\/experiencia-aprendizaje-servicio-reconocida-en-el-marco-europeo\/\">Experiencia Aprendizaje-Servicio reconocida en el marco europeo<\/a><div class=\"wp-block-latest-posts__post-excerpt\">M\u00e1s informaci\u00f3n<\/div><\/li>\n<li><a class=\"wp-block-latest-posts__post-title\" href=\"https:\/\/www.unioviedo.es\/urbanred\/master-en-gestion-y-derecho-local\/\">M\u00e1ster en Gesti\u00f3n y Derecho Local<\/a><div class=\"wp-block-latest-posts__post-excerpt\">T\u00edtulo propio de la Universitat de Girona. Incluye un Postgrado en Derecho Local y uno espec\u00edfico en Derecho Urban\u00edstico M\u00e1s informaci\u00f3n<\/div><\/li>\n<\/ul>\n\n\n<div style=\"height:36px\" aria-hidden=\"true\" class=\"wp-block-spacer\"><\/div>\n\n\n\n<div class=\"wp-block-media-text alignwide has-media-on-the-right is-stacked-on-mobile is-vertically-aligned-center\" style=\"grid-template-columns:auto 15%\"><figure class=\"wp-block-media-text__media\"><img loading=\"lazy\" decoding=\"async\" width=\"200\" height=\"200\" src=\"https:\/\/www.unioviedo.es\/urbanred\/wp-content\/uploads\/2021\/03\/icoOtros2.png\" alt=\"\" class=\"wp-image-848 size-full\" srcset=\"https:\/\/www.unioviedo.es\/urbanred\/wp-content\/uploads\/2021\/03\/icoOtros2.png 200w, https:\/\/www.unioviedo.es\/urbanred\/wp-content\/uploads\/2021\/03\/icoOtros2-150x150.png 150w, https:\/\/www.unioviedo.es\/urbanred\/wp-content\/uploads\/2021\/03\/icoOtros2-100x100.png 100w\" sizes=\"auto, (max-width: 200px) 100vw, 200px\" \/><\/figure><div class=\"wp-block-media-text__content\">\n<p class=\"has-text-align-right has-background\" style=\"background-color:#ffba6e;font-size:26px\">  Otros materiales  <\/p>\n<\/div><\/div>\n\n\n<ul class=\"wp-block-latest-posts__list is-grid columns-2 has-dates alignleft wp-block-latest-posts\"><li><div class=\"wp-block-latest-posts__featured-image\"><img loading=\"lazy\" decoding=\"async\" width=\"150\" height=\"16\" src=\"https:\/\/www.unioviedo.es\/urbanred\/wp-content\/uploads\/2021\/02\/Otros-materiales-150x16.png\" class=\"attachment-thumbnail size-thumbnail wp-post-image\" alt=\"\" style=\"\" sizes=\"auto, 100vw\" \/><\/div><a class=\"wp-block-latest-posts__post-title\" href=\"https:\/\/www.unioviedo.es\/urbanred\/pildora11-red-de-investigacion-re-adap\/\">P\u00edldora11. Red de Investigaci\u00f3n RE-ADAP<\/a><time datetime=\"2021-07-12T10:03:42+02:00\" class=\"wp-block-latest-posts__post-date\">12 julio, 2021<\/time><div class=\"wp-block-latest-posts__post-excerpt\">La Pildora11 ha sido elaborada por Rafael C\u00f3rdoba Hern\u00e1ndez e Isabel Gonz\u00e1lez Garc\u00eda, miembros del Grupo de Investigaci\u00f3n en Arquitectura, Urbanismo y Sostenibilidad (GIAU+S) de la Universidad Polit\u00e9cnica de Madrid, sobre el &hellip; <p class=\"link-more\"><a href=\"https:\/\/www.unioviedo.es\/urbanred\/pildora11-red-de-investigacion-re-adap\/\" class=\"more-link\">Continuar leyendo<span class=\"screen-reader-text\"> \u00abP\u00edldora11. Red de Investigaci\u00f3n RE-ADAP\u00bb<\/span><\/a><\/p><\/div><\/li>\n<\/ul>\n\n\n<p><\/p>\n","protected":false},"excerpt":{"rendered":"<p>Bolet\u00edn del Observatorio Eventos Publicaciones Formaci\u00f3n Otros materiales<\/p>\n","protected":false},"author":1,"featured_media":0,"parent":0,"menu_order":0,"comment_status":"closed","ping_status":"closed","template":"","meta":{"footnotes":""},"class_list":["post-1352","page","type-page","status-publish","hentry"],"_links":{"self":[{"href":"https:\/\/www.unioviedo.es\/urbanred\/wp-json\/wp\/v2\/pages\/1352","targetHints":{"allow":["GET"]}}],"collection":[{"href":"https:\/\/www.unioviedo.es\/urbanred\/wp-json\/wp\/v2\/pages"}],"about":[{"href":"https:\/\/www.unioviedo.es\/urbanred\/wp-json\/wp\/v2\/types\/page"}],"author":[{"embeddable":true,"href":"https:\/\/www.unioviedo.es\/urbanred\/wp-json\/wp\/v2\/users\/1"}],"replies":[{"embeddable":true,"href":"https:\/\/www.unioviedo.es\/urbanred\/wp-json\/wp\/v2\/comments?post=1352"}],"version-history":[{"count":6,"href":"https:\/\/www.unioviedo.es\/urbanred\/wp-json\/wp\/v2\/pages\/1352\/revisions"}],"predecessor-version":[{"id":1395,"href":"https:\/\/www.unioviedo.es\/urbanred\/wp-json\/wp\/v2\/pages\/1352\/revisions\/1395"}],"wp:attachment":[{"href":"https:\/\/www.unioviedo.es\/urbanred\/wp-json\/wp\/v2\/media?parent=1352"}],"curies":[{"name":"wp","href":"https:\/\/api.w.org\/{rel}","templated":true}]}}