{"id":1613,"date":"2022-01-10T11:23:40","date_gmt":"2022-01-10T10:23:40","guid":{"rendered":"https:\/\/www.unioviedo.es\/urbanred\/?page_id=1613"},"modified":"2022-04-19T13:06:33","modified_gmt":"2022-04-19T11:06:33","slug":"boletin202104","status":"publish","type":"page","link":"https:\/\/www.unioviedo.es\/urbanred\/boletin202104\/","title":{"rendered":"Bolet\u00edn n\u00ba 4, octubre-diciembre 2021"},"content":{"rendered":"\n<div class=\"wp-block-media-text alignwide is-stacked-on-mobile is-vertically-aligned-center\" style=\"grid-template-columns:31% auto\"><figure class=\"wp-block-media-text__media\"><img loading=\"lazy\" decoding=\"async\" width=\"772\" height=\"772\" src=\"https:\/\/www.unioviedo.es\/urbanred\/wp-content\/uploads\/2021\/03\/Boletin-Observatorio.png\" alt=\"\" class=\"wp-image-857 size-full\" srcset=\"https:\/\/www.unioviedo.es\/urbanred\/wp-content\/uploads\/2021\/03\/Boletin-Observatorio.png 772w, https:\/\/www.unioviedo.es\/urbanred\/wp-content\/uploads\/2021\/03\/Boletin-Observatorio-300x300.png 300w, https:\/\/www.unioviedo.es\/urbanred\/wp-content\/uploads\/2021\/03\/Boletin-Observatorio-150x150.png 150w, https:\/\/www.unioviedo.es\/urbanred\/wp-content\/uploads\/2021\/03\/Boletin-Observatorio-768x768.png 768w, https:\/\/www.unioviedo.es\/urbanred\/wp-content\/uploads\/2021\/03\/Boletin-Observatorio-100x100.png 100w\" sizes=\"auto, (max-width: 767px) 89vw, (max-width: 1000px) 54vw, (max-width: 1071px) 543px, 580px\" \/><\/figure><div class=\"wp-block-media-text__content\">\n<p class=\"has-text-color\" style=\"color:#2d2d2d;font-size:30px;line-height:0\">Bolet\u00edn del Observatorio<\/p>\n<\/div><\/div>\n\n\n\n<div class=\"wp-block-media-text alignwide is-stacked-on-mobile is-vertically-aligned-center\" style=\"grid-template-columns:15% auto\"><figure class=\"wp-block-media-text__media\"><img loading=\"lazy\" decoding=\"async\" width=\"200\" height=\"200\" src=\"https:\/\/www.unioviedo.es\/urbanred\/wp-content\/uploads\/2021\/03\/icoEventos2.png\" alt=\"\" class=\"wp-image-846 size-full\" srcset=\"https:\/\/www.unioviedo.es\/urbanred\/wp-content\/uploads\/2021\/03\/icoEventos2.png 200w, https:\/\/www.unioviedo.es\/urbanred\/wp-content\/uploads\/2021\/03\/icoEventos2-150x150.png 150w, https:\/\/www.unioviedo.es\/urbanred\/wp-content\/uploads\/2021\/03\/icoEventos2-100x100.png 100w\" sizes=\"auto, (max-width: 200px) 100vw, 200px\" \/><\/figure><div class=\"wp-block-media-text__content\">\n<p class=\"has-background\" style=\"background-color:#48b8ff;font-size:26px\">  Eventos<\/p>\n<\/div><\/div>\n\n\n<ul class=\"wp-block-latest-posts__list is-grid columns-2 has-dates alignleft wp-block-latest-posts\"><li><div class=\"wp-block-latest-posts__featured-image\"><img loading=\"lazy\" decoding=\"async\" width=\"150\" height=\"16\" src=\"https:\/\/www.unioviedo.es\/urbanred\/wp-content\/uploads\/2021\/02\/Eventos-150x16.png\" class=\"attachment-thumbnail size-thumbnail wp-post-image\" alt=\"\" style=\"\" sizes=\"auto, 100vw\" \/><\/div><a class=\"wp-block-latest-posts__post-title\" href=\"https:\/\/www.unioviedo.es\/urbanred\/x-congreso-internacional-de-ordenacion-del-territorio\/\">X Congreso internacional de Ordenaci\u00f3n del Territorio<\/a><time datetime=\"2021-10-07T12:25:59+02:00\" class=\"wp-block-latest-posts__post-date\">7 octubre, 2021<\/time><div class=\"wp-block-latest-posts__post-excerpt\">X CIOT&nbsp; 2021 Valencia, 17, 18 y 19 de noviembre de 2021 Fecha m\u00e1xima de inscripci\u00f3n al Congreso: 8 de noviembre de 2021 M\u00e1s informaci\u00f3n<\/div><\/li>\n<li><div class=\"wp-block-latest-posts__featured-image\"><img loading=\"lazy\" decoding=\"async\" width=\"150\" height=\"16\" src=\"https:\/\/www.unioviedo.es\/urbanred\/wp-content\/uploads\/2021\/02\/Eventos-150x16.png\" class=\"attachment-thumbnail size-thumbnail wp-post-image\" alt=\"\" style=\"\" sizes=\"auto, 100vw\" \/><\/div><a class=\"wp-block-latest-posts__post-title\" href=\"https:\/\/www.unioviedo.es\/urbanred\/seminario-framet\/\">Seminario FRAMET<\/a><time datetime=\"2021-10-12T05:15:56+02:00\" class=\"wp-block-latest-posts__post-date\">12 octubre, 2021<\/time><div class=\"wp-block-latest-posts__post-excerpt\">Contexto y caracterizaci\u00f3n de las Estrategias de Desarrollo Sostenible Integrado (EDUSI) en Espa\u00f1a Fecha: 18 de octubre de 2021Lugar: Sala de Grados B ETSAM-UPM Primer Seminario de Investigaci\u00f3n del Subproyecto InURBA: Metr\u00f3polis &hellip; <p class=\"link-more\"><a href=\"https:\/\/www.unioviedo.es\/urbanred\/seminario-framet\/\" class=\"more-link\">Continuar leyendo<span class=\"screen-reader-text\"> \u00abSeminario FRAMET\u00bb<\/span><\/a><\/p><\/div><\/li>\n<li><div class=\"wp-block-latest-posts__featured-image\"><img loading=\"lazy\" decoding=\"async\" width=\"150\" height=\"16\" src=\"https:\/\/www.unioviedo.es\/urbanred\/wp-content\/uploads\/2021\/02\/Eventos-150x16.png\" class=\"attachment-thumbnail size-thumbnail wp-post-image\" alt=\"\" style=\"\" sizes=\"auto, 100vw\" \/><\/div><a class=\"wp-block-latest-posts__post-title\" href=\"https:\/\/www.unioviedo.es\/urbanred\/debates-urban-red-2\/\">Primer Debate Urban Red<\/a><time datetime=\"2021-10-20T12:43:13+02:00\" class=\"wp-block-latest-posts__post-date\">20 octubre, 2021<\/time><div class=\"wp-block-latest-posts__post-excerpt\">Las ciudades: \u00bfactores o receptores de la acci\u00f3n clim\u00e1tica de la UE? Fecha: 5 de octubre de 2021Seminario web El pasado 5 de octubre se celebr\u00f3 el Seminario Web de DEBATES URBAN &hellip; <p class=\"link-more\"><a href=\"https:\/\/www.unioviedo.es\/urbanred\/debates-urban-red-2\/\" class=\"more-link\">Continuar leyendo<span class=\"screen-reader-text\"> \u00abPrimer Debate Urban Red\u00bb<\/span><\/a><\/p><\/div><\/li>\n<li><div class=\"wp-block-latest-posts__featured-image\"><img loading=\"lazy\" decoding=\"async\" width=\"150\" height=\"16\" src=\"https:\/\/www.unioviedo.es\/urbanred\/wp-content\/uploads\/2021\/02\/Eventos-150x16.png\" class=\"attachment-thumbnail size-thumbnail wp-post-image\" alt=\"\" style=\"\" sizes=\"auto, 100vw\" \/><\/div><a class=\"wp-block-latest-posts__post-title\" href=\"https:\/\/www.unioviedo.es\/urbanred\/seminario-framet-2\/\">Seminario FRAMET<\/a><time datetime=\"2021-11-12T11:05:00+01:00\" class=\"wp-block-latest-posts__post-date\">12 noviembre, 2021<\/time><div class=\"wp-block-latest-posts__post-excerpt\">Contexto y caracterizaci\u00f3n de las Estrategias de Desarrollo Sostenible Integrado (EDUSI) en Espa\u00f1a Fecha: 12 de noviembre de 2021Lugar: Sala de reunions del Deganat, Edificio B, Facultad de Letras, UAB Primer Seminario &hellip; <p class=\"link-more\"><a href=\"https:\/\/www.unioviedo.es\/urbanred\/seminario-framet-2\/\" class=\"more-link\">Continuar leyendo<span class=\"screen-reader-text\"> \u00abSeminario FRAMET\u00bb<\/span><\/a><\/p><\/div><\/li>\n<li><div class=\"wp-block-latest-posts__featured-image\"><img loading=\"lazy\" decoding=\"async\" width=\"150\" height=\"16\" src=\"https:\/\/www.unioviedo.es\/urbanred\/wp-content\/uploads\/2021\/02\/Eventos-150x16.png\" class=\"attachment-thumbnail size-thumbnail wp-post-image\" alt=\"\" style=\"\" sizes=\"auto, 100vw\" \/><\/div><a class=\"wp-block-latest-posts__post-title\" href=\"https:\/\/www.unioviedo.es\/urbanred\/presentacion-de-publicacion\/\">Presentaci\u00f3n de publicaci\u00f3n<\/a><time datetime=\"2021-11-16T11:10:00+01:00\" class=\"wp-block-latest-posts__post-date\">16 noviembre, 2021<\/time><div class=\"wp-block-latest-posts__post-excerpt\">Presentaci\u00f3n de la publicaci\u00f3n \u201cResiliencia: espacios de adaptaci\u00f3n de nuestras ciudades a los nuevos retos urbanos\u201d y cierre de la Red de Investigaci\u00f3n RE-ADAP.<\/div><\/li>\n<li><div class=\"wp-block-latest-posts__featured-image\"><img loading=\"lazy\" decoding=\"async\" width=\"150\" height=\"16\" src=\"https:\/\/www.unioviedo.es\/urbanred\/wp-content\/uploads\/2021\/02\/Eventos-150x16.png\" class=\"attachment-thumbnail size-thumbnail wp-post-image\" alt=\"\" style=\"\" sizes=\"auto, 100vw\" \/><\/div><a class=\"wp-block-latest-posts__post-title\" href=\"https:\/\/www.unioviedo.es\/urbanred\/segundo-debate-urban-red\/\">Segundo Debate Urban Red<\/a><time datetime=\"2021-11-25T11:50:45+01:00\" class=\"wp-block-latest-posts__post-date\">25 noviembre, 2021<\/time><div class=\"wp-block-latest-posts__post-excerpt\">Las ciudades: \u00bfactores o receptores de la acci\u00f3n clim\u00e1tica de la UE? Fecha: 2 de diciembre de 2021Seminario web El debate se centrar\u00e1 en esta ocasi\u00f3n en las iniciativas concretas que se &hellip; <p class=\"link-more\"><a href=\"https:\/\/www.unioviedo.es\/urbanred\/segundo-debate-urban-red\/\" class=\"more-link\">Continuar leyendo<span class=\"screen-reader-text\"> \u00abSegundo Debate Urban Red\u00bb<\/span><\/a><\/p><\/div><\/li>\n<li><div class=\"wp-block-latest-posts__featured-image\"><img loading=\"lazy\" decoding=\"async\" width=\"150\" height=\"16\" src=\"https:\/\/www.unioviedo.es\/urbanred\/wp-content\/uploads\/2021\/02\/Eventos-150x16.png\" class=\"attachment-thumbnail size-thumbnail wp-post-image\" alt=\"\" style=\"\" sizes=\"auto, 100vw\" \/><\/div><a class=\"wp-block-latest-posts__post-title\" href=\"https:\/\/www.unioviedo.es\/urbanred\/conferencia-internacional-planeamiento-urbano-y-territorial-catalizadores-de-la-transicion-agroecologica\/\">Conferencia internacional<\/a><time datetime=\"2021-12-11T19:57:26+01:00\" class=\"wp-block-latest-posts__post-date\">11 diciembre, 2021<\/time><div class=\"wp-block-latest-posts__post-excerpt\">Planeamiento urbano y territorial: catalizadores de la transici\u00f3n agroecol\u00f3gica ETSAM, UPM 13 y 14 diciembre 2021 (emisi\u00f3n por videoconferencia) Asistencia gratuita, previa inscripci\u00f3n. Programa<\/div><\/li>\n<\/ul>\n\n\n<div style=\"height:30px\" aria-hidden=\"true\" class=\"wp-block-spacer\"><\/div>\n\n\n\n<div class=\"wp-block-media-text alignwide has-media-on-the-right is-stacked-on-mobile\" style=\"grid-template-columns:auto 15%\"><figure class=\"wp-block-media-text__media\"><img loading=\"lazy\" decoding=\"async\" width=\"200\" height=\"200\" src=\"https:\/\/www.unioviedo.es\/urbanred\/wp-content\/uploads\/2021\/03\/icoPublicacion2.png\" alt=\"\" class=\"wp-image-849 size-full\" srcset=\"https:\/\/www.unioviedo.es\/urbanred\/wp-content\/uploads\/2021\/03\/icoPublicacion2.png 200w, https:\/\/www.unioviedo.es\/urbanred\/wp-content\/uploads\/2021\/03\/icoPublicacion2-150x150.png 150w, https:\/\/www.unioviedo.es\/urbanred\/wp-content\/uploads\/2021\/03\/icoPublicacion2-100x100.png 100w\" sizes=\"auto, (max-width: 200px) 100vw, 200px\" \/><\/figure><div class=\"wp-block-media-text__content\">\n<p class=\"has-text-align-right has-background\" style=\"background-color:#b4c3ce;font-size:26px\">  Publicaciones  <\/p>\n<\/div><\/div>\n\n\n<ul class=\"wp-block-latest-posts__list is-grid columns-2 has-dates wp-block-latest-posts\"><li><div class=\"wp-block-latest-posts__featured-image\"><img loading=\"lazy\" decoding=\"async\" width=\"150\" height=\"16\" src=\"https:\/\/www.unioviedo.es\/urbanred\/wp-content\/uploads\/2021\/02\/Publicaciones-150x16.png\" class=\"attachment-thumbnail size-thumbnail wp-post-image\" alt=\"\" style=\"\" sizes=\"auto, 100vw\" \/><\/div><a class=\"wp-block-latest-posts__post-title\" href=\"https:\/\/www.unioviedo.es\/urbanred\/la-regeneracion-urbana-como-politica-clave-frente-a-los-retos-del-presente\/\">\u00abLa regeneraci\u00f3n urbana como pol\u00edtica clave frente a los retos del presente\u00bb<\/a><time datetime=\"2021-12-06T12:04:00+01:00\" class=\"wp-block-latest-posts__post-date\">6 diciembre, 2021<\/time><div class=\"wp-block-latest-posts__post-excerpt\">De Gregorio Hurtado, S.\u00a0(2021) en Alonso Iba\u00f1ez, R., Gonz\u00e1lez Medina, M. y De Gregorio Hurtado, S.: Pol\u00edticas Urbanas y localizaci\u00f3n de los objetivos de desarrollo sostenible: teor\u00eda y pr\u00e1ctica.\u00a0 Tirant Lo Blanch, &hellip; <p class=\"link-more\"><a href=\"https:\/\/www.unioviedo.es\/urbanred\/la-regeneracion-urbana-como-politica-clave-frente-a-los-retos-del-presente\/\" class=\"more-link\">Continuar leyendo<span class=\"screen-reader-text\"> \u00ab\u00abLa regeneraci\u00f3n urbana como pol\u00edtica clave frente a los retos del presente\u00bb\u00bb<\/span><\/a><\/p><\/div><\/li>\n<li><div class=\"wp-block-latest-posts__featured-image\"><img loading=\"lazy\" decoding=\"async\" width=\"150\" height=\"16\" src=\"https:\/\/www.unioviedo.es\/urbanred\/wp-content\/uploads\/2021\/02\/Publicaciones-150x16.png\" class=\"attachment-thumbnail size-thumbnail wp-post-image\" alt=\"\" style=\"\" sizes=\"auto, 100vw\" \/><\/div><a class=\"wp-block-latest-posts__post-title\" href=\"https:\/\/www.unioviedo.es\/urbanred\/politicas-urbanas-y-localizacion-de-los-objetivos-de-desarrollo-sotenible-teoria-y-practica\/\">\u00abPol\u00edticas Urbanas y localizaci\u00f3n de los objetivos de desarrollo sotenible: teor\u00eda y pr\u00e1ctica\u00bb<\/a><time datetime=\"2021-12-05T12:04:00+01:00\" class=\"wp-block-latest-posts__post-date\">5 diciembre, 2021<\/time><div class=\"wp-block-latest-posts__post-excerpt\">Alonso Iba\u00f1ez, R., Gonz\u00e1lez Medina, M., De Gregorio Hurtado, S.&nbsp;(2021) Tirant Lo Blanch, Valencia. M\u00e1s informaci\u00f3n<\/div><\/li>\n<li><div class=\"wp-block-latest-posts__featured-image\"><img loading=\"lazy\" decoding=\"async\" width=\"150\" height=\"16\" src=\"https:\/\/www.unioviedo.es\/urbanred\/wp-content\/uploads\/2021\/02\/Publicaciones-150x16.png\" class=\"attachment-thumbnail size-thumbnail wp-post-image\" alt=\"\" style=\"\" sizes=\"auto, 100vw\" \/><\/div><a class=\"wp-block-latest-posts__post-title\" href=\"https:\/\/www.unioviedo.es\/urbanred\/aula-de-resiliencia-urbana-regenerando-san-blas\/\">\u00abAula de Resiliencia Urbana.  Regenerando San Blas\u00bb<\/a><time datetime=\"2021-11-15T12:04:00+01:00\" class=\"wp-block-latest-posts__post-date\">15 noviembre, 2021<\/time><div class=\"wp-block-latest-posts__post-excerpt\">De Gregorio Hurtado, S.\u00a0(2021) V\u00eddeo resultado del Proyecto Aprendizaje Servicio \u00abAula de Resiliencia Urbana de la UPM\u00bb:\u00a0https:\/\/aprendizajeservicio.upm.es\/estudiantes<\/div><\/li>\n<li><div class=\"wp-block-latest-posts__featured-image\"><img loading=\"lazy\" decoding=\"async\" width=\"150\" height=\"16\" src=\"https:\/\/www.unioviedo.es\/urbanred\/wp-content\/uploads\/2021\/02\/Publicaciones-150x16.png\" class=\"attachment-thumbnail size-thumbnail wp-post-image\" alt=\"\" style=\"\" sizes=\"auto, 100vw\" \/><\/div><a class=\"wp-block-latest-posts__post-title\" href=\"https:\/\/www.unioviedo.es\/urbanred\/el-plan-espana-puede-y-la-gobernanza-territorial\/\">\u00abEl Plan Espa\u00f1a Puede y la gobernanza territorial\u00bb<\/a><time datetime=\"2021-11-05T11:59:00+01:00\" class=\"wp-block-latest-posts__post-date\">5 noviembre, 2021<\/time><div class=\"wp-block-latest-posts__post-excerpt\">Pazos Vidal, Serafin (2021) Administraci\u00f3n&nbsp;&amp; Cidadan\u00eda, 16 (1): 101-120. M\u00e1s informaci\u00f3n<\/div><\/li>\n<li><div class=\"wp-block-latest-posts__featured-image\"><img loading=\"lazy\" decoding=\"async\" width=\"150\" height=\"16\" src=\"https:\/\/www.unioviedo.es\/urbanred\/wp-content\/uploads\/2021\/02\/Publicaciones-150x16.png\" class=\"attachment-thumbnail size-thumbnail wp-post-image\" alt=\"\" style=\"\" sizes=\"auto, 100vw\" \/><\/div><a class=\"wp-block-latest-posts__post-title\" href=\"https:\/\/www.unioviedo.es\/urbanred\/recognising-demographically-declining-areas-in-eu-cohesion-policy-a-case-study-of-multilevel-coalition-building\/\">\u00abRecognising demographically declining areas in EU Cohesion Policy: a Case-Study of Multilevel Coalition Building\u00bb<\/a><time datetime=\"2021-11-04T11:57:00+01:00\" class=\"wp-block-latest-posts__post-date\">4 noviembre, 2021<\/time><div class=\"wp-block-latest-posts__post-excerpt\">Pazos Vidal, Serafin (2021) Regions, 11. 1 September 2021. Regional Studies Association DOI: 10.1080\/13673882.2021.00001102<\/div><\/li>\n<li><div class=\"wp-block-latest-posts__featured-image\"><img loading=\"lazy\" decoding=\"async\" width=\"150\" height=\"16\" src=\"https:\/\/www.unioviedo.es\/urbanred\/wp-content\/uploads\/2021\/02\/Publicaciones-150x16.png\" class=\"attachment-thumbnail size-thumbnail wp-post-image\" alt=\"\" style=\"\" sizes=\"auto, 100vw\" \/><\/div><a class=\"wp-block-latest-posts__post-title\" href=\"https:\/\/www.unioviedo.es\/urbanred\/la-dimension-territorial-de-la-pandemia\/\">\u00abLa Dimensi\u00f3n Territorial de la Pandemia\u00bb<\/a><time datetime=\"2021-11-03T11:53:00+01:00\" class=\"wp-block-latest-posts__post-date\">3 noviembre, 2021<\/time><div class=\"wp-block-latest-posts__post-excerpt\">Pazos Vidal, Serafin (2021) en Alberto Penad\u00e9s &amp; \u00a0Gamendia, Amuitz.\u00a0Informe sobre la Democracia en Espa\u00f1a. El A\u00f1o de la Pandemia. Madrid: Fundaci\u00f3n Alternativas, pp.\u00a0171-188.<\/div><\/li>\n<li><div class=\"wp-block-latest-posts__featured-image\"><img loading=\"lazy\" decoding=\"async\" width=\"150\" height=\"16\" src=\"https:\/\/www.unioviedo.es\/urbanred\/wp-content\/uploads\/2021\/02\/Publicaciones-150x16.png\" class=\"attachment-thumbnail size-thumbnail wp-post-image\" alt=\"\" style=\"\" sizes=\"auto, 100vw\" \/><\/div><a class=\"wp-block-latest-posts__post-title\" href=\"https:\/\/www.unioviedo.es\/urbanred\/el-plan-de-recuperacion-de-la-ue-oportunidades-para-las-administraciones-locales\/\">\u00abEl Plan de Recuperaci\u00f3n de la UE. Oportunidades para las Administraciones locales\u00bb<\/a><time datetime=\"2021-10-11T11:34:00+02:00\" class=\"wp-block-latest-posts__post-date\">11 octubre, 2021<\/time><div class=\"wp-block-latest-posts__post-excerpt\">Pazos Vidal, Serafin (2021) Anuario de Derecho Municipal. 14 (jun. 2021), 49\u201387. M\u00e1s informaci\u00f3n<\/div><\/li>\n<li><div class=\"wp-block-latest-posts__featured-image\"><img loading=\"lazy\" decoding=\"async\" width=\"150\" height=\"16\" src=\"https:\/\/www.unioviedo.es\/urbanred\/wp-content\/uploads\/2021\/02\/Publicaciones-150x16.png\" class=\"attachment-thumbnail size-thumbnail wp-post-image\" alt=\"\" style=\"\" sizes=\"auto, 100vw\" \/><\/div><a class=\"wp-block-latest-posts__post-title\" href=\"https:\/\/www.unioviedo.es\/urbanred\/la-pandemia-covid-19-en-espana-primera-ola\/\">\u00abLa pandemia COVID-19 en Espa\u00f1a. Primera ola\u00bb<\/a><time datetime=\"2021-10-04T12:04:00+02:00\" class=\"wp-block-latest-posts__post-date\">4 octubre, 2021<\/time><div class=\"wp-block-latest-posts__post-excerpt\">Monograf\u00eda M\u00e1s informaci\u00f3n<\/div><\/li>\n<li><div class=\"wp-block-latest-posts__featured-image\"><img loading=\"lazy\" decoding=\"async\" width=\"150\" height=\"16\" src=\"https:\/\/www.unioviedo.es\/urbanred\/wp-content\/uploads\/2021\/02\/Publicaciones-150x16.png\" class=\"attachment-thumbnail size-thumbnail wp-post-image\" alt=\"\" style=\"\" sizes=\"auto, 100vw\" \/><\/div><a class=\"wp-block-latest-posts__post-title\" href=\"https:\/\/www.unioviedo.es\/urbanred\/assessing-the-multi-level-government-response-to-the-covid-19-crisis-italy-and-spain-compared\/\">\u00abAssessing the Multi-level Government Response to the COVID-19 Crisis: Italy and Spain Compared\u00bb<\/a><time datetime=\"2021-10-01T11:24:00+02:00\" class=\"wp-block-latest-posts__post-date\">1 octubre, 2021<\/time><div class=\"wp-block-latest-posts__post-excerpt\">Mattia Casula &amp; Seraf\u00edn Pazos-Vidal&nbsp;(2021) International Journal of Public Administration,&nbsp;44:11-12,&nbsp;994-1005,&nbsp;DOI:&nbsp;10.1080\/01900692.2021.1915330 M\u00e1s informaci\u00f3n<\/div><\/li>\n<\/ul>\n\n\n<div style=\"height:36px\" aria-hidden=\"true\" class=\"wp-block-spacer\"><\/div>\n\n\n\n<div class=\"wp-block-media-text alignwide is-stacked-on-mobile is-vertically-aligned-center\" style=\"grid-template-columns:15% auto\"><figure class=\"wp-block-media-text__media\"><img loading=\"lazy\" decoding=\"async\" width=\"200\" height=\"200\" src=\"https:\/\/www.unioviedo.es\/urbanred\/wp-content\/uploads\/2021\/03\/icoFormacion2.png\" alt=\"\" class=\"wp-image-847 size-full\" srcset=\"https:\/\/www.unioviedo.es\/urbanred\/wp-content\/uploads\/2021\/03\/icoFormacion2.png 200w, https:\/\/www.unioviedo.es\/urbanred\/wp-content\/uploads\/2021\/03\/icoFormacion2-150x150.png 150w, https:\/\/www.unioviedo.es\/urbanred\/wp-content\/uploads\/2021\/03\/icoFormacion2-100x100.png 100w\" sizes=\"auto, (max-width: 200px) 100vw, 200px\" \/><\/figure><div class=\"wp-block-media-text__content\">\n<p class=\"has-background\" style=\"background-color:#50e1a7;font-size:26px\">  Formaci\u00f3n<\/p>\n<\/div><\/div>\n\n\n<ul class=\"wp-block-latest-posts__list wp-block-latest-posts\"><\/ul>\n\n\n<div style=\"height:36px\" aria-hidden=\"true\" class=\"wp-block-spacer\"><\/div>\n\n\n\n<div class=\"wp-block-media-text alignwide has-media-on-the-right is-stacked-on-mobile is-vertically-aligned-center\" style=\"grid-template-columns:auto 15%\"><figure class=\"wp-block-media-text__media\"><img loading=\"lazy\" decoding=\"async\" width=\"200\" height=\"200\" src=\"https:\/\/www.unioviedo.es\/urbanred\/wp-content\/uploads\/2021\/03\/icoOtros2.png\" alt=\"\" class=\"wp-image-848 size-full\" srcset=\"https:\/\/www.unioviedo.es\/urbanred\/wp-content\/uploads\/2021\/03\/icoOtros2.png 200w, https:\/\/www.unioviedo.es\/urbanred\/wp-content\/uploads\/2021\/03\/icoOtros2-150x150.png 150w, https:\/\/www.unioviedo.es\/urbanred\/wp-content\/uploads\/2021\/03\/icoOtros2-100x100.png 100w\" sizes=\"auto, (max-width: 200px) 100vw, 200px\" \/><\/figure><div class=\"wp-block-media-text__content\">\n<p class=\"has-text-align-right has-background\" style=\"background-color:#ffba6e;font-size:26px\">  Otros materiales  <\/p>\n<\/div><\/div>\n\n\n<ul class=\"wp-block-latest-posts__list is-grid columns-2 has-dates alignleft wp-block-latest-posts\"><li><div class=\"wp-block-latest-posts__featured-image\"><img loading=\"lazy\" decoding=\"async\" width=\"150\" height=\"16\" src=\"https:\/\/www.unioviedo.es\/urbanred\/wp-content\/uploads\/2021\/02\/Otros-materiales-150x16.png\" class=\"attachment-thumbnail size-thumbnail wp-post-image\" alt=\"\" style=\"\" sizes=\"auto, 100vw\" \/><\/div><a class=\"wp-block-latest-posts__post-title\" href=\"https:\/\/www.unioviedo.es\/urbanred\/debates-urban-red-4\/\">DEBATES URBAN RED<\/a><time datetime=\"2021-12-02T12:26:00+01:00\" class=\"wp-block-latest-posts__post-date\">2 diciembre, 2021<\/time><div class=\"wp-block-latest-posts__post-excerpt\">Las ciudades: \u00bfactores o receptores de la acci\u00f3n clim\u00e1tica de la UE? V\u00eddeo del segundo debate<\/div><\/li>\n<li><div class=\"wp-block-latest-posts__featured-image\"><img loading=\"lazy\" decoding=\"async\" width=\"150\" height=\"16\" src=\"https:\/\/www.unioviedo.es\/urbanred\/wp-content\/uploads\/2021\/02\/Otros-materiales-150x16.png\" class=\"attachment-thumbnail size-thumbnail wp-post-image\" alt=\"\" style=\"\" sizes=\"auto, 100vw\" \/><\/div><a class=\"wp-block-latest-posts__post-title\" href=\"https:\/\/www.unioviedo.es\/urbanred\/debates-urban-red-3\/\">DEBATES URBAN RED<\/a><time datetime=\"2021-10-05T12:20:00+02:00\" class=\"wp-block-latest-posts__post-date\">5 octubre, 2021<\/time><div class=\"wp-block-latest-posts__post-excerpt\">Las ciudades: \u00bfactores o receptores de la acci\u00f3n clim\u00e1tica de la UE? V\u00eddeo del primer debate<\/div><\/li>\n<\/ul>\n\n\n<p><\/p>\n","protected":false},"excerpt":{"rendered":"<p>Bolet\u00edn del Observatorio Eventos Publicaciones Formaci\u00f3n Otros materiales<\/p>\n","protected":false},"author":1,"featured_media":0,"parent":0,"menu_order":0,"comment_status":"closed","ping_status":"closed","template":"","meta":{"footnotes":""},"class_list":["post-1613","page","type-page","status-publish","hentry"],"_links":{"self":[{"href":"https:\/\/www.unioviedo.es\/urbanred\/wp-json\/wp\/v2\/pages\/1613","targetHints":{"allow":["GET"]}}],"collection":[{"href":"https:\/\/www.unioviedo.es\/urbanred\/wp-json\/wp\/v2\/pages"}],"about":[{"href":"https:\/\/www.unioviedo.es\/urbanred\/wp-json\/wp\/v2\/types\/page"}],"author":[{"embeddable":true,"href":"https:\/\/www.unioviedo.es\/urbanred\/wp-json\/wp\/v2\/users\/1"}],"replies":[{"embeddable":true,"href":"https:\/\/www.unioviedo.es\/urbanred\/wp-json\/wp\/v2\/comments?post=1613"}],"version-history":[{"count":3,"href":"https:\/\/www.unioviedo.es\/urbanred\/wp-json\/wp\/v2\/pages\/1613\/revisions"}],"predecessor-version":[{"id":2249,"href":"https:\/\/www.unioviedo.es\/urbanred\/wp-json\/wp\/v2\/pages\/1613\/revisions\/2249"}],"wp:attachment":[{"href":"https:\/\/www.unioviedo.es\/urbanred\/wp-json\/wp\/v2\/media?parent=1613"}],"curies":[{"name":"wp","href":"https:\/\/api.w.org\/{rel}","templated":true}]}}