{"id":1745,"date":"2022-07-18T13:11:46","date_gmt":"2022-07-18T11:11:46","guid":{"rendered":"https:\/\/www.unioviedo.es\/urbanred\/?page_id=1745"},"modified":"2023-04-10T11:55:14","modified_gmt":"2023-04-10T09:55:14","slug":"boletin202206","status":"publish","type":"page","link":"https:\/\/www.unioviedo.es\/urbanred\/boletin202206\/","title":{"rendered":"Bolet\u00edn n\u00ba 6, abril-junio 2022"},"content":{"rendered":"\n<div class=\"wp-block-media-text alignwide is-stacked-on-mobile is-vertically-aligned-center\" style=\"grid-template-columns:31% auto\"><figure class=\"wp-block-media-text__media\"><img loading=\"lazy\" decoding=\"async\" width=\"772\" height=\"772\" src=\"https:\/\/www.unioviedo.es\/urbanred\/wp-content\/uploads\/2021\/03\/Boletin-Observatorio.png\" alt=\"\" class=\"wp-image-857 size-full\" srcset=\"https:\/\/www.unioviedo.es\/urbanred\/wp-content\/uploads\/2021\/03\/Boletin-Observatorio.png 772w, https:\/\/www.unioviedo.es\/urbanred\/wp-content\/uploads\/2021\/03\/Boletin-Observatorio-300x300.png 300w, https:\/\/www.unioviedo.es\/urbanred\/wp-content\/uploads\/2021\/03\/Boletin-Observatorio-150x150.png 150w, https:\/\/www.unioviedo.es\/urbanred\/wp-content\/uploads\/2021\/03\/Boletin-Observatorio-768x768.png 768w, https:\/\/www.unioviedo.es\/urbanred\/wp-content\/uploads\/2021\/03\/Boletin-Observatorio-100x100.png 100w\" sizes=\"auto, (max-width: 767px) 89vw, (max-width: 1000px) 54vw, (max-width: 1071px) 543px, 580px\" \/><\/figure><div class=\"wp-block-media-text__content\">\n<p class=\"has-text-color\" style=\"color:#2d2d2d;font-size:30px;line-height:0\">Bolet\u00edn del Observatorio<\/p>\n<\/div><\/div>\n\n\n\n<div class=\"wp-block-media-text alignwide is-stacked-on-mobile is-vertically-aligned-center\" style=\"grid-template-columns:15% auto\"><figure class=\"wp-block-media-text__media\"><img loading=\"lazy\" decoding=\"async\" width=\"200\" height=\"200\" src=\"https:\/\/www.unioviedo.es\/urbanred\/wp-content\/uploads\/2021\/03\/icoEventos2.png\" alt=\"\" class=\"wp-image-846 size-full\" srcset=\"https:\/\/www.unioviedo.es\/urbanred\/wp-content\/uploads\/2021\/03\/icoEventos2.png 200w, https:\/\/www.unioviedo.es\/urbanred\/wp-content\/uploads\/2021\/03\/icoEventos2-150x150.png 150w, https:\/\/www.unioviedo.es\/urbanred\/wp-content\/uploads\/2021\/03\/icoEventos2-100x100.png 100w\" sizes=\"auto, (max-width: 200px) 100vw, 200px\" \/><\/figure><div class=\"wp-block-media-text__content\">\n<p class=\"has-background\" style=\"background-color:#48b8ff;font-size:26px\">  Eventos<\/p>\n<\/div><\/div>\n\n\n<ul class=\"wp-block-latest-posts__list is-grid columns-2 has-dates alignleft wp-block-latest-posts\"><li><div class=\"wp-block-latest-posts__featured-image\"><img loading=\"lazy\" decoding=\"async\" width=\"150\" height=\"16\" src=\"https:\/\/www.unioviedo.es\/urbanred\/wp-content\/uploads\/2021\/02\/Eventos-150x16.png\" class=\"attachment-thumbnail size-thumbnail wp-post-image\" alt=\"\" style=\"\" sizes=\"auto, 100vw\" \/><\/div><a class=\"wp-block-latest-posts__post-title\" href=\"https:\/\/www.unioviedo.es\/urbanred\/seminario-de-investigacion-framet-2\/\">Seminario de Investigaci\u00f3n FRAMET<\/a><time datetime=\"2022-04-06T11:47:27+02:00\" class=\"wp-block-latest-posts__post-date\">6 abril, 2022<\/time><div class=\"wp-block-latest-posts__post-excerpt\">La distribuci\u00f3n de los recursos y los servicios p\u00fablicos ante las desigualdades metropolitanas. 7 de abril, 2022 Segundo Seminario de Investigaci\u00f3n del Subproyecto SUDIAP: Segregaci\u00f3n urbana, densidad institucional, innovaci\u00f3n social y actitudes &hellip; <p class=\"link-more\"><a href=\"https:\/\/www.unioviedo.es\/urbanred\/seminario-de-investigacion-framet-2\/\" class=\"more-link\">Continuar leyendo<span class=\"screen-reader-text\"> \u00abSeminario de Investigaci\u00f3n FRAMET\u00bb<\/span><\/a><\/p><\/div><\/li>\n<li><div class=\"wp-block-latest-posts__featured-image\"><img loading=\"lazy\" decoding=\"async\" width=\"150\" height=\"16\" src=\"https:\/\/www.unioviedo.es\/urbanred\/wp-content\/uploads\/2021\/02\/Eventos-150x16.png\" class=\"attachment-thumbnail size-thumbnail wp-post-image\" alt=\"\" style=\"\" sizes=\"auto, 100vw\" \/><\/div><a class=\"wp-block-latest-posts__post-title\" href=\"https:\/\/www.unioviedo.es\/urbanred\/21-de-abril-de-2022\/\">Seminario internacional sobre pol\u00edticas urbanas en el marco de la Agenda 2030<\/a><time datetime=\"2022-04-06T16:34:00+02:00\" class=\"wp-block-latest-posts__post-date\">6 abril, 2022<\/time><div class=\"wp-block-latest-posts__post-excerpt\">Coordinado por Mar\u00eda \u00c1ngeles Huete. Investigadora colaboradora del Instituto de Iberoam\u00e9rica. Universidad de Salamanca, 21 de abril de 2022. M\u00e1s informaci\u00f3n<\/div><\/li>\n<li><div class=\"wp-block-latest-posts__featured-image\"><img loading=\"lazy\" decoding=\"async\" width=\"150\" height=\"16\" src=\"https:\/\/www.unioviedo.es\/urbanred\/wp-content\/uploads\/2021\/02\/Eventos-150x16.png\" class=\"attachment-thumbnail size-thumbnail wp-post-image\" alt=\"\" style=\"\" sizes=\"auto, 100vw\" \/><\/div><a class=\"wp-block-latest-posts__post-title\" href=\"https:\/\/www.unioviedo.es\/urbanred\/vii-congreso-internacional-estatuto-juridico-de-las-ciudades-inteligentes\/\">VII Congreso Internacional Estatuto Jur\u00eddico de las Ciudades Inteligentes<\/a><time datetime=\"2022-04-27T13:05:00+02:00\" class=\"wp-block-latest-posts__post-date\">27 abril, 2022<\/time><div class=\"wp-block-latest-posts__post-excerpt\">Vivienda digital y mayores: removiendo los obst\u00e1culos Red Internacional de Inteligencia Artificial aplicada a la Salud 27 de abril de 2022 M\u00e1s informaci\u00f3n<\/div><\/li>\n<li><div class=\"wp-block-latest-posts__featured-image\"><img loading=\"lazy\" decoding=\"async\" width=\"150\" height=\"16\" src=\"https:\/\/www.unioviedo.es\/urbanred\/wp-content\/uploads\/2021\/02\/Eventos-150x16.png\" class=\"attachment-thumbnail size-thumbnail wp-post-image\" alt=\"\" style=\"\" sizes=\"auto, 100vw\" \/><\/div><a class=\"wp-block-latest-posts__post-title\" href=\"https:\/\/www.unioviedo.es\/urbanred\/dimensiones-urbanas-del-desarrollo-urbano-sostenible-e-integrado\/\">Dimensiones Urbanas del Desarrollo Urbano Sostenible e Integrado<\/a><time datetime=\"2022-06-08T09:41:17+02:00\" class=\"wp-block-latest-posts__post-date\">8 junio, 2022<\/time><div class=\"wp-block-latest-posts__post-excerpt\">Seminario de Investigaci\u00f3n FRAMET. Sala de Grados B de la ETSAM-UPM, 14 de junio de 2022, de 10:00 a 18:00 h. Segundo Seminario de Investigaci\u00f3n del Subproyecto InURBA: Metr\u00f3polis fracturadas. Vulnerabilidad, reequilibrio &hellip; <p class=\"link-more\"><a href=\"https:\/\/www.unioviedo.es\/urbanred\/dimensiones-urbanas-del-desarrollo-urbano-sostenible-e-integrado\/\" class=\"more-link\">Continuar leyendo<span class=\"screen-reader-text\"> \u00abDimensiones Urbanas del Desarrollo Urbano Sostenible e Integrado\u00bb<\/span><\/a><\/p><\/div><\/li>\n<li><div class=\"wp-block-latest-posts__featured-image\"><img loading=\"lazy\" decoding=\"async\" width=\"150\" height=\"16\" src=\"https:\/\/www.unioviedo.es\/urbanred\/wp-content\/uploads\/2021\/02\/Eventos-150x16.png\" class=\"attachment-thumbnail size-thumbnail wp-post-image\" alt=\"\" style=\"\" sizes=\"auto, 100vw\" \/><\/div><a class=\"wp-block-latest-posts__post-title\" href=\"https:\/\/www.unioviedo.es\/urbanred\/foro-ciudades-2022\/\">Foro Ciudades 2022<\/a><time datetime=\"2022-06-15T09:41:10+02:00\" class=\"wp-block-latest-posts__post-date\">15 junio, 2022<\/time><div class=\"wp-block-latest-posts__post-excerpt\">Sesi\u00f3n Ciudad Integradora: Analizando las Estrategias de Desarrollo Urbano Sostenible e Integrando Mi\u00e9rcoles 15 de junio de 2022, de 16:00 a 19:00 h., IFEMA-Madrid, Sala 2 del Pabell\u00f3n 6. La Sesi\u00f3n tiene &hellip; <p class=\"link-more\"><a href=\"https:\/\/www.unioviedo.es\/urbanred\/foro-ciudades-2022\/\" class=\"more-link\">Continuar leyendo<span class=\"screen-reader-text\"> \u00abForo Ciudades 2022\u00bb<\/span><\/a><\/p><\/div><\/li>\n<\/ul>\n\n\n<div style=\"height:30px\" aria-hidden=\"true\" class=\"wp-block-spacer\"><\/div>\n\n\n\n<div class=\"wp-block-media-text alignwide has-media-on-the-right is-stacked-on-mobile\" style=\"grid-template-columns:auto 15%\"><figure class=\"wp-block-media-text__media\"><img loading=\"lazy\" decoding=\"async\" width=\"200\" height=\"200\" src=\"https:\/\/www.unioviedo.es\/urbanred\/wp-content\/uploads\/2021\/03\/icoPublicacion2.png\" alt=\"\" class=\"wp-image-849 size-full\" srcset=\"https:\/\/www.unioviedo.es\/urbanred\/wp-content\/uploads\/2021\/03\/icoPublicacion2.png 200w, https:\/\/www.unioviedo.es\/urbanred\/wp-content\/uploads\/2021\/03\/icoPublicacion2-150x150.png 150w, https:\/\/www.unioviedo.es\/urbanred\/wp-content\/uploads\/2021\/03\/icoPublicacion2-100x100.png 100w\" sizes=\"auto, (max-width: 200px) 100vw, 200px\" \/><\/figure><div class=\"wp-block-media-text__content\">\n<p class=\"has-text-align-right has-background\" style=\"background-color:#b4c3ce;font-size:26px\">  Publicaciones  <\/p>\n<\/div><\/div>\n\n\n<ul class=\"wp-block-latest-posts__list is-grid columns-2 has-dates wp-block-latest-posts\"><li><div class=\"wp-block-latest-posts__featured-image\"><img loading=\"lazy\" decoding=\"async\" width=\"150\" height=\"16\" src=\"https:\/\/www.unioviedo.es\/urbanred\/wp-content\/uploads\/2021\/02\/Publicaciones-150x16.png\" class=\"attachment-thumbnail size-thumbnail wp-post-image\" alt=\"\" style=\"\" sizes=\"auto, 100vw\" \/><\/div><a class=\"wp-block-latest-posts__post-title\" href=\"https:\/\/www.unioviedo.es\/urbanred\/el-urbanismo-con-perspectiva-de-genero-en-bilbao-bizkaia-y-la-comunidad-autonoma-del-pais-vasco\/\">\u00abEl urbanismo con perspectiva de g\u00e9nero en Bilbao, Bizkaia y la Comunidad Aut\u00f3noma del Pa\u00eds Vasco\u00bb<\/a><time datetime=\"2022-06-30T19:08:00+02:00\" class=\"wp-block-latest-posts__post-date\">30 junio, 2022<\/time><div class=\"wp-block-latest-posts__post-excerpt\">Ana Sancho Mart\u00ednez (2022) Revista Arbor, 198 (803-804), a644. https:\/\/doi.org\/10.3989\/arbor.2022.803-804011<\/div><\/li>\n<li><div class=\"wp-block-latest-posts__featured-image\"><img loading=\"lazy\" decoding=\"async\" width=\"150\" height=\"16\" src=\"https:\/\/www.unioviedo.es\/urbanred\/wp-content\/uploads\/2021\/02\/Publicaciones-150x16.png\" class=\"attachment-thumbnail size-thumbnail wp-post-image\" alt=\"\" style=\"\" sizes=\"auto, 100vw\" \/><\/div><a class=\"wp-block-latest-posts__post-title\" href=\"https:\/\/www.unioviedo.es\/urbanred\/la-reconstruccion-de-la-ciudad-existente-regimen-juridico\/\">\u00abLa reconstrucci\u00f3n de la ciudad existente: r\u00e9gimen jur\u00eddico\u00bb<\/a><time datetime=\"2022-06-30T12:22:00+02:00\" class=\"wp-block-latest-posts__post-date\">30 junio, 2022<\/time><div class=\"wp-block-latest-posts__post-excerpt\">El pasado 30 de junio tuvo lugar la defensa de la memoria de Tesis doctoral presentada por la profesora Alicia Espejo Campos, titulada&nbsp;La reconstrucci\u00f3n de la ciudad existente: r\u00e9gimen jur\u00eddico\u201d.&nbsp;La tesis ha &hellip; <p class=\"link-more\"><a href=\"https:\/\/www.unioviedo.es\/urbanred\/la-reconstruccion-de-la-ciudad-existente-regimen-juridico\/\" class=\"more-link\">Continuar leyendo<span class=\"screen-reader-text\"> \u00ab\u00abLa reconstrucci\u00f3n de la ciudad existente: r\u00e9gimen jur\u00eddico\u00bb\u00bb<\/span><\/a><\/p><\/div><\/li>\n<li><div class=\"wp-block-latest-posts__featured-image\"><img loading=\"lazy\" decoding=\"async\" width=\"150\" height=\"16\" src=\"https:\/\/www.unioviedo.es\/urbanred\/wp-content\/uploads\/2021\/02\/Publicaciones-150x16.png\" class=\"attachment-thumbnail size-thumbnail wp-post-image\" alt=\"\" style=\"\" sizes=\"auto, 100vw\" \/><\/div><a class=\"wp-block-latest-posts__post-title\" href=\"https:\/\/www.unioviedo.es\/urbanred\/blog-nuevo-derecho-urbanistico\/\">\u00abBlog Nuevo Derecho Urban\u00edstico\u00bb<\/a><time datetime=\"2022-06-28T12:04:00+02:00\" class=\"wp-block-latest-posts__post-date\">28 junio, 2022<\/time><div class=\"wp-block-latest-posts__post-excerpt\">Disponible en: https:\/\/www.nuevoderechourbanistico.es\/ Tuvo su origen en el proyecto de investigaci\u00f3n&nbsp;NUEVO DERECHO URBAN\u00cdSTICO: SIMPLIFICACI\u00d3N, SOSTENIBILIDAD, REHABILITACI\u00d3N&nbsp;(DER2017-84387-P) de la Agencia Estatal de Investigaci\u00f3n. Se mantiene desde entonces&nbsp;por el grupo de investigaci\u00f3n de Derecho &hellip; <p class=\"link-more\"><a href=\"https:\/\/www.unioviedo.es\/urbanred\/blog-nuevo-derecho-urbanistico\/\" class=\"more-link\">Continuar leyendo<span class=\"screen-reader-text\"> \u00ab\u00abBlog Nuevo Derecho Urban\u00edstico\u00bb\u00bb<\/span><\/a><\/p><\/div><\/li>\n<li><div class=\"wp-block-latest-posts__featured-image\"><img loading=\"lazy\" decoding=\"async\" width=\"150\" height=\"16\" src=\"https:\/\/www.unioviedo.es\/urbanred\/wp-content\/uploads\/2021\/02\/Publicaciones-150x16.png\" class=\"attachment-thumbnail size-thumbnail wp-post-image\" alt=\"\" style=\"\" sizes=\"auto, 100vw\" \/><\/div><a class=\"wp-block-latest-posts__post-title\" href=\"https:\/\/www.unioviedo.es\/urbanred\/blog-nuevo-derecho-a-la-ciudad\/\">\u00abBlog Nuevo Derecho a la Ciudad\u00bb<\/a><time datetime=\"2022-06-28T12:00:00+02:00\" class=\"wp-block-latest-posts__post-date\">28 junio, 2022<\/time><div class=\"wp-block-latest-posts__post-excerpt\">Disponible en: https:\/\/dretciutat.blogs.uv.es\/ El blog pretende mostrar la evoluci\u00f3n de las actividades desarrolladas en el marco del proyecto de investigaci\u00f3n \u201cEl nuevo Derecho de la ciudad\u201d, financiado como Acci\u00f3n Especial de la &hellip; <p class=\"link-more\"><a href=\"https:\/\/www.unioviedo.es\/urbanred\/blog-nuevo-derecho-a-la-ciudad\/\" class=\"more-link\">Continuar leyendo<span class=\"screen-reader-text\"> \u00ab\u00abBlog Nuevo Derecho a la Ciudad\u00bb\u00bb<\/span><\/a><\/p><\/div><\/li>\n<li><div class=\"wp-block-latest-posts__featured-image\"><img loading=\"lazy\" decoding=\"async\" width=\"150\" height=\"16\" src=\"https:\/\/www.unioviedo.es\/urbanred\/wp-content\/uploads\/2021\/02\/Publicaciones-150x16.png\" class=\"attachment-thumbnail size-thumbnail wp-post-image\" alt=\"\" style=\"\" sizes=\"auto, 100vw\" \/><\/div><a class=\"wp-block-latest-posts__post-title\" href=\"https:\/\/www.unioviedo.es\/urbanred\/tecnologias-habilitadoras-digitales-tdh-en-un-contexto-de-emergencia-sanitaria\/\">\u00abTecnolog\u00edas habilitadoras digitales (TDH) en un contexto de emergencia sanitaria\u00bb<\/a><time datetime=\"2022-04-20T12:50:00+02:00\" class=\"wp-block-latest-posts__post-date\">20 abril, 2022<\/time><div class=\"wp-block-latest-posts__post-excerpt\">Autora: G\u00f3mez Jim\u00e9nez, Mar\u00eda Luisa ISBN: 9788411136037 La pandemia, y toda la transformaci\u00f3n social asociada, ha motivado una formidable oportunidad para cuestionar no s\u00f3lo nuestro impacto en el medio ?y por ende &hellip; <p class=\"link-more\"><a href=\"https:\/\/www.unioviedo.es\/urbanred\/tecnologias-habilitadoras-digitales-tdh-en-un-contexto-de-emergencia-sanitaria\/\" class=\"more-link\">Continuar leyendo<span class=\"screen-reader-text\"> \u00ab\u00abTecnolog\u00edas habilitadoras digitales (TDH) en un contexto de emergencia sanitaria\u00bb\u00bb<\/span><\/a><\/p><\/div><\/li>\n<li><div class=\"wp-block-latest-posts__featured-image\"><img loading=\"lazy\" decoding=\"async\" width=\"150\" height=\"16\" src=\"https:\/\/www.unioviedo.es\/urbanred\/wp-content\/uploads\/2021\/02\/Publicaciones-150x16.png\" class=\"attachment-thumbnail size-thumbnail wp-post-image\" alt=\"\" style=\"\" sizes=\"auto, 100vw\" \/><\/div><a class=\"wp-block-latest-posts__post-title\" href=\"https:\/\/www.unioviedo.es\/urbanred\/automatizacion-procedimental-y-sesgo-electronico-el-procedimiento-administrativo-electronico-desde-la-inteligencia-artificial-duo\/\">\u00abAutomatizaci\u00f3n procedimental y sesgo electr\u00f3nico: el procedimiento administrativo electr\u00f3nico desde la inteligencia artificial (D\u00fao)\u00bb<\/a><time datetime=\"2022-04-11T13:00:00+02:00\" class=\"wp-block-latest-posts__post-date\">11 abril, 2022<\/time><div class=\"wp-block-latest-posts__post-excerpt\">Autora: G\u00f3mez Jim\u00e9nez, Mar\u00eda Luisa ISBN: 978-84-1346-877-8 Editorial: Aranzadi Esta es una obra que aborda de manera sencilla, pr\u00e1ctica amena pero a la vez seria y actual, una problem\u00e1tica de m\u00e1xima relevancia &hellip; <p class=\"link-more\"><a href=\"https:\/\/www.unioviedo.es\/urbanred\/automatizacion-procedimental-y-sesgo-electronico-el-procedimiento-administrativo-electronico-desde-la-inteligencia-artificial-duo\/\" class=\"more-link\">Continuar leyendo<span class=\"screen-reader-text\"> \u00ab\u00abAutomatizaci\u00f3n procedimental y sesgo electr\u00f3nico: el procedimiento administrativo electr\u00f3nico desde la inteligencia artificial (D\u00fao)\u00bb\u00bb<\/span><\/a><\/p><\/div><\/li>\n<\/ul>\n\n\n<div style=\"height:36px\" aria-hidden=\"true\" class=\"wp-block-spacer\"><\/div>\n\n\n\n<div class=\"wp-block-media-text alignwide is-stacked-on-mobile is-vertically-aligned-center\" style=\"grid-template-columns:15% auto\"><figure class=\"wp-block-media-text__media\"><img loading=\"lazy\" decoding=\"async\" width=\"200\" height=\"200\" src=\"https:\/\/www.unioviedo.es\/urbanred\/wp-content\/uploads\/2021\/03\/icoFormacion2.png\" alt=\"\" class=\"wp-image-847 size-full\" srcset=\"https:\/\/www.unioviedo.es\/urbanred\/wp-content\/uploads\/2021\/03\/icoFormacion2.png 200w, https:\/\/www.unioviedo.es\/urbanred\/wp-content\/uploads\/2021\/03\/icoFormacion2-150x150.png 150w, https:\/\/www.unioviedo.es\/urbanred\/wp-content\/uploads\/2021\/03\/icoFormacion2-100x100.png 100w\" sizes=\"auto, (max-width: 200px) 100vw, 200px\" \/><\/figure><div class=\"wp-block-media-text__content\">\n<p class=\"has-background\" style=\"background-color:#50e1a7;font-size:26px\">  Formaci\u00f3n<\/p>\n<\/div><\/div>\n\n\n<ul class=\"wp-block-latest-posts__list wp-block-latest-posts\"><\/ul>\n\n\n<div style=\"height:36px\" aria-hidden=\"true\" class=\"wp-block-spacer\"><\/div>\n\n\n\n<div class=\"wp-block-media-text alignwide has-media-on-the-right is-stacked-on-mobile is-vertically-aligned-center\" style=\"grid-template-columns:auto 15%\"><figure class=\"wp-block-media-text__media\"><img loading=\"lazy\" decoding=\"async\" width=\"200\" height=\"200\" src=\"https:\/\/www.unioviedo.es\/urbanred\/wp-content\/uploads\/2021\/03\/icoOtros2.png\" alt=\"\" class=\"wp-image-848 size-full\" srcset=\"https:\/\/www.unioviedo.es\/urbanred\/wp-content\/uploads\/2021\/03\/icoOtros2.png 200w, https:\/\/www.unioviedo.es\/urbanred\/wp-content\/uploads\/2021\/03\/icoOtros2-150x150.png 150w, https:\/\/www.unioviedo.es\/urbanred\/wp-content\/uploads\/2021\/03\/icoOtros2-100x100.png 100w\" sizes=\"auto, (max-width: 200px) 100vw, 200px\" \/><\/figure><div class=\"wp-block-media-text__content\">\n<p class=\"has-text-align-right has-background\" style=\"background-color:#ffba6e;font-size:26px\">  Otros materiales  <\/p>\n<\/div><\/div>\n\n\n<ul class=\"wp-block-latest-posts__list is-grid columns-2 has-dates alignleft wp-block-latest-posts\"><li><div class=\"wp-block-latest-posts__featured-image\"><img loading=\"lazy\" decoding=\"async\" width=\"150\" height=\"16\" src=\"https:\/\/www.unioviedo.es\/urbanred\/wp-content\/uploads\/2021\/02\/Otros-materiales-150x16.png\" class=\"attachment-thumbnail size-thumbnail wp-post-image\" alt=\"\" style=\"\" sizes=\"auto, 100vw\" \/><\/div><a class=\"wp-block-latest-posts__post-title\" href=\"https:\/\/www.unioviedo.es\/urbanred\/seminario-inurba\/\">Seminario InURBA<\/a><time datetime=\"2022-06-24T18:45:00+02:00\" class=\"wp-block-latest-posts__post-date\">24 junio, 2022<\/time><div class=\"wp-block-latest-posts__post-excerpt\">Dimensiones Urbanas del Desarrollo Urbano Sostenible e Integrado El 14 de junio de 2021 tuvo lugar en la Escuela T\u00e9cnica Superior de Arquitectura de la Universidad Polit\u00e9cnica de Madrid el II Seminario &hellip; <p class=\"link-more\"><a href=\"https:\/\/www.unioviedo.es\/urbanred\/seminario-inurba\/\" class=\"more-link\">Continuar leyendo<span class=\"screen-reader-text\"> \u00abSeminario InURBA\u00bb<\/span><\/a><\/p><\/div><\/li>\n<\/ul>\n\n\n<p><\/p>\n","protected":false},"excerpt":{"rendered":"<p>Bolet\u00edn del Observatorio Eventos Publicaciones Formaci\u00f3n Otros materiales<\/p>\n","protected":false},"author":1,"featured_media":0,"parent":0,"menu_order":0,"comment_status":"closed","ping_status":"closed","template":"","meta":{"footnotes":""},"class_list":["post-1745","page","type-page","status-publish","hentry"],"_links":{"self":[{"href":"https:\/\/www.unioviedo.es\/urbanred\/wp-json\/wp\/v2\/pages\/1745","targetHints":{"allow":["GET"]}}],"collection":[{"href":"https:\/\/www.unioviedo.es\/urbanred\/wp-json\/wp\/v2\/pages"}],"about":[{"href":"https:\/\/www.unioviedo.es\/urbanred\/wp-json\/wp\/v2\/types\/page"}],"author":[{"embeddable":true,"href":"https:\/\/www.unioviedo.es\/urbanred\/wp-json\/wp\/v2\/users\/1"}],"replies":[{"embeddable":true,"href":"https:\/\/www.unioviedo.es\/urbanred\/wp-json\/wp\/v2\/comments?post=1745"}],"version-history":[{"count":2,"href":"https:\/\/www.unioviedo.es\/urbanred\/wp-json\/wp\/v2\/pages\/1745\/revisions"}],"predecessor-version":[{"id":1766,"href":"https:\/\/www.unioviedo.es\/urbanred\/wp-json\/wp\/v2\/pages\/1745\/revisions\/1766"}],"wp:attachment":[{"href":"https:\/\/www.unioviedo.es\/urbanred\/wp-json\/wp\/v2\/media?parent=1745"}],"curies":[{"name":"wp","href":"https:\/\/api.w.org\/{rel}","templated":true}]}}