{"id":1832,"date":"2022-10-17T20:26:05","date_gmt":"2022-10-17T18:26:05","guid":{"rendered":"https:\/\/www.unioviedo.es\/urbanred\/?page_id=1832"},"modified":"2023-04-10T11:56:07","modified_gmt":"2023-04-10T09:56:07","slug":"boletin202207","status":"publish","type":"page","link":"https:\/\/www.unioviedo.es\/urbanred\/boletin202207\/","title":{"rendered":"Bolet\u00edn n\u00ba 7, julio &#8211; septiembre 2022"},"content":{"rendered":"\n<div class=\"wp-block-media-text alignwide is-stacked-on-mobile is-vertically-aligned-center\" style=\"grid-template-columns:31% auto\"><figure class=\"wp-block-media-text__media\"><img loading=\"lazy\" decoding=\"async\" width=\"772\" height=\"772\" src=\"https:\/\/www.unioviedo.es\/urbanred\/wp-content\/uploads\/2021\/03\/Boletin-Observatorio.png\" alt=\"\" class=\"wp-image-857 size-full\" srcset=\"https:\/\/www.unioviedo.es\/urbanred\/wp-content\/uploads\/2021\/03\/Boletin-Observatorio.png 772w, https:\/\/www.unioviedo.es\/urbanred\/wp-content\/uploads\/2021\/03\/Boletin-Observatorio-300x300.png 300w, https:\/\/www.unioviedo.es\/urbanred\/wp-content\/uploads\/2021\/03\/Boletin-Observatorio-150x150.png 150w, https:\/\/www.unioviedo.es\/urbanred\/wp-content\/uploads\/2021\/03\/Boletin-Observatorio-768x768.png 768w, https:\/\/www.unioviedo.es\/urbanred\/wp-content\/uploads\/2021\/03\/Boletin-Observatorio-100x100.png 100w\" sizes=\"auto, (max-width: 767px) 89vw, (max-width: 1000px) 54vw, (max-width: 1071px) 543px, 580px\" \/><\/figure><div class=\"wp-block-media-text__content\">\n<p class=\"has-text-color\" style=\"color:#2d2d2d;font-size:30px;line-height:0\">Bolet\u00edn del Observatorio<\/p>\n<\/div><\/div>\n\n\n\n<div class=\"wp-block-media-text alignwide is-stacked-on-mobile is-vertically-aligned-center\" style=\"grid-template-columns:15% auto\"><figure class=\"wp-block-media-text__media\"><img loading=\"lazy\" decoding=\"async\" width=\"200\" height=\"200\" src=\"https:\/\/www.unioviedo.es\/urbanred\/wp-content\/uploads\/2021\/03\/icoEventos2.png\" alt=\"\" class=\"wp-image-846 size-full\" srcset=\"https:\/\/www.unioviedo.es\/urbanred\/wp-content\/uploads\/2021\/03\/icoEventos2.png 200w, https:\/\/www.unioviedo.es\/urbanred\/wp-content\/uploads\/2021\/03\/icoEventos2-150x150.png 150w, https:\/\/www.unioviedo.es\/urbanred\/wp-content\/uploads\/2021\/03\/icoEventos2-100x100.png 100w\" sizes=\"auto, (max-width: 200px) 100vw, 200px\" \/><\/figure><div class=\"wp-block-media-text__content\">\n<p class=\"has-background\" style=\"background-color:#48b8ff;font-size:26px\">  Eventos<\/p>\n<\/div><\/div>\n\n\n<ul class=\"wp-block-latest-posts__list is-grid columns-2 has-dates alignleft wp-block-latest-posts\"><li><div class=\"wp-block-latest-posts__featured-image\"><img loading=\"lazy\" decoding=\"async\" width=\"150\" height=\"16\" src=\"https:\/\/www.unioviedo.es\/urbanred\/wp-content\/uploads\/2021\/02\/Eventos-150x16.png\" class=\"attachment-thumbnail size-thumbnail wp-post-image\" alt=\"\" style=\"\" sizes=\"auto, 100vw\" \/><\/div><a class=\"wp-block-latest-posts__post-title\" href=\"https:\/\/www.unioviedo.es\/urbanred\/seminario-universitario-sobre-la-union-europea-la-energia-retos-y-oportunidades\/\">SEMINARIO UNIVERSITARIO SOBRE LA UNI\u00d3N EUROPEA: LA ENERG\u00cdA: RETOS Y OPORTUNIDADES<\/a><time datetime=\"2022-10-14T13:22:00+02:00\" class=\"wp-block-latest-posts__post-date\">14 octubre, 2022<\/time><div class=\"wp-block-latest-posts__post-excerpt\">18 de octubre, 16 y 30 de noviembre de 2022 Universidad Rey Juan Carlos, Campus de Vic\u00e1lvaro, Madrid Presencial, asistencia gratuita previa inscripci\u00f3n (plazas limitadas), Seminario 257, Edificio Departamental. Transmitido en directo &hellip; <p class=\"link-more\"><a href=\"https:\/\/www.unioviedo.es\/urbanred\/seminario-universitario-sobre-la-union-europea-la-energia-retos-y-oportunidades\/\" class=\"more-link\">Continuar leyendo<span class=\"screen-reader-text\"> \u00abSEMINARIO UNIVERSITARIO SOBRE LA UNI\u00d3N EUROPEA: LA ENERG\u00cdA: RETOS Y OPORTUNIDADES\u00bb<\/span><\/a><\/p><\/div><\/li>\n<li><div class=\"wp-block-latest-posts__featured-image\"><img loading=\"lazy\" decoding=\"async\" width=\"150\" height=\"16\" src=\"https:\/\/www.unioviedo.es\/urbanred\/wp-content\/uploads\/2021\/02\/Eventos-150x16.png\" class=\"attachment-thumbnail size-thumbnail wp-post-image\" alt=\"\" style=\"\" sizes=\"auto, 100vw\" \/><\/div><a class=\"wp-block-latest-posts__post-title\" href=\"https:\/\/www.unioviedo.es\/urbanred\/jornada-aeutt-i-ingot\/\">Jornada AEUTT \u2013 I-INGOT<\/a><time datetime=\"2022-10-14T14:12:00+02:00\" class=\"wp-block-latest-posts__post-date\">14 octubre, 2022<\/time><div class=\"wp-block-latest-posts__post-excerpt\">\u00abLA CIUDAD REAL Y LA LEY&nbsp;DE IMPULSO PARA LA SOSTENIBILIDAD DEL TERRITORIO DE ANDALUC\u00cdA (LISTA)\u00bb Fecha:&nbsp;20 de octubre de 2022Hora:&nbsp;9:00 \u2013 14:00Lugar:&nbsp;Sala Judicial de la Facultad de Derecho de la Universidad de &hellip; <p class=\"link-more\"><a href=\"https:\/\/www.unioviedo.es\/urbanred\/jornada-aeutt-i-ingot\/\" class=\"more-link\">Continuar leyendo<span class=\"screen-reader-text\"> \u00abJornada AEUTT \u2013 I-INGOT\u00bb<\/span><\/a><\/p><\/div><\/li>\n<li><div class=\"wp-block-latest-posts__featured-image\"><img loading=\"lazy\" decoding=\"async\" width=\"150\" height=\"16\" src=\"https:\/\/www.unioviedo.es\/urbanred\/wp-content\/uploads\/2021\/02\/Eventos-150x16.png\" class=\"attachment-thumbnail size-thumbnail wp-post-image\" alt=\"\" style=\"\" sizes=\"auto, 100vw\" \/><\/div><a class=\"wp-block-latest-posts__post-title\" href=\"https:\/\/www.unioviedo.es\/urbanred\/ciclo-de-encuentros-sobre-el-derecho-a-la-vivienda\/\">CICLO DE ENCUENTROS SOBRE EL DERECHO A LA VIVIENDA<\/a><time datetime=\"2022-10-17T13:19:46+02:00\" class=\"wp-block-latest-posts__post-date\">17 octubre, 2022<\/time><div class=\"wp-block-latest-posts__post-excerpt\">Organizan&nbsp;Instituto Pascual Madoz del Territorio, Urbanismo y Medio Ambiente&nbsp;de la Universidad Carlos III de Madrid y la&nbsp;C\u00e1tedra Barcelona de Estudios de Vivienda. Primer encuentro: 26 de abril de 2022 Funci\u00f3n social de &hellip; <p class=\"link-more\"><a href=\"https:\/\/www.unioviedo.es\/urbanred\/ciclo-de-encuentros-sobre-el-derecho-a-la-vivienda\/\" class=\"more-link\">Continuar leyendo<span class=\"screen-reader-text\"> \u00abCICLO DE ENCUENTROS SOBRE EL DERECHO A LA VIVIENDA\u00bb<\/span><\/a><\/p><\/div><\/li>\n<li><div class=\"wp-block-latest-posts__featured-image\"><img loading=\"lazy\" decoding=\"async\" width=\"150\" height=\"16\" src=\"https:\/\/www.unioviedo.es\/urbanred\/wp-content\/uploads\/2021\/02\/Eventos-150x16.png\" class=\"attachment-thumbnail size-thumbnail wp-post-image\" alt=\"\" style=\"\" sizes=\"auto, 100vw\" \/><\/div><a class=\"wp-block-latest-posts__post-title\" href=\"https:\/\/www.unioviedo.es\/urbanred\/foro\/\">Foro<\/a><time datetime=\"2022-10-17T13:22:07+02:00\" class=\"wp-block-latest-posts__post-date\">17 octubre, 2022<\/time><div class=\"wp-block-latest-posts__post-excerpt\">24 de octubre de 2022 Proyecto de Ordenaci\u00f3n del Paisaje del Boulevard Louis Pasteur y de los principales espacios p\u00fablicos del Campus Universitario de Teatinos.<\/div><\/li>\n<\/ul>\n\n\n<div style=\"height:30px\" aria-hidden=\"true\" class=\"wp-block-spacer\"><\/div>\n\n\n\n<div class=\"wp-block-media-text alignwide has-media-on-the-right is-stacked-on-mobile\" style=\"grid-template-columns:auto 15%\"><figure class=\"wp-block-media-text__media\"><img loading=\"lazy\" decoding=\"async\" width=\"200\" height=\"200\" src=\"https:\/\/www.unioviedo.es\/urbanred\/wp-content\/uploads\/2021\/03\/icoPublicacion2.png\" alt=\"\" class=\"wp-image-849 size-full\" srcset=\"https:\/\/www.unioviedo.es\/urbanred\/wp-content\/uploads\/2021\/03\/icoPublicacion2.png 200w, https:\/\/www.unioviedo.es\/urbanred\/wp-content\/uploads\/2021\/03\/icoPublicacion2-150x150.png 150w, https:\/\/www.unioviedo.es\/urbanred\/wp-content\/uploads\/2021\/03\/icoPublicacion2-100x100.png 100w\" sizes=\"auto, (max-width: 200px) 100vw, 200px\" \/><\/figure><div class=\"wp-block-media-text__content\">\n<p class=\"has-text-align-right has-background\" style=\"background-color:#b4c3ce;font-size:26px\">  Publicaciones  <\/p>\n<\/div><\/div>\n\n\n<ul class=\"wp-block-latest-posts__list is-grid columns-2 has-dates wp-block-latest-posts\"><li><div class=\"wp-block-latest-posts__featured-image\"><img loading=\"lazy\" decoding=\"async\" width=\"150\" height=\"16\" src=\"https:\/\/www.unioviedo.es\/urbanred\/wp-content\/uploads\/2021\/02\/Publicaciones-150x16.png\" class=\"attachment-thumbnail size-thumbnail wp-post-image\" alt=\"\" style=\"\" sizes=\"auto, 100vw\" \/><\/div><a class=\"wp-block-latest-posts__post-title\" href=\"https:\/\/www.unioviedo.es\/urbanred\/lecciones-de-derecho-urbanistico-de-canariasduo\/\">Lecciones de Derecho Urban\u00edstico de Canarias (D\u00fao)<\/a><time datetime=\"2022-09-18T12:58:00+02:00\" class=\"wp-block-latest-posts__post-date\">18 septiembre, 2022<\/time><div class=\"wp-block-latest-posts__post-excerpt\">Villar Rojas Francisco Jos\u00e9 , Hern\u00e1ndez Gonz\u00e1lez Francisco L. , Gonzalez Sanfiel Andres M.&nbsp;(2022) Editorial Civitas ISBN: 978-84-1125-536-3 Una visi\u00f3n general y actualizada del Derecho urban\u00edstico que se aplica en Canarias, a &hellip; <p class=\"link-more\"><a href=\"https:\/\/www.unioviedo.es\/urbanred\/lecciones-de-derecho-urbanistico-de-canariasduo\/\" class=\"more-link\">Continuar leyendo<span class=\"screen-reader-text\"> \u00abLecciones de Derecho Urban\u00edstico de Canarias (D\u00fao)\u00bb<\/span><\/a><\/p><\/div><\/li>\n<li><div class=\"wp-block-latest-posts__featured-image\"><img loading=\"lazy\" decoding=\"async\" width=\"150\" height=\"16\" src=\"https:\/\/www.unioviedo.es\/urbanred\/wp-content\/uploads\/2021\/02\/Publicaciones-150x16.png\" class=\"attachment-thumbnail size-thumbnail wp-post-image\" alt=\"\" style=\"\" sizes=\"auto, 100vw\" \/><\/div><a class=\"wp-block-latest-posts__post-title\" href=\"https:\/\/www.unioviedo.es\/urbanred\/analysis-of-madrids-urban-policies-in-the-period-2020-2021-towards-a-more-resilient-post-coronavirus-capital\/\">Analysis of Madrid&#8217;s urban policies in the period 2020\u20132021: towards a more resilient post-coronavirus capital?<\/a><time datetime=\"2022-09-01T15:43:00+02:00\" class=\"wp-block-latest-posts__post-date\">1 septiembre, 2022<\/time><div class=\"wp-block-latest-posts__post-excerpt\">De Gregorio Hurtado, S. y Gharbi, N. (2022) En Armondi, S., Balducci, A., Bovo, M., Galimberti, B.: Cities learning from a pandemic. Towards preparedness. Routledge. 80-102.<\/div><\/li>\n<li><div class=\"wp-block-latest-posts__featured-image\"><img loading=\"lazy\" decoding=\"async\" width=\"150\" height=\"16\" src=\"https:\/\/www.unioviedo.es\/urbanred\/wp-content\/uploads\/2021\/02\/Publicaciones-150x16.png\" class=\"attachment-thumbnail size-thumbnail wp-post-image\" alt=\"\" style=\"\" sizes=\"auto, 100vw\" \/><\/div><a class=\"wp-block-latest-posts__post-title\" href=\"https:\/\/www.unioviedo.es\/urbanred\/urban-commons-and-the-local-state-co-production-between-enhancement-and-co-optation\/\">Urban commons and the local state: co-production between enhancement and co-optation<\/a><time datetime=\"2022-08-21T16:07:00+02:00\" class=\"wp-block-latest-posts__post-date\">21 agosto, 2022<\/time><div class=\"wp-block-latest-posts__post-excerpt\">Bianchi, I., Pera, M.,\u00a0 Calvet-Mir, L., Villamayor, S.,\u00a0 Mara Ferreri, M., Reguero, N.,\u00a0 &amp; Maestre Andr\u00e9s, S.\u00a0(2022) Territory, Politics, Governance DOI:\u00a010.1080\/21622671.2022.2108491<\/div><\/li>\n<li><div class=\"wp-block-latest-posts__featured-image\"><img loading=\"lazy\" decoding=\"async\" width=\"150\" height=\"16\" src=\"https:\/\/www.unioviedo.es\/urbanred\/wp-content\/uploads\/2021\/02\/Publicaciones-150x16.png\" class=\"attachment-thumbnail size-thumbnail wp-post-image\" alt=\"\" style=\"\" sizes=\"auto, 100vw\" \/><\/div><a class=\"wp-block-latest-posts__post-title\" href=\"https:\/\/www.unioviedo.es\/urbanred\/urban-resilience-to-the-climate-emergency\/\">Urban Resilience to the Climate Emergency<\/a><time datetime=\"2022-08-17T16:00:00+02:00\" class=\"wp-block-latest-posts__post-date\">17 agosto, 2022<\/time><div class=\"wp-block-latest-posts__post-excerpt\">Ruiz-Mall\u00e9n, I., March, H., Satorras, M. (2022) The Urban Book Series. Springer, Cham. https:\/\/doi.org\/10.1007\/978-3-031-07301-4_1<\/div><\/li>\n<li><div class=\"wp-block-latest-posts__featured-image\"><img loading=\"lazy\" decoding=\"async\" width=\"150\" height=\"16\" src=\"https:\/\/www.unioviedo.es\/urbanred\/wp-content\/uploads\/2021\/02\/Publicaciones-150x16.png\" class=\"attachment-thumbnail size-thumbnail wp-post-image\" alt=\"\" style=\"\" sizes=\"auto, 100vw\" \/><\/div><a class=\"wp-block-latest-posts__post-title\" href=\"https:\/\/www.unioviedo.es\/urbanred\/una-sola-salud-y-un-sinnumero-de-actores-para-su-gestion-transfronteriza-el-patrimonio-natural-en-la-era-del-cambio-climatico\/\">\u00abUna Sola Salud\u00bb y un sinn\u00famero de actores para su gesti\u00f3n transfronteriza. El patrimonio natural en la era del cambio clim\u00e1tico<\/a><time datetime=\"2022-08-17T13:29:00+02:00\" class=\"wp-block-latest-posts__post-date\">17 agosto, 2022<\/time><div class=\"wp-block-latest-posts__post-excerpt\">Isabel Hern\u00e1ndez San Juan (2022) Actas del XVI Congreso de la Asociaci\u00f3n Espa\u00f1ola de Profesores de Derecho Administrativo Oviedo 3-5 de febrero de 2022 \/ Leopoldo Tolivar Alas (dir.), Alejandro Jos\u00e9 Huergo &hellip; <p class=\"link-more\"><a href=\"https:\/\/www.unioviedo.es\/urbanred\/una-sola-salud-y-un-sinnumero-de-actores-para-su-gestion-transfronteriza-el-patrimonio-natural-en-la-era-del-cambio-climatico\/\" class=\"more-link\">Continuar leyendo<span class=\"screen-reader-text\"> \u00ab\u00abUna Sola Salud\u00bb y un sinn\u00famero de actores para su gesti\u00f3n transfronteriza. El patrimonio natural en la era del cambio clim\u00e1tico\u00bb<\/span><\/a><\/p><\/div><\/li>\n<li><div class=\"wp-block-latest-posts__featured-image\"><img loading=\"lazy\" decoding=\"async\" width=\"150\" height=\"16\" src=\"https:\/\/www.unioviedo.es\/urbanred\/wp-content\/uploads\/2021\/02\/Publicaciones-150x16.png\" class=\"attachment-thumbnail size-thumbnail wp-post-image\" alt=\"\" style=\"\" sizes=\"auto, 100vw\" \/><\/div><a class=\"wp-block-latest-posts__post-title\" href=\"https:\/\/www.unioviedo.es\/urbanred\/la-representacion-democratica-en-los-gobiernos-metropolitanos-en-europa-entre-el-re-escalamiento-de-los-sistemas-locales-y-la-innovacion-institucional\/\">La representaci\u00f3n democr\u00e1tica en los gobiernos metropolitanos en Europa: entre el re-escalamiento de los sistemas locales y la innovaci\u00f3n institucional<\/a><time datetime=\"2022-07-22T15:57:00+02:00\" class=\"wp-block-latest-posts__post-date\">22 julio, 2022<\/time><div class=\"wp-block-latest-posts__post-excerpt\">Barres, R., &amp; Mart\u00ed-Costa, M. (2022) Revista Espa\u00f1ola De Ciencia Pol\u00edtica, (59), 43\u201364. https:\/\/doi.org\/10.21308\/recp.59.02<\/div><\/li>\n<li><div class=\"wp-block-latest-posts__featured-image\"><img loading=\"lazy\" decoding=\"async\" width=\"150\" height=\"16\" src=\"https:\/\/www.unioviedo.es\/urbanred\/wp-content\/uploads\/2021\/02\/Publicaciones-150x16.png\" class=\"attachment-thumbnail size-thumbnail wp-post-image\" alt=\"\" style=\"\" sizes=\"auto, 100vw\" \/><\/div><a class=\"wp-block-latest-posts__post-title\" href=\"https:\/\/www.unioviedo.es\/urbanred\/energia-mas-alla-del-mercado-hacia-un-nuevo-modelo-energetico\/\">Energ\u00eda m\u00e1s all\u00e1 del mercado: hacia un nuevo modelo energ\u00e9tico<\/a><time datetime=\"2022-07-18T13:58:00+02:00\" class=\"wp-block-latest-posts__post-date\">18 julio, 2022<\/time><div class=\"wp-block-latest-posts__post-excerpt\">Susana Galera Rodrigo y Mercedes Ortiz Garc\u00eda (2022) En 2011 la Comisi\u00f3n Europea plante\u00f3 dos ambiciosos retos: el abandono progresivo de las energ\u00edas de origen f\u00f3sil y su sustituci\u00f3n por fuentes de &hellip; <p class=\"link-more\"><a href=\"https:\/\/www.unioviedo.es\/urbanred\/energia-mas-alla-del-mercado-hacia-un-nuevo-modelo-energetico\/\" class=\"more-link\">Continuar leyendo<span class=\"screen-reader-text\"> \u00abEnerg\u00eda m\u00e1s all\u00e1 del mercado: hacia un nuevo modelo energ\u00e9tico\u00bb<\/span><\/a><\/p><\/div><\/li>\n<li><div class=\"wp-block-latest-posts__featured-image\"><img loading=\"lazy\" decoding=\"async\" width=\"150\" height=\"16\" src=\"https:\/\/www.unioviedo.es\/urbanred\/wp-content\/uploads\/2021\/02\/Publicaciones-150x16.png\" class=\"attachment-thumbnail size-thumbnail wp-post-image\" alt=\"\" style=\"\" sizes=\"auto, 100vw\" \/><\/div><a class=\"wp-block-latest-posts__post-title\" href=\"https:\/\/www.unioviedo.es\/urbanred\/el-apoyo-mutuo-en-tiempos-de-crisis-la-solidaridad-ciudadana-durante-la-pandemia-covid-19\/\">El apoyo mutuo en tiempos de crisis: la solidaridad ciudadana durante la pandemia Covid-19<\/a><time datetime=\"2022-07-17T16:11:00+02:00\" class=\"wp-block-latest-posts__post-date\">17 julio, 2022<\/time><div class=\"wp-block-latest-posts__post-excerpt\">Nel-lo, O., Blanco, I., Gom\u00e0, R.\u00a0 (2022) CLACSO. Universitat Aut\u00f3noma de Barcelona. Instituto de Estudios Regionales y Metropolitanos de Barcelona: Barcelona. ISBN 978-987-813-190-0<\/div><\/li>\n<li><div class=\"wp-block-latest-posts__featured-image\"><img loading=\"lazy\" decoding=\"async\" width=\"150\" height=\"16\" src=\"https:\/\/www.unioviedo.es\/urbanred\/wp-content\/uploads\/2021\/02\/Publicaciones-150x16.png\" class=\"attachment-thumbnail size-thumbnail wp-post-image\" alt=\"\" style=\"\" sizes=\"auto, 100vw\" \/><\/div><a class=\"wp-block-latest-posts__post-title\" href=\"https:\/\/www.unioviedo.es\/urbanred\/el-hacer-urbano-de-la-union-europea-modelos-de-ciudad-poder-local-y-sostenibilidad-energetica-2\/\">El hacer urbano de la Uni\u00f3n Europea. Modelos de ciudad, poder local y sostenibilidad energ\u00e9tica<\/a><time datetime=\"2022-07-17T13:35:00+02:00\" class=\"wp-block-latest-posts__post-date\">17 julio, 2022<\/time><div class=\"wp-block-latest-posts__post-excerpt\">Susana Galera Rodrigo (2022) Editorial Atelier, colecci\u00f3n Derecho y administraci\u00f3n 1\u00aa edici\u00f3n, 194 p\u00e1gs. ISBN: 9788418780318 La configuraci\u00f3n de un modelo urbano en la UE ha sido m\u00e1s el resultado indirecto de &hellip; <p class=\"link-more\"><a href=\"https:\/\/www.unioviedo.es\/urbanred\/el-hacer-urbano-de-la-union-europea-modelos-de-ciudad-poder-local-y-sostenibilidad-energetica-2\/\" class=\"more-link\">Continuar leyendo<span class=\"screen-reader-text\"> \u00abEl hacer urbano de la Uni\u00f3n Europea. Modelos de ciudad, poder local y sostenibilidad energ\u00e9tica\u00bb<\/span><\/a><\/p><\/div><\/li>\n<li><div class=\"wp-block-latest-posts__featured-image\"><img loading=\"lazy\" decoding=\"async\" width=\"150\" height=\"16\" src=\"https:\/\/www.unioviedo.es\/urbanred\/wp-content\/uploads\/2021\/02\/Publicaciones-150x16.png\" class=\"attachment-thumbnail size-thumbnail wp-post-image\" alt=\"\" style=\"\" sizes=\"auto, 100vw\" \/><\/div><a class=\"wp-block-latest-posts__post-title\" href=\"https:\/\/www.unioviedo.es\/urbanred\/de-la-reconstruccion-al-modelo-de-desarrollo-urbano-sostenible-integrado-mdusi-una-reflexion-desde-la-perspectiva-del-analisis-de-politicas-publicas\/\">De la reconstrucci\u00f3n al Modelo de Desarrollo Urbano Sostenible Integrado (MDUSI): una reflexi\u00f3n desde la perspectiva del an\u00e1lisis de pol\u00edticas p\u00fablicas<\/a><time datetime=\"2022-07-01T15:52:00+02:00\" class=\"wp-block-latest-posts__post-date\">1 julio, 2022<\/time><div class=\"wp-block-latest-posts__post-excerpt\">Huete-Garc\u00eda, M. \u00c1ngeles, &amp; Merinero-Rodr\u00edguez, R. (2022) Ciudad Y Territorio Estudios Territoriales,\u00a054 (212), 283\u2013296.\u00a0 https:\/\/doi.org\/10.37230\/CyTET.2022.212.1<\/div><\/li>\n<li><div class=\"wp-block-latest-posts__featured-image\"><img loading=\"lazy\" decoding=\"async\" width=\"150\" height=\"16\" src=\"https:\/\/www.unioviedo.es\/urbanred\/wp-content\/uploads\/2021\/02\/Publicaciones-150x16.png\" class=\"attachment-thumbnail size-thumbnail wp-post-image\" alt=\"\" style=\"\" sizes=\"auto, 100vw\" \/><\/div><a class=\"wp-block-latest-posts__post-title\" href=\"https:\/\/www.unioviedo.es\/urbanred\/cuatro-dilemas-y-un-obstaculo-a-la-gobernanza-metropolitana-respuestas-desde-la-planificacion-estrategica-urbana\/\">Cuatro dilemas y un obst\u00e1culo a la gobernanza metropolitana: respuestas desde la planificaci\u00f3n estrat\u00e9gica urbana<\/a><time datetime=\"2022-07-01T15:47:00+02:00\" class=\"wp-block-latest-posts__post-date\">1 julio, 2022<\/time><div class=\"wp-block-latest-posts__post-excerpt\">Ga\u00f1\u00e1n S\u00e1nchez, E. ., Merinero Rodr\u00edguez, R. ., &amp; Huete Garc\u00eda, M. \u00c1ngeles (2022) Bolet\u00edn De La Asociaci\u00f3n De Ge\u00f3grafos Espa\u00f1oles, (93).\u00a0 https:\/\/doi.org\/10.21138\/bage.3209<\/div><\/li>\n<\/ul>\n\n\n<div style=\"height:36px\" aria-hidden=\"true\" class=\"wp-block-spacer\"><\/div>\n\n\n\n<div class=\"wp-block-media-text alignwide is-stacked-on-mobile is-vertically-aligned-center\" style=\"grid-template-columns:15% auto\"><figure class=\"wp-block-media-text__media\"><img loading=\"lazy\" decoding=\"async\" width=\"200\" height=\"200\" src=\"https:\/\/www.unioviedo.es\/urbanred\/wp-content\/uploads\/2021\/03\/icoFormacion2.png\" alt=\"\" class=\"wp-image-847 size-full\" srcset=\"https:\/\/www.unioviedo.es\/urbanred\/wp-content\/uploads\/2021\/03\/icoFormacion2.png 200w, https:\/\/www.unioviedo.es\/urbanred\/wp-content\/uploads\/2021\/03\/icoFormacion2-150x150.png 150w, https:\/\/www.unioviedo.es\/urbanred\/wp-content\/uploads\/2021\/03\/icoFormacion2-100x100.png 100w\" sizes=\"auto, (max-width: 200px) 100vw, 200px\" \/><\/figure><div class=\"wp-block-media-text__content\">\n<p class=\"has-background\" style=\"background-color:#50e1a7;font-size:26px\">  Formaci\u00f3n<\/p>\n<\/div><\/div>\n\n\n<ul class=\"wp-block-latest-posts__list wp-block-latest-posts\"><li><a class=\"wp-block-latest-posts__post-title\" href=\"https:\/\/www.unioviedo.es\/urbanred\/experto-universitario-sobre-diseno-e-implementacion-de-agendas-urbanas\/\">Experto Universitario sobre Dise\u00f1o e Implementaci\u00f3n de Agendas Urbanas<\/a><div class=\"wp-block-latest-posts__post-excerpt\">Del 22 de noviembre de 2022 al 20 de marzo de 2023 Semipresencial Universidad Pablo de Olavide M\u00e1s informaci\u00f3n<\/div><\/li>\n<\/ul>\n\n\n<div style=\"height:36px\" aria-hidden=\"true\" class=\"wp-block-spacer\"><\/div>\n\n\n\n<div class=\"wp-block-media-text alignwide has-media-on-the-right is-stacked-on-mobile is-vertically-aligned-center\" style=\"grid-template-columns:auto 15%\"><figure class=\"wp-block-media-text__media\"><img loading=\"lazy\" decoding=\"async\" width=\"200\" height=\"200\" src=\"https:\/\/www.unioviedo.es\/urbanred\/wp-content\/uploads\/2021\/03\/icoOtros2.png\" alt=\"\" class=\"wp-image-848 size-full\" srcset=\"https:\/\/www.unioviedo.es\/urbanred\/wp-content\/uploads\/2021\/03\/icoOtros2.png 200w, https:\/\/www.unioviedo.es\/urbanred\/wp-content\/uploads\/2021\/03\/icoOtros2-150x150.png 150w, https:\/\/www.unioviedo.es\/urbanred\/wp-content\/uploads\/2021\/03\/icoOtros2-100x100.png 100w\" sizes=\"auto, (max-width: 200px) 100vw, 200px\" \/><\/figure><div class=\"wp-block-media-text__content\">\n<p class=\"has-text-align-right has-background\" style=\"background-color:#ffba6e;font-size:26px\">  Otros materiales  <\/p>\n<\/div><\/div>\n\n\n<ul class=\"wp-block-latest-posts__list is-grid columns-2 has-dates alignleft wp-block-latest-posts\"><li><div class=\"wp-block-latest-posts__featured-image\"><img loading=\"lazy\" decoding=\"async\" width=\"150\" height=\"16\" src=\"https:\/\/www.unioviedo.es\/urbanred\/wp-content\/uploads\/2021\/02\/Otros-materiales-150x16.png\" class=\"attachment-thumbnail size-thumbnail wp-post-image\" alt=\"\" style=\"\" sizes=\"auto, 100vw\" \/><\/div><a class=\"wp-block-latest-posts__post-title\" href=\"https:\/\/www.unioviedo.es\/urbanred\/nuevo-derecho-urbanistico\/\">Nuevo Derecho Urban\u00edstico<\/a><time datetime=\"2022-07-17T14:19:00+02:00\" class=\"wp-block-latest-posts__post-date\">17 julio, 2022<\/time><div class=\"wp-block-latest-posts__post-excerpt\">Web del grupo de investigaci\u00f3n de Derecho Administrativo de la Universidad de La Laguna. http:\/\/www.nuevoderechourbanistico.es\/<\/div><\/li>\n<\/ul>\n\n\n<p><\/p>\n","protected":false},"excerpt":{"rendered":"<p>Bolet\u00edn del Observatorio Eventos Publicaciones Formaci\u00f3n Otros materiales<\/p>\n","protected":false},"author":1,"featured_media":0,"parent":0,"menu_order":0,"comment_status":"closed","ping_status":"closed","template":"","meta":{"footnotes":""},"class_list":["post-1832","page","type-page","status-publish","hentry"],"_links":{"self":[{"href":"https:\/\/www.unioviedo.es\/urbanred\/wp-json\/wp\/v2\/pages\/1832","targetHints":{"allow":["GET"]}}],"collection":[{"href":"https:\/\/www.unioviedo.es\/urbanred\/wp-json\/wp\/v2\/pages"}],"about":[{"href":"https:\/\/www.unioviedo.es\/urbanred\/wp-json\/wp\/v2\/types\/page"}],"author":[{"embeddable":true,"href":"https:\/\/www.unioviedo.es\/urbanred\/wp-json\/wp\/v2\/users\/1"}],"replies":[{"embeddable":true,"href":"https:\/\/www.unioviedo.es\/urbanred\/wp-json\/wp\/v2\/comments?post=1832"}],"version-history":[{"count":1,"href":"https:\/\/www.unioviedo.es\/urbanred\/wp-json\/wp\/v2\/pages\/1832\/revisions"}],"predecessor-version":[{"id":1833,"href":"https:\/\/www.unioviedo.es\/urbanred\/wp-json\/wp\/v2\/pages\/1832\/revisions\/1833"}],"wp:attachment":[{"href":"https:\/\/www.unioviedo.es\/urbanred\/wp-json\/wp\/v2\/media?parent=1832"}],"curies":[{"name":"wp","href":"https:\/\/api.w.org\/{rel}","templated":true}]}}