{"id":1919,"date":"2023-01-12T19:46:00","date_gmt":"2023-01-12T18:46:00","guid":{"rendered":"https:\/\/www.unioviedo.es\/urbanred\/?page_id=1919"},"modified":"2023-04-10T11:56:40","modified_gmt":"2023-04-10T09:56:40","slug":"boletin202208","status":"publish","type":"page","link":"https:\/\/www.unioviedo.es\/urbanred\/boletin202208\/","title":{"rendered":"Bolet\u00edn n\u00ba 8, octubre- diciembre 2022"},"content":{"rendered":"\n<div class=\"wp-block-media-text alignwide is-stacked-on-mobile is-vertically-aligned-center\" style=\"grid-template-columns:31% auto\"><figure class=\"wp-block-media-text__media\"><img loading=\"lazy\" decoding=\"async\" width=\"772\" height=\"772\" src=\"https:\/\/www.unioviedo.es\/urbanred\/wp-content\/uploads\/2021\/03\/Boletin-Observatorio.png\" alt=\"\" class=\"wp-image-857 size-full\" srcset=\"https:\/\/www.unioviedo.es\/urbanred\/wp-content\/uploads\/2021\/03\/Boletin-Observatorio.png 772w, https:\/\/www.unioviedo.es\/urbanred\/wp-content\/uploads\/2021\/03\/Boletin-Observatorio-300x300.png 300w, https:\/\/www.unioviedo.es\/urbanred\/wp-content\/uploads\/2021\/03\/Boletin-Observatorio-150x150.png 150w, https:\/\/www.unioviedo.es\/urbanred\/wp-content\/uploads\/2021\/03\/Boletin-Observatorio-768x768.png 768w, https:\/\/www.unioviedo.es\/urbanred\/wp-content\/uploads\/2021\/03\/Boletin-Observatorio-100x100.png 100w\" sizes=\"auto, (max-width: 767px) 89vw, (max-width: 1000px) 54vw, (max-width: 1071px) 543px, 580px\" \/><\/figure><div class=\"wp-block-media-text__content\">\n<p class=\"has-text-color\" style=\"color:#2d2d2d;font-size:30px;line-height:0\">Bolet\u00edn del Observatorio<\/p>\n<\/div><\/div>\n\n\n\n<div class=\"wp-block-media-text alignwide is-stacked-on-mobile is-vertically-aligned-center\" style=\"grid-template-columns:15% auto\"><figure class=\"wp-block-media-text__media\"><img loading=\"lazy\" decoding=\"async\" width=\"200\" height=\"200\" src=\"https:\/\/www.unioviedo.es\/urbanred\/wp-content\/uploads\/2021\/03\/icoEventos2.png\" alt=\"\" class=\"wp-image-846 size-full\" srcset=\"https:\/\/www.unioviedo.es\/urbanred\/wp-content\/uploads\/2021\/03\/icoEventos2.png 200w, https:\/\/www.unioviedo.es\/urbanred\/wp-content\/uploads\/2021\/03\/icoEventos2-150x150.png 150w, https:\/\/www.unioviedo.es\/urbanred\/wp-content\/uploads\/2021\/03\/icoEventos2-100x100.png 100w\" sizes=\"auto, (max-width: 200px) 100vw, 200px\" \/><\/figure><div class=\"wp-block-media-text__content\">\n<p class=\"has-background\" style=\"background-color:#48b8ff;font-size:26px\">  Eventos<\/p>\n<\/div><\/div>\n\n\n<ul class=\"wp-block-latest-posts__list is-grid columns-2 has-dates alignleft wp-block-latest-posts\"><li><div class=\"wp-block-latest-posts__featured-image\"><img loading=\"lazy\" decoding=\"async\" width=\"150\" height=\"16\" src=\"https:\/\/www.unioviedo.es\/urbanred\/wp-content\/uploads\/2021\/02\/Eventos-150x16.png\" class=\"attachment-thumbnail size-thumbnail wp-post-image\" alt=\"\" style=\"\" sizes=\"auto, 100vw\" \/><\/div><a class=\"wp-block-latest-posts__post-title\" href=\"https:\/\/www.unioviedo.es\/urbanred\/re-hab-nuevo-proyecto-urb_int\/\">re-hab. Nuevo proyecto [URB_inT]<\/a><time datetime=\"2022-12-22T12:21:51+01:00\" class=\"wp-block-latest-posts__post-date\">22 diciembre, 2022<\/time><div class=\"wp-block-latest-posts__post-excerpt\">Estrategias para la transici\u00f3n ecosocial de las grandes \u00e1reas urbanas espa\u00f1olas en un escenario de crisis clim\u00e1tica y escasez de recursos Da comienzo la andadura del proyecto (PID2021-126190OB-I00), enmarcado en el Plan &hellip; <p class=\"link-more\"><a href=\"https:\/\/www.unioviedo.es\/urbanred\/re-hab-nuevo-proyecto-urb_int\/\" class=\"more-link\">Continuar leyendo<span class=\"screen-reader-text\"> \u00abre-hab. Nuevo proyecto [URB_inT]\u00bb<\/span><\/a><\/p><\/div><\/li>\n<\/ul>\n\n\n<div style=\"height:30px\" aria-hidden=\"true\" class=\"wp-block-spacer\"><\/div>\n\n\n\n<div class=\"wp-block-media-text alignwide has-media-on-the-right is-stacked-on-mobile\" style=\"grid-template-columns:auto 15%\"><figure class=\"wp-block-media-text__media\"><img loading=\"lazy\" decoding=\"async\" width=\"200\" height=\"200\" src=\"https:\/\/www.unioviedo.es\/urbanred\/wp-content\/uploads\/2021\/03\/icoPublicacion2.png\" alt=\"\" class=\"wp-image-849 size-full\" srcset=\"https:\/\/www.unioviedo.es\/urbanred\/wp-content\/uploads\/2021\/03\/icoPublicacion2.png 200w, https:\/\/www.unioviedo.es\/urbanred\/wp-content\/uploads\/2021\/03\/icoPublicacion2-150x150.png 150w, https:\/\/www.unioviedo.es\/urbanred\/wp-content\/uploads\/2021\/03\/icoPublicacion2-100x100.png 100w\" sizes=\"auto, (max-width: 200px) 100vw, 200px\" \/><\/figure><div class=\"wp-block-media-text__content\">\n<p class=\"has-text-align-right has-background\" style=\"background-color:#b4c3ce;font-size:26px\">  Publicaciones  <\/p>\n<\/div><\/div>\n\n\n<ul class=\"wp-block-latest-posts__list is-grid columns-2 has-dates wp-block-latest-posts\"><li><div class=\"wp-block-latest-posts__featured-image\"><img loading=\"lazy\" decoding=\"async\" width=\"150\" height=\"16\" src=\"https:\/\/www.unioviedo.es\/urbanred\/wp-content\/uploads\/2021\/02\/Publicaciones-150x16.png\" class=\"attachment-thumbnail size-thumbnail wp-post-image\" alt=\"\" style=\"\" sizes=\"auto, 100vw\" \/><\/div><a class=\"wp-block-latest-posts__post-title\" href=\"https:\/\/www.unioviedo.es\/urbanred\/derecho-urbanistico-de-cataluna-10a-edicion\/\">Derecho urban\u00edstico de Catalu\u00f1a (10\u00aa edici\u00f3n)<\/a><time datetime=\"2022-12-22T16:57:00+01:00\" class=\"wp-block-latest-posts__post-date\">22 diciembre, 2022<\/time><div class=\"wp-block-latest-posts__post-excerpt\">Joan Manuel Trayter (Dir.) (2022) Esta obra analiza el derecho urban\u00edstico de Catalu\u00f1a de manera ordenada, pedag\u00f3gica y clara. Examina el origen de esta rama del derecho p\u00fablico, sus principios generales y &hellip; <p class=\"link-more\"><a href=\"https:\/\/www.unioviedo.es\/urbanred\/derecho-urbanistico-de-cataluna-10a-edicion\/\" class=\"more-link\">Continuar leyendo<span class=\"screen-reader-text\"> \u00abDerecho urban\u00edstico de Catalu\u00f1a (10\u00aa edici\u00f3n)\u00bb<\/span><\/a><\/p><\/div><\/li>\n<li><div class=\"wp-block-latest-posts__featured-image\"><img loading=\"lazy\" decoding=\"async\" width=\"150\" height=\"16\" src=\"https:\/\/www.unioviedo.es\/urbanred\/wp-content\/uploads\/2021\/02\/Publicaciones-150x16.png\" class=\"attachment-thumbnail size-thumbnail wp-post-image\" alt=\"\" style=\"\" sizes=\"auto, 100vw\" \/><\/div><a class=\"wp-block-latest-posts__post-title\" href=\"https:\/\/www.unioviedo.es\/urbanred\/analysis-of-madrids-urban-policies-in-the-period-2020-2021-towards-a-more-resilient-post-coronavirus-capital-2\/\">\u00abAnalysis of Madrid&#8217;s urban policies in the period 2020\u20132021: towards a more resilient post-coronavirus capital?\u00bb<\/a><time datetime=\"2022-12-06T12:14:00+01:00\" class=\"wp-block-latest-posts__post-date\">6 diciembre, 2022<\/time><div class=\"wp-block-latest-posts__post-excerpt\">Gregorio Hurtado, S. y Gharbi, N. (2022) En Armondi, S., Balducci, A., Bovo, M., Galimberti, B.: Cities learning from a pandemic. Towards preparedness.\u00a0 Editorial Routledge. pp. 80-102. Este trabajo analiza los marcos &hellip; <p class=\"link-more\"><a href=\"https:\/\/www.unioviedo.es\/urbanred\/analysis-of-madrids-urban-policies-in-the-period-2020-2021-towards-a-more-resilient-post-coronavirus-capital-2\/\" class=\"more-link\">Continuar leyendo<span class=\"screen-reader-text\"> \u00ab\u00abAnalysis of Madrid&#8217;s urban policies in the period 2020\u20132021: towards a more resilient post-coronavirus capital?\u00bb\u00bb<\/span><\/a><\/p><\/div><\/li>\n<li><div class=\"wp-block-latest-posts__featured-image\"><img loading=\"lazy\" decoding=\"async\" width=\"150\" height=\"16\" src=\"https:\/\/www.unioviedo.es\/urbanred\/wp-content\/uploads\/2021\/02\/Publicaciones-150x16.png\" class=\"attachment-thumbnail size-thumbnail wp-post-image\" alt=\"\" style=\"\" sizes=\"auto, 100vw\" \/><\/div><a class=\"wp-block-latest-posts__post-title\" href=\"https:\/\/www.unioviedo.es\/urbanred\/responses-from-urban-democratization-to-global-neoliberalism\/\">\u00abResponses from Urban Democratization  to Global Neoliberalism\u00bb<\/a><time datetime=\"2022-11-26T16:43:00+01:00\" class=\"wp-block-latest-posts__post-date\">26 noviembre, 2022<\/time><div class=\"wp-block-latest-posts__post-excerpt\">Lekue, I., Telleria, I. (2023) En: Zabalo, J., Filibi, I., Escajedo San-Epifanio, L. (eds) Made-to-Measure Future(s) for Democracy?. \u00a0Contributions to Political Science. Editorial Springer https:\/\/doi.org\/10.1007\/978-3-031-08608-3_4<\/div><\/li>\n<li><div class=\"wp-block-latest-posts__featured-image\"><img loading=\"lazy\" decoding=\"async\" width=\"150\" height=\"16\" src=\"https:\/\/www.unioviedo.es\/urbanred\/wp-content\/uploads\/2021\/02\/Publicaciones-150x16.png\" class=\"attachment-thumbnail size-thumbnail wp-post-image\" alt=\"\" style=\"\" sizes=\"auto, 100vw\" \/><\/div><a class=\"wp-block-latest-posts__post-title\" href=\"https:\/\/www.unioviedo.es\/urbanred\/analysing-the-spanish-urban-agenda-from-a-policy-transfer-perspective-advancing-to-more-resilient-post-covid-urban-areas\/\">\u00abAnalysing the Spanish Urban Agenda from a Policy Transfer Perspective.  Advancing to More Resilient Post-COVID Urban Areas\u00bb<\/a><time datetime=\"2022-11-24T16:32:00+01:00\" class=\"wp-block-latest-posts__post-date\">24 noviembre, 2022<\/time><div class=\"wp-block-latest-posts__post-excerpt\">Gonz\u00e1lez Medina, M. y De Gregorio Hurtado, S. (2022) In Gelli, F. y Basso, M.: Identifying Models of National Urban Agendas. A view to the Global Transition. Palgrave Mc Millan. pp. 289-309. &hellip; <p class=\"link-more\"><a href=\"https:\/\/www.unioviedo.es\/urbanred\/analysing-the-spanish-urban-agenda-from-a-policy-transfer-perspective-advancing-to-more-resilient-post-covid-urban-areas\/\" class=\"more-link\">Continuar leyendo<span class=\"screen-reader-text\"> \u00ab\u00abAnalysing the Spanish Urban Agenda from a Policy Transfer Perspective.  Advancing to More Resilient Post-COVID Urban Areas\u00bb\u00bb<\/span><\/a><\/p><\/div><\/li>\n<li><div class=\"wp-block-latest-posts__featured-image\"><img loading=\"lazy\" decoding=\"async\" width=\"150\" height=\"16\" src=\"https:\/\/www.unioviedo.es\/urbanred\/wp-content\/uploads\/2021\/02\/Publicaciones-150x16.png\" class=\"attachment-thumbnail size-thumbnail wp-post-image\" alt=\"\" style=\"\" sizes=\"auto, 100vw\" \/><\/div><a class=\"wp-block-latest-posts__post-title\" href=\"https:\/\/www.unioviedo.es\/urbanred\/guia-simplificada-de-diseno-ejecucion-e-incorporacion-de-la-agenda-2030-para-entidades-locales\/\">Gu\u00eda Simplificada de dise\u00f1o, ejecuci\u00f3n e incorporaci\u00f3n de la Agenda 2030 para Entidades Locales<\/a><time datetime=\"2022-11-15T11:50:00+01:00\" class=\"wp-block-latest-posts__post-date\">15 noviembre, 2022<\/time><div class=\"wp-block-latest-posts__post-excerpt\">Mar\u00eda Rosario Alonso Ib\u00e1\u00f1ez (Dir.) (2022) Direcci\u00f3n General de Gobernanza P\u00fablica, Transparencia, Participaci\u00f3n ciudadana y A2030 Consejer\u00eda de la Presidencia. Principado de Asturias<\/div><\/li>\n<li><div class=\"wp-block-latest-posts__featured-image\"><img loading=\"lazy\" decoding=\"async\" width=\"150\" height=\"16\" src=\"https:\/\/www.unioviedo.es\/urbanred\/wp-content\/uploads\/2021\/02\/Publicaciones-150x16.png\" class=\"attachment-thumbnail size-thumbnail wp-post-image\" alt=\"\" style=\"\" sizes=\"auto, 100vw\" \/><\/div><a class=\"wp-block-latest-posts__post-title\" href=\"https:\/\/www.unioviedo.es\/urbanred\/capacidad-institucional-y-contratacion-publica-experiencias-de-aprendizaje-organizativo-informal-en-la-administracion-local\/\">\u00abCapacidad institucional y contrataci\u00f3n p\u00fablica. Experiencias de aprendizaje organizativo informal en la administraci\u00f3n local\u00bb<\/a><time datetime=\"2022-11-09T12:15:00+01:00\" class=\"wp-block-latest-posts__post-date\">9 noviembre, 2022<\/time><div class=\"wp-block-latest-posts__post-excerpt\">Moneyba Gonz\u00e1lez Medina y Carmen Navarro (2022) Gesti\u00f3n y An\u00e1lisis de Pol\u00edticas P\u00fablicas, (29), 88\u2013102.&nbsp;Monogr\u00e1fico (julio 2022) https:\/\/doi.org\/10.24965\/gapp.11065 El art\u00edculo analiza la capacidad de las administraciones municipales en el \u00e1mbito de la &hellip; <p class=\"link-more\"><a href=\"https:\/\/www.unioviedo.es\/urbanred\/capacidad-institucional-y-contratacion-publica-experiencias-de-aprendizaje-organizativo-informal-en-la-administracion-local\/\" class=\"more-link\">Continuar leyendo<span class=\"screen-reader-text\"> \u00ab\u00abCapacidad institucional y contrataci\u00f3n p\u00fablica. Experiencias de aprendizaje organizativo informal en la administraci\u00f3n local\u00bb\u00bb<\/span><\/a><\/p><\/div><\/li>\n<li><div class=\"wp-block-latest-posts__featured-image\"><img loading=\"lazy\" decoding=\"async\" width=\"150\" height=\"16\" src=\"https:\/\/www.unioviedo.es\/urbanred\/wp-content\/uploads\/2021\/02\/Publicaciones-150x16.png\" class=\"attachment-thumbnail size-thumbnail wp-post-image\" alt=\"\" style=\"\" sizes=\"auto, 100vw\" \/><\/div><a class=\"wp-block-latest-posts__post-title\" href=\"https:\/\/www.unioviedo.es\/urbanred\/vulnerabilidad-en-los-barrios-de-malaga\/\">Vulnerabilidad en los barrios de M\u00e1laga<\/a><time datetime=\"2022-10-31T12:04:00+01:00\" class=\"wp-block-latest-posts__post-date\">31 octubre, 2022<\/time><div class=\"wp-block-latest-posts__post-excerpt\">B\u00e1rcena-Mart\u00edn, E., Garc\u00eda-Pe\u00f1a, C., Mar\u00edn Cots, P., Molina Luque, J., Palomares Pastor, M., and Ruiz Sinoga, J.D. (2021) Fundaci\u00f3n CIEDES. ISBN: 978-84-09-32208-4 El informe es fruto de la colaboraci\u00f3n de un equipo &hellip; <p class=\"link-more\"><a href=\"https:\/\/www.unioviedo.es\/urbanred\/vulnerabilidad-en-los-barrios-de-malaga\/\" class=\"more-link\">Continuar leyendo<span class=\"screen-reader-text\"> \u00abVulnerabilidad en los barrios de M\u00e1laga\u00bb<\/span><\/a><\/p><\/div><\/li>\n<li><div class=\"wp-block-latest-posts__featured-image\"><img loading=\"lazy\" decoding=\"async\" width=\"150\" height=\"16\" src=\"https:\/\/www.unioviedo.es\/urbanred\/wp-content\/uploads\/2021\/02\/Publicaciones-150x16.png\" class=\"attachment-thumbnail size-thumbnail wp-post-image\" alt=\"\" style=\"\" sizes=\"auto, 100vw\" \/><\/div><a class=\"wp-block-latest-posts__post-title\" href=\"https:\/\/www.unioviedo.es\/urbanred\/balancing-the-sustainability-in-the-2030-agenda-the-oecd-countries\/\">\u00abBalancing the sustainability in the 2030 agenda: the OECD countries\u00bb<\/a><time datetime=\"2022-10-26T11:53:00+02:00\" class=\"wp-block-latest-posts__post-date\">26 octubre, 2022<\/time><div class=\"wp-block-latest-posts__post-excerpt\">Carmen Garc\u00eda-Pe\u00f1a, B\u00e1rbara D\u00edaz, Mar\u00eda M. Mu\u00f1oz (2022) Journal of Integrative Environmental Sciences, 19(1), 243-271. https:\/\/doi.org\/10.1080\/1943815X.2022.2143530 M\u00e1s informaci\u00f3n<\/div><\/li>\n<li><div class=\"wp-block-latest-posts__featured-image\"><img loading=\"lazy\" decoding=\"async\" width=\"150\" height=\"16\" src=\"https:\/\/www.unioviedo.es\/urbanred\/wp-content\/uploads\/2021\/02\/Publicaciones-150x16.png\" class=\"attachment-thumbnail size-thumbnail wp-post-image\" alt=\"\" style=\"\" sizes=\"auto, 100vw\" \/><\/div><a class=\"wp-block-latest-posts__post-title\" href=\"https:\/\/www.unioviedo.es\/urbanred\/ciudades-circulares-y-viviendas-saludables-regimen-juridico-administrativo-y-proyeccion-social\/\">Ciudades Circulares y Viviendas Saludables. R\u00e9gimen  Jur\u00eddico Administrativo y Proyecci\u00f3n Social<\/a><time datetime=\"2022-10-19T19:08:00+02:00\" class=\"wp-block-latest-posts__post-date\">19 octubre, 2022<\/time><div class=\"wp-block-latest-posts__post-excerpt\">Mar\u00eda Luisa G\u00f3mez Jim\u00e9nez ( Dir.) (2022) Editorial Dykinson La obra aborda la necesidad de atender el examen de la sostenibilidad desde la perspectiva de la inteligencia territorial, pero en confluencia con &hellip; <p class=\"link-more\"><a href=\"https:\/\/www.unioviedo.es\/urbanred\/ciudades-circulares-y-viviendas-saludables-regimen-juridico-administrativo-y-proyeccion-social\/\" class=\"more-link\">Continuar leyendo<span class=\"screen-reader-text\"> \u00abCiudades Circulares y Viviendas Saludables. R\u00e9gimen  Jur\u00eddico Administrativo y Proyecci\u00f3n Social\u00bb<\/span><\/a><\/p><\/div><\/li>\n<li><div class=\"wp-block-latest-posts__featured-image\"><img loading=\"lazy\" decoding=\"async\" width=\"150\" height=\"16\" src=\"https:\/\/www.unioviedo.es\/urbanred\/wp-content\/uploads\/2021\/02\/Publicaciones-150x16.png\" class=\"attachment-thumbnail size-thumbnail wp-post-image\" alt=\"\" style=\"\" sizes=\"auto, 100vw\" \/><\/div><a class=\"wp-block-latest-posts__post-title\" href=\"https:\/\/www.unioviedo.es\/urbanred\/informe-sobre-la-localizacion-espacial-de-clusteres-tipologicos-de-vivienda-en-las-grandes-ciudades-espanolas-y-su-relacion-con-la-vulnerabilidad-urbana\/\">\u00abInforme sobre la localizaci\u00f3n espacial de cl\u00fasteres tipol\u00f3gicos de vivienda en las grandes ciudades espa\u00f1olas y su relaci\u00f3n con la vulnerabilidad urbana\u00bb<\/a><time datetime=\"2022-10-18T09:59:00+02:00\" class=\"wp-block-latest-posts__post-date\">18 octubre, 2022<\/time><div class=\"wp-block-latest-posts__post-excerpt\">Hern\u00e1ndez Aja, Agust\u00edn; Rodr\u00edguez Su\u00e1rez, Iv\u00e1n; \u00c1lvarez del Valle, Lucas; Mart\u00ednez Solano, Ainara; Viedma-Guiard, Andr\u00e9s y D\u00edez Bermejo, Ana (2022). Monograf\u00eda (Informe T\u00e9cnico). E.T.S. Arquitectura (UPM), Madrid. El objetivo del trabajo es &hellip; <p class=\"link-more\"><a href=\"https:\/\/www.unioviedo.es\/urbanred\/informe-sobre-la-localizacion-espacial-de-clusteres-tipologicos-de-vivienda-en-las-grandes-ciudades-espanolas-y-su-relacion-con-la-vulnerabilidad-urbana\/\" class=\"more-link\">Continuar leyendo<span class=\"screen-reader-text\"> \u00ab\u00abInforme sobre la localizaci\u00f3n espacial de cl\u00fasteres tipol\u00f3gicos de vivienda en las grandes ciudades espa\u00f1olas y su relaci\u00f3n con la vulnerabilidad urbana\u00bb\u00bb<\/span><\/a><\/p><\/div><\/li>\n<li><div class=\"wp-block-latest-posts__featured-image\"><img loading=\"lazy\" decoding=\"async\" width=\"150\" height=\"16\" src=\"https:\/\/www.unioviedo.es\/urbanred\/wp-content\/uploads\/2021\/02\/Publicaciones-150x16.png\" class=\"attachment-thumbnail size-thumbnail wp-post-image\" alt=\"\" style=\"\" sizes=\"auto, 100vw\" \/><\/div><a class=\"wp-block-latest-posts__post-title\" href=\"https:\/\/www.unioviedo.es\/urbanred\/la-ordenacion-de-los-espacios-marinos-protegidos-en-los-planes-de-ordenacion-del-espacio-maritimo\/\">\u00abLa ordenaci\u00f3n de los espacios marinos protegidos en los planes de ordenaci\u00f3n del espacio mar\u00edtimo\u00bb<\/a><time datetime=\"2022-10-10T19:20:00+02:00\" class=\"wp-block-latest-posts__post-date\">10 octubre, 2022<\/time><div class=\"wp-block-latest-posts__post-excerpt\">Josep Maria Aguirre i Font (2022) En El patrimonio natural en la era del cambio clim\u00e1tico. Actas del XVI Congreso de la Asociaci\u00f3n Espa\u00f1ola de Profesores de Derecho Administrativo, Oviedo 3-5 de &hellip; <p class=\"link-more\"><a href=\"https:\/\/www.unioviedo.es\/urbanred\/la-ordenacion-de-los-espacios-marinos-protegidos-en-los-planes-de-ordenacion-del-espacio-maritimo\/\" class=\"more-link\">Continuar leyendo<span class=\"screen-reader-text\"> \u00ab\u00abLa ordenaci\u00f3n de los espacios marinos protegidos en los planes de ordenaci\u00f3n del espacio mar\u00edtimo\u00bb\u00bb<\/span><\/a><\/p><\/div><\/li>\n<li><div class=\"wp-block-latest-posts__featured-image\"><img loading=\"lazy\" decoding=\"async\" width=\"150\" height=\"16\" src=\"https:\/\/www.unioviedo.es\/urbanred\/wp-content\/uploads\/2021\/02\/Publicaciones-150x16.png\" class=\"attachment-thumbnail size-thumbnail wp-post-image\" alt=\"\" style=\"\" sizes=\"auto, 100vw\" \/><\/div><a class=\"wp-block-latest-posts__post-title\" href=\"https:\/\/www.unioviedo.es\/urbanred\/el-principio-de-no-regresion-en-el-derecho-publico-monografia\/\">\u00abEl principio de no regresi\u00f3n en el derecho p\u00fablico\u00bb (Monograf\u00eda)<\/a><time datetime=\"2022-10-09T14:02:00+02:00\" class=\"wp-block-latest-posts__post-date\">9 octubre, 2022<\/time><div class=\"wp-block-latest-posts__post-excerpt\">Andr\u00e9s Manuel Gonz\u00e1lez Sanfiel (2022) Revista Aranzadi de Urbanismo y Edificaci\u00f3n, n\u00ba 2\/22 ISBN: 9788413918402 El principio de no regresi\u00f3n impide que se produzcan cambios en la normativa que protege valores extraordinarios, &hellip; <p class=\"link-more\"><a href=\"https:\/\/www.unioviedo.es\/urbanred\/el-principio-de-no-regresion-en-el-derecho-publico-monografia\/\" class=\"more-link\">Continuar leyendo<span class=\"screen-reader-text\"> \u00ab\u00abEl principio de no regresi\u00f3n en el derecho p\u00fablico\u00bb (Monograf\u00eda)\u00bb<\/span><\/a><\/p><\/div><\/li>\n<li><div class=\"wp-block-latest-posts__featured-image\"><img loading=\"lazy\" decoding=\"async\" width=\"150\" height=\"16\" src=\"https:\/\/www.unioviedo.es\/urbanred\/wp-content\/uploads\/2021\/02\/Publicaciones-150x16.png\" class=\"attachment-thumbnail size-thumbnail wp-post-image\" alt=\"\" style=\"\" sizes=\"auto, 100vw\" \/><\/div><a class=\"wp-block-latest-posts__post-title\" href=\"https:\/\/www.unioviedo.es\/urbanred\/inversion-urbana-y-beneficios\/\">\u00abInversi\u00f3n urbana y beneficios\u00bb<\/a><time datetime=\"2022-10-08T14:08:00+02:00\" class=\"wp-block-latest-posts__post-date\">8 octubre, 2022<\/time><div class=\"wp-block-latest-posts__post-excerpt\">Vicente Segu\u00ed P\u00e9rez (2022) La Tribuna&nbsp;del Diario Sur&nbsp;de M\u00e1laga Descarga el PDF M\u00e1s informaci\u00f3n<\/div><\/li>\n<li><div class=\"wp-block-latest-posts__featured-image\"><img loading=\"lazy\" decoding=\"async\" width=\"150\" height=\"16\" src=\"https:\/\/www.unioviedo.es\/urbanred\/wp-content\/uploads\/2021\/02\/Publicaciones-150x16.png\" class=\"attachment-thumbnail size-thumbnail wp-post-image\" alt=\"\" style=\"\" sizes=\"auto, 100vw\" \/><\/div><a class=\"wp-block-latest-posts__post-title\" href=\"https:\/\/www.unioviedo.es\/urbanred\/le-changement-de-paradigme-dans-la-gestion-des-autoroutes-en-espagne-une-question-en-suspens\/\">\u00abLe changement de paradigme dans la gestion des autoroutes en Espagne : une question en suspens\u00bb<\/a><time datetime=\"2022-10-07T17:07:00+02:00\" class=\"wp-block-latest-posts__post-date\">7 octubre, 2022<\/time><div class=\"wp-block-latest-posts__post-excerpt\">Albert Llad\u00f3 (2022) En Gestion &amp; Finances Publiques, num. 3\/2022, p. 19-23. M\u00e1s informaci\u00f3n<\/div><\/li>\n<\/ul>\n\n\n<div style=\"height:36px\" aria-hidden=\"true\" class=\"wp-block-spacer\"><\/div>\n\n\n\n<div class=\"wp-block-media-text alignwide is-stacked-on-mobile is-vertically-aligned-center\" style=\"grid-template-columns:15% auto\"><figure class=\"wp-block-media-text__media\"><img loading=\"lazy\" decoding=\"async\" width=\"200\" height=\"200\" src=\"https:\/\/www.unioviedo.es\/urbanred\/wp-content\/uploads\/2021\/03\/icoFormacion2.png\" alt=\"\" class=\"wp-image-847 size-full\" srcset=\"https:\/\/www.unioviedo.es\/urbanred\/wp-content\/uploads\/2021\/03\/icoFormacion2.png 200w, https:\/\/www.unioviedo.es\/urbanred\/wp-content\/uploads\/2021\/03\/icoFormacion2-150x150.png 150w, https:\/\/www.unioviedo.es\/urbanred\/wp-content\/uploads\/2021\/03\/icoFormacion2-100x100.png 100w\" sizes=\"auto, (max-width: 200px) 100vw, 200px\" \/><\/figure><div class=\"wp-block-media-text__content\">\n<p class=\"has-background\" style=\"background-color:#50e1a7;font-size:26px\">  Formaci\u00f3n<\/p>\n<\/div><\/div>\n\n\n<ul class=\"wp-block-latest-posts__list wp-block-latest-posts\"><li><a class=\"wp-block-latest-posts__post-title\" href=\"https:\/\/www.unioviedo.es\/urbanred\/curso-de-postgrado-en-derecho-urbanistico-6a-edicion\/\">Curso de Postgrado en Derecho Urban\u00edstico (6\u00aa edici\u00f3n)<\/a><div class=\"wp-block-latest-posts__post-excerpt\">Del 17 de octubre de 2022 al 25 de mayo de 2023 Presencial \/ videoconferencia Fundaci\u00f3 Universitat de Girona: Innovaci\u00f3 i Formaci\u00f3 (FUdGIF) M\u00e1s informaci\u00f3n<\/div><\/li>\n<\/ul>\n\n\n<div style=\"height:36px\" aria-hidden=\"true\" class=\"wp-block-spacer\"><\/div>\n\n\n\n<div class=\"wp-block-media-text alignwide has-media-on-the-right is-stacked-on-mobile is-vertically-aligned-center\" style=\"grid-template-columns:auto 15%\"><figure class=\"wp-block-media-text__media\"><img loading=\"lazy\" decoding=\"async\" width=\"200\" height=\"200\" src=\"https:\/\/www.unioviedo.es\/urbanred\/wp-content\/uploads\/2021\/03\/icoOtros2.png\" alt=\"\" class=\"wp-image-848 size-full\" srcset=\"https:\/\/www.unioviedo.es\/urbanred\/wp-content\/uploads\/2021\/03\/icoOtros2.png 200w, https:\/\/www.unioviedo.es\/urbanred\/wp-content\/uploads\/2021\/03\/icoOtros2-150x150.png 150w, https:\/\/www.unioviedo.es\/urbanred\/wp-content\/uploads\/2021\/03\/icoOtros2-100x100.png 100w\" sizes=\"auto, (max-width: 200px) 100vw, 200px\" \/><\/figure><div class=\"wp-block-media-text__content\">\n<p class=\"has-text-align-right has-background\" style=\"background-color:#ffba6e;font-size:26px\">  Otros materiales  <\/p>\n<\/div><\/div>\n\n\n<ul class=\"wp-block-latest-posts__list is-grid columns-2 has-dates alignleft wp-block-latest-posts\"><li><div class=\"wp-block-latest-posts__featured-image\"><img loading=\"lazy\" decoding=\"async\" width=\"150\" height=\"16\" src=\"https:\/\/www.unioviedo.es\/urbanred\/wp-content\/uploads\/2021\/02\/Otros-materiales-150x16.png\" class=\"attachment-thumbnail size-thumbnail wp-post-image\" alt=\"\" style=\"\" sizes=\"auto, 100vw\" \/><\/div><a class=\"wp-block-latest-posts__post-title\" href=\"https:\/\/www.unioviedo.es\/urbanred\/asociacion-espanola-de-derecho-urbanistico-aedur\/\">Asociaci\u00f3n Espa\u00f1ola de Derecho Urban\u00edstico (AEDUR)<\/a><time datetime=\"2022-12-01T16:09:00+01:00\" class=\"wp-block-latest-posts__post-date\">1 diciembre, 2022<\/time><div class=\"wp-block-latest-posts__post-excerpt\">Se ha creado la Asociaci\u00f3n Espa\u00f1ola de Derecho Urban\u00edstico (AEDUR), cuya finalidad ser\u00e1 promover las relaciones cient\u00edficas entre personas con formaci\u00f3n jur\u00eddica y de otras especialidades vinculadas con el urbanismo, tanto de &hellip; <p class=\"link-more\"><a href=\"https:\/\/www.unioviedo.es\/urbanred\/asociacion-espanola-de-derecho-urbanistico-aedur\/\" class=\"more-link\">Continuar leyendo<span class=\"screen-reader-text\"> \u00abAsociaci\u00f3n Espa\u00f1ola de Derecho Urban\u00edstico (AEDUR)\u00bb<\/span><\/a><\/p><\/div><\/li>\n<\/ul>\n\n\n<p><\/p>\n","protected":false},"excerpt":{"rendered":"<p>Bolet\u00edn del Observatorio Eventos Publicaciones Formaci\u00f3n Otros materiales<\/p>\n","protected":false},"author":1,"featured_media":0,"parent":0,"menu_order":0,"comment_status":"closed","ping_status":"closed","template":"","meta":{"footnotes":""},"class_list":["post-1919","page","type-page","status-publish","hentry"],"_links":{"self":[{"href":"https:\/\/www.unioviedo.es\/urbanred\/wp-json\/wp\/v2\/pages\/1919","targetHints":{"allow":["GET"]}}],"collection":[{"href":"https:\/\/www.unioviedo.es\/urbanred\/wp-json\/wp\/v2\/pages"}],"about":[{"href":"https:\/\/www.unioviedo.es\/urbanred\/wp-json\/wp\/v2\/types\/page"}],"author":[{"embeddable":true,"href":"https:\/\/www.unioviedo.es\/urbanred\/wp-json\/wp\/v2\/users\/1"}],"replies":[{"embeddable":true,"href":"https:\/\/www.unioviedo.es\/urbanred\/wp-json\/wp\/v2\/comments?post=1919"}],"version-history":[{"count":1,"href":"https:\/\/www.unioviedo.es\/urbanred\/wp-json\/wp\/v2\/pages\/1919\/revisions"}],"predecessor-version":[{"id":1920,"href":"https:\/\/www.unioviedo.es\/urbanred\/wp-json\/wp\/v2\/pages\/1919\/revisions\/1920"}],"wp:attachment":[{"href":"https:\/\/www.unioviedo.es\/urbanred\/wp-json\/wp\/v2\/media?parent=1919"}],"curies":[{"name":"wp","href":"https:\/\/api.w.org\/{rel}","templated":true}]}}