{"id":1976,"date":"2023-04-10T11:21:00","date_gmt":"2023-04-10T09:21:00","guid":{"rendered":"https:\/\/www.unioviedo.es\/urbanred\/?page_id=1976"},"modified":"2023-04-10T11:53:02","modified_gmt":"2023-04-10T09:53:02","slug":"boletin202309","status":"publish","type":"page","link":"https:\/\/www.unioviedo.es\/urbanred\/boletin202309\/","title":{"rendered":"Bolet\u00edn n\u00ba 9, enero- marzo 2023"},"content":{"rendered":"\n<div class=\"wp-block-media-text alignwide is-stacked-on-mobile is-vertically-aligned-center\" style=\"grid-template-columns:31% auto\"><figure class=\"wp-block-media-text__media\"><img loading=\"lazy\" decoding=\"async\" width=\"772\" height=\"772\" src=\"https:\/\/www.unioviedo.es\/urbanred\/wp-content\/uploads\/2021\/03\/Boletin-Observatorio.png\" alt=\"\" class=\"wp-image-857 size-full\" srcset=\"https:\/\/www.unioviedo.es\/urbanred\/wp-content\/uploads\/2021\/03\/Boletin-Observatorio.png 772w, https:\/\/www.unioviedo.es\/urbanred\/wp-content\/uploads\/2021\/03\/Boletin-Observatorio-300x300.png 300w, https:\/\/www.unioviedo.es\/urbanred\/wp-content\/uploads\/2021\/03\/Boletin-Observatorio-150x150.png 150w, https:\/\/www.unioviedo.es\/urbanred\/wp-content\/uploads\/2021\/03\/Boletin-Observatorio-768x768.png 768w, https:\/\/www.unioviedo.es\/urbanred\/wp-content\/uploads\/2021\/03\/Boletin-Observatorio-100x100.png 100w\" sizes=\"auto, (max-width: 767px) 89vw, (max-width: 1000px) 54vw, (max-width: 1071px) 543px, 580px\" \/><\/figure><div class=\"wp-block-media-text__content\">\n<p class=\"has-text-color\" style=\"color:#2d2d2d;font-size:30px;line-height:0\">Bolet\u00edn del Observatorio<\/p>\n<\/div><\/div>\n\n\n\n<div class=\"wp-block-media-text alignwide is-stacked-on-mobile is-vertically-aligned-center\" style=\"grid-template-columns:15% auto\"><figure class=\"wp-block-media-text__media\"><img loading=\"lazy\" decoding=\"async\" width=\"200\" height=\"200\" src=\"https:\/\/www.unioviedo.es\/urbanred\/wp-content\/uploads\/2021\/03\/icoEventos2.png\" alt=\"\" class=\"wp-image-846 size-full\" srcset=\"https:\/\/www.unioviedo.es\/urbanred\/wp-content\/uploads\/2021\/03\/icoEventos2.png 200w, https:\/\/www.unioviedo.es\/urbanred\/wp-content\/uploads\/2021\/03\/icoEventos2-150x150.png 150w, https:\/\/www.unioviedo.es\/urbanred\/wp-content\/uploads\/2021\/03\/icoEventos2-100x100.png 100w\" sizes=\"auto, (max-width: 200px) 100vw, 200px\" \/><\/figure><div class=\"wp-block-media-text__content\">\n<p class=\"has-background\" style=\"background-color:#48b8ff;font-size:26px\">  Eventos<\/p>\n<\/div><\/div>\n\n\n<ul class=\"wp-block-latest-posts__list is-grid columns-2 has-dates alignleft wp-block-latest-posts\"><li><div class=\"wp-block-latest-posts__featured-image\"><img loading=\"lazy\" decoding=\"async\" width=\"150\" height=\"16\" src=\"https:\/\/www.unioviedo.es\/urbanred\/wp-content\/uploads\/2021\/02\/Eventos-150x16.png\" class=\"attachment-thumbnail size-thumbnail wp-post-image\" alt=\"\" style=\"\" sizes=\"auto, 100vw\" \/><\/div><a class=\"wp-block-latest-posts__post-title\" href=\"https:\/\/www.unioviedo.es\/urbanred\/el-contenido-energetico-de-la-sostenibilidad-urbana-presentacion-del-libro-el-hacer-urbano-de-la-union-europea\/\">El contenido energ\u00e9tico de la sostenibilidad urbana<\/a><time datetime=\"2023-02-01T20:03:14+01:00\" class=\"wp-block-latest-posts__post-date\">1 febrero, 2023<\/time><div class=\"wp-block-latest-posts__post-excerpt\">Presentaci\u00f3n del libro \u00abEl hacer urbano de la Uni\u00f3n Europea\u00bb El 6 de febrero Susana Galera present\u00f3 su \u00faltimo trabajo sobre urbanismo sostenible en clave energ\u00e9tica en el Campus Madrid Princesa. En &hellip; <p class=\"link-more\"><a href=\"https:\/\/www.unioviedo.es\/urbanred\/el-contenido-energetico-de-la-sostenibilidad-urbana-presentacion-del-libro-el-hacer-urbano-de-la-union-europea\/\" class=\"more-link\">Continuar leyendo<span class=\"screen-reader-text\"> \u00abEl contenido energ\u00e9tico de la sostenibilidad urbana\u00bb<\/span><\/a><\/p><\/div><\/li>\n<li><div class=\"wp-block-latest-posts__featured-image\"><img loading=\"lazy\" decoding=\"async\" width=\"150\" height=\"16\" src=\"https:\/\/www.unioviedo.es\/urbanred\/wp-content\/uploads\/2021\/02\/Eventos-150x16.png\" class=\"attachment-thumbnail size-thumbnail wp-post-image\" alt=\"\" style=\"\" sizes=\"auto, 100vw\" \/><\/div><a class=\"wp-block-latest-posts__post-title\" href=\"https:\/\/www.unioviedo.es\/urbanred\/seminario-sobre-riesgos-naturales-territorio-y-derecho\/\">Seminario sobre riesgos naturales, territorio y derecho<\/a><time datetime=\"2023-02-09T13:40:16+01:00\" class=\"wp-block-latest-posts__post-date\">9 febrero, 2023<\/time><div class=\"wp-block-latest-posts__post-excerpt\">5\u00aa Edici\u00f3n M\u00e1ster en Derecho Urban\u00edstico Universidad de La Laguna 1, 2 y 3 de marzo de 2023, 16:30 h &#8211; 20:30 h. Sala de Juntas de la Facultad de Derecho. Universidad &hellip; <p class=\"link-more\"><a href=\"https:\/\/www.unioviedo.es\/urbanred\/seminario-sobre-riesgos-naturales-territorio-y-derecho\/\" class=\"more-link\">Continuar leyendo<span class=\"screen-reader-text\"> \u00abSeminario sobre riesgos naturales, territorio y derecho\u00bb<\/span><\/a><\/p><\/div><\/li>\n<li><div class=\"wp-block-latest-posts__featured-image\"><img loading=\"lazy\" decoding=\"async\" width=\"150\" height=\"16\" src=\"https:\/\/www.unioviedo.es\/urbanred\/wp-content\/uploads\/2021\/02\/Eventos-150x16.png\" class=\"attachment-thumbnail size-thumbnail wp-post-image\" alt=\"\" style=\"\" sizes=\"auto, 100vw\" \/><\/div><a class=\"wp-block-latest-posts__post-title\" href=\"https:\/\/www.unioviedo.es\/urbanred\/ultimo-seminario-de-investigacion-framet\/\">\u00daltimo Seminario de Investigaci\u00f3n FRAMET<\/a><time datetime=\"2023-02-14T14:24:11+01:00\" class=\"wp-block-latest-posts__post-date\">14 febrero, 2023<\/time><div class=\"wp-block-latest-posts__post-excerpt\">El pasado 14 de enero de 2023 tuvo lugar el \u00faltimo Seminario de Investigaci\u00f3n FRAMET: Metr\u00f3polis Fracturadas . Vivienda, segregaci\u00f3n, densidad institucional y actitudes pol\u00edticas en las grandes ciudades espa\u00f1olas. La jornada &hellip; <p class=\"link-more\"><a href=\"https:\/\/www.unioviedo.es\/urbanred\/ultimo-seminario-de-investigacion-framet\/\" class=\"more-link\">Continuar leyendo<span class=\"screen-reader-text\"> \u00ab\u00daltimo Seminario de Investigaci\u00f3n FRAMET\u00bb<\/span><\/a><\/p><\/div><\/li>\n<li><div class=\"wp-block-latest-posts__featured-image\"><img loading=\"lazy\" decoding=\"async\" width=\"150\" height=\"16\" src=\"https:\/\/www.unioviedo.es\/urbanred\/wp-content\/uploads\/2021\/02\/Eventos-150x16.png\" class=\"attachment-thumbnail size-thumbnail wp-post-image\" alt=\"\" style=\"\" sizes=\"auto, 100vw\" \/><\/div><a class=\"wp-block-latest-posts__post-title\" href=\"https:\/\/www.unioviedo.es\/urbanred\/seminario-urb_int-escenarios-y-premisas-ante-la-crisis-ecosocial\/\">Seminario [URB_inT]: Escenarios y premisas ante la crisis ecosocial<\/a><time datetime=\"2023-02-28T12:45:35+01:00\" class=\"wp-block-latest-posts__post-date\">28 febrero, 2023<\/time><div class=\"wp-block-latest-posts__post-excerpt\">El martes 7 de marzo a las 9:30h en la Sala de Consejos de la Escuela T\u00e9cnica Superior de Arquitectura de Madrid (UPM), tendr\u00e1 lugar el primer seminario del proyecto [URB_inT] bajo &hellip; <p class=\"link-more\"><a href=\"https:\/\/www.unioviedo.es\/urbanred\/seminario-urb_int-escenarios-y-premisas-ante-la-crisis-ecosocial\/\" class=\"more-link\">Continuar leyendo<span class=\"screen-reader-text\"> \u00abSeminario [URB_inT]: Escenarios y premisas ante la crisis ecosocial\u00bb<\/span><\/a><\/p><\/div><\/li>\n<li><div class=\"wp-block-latest-posts__featured-image\"><img loading=\"lazy\" decoding=\"async\" width=\"150\" height=\"16\" src=\"https:\/\/www.unioviedo.es\/urbanred\/wp-content\/uploads\/2021\/02\/Eventos-150x16.png\" class=\"attachment-thumbnail size-thumbnail wp-post-image\" alt=\"\" style=\"\" sizes=\"auto, 100vw\" \/><\/div><a class=\"wp-block-latest-posts__post-title\" href=\"https:\/\/www.unioviedo.es\/urbanred\/seminario-sobre-riesgos-naturales-territorio-y-derecho-2\/\">Seminario sobre riesgos naturales, territorio y derecho<\/a><time datetime=\"2023-03-03T21:28:00+01:00\" class=\"wp-block-latest-posts__post-date\">3 marzo, 2023<\/time><div class=\"wp-block-latest-posts__post-excerpt\">1, 2 y 3 de marzo de 2023. 16.30h-20.30h 5\u00aa edici\u00f3n M\u00e1ster en Derecho Urban\u00edstico. Universidad de La Laguna. Coordinadora: Dra. Alicia Espejo Campos<\/div><\/li>\n<li><div class=\"wp-block-latest-posts__featured-image\"><img loading=\"lazy\" decoding=\"async\" width=\"150\" height=\"16\" src=\"https:\/\/www.unioviedo.es\/urbanred\/wp-content\/uploads\/2021\/02\/Eventos-150x16.png\" class=\"attachment-thumbnail size-thumbnail wp-post-image\" alt=\"\" style=\"\" sizes=\"auto, 100vw\" \/><\/div><a class=\"wp-block-latest-posts__post-title\" href=\"https:\/\/www.unioviedo.es\/urbanred\/seminario-urb_int-dimensiones-de-la-vulnerabilidad-urbana-en-un-contexto-de-crisis-ecosocial-bases-de-datos-y-fuentes-estadisticas\/\">Seminario [URB_inT]: Dimensiones de la vulnerabilidad urbana en un contexto de crisis ecosocial: bases de datos y fuentes estad\u00edsticas<\/a><time datetime=\"2023-03-07T22:00:00+01:00\" class=\"wp-block-latest-posts__post-date\">7 marzo, 2023<\/time><div class=\"wp-block-latest-posts__post-excerpt\">El seminario tendr\u00e1 lugar el mi\u00e9rcoles 22 de marzo, a las 9:00 h, en la Sala de Grados B de la Escuela T\u00e9cnica Superior de Arquitectura de Madrid (UPM). Se podr\u00e1 seguir &hellip; <p class=\"link-more\"><a href=\"https:\/\/www.unioviedo.es\/urbanred\/seminario-urb_int-dimensiones-de-la-vulnerabilidad-urbana-en-un-contexto-de-crisis-ecosocial-bases-de-datos-y-fuentes-estadisticas\/\" class=\"more-link\">Continuar leyendo<span class=\"screen-reader-text\"> \u00abSeminario [URB_inT]: Dimensiones de la vulnerabilidad urbana en un contexto de crisis ecosocial: bases de datos y fuentes estad\u00edsticas\u00bb<\/span><\/a><\/p><\/div><\/li>\n<li><div class=\"wp-block-latest-posts__featured-image\"><img loading=\"lazy\" decoding=\"async\" width=\"150\" height=\"16\" src=\"https:\/\/www.unioviedo.es\/urbanred\/wp-content\/uploads\/2021\/02\/Eventos-150x16.png\" class=\"attachment-thumbnail size-thumbnail wp-post-image\" alt=\"\" style=\"\" sizes=\"auto, 100vw\" \/><\/div><a class=\"wp-block-latest-posts__post-title\" href=\"https:\/\/www.unioviedo.es\/urbanred\/encuentro-de-la-fundacion-conama\/\">Encuentro de la Fundaci\u00f3n CONAMA<\/a><time datetime=\"2023-03-10T21:53:09+01:00\" class=\"wp-block-latest-posts__post-date\">10 marzo, 2023<\/time><div class=\"wp-block-latest-posts__post-excerpt\">Del 21 al 23 de marzo se celebrar\u00e1 en Etopia (Centro de Arte y Tecnolog\u00eda), el Conama Local de Zaragoza. El programa que se desarrollar\u00e1 durante los tres d\u00edas del encuentro consta &hellip; <p class=\"link-more\"><a href=\"https:\/\/www.unioviedo.es\/urbanred\/encuentro-de-la-fundacion-conama\/\" class=\"more-link\">Continuar leyendo<span class=\"screen-reader-text\"> \u00abEncuentro de la Fundaci\u00f3n CONAMA\u00bb<\/span><\/a><\/p><\/div><\/li>\n<li><div class=\"wp-block-latest-posts__featured-image\"><img loading=\"lazy\" decoding=\"async\" width=\"150\" height=\"16\" src=\"https:\/\/www.unioviedo.es\/urbanred\/wp-content\/uploads\/2021\/02\/Eventos-150x16.png\" class=\"attachment-thumbnail size-thumbnail wp-post-image\" alt=\"\" style=\"\" sizes=\"auto, 100vw\" \/><\/div><a class=\"wp-block-latest-posts__post-title\" href=\"https:\/\/www.unioviedo.es\/urbanred\/seminario-urb_int-sitopia-alimentacion-territorio-y-ciudad\/\">Seminario [URB_inT]: Sitop\u00eda, alimentaci\u00f3n, territorio y ciudad<\/a><time datetime=\"2023-03-16T17:08:47+01:00\" class=\"wp-block-latest-posts__post-date\">16 marzo, 2023<\/time><div class=\"wp-block-latest-posts__post-excerpt\">Como actividad complementaria del proyecto&nbsp;[URB_inT] Estrategias para la transici\u00f3n ecosocial de las grandes \u00e1reas urbanas espa\u00f1olas en un escenario de crisis clim\u00e1tica y escasez de recursos, RE-HAB ha organizado el seminario&nbsp;Sitop\u00eda, alimentaci\u00f3n, &hellip; <p class=\"link-more\"><a href=\"https:\/\/www.unioviedo.es\/urbanred\/seminario-urb_int-sitopia-alimentacion-territorio-y-ciudad\/\" class=\"more-link\">Continuar leyendo<span class=\"screen-reader-text\"> \u00abSeminario [URB_inT]: Sitop\u00eda, alimentaci\u00f3n, territorio y ciudad\u00bb<\/span><\/a><\/p><\/div><\/li>\n<li><div class=\"wp-block-latest-posts__featured-image\"><img loading=\"lazy\" decoding=\"async\" width=\"150\" height=\"16\" src=\"https:\/\/www.unioviedo.es\/urbanred\/wp-content\/uploads\/2021\/02\/Eventos-150x16.png\" class=\"attachment-thumbnail size-thumbnail wp-post-image\" alt=\"\" style=\"\" sizes=\"auto, 100vw\" \/><\/div><a class=\"wp-block-latest-posts__post-title\" href=\"https:\/\/www.unioviedo.es\/urbanred\/xi-ciot-transiciones-ecologica-energetica-digital-demografica-alimentaria-economica-social-y-cultural-transicion-territorial\/\">XI CIOT: \u00abTransiciones Ecol\u00f3gica, energ\u00e9tica, digital, demogr\u00e1fica, alimentaria, econ\u00f3mica, social y cultural\u2026 TRANSICION TERRITORIAL\u00bb<\/a><time datetime=\"2023-03-31T21:40:00+02:00\" class=\"wp-block-latest-posts__post-date\">31 marzo, 2023<\/time><div class=\"wp-block-latest-posts__post-excerpt\">Se celebrar\u00e1 en La Laboral &#8211; Ciudad de la Cultura (Gij\u00f3n\/Xix\u00f3n) los d\u00edas 25, 26 y 27 de octubre de 2023. El XI Congreso Internacional de Ordenaci\u00f3n del Territorio (CIOT) est\u00e1 coorganizado &hellip; <p class=\"link-more\"><a href=\"https:\/\/www.unioviedo.es\/urbanred\/xi-ciot-transiciones-ecologica-energetica-digital-demografica-alimentaria-economica-social-y-cultural-transicion-territorial\/\" class=\"more-link\">Continuar leyendo<span class=\"screen-reader-text\"> \u00abXI CIOT: \u00abTransiciones Ecol\u00f3gica, energ\u00e9tica, digital, demogr\u00e1fica, alimentaria, econ\u00f3mica, social y cultural\u2026 TRANSICION TERRITORIAL\u00bb\u00bb<\/span><\/a><\/p><\/div><\/li>\n<\/ul>\n\n\n<div style=\"height:30px\" aria-hidden=\"true\" class=\"wp-block-spacer\"><\/div>\n\n\n\n<div class=\"wp-block-media-text alignwide has-media-on-the-right is-stacked-on-mobile\" style=\"grid-template-columns:auto 15%\"><figure class=\"wp-block-media-text__media\"><img loading=\"lazy\" decoding=\"async\" width=\"200\" height=\"200\" src=\"https:\/\/www.unioviedo.es\/urbanred\/wp-content\/uploads\/2021\/03\/icoPublicacion2.png\" alt=\"\" class=\"wp-image-849 size-full\" srcset=\"https:\/\/www.unioviedo.es\/urbanred\/wp-content\/uploads\/2021\/03\/icoPublicacion2.png 200w, https:\/\/www.unioviedo.es\/urbanred\/wp-content\/uploads\/2021\/03\/icoPublicacion2-150x150.png 150w, https:\/\/www.unioviedo.es\/urbanred\/wp-content\/uploads\/2021\/03\/icoPublicacion2-100x100.png 100w\" sizes=\"auto, (max-width: 200px) 100vw, 200px\" \/><\/figure><div class=\"wp-block-media-text__content\">\n<p class=\"has-text-align-right has-background\" style=\"background-color:#b4c3ce;font-size:26px\">  Publicaciones  <\/p>\n<\/div><\/div>\n\n\n<ul class=\"wp-block-latest-posts__list is-grid columns-2 has-dates wp-block-latest-posts\"><li><div class=\"wp-block-latest-posts__featured-image\"><img loading=\"lazy\" decoding=\"async\" width=\"150\" height=\"16\" src=\"https:\/\/www.unioviedo.es\/urbanred\/wp-content\/uploads\/2021\/02\/Publicaciones-150x16.png\" class=\"attachment-thumbnail size-thumbnail wp-post-image\" alt=\"\" style=\"\" sizes=\"auto, 100vw\" \/><\/div><a class=\"wp-block-latest-posts__post-title\" href=\"https:\/\/www.unioviedo.es\/urbanred\/politica-de-medio-ambiente-y-accion-por-el-clima\/\">\u00abPol\u00edtica de medio ambiente y acci\u00f3n por el clima\u00bb<\/a><time datetime=\"2023-03-31T11:40:00+02:00\" class=\"wp-block-latest-posts__post-date\">31 marzo, 2023<\/time><div class=\"wp-block-latest-posts__post-excerpt\">Gu\u00eda de pol\u00edticas de la Uni\u00f3n Europea 2022 Isabel Hern\u00e1ndez San Juan (Octubre 2022) ISBN: 978-84-451-4032-1. La Gu\u00eda de pol\u00edticas de la Uni\u00f3n Europea se edita cada a\u00f1o, producto de la colaboraci\u00f3n &hellip; <p class=\"link-more\"><a href=\"https:\/\/www.unioviedo.es\/urbanred\/politica-de-medio-ambiente-y-accion-por-el-clima\/\" class=\"more-link\">Continuar leyendo<span class=\"screen-reader-text\"> \u00ab\u00abPol\u00edtica de medio ambiente y acci\u00f3n por el clima\u00bb\u00bb<\/span><\/a><\/p><\/div><\/li>\n<li><div class=\"wp-block-latest-posts__featured-image\"><img loading=\"lazy\" decoding=\"async\" width=\"150\" height=\"16\" src=\"https:\/\/www.unioviedo.es\/urbanred\/wp-content\/uploads\/2021\/02\/Publicaciones-150x16.png\" class=\"attachment-thumbnail size-thumbnail wp-post-image\" alt=\"\" style=\"\" sizes=\"auto, 100vw\" \/><\/div><a class=\"wp-block-latest-posts__post-title\" href=\"https:\/\/www.unioviedo.es\/urbanred\/redes-de-politicas-en-el-marco-de-la-agenda-urbana-para-la-ue-la-influencia-de-las-coaliciones-tematicas-en-la-politizacion-de-la-toma-de-decisiones-a-escala-europea\/\">\u00abRedes de pol\u00edticas en el marco de la Agenda Urbana para la UE. La influencia de las coaliciones tem\u00e1ticas en la politizaci\u00f3n de la toma de decisiones a escala europea\u00bb<\/a><time datetime=\"2023-03-20T20:59:00+01:00\" class=\"wp-block-latest-posts__post-date\">20 marzo, 2023<\/time><div class=\"wp-block-latest-posts__post-excerpt\">Sevillano, Alicia; Gonz\u00e1lez-Medina, Moneyba; Bouza, Luis (2023) Revista espa\u00f1ola de ciencia pol\u00edtica ISSN 1575-6548, N\u00ba. 61, 2023, p\u00e1gs. 37-63 El art\u00edculo explora el m\u00e9todo de coaliciones tem\u00e1ticas multinivel para el desarrollo de &hellip; <p class=\"link-more\"><a href=\"https:\/\/www.unioviedo.es\/urbanred\/redes-de-politicas-en-el-marco-de-la-agenda-urbana-para-la-ue-la-influencia-de-las-coaliciones-tematicas-en-la-politizacion-de-la-toma-de-decisiones-a-escala-europea\/\" class=\"more-link\">Continuar leyendo<span class=\"screen-reader-text\"> \u00ab\u00abRedes de pol\u00edticas en el marco de la Agenda Urbana para la UE. La influencia de las coaliciones tem\u00e1ticas en la politizaci\u00f3n de la toma de decisiones a escala europea\u00bb\u00bb<\/span><\/a><\/p><\/div><\/li>\n<li><div class=\"wp-block-latest-posts__featured-image\"><img loading=\"lazy\" decoding=\"async\" width=\"150\" height=\"16\" src=\"https:\/\/www.unioviedo.es\/urbanred\/wp-content\/uploads\/2021\/02\/Publicaciones-150x16.png\" class=\"attachment-thumbnail size-thumbnail wp-post-image\" alt=\"\" style=\"\" sizes=\"auto, 100vw\" \/><\/div><a class=\"wp-block-latest-posts__post-title\" href=\"https:\/\/www.unioviedo.es\/urbanred\/analysis-of-madrids-urban-policies-in-the-period-2020-2021-towards-a-more-resilient-post-coronavirus-capital-3\/\">\u00abAnalysis of Madrid&#8217;s urban policies in the period 2020\u20132021: towards a more resilient post-coronavirus capital?\u00bb<\/a><time datetime=\"2023-03-06T20:31:00+01:00\" class=\"wp-block-latest-posts__post-date\">6 marzo, 2023<\/time><div class=\"wp-block-latest-posts__post-excerpt\">De Gregorio Hurtado, S. y Gharbi, N. (2022) En Armondi, S., Balducci, A., Bovo, M., Galimberti, B.: Cities learning from a pandemic. Towards preparedness Routledge. 80-102. ISBN 9781032147666 COVID-19 has stressed the &hellip; <p class=\"link-more\"><a href=\"https:\/\/www.unioviedo.es\/urbanred\/analysis-of-madrids-urban-policies-in-the-period-2020-2021-towards-a-more-resilient-post-coronavirus-capital-3\/\" class=\"more-link\">Continuar leyendo<span class=\"screen-reader-text\"> \u00ab\u00abAnalysis of Madrid&#8217;s urban policies in the period 2020\u20132021: towards a more resilient post-coronavirus capital?\u00bb\u00bb<\/span><\/a><\/p><\/div><\/li>\n<li><div class=\"wp-block-latest-posts__featured-image\"><img loading=\"lazy\" decoding=\"async\" width=\"150\" height=\"16\" src=\"https:\/\/www.unioviedo.es\/urbanred\/wp-content\/uploads\/2021\/02\/Publicaciones-150x16.png\" class=\"attachment-thumbnail size-thumbnail wp-post-image\" alt=\"\" style=\"\" sizes=\"auto, 100vw\" \/><\/div><a class=\"wp-block-latest-posts__post-title\" href=\"https:\/\/www.unioviedo.es\/urbanred\/la-dimension-urbana-del-plan-de-recuperacion-transformacion-y-resiliencia-de-espana-un-analisis-desde-la-perspectiva-de-los-estudios-sobre-europeizacion\/\">\u00abLa dimensi\u00f3n urbana del Plan de Recuperaci\u00f3n, Transformaci\u00f3n y Resiliencia de Espa\u00f1a. Un an\u00e1lisis desde la perspectiva de los estudios sobre Europeizaci\u00f3n\u00bb<\/a><time datetime=\"2023-02-28T20:08:00+01:00\" class=\"wp-block-latest-posts__post-date\">28 febrero, 2023<\/time><div class=\"wp-block-latest-posts__post-excerpt\">Sonia De Gregorio Hurtado (2023) ACE: Architecture, City and Environment, 51. Disponible online. Este trabajo parte de la identificaci\u00f3n del potencial del Plan de Recuperaci\u00f3n, Transformaci\u00f3n y Resiliencia (PRTR) de Espa\u00f1a para &hellip; <p class=\"link-more\"><a href=\"https:\/\/www.unioviedo.es\/urbanred\/la-dimension-urbana-del-plan-de-recuperacion-transformacion-y-resiliencia-de-espana-un-analisis-desde-la-perspectiva-de-los-estudios-sobre-europeizacion\/\" class=\"more-link\">Continuar leyendo<span class=\"screen-reader-text\"> \u00ab\u00abLa dimensi\u00f3n urbana del Plan de Recuperaci\u00f3n, Transformaci\u00f3n y Resiliencia de Espa\u00f1a. Un an\u00e1lisis desde la perspectiva de los estudios sobre Europeizaci\u00f3n\u00bb\u00bb<\/span><\/a><\/p><\/div><\/li>\n<li><div class=\"wp-block-latest-posts__featured-image\"><img loading=\"lazy\" decoding=\"async\" width=\"150\" height=\"16\" src=\"https:\/\/www.unioviedo.es\/urbanred\/wp-content\/uploads\/2021\/02\/Publicaciones-150x16.png\" class=\"attachment-thumbnail size-thumbnail wp-post-image\" alt=\"\" style=\"\" sizes=\"auto, 100vw\" \/><\/div><a class=\"wp-block-latest-posts__post-title\" href=\"https:\/\/www.unioviedo.es\/urbanred\/los-gobiernos-locales-ante-el-proceso-de-descarbonizacion-de-la-movilidad-urbana\/\">\u00abLos gobiernos locales ante el proceso de descarbonizaci\u00f3n de la movilidad urbana\u00bb<\/a><time datetime=\"2023-02-20T21:07:00+01:00\" class=\"wp-block-latest-posts__post-date\">20 febrero, 2023<\/time><div class=\"wp-block-latest-posts__post-excerpt\">Antonio Fortes Mart\u00edn (2023) Cuadernos de Derecho Local, n\u00ba61. Texto completo<\/div><\/li>\n<li><div class=\"wp-block-latest-posts__featured-image\"><img loading=\"lazy\" decoding=\"async\" width=\"150\" height=\"16\" src=\"https:\/\/www.unioviedo.es\/urbanred\/wp-content\/uploads\/2021\/02\/Publicaciones-150x16.png\" class=\"attachment-thumbnail size-thumbnail wp-post-image\" alt=\"\" style=\"\" sizes=\"auto, 100vw\" \/><\/div><a class=\"wp-block-latest-posts__post-title\" href=\"https:\/\/www.unioviedo.es\/urbanred\/localizacion-espacial-de-clusteres-tipologicos-de-vivienda-en-las-grandes-ciudades-espanolas-y-su-relacion-con-la-vulnerabilidad-urbana\/\">Localizaci\u00f3n espacial de cl\u00fasteres tipol\u00f3gicos de vivienda en las grandes ciudades espa\u00f1olas y su relaci\u00f3n con la vulnerabilidad urbana<\/a><time datetime=\"2023-02-02T13:07:04+01:00\" class=\"wp-block-latest-posts__post-date\">2 febrero, 2023<\/time><div class=\"wp-block-latest-posts__post-excerpt\">Hern\u00e1ndez Aja, Agust\u00edn; Rodr\u00edguez Su\u00e1rez, Iv\u00e1n; \u00c1lvarez del Valle, Lucas; Mart\u00ednez Solano, Ainara; Viedma-Guiard, Andr\u00e9s y D\u00edez Bermejo, Ana (2023) Instituto Juan de Herrera, Madrid ISBN: 978-84-9728-610-7. Documento resumen del trabajo realizado &hellip; <p class=\"link-more\"><a href=\"https:\/\/www.unioviedo.es\/urbanred\/localizacion-espacial-de-clusteres-tipologicos-de-vivienda-en-las-grandes-ciudades-espanolas-y-su-relacion-con-la-vulnerabilidad-urbana\/\" class=\"more-link\">Continuar leyendo<span class=\"screen-reader-text\"> \u00abLocalizaci\u00f3n espacial de cl\u00fasteres tipol\u00f3gicos de vivienda en las grandes ciudades espa\u00f1olas y su relaci\u00f3n con la vulnerabilidad urbana\u00bb<\/span><\/a><\/p><\/div><\/li>\n<li><div class=\"wp-block-latest-posts__featured-image\"><img loading=\"lazy\" decoding=\"async\" width=\"150\" height=\"16\" src=\"https:\/\/www.unioviedo.es\/urbanred\/wp-content\/uploads\/2021\/02\/Publicaciones-150x16.png\" class=\"attachment-thumbnail size-thumbnail wp-post-image\" alt=\"\" style=\"\" sizes=\"auto, 100vw\" \/><\/div><a class=\"wp-block-latest-posts__post-title\" href=\"https:\/\/www.unioviedo.es\/urbanred\/recension-de-la-monografia-el-principio-de-no-regresion-en-el-derecho-publico-de-andres-gonzalez-sanfiel-thomson-reuters-aranzadi-2022\/\">Recensi\u00f3n de la monograf\u00eda El principio de no regresi\u00f3n en el Derecho P\u00fablico, de Andr\u00e9s Gonz\u00e1lez Sanfiel (Thomson Reuters-Aranzadi, 2022)<\/a><time datetime=\"2023-01-30T21:14:00+01:00\" class=\"wp-block-latest-posts__post-date\">30 enero, 2023<\/time><div class=\"wp-block-latest-posts__post-excerpt\">Francisco Velasco Caballero (2023) M\u00e1s informaci\u00f3n<\/div><\/li>\n<li><div class=\"wp-block-latest-posts__featured-image\"><img loading=\"lazy\" decoding=\"async\" width=\"150\" height=\"16\" src=\"https:\/\/www.unioviedo.es\/urbanred\/wp-content\/uploads\/2021\/02\/Publicaciones-150x16.png\" class=\"attachment-thumbnail size-thumbnail wp-post-image\" alt=\"\" style=\"\" sizes=\"auto, 100vw\" \/><\/div><a class=\"wp-block-latest-posts__post-title\" href=\"https:\/\/www.unioviedo.es\/urbanred\/analysing-the-spanish-urban-agenda-from-a-policy-transfer-perspective-advancing-to-more-resilient-post-covid-urban-areas-2\/\">\u00abAnalysing the Spanish Urban Agenda from a Policy Transfer Perspective.  Advancing to More Resilient Post-COVID Urban Areas\u00bb<\/a><time datetime=\"2023-01-09T20:41:00+01:00\" class=\"wp-block-latest-posts__post-date\">9 enero, 2023<\/time><div class=\"wp-block-latest-posts__post-excerpt\">Gonz\u00e1lez Medina, M. y De Gregorio Hurtado, S. (2022) En Gelli, F. y Basso, M. : Identifying Models of National Urban Agendas.\u00a0 A view to the Global Transition Palgrave Mc Millan. \u00a0289-309. &hellip; <p class=\"link-more\"><a href=\"https:\/\/www.unioviedo.es\/urbanred\/analysing-the-spanish-urban-agenda-from-a-policy-transfer-perspective-advancing-to-more-resilient-post-covid-urban-areas-2\/\" class=\"more-link\">Continuar leyendo<span class=\"screen-reader-text\"> \u00ab\u00abAnalysing the Spanish Urban Agenda from a Policy Transfer Perspective.  Advancing to More Resilient Post-COVID Urban Areas\u00bb\u00bb<\/span><\/a><\/p><\/div><\/li>\n<\/ul>\n\n\n<div style=\"height:36px\" aria-hidden=\"true\" class=\"wp-block-spacer\"><\/div>\n\n\n\n<div class=\"wp-block-media-text alignwide is-stacked-on-mobile is-vertically-aligned-center\" style=\"grid-template-columns:15% auto\"><figure class=\"wp-block-media-text__media\"><img loading=\"lazy\" decoding=\"async\" width=\"200\" height=\"200\" src=\"https:\/\/www.unioviedo.es\/urbanred\/wp-content\/uploads\/2021\/03\/icoFormacion2.png\" alt=\"\" class=\"wp-image-847 size-full\" srcset=\"https:\/\/www.unioviedo.es\/urbanred\/wp-content\/uploads\/2021\/03\/icoFormacion2.png 200w, https:\/\/www.unioviedo.es\/urbanred\/wp-content\/uploads\/2021\/03\/icoFormacion2-150x150.png 150w, https:\/\/www.unioviedo.es\/urbanred\/wp-content\/uploads\/2021\/03\/icoFormacion2-100x100.png 100w\" sizes=\"auto, (max-width: 200px) 100vw, 200px\" \/><\/figure><div class=\"wp-block-media-text__content\">\n<p class=\"has-background\" style=\"background-color:#50e1a7;font-size:26px\">  Formaci\u00f3n<\/p>\n<\/div><\/div>\n\n\n<ul class=\"wp-block-latest-posts__list wp-block-latest-posts\"><\/ul>\n\n\n<div style=\"height:36px\" aria-hidden=\"true\" class=\"wp-block-spacer\"><\/div>\n\n\n\n<div class=\"wp-block-media-text alignwide has-media-on-the-right is-stacked-on-mobile is-vertically-aligned-center\" style=\"grid-template-columns:auto 15%\"><figure class=\"wp-block-media-text__media\"><img loading=\"lazy\" decoding=\"async\" width=\"200\" height=\"200\" src=\"https:\/\/www.unioviedo.es\/urbanred\/wp-content\/uploads\/2021\/03\/icoOtros2.png\" alt=\"\" class=\"wp-image-848 size-full\" srcset=\"https:\/\/www.unioviedo.es\/urbanred\/wp-content\/uploads\/2021\/03\/icoOtros2.png 200w, https:\/\/www.unioviedo.es\/urbanred\/wp-content\/uploads\/2021\/03\/icoOtros2-150x150.png 150w, https:\/\/www.unioviedo.es\/urbanred\/wp-content\/uploads\/2021\/03\/icoOtros2-100x100.png 100w\" sizes=\"auto, (max-width: 200px) 100vw, 200px\" \/><\/figure><div class=\"wp-block-media-text__content\">\n<p class=\"has-text-align-right has-background\" style=\"background-color:#ffba6e;font-size:26px\">  Otros materiales  <\/p>\n<\/div><\/div>\n\n\n<ul class=\"wp-block-latest-posts__list is-grid columns-2 has-dates alignleft wp-block-latest-posts\"><li><div class=\"wp-block-latest-posts__featured-image\"><img loading=\"lazy\" decoding=\"async\" width=\"150\" height=\"16\" src=\"https:\/\/www.unioviedo.es\/urbanred\/wp-content\/uploads\/2021\/02\/Otros-materiales-150x16.png\" class=\"attachment-thumbnail size-thumbnail wp-post-image\" alt=\"\" style=\"\" sizes=\"auto, 100vw\" \/><\/div><a class=\"wp-block-latest-posts__post-title\" href=\"https:\/\/www.unioviedo.es\/urbanred\/seminario-urb_int-disponible-en-abierto\/\">Seminario [URB_inT] disponible en abierto<\/a><time datetime=\"2023-03-29T16:35:03+02:00\" class=\"wp-block-latest-posts__post-date\">29 marzo, 2023<\/time><div class=\"wp-block-latest-posts__post-excerpt\">Ya est\u00e1 disponible en abierto el seminario \u00abDimensiones de la vulnerabilidad urbana en un contexto de crisis ecosocial: bases de datos y fuentes estad\u00edsticas\u00bb, celebrado el pasado 22 de marzo en la &hellip; <p class=\"link-more\"><a href=\"https:\/\/www.unioviedo.es\/urbanred\/seminario-urb_int-disponible-en-abierto\/\" class=\"more-link\">Continuar leyendo<span class=\"screen-reader-text\"> \u00abSeminario [URB_inT] disponible en abierto\u00bb<\/span><\/a><\/p><\/div><\/li>\n<\/ul>\n\n\n<p><\/p>\n","protected":false},"excerpt":{"rendered":"<p>Bolet\u00edn del Observatorio Eventos Publicaciones Formaci\u00f3n Otros materiales<\/p>\n","protected":false},"author":1,"featured_media":0,"parent":0,"menu_order":0,"comment_status":"closed","ping_status":"closed","template":"","meta":{"footnotes":""},"class_list":["post-1976","page","type-page","status-publish","hentry"],"_links":{"self":[{"href":"https:\/\/www.unioviedo.es\/urbanred\/wp-json\/wp\/v2\/pages\/1976","targetHints":{"allow":["GET"]}}],"collection":[{"href":"https:\/\/www.unioviedo.es\/urbanred\/wp-json\/wp\/v2\/pages"}],"about":[{"href":"https:\/\/www.unioviedo.es\/urbanred\/wp-json\/wp\/v2\/types\/page"}],"author":[{"embeddable":true,"href":"https:\/\/www.unioviedo.es\/urbanred\/wp-json\/wp\/v2\/users\/1"}],"replies":[{"embeddable":true,"href":"https:\/\/www.unioviedo.es\/urbanred\/wp-json\/wp\/v2\/comments?post=1976"}],"version-history":[{"count":2,"href":"https:\/\/www.unioviedo.es\/urbanred\/wp-json\/wp\/v2\/pages\/1976\/revisions"}],"predecessor-version":[{"id":1978,"href":"https:\/\/www.unioviedo.es\/urbanred\/wp-json\/wp\/v2\/pages\/1976\/revisions\/1978"}],"wp:attachment":[{"href":"https:\/\/www.unioviedo.es\/urbanred\/wp-json\/wp\/v2\/media?parent=1976"}],"curies":[{"name":"wp","href":"https:\/\/api.w.org\/{rel}","templated":true}]}}