{"id":2090,"date":"2023-07-06T19:28:56","date_gmt":"2023-07-06T17:28:56","guid":{"rendered":"https:\/\/www.unioviedo.es\/urbanred\/?page_id=2090"},"modified":"2023-07-10T11:05:20","modified_gmt":"2023-07-10T09:05:20","slug":"boletin202310","status":"publish","type":"page","link":"https:\/\/www.unioviedo.es\/urbanred\/boletin202310\/","title":{"rendered":"Bolet\u00edn n\u00ba 10, abril &#8211; junio 2023"},"content":{"rendered":"\n<div class=\"wp-block-media-text alignwide is-stacked-on-mobile is-vertically-aligned-center\" style=\"grid-template-columns:31% auto\"><figure class=\"wp-block-media-text__media\"><img loading=\"lazy\" decoding=\"async\" width=\"772\" height=\"772\" src=\"https:\/\/www.unioviedo.es\/urbanred\/wp-content\/uploads\/2021\/03\/Boletin-Observatorio.png\" alt=\"\" class=\"wp-image-857 size-full\" srcset=\"https:\/\/www.unioviedo.es\/urbanred\/wp-content\/uploads\/2021\/03\/Boletin-Observatorio.png 772w, https:\/\/www.unioviedo.es\/urbanred\/wp-content\/uploads\/2021\/03\/Boletin-Observatorio-300x300.png 300w, https:\/\/www.unioviedo.es\/urbanred\/wp-content\/uploads\/2021\/03\/Boletin-Observatorio-150x150.png 150w, https:\/\/www.unioviedo.es\/urbanred\/wp-content\/uploads\/2021\/03\/Boletin-Observatorio-768x768.png 768w, https:\/\/www.unioviedo.es\/urbanred\/wp-content\/uploads\/2021\/03\/Boletin-Observatorio-100x100.png 100w\" sizes=\"auto, (max-width: 767px) 89vw, (max-width: 1000px) 54vw, (max-width: 1071px) 543px, 580px\" \/><\/figure><div class=\"wp-block-media-text__content\">\n<p class=\"has-text-color\" style=\"color:#2d2d2d;font-size:30px;line-height:0\">Bolet\u00edn del Observatorio<\/p>\n<\/div><\/div>\n\n\n\n<div class=\"wp-block-media-text alignwide is-stacked-on-mobile is-vertically-aligned-center\" style=\"grid-template-columns:15% auto\"><figure class=\"wp-block-media-text__media\"><img loading=\"lazy\" decoding=\"async\" width=\"200\" height=\"200\" src=\"https:\/\/www.unioviedo.es\/urbanred\/wp-content\/uploads\/2021\/03\/icoEventos2.png\" alt=\"\" class=\"wp-image-846 size-full\" srcset=\"https:\/\/www.unioviedo.es\/urbanred\/wp-content\/uploads\/2021\/03\/icoEventos2.png 200w, https:\/\/www.unioviedo.es\/urbanred\/wp-content\/uploads\/2021\/03\/icoEventos2-150x150.png 150w, https:\/\/www.unioviedo.es\/urbanred\/wp-content\/uploads\/2021\/03\/icoEventos2-100x100.png 100w\" sizes=\"auto, (max-width: 200px) 100vw, 200px\" \/><\/figure><div class=\"wp-block-media-text__content\">\n<p class=\"has-background\" style=\"background-color:#48b8ff;font-size:26px\">  Eventos<\/p>\n<\/div><\/div>\n\n\n<ul class=\"wp-block-latest-posts__list is-grid columns-2 has-dates alignleft wp-block-latest-posts\"><li><div class=\"wp-block-latest-posts__featured-image\"><img loading=\"lazy\" decoding=\"async\" width=\"150\" height=\"16\" src=\"https:\/\/www.unioviedo.es\/urbanred\/wp-content\/uploads\/2021\/03\/Observatorio-150x16.png\" class=\"attachment-thumbnail size-thumbnail wp-post-image\" alt=\"\" style=\"\" sizes=\"auto, 100vw\" \/><\/div><a class=\"wp-block-latest-posts__post-title\" href=\"https:\/\/www.unioviedo.es\/urbanred\/seminario-green-cities-in-europe\/\">Seminario: \u201cGreen cities in Europe\u201d<\/a><time datetime=\"2023-05-12T17:32:04+02:00\" class=\"wp-block-latest-posts__post-date\">12 mayo, 2023<\/time><div class=\"wp-block-latest-posts__post-excerpt\">Seminario Internacional celebrado en la Facultad de Derecho de la Universidad de Berna (Suiza) los d\u00edas 11 y 12 de mayo de 2023. Organizado por la citada universidad y la red europea &hellip; <p class=\"link-more\"><a href=\"https:\/\/www.unioviedo.es\/urbanred\/seminario-green-cities-in-europe\/\" class=\"more-link\">Continuar leyendo<span class=\"screen-reader-text\"> \u00abSeminario: \u201cGreen cities in Europe\u201d\u00bb<\/span><\/a><\/p><\/div><\/li>\n<li><div class=\"wp-block-latest-posts__featured-image\"><img loading=\"lazy\" decoding=\"async\" width=\"150\" height=\"16\" src=\"https:\/\/www.unioviedo.es\/urbanred\/wp-content\/uploads\/2021\/03\/Observatorio-150x16.png\" class=\"attachment-thumbnail size-thumbnail wp-post-image\" alt=\"\" style=\"\" sizes=\"auto, 100vw\" \/><\/div><a class=\"wp-block-latest-posts__post-title\" href=\"https:\/\/www.unioviedo.es\/urbanred\/seminario-una-nueva-gobernanza-para-el-siglo-xxi\/\">Seminario: \u201cUna nueva gobernanza para el siglo XXI\u201d<\/a><time datetime=\"2023-06-06T18:20:11+02:00\" class=\"wp-block-latest-posts__post-date\">6 junio, 2023<\/time><div class=\"wp-block-latest-posts__post-excerpt\">El seminario Una nueva gobernanza para el siglo XXI, co-organizado por el Consejo de Estado y el CEPC, arranc\u00f3 el mes de marzo con dos sesiones. La tercera y la cuarta sesi\u00f3n &hellip; <p class=\"link-more\"><a href=\"https:\/\/www.unioviedo.es\/urbanred\/seminario-una-nueva-gobernanza-para-el-siglo-xxi\/\" class=\"more-link\">Continuar leyendo<span class=\"screen-reader-text\"> \u00abSeminario: \u201cUna nueva gobernanza para el siglo XXI\u201d\u00bb<\/span><\/a><\/p><\/div><\/li>\n<li><div class=\"wp-block-latest-posts__featured-image\"><img loading=\"lazy\" decoding=\"async\" width=\"150\" height=\"16\" src=\"https:\/\/www.unioviedo.es\/urbanred\/wp-content\/uploads\/2021\/03\/Observatorio-150x16.png\" class=\"attachment-thumbnail size-thumbnail wp-post-image\" alt=\"\" style=\"\" sizes=\"auto, 100vw\" \/><\/div><a class=\"wp-block-latest-posts__post-title\" href=\"https:\/\/www.unioviedo.es\/urbanred\/jornada-la-ordenacion-territorial-urbanistica-y-ambiental-en-el-ambito-de-la-comunidad-iberoamericana-comparativa-entre-iberoamerica-portugal-y-espana\/\">Jornada: \u201cLa ordenaci\u00f3n territorial, urban\u00edstica y ambiental en el \u00e1mbito de la Comunidad Iberoamericana. Comparativa entre Iberoam\u00e9rica, Portugal y Espa\u00f1a\u201d<\/a><time datetime=\"2023-06-07T18:40:10+02:00\" class=\"wp-block-latest-posts__post-date\">7 junio, 2023<\/time><div class=\"wp-block-latest-posts__post-excerpt\">Organizada por el Grupo de Trabajo en Estudios Regionales de la Asociaci\u00f3n Espa\u00f1ola de Geograf\u00eda el 7 de junio.<\/div><\/li>\n<li><div class=\"wp-block-latest-posts__featured-image\"><img loading=\"lazy\" decoding=\"async\" width=\"150\" height=\"16\" src=\"https:\/\/www.unioviedo.es\/urbanred\/wp-content\/uploads\/2021\/03\/Observatorio-150x16.png\" class=\"attachment-thumbnail size-thumbnail wp-post-image\" alt=\"\" style=\"\" sizes=\"auto, 100vw\" \/><\/div><a class=\"wp-block-latest-posts__post-title\" href=\"https:\/\/www.unioviedo.es\/urbanred\/seminario-urb_int-metodologias-para-el-analisis-urbano-y-territorial-de-la-crisis-ecosocial\/\">Seminario [URB_inT] | Metodolog\u00edas para el an\u00e1lisis urbano y territorial de la crisis ecosocial<\/a><time datetime=\"2023-06-19T20:14:08+02:00\" class=\"wp-block-latest-posts__post-date\">19 junio, 2023<\/time><div class=\"wp-block-latest-posts__post-excerpt\">El seminario tendr\u00e1 lugar el martes 27 de junio a las 10:00h en la Sala de Grados A de la Escuela T\u00e9cnica Superior de Arquitectura de Madrid (UPM). Se podr\u00e1 seguir tambi\u00e9n &hellip; <p class=\"link-more\"><a href=\"https:\/\/www.unioviedo.es\/urbanred\/seminario-urb_int-metodologias-para-el-analisis-urbano-y-territorial-de-la-crisis-ecosocial\/\" class=\"more-link\">Continuar leyendo<span class=\"screen-reader-text\"> \u00abSeminario [URB_inT] | Metodolog\u00edas para el an\u00e1lisis urbano y territorial de la crisis ecosocial\u00bb<\/span><\/a><\/p><\/div><\/li>\n<li><div class=\"wp-block-latest-posts__featured-image\"><img loading=\"lazy\" decoding=\"async\" width=\"150\" height=\"16\" src=\"https:\/\/www.unioviedo.es\/urbanred\/wp-content\/uploads\/2021\/03\/Observatorio-150x16.png\" class=\"attachment-thumbnail size-thumbnail wp-post-image\" alt=\"\" style=\"\" sizes=\"auto, 100vw\" \/><\/div><a class=\"wp-block-latest-posts__post-title\" href=\"https:\/\/www.unioviedo.es\/urbanred\/jornada-tecnica-innot-23-resiliencia-climatica-en-el-urbanismo\/\">Jornada t\u00e9cnica INNOT 23: \u201cresiliencia clim\u00e1tica en el urbanismo\u201d<\/a><time datetime=\"2023-07-04T18:54:38+02:00\" class=\"wp-block-latest-posts__post-date\">4 julio, 2023<\/time><div class=\"wp-block-latest-posts__post-excerpt\">Valencia, 6 de julio , Auditorio Joan Plaza. Jard\u00edn bot\u00e1nico de Valencia \u2013 Calle Quart, n\u00ba 80, Valencia. Acceso gratuito. Jornada t\u00e9cnica sobre la&nbsp;innovaci\u00f3n en la Ordenaci\u00f3n Territorial y el Planeamiento Urban\u00edstico &hellip; <p class=\"link-more\"><a href=\"https:\/\/www.unioviedo.es\/urbanred\/jornada-tecnica-innot-23-resiliencia-climatica-en-el-urbanismo\/\" class=\"more-link\">Continuar leyendo<span class=\"screen-reader-text\"> \u00abJornada t\u00e9cnica INNOT 23: \u201cresiliencia clim\u00e1tica en el urbanismo\u201d\u00bb<\/span><\/a><\/p><\/div><\/li>\n<li><div class=\"wp-block-latest-posts__featured-image\"><img loading=\"lazy\" decoding=\"async\" width=\"150\" height=\"16\" src=\"https:\/\/www.unioviedo.es\/urbanred\/wp-content\/uploads\/2021\/03\/Observatorio-150x16.png\" class=\"attachment-thumbnail size-thumbnail wp-post-image\" alt=\"\" style=\"\" sizes=\"auto, 100vw\" \/><\/div><a class=\"wp-block-latest-posts__post-title\" href=\"https:\/\/www.unioviedo.es\/urbanred\/seminario-la-cuestion-metropolitana-en-espana-a-debate-institucionalizacion-y-politicas\/\">Presentaci\u00f3n &#8211; Mesa Redonda: \u201cLA CUESTI\u00d3N METROPOLITANA EN ESPA\u00d1A A DEBATE: INSTITUCIONALIZACI\u00d3N Y POL\u00cdTICAS\u201d<\/a><time datetime=\"2023-09-16T10:29:10+02:00\" class=\"wp-block-latest-posts__post-date\">16 septiembre, 2023<\/time><div class=\"wp-block-latest-posts__post-excerpt\">Viernes, 22 de septiembre de 2023, 12:00-14:00h. Sala de Vistas, Edif. Ciencias Jur\u00eddicas, Pol\u00edticas y Econ\u00f3micas (Planta -1). Facultad de Derecho. C\/Kelsen, n\u00ba1. Campus de Cantoblanco\u2013UAM. Unirse a la reuni\u00f3n Zoom. ID: &hellip; <p class=\"link-more\"><a href=\"https:\/\/www.unioviedo.es\/urbanred\/seminario-la-cuestion-metropolitana-en-espana-a-debate-institucionalizacion-y-politicas\/\" class=\"more-link\">Continuar leyendo<span class=\"screen-reader-text\"> \u00abPresentaci\u00f3n &#8211; Mesa Redonda: \u201cLA CUESTI\u00d3N METROPOLITANA EN ESPA\u00d1A A DEBATE: INSTITUCIONALIZACI\u00d3N Y POL\u00cdTICAS\u201d\u00bb<\/span><\/a><\/p><\/div><\/li>\n<\/ul>\n\n\n<div style=\"height:30px\" aria-hidden=\"true\" class=\"wp-block-spacer\"><\/div>\n\n\n\n<div class=\"wp-block-media-text alignwide has-media-on-the-right is-stacked-on-mobile\" style=\"grid-template-columns:auto 15%\"><div class=\"wp-block-media-text__content\">\n<p class=\"has-text-align-right has-background\" style=\"background-color:#b4c3ce;font-size:26px\">  Publicaciones  <\/p>\n<\/div><figure class=\"wp-block-media-text__media\"><img loading=\"lazy\" decoding=\"async\" width=\"200\" height=\"200\" src=\"https:\/\/www.unioviedo.es\/urbanred\/wp-content\/uploads\/2021\/03\/icoPublicacion2.png\" alt=\"\" class=\"wp-image-849 size-full\" srcset=\"https:\/\/www.unioviedo.es\/urbanred\/wp-content\/uploads\/2021\/03\/icoPublicacion2.png 200w, https:\/\/www.unioviedo.es\/urbanred\/wp-content\/uploads\/2021\/03\/icoPublicacion2-150x150.png 150w, https:\/\/www.unioviedo.es\/urbanred\/wp-content\/uploads\/2021\/03\/icoPublicacion2-100x100.png 100w\" sizes=\"auto, (max-width: 200px) 100vw, 200px\" \/><\/figure><\/div>\n\n\n<ul class=\"wp-block-latest-posts__list is-grid columns-2 has-dates wp-block-latest-posts\"><li><div class=\"wp-block-latest-posts__featured-image\"><img loading=\"lazy\" decoding=\"async\" width=\"150\" height=\"16\" src=\"https:\/\/www.unioviedo.es\/urbanred\/wp-content\/uploads\/2021\/02\/Publicaciones-150x16.png\" class=\"attachment-thumbnail size-thumbnail wp-post-image\" alt=\"\" style=\"\" sizes=\"auto, 100vw\" \/><\/div><a class=\"wp-block-latest-posts__post-title\" href=\"https:\/\/www.unioviedo.es\/urbanred\/las-agendas-urbanas-como-instrumento-de-implementacion-de-la-agenda-2030-propuesta-de-analisis-para-la-comparacion-entre-america-latina-y-europa\/\">\u201cLas agendas urbanas como instrumento de implementaci\u00f3n de la Agenda 2030. Propuesta de an\u00e1lisis para la comparaci\u00f3n entre Am\u00e9rica Latina y Europa\u201d<\/a><time datetime=\"2023-06-26T18:44:07+02:00\" class=\"wp-block-latest-posts__post-date\">26 junio, 2023<\/time><div class=\"wp-block-latest-posts__post-excerpt\">Asbel Bohigues; Elena Ga\u00f1\u00e1n S\u00e1nchez; Mar\u00eda \u00c1ngeles Huete Garc\u00eda (26 de junio de 2023) Revista de estudios pol\u00edticos, N\u00ba 200, 2023, p\u00e1gs. 157-186. ISSN 0048-7694 Texto completo El trabajo tiene como objetivo &hellip; <p class=\"link-more\"><a href=\"https:\/\/www.unioviedo.es\/urbanred\/las-agendas-urbanas-como-instrumento-de-implementacion-de-la-agenda-2030-propuesta-de-analisis-para-la-comparacion-entre-america-latina-y-europa\/\" class=\"more-link\">Continuar leyendo<span class=\"screen-reader-text\"> \u00ab\u201cLas agendas urbanas como instrumento de implementaci\u00f3n de la Agenda 2030. Propuesta de an\u00e1lisis para la comparaci\u00f3n entre Am\u00e9rica Latina y Europa\u201d\u00bb<\/span><\/a><\/p><\/div><\/li>\n<li><div class=\"wp-block-latest-posts__featured-image\"><img loading=\"lazy\" decoding=\"async\" width=\"150\" height=\"16\" src=\"https:\/\/www.unioviedo.es\/urbanred\/wp-content\/uploads\/2021\/02\/Publicaciones-150x16.png\" class=\"attachment-thumbnail size-thumbnail wp-post-image\" alt=\"\" style=\"\" sizes=\"auto, 100vw\" \/><\/div><a class=\"wp-block-latest-posts__post-title\" href=\"https:\/\/www.unioviedo.es\/urbanred\/los-umbrales-de-calidad-del-aire-la-irretroactividad-de-las-normas-urbanisticas-favorables-y-otras-cuestiones-de-interes-en-la-reciente-jurisprudencia-del-tribunal-europeo-de-derechos-humano\/\">\u201cLos umbrales de calidad del aire, la irretroactividad de las normas urban\u00edsticas favorables y otras cuestiones de inter\u00e9s en la reciente jurisprudencia del Tribunal Europeo de Derechos Humanos\u201d<\/a><time datetime=\"2023-05-23T18:14:20+02:00\" class=\"wp-block-latest-posts__post-date\">23 mayo, 2023<\/time><div class=\"wp-block-latest-posts__post-excerpt\">Omar Bouazza Ari\u00f1o (mayo de 2023) Revista General de Derecho Administrativo, 0 63 ISSN-e 1696-9650<\/div><\/li>\n<li><div class=\"wp-block-latest-posts__featured-image\"><img loading=\"lazy\" decoding=\"async\" width=\"150\" height=\"16\" src=\"https:\/\/www.unioviedo.es\/urbanred\/wp-content\/uploads\/2021\/02\/Publicaciones-150x16.png\" class=\"attachment-thumbnail size-thumbnail wp-post-image\" alt=\"\" style=\"\" sizes=\"auto, 100vw\" \/><\/div><a class=\"wp-block-latest-posts__post-title\" href=\"https:\/\/www.unioviedo.es\/urbanred\/climate-governance-and-federalism-in-spain\/\">\u201cClimate Governance and Federalism in Spain\u201d<\/a><time datetime=\"2023-05-15T19:05:34+02:00\" class=\"wp-block-latest-posts__post-date\">15 mayo, 2023<\/time><div class=\"wp-block-latest-posts__post-excerpt\">Susana Galera Rodrigo, Mercedes Alda Fern\u00e1ndez, Mario K\u00f6lling (mayo de 2023) Climate Governance and Federalism \/ coord. por Alan Fenna, S\u00e9bastien Jodoin, Joana Setzer, 2023, ISBN 9781009249676, p\u00e1gs. 263-284. Texto completo<\/div><\/li>\n<li><div class=\"wp-block-latest-posts__featured-image\"><img loading=\"lazy\" decoding=\"async\" width=\"150\" height=\"16\" src=\"https:\/\/www.unioviedo.es\/urbanred\/wp-content\/uploads\/2021\/02\/Publicaciones-150x16.png\" class=\"attachment-thumbnail size-thumbnail wp-post-image\" alt=\"\" style=\"\" sizes=\"auto, 100vw\" \/><\/div><a class=\"wp-block-latest-posts__post-title\" href=\"https:\/\/www.unioviedo.es\/urbanred\/redes-de-politicas-en-el-marco-de-la-agenda-urbana-para-la-ue-la-influencia-de-las-coaliciones-tematicas-en-la-politizacion-de-la-toma-de-decisiones-a-escala-europea-2\/\">\u201cRedes de pol\u00edticas en el marco de la Agenda Urbana para la UE. La influencia de las coaliciones tem\u00e1ticas en la politizaci\u00f3n de la toma de decisiones a escala europea\u201d<\/a><time datetime=\"2023-05-10T11:22:45+02:00\" class=\"wp-block-latest-posts__post-date\">10 mayo, 2023<\/time><div class=\"wp-block-latest-posts__post-excerpt\">Alicia Sevillano; Moneyba Gonz\u00e1lez-Medina; Lu\u00eds Bouza (mayo de 2023) Revista espa\u00f1ola de ciencia pol\u00edtica, N\u00ba. 61, 2023, p\u00e1gs. 37-63. ISSN 1575-6548 M\u00e1s informaci\u00f3n El presente art\u00edculo explora el m\u00e9todo de coaliciones tem\u00e1ticas &hellip; <p class=\"link-more\"><a href=\"https:\/\/www.unioviedo.es\/urbanred\/redes-de-politicas-en-el-marco-de-la-agenda-urbana-para-la-ue-la-influencia-de-las-coaliciones-tematicas-en-la-politizacion-de-la-toma-de-decisiones-a-escala-europea-2\/\" class=\"more-link\">Continuar leyendo<span class=\"screen-reader-text\"> \u00ab\u201cRedes de pol\u00edticas en el marco de la Agenda Urbana para la UE. La influencia de las coaliciones tem\u00e1ticas en la politizaci\u00f3n de la toma de decisiones a escala europea\u201d\u00bb<\/span><\/a><\/p><\/div><\/li>\n<li><div class=\"wp-block-latest-posts__featured-image\"><img loading=\"lazy\" decoding=\"async\" width=\"150\" height=\"16\" src=\"https:\/\/www.unioviedo.es\/urbanred\/wp-content\/uploads\/2021\/02\/Publicaciones-150x16.png\" class=\"attachment-thumbnail size-thumbnail wp-post-image\" alt=\"\" style=\"\" sizes=\"auto, 100vw\" \/><\/div><a class=\"wp-block-latest-posts__post-title\" href=\"https:\/\/www.unioviedo.es\/urbanred\/el-regimen-estatutario-de-la-propiedad-regimen-de-derechos-y-deberes-vinculados-a-la-propiedad\/\">\u201cEl r\u00e9gimen estatutario de la propiedad. R\u00e9gimen de derechos y deberes vinculados a la propiedad\u201d<\/a><time datetime=\"2023-05-05T11:05:16+02:00\" class=\"wp-block-latest-posts__post-date\">5 mayo, 2023<\/time><div class=\"wp-block-latest-posts__post-excerpt\">Juan Antonio Chinchilla Peinado (6 de febrero de 2023) Comentarios a la Ley de Suelo y Rehabilitaci\u00f3n Urbana \/ Alejandro Javier Criado S\u00e1nchez (dir.), p\u00e1gs. 191-230. ISBN 9788411258005 M\u00e1s informaci\u00f3n El urbanismo &hellip; <p class=\"link-more\"><a href=\"https:\/\/www.unioviedo.es\/urbanred\/el-regimen-estatutario-de-la-propiedad-regimen-de-derechos-y-deberes-vinculados-a-la-propiedad\/\" class=\"more-link\">Continuar leyendo<span class=\"screen-reader-text\"> \u00ab\u201cEl r\u00e9gimen estatutario de la propiedad. R\u00e9gimen de derechos y deberes vinculados a la propiedad\u201d\u00bb<\/span><\/a><\/p><\/div><\/li>\n<li><div class=\"wp-block-latest-posts__featured-image\"><img loading=\"lazy\" decoding=\"async\" width=\"150\" height=\"16\" src=\"https:\/\/www.unioviedo.es\/urbanred\/wp-content\/uploads\/2021\/02\/Publicaciones-150x16.png\" class=\"attachment-thumbnail size-thumbnail wp-post-image\" alt=\"\" style=\"\" sizes=\"auto, 100vw\" \/><\/div><a class=\"wp-block-latest-posts__post-title\" href=\"https:\/\/www.unioviedo.es\/urbanred\/urbanismo-y-despoblacion-rural-la-nueva-regulacion-del-suelo-rustico\/\">\u201cUrbanismo y despoblaci\u00f3n rural. La nueva regulaci\u00f3n del suelo r\u00fastico\u201d<\/a><time datetime=\"2023-05-04T10:51:12+02:00\" class=\"wp-block-latest-posts__post-date\">4 mayo, 2023<\/time><div class=\"wp-block-latest-posts__post-excerpt\">Juan Antonio Chinchilla Peinado (23 de septiembre de 2022) Actas del I Congreso interdisciplinar sobre despoblaci\u00f3n: Diagn\u00f3stico, territorio y gobierno local. Ciudad Real 22 y 23 de septiembre de 2022 \/ Carmen &hellip; <p class=\"link-more\"><a href=\"https:\/\/www.unioviedo.es\/urbanred\/urbanismo-y-despoblacion-rural-la-nueva-regulacion-del-suelo-rustico\/\" class=\"more-link\">Continuar leyendo<span class=\"screen-reader-text\"> \u00ab\u201cUrbanismo y despoblaci\u00f3n rural. La nueva regulaci\u00f3n del suelo r\u00fastico\u201d\u00bb<\/span><\/a><\/p><\/div><\/li>\n<li><div class=\"wp-block-latest-posts__featured-image\"><img loading=\"lazy\" decoding=\"async\" width=\"150\" height=\"16\" src=\"https:\/\/www.unioviedo.es\/urbanred\/wp-content\/uploads\/2021\/02\/Publicaciones-150x16.png\" class=\"attachment-thumbnail size-thumbnail wp-post-image\" alt=\"\" style=\"\" sizes=\"auto, 100vw\" \/><\/div><a class=\"wp-block-latest-posts__post-title\" href=\"https:\/\/www.unioviedo.es\/urbanred\/diplomacia-urbana-claves-politicas-y-comunicativas\/\">\u00abDiplomacia urbana. Claves pol\u00edticas y comunicativas\u00bb<\/a><time datetime=\"2023-05-02T10:36:29+02:00\" class=\"wp-block-latest-posts__post-date\">2 mayo, 2023<\/time><div class=\"wp-block-latest-posts__post-excerpt\">Juan Luis Manfredi S\u00e1nchez; Jos\u00e9 Mar\u00eda Herranz de la Casa; Francisco Seoane P\u00e9rez (8 de septiembre de 2022) Ciudades globales: diplomacia, sostenibilidad y estrategias de comunicaci\u00f3n \/ coord. por Mar\u00eda Jos\u00e9 Ufarte &hellip; <p class=\"link-more\"><a href=\"https:\/\/www.unioviedo.es\/urbanred\/diplomacia-urbana-claves-politicas-y-comunicativas\/\" class=\"more-link\">Continuar leyendo<span class=\"screen-reader-text\"> \u00ab\u00abDiplomacia urbana. Claves pol\u00edticas y comunicativas\u00bb\u00bb<\/span><\/a><\/p><\/div><\/li>\n<li><div class=\"wp-block-latest-posts__featured-image\"><img loading=\"lazy\" decoding=\"async\" width=\"150\" height=\"16\" src=\"https:\/\/www.unioviedo.es\/urbanred\/wp-content\/uploads\/2021\/02\/Publicaciones-150x16.png\" class=\"attachment-thumbnail size-thumbnail wp-post-image\" alt=\"\" style=\"\" sizes=\"auto, 100vw\" \/><\/div><a class=\"wp-block-latest-posts__post-title\" href=\"https:\/\/www.unioviedo.es\/urbanred\/introduction-strategic-narratives-for-a-changing-world\/\">\u201cIntroduction. Strategic narratives for a changing world\u201d<\/a><time datetime=\"2023-04-04T19:02:28+02:00\" class=\"wp-block-latest-posts__post-date\">4 abril, 2023<\/time><div class=\"wp-block-latest-posts__post-excerpt\">Juan-Luis Manfredi; Michael-X Delli-Carpini; Adriana Amado (4 de abril de 2023) Comunicaci\u00f3n y sociedad = Communication &amp; Society, Vol. 36, N\u00ba. 2 (+ Special Issue: Public diplomacy: Strategic narratives for a changing &hellip; <p class=\"link-more\"><a href=\"https:\/\/www.unioviedo.es\/urbanred\/introduction-strategic-narratives-for-a-changing-world\/\" class=\"more-link\">Continuar leyendo<span class=\"screen-reader-text\"> \u00ab\u201cIntroduction. Strategic narratives for a changing world\u201d\u00bb<\/span><\/a><\/p><\/div><\/li>\n<li><div class=\"wp-block-latest-posts__featured-image\"><img loading=\"lazy\" decoding=\"async\" width=\"150\" height=\"16\" src=\"https:\/\/www.unioviedo.es\/urbanred\/wp-content\/uploads\/2021\/02\/Publicaciones-150x16.png\" class=\"attachment-thumbnail size-thumbnail wp-post-image\" alt=\"\" style=\"\" sizes=\"auto, 100vw\" \/><\/div><a class=\"wp-block-latest-posts__post-title\" href=\"https:\/\/www.unioviedo.es\/urbanred\/gamificacion-y-politicas-publicas-que-empiece-el-juego\/\">\u201cGamificaci\u00f3n y pol\u00edticas p\u00fablicas \u00a1Que empiece el juego!\u201d<\/a><time datetime=\"2023-03-31T19:21:08+02:00\" class=\"wp-block-latest-posts__post-date\">31 marzo, 2023<\/time><div class=\"wp-block-latest-posts__post-excerpt\">Jean-Baptiste Harguind\u00e9guy; Mar\u00eda Elena Hern\u00e1ndez Hern\u00e1ndez; Mar\u00eda \u00c1ngeles Huete Garc\u00eda; Rafael Merinero Rodr\u00edguez; Mar\u00eda Velasco Gonz\u00e1lez (marzo de 2023) Gesti\u00f3n y An\u00e1lisis de Pol\u00edticas P\u00fablicas [en l\u00ednea]. ISSN: 1134-6035. N.\u00ba 31, p\u00e1gs. &hellip; <p class=\"link-more\"><a href=\"https:\/\/www.unioviedo.es\/urbanred\/gamificacion-y-politicas-publicas-que-empiece-el-juego\/\" class=\"more-link\">Continuar leyendo<span class=\"screen-reader-text\"> \u00ab\u201cGamificaci\u00f3n y pol\u00edticas p\u00fablicas \u00a1Que empiece el juego!\u201d\u00bb<\/span><\/a><\/p><\/div><\/li>\n<li><div class=\"wp-block-latest-posts__featured-image\"><img loading=\"lazy\" decoding=\"async\" width=\"150\" height=\"16\" src=\"https:\/\/www.unioviedo.es\/urbanred\/wp-content\/uploads\/2021\/02\/Publicaciones-150x16.png\" class=\"attachment-thumbnail size-thumbnail wp-post-image\" alt=\"\" style=\"\" sizes=\"auto, 100vw\" \/><\/div><a class=\"wp-block-latest-posts__post-title\" href=\"https:\/\/www.unioviedo.es\/urbanred\/politica-de-medio-ambiente-y-accion-por-el-clima\/\">\u00abPol\u00edtica de medio ambiente y acci\u00f3n por el clima\u00bb<\/a><time datetime=\"2023-03-31T11:40:00+02:00\" class=\"wp-block-latest-posts__post-date\">31 marzo, 2023<\/time><div class=\"wp-block-latest-posts__post-excerpt\">Gu\u00eda de pol\u00edticas de la Uni\u00f3n Europea 2022 Isabel Hern\u00e1ndez San Juan (Octubre 2022) ISBN: 978-84-451-4032-1. La Gu\u00eda de pol\u00edticas de la Uni\u00f3n Europea se edita cada a\u00f1o, producto de la colaboraci\u00f3n &hellip; <p class=\"link-more\"><a href=\"https:\/\/www.unioviedo.es\/urbanred\/politica-de-medio-ambiente-y-accion-por-el-clima\/\" class=\"more-link\">Continuar leyendo<span class=\"screen-reader-text\"> \u00ab\u00abPol\u00edtica de medio ambiente y acci\u00f3n por el clima\u00bb\u00bb<\/span><\/a><\/p><\/div><\/li>\n<li><div class=\"wp-block-latest-posts__featured-image\"><img loading=\"lazy\" decoding=\"async\" width=\"150\" height=\"16\" src=\"https:\/\/www.unioviedo.es\/urbanred\/wp-content\/uploads\/2021\/02\/Publicaciones-150x16.png\" class=\"attachment-thumbnail size-thumbnail wp-post-image\" alt=\"\" style=\"\" sizes=\"auto, 100vw\" \/><\/div><a class=\"wp-block-latest-posts__post-title\" href=\"https:\/\/www.unioviedo.es\/urbanred\/una-nueva-vida-para-los-estudios-de-detalle-a-proposito-de-su-regulacion-en-canarias\/\">\u201cUna nueva vida para los estudios de detalle (a prop\u00f3sito de su regulaci\u00f3n en Canarias)\u201d<\/a><time datetime=\"2023-03-29T11:13:49+02:00\" class=\"wp-block-latest-posts__post-date\">29 marzo, 2023<\/time><div class=\"wp-block-latest-posts__post-excerpt\">Andr\u00e9s Manuel Gonz\u00e1lez Sanfiel (29 de marzo de 2023) Revista De Derecho Urban\u00edstico Y Medio Ambiente,&nbsp;57(360), 31\u201367.&nbsp; M\u00e1s informaci\u00f3n Los estudios de detalle han experimentado un cambio normativo que lo alejan de &hellip; <p class=\"link-more\"><a href=\"https:\/\/www.unioviedo.es\/urbanred\/una-nueva-vida-para-los-estudios-de-detalle-a-proposito-de-su-regulacion-en-canarias\/\" class=\"more-link\">Continuar leyendo<span class=\"screen-reader-text\"> \u00ab\u201cUna nueva vida para los estudios de detalle (a prop\u00f3sito de su regulaci\u00f3n en Canarias)\u201d\u00bb<\/span><\/a><\/p><\/div><\/li>\n<li><div class=\"wp-block-latest-posts__featured-image\"><img loading=\"lazy\" decoding=\"async\" width=\"150\" height=\"16\" src=\"https:\/\/www.unioviedo.es\/urbanred\/wp-content\/uploads\/2021\/02\/Publicaciones-150x16.png\" class=\"attachment-thumbnail size-thumbnail wp-post-image\" alt=\"\" style=\"\" sizes=\"auto, 100vw\" \/><\/div><a class=\"wp-block-latest-posts__post-title\" href=\"https:\/\/www.unioviedo.es\/urbanred\/redes-de-politicas-en-el-marco-de-la-agenda-urbana-para-la-ue-la-influencia-de-las-coaliciones-tematicas-en-la-politizacion-de-la-toma-de-decisiones-a-escala-europea\/\">\u00abRedes de pol\u00edticas en el marco de la Agenda Urbana para la UE. La influencia de las coaliciones tem\u00e1ticas en la politizaci\u00f3n de la toma de decisiones a escala europea\u00bb<\/a><time datetime=\"2023-03-20T20:59:00+01:00\" class=\"wp-block-latest-posts__post-date\">20 marzo, 2023<\/time><div class=\"wp-block-latest-posts__post-excerpt\">Sevillano, Alicia; Gonz\u00e1lez-Medina, Moneyba; Bouza, Luis (2023) Revista espa\u00f1ola de ciencia pol\u00edtica ISSN 1575-6548, N\u00ba. 61, 2023, p\u00e1gs. 37-63 El art\u00edculo explora el m\u00e9todo de coaliciones tem\u00e1ticas multinivel para el desarrollo de &hellip; <p class=\"link-more\"><a href=\"https:\/\/www.unioviedo.es\/urbanred\/redes-de-politicas-en-el-marco-de-la-agenda-urbana-para-la-ue-la-influencia-de-las-coaliciones-tematicas-en-la-politizacion-de-la-toma-de-decisiones-a-escala-europea\/\" class=\"more-link\">Continuar leyendo<span class=\"screen-reader-text\"> \u00ab\u00abRedes de pol\u00edticas en el marco de la Agenda Urbana para la UE. La influencia de las coaliciones tem\u00e1ticas en la politizaci\u00f3n de la toma de decisiones a escala europea\u00bb\u00bb<\/span><\/a><\/p><\/div><\/li>\n<li><div class=\"wp-block-latest-posts__featured-image\"><img loading=\"lazy\" decoding=\"async\" width=\"150\" height=\"16\" src=\"https:\/\/www.unioviedo.es\/urbanred\/wp-content\/uploads\/2021\/02\/Publicaciones-150x16.png\" class=\"attachment-thumbnail size-thumbnail wp-post-image\" alt=\"\" style=\"\" sizes=\"auto, 100vw\" \/><\/div><a class=\"wp-block-latest-posts__post-title\" href=\"https:\/\/www.unioviedo.es\/urbanred\/analysis-of-madrids-urban-policies-in-the-period-2020-2021-towards-a-more-resilient-post-coronavirus-capital-3\/\">\u00abAnalysis of Madrid&#8217;s urban policies in the period 2020\u20132021: towards a more resilient post-coronavirus capital?\u00bb<\/a><time datetime=\"2023-03-06T20:31:00+01:00\" class=\"wp-block-latest-posts__post-date\">6 marzo, 2023<\/time><div class=\"wp-block-latest-posts__post-excerpt\">De Gregorio Hurtado, S. y Gharbi, N. (2022) En Armondi, S., Balducci, A., Bovo, M., Galimberti, B.: Cities learning from a pandemic. Towards preparedness Routledge. 80-102. ISBN 9781032147666 COVID-19 has stressed the &hellip; <p class=\"link-more\"><a href=\"https:\/\/www.unioviedo.es\/urbanred\/analysis-of-madrids-urban-policies-in-the-period-2020-2021-towards-a-more-resilient-post-coronavirus-capital-3\/\" class=\"more-link\">Continuar leyendo<span class=\"screen-reader-text\"> \u00ab\u00abAnalysis of Madrid&#8217;s urban policies in the period 2020\u20132021: towards a more resilient post-coronavirus capital?\u00bb\u00bb<\/span><\/a><\/p><\/div><\/li>\n<li><div class=\"wp-block-latest-posts__featured-image\"><img loading=\"lazy\" decoding=\"async\" width=\"150\" height=\"16\" src=\"https:\/\/www.unioviedo.es\/urbanred\/wp-content\/uploads\/2021\/02\/Publicaciones-150x16.png\" class=\"attachment-thumbnail size-thumbnail wp-post-image\" alt=\"\" style=\"\" sizes=\"auto, 100vw\" \/><\/div><a class=\"wp-block-latest-posts__post-title\" href=\"https:\/\/www.unioviedo.es\/urbanred\/la-ordenacion-de-las-viviendas-de-uso-turistico-especial-referencia-a-la-ciudad-de-madrid\/\">\u201cLa ordenaci\u00f3n de las viviendas de uso tur\u00edstico. Especial referencia a la ciudad de Madrid\u201d<\/a><time datetime=\"2023-03-01T18:56:36+01:00\" class=\"wp-block-latest-posts__post-date\">1 marzo, 2023<\/time><div class=\"wp-block-latest-posts__post-excerpt\">Omar Bouazza Ari\u00f1o (1 de marzo de 2023) Revista espa\u00f1ola de derecho administrativo, N\u00ba 224, p\u00e1gs. 43-86. ISSN 0210-8461<\/div><\/li>\n<li><div class=\"wp-block-latest-posts__featured-image\"><img loading=\"lazy\" decoding=\"async\" width=\"150\" height=\"16\" src=\"https:\/\/www.unioviedo.es\/urbanred\/wp-content\/uploads\/2021\/02\/Publicaciones-150x16.png\" class=\"attachment-thumbnail size-thumbnail wp-post-image\" alt=\"\" style=\"\" sizes=\"auto, 100vw\" \/><\/div><a class=\"wp-block-latest-posts__post-title\" href=\"https:\/\/www.unioviedo.es\/urbanred\/la-dimension-urbana-del-plan-de-recuperacion-transformacion-y-resiliencia-de-espana-un-analisis-desde-la-perspectiva-de-los-estudios-sobre-europeizacion\/\">\u00abLa dimensi\u00f3n urbana del Plan de Recuperaci\u00f3n, Transformaci\u00f3n y Resiliencia de Espa\u00f1a. Un an\u00e1lisis desde la perspectiva de los estudios sobre Europeizaci\u00f3n\u00bb<\/a><time datetime=\"2023-02-28T20:08:00+01:00\" class=\"wp-block-latest-posts__post-date\">28 febrero, 2023<\/time><div class=\"wp-block-latest-posts__post-excerpt\">Sonia De Gregorio Hurtado (2023) ACE: Architecture, City and Environment, 51. Disponible online. Este trabajo parte de la identificaci\u00f3n del potencial del Plan de Recuperaci\u00f3n, Transformaci\u00f3n y Resiliencia (PRTR) de Espa\u00f1a para &hellip; <p class=\"link-more\"><a href=\"https:\/\/www.unioviedo.es\/urbanred\/la-dimension-urbana-del-plan-de-recuperacion-transformacion-y-resiliencia-de-espana-un-analisis-desde-la-perspectiva-de-los-estudios-sobre-europeizacion\/\" class=\"more-link\">Continuar leyendo<span class=\"screen-reader-text\"> \u00ab\u00abLa dimensi\u00f3n urbana del Plan de Recuperaci\u00f3n, Transformaci\u00f3n y Resiliencia de Espa\u00f1a. Un an\u00e1lisis desde la perspectiva de los estudios sobre Europeizaci\u00f3n\u00bb\u00bb<\/span><\/a><\/p><\/div><\/li>\n<li><div class=\"wp-block-latest-posts__featured-image\"><img loading=\"lazy\" decoding=\"async\" width=\"150\" height=\"16\" src=\"https:\/\/www.unioviedo.es\/urbanred\/wp-content\/uploads\/2021\/02\/Publicaciones-150x16.png\" class=\"attachment-thumbnail size-thumbnail wp-post-image\" alt=\"\" style=\"\" sizes=\"auto, 100vw\" \/><\/div><a class=\"wp-block-latest-posts__post-title\" href=\"https:\/\/www.unioviedo.es\/urbanred\/nuevas-figuras-de-alojamiento-turistico-colaborativo-ante-la-silverizacion-de-la-demanada-y-el-nuevo-turismo-europeo-senior\/\">\u201cNuevas figuras de alojamiento tur\u00edstico colaborativo ante la \u00absilverizaci\u00f3n\u00bb de la demanada y el nuevo turismo europeo senior\u201d<\/a><time datetime=\"2023-02-27T11:31:47+01:00\" class=\"wp-block-latest-posts__post-date\">27 febrero, 2023<\/time><div class=\"wp-block-latest-posts__post-excerpt\">Mar\u00eda Luisa G\u00f3mez Jim\u00e9nez (27 de febrero de 2023) Desregulaci\u00f3n y regulaci\u00f3n de la econom\u00eda colaborativa en la actividad tur\u00edstica y las actividades con incidencia tur\u00edstica \/ Humberto Gos\u00e1lbez Peque\u00f1o (dir.), Antonio &hellip; <p class=\"link-more\"><a href=\"https:\/\/www.unioviedo.es\/urbanred\/nuevas-figuras-de-alojamiento-turistico-colaborativo-ante-la-silverizacion-de-la-demanada-y-el-nuevo-turismo-europeo-senior\/\" class=\"more-link\">Continuar leyendo<span class=\"screen-reader-text\"> \u00ab\u201cNuevas figuras de alojamiento tur\u00edstico colaborativo ante la \u00absilverizaci\u00f3n\u00bb de la demanada y el nuevo turismo europeo senior\u201d\u00bb<\/span><\/a><\/p><\/div><\/li>\n<li><div class=\"wp-block-latest-posts__featured-image\"><img loading=\"lazy\" decoding=\"async\" width=\"150\" height=\"16\" src=\"https:\/\/www.unioviedo.es\/urbanred\/wp-content\/uploads\/2021\/02\/Publicaciones-150x16.png\" class=\"attachment-thumbnail size-thumbnail wp-post-image\" alt=\"\" style=\"\" sizes=\"auto, 100vw\" \/><\/div><a class=\"wp-block-latest-posts__post-title\" href=\"https:\/\/www.unioviedo.es\/urbanred\/autoconsumo-colectivo-mucho-mas-alla-de-los-tejados\/\">\u201cAutoconsumo colectivo: (mucho) m\u00e1s all\u00e1 de los tejados\u201d<\/a><time datetime=\"2023-02-24T18:56:52+01:00\" class=\"wp-block-latest-posts__post-date\">24 febrero, 2023<\/time><div class=\"wp-block-latest-posts__post-excerpt\">Susana Galera Rodrigo (febrero de 2023) Cuadernos de derecho local, ISSN 1696-0955, 39 61, 2023, p\u00e1gs. 55-81. Texto completo La transici\u00f3n energ\u00e9tica, adem\u00e1s de la descarbonizaci\u00f3n del sector, establece como segundo objetivo &hellip; <p class=\"link-more\"><a href=\"https:\/\/www.unioviedo.es\/urbanred\/autoconsumo-colectivo-mucho-mas-alla-de-los-tejados\/\" class=\"more-link\">Continuar leyendo<span class=\"screen-reader-text\"> \u00ab\u201cAutoconsumo colectivo: (mucho) m\u00e1s all\u00e1 de los tejados\u201d\u00bb<\/span><\/a><\/p><\/div><\/li>\n<li><div class=\"wp-block-latest-posts__featured-image\"><img loading=\"lazy\" decoding=\"async\" width=\"150\" height=\"16\" src=\"https:\/\/www.unioviedo.es\/urbanred\/wp-content\/uploads\/2021\/02\/Publicaciones-150x16.png\" class=\"attachment-thumbnail size-thumbnail wp-post-image\" alt=\"\" style=\"\" sizes=\"auto, 100vw\" \/><\/div><a class=\"wp-block-latest-posts__post-title\" href=\"https:\/\/www.unioviedo.es\/urbanred\/aaa\/\">\u201cEmergencias y riesgos industriales y energ\u00e9ticos\u201d<\/a><time datetime=\"2023-02-23T10:33:11+01:00\" class=\"wp-block-latest-posts__post-date\">23 febrero, 2023<\/time><div class=\"wp-block-latest-posts__post-excerpt\">Gerardo Garc\u00eda-\u00c1lvarez Garc\u00eda (febrero de 2023) Derecho administrativo para la excepci\u00f3n \/ coord. por Julio C\u00e9sar Tejedor Bielsa, Andr\u00e9s Boix Palop, Alba Nogueira L\u00f3pez, p\u00e1gs. 487-508. ISBN 9788498904482<\/div><\/li>\n<li><div class=\"wp-block-latest-posts__featured-image\"><img loading=\"lazy\" decoding=\"async\" width=\"150\" height=\"16\" src=\"https:\/\/www.unioviedo.es\/urbanred\/wp-content\/uploads\/2021\/02\/Publicaciones-150x16.png\" class=\"attachment-thumbnail size-thumbnail wp-post-image\" alt=\"\" style=\"\" sizes=\"auto, 100vw\" \/><\/div><a class=\"wp-block-latest-posts__post-title\" href=\"https:\/\/www.unioviedo.es\/urbanred\/los-gobiernos-locales-ante-el-proceso-de-descarbonizacion-de-la-movilidad-urbana\/\">\u00abLos gobiernos locales ante el proceso de descarbonizaci\u00f3n de la movilidad urbana\u00bb<\/a><time datetime=\"2023-02-20T21:07:00+01:00\" class=\"wp-block-latest-posts__post-date\">20 febrero, 2023<\/time><div class=\"wp-block-latest-posts__post-excerpt\">Antonio Fortes Mart\u00edn (2023) Cuadernos de Derecho Local, n\u00ba61. Texto completo<\/div><\/li>\n<li><div class=\"wp-block-latest-posts__featured-image\"><img loading=\"lazy\" decoding=\"async\" width=\"150\" height=\"16\" src=\"https:\/\/www.unioviedo.es\/urbanred\/wp-content\/uploads\/2021\/02\/Publicaciones-150x16.png\" class=\"attachment-thumbnail size-thumbnail wp-post-image\" alt=\"\" style=\"\" sizes=\"auto, 100vw\" \/><\/div><a class=\"wp-block-latest-posts__post-title\" href=\"https:\/\/www.unioviedo.es\/urbanred\/localizacion-espacial-de-clusteres-tipologicos-de-vivienda-en-las-grandes-ciudades-espanolas-y-su-relacion-con-la-vulnerabilidad-urbana\/\">Localizaci\u00f3n espacial de cl\u00fasteres tipol\u00f3gicos de vivienda en las grandes ciudades espa\u00f1olas y su relaci\u00f3n con la vulnerabilidad urbana<\/a><time datetime=\"2023-02-02T13:07:04+01:00\" class=\"wp-block-latest-posts__post-date\">2 febrero, 2023<\/time><div class=\"wp-block-latest-posts__post-excerpt\">Hern\u00e1ndez Aja, Agust\u00edn; Rodr\u00edguez Su\u00e1rez, Iv\u00e1n; \u00c1lvarez del Valle, Lucas; Mart\u00ednez Solano, Ainara; Viedma-Guiard, Andr\u00e9s y D\u00edez Bermejo, Ana (2023) Instituto Juan de Herrera, Madrid ISBN: 978-84-9728-610-7. Documento resumen del trabajo realizado &hellip; <p class=\"link-more\"><a href=\"https:\/\/www.unioviedo.es\/urbanred\/localizacion-espacial-de-clusteres-tipologicos-de-vivienda-en-las-grandes-ciudades-espanolas-y-su-relacion-con-la-vulnerabilidad-urbana\/\" class=\"more-link\">Continuar leyendo<span class=\"screen-reader-text\"> \u00abLocalizaci\u00f3n espacial de cl\u00fasteres tipol\u00f3gicos de vivienda en las grandes ciudades espa\u00f1olas y su relaci\u00f3n con la vulnerabilidad urbana\u00bb<\/span><\/a><\/p><\/div><\/li>\n<li><div class=\"wp-block-latest-posts__featured-image\"><img loading=\"lazy\" decoding=\"async\" width=\"150\" height=\"16\" src=\"https:\/\/www.unioviedo.es\/urbanred\/wp-content\/uploads\/2021\/02\/Publicaciones-150x16.png\" class=\"attachment-thumbnail size-thumbnail wp-post-image\" alt=\"\" style=\"\" sizes=\"auto, 100vw\" \/><\/div><a class=\"wp-block-latest-posts__post-title\" href=\"https:\/\/www.unioviedo.es\/urbanred\/los-espacios-naturales-protegidos-la-inteligencia-artificial-y-un-nuevo-escenario-de-soluciones\/\">\u201cLos espacios naturales protegidos. La inteligencia artificial y un nuevo escenario de soluciones\u201d<\/a><time datetime=\"2023-01-31T18:38:25+01:00\" class=\"wp-block-latest-posts__post-date\">31 enero, 2023<\/time><div class=\"wp-block-latest-posts__post-excerpt\">Diego Vera Jurado (31 de enero de 2023) Espacios naturales protegidos en Andaluc\u00eda: impacto de las tecnolog\u00edas de la informaci\u00f3n, de la comunicaci\u00f3n y de la inteligencia artificial en su protecci\u00f3n y &hellip; <p class=\"link-more\"><a href=\"https:\/\/www.unioviedo.es\/urbanred\/los-espacios-naturales-protegidos-la-inteligencia-artificial-y-un-nuevo-escenario-de-soluciones\/\" class=\"more-link\">Continuar leyendo<span class=\"screen-reader-text\"> \u00ab\u201cLos espacios naturales protegidos. La inteligencia artificial y un nuevo escenario de soluciones\u201d\u00bb<\/span><\/a><\/p><\/div><\/li>\n<li><div class=\"wp-block-latest-posts__featured-image\"><img loading=\"lazy\" decoding=\"async\" width=\"150\" height=\"16\" src=\"https:\/\/www.unioviedo.es\/urbanred\/wp-content\/uploads\/2021\/02\/Publicaciones-150x16.png\" class=\"attachment-thumbnail size-thumbnail wp-post-image\" alt=\"\" style=\"\" sizes=\"auto, 100vw\" \/><\/div><a class=\"wp-block-latest-posts__post-title\" href=\"https:\/\/www.unioviedo.es\/urbanred\/los-servicios-publicos-en-las-comunidades-autonomas-y-la-crisis-de-la-legitimidad-institucional\/\">\u201cLos servicios p\u00fablicos en las Comunidades Aut\u00f3nomas y la crisis de la legitimidad institucional\u201d<\/a><time datetime=\"2023-01-31T18:26:39+01:00\" class=\"wp-block-latest-posts__post-date\">31 enero, 2023<\/time><div class=\"wp-block-latest-posts__post-excerpt\">Mar\u00eda Rosario Alonso Ib\u00e1\u00f1ez (enero de 2023) Temas para el debate, N.\u00ba 337-338 (enero-febrero), (Ejemplar dedicado a: Intentos de degradaci\u00f3n institucional), p\u00e1gs. 50-53. ISSN 1134-6574 La Administraci\u00f3n P\u00fablica en el siglo XXI &hellip; <p class=\"link-more\"><a href=\"https:\/\/www.unioviedo.es\/urbanred\/los-servicios-publicos-en-las-comunidades-autonomas-y-la-crisis-de-la-legitimidad-institucional\/\" class=\"more-link\">Continuar leyendo<span class=\"screen-reader-text\"> \u00ab\u201cLos servicios p\u00fablicos en las Comunidades Aut\u00f3nomas y la crisis de la legitimidad institucional\u201d\u00bb<\/span><\/a><\/p><\/div><\/li>\n<li><div class=\"wp-block-latest-posts__featured-image\"><img loading=\"lazy\" decoding=\"async\" width=\"150\" height=\"16\" src=\"https:\/\/www.unioviedo.es\/urbanred\/wp-content\/uploads\/2021\/02\/Publicaciones-150x16.png\" class=\"attachment-thumbnail size-thumbnail wp-post-image\" alt=\"\" style=\"\" sizes=\"auto, 100vw\" \/><\/div><a class=\"wp-block-latest-posts__post-title\" href=\"https:\/\/www.unioviedo.es\/urbanred\/recension-de-la-monografia-el-principio-de-no-regresion-en-el-derecho-publico-de-andres-gonzalez-sanfiel-thomson-reuters-aranzadi-2022\/\">Recensi\u00f3n de la monograf\u00eda El principio de no regresi\u00f3n en el Derecho P\u00fablico, de Andr\u00e9s Gonz\u00e1lez Sanfiel (Thomson Reuters-Aranzadi, 2022)<\/a><time datetime=\"2023-01-30T21:14:00+01:00\" class=\"wp-block-latest-posts__post-date\">30 enero, 2023<\/time><div class=\"wp-block-latest-posts__post-excerpt\">Francisco Velasco Caballero (2023) M\u00e1s informaci\u00f3n<\/div><\/li>\n<li><div class=\"wp-block-latest-posts__featured-image\"><img loading=\"lazy\" decoding=\"async\" width=\"150\" height=\"16\" src=\"https:\/\/www.unioviedo.es\/urbanred\/wp-content\/uploads\/2021\/02\/Publicaciones-150x16.png\" class=\"attachment-thumbnail size-thumbnail wp-post-image\" alt=\"\" style=\"\" sizes=\"auto, 100vw\" \/><\/div><a class=\"wp-block-latest-posts__post-title\" href=\"https:\/\/www.unioviedo.es\/urbanred\/analysing-the-spanish-urban-agenda-from-a-policy-transfer-perspective-advancing-to-more-resilient-post-covid-urban-areas-2\/\">\u00abAnalysing the Spanish Urban Agenda from a Policy Transfer Perspective.  Advancing to More Resilient Post-COVID Urban Areas\u00bb<\/a><time datetime=\"2023-01-09T20:41:00+01:00\" class=\"wp-block-latest-posts__post-date\">9 enero, 2023<\/time><div class=\"wp-block-latest-posts__post-excerpt\">Gonz\u00e1lez Medina, M. y De Gregorio Hurtado, S. (2022) En Gelli, F. y Basso, M. : Identifying Models of National Urban Agendas.\u00a0 A view to the Global Transition Palgrave Mc Millan. \u00a0289-309. &hellip; <p class=\"link-more\"><a href=\"https:\/\/www.unioviedo.es\/urbanred\/analysing-the-spanish-urban-agenda-from-a-policy-transfer-perspective-advancing-to-more-resilient-post-covid-urban-areas-2\/\" class=\"more-link\">Continuar leyendo<span class=\"screen-reader-text\"> \u00ab\u00abAnalysing the Spanish Urban Agenda from a Policy Transfer Perspective.  Advancing to More Resilient Post-COVID Urban Areas\u00bb\u00bb<\/span><\/a><\/p><\/div><\/li>\n<\/ul>\n\n\n<div style=\"height:36px\" aria-hidden=\"true\" class=\"wp-block-spacer\"><\/div>\n\n\n\n<div class=\"wp-block-media-text alignwide is-stacked-on-mobile is-vertically-aligned-center\" style=\"grid-template-columns:15% auto\"><figure class=\"wp-block-media-text__media\"><img loading=\"lazy\" decoding=\"async\" width=\"200\" height=\"200\" src=\"https:\/\/www.unioviedo.es\/urbanred\/wp-content\/uploads\/2021\/03\/icoFormacion2.png\" alt=\"\" class=\"wp-image-847 size-full\" srcset=\"https:\/\/www.unioviedo.es\/urbanred\/wp-content\/uploads\/2021\/03\/icoFormacion2.png 200w, https:\/\/www.unioviedo.es\/urbanred\/wp-content\/uploads\/2021\/03\/icoFormacion2-150x150.png 150w, https:\/\/www.unioviedo.es\/urbanred\/wp-content\/uploads\/2021\/03\/icoFormacion2-100x100.png 100w\" sizes=\"auto, (max-width: 200px) 100vw, 200px\" \/><\/figure><div class=\"wp-block-media-text__content\">\n<p class=\"has-background\" style=\"background-color:#50e1a7;font-size:26px\">  Formaci\u00f3n<\/p>\n<\/div><\/div>\n\n\n<ul class=\"wp-block-latest-posts__list wp-block-latest-posts\"><\/ul>\n\n\n<div style=\"height:36px\" aria-hidden=\"true\" class=\"wp-block-spacer\"><\/div>\n\n\n\n<div class=\"wp-block-media-text alignwide has-media-on-the-right is-stacked-on-mobile is-vertically-aligned-center\" style=\"grid-template-columns:auto 15%\"><div class=\"wp-block-media-text__content\">\n<p class=\"has-text-align-right has-background\" style=\"background-color:#ffba6e;font-size:26px\">  Otros materiales  <\/p>\n<\/div><figure class=\"wp-block-media-text__media\"><img loading=\"lazy\" decoding=\"async\" width=\"200\" height=\"200\" src=\"https:\/\/www.unioviedo.es\/urbanred\/wp-content\/uploads\/2021\/03\/icoOtros2.png\" alt=\"\" class=\"wp-image-848 size-full\" srcset=\"https:\/\/www.unioviedo.es\/urbanred\/wp-content\/uploads\/2021\/03\/icoOtros2.png 200w, https:\/\/www.unioviedo.es\/urbanred\/wp-content\/uploads\/2021\/03\/icoOtros2-150x150.png 150w, https:\/\/www.unioviedo.es\/urbanred\/wp-content\/uploads\/2021\/03\/icoOtros2-100x100.png 100w\" sizes=\"auto, (max-width: 200px) 100vw, 200px\" \/><\/figure><\/div>\n\n\n<ul class=\"wp-block-latest-posts__list is-grid columns-2 has-dates alignleft wp-block-latest-posts\"><li><div class=\"wp-block-latest-posts__featured-image\"><img loading=\"lazy\" decoding=\"async\" width=\"150\" height=\"16\" src=\"https:\/\/www.unioviedo.es\/urbanred\/wp-content\/uploads\/2021\/02\/Otros-materiales-150x16.png\" class=\"attachment-thumbnail size-thumbnail wp-post-image\" alt=\"\" style=\"\" sizes=\"auto, 100vw\" \/><\/div><a class=\"wp-block-latest-posts__post-title\" href=\"https:\/\/www.unioviedo.es\/urbanred\/disponible-el-seminario-urb_int-metodologias-para-el-analisis-urbano-y-territorial-de-la-crisis-ecosocial\/\">Disponible el Seminario [URB_inT] | Metodolog\u00edas para el an\u00e1lisis urbano y territorial de la crisis ecosocial<\/a><time datetime=\"2023-07-05T19:19:32+02:00\" class=\"wp-block-latest-posts__post-date\">5 julio, 2023<\/time><div class=\"wp-block-latest-posts__post-excerpt\">El pasado martes 27 de junio tuvo lugar en la Sala de Grados A de la Escuela T\u00e9cnica Superior de Arquitectura de Madrid (UPM) un nuevo Seminario de Investigaci\u00f3n del proyecto [URB_inT] &hellip; <p class=\"link-more\"><a href=\"https:\/\/www.unioviedo.es\/urbanred\/disponible-el-seminario-urb_int-metodologias-para-el-analisis-urbano-y-territorial-de-la-crisis-ecosocial\/\" class=\"more-link\">Continuar leyendo<span class=\"screen-reader-text\"> \u00abDisponible el Seminario [URB_inT] | Metodolog\u00edas para el an\u00e1lisis urbano y territorial de la crisis ecosocial\u00bb<\/span><\/a><\/p><\/div><\/li>\n<li><div class=\"wp-block-latest-posts__featured-image\"><img loading=\"lazy\" decoding=\"async\" width=\"150\" height=\"16\" src=\"https:\/\/www.unioviedo.es\/urbanred\/wp-content\/uploads\/2021\/02\/Otros-materiales-150x16.png\" class=\"attachment-thumbnail size-thumbnail wp-post-image\" alt=\"\" style=\"\" sizes=\"auto, 100vw\" \/><\/div><a class=\"wp-block-latest-posts__post-title\" href=\"https:\/\/www.unioviedo.es\/urbanred\/seminario-urb_int-disponible-en-abierto\/\">Seminario [URB_inT] disponible en abierto<\/a><time datetime=\"2023-03-29T16:35:03+02:00\" class=\"wp-block-latest-posts__post-date\">29 marzo, 2023<\/time><div class=\"wp-block-latest-posts__post-excerpt\">Ya est\u00e1 disponible en abierto el seminario \u00abDimensiones de la vulnerabilidad urbana en un contexto de crisis ecosocial: bases de datos y fuentes estad\u00edsticas\u00bb, celebrado el pasado 22 de marzo en la &hellip; <p class=\"link-more\"><a href=\"https:\/\/www.unioviedo.es\/urbanred\/seminario-urb_int-disponible-en-abierto\/\" class=\"more-link\">Continuar leyendo<span class=\"screen-reader-text\"> \u00abSeminario [URB_inT] disponible en abierto\u00bb<\/span><\/a><\/p><\/div><\/li>\n<\/ul>","protected":false},"excerpt":{"rendered":"<p>Bolet\u00edn del Observatorio Eventos Publicaciones Formaci\u00f3n Otros materiales<\/p>\n","protected":false},"author":1,"featured_media":0,"parent":0,"menu_order":0,"comment_status":"closed","ping_status":"closed","template":"","meta":{"footnotes":""},"class_list":["post-2090","page","type-page","status-publish","hentry"],"_links":{"self":[{"href":"https:\/\/www.unioviedo.es\/urbanred\/wp-json\/wp\/v2\/pages\/2090","targetHints":{"allow":["GET"]}}],"collection":[{"href":"https:\/\/www.unioviedo.es\/urbanred\/wp-json\/wp\/v2\/pages"}],"about":[{"href":"https:\/\/www.unioviedo.es\/urbanred\/wp-json\/wp\/v2\/types\/page"}],"author":[{"embeddable":true,"href":"https:\/\/www.unioviedo.es\/urbanred\/wp-json\/wp\/v2\/users\/1"}],"replies":[{"embeddable":true,"href":"https:\/\/www.unioviedo.es\/urbanred\/wp-json\/wp\/v2\/comments?post=2090"}],"version-history":[{"count":2,"href":"https:\/\/www.unioviedo.es\/urbanred\/wp-json\/wp\/v2\/pages\/2090\/revisions"}],"predecessor-version":[{"id":2093,"href":"https:\/\/www.unioviedo.es\/urbanred\/wp-json\/wp\/v2\/pages\/2090\/revisions\/2093"}],"wp:attachment":[{"href":"https:\/\/www.unioviedo.es\/urbanred\/wp-json\/wp\/v2\/media?parent=2090"}],"curies":[{"name":"wp","href":"https:\/\/api.w.org\/{rel}","templated":true}]}}