{"id":2178,"date":"2023-11-14T11:40:32","date_gmt":"2023-11-14T10:40:32","guid":{"rendered":"https:\/\/www.unioviedo.es\/urbanred\/?page_id=2178"},"modified":"2023-11-14T13:25:44","modified_gmt":"2023-11-14T12:25:44","slug":"boletin202311","status":"publish","type":"page","link":"https:\/\/www.unioviedo.es\/urbanred\/boletin202311\/","title":{"rendered":"Bolet\u00edn n\u00ba 11, julio &#8211; octubre 2023"},"content":{"rendered":"\n<div class=\"wp-block-media-text alignwide is-stacked-on-mobile is-vertically-aligned-center\" style=\"grid-template-columns:31% auto\"><figure class=\"wp-block-media-text__media\"><img loading=\"lazy\" decoding=\"async\" width=\"772\" height=\"772\" src=\"https:\/\/www.unioviedo.es\/urbanred\/wp-content\/uploads\/2021\/03\/Boletin-Observatorio.png\" alt=\"\" class=\"wp-image-857 size-full\" srcset=\"https:\/\/www.unioviedo.es\/urbanred\/wp-content\/uploads\/2021\/03\/Boletin-Observatorio.png 772w, https:\/\/www.unioviedo.es\/urbanred\/wp-content\/uploads\/2021\/03\/Boletin-Observatorio-300x300.png 300w, https:\/\/www.unioviedo.es\/urbanred\/wp-content\/uploads\/2021\/03\/Boletin-Observatorio-150x150.png 150w, https:\/\/www.unioviedo.es\/urbanred\/wp-content\/uploads\/2021\/03\/Boletin-Observatorio-768x768.png 768w, https:\/\/www.unioviedo.es\/urbanred\/wp-content\/uploads\/2021\/03\/Boletin-Observatorio-100x100.png 100w\" sizes=\"auto, (max-width: 767px) 89vw, (max-width: 1000px) 54vw, (max-width: 1071px) 543px, 580px\" \/><\/figure><div class=\"wp-block-media-text__content\">\n<p class=\"has-text-color\" style=\"color:#2d2d2d;font-size:30px;line-height:0\">Bolet\u00edn del Observatorio<\/p>\n<\/div><\/div>\n\n\n\n<div class=\"wp-block-media-text alignwide is-stacked-on-mobile is-vertically-aligned-center\" style=\"grid-template-columns:15% auto\"><figure class=\"wp-block-media-text__media\"><img loading=\"lazy\" decoding=\"async\" width=\"200\" height=\"200\" src=\"https:\/\/www.unioviedo.es\/urbanred\/wp-content\/uploads\/2021\/03\/icoEventos2.png\" alt=\"\" class=\"wp-image-846 size-full\" srcset=\"https:\/\/www.unioviedo.es\/urbanred\/wp-content\/uploads\/2021\/03\/icoEventos2.png 200w, https:\/\/www.unioviedo.es\/urbanred\/wp-content\/uploads\/2021\/03\/icoEventos2-150x150.png 150w, https:\/\/www.unioviedo.es\/urbanred\/wp-content\/uploads\/2021\/03\/icoEventos2-100x100.png 100w\" sizes=\"auto, (max-width: 200px) 100vw, 200px\" \/><\/figure><div class=\"wp-block-media-text__content\">\n<p class=\"has-background\" style=\"background-color:#48b8ff;font-size:26px\">  Eventos<\/p>\n<\/div><\/div>\n\n\n<ul class=\"wp-block-latest-posts__list is-grid columns-2 has-dates alignleft wp-block-latest-posts\"><li><div class=\"wp-block-latest-posts__featured-image\"><img loading=\"lazy\" decoding=\"async\" width=\"150\" height=\"16\" src=\"https:\/\/www.unioviedo.es\/urbanred\/wp-content\/uploads\/2021\/02\/Eventos-150x16.png\" class=\"attachment-thumbnail size-thumbnail wp-post-image\" alt=\"\" style=\"\" sizes=\"auto, 100vw\" \/><\/div><a class=\"wp-block-latest-posts__post-title\" href=\"https:\/\/www.unioviedo.es\/urbanred\/i-encuentro-nacional-de-catedras-de-sostenibilidad\/\">I Encuentro Nacional de C\u00e1tedras de Sostenibilidad<\/a><time datetime=\"2023-09-07T11:17:25+02:00\" class=\"wp-block-latest-posts__post-date\">7 septiembre, 2023<\/time><div class=\"wp-block-latest-posts__post-excerpt\">La C\u00e1tedra Concepci\u00f3n Arenal de Agenda 2030, la C\u00e1tedra de Cambio Clim\u00e1tico de la Universidad de Oviedo y la C\u00e1tedra COGERSA de Econom\u00eda Circular de la Universidad de Oviedo organizan el I &hellip; <p class=\"link-more\"><a href=\"https:\/\/www.unioviedo.es\/urbanred\/i-encuentro-nacional-de-catedras-de-sostenibilidad\/\" class=\"more-link\">Continuar leyendo<span class=\"screen-reader-text\"> \u00abI Encuentro Nacional de C\u00e1tedras de Sostenibilidad\u00bb<\/span><\/a><\/p><\/div><\/li>\n<li><div class=\"wp-block-latest-posts__featured-image\"><img loading=\"lazy\" decoding=\"async\" width=\"150\" height=\"16\" src=\"https:\/\/www.unioviedo.es\/urbanred\/wp-content\/uploads\/2021\/02\/Eventos-150x16.png\" class=\"attachment-thumbnail size-thumbnail wp-post-image\" alt=\"\" style=\"\" sizes=\"auto, 100vw\" \/><\/div><a class=\"wp-block-latest-posts__post-title\" href=\"https:\/\/www.unioviedo.es\/urbanred\/xi-congreso-internacional-de-ordenacion-del-territorio\/\">XI Congreso Internacional de Ordenaci\u00f3n del Territorio<\/a><time datetime=\"2023-10-02T11:26:00+02:00\" class=\"wp-block-latest-posts__post-date\">2 octubre, 2023<\/time><div class=\"wp-block-latest-posts__post-excerpt\"><\/div><\/li>\n<\/ul>\n\n\n<div style=\"height:30px\" aria-hidden=\"true\" class=\"wp-block-spacer\"><\/div>\n\n\n\n<div class=\"wp-block-media-text alignwide has-media-on-the-right is-stacked-on-mobile\" style=\"grid-template-columns:auto 15%\"><div class=\"wp-block-media-text__content\">\n<p class=\"has-text-align-right has-background\" style=\"background-color:#b4c3ce;font-size:26px\">  Publicaciones  <\/p>\n<\/div><figure class=\"wp-block-media-text__media\"><img loading=\"lazy\" decoding=\"async\" width=\"200\" height=\"200\" src=\"https:\/\/www.unioviedo.es\/urbanred\/wp-content\/uploads\/2021\/03\/icoPublicacion2.png\" alt=\"\" class=\"wp-image-849 size-full\" srcset=\"https:\/\/www.unioviedo.es\/urbanred\/wp-content\/uploads\/2021\/03\/icoPublicacion2.png 200w, https:\/\/www.unioviedo.es\/urbanred\/wp-content\/uploads\/2021\/03\/icoPublicacion2-150x150.png 150w, https:\/\/www.unioviedo.es\/urbanred\/wp-content\/uploads\/2021\/03\/icoPublicacion2-100x100.png 100w\" sizes=\"auto, (max-width: 200px) 100vw, 200px\" \/><\/figure><\/div>\n\n\n<ul class=\"wp-block-latest-posts__list is-grid columns-2 has-dates wp-block-latest-posts\"><li><div class=\"wp-block-latest-posts__featured-image\"><img loading=\"lazy\" decoding=\"async\" width=\"150\" height=\"16\" src=\"https:\/\/www.unioviedo.es\/urbanred\/wp-content\/uploads\/2021\/02\/Publicaciones-150x16.png\" class=\"attachment-thumbnail size-thumbnail wp-post-image\" alt=\"\" style=\"\" sizes=\"auto, 100vw\" \/><\/div><a class=\"wp-block-latest-posts__post-title\" href=\"https:\/\/www.unioviedo.es\/urbanred\/mecanismos-para-la-ampliacion-del-parque-publico-de-vivienda\/\">\u201cMecanismos para la ampliaci\u00f3n del parque p\u00fablico de vivienda\u201d<\/a><time datetime=\"2023-11-06T08:24:00+01:00\" class=\"wp-block-latest-posts__post-date\">6 noviembre, 2023<\/time><div class=\"wp-block-latest-posts__post-excerpt\">Joan Manuel Trayter Jim\u00e9nez (noviembre de 2023) Revista de Derecho Urban\u00edstico y Medio Ambiente 57.363 (2023): 189-190. El art\u00edculo 47 de la Constituci\u00f3n se\u00f1ala la obligaci\u00f3n que tienen los poderes p\u00fablicos de &hellip; <p class=\"link-more\"><a href=\"https:\/\/www.unioviedo.es\/urbanred\/mecanismos-para-la-ampliacion-del-parque-publico-de-vivienda\/\" class=\"more-link\">Continuar leyendo<span class=\"screen-reader-text\"> \u00ab\u201cMecanismos para la ampliaci\u00f3n del parque p\u00fablico de vivienda\u201d\u00bb<\/span><\/a><\/p><\/div><\/li>\n<li><div class=\"wp-block-latest-posts__featured-image\"><img loading=\"lazy\" decoding=\"async\" width=\"150\" height=\"16\" src=\"https:\/\/www.unioviedo.es\/urbanred\/wp-content\/uploads\/2021\/02\/Publicaciones-150x16.png\" class=\"attachment-thumbnail size-thumbnail wp-post-image\" alt=\"\" style=\"\" sizes=\"auto, 100vw\" \/><\/div><a class=\"wp-block-latest-posts__post-title\" href=\"https:\/\/www.unioviedo.es\/urbanred\/el-nuevo-reglamento-de-ordenacion-del-territorio-y-urbanismo-del-principado-de-asturias-a-proposito-del-desarrollo-reglamentario-autonomico-de-legislacion-estatal\/\">\u201cEl nuevo reglamento de ordenaci\u00f3n del territorio y urbanismo del principado de Asturias. A prop\u00f3sito del desarrollo reglamentario auton\u00f3mico de legislaci\u00f3n estatal\u201d<\/a><time datetime=\"2023-10-31T08:43:08+01:00\" class=\"wp-block-latest-posts__post-date\">31 octubre, 2023<\/time><div class=\"wp-block-latest-posts__post-excerpt\">Mar\u00eda Rosario Alonso Ib\u00e1\u00f1ez (noviembre de 2023) Revista de urbanismo y edificaci\u00f3n 50 (2023): 1. El Reglamento de Ordenaci\u00f3n del Territorio y Urbanismo del Principado de Asturias no es una mera norma &hellip; <p class=\"link-more\"><a href=\"https:\/\/www.unioviedo.es\/urbanred\/el-nuevo-reglamento-de-ordenacion-del-territorio-y-urbanismo-del-principado-de-asturias-a-proposito-del-desarrollo-reglamentario-autonomico-de-legislacion-estatal\/\" class=\"more-link\">Continuar leyendo<span class=\"screen-reader-text\"> \u00ab\u201cEl nuevo reglamento de ordenaci\u00f3n del territorio y urbanismo del principado de Asturias. A prop\u00f3sito del desarrollo reglamentario auton\u00f3mico de legislaci\u00f3n estatal\u201d\u00bb<\/span><\/a><\/p><\/div><\/li>\n<li><div class=\"wp-block-latest-posts__featured-image\"><img loading=\"lazy\" decoding=\"async\" width=\"150\" height=\"16\" src=\"https:\/\/www.unioviedo.es\/urbanred\/wp-content\/uploads\/2021\/02\/Publicaciones-150x16.png\" class=\"attachment-thumbnail size-thumbnail wp-post-image\" alt=\"\" style=\"\" sizes=\"auto, 100vw\" \/><\/div><a class=\"wp-block-latest-posts__post-title\" href=\"https:\/\/www.unioviedo.es\/urbanred\/comunicacion-politica-en-tiempos-de-conflicto\/\">\u201cComunicaci\u00f3n pol\u00edtica en tiempos de conflicto\u201d<\/a><time datetime=\"2023-10-30T10:38:00+01:00\" class=\"wp-block-latest-posts__post-date\">30 octubre, 2023<\/time><div class=\"wp-block-latest-posts__post-excerpt\">Juan Luis Manfredi S\u00e1nchez (octubre de 2023) M\u00e1s Poder Local 54 (2023): 126-130. Esta nota analiza algunos de los principales retos de la comunicaci\u00f3n pol\u00edtica en una sociedad internacional atravesada por multitud &hellip; <p class=\"link-more\"><a href=\"https:\/\/www.unioviedo.es\/urbanred\/comunicacion-politica-en-tiempos-de-conflicto\/\" class=\"more-link\">Continuar leyendo<span class=\"screen-reader-text\"> \u00ab\u201cComunicaci\u00f3n pol\u00edtica en tiempos de conflicto\u201d\u00bb<\/span><\/a><\/p><\/div><\/li>\n<li><div class=\"wp-block-latest-posts__featured-image\"><img loading=\"lazy\" decoding=\"async\" width=\"150\" height=\"16\" src=\"https:\/\/www.unioviedo.es\/urbanred\/wp-content\/uploads\/2021\/02\/Publicaciones-150x16.png\" class=\"attachment-thumbnail size-thumbnail wp-post-image\" alt=\"\" style=\"\" sizes=\"auto, 100vw\" \/><\/div><a class=\"wp-block-latest-posts__post-title\" href=\"https:\/\/www.unioviedo.es\/urbanred\/la-planificacion-estrategica-y-el-espacio-metropolitano-mas-alla-del-dimensionamiento-y-la-eficacia-en-la-gestion-territorial\/\">\u201cLa planificaci\u00f3n estrat\u00e9gica y el espacio metropolitano: m\u00e1s all\u00e1 del dimensionamiento y la eficacia en la gesti\u00f3n territorial\u201d<\/a><time datetime=\"2023-10-20T11:04:57+02:00\" class=\"wp-block-latest-posts__post-date\">20 octubre, 2023<\/time><div class=\"wp-block-latest-posts__post-excerpt\">Rosario Alonso Ib\u00e1\u00f1ez (2022) Anuario de Gobierno Local 2022, pp. 61-92.<\/div><\/li>\n<li><div class=\"wp-block-latest-posts__featured-image\"><img loading=\"lazy\" decoding=\"async\" width=\"150\" height=\"16\" src=\"https:\/\/www.unioviedo.es\/urbanred\/wp-content\/uploads\/2021\/02\/Publicaciones-150x16.png\" class=\"attachment-thumbnail size-thumbnail wp-post-image\" alt=\"\" style=\"\" sizes=\"auto, 100vw\" \/><\/div><a class=\"wp-block-latest-posts__post-title\" href=\"https:\/\/www.unioviedo.es\/urbanred\/autonomia-costas-y-litoral\/\">Autonom\u00eda, Costas y litoral<\/a><time datetime=\"2023-10-03T08:31:24+02:00\" class=\"wp-block-latest-posts__post-date\">3 octubre, 2023<\/time><div class=\"wp-block-latest-posts__post-excerpt\">Joan Manuel Trayter Jim\u00e9nez (Coord.) Ed. Generalidad de Catalu\u00f1a (2023) ISBN: 978-84-19695-19-2 Libro fruto de las jornadas sobre costas y litoral&nbsp; organizadas en dos sesiones (en Palma, los d\u00edas 31 de marzo &hellip; <p class=\"link-more\"><a href=\"https:\/\/www.unioviedo.es\/urbanred\/autonomia-costas-y-litoral\/\" class=\"more-link\">Continuar leyendo<span class=\"screen-reader-text\"> \u00abAutonom\u00eda, Costas y litoral\u00bb<\/span><\/a><\/p><\/div><\/li>\n<li><div class=\"wp-block-latest-posts__featured-image\"><img loading=\"lazy\" decoding=\"async\" width=\"150\" height=\"16\" src=\"https:\/\/www.unioviedo.es\/urbanred\/wp-content\/uploads\/2021\/02\/Publicaciones-150x16.png\" class=\"attachment-thumbnail size-thumbnail wp-post-image\" alt=\"\" style=\"\" sizes=\"auto, 100vw\" \/><\/div><a class=\"wp-block-latest-posts__post-title\" href=\"https:\/\/www.unioviedo.es\/urbanred\/planificacion-estrategica-de-ciudades\/\">\u201cPlanificaci\u00f3n estrat\u00e9gica de ciudades\u201d<\/a><time datetime=\"2023-09-22T10:47:00+02:00\" class=\"wp-block-latest-posts__post-date\">22 septiembre, 2023<\/time><div class=\"wp-block-latest-posts__post-excerpt\">Moneyba Gonz\u00e1lez Medina (septiembre de 2023) EUNOM\u00cdA. Revista en Cultura de la Legalidad 25 (2023): 310-326. El trabajo arroja luz sobre el concepto de planificaci\u00f3n estrat\u00e9gica de ciudades, sus principales rasgos metodol\u00f3gicos &hellip; <p class=\"link-more\"><a href=\"https:\/\/www.unioviedo.es\/urbanred\/planificacion-estrategica-de-ciudades\/\" class=\"more-link\">Continuar leyendo<span class=\"screen-reader-text\"> \u00ab\u201cPlanificaci\u00f3n estrat\u00e9gica de ciudades\u201d\u00bb<\/span><\/a><\/p><\/div><\/li>\n<li><div class=\"wp-block-latest-posts__featured-image\"><img loading=\"lazy\" decoding=\"async\" width=\"150\" height=\"16\" src=\"https:\/\/www.unioviedo.es\/urbanred\/wp-content\/uploads\/2021\/02\/Publicaciones-150x16.png\" class=\"attachment-thumbnail size-thumbnail wp-post-image\" alt=\"\" style=\"\" sizes=\"auto, 100vw\" \/><\/div><a class=\"wp-block-latest-posts__post-title\" href=\"https:\/\/www.unioviedo.es\/urbanred\/el-derecho-a-la-vivienda-de-las-personas-mayores-la-desarticulacion-del-territorio-entre-el-ambito-rural-y-las-grandes-urbes\/\">\u201cEl derecho a la vivienda de las personas mayores. La desarticulaci\u00f3n del territorio entre el \u00e1mbito rural y las grandes urbes\u201d<\/a><time datetime=\"2023-09-20T09:04:31+02:00\" class=\"wp-block-latest-posts__post-date\">20 septiembre, 2023<\/time><div class=\"wp-block-latest-posts__post-excerpt\">Juan Antonio Chinchilla Peinado y M\u00f3nica Dom\u00ednguez Mart\u00edn. (agosto de 2023) Cuadernos de Derecho Local (2023). El trabajo aborda una reflexi\u00f3n sobre algunos de los factores m\u00e1s relevantes para definir el dise\u00f1o &hellip; <p class=\"link-more\"><a href=\"https:\/\/www.unioviedo.es\/urbanred\/el-derecho-a-la-vivienda-de-las-personas-mayores-la-desarticulacion-del-territorio-entre-el-ambito-rural-y-las-grandes-urbes\/\" class=\"more-link\">Continuar leyendo<span class=\"screen-reader-text\"> \u00ab\u201cEl derecho a la vivienda de las personas mayores. La desarticulaci\u00f3n del territorio entre el \u00e1mbito rural y las grandes urbes\u201d\u00bb<\/span><\/a><\/p><\/div><\/li>\n<li><div class=\"wp-block-latest-posts__featured-image\"><img loading=\"lazy\" decoding=\"async\" width=\"150\" height=\"16\" src=\"https:\/\/www.unioviedo.es\/urbanred\/wp-content\/uploads\/2021\/02\/Publicaciones-150x16.png\" class=\"attachment-thumbnail size-thumbnail wp-post-image\" alt=\"\" style=\"\" sizes=\"auto, 100vw\" \/><\/div><a class=\"wp-block-latest-posts__post-title\" href=\"https:\/\/www.unioviedo.es\/urbanred\/introduction-urban-policy-in-the-framework-of-the-2030-agenda-balance-and-perspectives-from-latin-america-and-europe\/\">\u201cIntroduction: Urban Policy in the Framework of the 2030 Agenda\u2014Balance and Perspectives from Latin America and Europe\u201d<\/a><time datetime=\"2023-09-18T08:52:00+02:00\" class=\"wp-block-latest-posts__post-date\">18 septiembre, 2023<\/time><div class=\"wp-block-latest-posts__post-excerpt\">Huete Garc\u00eda, Mar\u00eda \u00c1ngeles, et al. (agosto de 2023) Urban Policy in the Framework of the 2030 Agenda: Balance and Perspectives from Latin America and Europe. Cham: Springer Nature Switzerland, 2023. 1-8. &hellip; <p class=\"link-more\"><a href=\"https:\/\/www.unioviedo.es\/urbanred\/introduction-urban-policy-in-the-framework-of-the-2030-agenda-balance-and-perspectives-from-latin-america-and-europe\/\" class=\"more-link\">Continuar leyendo<span class=\"screen-reader-text\"> \u00ab\u201cIntroduction: Urban Policy in the Framework of the 2030 Agenda\u2014Balance and Perspectives from Latin America and Europe\u201d\u00bb<\/span><\/a><\/p><\/div><\/li>\n<li><div class=\"wp-block-latest-posts__featured-image\"><img loading=\"lazy\" decoding=\"async\" width=\"150\" height=\"16\" src=\"https:\/\/www.unioviedo.es\/urbanred\/wp-content\/uploads\/2021\/02\/Publicaciones-150x16.png\" class=\"attachment-thumbnail size-thumbnail wp-post-image\" alt=\"\" style=\"\" sizes=\"auto, 100vw\" \/><\/div><a class=\"wp-block-latest-posts__post-title\" href=\"https:\/\/www.unioviedo.es\/urbanred\/sdgs-and-port-systems-new-challenges-and-opportunities-for-marine-protection-from-the-eu-green-deal-perspective\/\">\u201cSDGs and Port Systems: New Challenges and Opportunities for Marine Protection from the EU Green Deal Perspective\u201d<\/a><time datetime=\"2023-09-15T08:45:13+02:00\" class=\"wp-block-latest-posts__post-date\">15 septiembre, 2023<\/time><div class=\"wp-block-latest-posts__post-excerpt\">Mar\u00eda Luisa G\u00f3mez Jim\u00e9nez (2023) The EU Green Deal and its Implementation: 289 The attention to the climate emergency leaves us facing a scenario in which public officials must take sides if &hellip; <p class=\"link-more\"><a href=\"https:\/\/www.unioviedo.es\/urbanred\/sdgs-and-port-systems-new-challenges-and-opportunities-for-marine-protection-from-the-eu-green-deal-perspective\/\" class=\"more-link\">Continuar leyendo<span class=\"screen-reader-text\"> \u00ab\u201cSDGs and Port Systems: New Challenges and Opportunities for Marine Protection from the EU Green Deal Perspective\u201d\u00bb<\/span><\/a><\/p><\/div><\/li>\n<li><div class=\"wp-block-latest-posts__featured-image\"><img loading=\"lazy\" decoding=\"async\" width=\"150\" height=\"16\" src=\"https:\/\/www.unioviedo.es\/urbanred\/wp-content\/uploads\/2021\/02\/Publicaciones-150x16.png\" class=\"attachment-thumbnail size-thumbnail wp-post-image\" alt=\"\" style=\"\" sizes=\"auto, 100vw\" \/><\/div><a class=\"wp-block-latest-posts__post-title\" href=\"https:\/\/www.unioviedo.es\/urbanred\/the-territorialization-of-the-2030-agenda-and-the-evolving-policy-framework-for-sustainable-development-in-italy-the-case-of-the-metropolitan-city-of-turin\/\">\u201cThe Territorialization of the 2030 Agenda and the Evolving Policy Framework for Sustainable Development in Italy. The Case of the Metropolitan City of Turin\u201d<\/a><time datetime=\"2023-08-31T10:53:48+02:00\" class=\"wp-block-latest-posts__post-date\">31 agosto, 2023<\/time><div class=\"wp-block-latest-posts__post-excerpt\">Sonia De Gregorio Hurtado, Francesca Gelli y Moneyba Gonz\u00e1lez-Medina (agosto de 2023) Urban Policy in the Framework of the 2030 Agenda: Balance and Perspectives from Latin America and Europe. Cham: Springer Nature &hellip; <p class=\"link-more\"><a href=\"https:\/\/www.unioviedo.es\/urbanred\/the-territorialization-of-the-2030-agenda-and-the-evolving-policy-framework-for-sustainable-development-in-italy-the-case-of-the-metropolitan-city-of-turin\/\" class=\"more-link\">Continuar leyendo<span class=\"screen-reader-text\"> \u00ab\u201cThe Territorialization of the 2030 Agenda and the Evolving Policy Framework for Sustainable Development in Italy. The Case of the Metropolitan City of Turin\u201d\u00bb<\/span><\/a><\/p><\/div><\/li>\n<li><div class=\"wp-block-latest-posts__featured-image\"><img loading=\"lazy\" decoding=\"async\" width=\"150\" height=\"16\" src=\"https:\/\/www.unioviedo.es\/urbanred\/wp-content\/uploads\/2021\/02\/Publicaciones-150x16.png\" class=\"attachment-thumbnail size-thumbnail wp-post-image\" alt=\"\" style=\"\" sizes=\"auto, 100vw\" \/><\/div><a class=\"wp-block-latest-posts__post-title\" href=\"https:\/\/www.unioviedo.es\/urbanred\/ciudad-y-territorio-en-el-siglo-xxi-reflexiones-desde-el-derecho-publico\/\">Ciudad y territorio en el siglo XXI: reflexiones desde el Derecho P\u00fablico<\/a><time datetime=\"2023-08-17T09:19:00+02:00\" class=\"wp-block-latest-posts__post-date\">17 agosto, 2023<\/time><div class=\"wp-block-latest-posts__post-excerpt\">Diego Jos\u00e9 Vera Jurado (Dir.) y Manuel Moreno Linde (Coord.) (2020) Ed. Universidad de Sevilla. ISBN: 978-84-472-2941-3 El hilo argumental de este libro viene determinado por diferentes reflexiones sobre la ciudad y &hellip; <p class=\"link-more\"><a href=\"https:\/\/www.unioviedo.es\/urbanred\/ciudad-y-territorio-en-el-siglo-xxi-reflexiones-desde-el-derecho-publico\/\" class=\"more-link\">Continuar leyendo<span class=\"screen-reader-text\"> \u00abCiudad y territorio en el siglo XXI: reflexiones desde el Derecho P\u00fablico\u00bb<\/span><\/a><\/p><\/div><\/li>\n<li><div class=\"wp-block-latest-posts__featured-image\"><img loading=\"lazy\" decoding=\"async\" width=\"150\" height=\"16\" src=\"https:\/\/www.unioviedo.es\/urbanred\/wp-content\/uploads\/2021\/02\/Publicaciones-150x16.png\" class=\"attachment-thumbnail size-thumbnail wp-post-image\" alt=\"\" style=\"\" sizes=\"auto, 100vw\" \/><\/div><a class=\"wp-block-latest-posts__post-title\" href=\"https:\/\/www.unioviedo.es\/urbanred\/el-principio-de-proteccion-frente-a-la-despoblacion-y-la-regeneracion-urbana-en-pequenos-municipios-i-de-la-regulacion-del-suelo-rural-a-la-obtencion-de-equipamientos-regionales\/\">\u201cEl principio de protecci\u00f3n frente a la despoblaci\u00f3n y la regeneraci\u00f3n urbana en peque\u00f1os municipios (I). De la regulaci\u00f3n del suelo rural a la obtenci\u00f3n de equipamientos regionales\u201d<\/a><time datetime=\"2023-07-17T09:13:01+02:00\" class=\"wp-block-latest-posts__post-date\">17 julio, 2023<\/time><div class=\"wp-block-latest-posts__post-excerpt\">Juan Antonio Chinchilla Peinado (julio de 2023) Revista de Derecho Urban\u00edstico y Medio Ambiente 57.362 (2023): 19-52. El derecho urban\u00edstico comienza a dar una respuesta, aun incompleta, al fen\u00f3meno de la despoblaci\u00f3n &hellip; <p class=\"link-more\"><a href=\"https:\/\/www.unioviedo.es\/urbanred\/el-principio-de-proteccion-frente-a-la-despoblacion-y-la-regeneracion-urbana-en-pequenos-municipios-i-de-la-regulacion-del-suelo-rural-a-la-obtencion-de-equipamientos-regionales\/\" class=\"more-link\">Continuar leyendo<span class=\"screen-reader-text\"> \u00ab\u201cEl principio de protecci\u00f3n frente a la despoblaci\u00f3n y la regeneraci\u00f3n urbana en peque\u00f1os municipios (I). De la regulaci\u00f3n del suelo rural a la obtenci\u00f3n de equipamientos regionales\u201d\u00bb<\/span><\/a><\/p><\/div><\/li>\n<\/ul>\n\n\n<div style=\"height:36px\" aria-hidden=\"true\" class=\"wp-block-spacer\"><\/div>\n\n\n\n<div class=\"wp-block-media-text alignwide is-stacked-on-mobile is-vertically-aligned-center\" style=\"grid-template-columns:15% auto\"><figure class=\"wp-block-media-text__media\"><img loading=\"lazy\" decoding=\"async\" width=\"200\" height=\"200\" src=\"https:\/\/www.unioviedo.es\/urbanred\/wp-content\/uploads\/2021\/03\/icoFormacion2.png\" alt=\"\" class=\"wp-image-847 size-full\" srcset=\"https:\/\/www.unioviedo.es\/urbanred\/wp-content\/uploads\/2021\/03\/icoFormacion2.png 200w, https:\/\/www.unioviedo.es\/urbanred\/wp-content\/uploads\/2021\/03\/icoFormacion2-150x150.png 150w, https:\/\/www.unioviedo.es\/urbanred\/wp-content\/uploads\/2021\/03\/icoFormacion2-100x100.png 100w\" sizes=\"auto, (max-width: 200px) 100vw, 200px\" \/><\/figure><div class=\"wp-block-media-text__content\">\n<p class=\"has-background\" style=\"background-color:#50e1a7;font-size:26px\">  Formaci\u00f3n<\/p>\n<\/div><\/div>\n\n\n<ul class=\"wp-block-latest-posts__list wp-block-latest-posts\"><li><a class=\"wp-block-latest-posts__post-title\" href=\"https:\/\/www.unioviedo.es\/urbanred\/aula-de-extension-universitaria-la-agenda-2030-de-las-naciones-unidas\/\">Aula de Extensi\u00f3n Universitaria \u00abLa Agenda 2030 de las Naciones Unidas\u00bb<\/a><div class=\"wp-block-latest-posts__post-excerpt\">Cada lunes entre el 11 de septiembre y el 27 de noviembre (de 19:00h. a 20:30h). La C\u00e1tedra Concepci\u00f3n Arenal de Agenda 2030 de la Universidad de Oviedo ha impulsado el Aula de Extensi\u00f3n Universitaria \u201cLa Agenda 2030 de las Naciones Unidas: una aproximaci\u00f3n multidisciplinar para identificar y comprender los Objetivos de Desarrollo Sostenible (ODS)\u201d. &hellip; <p class=\"link-more\"><a href=\"https:\/\/www.unioviedo.es\/urbanred\/aula-de-extension-universitaria-la-agenda-2030-de-las-naciones-unidas\/\" class=\"more-link\">Continuar leyendo<span class=\"screen-reader-text\"> \u00abAula de Extensi\u00f3n Universitaria \u00abLa Agenda 2030 de las Naciones Unidas\u00bb\u00bb<\/span><\/a><\/p><\/div><\/li>\n<\/ul>\n\n\n<div style=\"height:36px\" aria-hidden=\"true\" class=\"wp-block-spacer\"><\/div>\n\n\n\n<div class=\"wp-block-media-text alignwide has-media-on-the-right is-stacked-on-mobile is-vertically-aligned-center\" style=\"grid-template-columns:auto 15%\"><div class=\"wp-block-media-text__content\">\n<p class=\"has-text-align-right has-background\" style=\"background-color:#ffba6e;font-size:26px\">  Otros materiales  <\/p>\n<\/div><figure class=\"wp-block-media-text__media\"><img loading=\"lazy\" decoding=\"async\" width=\"200\" height=\"200\" src=\"https:\/\/www.unioviedo.es\/urbanred\/wp-content\/uploads\/2021\/03\/icoOtros2.png\" alt=\"\" class=\"wp-image-848 size-full\" srcset=\"https:\/\/www.unioviedo.es\/urbanred\/wp-content\/uploads\/2021\/03\/icoOtros2.png 200w, https:\/\/www.unioviedo.es\/urbanred\/wp-content\/uploads\/2021\/03\/icoOtros2-150x150.png 150w, https:\/\/www.unioviedo.es\/urbanred\/wp-content\/uploads\/2021\/03\/icoOtros2-100x100.png 100w\" sizes=\"auto, (max-width: 200px) 100vw, 200px\" \/><\/figure><\/div>\n\n\n<ul class=\"wp-block-latest-posts__list is-grid columns-2 has-dates alignleft wp-block-latest-posts\"><li><div class=\"wp-block-latest-posts__featured-image\"><img loading=\"lazy\" decoding=\"async\" width=\"150\" height=\"16\" src=\"https:\/\/www.unioviedo.es\/urbanred\/wp-content\/uploads\/2021\/02\/Otros-materiales-150x16.png\" class=\"attachment-thumbnail size-thumbnail wp-post-image\" alt=\"\" style=\"\" sizes=\"auto, 100vw\" \/><\/div><a class=\"wp-block-latest-posts__post-title\" href=\"https:\/\/www.unioviedo.es\/urbanred\/podcast-el-metro-ligero\/\">Podcast: El metro ligero<\/a><time datetime=\"2023-10-17T09:34:26+02:00\" class=\"wp-block-latest-posts__post-date\">17 octubre, 2023<\/time><div class=\"wp-block-latest-posts__post-excerpt\">La C\u00e1tedra Concepci\u00f3n Arenal de Agenda 2030 ha publicado en su web el podcast de Pedro Plasencia \u00abEl metro ligero\u00bb<\/div><\/li>\n<li><div class=\"wp-block-latest-posts__featured-image\"><img loading=\"lazy\" decoding=\"async\" width=\"150\" height=\"16\" src=\"https:\/\/www.unioviedo.es\/urbanred\/wp-content\/uploads\/2021\/02\/Otros-materiales-150x16.png\" class=\"attachment-thumbnail size-thumbnail wp-post-image\" alt=\"\" style=\"\" sizes=\"auto, 100vw\" \/><\/div><a class=\"wp-block-latest-posts__post-title\" href=\"https:\/\/www.unioviedo.es\/urbanred\/cities-datalex-un-software-de-normativa-urbanistica-con-ia\/\">CITIES DATALEX, un software de normativa urban\u00edstica con IA<\/a><time datetime=\"2023-10-16T11:31:37+02:00\" class=\"wp-block-latest-posts__post-date\">16 octubre, 2023<\/time><div class=\"wp-block-latest-posts__post-excerpt\">CITIES DATALEX surge como iniciativa conjunta entre las c\u00e1tedras Concepci\u00f3n Arenal de Agenda 2030 y de la C\u00e1tedra TotalEnergies de Anal\u00edtica de Datos e IA con el objetivo de ofrecer a las &hellip; <p class=\"link-more\"><a href=\"https:\/\/www.unioviedo.es\/urbanred\/cities-datalex-un-software-de-normativa-urbanistica-con-ia\/\" class=\"more-link\">Continuar leyendo<span class=\"screen-reader-text\"> \u00abCITIES DATALEX, un software de normativa urban\u00edstica con IA\u00bb<\/span><\/a><\/p><\/div><\/li>\n<li><div class=\"wp-block-latest-posts__featured-image\"><img loading=\"lazy\" decoding=\"async\" width=\"150\" height=\"16\" src=\"https:\/\/www.unioviedo.es\/urbanred\/wp-content\/uploads\/2021\/02\/Otros-materiales-150x16.png\" class=\"attachment-thumbnail size-thumbnail wp-post-image\" alt=\"\" style=\"\" sizes=\"auto, 100vw\" \/><\/div><a class=\"wp-block-latest-posts__post-title\" href=\"https:\/\/www.unioviedo.es\/urbanred\/podcast-la-regeneracion-urbana-integrada\/\">Podcast: La Regeneraci\u00f3n Urbana Integrada<\/a><time datetime=\"2023-10-10T09:30:00+02:00\" class=\"wp-block-latest-posts__post-date\">10 octubre, 2023<\/time><div class=\"wp-block-latest-posts__post-excerpt\">La C\u00e1tedra Concepci\u00f3n Arenal de Agenda 2030 ha publicado en su web el podcast de \u00cdcaro Obeso \u00abLa Regeneraci\u00f3n Urbana Integrada\u00bb<\/div><\/li>\n<\/ul>","protected":false},"excerpt":{"rendered":"<p>Bolet\u00edn del Observatorio Eventos Publicaciones Formaci\u00f3n Otros materiales<\/p>\n","protected":false},"author":1,"featured_media":0,"parent":0,"menu_order":0,"comment_status":"closed","ping_status":"closed","template":"","meta":{"footnotes":""},"class_list":["post-2178","page","type-page","status-publish","hentry"],"_links":{"self":[{"href":"https:\/\/www.unioviedo.es\/urbanred\/wp-json\/wp\/v2\/pages\/2178","targetHints":{"allow":["GET"]}}],"collection":[{"href":"https:\/\/www.unioviedo.es\/urbanred\/wp-json\/wp\/v2\/pages"}],"about":[{"href":"https:\/\/www.unioviedo.es\/urbanred\/wp-json\/wp\/v2\/types\/page"}],"author":[{"embeddable":true,"href":"https:\/\/www.unioviedo.es\/urbanred\/wp-json\/wp\/v2\/users\/1"}],"replies":[{"embeddable":true,"href":"https:\/\/www.unioviedo.es\/urbanred\/wp-json\/wp\/v2\/comments?post=2178"}],"version-history":[{"count":2,"href":"https:\/\/www.unioviedo.es\/urbanred\/wp-json\/wp\/v2\/pages\/2178\/revisions"}],"predecessor-version":[{"id":2184,"href":"https:\/\/www.unioviedo.es\/urbanred\/wp-json\/wp\/v2\/pages\/2178\/revisions\/2184"}],"wp:attachment":[{"href":"https:\/\/www.unioviedo.es\/urbanred\/wp-json\/wp\/v2\/media?parent=2178"}],"curies":[{"name":"wp","href":"https:\/\/api.w.org\/{rel}","templated":true}]}}