{"id":2257,"date":"2024-02-06T11:53:08","date_gmt":"2024-02-06T10:53:08","guid":{"rendered":"https:\/\/www.unioviedo.es\/urbanred\/?page_id=2257"},"modified":"2024-02-06T20:34:41","modified_gmt":"2024-02-06T19:34:41","slug":"boletin202412","status":"publish","type":"page","link":"https:\/\/www.unioviedo.es\/urbanred\/boletin202412\/","title":{"rendered":"Bolet\u00edn n\u00ba 12, noviembre &#8211; enero 2024"},"content":{"rendered":"\n<div class=\"wp-block-media-text alignwide is-stacked-on-mobile is-vertically-aligned-center\" style=\"grid-template-columns:31% auto\"><figure class=\"wp-block-media-text__media\"><img loading=\"lazy\" decoding=\"async\" width=\"772\" height=\"772\" src=\"https:\/\/www.unioviedo.es\/urbanred\/wp-content\/uploads\/2021\/03\/Boletin-Observatorio.png\" alt=\"\" class=\"wp-image-857 size-full\" srcset=\"https:\/\/www.unioviedo.es\/urbanred\/wp-content\/uploads\/2021\/03\/Boletin-Observatorio.png 772w, https:\/\/www.unioviedo.es\/urbanred\/wp-content\/uploads\/2021\/03\/Boletin-Observatorio-300x300.png 300w, https:\/\/www.unioviedo.es\/urbanred\/wp-content\/uploads\/2021\/03\/Boletin-Observatorio-150x150.png 150w, https:\/\/www.unioviedo.es\/urbanred\/wp-content\/uploads\/2021\/03\/Boletin-Observatorio-768x768.png 768w, https:\/\/www.unioviedo.es\/urbanred\/wp-content\/uploads\/2021\/03\/Boletin-Observatorio-100x100.png 100w\" sizes=\"auto, (max-width: 767px) 89vw, (max-width: 1000px) 54vw, (max-width: 1071px) 543px, 580px\" \/><\/figure><div class=\"wp-block-media-text__content\">\n<p class=\"has-text-color\" style=\"color:#2d2d2d;font-size:30px;line-height:0\">Bolet\u00edn del Observatorio<\/p>\n<\/div><\/div>\n\n\n\n<div class=\"wp-block-media-text alignwide is-stacked-on-mobile is-vertically-aligned-center\" style=\"grid-template-columns:15% auto\"><figure class=\"wp-block-media-text__media\"><img loading=\"lazy\" decoding=\"async\" width=\"200\" height=\"200\" src=\"https:\/\/www.unioviedo.es\/urbanred\/wp-content\/uploads\/2021\/03\/icoEventos2.png\" alt=\"\" class=\"wp-image-846 size-full\" srcset=\"https:\/\/www.unioviedo.es\/urbanred\/wp-content\/uploads\/2021\/03\/icoEventos2.png 200w, https:\/\/www.unioviedo.es\/urbanred\/wp-content\/uploads\/2021\/03\/icoEventos2-150x150.png 150w, https:\/\/www.unioviedo.es\/urbanred\/wp-content\/uploads\/2021\/03\/icoEventos2-100x100.png 100w\" sizes=\"auto, (max-width: 200px) 100vw, 200px\" \/><\/figure><div class=\"wp-block-media-text__content\">\n<p class=\"has-background\" style=\"background-color:#48b8ff;font-size:26px\">  Eventos<\/p>\n<\/div><\/div>\n\n\n\n<div class=\"wp-block-query is-layout-flow wp-block-query-is-layout-flow\"><ul class=\"columns-2 wp-block-post-template is-layout-grid wp-container-core-post-template-is-layout-1 wp-block-post-template-is-layout-grid\"><li class=\"wp-block-post post-2195 post type-post status-publish format-standard has-post-thumbnail hentry category-b12eventos-es category-boletin category-eventos category-observatorio\">\n<figure class=\"alignwide wp-block-post-featured-image\"><a href=\"https:\/\/www.unioviedo.es\/urbanred\/seminario-urb_int-crisis-y-transicion-ecosocial-posibilidades-y-limitaciones-en-la-ciudad-y-el-territorio\/\" target=\"_self\"  ><img loading=\"lazy\" decoding=\"async\" width=\"300\" height=\"16\" src=\"https:\/\/www.unioviedo.es\/urbanred\/wp-content\/uploads\/2021\/02\/Eventos.png\" class=\"attachment-post-thumbnail size-post-thumbnail wp-post-image\" alt=\"Seminario [URB_inT] | Crisis y transici\u00f3n ecosocial: posibilidades y limitaciones en la ciudad y el territorio\" style=\"object-fit:cover;\" sizes=\"auto, 100vw\" \/><\/a><\/figure>\n\n<div class=\"wp-block-post-date\"><time datetime=\"2024-01-10T12:26:03+01:00\">10 enero, 2024<\/time><\/div>\n\n<h2 class=\"wp-block-post-title\"><a href=\"https:\/\/www.unioviedo.es\/urbanred\/seminario-urb_int-crisis-y-transicion-ecosocial-posibilidades-y-limitaciones-en-la-ciudad-y-el-territorio\/\" target=\"_self\" >Seminario [URB_inT] | Crisis y transici\u00f3n ecosocial: posibilidades y limitaciones en la ciudad y el territorio<\/a><\/h2>\n\n<div class=\"wp-block-post-excerpt\"><p class=\"wp-block-post-excerpt__excerpt\">El lunes 15 de enero a las 09:30h en la Sala de Grados B de la Escuela T\u00e9cnica Superior de Arquitectura de Madrid (UPM) tendr\u00e1 lugar el Seminario de Investigaci\u00f3n [URB_inT] con el t\u00edtulo: Crisis y transici\u00f3n ecosocial: posibilidades y limitaciones en la ciudad y el territorio. El seminario ser\u00e1 un evento abierto al p\u00fablico&hellip; <\/p><\/div>\n\n\n<hr class=\"wp-block-separator has-css-opacity\"\/>\n\n<\/li><\/ul><\/div>\n\n\n\n<div style=\"height:30px\" aria-hidden=\"true\" class=\"wp-block-spacer\"><\/div>\n\n\n\n<div class=\"wp-block-media-text alignwide has-media-on-the-right is-stacked-on-mobile\" style=\"grid-template-columns:auto 15%\"><div class=\"wp-block-media-text__content\">\n<p class=\"has-text-align-right has-background\" style=\"background-color:#b4c3ce;font-size:26px\">  Publicaciones  <\/p>\n<\/div><figure class=\"wp-block-media-text__media\"><img loading=\"lazy\" decoding=\"async\" width=\"200\" height=\"200\" src=\"https:\/\/www.unioviedo.es\/urbanred\/wp-content\/uploads\/2021\/03\/icoPublicacion2.png\" alt=\"\" class=\"wp-image-849 size-full\" srcset=\"https:\/\/www.unioviedo.es\/urbanred\/wp-content\/uploads\/2021\/03\/icoPublicacion2.png 200w, https:\/\/www.unioviedo.es\/urbanred\/wp-content\/uploads\/2021\/03\/icoPublicacion2-150x150.png 150w, https:\/\/www.unioviedo.es\/urbanred\/wp-content\/uploads\/2021\/03\/icoPublicacion2-100x100.png 100w\" sizes=\"auto, (max-width: 200px) 100vw, 200px\" \/><\/figure><\/div>\n\n\n\n<div class=\"wp-block-query is-layout-flow wp-block-query-is-layout-flow\"><ul class=\"columns-2 wp-block-post-template is-layout-grid wp-container-core-post-template-is-layout-2 wp-block-post-template-is-layout-grid\"><li class=\"wp-block-post post-2218 post type-post status-publish format-standard has-post-thumbnail hentry category-b12publicaciones category-observatorio category-publicaciones\">\n<figure class=\"alignwide wp-block-post-featured-image\"><a href=\"https:\/\/www.unioviedo.es\/urbanred\/the-urban-dimension-of-cohesion-policy-insights-into-its-genealogy-evolution-and-future-potential\/\" target=\"_self\"  ><img loading=\"lazy\" decoding=\"async\" width=\"300\" height=\"16\" src=\"https:\/\/www.unioviedo.es\/urbanred\/wp-content\/uploads\/2021\/02\/Publicaciones.png\" class=\"attachment-post-thumbnail size-post-thumbnail wp-post-image\" alt=\"\u201cThe urban dimension of Cohesion Policy: insights into its genealogy, evolution, and future potential\u201d\" style=\"object-fit:cover;\" sizes=\"auto, 100vw\" \/><\/a><\/figure>\n\n<div class=\"wp-block-post-date\"><time datetime=\"2024-02-01T08:41:00+01:00\">1 febrero, 2024<\/time><\/div>\n\n<h2 class=\"wp-block-post-title\"><a href=\"https:\/\/www.unioviedo.es\/urbanred\/the-urban-dimension-of-cohesion-policy-insights-into-its-genealogy-evolution-and-future-potential\/\" target=\"_self\" >\u201cThe urban dimension of Cohesion Policy: insights into its genealogy, evolution, and future potential\u201d<\/a><\/h2>\n\n<div class=\"wp-block-post-excerpt\"><p class=\"wp-block-post-excerpt__excerpt\">Sonia de Gregorio Hurtado (2024) En EU Cohesion Policy: A Multidisciplinary Approach Multidisciplinary Movements in Research. Eds: Nicola F. Dotti , Ida Musia\u0142kowska, Sonia De Gregorio Hurtado y Julia Walczyk. ISBN: 9781802209396 The urban dimension of the European Union Cohesion Policy was formalised in the late 1980s. Initially, it was based on pilot instruments with&hellip; <\/p><\/div>\n\n\n<hr class=\"wp-block-separator has-css-opacity\"\/>\n\n<\/li><li class=\"wp-block-post post-2204 post type-post status-publish format-standard has-post-thumbnail hentry category-b12publicaciones category-observatorio category-publicaciones\">\n<figure class=\"alignwide wp-block-post-featured-image\"><a href=\"https:\/\/www.unioviedo.es\/urbanred\/asturias-sostenible-guia-para-la-implantacion-de-la-agenda-2030-en-organizaciones-asturianas-propuesta-de-certificacion-e-indicadores\/\" target=\"_self\"  ><img loading=\"lazy\" decoding=\"async\" width=\"300\" height=\"16\" src=\"https:\/\/www.unioviedo.es\/urbanred\/wp-content\/uploads\/2021\/02\/Publicaciones.png\" class=\"attachment-post-thumbnail size-post-thumbnail wp-post-image\" alt=\"\u201cTransici\u00f3n Energ\u00e9tica en tiempos de Policrisis (2021-2022)\u201d\" style=\"object-fit:cover;\" sizes=\"auto, 100vw\" \/><\/a><\/figure>\n\n<div class=\"wp-block-post-date\"><time datetime=\"2024-01-26T20:21:59+01:00\">26 enero, 2024<\/time><\/div>\n\n<h2 class=\"wp-block-post-title\"><a href=\"https:\/\/www.unioviedo.es\/urbanred\/asturias-sostenible-guia-para-la-implantacion-de-la-agenda-2030-en-organizaciones-asturianas-propuesta-de-certificacion-e-indicadores\/\" target=\"_self\" >\u201cTransici\u00f3n Energ\u00e9tica en tiempos de Policrisis (2021-2022)\u201d<\/a><\/h2>\n\n<div class=\"wp-block-post-excerpt\"><p class=\"wp-block-post-excerpt__excerpt\">Susana Galera (2023) Anuario. Observatorio de pol\u00edticas ambientales 2023 Este trabajo se centra en identificar los avances, pol\u00edticos y normativos, del proceso de Transici\u00f3n Energ\u00e9tica durante los a\u00f1os 2021 y 2022, un per\u00edodo intensamente condicionado por acontecimientos externos como los efectos de la crisis del COVID o de la guerra de Ucrania. Estos acontecimientos han&hellip; <\/p><\/div>\n\n\n<hr class=\"wp-block-separator has-css-opacity\"\/>\n\n<\/li><li class=\"wp-block-post post-2224 post type-post status-publish format-standard has-post-thumbnail hentry category-b12publicaciones category-observatorio category-publicaciones\">\n<figure class=\"alignwide wp-block-post-featured-image\"><a href=\"https:\/\/www.unioviedo.es\/urbanred\/guia-simplificada-de-diseno-ejecucion-e-incorporacion-de-la-agenda-2023-para-los-concejos-asturianos\/\" target=\"_self\"  ><img loading=\"lazy\" decoding=\"async\" width=\"300\" height=\"16\" src=\"https:\/\/www.unioviedo.es\/urbanred\/wp-content\/uploads\/2021\/02\/Publicaciones.png\" class=\"attachment-post-thumbnail size-post-thumbnail wp-post-image\" alt=\"\u201cGu\u00eda simplificada de dise\u00f1o, ejecuci\u00f3n e incorporaci\u00f3n de la Agenda 2030 para los concejos asturianos\u201d\" style=\"object-fit:cover;\" sizes=\"auto, 100vw\" \/><\/a><\/figure>\n\n<div class=\"wp-block-post-date\"><time datetime=\"2023-11-30T13:41:00+01:00\">30 noviembre, 2023<\/time><\/div>\n\n<h2 class=\"wp-block-post-title\"><a href=\"https:\/\/www.unioviedo.es\/urbanred\/guia-simplificada-de-diseno-ejecucion-e-incorporacion-de-la-agenda-2023-para-los-concejos-asturianos\/\" target=\"_self\" >\u201cGu\u00eda simplificada de dise\u00f1o, ejecuci\u00f3n e incorporaci\u00f3n de la Agenda 2030 para los concejos asturianos\u201d<\/a><\/h2>\n\n<div class=\"wp-block-post-excerpt\"><p class=\"wp-block-post-excerpt__excerpt\">Alonso Iba\u00f1ez, Mar\u00eda Rosario (dir.)(noviembre de 2023). Ed. Direcci\u00f3n General de Gobernanza P\u00fablica, Transparencia, Participaci\u00f3n ciudadana y A2030. Consejer\u00eda de la Presidencia del Principado de Asturias. 54 p. https:\/\/ria.asturias.es\/RIA\/handle\/123456789\/14597 La Gu\u00eda est\u00e1 especialmente orientada a los concejos asturianos m\u00e1s peque\u00f1os. Se ha puesto especial atenci\u00f3n y cuidado en ellos, aunque no de modo exclusivo, siendo&hellip; <\/p><\/div>\n\n\n<hr class=\"wp-block-separator has-css-opacity\"\/>\n\n<\/li><li class=\"wp-block-post post-2208 post type-post status-publish format-standard has-post-thumbnail hentry category-b12publicaciones category-observatorio category-publicaciones\">\n<figure class=\"alignwide wp-block-post-featured-image\"><a href=\"https:\/\/www.unioviedo.es\/urbanred\/asturias-sostenible-guia-para-la-implantacion-de-la-agenda-2030-en-organizaciones-asturianas-propuesta-de-certificacion-e-indicadores-2\/\" target=\"_self\"  ><img loading=\"lazy\" decoding=\"async\" width=\"300\" height=\"16\" src=\"https:\/\/www.unioviedo.es\/urbanred\/wp-content\/uploads\/2021\/02\/Publicaciones.png\" class=\"attachment-post-thumbnail size-post-thumbnail wp-post-image\" alt=\"\u201cAsturias sostenible. Gu\u00eda para la implantaci\u00f3n de la Agenda 2030 en organizaciones asturianas: propuesta de certificaci\u00f3n e indicadores\u201d\" style=\"object-fit:cover;\" sizes=\"auto, 100vw\" \/><\/a><\/figure>\n\n<div class=\"wp-block-post-date\"><time datetime=\"2023-11-30T08:18:00+01:00\">30 noviembre, 2023<\/time><\/div>\n\n<h2 class=\"wp-block-post-title\"><a href=\"https:\/\/www.unioviedo.es\/urbanred\/asturias-sostenible-guia-para-la-implantacion-de-la-agenda-2030-en-organizaciones-asturianas-propuesta-de-certificacion-e-indicadores-2\/\" target=\"_self\" >\u201cAsturias sostenible. Gu\u00eda para la implantaci\u00f3n de la Agenda 2030 en organizaciones asturianas: propuesta de certificaci\u00f3n e indicadores\u201d<\/a><\/h2>\n\n<div class=\"wp-block-post-excerpt\"><p class=\"wp-block-post-excerpt__excerpt\">Mar\u00eda Rosario Alonso Ib\u00e1\u00f1ez (Dir.) (noviembre de 2023) Ed. Direcci\u00f3n General de Gobernanza P\u00fablica, Transparencia, Participaci\u00f3n ciudadana y A2030. Consejer\u00eda de la Presidencia del Principado de Asturias. https:\/\/ria.asturias.es\/RIA\/handle\/123456789\/14666 La Gu\u00eda tiene por objetivo presentar una propuesta de certificaci\u00f3n e indicadores de medida de sostenibilidad para que las empresas asturianas puedan dar un paso m\u00e1s en&hellip; <\/p><\/div>\n\n\n<hr class=\"wp-block-separator has-css-opacity\"\/>\n\n<\/li><\/ul><\/div>\n\n\n\n<div style=\"height:36px\" aria-hidden=\"true\" class=\"wp-block-spacer\"><\/div>\n\n\n\n<div class=\"wp-block-media-text alignwide is-stacked-on-mobile is-vertically-aligned-center\" style=\"grid-template-columns:15% auto\"><figure class=\"wp-block-media-text__media\"><img loading=\"lazy\" decoding=\"async\" width=\"200\" height=\"200\" src=\"https:\/\/www.unioviedo.es\/urbanred\/wp-content\/uploads\/2021\/03\/icoFormacion2.png\" alt=\"\" class=\"wp-image-847 size-full\" srcset=\"https:\/\/www.unioviedo.es\/urbanred\/wp-content\/uploads\/2021\/03\/icoFormacion2.png 200w, https:\/\/www.unioviedo.es\/urbanred\/wp-content\/uploads\/2021\/03\/icoFormacion2-150x150.png 150w, https:\/\/www.unioviedo.es\/urbanred\/wp-content\/uploads\/2021\/03\/icoFormacion2-100x100.png 100w\" sizes=\"auto, (max-width: 200px) 100vw, 200px\" \/><\/figure><div class=\"wp-block-media-text__content\">\n<p class=\"has-background\" style=\"background-color:#50e1a7;font-size:26px\">  Formaci\u00f3n<\/p>\n<\/div><\/div>\n\n\n\n<div class=\"wp-block-query is-layout-flow wp-block-query-is-layout-flow\"><\/div>\n\n\n\n<div style=\"height:36px\" aria-hidden=\"true\" class=\"wp-block-spacer\"><\/div>\n\n\n\n<div class=\"wp-block-media-text alignwide has-media-on-the-right is-stacked-on-mobile is-vertically-aligned-center\" style=\"grid-template-columns:auto 15%\"><div class=\"wp-block-media-text__content\">\n<p class=\"has-text-align-right has-background\" style=\"background-color:#ffba6e;font-size:26px\">  Otros materiales  <\/p>\n<\/div><figure class=\"wp-block-media-text__media\"><img loading=\"lazy\" decoding=\"async\" width=\"200\" height=\"200\" src=\"https:\/\/www.unioviedo.es\/urbanred\/wp-content\/uploads\/2021\/03\/icoOtros2.png\" alt=\"\" class=\"wp-image-848 size-full\" srcset=\"https:\/\/www.unioviedo.es\/urbanred\/wp-content\/uploads\/2021\/03\/icoOtros2.png 200w, https:\/\/www.unioviedo.es\/urbanred\/wp-content\/uploads\/2021\/03\/icoOtros2-150x150.png 150w, https:\/\/www.unioviedo.es\/urbanred\/wp-content\/uploads\/2021\/03\/icoOtros2-100x100.png 100w\" sizes=\"auto, (max-width: 200px) 100vw, 200px\" \/><\/figure><\/div>\n\n\n\n<div class=\"wp-block-query is-layout-flow wp-block-query-is-layout-flow\"><ul class=\"columns-2 wp-block-post-template is-layout-grid wp-container-core-post-template-is-layout-3 wp-block-post-template-is-layout-grid\"><li class=\"wp-block-post post-2221 post type-post status-publish format-standard has-post-thumbnail hentry category-b12otros category-observatorio category-otros\">\n<figure class=\"alignwide wp-block-post-featured-image\"><a href=\"https:\/\/www.unioviedo.es\/urbanred\/podcast-unidad-y-diversidad-la-cuestion-territorial-en-espana\/\" target=\"_self\"  ><img loading=\"lazy\" decoding=\"async\" width=\"300\" height=\"16\" src=\"https:\/\/www.unioviedo.es\/urbanred\/wp-content\/uploads\/2021\/02\/Otros-materiales.png\" class=\"attachment-post-thumbnail size-post-thumbnail wp-post-image\" alt=\"Podcast: Unidad y diversidad, la cuesti\u00f3n territorial en Espa\u00f1a\" style=\"object-fit:cover;\" sizes=\"auto, 100vw\" \/><\/a><\/figure>\n\n<div class=\"wp-block-post-date\"><time datetime=\"2024-01-30T13:23:55+01:00\">30 enero, 2024<\/time><\/div>\n\n<h2 class=\"wp-block-post-title\"><a href=\"https:\/\/www.unioviedo.es\/urbanred\/podcast-unidad-y-diversidad-la-cuestion-territorial-en-espana\/\" target=\"_self\" >Podcast: Unidad y diversidad, la cuesti\u00f3n territorial en Espa\u00f1a<\/a><\/h2>\n\n<div class=\"wp-block-post-excerpt\"><p class=\"wp-block-post-excerpt__excerpt\">La conciliaci\u00f3n entre los conceptos de unidad y diversidad est\u00e1 detr\u00e1s del encaje jur\u00eddico que contempla la Constituci\u00f3n Espa\u00f1ola de 1978 para un viejo problema: la definici\u00f3n de la identidad espa\u00f1ola. La profesora Susana Galera nos explica las ra\u00edces del problema y c\u00f3mo se pretendi\u00f3 solucionar. M\u00e1s informaci\u00f3n Descargar podcast <\/p><\/div>\n\n\n<hr class=\"wp-block-separator has-css-opacity\"\/>\n\n<\/li><li class=\"wp-block-post post-2200 post type-post status-publish format-standard has-post-thumbnail hentry category-b12otros category-observatorio category-otros\">\n<figure class=\"alignwide wp-block-post-featured-image\"><a href=\"https:\/\/www.unioviedo.es\/urbanred\/seminario-disponible-en-abierto\/\" target=\"_self\"  ><img loading=\"lazy\" decoding=\"async\" width=\"300\" height=\"16\" src=\"https:\/\/www.unioviedo.es\/urbanred\/wp-content\/uploads\/2021\/02\/Otros-materiales.png\" class=\"attachment-post-thumbnail size-post-thumbnail wp-post-image\" alt=\"Seminario disponible en abierto\" style=\"object-fit:cover;\" sizes=\"auto, 100vw\" \/><\/a><\/figure>\n\n<div class=\"wp-block-post-date\"><time datetime=\"2024-01-30T10:39:02+01:00\">30 enero, 2024<\/time><\/div>\n\n<h2 class=\"wp-block-post-title\"><a href=\"https:\/\/www.unioviedo.es\/urbanred\/seminario-disponible-en-abierto\/\" target=\"_self\" >Seminario disponible en abierto<\/a><\/h2>\n\n<div class=\"wp-block-post-excerpt\"><p class=\"wp-block-post-excerpt__excerpt\">Ya est\u00e1n disponibles los v\u00eddeos del seminario \u00abCrisis y transici\u00f3n ecosocial: posibilidades y limitaciones en la ciudad y el territorio\u00bb organizado por re-had el lunes 15 de enero de 2024 en la Escuela T\u00e9cnica Superior de Arquitectura de Madrid. M\u00e1s informaci\u00f3n <\/p><\/div>\n\n\n<hr class=\"wp-block-separator has-css-opacity\"\/>\n\n<\/li><li class=\"wp-block-post post-2198 post type-post status-publish format-standard has-post-thumbnail hentry category-b12otros category-observatorio category-otros\">\n<figure class=\"alignwide wp-block-post-featured-image\"><a href=\"https:\/\/www.unioviedo.es\/urbanred\/zona-de-bajas-emisiones-de-oviedo\/\" target=\"_self\"  ><img loading=\"lazy\" decoding=\"async\" width=\"300\" height=\"16\" src=\"https:\/\/www.unioviedo.es\/urbanred\/wp-content\/uploads\/2021\/02\/Otros-materiales.png\" class=\"attachment-post-thumbnail size-post-thumbnail wp-post-image\" alt=\"Zona de bajas emisiones de Oviedo\" style=\"object-fit:cover;\" sizes=\"auto, 100vw\" \/><\/a><\/figure>\n\n<div class=\"wp-block-post-date\"><time datetime=\"2024-01-24T08:53:57+01:00\">24 enero, 2024<\/time><\/div>\n\n<h2 class=\"wp-block-post-title\"><a href=\"https:\/\/www.unioviedo.es\/urbanred\/zona-de-bajas-emisiones-de-oviedo\/\" target=\"_self\" >Zona de bajas emisiones de Oviedo<\/a><\/h2>\n\n<div class=\"wp-block-post-excerpt\"><p class=\"wp-block-post-excerpt__excerpt\">\u00abSi no hay una mejora del transporte p\u00fablico no va a tener efecto\u00bb \u00cdcaro Obeso, profesor del Departamento de Geograf\u00eda de la Universidad de Oviedo, analiza en un art\u00edculo de La Voz de Asturias el proyecto con el que se restringir\u00e1 el acceso al centro de la ciudad a ciertos veh\u00edculos contaminantes. Se\u00f1ala los aspectos&hellip; <\/p><\/div>\n\n\n<hr class=\"wp-block-separator has-css-opacity\"\/>\n\n<\/li><\/ul><\/div>\n","protected":false},"excerpt":{"rendered":"<p>Bolet\u00edn del Observatorio Eventos Publicaciones Formaci\u00f3n Otros materiales<\/p>\n","protected":false},"author":1,"featured_media":0,"parent":0,"menu_order":0,"comment_status":"closed","ping_status":"closed","template":"","meta":{"footnotes":""},"class_list":["post-2257","page","type-page","status-publish","hentry"],"_links":{"self":[{"href":"https:\/\/www.unioviedo.es\/urbanred\/wp-json\/wp\/v2\/pages\/2257","targetHints":{"allow":["GET"]}}],"collection":[{"href":"https:\/\/www.unioviedo.es\/urbanred\/wp-json\/wp\/v2\/pages"}],"about":[{"href":"https:\/\/www.unioviedo.es\/urbanred\/wp-json\/wp\/v2\/types\/page"}],"author":[{"embeddable":true,"href":"https:\/\/www.unioviedo.es\/urbanred\/wp-json\/wp\/v2\/users\/1"}],"replies":[{"embeddable":true,"href":"https:\/\/www.unioviedo.es\/urbanred\/wp-json\/wp\/v2\/comments?post=2257"}],"version-history":[{"count":30,"href":"https:\/\/www.unioviedo.es\/urbanred\/wp-json\/wp\/v2\/pages\/2257\/revisions"}],"predecessor-version":[{"id":2305,"href":"https:\/\/www.unioviedo.es\/urbanred\/wp-json\/wp\/v2\/pages\/2257\/revisions\/2305"}],"wp:attachment":[{"href":"https:\/\/www.unioviedo.es\/urbanred\/wp-json\/wp\/v2\/media?parent=2257"}],"curies":[{"name":"wp","href":"https:\/\/api.w.org\/{rel}","templated":true}]}}