{"id":2329,"date":"2024-10-05T18:15:00","date_gmt":"2024-10-05T16:15:00","guid":{"rendered":"https:\/\/www.unioviedo.es\/urbanred\/?page_id=2329"},"modified":"2025-01-13T11:46:57","modified_gmt":"2025-01-13T10:46:57","slug":"boletin-no-14-mayo-septiembre-2024","status":"publish","type":"page","link":"https:\/\/www.unioviedo.es\/urbanred\/boletin-no-14-mayo-septiembre-2024\/","title":{"rendered":"Bolet\u00edn n\u00ba 14, mayo &#8211; septiembre 2024"},"content":{"rendered":"\n<div class=\"wp-block-media-text alignwide is-stacked-on-mobile is-vertically-aligned-center\" style=\"grid-template-columns:31% auto\"><figure class=\"wp-block-media-text__media\"><img loading=\"lazy\" decoding=\"async\" width=\"772\" height=\"772\" src=\"https:\/\/www.unioviedo.es\/urbanred\/wp-content\/uploads\/2021\/03\/Boletin-Observatorio.png\" alt=\"\" class=\"wp-image-857 size-full\" srcset=\"https:\/\/www.unioviedo.es\/urbanred\/wp-content\/uploads\/2021\/03\/Boletin-Observatorio.png 772w, https:\/\/www.unioviedo.es\/urbanred\/wp-content\/uploads\/2021\/03\/Boletin-Observatorio-300x300.png 300w, https:\/\/www.unioviedo.es\/urbanred\/wp-content\/uploads\/2021\/03\/Boletin-Observatorio-150x150.png 150w, https:\/\/www.unioviedo.es\/urbanred\/wp-content\/uploads\/2021\/03\/Boletin-Observatorio-768x768.png 768w, https:\/\/www.unioviedo.es\/urbanred\/wp-content\/uploads\/2021\/03\/Boletin-Observatorio-100x100.png 100w\" sizes=\"auto, (max-width: 767px) 89vw, (max-width: 1000px) 54vw, (max-width: 1071px) 543px, 580px\" \/><\/figure><div class=\"wp-block-media-text__content\">\n<p class=\"has-text-color\" style=\"color:#2d2d2d;font-size:30px;line-height:0\">Bolet\u00edn del Observatorio<\/p>\n<\/div><\/div>\n\n\n\n<div class=\"wp-block-media-text alignwide is-stacked-on-mobile is-vertically-aligned-center\" style=\"grid-template-columns:15% auto\"><figure class=\"wp-block-media-text__media\"><img loading=\"lazy\" decoding=\"async\" width=\"200\" height=\"200\" src=\"https:\/\/www.unioviedo.es\/urbanred\/wp-content\/uploads\/2021\/03\/icoEventos2.png\" alt=\"\" class=\"wp-image-846 size-full\" srcset=\"https:\/\/www.unioviedo.es\/urbanred\/wp-content\/uploads\/2021\/03\/icoEventos2.png 200w, https:\/\/www.unioviedo.es\/urbanred\/wp-content\/uploads\/2021\/03\/icoEventos2-150x150.png 150w, https:\/\/www.unioviedo.es\/urbanred\/wp-content\/uploads\/2021\/03\/icoEventos2-100x100.png 100w\" sizes=\"auto, (max-width: 200px) 100vw, 200px\" \/><\/figure><div class=\"wp-block-media-text__content\">\n<p class=\"has-background\" style=\"background-color:#48b8ff;font-size:26px\">  Eventos<\/p>\n<\/div><\/div>\n\n\n\n<div class=\"wp-block-query is-layout-flow wp-block-query-is-layout-flow\"><ul class=\"columns-2 wp-block-post-template is-layout-grid wp-container-core-post-template-is-layout-1 wp-block-post-template-is-layout-grid\"><li class=\"wp-block-post post-2440 post type-post status-publish format-standard has-post-thumbnail hentry category-b14eventos category-boletin category-eventos category-observatorio\">\n<figure class=\"alignwide wp-block-post-featured-image\"><a href=\"https:\/\/www.unioviedo.es\/urbanred\/jornadas\/\" target=\"_self\"  ><img loading=\"lazy\" decoding=\"async\" width=\"300\" height=\"16\" src=\"https:\/\/www.unioviedo.es\/urbanred\/wp-content\/uploads\/2021\/02\/Eventos.png\" class=\"attachment-post-thumbnail size-post-thumbnail wp-post-image\" alt=\"Jornadas\" style=\"object-fit:cover;\" sizes=\"auto, 100vw\" \/><\/a><\/figure>\n\n<div class=\"wp-block-post-date\"><time datetime=\"2024-09-10T17:55:05+02:00\">10 septiembre, 2024<\/time><\/div>\n\n<h2 class=\"wp-block-post-title\"><a href=\"https:\/\/www.unioviedo.es\/urbanred\/jornadas\/\" target=\"_self\" >Jornadas<\/a><\/h2>\n\n<div class=\"wp-block-post-excerpt\"><p class=\"wp-block-post-excerpt__excerpt\">ACTO DE CIERRE DE LAS EDUSI Y LANZAMIENTO DE LOS PLANES EDIL 2021-2027 Los d\u00edas 8 y 9 de octubre, en el Teatro Circo de la ciudad de Albacete, Jornadas FEDER sobre desarrollo urbano. La asistencia est\u00e1 condicionada al aforo de las instalaciones, por lo que debe ser confirmada por la secretar\u00eda de la RIU&hellip; <\/p><\/div>\n\n\n<hr class=\"wp-block-separator has-css-opacity\"\/>\n\n<\/li><li class=\"wp-block-post post-2430 post type-post status-publish format-standard has-post-thumbnail hentry category-b14eventos category-boletin category-eventos category-observatorio\">\n<figure class=\"alignwide wp-block-post-featured-image\"><a href=\"https:\/\/www.unioviedo.es\/urbanred\/seminario-de-las-edusi-a-las-estrategias-territoriales-integradas-lecciones-aprendidas-barreras-y-oportunidades\/\" target=\"_self\"  ><img loading=\"lazy\" decoding=\"async\" width=\"300\" height=\"16\" src=\"https:\/\/www.unioviedo.es\/urbanred\/wp-content\/uploads\/2021\/02\/Eventos.png\" class=\"attachment-post-thumbnail size-post-thumbnail wp-post-image\" alt=\"Seminario: \u00abDe las EDUSI a las Estrategias Territoriales Integradas. Lecciones aprendidas, barreras y oportunidades\u00bb\" style=\"object-fit:cover;\" sizes=\"auto, 100vw\" \/><\/a><\/figure>\n\n<div class=\"wp-block-post-date\"><time datetime=\"2024-06-01T18:04:25+02:00\">1 junio, 2024<\/time><\/div>\n\n<h2 class=\"wp-block-post-title\"><a href=\"https:\/\/www.unioviedo.es\/urbanred\/seminario-de-las-edusi-a-las-estrategias-territoriales-integradas-lecciones-aprendidas-barreras-y-oportunidades\/\" target=\"_self\" >Seminario: \u00abDe las EDUSI a las Estrategias Territoriales Integradas. Lecciones aprendidas, barreras y oportunidades\u00bb<\/a><\/h2>\n\n<div class=\"wp-block-post-excerpt\"><p class=\"wp-block-post-excerpt__excerpt\">Ya est\u00e1 disponible el contenido del cuarto seminario DEBATES URBAN RED, realizado el pasado 27 de mayo. Este seminario fue organizado conjuntamente por Urban Red, el Grupo de Estudios Jur\u00eddico-Sociales sobre Territorio y Desarrollo Urbano Sostenible [GTDS] y la C\u00e1tedra Concepci\u00f3n Arenal de Agenda 2030 de la Universidad de Oviedo. M\u00e1s informaci\u00f3n <\/p><\/div>\n\n\n<hr class=\"wp-block-separator has-css-opacity\"\/>\n\n<\/li><li class=\"wp-block-post post-2418 post type-post status-publish format-standard has-post-thumbnail hentry category-b14eventos category-boletin category-eventos category-observatorio\">\n<figure class=\"alignwide wp-block-post-featured-image\"><a href=\"https:\/\/www.unioviedo.es\/urbanred\/seminario-web\/\" target=\"_self\"  ><img loading=\"lazy\" decoding=\"async\" width=\"300\" height=\"16\" src=\"https:\/\/www.unioviedo.es\/urbanred\/wp-content\/uploads\/2021\/02\/Eventos.png\" class=\"attachment-post-thumbnail size-post-thumbnail wp-post-image\" alt=\"Seminario Web\" style=\"object-fit:cover;\" sizes=\"auto, 100vw\" \/><\/a><\/figure>\n\n<div class=\"wp-block-post-date\"><time datetime=\"2024-05-14T13:24:25+02:00\">14 mayo, 2024<\/time><\/div>\n\n<h2 class=\"wp-block-post-title\"><a href=\"https:\/\/www.unioviedo.es\/urbanred\/seminario-web\/\" target=\"_self\" >Seminario Web<\/a><\/h2>\n\n<div class=\"wp-block-post-excerpt\"><p class=\"wp-block-post-excerpt__excerpt\">De las EDUSI a las Estrategias Territoriales Integradas. Lecciones aprendidas, barreras y oportunidades Seminario web (TEAMS) 27 de mayo de 2024, a las 18.30 h. Inscripciones hasta el 24 de mayo Aforo limitado Seminario organizado por Urban Red, el Grupo de Estudios Jur\u00eddico-Sociales sobre Territorio y Desarrollo Urbano Sostenible [GTDS] y la C\u00e1tedra Concepci\u00f3n Arenal&hellip; <\/p><\/div>\n\n\n<hr class=\"wp-block-separator has-css-opacity\"\/>\n\n<\/li><\/ul><\/div>\n\n\n\n<div style=\"height:30px\" aria-hidden=\"true\" class=\"wp-block-spacer\"><\/div>\n\n\n\n<div class=\"wp-block-media-text alignwide has-media-on-the-right is-stacked-on-mobile\" style=\"grid-template-columns:auto 15%\"><div class=\"wp-block-media-text__content\">\n<p class=\"has-text-align-right has-background\" style=\"background-color:#b4c3ce;font-size:26px\">  Publicaciones  <\/p>\n<\/div><figure class=\"wp-block-media-text__media\"><img loading=\"lazy\" decoding=\"async\" width=\"200\" height=\"200\" src=\"https:\/\/www.unioviedo.es\/urbanred\/wp-content\/uploads\/2021\/03\/icoPublicacion2.png\" alt=\"\" class=\"wp-image-849 size-full\" srcset=\"https:\/\/www.unioviedo.es\/urbanred\/wp-content\/uploads\/2021\/03\/icoPublicacion2.png 200w, https:\/\/www.unioviedo.es\/urbanred\/wp-content\/uploads\/2021\/03\/icoPublicacion2-150x150.png 150w, https:\/\/www.unioviedo.es\/urbanred\/wp-content\/uploads\/2021\/03\/icoPublicacion2-100x100.png 100w\" sizes=\"auto, (max-width: 200px) 100vw, 200px\" \/><\/figure><\/div>\n\n\n\n<div class=\"wp-block-query is-layout-flow wp-block-query-is-layout-flow\"><ul class=\"columns-2 wp-block-post-template is-layout-grid wp-container-core-post-template-is-layout-2 wp-block-post-template-is-layout-grid\"><li class=\"wp-block-post post-2484 post type-post status-publish format-standard has-post-thumbnail hentry category-b14publicaciones category-observatorio category-publicaciones\">\n<figure class=\"alignwide wp-block-post-featured-image\"><a href=\"https:\/\/www.unioviedo.es\/urbanred\/what-drives-buycotters-boycotters-and-dualcotters-an-analysis-of-political-consumerism-in-spain\/\" target=\"_self\"  ><img loading=\"lazy\" decoding=\"async\" width=\"300\" height=\"16\" src=\"https:\/\/www.unioviedo.es\/urbanred\/wp-content\/uploads\/2021\/02\/Publicaciones.png\" class=\"attachment-post-thumbnail size-post-thumbnail wp-post-image\" alt=\"\u201cWhat drives buycotters, boycotters and dualcotters? An analysis of political consumerism in Spain\u201d\" style=\"object-fit:cover;\" sizes=\"auto, 100vw\" \/><\/a><\/figure>\n\n<div class=\"wp-block-post-date\"><time datetime=\"2024-09-06T19:11:00+02:00\">6 septiembre, 2024<\/time><\/div>\n\n<h2 class=\"wp-block-post-title\"><a href=\"https:\/\/www.unioviedo.es\/urbanred\/what-drives-buycotters-boycotters-and-dualcotters-an-analysis-of-political-consumerism-in-spain\/\" target=\"_self\" >\u201cWhat drives buycotters, boycotters and dualcotters? An analysis of political consumerism in Spain\u201d<\/a><\/h2>\n\n<div class=\"wp-block-post-excerpt\"><p class=\"wp-block-post-excerpt__excerpt\">Amparo Novo V\u00e1zquez y Mar\u00eda Rosal\u00eda Vicente (2024) Empiria. Revista de metodolog\u00eda de ciencias sociales, (62), 187\u2013213. El consumo pol\u00edtico, como medio de participaci\u00f3n a trav\u00e9s del mercado, est\u00e1 aumentando en la mayor\u00eda de las democracias occidentales. En consecuencia, las empresas se han visto obligadas a rendir cuentas ante los clientes. Este art\u00edculo analiza los&hellip; <\/p><\/div>\n\n\n<hr class=\"wp-block-separator has-css-opacity\"\/>\n\n<\/li><li class=\"wp-block-post post-2473 post type-post status-publish format-standard has-post-thumbnail hentry category-b14publicaciones category-observatorio category-publicaciones\">\n<figure class=\"alignwide wp-block-post-featured-image\"><a href=\"https:\/\/www.unioviedo.es\/urbanred\/behind-the-budget-analysing-the-factors-driving-sustainable-urban-development-financing-in-spain\/\" target=\"_self\"  ><img loading=\"lazy\" decoding=\"async\" width=\"300\" height=\"16\" src=\"https:\/\/www.unioviedo.es\/urbanred\/wp-content\/uploads\/2021\/02\/Publicaciones.png\" class=\"attachment-post-thumbnail size-post-thumbnail wp-post-image\" alt=\"Behind the budget: analysing the factors driving sustainable urban development financing in Spain\" style=\"object-fit:cover;\" sizes=\"auto, 100vw\" \/><\/a><\/figure>\n\n<div class=\"wp-block-post-date\"><time datetime=\"2024-09-03T18:53:00+02:00\">3 septiembre, 2024<\/time><\/div>\n\n<h2 class=\"wp-block-post-title\"><a href=\"https:\/\/www.unioviedo.es\/urbanred\/behind-the-budget-analysing-the-factors-driving-sustainable-urban-development-financing-in-spain\/\" target=\"_self\" >Behind the budget: analysing the factors driving sustainable urban development financing in Spain<\/a><\/h2>\n\n<div class=\"wp-block-post-excerpt\"><p class=\"wp-block-post-excerpt__excerpt\">S\u00e1nchez Trujillo, M. A., \u00c1ngeles Huete Garc\u00eda, M., &amp; Gonz\u00e1lez Medina, M. (2024) Revista Urban Research &amp; Practice, 1\u201320. https:\/\/doi.org\/10.1080\/17535069.2024.2402010 This study addresses the factors that determine EU-funded resources in the context of urban development policies in Spain. The interplay of institutional capacity, prior inertia, and local characteristics emerge as determinant variables on Spanish urban&hellip; <\/p><\/div>\n\n\n<hr class=\"wp-block-separator has-css-opacity\"\/>\n\n<\/li><li class=\"wp-block-post post-2471 post type-post status-publish format-standard has-post-thumbnail hentry category-b14publicaciones category-observatorio category-publicaciones\">\n<figure class=\"alignwide wp-block-post-featured-image\"><a href=\"https:\/\/www.unioviedo.es\/urbanred\/el-desafio-del-cambio-climatico-ante-el-tribunal-europeo-de-derechos-humanos\/\" target=\"_self\"  ><img loading=\"lazy\" decoding=\"async\" width=\"300\" height=\"16\" src=\"https:\/\/www.unioviedo.es\/urbanred\/wp-content\/uploads\/2021\/02\/Publicaciones.png\" class=\"attachment-post-thumbnail size-post-thumbnail wp-post-image\" alt=\"\u201cEl desaf\u00edo del cambio clim\u00e1tico ante el Tribunal Europeo de Derechos Humanos\u201d\" style=\"object-fit:cover;\" sizes=\"auto, 100vw\" \/><\/a><\/figure>\n\n<div class=\"wp-block-post-date\"><time datetime=\"2024-08-21T18:46:00+02:00\">21 agosto, 2024<\/time><\/div>\n\n<h2 class=\"wp-block-post-title\"><a href=\"https:\/\/www.unioviedo.es\/urbanred\/el-desafio-del-cambio-climatico-ante-el-tribunal-europeo-de-derechos-humanos\/\" target=\"_self\" >\u201cEl desaf\u00edo del cambio clim\u00e1tico ante el Tribunal Europeo de Derechos Humanos\u201d<\/a><\/h2>\n\n<div class=\"wp-block-post-excerpt\"><p class=\"wp-block-post-excerpt__excerpt\">Bouazza Ari\u00f1o, O. (2024) Revista de Administraci\u00f3n P\u00fablica, 224, p\u00e1gs. 155-192. El objeto de este trabajo consiste en el an\u00e1lisis de la sentencia Verein Klimaseniorinnen Schweiz (Asociaci\u00f3n clim\u00e1tica de personas mayores de Suiza) y Otros. Suiza, de 9 de abril de 2024, en la que el Tribunal Europeo de Derechos Humanos, realizando una interpretaci\u00f3n del&hellip; <\/p><\/div>\n\n\n<hr class=\"wp-block-separator has-css-opacity\"\/>\n\n<\/li><li class=\"wp-block-post post-2495 post type-post status-publish format-standard has-post-thumbnail hentry category-b14publicaciones category-observatorio category-publicaciones\">\n<figure class=\"alignwide wp-block-post-featured-image\"><a href=\"https:\/\/www.unioviedo.es\/urbanred\/metropolis-sin-gobierno-la-anomalia-espanola-en-europa\/\" target=\"_self\"  ><img loading=\"lazy\" decoding=\"async\" width=\"300\" height=\"16\" src=\"https:\/\/www.unioviedo.es\/urbanred\/wp-content\/uploads\/2021\/02\/Publicaciones.png\" class=\"attachment-post-thumbnail size-post-thumbnail wp-post-image\" alt=\"Metr\u00f3polis sin gobierno. La anomal\u00eda espa\u00f1ola en Europa\" style=\"object-fit:cover;\" sizes=\"auto, 100vw\" \/><\/a><\/figure>\n\n<div class=\"wp-block-post-date\"><time datetime=\"2024-08-06T19:29:00+02:00\">6 agosto, 2024<\/time><\/div>\n\n<h2 class=\"wp-block-post-title\"><a href=\"https:\/\/www.unioviedo.es\/urbanred\/metropolis-sin-gobierno-la-anomalia-espanola-en-europa\/\" target=\"_self\" >Metr\u00f3polis sin gobierno. La anomal\u00eda espa\u00f1ola en Europa<\/a><\/h2>\n\n<div class=\"wp-block-post-excerpt\"><p class=\"wp-block-post-excerpt__excerpt\">Mariona Tom\u00e0s Forn\u00e9s Editorial Tirant Lo Blanch ISBN 9788419632272 El 70 % de la poblaci\u00f3n espa\u00f1ola vive en \u00e1reas urbanas. Son los espacios que concentran el grueso de la actividad econ\u00f3mica y el empleo, pero tambi\u00e9n las desigualdades y el impacto medioambiental. Estos retos asociados al crecimiento urbano desbordan los l\u00edmites municipales y por eso&hellip; <\/p><\/div>\n\n\n<hr class=\"wp-block-separator has-css-opacity\"\/>\n\n<\/li><li class=\"wp-block-post post-2493 post type-post status-publish format-standard has-post-thumbnail hentry category-b14publicaciones category-observatorio category-publicaciones\">\n<figure class=\"alignwide wp-block-post-featured-image\"><a href=\"https:\/\/www.unioviedo.es\/urbanred\/los-modelos-de-gobernanza-metropolitana-en-espana-similitudes-y-diferencias\/\" target=\"_self\"  ><img loading=\"lazy\" decoding=\"async\" width=\"300\" height=\"16\" src=\"https:\/\/www.unioviedo.es\/urbanred\/wp-content\/uploads\/2021\/02\/Publicaciones.png\" class=\"attachment-post-thumbnail size-post-thumbnail wp-post-image\" alt=\"\u201cLos modelos de gobernanza metropolitana en Espa\u00f1a: similitudes y diferencias\u201d\" style=\"object-fit:cover;\" sizes=\"auto, 100vw\" \/><\/a><\/figure>\n\n<div class=\"wp-block-post-date\"><time datetime=\"2024-07-10T19:26:00+02:00\">10 julio, 2024<\/time><\/div>\n\n<h2 class=\"wp-block-post-title\"><a href=\"https:\/\/www.unioviedo.es\/urbanred\/los-modelos-de-gobernanza-metropolitana-en-espana-similitudes-y-diferencias\/\" target=\"_self\" >\u201cLos modelos de gobernanza metropolitana en Espa\u00f1a: similitudes y diferencias\u201d<\/a><\/h2>\n\n<div class=\"wp-block-post-excerpt\"><p class=\"wp-block-post-excerpt__excerpt\">Mariona Tom\u00e0s Forn\u00e9s y Miquel Rossell\u00f3 Xamena (2024) Anuario De Derecho Municipal, (17), 187\u2013208. https:\/\/doi.org\/10.37417\/ADM\/17-2023_2.06 Mientras la mayor\u00eda de pa\u00edses europeos de nuestro entorno est\u00e1n dando una respuesta pol\u00edtica al proceso de metropolitanizaci\u00f3n, en Espa\u00f1a existe una larga tradici\u00f3n de invisibilidad del hecho urbano y metropolitano. En este sentido, el caso espa\u00f1ol representa una anomal\u00eda&hellip; <\/p><\/div>\n\n\n<hr class=\"wp-block-separator has-css-opacity\"\/>\n\n<\/li><li class=\"wp-block-post post-2491 post type-post status-publish format-standard has-post-thumbnail hentry category-b14publicaciones category-observatorio category-publicaciones\">\n<figure class=\"alignwide wp-block-post-featured-image\"><a href=\"https:\/\/www.unioviedo.es\/urbanred\/politica-y-economia-ante-el-nuevo-desorden-mundial\/\" target=\"_self\"  ><img loading=\"lazy\" decoding=\"async\" width=\"300\" height=\"16\" src=\"https:\/\/www.unioviedo.es\/urbanred\/wp-content\/uploads\/2021\/02\/Publicaciones.png\" class=\"attachment-post-thumbnail size-post-thumbnail wp-post-image\" alt=\"\u201cPol\u00edtica y econom\u00eda ante el nuevo desorden mundial\u201d\" style=\"object-fit:cover;\" sizes=\"auto, 100vw\" \/><\/a><\/figure>\n\n<div class=\"wp-block-post-date\"><time datetime=\"2024-07-06T19:23:00+02:00\">6 julio, 2024<\/time><\/div>\n\n<h2 class=\"wp-block-post-title\"><a href=\"https:\/\/www.unioviedo.es\/urbanred\/politica-y-economia-ante-el-nuevo-desorden-mundial\/\" target=\"_self\" >\u201cPol\u00edtica y econom\u00eda ante el nuevo desorden mundial\u201d<\/a><\/h2>\n\n<div class=\"wp-block-post-excerpt\"><p class=\"wp-block-post-excerpt__excerpt\">Manfredi S\u00e1nchez, J. L., &amp; Manero Salvador, A. (2024). Cuadernos Econ\u00f3micos De ICE, (107). https:\/\/doi.org\/10.32796\/cice.2024.107.7804 La guerra de Ucrania ha consolidado los grandes cambios estructurales de la pol\u00edtica y la econom\u00eda global. Bajo el paradigma de la desglobalizaci\u00f3n, Estados Unidos y China abren una nueva era de competencia. La Uni\u00f3n Europea aspira a consolidar su&hellip; <\/p><\/div>\n\n\n<hr class=\"wp-block-separator has-css-opacity\"\/>\n\n<\/li><li class=\"wp-block-post post-2481 post type-post status-publish format-standard has-post-thumbnail hentry category-b14publicaciones category-observatorio category-publicaciones\">\n<figure class=\"alignwide wp-block-post-featured-image\"><a href=\"https:\/\/www.unioviedo.es\/urbanred\/vivienda-y-eficiencia-energetica-neutralidad-climatica-y-acceso-a-la-energia\/\" target=\"_self\"  ><img loading=\"lazy\" decoding=\"async\" width=\"300\" height=\"16\" src=\"https:\/\/www.unioviedo.es\/urbanred\/wp-content\/uploads\/2021\/02\/Publicaciones.png\" class=\"attachment-post-thumbnail size-post-thumbnail wp-post-image\" alt=\"\u201cVivienda y eficiencia energ\u00e9tica: Neutralidad clim\u00e1tica y acceso a la energ\u00eda\u201d\" style=\"object-fit:cover;\" sizes=\"auto, 100vw\" \/><\/a><\/figure>\n\n<div class=\"wp-block-post-date\"><time datetime=\"2024-07-01T19:08:00+02:00\">1 julio, 2024<\/time><\/div>\n\n<h2 class=\"wp-block-post-title\"><a href=\"https:\/\/www.unioviedo.es\/urbanred\/vivienda-y-eficiencia-energetica-neutralidad-climatica-y-acceso-a-la-energia\/\" target=\"_self\" >\u201cVivienda y eficiencia energ\u00e9tica: Neutralidad clim\u00e1tica y acceso a la energ\u00eda\u201d<\/a><\/h2>\n\n<div class=\"wp-block-post-excerpt\"><p class=\"wp-block-post-excerpt__excerpt\">Juan Antonio Chinchilla (2024) Estudios sobre el derecho a la vivienda, p\u00e1gs. 291-349. ISBN: 978-84-126183-3-4 El problema de la vivienda (del acceso a una vivienda digna) en Espa\u00f1a es una realidad social. La Encuesta de Condiciones de Vida (ECV) de 2022 realizada por el Instituto Nacional de Estad\u00edstica concluye que un 42,7% de los hogares&hellip; <\/p><\/div>\n\n\n<hr class=\"wp-block-separator has-css-opacity\"\/>\n\n<\/li><li class=\"wp-block-post post-2451 post type-post status-publish format-standard has-post-thumbnail hentry category-b14publicaciones category-observatorio category-publicaciones\">\n<figure class=\"alignwide wp-block-post-featured-image\"><a href=\"https:\/\/www.unioviedo.es\/urbanred\/geoescape-room-un-recorrido-virtual-por-oviedo\/\" target=\"_self\"  ><img loading=\"lazy\" decoding=\"async\" width=\"300\" height=\"16\" src=\"https:\/\/www.unioviedo.es\/urbanred\/wp-content\/uploads\/2021\/02\/Publicaciones.png\" class=\"attachment-post-thumbnail size-post-thumbnail wp-post-image\" alt=\"\u201cGeoescape room. Un recorrido virtual por Oviedo\u201d\" style=\"object-fit:cover;\" sizes=\"auto, 100vw\" \/><\/a><\/figure>\n\n<div class=\"wp-block-post-date\"><time datetime=\"2024-07-01T16:57:00+02:00\">1 julio, 2024<\/time><\/div>\n\n<h2 class=\"wp-block-post-title\"><a href=\"https:\/\/www.unioviedo.es\/urbanred\/geoescape-room-un-recorrido-virtual-por-oviedo\/\" target=\"_self\" >\u201cGeoescape room. Un recorrido virtual por Oviedo\u201d<\/a><\/h2>\n\n<div class=\"wp-block-post-excerpt\"><p class=\"wp-block-post-excerpt__excerpt\">Daniel Herrera Arenas, Juan L\u00f3pez S\u00e1nchez, \u00cdcaro Obeso Mu\u00f1iz (2024) Revista Estudios Tur\u00edsticos, N\u00fam. 227 (2024): Turismo inteligente y nuevas tecnolog\u00edas. La realidad aumentada y la realidad virtual como herramientas para la promoc\u00ed\u00f3n del turismo La Realidad Virtual (RV) constituye una nueva herramienta con m\u00faltiples aplicaciones entre las que se encuentran las relacionas con el&hellip; <\/p><\/div>\n\n\n<hr class=\"wp-block-separator has-css-opacity\"\/>\n\n<\/li><li class=\"wp-block-post post-2460 post type-post status-publish format-standard has-post-thumbnail hentry category-b14publicaciones category-observatorio category-publicaciones\">\n<figure class=\"alignwide wp-block-post-featured-image\"><a href=\"https:\/\/www.unioviedo.es\/urbanred\/la-ciudad-veinte-treinta-miradas-a-los-espacios-urbanos-del-siglo-xxi\/\" target=\"_self\"  ><img loading=\"lazy\" decoding=\"async\" width=\"300\" height=\"16\" src=\"https:\/\/www.unioviedo.es\/urbanred\/wp-content\/uploads\/2021\/02\/Publicaciones.png\" class=\"attachment-post-thumbnail size-post-thumbnail wp-post-image\" alt=\"La ciudad \u00abveinte &#8211; treinta\u00bb : miradas a los espacios urbanos del siglo XXI\" style=\"object-fit:cover;\" sizes=\"auto, 100vw\" \/><\/a><\/figure>\n\n<div class=\"wp-block-post-date\"><time datetime=\"2024-06-21T17:25:00+02:00\">21 junio, 2024<\/time><\/div>\n\n<h2 class=\"wp-block-post-title\"><a href=\"https:\/\/www.unioviedo.es\/urbanred\/la-ciudad-veinte-treinta-miradas-a-los-espacios-urbanos-del-siglo-xxi\/\" target=\"_self\" >La ciudad \u00abveinte &#8211; treinta\u00bb : miradas a los espacios urbanos del siglo XXI<\/a><\/h2>\n\n<div class=\"wp-block-post-excerpt\"><p class=\"wp-block-post-excerpt__excerpt\">Actas del XVII Coloquio de Geograf\u00eda Urbana, I Coloquio Internacional de Geograf\u00eda Urbana. Valladolid &#8211; Burgos, 17-21 de junio de 2024. ISBN 978-84-126292-6-2 Texto Completo (PDF) <\/p><\/div>\n\n\n<hr class=\"wp-block-separator has-css-opacity\"\/>\n\n<\/li><li class=\"wp-block-post post-2457 post type-post status-publish format-standard has-post-thumbnail hentry category-b14publicaciones category-observatorio category-publicaciones\">\n<figure class=\"alignwide wp-block-post-featured-image\"><a href=\"https:\/\/www.unioviedo.es\/urbanred\/el-potencial-de-los-espacios-urbano-fluviales-para-la-regeneracion-ambiental-de-langreo-y-mieres\/\" target=\"_self\"  ><img loading=\"lazy\" decoding=\"async\" width=\"300\" height=\"16\" src=\"https:\/\/www.unioviedo.es\/urbanred\/wp-content\/uploads\/2021\/02\/Publicaciones.png\" class=\"attachment-post-thumbnail size-post-thumbnail wp-post-image\" alt=\"\u201cEl potencial de los espacios urbano-fluviales para la regeneraci\u00f3n ambiental de Langreo y Mieres\u201d\" style=\"object-fit:cover;\" sizes=\"auto, 100vw\" \/><\/a><\/figure>\n\n<div class=\"wp-block-post-date\"><time datetime=\"2024-06-21T17:12:00+02:00\">21 junio, 2024<\/time><\/div>\n\n<h2 class=\"wp-block-post-title\"><a href=\"https:\/\/www.unioviedo.es\/urbanred\/el-potencial-de-los-espacios-urbano-fluviales-para-la-regeneracion-ambiental-de-langreo-y-mieres\/\" target=\"_self\" >\u201cEl potencial de los espacios urbano-fluviales para la regeneraci\u00f3n ambiental de Langreo y Mieres\u201d<\/a><\/h2>\n\n<div class=\"wp-block-post-excerpt\"><p class=\"wp-block-post-excerpt__excerpt\">\u00cdcaro Obeso Mu\u00f1iz (2024) La ciudad \u00abveinte &#8211; treinta\u00bb : miradas a los espacios urbanos del siglo XXI: Actas del XVII Coloquio de Geograf\u00eda Urbana, I Coloquio Internacional de Geograf\u00eda Urbana. Valladolid &#8211; Burgos, 17-21 de junio de 2024. ISBN 978-84-126292-6-2, p\u00e1gs. 1023-1032 Texto Completo (PDF) Las cuencas mineras asturianas han experimentado un proceso de&hellip; <\/p><\/div>\n\n\n<hr class=\"wp-block-separator has-css-opacity\"\/>\n\n<\/li><li class=\"wp-block-post post-2389 post type-post status-publish format-standard has-post-thumbnail hentry category-b14publicaciones category-observatorio category-publicaciones\">\n<figure class=\"alignwide wp-block-post-featured-image\"><a href=\"https:\/\/www.unioviedo.es\/urbanred\/retos-juridico-administrativos-para-un-turismo-socialmente-sostenible\/\" target=\"_self\"  ><img loading=\"lazy\" decoding=\"async\" width=\"300\" height=\"16\" src=\"https:\/\/www.unioviedo.es\/urbanred\/wp-content\/uploads\/2021\/02\/Publicaciones.png\" class=\"attachment-post-thumbnail size-post-thumbnail wp-post-image\" alt=\"\u201cRetos jur\u00eddico-administrativos para un turismo socialmente sostenible\u201d\" style=\"object-fit:cover;\" sizes=\"auto, 100vw\" \/><\/a><\/figure>\n\n<div class=\"wp-block-post-date\"><time datetime=\"2024-06-15T20:25:00+02:00\">15 junio, 2024<\/time><\/div>\n\n<h2 class=\"wp-block-post-title\"><a href=\"https:\/\/www.unioviedo.es\/urbanred\/retos-juridico-administrativos-para-un-turismo-socialmente-sostenible\/\" target=\"_self\" >\u201cRetos jur\u00eddico-administrativos para un turismo socialmente sostenible\u201d<\/a><\/h2>\n\n<div class=\"wp-block-post-excerpt\"><p class=\"wp-block-post-excerpt__excerpt\">Luc\u00eda Mu\u00f1oz Benito (2024) Tesis Doctoral dirigida por D. Ren\u00e9 Javier Santamar\u00eda Arinas. Universidad de La Rioja. Las estad\u00edsticas encumbran a Espa\u00f1a como una potencia mundial en turismo. En un pa\u00eds fuertemente terciarizado, este sector es adem\u00e1s uno de los que m\u00e1s contribuyen al PIB y a la generaci\u00f3n de empleo. Sin embargo, la trascendencia&hellip; <\/p><\/div>\n\n\n<hr class=\"wp-block-separator has-css-opacity\"\/>\n\n<\/li><li class=\"wp-block-post post-2479 post type-post status-publish format-standard has-post-thumbnail hentry category-b14publicaciones category-observatorio category-publicaciones\">\n<figure class=\"alignwide wp-block-post-featured-image\"><a href=\"https:\/\/www.unioviedo.es\/urbanred\/el-urbanismo-del-suelo-urbano-por-un-desarrollo-urbano-inteligente-inclusivo-y-que-preserve-la-belleza-en-tiempos-postpandemicos\/\" target=\"_self\"  ><img loading=\"lazy\" decoding=\"async\" width=\"300\" height=\"16\" src=\"https:\/\/www.unioviedo.es\/urbanred\/wp-content\/uploads\/2021\/02\/Publicaciones.png\" class=\"attachment-post-thumbnail size-post-thumbnail wp-post-image\" alt=\"\u201cEl Urbanismo del Suelo Urbano. Por un Desarrollo Urbano Inteligente, inclusivo y que preserve la belleza en tiempos postpand\u00e9micos\u201d\" style=\"object-fit:cover;\" sizes=\"auto, 100vw\" \/><\/a><\/figure>\n\n<div class=\"wp-block-post-date\"><time datetime=\"2024-06-05T19:08:00+02:00\">5 junio, 2024<\/time><\/div>\n\n<h2 class=\"wp-block-post-title\"><a href=\"https:\/\/www.unioviedo.es\/urbanred\/el-urbanismo-del-suelo-urbano-por-un-desarrollo-urbano-inteligente-inclusivo-y-que-preserve-la-belleza-en-tiempos-postpandemicos\/\" target=\"_self\" >\u201cEl Urbanismo del Suelo Urbano. Por un Desarrollo Urbano Inteligente, inclusivo y que preserve la belleza en tiempos postpand\u00e9micos\u201d<\/a><\/h2>\n\n<div class=\"wp-block-post-excerpt\"><p class=\"wp-block-post-excerpt__excerpt\">Galera Rodrigo, S. (2024) Revista De Derecho Urban\u00edstico Y Medio Ambiente, 58 (369), 177\u2013191 El Urbanismo de Suelo Urbano, desarrolla las distintas perspectivas desde las que se pueden abordar las actuaciones urbanas, comprendiendo desde luego la urban\u00edstica pero considerando con normalidad problem\u00e1ticas m\u00e1s recientes que afectan a esta categor\u00eda de suelo y que trascienden el&hellip; <\/p><\/div>\n\n\n<hr class=\"wp-block-separator has-css-opacity\"\/>\n\n<\/li><li class=\"wp-block-post post-2469 post type-post status-publish format-standard has-post-thumbnail hentry category-b14publicaciones category-observatorio category-publicaciones\">\n<figure class=\"alignwide wp-block-post-featured-image\"><a href=\"https:\/\/www.unioviedo.es\/urbanred\/el-establecimiento-de-reservas-de-suelo-para-la-construccion-de-vivienda-de-proteccion-publica-en-suelo-urbano-consolidado-y-sus-efectos-el-caso-de-cataluna\/\" target=\"_self\"  ><img loading=\"lazy\" decoding=\"async\" width=\"300\" height=\"16\" src=\"https:\/\/www.unioviedo.es\/urbanred\/wp-content\/uploads\/2021\/02\/Publicaciones.png\" class=\"attachment-post-thumbnail size-post-thumbnail wp-post-image\" alt=\"\u201cEl establecimiento de reservas de suelo para la construcci\u00f3n de vivienda de protecci\u00f3n p\u00fablica en suelo urbano consolidado y sus efectos. El caso de Catalu\u00f1a\u201d\" style=\"object-fit:cover;\" sizes=\"auto, 100vw\" \/><\/a><\/figure>\n\n<div class=\"wp-block-post-date\"><time datetime=\"2024-05-25T18:41:00+02:00\">25 mayo, 2024<\/time><\/div>\n\n<h2 class=\"wp-block-post-title\"><a href=\"https:\/\/www.unioviedo.es\/urbanred\/el-establecimiento-de-reservas-de-suelo-para-la-construccion-de-vivienda-de-proteccion-publica-en-suelo-urbano-consolidado-y-sus-efectos-el-caso-de-cataluna\/\" target=\"_self\" >\u201cEl establecimiento de reservas de suelo para la construcci\u00f3n de vivienda de protecci\u00f3n p\u00fablica en suelo urbano consolidado y sus efectos. El caso de Catalu\u00f1a\u201d<\/a><\/h2>\n\n<div class=\"wp-block-post-excerpt\"><p class=\"wp-block-post-excerpt__excerpt\">Berta Bast\u00faz Ruiz (2024) Revista De Derecho Urban\u00edstico Y Medio Ambiente, 58(367), p\u00e1gs. 57\u2013114. El derecho a la vivienda, establecido en el art\u00edculo 47 de la Constituci\u00f3n, ha sido uno de los grandes olvidados del Estado Social y Democr\u00e1tico de Derecho. La escasez de vivienda p\u00fablica en nuestro pa\u00eds, junto con la alta demanda por&hellip; <\/p><\/div>\n\n\n<hr class=\"wp-block-separator has-css-opacity\"\/>\n\n<\/li><li class=\"wp-block-post post-2489 post type-post status-publish format-standard has-post-thumbnail hentry category-b14publicaciones category-observatorio category-publicaciones\">\n<figure class=\"alignwide wp-block-post-featured-image\"><a href=\"https:\/\/www.unioviedo.es\/urbanred\/metropolitan-governance-in-madrid-institutionalization-and-models-from-a-policy-perspective\/\" target=\"_self\"  ><img loading=\"lazy\" decoding=\"async\" width=\"300\" height=\"16\" src=\"https:\/\/www.unioviedo.es\/urbanred\/wp-content\/uploads\/2021\/02\/Publicaciones.png\" class=\"attachment-post-thumbnail size-post-thumbnail wp-post-image\" alt=\"\u201cMetropolitan Governance in Madrid: Institutionalization and Models from a Policy Perspective\u201d\" style=\"object-fit:cover;\" sizes=\"auto, 100vw\" \/><\/a><\/figure>\n\n<div class=\"wp-block-post-date\"><time datetime=\"2024-05-22T19:18:00+02:00\">22 mayo, 2024<\/time><\/div>\n\n<h2 class=\"wp-block-post-title\"><a href=\"https:\/\/www.unioviedo.es\/urbanred\/metropolitan-governance-in-madrid-institutionalization-and-models-from-a-policy-perspective\/\" target=\"_self\" >\u201cMetropolitan Governance in Madrid: Institutionalization and Models from a Policy Perspective\u201d<\/a><\/h2>\n\n<div class=\"wp-block-post-excerpt\"><p class=\"wp-block-post-excerpt__excerpt\">Gonz\u00e1lez-Medina, M., Hurtado, S.D.G. (2024) Socio-Spatial Dynamics in Mediterranean Europe. Spatial Demography Book Series, vol 3. Springer, Cham. P\u00e1gs. 307 \u2013 328. https:\/\/doi.org\/10.1007\/978-3-031-55436-0_17 Metropolitan areas are considered optimal for development in the context of globalization. In fact, most European countries have promoted institutional reforms aimed at formalizing this scale (e.g., Italy, France, etc.) or identified&hellip; <\/p><\/div>\n\n\n<hr class=\"wp-block-separator has-css-opacity\"\/>\n\n<\/li><li class=\"wp-block-post post-2497 post type-post status-publish format-standard has-post-thumbnail hentry category-b14publicaciones category-observatorio category-publicaciones\">\n<figure class=\"alignwide wp-block-post-featured-image\"><a href=\"https:\/\/www.unioviedo.es\/urbanred\/las-actuaciones-de-interes-autonomico\/\" target=\"_self\"  ><img loading=\"lazy\" decoding=\"async\" width=\"300\" height=\"16\" src=\"https:\/\/www.unioviedo.es\/urbanred\/wp-content\/uploads\/2021\/02\/Publicaciones.png\" class=\"attachment-post-thumbnail size-post-thumbnail wp-post-image\" alt=\"\u201cLas actuaciones de inter\u00e9s auton\u00f3mico\u201d\" style=\"object-fit:cover;\" sizes=\"auto, 100vw\" \/><\/a><\/figure>\n\n<div class=\"wp-block-post-date\"><time datetime=\"2024-05-03T19:32:00+02:00\">3 mayo, 2024<\/time><\/div>\n\n<h2 class=\"wp-block-post-title\"><a href=\"https:\/\/www.unioviedo.es\/urbanred\/las-actuaciones-de-interes-autonomico\/\" target=\"_self\" >\u201cLas actuaciones de inter\u00e9s auton\u00f3mico\u201d<\/a><\/h2>\n\n<div class=\"wp-block-post-excerpt\"><p class=\"wp-block-post-excerpt__excerpt\">Diego Vera Jurado (2024) Organizaci\u00f3n y regulaci\u00f3n de la supramunicipalidad. An\u00e1lisis de soluciones comparadas y buenas pr\u00e1ctica, Tirant lo Blanch, p\u00e1gs. 139-162. ISBN 9788411972000 La realidad supramunicipal desborda los l\u00edmites administrativos y las estructuras territoriales en la que tradicional y t\u00edmidamente se han enmarcado. Esta obra muestra desde una perspectiva hist\u00f3rica, comparada y multidisciplinar distintas&hellip; <\/p><\/div>\n\n\n<hr class=\"wp-block-separator has-css-opacity\"\/>\n\n<\/li><li class=\"wp-block-post post-2476 post type-post status-publish format-standard has-post-thumbnail hentry category-b14publicaciones category-observatorio category-publicaciones\">\n<figure class=\"alignwide wp-block-post-featured-image\"><a href=\"https:\/\/www.unioviedo.es\/urbanred\/patrimonio-cultural-proteccion-de-valores-desplazamiento-de-garantias-2\/\" target=\"_self\"  ><img loading=\"lazy\" decoding=\"async\" width=\"300\" height=\"16\" src=\"https:\/\/www.unioviedo.es\/urbanred\/wp-content\/uploads\/2021\/02\/Publicaciones.png\" class=\"attachment-post-thumbnail size-post-thumbnail wp-post-image\" alt=\"Patrimonio cultural: protecci\u00f3n de valores, desplazamiento de garant\u00edas\" style=\"object-fit:cover;\" sizes=\"auto, 100vw\" \/><\/a><\/figure>\n\n<div class=\"wp-block-post-date\"><time datetime=\"2024-04-30T19:01:00+02:00\">30 abril, 2024<\/time><\/div>\n\n<h2 class=\"wp-block-post-title\"><a href=\"https:\/\/www.unioviedo.es\/urbanred\/patrimonio-cultural-proteccion-de-valores-desplazamiento-de-garantias-2\/\" target=\"_self\" >Patrimonio cultural: protecci\u00f3n de valores, desplazamiento de garant\u00edas<\/a><\/h2>\n\n<div class=\"wp-block-post-excerpt\"><p class=\"wp-block-post-excerpt__excerpt\">Gonz\u00e1lez Sanfiel, A. M. (2024). Revista de Estudios de la Administraci\u00f3n Local y Auton\u00f3mica, 21, 185-199. https:\/\/doi.org\/10.24965\/reala.11354 El objetivo de este estudio es poner de manifiesto los abusos y falta de garant\u00edas que la legislaci\u00f3n de patrimonio cultural est\u00e1 generando. Texto completo (PDF) <\/p><\/div>\n\n\n<hr class=\"wp-block-separator has-css-opacity\"\/>\n\n<\/li><\/ul><\/div>\n\n\n\n<div style=\"height:36px\" aria-hidden=\"true\" class=\"wp-block-spacer\"><\/div>\n\n\n\n<div class=\"wp-block-media-text alignwide is-stacked-on-mobile is-vertically-aligned-center\" style=\"grid-template-columns:15% auto\"><figure class=\"wp-block-media-text__media\"><img loading=\"lazy\" decoding=\"async\" width=\"200\" height=\"200\" src=\"https:\/\/www.unioviedo.es\/urbanred\/wp-content\/uploads\/2021\/03\/icoFormacion2.png\" alt=\"\" class=\"wp-image-847 size-full\" srcset=\"https:\/\/www.unioviedo.es\/urbanred\/wp-content\/uploads\/2021\/03\/icoFormacion2.png 200w, https:\/\/www.unioviedo.es\/urbanred\/wp-content\/uploads\/2021\/03\/icoFormacion2-150x150.png 150w, https:\/\/www.unioviedo.es\/urbanred\/wp-content\/uploads\/2021\/03\/icoFormacion2-100x100.png 100w\" sizes=\"auto, (max-width: 200px) 100vw, 200px\" \/><\/figure><div class=\"wp-block-media-text__content\">\n<p class=\"has-background\" style=\"background-color:#50e1a7;font-size:26px\">  Formaci\u00f3n<\/p>\n<\/div><\/div>\n\n\n\n<div class=\"wp-block-query is-layout-flow wp-block-query-is-layout-flow\"><\/div>\n\n\n\n<div style=\"height:36px\" aria-hidden=\"true\" class=\"wp-block-spacer\"><\/div>\n\n\n\n<div class=\"wp-block-media-text alignwide has-media-on-the-right is-stacked-on-mobile is-vertically-aligned-center\" style=\"grid-template-columns:auto 15%\"><div class=\"wp-block-media-text__content\">\n<p class=\"has-text-align-right has-background\" style=\"background-color:#ffba6e;font-size:26px\">  Otros materiales  <\/p>\n<\/div><figure class=\"wp-block-media-text__media\"><img loading=\"lazy\" decoding=\"async\" width=\"200\" height=\"200\" src=\"https:\/\/www.unioviedo.es\/urbanred\/wp-content\/uploads\/2021\/03\/icoOtros2.png\" alt=\"\" class=\"wp-image-848 size-full\" srcset=\"https:\/\/www.unioviedo.es\/urbanred\/wp-content\/uploads\/2021\/03\/icoOtros2.png 200w, https:\/\/www.unioviedo.es\/urbanred\/wp-content\/uploads\/2021\/03\/icoOtros2-150x150.png 150w, https:\/\/www.unioviedo.es\/urbanred\/wp-content\/uploads\/2021\/03\/icoOtros2-100x100.png 100w\" sizes=\"auto, (max-width: 200px) 100vw, 200px\" \/><\/figure><\/div>\n\n\n\n<div class=\"wp-block-query is-layout-flow wp-block-query-is-layout-flow\"><\/div>\n","protected":false},"excerpt":{"rendered":"<p>Bolet\u00edn del Observatorio Eventos Publicaciones Formaci\u00f3n Otros materiales<\/p>\n","protected":false},"author":1,"featured_media":0,"parent":0,"menu_order":0,"comment_status":"closed","ping_status":"closed","template":"","meta":{"footnotes":""},"class_list":["post-2329","page","type-page","status-publish","hentry"],"_links":{"self":[{"href":"https:\/\/www.unioviedo.es\/urbanred\/wp-json\/wp\/v2\/pages\/2329","targetHints":{"allow":["GET"]}}],"collection":[{"href":"https:\/\/www.unioviedo.es\/urbanred\/wp-json\/wp\/v2\/pages"}],"about":[{"href":"https:\/\/www.unioviedo.es\/urbanred\/wp-json\/wp\/v2\/types\/page"}],"author":[{"embeddable":true,"href":"https:\/\/www.unioviedo.es\/urbanred\/wp-json\/wp\/v2\/users\/1"}],"replies":[{"embeddable":true,"href":"https:\/\/www.unioviedo.es\/urbanred\/wp-json\/wp\/v2\/comments?post=2329"}],"version-history":[{"count":4,"href":"https:\/\/www.unioviedo.es\/urbanred\/wp-json\/wp\/v2\/pages\/2329\/revisions"}],"predecessor-version":[{"id":2450,"href":"https:\/\/www.unioviedo.es\/urbanred\/wp-json\/wp\/v2\/pages\/2329\/revisions\/2450"}],"wp:attachment":[{"href":"https:\/\/www.unioviedo.es\/urbanred\/wp-json\/wp\/v2\/media?parent=2329"}],"curies":[{"name":"wp","href":"https:\/\/api.w.org\/{rel}","templated":true}]}}