{"id":2392,"date":"2024-05-10T20:31:05","date_gmt":"2024-05-10T18:31:05","guid":{"rendered":"https:\/\/www.unioviedo.es\/urbanred\/?page_id=2392"},"modified":"2024-05-08T13:19:47","modified_gmt":"2024-05-08T11:19:47","slug":"boletin-no-13-febrero-abril-2024-2","status":"publish","type":"page","link":"https:\/\/www.unioviedo.es\/urbanred\/boletin-no-13-febrero-abril-2024-2\/","title":{"rendered":"Bolet\u00edn n\u00ba 13, febrero &#8211; abril 2024"},"content":{"rendered":"\n<div class=\"wp-block-media-text alignwide is-stacked-on-mobile is-vertically-aligned-center\" style=\"grid-template-columns:31% auto\"><figure class=\"wp-block-media-text__media\"><img loading=\"lazy\" decoding=\"async\" width=\"772\" height=\"772\" src=\"https:\/\/www.unioviedo.es\/urbanred\/wp-content\/uploads\/2021\/03\/Boletin-Observatorio.png\" alt=\"\" class=\"wp-image-857 size-full\" srcset=\"https:\/\/www.unioviedo.es\/urbanred\/wp-content\/uploads\/2021\/03\/Boletin-Observatorio.png 772w, https:\/\/www.unioviedo.es\/urbanred\/wp-content\/uploads\/2021\/03\/Boletin-Observatorio-300x300.png 300w, https:\/\/www.unioviedo.es\/urbanred\/wp-content\/uploads\/2021\/03\/Boletin-Observatorio-150x150.png 150w, https:\/\/www.unioviedo.es\/urbanred\/wp-content\/uploads\/2021\/03\/Boletin-Observatorio-768x768.png 768w, https:\/\/www.unioviedo.es\/urbanred\/wp-content\/uploads\/2021\/03\/Boletin-Observatorio-100x100.png 100w\" sizes=\"auto, (max-width: 767px) 89vw, (max-width: 1000px) 54vw, (max-width: 1071px) 543px, 580px\" \/><\/figure><div class=\"wp-block-media-text__content\">\n<p class=\"has-text-color\" style=\"color:#2d2d2d;font-size:30px;line-height:0\">Bolet\u00edn del Observatorio<\/p>\n<\/div><\/div>\n\n\n\n<div class=\"wp-block-media-text alignwide is-stacked-on-mobile is-vertically-aligned-center\" style=\"grid-template-columns:15% auto\"><figure class=\"wp-block-media-text__media\"><img loading=\"lazy\" decoding=\"async\" width=\"200\" height=\"200\" src=\"https:\/\/www.unioviedo.es\/urbanred\/wp-content\/uploads\/2021\/03\/icoEventos2.png\" alt=\"\" class=\"wp-image-846 size-full\" srcset=\"https:\/\/www.unioviedo.es\/urbanred\/wp-content\/uploads\/2021\/03\/icoEventos2.png 200w, https:\/\/www.unioviedo.es\/urbanred\/wp-content\/uploads\/2021\/03\/icoEventos2-150x150.png 150w, https:\/\/www.unioviedo.es\/urbanred\/wp-content\/uploads\/2021\/03\/icoEventos2-100x100.png 100w\" sizes=\"auto, (max-width: 200px) 100vw, 200px\" \/><\/figure><div class=\"wp-block-media-text__content\">\n<p class=\"has-background\" style=\"background-color:#48b8ff;font-size:26px\">  Eventos<\/p>\n<\/div><\/div>\n\n\n\n<div class=\"wp-block-query is-layout-flow wp-block-query-is-layout-flow\"><\/div>\n\n\n\n<div style=\"height:30px\" aria-hidden=\"true\" class=\"wp-block-spacer\"><\/div>\n\n\n\n<div class=\"wp-block-media-text alignwide has-media-on-the-right is-stacked-on-mobile\" style=\"grid-template-columns:auto 15%\"><div class=\"wp-block-media-text__content\">\n<p class=\"has-text-align-right has-background\" style=\"background-color:#b4c3ce;font-size:26px\">  Publicaciones  <\/p>\n<\/div><figure class=\"wp-block-media-text__media\"><img loading=\"lazy\" decoding=\"async\" width=\"200\" height=\"200\" src=\"https:\/\/www.unioviedo.es\/urbanred\/wp-content\/uploads\/2021\/03\/icoPublicacion2.png\" alt=\"\" class=\"wp-image-849 size-full\" srcset=\"https:\/\/www.unioviedo.es\/urbanred\/wp-content\/uploads\/2021\/03\/icoPublicacion2.png 200w, https:\/\/www.unioviedo.es\/urbanred\/wp-content\/uploads\/2021\/03\/icoPublicacion2-150x150.png 150w, https:\/\/www.unioviedo.es\/urbanred\/wp-content\/uploads\/2021\/03\/icoPublicacion2-100x100.png 100w\" sizes=\"auto, (max-width: 200px) 100vw, 200px\" \/><\/figure><\/div>\n\n\n\n<div class=\"wp-block-query is-layout-flow wp-block-query-is-layout-flow\"><ul class=\"columns-2 wp-block-post-template is-layout-grid wp-container-core-post-template-is-layout-1 wp-block-post-template-is-layout-grid\"><li class=\"wp-block-post post-2374 post type-post status-publish format-standard has-post-thumbnail hentry category-b13publicaciones category-observatorio category-publicaciones\">\n<figure class=\"alignwide wp-block-post-featured-image\"><a href=\"https:\/\/www.unioviedo.es\/urbanred\/patrimonio-cultural-proteccion-de-valores-desplazamiento-de-garantias\/\" target=\"_self\"  ><img loading=\"lazy\" decoding=\"async\" width=\"300\" height=\"16\" src=\"https:\/\/www.unioviedo.es\/urbanred\/wp-content\/uploads\/2021\/02\/Publicaciones.png\" class=\"attachment-post-thumbnail size-post-thumbnail wp-post-image\" alt=\"\u201cPatrimonio cultural: protecci\u00f3n de valores, desplazamiento de garant\u00edas\u201d\" style=\"object-fit:cover;\" sizes=\"auto, 100vw\" \/><\/a><\/figure>\n\n<div class=\"wp-block-post-date\"><time datetime=\"2024-04-16T19:38:00+02:00\">16 abril, 2024<\/time><\/div>\n\n<h2 class=\"wp-block-post-title\"><a href=\"https:\/\/www.unioviedo.es\/urbanred\/patrimonio-cultural-proteccion-de-valores-desplazamiento-de-garantias\/\" target=\"_self\" >\u201cPatrimonio cultural: protecci\u00f3n de valores, desplazamiento de garant\u00edas\u201d<\/a><\/h2>\n\n<div class=\"wp-block-post-excerpt\"><p class=\"wp-block-post-excerpt__excerpt\">Andr\u00e9s Manuel Gonz\u00e1lez Sanfiel (2024) Revista de Estudios de la Administraci\u00f3n Local y Auton\u00f3mica. Nueva \u00c9poca. N\u00famero 21 (abril 2024) El objetivo del art\u00edculo es poner de manifiesto los abusos y falta de garant\u00edas que la legislaci\u00f3n de patrimonio cultural est\u00e1 generando. Las v\u00edas son diversas: la desnaturalizaci\u00f3n de la categor\u00eda de los BIC con&hellip; <\/p><\/div>\n\n\n<hr class=\"wp-block-separator has-css-opacity\"\/>\n\n<\/li><li class=\"wp-block-post post-2349 post type-post status-publish format-standard has-post-thumbnail hentry category-b13publicaciones category-observatorio category-publicaciones\">\n<figure class=\"alignwide wp-block-post-featured-image\"><a href=\"https:\/\/www.unioviedo.es\/urbanred\/guia-basica-para-integrar-los-objetivos-de-desarrollo-sostenible-en-los-instrumentos-de-ordenacion-urbanistica-en-andalucia-2024-2\/\" target=\"_self\"  ><img loading=\"lazy\" decoding=\"async\" width=\"300\" height=\"16\" src=\"https:\/\/www.unioviedo.es\/urbanred\/wp-content\/uploads\/2021\/02\/Publicaciones.png\" class=\"attachment-post-thumbnail size-post-thumbnail wp-post-image\" alt=\"Gobernanza y administraciones territoriales para la pr\u00f3xima generaci\u00f3n\" style=\"object-fit:cover;\" sizes=\"auto, 100vw\" \/><\/a><\/figure>\n\n<div class=\"wp-block-post-date\"><time datetime=\"2024-04-16T18:55:00+02:00\">16 abril, 2024<\/time><\/div>\n\n<h2 class=\"wp-block-post-title\"><a href=\"https:\/\/www.unioviedo.es\/urbanred\/guia-basica-para-integrar-los-objetivos-de-desarrollo-sostenible-en-los-instrumentos-de-ordenacion-urbanistica-en-andalucia-2024-2\/\" target=\"_self\" >Gobernanza y administraciones territoriales para la pr\u00f3xima generaci\u00f3n<\/a><\/h2>\n\n<div class=\"wp-block-post-excerpt\"><p class=\"wp-block-post-excerpt__excerpt\">Jorge Hern\u00e1ndez Moreno y Cristina Ares Castro-Conde (Coordinadores) (2023) Edita INAP. Colecci\u00f3n Administraci\u00f3n Local y Auton\u00f3mica. 370 pag. ISBN: 978-84-7351-765-2 La obra se divide en varios bloques que analizan, entre otros temas, los desaf\u00edos de la gesti\u00f3n de la pandemia de la covid-19 en los sistemas de gobernanza multinivel, la adaptaci\u00f3n de las Administraciones territoriales&hellip; <\/p><\/div>\n\n\n<hr class=\"wp-block-separator has-css-opacity\"\/>\n\n<\/li><li class=\"wp-block-post post-2358 post type-post status-publish format-standard has-post-thumbnail hentry category-b13publicaciones category-observatorio category-publicaciones\">\n<figure class=\"alignwide wp-block-post-featured-image\"><a href=\"https:\/\/www.unioviedo.es\/urbanred\/european-patterns-of-local-adaptation-planning-a-regional-analysis\/\" target=\"_self\"  ><img loading=\"lazy\" decoding=\"async\" width=\"300\" height=\"16\" src=\"https:\/\/www.unioviedo.es\/urbanred\/wp-content\/uploads\/2021\/02\/Publicaciones.png\" class=\"attachment-post-thumbnail size-post-thumbnail wp-post-image\" alt=\"\u201cEuropean patterns of local adaptation planning\u2014a regional analysis\u201d\" style=\"object-fit:cover;\" sizes=\"auto, 100vw\" \/><\/a><\/figure>\n\n<div class=\"wp-block-post-date\"><time datetime=\"2024-04-11T19:13:00+02:00\">11 abril, 2024<\/time><\/div>\n\n<h2 class=\"wp-block-post-title\"><a href=\"https:\/\/www.unioviedo.es\/urbanred\/european-patterns-of-local-adaptation-planning-a-regional-analysis\/\" target=\"_self\" >\u201cEuropean patterns of local adaptation planning\u2014a regional analysis\u201d<\/a><\/h2>\n\n<div class=\"wp-block-post-excerpt\"><p class=\"wp-block-post-excerpt__excerpt\">Buz\u00e1si, A., Simoes, S.G., Salvia, M. et al. (2024) Reg Environ Change 24, 59 (2024). PDF&nbsp; M\u00e1s informaci\u00f3n <\/p><\/div>\n\n\n<hr class=\"wp-block-separator has-css-opacity\"\/>\n\n<\/li><li class=\"wp-block-post post-2376 post type-post status-publish format-standard has-post-thumbnail hentry category-b13publicaciones category-observatorio category-publicaciones\">\n<figure class=\"alignwide wp-block-post-featured-image\"><a href=\"https:\/\/www.unioviedo.es\/urbanred\/urban-agendas-around-the-world-a-case-of-policy-transfer-an-analysis-proposal\/\" target=\"_self\"  ><img loading=\"lazy\" decoding=\"async\" width=\"300\" height=\"16\" src=\"https:\/\/www.unioviedo.es\/urbanred\/wp-content\/uploads\/2021\/02\/Publicaciones.png\" class=\"attachment-post-thumbnail size-post-thumbnail wp-post-image\" alt=\"\u201cUrban agendas around the world: A case of policy transfer? An analysis proposal\u201d\" style=\"object-fit:cover;\" sizes=\"auto, 100vw\" \/><\/a><\/figure>\n\n<div class=\"wp-block-post-date\"><time datetime=\"2024-04-02T19:50:00+02:00\">2 abril, 2024<\/time><\/div>\n\n<h2 class=\"wp-block-post-title\"><a href=\"https:\/\/www.unioviedo.es\/urbanred\/urban-agendas-around-the-world-a-case-of-policy-transfer-an-analysis-proposal\/\" target=\"_self\" >\u201cUrban agendas around the world: A case of policy transfer? An analysis proposal\u201d<\/a><\/h2>\n\n<div class=\"wp-block-post-excerpt\"><p class=\"wp-block-post-excerpt__excerpt\">Mar\u00eda \u00c1ngeles Huete Garc\u00eda, Rafael Merinero Rodr\u00edguez, Marc Pradel Miquel (2024) Journal of Urban Affairs, pp. 1\u201323 The present article addresses the issue of policy transfer. Three public policy tools (the New Urban Agenda, the Urban Agenda for the European Union and the Spanish Urban Agenda) were analyzed. The objective was to develop an analytical&hellip; <\/p><\/div>\n\n\n<hr class=\"wp-block-separator has-css-opacity\"\/>\n\n<\/li><li class=\"wp-block-post post-2397 post type-post status-publish format-standard has-post-thumbnail hentry category-b13publicaciones category-observatorio category-publicaciones\">\n<figure class=\"alignwide wp-block-post-featured-image\"><a href=\"https:\/\/www.unioviedo.es\/urbanred\/de-las-edusi-2014-2020-a-las-estrategias-territoriales-integradas-2021-2027-avanzar-hacia-una-politica-nacional-para-la-regeneracion-urbana-de-los-barrios-vulnerables\/\" target=\"_self\"  ><img loading=\"lazy\" decoding=\"async\" width=\"300\" height=\"16\" src=\"https:\/\/www.unioviedo.es\/urbanred\/wp-content\/uploads\/2021\/02\/Publicaciones.png\" class=\"attachment-post-thumbnail size-post-thumbnail wp-post-image\" alt=\"\u201cDe las EDUSI (2014-2020) a las Estrategias Territoriales Integradas (2021-2027). Avanzar hacia una pol\u00edtica nacional para la regeneraci\u00f3n urbana de los barrios vulnerables\u201d\" style=\"object-fit:cover;\" sizes=\"auto, 100vw\" \/><\/a><\/figure>\n\n<div class=\"wp-block-post-date\"><time datetime=\"2024-04-01T13:05:00+02:00\">1 abril, 2024<\/time><\/div>\n\n<h2 class=\"wp-block-post-title\"><a href=\"https:\/\/www.unioviedo.es\/urbanred\/de-las-edusi-2014-2020-a-las-estrategias-territoriales-integradas-2021-2027-avanzar-hacia-una-politica-nacional-para-la-regeneracion-urbana-de-los-barrios-vulnerables\/\" target=\"_self\" >\u201cDe las EDUSI (2014-2020) a las Estrategias Territoriales Integradas (2021-2027). Avanzar hacia una pol\u00edtica nacional para la regeneraci\u00f3n urbana de los barrios vulnerables\u201d<\/a><\/h2>\n\n<div class=\"wp-block-post-excerpt\"><p class=\"wp-block-post-excerpt__excerpt\">Sonia de Gregorio Hurtado (2024) Ciudad Sostenible, n\u00famero 51, abril de 2024, pp. 12\u201419.\u00a0Madrid. PDF de la publicaci\u00f3n M\u00e1s informaci\u00f3n <\/p><\/div>\n\n\n<hr class=\"wp-block-separator has-css-opacity\"\/>\n\n<\/li><li class=\"wp-block-post post-2395 post type-post status-publish format-standard has-post-thumbnail hentry category-b13publicaciones category-observatorio category-publicaciones\">\n<figure class=\"alignwide wp-block-post-featured-image\"><a href=\"https:\/\/www.unioviedo.es\/urbanred\/regenerando-la-ermita-del-santo-reflexion-y-estrategias-de-regeneracion-realizadas-en-la-asignatura-intensificacion-en-urbanismo\/\" target=\"_self\"  ><img loading=\"lazy\" decoding=\"async\" width=\"300\" height=\"16\" src=\"https:\/\/www.unioviedo.es\/urbanred\/wp-content\/uploads\/2021\/02\/Publicaciones.png\" class=\"attachment-post-thumbnail size-post-thumbnail wp-post-image\" alt=\"\u201cRegenerando La Ermita del Santo. Reflexi\u00f3n y estrategias de regeneraci\u00f3n realizadas en la asignatura &#8216;Intensificaci\u00f3n en Urbanismo&#8217;\u201d\" style=\"object-fit:cover;\" sizes=\"auto, 100vw\" \/><\/a><\/figure>\n\n<div class=\"wp-block-post-date\"><time datetime=\"2024-04-01T12:45:00+02:00\">1 abril, 2024<\/time><\/div>\n\n<h2 class=\"wp-block-post-title\"><a href=\"https:\/\/www.unioviedo.es\/urbanred\/regenerando-la-ermita-del-santo-reflexion-y-estrategias-de-regeneracion-realizadas-en-la-asignatura-intensificacion-en-urbanismo\/\" target=\"_self\" >\u201cRegenerando La Ermita del Santo. Reflexi\u00f3n y estrategias de regeneraci\u00f3n realizadas en la asignatura &#8216;Intensificaci\u00f3n en Urbanismo&#8217;\u201d<\/a><\/h2>\n\n<div class=\"wp-block-post-excerpt\"><p class=\"wp-block-post-excerpt__excerpt\">Sonia de Gregorio Hurtado y otros (eds.) (2024) Publicaciones del Aula de Resiliencia Urbana.\u00a0Madrid. ISBN: 978-84-09-60327-5 Recurso Educativo\/Docente. Texto completo M\u00e1s informaci\u00f3n <\/p><\/div>\n\n\n<hr class=\"wp-block-separator has-css-opacity\"\/>\n\n<\/li><li class=\"wp-block-post post-2363 post type-post status-publish format-standard has-post-thumbnail hentry category-b13publicaciones category-observatorio category-publicaciones\">\n<figure class=\"alignwide wp-block-post-featured-image\"><a href=\"https:\/\/www.unioviedo.es\/urbanred\/estudios-sobre-el-derecho-a-la-vivienda\/\" target=\"_self\"  ><img loading=\"lazy\" decoding=\"async\" width=\"300\" height=\"16\" src=\"https:\/\/www.unioviedo.es\/urbanred\/wp-content\/uploads\/2021\/02\/Publicaciones.png\" class=\"attachment-post-thumbnail size-post-thumbnail wp-post-image\" alt=\"Estudios sobre el derecho a la vivienda\" style=\"object-fit:cover;\" sizes=\"auto, 100vw\" \/><\/a><\/figure>\n\n<div class=\"wp-block-post-date\"><time datetime=\"2024-03-20T19:24:00+01:00\">20 marzo, 2024<\/time><\/div>\n\n<h2 class=\"wp-block-post-title\"><a href=\"https:\/\/www.unioviedo.es\/urbanred\/estudios-sobre-el-derecho-a-la-vivienda\/\" target=\"_self\" >Estudios sobre el derecho a la vivienda<\/a><\/h2>\n\n<div class=\"wp-block-post-excerpt\"><p class=\"wp-block-post-excerpt__excerpt\">Juan Antonio Chinchilla Peinado (coord.), Luc\u00eda L\u00f3pez de Castro Garc\u00eda-Morato (coord.) (2024) RDU Ediciones. ISBN: 978-84-126183-3-4 M\u00e1s informaci\u00f3n <\/p><\/div>\n\n\n<hr class=\"wp-block-separator has-css-opacity\"\/>\n\n<\/li><li class=\"wp-block-post post-2384 post type-post status-publish format-standard has-post-thumbnail hentry category-b13publicaciones category-observatorio category-publicaciones\">\n<figure class=\"alignwide wp-block-post-featured-image\"><a href=\"https:\/\/www.unioviedo.es\/urbanred\/sustainable-development-from-its-antecedents-to-the-mdgs-sdgs-and-glgs\/\" target=\"_self\"  ><img loading=\"lazy\" decoding=\"async\" width=\"300\" height=\"16\" src=\"https:\/\/www.unioviedo.es\/urbanred\/wp-content\/uploads\/2021\/02\/Publicaciones.png\" class=\"attachment-post-thumbnail size-post-thumbnail wp-post-image\" alt=\"\u201cSustainable development: from its antecedents to the MDGs, SDGs and GLGs\u201d\" style=\"object-fit:cover;\" sizes=\"auto, 100vw\" \/><\/a><\/figure>\n\n<div class=\"wp-block-post-date\"><time datetime=\"2024-03-04T20:08:00+01:00\">4 marzo, 2024<\/time><\/div>\n\n<h2 class=\"wp-block-post-title\"><a href=\"https:\/\/www.unioviedo.es\/urbanred\/sustainable-development-from-its-antecedents-to-the-mdgs-sdgs-and-glgs\/\" target=\"_self\" >\u201cSustainable development: from its antecedents to the MDGs, SDGs and GLGs\u201d<\/a><\/h2>\n\n<div class=\"wp-block-post-excerpt\"><p class=\"wp-block-post-excerpt__excerpt\">V\u00e1zquez-Burguete , J. L., Lanero-Carrizo , A., Sahelices-Pinto, C., V\u00e1zquez-Garc\u00eda, J. L. ., V\u00e1zquez-Garc\u00eda , J. M., &amp; Garc\u00eda-Migu\u00e9lez , M. P.(2024) Responsibility and Sustainability, 9(1), 37\u201350. Este trabajo analiza fuentes documentales sobre los antecedentes formales del concepto de desarrollo sostenible propuesto por Naciones Unidas en el documento \u201cNuestro Futuro Com\u00fan\u201d o Informe Brundtland y&hellip; <\/p><\/div>\n\n\n<hr class=\"wp-block-separator has-css-opacity\"\/>\n\n<\/li><li class=\"wp-block-post post-2333 post type-post status-publish format-standard has-post-thumbnail hentry category-b13publicaciones category-observatorio category-publicaciones\">\n<figure class=\"alignwide wp-block-post-featured-image\"><a href=\"https:\/\/www.unioviedo.es\/urbanred\/guia-basica-para-integrar-los-objetivos-de-desarrollo-sostenible-en-los-instrumentos-de-ordenacion-urbanistica-en-andalucia-2024\/\" target=\"_self\"  ><img loading=\"lazy\" decoding=\"async\" width=\"300\" height=\"16\" src=\"https:\/\/www.unioviedo.es\/urbanred\/wp-content\/uploads\/2021\/02\/Publicaciones.png\" class=\"attachment-post-thumbnail size-post-thumbnail wp-post-image\" alt=\"Gu\u00eda b\u00e1sica para integrar los Objetivos de Desarrollo Sostenible en los instrumentos de ordenaci\u00f3n urban\u00edstica en Andaluc\u00eda. 2024\" style=\"object-fit:cover;\" sizes=\"auto, 100vw\" \/><\/a><\/figure>\n\n<div class=\"wp-block-post-date\"><time datetime=\"2024-02-29T18:27:00+01:00\">29 febrero, 2024<\/time><\/div>\n\n<h2 class=\"wp-block-post-title\"><a href=\"https:\/\/www.unioviedo.es\/urbanred\/guia-basica-para-integrar-los-objetivos-de-desarrollo-sostenible-en-los-instrumentos-de-ordenacion-urbanistica-en-andalucia-2024\/\" target=\"_self\" >Gu\u00eda b\u00e1sica para integrar los Objetivos de Desarrollo Sostenible en los instrumentos de ordenaci\u00f3n urban\u00edstica en Andaluc\u00eda. 2024<\/a><\/h2>\n\n<div class=\"wp-block-post-excerpt\"><p class=\"wp-block-post-excerpt__excerpt\">Con la finalidad de contribuir a identificar las claves que pueden permitir alinear las determinaciones de los instrumentos de ordenaci\u00f3n urban\u00edstica con los Objetivos de Desarrollo Sostenible (ODS) la Consejer\u00eda de Fomento, Articulaci\u00f3n del Territorio y Vivienda ha elaborado\u00a0 la \u201cGu\u00eda b\u00e1sica para integrar los Objetivos de Desarrollo Sostenible en los instrumentos de ordenaci\u00f3n urban\u00edstica&hellip; <\/p><\/div>\n\n\n<hr class=\"wp-block-separator has-css-opacity\"\/>\n\n<\/li><li class=\"wp-block-post post-2368 post type-post status-publish format-standard has-post-thumbnail hentry category-b13publicaciones category-observatorio category-publicaciones\">\n<figure class=\"alignwide wp-block-post-featured-image\"><a href=\"https:\/\/www.unioviedo.es\/urbanred\/la-problematica-aproximacion-al-principio-de-no-regresion-a-proposito-de-la-sentencia-del-tribunal-supremo-num-381-2023-de-22-de-marzo-de-2023\/\" target=\"_self\"  ><img loading=\"lazy\" decoding=\"async\" width=\"300\" height=\"16\" src=\"https:\/\/www.unioviedo.es\/urbanred\/wp-content\/uploads\/2021\/02\/Publicaciones.png\" class=\"attachment-post-thumbnail size-post-thumbnail wp-post-image\" alt=\"\u201cLa problem\u00e1tica aproximaci\u00f3n al principio de no regresi\u00f3n (a prop\u00f3sito de la Sentencia del Tribunal Supremo n\u00fam. 381\/2023 de 22 de marzo de 2023\u201d\" style=\"object-fit:cover;\" sizes=\"auto, 100vw\" \/><\/a><\/figure>\n\n<div class=\"wp-block-post-date\"><time datetime=\"2024-02-25T19:32:00+01:00\">25 febrero, 2024<\/time><\/div>\n\n<h2 class=\"wp-block-post-title\"><a href=\"https:\/\/www.unioviedo.es\/urbanred\/la-problematica-aproximacion-al-principio-de-no-regresion-a-proposito-de-la-sentencia-del-tribunal-supremo-num-381-2023-de-22-de-marzo-de-2023\/\" target=\"_self\" >\u201cLa problem\u00e1tica aproximaci\u00f3n al principio de no regresi\u00f3n (a prop\u00f3sito de la Sentencia del Tribunal Supremo n\u00fam. 381\/2023 de 22 de marzo de 2023\u201d<\/a><\/h2>\n\n<div class=\"wp-block-post-excerpt\"><p class=\"wp-block-post-excerpt__excerpt\">Andr\u00e9s Manuel Gonz\u00e1lez Sanfiel (2024) Revista de Derecho Urban\u00edstico y medio ambiente, 58 (367), 153\u2013188. El Tribunal Supremo ha incorporado un matiz f\u00e1ctico al principio de no regresi\u00f3n que puede originar problemas de seguridad jur\u00eddica y de descr\u00e9dito del principio que lucha por consolidarse. Lo peor del caso es que no era necesario introducir esa&hellip; <\/p><\/div>\n\n\n<hr class=\"wp-block-separator has-css-opacity\"\/>\n\n<\/li><li class=\"wp-block-post post-2379 post type-post status-publish format-standard has-post-thumbnail hentry category-b13publicaciones category-observatorio category-publicaciones\">\n<figure class=\"alignwide wp-block-post-featured-image\"><a href=\"https:\/\/www.unioviedo.es\/urbanred\/ciudades-inteligentes-un-analisis-del-software-a-la-luz-de-los-objetivos-de-desarrollo-sostenible\/\" target=\"_self\"  ><img loading=\"lazy\" decoding=\"async\" width=\"300\" height=\"16\" src=\"https:\/\/www.unioviedo.es\/urbanred\/wp-content\/uploads\/2021\/02\/Publicaciones.png\" class=\"attachment-post-thumbnail size-post-thumbnail wp-post-image\" alt=\"\u201cCiudades inteligentes. Un an\u00e1lisis del software a la luz de los objetivos de desarrollo sostenible\u201d\" style=\"object-fit:cover;\" sizes=\"auto, 100vw\" \/><\/a><\/figure>\n\n<div class=\"wp-block-post-date\"><time datetime=\"2024-02-09T19:59:00+01:00\">9 febrero, 2024<\/time><\/div>\n\n<h2 class=\"wp-block-post-title\"><a href=\"https:\/\/www.unioviedo.es\/urbanred\/ciudades-inteligentes-un-analisis-del-software-a-la-luz-de-los-objetivos-de-desarrollo-sostenible\/\" target=\"_self\" >\u201cCiudades inteligentes. Un an\u00e1lisis del software a la luz de los objetivos de desarrollo sostenible\u201d<\/a><\/h2>\n\n<div class=\"wp-block-post-excerpt\"><p class=\"wp-block-post-excerpt__excerpt\">Deva Men\u00e9ndez Garc\u00eda; Silvia Ferrer Castill\u00f3n (2024) Espacio Tiempo y Forma. Serie VI, Geograf\u00eda, (17), pp. 1\u201319. Al hablar de ciudades inteligentes, el estado de la cuesti\u00f3n actual evidencia que se trata de un t\u00e9rmino complejo, polis\u00e9mico y en constante cambio. El \u00e1ngulo del planteamiento de la presente investigaci\u00f3n radic\u00f3 en arrojar luz sobre el&hellip; <\/p><\/div>\n\n\n<hr class=\"wp-block-separator has-css-opacity\"\/>\n\n<\/li><li class=\"wp-block-post post-2386 post type-post status-publish format-standard has-post-thumbnail hentry category-b13publicaciones category-observatorio category-publicaciones\">\n<figure class=\"alignwide wp-block-post-featured-image\"><a href=\"https:\/\/www.unioviedo.es\/urbanred\/la-relacion-edusi-agenda-urbana-espanola-una-aproximacion-metodologica-para-su-evaluacion\/\" target=\"_self\"  ><img loading=\"lazy\" decoding=\"async\" width=\"300\" height=\"16\" src=\"https:\/\/www.unioviedo.es\/urbanred\/wp-content\/uploads\/2021\/02\/Publicaciones.png\" class=\"attachment-post-thumbnail size-post-thumbnail wp-post-image\" alt=\"\u201cLa relaci\u00f3n EDUSI-Agenda Urbana Espa\u00f1ola. Una aproximaci\u00f3n metodol\u00f3gica para su evaluaci\u00f3n\u201d\" style=\"object-fit:cover;\" sizes=\"auto, 100vw\" \/><\/a><\/figure>\n\n<div class=\"wp-block-post-date\"><time datetime=\"2024-02-07T20:14:00+01:00\">7 febrero, 2024<\/time><\/div>\n\n<h2 class=\"wp-block-post-title\"><a href=\"https:\/\/www.unioviedo.es\/urbanred\/la-relacion-edusi-agenda-urbana-espanola-una-aproximacion-metodologica-para-su-evaluacion\/\" target=\"_self\" >\u201cLa relaci\u00f3n EDUSI-Agenda Urbana Espa\u00f1ola. Una aproximaci\u00f3n metodol\u00f3gica para su evaluaci\u00f3n\u201d<\/a><\/h2>\n\n<div class=\"wp-block-post-excerpt\"><p class=\"wp-block-post-excerpt__excerpt\">\u00c1lvarez Del Valle, L., Camerin, F., D\u00edez Bermejo, A., Rodr\u00edguez Su\u00e1rez, I. (2024) Bit\u00e1cora Urbano Territorial, 34(I): 13-26. Este art\u00edculo pone en relaci\u00f3n los dos \u00faltimos enfoques impulsados por la Uni\u00f3n Europea para canalizar y desarrollar procesos y acciones de desarrollo urbano sostenible en Espa\u00f1a: las Estrategias Integradas de Desarrollo Urbano Sostenible (EDUSI) y la&hellip; <\/p><\/div>\n\n\n<hr class=\"wp-block-separator has-css-opacity\"\/>\n\n<\/li><li class=\"wp-block-post post-2342 post type-post status-publish format-standard has-post-thumbnail hentry category-b13publicaciones category-observatorio category-publicaciones\">\n<figure class=\"alignwide wp-block-post-featured-image\"><a href=\"https:\/\/www.unioviedo.es\/urbanred\/desglobalizacion-e-inflacion-los-nuevos-riesgos-politicos\/\" target=\"_self\"  ><img loading=\"lazy\" decoding=\"async\" width=\"300\" height=\"16\" src=\"https:\/\/www.unioviedo.es\/urbanred\/wp-content\/uploads\/2021\/02\/Publicaciones.png\" class=\"attachment-post-thumbnail size-post-thumbnail wp-post-image\" alt=\"\u201cDesglobalizaci\u00f3n e inflaci\u00f3n los nuevos riesgos pol\u00edticos\u201d\" style=\"object-fit:cover;\" sizes=\"auto, 100vw\" \/><\/a><\/figure>\n\n<div class=\"wp-block-post-date\"><time datetime=\"2024-02-02T18:39:00+01:00\">2 febrero, 2024<\/time><\/div>\n\n<h2 class=\"wp-block-post-title\"><a href=\"https:\/\/www.unioviedo.es\/urbanred\/desglobalizacion-e-inflacion-los-nuevos-riesgos-politicos\/\" target=\"_self\" >\u201cDesglobalizaci\u00f3n e inflaci\u00f3n los nuevos riesgos pol\u00edticos\u201d<\/a><\/h2>\n\n<div class=\"wp-block-post-excerpt\"><p class=\"wp-block-post-excerpt__excerpt\">Juan Luis Manfredi (2023) Mediterr\u00e1neo econ\u00f3mico, N\u00ba. 38, 2024 (Ejemplar dedicado a: Inflaci\u00f3n, pol\u00edticas y sociedad), p\u00e1gs. 239-250. ISSN 1698-3726 La desglobalizaci\u00f3n es el fen\u00f3meno que explica la deriva actual del sistema pol\u00edtico y econ\u00f3mico internacional. Se ha diluido el orden liberal internacional y la era de la hegemon\u00eda estadounidense vislumbra su final. En este&hellip; <\/p><\/div>\n\n\n<hr class=\"wp-block-separator has-css-opacity\"\/>\n\n<\/li><\/ul><\/div>\n\n\n\n<div style=\"height:36px\" aria-hidden=\"true\" class=\"wp-block-spacer\"><\/div>\n\n\n\n<div class=\"wp-block-media-text alignwide is-stacked-on-mobile is-vertically-aligned-center\" style=\"grid-template-columns:15% auto\"><figure class=\"wp-block-media-text__media\"><img loading=\"lazy\" decoding=\"async\" width=\"200\" height=\"200\" src=\"https:\/\/www.unioviedo.es\/urbanred\/wp-content\/uploads\/2021\/03\/icoFormacion2.png\" alt=\"\" class=\"wp-image-847 size-full\" srcset=\"https:\/\/www.unioviedo.es\/urbanred\/wp-content\/uploads\/2021\/03\/icoFormacion2.png 200w, https:\/\/www.unioviedo.es\/urbanred\/wp-content\/uploads\/2021\/03\/icoFormacion2-150x150.png 150w, https:\/\/www.unioviedo.es\/urbanred\/wp-content\/uploads\/2021\/03\/icoFormacion2-100x100.png 100w\" sizes=\"auto, (max-width: 200px) 100vw, 200px\" \/><\/figure><div class=\"wp-block-media-text__content\">\n<p class=\"has-background\" style=\"background-color:#50e1a7;font-size:26px\">  Formaci\u00f3n<\/p>\n<\/div><\/div>\n\n\n\n<div class=\"wp-block-query is-layout-flow wp-block-query-is-layout-flow\"><ul class=\"columns-2 wp-block-post-template is-layout-grid wp-container-core-post-template-is-layout-2 wp-block-post-template-is-layout-grid\"><li class=\"wp-block-post post-2322 post type-post status-publish format-standard has-post-thumbnail hentry category-b13formacion category-formacion category-observatorio\">\n<figure class=\"alignwide wp-block-post-featured-image\"><a href=\"https:\/\/www.unioviedo.es\/urbanred\/42o-curso-anual-de-derechos-humanos\/\" target=\"_self\"  ><img loading=\"lazy\" decoding=\"async\" width=\"300\" height=\"16\" src=\"https:\/\/www.unioviedo.es\/urbanred\/wp-content\/uploads\/2021\/02\/Formacion.png\" class=\"attachment-post-thumbnail size-post-thumbnail wp-post-image\" alt=\"42\u00ba Curso anual de derechos humanos\" style=\"object-fit:cover;\" sizes=\"auto, 100vw\" \/><\/a><\/figure>\n\n<div class=\"wp-block-post-date\"><time datetime=\"2024-03-19T09:39:53+01:00\">19 marzo, 2024<\/time><\/div>\n\n<h2 class=\"wp-block-post-title\"><a href=\"https:\/\/www.unioviedo.es\/urbanred\/42o-curso-anual-de-derechos-humanos\/\" target=\"_self\" >42\u00ba Curso anual de derechos humanos<\/a><\/h2>\n\n<div class=\"wp-block-post-excerpt\"><p class=\"wp-block-post-excerpt__excerpt\">ACCI\u00d3N CLIM\u00c1TICA, DEFENSA AMBIENTAL Y&nbsp; DERECHOS HUMANOS Curso semi-presencial, del 8 al 25 de abril de 2024. Las sesiones presenciales se celebrar\u00e1n en la Universitat Pompeu Fabra. El curso se plantea como un espacio de reflexi\u00f3n, intercambio y estudio para profundizar en los impactos de la crisis ambiental y clim\u00e1tica sobre los derechos humanos. Tambi\u00e9n&hellip; <\/p><\/div>\n\n\n<hr class=\"wp-block-separator has-css-opacity\"\/>\n\n<\/li><\/ul><\/div>\n\n\n\n<div style=\"height:36px\" aria-hidden=\"true\" class=\"wp-block-spacer\"><\/div>\n\n\n\n<div class=\"wp-block-media-text alignwide has-media-on-the-right is-stacked-on-mobile is-vertically-aligned-center\" style=\"grid-template-columns:auto 15%\"><div class=\"wp-block-media-text__content\">\n<p class=\"has-text-align-right has-background\" style=\"background-color:#ffba6e;font-size:26px\">  Otros materiales  <\/p>\n<\/div><figure class=\"wp-block-media-text__media\"><img loading=\"lazy\" decoding=\"async\" width=\"200\" height=\"200\" src=\"https:\/\/www.unioviedo.es\/urbanred\/wp-content\/uploads\/2021\/03\/icoOtros2.png\" alt=\"\" class=\"wp-image-848 size-full\" srcset=\"https:\/\/www.unioviedo.es\/urbanred\/wp-content\/uploads\/2021\/03\/icoOtros2.png 200w, https:\/\/www.unioviedo.es\/urbanred\/wp-content\/uploads\/2021\/03\/icoOtros2-150x150.png 150w, https:\/\/www.unioviedo.es\/urbanred\/wp-content\/uploads\/2021\/03\/icoOtros2-100x100.png 100w\" sizes=\"auto, (max-width: 200px) 100vw, 200px\" \/><\/figure><\/div>\n\n\n\n<div class=\"wp-block-query is-layout-flow wp-block-query-is-layout-flow\"><ul class=\"columns-2 wp-block-post-template is-layout-grid wp-container-core-post-template-is-layout-3 wp-block-post-template-is-layout-grid\"><li class=\"wp-block-post post-2352 post type-post status-publish format-standard has-post-thumbnail hentry category-b13otros category-observatorio category-otros\">\n<figure class=\"alignwide wp-block-post-featured-image\"><a href=\"https:\/\/www.unioviedo.es\/urbanred\/datos-publicos-abiertos-inteligencia-artificial-y-viceversa-una-reaccion-en-cadena\/\" target=\"_self\"  ><img loading=\"lazy\" decoding=\"async\" width=\"300\" height=\"16\" src=\"https:\/\/www.unioviedo.es\/urbanred\/wp-content\/uploads\/2021\/02\/Otros-materiales.png\" class=\"attachment-post-thumbnail size-post-thumbnail wp-post-image\" alt=\"\u201cDatos p\u00fablicos abiertos, inteligencia artificial y viceversa: una reacci\u00f3n en cadena\u201d\" style=\"object-fit:cover;\" sizes=\"auto, 100vw\" \/><\/a><\/figure>\n\n<div class=\"wp-block-post-date\"><time datetime=\"2024-03-21T19:03:00+01:00\">21 marzo, 2024<\/time><\/div>\n\n<h2 class=\"wp-block-post-title\"><a href=\"https:\/\/www.unioviedo.es\/urbanred\/datos-publicos-abiertos-inteligencia-artificial-y-viceversa-una-reaccion-en-cadena\/\" target=\"_self\" >\u201cDatos p\u00fablicos abiertos, inteligencia artificial y viceversa: una reacci\u00f3n en cadena\u201d<\/a><\/h2>\n\n<div class=\"wp-block-post-excerpt\"><p class=\"wp-block-post-excerpt__excerpt\">Carlos Jim\u00e9nez Cid Publicaci\u00f3n web https:\/\/itgespub.net\/datos-publicos-abiertos-inteligencia-artificial-y-viceversa-una-reaccion-en-cadena\/ 21 de marzo de 2024 <\/p><\/div>\n\n\n<hr class=\"wp-block-separator has-css-opacity\"\/>\n\n<\/li><li class=\"wp-block-post post-2223 post type-post status-publish format-standard has-post-thumbnail hentry category-b13otros category-observatorio category-otros\">\n<figure class=\"alignwide wp-block-post-featured-image\"><a href=\"https:\/\/www.unioviedo.es\/urbanred\/disponible-en-abierto-el-seminario-de-vulnerabilidad-urbana-y-nuevos-enfoques-ante-el-calor-metodologia-e-indicadores\/\" target=\"_self\"  ><img loading=\"lazy\" decoding=\"async\" width=\"300\" height=\"16\" src=\"https:\/\/www.unioviedo.es\/urbanred\/wp-content\/uploads\/2021\/02\/Otros-materiales.png\" class=\"attachment-post-thumbnail size-post-thumbnail wp-post-image\" alt=\"Disponible en abierto el seminario de vulnerabilidad urbana y nuevos enfoques ante el calor: metodolog\u00eda e indicadores.\" style=\"object-fit:cover;\" sizes=\"auto, 100vw\" \/><\/a><\/figure>\n\n<div class=\"wp-block-post-date\"><time datetime=\"2024-03-13T11:33:35+01:00\">13 marzo, 2024<\/time><\/div>\n\n<h2 class=\"wp-block-post-title\"><a href=\"https:\/\/www.unioviedo.es\/urbanred\/disponible-en-abierto-el-seminario-de-vulnerabilidad-urbana-y-nuevos-enfoques-ante-el-calor-metodologia-e-indicadores\/\" target=\"_self\" >Disponible en abierto el seminario de vulnerabilidad urbana y nuevos enfoques ante el calor: metodolog\u00eda e indicadores.<\/a><\/h2>\n\n<div class=\"wp-block-post-excerpt\"><p class=\"wp-block-post-excerpt__excerpt\">El mi\u00e9rcoles 6 de marzo de 2024 tuvo lugar en la Escuela T\u00e9cnica Superior de Arquitectura de Madrid el seminario \u00abVulnerabilidad urbana y nuevos enfoques ante el calor: metodolog\u00eda e indicadores\u00bb enmarcado en el Proyecto Nacional OLADAPT: Olas de calor y ciudades: adaptaci\u00f3n y resiliencia del entorno construido. Evaluaci\u00f3n hol\u00edstica del riesgo de las olas&hellip; <\/p><\/div>\n\n\n<hr class=\"wp-block-separator has-css-opacity\"\/>\n\n<\/li><\/ul><\/div>\n","protected":false},"excerpt":{"rendered":"<p>Bolet\u00edn del Observatorio Eventos Publicaciones Formaci\u00f3n Otros materiales<\/p>\n","protected":false},"author":1,"featured_media":0,"parent":0,"menu_order":0,"comment_status":"closed","ping_status":"closed","template":"","meta":{"footnotes":""},"class_list":["post-2392","page","type-page","status-publish","hentry"],"_links":{"self":[{"href":"https:\/\/www.unioviedo.es\/urbanred\/wp-json\/wp\/v2\/pages\/2392","targetHints":{"allow":["GET"]}}],"collection":[{"href":"https:\/\/www.unioviedo.es\/urbanred\/wp-json\/wp\/v2\/pages"}],"about":[{"href":"https:\/\/www.unioviedo.es\/urbanred\/wp-json\/wp\/v2\/types\/page"}],"author":[{"embeddable":true,"href":"https:\/\/www.unioviedo.es\/urbanred\/wp-json\/wp\/v2\/users\/1"}],"replies":[{"embeddable":true,"href":"https:\/\/www.unioviedo.es\/urbanred\/wp-json\/wp\/v2\/comments?post=2392"}],"version-history":[{"count":1,"href":"https:\/\/www.unioviedo.es\/urbanred\/wp-json\/wp\/v2\/pages\/2392\/revisions"}],"predecessor-version":[{"id":2393,"href":"https:\/\/www.unioviedo.es\/urbanred\/wp-json\/wp\/v2\/pages\/2392\/revisions\/2393"}],"wp:attachment":[{"href":"https:\/\/www.unioviedo.es\/urbanred\/wp-json\/wp\/v2\/media?parent=2392"}],"curies":[{"name":"wp","href":"https:\/\/api.w.org\/{rel}","templated":true}]}}