{"id":4675,"date":"2024-05-05T21:41:03","date_gmt":"2024-05-05T20:41:03","guid":{"rendered":"https:\/\/www.unioviedo.es\/vivireuropa\/?page_id=4675"},"modified":"2024-07-23T11:50:50","modified_gmt":"2024-07-23T10:50:50","slug":"proyectos-europa-i-jornadas","status":"publish","type":"page","link":"https:\/\/www.unioviedo.es\/vivireuropa\/index.php\/proyectos-europa-i-jornadas\/","title":{"rendered":"Proyectos: \u00bfEuropa? &#8211; I Jornadas"},"content":{"rendered":"\t\t<div data-elementor-type=\"wp-page\" data-elementor-id=\"4675\" class=\"elementor elementor-4675\">\n\t\t\t\t<div class=\"elementor-element elementor-element-39833b5 e-flex e-con-boxed e-con e-parent\" data-id=\"39833b5\" data-element_type=\"container\" data-e-type=\"container\">\n\t\t\t\t\t<div class=\"e-con-inner\">\n\t\t\t\t<div class=\"elementor-element elementor-element-2e2b315 elementor-widget__width-initial elementor-widget elementor-widget-heading\" data-id=\"2e2b315\" data-element_type=\"widget\" data-e-type=\"widget\" data-widget_type=\"heading.default\">\n\t\t\t\t<div class=\"elementor-widget-container\">\n\t\t\t\t\t<h2 class=\"elementor-heading-title elementor-size-default\">\u00bfEuropa?<\/h2>\t\t\t\t<\/div>\n\t\t\t\t<\/div>\n\t\t\t\t\t<\/div>\n\t\t\t\t<\/div>\n\t\t<div class=\"elementor-element elementor-element-8797845 e-flex e-con-boxed e-con e-parent\" data-id=\"8797845\" data-element_type=\"container\" data-e-type=\"container\">\n\t\t\t\t\t<div class=\"e-con-inner\">\n\t\t<div class=\"elementor-element elementor-element-7e1f692 e-con-full e-flex e-con e-child\" data-id=\"7e1f692\" data-element_type=\"container\" data-e-type=\"container\">\n\t\t<div class=\"elementor-element elementor-element-e1cdefa e-con-full e-flex e-con e-child\" data-id=\"e1cdefa\" data-element_type=\"container\" data-e-type=\"container\">\n\t\t<div class=\"elementor-element elementor-element-1bd702e e-con-full e-flex e-con e-child\" data-id=\"1bd702e\" data-element_type=\"container\" data-e-type=\"container\" data-settings=\"{&quot;background_background&quot;:&quot;classic&quot;}\">\n\t\t\t\t<div class=\"elementor-element elementor-element-5009768 elementor-widget elementor-widget-heading\" data-id=\"5009768\" data-element_type=\"widget\" data-e-type=\"widget\" data-widget_type=\"heading.default\">\n\t\t\t\t<div class=\"elementor-widget-container\">\n\t\t\t\t\t<h5 class=\"elementor-heading-title elementor-size-default\">I Jornadas de Debate \"El puzzle de Europa\"<\/h5>\t\t\t\t<\/div>\n\t\t\t\t<\/div>\n\t\t\t\t<\/div>\n\t\t\t\t<\/div>\n\t\t\t\t<div class=\"elementor-element elementor-element-d280016 elementor-widget elementor-widget-text-editor\" data-id=\"d280016\" data-element_type=\"widget\" data-e-type=\"widget\" data-widget_type=\"text-editor.default\">\n\t\t\t\t<div class=\"elementor-widget-container\">\n\t\t\t\t\t\t\t\t\t<h5 style=\"text-align: center;\">Jornadas de debate financiadas por el programa Jean Monnet 2010<\/h5><p>La Uni\u00f3n Europea se ha convertido en algo que forma parte de nuestra vida personal y profesional, cuyas decisiones nos afectan plenamente, sin que en muchas ocasiones seamos realmente conscientes de ello. Con estas Jornadas se pretende sensibilizar sobre su importancia y, especialmente, sobre el impacto que el proceso de integraci\u00f3n ha tenido en el desarrollo de los Estados miembros, de Espa\u00f1a y de Asturias en particular.<\/p><p>Los d\u00edas 1 y 2 de diciembre se celebrar\u00e1n en la Universidad de Oviedo las Jornadas de Debate sobre la Uni\u00f3n Europea en el marco del Proyecto \u00ab\u00bfEuropa?\u00bb, financiado por el programa Jean Monnet 2010. Estas primeras Jornadas, bajo el t\u00edtulo \u00abEl puzzle de Europa\u00bb, se estructuran en torno a tres mesas de debate sobre los siguientes temas:<\/p><ul><li>\u00abImaginando Europa\u00bb<\/li><li>\u00abLa religi\u00f3n en la construcci\u00f3n de Europa\u00bb<\/li><li>\u00abLa idea pol\u00edtica de Europa\u00bb<\/li><\/ul><p>El objetivo de estas Jornadas es sensibilizar sobre el impacto que el proceso de integraci\u00f3n ha tenido en el desarrollo los Estados miembros en general y de Espa\u00f1a y Asturias en particular.<\/p><p>La primera jornada se propone reflexionar sobre la construcci\u00f3n europea desde un enfoque multidisciplinar. Se trata de debatir, desde distintas perspectivas, sobre aspectos que, al margen de las pol\u00edticas de gasto concretas, forman parte de la propia esencia de Europa, as\u00ed como sobre los retos que se afrontan ante la nueva realidad \u00abglobal\u00bb. Las dos Jornadas restantes, que tendr\u00e1n lugar durante el a\u00f1o 2011, se dedicar\u00e1n a las libertades comunitarias y a los aspectos fiscales y hacend\u00edsticos de la Uni\u00f3n Europea.<\/p><p>Paralelamente a las mesas de debate, las Jornadas constituir\u00e1n un foro donde los j\u00f3venes investigadores podr\u00e1n presentar y discutir los trabajos que est\u00e1n llevando a cabo sobre estas cuestiones. Por ello, se invita a participar a todos aquellos j\u00f3venes investigadores que est\u00e9n interesados en presentar comunicaciones relacionadas con los distintos temas objeto de discusi\u00f3n. Estas comunicaciones, que ser\u00e1n defendidas en las Jornadas, podr\u00e1n ser incluidas en la publicaci\u00f3n de las mismas, una vez evaluadas por el\u00a0<a href=\"http:\/\/www.unioviedo.es\/vivireuropa\/wp-content\/uploads\/2024\/06\/Comite-Cientifico-\u00bfeuropa.pdf\" target=\"_blank\" rel=\"noopener\">Comit\u00e9 Cient\u00edfico<\/a>.<\/p><p>Esta Jornadas ser\u00e1n el primero de los tres eventos que tendr\u00e1n lugar en el marco del proyecto\u00a0<em>Jean Monnet \u00bfEuropa? (2010-2593 AJM REF. 10D028096)<\/em><\/p><p>Los alumnos de la Universidad de Oviedo que asistan con regularidad a todas las Jornadas de debate podr\u00e1n solicitar su homologaci\u00f3n por 2 cr\u00e9ditos de libre configuraci\u00f3n \u00absin calificaci\u00f3n\u00bb. Si s\u00f3lo asistiesen a dos de las Jornadas previstas, la homologaci\u00f3n ser\u00e1 de 1 cr\u00e9dito.<\/p>\t\t\t\t\t\t\t\t<\/div>\n\t\t\t\t<\/div>\n\t\t\t\t<\/div>\n\t\t\t\t\t<\/div>\n\t\t\t\t<\/div>\n\t\t<div class=\"elementor-element elementor-element-e3b3fb4 e-flex e-con-boxed e-con e-child\" data-id=\"e3b3fb4\" data-element_type=\"container\" data-e-type=\"container\">\n\t\t\t\t\t<div class=\"e-con-inner\">\n\t\t\t\t<div class=\"elementor-element elementor-element-65af9cb elementor-widget elementor-widget-accordion\" data-id=\"65af9cb\" data-element_type=\"widget\" data-e-type=\"widget\" data-widget_type=\"accordion.default\">\n\t\t\t\t<div class=\"elementor-widget-container\">\n\t\t\t\t\t\t\t<div class=\"elementor-accordion\">\n\t\t\t\t\t\t\t<div class=\"elementor-accordion-item\">\n\t\t\t\t\t<div id=\"elementor-tab-title-1061\" class=\"elementor-tab-title\" data-tab=\"1\" role=\"button\" aria-controls=\"elementor-tab-content-1061\" aria-expanded=\"false\">\n\t\t\t\t\t\t\t\t\t\t\t\t\t<span class=\"elementor-accordion-icon elementor-accordion-icon-left\" aria-hidden=\"true\">\n\t\t\t\t\t\t\t\t\t\t\t\t\t\t\t<span class=\"elementor-accordion-icon-closed\"><svg class=\"e-font-icon-svg e-fas-plus\" viewBox=\"0 0 448 512\" xmlns=\"http:\/\/www.w3.org\/2000\/svg\"><path d=\"M416 208H272V64c0-17.67-14.33-32-32-32h-32c-17.67 0-32 14.33-32 32v144H32c-17.67 0-32 14.33-32 32v32c0 17.67 14.33 32 32 32h144v144c0 17.67 14.33 32 32 32h32c17.67 0 32-14.33 32-32V304h144c17.67 0 32-14.33 32-32v-32c0-17.67-14.33-32-32-32z\"><\/path><\/svg><\/span>\n\t\t\t\t\t\t\t\t<span class=\"elementor-accordion-icon-opened\"><svg class=\"e-font-icon-svg e-fas-minus\" viewBox=\"0 0 448 512\" xmlns=\"http:\/\/www.w3.org\/2000\/svg\"><path d=\"M416 208H32c-17.67 0-32 14.33-32 32v32c0 17.67 14.33 32 32 32h384c17.67 0 32-14.33 32-32v-32c0-17.67-14.33-32-32-32z\"><\/path><\/svg><\/span>\n\t\t\t\t\t\t\t\t\t\t\t\t\t\t<\/span>\n\t\t\t\t\t\t\t\t\t\t\t\t<a class=\"elementor-accordion-title\" tabindex=\"0\">TEMPORALIZACI\u00d3N DEL PROGRAMA<\/a>\n\t\t\t\t\t<\/div>\n\t\t\t\t\t<div id=\"elementor-tab-content-1061\" class=\"elementor-tab-content elementor-clearfix\" data-tab=\"1\" role=\"region\" aria-labelledby=\"elementor-tab-title-1061\"><p style=\"box-sizing: inherit; border-width: 0px; border-style: initial; margin-bottom: 1.5em; font-size: 16px; text-align: start; color: #5e5e69; font-family: Muli, sans-serif;\"><b>Mi\u00e9rcoles 1 de diciembre de 2010<\/b><\/p><p><span style=\"box-sizing: inherit; color: #5e5e69; font-family: Muli, sans-serif; font-weight: bold;\">9.00: <i>Inauguraci\u00f3n de las Jornadas<\/i><\/span><\/p><p style=\"box-sizing: inherit; border-width: 0px; border-style: initial; margin-bottom: 1.5em; font-size: 16px; text-align: start; color: #5e5e69; font-family: Muli, sans-serif;\"><span style=\"box-sizing: inherit; font-weight: bold;\">10.00: Primera mesa redonda: \u00abImaginando Europa\u00bb.<\/span><br style=\"box-sizing: inherit;\" \/>Ana Mar\u00eda Fern\u00e1ndez \u00c1lvarez, Vicerrectora de Internacionalizaci\u00f3n y Cooperaci\u00f3n al Desarrollo de la Universidad de Oviedo<br \/>Francisco Javier Fern\u00e1ndez Conde, Catedr\u00e1tico de Historia Medieval &#8211; Universidad de Oviedo<br \/>Jos\u00e9 Gir\u00f3n Garrote, Profesor Titular de Historia Contempor\u00e1nea &#8211; Universidad de Oviedo<br \/>Ubaldo G\u00f3mez \u00c1lvarez, Catedr\u00e1tico de Historia Moderna &#8211; Universidad de Oviedo<\/p><p>Modera: Ana Isabel Gonz\u00e1lez Gonz\u00e1lez, Proyecto \u00bfEuropa?<\/p><p style=\"box-sizing: inherit; border-width: 0px; border-style: initial; margin-bottom: 1.5em; font-size: 16px; text-align: start; color: #5e5e69; font-family: Muli, sans-serif;\"><span style=\"box-sizing: inherit; font-weight: bold;\">12.30: Segunda mesa redonda: \u00abLa religi\u00f3n en la construcci\u00f3n de Europa\u00bb.<\/span><br style=\"box-sizing: inherit;\" \/>Enrique Ban\u00fas Irusta, Decano de Humanidades y Director del Instituto Carlemany de Edudios Europeos de la Universidad Internacional de Barcelona<br \/>Rvdmo. Ra\u00fal Berzosa Mart\u00ednez, Obispo Auxiliar de Oviedo<br \/>Gran Rabino Albert Guigui, Gran Rabio de la Gran Sinagoga Europa de Bruselas<br \/>Thomas Watkin, Profesor de la Bangor Law School (Pastor anglicano)<\/p><p>Modera: Mariano Abad Fern\u00e1ndez, Proyecto \u00bfEuropa?<\/p><p style=\"box-sizing: inherit; border-width: 0px; border-style: initial; margin-bottom: 1.5em; font-size: 16px; text-align: start; color: #5e5e69; font-family: Muli, sans-serif;\"><span style=\"box-sizing: inherit; font-weight: bold;\">17.00: Tercera mesa redonda: \u00abLa idea pol\u00edtica de Europa\u00bb.<\/span><br style=\"box-sizing: inherit;\" \/>Mar\u00eda Paz Andr\u00e9s S\u00e1nez de Santamar\u00eda, Catedr\u00e1tica de Derecho Internacional P\u00fablico &#8211; Universidad de Oviedo<br \/>Lino Sacc\u00e0, <i>Jean Monnet Chair ad personam European Commission. President Scientific Committee \u00abI Mediterranei\u00bb South\/East dialogue<\/i><br \/>Ian Refalo, Decano de la Facultad de Derecho de Malta<br \/>Jos\u00e9 Puente Egido, Catedr\u00e1tico de Derecho Internacional P\u00fablico &#8211; UNED<\/p><p>Modera: Patricia Herrero de la Escosura, Proyecto \u00bfEuropa?<\/p><p style=\"box-sizing: inherit; border-width: 0px; border-style: initial; margin-bottom: 1.5em; font-size: 16px; text-align: start; color: #5e5e69; font-family: Muli, sans-serif;\"><b>Jueves 2 de diciembre de 2010<\/b><\/p><p><span style=\"box-sizing: inherit; color: #5e5e69; font-family: Muli, sans-serif; font-weight: bold;\">10.00: <i>Visita cultural<\/i><\/span><\/p><p style=\"box-sizing: inherit; border-width: 0px; border-style: initial; margin-bottom: 1.5em; font-size: 16px; text-align: start; color: #5e5e69; font-family: Muli, sans-serif;\"><span style=\"box-sizing: inherit; font-weight: bold;\">11.30: Exposici\u00f3n de comunicaciones: \u00abImaginando Europa\u00bb.<\/span><br style=\"box-sizing: inherit;\" \/>Modera: Ignacio On\u00eds Peral, Proyecto \u00bfEuropa?<\/p><p><span style=\"box-sizing: inherit; color: #5e5e69; font-family: Muli, sans-serif; font-weight: bold;\">13.30: Conclusiones y clausura de las Jornadas<\/span><\/p><\/div>\n\t\t\t\t<\/div>\n\t\t\t\t\t\t\t\t<\/div>\n\t\t\t\t\t\t<\/div>\n\t\t\t\t<\/div>\n\t\t\t\t<div class=\"elementor-element elementor-element-32c0a47 elementor-widget elementor-widget-html\" data-id=\"32c0a47\" data-element_type=\"widget\" data-e-type=\"widget\" data-widget_type=\"html.default\">\n\t\t\t\t<div class=\"elementor-widget-container\">\n\t\t\t\t\t<script>\njQuery(document).ready(function($) {\nvar delay = 100; setTimeout(function() {\n$('.elementor-tab-title').removeClass('elementor-active');\n $('.elementor-tab-content').css('display', 'none'); }, delay);\n});\n<\/script>\t\t\t\t<\/div>\n\t\t\t\t<\/div>\n\t\t\t\t\t<\/div>\n\t\t\t\t<\/div>\n\t\t<div class=\"elementor-element elementor-element-fc9bc21 e-flex e-con-boxed e-con e-parent\" data-id=\"fc9bc21\" data-element_type=\"container\" data-e-type=\"container\">\n\t\t\t\t\t<div class=\"e-con-inner\">\n\t\t<div class=\"elementor-element elementor-element-de20466 e-con-full e-flex e-con e-child\" data-id=\"de20466\" data-element_type=\"container\" data-e-type=\"container\">\n\t\t\t\t<div class=\"elementor-element elementor-element-48be739 elementor-align-center elementor-widget elementor-widget-button\" data-id=\"48be739\" data-element_type=\"widget\" data-e-type=\"widget\" data-widget_type=\"button.default\">\n\t\t\t\t<div class=\"elementor-widget-container\">\n\t\t\t\t\t\t\t\t\t<div class=\"elementor-button-wrapper\">\n\t\t\t\t\t<a class=\"elementor-button elementor-button-link elementor-size-sm elementor-animation-grow\" href=\"https:\/\/www.unioviedo.es\/vivireuropa\/index.php\/proyectos-europa\/\">\n\t\t\t\t\t\t<span class=\"elementor-button-content-wrapper\">\n\t\t\t\t\t\t<span class=\"elementor-button-icon\">\n\t\t\t\t<svg aria-hidden=\"true\" class=\"e-font-icon-svg e-fas-arrow-alt-circle-left\" viewBox=\"0 0 512 512\" xmlns=\"http:\/\/www.w3.org\/2000\/svg\"><path d=\"M256 504C119 504 8 393 8 256S119 8 256 8s248 111 248 248-111 248-248 248zm116-292H256v-70.9c0-10.7-13-16.1-20.5-8.5L121.2 247.5c-4.7 4.7-4.7 12.2 0 16.9l114.3 114.9c7.6 7.6 20.5 2.2 20.5-8.5V300h116c6.6 0 12-5.4 12-12v-64c0-6.6-5.4-12-12-12z\"><\/path><\/svg>\t\t\t<\/span>\n\t\t\t\t\t\t\t\t\t<span class=\"elementor-button-text\">Volver<\/span>\n\t\t\t\t\t<\/span>\n\t\t\t\t\t<\/a>\n\t\t\t\t<\/div>\n\t\t\t\t\t\t\t\t<\/div>\n\t\t\t\t<\/div>\n\t\t\t\t<\/div>\n\t\t<div class=\"elementor-element elementor-element-ace08f9 e-con-full e-flex e-con e-child\" data-id=\"ace08f9\" data-element_type=\"container\" data-e-type=\"container\">\n\t\t\t\t<div class=\"elementor-element elementor-element-5eecad0 elementor-align-center elementor-widget elementor-widget-button\" data-id=\"5eecad0\" data-element_type=\"widget\" data-e-type=\"widget\" data-widget_type=\"button.default\">\n\t\t\t\t<div class=\"elementor-widget-container\">\n\t\t\t\t\t\t\t\t\t<div class=\"elementor-button-wrapper\">\n\t\t\t\t\t<a class=\"elementor-button elementor-button-link elementor-size-sm elementor-animation-grow\" href=\"https:\/\/www.unioviedo.es\/vivireuropa\/index.php\/proyectos-europa-ii-jornadas\/\">\n\t\t\t\t\t\t<span class=\"elementor-button-content-wrapper\">\n\t\t\t\t\t\t<span class=\"elementor-button-icon\">\n\t\t\t\t<svg aria-hidden=\"true\" class=\"e-font-icon-svg e-fas-arrow-alt-circle-right\" viewBox=\"0 0 512 512\" xmlns=\"http:\/\/www.w3.org\/2000\/svg\"><path d=\"M256 8c137 0 248 111 248 248S393 504 256 504 8 393 8 256 119 8 256 8zM140 300h116v70.9c0 10.7 13 16.1 20.5 8.5l114.3-114.9c4.7-4.7 4.7-12.2 0-16.9l-114.3-115c-7.6-7.6-20.5-2.2-20.5 8.5V212H140c-6.6 0-12 5.4-12 12v64c0 6.6 5.4 12 12 12z\"><\/path><\/svg>\t\t\t<\/span>\n\t\t\t\t\t\t\t\t\t<span class=\"elementor-button-text\">II Jornadas de Debate<\/span>\n\t\t\t\t\t<\/span>\n\t\t\t\t\t<\/a>\n\t\t\t\t<\/div>\n\t\t\t\t\t\t\t\t<\/div>\n\t\t\t\t<\/div>\n\t\t\t\t<\/div>\n\t\t\t\t\t<\/div>\n\t\t\t\t<\/div>\n\t\t\t\t<\/div>\n\t\t","protected":false},"excerpt":{"rendered":"<p>\u00bfEuropa? I Jornadas de Debate \u00abEl puzzle de Europa\u00bb Jornadas de debate financiadas por el programa Jean Monnet 2010 La Uni\u00f3n Europea se ha convertido en algo que forma parte de nuestra vida personal y profesional, cuyas decisiones nos afectan plenamente, sin que en muchas ocasiones seamos realmente conscientes de ello. Con estas Jornadas se [&hellip;]<\/p>\n","protected":false},"author":667,"featured_media":0,"parent":0,"menu_order":0,"comment_status":"closed","ping_status":"closed","template":"","meta":{"footnotes":""},"class_list":["post-4675","page","type-page","status-publish","hentry"],"blocksy_meta":{"page_title_panel":"","has_hero_section":"disabled","97ee15f25a4197e406aa66b5a6e1cc4a":"","hero_section":"type-1","hero_elements":[{"id":"custom_title","enabled":true,"heading_tag":"h1","title":"Home"},{"id":"custom_description","enabled":true,"description_visibility":{"desktop":true,"tablet":true,"mobile":false}},{"id":"custom_meta","enabled":false,"meta_elements":[{"id":"author","enabled":true,"label":"By","has_author_avatar":"yes","avatar_size":25},{"id":"post_date","enabled":true,"label":"On","date_format_source":"default","date_format":"M j, Y"},{"id":"updated_date","enabled":false,"label":"On","date_format_source":"default","date_format":"M j, Y"},{"id":"categories","enabled":false,"label":"In","style":"simple"},{"id":"comments","enabled":true}],"page_meta_elements":{"joined":true,"articles_count":true,"comments":true}},{"id":"breadcrumbs","enabled":false}],"e383a482344f65eacb9516af82d8ed80":"","hero_alignment1":"CT_CSS_SKIP_RULE","hero_margin":40,"hero_alignment2":"center","hero_vertical_alignment":"center","aa7b568f8a77bfd0b9648c22ccb00685":"","hero_structure":"narrow","b4ba0b41affd6111d96beeceb6f9817f":"","page_title_bg_type":"featured_image","custom_hero_background":{"attachment_id":null},"page_title_image_size":"full","parallax":{"desktop":false,"tablet":false,"mobile":false},"14d5fc5fd9b9278b692d6150f1075e8a":"","hero_height":"250px","pageTitleFont":{"family":"Default","variation":"Default","size":"30px","line-height":"CT_CSS_SKIP_RULE","letter-spacing":"CT_CSS_SKIP_RULE","text-transform":"CT_CSS_SKIP_RULE","text-decoration":"CT_CSS_SKIP_RULE"},"pageTitleFontColor":{"default":{"color":"CT_CSS_SKIP_RULEDEFAULT"}},"pageMetaFont":{"family":"Default","variation":"n6","size":"12px","line-height":"1.3","letter-spacing":"CT_CSS_SKIP_RULE","text-transform":"uppercase","text-decoration":"CT_CSS_SKIP_RULE"},"pageMetaFontColor":{"default":{"color":"CT_CSS_SKIP_RULEDEFAULT"},"hover":{"color":"CT_CSS_SKIP_RULEDEFAULT"}},"page_meta_button_type_font_colors":{"default":{"color":"CT_CSS_SKIP_RULEDEFAULT"},"hover":{"color":"CT_CSS_SKIP_RULEDEFAULT"}},"page_meta_button_type_background_colors":{"default":{"color":"CT_CSS_SKIP_RULEDEFAULT"},"hover":{"color":"CT_CSS_SKIP_RULEDEFAULT"}},"pageExcerptFont":{"family":"Default","variation":"Default","size":"CT_CSS_SKIP_RULE","line-height":"CT_CSS_SKIP_RULE","letter-spacing":"CT_CSS_SKIP_RULE","text-transform":"CT_CSS_SKIP_RULE","text-decoration":"CT_CSS_SKIP_RULE"},"pageExcerptColor":{"default":{"color":"CT_CSS_SKIP_RULEDEFAULT"}},"breadcrumbsFont":{"family":"Default","variation":"Default","size":"CT_CSS_SKIP_RULE","line-height":"CT_CSS_SKIP_RULE","letter-spacing":"CT_CSS_SKIP_RULE","text-transform":"CT_CSS_SKIP_RULE","text-decoration":"CT_CSS_SKIP_RULE"},"breadcrumbsFontColor":{"default":{"color":"CT_CSS_SKIP_RULEDEFAULT"},"initial":{"color":"CT_CSS_SKIP_RULEDEFAULT"},"hover":{"color":"CT_CSS_SKIP_RULEDEFAULT"}},"pageTitleOverlay":{"background_type":"color","background_pattern":"type-1","background_image":{"attachment_id":null,"x":0,"y":0},"gradient":"linear-gradient(135deg,rgba(6,147,227,1) 0%,rgb(155,81,224) 100%)","background_repeat":"repeat","background_size":"auto","background_attachment":"scroll","patternColor":{"default":{"color":"#e5e7ea"}},"overlayColor":{"default":{"color":"CT_CSS_SKIP_RULE"}},"backgroundColor":{"default":{"color":"CT_CSS_SKIP_RULE"}}},"pageTitleBackground":{"background_type":"color","background_pattern":"type-1","background_image":{"attachment_id":null,"x":0,"y":0},"gradient":"linear-gradient(135deg,rgba(6,147,227,1) 0%,rgb(155,81,224) 100%)","background_repeat":"repeat","background_size":"auto","background_attachment":"scroll","patternColor":{"default":{"color":"#e5e7ea"}},"overlayColor":{"default":{"color":"CT_CSS_SKIP_RULE"}},"backgroundColor":{"default":{"color":"var(--theme-palette-color-6)"}}},"pageTitlePadding":{"top":"50px","bottom":"50px","left":"auto","right":"auto","linked":true},"202f0cbc398d714e048b39197ae71e6d":"","page_structure_type":"default","854bd40f7f8b4d7a95aa3e0f49708ea4":"","content_style_source":"inherit","content_style":"wide","vertical_spacing_source":"custom","content_area_spacing":"none","background":{"background_type":"color","background_pattern":"type-1","background_image":{"attachment_id":null,"x":0,"y":0},"gradient":"linear-gradient(135deg,rgba(6,147,227,1) 0%,rgb(155,81,224) 100%)","background_repeat":"repeat","background_size":"auto","background_attachment":"scroll","patternColor":{"default":{"color":"#e5e7ea"}},"overlayColor":{"default":{"color":"CT_CSS_SKIP_RULE"}},"backgroundColor":{"default":{"color":"CT_CSS_SKIP_RULE"}}},"content_background":{"background_type":"color","background_pattern":"type-1","background_image":{"attachment_id":null,"x":0,"y":0},"gradient":"linear-gradient(135deg,rgba(6,147,227,1) 0%,rgb(155,81,224) 100%)","background_repeat":"repeat","background_size":"auto","background_attachment":"scroll","patternColor":{"default":{"color":"#e5e7ea"}},"overlayColor":{"default":{"color":"CT_CSS_SKIP_RULE"}},"backgroundColor":{"default":{"color":"var(--theme-palette-color-8)"}}},"content_boxed_shadow":{"inherit":false,"blur":18,"spread":-6,"v_offset":12,"h_offset":0,"inset":false,"enable":true,"color":{"color":"rgba(34, 56, 101, 0.04)"}},"content_boxed_border":{"width":1,"style":"none","color":{"color":"rgba(44,62,80,0.2)"}},"content_boxed_radius":{"top":"3px","bottom":"3px","left":"3px","right":"3px","linked":true},"boxed_content_spacing":{"desktop":{"top":"40px","bottom":"40px","left":"40px","right":"40px","linked":true},"tablet":{"top":"35px","bottom":"35px","left":"35px","right":"35px","linked":true},"mobile":{"top":"20px","bottom":"20px","left":"20px","right":"20px","linked":true}},"b0da049bbc9a67cf3a03559f10c8de95":"","disable_featured_image":"no","disable_share_box":"no","disable_header":"no","disable_footer":"no","styles_descriptor":{"styles":{"desktop":"","tablet":"","mobile":""},"google_fonts":[],"version":6}},"_links":{"self":[{"href":"https:\/\/www.unioviedo.es\/vivireuropa\/index.php\/wp-json\/wp\/v2\/pages\/4675","targetHints":{"allow":["GET"]}}],"collection":[{"href":"https:\/\/www.unioviedo.es\/vivireuropa\/index.php\/wp-json\/wp\/v2\/pages"}],"about":[{"href":"https:\/\/www.unioviedo.es\/vivireuropa\/index.php\/wp-json\/wp\/v2\/types\/page"}],"author":[{"embeddable":true,"href":"https:\/\/www.unioviedo.es\/vivireuropa\/index.php\/wp-json\/wp\/v2\/users\/667"}],"replies":[{"embeddable":true,"href":"https:\/\/www.unioviedo.es\/vivireuropa\/index.php\/wp-json\/wp\/v2\/comments?post=4675"}],"version-history":[{"count":16,"href":"https:\/\/www.unioviedo.es\/vivireuropa\/index.php\/wp-json\/wp\/v2\/pages\/4675\/revisions"}],"predecessor-version":[{"id":5983,"href":"https:\/\/www.unioviedo.es\/vivireuropa\/index.php\/wp-json\/wp\/v2\/pages\/4675\/revisions\/5983"}],"wp:attachment":[{"href":"https:\/\/www.unioviedo.es\/vivireuropa\/index.php\/wp-json\/wp\/v2\/media?parent=4675"}],"curies":[{"name":"wp","href":"https:\/\/api.w.org\/{rel}","templated":true}]}}